{"id":4948,"date":"2012-12-24T23:48:20","date_gmt":"2012-12-24T21:48:20","guid":{"rendered":"http:\/\/foto-passion.com\/?page_id=4948"},"modified":"2013-12-18T21:36:39","modified_gmt":"2013-12-18T20:36:39","slug":"reisebericht-galapagos-2012","status":"publish","type":"page","link":"http:\/\/foto-passion.com\/?page_id=4948","title":{"rendered":"Reisebericht Galapagos 2012"},"content":{"rendered":"<p style=\"text-align: right;\"><span style=\"color: #808080;\"><a href=\"http:\/\/www.foto-passion.com\/wp-content\/uploads\/pdf\/Reisebericht_Galapagos_2012.pdf\" target=\"_blank\"><span style=\"font-size: 8px; color: #808080;\">\u00a0<img loading=\"lazy\" alt=\"pdf\" src=\"http:\/\/foto-passion.com\/wp-content\/gallery\/thumbs\/pdf.jpg\" width=\"15\" height=\"15\" \/><span style=\"color: #808080; font-size: 12px;\"> pdf<\/span><\/span><\/a><span style=\"font-size: 12px;\"> \u00a0 \u00a0 <a title=\"Fotostrecke Galapagos 2012\" href=\"http:\/\/foto-passion.com\/?page_id=4978\"><span style=\"color: #808080;\"><img loading=\"lazy\" style=\"border: 0pt none;\" alt=\"filmstreifen\" src=\"http:\/\/foto-passion.com\/wp-content\/gallery\/thumbs\/filmstreifen.jpg\" width=\"11\" height=\"15\" \/> Fotostrecke des Reiseberichts <\/span><\/a><\/span><\/span><\/p>\n<table style=\"width: 100%;\" border=\"0\" align=\"center\">\n<tbody>\n<tr>\n<td style=\"width: 100%; border-color: black; border-style: solid; border-width: 1px;\" align=\"center\" valign=\"middle\"><img loading=\"lazy\" class=\"ngg-singlepic ngg-center\" title=\"Meerechse (Amblyrhynchus cristatus), Marine-Iguanas\" alt=\"Meerechse (Amblyrhynchus cristatus), Marine-Iguanas\" src=\"http:\/\/foto-passion.com\/wp-content\/gallery\/galapagos\/081112_10k_dsc09110.jpg\" width=\"900\" height=\"372\" \/><\/td>\n<\/tr>\n<\/tbody>\n<\/table>\n<h3 style=\"text-align: center;\"><span style=\"font-size: 16px; font-family: arial, helvetica, sans-serif;\"><em><strong>Galapagos 2012<br \/>\n<\/strong><\/em><\/span><span style=\"font-size: 16px; font-family: arial, helvetica, sans-serif;\"><em><strong>Verzauberte Inseln (Islas Encantadas)<\/strong><\/em><\/span><\/h3>\n<h6 style=\"text-align: center;\"><span style=\"font-family: arial,helvetica,sans-serif;\"><span style=\"font-size: 12px;\">25. Oktober &#8211; 11. November 2012<\/span><br \/>\n<\/span><\/h6>\n<p>&nbsp;<\/p>\n<p style=\"text-align: justify;\"><span style=\"font-family: arial, helvetica, sans-serif; font-size: 16px;\">&#8230; wurden fr\u00fcher die Islas Gal\u00e1pagos genannt. Heute sind sie als Gal\u00e1pagos-Inseln bekannt und ihre ganz spezielle und einmalige Flora und Fauna geh\u00f6rt inzwischen zum Weltnaturerbe der UNESCO. Immerhin 97 % der Fl\u00e4che der Islas Gal\u00e1pagos und 99 % der sie umgebenden Gew\u00e4sser stehen dadurch unter strengem Naturschutz und werden durch den Nationalpark Gal\u00e1pagos gesch\u00fctzt. Ein solches Natur- und Fotografenparadies erscheint uns f\u00fcr die n\u00e4chsten dreieinhalb Wochen als gute Alternative zum heimischen Schmuddelwetter, zumal die Marine-Iguanas &#8211; die urzeitlich anmutenden Meerechsen, die wie kleine Minidinos aussehen, schon lange auf unserer pers\u00f6nlichen Fotomodell-Wunschliste stehen. Jetzt werden wir erkunden, ob sie wirklich so verzaubernd sind, diese 14 (gr\u00f6\u00dferen) Inseln nahe am \u00c4quator und mitten im Pazifischen Ozean, etwa 1.000 Kilometer vor der Westk\u00fcste von S\u00fcdamerika auf der H\u00f6he von Ecuador. Diesmal verzichten wir auf den Kauf eines Reisef\u00fchrers und stellen uns stattdessen gleich unseren pers\u00f6nlichen Reiseguide zusammen, denn mit ein wenig Flei\u00df findet man im Web eine F\u00fclle an Informationen. Im Crashkurs lernen wir Einiges zur Geschichte der Inseln und erkennen schnell, dass die Gal\u00e1pagos-Inseln untrennbar mit Charles Darwin verbunden sind, der hier wesentliche Erkenntnisse f\u00fcr seine sp\u00e4tere Evolutionstheorie gewann. Aber auch der Seefahrer Christoph Kolumbus kommt in der Geschichte der Inseln vor, die sich in etwa so zusammenfassen l\u00e4sst: 1535 wurden die Inseln zuf\u00e4llig von Spaniern entdeckt. Im 17. Jahrhundert dienten sie dann als Versteck und Fluchtort f\u00fcr Seer\u00e4uber. Im 19. Jahrhundert wurden die Inseln nach den dort vorkommenden Riesenschildkr\u00f6ten in Islas Gal\u00e1pagos umbenannt (das Wort Gal\u00e1pago steht im spanischen u. a. f\u00fcr Wulstsattel und bezieht sich auch auf den Schildkr\u00f6tenpanzer, der bei einigen Unterarten der Gal\u00e1pagos-Riesenschildkr\u00f6te im Nackenbereich wie ein Sattel aufgew\u00f6lbt ist). 1832 nahm General Jos\u00e9 Mar\u00eda Villamil die Inseln f\u00fcr Ecuador in Besitz und nannte sie Inseln Archipi\u00e9lago del Ecuador. Zu dieser Zeit begann die erste dauerhafte Besiedlung der Inseln und auch heute noch sind f\u00fcnf der Inseln besiedelt. 1835 besuchte Charles Darwin vier der Inseln. 1892 wurden die Islas Gal\u00e1pagos zu Ehren von Christoph Kolumbus in Archipi\u00e9lago de Col\u00f3n (&#8222;Kolumbusarchipel&#8220;) umbenannt.1959 erkl\u00e4rte die ecuadorianische Regierung die Islas Gal\u00e1pagos zum Nationalpark Gal\u00e1pagos und schon seit 1978 stehen die Inseln auf der UNESCO-Liste des Weltnaturerbes. 1996 kam es zur Ausrufung des Marine-Reservats Gal\u00e1pagos und 2001 wurde das Weltnaturerbegebiet um das Marine-Reservat erweitert. Damit sind sowohl alle Inseln des Archipels als auch das sie umgebende Meer mit seiner reichen Unterwasserwelt gesch\u00fctzt.<\/span><\/p>\n<p style=\"text-align: justify;\"><span style=\"font-family: arial, helvetica, sans-serif; font-size: 16px;\">Die Gal\u00e1pagos-Inseln sind vulkanischen Ursprungs. Die tektonische Platte (<a title=\"Nasca-Platte\" href=\"http:\/\/de.wikipedia.org\/wiki\/Nasca-Platte\">Nasca-Platte<\/a>), auf der die Inseln liegen, bewegt sich \u00fcber einer <a title=\"Magmakammer\" href=\"http:\/\/de.wikipedia.org\/wiki\/Magmakammer\">Magmakammer<\/a>, die auch heute noch vulkanische Aktivit\u00e4t auf den Inseln Isabela und Fernandina bewirkt (sogenannte <a title=\"Hot-Spot (Geologie)\" href=\"http:\/\/de.wikipedia.org\/wiki\/Hot-Spot_(Geologie)\">Hot-Spots<\/a>).<\/span><\/p>\n<p style=\"text-align: justify;\"><span style=\"font-family: arial, helvetica, sans-serif; font-size: 16px;\">Auf den Gal\u00e1pagos-Inseln wird noch immer Spanisch gesprochen. Anerkanntes Zahlungsmittel ist seit einigen Jahren der US-Dollar. Die Gal\u00e1pagos-Inseln bestehen aus 14\u00a0gr\u00f6\u00dferen Inseln: Isabela, Santa Cruz, San Salvador (auch Santiago, James), Fernandina, San Crist\u00f3bal, Floreana (auch Santa Maria), Marchena, Espanola, Pinta, Santa Fe, Genovesa, Pinz\u00f3n, Baltra und Rabida. Daneben gibt es noch \u00fcber 100 kleinere bis winzige Inseln, darunter die weit nordwestlich liegenden Inseln Darwin und Wolf. Die Inseln Santa Cruz, San Crist\u00f3bal, Isabela, Floreana und Baltra sind bewohnt. Die Mehrzahl aller Gal\u00e1pagos-Besucher besucht die Inseln im Rahmen von meist 5- oder 7-t\u00e4gigen Kreuzfahrten.<\/span><\/p>\n<p style=\"text-align: justify;\"><span style=\"font-family: arial, helvetica, sans-serif; font-size: 16px;\">Rasch wird uns jedoch klar, dass wir auf einigen Inseln gern mehr Zeit als zwei bis drei Stunden pro Landgang zur Verf\u00fcgung h\u00e4tten. So entscheiden wir uns f\u00fcr Inselhopping, denn auf den bewohnten Inseln k\u00f6nnen wir uns frei bewegen und bei Bedarf von dort aus Tagestouren zu den unbewohnten Inseln unserer Wahl machen. Die Entscheidung f\u00fcr einen Aufenthalt f\u00e4llt auf die Inseln Santa Cruz, Isabela und San Crist\u00f3bal. Passende Hotels dort sind schnell gefunden.<\/span><\/p>\n<p style=\"text-align: justify;\"><span style=\"font-family: arial, helvetica, sans-serif; font-size: 16px;\">Ein wenig schwieriger wird es dagegen mit dem Flug, denn wir m\u00fcssen in Ecuador zwischen landen. Iberia fliegt zwar diese Strecke h\u00e4ufig, aber die Meinungen im Internet sind einhellig &#8211; schlecht bis besch&#8230;. Wir entscheiden uns f\u00fcr LAN-Airlines, eine chilenische Fluggesellschaft. Nein, die stehen nicht auf der schwarzen Liste und haben ganz im Gegenteil eine sehr gute Bewertung. Allerdings m\u00fcssen wir noch einen Zwischenstopp in Madrid in Kauf nehmen. Im Grunde k\u00f6nnten wir zwei Stunden sp\u00e4ter weiter fliegen, doch wir entscheiden, auf Nummer sicher zu gehen und den Weiterflug am Nachmittag zu w\u00e4hlen. Eine weise Entscheidung, wie sich noch herausstellen wird.<\/span><\/p>\n<p style=\"text-align: justify;\"><span style=\"font-family: arial, helvetica, sans-serif; font-size: 16px;\">Schon etwas gew\u00f6hnungsbed\u00fcrftig ist es, wenn man Ende Oktober die Badebekleidung aus dem Schrank und das Schnorchelequipment aus der Versenkung kramt. Schnell noch den letzten Restbestand des Sommers an Sonnenmilch aufgekauft und die Reiseapotheke mit allen m\u00f6glichen Mittelchen gegen Seekrankheit best\u00fcckt. So ger\u00fcstet fiebern wir dem Aufbruch entgegen.<\/span><\/p>\n<hr style=\"height: 1px; width: 30%;\" size=\"1\" width=\"30%\" \/>\n<p style=\"text-align: justify;\"><strong><span style=\"font-family: arial, helvetica, sans-serif; font-size: 16px;\">25.10.2012\u00a0\u00a0\u00a0\u00a0\u00a0 Frankfurt &#8211; Madrid &#8211; Guayaquil (Ecuador)<\/span><\/strong><\/p>\n<p style=\"text-align: justify;\"><span style=\"font-family: arial, helvetica, sans-serif; font-size: 16px;\">Unsere Nacht ist um 1:00 Uhr vorbei, doch f\u00fcr Urlaub bringt man gern solche Opfer. Rasch sind wir startklar. Wie immer ist der Parkplatz in Frankfurt schon vorgebucht, so dass wir uns keine Gedanken machen m\u00fcssen. Am Drop-Off-Schalter der Lufthansa steht mal wieder eine lange Schlange, doch es geht flott voran. Unser Gep\u00e4ckgewicht ist vorbildlich unter Limit und so k\u00f6nnen wir wenig sp\u00e4ter in die wenig ausgelastete Boeing B737 der Lufthansa steigen. Wir k\u00f6nnten eine wundersch\u00f6ne Flugroute genie\u00dfen, wenn da nicht dichter Nebel und Regenwolken w\u00e4ren. Schade, gern h\u00e4tten wir Paris und Pamplona aus der Luft gesehen. Statt dessen werden wir ordentlich durchgesch\u00fcttelt und Madrid empf\u00e4ngt uns mit str\u00f6mendem Regen. Naja, heute ist uns das egal. Wir haben andere Sorgen, denn nun m\u00fcssen wir uns auf dem Flughafen Madrid erst einmal orientieren. Wir sind am Terminal\u00a02 angekommen und es sieht so aus, als ob unser Anschlussflug vom Terminal\u00a04 aus startet. Es dauert eine ganze Weile, bis wir herausgefunden haben, wohin wir m\u00fcssen und wie das funktioniert, denn Infos sind knapp und\/oder inkompetent bzw. unser Spanisch nicht vorhanden. Ein Bus bringt uns schlie\u00dflich nach Terminal 4, an dem die Interkontinentalfl\u00fcge abgewickelt werden. Der gro\u00dfe Komplex fordert noch einmal Orientierungsverm\u00f6gen und Durchblick. Zwei Stunden \u00dcbergangszeit w\u00e4ren definitiv zu knapp gewesen. Dann doch lieber etwas warten m\u00fcssen. Mit der &#8222;Chocolat Factory&#8220; im R\u00fccken f\u00e4llt uns das nicht allzu schwer und wir genie\u00dfen es, uns durch die breite und sehr leckere Angebotspalette zu kosten.<\/span><\/p>\n<p style=\"text-align: justify;\"><span style=\"font-family: arial, helvetica, sans-serif; font-size: 16px;\">Ein wenig skeptisch bin ich ja, was unser Gep\u00e4ck anbelangt. In Frankfurt wurde es durchgecheckt bis Guayaquil, unserem heutigen Tagesziel. Ob das auch diesen weiten und ziemlich komplizierten Weg hier nach Terminal\u00a04 findet &#8211; na ich wei\u00df nicht. Lassen wir uns mal \u00fcberraschen. Endlich ist Boarding und die Maschine nach Guayaquil ist rappelvoll. Rasch gewinnen wir den Eindruck, dass im Spanischen mindestens f\u00fcnf S\u00e4tze notwendig sind, wof\u00fcr im Deutschen oder Englischen zwei bis f\u00fcnf Worte gen\u00fcgen. Eine unglaubliche Ger\u00e4uschkulisse umgibt uns und die anf\u00e4nglich bel\u00e4chelten Oropax, die zur Passagierausstattung neben Decke, Kissen und Kopfh\u00f6rer gereicht werden, werden wohl dann doch noch zum Einsatz kommen. Allein die unz\u00e4hligen Kleinkinder sorgen f\u00fcr Action. Uwe hatte versucht, wie immer, f\u00fcr uns die letzte Sitzreihe zu servieren, doch das war nicht m\u00f6glich gewesen. Jetzt wissen wir auch wieso. Auf die letzten beiden Sitzreihen verschwindet n\u00e4mlich, von einem Vorhang abgeschirmt, die halbe Crew.<\/span><\/p>\n<p style=\"text-align: justify;\"><span style=\"font-family: arial, helvetica, sans-serif; font-size: 16px;\">Der Start dauert eine gef\u00fchlte Ewigkeit. Daf\u00fcr wird das Flugzeug mal wieder \u00fcbergr\u00fcndlich desinfiziert und weil es so sch\u00f6n stinkt, gleich noch einmal auch in Kopfh\u00f6he einiger Passagiere. Als wir endlich in der Luft sind, passiert gar nichts. Im Halbschlaf h\u00f6re ich kein K\u00fcchengeklapper, wie das sonst \u00fcblich ist. Daf\u00fcr wird nach einiger Zeit st\u00e4ndig Papier gerissen. Als einer der Stewarts endlich auf unserer Reihe ankommt, erkl\u00e4rt sich das Ger\u00e4usch. F\u00fcr jede Person gibt es erst einmal &#8211; nat\u00fcrlich mit Durchschlag &#8211; ein Einreiseformular und damit nicht etwa genug, muss auch noch jede Familie eine Einreisekarte ausf\u00fcllen. Mit diesen Formalit\u00e4ten sind die Passagiere gut besch\u00e4ftigt. Die Verantwortung f\u00fcr die ordnungsgem\u00e4\u00dfe Einreisekarte erh\u00e4lt nat\u00fcrlich das Familienoberhaupt &#8211; ganz klassisch. Bei uns f\u00fchren die unz\u00e4hligen Bestimmungen auf der R\u00fcckseite des Zettels zu einer gewissen Belustigung. So erkl\u00e4rt uns der Wisch z. B., dass jeder von uns nur sechs Speicherkarten und eine Kamera einf\u00fchren darf. Daf\u00fcr d\u00fcrfen zwei Haustiere aber keine nichtelektrischen K\u00fcchenger\u00e4te mitgebracht werden. Nun ja, man muss nicht alles verstehen. Offenbar kommt hier aber die Pflicht vor dem Spa\u00df und so wird unser Loch im Bauch gr\u00f6sser und gr\u00f6sser, denn wir haben inzwischen einen Riesenhunger.<\/span><\/p>\n<p style=\"text-align: justify;\"><span style=\"font-family: arial, helvetica, sans-serif; font-size: 16px;\">Nun kann man sich fragen, was unter gutem Service zu verstehen ist, f\u00fcr den die LAN-Airline gelobt wird. Wenn es die Tatsache ist, die Flugg\u00e4ste so lange wie m\u00f6glich vom Essen und Trinken fern zu halten, dann sind die echt Spitze! Eigentlich sollten die besser Lahm-Airline hei\u00dfen, so langsam wie die sind. Mehr als zwei Stunden sp\u00e4ter bekommen wir dann doch endlich etwas zu Essen, werden mit reichlich Alkohol abgef\u00fcllt und k\u00f6nnen uns danach zur Ruhe betten. Aber &#8222;Ruhe&#8220; ist nat\u00fcrlich ein sehr dehnbarer Begriff. Umschreiben wir es mal mit einem sehr kurzweiligen Flug. Die meiste Ruhe scheint die Crew zu genie\u00dfen, denn die n\u00e4chsten 6\u00a0Stunden ward die nicht mehr gesehen. Wir \u00fcberwinden inzwischen sechs Zeitzonen, so dass der Tag quasi wie im Flug vergeht. Irgendwann gibt es dann Abendessen &#8211; schmackhaft und hei\u00df &#8211; bevor die Maschine in Guayaquil landet und alle wie wild Beifall spenden. In einer derart st\u00fcrmischen Variante hatten wir es bisher noch nicht erlebt. Wie sagt man: es ist die Erleichterung, es gut hinter sich gebracht zu haben. Da h\u00e4tten wir eigentlich mit machen sollen.<\/span><\/p>\n<p style=\"text-align: justify;\"><span style=\"font-family: arial, helvetica, sans-serif; font-size: 16px;\">Wohl wie \u00fcberall auf der Welt ist vor der Einreise eine ewig lange Warteschlange zu bew\u00e4ltigen. Als wir endlich an der Reihe sind, kann der Officer kein Wort Englisch. Naja, braucht er ja auch nicht. Er muss ja nur die Namen in seinen Computer tippen und obwohl er das ja nun viele Stunden am Tag tut, scheint er beim Tippen jeden Buchstaben auf seiner Tastatur nach langem Kreisen immer wieder neu zu entdecken. Wir bekommen bald die Krise, als er auch noch beginnt, unsere anderen Stempel im Reisepass auswendig zu lernen. Gef\u00fchlte f\u00fcnf Zentimeter kleiner (der Rucksack ist sauschwer) d\u00fcrfen wir endlich einreisen. Welche Freude, als tats\u00e4chlich beide Reisetaschen wohlbehalten auf dem Band kreisen. Nun wird unser Gep\u00e4ck noch einmal durchleuchtet und dann l\u00e4sst man uns endlich ziehen.<\/span><\/p>\n<p style=\"text-align: justify;\"><span style=\"font-family: arial, helvetica, sans-serif; font-size: 16px;\">In der Empfangshalle stehen hunderte von Menschen Spalier. Na diese Euphorie w\u00e4re ja nicht notwendig gewesen. Wir eilen zum Taxistand und f\u00fcr 5 Dollar bringt uns ein netter Taxifahrer in unser Hostal &#8222;Muria&#8220;, unweit des Flughafens. Das Hostal ist klein und einfach aber sehr sauber; f\u00fcr die Nacht vollkommen ausreichend. Auffallend ist, dass \u00fcberall die H\u00e4user ziemlich verbarrikadiert sind. Vier Meter hohe Mauern, gekr\u00f6nt von Stacheldraht, umgeben die Grundst\u00fccke. Unseren Hostal-Besitzer sehen wir mit einem dicken Kn\u00fcppel spazieren gehen. Nehmen wir mal an, der ist zum Schutz gegen die vielen streunenden Hunde, die es hier gibt.<\/span><\/p>\n<hr style=\"height: 1px; width: 30%;\" size=\"1\" width=\"30%\" \/>\n<p style=\"text-align: justify;\"><strong><span style=\"font-family: arial, helvetica, sans-serif; font-size: 16px;\">26.10.2012\u00a0\u00a0\u00a0\u00a0\u00a0 Guayaquil &#8211; Santa Cruz (Gal\u00e1pagos-Insel)<\/span><\/strong><\/p>\n<p style=\"text-align: justify;\"><span style=\"font-family: arial, helvetica, sans-serif; font-size: 16px;\">Es war warm heute Nacht, obwohl das Zimmer ziemlich offen gebaut ist. Die ganze Nacht haben Hunde gekl\u00e4fft, aber wir haben doch ganz gut geschlafen. Das Hotelfr\u00fchst\u00fcck ist einfach, aber gut und der nachtschwarze und richtig starke Kaffee weckt auch die letzten m\u00fcden Geister. So liebe ich Kaffee! Wenige Minuten sp\u00e4ter bringt uns ein Fahrer des Hotels zum Flughafen. Der Stra\u00dfenverkehr ist ganz sch\u00f6n dicht und irgendwie scheint Jeder auf sein Recht zu bestehen. Ein paar Mal kann ich aus n\u00e4chster N\u00e4he Kotfl\u00fcgel betrachten und mir \u00fcberlegen, wie die ohne Farbe aussehen. Zum Gl\u00fcck geht alles gut und wir werden wohlbehalten am nationalen Flughafen abgesetzt. Wieder bekommen wir vor dem Einchecken einen Berg Formulare in die Hand gedr\u00fcckt, die wir ausf\u00fcllen m\u00fcssen. Auch die 10 Dollar f\u00fcr das elektronische Visum werden uns gleich noch abgenommen. Der Checkin geht rasch vonstatten und w\u00e4hrend wir auf unseren Flug nach Baltra (eine der Gal\u00e1pagos-Inseln) warten, kosten wir uns schon mal durch die ecuadorianische Schokolade. Der Kakao aus Ecuador geh\u00f6rt schlie\u00dflich zum Besten der Welt und das kann man nicht einfach ignorieren. Diese K\u00f6stlichkeiten haben zwar ihren Preis, aber guter Geschmack war schon immer etwas teurer.<\/span><\/p>\n<p style=\"text-align: justify;\"><span style=\"font-family: arial, helvetica, sans-serif; font-size: 16px;\">Der knapp zweist\u00fcndige Flug geht rasch vor\u00fcber und schon sehen wir die ersten Inselchen unter uns. Wir landen auf der Insel Baltra, die auch Milit\u00e4rst\u00fctzpunkt ist. Hier l\u00e4uft man noch \u00fcber die Landebahn. In geordneter Reihe werden wir erst einmal \u00fcber die Desinfektionsmatte geleitet &#8211; muss schlie\u00dflich alles seine Ordnung haben. Dann kommen unsere ganzen, brav ausgef\u00fcllten, Formulare zum Einsatz. An Schalter eins wird uns das Einreisevisum (Ingala Transit Kontrollkarte &#8211; Spanisch: Tarjeta de Control) abgenommen. Am n\u00e4chsten Schalter werden wir noch um je 100 USD Nationalparkgeb\u00fchr erleichtert. Dann kommt die Handgep\u00e4ck-Kontrolle an die Reihe. Der Officer, der sich um mein Handgep\u00e4ck k\u00fcmmern soll, hat allerdings keine gro\u00dfe Lust oder liegt es an meinem ehrlichen Blick &#8211; jedenfalls winkt er dankend ab und gibt stattdessen meinem kleinen Pl\u00fcscheisb\u00e4ren am Rucksack einen Klaps.<\/span><\/p>\n<table style=\"width: 100%;\" border=\"0\" align=\"center\">\n<tbody>\n<tr>\n<td style=\"width: 25%; border-color: black; border-style: solid; border-width: 1px;\"><a title=\"&lt;strong&gt;Ticket f\u00fcr die Nationalparkgeb\u00fchr - sozusagen der Eintritt f\u00fcr den Galapagos-Archipel&lt;\/strong&gt;&lt;br\/&gt;&lt;br\/&gt;&lt;span style=&quot;font-size:85%;color:#949494&quot;&gt;[Bild-Id: 8941]&lt;\/span&gt;\" href=\"http:\/\/foto-passion.com\/wp-content\/gallery\/galapagos\/nationalparkgebuehr.jpg\" rel=\"lightbox[0]\"><img loading=\"lazy\" class=\"ngg-singlepic ngg-none aligncenter\" title=\"Ticket f\u00fcr die Nationalparkgeb\u00fchr - sozusagen der Eintritt f\u00fcr den Galapagos-Archipel\" alt=\"Ticket f\u00fcr die Nationalparkgeb\u00fchr - sozusagen der Eintritt f\u00fcr den Galapagos-Archipel\" src=\"http:\/\/foto-passion.com\/wp-content\/gallery\/galapagos\/thumbs\/thumbs_nationalparkgebuehr.jpg\" width=\"130\" height=\"87\" \/><\/a><\/td>\n<\/tr>\n<\/tbody>\n<\/table>\n<p style=\"text-align: justify;\"><span style=\"font-family: arial, helvetica, sans-serif; font-size: 16px;\">W\u00e4hrend wir auf unser Gep\u00e4ck warten, haben wir gen\u00fcgend Zeit uns umzusehen. Ein wenig befremdlich ist die &#8222;Empfangshalle&#8220; hier ja schon, denn das ist nichts anderes als eine offene \u00dcberdachung, die mit ein paar Planen zugehangen ist. Nun br\u00e4uchten wir noch unser Gep\u00e4ck, doch ein Gep\u00e4ckband ist nicht zu sehen. Stattdessen wird irgendwann ein Bretterverschlag ge\u00f6ffnet und in einer angrenzenden &#8222;Halle&#8220; stehen\/liegen die ganzen Gep\u00e4ckst\u00fccke und Jeder sucht sich aus, was ihm geh\u00f6rt. Mehr Chaos geht nicht! Wir haben Gl\u00fcck und unser Gep\u00e4ck steht verh\u00e4ltnism\u00e4\u00dfig weit vorn. So entkommen wir dem Massengedr\u00e4nge weitgehend.<\/span><\/p>\n<p style=\"text-align: justify;\"><span style=\"font-family: arial, helvetica, sans-serif; font-size: 16px;\">Vor dem &#8222;Empfangsgeb\u00e4ude&#8220; warten bereits auf staubiger Piste einige Busse, die die Passagiere zur Mole und zum Kanal bringen. Die Kunst besteht nun darin, den n\u00e4chsten Bus zum Itabaca-Kanal zu finden. Wir haben es geschafft, sitzen im richtigen Bus und werden (kostenlos) in 10 Minuten zur F\u00e4hre gebracht. Dort wartet bereits ein Panga, das uns auf die Insel Santa Cruz bringt. Das Panga ist ein \u00fcberdachtes Boot, in dem unten die Passagiere sitzen und obenauf die Gep\u00e4ckst\u00fccke geladen werden. Die kurze \u00dcberfahrt kostet 0,80\u00a0USD. Nach dem Anlanden auf Santa Cruz herrscht erst einmal Chaos pur. Unz\u00e4hlige Pickups &#8211; hier Taxis &#8211; warten auf Passagiere. Daneben besteht aber auch die M\u00f6glichkeit, bis Puerto Ayora mit dem Bus zu fahren. Wir entscheiden uns f\u00fcr diese Option und kommen so f\u00fcr 1,80\u00a0USD (statt f\u00fcr 18\u00a0USD) nach Puerto Ayora.<\/span><\/p>\n<table style=\"width: 100%;\" border=\"0\" align=\"center\">\n<tbody>\n<tr>\n<td style=\"width: 25%; border-color: black; border-style: solid; border-width: 1px;\"><a title=\"&lt;strong&gt;Ankunft auf dem Flughafen Baltra&lt;\/strong&gt;&lt;br\/&gt;&lt;br\/&gt;&lt;span style=&quot;font-size:85%;color:#949494&quot;&gt;[Bild-Id: 8927]&lt;\/span&gt;\" href=\"http:\/\/foto-passion.com\/wp-content\/gallery\/galapagos\/101112_10k_dsc07974.jpg\" rel=\"lightbox[1]\"><img loading=\"lazy\" class=\"ngg-singlepic ngg-center aligncenter\" title=\"Ankunft auf dem Flughafen Baltra\" alt=\"Ankunft auf dem Flughafen Baltra\" src=\"http:\/\/foto-passion.com\/wp-content\/gallery\/galapagos\/thumbs\/thumbs_101112_10k_dsc07974.jpg\" width=\"130\" height=\"87\" \/><\/a><\/td>\n<td style=\"width: 25%; border-color: black; border-style: solid; border-width: 1px;\"><a title=\"&lt;strong&gt;Mit einem Panga setzen wir auf die Insel Santa Cruz \u00fcber&lt;\/strong&gt;&lt;br\/&gt;&lt;br\/&gt;&lt;span style=&quot;font-size:85%;color:#949494&quot;&gt;[Bild-Id: 8981]&lt;\/span&gt;\" href=\"http:\/\/foto-passion.com\/wp-content\/gallery\/galapagos\/101112_10k_dsc07968.jpg\" rel=\"lightbox[1]\"><img loading=\"lazy\" class=\"ngg-singlepic ngg-none aligncenter\" title=\"Mit einem Panga setzen wir auf die Insel Santa Cruz \u00fcber\" alt=\"Mit einem Panga setzen wir auf die Insel Santa Cruz \u00fcber\" src=\"http:\/\/foto-passion.com\/wp-content\/gallery\/galapagos\/thumbs\/thumbs_101112_10k_dsc07968.jpg\" width=\"130\" height=\"87\" \/><\/a><\/td>\n<td style=\"width: 25%; border-color: black; border-style: solid; border-width: 1px;\"><a title=\"&lt;strong&gt;Vor uns liegt die Insel Santa Cruz&lt;\/strong&gt;&lt;br\/&gt;&lt;br\/&gt;&lt;span style=&quot;font-size:85%;color:#949494&quot;&gt;[Bild-Id: 8667]&lt;\/span&gt;\" href=\"http:\/\/foto-passion.com\/wp-content\/gallery\/galapagos\/281012_12k_dsc05547.jpg\" rel=\"lightbox[1]\"><img loading=\"lazy\" class=\"ngg-singlepic ngg-none aligncenter\" title=\"Vor uns liegt die Insel Santa Cruz\" alt=\"Vor uns liegt die Insel Santa Cruz\" src=\"http:\/\/foto-passion.com\/wp-content\/gallery\/galapagos\/thumbs\/thumbs_281012_12k_dsc05547.jpg\" width=\"130\" height=\"87\" \/><\/a><\/td>\n<td style=\"width: 25%; border-color: black; border-style: solid; border-width: 1px;\"><a title=\"&lt;strong&gt;Im Norden der Insel Santa Cruz&lt;\/strong&gt;&lt;br\/&gt;&lt;br\/&gt;&lt;span style=&quot;font-size:85%;color:#949494&quot;&gt;[Bild-Id: 8845]&lt;\/span&gt;\" href=\"http:\/\/foto-passion.com\/wp-content\/gallery\/galapagos\/261012_12k_dsc05364.jpg\" rel=\"lightbox[1]\"><img loading=\"lazy\" class=\"ngg-singlepic ngg-none aligncenter\" title=\"Im Norden der Insel Santa Cruz\" alt=\"Im Norden der Insel Santa Cruz\" src=\"http:\/\/foto-passion.com\/wp-content\/gallery\/galapagos\/thumbs\/thumbs_261012_12k_dsc05364.jpg\" width=\"130\" height=\"87\" \/><\/a><\/td>\n<\/tr>\n<\/tbody>\n<\/table>\n<p style=\"text-align: justify;\"><span style=\"font-family: arial, helvetica, sans-serif; font-size: 16px;\">Unterwegs k\u00f6nnen wir schon mal quasi nebenbei die &#8222;Los Gemelos&#8220; &#8211; die Zwillingskrater besichtigen. Das sind zwei durch eine leere Magmakammer geformte Krater (Dolinen bzw. Senkl\u00f6cher) vulkanischen Ursprungs, die an beiden Seiten der Stra\u00dfe von Baltra nach Puerto Ayora im Hochland von Santa Cruz liegen. Die Zwillingskrater verf\u00fcgen jedoch nicht \u00fcber eine Vulkan\u00f6ffnung, sondern haben sich durch einen Einsturz des Oberfl\u00e4chenmaterials herausgebildet.<\/span><\/p>\n<p style=\"text-align: justify;\"><span style=\"font-family: arial, helvetica, sans-serif; font-size: 16px;\">Das Hochland von Santa Cruz ist sehr feucht. Dementsprechend w\u00e4chst hier eine Art Bergnebelwald mit zahlreichen Scalesia-B\u00e4umen in einem gro\u00dfen Scalesia-Pedunculata-Wald. Dieser verzauberte Wald mit seinen endemischen B\u00e4umen, die eigentlich mit der Sonnenblume verwandt sind und der dazu geh\u00f6rigen Vegetation mit vielen Farnen, Moosen und Flechten zeigt ein ganz anderes Bild von Gal\u00e1pagos: einen \u00fcppig gr\u00fcnen Berg-Regenwald. Leider ist das Wetter heute so gar nicht &#8222;passend&#8220;, denn es scheint gnadenlos die Sonne und von Nebel und Regen keine Spur. Dennoch ist die Vegetation sehr sch\u00f6n und man kann sich gut vorstellen, wie mystisch dieser Wald bei Regen und Nebel sein muss.<\/span><\/p>\n<p style=\"text-align: justify;\"><span style=\"font-family: arial, helvetica, sans-serif; font-size: 16px;\">In gut einer Stunde erreichen wir Puerto Ayora. Das Erste, was wir wahr nehmen, sind die Preise an einer Tankstelle. Hier kostet die Gallone Diesel 1,02\u00a0USD (79\u00a0Cent) und die Gallone umfasst 3,8\u00a0Liter!!!! Wir bekommen den Mund nicht mehr zu.<\/span><\/p>\n<p style=\"text-align: justify;\"><span style=\"font-family: arial, helvetica, sans-serif; font-size: 16px;\">Der Bus setzt uns am Hafen ab. Von dort nehmen wir ein Taxi, das uns in wenigen Minuten in das Hotel &#8222;Silberstein&#8220; bringt. Innerhalb der Stadt fahren alle Taxis f\u00fcr einen Dollar. Nachdem wir unser Zimmer bezogen haben, machen wir uns auf, den Ort zu erkunden. Im Restaurant &#8222;Il Giardino&#8220;, gleich um die Ecke, kehren wir ein, um eine Kleinigkeit zu essen. Die Riesengarnelen am Nachbartisch lachen uns buchst\u00e4blich an und so k\u00f6nnen wir nicht widerstehen &#8211; dekadent und sogar erschwinglich. W\u00e4hrend wir auf unser Essen warten, k\u00f6nnen wir den ersten Fregattv\u00f6geln bei ihren k\u00fchnen Flugman\u00f6vern zusehen. Es ist unglaublich, wie elegant diese Flugk\u00fcnstler sich durch die Luft bewegen. Bei dem Einen oder Anderen k\u00f6nnen wir sogar den roten Kehlsack erkennen. Auf der anderen Stra\u00dfenseite sitzen Pelikane in den Mangrovenb\u00fcschen. Mit Blick auf den Pazifik genie\u00dfen wir unser erstes ecuadorianisches Essen. Es schmeckt saulecker. So gest\u00e4rkt sind wir bereit f\u00fcr neue Entdeckungen und die lassen auch nicht lange auf sich warten.<\/span><\/p>\n<table style=\"width: 100%;\" border=\"0\" align=\"center\">\n<tbody>\n<tr>\n<td style=\"width: 25%; border-color: black; border-style: solid; border-width: 1px;\"><a title=\"&lt;strong&gt;Brauner Pelikan (Pelecanus occidentalis)&lt;\/strong&gt;&lt;br\/&gt;&lt;br\/&gt;&lt;span style=&quot;font-size:85%;color:#949494&quot;&gt;[Bild-Id: 8749]&lt;\/span&gt;\" href=\"http:\/\/foto-passion.com\/wp-content\/gallery\/galapagos\/261012_10k_dsc03966.jpg\" rel=\"lightbox[3]\"><img loading=\"lazy\" class=\"ngg-singlepic ngg-none aligncenter\" title=\"Brauner Pelikan (Pelecanus occidentalis)\" alt=\"Brauner Pelikan (Pelecanus occidentalis)\" src=\"http:\/\/foto-passion.com\/wp-content\/gallery\/galapagos\/thumbs\/thumbs_261012_10k_dsc03966.jpg\" width=\"130\" height=\"87\" \/><\/a><\/td>\n<td style=\"width: 25%; border-color: black; border-style: solid; border-width: 1px;\"><a title=\"&lt;strong&gt;Pr\u00e4chtige Languste&lt;\/strong&gt;&lt;br\/&gt;&lt;br\/&gt;&lt;span style=&quot;font-size:85%;color:#949494&quot;&gt;[Bild-Id: 8781]&lt;\/span&gt;\" href=\"http:\/\/foto-passion.com\/wp-content\/gallery\/galapagos\/071112_12k_dsc09076.jpg\" rel=\"lightbox[3]\"><img loading=\"lazy\" class=\"ngg-singlepic ngg-none aligncenter\" title=\"Pr\u00e4chtige Languste\" alt=\"Pr\u00e4chtige Languste\" src=\"http:\/\/foto-passion.com\/wp-content\/gallery\/galapagos\/thumbs\/thumbs_071112_12k_dsc09076.jpg\" width=\"130\" height=\"87\" \/><\/a><\/td>\n<td style=\"width: 25%; border-color: black; border-style: solid; border-width: 1px;\"><a title=\"&lt;strong&gt;Prachtfregattvogel (Fregata magnificens)&lt;\/strong&gt;&lt;br\/&gt;&lt;br\/&gt;&lt;span style=&quot;font-size:85%;color:#949494&quot;&gt;[Bild-Id: 8668]&lt;\/span&gt;\" href=\"http:\/\/foto-passion.com\/wp-content\/gallery\/galapagos\/281012_09u_dsc05444.jpg\" rel=\"lightbox[3]\"><img loading=\"lazy\" class=\"ngg-singlepic ngg-none aligncenter\" title=\"Prachtfregattvogel (Fregata magnificens)\" alt=\"Prachtfregattvogel (Fregata magnificens)\" src=\"http:\/\/foto-passion.com\/wp-content\/gallery\/galapagos\/thumbs\/thumbs_281012_09u_dsc05444.jpg\" width=\"130\" height=\"87\" \/><\/a><\/td>\n<td style=\"width: 25%; border-color: black; border-style: solid; border-width: 1px;\"><a title=\"&lt;strong&gt;Bucht von Santa Cruz&lt;\/strong&gt;&lt;br\/&gt;&lt;br\/&gt;&lt;span style=&quot;font-size:85%;color:#949494&quot;&gt;[Bild-Id: 8964]&lt;\/span&gt;\" href=\"http:\/\/foto-passion.com\/wp-content\/gallery\/galapagos\/071112_12k_dsc09094.jpg\" rel=\"lightbox[3]\"><img loading=\"lazy\" class=\"ngg-singlepic ngg-none aligncenter\" title=\"Bucht von Santa Cruz\" alt=\"Bucht von Santa Cruz\" src=\"http:\/\/foto-passion.com\/wp-content\/gallery\/galapagos\/thumbs\/thumbs_071112_12k_dsc09094.jpg\" width=\"130\" height=\"87\" \/><\/a><\/td>\n<\/tr>\n<\/tbody>\n<\/table>\n<p style=\"text-align: justify;\"><span style=\"font-family: arial, helvetica, sans-serif; font-size: 16px;\">Ein paar Schritte weiter treffen wir auf die ersten Marine-Iguanas (Meerechsen), die es sich auf den warmen Gehwegplatten bequem gemacht haben. Wir h\u00e4tten nicht zu hoffen gewagt, diese kleinen Minidrachen so schnell zu treffen. In recht unvorteilhafter Pose liegen wir auf dem Gehsteig. Egal, das Ergebnis z\u00e4hlt.<\/span><\/p>\n<table style=\"width: 100%;\" border=\"0\" align=\"center\">\n<tbody>\n<tr>\n<td style=\"width: 25%; border-color: black; border-style: solid; border-width: 1px;\"><a title=\"&lt;strong&gt;Meerechse (Amblyrhynchus cristatus), Marine-Iguanas&lt;\/strong&gt;&lt;br\/&gt;&lt;br\/&gt;&lt;span style=&quot;font-size:85%;color:#949494&quot;&gt;[Bild-Id: 8766]&lt;\/span&gt;\" href=\"http:\/\/foto-passion.com\/wp-content\/gallery\/galapagos\/261012_10k_dsc04010.jpg\" rel=\"lightbox[4]\"><img loading=\"lazy\" class=\"ngg-singlepic ngg-none aligncenter\" title=\"Meerechse (Amblyrhynchus cristatus), Marine-Iguanas\" alt=\"Meerechse (Amblyrhynchus cristatus), Marine-Iguanas\" src=\"http:\/\/foto-passion.com\/wp-content\/gallery\/galapagos\/thumbs\/thumbs_261012_10k_dsc04010.jpg\" width=\"130\" height=\"87\" \/><\/a><\/td>\n<td style=\"width: 25%; border-color: black; border-style: solid; border-width: 1px;\"><a title=\"&lt;strong&gt;Meerechse (Amblyrhynchus cristatus), Marine-Iguanas&lt;\/strong&gt;&lt;br\/&gt;&lt;br\/&gt;&lt;span style=&quot;font-size:85%;color:#949494&quot;&gt;[Bild-Id: 8843]&lt;\/span&gt;\" href=\"http:\/\/foto-passion.com\/wp-content\/gallery\/galapagos\/271012_09u_dsc04873.jpg\" rel=\"lightbox[4]\"><img loading=\"lazy\" class=\"ngg-singlepic ngg-none aligncenter\" title=\"Meerechse (Amblyrhynchus cristatus), Marine-Iguanas\" alt=\"Meerechse (Amblyrhynchus cristatus), Marine-Iguanas\" src=\"http:\/\/foto-passion.com\/wp-content\/gallery\/galapagos\/thumbs\/thumbs_271012_09u_dsc04873.jpg\" width=\"130\" height=\"87\" \/><\/a><\/td>\n<td style=\"width: 25%; border-color: black; border-style: solid; border-width: 1px;\"><a title=\"&lt;strong&gt;Mini-Drachen - Meerechse (Amblyrhynchus cristatus), Marine-Iguanas&lt;\/strong&gt;&lt;br\/&gt;&lt;br\/&gt;&lt;span style=&quot;font-size:85%;color:#949494&quot;&gt;[Bild-Id: 8901]&lt;\/span&gt;\" href=\"http:\/\/foto-passion.com\/wp-content\/gallery\/galapagos\/261012_10k_dsc04190.jpg\" rel=\"lightbox[4]\"><img loading=\"lazy\" class=\"ngg-singlepic ngg-none aligncenter\" title=\"Mini-Drachen - Meerechse (Amblyrhynchus cristatus), Marine-Iguanas\" alt=\"Mini-Drachen - Meerechse (Amblyrhynchus cristatus), Marine-Iguanas\" src=\"http:\/\/foto-passion.com\/wp-content\/gallery\/galapagos\/thumbs\/thumbs_261012_10k_dsc04190.jpg\" width=\"130\" height=\"87\" \/><\/a><\/td>\n<td style=\"width: 25%; border-color: black; border-style: solid; border-width: 1px;\"><a title=\"&lt;strong&gt;Entspannt - Meerechse (Amblyrhynchus cristatus), Marine-Iguanas&lt;\/strong&gt;&lt;br\/&gt;&lt;br\/&gt;&lt;span style=&quot;font-size:85%;color:#949494&quot;&gt;[Bild-Id: 8838]&lt;\/span&gt;\" href=\"http:\/\/foto-passion.com\/wp-content\/gallery\/galapagos\/271012_09u_dsc04886.jpg\" rel=\"lightbox[4]\"><img loading=\"lazy\" class=\"ngg-singlepic ngg-none aligncenter\" title=\"Entspannt - Meerechse (Amblyrhynchus cristatus), Marine-Iguanas\" alt=\"Entspannt - Meerechse (Amblyrhynchus cristatus), Marine-Iguanas\" src=\"http:\/\/foto-passion.com\/wp-content\/gallery\/galapagos\/thumbs\/thumbs_271012_09u_dsc04886.jpg\" width=\"130\" height=\"87\" \/><\/a><\/td>\n<\/tr>\n<\/tbody>\n<\/table>\n<p style=\"text-align: justify;\"><span style=\"font-family: arial, helvetica, sans-serif; font-size: 16px;\">Wir laufen bis zum Hafen, entdecken eine gro\u00dfe Gruppe Seel\u00f6wen, die sich im Schutz der Polizeidirektion in der Sonne aalen, sehen die ersten roten Klippenkrabben und eine Menge Meeresv\u00f6gel. Im Hafen herrscht reger Betrieb. \u00dcberall ankern Kreuzfahrtschiffe. Daneben bringen Wassertaxis ihre Passagiere von einer Uferseite der Hafenbucht auf die andere und mit Pontons werden Waren in den Hafen transportiert. Dem Supermarkt am Hafen statten wir einen ersten informellen Besuch ab. Abends machen wir noch ein paar Nachtaufnahmen und schauen zu, was sich im Wasser so alles tummelt. Neben Seel\u00f6wen, gro\u00dfen Fischschw\u00e4rmen und Klippenkrabben sehen wir mehrere Mantarochen majest\u00e4tisch durch das Wasser gleiten. Das war doch f\u00fcr den ersten Tag schon mal eine ganze Menge an Wildlife.<\/span><\/p>\n<table style=\"width: 100%;\" border=\"0\" align=\"center\">\n<tbody>\n<tr>\n<td style=\"width: 25%; border-color: black; border-style: solid; border-width: 1px;\"><a title=\"&lt;strong&gt;Im Hafen von Santa Cruz - Galapagos-Insel&lt;\/strong&gt;&lt;br\/&gt;&lt;br\/&gt;&lt;span style=&quot;font-size:85%;color:#949494&quot;&gt;[Bild-Id: 9011]&lt;\/span&gt;\" href=\"http:\/\/foto-passion.com\/wp-content\/gallery\/galapagos\/271012_10k_dsc05531.jpg\" rel=\"lightbox[5]\"><img loading=\"lazy\" class=\"ngg-singlepic ngg-none aligncenter\" title=\"Im Hafen von Santa Cruz - Galapagos-Insel\" alt=\"Im Hafen von Santa Cruz - Galapagos-Insel\" src=\"http:\/\/foto-passion.com\/wp-content\/gallery\/galapagos\/thumbs\/thumbs_271012_10k_dsc05531.jpg\" width=\"130\" height=\"87\" \/><\/a><\/td>\n<td style=\"width: 25%; border-color: black; border-style: solid; border-width: 1px;\"><a title=\"&lt;strong&gt;Rote Klippenkrabbe (Grapsus grapsus)&lt;\/strong&gt;&lt;br\/&gt;&lt;br\/&gt;&lt;span style=&quot;font-size:85%;color:#949494&quot;&gt;[Bild-Id: 8720]&lt;\/span&gt;\" href=\"http:\/\/foto-passion.com\/wp-content\/gallery\/galapagos\/271012_09u_dsc04910.jpg\" rel=\"lightbox[5]\"><img loading=\"lazy\" class=\"ngg-singlepic ngg-none aligncenter\" title=\"Rote Klippenkrabbe (Grapsus grapsus)\" alt=\"Rote Klippenkrabbe (Grapsus grapsus)\" src=\"http:\/\/foto-passion.com\/wp-content\/gallery\/galapagos\/thumbs\/thumbs_271012_09u_dsc04910.jpg\" width=\"130\" height=\"87\" \/><\/a><\/td>\n<td style=\"width: 25%; border-color: black; border-style: solid; border-width: 1px;\"><a title=\"&lt;strong&gt;L\u00e4sst sich von uns nicht beeindrucken - Brauner Pelikan (Pelecanus occidentalis)&lt;\/strong&gt;&lt;br\/&gt;&lt;br\/&gt;&lt;span style=&quot;font-size:85%;color:#949494&quot;&gt;[Bild-Id: 8841]&lt;\/span&gt;\" href=\"http:\/\/foto-passion.com\/wp-content\/gallery\/galapagos\/271012_09u_dsc04959.jpg\" rel=\"lightbox[5]\"><img loading=\"lazy\" class=\"ngg-singlepic ngg-none aligncenter\" title=\"L\u00e4sst sich von uns nicht beeindrucken - Brauner Pelikan (Pelecanus occidentalis)\" alt=\"L\u00e4sst sich von uns nicht beeindrucken - Brauner Pelikan (Pelecanus occidentalis)\" src=\"http:\/\/foto-passion.com\/wp-content\/gallery\/galapagos\/thumbs\/thumbs_271012_09u_dsc04959.jpg\" width=\"130\" height=\"87\" \/><\/a><\/td>\n<td style=\"width: 25%; border-color: black; border-style: solid; border-width: 1px;\"><a title=\"&lt;strong&gt;Opuntien (Kakteen) und Palo Santo B\u00e4ume im Sonnenuntergang&lt;\/strong&gt;&lt;br\/&gt;&lt;br\/&gt;&lt;span style=&quot;font-size:85%;color:#949494&quot;&gt;[Bild-Id: 8779]&lt;\/span&gt;\" href=\"http:\/\/foto-passion.com\/wp-content\/gallery\/galapagos\/261012_10k_dsc04194.jpg\" rel=\"lightbox[5]\"><img loading=\"lazy\" class=\"ngg-singlepic ngg-none aligncenter\" title=\"Opuntien (Kakteen) und Palo Santo B\u00e4ume im Sonnenuntergang\" alt=\"Opuntien (Kakteen) und Palo Santo B\u00e4ume im Sonnenuntergang\" src=\"http:\/\/foto-passion.com\/wp-content\/gallery\/galapagos\/thumbs\/thumbs_261012_10k_dsc04194.jpg\" width=\"130\" height=\"87\" \/><\/a><\/td>\n<\/tr>\n<\/tbody>\n<\/table>\n<table style=\"width: 100%;\" border=\"0\" align=\"center\">\n<tbody>\n<tr>\n<td style=\"width: 25%; border-color: black; border-style: solid; border-width: 1px;\"><img loading=\"lazy\" class=\"ngg-singlepic ngg-none aligncenter\" alt=\"Hafen von Santa Cruz\" src=\"http:\/\/foto-passion.com\/wp-content\/gallery\/galapagos\/271012_12k_dsc05380.jpg\" width=\"900\" height=\"372\" \/><\/td>\n<\/tr>\n<\/tbody>\n<\/table>\n<hr style=\"height: 1px; width: 30%;\" size=\"1\" width=\"30%\" \/>\n<p style=\"text-align: justify;\"><strong><span style=\"font-family: arial, helvetica, sans-serif; font-size: 16px;\">27.10.2012\u00a0\u00a0\u00a0\u00a0\u00a0 Santa Cruz<\/span><\/strong><\/p>\n<p style=\"text-align: justify;\"><span style=\"font-family: arial, helvetica, sans-serif; font-size: 16px;\">Unser Tag beginnt fr\u00fch, denn heute zum Samstag soll vormittags Food- und Fischmarkt sein. Wenige H\u00e4user vom Hotel entfernt befindet sich der Fischmarkt, auf dem gerade die Fischer ihren reichen Fang abladen. Es ist wahnsinnig interessant zu sehen, was die Fischer da gefangen haben und wie die Weiterverarbeitung abl\u00e4uft. Der Fang wird an Ort und Stelle zerlegt und verkauft. Manchmal bedarf es zum Zerlegen sogar einer Axt, so gigantisch gro\u00df sind die Fische. Pelikane, Reiher, M\u00f6wen, Fregattv\u00f6gel und ein Seel\u00f6we warten darauf, dass auch f\u00fcr sie etwas abf\u00e4llt.<\/span><\/p>\n<table style=\"width: 100%;\" border=\"0\" align=\"center\">\n<tbody>\n<tr>\n<td style=\"width: 25%; border-color: black; border-style: solid; border-width: 1px;\"><a title=\"&lt;strong&gt;Dem Tagesfang wird mit der Axt zu Leibe ger\u00fcckt&lt;\/strong&gt;&lt;br\/&gt;&lt;br\/&gt;&lt;span style=&quot;font-size:85%;color:#949494&quot;&gt;[Bild-Id: 9020]&lt;\/span&gt;\" href=\"http:\/\/foto-passion.com\/wp-content\/gallery\/galapagos\/271012_10k_dsc05389.jpg\" rel=\"lightbox[6]\"><img loading=\"lazy\" class=\"ngg-singlepic ngg-none aligncenter\" title=\"Dem Tagesfang wird mit der Axt zu Leibe ger\u00fcckt\" alt=\"Dem Tagesfang wird mit der Axt zu Leibe ger\u00fcckt\" src=\"http:\/\/foto-passion.com\/wp-content\/gallery\/galapagos\/thumbs\/thumbs_271012_10k_dsc05389.jpg\" width=\"130\" height=\"87\" \/><\/a><\/td>\n<td style=\"width: 25%; border-color: black; border-style: solid; border-width: 1px;\"><a title=\"&lt;strong&gt;Der kennt sich hier aus und wei\u00df, dass f\u00fcr ihn immer etwas abf\u00e4llt.&lt;\/strong&gt;&lt;br\/&gt;&lt;br\/&gt;&lt;span style=&quot;font-size:85%;color:#949494&quot;&gt;[Bild-Id: 8911]&lt;\/span&gt;\" href=\"http:\/\/foto-passion.com\/wp-content\/gallery\/galapagos\/271012_12k_dsc04259.jpg\" rel=\"lightbox[6]\"><img loading=\"lazy\" class=\"ngg-singlepic ngg-none aligncenter\" title=\"Der kennt sich hier aus und wei\u00df, dass f\u00fcr ihn immer etwas abf\u00e4llt.\" alt=\"Der kennt sich hier aus und wei\u00df, dass f\u00fcr ihn immer etwas abf\u00e4llt.\" src=\"http:\/\/foto-passion.com\/wp-content\/gallery\/galapagos\/thumbs\/thumbs_271012_12k_dsc04259.jpg\" width=\"130\" height=\"87\" \/><\/a><\/td>\n<td style=\"width: 25%; border-color: black; border-style: solid; border-width: 1px;\"><a title=\"&lt;strong&gt;Fangfrisch&lt;\/strong&gt;&lt;br\/&gt;&lt;br\/&gt;&lt;span style=&quot;font-size:85%;color:#949494&quot;&gt;[Bild-Id: 8881]&lt;\/span&gt;\" href=\"http:\/\/foto-passion.com\/wp-content\/gallery\/galapagos\/261012_10k_dsc03977.jpg\" rel=\"lightbox[6]\"><img loading=\"lazy\" class=\"ngg-singlepic ngg-none aligncenter\" title=\"Fangfrisch\" alt=\"Fangfrisch\" src=\"http:\/\/foto-passion.com\/wp-content\/gallery\/galapagos\/thumbs\/thumbs_261012_10k_dsc03977.jpg\" width=\"130\" height=\"87\" \/><\/a><\/td>\n<td style=\"width: 25%; border-color: black; border-style: solid; border-width: 1px;\"><a title=\"&lt;strong&gt;Der d\u00fcrfte ein paar Leute satt machen.&lt;\/strong&gt;&lt;br\/&gt;&lt;br\/&gt;&lt;span style=&quot;font-size:85%;color:#949494&quot;&gt;[Bild-Id: 8877]&lt;\/span&gt;\" href=\"http:\/\/foto-passion.com\/wp-content\/gallery\/galapagos\/271012_12k_dsc04399.jpg\" rel=\"lightbox[6]\"><img loading=\"lazy\" class=\"ngg-singlepic ngg-none aligncenter\" title=\"Der d\u00fcrfte ein paar Leute satt machen.\" alt=\"Der d\u00fcrfte ein paar Leute satt machen.\" src=\"http:\/\/foto-passion.com\/wp-content\/gallery\/galapagos\/thumbs\/thumbs_271012_12k_dsc04399.jpg\" width=\"130\" height=\"87\" \/><\/a><\/td>\n<\/tr>\n<\/tbody>\n<\/table>\n<p style=\"text-align: justify;\"><span style=\"font-family: arial, helvetica, sans-serif; font-size: 16px;\">Als wir uns dieses bunte Treiben lange genug angesehen haben, machen wir uns auf den Weg in die Charles Darwin-Forschungsstation. Die ist nur wenige Gehminuten von unserem Hotel entfernt und beherbergt die verschiedenen endemischen Riesenschildkr\u00f6ten der einzelnen Inseln. Daneben gibt es noch Landleguane. Diese h\u00fcbschen, wenn auch etwas d\u00fcmmlich drein schauenden gelb-orangefarbenen Echsen haben es mir besonders angetan\u00a0 und so verbringen wir hier in aller Ruhe viel Zeit.<\/span><\/p>\n<table style=\"width: 100%;\" border=\"0\" align=\"center\">\n<tbody>\n<tr>\n<td style=\"width: 25%; border-color: black; border-style: solid; border-width: 1px;\"><a title=\"&lt;strong&gt;Galapagos-Schildkr\u00f6te in der Charles Darwin Station&lt;\/strong&gt;&lt;br\/&gt;&lt;br\/&gt;&lt;span style=&quot;font-size:85%;color:#949494&quot;&gt;[Bild-Id: 8873]&lt;\/span&gt;\" href=\"http:\/\/foto-passion.com\/wp-content\/gallery\/galapagos\/271012_12k_dsc04516.jpg\" rel=\"lightbox[7]\"><img loading=\"lazy\" class=\"ngg-singlepic ngg-none aligncenter\" title=\"Galapagos-Schildkr\u00f6te in der Charles Darwin Station\" alt=\"Galapagos-Schildkr\u00f6te in der Charles Darwin Station\" src=\"http:\/\/foto-passion.com\/wp-content\/gallery\/galapagos\/thumbs\/thumbs_271012_12k_dsc04516.jpg\" width=\"130\" height=\"87\" \/><\/a><\/td>\n<td style=\"width: 25%; border-color: black; border-style: solid; border-width: 1px;\"><a title=\"&lt;strong&gt;Baumopuntie (Opuntia echiops) - Riesige Kakteen&lt;\/strong&gt;&lt;br\/&gt;&lt;br\/&gt;&lt;span style=&quot;font-size:85%;color:#949494&quot;&gt;[Bild-Id: 8768]&lt;\/span&gt;\" href=\"http:\/\/foto-passion.com\/wp-content\/gallery\/galapagos\/271012_10k_dsc05436.jpg\" rel=\"lightbox[7]\"><img loading=\"lazy\" class=\"ngg-singlepic ngg-none aligncenter\" title=\"Baumopuntie (Opuntia echiops) - Riesige Kakteen\" alt=\"Baumopuntie (Opuntia echiops) - Riesige Kakteen\" src=\"http:\/\/foto-passion.com\/wp-content\/gallery\/galapagos\/thumbs\/thumbs_271012_10k_dsc05436.jpg\" width=\"130\" height=\"87\" \/><\/a><\/td>\n<td style=\"width: 25%; border-color: black; border-style: solid; border-width: 1px;\"><a title=\"&lt;strong&gt;Drusenkopf (Conolophus) oder Galapagos-Landleguan&lt;\/strong&gt;&lt;br\/&gt;&lt;br\/&gt;&lt;span style=&quot;font-size:85%;color:#949494&quot;&gt;[Bild-Id: 8822]&lt;\/span&gt;\" href=\"http:\/\/foto-passion.com\/wp-content\/gallery\/galapagos\/271012_12k_dsc04531.jpg\" rel=\"lightbox[7]\"><img loading=\"lazy\" class=\"ngg-singlepic ngg-none aligncenter\" title=\"Drusenkopf (Conolophus) oder Galapagos-Landleguan\" alt=\"Drusenkopf (Conolophus) oder Galapagos-Landleguan\" src=\"http:\/\/foto-passion.com\/wp-content\/gallery\/galapagos\/thumbs\/thumbs_271012_12k_dsc04531.jpg\" width=\"130\" height=\"87\" \/><\/a><\/td>\n<td style=\"width: 25%; border-color: black; border-style: solid; border-width: 1px;\"><a title=\"&lt;strong&gt;Vegetation auf der Insel Santa Cruz&lt;\/strong&gt;&lt;br\/&gt;&lt;br\/&gt;&lt;span style=&quot;font-size:85%;color:#949494&quot;&gt;[Bild-Id: 8774]&lt;\/span&gt;\" href=\"http:\/\/foto-passion.com\/wp-content\/gallery\/galapagos\/271012_10k_dsc05476dri.jpg\" rel=\"lightbox[7]\"><img loading=\"lazy\" class=\"ngg-singlepic ngg-none aligncenter\" title=\"Vegetation auf der Insel Santa Cruz\" alt=\"Vegetation auf der Insel Santa Cruz\" src=\"http:\/\/foto-passion.com\/wp-content\/gallery\/galapagos\/thumbs\/thumbs_271012_10k_dsc05476dri.jpg\" width=\"130\" height=\"87\" \/><\/a><\/td>\n<\/tr>\n<\/tbody>\n<\/table>\n<p style=\"text-align: justify;\"><span style=\"font-family: arial, helvetica, sans-serif; font-size: 16px;\">Auf dem R\u00fcckweg sehen wir eine Gruppe von Marine-Iguanas. Ein freundlicher Polizist erkl\u00e4rt uns, wo wir noch viel Gr\u00f6\u00dfere finden k\u00f6nnen. Wir m\u00fcssen nur einen Steg durch einen Mangroveng\u00fcrtel gehen und dort sind tats\u00e4chlich unz\u00e4hlige kleine und auch ein paar stattlich gro\u00dfe Exemplare zu sehen. Hier verbringen wir eine ganze Menge Zeit, um die Tiere beobachten und fotografieren zu k\u00f6nnen. Zwei der gro\u00dfen Echsen liefern sich sogar einen Kampf, in dem sie immer mit dem Kopf aneinander sto\u00dfen. Alle Echsen sind wenig scheu und fast k\u00f6nnte man sie am Schwanz packen, so nahe lassen sie uns heran. Von Zeit zu Zeit scheiden sie aus ihren Nasenl\u00f6chern in einer Font\u00e4ne \u00fcberfl\u00fcssiges Salzwasser aus. Auch hier sitzen auf den schwarzen Lavasteinen im Wasser unz\u00e4hlige der wundersch\u00f6nen roten Klippenkrabben. Auf allen Vieren robben wir durch die Echsen und vergessen die Zeit.<\/span><\/p>\n<table style=\"width: 100%;\" border=\"0\" align=\"center\">\n<tbody>\n<tr>\n<td style=\"width: 25%; border-color: black; border-style: solid; border-width: 1px;\"><a title=\"&lt;strong&gt;Meerechsen (Amblyrhynchus cristatus) auf der Insel Santa Cruz&lt;\/strong&gt;&lt;br\/&gt;&lt;br\/&gt;&lt;span style=&quot;font-size:85%;color:#949494&quot;&gt;[Bild-Id: 8839]&lt;\/span&gt;\" href=\"http:\/\/foto-passion.com\/wp-content\/gallery\/galapagos\/271012_02k_dsc04814.jpg\" rel=\"lightbox[8]\"><img loading=\"lazy\" class=\"ngg-singlepic ngg-none aligncenter\" title=\"Meerechsen (Amblyrhynchus cristatus) auf der Insel Santa Cruz\" alt=\"Meerechsen (Amblyrhynchus cristatus) auf der Insel Santa Cruz\" src=\"http:\/\/foto-passion.com\/wp-content\/gallery\/galapagos\/thumbs\/thumbs_271012_02k_dsc04814.jpg\" width=\"130\" height=\"87\" \/><\/a><\/td>\n<td style=\"width: 25%; border-color: black; border-style: solid; border-width: 1px;\"><a title=\"&lt;strong&gt;Meerechse (Amblyrhynchus cristatus) oder Marine-Iguana&lt;\/strong&gt;&lt;br\/&gt;&lt;br\/&gt;&lt;span style=&quot;font-size:85%;color:#949494&quot;&gt;[Bild-Id: 8949]&lt;\/span&gt;\" href=\"http:\/\/foto-passion.com\/wp-content\/gallery\/galapagos\/271012_02k_dsc04793.jpg\" rel=\"lightbox[8]\"><img loading=\"lazy\" class=\"ngg-singlepic ngg-none aligncenter\" title=\"Meerechse (Amblyrhynchus cristatus) oder Marine-Iguana\" alt=\"Meerechse (Amblyrhynchus cristatus) oder Marine-Iguana\" src=\"http:\/\/foto-passion.com\/wp-content\/gallery\/galapagos\/thumbs\/thumbs_271012_02k_dsc04793.jpg\" width=\"130\" height=\"87\" \/><\/a><\/td>\n<td style=\"width: 25%; border-color: black; border-style: solid; border-width: 1px;\"><a title=\"&lt;strong&gt;Zwei m\u00e4nnliche Meerechsen k\u00e4mpfen um ihr Revier&lt;\/strong&gt;&lt;br\/&gt;&lt;br\/&gt;&lt;span style=&quot;font-size:85%;color:#949494&quot;&gt;[Bild-Id: 8759]&lt;\/span&gt;\" href=\"http:\/\/foto-passion.com\/wp-content\/gallery\/galapagos\/271012_09u_dsc05275.jpg\" rel=\"lightbox[8]\"><img loading=\"lazy\" class=\"ngg-singlepic ngg-none aligncenter\" title=\"Zwei m\u00e4nnliche Meerechsen k\u00e4mpfen um ihr Revier\" alt=\"Zwei m\u00e4nnliche Meerechsen k\u00e4mpfen um ihr Revier\" src=\"http:\/\/foto-passion.com\/wp-content\/gallery\/galapagos\/thumbs\/thumbs_271012_09u_dsc05275.jpg\" width=\"130\" height=\"87\" \/><\/a><\/td>\n<td style=\"width: 25%; border-color: black; border-style: solid; border-width: 1px;\"><a title=\"&lt;strong&gt;Sehen aus wie urt\u00fcmliche Wesen  - Meerechse  (Amblyrhynchus cristatus) oder Marine-Iguana&lt;\/strong&gt;&lt;br\/&gt;&lt;br\/&gt;&lt;span style=&quot;font-size:85%;color:#949494&quot;&gt;[Bild-Id: 8828]&lt;\/span&gt;\" href=\"http:\/\/foto-passion.com\/wp-content\/gallery\/galapagos\/271012_08k_dsc05016.jpg\" rel=\"lightbox[8]\"><img loading=\"lazy\" class=\"ngg-singlepic ngg-none aligncenter\" title=\"Sehen aus wie urt\u00fcmliche Wesen  - Meerechse  (Amblyrhynchus cristatus) oder Marine-Iguana\" alt=\"Sehen aus wie urt\u00fcmliche Wesen  - Meerechse  (Amblyrhynchus cristatus) oder Marine-Iguana\" src=\"http:\/\/foto-passion.com\/wp-content\/gallery\/galapagos\/thumbs\/thumbs_271012_08k_dsc05016.jpg\" width=\"130\" height=\"87\" \/><\/a><\/td>\n<\/tr>\n<\/tbody>\n<\/table>\n<p style=\"text-align: justify;\"><span style=\"font-family: arial, helvetica, sans-serif; font-size: 16px;\">Am Nachmittag laufen wir zur Lagune &#8222;Las Ninfas&#8220;. Diese Lagune dient den einheimischen Kindern als Badesee und sie wird von Mangroven einges\u00e4umt, die wie auf Stelzen im See stehen. Tierisch viel los ist hier allerdings nicht.<\/span><\/p>\n<table style=\"width: 100%;\" border=\"0\" align=\"center\">\n<tbody>\n<tr>\n<td style=\"width: 25%; border-color: black; border-style: solid; border-width: 1px;\"><a title=\"&lt;strong&gt;Lagune \u201eLas Ninfas\u201c in Santa Cruz&lt;\/strong&gt;&lt;br\/&gt;&lt;br\/&gt;&lt;span style=&quot;font-size:85%;color:#949494&quot;&gt;[Bild-Id: 8713]&lt;\/span&gt;\" href=\"http:\/\/foto-passion.com\/wp-content\/gallery\/galapagos\/271012_10k_dsc05523.jpg\" rel=\"lightbox[9]\"><img loading=\"lazy\" class=\"ngg-singlepic ngg-none aligncenter\" title=\"Lagune \u201eLas Ninfas\u201c in Santa Cruz\" alt=\"Lagune \u201eLas Ninfas\u201c in Santa Cruz\" src=\"http:\/\/foto-passion.com\/wp-content\/gallery\/galapagos\/thumbs\/thumbs_271012_10k_dsc05523.jpg\" width=\"130\" height=\"87\" \/><\/a><\/td>\n<td style=\"width: 25%; border-color: black; border-style: solid; border-width: 1px;\"><a title=\"&lt;strong&gt;Brauner Pelikan (Pelecanus occidentalis)&lt;\/strong&gt;&lt;br\/&gt;&lt;br\/&gt;&lt;span style=&quot;font-size:85%;color:#949494&quot;&gt;[Bild-Id: 8741]&lt;\/span&gt;\" href=\"http:\/\/foto-passion.com\/wp-content\/gallery\/galapagos\/271012_09u_dsc04965.jpg\" rel=\"lightbox[9]\"><img loading=\"lazy\" class=\"ngg-singlepic ngg-none aligncenter\" title=\"Brauner Pelikan (Pelecanus occidentalis)\" alt=\"Brauner Pelikan (Pelecanus occidentalis)\" src=\"http:\/\/foto-passion.com\/wp-content\/gallery\/galapagos\/thumbs\/thumbs_271012_09u_dsc04965.jpg\" width=\"130\" height=\"87\" \/><\/a><\/td>\n<td style=\"width: 25%; border-color: black; border-style: solid; border-width: 1px;\"><a title=\"&lt;strong&gt;Sch\u00f6ssling einer Mangrove&lt;\/strong&gt;&lt;br\/&gt;&lt;br\/&gt;&lt;span style=&quot;font-size:85%;color:#949494&quot;&gt;[Bild-Id: 8688]&lt;\/span&gt;\" href=\"http:\/\/foto-passion.com\/wp-content\/gallery\/galapagos\/271012_08k_dsc05093.jpg\" rel=\"lightbox[9]\"><img loading=\"lazy\" class=\"ngg-singlepic ngg-none aligncenter\" title=\"Sch\u00f6ssling einer Mangrove\" alt=\"Sch\u00f6ssling einer Mangrove\" src=\"http:\/\/foto-passion.com\/wp-content\/gallery\/galapagos\/thumbs\/thumbs_271012_08k_dsc05093.jpg\" width=\"130\" height=\"87\" \/><\/a><\/td>\n<td style=\"width: 25%; border-color: black; border-style: solid; border-width: 1px;\"><a title=\"&lt;strong&gt;Mangrove mit ihren langen Stelzenwurzeln&lt;\/strong&gt;&lt;br\/&gt;&lt;br\/&gt;&lt;span style=&quot;font-size:85%;color:#949494&quot;&gt;[Bild-Id: 8787]&lt;\/span&gt;\" href=\"http:\/\/foto-passion.com\/wp-content\/gallery\/galapagos\/291012_12k_dsc05925.jpg\" rel=\"lightbox[9]\"><img loading=\"lazy\" class=\"ngg-singlepic ngg-none aligncenter\" title=\"Mangrove mit ihren langen Stelzenwurzeln\" alt=\"Mangrove mit ihren langen Stelzenwurzeln\" src=\"http:\/\/foto-passion.com\/wp-content\/gallery\/galapagos\/thumbs\/thumbs_291012_12k_dsc05925.jpg\" width=\"130\" height=\"87\" \/><\/a><\/td>\n<\/tr>\n<\/tbody>\n<\/table>\n<p style=\"text-align: justify;\"><span style=\"font-family: arial, helvetica, sans-serif; font-size: 16px;\">Im Ort buchen wir bei einer der vielen Tour-Agency f\u00fcr morgen eine Tagesbootstour auf die Insel Seymour Norte. Es gibt in Puerto Ayora so viele Tour-Agencys, dass man zum Preisvergleich von T\u00fcr zu T\u00fcr laufen kann. Sehr gro\u00df sind die Preisunterschiede allerdings nicht, so dass eher die Sympathie entscheidet. Wirklich frei planen k\u00f6nnen auch die Agenturen nicht, denn schnell bekommen wir mit, dass alle immer irgendwo anrufen m\u00fcssen. Dennoch sind vor Ort die Preise f\u00fcr solche Touren moderat und wir k\u00f6nnen jeweils spontan entscheiden, wann wir wohin wollen.<\/span><\/p>\n<p style=\"text-align: justify;\"><span style=\"font-family: arial, helvetica, sans-serif; font-size: 16px;\">Wir bummeln anschlie\u00dfend noch ein wenig durch den Ort und schauen von der Mole aus dem Treiben im Hafen zu. Die Lichter an der Mole ziehen viele Fische an. Wir sehen einen gro\u00dfen Schwarm kleiner Fische und eine ganze Schule von Rochen. Dann gehen wir zur\u00fcck ins Hotel, denn um 18 Uhr wird es hier am \u00c4quator dunkel.<\/span><\/p>\n<table style=\"width: 100%;\" border=\"0\" align=\"center\">\n<tbody>\n<tr>\n<td style=\"width: 25%; border-color: black; border-style: solid; border-width: 1px;\">\u00a0<img loading=\"lazy\" class=\"ngg-singlepic ngg-none aligncenter\" title=\"Im Hafen von Santa Cruz\" alt=\"Im Hafen von Santa Cruz\" src=\"http:\/\/foto-passion.com\/wp-content\/gallery\/galapagos\/271012_12k_dsc05378.jpg\" width=\"900\" height=\"372\" \/><\/td>\n<\/tr>\n<\/tbody>\n<\/table>\n<hr style=\"height: 1px; width: 30%;\" size=\"1\" width=\"30%\" \/>\n<p style=\"text-align: justify;\"><strong><span style=\"font-family: arial, helvetica, sans-serif; font-size: 16px;\">28.10.2012\u00a0\u00a0\u00a0\u00a0\u00a0 Santa Cruz &#8211; Seymour Norte<\/span><\/strong><\/p>\n<p style=\"text-align: justify;\"><span style=\"font-family: arial, helvetica, sans-serif; font-size: 16px;\">Um 8 Uhr werden wir am Hotel abgeholt und durch das Hochland in den Norden gebracht. Hier am Itabaca-Kanal, wo wir schon vom Flughafen Baltra \u00fcbergesetzt hatten, ankern die Yachten f\u00fcr die Tagestouren. 16 Personen und ein Naturguide werden mit zwei Schlauchbooten an Bord der Yacht &#8222;Narel I&#8220; gebracht. Kaum ist die Yacht eine halbe Stunde unterwegs, sehen wir schon in unmittelbarer N\u00e4he des Bootes einen Buckelwal mit Kalb. Rasch dreht der Kapit\u00e4n bei und wir haben eine ganze Weile Gelegenheit, die beiden Wale zu beobachten, die parallel zu unserem Boot schwimmen. Ein tolles Erlebnis! Wir h\u00e4tten nicht zu hoffen gewagt, dass wir so ein Gl\u00fcck haben. So kann der Tag weiter gehen. Bei herrlichem Wetter schippern wir an der K\u00fcste von Baltra entlang, bis wir die Insel Seymour Norte erreichen.<\/span><\/p>\n<table style=\"width: 100%;\" border=\"0\" align=\"center\">\n<tbody>\n<tr>\n<td style=\"width: 25%; border-color: black; border-style: solid; border-width: 1px;\"><a title=\"&lt;strong&gt;Buckelwal (Megaptera novaeangliae), Humpback Whale&lt;\/strong&gt;&lt;br\/&gt;&lt;br\/&gt;&lt;span style=&quot;font-size:85%;color:#949494&quot;&gt;[Bild-Id: 8660]&lt;\/span&gt;\" href=\"http:\/\/foto-passion.com\/wp-content\/gallery\/galapagos\/281012_10k_dsc05114.jpg\" rel=\"lightbox[10]\"><img loading=\"lazy\" class=\"ngg-singlepic ngg-none aligncenter\" title=\"Buckelwal (Megaptera novaeangliae), Humpback Whale\" alt=\"Buckelwal (Megaptera novaeangliae), Humpback Whale\" src=\"http:\/\/foto-passion.com\/wp-content\/gallery\/galapagos\/thumbs\/thumbs_281012_10k_dsc05114.jpg\" width=\"130\" height=\"87\" \/><\/a><\/td>\n<td style=\"width: 25%; border-color: black; border-style: solid; border-width: 1px;\"><a title=\"&lt;strong&gt;Buckelwal (Megaptera novaeangliae), Humpback Whale&lt;\/strong&gt;&lt;br\/&gt;&lt;br\/&gt;&lt;span style=&quot;font-size:85%;color:#949494&quot;&gt;[Bild-Id: 8710]&lt;\/span&gt;\" href=\"http:\/\/foto-passion.com\/wp-content\/gallery\/galapagos\/281012_09u_dsc05339.jpg\" rel=\"lightbox[10]\"><img loading=\"lazy\" class=\"ngg-singlepic ngg-none aligncenter\" title=\"Buckelwal (Megaptera novaeangliae), Humpback Whale\" alt=\"Buckelwal (Megaptera novaeangliae), Humpback Whale\" src=\"http:\/\/foto-passion.com\/wp-content\/gallery\/galapagos\/thumbs\/thumbs_281012_09u_dsc05339.jpg\" width=\"130\" height=\"87\" \/><\/a><\/td>\n<td style=\"width: 25%; border-color: black; border-style: solid; border-width: 1px;\"><a title=\"&lt;strong&gt;Junger Buckelwal (Megaptera novaeangliae), Humpback Whale&lt;\/strong&gt;&lt;br\/&gt;&lt;br\/&gt;&lt;span style=&quot;font-size:85%;color:#949494&quot;&gt;[Bild-Id: 8871]&lt;\/span&gt;\" href=\"http:\/\/foto-passion.com\/wp-content\/gallery\/galapagos\/281012_09u_dsc05422.jpg\" rel=\"lightbox[10]\"><img loading=\"lazy\" class=\"ngg-singlepic ngg-none aligncenter\" title=\"Junger Buckelwal (Megaptera novaeangliae), Humpback Whale\" alt=\"Junger Buckelwal (Megaptera novaeangliae), Humpback Whale\" src=\"http:\/\/foto-passion.com\/wp-content\/gallery\/galapagos\/thumbs\/thumbs_281012_09u_dsc05422.jpg\" width=\"130\" height=\"87\" \/><\/a><\/td>\n<td style=\"width: 25%; border-color: black; border-style: solid; border-width: 1px;\"><a title=\"&lt;strong&gt;Buckelwal (Megaptera novaeangliae), Humpback Whale&lt;\/strong&gt;&lt;br\/&gt;&lt;br\/&gt;&lt;span style=&quot;font-size:85%;color:#949494&quot;&gt;[Bild-Id: 8947]&lt;\/span&gt;\" href=\"http:\/\/foto-passion.com\/wp-content\/gallery\/galapagos\/281012_10k_dsc05188.jpg\" rel=\"lightbox[10]\"><img loading=\"lazy\" class=\"ngg-singlepic ngg-none aligncenter\" title=\"Buckelwal (Megaptera novaeangliae), Humpback Whale\" alt=\"Buckelwal (Megaptera novaeangliae), Humpback Whale\" src=\"http:\/\/foto-passion.com\/wp-content\/gallery\/galapagos\/thumbs\/thumbs_281012_10k_dsc05188.jpg\" width=\"130\" height=\"87\" \/><\/a><\/td>\n<\/tr>\n<\/tbody>\n<\/table>\n<p style=\"text-align: justify;\"><span style=\"font-family: arial, helvetica, sans-serif; font-size: 16px;\">Seymour Norte ist eine unbewohnte, etwa zwei Quadratkilometer gro\u00dfe Insel, die im Norden der Inseln Baltra und Santa Cruz liegt und nur durch einen Kanal von der Insel Baltra getrennt ist. Auf North Seymour lebt die gr\u00f6\u00dfte Kolonie von Pracht-Fregattv\u00f6geln der Gal\u00e1pagos Inseln und zieht dort ihre Jungen auf. Da sind wir ja mal gespannt.<\/span><\/p>\n<p style=\"text-align: justify;\"><span style=\"font-family: arial, helvetica, sans-serif; font-size: 16px;\">Mit dem Schlauchboot werden wir an Land gebracht und obwohl die K\u00fcste steinig ins Meer reicht, gelangen wir trockenen Fu\u00dfes an Land.<\/span><\/p>\n<p style=\"text-align: justify;\"><span style=\"font-family: arial, helvetica, sans-serif; font-size: 16px;\">Die Insel Seymour Norte entstand durch unterseeische vulkanische Lava, die an die Wasseroberfl\u00e4che gedr\u00fcckt wurde. Daher hat diese Insel auch ihre charakteristisch flache, tellerartige Form.<\/span><\/p>\n<p style=\"text-align: justify;\"><span style=\"font-family: arial, helvetica, sans-serif; font-size: 16px;\">Beim Rundgang auf North Seymour besucht man den s\u00fcdwestlichen Teil der Insel. Wir bekommen nun vor dem knapp zweist\u00fcndigen Rundgang \u00fcber diesen Teil der Insel erst einmal die Verhaltensregeln eingebl\u00e4ut, die streng einzuhalten sind. Die Gruppe muss immer zusammen bleiben, Wege d\u00fcrfen nicht verlassen werden und nat\u00fcrlich darf man die Tiere weder bel\u00e4stigen noch sonst irgendwie st\u00f6ren. Au\u00dferdem ist ein Mindestabstand von zwei Metern einzuhalten. Ehrlich gesagt f\u00e4llt es aber ziemlich schwer, den Erkl\u00e4rungen des Guide&#8217;s zu folgen, wenn um einen herum quasi in greifbarer H\u00f6he die gro\u00dfen und majest\u00e4tischen Fregattv\u00f6gel kreisen, Blaufu\u00dft\u00f6lpel am Wegrand sitzen, gro\u00dfe Landleguane spazieren gehen und auf den Felsenklippen Seel\u00f6wen ein Sonnenbad nehmen. Wir haben alle H\u00e4nde voll zu tun und sind st\u00e4ndig dabei, dem Guide hinterher zu rennen. Zum Gl\u00fcck sieht er es nicht zu verbissen und au\u00dfer uns geht es auch anderen aus der Gruppe so. Wir sind also nicht immer die Letzten.<\/span><\/p>\n<p style=\"text-align: justify;\"><span style=\"font-family: arial, helvetica, sans-serif; font-size: 16px;\">Die Insel ist wenig bewachsen. Ihre Vegetation besteht \u00fcberwiegend aus Opuntien (Kakteengew\u00e4chsen) und Palo Santo B\u00e4umen, die w\u00e4hrend der Trockenzeit blassgrau sind und keine Bl\u00e4tter tragen. Die V\u00f6gel m\u00fcssen sich zum Br\u00fcten deshalb mit den eher bescheidenen B\u00fcschen begn\u00fcgen, die erstaunlicherweise dennoch die recht gro\u00dfen V\u00f6gel aushalten.<\/span><\/p>\n<table style=\"width: 100%;\" border=\"0\" align=\"center\">\n<tbody>\n<tr>\n<td style=\"width: 25%; border-color: black; border-style: solid; border-width: 1px;\"><a title=\"&lt;strong&gt;Die K\u00fcste von North Seymour&lt;\/strong&gt;&lt;br\/&gt;&lt;br\/&gt;&lt;span style=&quot;font-size:85%;color:#949494&quot;&gt;[Bild-Id: 9022]&lt;\/span&gt;\" href=\"http:\/\/foto-passion.com\/wp-content\/gallery\/galapagos\/281012_12k_dsc05677.jpg\" rel=\"lightbox[11]\"><img loading=\"lazy\" class=\"ngg-singlepic ngg-none aligncenter\" title=\"Die K\u00fcste von North Seymour\" alt=\"Die K\u00fcste von North Seymour\" src=\"http:\/\/foto-passion.com\/wp-content\/gallery\/galapagos\/thumbs\/thumbs_281012_12k_dsc05677.jpg\" width=\"130\" height=\"87\" \/><\/a><\/td>\n<td style=\"width: 25%; border-color: black; border-style: solid; border-width: 1px;\"><a title=\"&lt;strong&gt;Unser Guide erkl\u00e4rt die Tierwelt auf der Insel North Seymour. Der Blaufusst\u00f6lpel mit Jungtier neben ihm l\u00e4\u00dft sich davon nicht st\u00f6ren.&lt;\/strong&gt;&lt;br\/&gt;&lt;span style=&quot;font-size:85%;color:#949494&quot;&gt;[Bild-Id: 8887]&lt;\/span&gt;\" href=\"http:\/\/foto-passion.com\/wp-content\/gallery\/galapagos\/281012_12k_dsc05580.jpg\" rel=\"lightbox[11]\"><img loading=\"lazy\" class=\"ngg-singlepic ngg-none aligncenter\" title=\"Unser Guide erkl\u00e4rt die Tierwelt auf der Insel North Seymour. Der Blaufusst\u00f6lpel mit Jungtier neben ihm l\u00e4\u00dft sich davon nicht st\u00f6ren.\" alt=\"Unser Guide erkl\u00e4rt die Tierwelt auf der Insel North Seymour. Der Blaufusst\u00f6lpel mit Jungtier neben ihm l\u00e4\u00dft sich davon nicht st\u00f6ren.\" src=\"http:\/\/foto-passion.com\/wp-content\/gallery\/galapagos\/thumbs\/thumbs_281012_12k_dsc05580.jpg\" width=\"130\" height=\"87\" \/><\/a><\/td>\n<td style=\"width: 25%; border-color: black; border-style: solid; border-width: 1px;\"><a title=\"&lt;strong&gt;Auf der Insel North Seymour gibt es nur Kakteen und eher sp\u00e4rliche Palo Santo-Str\u00e4ucher.&lt;\/strong&gt;&lt;br\/&gt;&lt;br\/&gt;&lt;span style=&quot;font-size:85%;color:#949494&quot;&gt;[Bild-Id: 8952]&lt;\/span&gt;\" href=\"http:\/\/foto-passion.com\/wp-content\/gallery\/galapagos\/281012_12k_dsc05597.jpg\" rel=\"lightbox[11]\"><img loading=\"lazy\" class=\"ngg-singlepic ngg-none aligncenter\" title=\"Auf der Insel North Seymour gibt es nur Kakteen und eher sp\u00e4rliche Palo Santo-Str\u00e4ucher.\" alt=\"Auf der Insel North Seymour gibt es nur Kakteen und eher sp\u00e4rliche Palo Santo-Str\u00e4ucher.\" src=\"http:\/\/foto-passion.com\/wp-content\/gallery\/galapagos\/thumbs\/thumbs_281012_12k_dsc05597.jpg\" width=\"130\" height=\"87\" \/><\/a><\/td>\n<td style=\"width: 25%; border-color: black; border-style: solid; border-width: 1px;\"><a title=\"&lt;strong&gt;Rote Sesuvien und kahle Palo Santo-Str\u00e4ucher pr\u00e4gen die Vegetation der Insel North Seymour&lt;\/strong&gt;&lt;br\/&gt;&lt;br\/&gt;&lt;span style=&quot;font-size:85%;color:#949494&quot;&gt;[Bild-Id: 8815]&lt;\/span&gt;\" href=\"http:\/\/foto-passion.com\/wp-content\/gallery\/galapagos\/281012_12k_dsc05562.jpg\" rel=\"lightbox[11]\"><img loading=\"lazy\" class=\"ngg-singlepic ngg-none aligncenter\" title=\"Rote Sesuvien und kahle Palo Santo-Str\u00e4ucher pr\u00e4gen die Vegetation der Insel North Seymour\" alt=\"Rote Sesuvien und kahle Palo Santo-Str\u00e4ucher pr\u00e4gen die Vegetation der Insel North Seymour\" src=\"http:\/\/foto-passion.com\/wp-content\/gallery\/galapagos\/thumbs\/thumbs_281012_12k_dsc05562.jpg\" width=\"130\" height=\"87\" \/><\/a><\/td>\n<\/tr>\n<\/tbody>\n<\/table>\n<p style=\"text-align: justify;\"><span style=\"font-family: arial, helvetica, sans-serif; font-size: 16px;\">Erst f\u00fchrt der markierte Weg ein St\u00fcck an der K\u00fcste entlang, wo man Nester von Blaufu\u00dft\u00f6lpeln findet. In einem der &#8222;Nester&#8220; (eher ein Brutplatz, denn ein Nest gibt es quasi nicht) liegt ein flauschiges wei\u00dfes Etwas, das weder Kopf noch F\u00fc\u00dfe hat. Man kann nur vermuten, dass es ein junger Blaufu\u00dft\u00f6lpel ist. Die Regeln bei den Blaufu\u00dft\u00f6lpeln sind recht rigide. Sie ziehen mit ihrem Schwanz einen Kreis, und der ist dann das Nest bzw. quasi der Wohnbereich. In diesem d\u00fcrfen sich sp\u00e4ter die Jungen bewegen. Verlassen sie diesen Kreis, dann werden sie nicht mehr versorgt. So einfach ist das! Aus n\u00e4chster N\u00e4he k\u00f6nnen wir die witzigen blauen F\u00fc\u00dfe dieser V\u00f6gel betrachten. Wie so oft in der Natur, haben die M\u00e4nnchen mal wieder viel blauere &#8222;Stiefel&#8220; als die Weibchen und die Intensit\u00e4t der F\u00e4rbung spielt sogar bei der Partnerwahl eine gro\u00dfe Rolle. Es geht wohl danach: wenn schon blau, dann aber richtig. Jedenfalls sind die M\u00e4nner mit den blauesten F\u00fc\u00dfen die Begehrtesten.<\/span><\/p>\n<table style=\"width: 100%;\" border=\"0\" align=\"center\">\n<tbody>\n<tr>\n<td style=\"width: 25%; border-color: black; border-style: solid; border-width: 1px;\"><a title=\"&lt;strong&gt;Blaufu\u00dft\u00f6lpel (Sula nebouxii) mit Jungvogel, das er vor der Sonne sch\u00fctzt&lt;\/strong&gt;&lt;br\/&gt;&lt;br\/&gt;&lt;span style=&quot;font-size:85%;color:#949494&quot;&gt;[Bild-Id: 8948]&lt;\/span&gt;\" href=\"http:\/\/foto-passion.com\/wp-content\/gallery\/galapagos\/281012_09u_dsc05507.jpg\" rel=\"lightbox[12]\"><img loading=\"lazy\" class=\"ngg-singlepic ngg-none aligncenter\" title=\"Blaufu\u00dft\u00f6lpel (Sula nebouxii) mit Jungvogel, das er vor der Sonne sch\u00fctzt\" alt=\"Blaufu\u00dft\u00f6lpel (Sula nebouxii) mit Jungvogel, das er vor der Sonne sch\u00fctzt\" src=\"http:\/\/foto-passion.com\/wp-content\/gallery\/galapagos\/thumbs\/thumbs_281012_09u_dsc05507.jpg\" width=\"130\" height=\"87\" \/><\/a><\/td>\n<td style=\"width: 25%; border-color: black; border-style: solid; border-width: 1px;\"><a title=\"&lt;strong&gt;Blaufu\u00dft\u00f6lpel (Sula nebouxii) in seinem &quot;Nest&quot;&lt;\/strong&gt;&lt;br\/&gt;&lt;br\/&gt;&lt;span style=&quot;font-size:85%;color:#949494&quot;&gt;[Bild-Id: 8715]&lt;\/span&gt;\" href=\"http:\/\/foto-passion.com\/wp-content\/gallery\/galapagos\/281012_10k_dsc05509.jpg\" rel=\"lightbox[12]\"><img loading=\"lazy\" class=\"ngg-singlepic ngg-none aligncenter\" title=\"Blaufu\u00dft\u00f6lpel (Sula nebouxii) in seinem &quot;Nest&quot;\" alt=\"Blaufu\u00dft\u00f6lpel (Sula nebouxii) in seinem &quot;Nest&quot;\" src=\"http:\/\/foto-passion.com\/wp-content\/gallery\/galapagos\/thumbs\/thumbs_281012_10k_dsc05509.jpg\" width=\"130\" height=\"87\" \/><\/a><\/td>\n<td style=\"width: 25%; border-color: black; border-style: solid; border-width: 1px;\"><a title=\"&lt;strong&gt;Junger Blaufu\u00dft\u00f6lpel (Sula nebouxii)&lt;\/strong&gt;&lt;br\/&gt;&lt;br\/&gt;&lt;span style=&quot;font-size:85%;color:#949494&quot;&gt;[Bild-Id: 8767]&lt;\/span&gt;\" href=\"http:\/\/foto-passion.com\/wp-content\/gallery\/galapagos\/281012_09u_dsc05622.jpg\" rel=\"lightbox[12]\"><img loading=\"lazy\" class=\"ngg-singlepic ngg-none aligncenter\" title=\"Junger Blaufu\u00dft\u00f6lpel (Sula nebouxii)\" alt=\"Junger Blaufu\u00dft\u00f6lpel (Sula nebouxii)\" src=\"http:\/\/foto-passion.com\/wp-content\/gallery\/galapagos\/thumbs\/thumbs_281012_09u_dsc05622.jpg\" width=\"130\" height=\"87\" \/><\/a><\/td>\n<td style=\"width: 25%; border-color: black; border-style: solid; border-width: 1px;\"><a title=\"&lt;strong&gt;Woher die Blaufu\u00dft\u00f6lpel ihren Namen haben???&lt;\/strong&gt;&lt;br\/&gt;&lt;br\/&gt;&lt;span style=&quot;font-size:85%;color:#949494&quot;&gt;[Bild-Id: 8727]&lt;\/span&gt;\" href=\"http:\/\/foto-passion.com\/wp-content\/gallery\/galapagos\/281012_09u_dsc05702.jpg\" rel=\"lightbox[12]\"><img loading=\"lazy\" class=\"ngg-singlepic ngg-none aligncenter\" title=\"Woher die Blaufu\u00dft\u00f6lpel ihren Namen haben???\" alt=\"Woher die Blaufu\u00dft\u00f6lpel ihren Namen haben???\" src=\"http:\/\/foto-passion.com\/wp-content\/gallery\/galapagos\/thumbs\/thumbs_281012_09u_dsc05702.jpg\" width=\"130\" height=\"87\" \/><\/a><\/td>\n<\/tr>\n<\/tbody>\n<\/table>\n<p style=\"text-align: justify;\"><span style=\"font-family: arial, helvetica, sans-serif; font-size: 16px;\">Im zentralen Teil der Insel, der mit B\u00fcschen bewachsen ist, findet man die Nester der Pracht- und Bindenfregattv\u00f6gel. Wir haben Gl\u00fcck und k\u00f6nnen einige der Fregattv\u00f6gel mit ihrem pr\u00e4chtigen roten aufgeblasenen Kehlsack sehen. Nun sitzen die V\u00f6gel leider nicht sehr fotogen zwischen den ganzen St\u00f6ckchen und Zweigen der B\u00fcsche, doch das ist eben Wildlife.<\/span><\/p>\n<table style=\"width: 100%;\" border=\"0\" align=\"center\">\n<tbody>\n<tr>\n<td style=\"width: 25%; border-color: black; border-style: solid; border-width: 1px;\"><a title=\"&lt;strong&gt;Bindenfregattvogel (Fregata minor)&lt;\/strong&gt;&lt;br\/&gt;&lt;br\/&gt;&lt;span style=&quot;font-size:85%;color:#949494&quot;&gt;[Bild-Id: 8761]&lt;\/span&gt;\" href=\"http:\/\/foto-passion.com\/wp-content\/gallery\/galapagos\/281012_11k_dsc05603.jpg\" rel=\"lightbox[120]\"><img loading=\"lazy\" class=\"ngg-singlepic ngg-none aligncenter\" title=\"Bindenfregattvogel (Fregata minor)\" alt=\"Bindenfregattvogel (Fregata minor)\" src=\"http:\/\/foto-passion.com\/wp-content\/gallery\/galapagos\/thumbs\/thumbs_281012_11k_dsc05603.jpg\" width=\"130\" height=\"87\" \/><\/a><\/td>\n<td style=\"width: 25%; border-color: black; border-style: solid; border-width: 1px;\"><a title=\"&lt;strong&gt;Prachtfregattvogel (Fregata magnificens) mit seinem pr\u00e4chtigen roten Kehlsack&lt;\/strong&gt;&lt;br\/&gt;&lt;br\/&gt;&lt;span style=&quot;font-size:85%;color:#949494&quot;&gt;[Bild-Id: 8913]&lt;\/span&gt;\" href=\"http:\/\/foto-passion.com\/wp-content\/gallery\/galapagos\/281012_10k_dsc05380.jpg\" rel=\"lightbox[120]\"><img loading=\"lazy\" class=\"ngg-singlepic ngg-none aligncenter\" title=\"Prachtfregattvogel (Fregata magnificens) mit seinem pr\u00e4chtigen roten Kehlsack\" alt=\"Prachtfregattvogel (Fregata magnificens) mit seinem pr\u00e4chtigen roten Kehlsack\" src=\"http:\/\/foto-passion.com\/wp-content\/gallery\/galapagos\/thumbs\/thumbs_281012_10k_dsc05380.jpg\" width=\"130\" height=\"87\" \/><\/a><\/td>\n<td style=\"width: 25%; border-color: black; border-style: solid; border-width: 1px;\"><a title=\"&lt;strong&gt;Junger Bindenfregattvogel (Fregata minor)&lt;\/strong&gt;&lt;br\/&gt;&lt;br\/&gt;&lt;span style=&quot;font-size:85%;color:#949494&quot;&gt;[Bild-Id: 8977]&lt;\/span&gt;\" href=\"http:\/\/foto-passion.com\/wp-content\/gallery\/galapagos\/281012_09u_dsc05497.jpg\" rel=\"lightbox[120]\"><img loading=\"lazy\" class=\"ngg-singlepic ngg-none aligncenter\" title=\"Junger Bindenfregattvogel (Fregata minor)\" alt=\"Junger Bindenfregattvogel (Fregata minor)\" src=\"http:\/\/foto-passion.com\/wp-content\/gallery\/galapagos\/thumbs\/thumbs_281012_09u_dsc05497.jpg\" width=\"130\" height=\"87\" \/><\/a><\/td>\n<td style=\"width: 25%; border-color: black; border-style: solid; border-width: 1px;\"><a title=\"&lt;strong&gt;Junger Prachtfregattvogel (Fregata minor)&lt;\/strong&gt;&lt;br\/&gt;&lt;br\/&gt;&lt;span style=&quot;font-size:85%;color:#949494&quot;&gt;[Bild-Id: 8861]&lt;\/span&gt;\" href=\"http:\/\/foto-passion.com\/wp-content\/gallery\/galapagos\/281012_11k_dsc05555.jpg\" rel=\"lightbox[120]\"><img loading=\"lazy\" class=\"ngg-singlepic ngg-none aligncenter\" title=\"Junger Prachtfregattvogel (Fregata minor)\" alt=\"Junger Prachtfregattvogel (Fregata minor)\" src=\"http:\/\/foto-passion.com\/wp-content\/gallery\/galapagos\/thumbs\/thumbs_281012_11k_dsc05555.jpg\" width=\"130\" height=\"87\" \/><\/a><\/td>\n<\/tr>\n<\/tbody>\n<\/table>\n<p style=\"text-align: justify;\"><span style=\"font-family: arial, helvetica, sans-serif; font-size: 16px;\">Auf Schritt und Tritt entdecken wir weitere Nester der Fregattv\u00f6gel. In vielen Nestern sitzen bereits Jungv\u00f6gel, andere P\u00e4rchen bilden sich gerade. Wie rote Ampeln leuchten die aufgeblasenen Kehls\u00e4cke der m\u00e4nnlichen Prachtfregattv\u00f6gel und wir wissen nicht, wohin wir die Kamera zuerst halten sollen.<\/span><\/p>\n<table style=\"width: 100%;\" border=\"0\" align=\"center\">\n<tbody>\n<tr>\n<td style=\"width: 25%; border-color: black; border-style: solid; border-width: 1px;\"><a title=\"&lt;strong&gt;P\u00e4rchen Prachtfregattv\u00f6gel (Fregata magnificens)&lt;\/strong&gt;&lt;br\/&gt;&lt;br\/&gt;&lt;span style=&quot;font-size:85%;color:#949494&quot;&gt;[Bild-Id: 8829]&lt;\/span&gt;\" href=\"http:\/\/foto-passion.com\/wp-content\/gallery\/galapagos\/281012_12k_dsc05657.jpg\" rel=\"lightbox[130]\"><img loading=\"lazy\" class=\"ngg-singlepic ngg-none aligncenter\" title=\"P\u00e4rchen Prachtfregattv\u00f6gel (Fregata magnificens)\" alt=\"P\u00e4rchen Prachtfregattv\u00f6gel (Fregata magnificens)\" src=\"http:\/\/foto-passion.com\/wp-content\/gallery\/galapagos\/thumbs\/thumbs_281012_12k_dsc05657.jpg\" width=\"130\" height=\"87\" \/><\/a><\/td>\n<td style=\"width: 25%; border-color: black; border-style: solid; border-width: 1px;\"><a title=\"&lt;strong&gt;Prachtfregattvogel (Fregata magnificens) mit seinem  roten Kehlsack, wenn er nicht auf Brautwerbung ist.&lt;\/strong&gt;&lt;br\/&gt;&lt;br\/&gt;&lt;span style=&quot;font-size:85%;color:#949494&quot;&gt;[Bild-Id: 8655]&lt;\/span&gt;\" href=\"http:\/\/foto-passion.com\/wp-content\/gallery\/galapagos\/281012_09u_dsc05590.jpg\" rel=\"lightbox[130]\"><img loading=\"lazy\" class=\"ngg-singlepic ngg-none aligncenter\" title=\"Prachtfregattvogel (Fregata magnificens) mit seinem  roten Kehlsack, wenn er nicht auf Brautwerbung ist.\" alt=\"Prachtfregattvogel (Fregata magnificens) mit seinem  roten Kehlsack, wenn er nicht auf Brautwerbung ist.\" src=\"http:\/\/foto-passion.com\/wp-content\/gallery\/galapagos\/thumbs\/thumbs_281012_09u_dsc05590.jpg\" width=\"130\" height=\"87\" \/><\/a><\/td>\n<td style=\"width: 25%; border-color: black; border-style: solid; border-width: 1px;\"><a title=\"&lt;strong&gt;M\u00e4nnlicher Prachtfregattvogel (Fregata magnificens) mit seinem pr\u00e4chtigen roten Kehlsack&lt;\/strong&gt;&lt;br\/&gt;&lt;br\/&gt;&lt;span style=&quot;font-size:85%;color:#949494&quot;&gt;[Bild-Id: 8686]&lt;\/span&gt;\" href=\"http:\/\/foto-passion.com\/wp-content\/gallery\/galapagos\/281012_11k_dsc05558.jpg\" rel=\"lightbox[130]\"><img loading=\"lazy\" class=\"ngg-singlepic ngg-none aligncenter\" title=\"M\u00e4nnlicher Prachtfregattvogel (Fregata magnificens) mit seinem pr\u00e4chtigen roten Kehlsack\" alt=\"M\u00e4nnlicher Prachtfregattvogel (Fregata magnificens) mit seinem pr\u00e4chtigen roten Kehlsack\" src=\"http:\/\/foto-passion.com\/wp-content\/gallery\/galapagos\/thumbs\/thumbs_281012_11k_dsc05558.jpg\" width=\"130\" height=\"87\" \/><\/a><\/td>\n<td style=\"width: 25%; border-color: black; border-style: solid; border-width: 1px;\"><a title=\"&lt;strong&gt;Junger Prachtfregattvogel (Fregata magnificens)&lt;\/strong&gt;&lt;br\/&gt;&lt;br\/&gt;&lt;span style=&quot;font-size:85%;color:#949494&quot;&gt;[Bild-Id: 8831]&lt;\/span&gt;\" href=\"http:\/\/foto-passion.com\/wp-content\/gallery\/galapagos\/281012_09u_dsc05553.jpg\" rel=\"lightbox[130]\"><img loading=\"lazy\" class=\"ngg-singlepic ngg-none aligncenter\" title=\"Junger Prachtfregattvogel (Fregata magnificens)\" alt=\"Junger Prachtfregattvogel (Fregata magnificens)\" src=\"http:\/\/foto-passion.com\/wp-content\/gallery\/galapagos\/thumbs\/thumbs_281012_09u_dsc05553.jpg\" width=\"130\" height=\"87\" \/><\/a><\/td>\n<\/tr>\n<\/tbody>\n<\/table>\n<p style=\"text-align: justify;\"><span style=\"font-family: arial, helvetica, sans-serif; font-size: 16px;\">Auch an einigen Blaufu\u00dft\u00f6lpel-Brutpl\u00e4tzen kommen wir vorbei. Die V\u00f6gel sitzen direkt am Weg und haben nicht die Spur einer Scheu.<\/span><\/p>\n<table style=\"width: 100%;\" border=\"0\" align=\"center\">\n<tbody>\n<tr>\n<td style=\"width: 25%; border-color: black; border-style: solid; border-width: 1px;\"><a title=\"&lt;strong&gt;T\u00f6lpel auf der Insel North Seymour&lt;\/strong&gt;&lt;br\/&gt;&lt;br\/&gt;&lt;span style=&quot;font-size:85%;color:#949494&quot;&gt;[Bild-Id: 9019]&lt;\/span&gt;\" href=\"http:\/\/foto-passion.com\/wp-content\/gallery\/galapagos\/281012_12k_dsc05608.jpg\" rel=\"lightbox[14]\"><img loading=\"lazy\" class=\"ngg-singlepic ngg-none aligncenter\" title=\"T\u00f6lpel auf der Insel North Seymour\" alt=\"T\u00f6lpel auf der Insel North Seymour\" src=\"http:\/\/foto-passion.com\/wp-content\/gallery\/galapagos\/thumbs\/thumbs_281012_12k_dsc05608.jpg\" width=\"130\" height=\"87\" \/><\/a><\/td>\n<td style=\"width: 25%; border-color: black; border-style: solid; border-width: 1px;\"><a title=\"&lt;strong&gt;Blaufu\u00dft\u00f6lpel mit Jungtier&lt;\/strong&gt;&lt;br\/&gt;&lt;br\/&gt;&lt;span style=&quot;font-size:85%;color:#949494&quot;&gt;[Bild-Id: 8872]&lt;\/span&gt;\" href=\"http:\/\/foto-passion.com\/wp-content\/gallery\/galapagos\/281012_12k_dsc05623.jpg\" rel=\"lightbox[14]\"><img loading=\"lazy\" class=\"ngg-singlepic ngg-none aligncenter\" title=\"Blaufu\u00dft\u00f6lpel mit Jungtier\" alt=\"Blaufu\u00dft\u00f6lpel mit Jungtier\" src=\"http:\/\/foto-passion.com\/wp-content\/gallery\/galapagos\/thumbs\/thumbs_281012_12k_dsc05623.jpg\" width=\"130\" height=\"87\" \/><\/a><\/td>\n<td style=\"width: 25%; border-color: black; border-style: solid; border-width: 1px;\"><a title=\"&lt;strong&gt;Blaufu\u00dft\u00f6lpel (Sula nebouxii)&lt;\/strong&gt;&lt;br\/&gt;&lt;br\/&gt;&lt;span style=&quot;font-size:85%;color:#949494&quot;&gt;[Bild-Id: 8725]&lt;\/span&gt;\" href=\"http:\/\/foto-passion.com\/wp-content\/gallery\/galapagos\/281012_10k_dsc05338.jpg\" rel=\"lightbox[14]\"><img loading=\"lazy\" class=\"ngg-singlepic ngg-none aligncenter\" title=\"Blaufu\u00dft\u00f6lpel (Sula nebouxii)\" alt=\"Blaufu\u00dft\u00f6lpel (Sula nebouxii)\" src=\"http:\/\/foto-passion.com\/wp-content\/gallery\/galapagos\/thumbs\/thumbs_281012_10k_dsc05338.jpg\" width=\"130\" height=\"87\" \/><\/a><\/td>\n<td style=\"width: 25%; border-color: black; border-style: solid; border-width: 1px;\"><a title=\"&lt;strong&gt;Blaufu\u00dft\u00f6lpel (Sula nebouxii) mit Jungtier&lt;\/strong&gt;&lt;br\/&gt;&lt;br\/&gt;&lt;span style=&quot;font-size:85%;color:#949494&quot;&gt;[Bild-Id: 8731]&lt;\/span&gt;\" href=\"http:\/\/foto-passion.com\/wp-content\/gallery\/galapagos\/281012_10k_dsc05476.jpg\" rel=\"lightbox[14]\"><img loading=\"lazy\" class=\"ngg-singlepic ngg-none aligncenter\" title=\"Blaufu\u00dft\u00f6lpel (Sula nebouxii) mit Jungtier\" alt=\"Blaufu\u00dft\u00f6lpel (Sula nebouxii) mit Jungtier\" src=\"http:\/\/foto-passion.com\/wp-content\/gallery\/galapagos\/thumbs\/thumbs_281012_10k_dsc05476.jpg\" width=\"130\" height=\"87\" \/><\/a><\/td>\n<\/tr>\n<\/tbody>\n<\/table>\n<p style=\"text-align: justify;\"><span style=\"font-family: arial, helvetica, sans-serif; font-size: 16px;\">Dann endlich! Der erste Landleguan kreuzt den Weg und sucht Schatten. Wir robben hinterher. Dornen der Kakteen in den Hosen und im Po spielen im Moment keine Rolle. F\u00fcr diese h\u00fcbschen Drachen wirft man sich doch gern in den Dreck und eine Pinzette geh\u00f6rt schlie\u00dflich auch zur Reiseapotheke.<\/span><\/p>\n<table style=\"width: 100%;\" border=\"0\" align=\"center\">\n<tbody>\n<tr>\n<td style=\"width: 25%; border-color: black; border-style: solid; border-width: 1px;\"><a title=\"&lt;strong&gt;Drusenkopf (Conolophus) oder Galapagos-Landleguan&lt;\/strong&gt;&lt;br\/&gt;&lt;br\/&gt;&lt;span style=&quot;font-size:85%;color:#949494&quot;&gt;[Bild-Id: 8773]&lt;\/span&gt;\" href=\"http:\/\/foto-passion.com\/wp-content\/gallery\/galapagos\/281012_11k_dsc05592.jpg\" rel=\"lightbox[15]\"><img loading=\"lazy\" class=\"ngg-singlepic ngg-none aligncenter\" title=\"Drusenkopf (Conolophus) oder Galapagos-Landleguan\" alt=\"Drusenkopf (Conolophus) oder Galapagos-Landleguan\" src=\"http:\/\/foto-passion.com\/wp-content\/gallery\/galapagos\/thumbs\/thumbs_281012_11k_dsc05592.jpg\" width=\"130\" height=\"87\" \/><\/a><\/td>\n<td style=\"width: 25%; border-color: black; border-style: solid; border-width: 1px;\"><a title=\"&lt;strong&gt;Drusenkopf (Conolophus) oder Galapagos-Landleguan&lt;\/strong&gt;&lt;br\/&gt;&lt;br\/&gt;&lt;span style=&quot;font-size:85%;color:#949494&quot;&gt;[Bild-Id: 8700]&lt;\/span&gt;\" href=\"http:\/\/foto-passion.com\/wp-content\/gallery\/galapagos\/281012_12k_dsc05638.jpg\" rel=\"lightbox[15]\"><img loading=\"lazy\" class=\"ngg-singlepic ngg-none aligncenter\" title=\"Drusenkopf (Conolophus) oder Galapagos-Landleguan\" alt=\"Drusenkopf (Conolophus) oder Galapagos-Landleguan\" src=\"http:\/\/foto-passion.com\/wp-content\/gallery\/galapagos\/thumbs\/thumbs_281012_12k_dsc05638.jpg\" width=\"130\" height=\"87\" \/><\/a><\/td>\n<td style=\"width: 25%; border-color: black; border-style: solid; border-width: 1px;\"><a title=\"&lt;strong&gt;Drusenkopf (Conolophus) oder Galapagos-Landleguan&lt;\/strong&gt;&lt;br\/&gt;&lt;br\/&gt;&lt;span style=&quot;font-size:85%;color:#949494&quot;&gt;[Bild-Id: 8739]&lt;\/span&gt;\" href=\"http:\/\/foto-passion.com\/wp-content\/gallery\/galapagos\/281012_09u_dsc05724.jpg\" rel=\"lightbox[15]\"><img loading=\"lazy\" class=\"ngg-singlepic ngg-none aligncenter\" title=\"Drusenkopf (Conolophus) oder Galapagos-Landleguan\" alt=\"Drusenkopf (Conolophus) oder Galapagos-Landleguan\" src=\"http:\/\/foto-passion.com\/wp-content\/gallery\/galapagos\/thumbs\/thumbs_281012_09u_dsc05724.jpg\" width=\"130\" height=\"87\" \/><\/a><\/td>\n<td style=\"width: 25%; border-color: black; border-style: solid; border-width: 1px;\"><a title=\"&lt;strong&gt;Drusenkopf (Conolophus) oder Galapagos-Landleguan&lt;\/strong&gt;&lt;br\/&gt;&lt;br\/&gt;&lt;span style=&quot;font-size:85%;color:#949494&quot;&gt;[Bild-Id: 8752]&lt;\/span&gt;\" href=\"http:\/\/foto-passion.com\/wp-content\/gallery\/galapagos\/281012_06k_dsc05813.jpg\" rel=\"lightbox[15]\"><img loading=\"lazy\" class=\"ngg-singlepic ngg-none aligncenter\" title=\"Drusenkopf (Conolophus) oder Galapagos-Landleguan\" alt=\"Drusenkopf (Conolophus) oder Galapagos-Landleguan\" src=\"http:\/\/foto-passion.com\/wp-content\/gallery\/galapagos\/thumbs\/thumbs_281012_06k_dsc05813.jpg\" width=\"130\" height=\"87\" \/><\/a><\/td>\n<\/tr>\n<\/tbody>\n<\/table>\n<p style=\"text-align: justify;\"><span style=\"font-family: arial, helvetica, sans-serif; font-size: 16px;\">W\u00e4hrend wir \u00fcber die Insel eilen, f\u00fchlen wir uns ein wenig wie auf der Flucht. Die streng reglementierten Besuchszeiten &#8211; es d\u00fcrfen nur maximal 16 Personen und ein Guide auf die Insel und auch immer nur eine Gruppe &#8211; gelten leider f\u00fcr alle Besucher, egal, ob man die Insel im Rahmen einer Kreuzfahrt oder als Tagestourist besucht. So sind halt die Parkregeln, die immer strenger werden, wie wir erfahren.<\/span><\/p>\n<p style=\"text-align: justify;\"><span style=\"font-family: arial, helvetica, sans-serif; font-size: 16px;\">Viel zu schnell erreichen wir wieder den Ausgangspunkt unseres Inselrundganges und schon werden die Ersten mit dem Schlauchboot wieder abgeholt. Trotz allem Stress war es f\u00fcr uns ein tolles Erlebnis und die vielen einzigartigen Einblicke in diese faszinierende Tierwelt waren den Besuch der Insel auf jeden Fall wert.<\/span><\/p>\n<table style=\"width: 100%;\" border=\"0\" align=\"center\">\n<tbody>\n<tr>\n<td style=\"width: 25%; border-color: black; border-style: solid; border-width: 1px;\"><a title=\"&lt;strong&gt;Bindenfregattvogel (Fregata minor)&lt;\/strong&gt;&lt;br\/&gt;&lt;br\/&gt;&lt;span style=&quot;font-size:85%;color:#949494&quot;&gt;[Bild-Id: 8656]&lt;\/span&gt;\" href=\"http:\/\/foto-passion.com\/wp-content\/gallery\/galapagos\/281012_10k_dsc05255.jpg\" rel=\"lightbox[16]\"><img loading=\"lazy\" class=\"ngg-singlepic ngg-none aligncenter\" title=\"Bindenfregattvogel (Fregata minor)\" alt=\"Bindenfregattvogel (Fregata minor)\" src=\"http:\/\/foto-passion.com\/wp-content\/gallery\/galapagos\/thumbs\/thumbs_281012_10k_dsc05255.jpg\" width=\"130\" height=\"87\" \/><\/a><\/td>\n<td style=\"width: 25%; border-color: black; border-style: solid; border-width: 1px;\"><a title=\"&lt;strong&gt;Opuntien auf der Insel North Seymour&lt;\/strong&gt;&lt;br\/&gt;&lt;br\/&gt;&lt;span style=&quot;font-size:85%;color:#949494&quot;&gt;[Bild-Id: 9021]&lt;\/span&gt;\" href=\"http:\/\/foto-passion.com\/wp-content\/gallery\/galapagos\/281012_12k_dsc05637.jpg\" rel=\"lightbox[16]\"><img loading=\"lazy\" class=\"ngg-singlepic ngg-none aligncenter\" title=\"Opuntien auf der Insel North Seymour\" alt=\"Opuntien auf der Insel North Seymour\" src=\"http:\/\/foto-passion.com\/wp-content\/gallery\/galapagos\/thumbs\/thumbs_281012_12k_dsc05637.jpg\" width=\"130\" height=\"87\" \/><\/a><\/td>\n<td style=\"width: 25%; border-color: black; border-style: solid; border-width: 1px;\"><a title=\"&lt;strong&gt;Drusenkopf (Conolophus) oder Galapagos-Landleguan&lt;\/strong&gt;&lt;br\/&gt;&lt;br\/&gt;&lt;span style=&quot;font-size:85%;color:#949494&quot;&gt;[Bild-Id: 8736]&lt;\/span&gt;\" href=\"http:\/\/foto-passion.com\/wp-content\/gallery\/galapagos\/281012_06k_dsc05851.jpg\" rel=\"lightbox[16]\"><img loading=\"lazy\" class=\"ngg-singlepic ngg-none aligncenter\" title=\"Drusenkopf (Conolophus) oder Galapagos-Landleguan\" alt=\"Drusenkopf (Conolophus) oder Galapagos-Landleguan\" src=\"http:\/\/foto-passion.com\/wp-content\/gallery\/galapagos\/thumbs\/thumbs_281012_06k_dsc05851.jpg\" width=\"130\" height=\"87\" \/><\/a><\/td>\n<td style=\"width: 25%; border-color: black; border-style: solid; border-width: 1px;\"><a title=\"&lt;strong&gt;Das Schlauchboot bringt uns nach dem Landgang zur\u00fcck zur Yacht&lt;\/strong&gt;&lt;br\/&gt;&lt;br\/&gt;&lt;span style=&quot;font-size:85%;color:#949494&quot;&gt;[Bild-Id: 8860]&lt;\/span&gt;\" href=\"http:\/\/foto-passion.com\/wp-content\/gallery\/galapagos\/281012_06k_dsc05854.jpg\" rel=\"lightbox[16]\"><img loading=\"lazy\" class=\"ngg-singlepic ngg-none aligncenter\" title=\"Das Schlauchboot bringt uns nach dem Landgang zur\u00fcck zur Yacht\" alt=\"Das Schlauchboot bringt uns nach dem Landgang zur\u00fcck zur Yacht\" src=\"http:\/\/foto-passion.com\/wp-content\/gallery\/galapagos\/thumbs\/thumbs_281012_06k_dsc05854.jpg\" width=\"130\" height=\"87\" \/><\/a><\/td>\n<\/tr>\n<\/tbody>\n<\/table>\n<p style=\"text-align: justify;\"><span style=\"font-family: arial, helvetica, sans-serif; font-size: 16px;\">Auf der Yacht wurde inzwischen gekocht und wir werden mit einem leckeren Mittagessen empfangen. Dann setzt der Kapit\u00e4n die Fahrt fort. Noch einmal k\u00f6nnen wir eine Buckelwalkuh mit ihrem Kalb sehen und wieder schwimmen die Beiden eine Weile neben dem Boot her. Wahrscheinlich sind es noch einmal die Zwei vom Vormittag. Es ist toll, diese Tiere immer wieder aus dem Wasser auftauchen zu sehen.<\/span><\/p>\n<table style=\"width: 100%;\" border=\"0\" align=\"center\">\n<tbody>\n<tr>\n<td style=\"width: 25%; border-color: black; border-style: solid; border-width: 1px;\"><a title=\"&lt;strong&gt;Fluke eines Buckelwals (Megaptera novaeangliae), Humpback Whale&lt;\/strong&gt;&lt;br\/&gt;&lt;br\/&gt;&lt;span style=&quot;font-size:85%;color:#949494&quot;&gt;[Bild-Id: 8830]&lt;\/span&gt;\" href=\"http:\/\/foto-passion.com\/wp-content\/gallery\/galapagos\/281012_06k_dsc05897.jpg\" rel=\"lightbox[17]\"><img loading=\"lazy\" class=\"ngg-singlepic ngg-none aligncenter\" title=\"Fluke eines Buckelwals (Megaptera novaeangliae), Humpback Whale\" alt=\"Fluke eines Buckelwals (Megaptera novaeangliae), Humpback Whale\" src=\"http:\/\/foto-passion.com\/wp-content\/gallery\/galapagos\/thumbs\/thumbs_281012_06k_dsc05897.jpg\" width=\"130\" height=\"87\" \/><\/a><\/td>\n<td style=\"width: 25%; border-color: black; border-style: solid; border-width: 1px;\"><a title=\"&lt;strong&gt;Buckelwal (Megaptera novaeangliae), Humpback Whale&lt;\/strong&gt;&lt;br\/&gt;&lt;br\/&gt;&lt;span style=&quot;font-size:85%;color:#949494&quot;&gt;[Bild-Id: 8680]&lt;\/span&gt;\" href=\"http:\/\/foto-passion.com\/wp-content\/gallery\/galapagos\/281012_06k_dsc05902.jpg\" rel=\"lightbox[17]\"><img loading=\"lazy\" class=\"ngg-singlepic ngg-none aligncenter\" title=\"Buckelwal (Megaptera novaeangliae), Humpback Whale\" alt=\"Buckelwal (Megaptera novaeangliae), Humpback Whale\" src=\"http:\/\/foto-passion.com\/wp-content\/gallery\/galapagos\/thumbs\/thumbs_281012_06k_dsc05902.jpg\" width=\"130\" height=\"87\" \/><\/a><\/td>\n<td style=\"width: 25%; border-color: black; border-style: solid; border-width: 1px;\"><a title=\"&lt;strong&gt;Buckelwal (Megaptera novaeangliae), Humpback Whale&lt;\/strong&gt;&lt;br\/&gt;&lt;br\/&gt;&lt;span style=&quot;font-size:85%;color:#949494&quot;&gt;[Bild-Id: 8898]&lt;\/span&gt;\" href=\"http:\/\/foto-passion.com\/wp-content\/gallery\/galapagos\/281012_11k_dsc05742.jpg\" rel=\"lightbox[17]\"><img loading=\"lazy\" class=\"ngg-singlepic ngg-none aligncenter\" title=\"Buckelwal (Megaptera novaeangliae), Humpback Whale\" alt=\"Buckelwal (Megaptera novaeangliae), Humpback Whale\" src=\"http:\/\/foto-passion.com\/wp-content\/gallery\/galapagos\/thumbs\/thumbs_281012_11k_dsc05742.jpg\" width=\"130\" height=\"87\" \/><\/a><\/td>\n<td style=\"width: 25%; border-color: black; border-style: solid; border-width: 1px;\"><a title=\"&lt;strong&gt;Junger Buckelwal (Megaptera novaeangliae), Humpback Whale&lt;\/strong&gt;&lt;br\/&gt;&lt;br\/&gt;&lt;span style=&quot;font-size:85%;color:#949494&quot;&gt;[Bild-Id: 8719]&lt;\/span&gt;\" href=\"http:\/\/foto-passion.com\/wp-content\/gallery\/galapagos\/281012_06k_dsc05899.jpg\" rel=\"lightbox[17]\"><img loading=\"lazy\" class=\"ngg-singlepic ngg-none aligncenter\" title=\"Junger Buckelwal (Megaptera novaeangliae), Humpback Whale\" alt=\"Junger Buckelwal (Megaptera novaeangliae), Humpback Whale\" src=\"http:\/\/foto-passion.com\/wp-content\/gallery\/galapagos\/thumbs\/thumbs_281012_06k_dsc05899.jpg\" width=\"130\" height=\"87\" \/><\/a><\/td>\n<\/tr>\n<\/tbody>\n<\/table>\n<p style=\"text-align: justify;\"><span style=\"font-family: arial, helvetica, sans-serif; font-size: 16px;\">Der Kapit\u00e4n nimmt nun Kurs auf den Strand &#8222;Las Bachas&#8220; an der Nordseite von Santa Cruz. Wei\u00df schimmert uns der Sandstrand entgegen. Wieder werden wir mit dem Schlauchboot \u00fcbergesetzt, doch diesmal ist es eine nasse Anlandung, denn die ersten Schritte m\u00fcssen wir durch`s Wasser. Egal, der Sand ist weich und das Meer nicht sehr kalt. Der feine Sandstrand hier besteht aus zu Pulver gewaschenen Korallen, die ihn wei\u00df, weich und zu einem bevorzugten Nistplatz f\u00fcr Meeresschildkr\u00f6ten machen. \u00dcberall in den D\u00fcnen k\u00f6nnen wir Mulden sehen, die die Schildkr\u00f6ten gegraben haben. Hinter dem Strand liegt eine Lagune, in die manchmal die Flamingos kommen, doch leider gibt es im Moment keine Flamingos hier.<\/span><\/p>\n<table style=\"width: 100%;\" border=\"0\" align=\"center\">\n<tbody>\n<tr>\n<td style=\"width: 25%; border-color: black; border-style: solid; border-width: 1px;\"><a title=\"&lt;strong&gt;Sandstrand Las Bachas im Norden von Santa Cruz&lt;\/strong&gt;&lt;br\/&gt;&lt;br\/&gt;&lt;span style=&quot;font-size:85%;color:#949494&quot;&gt;[Bild-Id: 8699]&lt;\/span&gt;\" href=\"http:\/\/foto-passion.com\/wp-content\/gallery\/galapagos\/281012_12k_dsc05679.jpg\" target=\"_blank\" rel=\"lightbox[18]\"><img loading=\"lazy\" class=\"ngg-singlepic ngg-none aligncenter\" title=\"Sandstrand Las Bachas im Norden von Santa Cruz\" alt=\"Sandstrand Las Bachas im Norden von Santa Cruz\" src=\"http:\/\/foto-passion.com\/wp-content\/gallery\/galapagos\/thumbs\/thumbs_281012_12k_dsc05679.jpg\" width=\"130\" height=\"87\" \/><\/a><\/td>\n<td style=\"width: 25%; border-color: black; border-style: solid; border-width: 1px;\"><a title=\"&lt;strong&gt;Flamingolagune am Strand von Las Bachas - Santa Cruz&lt;\/strong&gt;&lt;br\/&gt;&lt;br\/&gt;&lt;span style=&quot;font-size:85%;color:#949494&quot;&gt;[Bild-Id: 8857]&lt;\/span&gt;\" href=\"http:\/\/foto-passion.com\/wp-content\/gallery\/galapagos\/281012_12k_dsc05684.jpg\" rel=\"lightbox[18]\"><img loading=\"lazy\" class=\"ngg-singlepic ngg-none aligncenter\" title=\"Flamingolagune am Strand von Las Bachas - Santa Cruz\" alt=\"Flamingolagune am Strand von Las Bachas - Santa Cruz\" src=\"http:\/\/foto-passion.com\/wp-content\/gallery\/galapagos\/thumbs\/thumbs_281012_12k_dsc05684.jpg\" width=\"130\" height=\"87\" \/><\/a><\/td>\n<td style=\"width: 25%; border-color: black; border-style: solid; border-width: 1px;\"><a title=\"&lt;strong&gt;Lagune am Strand von Las Bachas - Santa Cruz&lt;\/strong&gt;&lt;br\/&gt;&lt;br\/&gt;&lt;span style=&quot;font-size:85%;color:#949494&quot;&gt;[Bild-Id: 8874]&lt;\/span&gt;\" href=\"http:\/\/foto-passion.com\/wp-content\/gallery\/galapagos\/281012_12k_dsc05685.jpg\" rel=\"lightbox[18]\"><img loading=\"lazy\" class=\"ngg-singlepic ngg-none aligncenter\" title=\"Lagune am Strand von Las Bachas - Santa Cruz\" alt=\"Lagune am Strand von Las Bachas - Santa Cruz\" src=\"http:\/\/foto-passion.com\/wp-content\/gallery\/galapagos\/thumbs\/thumbs_281012_12k_dsc05685.jpg\" width=\"130\" height=\"87\" \/><\/a><\/td>\n<td style=\"width: 25%; border-color: black; border-style: solid; border-width: 1px;\"><a title=\"&lt;strong&gt;Traumstrand Las Bachas auf der Insel Santa Cruz&lt;\/strong&gt;&lt;br\/&gt;&lt;br\/&gt;&lt;span style=&quot;font-size:85%;color:#949494&quot;&gt;[Bild-Id: 8909]&lt;\/span&gt;\" href=\"http:\/\/foto-passion.com\/wp-content\/gallery\/galapagos\/281012_12k_dsc05693.jpg\" rel=\"lightbox[18]\"><img loading=\"lazy\" class=\"ngg-singlepic ngg-none aligncenter\" title=\"Traumstrand Las Bachas auf der Insel Santa Cruz\" alt=\"Traumstrand Las Bachas auf der Insel Santa Cruz\" src=\"http:\/\/foto-passion.com\/wp-content\/gallery\/galapagos\/thumbs\/thumbs_281012_12k_dsc05693.jpg\" width=\"130\" height=\"87\" \/><\/a><\/td>\n<\/tr>\n<\/tbody>\n<\/table>\n<p style=\"text-align: justify;\"><span style=\"font-family: arial, helvetica, sans-serif; font-size: 16px;\">Daf\u00fcr gibt es auf den Felsb\u00e4nken am Strand unz\u00e4hlige roten Klippenkrabben. Wir haben Gelegenheit, ein wenig schwimmen und schnorcheln zu gehen und genie\u00dfen einfach diesen herrlichen Strand.<\/span><\/p>\n<table style=\"width: 100%;\" border=\"0\" align=\"center\">\n<tbody>\n<tr>\n<td style=\"width: 25%; border-color: black; border-style: solid; border-width: 1px;\"><a title=\"&lt;strong&gt;Rote Klippenkrabbe (Grapsus grapsus)&lt;\/strong&gt;&lt;br\/&gt;&lt;br\/&gt;&lt;span style=&quot;font-size:85%;color:#949494&quot;&gt;[Bild-Id: 8701]&lt;\/span&gt;\" href=\"http:\/\/foto-passion.com\/wp-content\/gallery\/galapagos\/081112_10k_dsc09213.jpg\" rel=\"lightbox[19]\"><img loading=\"lazy\" class=\"ngg-singlepic ngg-none aligncenter\" title=\"Rote Klippenkrabbe (Grapsus grapsus)\" alt=\"Rote Klippenkrabbe (Grapsus grapsus)\" src=\"http:\/\/foto-passion.com\/wp-content\/gallery\/galapagos\/thumbs\/thumbs_081112_10k_dsc09213.jpg\" width=\"130\" height=\"87\" \/><\/a><\/td>\n<td style=\"width: 25%; border-color: black; border-style: solid; border-width: 1px;\"><a title=\"&lt;strong&gt;Rote Klippenkrabben (Grapsus grapsus)&lt;\/strong&gt;&lt;br\/&gt;&lt;br\/&gt;&lt;span style=&quot;font-size:85%;color:#949494&quot;&gt;[Bild-Id: 8657]&lt;\/span&gt;\" href=\"http:\/\/foto-passion.com\/wp-content\/gallery\/galapagos\/281012_11k_dsc05861.jpg\" rel=\"lightbox[19]\"><img loading=\"lazy\" class=\"ngg-singlepic ngg-none aligncenter\" title=\"Rote Klippenkrabben (Grapsus grapsus)\" alt=\"Rote Klippenkrabben (Grapsus grapsus)\" src=\"http:\/\/foto-passion.com\/wp-content\/gallery\/galapagos\/thumbs\/thumbs_281012_11k_dsc05861.jpg\" width=\"130\" height=\"87\" \/><\/a><\/td>\n<td style=\"width: 25%; border-color: black; border-style: solid; border-width: 1px;\"><a title=\"&lt;strong&gt;Am Strand von Las Bachas - Santa Cruz&lt;\/strong&gt;&lt;br\/&gt;&lt;br\/&gt;&lt;span style=&quot;font-size:85%;color:#949494&quot;&gt;[Bild-Id: 8885]&lt;\/span&gt;\" href=\"http:\/\/foto-passion.com\/wp-content\/gallery\/galapagos\/281012_12k_dsc05690.jpg\" rel=\"lightbox[19]\"><img loading=\"lazy\" class=\"ngg-singlepic ngg-none aligncenter\" title=\"Am Strand von Las Bachas - Santa Cruz\" alt=\"Am Strand von Las Bachas - Santa Cruz\" src=\"http:\/\/foto-passion.com\/wp-content\/gallery\/galapagos\/thumbs\/thumbs_281012_12k_dsc05690.jpg\" width=\"130\" height=\"87\" \/><\/a><\/td>\n<td style=\"width: 25%; border-color: black; border-style: solid; border-width: 1px;\"><a title=\"&lt;strong&gt;Anlanden am Strand von Las Bachas - Santa Cruz&lt;\/strong&gt;&lt;br\/&gt;&lt;br\/&gt;&lt;span style=&quot;font-size:85%;color:#949494&quot;&gt;[Bild-Id: 8784]&lt;\/span&gt;\" href=\"http:\/\/foto-passion.com\/wp-content\/gallery\/galapagos\/281012_12k_dsc05694.jpg\" rel=\"lightbox[19]\"><img loading=\"lazy\" class=\"ngg-singlepic ngg-none aligncenter\" title=\"Anlanden am Strand von Las Bachas - Santa Cruz\" alt=\"Anlanden am Strand von Las Bachas - Santa Cruz\" src=\"http:\/\/foto-passion.com\/wp-content\/gallery\/galapagos\/thumbs\/thumbs_281012_12k_dsc05694.jpg\" width=\"130\" height=\"87\" \/><\/a><\/td>\n<\/tr>\n<\/tbody>\n<\/table>\n<p style=\"text-align: justify;\"><span style=\"font-family: arial, helvetica, sans-serif; font-size: 16px;\">Anschlie\u00dfend bringt uns das Schiff zur\u00fcck zum Itabaca-Kanal, wir werden mit Schlauchbooten wieder an Land und mit dem Bus zur\u00fcck nach Puerto Ayora gebracht. Gegen 16:30 Uhr setzt uns der Bus am Hotel ab.<\/span><\/p>\n<p style=\"text-align: justify;\"><span style=\"font-family: arial, helvetica, sans-serif; font-size: 16px;\">Wir laufen noch ein wenig durch den Ort und zum Hafen, bevor wir uns an die Sicherung unserer heutigen Fotoausbeute machen. \u00dcberall sind die Gesch\u00e4fte mit Halloween dekoriert, denn heute wird Halloween gefeiert. In der Hotelbar liegen die am Morgen frisch geernteten Kokosn\u00fcsse von der hauseigenen Kokospalme herum und gerade ist einer der Angestellten dabei, die Kokosn\u00fcsse zu bemalen. Na das ist doch mal eine gute Idee und so kommt wenig sp\u00e4ter der Roomservice mit zwei &#8222;Crazy-Coconuts&#8220;, die nicht nur h\u00fcbsch anzusehen sind sondern auch noch unglaublich lecker schmecken. Zugegeben, ein wenig Alkohol ist auch noch im Spiel, aber einen Cocktail in dieser &#8222;Verpackung&#8220; bekommt man schlie\u00dflich nicht jeden Tag. Ein toller Ausklang eines tollen Tages.<\/span><\/p>\n<table style=\"width: 100%;\" border=\"0\" align=\"center\">\n<tbody>\n<tr>\n<td style=\"width: 25%; border-color: black; border-style: solid; border-width: 1px;\"><a title=\"&lt;strong&gt;Kokospalme&lt;\/strong&gt;&lt;br\/&gt;&lt;br\/&gt;&lt;span style=&quot;font-size:85%;color:#949494&quot;&gt;[Bild-Id: 8994]&lt;\/span&gt;\" href=\"http:\/\/foto-passion.com\/wp-content\/gallery\/galapagos\/011112_10k_dsc06216.jpg\" rel=\"lightbox[20]\"><img loading=\"lazy\" class=\"ngg-singlepic ngg-none aligncenter\" title=\"Kokospalme\" alt=\"Kokospalme\" src=\"http:\/\/foto-passion.com\/wp-content\/gallery\/galapagos\/thumbs\/thumbs_011112_10k_dsc06216.jpg\" width=\"130\" height=\"87\" \/><\/a><\/td>\n<td style=\"width: 25%; border-color: black; border-style: solid; border-width: 1px;\"><a title=\"&lt;strong&gt;Heute gibt es &quot;Crazy Coconuts&quot; in designter Verpackung&lt;\/strong&gt;&lt;br\/&gt;&lt;br\/&gt;&lt;span style=&quot;font-size:85%;color:#949494&quot;&gt;[Bild-Id: 8935]&lt;\/span&gt;\" href=\"http:\/\/foto-passion.com\/wp-content\/gallery\/galapagos\/281012_10k_dsc05702.jpg\" rel=\"lightbox[20]\"><img loading=\"lazy\" class=\"ngg-singlepic ngg-none aligncenter\" title=\"Heute gibt es &quot;Crazy Coconuts&quot; in designter Verpackung\" alt=\"Heute gibt es &quot;Crazy Coconuts&quot; in designter Verpackung\" src=\"http:\/\/foto-passion.com\/wp-content\/gallery\/galapagos\/thumbs\/thumbs_281012_10k_dsc05702.jpg\" width=\"130\" height=\"87\" \/><\/a><\/td>\n<\/tr>\n<\/tbody>\n<\/table>\n<hr style=\"height: 1px; width: 30%;\" size=\"1\" width=\"30%\" \/>\n<p style=\"text-align: justify;\"><strong><span style=\"font-family: arial, helvetica, sans-serif; font-size: 16px;\">29.10.2012\u00a0\u00a0\u00a0\u00a0\u00a0 Santa Cruz<\/span><\/strong><\/p>\n<p style=\"text-align: justify;\"><span style=\"font-family: arial, helvetica, sans-serif; font-size: 16px;\">Heute Morgen besorgen wir uns die Fahrkarten f\u00fcr unsere weiteren Aktivit\u00e4ten. Schlie\u00dflich wollen wir noch andere Inseln kennen lernen.<\/span><\/p>\n<p style=\"text-align: justify;\"><span style=\"font-family: arial, helvetica, sans-serif; font-size: 16px;\">Anschlie\u00dfend laufen wir noch einmal zur Charles Darwin Forschungsstation. Diesmal sind wir bewaffnet mit Stativ und Makroobjektiv, denn wir hatten ein paar sch\u00f6ne Bl\u00fcten gesehen, die wir nun fotografieren m\u00f6chten.<\/span><\/p>\n<table style=\"width: 100%;\" border=\"0\" align=\"center\">\n<tbody>\n<tr>\n<td style=\"width: 25%; border-color: black; border-style: solid; border-width: 1px;\"><a title=\"&lt;strong&gt;Frucht der Galapagos-Passionsblume (Passiflora foetida galapagensis)&lt;\/strong&gt;&lt;br\/&gt;&lt;br\/&gt;&lt;span style=&quot;font-size:85%;color:#949494&quot;&gt;[Bild-Id: 8926]&lt;\/span&gt;\" href=\"http:\/\/foto-passion.com\/wp-content\/gallery\/galapagos\/271012_10k_dsc05496.jpg\" rel=\"lightbox[21]\"><img loading=\"lazy\" class=\"ngg-singlepic ngg-none aligncenter\" title=\"Frucht der Galapagos-Passionsblume (Passiflora foetida galapagensis)\" alt=\"Frucht der Galapagos-Passionsblume (Passiflora foetida galapagensis)\" src=\"http:\/\/foto-passion.com\/wp-content\/gallery\/galapagos\/thumbs\/thumbs_271012_10k_dsc05496.jpg\" width=\"130\" height=\"87\" \/><\/a><\/td>\n<td style=\"width: 25%; border-color: black; border-style: solid; border-width: 1px;\"><a title=\"&lt;strong&gt;Galapagos-Passionsblume (Passiflora foetida galapagensis)&lt;\/strong&gt;&lt;br\/&gt;&lt;br\/&gt;&lt;span style=&quot;font-size:85%;color:#949494&quot;&gt;[Bild-Id: 8694]&lt;\/span&gt;\" href=\"http:\/\/foto-passion.com\/wp-content\/gallery\/galapagos\/291012_10k_dsc05763.jpg\" rel=\"lightbox[21]\"><img loading=\"lazy\" class=\"ngg-singlepic ngg-none aligncenter\" title=\"Galapagos-Passionsblume (Passiflora foetida galapagensis)\" alt=\"Galapagos-Passionsblume (Passiflora foetida galapagensis)\" src=\"http:\/\/foto-passion.com\/wp-content\/gallery\/galapagos\/thumbs\/thumbs_291012_10k_dsc05763.jpg\" width=\"130\" height=\"87\" \/><\/a><\/td>\n<td style=\"width: 25%; border-color: black; border-style: solid; border-width: 1px;\"><a title=\"&lt;strong&gt;Galapagos-Passionsblume (Passiflora foetida galapagensis)&lt;\/strong&gt;&lt;br\/&gt;&lt;br\/&gt;&lt;span style=&quot;font-size:85%;color:#949494&quot;&gt;[Bild-Id: 8826]&lt;\/span&gt;\" href=\"http:\/\/foto-passion.com\/wp-content\/gallery\/galapagos\/291012_10k_dsc05744.jpg\" rel=\"lightbox[21]\"><img loading=\"lazy\" class=\"ngg-singlepic ngg-none aligncenter\" title=\"Galapagos-Passionsblume (Passiflora foetida galapagensis)\" alt=\"Galapagos-Passionsblume (Passiflora foetida galapagensis)\" src=\"http:\/\/foto-passion.com\/wp-content\/gallery\/galapagos\/thumbs\/thumbs_291012_10k_dsc05744.jpg\" width=\"130\" height=\"87\" \/><\/a><\/td>\n<td style=\"width: 25%; border-color: black; border-style: solid; border-width: 1px;\"><a title=\"&lt;strong&gt;Gelbe Cordie (Cordia lutea)&lt;\/strong&gt;&lt;br\/&gt;&lt;br\/&gt;&lt;span style=&quot;font-size:85%;color:#949494&quot;&gt;[Bild-Id: 8738]&lt;\/span&gt;\" href=\"http:\/\/foto-passion.com\/wp-content\/gallery\/galapagos\/291012_10k_dsc05845.jpg\" rel=\"lightbox[21]\"><img loading=\"lazy\" class=\"ngg-singlepic ngg-none aligncenter\" title=\"Gelbe Cordie (Cordia lutea)\" alt=\"Gelbe Cordie (Cordia lutea)\" src=\"http:\/\/foto-passion.com\/wp-content\/gallery\/galapagos\/thumbs\/thumbs_291012_10k_dsc05845.jpg\" width=\"130\" height=\"87\" \/><\/a><\/td>\n<\/tr>\n<\/tbody>\n<\/table>\n<p style=\"text-align: justify;\"><span style=\"font-family: arial, helvetica, sans-serif; font-size: 16px;\">Obwohl es noch nicht einmal 10 Uhr ist, ist es schon sehr warm. Selbst die h\u00fcbschen Lavaeidechsen haben sich in den Schatten verzogen. Das tun wir dann auch.<\/span><\/p>\n<table style=\"width: 100%;\" border=\"0\" align=\"center\">\n<tbody>\n<tr>\n<td style=\"width: 25%; border-color: black; border-style: solid; border-width: 1px;\"><a title=\"&lt;strong&gt;Gal\u00e1pagos Lavaechse (Microlophus albemarlensis)&lt;\/strong&gt;&lt;br\/&gt;&lt;br\/&gt;&lt;span style=&quot;font-size:85%;color:#949494&quot;&gt;[Bild-Id: 8879]&lt;\/span&gt;\" href=\"http:\/\/foto-passion.com\/wp-content\/gallery\/galapagos\/271012_12k_dsc04438.jpg\" rel=\"lightbox[22]\"><img loading=\"lazy\" class=\"ngg-singlepic ngg-none aligncenter\" title=\"Gal\u00e1pagos Lavaechse (Microlophus albemarlensis)\" alt=\"Gal\u00e1pagos Lavaechse (Microlophus albemarlensis)\" src=\"http:\/\/foto-passion.com\/wp-content\/gallery\/galapagos\/thumbs\/thumbs_271012_12k_dsc04438.jpg\" width=\"130\" height=\"87\" \/><\/a><\/td>\n<td style=\"width: 25%; border-color: black; border-style: solid; border-width: 1px;\"><a title=\"&lt;strong&gt;Rinde der Baumopuntie (Opuntia echiops)&lt;\/strong&gt;&lt;br\/&gt;&lt;br\/&gt;&lt;span style=&quot;font-size:85%;color:#949494&quot;&gt;[Bild-Id: 8808]&lt;\/span&gt;\" href=\"http:\/\/foto-passion.com\/wp-content\/gallery\/galapagos\/271012_12k_dsc04662.jpg\" rel=\"lightbox[22]\"><img loading=\"lazy\" class=\"ngg-singlepic ngg-none aligncenter\" title=\"Rinde der Baumopuntie (Opuntia echiops)\" alt=\"Rinde der Baumopuntie (Opuntia echiops)\" src=\"http:\/\/foto-passion.com\/wp-content\/gallery\/galapagos\/thumbs\/thumbs_271012_12k_dsc04662.jpg\" width=\"130\" height=\"87\" \/><\/a><\/td>\n<td style=\"width: 25%; border-color: black; border-style: solid; border-width: 1px;\"><a title=\"&lt;strong&gt;Galapagos-S\u00e4ulenkaktus (Jasminocereus thouarsii)&lt;\/strong&gt;&lt;br\/&gt;&lt;br\/&gt;&lt;span style=&quot;font-size:85%;color:#949494&quot;&gt;[Bild-Id: 8827]&lt;\/span&gt;\" href=\"http:\/\/foto-passion.com\/wp-content\/gallery\/galapagos\/271012_02k_dsc04684.jpg\" rel=\"lightbox[22]\"><img loading=\"lazy\" class=\"ngg-singlepic ngg-none aligncenter\" title=\"Galapagos-S\u00e4ulenkaktus (Jasminocereus thouarsii)\" alt=\"Galapagos-S\u00e4ulenkaktus (Jasminocereus thouarsii)\" src=\"http:\/\/foto-passion.com\/wp-content\/gallery\/galapagos\/thumbs\/thumbs_271012_02k_dsc04684.jpg\" width=\"130\" height=\"87\" \/><\/a><\/td>\n<td style=\"width: 25%; border-color: black; border-style: solid; border-width: 1px;\"><a title=\"&lt;strong&gt;Opuntien-Grundfink (Geospiza conirostris)&lt;\/strong&gt;&lt;br\/&gt;&lt;br\/&gt;&lt;span style=&quot;font-size:85%;color:#949494&quot;&gt;[Bild-Id: 8775]&lt;\/span&gt;\" href=\"http:\/\/foto-passion.com\/wp-content\/gallery\/galapagos\/291012_10k_dsc05830.jpg\" rel=\"lightbox[22]\"><img loading=\"lazy\" class=\"ngg-singlepic ngg-none aligncenter\" title=\"Opuntien-Grundfink (Geospiza conirostris)\" alt=\"Opuntien-Grundfink (Geospiza conirostris)\" src=\"http:\/\/foto-passion.com\/wp-content\/gallery\/galapagos\/thumbs\/thumbs_291012_10k_dsc05830.jpg\" width=\"130\" height=\"87\" \/><\/a><\/td>\n<\/tr>\n<\/tbody>\n<\/table>\n<p style=\"text-align: justify;\"><span style=\"font-family: arial, helvetica, sans-serif; font-size: 16px;\">Zum Gl\u00fcck zieht nach einer Weile der Himmel zu und dann es ist wieder gut auszuhalten. Auf dem R\u00fcckweg gehen wir noch einmal bei den Meerechsen vorbei. Diese Minidrachen sind einfach faszinierend und da gerade Ebbe ist, grasen sie die Felsen nach Algen ab. Immer mal wieder niesen sie und scheiden dabei durch ihre N\u00fcstern in hohem Bogen \u00fcberfl\u00fcssiges Salzwasser aus. Schade, dass man dieses &#8222;Niesen&#8220; einfach nicht vorher sehen kann. Wir schauen ihnen noch eine ganze Weile zu, bevor uns der Hunger in die Stadt treibt.<\/span><\/p>\n<table style=\"width: 100%;\" border=\"0\" align=\"center\">\n<tbody>\n<tr>\n<td style=\"width: 25%; border-color: black; border-style: solid; border-width: 1px;\"><a title=\"&lt;strong&gt;Meerechse (Amblyrhynchus cristatus) auf der Insel Santa Cruz&lt;\/strong&gt;&lt;br\/&gt;&lt;br\/&gt;&lt;span style=&quot;font-size:85%;color:#949494&quot;&gt;[Bild-Id: 8743]&lt;\/span&gt;\" href=\"http:\/\/foto-passion.com\/wp-content\/gallery\/galapagos\/271012_10k_dsc05516.jpg\" rel=\"lightbox[23]\"><img loading=\"lazy\" class=\"ngg-singlepic ngg-none aligncenter\" title=\"Meerechse (Amblyrhynchus cristatus) auf der Insel Santa Cruz\" alt=\"Meerechse (Amblyrhynchus cristatus) auf der Insel Santa Cruz\" src=\"http:\/\/foto-passion.com\/wp-content\/gallery\/galapagos\/thumbs\/thumbs_271012_10k_dsc05516.jpg\" width=\"130\" height=\"87\" \/><\/a><\/td>\n<td style=\"width: 25%; border-color: black; border-style: solid; border-width: 1px;\"><a title=\"&lt;strong&gt;Meerechsen (Amblyrhynchus cristatus) sind hervorragende Schwimmer&lt;\/strong&gt;&lt;br\/&gt;&lt;br\/&gt;&lt;span style=&quot;font-size:85%;color:#949494&quot;&gt;[Bild-Id: 8930]&lt;\/span&gt;\" href=\"http:\/\/foto-passion.com\/wp-content\/gallery\/galapagos\/291012_12k_dsc05899.jpg\" rel=\"lightbox[23]\"><img loading=\"lazy\" class=\"ngg-singlepic ngg-none aligncenter\" title=\"Meerechsen (Amblyrhynchus cristatus) sind hervorragende Schwimmer\" alt=\"Meerechsen (Amblyrhynchus cristatus) sind hervorragende Schwimmer\" src=\"http:\/\/foto-passion.com\/wp-content\/gallery\/galapagos\/thumbs\/thumbs_291012_12k_dsc05899.jpg\" width=\"130\" height=\"87\" \/><\/a><\/td>\n<td style=\"width: 25%; border-color: black; border-style: solid; border-width: 1px;\"><a title=\"&lt;strong&gt;Erst einmal aufw\u00e4rmen - Meerechse (Amblyrhynchus cristatus) auf der Insel Santa Cruz&lt;\/strong&gt;&lt;br\/&gt;&lt;br\/&gt;&lt;span style=&quot;font-size:85%;color:#949494&quot;&gt;[Bild-Id: 8925]&lt;\/span&gt;\" href=\"http:\/\/foto-passion.com\/wp-content\/gallery\/galapagos\/291012_12k_dsc05883.jpg\" rel=\"lightbox[23]\"><img loading=\"lazy\" class=\"ngg-singlepic ngg-none aligncenter\" title=\"Erst einmal aufw\u00e4rmen - Meerechse (Amblyrhynchus cristatus) auf der Insel Santa Cruz\" alt=\"Erst einmal aufw\u00e4rmen - Meerechse (Amblyrhynchus cristatus) auf der Insel Santa Cruz\" src=\"http:\/\/foto-passion.com\/wp-content\/gallery\/galapagos\/thumbs\/thumbs_291012_12k_dsc05883.jpg\" width=\"130\" height=\"87\" \/><\/a><\/td>\n<td style=\"width: 25%; border-color: black; border-style: solid; border-width: 1px;\"><a title=\"&lt;strong&gt;Hi Fremde - Freundliche Meerechse (Amblyrhynchus cristatus) auf der Insel Santa Cruz&lt;\/strong&gt;&lt;br\/&gt;&lt;br\/&gt;&lt;span style=&quot;font-size:85%;color:#949494&quot;&gt;[Bild-Id: 8955]&lt;\/span&gt;\" href=\"http:\/\/foto-passion.com\/wp-content\/gallery\/galapagos\/261012_10k_dsc04053.jpg\" rel=\"lightbox[23]\"><img loading=\"lazy\" class=\"ngg-singlepic ngg-none aligncenter\" title=\"Hi Fremde - Freundliche Meerechse (Amblyrhynchus cristatus) auf der Insel Santa Cruz\" alt=\"Hi Fremde - Freundliche Meerechse (Amblyrhynchus cristatus) auf der Insel Santa Cruz\" src=\"http:\/\/foto-passion.com\/wp-content\/gallery\/galapagos\/thumbs\/thumbs_261012_10k_dsc04053.jpg\" width=\"130\" height=\"87\" \/><\/a><\/td>\n<\/tr>\n<\/tbody>\n<\/table>\n<p style=\"text-align: justify;\"><span style=\"font-family: arial, helvetica, sans-serif; font-size: 16px;\">Auch heute essen wir sehr lecker, bevor wir zum Hafen gehen und uns mit einem Wassertaxi auf die andere Seite des Hafens bringen lassen. Wir wollen zur &#8222;Las Grietas&#8220;, einer tiefen Schlucht mit t\u00fcrkisfarbigem Meerwasser, in der man schwimmen kann. Auf dem Weg dorthin kommen wir an mehreren Lagunen und Salzseen vorbei. In einem Salzsee wird sogar Salz gewonnen. Schade, dass auch hier gerade keine Flamingos da sind. Au\u00dfer einer Bahamaente sehen wir in den Lagunen leider keine Tiere.<\/span><\/p>\n<table style=\"width: 100%;\" border=\"0\" align=\"center\">\n<tbody>\n<tr>\n<td style=\"width: 25%; border-color: black; border-style: solid; border-width: 1px;\"><a title=\"&lt;strong&gt;Salzpfannen - Santa Cruz&lt;\/strong&gt;&lt;br\/&gt;&lt;br\/&gt;&lt;span style=&quot;font-size:85%;color:#949494&quot;&gt;[Bild-Id: 8945]&lt;\/span&gt;\" href=\"http:\/\/foto-passion.com\/wp-content\/gallery\/galapagos\/291012_10k_dsc05966.jpg\" rel=\"lightbox[24]\"><img loading=\"lazy\" class=\"ngg-singlepic ngg-none aligncenter\" title=\"Salzpfannen - Santa Cruz\" alt=\"Salzpfannen - Santa Cruz\" src=\"http:\/\/foto-passion.com\/wp-content\/gallery\/galapagos\/thumbs\/thumbs_291012_10k_dsc05966.jpg\" width=\"130\" height=\"87\" \/><\/a><\/td>\n<td style=\"width: 25%; border-color: black; border-style: solid; border-width: 1px;\"><a title=\"&lt;strong&gt;Salzkristalle - Santa Cruz&lt;\/strong&gt;&lt;br\/&gt;&lt;br\/&gt;&lt;span style=&quot;font-size:85%;color:#949494&quot;&gt;[Bild-Id: 8896]&lt;\/span&gt;\" href=\"http:\/\/foto-passion.com\/wp-content\/gallery\/galapagos\/291012_10k_dsc05915.jpg\" rel=\"lightbox[24]\"><img loading=\"lazy\" class=\"ngg-singlepic ngg-none aligncenter\" title=\"Salzkristalle - Santa Cruz\" alt=\"Salzkristalle - Santa Cruz\" src=\"http:\/\/foto-passion.com\/wp-content\/gallery\/galapagos\/thumbs\/thumbs_291012_10k_dsc05915.jpg\" width=\"130\" height=\"87\" \/><\/a><\/td>\n<td style=\"width: 25%; border-color: black; border-style: solid; border-width: 1px;\"><a title=\"&lt;strong&gt;In der Lagune wird Salz gewonnen - Santa Cruz&lt;\/strong&gt;&lt;br\/&gt;&lt;br\/&gt;&lt;span style=&quot;font-size:85%;color:#949494&quot;&gt;[Bild-Id: 9014]&lt;\/span&gt;\" href=\"http:\/\/foto-passion.com\/wp-content\/gallery\/galapagos\/291012_09u_dsc06077.jpg\" rel=\"lightbox[24]\"><img loading=\"lazy\" class=\"ngg-singlepic ngg-none aligncenter\" title=\"In der Lagune wird Salz gewonnen - Santa Cruz\" alt=\"In der Lagune wird Salz gewonnen - Santa Cruz\" src=\"http:\/\/foto-passion.com\/wp-content\/gallery\/galapagos\/thumbs\/thumbs_291012_09u_dsc06077.jpg\" width=\"130\" height=\"87\" \/><\/a><\/td>\n<td style=\"width: 25%; border-color: black; border-style: solid; border-width: 1px;\"><a title=\"&lt;strong&gt;Eine Salzlagune - Santa Cruz&lt;\/strong&gt;&lt;br\/&gt;&lt;br\/&gt;&lt;span style=&quot;font-size:85%;color:#949494&quot;&gt;[Bild-Id: 8722]&lt;\/span&gt;\" href=\"http:\/\/foto-passion.com\/wp-content\/gallery\/galapagos\/291012_10k_dsc05973.jpg\" rel=\"lightbox[24]\"><img loading=\"lazy\" class=\"ngg-singlepic ngg-none aligncenter\" title=\"Eine Salzlagune - Santa Cruz\" alt=\"Eine Salzlagune - Santa Cruz\" src=\"http:\/\/foto-passion.com\/wp-content\/gallery\/galapagos\/thumbs\/thumbs_291012_10k_dsc05973.jpg\" width=\"130\" height=\"87\" \/><\/a><\/td>\n<\/tr>\n<\/tbody>\n<\/table>\n<p style=\"text-align: justify;\"><span style=\"font-family: arial, helvetica, sans-serif; font-size: 16px;\">Daf\u00fcr machen wir quasi eine 4&#215;4-Flipflop-Tour. Wir hatten nicht bedacht, dass wir uns auf Lavaboden befinden und sind in Flipflops unterwegs. Nun wird der Weg immer steiniger und wir steigen nur noch \u00fcber Lavabrocken. Ganz sch\u00f6n beschwerlich und wir sind vollkommen falsch beschuht. Es geht aber dennoch besser als erwartet und nun hat auch Uwe sich den 4&#215;4-Gel\u00e4ndeschein im Flipflop-Laufen verdient. Unterwegs k\u00f6nnen wir eine Menge Kakteen bewundern, die alle endemisch sind und so nur hier vorkommen. In der Schlucht angekommen, schauen wir einigen k\u00fchnen &#8222;Klippenspringern&#8220; zu, die sich mutig in das wundersch\u00f6n t\u00fcrkisfarbene Wasser st\u00fcrzen.<\/span><\/p>\n<table style=\"width: 100%;\" border=\"0\" align=\"center\">\n<tbody>\n<tr>\n<td style=\"width: 25%; border-color: black; border-style: solid; border-width: 1px;\"><a title=\"&lt;strong&gt;Lagune mit Riesenopuntien - Santa Cruz&lt;\/strong&gt;&lt;br\/&gt;&lt;br\/&gt;&lt;span style=&quot;font-size:85%;color:#949494&quot;&gt;[Bild-Id: 9013]&lt;\/span&gt;\" href=\"http:\/\/foto-passion.com\/wp-content\/gallery\/galapagos\/291012_10k_dsc05941dri.jpg\" rel=\"lightbox[25]\"><img loading=\"lazy\" class=\"ngg-singlepic ngg-none aligncenter\" title=\"Lagune mit Riesenopuntien - Santa Cruz\" alt=\"Lagune mit Riesenopuntien - Santa Cruz\" src=\"http:\/\/foto-passion.com\/wp-content\/gallery\/galapagos\/thumbs\/thumbs_291012_10k_dsc05941dri.jpg\" width=\"130\" height=\"87\" \/><\/a><\/td>\n<td style=\"width: 25%; border-color: black; border-style: solid; border-width: 1px;\"><a title=\"&lt;strong&gt;Riesenopuntien und Palo Santo-B\u00e4ume pr\u00e4gen das Bild an diesen Lagunen&lt;\/strong&gt;&lt;br\/&gt;&lt;br\/&gt;&lt;span style=&quot;font-size:85%;color:#949494&quot;&gt;[Bild-Id: 8790]&lt;\/span&gt;\" href=\"http:\/\/foto-passion.com\/wp-content\/gallery\/galapagos\/291012_10k_dsc05945.jpg\" rel=\"lightbox[25]\"><img loading=\"lazy\" class=\"ngg-singlepic ngg-none aligncenter\" title=\"Riesenopuntien und Palo Santo-B\u00e4ume pr\u00e4gen das Bild an diesen Lagunen\" alt=\"Riesenopuntien und Palo Santo-B\u00e4ume pr\u00e4gen das Bild an diesen Lagunen\" src=\"http:\/\/foto-passion.com\/wp-content\/gallery\/galapagos\/thumbs\/thumbs_291012_10k_dsc05945.jpg\" width=\"130\" height=\"87\" \/><\/a><\/td>\n<td style=\"width: 25%; border-color: black; border-style: solid; border-width: 1px;\"><a title=\"&lt;strong&gt;Lagune mit Riesenopuntien - Santa Cruz&lt;\/strong&gt;&lt;br\/&gt;&lt;br\/&gt;&lt;span style=&quot;font-size:85%;color:#949494&quot;&gt;[Bild-Id: 8772]&lt;\/span&gt;\" href=\"http:\/\/foto-passion.com\/wp-content\/gallery\/galapagos\/291012_10k_dsc05953dri.jpg\" rel=\"lightbox[25]\"><img loading=\"lazy\" class=\"ngg-singlepic ngg-none aligncenter\" title=\"Lagune mit Riesenopuntien - Santa Cruz\" alt=\"Lagune mit Riesenopuntien - Santa Cruz\" src=\"http:\/\/foto-passion.com\/wp-content\/gallery\/galapagos\/thumbs\/thumbs_291012_10k_dsc05953dri.jpg\" width=\"130\" height=\"87\" \/><\/a><\/td>\n<td style=\"width: 25%; border-color: black; border-style: solid; border-width: 1px;\"><a title=\"&lt;strong&gt;Die Schlucht &quot;Las Grietas&quot; - Santa Cruz&lt;\/strong&gt;&lt;br\/&gt;&lt;br\/&gt;&lt;span style=&quot;font-size:85%;color:#949494&quot;&gt;[Bild-Id: 9018]&lt;\/span&gt;\" href=\"http:\/\/foto-passion.com\/wp-content\/gallery\/galapagos\/291012_10k_dsc05964.jpg\" rel=\"lightbox[25]\"><img loading=\"lazy\" class=\"ngg-singlepic ngg-none aligncenter\" title=\"Die Schlucht &quot;Las Grietas&quot; - Santa Cruz\" alt=\"Die Schlucht &quot;Las Grietas&quot; - Santa Cruz\" src=\"http:\/\/foto-passion.com\/wp-content\/gallery\/galapagos\/thumbs\/thumbs_291012_10k_dsc05964.jpg\" width=\"130\" height=\"87\" \/><\/a><\/td>\n<\/tr>\n<\/tbody>\n<\/table>\n<p style=\"text-align: justify;\"><span style=\"font-family: arial, helvetica, sans-serif; font-size: 16px;\">Nachdem wir genug gesehen haben, treten wir den R\u00fcckweg an. Am Hafen warten bereits einige Wassertaxis auf Kundschaft und so werden wir ohne Wartezeit \u00fcbergesetzt. Wir bummeln zur\u00fcck ins Hotel. Dort m\u00fcssen wir schon so langsam unsere Sachen packen, denn morgen wollen wir auf die Insel San Crist\u00f3bal \u00fcbersetzen.<\/span><\/p>\n<hr style=\"height: 1px; width: 30%;\" size=\"1\" width=\"30%\" \/>\n<p style=\"text-align: justify;\"><strong><span style=\"font-family: arial, helvetica, sans-serif; font-size: 16px;\">30.10.2012\u00a0\u00a0\u00a0\u00a0\u00a0 Santa Cruz &#8211; San Crist\u00f3bal<\/span><\/strong><\/p>\n<p style=\"text-align: justify;\"><span style=\"font-family: arial, helvetica, sans-serif; font-size: 16px;\">Heute k\u00f6nnen wir ausschlafen und noch ein wenig bummeln, denn unser Boot nach San Crist\u00f3bal f\u00e4hrt erst am Mittag. In der Nacht muss es geregnet haben und auch heute Morgen nieselt es noch. Da es aber dennoch angenehm warm ist, macht der Nieselregen nicht viel aus und als wir mit dem Fr\u00fchst\u00fcck fertig sind, ist das Ganze auch schon wieder vorbei. Man h\u00e4lt es gut in kurzer Hose und ohne Jacke aus.<\/span><\/p>\n<p style=\"text-align: justify;\"><span style=\"font-family: arial, helvetica, sans-serif; font-size: 16px;\">Sp\u00e4ter am Vormittag fahren wir zum Hafen. Dort haben wir noch genug Zeit, den Seel\u00f6wen auf den Anlegestegen beim Schlafen zuzusehen, die Blaufu\u00dft\u00f6lpel bei ihren mutigen Sturzfl\u00fcgen ins Wasser zu beobachten und den roten Klippenkrabben zuzusehen, wie sie \u00fcber die schwarzen Lavasteine klettern. Vor dem Ablegen des Bootes m\u00fcssen wir noch von der Agrarinspektion unsere Gep\u00e4ckst\u00fccke kontrollieren lassen, denn ohne Banderole d\u00fcrfen wir auf der n\u00e4chsten Insel nicht an Land.<\/span><\/p>\n<table style=\"width: 100%;\" border=\"0\" align=\"center\">\n<tbody>\n<tr>\n<td style=\"width: 25%; border-color: black; border-style: solid; border-width: 1px;\"><img loading=\"lazy\" class=\"ngg-singlepic ngg-none aligncenter\" alt=\"Unz\u00e4hlige Yachten im azurblauen Wasser - das ist Galapagos\" src=\"http:\/\/foto-passion.com\/wp-content\/gallery\/galapagos\/011112_10k_dsc06241.jpg\" width=\"900\" height=\"372\" \/><\/td>\n<\/tr>\n<\/tbody>\n<\/table>\n<p style=\"text-align: justify;\"><span style=\"font-family: arial, helvetica, sans-serif; font-size: 16px;\">Das Boot, das uns nach San Crist\u00f3bal bringt, ankert schon im Hafen und dem Kapit\u00e4n wurden wir auch schon vorgestellt. Wir hatten einen jungen Mann gefragt, ob wir an der richtigen Mole sitzen und der hat uns gleich an den Kapit\u00e4n weitergereicht. Nun kann ja nichts mehr schief gehen. \u00dcber diese Bootsfahrten hatten wir schon Einiges gelesen, sind also gewarnt, hoffentlich gut ger\u00fcstet und auf alle Eventualit\u00e4ten gefasst. Die K&#8230;-t\u00fcten sind griffbereit, die Kaugummi gegen Seekrankheit auch und mental sind wir vorbereitet. Es hei\u00dft z. B., dass man keinen Komfort erwarten darf und unbedingt seefest sein muss.<\/span><\/p>\n<p style=\"text-align: justify;\"><span style=\"font-family: arial, helvetica, sans-serif; font-size: 16px;\">Mit Wassertaxis werden wir an das kleine Speedboot gebracht, das 22 Personen fasst. Rasch sind jedoch 24 Leute an Bord geklettert und es wird ziemlich eng auf den bescheidenen Sitzb\u00e4nken. Dann reicht uns der &#8222;Copilot&#8220; noch die Schwimmwesten, als ob wir die br\u00e4uchten. Kaum haben wir den Hafen verlassen, da wird klar: Wer sich daf\u00fcr entscheidet, mit einem der Speedboote auf eine Insel \u00fcberzusetzen, tut gut daran, schon mal mit seinem Leben abgeschlossen zu haben.<\/span><\/p>\n<p style=\"text-align: justify;\"><span style=\"font-family: arial, helvetica, sans-serif; font-size: 16px;\">Der Kapit\u00e4n muss in seinem fr\u00fcheren Leben Formel 1-Fahrer gewesen sein, denn er gibt mit seinen 600 PS alles. Dabei bekommen wir deutlich gezeigt, wie bretthart Wasser ist. Wir werden ordentlich durchgesch\u00fcttelt, hohe Font\u00e4nen spritzen seitlich weg und die richtige Platzwahl entscheidet \u00fcber Ersticken oder Ertrinken, denn der hintere Teil des Bootes ist offen und das Spritzwasser sorgt f\u00fcr eine ordentliche Abk\u00fchlung. Gut zwei Stunde dauert dieser H\u00f6llenritt. Kaum haben wir Muse, die Insel Santa Fe, an der wir vorbei fahren, zu betrachten, geschweige denn zu fotografieren. L\u00e4ngst sind einige Passagiere ein wenig blass um die Nase geworden. Das ist aber auch kein Wunder bei dem Benzingestank.<\/span><\/p>\n<p style=\"text-align: justify;\"><span style=\"font-family: arial, helvetica, sans-serif; font-size: 16px;\">Auch wenn wir nun von uns behaupten k\u00f6nnen, durchaus seefest zu sein, so sind wir doch froh, als wir endlich die Insel San Crist\u00f3bal erblicken.<\/span><\/p>\n<p style=\"text-align: justify;\"><span style=\"font-family: arial, helvetica, sans-serif; font-size: 16px;\">San Crist\u00f3bal, oder auch Chatham ist die \u00f6stlichste der <a title=\"Gal\u00e1pagos-Inseln\" href=\"http:\/\/de.wikipedia.org\/wiki\/Gal%C3%A1pagos-Inseln\">Gal\u00e1pagos-Inseln<\/a> und geologisch eine der \u00c4ltesten. Neben Santa Cruz geh\u00f6rt sie zu den vegetationsreichsten Inseln des Archipels. Sie ist die f\u00fcnftgr\u00f6\u00dfte Insel auf dem Archipel, hat eine Fl\u00e4che von 558\u00a0km\u00b2, ist lediglich 48 km lang und 14 km breit. Auf dieser Insel befindet sich in Puerto Baquerizo Moreno (an der s\u00fcdwestlichen Spitze) die Hauptstadt und der Regierungssitz der Gal\u00e1pagos-Inseln. Mit dem gr\u00f6\u00dften Fischereihafen Puerto Baquerizo Moreno hat die Insel eine der wenigen permanenten Siedlungen im Archipel. In Puerto Baquerizo Moreno leben ca.\u00a08000 Einwohner und der Ort hat heute noch den gem\u00fctlichen Charme einer kleinen Hafenstadt mit relativ wenigen Touristen im Vergleich zu Puerto Ayora (Insel Santa Cruz).<\/span><\/p>\n<p style=\"text-align: justify;\"><span style=\"font-family: arial, helvetica, sans-serif; font-size: 16px;\">Der h\u00f6chste Punkt der Insel ist ein erloschener, stark erodierter Vulkan &#8222;El Junco&#8220; der sich im S\u00fcdwesten bis auf 730 m hoch erhebt und bedingt durch reichliche Niederschl\u00e4ge sehr feuchtes Klima aufweist. Die flache Nordosth\u00e4lfte der Insel ist dagegen sehr trocken. Die verwitterte Lava hat die Bildung fruchtbaren Bodens sehr beg\u00fcnstigt. Im Hinterland von San Crist\u00f3bal wird in kleinen Farmen Obst, Gem\u00fcse und sogar organischer Kaffee angebaut.<\/span><\/p>\n<p style=\"text-align: justify;\"><span style=\"font-family: arial, helvetica, sans-serif; font-size: 16px;\">Schon an der Mole stellen wir fest, dass hier \u00fcberall Seel\u00f6wen herumliegen. Schon auf der Landungsbr\u00fccke m\u00fcssen wir fast \u00fcber die Tiere dr\u00fcber steigen.<\/span><\/p>\n<table style=\"width: 100%;\" border=\"0\" align=\"center\">\n<tbody>\n<tr>\n<td style=\"width: 25%; border-color: black; border-style: solid; border-width: 1px;\"><a title=\"&lt;strong&gt;Seel\u00f6wen haben in San Cristobal \u00fcberall die Nase vorn&lt;\/strong&gt;&lt;br\/&gt;&lt;br\/&gt;&lt;span style=&quot;font-size:85%;color:#949494&quot;&gt;[Bild-Id: 8746]&lt;\/span&gt;\" href=\"http:\/\/foto-passion.com\/wp-content\/gallery\/galapagos\/011112_10k_dsc06224.jpg\" rel=\"lightbox[27]\"><img loading=\"lazy\" class=\"ngg-singlepic ngg-none aligncenter\" title=\"Seel\u00f6wen haben in San Cristobal \u00fcberall die Nase vorn\" alt=\"Seel\u00f6wen haben in San Cristobal \u00fcberall die Nase vorn\" src=\"http:\/\/foto-passion.com\/wp-content\/gallery\/galapagos\/thumbs\/thumbs_011112_10k_dsc06224.jpg\" width=\"130\" height=\"87\" \/><\/a><\/td>\n<td style=\"width: 25%; border-color: black; border-style: solid; border-width: 1px;\"><a title=\"&lt;strong&gt;Hier regt sich ganz bestimmt Keiner \u00fcber Hundekacke auf dem Gehweg auf&lt;\/strong&gt;&lt;br\/&gt;&lt;br\/&gt;&lt;span style=&quot;font-size:85%;color:#949494&quot;&gt;[Bild-Id: 8706]&lt;\/span&gt;\" href=\"http:\/\/foto-passion.com\/wp-content\/gallery\/galapagos\/311012_09u_dsc06219.jpg\" rel=\"lightbox[27]\"><img loading=\"lazy\" class=\"ngg-singlepic ngg-none aligncenter\" title=\"Hier regt sich ganz bestimmt Keiner \u00fcber Hundekacke auf dem Gehweg auf\" alt=\"Hier regt sich ganz bestimmt Keiner \u00fcber Hundekacke auf dem Gehweg auf\" src=\"http:\/\/foto-passion.com\/wp-content\/gallery\/galapagos\/thumbs\/thumbs_311012_09u_dsc06219.jpg\" width=\"130\" height=\"87\" \/><\/a><\/td>\n<td style=\"width: 25%; border-color: black; border-style: solid; border-width: 1px;\"><a title=\"&lt;strong&gt;Gal\u00e1pagos-Seel\u00f6we (Zalophus wollebaeki) - ziemlich flott unterwegs&lt;\/strong&gt;&lt;br\/&gt;&lt;br\/&gt;&lt;span style=&quot;font-size:85%;color:#949494&quot;&gt;[Bild-Id: 8940]&lt;\/span&gt;\" href=\"http:\/\/foto-passion.com\/wp-content\/gallery\/galapagos\/311012_09u_dsc06262.jpg\" rel=\"lightbox[27]\"><img loading=\"lazy\" class=\"ngg-singlepic ngg-none aligncenter\" title=\"Gal\u00e1pagos-Seel\u00f6we (Zalophus wollebaeki) - ziemlich flott unterwegs\" alt=\"Gal\u00e1pagos-Seel\u00f6we (Zalophus wollebaeki) - ziemlich flott unterwegs\" src=\"http:\/\/foto-passion.com\/wp-content\/gallery\/galapagos\/thumbs\/thumbs_311012_09u_dsc06262.jpg\" width=\"130\" height=\"87\" \/><\/a><\/td>\n<td style=\"width: 25%; border-color: black; border-style: solid; border-width: 1px;\"><a title=\"&lt;strong&gt;Gal\u00e1pagos-Seel\u00f6wen (Zalophus wollebaeki) mitten auf der Promenade von San Cristobal&lt;\/strong&gt;&lt;br\/&gt;&lt;br\/&gt;&lt;span style=&quot;font-size:85%;color:#949494&quot;&gt;[Bild-Id: 8895]&lt;\/span&gt;\" href=\"http:\/\/foto-passion.com\/wp-content\/gallery\/galapagos\/311012_10k_dsc06385.jpg\" rel=\"lightbox[27]\"><img loading=\"lazy\" class=\"ngg-singlepic ngg-none aligncenter\" title=\"Gal\u00e1pagos-Seel\u00f6wen (Zalophus wollebaeki) mitten auf der Promenade von San Cristobal\" alt=\"Gal\u00e1pagos-Seel\u00f6wen (Zalophus wollebaeki) mitten auf der Promenade von San Cristobal\" src=\"http:\/\/foto-passion.com\/wp-content\/gallery\/galapagos\/thumbs\/thumbs_311012_10k_dsc06385.jpg\" width=\"130\" height=\"87\" \/><\/a><\/td>\n<\/tr>\n<\/tbody>\n<\/table>\n<p style=\"text-align: justify;\"><span style=\"font-family: arial, helvetica, sans-serif; font-size: 16px;\">Da der Ort nicht sehr gro\u00df ist, haben wir das Hotel &#8222;Casa Opuntia&#8220; schnell entdeckt. Es befindet sich nur wenige Meter von der Anlegestelle entfernt. Rasch checken wir ein und machen uns dann zu einem ersten Erkundungsspaziergang durch den Ort auf. Was wir hier sehen, ist unglaublich. Quasi \u00fcberall auf der Promenade liegen Seel\u00f6wen herum. Sie liegen in den Blumenbeeten, unter oder sogar auf B\u00e4nken, mitten auf dem Gehweg, auf Stegen und am Strand. Teilweise haben sie ganz kleine Babys dabei. Die sind besonders s\u00fc\u00df und wir hoffen, dass wir morgen genug Fotomotive finden werden, denn inzwischen ist es leider schon zu dunkel.<\/span><\/p>\n<p style=\"text-align: justify;\"><span style=\"font-family: arial, helvetica, sans-serif; font-size: 16px;\">Jetzt steht erst einmal Nahrungsaufnahme an. In einem kleinen Restaurant mit Blick auf den Hafen essen wir gut. Nach dem Essen schauen wir noch ein wenig den gro\u00dfen Fischschw\u00e4rmen zu, die am Hafenbecken von dem Licht angezogen werden. Nat\u00fcrlich wissen das auch die Seel\u00f6wen zu sch\u00e4tzen und so ertauchen sie sich hier ihr Abendessen.<\/span><\/p>\n<p style=\"text-align: justify;\"><span style=\"font-family: arial, helvetica, sans-serif; font-size: 16px;\">Obwohl wir den ganzen Tag nichts getan haben, sind wir todm\u00fcde. Die Meeresluft hat es in sich. Rasch machen wir uns noch einen Plan f\u00fcr die n\u00e4chsten Tage und fallen wenig sp\u00e4ter m\u00fcde ins Bett.<\/span><\/p>\n<hr style=\"height: 1px; width: 30%;\" size=\"1\" width=\"30%\" \/>\n<p style=\"text-align: justify;\"><strong><span style=\"font-family: arial, helvetica, sans-serif; font-size: 16px;\">31.10.2012\u00a0\u00a0\u00a0\u00a0\u00a0 San Cristobal<\/span><\/strong><\/p>\n<p style=\"text-align: justify;\"><span style=\"font-family: arial, helvetica, sans-serif; font-size: 16px;\">Geweckt werden wir heute Morgen in aller Fr\u00fche vom Morgensport der Navy-Jungs, die lautstark z\u00e4hlen und irgendwelche Parolen in die Gegend schreien. Erst dachten wir an eine Demo, bis wir die durchtrainierten Jungs sahen. Keine Ahnung, warum das nicht auch leise geht, aber gut, dann sind die eben der Wecker. Au\u00dferdem bl\u00f6ken vor der Haust\u00fcr schon wieder oder immer noch die Seel\u00f6wen. Das h\u00f6rt sich an wie eine Schafherde. Beim Blick \u00fcber das Meer sehe ich im Hafenbecken eine Meeresschildkr\u00f6te, die kurz nach Luft schnappt.<\/span><\/p>\n<table style=\"width: 100%;\" border=\"0\" align=\"center\">\n<tbody>\n<tr>\n<td style=\"width: 25%; border-color: black; border-style: solid; border-width: 1px;\"><a title=\"&lt;strong&gt;Blick aus unserem Hotelzimmer auf den Hafen von San Cristobal&lt;\/strong&gt;&lt;br\/&gt;&lt;br\/&gt;&lt;span style=&quot;font-size:85%;color:#949494&quot;&gt;[Bild-Id: 8821]&lt;\/span&gt;\" href=\"http:\/\/foto-passion.com\/wp-content\/gallery\/galapagos\/011112_10k_dsc06213.jpg\" rel=\"lightbox[28]\"><img loading=\"lazy\" class=\"ngg-singlepic ngg-none aligncenter\" title=\"Blick aus unserem Hotelzimmer auf den Hafen von San Cristobal\" alt=\"Blick aus unserem Hotelzimmer auf den Hafen von San Cristobal\" src=\"http:\/\/foto-passion.com\/wp-content\/gallery\/galapagos\/thumbs\/thumbs_011112_10k_dsc06213.jpg\" width=\"130\" height=\"87\" \/><\/a><\/td>\n<td style=\"width: 25%; border-color: black; border-style: solid; border-width: 1px;\"><a title=\"&lt;strong&gt;K\u00fcste von San Cristobal&lt;\/strong&gt;&lt;br\/&gt;&lt;br\/&gt;&lt;span style=&quot;font-size:85%;color:#949494&quot;&gt;[Bild-Id: 8663]&lt;\/span&gt;\" href=\"http:\/\/foto-passion.com\/wp-content\/gallery\/galapagos\/011112_10k_dsc06231.jpg\" rel=\"lightbox[28]\"><img loading=\"lazy\" class=\"ngg-singlepic ngg-none aligncenter\" title=\"K\u00fcste von San Cristobal\" alt=\"K\u00fcste von San Cristobal\" src=\"http:\/\/foto-passion.com\/wp-content\/gallery\/galapagos\/thumbs\/thumbs_011112_10k_dsc06231.jpg\" width=\"130\" height=\"87\" \/><\/a><\/td>\n<td style=\"width: 25%; border-color: black; border-style: solid; border-width: 1px;\"><a title=\"&lt;strong&gt;Hafen von San Cristobal&lt;\/strong&gt;&lt;br\/&gt;&lt;br\/&gt;&lt;span style=&quot;font-size:85%;color:#949494&quot;&gt;[Bild-Id: 8682]&lt;\/span&gt;\" href=\"http:\/\/foto-passion.com\/wp-content\/gallery\/galapagos\/011112_10k_dsc06244.jpg\" rel=\"lightbox[28]\"><img loading=\"lazy\" class=\"ngg-singlepic ngg-none aligncenter\" title=\"Hafen von San Cristobal\" alt=\"Hafen von San Cristobal\" src=\"http:\/\/foto-passion.com\/wp-content\/gallery\/galapagos\/thumbs\/thumbs_011112_10k_dsc06244.jpg\" width=\"130\" height=\"87\" \/><\/a><\/td>\n<td style=\"width: 25%; border-color: black; border-style: solid; border-width: 1px;\"><a title=\"&lt;strong&gt;Blick auf San Cristobal&lt;\/strong&gt;&lt;br\/&gt;&lt;br\/&gt;&lt;span style=&quot;font-size:85%;color:#949494&quot;&gt;[Bild-Id: 8998]&lt;\/span&gt;\" href=\"http:\/\/foto-passion.com\/wp-content\/gallery\/galapagos\/011112_10k_dsc06246.jpg\" rel=\"lightbox[28]\"><img loading=\"lazy\" class=\"ngg-singlepic ngg-none aligncenter\" title=\"Blick auf San Cristobal\" alt=\"Blick auf San Cristobal\" src=\"http:\/\/foto-passion.com\/wp-content\/gallery\/galapagos\/thumbs\/thumbs_011112_10k_dsc06246.jpg\" width=\"130\" height=\"87\" \/><\/a><\/td>\n<\/tr>\n<\/tbody>\n<\/table>\n<p style=\"text-align: justify;\"><span style=\"font-family: arial, helvetica, sans-serif; font-size: 16px;\">Nach dem Fr\u00fchst\u00fcck machen wir erst einmal einen fotografischen Zwischenstopp bei den Seel\u00f6wen. Auch heute Morgen liegen hier noch \u00fcberall eine Menge Tiere herum. Wenn sie nicht gerade schlafen, ist es eine Freude ihnen zuzusehen. Vor allem die Jungtiere spielen ausgelassen im Wasser. Sie springen mit ihrem ganzen K\u00f6rper aus dem Wasser und strecken dabei quasi alle &#8222;Vier&#8220; von sich. Das sieht total witzig aus.<\/span><\/p>\n<table style=\"width: 100%;\" border=\"0\" align=\"center\">\n<tbody>\n<tr>\n<td style=\"width: 25%; border-color: black; border-style: solid; border-width: 1px;\"><a title=\"&lt;strong&gt;Seel\u00f6wen-Akrobatik&lt;\/strong&gt;&lt;br\/&gt;&lt;br\/&gt;&lt;span style=&quot;font-size:85%;color:#949494&quot;&gt;[Bild-Id: 8664]&lt;\/span&gt;\" href=\"http:\/\/foto-passion.com\/wp-content\/gallery\/galapagos\/311012_09u_dsc06128.jpg\" rel=\"lightbox[29]\"><img loading=\"lazy\" class=\"ngg-singlepic ngg-none aligncenter\" title=\"Seel\u00f6wen-Akrobatik\" alt=\"Seel\u00f6wen-Akrobatik\" src=\"http:\/\/foto-passion.com\/wp-content\/gallery\/galapagos\/thumbs\/thumbs_311012_09u_dsc06128.jpg\" width=\"130\" height=\"87\" \/><\/a><\/td>\n<td style=\"width: 25%; border-color: black; border-style: solid; border-width: 1px;\"><a title=\"&lt;strong&gt;Spielender Galapagos-Seel\u00f6we (Zalophus wollebaeki)&lt;\/strong&gt;&lt;br\/&gt;&lt;br\/&gt;&lt;span style=&quot;font-size:85%;color:#949494&quot;&gt;[Bild-Id: 8665]&lt;\/span&gt;\" href=\"http:\/\/foto-passion.com\/wp-content\/gallery\/galapagos\/311012_09u_dsc06142.jpg\" rel=\"lightbox[29]\"><img loading=\"lazy\" class=\"ngg-singlepic ngg-none aligncenter\" title=\"Spielender Galapagos-Seel\u00f6we (Zalophus wollebaeki)\" alt=\"Spielender Galapagos-Seel\u00f6we (Zalophus wollebaeki)\" src=\"http:\/\/foto-passion.com\/wp-content\/gallery\/galapagos\/thumbs\/thumbs_311012_09u_dsc06142.jpg\" width=\"130\" height=\"87\" \/><\/a><\/td>\n<td style=\"width: 25%; border-color: black; border-style: solid; border-width: 1px;\"><a title=\"&lt;strong&gt;G\u00e4hn, schon wieder solche nervigen Touris - Gal\u00e1pagos-Seel\u00f6we (Zalophus wollebaeki)&lt;\/strong&gt;&lt;br\/&gt;&lt;br\/&gt;&lt;span style=&quot;font-size:85%;color:#949494&quot;&gt;[Bild-Id: 8691]&lt;\/span&gt;\" href=\"http:\/\/foto-passion.com\/wp-content\/gallery\/galapagos\/311012_10k_dsc06274.jpg\" rel=\"lightbox[29]\"><img loading=\"lazy\" class=\"ngg-singlepic ngg-none aligncenter\" title=\"G\u00e4hn, schon wieder solche nervigen Touris - Gal\u00e1pagos-Seel\u00f6we (Zalophus wollebaeki)\" alt=\"G\u00e4hn, schon wieder solche nervigen Touris - Gal\u00e1pagos-Seel\u00f6we (Zalophus wollebaeki)\" src=\"http:\/\/foto-passion.com\/wp-content\/gallery\/galapagos\/thumbs\/thumbs_311012_10k_dsc06274.jpg\" width=\"130\" height=\"87\" \/><\/a><\/td>\n<td style=\"width: 25%; border-color: black; border-style: solid; border-width: 1px;\"><a title=\"&lt;strong&gt;Gal\u00e1pagos-Seel\u00f6we (Zalophus wollebaeki) mit Kuschelfaktor&lt;\/strong&gt;&lt;br\/&gt;&lt;br\/&gt;&lt;span style=&quot;font-size:85%;color:#949494&quot;&gt;[Bild-Id: 8951]&lt;\/span&gt;\" href=\"http:\/\/foto-passion.com\/wp-content\/gallery\/galapagos\/311012_09u_dsc06291.jpg\" rel=\"lightbox[29]\"><img loading=\"lazy\" class=\"ngg-singlepic ngg-none aligncenter\" title=\"Gal\u00e1pagos-Seel\u00f6we (Zalophus wollebaeki) mit Kuschelfaktor\" alt=\"Gal\u00e1pagos-Seel\u00f6we (Zalophus wollebaeki) mit Kuschelfaktor\" src=\"http:\/\/foto-passion.com\/wp-content\/gallery\/galapagos\/thumbs\/thumbs_311012_09u_dsc06291.jpg\" width=\"130\" height=\"87\" \/><\/a><\/td>\n<\/tr>\n<\/tbody>\n<\/table>\n<p style=\"text-align: justify;\"><span style=\"font-family: arial, helvetica, sans-serif; font-size: 16px;\">Anschlie\u00dfend unternehmen wir eine Wanderung zum Interpretationszentrum. Dort werden verschiedene Ausstellungen \u00fcber die Naturgeschichte, die Menschheitsgeschichte und den Naturschutz des Galapagos Archipels gezeigt. Die Naturschutzausstellung schildert die mittels kontrolliertem Tourismus sowie Geburtenkontrolle unternommen Ma\u00dfnahmen, die zum Schutz der wilden Tier- und Pflanzenarten eingeleitet wurden. Im Au\u00dfenbereich lebt eine recht stattliche Riesenschildkr\u00f6te, die allerdings einen ziemlich merkw\u00fcrdigen Kropf hat. Auf gut ausgebautem Weg gelangen wir nun zum Fregattvogelfelsen. Naja, das mit den Fregattv\u00f6geln k\u00f6nnte man noch ausbauen aber die Aussicht von hier oben ist spektakul\u00e4r.<\/span><\/p>\n<table style=\"width: 100%;\" border=\"0\" align=\"center\">\n<tbody>\n<tr>\n<td style=\"width: 25%; border-color: black; border-style: solid; border-width: 1px;\"><a title=\"&lt;strong&gt;Ausblick vom Fregattvogelfelsen - San Cristobal&lt;\/strong&gt;&lt;br\/&gt;&lt;br\/&gt;&lt;span style=&quot;font-size:85%;color:#949494&quot;&gt;[Bild-Id: 8685]&lt;\/span&gt;\" href=\"http:\/\/foto-passion.com\/wp-content\/gallery\/galapagos\/311012_12k_dsc06053.jpg\" rel=\"lightbox[30]\"><img loading=\"lazy\" class=\"ngg-singlepic ngg-none aligncenter\" title=\"Ausblick vom Fregattvogelfelsen - San Cristobal\" alt=\"Ausblick vom Fregattvogelfelsen - San Cristobal\" src=\"http:\/\/foto-passion.com\/wp-content\/gallery\/galapagos\/thumbs\/thumbs_311012_12k_dsc06053.jpg\" width=\"130\" height=\"87\" \/><\/a><\/td>\n<td style=\"width: 25%; border-color: black; border-style: solid; border-width: 1px;\"><a title=\"&lt;strong&gt;Bindenfregattvogel (Fregata minor)&lt;\/strong&gt;&lt;br\/&gt;&lt;br\/&gt;&lt;span style=&quot;font-size:85%;color:#949494&quot;&gt;[Bild-Id: 8978]&lt;\/span&gt;\" href=\"http:\/\/foto-passion.com\/wp-content\/gallery\/galapagos\/311012_09u_dsc06381.jpg\" rel=\"lightbox[30]\"><img loading=\"lazy\" class=\"ngg-singlepic ngg-none aligncenter\" title=\"Bindenfregattvogel (Fregata minor)\" alt=\"Bindenfregattvogel (Fregata minor)\" src=\"http:\/\/foto-passion.com\/wp-content\/gallery\/galapagos\/thumbs\/thumbs_311012_09u_dsc06381.jpg\" width=\"130\" height=\"87\" \/><\/a><\/td>\n<td style=\"width: 25%; border-color: black; border-style: solid; border-width: 1px;\"><a title=\"&lt;strong&gt;Blick vom Fregattvogelfelsen - San Cristobal&lt;\/strong&gt;&lt;br\/&gt;&lt;br\/&gt;&lt;span style=&quot;font-size:85%;color:#949494&quot;&gt;[Bild-Id: 8969]&lt;\/span&gt;\" href=\"http:\/\/foto-passion.com\/wp-content\/gallery\/galapagos\/311012_12k_dsc06059dri.jpg\" rel=\"lightbox[30]\"><img loading=\"lazy\" class=\"ngg-singlepic ngg-none aligncenter\" title=\"Blick vom Fregattvogelfelsen - San Cristobal\" alt=\"Blick vom Fregattvogelfelsen - San Cristobal\" src=\"http:\/\/foto-passion.com\/wp-content\/gallery\/galapagos\/thumbs\/thumbs_311012_12k_dsc06059dri.jpg\" width=\"130\" height=\"87\" \/><\/a><\/td>\n<td style=\"width: 25%; border-color: black; border-style: solid; border-width: 1px;\"><a title=\"&lt;strong&gt;Sie verleihen diesem Felsen ihren Namen - Fregattv\u00f6gel auf San Cristobal&lt;\/strong&gt;&lt;br\/&gt;&lt;br\/&gt;&lt;span style=&quot;font-size:85%;color:#949494&quot;&gt;[Bild-Id: 8971]&lt;\/span&gt;\" href=\"http:\/\/foto-passion.com\/wp-content\/gallery\/galapagos\/011112_12k_dsc07206.jpg\" rel=\"lightbox[30]\"><img loading=\"lazy\" class=\"ngg-singlepic ngg-none aligncenter\" title=\"Sie verleihen diesem Felsen ihren Namen - Fregattv\u00f6gel auf San Cristobal\" alt=\"Sie verleihen diesem Felsen ihren Namen - Fregattv\u00f6gel auf San Cristobal\" src=\"http:\/\/foto-passion.com\/wp-content\/gallery\/galapagos\/thumbs\/thumbs_011112_12k_dsc07206.jpg\" width=\"130\" height=\"87\" \/><\/a><\/td>\n<\/tr>\n<\/tbody>\n<\/table>\n<p style=\"text-align: justify;\"><span style=\"font-family: arial, helvetica, sans-serif; font-size: 16px;\">Dann wandern wir an einen der einsamen Str\u00e4nde. Allerdings ist der Weg teilweise sehr abenteuerlich und anstrengend, weil st\u00e4ndig \u00fcber gro\u00dfe Lavabl\u00f6cke geklettert werden muss. Daf\u00fcr sehen wir unterwegs wieder eine Menge Marine-Iguanas (Meerechsen), die hier auf der Insel am Gr\u00f6\u00dften sind.<\/span><\/p>\n<table style=\"width: 100%;\" border=\"0\" align=\"center\">\n<tbody>\n<tr>\n<td style=\"width: 25%; border-color: black; border-style: solid; border-width: 1px;\"><a title=\"&lt;strong&gt;Meerechsen (Amblyrhynchus cristatus) auf der Insel San Cristobal&lt;\/strong&gt;&lt;br\/&gt;&lt;br\/&gt;&lt;span style=&quot;font-size:85%;color:#949494&quot;&gt;[Bild-Id: 8982]&lt;\/span&gt;\" href=\"http:\/\/foto-passion.com\/wp-content\/gallery\/galapagos\/311012_02k_dsc06528.jpg\" rel=\"lightbox[31]\"><img loading=\"lazy\" class=\"ngg-singlepic ngg-none aligncenter\" title=\"Meerechsen (Amblyrhynchus cristatus) auf der Insel San Cristobal\" alt=\"Meerechsen (Amblyrhynchus cristatus) auf der Insel San Cristobal\" src=\"http:\/\/foto-passion.com\/wp-content\/gallery\/galapagos\/thumbs\/thumbs_311012_02k_dsc06528.jpg\" width=\"130\" height=\"87\" \/><\/a><\/td>\n<td style=\"width: 25%; border-color: black; border-style: solid; border-width: 1px;\"><a title=\"&lt;strong&gt;Meerechse (Amblyrhynchus cristatus)&lt;\/strong&gt;&lt;br\/&gt;&lt;br\/&gt;&lt;span style=&quot;font-size:85%;color:#949494&quot;&gt;[Bild-Id: 8880]&lt;\/span&gt;\" href=\"http:\/\/foto-passion.com\/wp-content\/gallery\/galapagos\/311012_02k_dsc06693.jpg\" rel=\"lightbox[31]\"><img loading=\"lazy\" class=\"ngg-singlepic ngg-none aligncenter\" title=\"Meerechse (Amblyrhynchus cristatus)\" alt=\"Meerechse (Amblyrhynchus cristatus)\" src=\"http:\/\/foto-passion.com\/wp-content\/gallery\/galapagos\/thumbs\/thumbs_311012_02k_dsc06693.jpg\" width=\"130\" height=\"87\" \/><\/a><\/td>\n<td style=\"width: 25%; border-color: black; border-style: solid; border-width: 1px;\"><a title=\"&lt;strong&gt;Ganz sch\u00f6n urzeitlich diese Minidrachen - Meerechse (Amblyrhynchus cristatus)&lt;\/strong&gt;&lt;br\/&gt;&lt;br\/&gt;&lt;span style=&quot;font-size:85%;color:#949494&quot;&gt;[Bild-Id: 8970]&lt;\/span&gt;\" href=\"http:\/\/foto-passion.com\/wp-content\/gallery\/galapagos\/311012_09u_dsc06511.jpg\" rel=\"lightbox[31]\"><img loading=\"lazy\" class=\"ngg-singlepic ngg-none aligncenter\" title=\"Ganz sch\u00f6n urzeitlich diese Minidrachen - Meerechse (Amblyrhynchus cristatus)\" alt=\"Ganz sch\u00f6n urzeitlich diese Minidrachen - Meerechse (Amblyrhynchus cristatus)\" src=\"http:\/\/foto-passion.com\/wp-content\/gallery\/galapagos\/thumbs\/thumbs_311012_09u_dsc06511.jpg\" width=\"130\" height=\"87\" \/><\/a><\/td>\n<td style=\"width: 25%; border-color: black; border-style: solid; border-width: 1px;\"><a title=\"&lt;strong&gt;Meerechsen (Amblyrhynchus cristatus) w\u00e4rmen sich auf den Lavafelsen&lt;\/strong&gt;&lt;br\/&gt;&lt;br\/&gt;&lt;span style=&quot;font-size:85%;color:#949494&quot;&gt;[Bild-Id: 8777]&lt;\/span&gt;\" href=\"http:\/\/foto-passion.com\/wp-content\/gallery\/galapagos\/311012_02k_dsc06622.jpg\" rel=\"lightbox[31]\"><img loading=\"lazy\" class=\"ngg-singlepic ngg-none aligncenter\" title=\"Meerechsen (Amblyrhynchus cristatus) w\u00e4rmen sich auf den Lavafelsen\" alt=\"Meerechsen (Amblyrhynchus cristatus) w\u00e4rmen sich auf den Lavafelsen\" src=\"http:\/\/foto-passion.com\/wp-content\/gallery\/galapagos\/thumbs\/thumbs_311012_02k_dsc06622.jpg\" width=\"130\" height=\"87\" \/><\/a><\/td>\n<\/tr>\n<\/tbody>\n<\/table>\n<p style=\"text-align: justify;\"><span style=\"font-family: arial, helvetica, sans-serif; font-size: 16px;\">Am Beach sind wir fast ganz allein. Wir m\u00fcssen uns den Strand nur mit einer gro\u00dfen Kolonie von Seel\u00f6wen teilen. Ansonsten ist hier keine Menschenseele. Zu der Seel\u00f6wenkolonie geh\u00f6ren auch viele Jungtiere. Es gibt sogar ein ganz kleines Seel\u00f6wenbaby \u2013 h\u00f6chstens drei Tage alt &#8211; zu sehen. Die meisten Seel\u00f6wen liegen im Sand oder unter Mangroven und verschlafen den Tag. Nur der Bulle beh\u00e4lt seine &#8222;Truppe&#8220; vom Wasser aus im Auge.<\/span><\/p>\n<table style=\"width: 100%;\" border=\"0\" align=\"center\">\n<tbody>\n<tr>\n<td style=\"width: 25%; border-color: black; border-style: solid; border-width: 1px;\"><a title=\"&lt;strong&gt;Gal\u00e1pagos-Seel\u00f6we (Zalophus wollebaeki) genie\u00dft ein Bad&lt;\/strong&gt;&lt;br\/&gt;&lt;br\/&gt;&lt;span style=&quot;font-size:85%;color:#949494&quot;&gt;[Bild-Id: 8920]&lt;\/span&gt;\" href=\"http:\/\/foto-passion.com\/wp-content\/gallery\/galapagos\/311012_06k_dsc06843.jpg\" rel=\"lightbox[32]\"><img loading=\"lazy\" class=\"ngg-singlepic ngg-none aligncenter\" title=\"Gal\u00e1pagos-Seel\u00f6we (Zalophus wollebaeki) genie\u00dft ein Bad\" alt=\"Gal\u00e1pagos-Seel\u00f6we (Zalophus wollebaeki) genie\u00dft ein Bad\" src=\"http:\/\/foto-passion.com\/wp-content\/gallery\/galapagos\/thumbs\/thumbs_311012_06k_dsc06843.jpg\" width=\"130\" height=\"87\" \/><\/a><\/td>\n<td style=\"width: 25%; border-color: black; border-style: solid; border-width: 1px;\"><a title=\"&lt;strong&gt;Schlafm\u00fctzen - Gal\u00e1pagos-Seel\u00f6wen (Zalophus wollebaeki)&lt;\/strong&gt;&lt;br\/&gt;&lt;br\/&gt;&lt;span style=&quot;font-size:85%;color:#949494&quot;&gt;[Bild-Id: 8758]&lt;\/span&gt;\" href=\"http:\/\/foto-passion.com\/wp-content\/gallery\/galapagos\/311012_06k_dsc06852.jpg\" rel=\"lightbox[32]\"><img loading=\"lazy\" class=\"ngg-singlepic ngg-none aligncenter\" title=\"Schlafm\u00fctzen - Gal\u00e1pagos-Seel\u00f6wen (Zalophus wollebaeki)\" alt=\"Schlafm\u00fctzen - Gal\u00e1pagos-Seel\u00f6wen (Zalophus wollebaeki)\" src=\"http:\/\/foto-passion.com\/wp-content\/gallery\/galapagos\/thumbs\/thumbs_311012_06k_dsc06852.jpg\" width=\"130\" height=\"87\" \/><\/a><\/td>\n<td style=\"width: 25%; border-color: black; border-style: solid; border-width: 1px;\"><a title=\"&lt;strong&gt;Gal\u00e1pagos-Seel\u00f6we (Zalophus wollebaeki)&lt;\/strong&gt;&lt;br\/&gt;&lt;br\/&gt;&lt;span style=&quot;font-size:85%;color:#949494&quot;&gt;[Bild-Id: 8938]&lt;\/span&gt;\" href=\"http:\/\/foto-passion.com\/wp-content\/gallery\/galapagos\/311012_06k_dsc06884.jpg\" rel=\"lightbox[32]\"><img loading=\"lazy\" class=\"ngg-singlepic ngg-none aligncenter\" title=\"Gal\u00e1pagos-Seel\u00f6we (Zalophus wollebaeki)\" alt=\"Gal\u00e1pagos-Seel\u00f6we (Zalophus wollebaeki)\" src=\"http:\/\/foto-passion.com\/wp-content\/gallery\/galapagos\/thumbs\/thumbs_311012_06k_dsc06884.jpg\" width=\"130\" height=\"87\" \/><\/a><\/td>\n<td style=\"width: 25%; border-color: black; border-style: solid; border-width: 1px;\"><a title=\"&lt;strong&gt;Einfach nur s\u00fc\u00df - Gal\u00e1pagos-Seel\u00f6wenbaby (Zalophus wollebaeki) mit Kuschelfaktor&lt;\/strong&gt;&lt;br\/&gt;&lt;br\/&gt;&lt;span style=&quot;font-size:85%;color:#949494&quot;&gt;[Bild-Id: 8976]&lt;\/span&gt;\" href=\"http:\/\/foto-passion.com\/wp-content\/gallery\/galapagos\/311012_11u_dsc06753.jpg\" rel=\"lightbox[32]\"><img loading=\"lazy\" class=\"ngg-singlepic ngg-none aligncenter\" title=\"Einfach nur s\u00fc\u00df - Gal\u00e1pagos-Seel\u00f6wenbaby (Zalophus wollebaeki) mit Kuschelfaktor\" alt=\"Einfach nur s\u00fc\u00df - Gal\u00e1pagos-Seel\u00f6wenbaby (Zalophus wollebaeki) mit Kuschelfaktor\" src=\"http:\/\/foto-passion.com\/wp-content\/gallery\/galapagos\/thumbs\/thumbs_311012_11u_dsc06753.jpg\" width=\"130\" height=\"87\" \/><\/a><\/td>\n<\/tr>\n<\/tbody>\n<\/table>\n<p style=\"text-align: justify;\"><span style=\"font-family: arial, helvetica, sans-serif; font-size: 16px;\">Beim Schnorcheln entdecken wir zwei Meeresschildkr\u00f6ten, die ganz zutraulich sind und nebenher schwimmen. Was f\u00fcr ein seltenes Privileg, diese wunderbaren Wesen tats\u00e4chlich erleben zu k\u00f6nnen. Au\u00dferdem gibt es noch pr\u00e4chtige Seesterne und eine Menge bunter Fische zu sehen.<\/span><\/p>\n<table style=\"width: 100%;\" border=\"0\" align=\"center\">\n<tbody>\n<tr>\n<td style=\"width: 25%; border-color: black; border-style: solid; border-width: 1px;\"><a title=\"&lt;strong&gt;Gr\u00fcne Galapagos Meeresschildkr\u00f6te (Chelonia mydas agassizi)&lt;\/strong&gt;&lt;br\/&gt;&lt;br\/&gt;&lt;span style=&quot;font-size:85%;color:#949494&quot;&gt;[Bild-Id: 8836]&lt;\/span&gt;\" href=\"http:\/\/foto-passion.com\/wp-content\/gallery\/galapagos\/311012_p1020262.jpg\" rel=\"lightbox[33]\"><img loading=\"lazy\" class=\"ngg-singlepic ngg-none aligncenter\" title=\"Gr\u00fcne Galapagos Meeresschildkr\u00f6te (Chelonia mydas agassizi)\" alt=\"Gr\u00fcne Galapagos Meeresschildkr\u00f6te (Chelonia mydas agassizi)\" src=\"http:\/\/foto-passion.com\/wp-content\/gallery\/galapagos\/thumbs\/thumbs_311012_p1020262.jpg\" width=\"130\" height=\"87\" \/><\/a><\/td>\n<td style=\"width: 25%; border-color: black; border-style: solid; border-width: 1px;\"><a title=\"&lt;strong&gt;Panamaischer Noppen-Seestern (Pentaceraster cumingi)&lt;\/strong&gt;&lt;br\/&gt;&lt;br\/&gt;&lt;span style=&quot;font-size:85%;color:#949494&quot;&gt;[Bild-Id: 8728]&lt;\/span&gt;\" href=\"http:\/\/foto-passion.com\/wp-content\/gallery\/galapagos\/031112_p1020326.jpg\" rel=\"lightbox[33]\"><img loading=\"lazy\" class=\"ngg-singlepic ngg-none aligncenter\" title=\"Panamaischer Noppen-Seestern (Pentaceraster cumingi)\" alt=\"Panamaischer Noppen-Seestern (Pentaceraster cumingi)\" src=\"http:\/\/foto-passion.com\/wp-content\/gallery\/galapagos\/thumbs\/thumbs_031112_p1020326.jpg\" width=\"130\" height=\"87\" \/><\/a><\/td>\n<td style=\"width: 25%; border-color: black; border-style: solid; border-width: 1px;\"><a title=\"&lt;strong&gt;Suppenschildkr\u00f6te (Chelonia mydas)  auch Gr\u00fcne Meeresschildkr\u00f6te&lt;\/strong&gt;&lt;br\/&gt;&lt;br\/&gt;&lt;span style=&quot;font-size:85%;color:#949494&quot;&gt;[Bild-Id: 8733]&lt;\/span&gt;\" href=\"http:\/\/foto-passion.com\/wp-content\/gallery\/galapagos\/311012_p1020264.jpg\" rel=\"lightbox[33]\"><img loading=\"lazy\" class=\"ngg-singlepic ngg-none aligncenter\" title=\"Suppenschildkr\u00f6te (Chelonia mydas)  auch Gr\u00fcne Meeresschildkr\u00f6te\" alt=\"Suppenschildkr\u00f6te (Chelonia mydas)  auch Gr\u00fcne Meeresschildkr\u00f6te\" src=\"http:\/\/foto-passion.com\/wp-content\/gallery\/galapagos\/thumbs\/thumbs_311012_p1020264.jpg\" width=\"130\" height=\"87\" \/><\/a><\/td>\n<td style=\"width: 25%; border-color: black; border-style: solid; border-width: 1px;\"><a title=\"&lt;strong&gt;Gr\u00fcne Galapagos Meeresschildkr\u00f6te (Chelonia mydas agassizi)&lt;\/strong&gt;&lt;br\/&gt;&lt;br\/&gt;&lt;span style=&quot;font-size:85%;color:#949494&quot;&gt;[Bild-Id: 8785]&lt;\/span&gt;\" href=\"http:\/\/foto-passion.com\/wp-content\/gallery\/galapagos\/311012_p1020268.jpg\" rel=\"lightbox[33]\"><img loading=\"lazy\" class=\"ngg-singlepic ngg-none aligncenter\" title=\"Gr\u00fcne Galapagos Meeresschildkr\u00f6te (Chelonia mydas agassizi)\" alt=\"Gr\u00fcne Galapagos Meeresschildkr\u00f6te (Chelonia mydas agassizi)\" src=\"http:\/\/foto-passion.com\/wp-content\/gallery\/galapagos\/thumbs\/thumbs_311012_p1020268.jpg\" width=\"130\" height=\"87\" \/><\/a><\/td>\n<\/tr>\n<\/tbody>\n<\/table>\n<p style=\"text-align: justify;\"><span style=\"font-family: arial, helvetica, sans-serif; font-size: 16px;\">Rasch vergeht die Zeit und schon m\u00fcssen wir wieder der R\u00fcckweg antreten, um den m\u00fchsamen Weg nicht in Dunkelheit bew\u00e4ltigen zu m\u00fcssen.<\/span><\/p>\n<p style=\"text-align: justify;\"><span style=\"font-family: arial, helvetica, sans-serif; font-size: 16px;\">Mit letzter Kraft schaffen wir es noch, im benachbarten Restaurant zu Abend zu essen, bevor wir mit Sauerstoffvergiftung in Tiefschlaf fallen.<\/span><\/p>\n<hr style=\"height: 1px; width: 30%;\" size=\"1\" width=\"30%\" \/>\n<p style=\"text-align: justify;\"><strong><span style=\"font-family: arial, helvetica, sans-serif; font-size: 16px;\">01.11.2012\u00a0\u00a0\u00a0\u00a0\u00a0 San Crist\u00f3bal<\/span><\/strong><\/p>\n<p style=\"text-align: justify;\"><span style=\"font-family: arial, helvetica, sans-serif; font-size: 16px;\">Heute Morgen weckt uns Regen, der auf das Wellblechdach tropft. \u00dcber dem Hafenbecken h\u00e4ngen dicke Wolken und es sieht nicht so aus, als ob sich das Wetter bald wieder bessern will. Wir haben ja keine Ahnung! Noch bevor wir fertig sind, um Fr\u00fchst\u00fccken zu gehen, hat es bereits aufgeh\u00f6rt zu regnen. W\u00e4hrend wir uns noch f\u00fcr die n\u00e4chste Wanderung r\u00fcsten, scheint bereits wieder kr\u00e4ftig die Sonne. Wir laufen zum &#8222;Playa de Oro&#8220;, wo ebenfalls eine gro\u00dfe Kolonie Seel\u00f6wen wohnt. Im Moment gibt es sehr viele Jungtiere &#8211; von ganz klein bis Teenager. \u00dcberhaupt hat man auf San Crist\u00f3bal den Eindruck, dass sich die Zahl der Einwohner ungef\u00e4hr die Waage h\u00e4lt mit der Anzahl der Seel\u00f6wen. Am Morgen liegen die B\u00e4nke voll Seel\u00f6wen, in der Fu\u00dfg\u00e4ngerpromenade schlafen die Tiere kreuz und quer auf der Stra\u00dfe und jeder Weg ist vollgekackt. Dennoch nehmen es die Einwohner hier mit Gelassenheit. Sie sind sich wohl bewusst, dass diese Tiere das gr\u00f6\u00dfte Highlight auf der Insel sind.<\/span><\/p>\n<table style=\"width: 100%;\" border=\"0\" align=\"center\">\n<tbody>\n<tr>\n<td style=\"width: 25%; border-color: black; border-style: solid; border-width: 1px;\"><a title=\"&lt;strong&gt;Gal\u00e1pagos-Seel\u00f6wenbaby (Zalophus wollebaeki)&lt;\/strong&gt;&lt;br\/&gt;&lt;br\/&gt;&lt;span style=&quot;font-size:85%;color:#949494&quot;&gt;[Bild-Id: 8915]&lt;\/span&gt;\" href=\"http:\/\/foto-passion.com\/wp-content\/gallery\/galapagos\/011112_12k_dsc06971.jpg\" rel=\"lightbox[34]\"><img loading=\"lazy\" class=\"ngg-singlepic ngg-none aligncenter\" title=\"Gal\u00e1pagos-Seel\u00f6wenbaby (Zalophus wollebaeki)\" alt=\"Gal\u00e1pagos-Seel\u00f6wenbaby (Zalophus wollebaeki)\" src=\"http:\/\/foto-passion.com\/wp-content\/gallery\/galapagos\/thumbs\/thumbs_011112_12k_dsc06971.jpg\" width=\"130\" height=\"87\" \/><\/a><\/td>\n<td style=\"width: 25%; border-color: black; border-style: solid; border-width: 1px;\"><a title=\"&lt;strong&gt;Gal\u00e1pagos-Seel\u00f6we (Zalophus wollebaeki)&lt;\/strong&gt;&lt;br\/&gt;&lt;br\/&gt;&lt;span style=&quot;font-size:85%;color:#949494&quot;&gt;[Bild-Id: 8745]&lt;\/span&gt;\" href=\"http:\/\/foto-passion.com\/wp-content\/gallery\/galapagos\/011112_09u_dsc06796.jpg\" rel=\"lightbox[34]\"><img loading=\"lazy\" class=\"ngg-singlepic ngg-none aligncenter\" title=\"Gal\u00e1pagos-Seel\u00f6we (Zalophus wollebaeki)\" alt=\"Gal\u00e1pagos-Seel\u00f6we (Zalophus wollebaeki)\" src=\"http:\/\/foto-passion.com\/wp-content\/gallery\/galapagos\/thumbs\/thumbs_011112_09u_dsc06796.jpg\" width=\"130\" height=\"87\" \/><\/a><\/td>\n<td style=\"width: 25%; border-color: black; border-style: solid; border-width: 1px;\"><a title=\"&lt;strong&gt;Durst - Gal\u00e1pagos-Seel\u00f6wenbaby (Zalophus wollebaeki)&lt;\/strong&gt;&lt;br\/&gt;&lt;br\/&gt;&lt;span style=&quot;font-size:85%;color:#949494&quot;&gt;[Bild-Id: 9009]&lt;\/span&gt;\" href=\"http:\/\/foto-passion.com\/wp-content\/gallery\/galapagos\/011112_09u_dsc06868.jpg\" rel=\"lightbox[34]\"><img loading=\"lazy\" class=\"ngg-singlepic ngg-none aligncenter\" title=\"Durst - Gal\u00e1pagos-Seel\u00f6wenbaby (Zalophus wollebaeki)\" alt=\"Durst - Gal\u00e1pagos-Seel\u00f6wenbaby (Zalophus wollebaeki)\" src=\"http:\/\/foto-passion.com\/wp-content\/gallery\/galapagos\/thumbs\/thumbs_011112_09u_dsc06868.jpg\" width=\"130\" height=\"87\" \/><\/a><\/td>\n<td style=\"width: 25%; border-color: black; border-style: solid; border-width: 1px;\"><a title=\"&lt;strong&gt;Hi - Gal\u00e1pagos-Seel\u00f6wenbaby (Zalophus wollebaeki)&lt;\/strong&gt;&lt;br\/&gt;&lt;br\/&gt;&lt;span style=&quot;font-size:85%;color:#949494&quot;&gt;[Bild-Id: 8816]&lt;\/span&gt;\" href=\"http:\/\/foto-passion.com\/wp-content\/gallery\/galapagos\/011112_12k_dsc07179.jpg\" rel=\"lightbox[34]\"><img loading=\"lazy\" class=\"ngg-singlepic ngg-none aligncenter\" title=\"Hi - Gal\u00e1pagos-Seel\u00f6wenbaby (Zalophus wollebaeki)\" alt=\"Hi - Gal\u00e1pagos-Seel\u00f6wenbaby (Zalophus wollebaeki)\" src=\"http:\/\/foto-passion.com\/wp-content\/gallery\/galapagos\/thumbs\/thumbs_011112_12k_dsc07179.jpg\" width=\"130\" height=\"87\" \/><\/a><\/td>\n<\/tr>\n<\/tbody>\n<\/table>\n<p style=\"text-align: justify;\"><span style=\"font-family: arial, helvetica, sans-serif; font-size: 16px;\">Nachdem wir uns am &#8222;Playa de Oro&#8220; an den vielen Seel\u00f6wen fotografisch ausgetobt haben, wandern wir weiter zur Bucht Playa Baquerizo unterhalb des Fregattvogelfelsens. Dort ist das Wasser wunderbar klar und es gibt sogar einen Einstieg ins Wasser. Leider ist im Moment tierisch nicht viel los und so entschlie\u00dfen wir uns, noch einmal mit den Schildkr\u00f6ten schnorcheln zu gehen. Zwar bedeutet das, wieder diesen grauenhaften Weg zu gehen, doch das Ziel ist diese Anstrengung wert.<\/span><\/p>\n<table style=\"width: 100%;\" border=\"0\" align=\"center\">\n<tbody>\n<tr>\n<td style=\"width: 25%; border-color: black; border-style: solid; border-width: 1px;\"><a title=\"&lt;strong&gt;Blick \u00fcber die K\u00fcste von San Cristobal&lt;\/strong&gt;&lt;br\/&gt;&lt;br\/&gt;&lt;span style=&quot;font-size:85%;color:#949494&quot;&gt;[Bild-Id: 8675]&lt;\/span&gt;\" href=\"http:\/\/foto-passion.com\/wp-content\/gallery\/galapagos\/311012_12k_dsc06156.jpg\" rel=\"lightbox[35]\"><img loading=\"lazy\" class=\"ngg-singlepic ngg-none aligncenter\" title=\"Blick \u00fcber die K\u00fcste von San Cristobal\" alt=\"Blick \u00fcber die K\u00fcste von San Cristobal\" src=\"http:\/\/foto-passion.com\/wp-content\/gallery\/galapagos\/thumbs\/thumbs_311012_12k_dsc06156.jpg\" width=\"130\" height=\"87\" \/><\/a><\/td>\n<td style=\"width: 25%; border-color: black; border-style: solid; border-width: 1px;\"><a title=\"&lt;strong&gt;Die Palo Santo-B\u00e4ume verlieren in der trockenen Jahreszeit ihre Bl\u00e4tter&lt;\/strong&gt;&lt;br\/&gt;&lt;br\/&gt;&lt;span style=&quot;font-size:85%;color:#949494&quot;&gt;[Bild-Id: 8963]&lt;\/span&gt;\" href=\"http:\/\/foto-passion.com\/wp-content\/gallery\/galapagos\/311012_12k_dsc06162.jpg\" rel=\"lightbox[35]\"><img loading=\"lazy\" class=\"ngg-singlepic ngg-none aligncenter\" title=\"Die Palo Santo-B\u00e4ume verlieren in der trockenen Jahreszeit ihre Bl\u00e4tter\" alt=\"Die Palo Santo-B\u00e4ume verlieren in der trockenen Jahreszeit ihre Bl\u00e4tter\" src=\"http:\/\/foto-passion.com\/wp-content\/gallery\/galapagos\/thumbs\/thumbs_311012_12k_dsc06162.jpg\" width=\"130\" height=\"87\" \/><\/a><\/td>\n<td style=\"width: 25%; border-color: black; border-style: solid; border-width: 1px;\"><a title=\"&lt;strong&gt;Blick auf den Leon Dormido - den schlafenden L\u00f6wen&lt;\/strong&gt;&lt;br\/&gt;&lt;br\/&gt;&lt;span style=&quot;font-size:85%;color:#949494&quot;&gt;[Bild-Id: 8846]&lt;\/span&gt;\" href=\"http:\/\/foto-passion.com\/wp-content\/gallery\/galapagos\/311012_11u_dsc06762.jpg\" rel=\"lightbox[35]\"><img loading=\"lazy\" class=\"ngg-singlepic ngg-none aligncenter\" title=\"Blick auf den Leon Dormido - den schlafenden L\u00f6wen\" alt=\"Blick auf den Leon Dormido - den schlafenden L\u00f6wen\" src=\"http:\/\/foto-passion.com\/wp-content\/gallery\/galapagos\/thumbs\/thumbs_311012_11u_dsc06762.jpg\" width=\"130\" height=\"87\" \/><\/a><\/td>\n<td style=\"width: 25%; border-color: black; border-style: solid; border-width: 1px;\"><a title=\"&lt;strong&gt;K\u00fcste von San Cristobal&lt;\/strong&gt;&lt;br\/&gt;&lt;br\/&gt;&lt;span style=&quot;font-size:85%;color:#949494&quot;&gt;[Bild-Id: 8847]&lt;\/span&gt;\" href=\"http:\/\/foto-passion.com\/wp-content\/gallery\/galapagos\/011112_10k_dsc06303.jpg\" rel=\"lightbox[35]\"><img loading=\"lazy\" class=\"ngg-singlepic ngg-none aligncenter\" title=\"K\u00fcste von San Cristobal\" alt=\"K\u00fcste von San Cristobal\" src=\"http:\/\/foto-passion.com\/wp-content\/gallery\/galapagos\/thumbs\/thumbs_011112_10k_dsc06303.jpg\" width=\"130\" height=\"87\" \/><\/a><\/td>\n<\/tr>\n<\/tbody>\n<\/table>\n<p style=\"text-align: justify;\"><span style=\"font-family: arial, helvetica, sans-serif; font-size: 16px;\">Als wir endlich am Ziel sind, sehen wir schon einige Meeresschildkr\u00f6ten, die von Zeit zu Zeit ihren Kopf zum Luftholen aus dem Wasser strecken. Richtig gro\u00dfe Exemplare sind dabei. Am Strand, zwischen den Lavasteinen nimmt gerade eine Schlange Rei\u00dfaus. Lavaechsen springen munter von Lavastein zu Lavastein. Blaufu\u00dft\u00f6lpel und Pelikane st\u00fcrzen sich im Sturzflug kopf\u00fcber zur Jagd nach Fischen ins Wasser.<\/span><\/p>\n<table style=\"width: 100%;\" border=\"0\" align=\"center\">\n<tbody>\n<tr>\n<td style=\"width: 25%; border-color: black; border-style: solid; border-width: 1px;\"><a title=\"&lt;strong&gt;Traumhafter Strand - den wir nur mit den Seel\u00f6wen teilen m\u00fcssen&lt;\/strong&gt;&lt;br\/&gt;&lt;br\/&gt;&lt;span style=&quot;font-size:85%;color:#949494&quot;&gt;[Bild-Id: 8869]&lt;\/span&gt;\" href=\"http:\/\/foto-passion.com\/wp-content\/gallery\/galapagos\/311012_12k_dsc06170.jpg\" rel=\"lightbox[36]\"><img loading=\"lazy\" class=\"ngg-singlepic ngg-none aligncenter\" title=\"Traumhafter Strand - den wir nur mit den Seel\u00f6wen teilen m\u00fcssen\" alt=\"Traumhafter Strand - den wir nur mit den Seel\u00f6wen teilen m\u00fcssen\" src=\"http:\/\/foto-passion.com\/wp-content\/gallery\/galapagos\/thumbs\/thumbs_311012_12k_dsc06170.jpg\" width=\"130\" height=\"87\" \/><\/a><\/td>\n<td style=\"width: 25%; border-color: black; border-style: solid; border-width: 1px;\"><a title=\"&lt;strong&gt;Ungew\u00f6hnliche Strandnachbarn - Gal\u00e1pagos-Seel\u00f6wen (Zalophus wollebaeki)&lt;\/strong&gt;&lt;br\/&gt;&lt;br\/&gt;&lt;span style=&quot;font-size:85%;color:#949494&quot;&gt;[Bild-Id: 8792]&lt;\/span&gt;\" href=\"http:\/\/foto-passion.com\/wp-content\/gallery\/galapagos\/311012_12k_dsc06167.jpg\" rel=\"lightbox[36]\"><img loading=\"lazy\" class=\"ngg-singlepic ngg-none aligncenter\" title=\"Ungew\u00f6hnliche Strandnachbarn - Gal\u00e1pagos-Seel\u00f6wen (Zalophus wollebaeki)\" alt=\"Ungew\u00f6hnliche Strandnachbarn - Gal\u00e1pagos-Seel\u00f6wen (Zalophus wollebaeki)\" src=\"http:\/\/foto-passion.com\/wp-content\/gallery\/galapagos\/thumbs\/thumbs_311012_12k_dsc06167.jpg\" width=\"130\" height=\"87\" \/><\/a><\/td>\n<td style=\"width: 25%; border-color: black; border-style: solid; border-width: 1px;\"><a title=\"&lt;strong&gt;Idyllische Bucht mit feinem Sandstrand - San Cristobal&lt;\/strong&gt;&lt;br\/&gt;&lt;br\/&gt;&lt;span style=&quot;font-size:85%;color:#949494&quot;&gt;[Bild-Id: 8889]&lt;\/span&gt;\" href=\"http:\/\/foto-passion.com\/wp-content\/gallery\/galapagos\/311012_12k_dsc06180.jpg\" rel=\"lightbox[36]\"><img loading=\"lazy\" class=\"ngg-singlepic ngg-none aligncenter\" title=\"Idyllische Bucht mit feinem Sandstrand - San Cristobal\" alt=\"Idyllische Bucht mit feinem Sandstrand - San Cristobal\" src=\"http:\/\/foto-passion.com\/wp-content\/gallery\/galapagos\/thumbs\/thumbs_311012_12k_dsc06180.jpg\" width=\"130\" height=\"87\" \/><\/a><\/td>\n<td style=\"width: 25%; border-color: black; border-style: solid; border-width: 1px;\"><a title=\"&lt;strong&gt;Schwimmen mit Seel\u00f6wen - Bucht auf der Insel San Cristobal&lt;\/strong&gt;&lt;br\/&gt;&lt;br\/&gt;&lt;span style=&quot;font-size:85%;color:#949494&quot;&gt;[Bild-Id: 8979]&lt;\/span&gt;\" href=\"http:\/\/foto-passion.com\/wp-content\/gallery\/galapagos\/311012_12k_dsc06181.jpg\" rel=\"lightbox[36]\"><img loading=\"lazy\" class=\"ngg-singlepic ngg-none aligncenter\" title=\"Schwimmen mit Seel\u00f6wen - Bucht auf der Insel San Cristobal\" alt=\"Schwimmen mit Seel\u00f6wen - Bucht auf der Insel San Cristobal\" src=\"http:\/\/foto-passion.com\/wp-content\/gallery\/galapagos\/thumbs\/thumbs_311012_12k_dsc06181.jpg\" width=\"130\" height=\"87\" \/><\/a><\/td>\n<\/tr>\n<\/tbody>\n<\/table>\n<table style=\"width: 100%;\" border=\"0\" align=\"center\">\n<tbody>\n<tr>\n<td style=\"width: 25%; border-color: black; border-style: solid; border-width: 1px;\"><a title=\"&lt;strong&gt;Verwildertes Hausk\u00e4tzchen&lt;\/strong&gt;&lt;br\/&gt;&lt;br\/&gt;&lt;span style=&quot;font-size:85%;color:#949494&quot;&gt;[Bild-Id: 8961]&lt;\/span&gt;\" href=\"http:\/\/foto-passion.com\/wp-content\/gallery\/galapagos\/011112_12k_dsc07252.jpg\" rel=\"lightbox[36]\"><img loading=\"lazy\" class=\"ngg-singlepic ngg-none aligncenter\" title=\"Verwildertes Hausk\u00e4tzchen\" alt=\"Verwildertes Hausk\u00e4tzchen\" src=\"http:\/\/foto-passion.com\/wp-content\/gallery\/galapagos\/thumbs\/thumbs_011112_12k_dsc07252.jpg\" width=\"130\" height=\"87\" \/><\/a><\/td>\n<td style=\"width: 25%; border-color: black; border-style: solid; border-width: 1px;\"><a title=\"&lt;strong&gt;Blaufu\u00dft\u00f6lpel (Sula nebouxii)&lt;\/strong&gt;&lt;br\/&gt;&lt;br\/&gt;&lt;span style=&quot;font-size:85%;color:#949494&quot;&gt;[Bild-Id: 8729]&lt;\/span&gt;\" href=\"http:\/\/foto-passion.com\/wp-content\/gallery\/galapagos\/011112_10k_dsc06301.jpg\" rel=\"lightbox[36]\"><img loading=\"lazy\" class=\"ngg-singlepic ngg-none aligncenter\" title=\"Blaufu\u00dft\u00f6lpel (Sula nebouxii)\" alt=\"Blaufu\u00dft\u00f6lpel (Sula nebouxii)\" src=\"http:\/\/foto-passion.com\/wp-content\/gallery\/galapagos\/thumbs\/thumbs_011112_10k_dsc06301.jpg\" width=\"130\" height=\"87\" \/><\/a><\/td>\n<td style=\"width: 25%; border-color: black; border-style: solid; border-width: 1px;\"><a title=\"&lt;strong&gt;Angeregtes Gespr\u00e4ch zwischen Blaufu\u00dft\u00f6lpeln (Sula nebouxii)&lt;\/strong&gt;&lt;br\/&gt;&lt;br\/&gt;&lt;span style=&quot;font-size:85%;color:#949494&quot;&gt;[Bild-Id: 8890]&lt;\/span&gt;\" href=\"http:\/\/foto-passion.com\/wp-content\/gallery\/galapagos\/011112_10k_dsc06352.jpg\" rel=\"lightbox[36]\"><img loading=\"lazy\" class=\"ngg-singlepic ngg-none aligncenter\" title=\"Angeregtes Gespr\u00e4ch zwischen Blaufu\u00dft\u00f6lpeln (Sula nebouxii)\" alt=\"Angeregtes Gespr\u00e4ch zwischen Blaufu\u00dft\u00f6lpeln (Sula nebouxii)\" src=\"http:\/\/foto-passion.com\/wp-content\/gallery\/galapagos\/thumbs\/thumbs_011112_10k_dsc06352.jpg\" width=\"130\" height=\"87\" \/><\/a><\/td>\n<td style=\"width: 25%; border-color: black; border-style: solid; border-width: 1px;\"><a title=\"&lt;strong&gt;Malerischer Sonnenuntergang&lt;\/strong&gt;&lt;br\/&gt;&lt;br\/&gt;&lt;span style=&quot;font-size:85%;color:#949494&quot;&gt;[Bild-Id: 8989]&lt;\/span&gt;\" href=\"http:\/\/foto-passion.com\/wp-content\/gallery\/galapagos\/311012_12k_dsc06192.jpg\" rel=\"lightbox[36]\"><img loading=\"lazy\" class=\"ngg-singlepic ngg-none aligncenter\" title=\"Malerischer Sonnenuntergang\" alt=\"Malerischer Sonnenuntergang\" src=\"http:\/\/foto-passion.com\/wp-content\/gallery\/galapagos\/thumbs\/thumbs_311012_12k_dsc06192.jpg\" width=\"130\" height=\"87\" \/><\/a><\/td>\n<\/tr>\n<\/tbody>\n<\/table>\n<p style=\"text-align: justify;\"><span style=\"font-family: arial, helvetica, sans-serif; font-size: 16px;\">In den D\u00fcnen entdecken wir ein junges K\u00e4tzchen, das zwar die Zeichnung einer Wildkatze hat, aber wohl doch eher eine verwilderte Hauskatze ist. Am Strand liegen unz\u00e4hlige Seel\u00f6wen. Zum Teil sehen sie aus wie panierte W\u00fcrstchen, denn sich nach dem Bad im Sand zu w\u00e4lzen ist ihre gro\u00dfe Freude. \u00dcberall jaulen die Heuler nach ihren M\u00fcttern und immer, wenn die M\u00fctter vom Fischen zur\u00fcckkehren, wird erst einmal ges\u00e4ugt. Dann h\u00f6rt man das Schmatzen der Jungen. Fremde Jungtiere werden durch die M\u00fctter und gr\u00f6\u00dferen Geschwister aber ziemlich rabiat weggebissen.<\/span><\/p>\n<table style=\"width: 100%;\" border=\"0\" align=\"center\">\n<tbody>\n<tr>\n<td style=\"width: 25%; border-color: black; border-style: solid; border-width: 1px;\"><a title=\"&lt;strong&gt;Komm Kuscheln - Gal\u00e1pagos-Seel\u00f6wen (Zalophus wollebaeki)&lt;\/strong&gt;&lt;br\/&gt;&lt;br\/&gt;&lt;span style=&quot;font-size:85%;color:#949494&quot;&gt;[Bild-Id: 9000]&lt;\/span&gt;\" href=\"http:\/\/foto-passion.com\/wp-content\/gallery\/galapagos\/011112_12k_dsc07233.jpg\" rel=\"lightbox[37]\"><img loading=\"lazy\" class=\"ngg-singlepic ngg-none aligncenter\" title=\"Komm Kuscheln - Gal\u00e1pagos-Seel\u00f6wen (Zalophus wollebaeki)\" alt=\"Komm Kuscheln - Gal\u00e1pagos-Seel\u00f6wen (Zalophus wollebaeki)\" src=\"http:\/\/foto-passion.com\/wp-content\/gallery\/galapagos\/thumbs\/thumbs_011112_12k_dsc07233.jpg\" width=\"130\" height=\"87\" \/><\/a><\/td>\n<td style=\"width: 25%; border-color: black; border-style: solid; border-width: 1px;\"><a title=\"&lt;strong&gt;Dem geh\u00f6rt der ganze Strand bzw. der Harem hier - Gal\u00e1pagos-Seel\u00f6we (Zalophus wollebaeki)&lt;\/strong&gt;&lt;br\/&gt;&lt;br\/&gt;&lt;span style=&quot;font-size:85%;color:#949494&quot;&gt;[Bild-Id: 8734]&lt;\/span&gt;\" href=\"http:\/\/foto-passion.com\/wp-content\/gallery\/galapagos\/011112_12k_dsc07248.jpg\" rel=\"lightbox[37]\"><img loading=\"lazy\" class=\"ngg-singlepic ngg-none aligncenter\" title=\"Dem geh\u00f6rt der ganze Strand bzw. der Harem hier - Gal\u00e1pagos-Seel\u00f6we (Zalophus wollebaeki)\" alt=\"Dem geh\u00f6rt der ganze Strand bzw. der Harem hier - Gal\u00e1pagos-Seel\u00f6we (Zalophus wollebaeki)\" src=\"http:\/\/foto-passion.com\/wp-content\/gallery\/galapagos\/thumbs\/thumbs_011112_12k_dsc07248.jpg\" width=\"130\" height=\"87\" \/><\/a><\/td>\n<td style=\"width: 25%; border-color: black; border-style: solid; border-width: 1px;\"><a title=\"&lt;strong&gt;Keiner spielt mit mir - Gal\u00e1pagos-Seel\u00f6wenbaby (Zalophus wollebaeki)&lt;\/strong&gt;&lt;br\/&gt;&lt;br\/&gt;&lt;span style=&quot;font-size:85%;color:#949494&quot;&gt;[Bild-Id: 8681]&lt;\/span&gt;\" href=\"http:\/\/foto-passion.com\/wp-content\/gallery\/galapagos\/011112_12k_dsc07258.jpg\" rel=\"lightbox[37]\"><img loading=\"lazy\" class=\"ngg-singlepic ngg-none aligncenter\" title=\"Keiner spielt mit mir - Gal\u00e1pagos-Seel\u00f6wenbaby (Zalophus wollebaeki)\" alt=\"Keiner spielt mit mir - Gal\u00e1pagos-Seel\u00f6wenbaby (Zalophus wollebaeki)\" src=\"http:\/\/foto-passion.com\/wp-content\/gallery\/galapagos\/thumbs\/thumbs_011112_12k_dsc07258.jpg\" width=\"130\" height=\"87\" \/><\/a><\/td>\n<td style=\"width: 25%; border-color: black; border-style: solid; border-width: 1px;\"><a title=\"&lt;strong&gt;Genie\u00dfer - Gal\u00e1pagos-Seel\u00f6we (Zalophus wollebaeki)&lt;\/strong&gt;&lt;br\/&gt;&lt;br\/&gt;&lt;span style=&quot;font-size:85%;color:#949494&quot;&gt;[Bild-Id: 8891]&lt;\/span&gt;\" href=\"http:\/\/foto-passion.com\/wp-content\/gallery\/galapagos\/011112_12k_dsc07220.jpg\" rel=\"lightbox[37]\"><img loading=\"lazy\" class=\"ngg-singlepic ngg-none aligncenter\" title=\"Genie\u00dfer - Gal\u00e1pagos-Seel\u00f6we (Zalophus wollebaeki)\" alt=\"Genie\u00dfer - Gal\u00e1pagos-Seel\u00f6we (Zalophus wollebaeki)\" src=\"http:\/\/foto-passion.com\/wp-content\/gallery\/galapagos\/thumbs\/thumbs_011112_12k_dsc07220.jpg\" width=\"130\" height=\"87\" \/><\/a><\/td>\n<\/tr>\n<\/tbody>\n<\/table>\n<p style=\"text-align: justify;\"><span style=\"font-family: arial, helvetica, sans-serif; font-size: 16px;\">Wir verbringen ein paar interessante Stunden an diesem Strand, bevor wir abends den R\u00fcckweg antreten. Im Ort ist heute Party. Schon von weitem k\u00f6nnen wir die Musik h\u00f6ren. Bei leckerer Pizza folgen wir den kulturellen Darbietungen auf einer B\u00fchne direkt vor dem Restaurant. Anschlie\u00dfend m\u00fcssen wir noch unsere Sachen zusammenpacken, denn morgen Fr\u00fch bringt uns die F\u00e4hre zur\u00fcck nach Santa Cruz.<\/span><\/p>\n<hr style=\"height: 1px; width: 30%;\" size=\"1\" width=\"30%\" \/>\n<p style=\"text-align: justify;\"><strong><span style=\"font-family: arial, helvetica, sans-serif; font-size: 16px;\">02.11.2012\u00a0\u00a0\u00a0\u00a0\u00a0 San Crist\u00f3bal &#8211; Santa Cruz<\/span><\/strong><\/p>\n<p style=\"text-align: justify;\"><span style=\"font-family: arial, helvetica, sans-serif; font-size: 16px;\">Um 7 Uhr startet die F\u00e4hre nach Santa Cruz. Wieder ist sie bis auf den letzten Platz belegt, doch heute ist die offene Sitzfl\u00e4che mit einer Plane vor dem Spritzwasser gesch\u00fctzt. So bleiben die Passagiere trocken. Nach einer Stunde Fahrzeit passieren wir die Insel Santa Fe, doch die liegt heute im Nebel. Im Hafen von Santa Cruz erwartet uns schon die Agraraufsicht. Die sind ganz scharf auf die Banderole an allen Gep\u00e4ckst\u00fccken. Ohne Wartezeit bekommen wir am Hafen ein Taxi, das uns ins Hotel &#8222;Silberstein&#8220; bringt. Hier m\u00fcssen wir noch ein wenig auf unser Zimmer warten, doch diese Zeit nutzen wir schon mal f\u00fcr ein Fr\u00fchst\u00fcck, denn heute Morgen blieb der Magen leer.<\/span><\/p>\n<p style=\"text-align: justify;\"><span style=\"font-family: arial, helvetica, sans-serif; font-size: 16px;\">Anschlie\u00dfend unternehmen wir eine Fahrt ins Hochland. In einem gesch\u00fctzten Gebiet gibt es noch eine gro\u00dfe Anzahl von Gal\u00e1pagos-Schildkr\u00f6ten und die m\u00f6chten wir besichtigen. Heute passt das Wetter genau zu dem wundersch\u00f6nen Hochlandregenwald mit den vielen Scalesien, Farnen, Flechten, Moosen und Orchideen.<\/span><\/p>\n<table style=\"width: 100%;\" border=\"0\" align=\"center\">\n<tbody>\n<tr>\n<td style=\"width: 25%; border-color: black; border-style: solid; border-width: 1px;\"><a title=\"&lt;strong&gt;Einer der Zwillingskrater der &quot;Los Gemelos&quot; - Santa Cruz&lt;\/strong&gt;&lt;br\/&gt;&lt;br\/&gt;&lt;span style=&quot;font-size:85%;color:#949494&quot;&gt;[Bild-Id: 8678]&lt;\/span&gt;\" href=\"http:\/\/foto-passion.com\/wp-content\/gallery\/galapagos\/021112_09u_dsc07238.jpg\" rel=\"lightbox[38]\"><img loading=\"lazy\" class=\"ngg-singlepic ngg-none aligncenter\" title=\"Einer der Zwillingskrater der \" alt=\"Einer der Zwillingskrater der \" src=\"http:\/\/foto-passion.com\/wp-content\/gallery\/galapagos\/thumbs\/thumbs_021112_09u_dsc07238.jpg\" width=\"130\" height=\"87\" \/><\/a><\/td>\n<td style=\"width: 25%; border-color: black; border-style: solid; border-width: 1px;\"><a title=\"&lt;strong&gt;Die B\u00e4ume h\u00e4ngen voller Moose und Flechten&lt;\/strong&gt;&lt;br\/&gt;&lt;br\/&gt;&lt;span style=&quot;font-size:85%;color:#949494&quot;&gt;[Bild-Id: 8946]&lt;\/span&gt;\" href=\"http:\/\/foto-passion.com\/wp-content\/gallery\/galapagos\/021112_12k_dsc06527.jpg\" rel=\"lightbox[38]\"><img loading=\"lazy\" class=\"ngg-singlepic ngg-none aligncenter\" title=\"Die B\u00e4ume h\u00e4ngen voller Moose und Flechten\" alt=\"Die B\u00e4ume h\u00e4ngen voller Moose und Flechten\" src=\"http:\/\/foto-passion.com\/wp-content\/gallery\/galapagos\/thumbs\/thumbs_021112_12k_dsc06527.jpg\" width=\"130\" height=\"87\" \/><\/a><\/td>\n<td style=\"width: 25%; border-color: black; border-style: solid; border-width: 1px;\"><a title=\"&lt;strong&gt;Die B\u00e4ume sind dicht mit Flechten behangen&lt;\/strong&gt;&lt;br\/&gt;&lt;br\/&gt;&lt;span style=&quot;font-size:85%;color:#949494&quot;&gt;[Bild-Id: 8789]&lt;\/span&gt;\" href=\"http:\/\/foto-passion.com\/wp-content\/gallery\/galapagos\/021112_12k_dsc06521.jpg\" rel=\"lightbox[38]\"><img loading=\"lazy\" class=\"ngg-singlepic ngg-none aligncenter\" title=\"Die B\u00e4ume sind dicht mit Flechten behangen\" alt=\"Die B\u00e4ume sind dicht mit Flechten behangen\" src=\"http:\/\/foto-passion.com\/wp-content\/gallery\/galapagos\/thumbs\/thumbs_021112_12k_dsc06521.jpg\" width=\"130\" height=\"87\" \/><\/a><\/td>\n<td style=\"width: 25%; border-color: black; border-style: solid; border-width: 1px;\"><a title=\"&lt;strong&gt;Die B\u00e4ume sind dicht mit Flechten, Moosen. Farnen und Orchideen behangen&lt;\/strong&gt;&lt;br\/&gt;&lt;br\/&gt;&lt;span style=&quot;font-size:85%;color:#949494&quot;&gt;[Bild-Id: 8708]&lt;\/span&gt;\" href=\"http:\/\/foto-passion.com\/wp-content\/gallery\/galapagos\/021112_12k_dsc06483.jpg\" rel=\"lightbox[38]\"><img loading=\"lazy\" class=\"ngg-singlepic ngg-none aligncenter\" title=\"Die B\u00e4ume sind dicht mit Flechten, Moosen. Farnen und Orchideen behangen\" alt=\"Die B\u00e4ume sind dicht mit Flechten, Moosen. Farnen und Orchideen behangen\" src=\"http:\/\/foto-passion.com\/wp-content\/gallery\/galapagos\/thumbs\/thumbs_021112_12k_dsc06483.jpg\" width=\"130\" height=\"87\" \/><\/a><\/td>\n<\/tr>\n<\/tbody>\n<\/table>\n<p style=\"text-align: justify;\"><span style=\"font-family: arial, helvetica, sans-serif; font-size: 16px;\">Im Hochland h\u00e4ngt der Nebel tieft und es nieselt leicht. Schon auf dem Weg zum Schutzgebiet treffen wir auf die ersten Riesenschildkr\u00f6ten, die gem\u00e4chlich am Stra\u00dfenrand fressen. In der Station bekommen wir erst einmal Gummistiefel geliehen. Eine gute Idee, wie sich herausstellen soll. Als wir querfeldein \u00fcber die Wiese stapfen, treffen wir auch schon auf die ersten riesengro\u00dfen Riesenschildkr\u00f6ten. Als ob sie einen eingebauten Distanzmesser haben, fauchen sie emp\u00f6rt und ziehen den Kopf ein, wenn man den vorgegebenen Mindestabstand von zwei Metern unterschreitet. Also akzeptieren wir ihre Privatsph\u00e4re und schauen ihnen entz\u00fcckt beim Fressen zu. In einem gro\u00dfen lehmigen T\u00fcmpel liegen Tiere und baden sich. Man fragt sich, wie die aus dem Schlamm wieder rauskommen wollen. Auf Schritt und Tritt gibt es hier Riesenschildkr\u00f6ten \u2013 ganz gro\u00dfe und auch kleine Exemplare. Als wir uns mit so ziemlich allen pers\u00f6nlich bekannt gemacht haben, gilt es, die Gummistiefel wieder abzuwaschen und den Eintritt von 3 USD zu zahlen. Kein Verm\u00f6gen, f\u00fcr diesen Naturschatz.<\/span><\/p>\n<table style=\"width: 100%;\" border=\"0\" align=\"center\">\n<tbody>\n<tr>\n<td style=\"width: 25%; border-color: black; border-style: solid; border-width: 1px;\"><a title=\"&lt;strong&gt;Seltene Begegnung mitten auf der Stra\u00dfe - eine Gal\u00e1pagos-Riesenschildkr\u00f6te (Chelonoidis nigra) hat nat\u00fcrlich Vorfahrt&lt;\/strong&gt;&lt;br\/&gt;&lt;br\/&gt;&lt;span style=&quot;font-size:85%;color:#949494&quot;&gt;[Bild-Id: 8905]&lt;\/span&gt;\" href=\"http:\/\/foto-passion.com\/wp-content\/gallery\/galapagos\/021112_12k_dsc06376.jpg\" rel=\"lightbox[39]\"><img loading=\"lazy\" class=\"ngg-singlepic ngg-none aligncenter\" title=\"Seltene Begegnung mitten auf der Stra\u00dfe - eine Gal\u00e1pagos-Riesenschildkr\u00f6te (Chelonoidis nigra) hat nat\u00fcrlich Vorfahrt\" alt=\"Seltene Begegnung mitten auf der Stra\u00dfe - eine Gal\u00e1pagos-Riesenschildkr\u00f6te (Chelonoidis nigra) hat nat\u00fcrlich Vorfahrt\" src=\"http:\/\/foto-passion.com\/wp-content\/gallery\/galapagos\/thumbs\/thumbs_021112_12k_dsc06376.jpg\" width=\"130\" height=\"87\" \/><\/a><\/td>\n<td style=\"width: 25%; border-color: black; border-style: solid; border-width: 1px;\"><a title=\"&lt;strong&gt;Ein wenig wie ET - Gal\u00e1pagos-Riesenschildkr\u00f6te (Chelonoidis nigra)&lt;\/strong&gt;&lt;br\/&gt;&lt;br\/&gt;&lt;span style=&quot;font-size:85%;color:#949494&quot;&gt;[Bild-Id: 8906]&lt;\/span&gt;\" href=\"http:\/\/foto-passion.com\/wp-content\/gallery\/galapagos\/021112_10k_dsc07332.jpg\" rel=\"lightbox[39]\"><img loading=\"lazy\" class=\"ngg-singlepic ngg-none aligncenter\" title=\"Ein wenig wie ET - Gal\u00e1pagos-Riesenschildkr\u00f6te (Chelonoidis nigra)\" alt=\"Ein wenig wie ET - Gal\u00e1pagos-Riesenschildkr\u00f6te (Chelonoidis nigra)\" src=\"http:\/\/foto-passion.com\/wp-content\/gallery\/galapagos\/thumbs\/thumbs_021112_10k_dsc07332.jpg\" width=\"130\" height=\"87\" \/><\/a><\/td>\n<td style=\"width: 25%; border-color: black; border-style: solid; border-width: 1px;\"><a title=\"&lt;strong&gt;Gal\u00e1pagos-Riesenschildkr\u00f6ten(Chelonoidis nigra)&lt;\/strong&gt;&lt;br\/&gt;&lt;br\/&gt;&lt;span style=&quot;font-size:85%;color:#949494&quot;&gt;[Bild-Id: 8903]&lt;\/span&gt;\" href=\"http:\/\/foto-passion.com\/wp-content\/gallery\/galapagos\/021112_12k_dsc06412.jpg\" rel=\"lightbox[39]\"><img loading=\"lazy\" class=\"ngg-singlepic ngg-none aligncenter\" title=\"Gal\u00e1pagos-Riesenschildkr\u00f6ten(Chelonoidis nigra)\" alt=\"Gal\u00e1pagos-Riesenschildkr\u00f6ten(Chelonoidis nigra)\" src=\"http:\/\/foto-passion.com\/wp-content\/gallery\/galapagos\/thumbs\/thumbs_021112_12k_dsc06412.jpg\" width=\"130\" height=\"87\" \/><\/a><\/td>\n<td style=\"width: 25%; border-color: black; border-style: solid; border-width: 1px;\"><a title=\"&lt;strong&gt;Gal\u00e1pagos-Riesenschildkr\u00f6ten nehmen ein Bad (Chelonoidis nigra)&lt;\/strong&gt;&lt;br\/&gt;&lt;br\/&gt;&lt;span style=&quot;font-size:85%;color:#949494&quot;&gt;[Bild-Id: 8924]&lt;\/span&gt;\" href=\"http:\/\/foto-passion.com\/wp-content\/gallery\/galapagos\/021112_12k_dsc06431.jpg\" rel=\"lightbox[39]\"><img loading=\"lazy\" class=\"ngg-singlepic ngg-none aligncenter\" title=\"Gal\u00e1pagos-Riesenschildkr\u00f6ten nehmen ein Bad (Chelonoidis nigra)\" alt=\"Gal\u00e1pagos-Riesenschildkr\u00f6ten nehmen ein Bad (Chelonoidis nigra)\" src=\"http:\/\/foto-passion.com\/wp-content\/gallery\/galapagos\/thumbs\/thumbs_021112_12k_dsc06431.jpg\" width=\"130\" height=\"87\" \/><\/a><\/td>\n<\/tr>\n<\/tbody>\n<\/table>\n<p style=\"text-align: justify;\"><span style=\"font-family: arial, helvetica, sans-serif; font-size: 16px;\">Wir fahren weiter zu den &#8222;Los Gemelos&#8220;, den Zwillingskratern im Hochland. Diese Krater sind mit dichter Regenwaldvegetation bewachsen und befinden sich rechts und links der Stra\u00dfe. Um einen der Krater f\u00fchrt ein Wanderweg und an beiden Kratern gibt es Aussichtspunkte. Es ist sch\u00f6n hier. \u00dcberhaupt gef\u00e4llt uns das Hochland sehr gut.<\/span><\/p>\n<table style=\"width: 100%;\" border=\"0\" align=\"center\">\n<tbody>\n<tr>\n<td style=\"width: 25%; border-color: black; border-style: solid; border-width: 1px;\"><a title=\"&lt;strong&gt;Einer der beiden Zwillingskrater der &quot;Los Gemelos&quot; - Santa Cruz&lt;\/strong&gt;&lt;br\/&gt;&lt;br\/&gt;&lt;span style=&quot;font-size:85%;color:#949494&quot;&gt;[Bild-Id: 8928]&lt;\/span&gt;\" href=\"http:\/\/foto-passion.com\/wp-content\/gallery\/galapagos\/021112_09u_dsc06962dri.jpg\" rel=\"lightbox[40]\"><img loading=\"lazy\" class=\"ngg-singlepic ngg-none aligncenter\" title=\"Einer der beiden Zwillingskrater der \" alt=\"Einer der beiden Zwillingskrater der \" src=\"http:\/\/foto-passion.com\/wp-content\/gallery\/galapagos\/thumbs\/thumbs_021112_09u_dsc06962dri.jpg\" width=\"130\" height=\"87\" \/><\/a><\/td>\n<td style=\"width: 25%; border-color: black; border-style: solid; border-width: 1px;\"><a title=\"&lt;strong&gt;Einer der beiden Zwillingskrater der &quot;Los Gemelos&quot; - Santa Cruz&lt;\/strong&gt;&lt;br\/&gt;&lt;br\/&gt;&lt;span style=&quot;font-size:85%;color:#949494&quot;&gt;[Bild-Id: 8959]&lt;\/span&gt;\" href=\"http:\/\/foto-passion.com\/wp-content\/gallery\/galapagos\/021112_12k_dsc06470.jpg\" rel=\"lightbox[40]\"><img loading=\"lazy\" class=\"ngg-singlepic ngg-none aligncenter\" title=\"Einer der beiden Zwillingskrater der \" alt=\"Einer der beiden Zwillingskrater der \" src=\"http:\/\/foto-passion.com\/wp-content\/gallery\/galapagos\/thumbs\/thumbs_021112_12k_dsc06470.jpg\" width=\"130\" height=\"87\" \/><\/a><\/td>\n<td style=\"width: 25%; border-color: black; border-style: solid; border-width: 1px;\"><a title=\"&lt;strong&gt;Blick in den Krater der &quot;Los Gemelos&quot;&lt;\/strong&gt;&lt;br\/&gt;&lt;br\/&gt;&lt;span style=&quot;font-size:85%;color:#949494&quot;&gt;[Bild-Id: 8794]&lt;\/span&gt;\" href=\"http:\/\/foto-passion.com\/wp-content\/gallery\/galapagos\/021112_09u_dsc07193dri.jpg\" rel=\"lightbox[40]\"><img loading=\"lazy\" class=\"ngg-singlepic ngg-none aligncenter\" title=\"Blick in den Krater der \" alt=\"Blick in den Krater der \" src=\"http:\/\/foto-passion.com\/wp-content\/gallery\/galapagos\/thumbs\/thumbs_021112_09u_dsc07193dri.jpg\" width=\"130\" height=\"87\" \/><\/a><\/td>\n<td style=\"width: 25%; border-color: black; border-style: solid; border-width: 1px;\"><a title=\"&lt;strong&gt;Nebel zieht \u00fcber den Krater - &quot;Los Gemelos&quot; in Santa Cruz&lt;\/strong&gt;&lt;br\/&gt;&lt;br\/&gt;&lt;span style=&quot;font-size:85%;color:#949494&quot;&gt;[Bild-Id: 8693]&lt;\/span&gt;\" href=\"http:\/\/foto-passion.com\/wp-content\/gallery\/galapagos\/021112_12k_dsc06546.jpg\" rel=\"lightbox[40]\"><img loading=\"lazy\" class=\"ngg-singlepic ngg-none aligncenter\" title=\"Nebel zieht \u00fcber den Krater - \" alt=\"Nebel zieht \u00fcber den Krater - \" src=\"http:\/\/foto-passion.com\/wp-content\/gallery\/galapagos\/thumbs\/thumbs_021112_12k_dsc06546.jpg\" width=\"130\" height=\"87\" \/><\/a><\/td>\n<\/tr>\n<\/tbody>\n<\/table>\n<p style=\"text-align: justify;\"><span style=\"font-family: arial, helvetica, sans-serif; font-size: 16px;\">In den umliegenden Farmen wird auch Kaffee angebaut &#8211; rein \u00f6kologischer Hochlandkaffee. Ein St\u00fcck weiter k\u00f6nnen wir auch gleich sehen, wie die Kaffeebohnen in der Sonne getrocknet werden. Ecuadorianischer Kaffee ist ohnehin f\u00fcr seine besonders aromatische Note bekannt und hier schmeckt er besonders gut. Immer wieder sehen wir auf der Fahrt kleine Kaffeeplantagen. Daneben wird vor allem Obst angebaut. Es gibt Bananen, Papayas, Mangos, Melonen, Orangen, Granat\u00e4pfel und vor allem Guaven. Aus denen wird u. a. Marmelade gemacht, die ziemlich lecker schmeckt.<\/span><\/p>\n<p style=\"text-align: justify;\"><span style=\"font-family: arial, helvetica, sans-serif; font-size: 16px;\">Heute ist Allerheiligen und f\u00fcr die Menschen hier bedeutet das noch, den toten Angeh\u00f6rigen zu gedenken. So pilgern gerade alle auf den Friedhof und es gibt dort richtige gro\u00dfe Partys. Als wir an einem Friedhof in Bellavista vorbei kommen, steht an der Stra\u00dfe Auto an Auto. Erst denken wir an eine Gro\u00dfveranstaltung, dann k\u00f6nnen wir beobachten, dass fast an jedem Grab Angeh\u00f6rige stehen oder sitzen. Manchmal versammelt sich die ganze Gro\u00dffamilie um das Grab. Zum Teil werden sogar St\u00fchle mitgebracht. Gegen\u00fcber laufen schon die Partyvorbereitungen. Ein Festzelt ist aufgebaut, lange Tafeln gerichtet und der Grill angeheizt. Musik gibt es nat\u00fcrlich auch.<\/span><\/p>\n<p style=\"text-align: justify;\"><span style=\"font-family: arial, helvetica, sans-serif; font-size: 16px;\">Zur\u00fcck in Puerto Ayora organisieren wir uns in der Stadt bei der Travel-Agency unseres Vertrauens erst einmal eine Tour f\u00fcr den morgigen Tag. Wir wollen auf die Insel Bartolom\u00e9. Diese Tour zu bekommen ist gar kein Problem. Im &#8222;Il Giordino&#8220; lacht uns leckerer Kuchen an und so genie\u00dfen wir bei Lemon Pie, Kaffee und k\u00f6stlichem Eis den Blick aufs Meer, die kreisenden Fregattv\u00f6gel und die Pelikankolonie in den gegen\u00fcberliegenden Mangroven. Ach ja, die fetzige Mucke nicht zu vergessen, die uns beschallt. Eine Mischung aus Mama Afrika und Reggae, bei der unweigerlich der Fu\u00df wippt. Hier hat man auch nicht das Gef\u00fchl, gleich wieder gehen zu m\u00fcssen und so verbringen wir eine entspannte Zeit. Die Speisekarte des Restaurants kennen wir inzwischen auch schon ganz gut.<\/span><\/p>\n<hr style=\"height: 1px; width: 30%;\" size=\"1\" width=\"30%\" \/>\n<p style=\"text-align: justify;\"><strong><span style=\"font-family: arial, helvetica, sans-serif; font-size: 16px;\">03.11.2012\u00a0\u00a0\u00a0\u00a0\u00a0 Santa Cruz &#8211; Bartolom\u00e9<\/span><\/strong><\/p>\n<p style=\"text-align: justify;\"><span style=\"font-family: arial, helvetica, sans-serif; font-size: 16px;\">Heute Morgen m\u00fcssen wir wieder zeitig raus. Um 6 Uhr werden wir am Hotel abgeholt und mit dem Bus in den Norden gebracht. Hier ankert die Yacht, die uns nach Bartolom\u00e9 bringen wird. Mit uns sind heute nur 8 Personen auf diesem Schiff und so haben wir eine Menge Platz. Es ist sehr entspannt. Kaum an Bord, wird uns erst einmal ein Fr\u00fchst\u00fcck serviert. Es gibt sogar R\u00fchrei &#8211; perfekt auf den Punkt. Dann sucht sich Jeder ein Pl\u00e4tzchen an Bord. Immer wieder k\u00f6nnen wir gro\u00dfe Mantarochen beobachten, die aus dem Meer springen und dabei sogar Loopings drehen. Unser Guide erkl\u00e4rt uns, dass sie damit die Parasiten vertreiben. Auch einen Hai, der direkt am Boot vorbei schwimmt, k\u00f6nnen wir an seiner aus dem Wasser ragenden Finne erkennen. Ich meine au\u00dferdem, einen Delphin gesehen zu haben, bin mir aber nicht ganz sicher. Der Weg bis Bartolom\u00e9 ist verh\u00e4ltnism\u00e4\u00dfig weit und das Meer heute ziemlich rau. Erstaunlicherweise haben wir aber gar keine Probleme damit und sind putzmunter.<\/span><\/p>\n<p style=\"text-align: justify;\"><span style=\"font-family: arial, helvetica, sans-serif; font-size: 16px;\">Endlich sehen wir die unbewohnte Insel Bartolom\u00e9, aber auch viele weitere Yachten, die in der Bucht ankern. Hier sind wir nicht allein. Klar, diese Insel ist ja auch quasi ein &#8222;Muss&#8220; auf einer Gal\u00e1pagosreise.<\/span><\/p>\n<p style=\"text-align: justify;\"><span style=\"font-family: arial, helvetica, sans-serif; font-size: 16px;\">Die kleine, unfruchtbare und unbewohnte Insel Bartolom\u00e9 liegt in der Sullivan Bay leicht \u00f6stlich von <a title=\"San Salvador (Gal\u00e1pagos)\" href=\"http:\/\/de.wikipedia.org\/wiki\/San_Salvador_(Gal%C3%A1pagos)\">San Salvador (Santiago\/James)<\/a> und hat eine Gr\u00f6\u00dfe von 1,2 km\u00b2. Sie ist eine der geologisch j\u00fcngeren <a title=\"Gal\u00e1pagos-Inseln\" href=\"http:\/\/de.wikipedia.org\/wiki\/Gal%C3%A1pagos-Inseln\">Gal\u00e1pagos-Inseln<\/a>. Auf der Insel gibt es einen erloschenen Vulkankrater. Das Wahrzeichen der Insel ist &#8222;Pinnacle Rock&#8220;, eine Felsnadel (spanisch <em>Pin\u00e1culo<\/em>), die sich aus dem Meer erhebt.<\/span><\/p>\n<p style=\"text-align: justify;\"><span style=\"font-family: arial, helvetica, sans-serif; font-size: 16px;\">Trockenen Fu\u00dfes werden wir mit dem Schlauchboot an Land gebracht. Vom ersten Schritt auf der Insel bis zur Kuppe des Vulkankegels wurde ein Holzsteg angelegt, auf dem man bequem \u00fcber das Lavagestein bis zum h\u00f6chsten Punkt der Insel (114 Meter) laufen kann. Von dort hat man einen wundersch\u00f6nen Panoramablick auf den Pinnacle Rock, die Sullivan Bay und die benachbarte Insel Santiago. Auf dem Weg nach oben gibt es mehrere Aussichtsplattformen, von denen aus man vulkanische Formationen betrachten oder einen wunderbaren Ausblick genie\u00dfen kann.<\/span><\/p>\n<table style=\"width: 100%;\" border=\"0\" align=\"center\">\n<tbody>\n<tr>\n<td style=\"width: 25%; border-color: black; border-style: solid; border-width: 1px;\"><a title=\"&lt;strong&gt;Rush hour in der Bucht vor Bartolom\u00e9&lt;\/strong&gt;&lt;br\/&gt;&lt;br\/&gt;&lt;span style=&quot;font-size:85%;color:#949494&quot;&gt;[Bild-Id: 8788]&lt;\/span&gt;\" href=\"http:\/\/foto-passion.com\/wp-content\/gallery\/galapagos\/031112_10k_dsc06652.jpg\" rel=\"lightbox[41]\"><img loading=\"lazy\" class=\"ngg-singlepic ngg-none aligncenter\" title=\"Rush hour in der Bucht vor Bartolom\u00e9\" alt=\"Rush hour in der Bucht vor Bartolom\u00e9\" src=\"http:\/\/foto-passion.com\/wp-content\/gallery\/galapagos\/thumbs\/thumbs_031112_10k_dsc06652.jpg\" width=\"130\" height=\"87\" \/><\/a><\/td>\n<td style=\"width: 25%; border-color: black; border-style: solid; border-width: 1px;\"><a title=\"&lt;strong&gt;Blick auf den unterirdischen Kratersee und den &quot;Pinnacle Rock&quot;, das Wahrzeichen der Insel Bartolome&lt;\/strong&gt;&lt;br\/&gt;&lt;br\/&gt;&lt;span style=&quot;font-size:85%;color:#949494&quot;&gt;[Bild-Id: 8936]&lt;\/span&gt;\" href=\"http:\/\/foto-passion.com\/wp-content\/gallery\/galapagos\/031112_10k_dsc06654.jpg\" rel=\"lightbox[41]\"><img loading=\"lazy\" class=\"ngg-singlepic ngg-none aligncenter\" title=\"Blick auf den unterirdischen Kratersee und den \" alt=\"Blick auf den unterirdischen Kratersee und den \" src=\"http:\/\/foto-passion.com\/wp-content\/gallery\/galapagos\/thumbs\/thumbs_031112_10k_dsc06654.jpg\" width=\"130\" height=\"87\" \/><\/a><\/td>\n<td style=\"width: 25%; border-color: black; border-style: solid; border-width: 1px;\"><a title=\"&lt;strong&gt;Holzsteg auf der Insel Bartolome, der bis zum h\u00f6chsten Punkt der Insel f\u00fchrt&lt;\/strong&gt;&lt;br\/&gt;&lt;br\/&gt;&lt;span style=&quot;font-size:85%;color:#949494&quot;&gt;[Bild-Id: 8892]&lt;\/span&gt;\" href=\"http:\/\/foto-passion.com\/wp-content\/gallery\/galapagos\/031112_10k_dsc06692.jpg\" rel=\"lightbox[41]\"><img loading=\"lazy\" class=\"ngg-singlepic ngg-none aligncenter\" title=\"Holzsteg auf der Insel Bartolome, der bis zum h\u00f6chsten Punkt der Insel f\u00fchrt\" alt=\"Holzsteg auf der Insel Bartolome, der bis zum h\u00f6chsten Punkt der Insel f\u00fchrt\" src=\"http:\/\/foto-passion.com\/wp-content\/gallery\/galapagos\/thumbs\/thumbs_031112_10k_dsc06692.jpg\" width=\"130\" height=\"87\" \/><\/a><\/td>\n<td style=\"width: 25%; border-color: black; border-style: solid; border-width: 1px;\"><a title=\"&lt;strong&gt;Aussicht vom h\u00f6chsten Punkt der Insel Bartolome&lt;\/strong&gt;&lt;br\/&gt;&lt;br\/&gt;&lt;span style=&quot;font-size:85%;color:#949494&quot;&gt;[Bild-Id: 8975]&lt;\/span&gt;\" href=\"http:\/\/foto-passion.com\/wp-content\/gallery\/galapagos\/031112_10k_dsc06769.jpg\" rel=\"lightbox[41]\"><img loading=\"lazy\" class=\"ngg-singlepic ngg-none aligncenter\" title=\"Aussicht vom h\u00f6chsten Punkt der Insel Bartolome\" alt=\"Aussicht vom h\u00f6chsten Punkt der Insel Bartolome\" src=\"http:\/\/foto-passion.com\/wp-content\/gallery\/galapagos\/thumbs\/thumbs_031112_10k_dsc06769.jpg\" width=\"130\" height=\"87\" \/><\/a><\/td>\n<\/tr>\n<\/tbody>\n<\/table>\n<p style=\"text-align: justify;\"><span style=\"font-family: arial, helvetica, sans-serif; font-size: 16px;\">Aufgrund ihres vulkanischen Ursprungs bietet Bartolom\u00e9 die M\u00f6glichkeit, neben einem im Meer versunkenen Krater, sehr unterschiedliche vulkanische Formationen kennen zu lernen. Wir sehen Panhoehoe-Lava, kleine Hornitos (aus dem Spanischen: kleiner Ofen; kaminartige oder schornsteinartige Ausbruchskegel, die nur von dem darunter flie\u00dfenden Lavastrom gespeist werden und nicht von einem tief reichenden Schlot), \u00dcberreste von Lavatunneln und Tuffkegel. Teilweise l\u00e4sst sich noch gut erkennen, wie die Lava geflossen ist.<\/span><\/p>\n<table style=\"width: 100%;\" border=\"0\" align=\"center\">\n<tbody>\n<tr>\n<td style=\"width: 25%; border-color: black; border-style: solid; border-width: 1px;\"><a title=\"&lt;strong&gt;P\u0101hoehoe-Lava oder auch Stricklava auf der Insel Bartolome&lt;\/strong&gt;&lt;br\/&gt;&lt;br\/&gt;&lt;span style=&quot;font-size:85%;color:#949494&quot;&gt;[Bild-Id: 8882]&lt;\/span&gt;\" href=\"http:\/\/foto-passion.com\/wp-content\/gallery\/galapagos\/031112_09u_dsc07322.jpg\" rel=\"lightbox[42]\"><img loading=\"lazy\" class=\"ngg-singlepic ngg-none aligncenter\" title=\"P\u0101hoehoe-Lava oder auch Stricklava auf der Insel Bartolome\" alt=\"P\u0101hoehoe-Lava oder auch Stricklava auf der Insel Bartolome\" src=\"http:\/\/foto-passion.com\/wp-content\/gallery\/galapagos\/thumbs\/thumbs_031112_09u_dsc07322.jpg\" width=\"130\" height=\"87\" \/><\/a><\/td>\n<td style=\"width: 25%; border-color: black; border-style: solid; border-width: 1px;\"><a title=\"&lt;strong&gt;P\u0101hoehoe-Lava oder auch Stricklava auf der Insel Bartolome&lt;\/strong&gt;&lt;br\/&gt;&lt;br\/&gt;&lt;span style=&quot;font-size:85%;color:#949494&quot;&gt;[Bild-Id: 8800]&lt;\/span&gt;\" href=\"http:\/\/foto-passion.com\/wp-content\/gallery\/galapagos\/031112_12k_dsc07557.jpg\" rel=\"lightbox[42]\"><img loading=\"lazy\" class=\"ngg-singlepic ngg-none aligncenter\" title=\"P\u0101hoehoe-Lava oder auch Stricklava auf der Insel Bartolome\" alt=\"P\u0101hoehoe-Lava oder auch Stricklava auf der Insel Bartolome\" src=\"http:\/\/foto-passion.com\/wp-content\/gallery\/galapagos\/thumbs\/thumbs_031112_12k_dsc07557.jpg\" width=\"130\" height=\"87\" \/><\/a><\/td>\n<td style=\"width: 25%; border-color: black; border-style: solid; border-width: 1px;\"><a title=\"&lt;strong&gt;Langsam flie\u00dfende Lava wird auch P\u0101hoehoe-Lava genannt - Insel Bartolome&lt;\/strong&gt;&lt;br\/&gt;&lt;br\/&gt;&lt;span style=&quot;font-size:85%;color:#949494&quot;&gt;[Bild-Id: 8666]&lt;\/span&gt;\" href=\"http:\/\/foto-passion.com\/wp-content\/gallery\/galapagos\/031112_12k_dsc07698.jpg\" rel=\"lightbox[42]\"><img loading=\"lazy\" class=\"ngg-singlepic ngg-none aligncenter\" title=\"Langsam flie\u00dfende Lava wird auch P\u0101hoehoe-Lava genannt - Insel Bartolome\" alt=\"Langsam flie\u00dfende Lava wird auch P\u0101hoehoe-Lava genannt - Insel Bartolome\" src=\"http:\/\/foto-passion.com\/wp-content\/gallery\/galapagos\/thumbs\/thumbs_031112_12k_dsc07698.jpg\" width=\"130\" height=\"87\" \/><\/a><\/td>\n<td style=\"width: 25%; border-color: black; border-style: solid; border-width: 1px;\"><a title=\"&lt;strong&gt;Vulkankegel auf der Insel Bartolome&lt;\/strong&gt;&lt;br\/&gt;&lt;br\/&gt;&lt;span style=&quot;font-size:85%;color:#949494&quot;&gt;[Bild-Id: 8670]&lt;\/span&gt;\" href=\"http:\/\/foto-passion.com\/wp-content\/gallery\/galapagos\/031112_10k_dsc06763.jpg\" rel=\"lightbox[42]\"><img loading=\"lazy\" class=\"ngg-singlepic ngg-none aligncenter\" title=\"Vulkankegel auf der Insel Bartolome\" alt=\"Vulkankegel auf der Insel Bartolome\" src=\"http:\/\/foto-passion.com\/wp-content\/gallery\/galapagos\/thumbs\/thumbs_031112_10k_dsc06763.jpg\" width=\"130\" height=\"87\" \/><\/a><\/td>\n<\/tr>\n<\/tbody>\n<\/table>\n<p style=\"text-align: justify;\"><span style=\"font-family: arial, helvetica, sans-serif; font-size: 16px;\">Unser Guide erkl\u00e4rt uns viel zur Geologie der Insel und zu den unterschiedlichen Lavaformen, die es hier gibt. Die mond\u00e4hnliche Landschaft bietet eine F\u00fclle sch\u00f6ner Fotomotive. Nicht umsonst ist Bartolom\u00e9 die meistbesuchte und meist fotografierteste Insel des Gal\u00e1pagos-Archipels, auch wenn es auf dieser Insel eher wenig Leben gibt.<\/span><\/p>\n<table style=\"width: 100%;\" border=\"0\" align=\"center\">\n<tbody>\n<tr>\n<td style=\"width: 25%; border-color: black; border-style: solid; border-width: 1px;\"><a title=\"&lt;strong&gt;Lavaformen - Insel Bartolome&lt;\/strong&gt;&lt;br\/&gt;&lt;br\/&gt;&lt;span style=&quot;font-size:85%;color:#949494&quot;&gt;[Bild-Id: 8679]&lt;\/span&gt;\" href=\"http:\/\/foto-passion.com\/wp-content\/gallery\/galapagos\/031112_12k_dsc07553.jpg\" rel=\"lightbox[43]\"><img loading=\"lazy\" class=\"ngg-singlepic ngg-none aligncenter\" title=\"Lavaformen - Insel Bartolome\" alt=\"Lavaformen - Insel Bartolome\" src=\"http:\/\/foto-passion.com\/wp-content\/gallery\/galapagos\/thumbs\/thumbs_031112_12k_dsc07553.jpg\" width=\"130\" height=\"87\" \/><\/a><\/td>\n<td style=\"width: 25%; border-color: black; border-style: solid; border-width: 1px;\"><a title=\"&lt;strong&gt;Von der Natur geformt - Lavabrocken&lt;\/strong&gt;&lt;br\/&gt;&lt;br\/&gt;&lt;span style=&quot;font-size:85%;color:#949494&quot;&gt;[Bild-Id: 8717]&lt;\/span&gt;\" href=\"http:\/\/foto-passion.com\/wp-content\/gallery\/galapagos\/031112_09u_dsc07531.jpg\" rel=\"lightbox[43]\"><img loading=\"lazy\" class=\"ngg-singlepic ngg-none aligncenter\" title=\"Von der Natur geformt - Lavabrocken\" alt=\"Von der Natur geformt - Lavabrocken\" src=\"http:\/\/foto-passion.com\/wp-content\/gallery\/galapagos\/thumbs\/thumbs_031112_09u_dsc07531.jpg\" width=\"130\" height=\"87\" \/><\/a><\/td>\n<td style=\"width: 25%; border-color: black; border-style: solid; border-width: 1px;\"><a title=\"&lt;strong&gt;Lavatunnel - Insel Bartolome&lt;\/strong&gt;&lt;br\/&gt;&lt;br\/&gt;&lt;span style=&quot;font-size:85%;color:#949494&quot;&gt;[Bild-Id: 8776]&lt;\/span&gt;\" href=\"http:\/\/foto-passion.com\/wp-content\/gallery\/galapagos\/031112_09u_dsc07358.jpg\" rel=\"lightbox[43]\"><img loading=\"lazy\" class=\"ngg-singlepic ngg-none aligncenter\" title=\"Lavatunnel - Insel Bartolome\" alt=\"Lavatunnel - Insel Bartolome\" src=\"http:\/\/foto-passion.com\/wp-content\/gallery\/galapagos\/thumbs\/thumbs_031112_09u_dsc07358.jpg\" width=\"130\" height=\"87\" \/><\/a><\/td>\n<td style=\"width: 25%; border-color: black; border-style: solid; border-width: 1px;\"><a title=\"&lt;strong&gt;Lavaformationen - Insel Bartolome&lt;\/strong&gt;&lt;br\/&gt;&lt;br\/&gt;&lt;span style=&quot;font-size:85%;color:#949494&quot;&gt;[Bild-Id: 8769]&lt;\/span&gt;\" href=\"http:\/\/foto-passion.com\/wp-content\/gallery\/galapagos\/031112_12k_dsc07692.jpg\" rel=\"lightbox[43]\"><img loading=\"lazy\" class=\"ngg-singlepic ngg-none aligncenter\" title=\"Lavaformationen - Insel Bartolome\" alt=\"Lavaformationen - Insel Bartolome\" src=\"http:\/\/foto-passion.com\/wp-content\/gallery\/galapagos\/thumbs\/thumbs_031112_12k_dsc07692.jpg\" width=\"130\" height=\"87\" \/><\/a><\/td>\n<\/tr>\n<\/tbody>\n<\/table>\n<p style=\"text-align: justify;\"><span style=\"font-family: arial, helvetica, sans-serif; font-size: 16px;\">Die Vegetation ist ausgesprochen sp\u00e4rlich. Sie besteht lediglich aus Lavakakteen und einem halbvertrockneten endemischen Wolfsmilchgew\u00e4chs (Chamaesyce amplexicaulis). Umso beeindruckender sind die flinken Lavaechsen, die sich mit den bescheidenen Gegebenheiten auf der Insel arrangiert haben und sich sogar zeitweise vegetarisch ern\u00e4hren, weil nur dieses sp\u00e4rliche Wolfsmilchgew\u00e4chs-Kraut vorhanden ist. Auch die eher unscheinbaren Lavakakteen (Brachycereus nesioticus), die sich direkt auf dem kargen Lavaboden ansiedeln und damit gewisserma\u00dfen Pionierpflanzen auf dem unwirtlichen Boden sind, ringen uns Bewunderung ab, denn sie leben quasi vom Nichts.<\/span><\/p>\n<table style=\"width: 100%;\" border=\"0\" align=\"center\">\n<tbody>\n<tr>\n<td style=\"width: 25%; border-color: black; border-style: solid; border-width: 1px;\"><a title=\"&lt;strong&gt;\u00dcberlebensk\u00fcnstler bzw. Pionierpflanzen - Lavakakteen (Kaktus Brachycereus nesioticus)&lt;\/strong&gt;&lt;br\/&gt;&lt;br\/&gt;&lt;span style=&quot;font-size:85%;color:#949494&quot;&gt;[Bild-Id: 8730]&lt;\/span&gt;\" href=\"http:\/\/foto-passion.com\/wp-content\/gallery\/galapagos\/031112_12k_dsc07549.jpg\" rel=\"lightbox[44]\"><img loading=\"lazy\" class=\"ngg-singlepic ngg-none aligncenter\" title=\"\u00dcberlebensk\u00fcnstler bzw. Pionierpflanzen - Lavakakteen (Kaktus Brachycereus nesioticus)\" alt=\"\u00dcberlebensk\u00fcnstler bzw. Pionierpflanzen - Lavakakteen (Kaktus Brachycereus nesioticus)\" src=\"http:\/\/foto-passion.com\/wp-content\/gallery\/galapagos\/thumbs\/thumbs_031112_12k_dsc07549.jpg\" width=\"130\" height=\"87\" \/><\/a><\/td>\n<td style=\"width: 25%; border-color: black; border-style: solid; border-width: 1px;\"><a title=\"&lt;strong&gt;Lavakaktus (Brachycereus nesioticus)&lt;\/strong&gt;&lt;br\/&gt;&lt;br\/&gt;&lt;span style=&quot;font-size:85%;color:#949494&quot;&gt;[Bild-Id: 8718]&lt;\/span&gt;\" href=\"http:\/\/foto-passion.com\/wp-content\/gallery\/galapagos\/031112_09u_dsc07526.jpg\" rel=\"lightbox[44]\"><img loading=\"lazy\" class=\"ngg-singlepic ngg-none aligncenter\" title=\"Lavakaktus (Brachycereus nesioticus)\" alt=\"Lavakaktus (Brachycereus nesioticus)\" src=\"http:\/\/foto-passion.com\/wp-content\/gallery\/galapagos\/thumbs\/thumbs_031112_09u_dsc07526.jpg\" width=\"130\" height=\"87\" \/><\/a><\/td>\n<td style=\"width: 25%; border-color: black; border-style: solid; border-width: 1px;\"><a title=\"&lt;strong&gt;Lavakaktus (Brachycereus nesioticus)&lt;\/strong&gt;&lt;br\/&gt;&lt;br\/&gt;&lt;span style=&quot;font-size:85%;color:#949494&quot;&gt;[Bild-Id: 8985]&lt;\/span&gt;\" href=\"http:\/\/foto-passion.com\/wp-content\/gallery\/galapagos\/031112_12k_dsc07576.jpg\" rel=\"lightbox[44]\"><img loading=\"lazy\" class=\"ngg-singlepic ngg-none aligncenter\" title=\"Lavakaktus (Brachycereus nesioticus)\" alt=\"Lavakaktus (Brachycereus nesioticus)\" src=\"http:\/\/foto-passion.com\/wp-content\/gallery\/galapagos\/thumbs\/thumbs_031112_12k_dsc07576.jpg\" width=\"130\" height=\"87\" \/><\/a><\/td>\n<td style=\"width: 25%; border-color: black; border-style: solid; border-width: 1px;\"><a title=\"&lt;strong&gt;Lavakaktus (Brachycereus nesioticus)&lt;\/strong&gt;&lt;br\/&gt;&lt;br\/&gt;&lt;span style=&quot;font-size:85%;color:#949494&quot;&gt;[Bild-Id: 8804]&lt;\/span&gt;\" href=\"http:\/\/foto-passion.com\/wp-content\/gallery\/galapagos\/031112_12k_dsc07539.jpg\" rel=\"lightbox[44]\"><img loading=\"lazy\" class=\"ngg-singlepic ngg-none aligncenter\" title=\"Lavakaktus (Brachycereus nesioticus)\" alt=\"Lavakaktus (Brachycereus nesioticus)\" src=\"http:\/\/foto-passion.com\/wp-content\/gallery\/galapagos\/thumbs\/thumbs_031112_12k_dsc07539.jpg\" width=\"130\" height=\"87\" \/><\/a><\/td>\n<\/tr>\n<\/tbody>\n<\/table>\n<p style=\"text-align: justify;\"><span style=\"font-family: arial, helvetica, sans-serif; font-size: 16px;\">Vom h\u00f6chsten Punkt der Insel hat man eine fantastische Aussicht. Man schaut auf die benachbarte Insel Santiago mit ihren Lavafeldern und Vulkankegeln, die wundersch\u00f6ne Sullivan Bay, den &#8222;Pinnacle Rock&#8220; und auf die mond\u00e4hnliche, faszinierend fremde Vulkanlandschaft der Insel Bartolom\u00e9 zu unseren F\u00fc\u00dfen.<\/span><\/p>\n<table style=\"width: 100%;\" border=\"0\" align=\"center\">\n<tbody>\n<tr>\n<td style=\"width: 25%; border-color: black; border-style: solid; border-width: 1px;\"><a title=\"&lt;strong&gt;Grandioser Ausblick vom h\u00f6chsten Punkt der Insel Bartolome&lt;\/strong&gt;&lt;br\/&gt;&lt;br\/&gt;&lt;span style=&quot;font-size:85%;color:#949494&quot;&gt;[Bild-Id: 8842]&lt;\/span&gt;\" href=\"http:\/\/foto-passion.com\/wp-content\/gallery\/galapagos\/031112_10k_dsc06740.jpg\" rel=\"lightbox[44]\"><img loading=\"lazy\" class=\"ngg-singlepic ngg-none aligncenter\" title=\"Grandioser Ausblick vom h\u00f6chsten Punkt der Insel Bartolome\" alt=\"Grandioser Ausblick vom h\u00f6chsten Punkt der Insel Bartolome\" src=\"http:\/\/foto-passion.com\/wp-content\/gallery\/galapagos\/thumbs\/thumbs_031112_10k_dsc06740.jpg\" width=\"130\" height=\"87\" \/><\/a><\/td>\n<td style=\"width: 25%; border-color: black; border-style: solid; border-width: 1px;\"><a title=\"&lt;strong&gt;Vulkankrater und Vulkant\u00f6pfe pr\u00e4gen das Bild der Insel Bartolome&lt;\/strong&gt;&lt;br\/&gt;&lt;br\/&gt;&lt;span style=&quot;font-size:85%;color:#949494&quot;&gt;[Bild-Id: 8803]&lt;\/span&gt;\" href=\"http:\/\/foto-passion.com\/wp-content\/gallery\/galapagos\/031112_10k_dsc06721.jpg\" rel=\"lightbox[44]\"><img loading=\"lazy\" class=\"ngg-singlepic ngg-none aligncenter\" title=\"Vulkankrater und Vulkant\u00f6pfe pr\u00e4gen das Bild der Insel Bartolome\" alt=\"Vulkankrater und Vulkant\u00f6pfe pr\u00e4gen das Bild der Insel Bartolome\" src=\"http:\/\/foto-passion.com\/wp-content\/gallery\/galapagos\/thumbs\/thumbs_031112_10k_dsc06721.jpg\" width=\"130\" height=\"87\" \/><\/a><\/td>\n<td style=\"width: 25%; border-color: black; border-style: solid; border-width: 1px;\"><a title=\"&lt;strong&gt;Blick \u00fcber die Insel Bartolome&lt;\/strong&gt;&lt;br\/&gt;&lt;br\/&gt;&lt;span style=&quot;font-size:85%;color:#949494&quot;&gt;[Bild-Id: 8944]&lt;\/span&gt;\" href=\"http:\/\/foto-passion.com\/wp-content\/gallery\/galapagos\/031112_09u_dsc07316.jpg\" rel=\"lightbox[45]\"><img loading=\"lazy\" class=\"ngg-singlepic ngg-none aligncenter\" title=\"Blick \u00fcber die Insel Bartolome\" alt=\"Blick \u00fcber die Insel Bartolome\" src=\"http:\/\/foto-passion.com\/wp-content\/gallery\/galapagos\/thumbs\/thumbs_031112_09u_dsc07316.jpg\" width=\"130\" height=\"87\" \/><\/a><\/td>\n<td style=\"width: 25%; border-color: black; border-style: solid; border-width: 1px;\"><a title=\"&lt;strong&gt;Blick auf die benachbarte Insel Santiago und die Sullivan Bay&lt;\/strong&gt;&lt;br\/&gt;&lt;br\/&gt;&lt;span style=&quot;font-size:85%;color:#949494&quot;&gt;[Bild-Id: 9005]&lt;\/span&gt;\" href=\"http:\/\/foto-passion.com\/wp-content\/gallery\/galapagos\/031112_12k_dsc07661.jpg\" rel=\"lightbox[45]\"><img loading=\"lazy\" class=\"ngg-singlepic ngg-none aligncenter\" title=\"Blick auf die benachbarte Insel Santiago und die Sullivan Bay\" alt=\"Blick auf die benachbarte Insel Santiago und die Sullivan Bay\" src=\"http:\/\/foto-passion.com\/wp-content\/gallery\/galapagos\/thumbs\/thumbs_031112_12k_dsc07661.jpg\" width=\"130\" height=\"87\" \/><\/a><\/td>\n<\/tr>\n<\/tbody>\n<\/table>\n<p style=\"text-align: justify;\"><span style=\"font-family: arial, helvetica, sans-serif; font-size: 16px;\">Besonderes Gl\u00fcck haben wir noch, als sich ein Gal\u00e1pagos-Habicht direkt vor uns auf dem Gel\u00e4nder ausruht. Insgesamt drei Habichte k\u00f6nnen wir beobachten, die majest\u00e4tisch \u00fcber unseren K\u00f6pfen kreisen, bevor sie sich in unmittelbarer N\u00e4he der Touristen nieder lassen. Selbst unser Guide ist ganz aus dem H\u00e4uschen beim Anblick dieser majest\u00e4tischen Flugk\u00fcnstler.<\/span><\/p>\n<table style=\"width: 100%;\" border=\"0\" align=\"center\">\n<tbody>\n<tr>\n<td style=\"width: 25%; border-color: black; border-style: solid; border-width: 1px;\"><a title=\"&lt;strong&gt;Galapagos-Habicht (Buteo galapagoensis)&lt;\/strong&gt;&lt;br\/&gt;&lt;br\/&gt;&lt;span style=&quot;font-size:85%;color:#949494&quot;&gt;[Bild-Id: 8703]&lt;\/span&gt;\" href=\"http:\/\/foto-passion.com\/wp-content\/gallery\/galapagos\/031112_12k_dsc07662.jpg\" rel=\"lightbox[46]\"><img loading=\"lazy\" class=\"ngg-singlepic ngg-none aligncenter\" title=\"Galapagos-Habicht (Buteo galapagoensis)\" alt=\"Galapagos-Habicht (Buteo galapagoensis)\" src=\"http:\/\/foto-passion.com\/wp-content\/gallery\/galapagos\/thumbs\/thumbs_031112_12k_dsc07662.jpg\" width=\"130\" height=\"87\" \/><\/a><\/td>\n<td style=\"width: 25%; border-color: black; border-style: solid; border-width: 1px;\"><a title=\"&lt;strong&gt;Ein Galapagos-Habicht (Buteo galapagoensis) kreist seelenruhig \u00fcber unseren K\u00f6pfen&lt;\/strong&gt;&lt;br\/&gt;&lt;br\/&gt;&lt;span style=&quot;font-size:85%;color:#949494&quot;&gt;[Bild-Id: 9002]&lt;\/span&gt;\" href=\"http:\/\/foto-passion.com\/wp-content\/gallery\/galapagos\/031112_09u_dsc07483.jpg\" rel=\"lightbox[46]\"><img loading=\"lazy\" class=\"ngg-singlepic ngg-none aligncenter\" title=\"Ein Galapagos-Habicht (Buteo galapagoensis) kreist seelenruhig \u00fcber unseren K\u00f6pfen\" alt=\"Ein Galapagos-Habicht (Buteo galapagoensis) kreist seelenruhig \u00fcber unseren K\u00f6pfen\" src=\"http:\/\/foto-passion.com\/wp-content\/gallery\/galapagos\/thumbs\/thumbs_031112_09u_dsc07483.jpg\" width=\"130\" height=\"87\" \/><\/a><\/td>\n<td style=\"width: 25%; border-color: black; border-style: solid; border-width: 1px;\"><a title=\"&lt;strong&gt;Galapagos-Habicht (Buteo galapagoensis)&lt;\/strong&gt;&lt;br\/&gt;&lt;br\/&gt;&lt;span style=&quot;font-size:85%;color:#949494&quot;&gt;[Bild-Id: 8653]&lt;\/span&gt;\" href=\"http:\/\/foto-passion.com\/wp-content\/gallery\/galapagos\/031112_09u_dsc07491.jpg\" rel=\"lightbox[46]\"><img loading=\"lazy\" class=\"ngg-singlepic ngg-none aligncenter\" title=\"Galapagos-Habicht (Buteo galapagoensis)\" alt=\"Galapagos-Habicht (Buteo galapagoensis)\" src=\"http:\/\/foto-passion.com\/wp-content\/gallery\/galapagos\/thumbs\/thumbs_031112_09u_dsc07491.jpg\" width=\"130\" height=\"87\" \/><\/a><\/td>\n<td style=\"width: 25%; border-color: black; border-style: solid; border-width: 1px;\"><a title=\"&lt;strong&gt;Ohne Scheu - Galapagos-Habicht (Buteo galapagoensis)&lt;\/strong&gt;&lt;br\/&gt;&lt;br\/&gt;&lt;span style=&quot;font-size:85%;color:#949494&quot;&gt;[Bild-Id: 8819]&lt;\/span&gt;\" href=\"http:\/\/foto-passion.com\/wp-content\/gallery\/galapagos\/031112_09u_dsc07520.jpg\" rel=\"lightbox[46]\"><img loading=\"lazy\" class=\"ngg-singlepic ngg-none aligncenter\" title=\"Ohne Scheu - Galapagos-Habicht (Buteo galapagoensis)\" alt=\"Ohne Scheu - Galapagos-Habicht (Buteo galapagoensis)\" src=\"http:\/\/foto-passion.com\/wp-content\/gallery\/galapagos\/thumbs\/thumbs_031112_09u_dsc07520.jpg\" width=\"130\" height=\"87\" \/><\/a><\/td>\n<\/tr>\n<\/tbody>\n<\/table>\n<p style=\"text-align: justify;\"><span style=\"font-family: arial, helvetica, sans-serif; font-size: 16px;\">W\u00e4hrend wir auf das Schlauchboot warten, das uns wieder zur\u00fcck zur Yacht bringt, entdecken wir im Meer eine riesengro\u00dfe Delphinschule. Es sind mindestens einhundert Tiere, die ausgelassen aus dem Wasser springen. Ein faszinierender Anblick! So viele Delphine haben wir noch nie auf einmal gesehen.<\/span><\/p>\n<p style=\"text-align: justify;\"><span style=\"font-family: arial, helvetica, sans-serif; font-size: 16px;\">Am Fu\u00df der bizarren Felsnadel &#8222;Pinnacle Rock&#8220; kann man mit etwas Gl\u00fcck Pinguine treffen und schnorchelnd die reiche Unterwasserwelt erkunden. W\u00e4hrend sich die meisten Teilnehmer unserer Gruppe gleich w\u00e4ssern lassen, habe ich noch die Kamera am Hals baumeln. Mein Optimismus wird belohnt, denn wenigstens ein Pinguin steht zur Begr\u00fc\u00dfung parat und will unbedingt fotografiert werden. Wir freuen uns riesig, den kleinen Kerl entdeckt zu haben, denn eigentlich hatte ich keine sehr gro\u00dfe Hoffnung gehegt, tats\u00e4chlich Pinguine sehen zu k\u00f6nnen.<\/span><\/p>\n<table style=\"width: 100%;\" border=\"0\" align=\"center\">\n<tbody>\n<tr>\n<td style=\"width: 25%; border-color: black; border-style: solid; border-width: 1px;\"><a title=\"&lt;strong&gt;Sullivan Bay und &quot;Pinnacle Rock&quot;&lt;\/strong&gt;&lt;br\/&gt;&lt;br\/&gt;&lt;span style=&quot;font-size:85%;color:#949494&quot;&gt;[Bild-Id: 8986]&lt;\/span&gt;\" href=\"http:\/\/foto-passion.com\/wp-content\/gallery\/galapagos\/031112_12k_dsc07656.jpg\" rel=\"lightbox[47]\"><img loading=\"lazy\" class=\"ngg-singlepic ngg-none aligncenter\" title=\"Sullivan Bay und \" alt=\"Sullivan Bay und \" src=\"http:\/\/foto-passion.com\/wp-content\/gallery\/galapagos\/thumbs\/thumbs_031112_12k_dsc07656.jpg\" width=\"130\" height=\"87\" \/><\/a><\/td>\n<td style=\"width: 25%; border-color: black; border-style: solid; border-width: 1px;\"><a title=\"&lt;strong&gt;Schnorcheln am &quot;Pinnacle Rock&quot;, dem Wahrzeichen der Insel Bartolome&lt;\/strong&gt;&lt;br\/&gt;&lt;br\/&gt;&lt;span style=&quot;font-size:85%;color:#949494&quot;&gt;[Bild-Id: 8875]&lt;\/span&gt;\" href=\"http:\/\/foto-passion.com\/wp-content\/gallery\/galapagos\/031112_10k_dsc06783.jpg\" rel=\"lightbox[47]\"><img loading=\"lazy\" class=\"ngg-singlepic ngg-none aligncenter\" title=\"Schnorcheln am \" alt=\"Schnorcheln am \" src=\"http:\/\/foto-passion.com\/wp-content\/gallery\/galapagos\/thumbs\/thumbs_031112_10k_dsc06783.jpg\" width=\"130\" height=\"87\" \/><\/a><\/td>\n<td style=\"width: 25%; border-color: black; border-style: solid; border-width: 1px;\"><a title=\"&lt;strong&gt;&quot;Pinnacle Rock&quot; ist das Wahrzeichen der Insel Bartolome&lt;\/strong&gt;&lt;br\/&gt;&lt;br\/&gt;&lt;span style=&quot;font-size:85%;color:#949494&quot;&gt;[Bild-Id: 8817]&lt;\/span&gt;\" href=\"http:\/\/foto-passion.com\/wp-content\/gallery\/galapagos\/031112_10k_dsc06797dri.jpg\" rel=\"lightbox[47]\"><img loading=\"lazy\" class=\"ngg-singlepic ngg-none aligncenter\" title=\"&quot;Pinnacle Rock&quot; ist das Wahrzeichen der Insel Bartolome\" alt=\"&quot;Pinnacle Rock&quot; ist das Wahrzeichen der Insel Bartolome\" src=\"http:\/\/foto-passion.com\/wp-content\/gallery\/galapagos\/thumbs\/thumbs_031112_10k_dsc06797dri.jpg\" width=\"130\" height=\"87\" \/><\/a><\/td>\n<td style=\"width: 25%; border-color: black; border-style: solid; border-width: 1px;\"><a title=\"&lt;strong&gt;Ein Galapagos-Pinguin  (Spheniscus mendiculus) \u00fcbernimmt die Begr\u00fc\u00dfung der Neuank\u00f6mmlinge&lt;\/strong&gt;&lt;br\/&gt;&lt;br\/&gt;&lt;span style=&quot;font-size:85%;color:#949494&quot;&gt;[Bild-Id: 8683]&lt;\/span&gt;\" href=\"http:\/\/foto-passion.com\/wp-content\/gallery\/galapagos\/031112_12k_dsc07731.jpg\" rel=\"lightbox[47]\"><img loading=\"lazy\" class=\"ngg-singlepic ngg-none aligncenter\" title=\"Ein Galapagos-Pinguin  (Spheniscus mendiculus)\u00fcbernimmt die Begr\u00fc\u00dfung der Neuank\u00f6mmlinge\" alt=\"Ein Galapagos-Pinguin  (Spheniscus mendiculus)\u00fcbernimmt die Begr\u00fc\u00dfung der Neuank\u00f6mmlinge\" src=\"http:\/\/foto-passion.com\/wp-content\/gallery\/galapagos\/thumbs\/thumbs_031112_12k_dsc07731.jpg\" width=\"130\" height=\"87\" \/><\/a><\/td>\n<\/tr>\n<\/tbody>\n<\/table>\n<p style=\"text-align: justify;\"><span style=\"font-family: arial, helvetica, sans-serif; font-size: 16px;\">W\u00e4hrend ich mich erst einmal mit der Fotoausr\u00fcstung am sch\u00f6nen Sandstrand absetzen lasse, l\u00e4sst Uwe sich gleich in der Bucht versenken. Hier soll ein guter Tauchspot sein und er ist schon ganz hippelig. W\u00e4hrend ich am Strand erst einmal auf Uwe warte, entdecke ich unz\u00e4hlige bunte Fische, die direkt bis an den Strand gesp\u00fclt werden. Sogar einen Mantarochen kann ich aus zwei Meter Entfernung sehen. Warum soll ich denn da ins Wasser gehen, wenn die Tiere schon vom Strand aus so gut zu sehen sind? Als Uwe vom Schnorcheln zur\u00fcck kommt, ist er ganz begeistert. Auch wenn er leider keine Haie gesehen hat, statt dessen aber noch einen Pinguin im Wasser traf; fand er es toll und so lasse ich mich doch \u00fcberreden mit ihm noch eine Runde zu drehen. Es ist wirklich beeindruckend. Wir sehen viele tropisch bunte Fische, Anemonen, Korallen, Seeigel, Seesterne und dann kommt uns sogar ein Marine-Iguana entgegen geschwommen. Keinen Meter trennt uns von der Meerechse. L\u00e4ssig cool hat sie die Beine an den K\u00f6rper angelegt und steuert mit dem langen Schwanz. Von uns nimmt sie gar keine Notiz und wir sind froh dar\u00fcber, dass inzwischen auch diese Unterwasserwelt gesch\u00fctzt ist.<\/span><\/p>\n<p style=\"text-align: justify;\"><span style=\"font-family: arial, helvetica, sans-serif; font-size: 16px;\">Nachdem wir ausgiebig Schnorcheln konnten, werden wir wieder an Bord gebracht. Hier bekommen wir ein leckeres Mittagessen serviert. Es gibt Fisch mit Reis, Salat und Gem\u00fcse und schmeckt sehr gut. Ausnahmsweise ist es sogar mal richtig gew\u00fcrzt.<\/span><\/p>\n<p style=\"text-align: justify;\"><span style=\"font-family: arial, helvetica, sans-serif; font-size: 16px;\">Inzwischen tritt das Schiff die R\u00fcckreise an. Wieder ist das Meer sehr rau, aber alles geht gut. Nur Tiere scheint es gerade keine zu geben. Zwar sehen wir eine Menge Meeresv\u00f6gel, aber Wale, Haie oder Delphine machen sich rar. Dann rennt der Guide aufgeregt durchs Schiff und schreit was von Delphinen. Schon sehen wir eine riesengro\u00dfe Gruppe Delphine neben dem Boot auf- und wieder abtauchen. Sie sind auf der Jagd und wie auf Kommando springen viele Tiere gleichzeitig aus dem Wasser. Fotografisch ist das eine Schier nicht zu l\u00f6sende Herausforderung aber anzuschauen ist es wunderbar. Wir genie\u00dfen einfach den Anblick der jagenden Tiere und ihr blitzschnelles Auf- und Abtauchen. Das Boot dreht eine Runde um die Gruppe, doch dann sind die Tiere so schnell weg, wie sie aufgetaucht sind. Trotzdem ist es ein unbeschreibliches Erlebnis.<\/span><\/p>\n<table style=\"width: 100%;\" border=\"0\" align=\"center\">\n<tbody>\n<tr>\n<td style=\"width: 25%; border-color: black; border-style: solid; border-width: 1px;\"><a title=\"&lt;strong&gt;Vor der Insel liegt ein beliebter Tauchspot - das ist nicht zu \u00fcbersehen&lt;\/strong&gt;&lt;br\/&gt;&lt;br\/&gt;&lt;span style=&quot;font-size:85%;color:#949494&quot;&gt;[Bild-Id: 8791]&lt;\/span&gt;\" href=\"http:\/\/foto-passion.com\/wp-content\/gallery\/galapagos\/031112_10k_dsc06807.jpg\" rel=\"lightbox[48]\"><img loading=\"lazy\" class=\"ngg-singlepic ngg-none aligncenter\" title=\"Vor der Insel liegt ein beliebter Tauchspot - das ist nicht zu \u00fcbersehen\" alt=\"Vor der Insel liegt ein beliebter Tauchspot - das ist nicht zu \u00fcbersehen\" src=\"http:\/\/foto-passion.com\/wp-content\/gallery\/galapagos\/thumbs\/thumbs_031112_10k_dsc06807.jpg\" width=\"130\" height=\"87\" \/><\/a><\/td>\n<td style=\"width: 25%; border-color: black; border-style: solid; border-width: 1px;\"><a title=\"&lt;strong&gt;Springender Delhpin&lt;\/strong&gt;&lt;br\/&gt;&lt;br\/&gt;&lt;span style=&quot;font-size:85%;color:#949494&quot;&gt;[Bild-Id: 8862]&lt;\/span&gt;\" href=\"http:\/\/foto-passion.com\/wp-content\/gallery\/galapagos\/031112_12k_dsc07758.jpg\" rel=\"lightbox[48]\"><img loading=\"lazy\" class=\"ngg-singlepic ngg-none aligncenter\" title=\"Springender Delhpin\" alt=\"Springender Delhpin\" src=\"http:\/\/foto-passion.com\/wp-content\/gallery\/galapagos\/thumbs\/thumbs_031112_12k_dsc07758.jpg\" width=\"130\" height=\"87\" \/><\/a><\/td>\n<\/tr>\n<\/tbody>\n<\/table>\n<p style=\"text-align: justify;\"><span style=\"font-family: arial, helvetica, sans-serif; font-size: 16px;\">Es geht gerade zartrosa die Sonne unter, als wir wieder am Hotel abgesetzt werden. Ein sehr interessanter und erlebnisreicher Ausflug liegt wieder hinter uns und wir sind uns klar dar\u00fcber, dass wir schon wieder sehr viel Gl\u00fcck hatten.<\/span><\/p>\n<p style=\"text-align: justify;\"><span style=\"font-family: arial, helvetica, sans-serif; font-size: 16px;\">Das war dann f\u00fcr heute Erlebnis genug. Im Hotel suchen wir uns eine ruhige Ecke mit Steckdose, genie\u00dfen ein paar Drinks von der Bar und sto\u00dfen auf einen sehr gelungenen Tag an, w\u00e4hrend wir die Tagesausbeute an Fotos herunter laden.<\/span><\/p>\n<hr style=\"height: 1px; width: 30%;\" size=\"1\" width=\"30%\" \/>\n<p style=\"text-align: justify;\"><strong><span style=\"font-family: arial, helvetica, sans-serif; font-size: 16px;\">04.11.2012\u00a0\u00a0\u00a0\u00a0\u00a0 Santa Cruz &#8211; Isabela<\/span><\/strong><\/p>\n<p style=\"text-align: justify;\"><span style=\"font-family: arial, helvetica, sans-serif; font-size: 16px;\">Warum brauchen die im Spanischen so viele Worte? Morgens um 5:30 Uhr weckt das gewisse Aggressionen, zumal wir ausschlafen k\u00f6nnten. Schlie\u00dflich f\u00e4hrt das Speedboot erst am Mittag nach Isabela ab. Nun sind wir wach und k\u00f6nnen uns zumindest auf das umfangreiche Fr\u00fchst\u00fcck im Hotel &#8222;Silberstein&#8220; freuen.<\/span><\/p>\n<p style=\"text-align: justify;\"><span style=\"font-family: arial, helvetica, sans-serif; font-size: 16px;\">In aller Gem\u00fctlichkeit packen wir unsere Sachen und lassen uns sp\u00e4ter zum Hafen bringen. Hier sichten wir direkt im Hafenbecken eine kleine Meeresschildkr\u00f6te, die wir sogar fotografieren k\u00f6nnen. So geht mein gro\u00dfer Wunsch auch in Erf\u00fcllung, diese h\u00fcbschen Tiere mal so richtig nah betrachten und auch noch fotografieren zu k\u00f6nnen. Immer wieder steckt sie nach einer gewissen Zeit den Kopf zum Luftholen aus dem Wasser. Auch ein Marine-Iguana und Seel\u00f6wen kommen vorbei geschwommen bzw. getaucht.<\/span><\/p>\n<table style=\"width: 100%;\" border=\"0\" align=\"center\">\n<tbody>\n<tr>\n<td style=\"width: 25%; border-color: black; border-style: solid; border-width: 1px;\"><a title=\"&lt;strong&gt;Gr\u00fcne Meeresschildkr\u00f6te (Chelonia mydas) auch Suppenschildkr\u00f6te&lt;\/strong&gt;&lt;br\/&gt;&lt;br\/&gt;&lt;span style=&quot;font-size:85%;color:#949494&quot;&gt;[Bild-Id: 8689]&lt;\/span&gt;\" href=\"http:\/\/foto-passion.com\/wp-content\/gallery\/galapagos\/041112_12k_dsc07819.jpg\" rel=\"lightbox[49]\"><img loading=\"lazy\" class=\"ngg-singlepic ngg-none aligncenter\" title=\"Gr\u00fcne Meeresschildkr\u00f6te (Chelonia mydas) auch Suppenschildkr\u00f6te\" alt=\"Gr\u00fcne Meeresschildkr\u00f6te (Chelonia mydas) auch Suppenschildkr\u00f6te\" src=\"http:\/\/foto-passion.com\/wp-content\/gallery\/galapagos\/thumbs\/thumbs_041112_12k_dsc07819.jpg\" width=\"130\" height=\"87\" \/><\/a><\/td>\n<td style=\"width: 25%; border-color: black; border-style: solid; border-width: 1px;\"><a title=\"&lt;strong&gt;Gr\u00fcne Meeresschildkr\u00f6te (Chelonia mydas) auch Suppenschildkr\u00f6te&lt;\/strong&gt;&lt;br\/&gt;&lt;br\/&gt;&lt;span style=&quot;font-size:85%;color:#949494&quot;&gt;[Bild-Id: 8876]&lt;\/span&gt;\" href=\"http:\/\/foto-passion.com\/wp-content\/gallery\/galapagos\/041112_12k_dsc07812.jpg\" rel=\"lightbox[49]\"><img loading=\"lazy\" class=\"ngg-singlepic ngg-none aligncenter\" title=\"Gr\u00fcne Meeresschildkr\u00f6te (Chelonia mydas) auch Suppenschildkr\u00f6te\" alt=\"Gr\u00fcne Meeresschildkr\u00f6te (Chelonia mydas) auch Suppenschildkr\u00f6te\" src=\"http:\/\/foto-passion.com\/wp-content\/gallery\/galapagos\/thumbs\/thumbs_041112_12k_dsc07812.jpg\" width=\"130\" height=\"87\" \/><\/a><\/td>\n<td style=\"width: 25%; border-color: black; border-style: solid; border-width: 1px;\"><a title=\"&lt;strong&gt;Beim Schnorcheln trifft man auch auf Meerechsen (Amblyrhynchus cristatus), die hervorragende Schwimmer sind&lt;\/strong&gt;&lt;br\/&gt;&lt;br\/&gt;&lt;span style=&quot;font-size:85%;color:#949494&quot;&gt;[Bild-Id: 8832]&lt;\/span&gt;\" href=\"http:\/\/foto-passion.com\/wp-content\/gallery\/galapagos\/041112_12k_dsc07804.jpg\" rel=\"lightbox[49]\"><img loading=\"lazy\" class=\"ngg-singlepic ngg-none aligncenter\" title=\"Beim Schnorcheln trifft man auch auf Meerechsen (Amblyrhynchus cristatus), die hervorragende Schwimmer sind\" alt=\"Beim Schnorcheln trifft man auch auf Meerechsen (Amblyrhynchus cristatus), die hervorragende Schwimmer sind\" src=\"http:\/\/foto-passion.com\/wp-content\/gallery\/galapagos\/thumbs\/thumbs_041112_12k_dsc07804.jpg\" width=\"130\" height=\"87\" \/><\/a><\/td>\n<td style=\"width: 25%; border-color: black; border-style: solid; border-width: 1px;\"><a title=\"&lt;strong&gt;Gal\u00e1pagos-Seel\u00f6we (Zalophus wollebaeki)&lt;\/strong&gt;&lt;br\/&gt;&lt;br\/&gt;&lt;span style=&quot;font-size:85%;color:#949494&quot;&gt;[Bild-Id: 8852]&lt;\/span&gt;\" href=\"http:\/\/foto-passion.com\/wp-content\/gallery\/galapagos\/071112_12k_dsc08692.jpg\" rel=\"lightbox[49]\"><img loading=\"lazy\" class=\"ngg-singlepic ngg-none aligncenter\" title=\"Gal\u00e1pagos-Seel\u00f6we (Zalophus wollebaeki)\" alt=\"Gal\u00e1pagos-Seel\u00f6we (Zalophus wollebaeki)\" src=\"http:\/\/foto-passion.com\/wp-content\/gallery\/galapagos\/thumbs\/thumbs_071112_12k_dsc08692.jpg\" width=\"130\" height=\"87\" \/><\/a><\/td>\n<\/tr>\n<\/tbody>\n<\/table>\n<p style=\"text-align: justify;\"><span style=\"font-family: arial, helvetica, sans-serif; font-size: 16px;\">Wir k\u00f6nnen noch ein wenig Leute gucken, bevor wir das Speedboot entern. Wie immer herrscht beim &#8222;Beladen&#8220; der Boote ein heilloses Chaos, zumal auch noch die Boote nach San Crist\u00f3bal zur gleichen Zeit starten. Man muss schon ganz sch\u00f6n aufpassen, auf einem der richtigen Boote zu landen. Heute fahren aufgrund des gro\u00dfen Andrangs gleich vier Speedboote nach Isabela. Nach zwei Stunden H\u00f6llenritt kommen wir wohlbehalten in Puerto Villamil, einem kleinen Hafenort im S\u00fcdosten der Insel Isabela an. Isabela ist die gr\u00f6\u00dfte der Gal\u00e1pagos-Inseln und hat ca. 3.000 Einwohner, wovon allein etwa 1.000 Einwohner in Puerto Villamil leben.<\/span><\/p>\n<p style=\"text-align: justify;\"><span style=\"font-family: arial, helvetica, sans-serif; font-size: 16px;\">Nachdem wir die 5 USD pro Person Eintritt f\u00fcr Isabela entrichtet haben, d\u00fcrfen wir den Hafen verlassen. Zu unserem Hotel &#8222;Albemarle&#8220; ben\u00f6tigen wir ein Taxi, doch hier sind keine Taxis zu sehen. Irgendwie stehen erst einmal alle Touris bl\u00f6d rum und wissen nicht weiter. Dann kommt ein Tourjeep mit vielen Sitzb\u00e4nken, der ein wenig an die afrikanischen Safarijeeps erinnert. Auf den d\u00fcrfen wir aufsteigen und er bringt uns zum Hotel. Eine etwas merkw\u00fcrdige Art von Taxi, aber besser schlecht gefahren als gut gelaufen. Das Hotel liegt direkt am Strand und wir haben f\u00fcr die n\u00e4chsten drei N\u00e4chte ein wundersch\u00f6nes gro\u00dfes Zimmer mit Balkon und freiem Blick auf den Pazifikstrand und das Meer. Hier bl\u00f6ken auch keine Seel\u00f6wen und nur die Brandung ist zu h\u00f6ren.<\/span><\/p>\n<p style=\"text-align: justify;\"><span style=\"font-family: arial, helvetica, sans-serif; font-size: 16px;\">Nachdem wir unser Zimmer bezogen haben, machen wir noch einen Orientierungsspaziergang zur Flamingo-Lagune. Mit langen Gesichtern z\u00e4hlen wir hier gerade mal einen ganzen Flamingo, der auch noch weit entfernt in der Salzwasserlagune steht. Gerade, als wir gehen wollen, kommen zwei weitere Flamingos angeflogen und die stehen jetzt mitten im sch\u00f6nsten Abendlicht. Also schnell zur\u00fcck ins Hotel, und die Kameras geholt. Zum Gl\u00fcck ist es nicht weit und als wir zur\u00fcckkommen, stehen die V\u00f6gel noch an der gleichen Stelle &#8211; allerdings schlafen sie jetzt.<\/span><\/p>\n<table style=\"width: 100%;\" border=\"0\" align=\"center\">\n<tbody>\n<tr>\n<td style=\"width: 25%; border-color: black; border-style: solid; border-width: 1px;\"><a title=\"&lt;strong&gt;Lagune in Puerto Villamil - Insel Isabela&lt;\/strong&gt;&lt;br\/&gt;&lt;br\/&gt;&lt;span style=&quot;font-size:85%;color:#949494&quot;&gt;[Bild-Id: 8957]&lt;\/span&gt;\" href=\"http:\/\/foto-passion.com\/wp-content\/gallery\/galapagos\/041112_10k_dsc06810.jpg\" rel=\"lightbox[50]\"><img loading=\"lazy\" class=\"ngg-singlepic ngg-none aligncenter\" title=\"Lagune in Puerto Villamil - Insel Isabela\" alt=\"Lagune in Puerto Villamil - Insel Isabela\" src=\"http:\/\/foto-passion.com\/wp-content\/gallery\/galapagos\/thumbs\/thumbs_041112_10k_dsc06810.jpg\" width=\"130\" height=\"87\" \/><\/a><\/td>\n<td style=\"width: 25%; border-color: black; border-style: solid; border-width: 1px;\"><a title=\"&lt;strong&gt;Brackwasserlagune - Insel Isabela&lt;\/strong&gt;&lt;br\/&gt;&lt;br\/&gt;&lt;span style=&quot;font-size:85%;color:#949494&quot;&gt;[Bild-Id: 8756]&lt;\/span&gt;\" href=\"http:\/\/foto-passion.com\/wp-content\/gallery\/galapagos\/041112_10k_dsc06812.jpg\" rel=\"lightbox[50]\"><img loading=\"lazy\" class=\"ngg-singlepic ngg-none aligncenter\" title=\"Brackwasserlagune - Insel Isabela\" alt=\"Brackwasserlagune - Insel Isabela\" src=\"http:\/\/foto-passion.com\/wp-content\/gallery\/galapagos\/thumbs\/thumbs_041112_10k_dsc06812.jpg\" width=\"130\" height=\"87\" \/><\/a><\/td>\n<td style=\"width: 25%; border-color: black; border-style: solid; border-width: 1px;\"><a title=\"&lt;strong&gt;Schlafende Rosaflamingos (Phoenicopterus roseus) in der Lagune von Puerto Villamil&lt;\/strong&gt;&lt;br\/&gt;&lt;br\/&gt;&lt;span style=&quot;font-size:85%;color:#949494&quot;&gt;[Bild-Id: 9016]&lt;\/span&gt;\" href=\"http:\/\/foto-passion.com\/wp-content\/gallery\/galapagos\/041112_07k_dsc09872.jpg\" rel=\"lightbox[50]\"><img loading=\"lazy\" class=\"ngg-singlepic ngg-none aligncenter\" title=\"Schlafende Rosaflamingos (Phoenicopterus roseus) in der Lagune von Puerto Villamil\" alt=\"Schlafende Rosaflamingos (Phoenicopterus roseus) in der Lagune von Puerto Villamil\" src=\"http:\/\/foto-passion.com\/wp-content\/gallery\/galapagos\/thumbs\/thumbs_041112_07k_dsc09872.jpg\" width=\"130\" height=\"87\" \/><\/a><\/td>\n<td style=\"width: 25%; border-color: black; border-style: solid; border-width: 1px;\"><a title=\"&lt;strong&gt;Rosaflamingo (Phoenicopterus roseus) - Insel Isabela&lt;\/strong&gt;&lt;br\/&gt;&lt;br\/&gt;&lt;span style=&quot;font-size:85%;color:#949494&quot;&gt;[Bild-Id: 8798]&lt;\/span&gt;\" href=\"http:\/\/foto-passion.com\/wp-content\/gallery\/galapagos\/041112_07k_dsc09844.jpg\" rel=\"lightbox[50]\"><img loading=\"lazy\" class=\"ngg-singlepic ngg-none aligncenter\" title=\"Rosaflamingo (Phoenicopterus roseus) - Insel Isabela\" alt=\"Rosaflamingo (Phoenicopterus roseus) - Insel Isabela\" src=\"http:\/\/foto-passion.com\/wp-content\/gallery\/galapagos\/thumbs\/thumbs_041112_07k_dsc09844.jpg\" width=\"130\" height=\"87\" \/><\/a><\/td>\n<\/tr>\n<\/tbody>\n<\/table>\n<p style=\"text-align: justify;\"><span style=\"font-family: arial, helvetica, sans-serif; font-size: 16px;\">Naja, aber drei Flamingos sind besser als gar keiner und der Dritte in der Runde tut uns wenigstens den Gefallen und kommt schnellen Schrittes n\u00e4her. Ziemlich unsch\u00f6n liegt ein Wasserschlauch in der Lagune herum und zu dem kommt der Vogel nun zielstrebig. Als er Schluck um Schluck aus dem Wasserschlauch trinkt, wird uns klar, dass das Frischwasser f\u00fcr die V\u00f6gel ist. Neben diesen wundersch\u00f6n lachsrot gef\u00e4rbten Flamingos gibt es in der Salzwasserlagune noch viele andere Brackwasserv\u00f6gel. Hier werden wir in den n\u00e4chsten Tagen noch einmal vorbei schauen.<\/span><\/p>\n<table style=\"width: 100%;\" border=\"0\" align=\"center\">\n<tbody>\n<tr>\n<td style=\"width: 25%; border-color: black; border-style: solid; border-width: 1px;\"><a title=\"&lt;strong&gt;Rosaflamingo (Phoenicopterus roseus)&lt;\/strong&gt;&lt;br\/&gt;&lt;br\/&gt;&lt;span style=&quot;font-size:85%;color:#949494&quot;&gt;[Bild-Id: 9006]&lt;\/span&gt;\" href=\"http:\/\/foto-passion.com\/wp-content\/gallery\/galapagos\/041112_07k_dsc09882.jpg\" rel=\"lightbox[51]\"><img loading=\"lazy\" class=\"ngg-singlepic ngg-none aligncenter\" title=\"Rosaflamingo (Phoenicopterus roseus)\" alt=\"Rosaflamingo (Phoenicopterus roseus)\" src=\"http:\/\/foto-passion.com\/wp-content\/gallery\/galapagos\/thumbs\/thumbs_041112_07k_dsc09882.jpg\" width=\"130\" height=\"87\" \/><\/a><\/td>\n<td style=\"width: 25%; border-color: black; border-style: solid; border-width: 1px;\"><a title=\"&lt;strong&gt;Rosaflamingo (Phoenicopterus roseus)&lt;\/strong&gt;&lt;br\/&gt;&lt;br\/&gt;&lt;span style=&quot;font-size:85%;color:#949494&quot;&gt;[Bild-Id: 8709]&lt;\/span&gt;\" href=\"http:\/\/foto-passion.com\/wp-content\/gallery\/galapagos\/041112_07k_dsc09894.jpg\" rel=\"lightbox[51]\"><img loading=\"lazy\" class=\"ngg-singlepic ngg-none aligncenter\" title=\"Rosaflamingo (Phoenicopterus roseus)\" alt=\"Rosaflamingo (Phoenicopterus roseus)\" src=\"http:\/\/foto-passion.com\/wp-content\/gallery\/galapagos\/thumbs\/thumbs_041112_07k_dsc09894.jpg\" width=\"130\" height=\"87\" \/><\/a><\/td>\n<td style=\"width: 25%; border-color: black; border-style: solid; border-width: 1px;\"><a title=\"&lt;strong&gt;Ein Rosaflamingo (Phoenicopterus roseus) mit gro\u00dfem Durst - Insel Isabela&lt;\/strong&gt;&lt;br\/&gt;&lt;br\/&gt;&lt;span style=&quot;font-size:85%;color:#949494&quot;&gt;[Bild-Id: 8801]&lt;\/span&gt;\" href=\"http:\/\/foto-passion.com\/wp-content\/gallery\/galapagos\/041112_07k_dsc09901.jpg\" rel=\"lightbox[51]\"><img loading=\"lazy\" class=\"ngg-singlepic ngg-none aligncenter\" title=\"Ein Rosaflamingo (Phoenicopterus roseus) mit gro\u00dfem Durst - Insel Isabela\" alt=\"Ein Rosaflamingo (Phoenicopterus roseus) mit gro\u00dfem Durst - Insel Isabela\" src=\"http:\/\/foto-passion.com\/wp-content\/gallery\/galapagos\/thumbs\/thumbs_041112_07k_dsc09901.jpg\" width=\"130\" height=\"87\" \/><\/a><\/td>\n<td style=\"width: 25%; border-color: black; border-style: solid; border-width: 1px;\"><a title=\"&lt;strong&gt;Rosaflamingo (Phoenicopterus roseus) - Insel Isabela&lt;\/strong&gt;&lt;br\/&gt;&lt;br\/&gt;&lt;span style=&quot;font-size:85%;color:#949494&quot;&gt;[Bild-Id: 9004]&lt;\/span&gt;\" href=\"http:\/\/foto-passion.com\/wp-content\/gallery\/galapagos\/041112_07k_dsc09929.jpg\" rel=\"lightbox[51]\"><img loading=\"lazy\" class=\"ngg-singlepic ngg-none aligncenter\" title=\"Rosaflamingo (Phoenicopterus roseus) - Insel Isabela\" alt=\"Rosaflamingo (Phoenicopterus roseus) - Insel Isabela\" src=\"http:\/\/foto-passion.com\/wp-content\/gallery\/galapagos\/thumbs\/thumbs_041112_07k_dsc09929.jpg\" width=\"130\" height=\"87\" \/><\/a><\/td>\n<\/tr>\n<\/tbody>\n<\/table>\n<p style=\"text-align: justify;\"><span style=\"font-family: arial, helvetica, sans-serif; font-size: 16px;\">Inzwischen ist die Sonne bereits untergegangen und wir versp\u00fcren Hunger. Also machen wir uns auf die Suche nach einem Restaurant. Das ist schwer und leicht zugleich. Es wird an jeder Ecke gebrutzelt, aber ein richtiges Restaurant gibt es kaum. Als wir uns f\u00fcr ein Ein-Personen-Restaurant mit Freiluftterrasse entscheiden, macht sich rasch das n\u00e4chste Problem breit. Der Wirt kann kein Wort Englisch und wir k\u00f6nnen in Spanisch bis 5 z\u00e4hlen, aber viel mehr ist nicht drin und davon wird man nicht satt. Mit gutem Willen und allen Gliedma\u00dfen schaffen wir es gemeinsam, etwas zu Essen und zu Trinken zu ordern. Zwar haben wir unfreiwillig die Gem\u00fcsebeilage abgew\u00e4hlt, aber damit k\u00f6nnen wir leben. F\u00fcr 12\u00a0USD bekommen wir Shrimps mit Pommes, werden satt und sind zufrieden.<\/span><\/p>\n<p style=\"text-align: justify;\"><span style=\"font-family: arial, helvetica, sans-serif; font-size: 16px;\">Gerade haben wieder die Kirchenglocken gel\u00e4utet und die Kirchent\u00fcren stehen weit offen, so dass wir einen Blick hinein werfen k\u00f6nnen. Eine sehr interessante Kirche, die so gar nicht im Stil der sonstigen Heiligt\u00fcmer ist. Stattdessen ist die Kirche sehr modern und passt ausgezeichnet zu der Insel. Ja, Kirche ist in Amerika halt anders als in Europa.<\/span><\/p>\n<p style=\"text-align: justify;\"><span style=\"font-family: arial, helvetica, sans-serif; font-size: 16px;\">Wir laufen noch eine kleine Runde um das &#8222;Stadtzentrum&#8220; von Puerto Villamil und schauen noch bei einem Touroperator vorbei, was die Tour zum Vulkan Sierra Negra kostet. Kurz nachdem Uwe den Laden betreten hat, kommt die Angestellte aufgeregt aus dem Laden gest\u00fcrzt und rennt laut pfeifend davon. Ich krieg mich fast nicht mehr ein vor Lachen und mir ist sofort klar, was das bedeutet. Grinsend steht Uwe inzwischen vor dem Laden und wartet. Er k\u00f6nnte inzwischen den ganzen Laden ausr\u00e4umen, denn von der Frau ist nichts mehr zu sehen. Daf\u00fcr kommt kurz darauf ein junger Mann auf dem Fahrrad angefahren und steigt vor dem Laden von seinem Rad. Das ist der, der Englisch kann. Wir erkundigen uns nach der Tour und freundlich bekommen wir Auskunft.<\/span><\/p>\n<p style=\"text-align: justify;\"><span style=\"font-family: arial, helvetica, sans-serif; font-size: 16px;\">Um 19 Uhr sind wir im Hotel mit einem Tourguide verabredet. Wir schauen ein wenig verdutzt, als da eine ganze Familie erscheint. Ein Einheimischer, ein kleiner Junge und eine junge Frau, die uns dann in gutem Englisch erkl\u00e4rt, was uns f\u00fcr die morgige Tour zum Vulkan Sierra Negra erwartet. Das h\u00f6rt sich nicht schlecht an, entspricht dem, was wir uns vorstellen und so entscheiden wir uns, diese Tour zu machen. Hauptsache, es ist kein Pferderitt mit dabei, denn das geht gar nicht.<\/span><\/p>\n<p style=\"text-align: justify;\"><span style=\"font-family: arial, helvetica, sans-serif; font-size: 16px;\">Die viele Seeluft macht m\u00fcde und so fallen wir recht zeitig ins Bett. Morgen erwartet uns schlie\u00dflich wieder ein spannender Tag. Immerhin geht es zu einem noch aktiven Vulkan.<\/span><\/p>\n<hr style=\"height: 1px; width: 30%;\" size=\"1\" width=\"30%\" \/>\n<p style=\"text-align: justify;\"><strong><span style=\"font-family: arial, helvetica, sans-serif; font-size: 16px;\">05.11.2012\u00a0\u00a0\u00a0\u00a0\u00a0 Isabela<\/span><\/strong><\/p>\n<p style=\"text-align: justify;\"><span style=\"font-family: arial, helvetica, sans-serif; font-size: 16px;\">Die Insel Isabela setzt sich aus f\u00fcnf miteinander verschmolzenen Schildvulkanen zusammen und da die Insel direkt auf dem sogenannten Hot Spot liegt, sind alle diese Vulkane aktiv. Hier auf Isabela befindet sich auch der zweitgr\u00f6\u00dfte Vulkankrater (Basaltkrater) der Welt, der Sierra Negra (1.490 m), den man in einer ungef\u00e4hr 5 Stunden dauernden und 16 km umfassenden Wanderung besichtigen kann. Das lassen wir uns nat\u00fcrlich nicht entgehen.<\/span><\/p>\n<p style=\"text-align: justify;\"><span style=\"font-family: arial, helvetica, sans-serif; font-size: 16px;\">Um 7:30 Uhr werden wir nach einem eher bescheidenen Fr\u00fchst\u00fcck vom Hotel abgeholt und mit einem Toyota-Hilux ins vulkanische Hochland von Isabela gefahren. Nach ca. 20 Minuten Fahrzeit erreichen wir den Parkplatz El Cura. Als wir aus dem Auto aussteigen, empf\u00e4ngt uns feiner Spr\u00fchregen. Das sei hier im Hochland normal und h\u00f6rt sp\u00e4testens am Kraterrand auf, versichert uns der Guide. Hier, vom Parkplatz aus, beginnt unsere Wanderung und wir lernen die anderen Mitwanderer unserer Gruppe kennen. Die Gruppe besteht aus 12 Personen und die \u00c4lteste d\u00fcrfte mindestens 75 Jahre alt sein. Die alte Dame aus Peru ist mit ihrer Tochter und ihren beiden Enkelinnen da und es ist r\u00fchrend zu sehen, wie sich alle um die r\u00fcstige und lebenslustige alte Dame bem\u00fchen.<\/span><\/p>\n<p style=\"text-align: justify;\"><span style=\"font-family: arial, helvetica, sans-serif; font-size: 16px;\">Wir sehen der Wanderung recht entspannt entgegen, zumal wir ausdr\u00fccklich den Pferderitt abgew\u00e4hlt haben. Damit die richtige Entscheidung getroffen zu haben, zeigt sich schon nach wenigen Metern, als wir den extrem ausgetretenen, sehr schmierigen und mit gro\u00dfen L\u00f6chern gepflasterten Weg sehen. Ganz allm\u00e4hlich steigt der Weg an und wir wandern durch Hochlandregenwald, dessen B\u00e4ume von den vielen Flechten lauter B\u00e4rte haben. Richtig mystisch sehen die B\u00e4ume aus. Unser Guide ist straffen Schrittes unterwegs, aber er versucht wenigstens (anfangs) die Gruppe zusammenzuhalten und wartet immer mal auf die Nachz\u00fcgler.<\/span><\/p>\n<p style=\"text-align: justify;\"><span style=\"font-family: arial, helvetica, sans-serif; font-size: 16px;\">Nach etwa eineinhalb Stunden Wanderung erreichen wir die Nord-West Seite des Vulkans Sierra Negra und blicken beeindruckt in seinen gigantischen Kessel (Caldera). Der Einsturzkrater ist mit 11 km Durchmesser der Gr\u00f6\u00dfte, den die Schildvulkane der Gal\u00e1pagos-Inseln zu bieten haben. Seine flache, kreisf\u00f6rmige Einsenkung ist vor Tausenden von Jahren durch den pl\u00f6tzlichen Einbruch des Kraterbodens in eine entleerte Magmakammer entstanden. Die angrenzenden Kraterw\u00e4nde sind nach Osten und S\u00fcden \u00fcppig begr\u00fcnt und in der Kraterebene des Vulkans sieht man noch die schwarzen, erkalteten Str\u00f6me der Lava. Der Vulkan ist 2005 das letzte Mal ausgebrochen und man sieht noch im Vulkankessel die frischen Lavaspuren. Ganz klein und bescheiden f\u00fchlt man sich vor einer solch gro\u00dfartigen Naturkulisse.<\/span><\/p>\n<table style=\"width: 100%;\" border=\"0\" align=\"center\">\n<tbody>\n<tr>\n<td style=\"width: 25%; border-color: black; border-style: solid; border-width: 1px;\"><a title=\"&lt;strong&gt;Vulkankrater des &quot;Sierra Negra&quot; - Insel Isabela&lt;\/strong&gt;&lt;br\/&gt;&lt;br\/&gt;&lt;span style=&quot;font-size:85%;color:#949494&quot;&gt;[Bild-Id: 8711]&lt;\/span&gt;\" href=\"http:\/\/foto-passion.com\/wp-content\/gallery\/galapagos\/051112_10k_dsc06873.jpg\" rel=\"lightbox[52]\"><img loading=\"lazy\" class=\"ngg-singlepic ngg-none aligncenter\" title=\"Vulkankrater des \" alt=\"Vulkankrater des \" src=\"http:\/\/foto-passion.com\/wp-content\/gallery\/galapagos\/thumbs\/thumbs_051112_10k_dsc06873.jpg\" width=\"130\" height=\"87\" \/><\/a><\/td>\n<td style=\"width: 25%; border-color: black; border-style: solid; border-width: 1px;\"><a title=\"&lt;strong&gt;Vulkankrater des &quot;Sierra Negra&quot; - Insel Isabela&lt;\/strong&gt;&lt;br\/&gt;&lt;br\/&gt;&lt;span style=&quot;font-size:85%;color:#949494&quot;&gt;[Bild-Id: 8864]&lt;\/span&gt;\" href=\"http:\/\/foto-passion.com\/wp-content\/gallery\/galapagos\/051112_09u_dsc07630.jpg\" rel=\"lightbox[52]\"><img loading=\"lazy\" class=\"ngg-singlepic ngg-none aligncenter\" title=\"Vulkankrater des \" alt=\"Vulkankrater des \" src=\"http:\/\/foto-passion.com\/wp-content\/gallery\/galapagos\/thumbs\/thumbs_051112_09u_dsc07630.jpg\" width=\"130\" height=\"87\" \/><\/a><\/td>\n<td style=\"width: 25%; border-color: black; border-style: solid; border-width: 1px;\"><a title=\"&lt;strong&gt;Eine Nebelwand zieht \u00fcber den Vulkankrater des &quot;Sierra Negra&quot;&lt;\/strong&gt;&lt;br\/&gt;&lt;br\/&gt;&lt;span style=&quot;font-size:85%;color:#949494&quot;&gt;[Bild-Id: 8883]&lt;\/span&gt;\" href=\"http:\/\/foto-passion.com\/wp-content\/gallery\/galapagos\/051112_09u_dsc07762dri.jpg\" rel=\"lightbox[52]\"><img loading=\"lazy\" class=\"ngg-singlepic ngg-none aligncenter\" title=\"Eine Nebelwand zieht \u00fcber den Vulkankrater des \" alt=\"Eine Nebelwand zieht \u00fcber den Vulkankrater des \" src=\"http:\/\/foto-passion.com\/wp-content\/gallery\/galapagos\/thumbs\/thumbs_051112_09u_dsc07762dri.jpg\" width=\"130\" height=\"87\" \/><\/a><\/td>\n<td style=\"width: 25%; border-color: black; border-style: solid; border-width: 1px;\"><a title=\"&lt;strong&gt;Spuren seines j\u00fcngsten Ausbruchs - &quot;Sierra Negra&quot;&lt;\/strong&gt;&lt;br\/&gt;&lt;br\/&gt;&lt;span style=&quot;font-size:85%;color:#949494&quot;&gt;[Bild-Id: 8854]&lt;\/span&gt;\" href=\"http:\/\/foto-passion.com\/wp-content\/gallery\/galapagos\/051112_12k_dsc07886.jpg\" rel=\"lightbox[52]\"><img loading=\"lazy\" class=\"ngg-singlepic ngg-none aligncenter\" title=\"Spuren seines j\u00fcngsten Ausbruchs - \" alt=\"Spuren seines j\u00fcngsten Ausbruchs - \" src=\"http:\/\/foto-passion.com\/wp-content\/gallery\/galapagos\/thumbs\/thumbs_051112_12k_dsc07886.jpg\" width=\"130\" height=\"87\" \/><\/a><\/td>\n<\/tr>\n<\/tbody>\n<\/table>\n<p style=\"text-align: justify;\"><span style=\"font-family: arial, helvetica, sans-serif; font-size: 16px;\">Als die Gruppe bereits wieder aufgebrochen ist und wir auch gerade gehen wollen, kommt von S\u00fcden eine Nebelwand \u00fcber den Krater gezogen und ich sehe gerade noch, wie sich aus dem Nebelschleier ein Regenbogen formt. Was f\u00fcr ein ungew\u00f6hnlicher Anblick. Einen Regenbogen aus Nebel hatten wir vorher noch nie gesehen und dann ausgerechnet vor dieser Kulisse. Wir sind ganz aus dem H\u00e4uschen. Inzwischen ist die Gruppe nat\u00fcrlich schon lange \u00fcber mehrere Berge entschwunden und wir m\u00fcssen uns beeilen, sie wieder einzuholen. Das schaffen wir dann auch recht schnell, allerdings ziemlich schwei\u00dfgebadet, denn inzwischen ist es warm geworden. L\u00e4ngst haben wir die feuchte Hochlandluft hinter uns gelassen.<\/span><\/p>\n<table style=\"width: 100%;\" border=\"0\" align=\"center\">\n<tbody>\n<tr>\n<td style=\"width: 25%; border-color: black; border-style: solid; border-width: 1px;\"><a title=\"&lt;strong&gt;Der aufziehende Nebel formt sich zu einem Regenbogen \u00fcber dem Kraterrand des &quot;Sierra Negra&quot;&lt;\/strong&gt;&lt;br\/&gt;&lt;br\/&gt;&lt;span style=&quot;font-size:85%;color:#949494&quot;&gt;[Bild-Id: 8967]&lt;\/span&gt;\" href=\"http:\/\/foto-passion.com\/wp-content\/gallery\/galapagos\/051112_10k_dsc06893.jpg\" rel=\"lightbox[53]\"><img loading=\"lazy\" class=\"ngg-singlepic ngg-none aligncenter\" title=\"Der aufziehende Nebel formt sich zu einem Regenbogen \u00fcber dem Kraterrand des \" alt=\"Der aufziehende Nebel formt sich zu einem Regenbogen \u00fcber dem Kraterrand des \" src=\"http:\/\/foto-passion.com\/wp-content\/gallery\/galapagos\/thumbs\/thumbs_051112_10k_dsc06893.jpg\" width=\"130\" height=\"87\" \/><\/a><\/td>\n<td style=\"width: 25%; border-color: black; border-style: solid; border-width: 1px;\"><a title=\"&lt;strong&gt;Der Kraterrand des &quot;Sierra Negra&quot; ist \u00fcppig begr\u00fcnt&lt;\/strong&gt;&lt;br\/&gt;&lt;br\/&gt;&lt;span style=&quot;font-size:85%;color:#949494&quot;&gt;[Bild-Id: 8770]&lt;\/span&gt;\" href=\"http:\/\/foto-passion.com\/wp-content\/gallery\/galapagos\/051112_10k_dsc07189.jpg\" rel=\"lightbox[53]\"><img loading=\"lazy\" class=\"ngg-singlepic ngg-none aligncenter\" title=\"Der Kraterrand des \" alt=\"Der Kraterrand des \" src=\"http:\/\/foto-passion.com\/wp-content\/gallery\/galapagos\/thumbs\/thumbs_051112_10k_dsc07189.jpg\" width=\"130\" height=\"87\" \/><\/a><\/td>\n<td style=\"width: 25%; border-color: black; border-style: solid; border-width: 1px;\"><a title=\"&lt;strong&gt;Der Einsturzkrater des &quot;Sierra Negra&quot; hat einen Durchmesser von 11 Kilometern&lt;\/strong&gt;&lt;br\/&gt;&lt;br\/&gt;&lt;span style=&quot;font-size:85%;color:#949494&quot;&gt;[Bild-Id: 8673]&lt;\/span&gt;\" href=\"http:\/\/foto-passion.com\/wp-content\/gallery\/galapagos\/051112_09u_dsc07771dri.jpg\" rel=\"lightbox[53]\"><img loading=\"lazy\" class=\"ngg-singlepic ngg-none aligncenter\" title=\"Der Einsturzkrater des \" alt=\"Der Einsturzkrater des \" src=\"http:\/\/foto-passion.com\/wp-content\/gallery\/galapagos\/thumbs\/thumbs_051112_09u_dsc07771dri.jpg\" width=\"130\" height=\"87\" \/><\/a><\/td>\n<td style=\"width: 25%; border-color: black; border-style: solid; border-width: 1px;\"><a title=\"&lt;strong&gt;Weiter geht die Wanderung zum n\u00e4chsten Vulkan&lt;\/strong&gt;&lt;br\/&gt;&lt;br\/&gt;&lt;span style=&quot;font-size:85%;color:#949494&quot;&gt;[Bild-Id: 8677]&lt;\/span&gt;\" href=\"http:\/\/foto-passion.com\/wp-content\/gallery\/galapagos\/051112_10k_dsc06986.jpg\" rel=\"lightbox[53]\"><img loading=\"lazy\" class=\"ngg-singlepic ngg-none aligncenter\" title=\"Weiter geht die Wanderung zum n\u00e4chsten Vulkan\" alt=\"Weiter geht die Wanderung zum n\u00e4chsten Vulkan\" src=\"http:\/\/foto-passion.com\/wp-content\/gallery\/galapagos\/thumbs\/thumbs_051112_10k_dsc06986.jpg\" width=\"130\" height=\"87\" \/><\/a><\/td>\n<\/tr>\n<\/tbody>\n<\/table>\n<p style=\"text-align: justify;\"><span style=\"font-family: arial, helvetica, sans-serif; font-size: 16px;\">Am Kraterrand wandern wir in Richtung Norden, bis wir die Nordspitze des Vulkans Sierra Negra erreicht haben. Hier biegen wir ab zum Vulkan El Chico. Um ihn zu erreichen, m\u00fcssen wir \u00fcber die Lavafelder laufen, die der Vulkan Sierra Negra bei seinem Ausbruch 1979 \u00fcber den Nordrand ergossen hat. Aus n\u00e4chster N\u00e4he lassen sich nun alle Formen und Sorten der Lavastr\u00f6me betrachten. Es ist wahnsinnig interessant und wir kommen gar nicht nach mit schauen und fotografieren. \u00dcberhaupt ist diese Kulisse absolut gigantisch.<\/span><\/p>\n<table style=\"width: 100%;\" border=\"0\" align=\"center\">\n<tbody>\n<tr>\n<td style=\"width: 25%; border-color: black; border-style: solid; border-width: 1px;\"><a title=\"&lt;strong&gt;Spuren des letzten Vulkanausbruchs aus dem Jahr 2005&lt;\/strong&gt;&lt;br\/&gt;&lt;br\/&gt;&lt;span style=&quot;font-size:85%;color:#949494&quot;&gt;[Bild-Id: 8850]&lt;\/span&gt;\" href=\"http:\/\/foto-passion.com\/wp-content\/gallery\/galapagos\/051112_12k_dsc07889.jpg\" rel=\"lightbox[54]\"><img loading=\"lazy\" class=\"ngg-singlepic ngg-none aligncenter\" title=\"Spuren des letzten Vulkanausbruchs aus dem Jahr 2005\" alt=\"Spuren des letzten Vulkanausbruchs aus dem Jahr 2005\" src=\"http:\/\/foto-passion.com\/wp-content\/gallery\/galapagos\/thumbs\/thumbs_051112_12k_dsc07889.jpg\" width=\"130\" height=\"87\" \/><\/a><\/td>\n<td style=\"width: 25%; border-color: black; border-style: solid; border-width: 1px;\"><a title=\"&lt;strong&gt;Ein paar Kakteen und ansonsten nur Mondlandschaft - Lavafelder und Vulkankegel des &quot;Sierra Negra&quot;&lt;\/strong&gt;&lt;br\/&gt;&lt;br\/&gt;&lt;span style=&quot;font-size:85%;color:#949494&quot;&gt;[Bild-Id: 8823]&lt;\/span&gt;\" href=\"http:\/\/foto-passion.com\/wp-content\/gallery\/galapagos\/051112_12k_dsc07901.jpg\" rel=\"lightbox[54]\"><img loading=\"lazy\" class=\"ngg-singlepic ngg-none aligncenter\" title=\"Ein paar Kakteen und ansonsten nur Mondlandschaft - Lavafelder und Vulkankegel des \" alt=\"Ein paar Kakteen und ansonsten nur Mondlandschaft - Lavafelder und Vulkankegel des \" src=\"http:\/\/foto-passion.com\/wp-content\/gallery\/galapagos\/thumbs\/thumbs_051112_12k_dsc07901.jpg\" width=\"130\" height=\"87\" \/><\/a><\/td>\n<td style=\"width: 25%; border-color: black; border-style: solid; border-width: 1px;\"><a title=\"&lt;strong&gt;Vulkankegel des &quot;Sierra Negra&quot; - Insel Isabela&lt;\/strong&gt;&lt;br\/&gt;&lt;br\/&gt;&lt;span style=&quot;font-size:85%;color:#949494&quot;&gt;[Bild-Id: 8953]&lt;\/span&gt;\" href=\"http:\/\/foto-passion.com\/wp-content\/gallery\/galapagos\/051112_12k_dsc07907.jpg\" rel=\"lightbox[54]\"><img loading=\"lazy\" class=\"ngg-singlepic ngg-none aligncenter\" title=\"Vulkankegel des \" alt=\"Vulkankegel des \" src=\"http:\/\/foto-passion.com\/wp-content\/gallery\/galapagos\/thumbs\/thumbs_051112_12k_dsc07907.jpg\" width=\"130\" height=\"87\" \/><\/a><\/td>\n<td style=\"width: 25%; border-color: black; border-style: solid; border-width: 1px;\"><a title=\"&lt;strong&gt;Ziemlich schuht\u00f6tend diese Lavafelder&lt;\/strong&gt;&lt;br\/&gt;&lt;br\/&gt;&lt;span style=&quot;font-size:85%;color:#949494&quot;&gt;[Bild-Id: 8943]&lt;\/span&gt;\" href=\"http:\/\/foto-passion.com\/wp-content\/gallery\/galapagos\/051112_10k_dsc07053.jpg\" rel=\"lightbox[54]\"><img loading=\"lazy\" class=\"ngg-singlepic ngg-none aligncenter\" title=\"Ziemlich schuht\u00f6tend diese Lavafelder\" alt=\"Ziemlich schuht\u00f6tend diese Lavafelder\" src=\"http:\/\/foto-passion.com\/wp-content\/gallery\/galapagos\/thumbs\/thumbs_051112_10k_dsc07053.jpg\" width=\"130\" height=\"87\" \/><\/a><\/td>\n<\/tr>\n<\/tbody>\n<\/table>\n<p style=\"text-align: justify;\"><span style=\"font-family: arial, helvetica, sans-serif; font-size: 16px;\">Wir laufen \u00fcber Lavatunnel, lernen den Unterschied zu erkennen zwischen schnell- und langsam flie\u00dfender Lava und k\u00f6nnen genau die Grenze sehen zwischen erkalteter Lava, die 2.000 Jahre alt ist und der vom Ausbruch 1979. W\u00e4hrend die alte Lava rot ist, hat die neue Lava eine schwarze Farbe. Langsam flie\u00dfende Lava bildet \u00fcbrigens eine glatte Oberfl\u00e4che, w\u00e4hrend schnell geflossene Lava (sogenannte aa-Lava) in scharfkantige St\u00fccke gebrochen ist. Sie ist auch der absolute Schuht\u00f6ter.<\/span><\/p>\n<table style=\"width: 100%;\" border=\"0\" align=\"center\">\n<tbody>\n<tr>\n<td style=\"width: 25%; border-color: black; border-style: solid; border-width: 1px;\"><a title=\"&lt;strong&gt;P\u0101hoehoe-Lava \u00fcber einem Lavatunnel&lt;\/strong&gt;&lt;br\/&gt;&lt;br\/&gt;&lt;span style=&quot;font-size:85%;color:#949494&quot;&gt;[Bild-Id: 8992]&lt;\/span&gt;\" href=\"http:\/\/foto-passion.com\/wp-content\/gallery\/galapagos\/051112_12k_dsc07913.jpg\" rel=\"lightbox[55]\"><img loading=\"lazy\" class=\"ngg-singlepic ngg-none aligncenter\" title=\"P\u0101hoehoe-Lava \u00fcber einem Lavatunnel\" alt=\"P\u0101hoehoe-Lava \u00fcber einem Lavatunnel\" src=\"http:\/\/foto-passion.com\/wp-content\/gallery\/galapagos\/thumbs\/thumbs_051112_12k_dsc07913.jpg\" width=\"130\" height=\"87\" \/><\/a><\/td>\n<td style=\"width: 25%; border-color: black; border-style: solid; border-width: 1px;\"><a title=\"&lt;strong&gt;Links die rote Lava ist 2000 Jahre alt und rechts die schwarze Lava stammt vom Ausbruch 1979.&lt;\/strong&gt;&lt;br\/&gt;&lt;br\/&gt;&lt;span style=&quot;font-size:85%;color:#949494&quot;&gt;[Bild-Id: 8878]&lt;\/span&gt;\" href=\"http:\/\/foto-passion.com\/wp-content\/gallery\/galapagos\/051112_10k_dsc07036.jpg\" rel=\"lightbox[55]\"><img loading=\"lazy\" class=\"ngg-singlepic ngg-none aligncenter\" title=\"Links die rote Lava ist 2000 Jahre alt und rechts die schwarze Lava stammt vom Ausbruch 1979.\" alt=\"Links die rote Lava ist 2000 Jahre alt und rechts die schwarze Lava stammt vom Ausbruch 1979.\" src=\"http:\/\/foto-passion.com\/wp-content\/gallery\/galapagos\/thumbs\/thumbs_051112_10k_dsc07036.jpg\" width=\"130\" height=\"87\" \/><\/a><\/td>\n<td style=\"width: 25%; border-color: black; border-style: solid; border-width: 1px;\"><a title=\"&lt;strong&gt;Man kann noch sehen, dass die Lava ganz langsam und in Schichten geflossen ist&lt;\/strong&gt;&lt;br\/&gt;&lt;br\/&gt;&lt;span style=&quot;font-size:85%;color:#949494&quot;&gt;[Bild-Id: 8966]&lt;\/span&gt;\" href=\"http:\/\/foto-passion.com\/wp-content\/gallery\/galapagos\/051112_10k_dsc07058.jpg\" rel=\"lightbox[55]\"><img loading=\"lazy\" class=\"ngg-singlepic ngg-none aligncenter\" title=\"Man kann noch sehen, dass die Lava ganz langsam und in Schichten geflossen ist\" alt=\"Man kann noch sehen, dass die Lava ganz langsam und in Schichten geflossen ist\" src=\"http:\/\/foto-passion.com\/wp-content\/gallery\/galapagos\/thumbs\/thumbs_051112_10k_dsc07058.jpg\" width=\"130\" height=\"87\" \/><\/a><\/td>\n<td style=\"width: 25%; border-color: black; border-style: solid; border-width: 1px;\"><a title=\"&lt;strong&gt;Schuht\u00f6ter&lt;\/strong&gt;&lt;br\/&gt;&lt;br\/&gt;&lt;span style=&quot;font-size:85%;color:#949494&quot;&gt;[Bild-Id: 8853]&lt;\/span&gt;\" href=\"http:\/\/foto-passion.com\/wp-content\/gallery\/galapagos\/051112_12k_dsc07921.jpg\" rel=\"lightbox[55]\"><img loading=\"lazy\" class=\"ngg-singlepic ngg-none aligncenter\" title=\"Schuht\u00f6ter\" alt=\"Schuht\u00f6ter\" src=\"http:\/\/foto-passion.com\/wp-content\/gallery\/galapagos\/thumbs\/thumbs_051112_12k_dsc07921.jpg\" width=\"130\" height=\"87\" \/><\/a><\/td>\n<\/tr>\n<\/tbody>\n<\/table>\n<p style=\"text-align: justify;\"><span style=\"font-family: arial, helvetica, sans-serif; font-size: 16px;\">Der Parasit\u00e4rvulkan El Chico ist nur ein kleiner Vulkan. Daf\u00fcr ist der sehr farbintensiv. Sein Kraterrand leuchtet in zahlreichen Rott\u00f6nen, durchsetzt vom Gelb des Schwefels. Die zarte Farnvegetation in seinem Schlund gibt zus\u00e4tzliche Akzente. Nur vom Dampf, der von seiner Aktivit\u00e4t zeugt, ist zur Zeit nichts zu sehen.<\/span><\/p>\n<table style=\"width: 100%;\" border=\"0\" align=\"center\">\n<tbody>\n<tr>\n<td style=\"width: 25%; border-color: black; border-style: solid; border-width: 1px;\"><a title=\"&lt;strong&gt;Kleiner Parasit\u00e4rvulkan&lt;\/strong&gt;&lt;br\/&gt;&lt;br\/&gt;&lt;span style=&quot;font-size:85%;color:#949494&quot;&gt;[Bild-Id: 8796]&lt;\/span&gt;\" href=\"http:\/\/foto-passion.com\/wp-content\/gallery\/galapagos\/051112_09u_dsc07805dri.jpg\" rel=\"lightbox[56]\"><img loading=\"lazy\" class=\"ngg-singlepic ngg-none aligncenter\" title=\"Kleiner Parasit\u00e4rvulkan\" alt=\"Kleiner Parasit\u00e4rvulkan\" src=\"http:\/\/foto-passion.com\/wp-content\/gallery\/galapagos\/thumbs\/thumbs_051112_09u_dsc07805dri.jpg\" width=\"130\" height=\"87\" \/><\/a><\/td>\n<td style=\"width: 25%; border-color: black; border-style: solid; border-width: 1px;\"><a title=\"&lt;strong&gt;Parasit\u00e4rvulkan&lt;\/strong&gt;&lt;br\/&gt;&lt;br\/&gt;&lt;span style=&quot;font-size:85%;color:#949494&quot;&gt;[Bild-Id: 8997]&lt;\/span&gt;\" href=\"http:\/\/foto-passion.com\/wp-content\/gallery\/galapagos\/051112_10k_dsc07134.jpg\" rel=\"lightbox[56]\"><img loading=\"lazy\" class=\"ngg-singlepic ngg-none aligncenter\" title=\"Parasit\u00e4rvulkan\" alt=\"Parasit\u00e4rvulkan\" src=\"http:\/\/foto-passion.com\/wp-content\/gallery\/galapagos\/thumbs\/thumbs_051112_10k_dsc07134.jpg\" width=\"130\" height=\"87\" \/><\/a><\/td>\n<td style=\"width: 25%; border-color: black; border-style: solid; border-width: 1px;\"><a title=\"&lt;strong&gt;Kleiner Parasit\u00e4rvulkan&lt;\/strong&gt;&lt;br\/&gt;&lt;br\/&gt;&lt;span style=&quot;font-size:85%;color:#949494&quot;&gt;[Bild-Id: 8999]&lt;\/span&gt;\" href=\"http:\/\/foto-passion.com\/wp-content\/gallery\/galapagos\/051112_10k_dsc07118.jpg\" rel=\"lightbox[56]\"><img loading=\"lazy\" class=\"ngg-singlepic ngg-none aligncenter\" title=\"Kleiner Parasit\u00e4rvulkan\" alt=\"Kleiner Parasit\u00e4rvulkan\" src=\"http:\/\/foto-passion.com\/wp-content\/gallery\/galapagos\/thumbs\/thumbs_051112_10k_dsc07118.jpg\" width=\"130\" height=\"87\" \/><\/a><\/td>\n<td style=\"width: 25%; border-color: black; border-style: solid; border-width: 1px;\"><a title=\"&lt;strong&gt;Manchmal dampft dieser kleine Vulkan sogar&lt;\/strong&gt;&lt;br\/&gt;&lt;br\/&gt;&lt;span style=&quot;font-size:85%;color:#949494&quot;&gt;[Bild-Id: 8894]&lt;\/span&gt;\" href=\"http:\/\/foto-passion.com\/wp-content\/gallery\/galapagos\/051112_10k_dsc07141.jpg\" rel=\"lightbox[56]\"><img loading=\"lazy\" class=\"ngg-singlepic ngg-none aligncenter\" title=\"Manchmal dampft dieser kleine Vulkan sogar\" alt=\"Manchmal dampft dieser kleine Vulkan sogar\" src=\"http:\/\/foto-passion.com\/wp-content\/gallery\/galapagos\/thumbs\/thumbs_051112_10k_dsc07141.jpg\" width=\"130\" height=\"87\" \/><\/a><\/td>\n<\/tr>\n<\/tbody>\n<\/table>\n<p style=\"text-align: justify;\"><span style=\"font-family: arial, helvetica, sans-serif; font-size: 16px;\">Vom h\u00f6chsten Punkt des Vulkans haben wir nicht nur einen tollen \u00dcberblick \u00fcber die gigantische Vulkanlandschaft, sondern k\u00f6nnen auch die fantastische Aussicht auf Isabela und den Pazifik genie\u00dfen.<\/span><\/p>\n<table style=\"width: 100%;\" border=\"0\" align=\"center\">\n<tbody>\n<tr>\n<td style=\"width: 25%; border-color: black; border-style: solid; border-width: 1px;\"><a title=\"&lt;strong&gt;Eine Landschaft wie auf dem Mond&lt;\/strong&gt;&lt;br\/&gt;&lt;br\/&gt;&lt;span style=&quot;font-size:85%;color:#949494&quot;&gt;[Bild-Id: 8737]&lt;\/span&gt;\" href=\"http:\/\/foto-passion.com\/wp-content\/gallery\/galapagos\/051112_09u_dsc07814dri.jpg\" rel=\"lightbox[57]\"><img loading=\"lazy\" class=\"ngg-singlepic ngg-none aligncenter\" title=\"Eine Landschaft wie auf dem Mond\" alt=\"Eine Landschaft wie auf dem Mond\" src=\"http:\/\/foto-passion.com\/wp-content\/gallery\/galapagos\/thumbs\/thumbs_051112_09u_dsc07814dri.jpg\" width=\"130\" height=\"87\" \/><\/a><\/td>\n<td style=\"width: 25%; border-color: black; border-style: solid; border-width: 1px;\"><a title=\"&lt;strong&gt;Lavafelder bis zur K\u00fcste&lt;\/strong&gt;&lt;br\/&gt;&lt;br\/&gt;&lt;span style=&quot;font-size:85%;color:#949494&quot;&gt;[Bild-Id: 8780]&lt;\/span&gt;\" href=\"http:\/\/foto-passion.com\/wp-content\/gallery\/galapagos\/051112_10k_dsc07123.jpg\" rel=\"lightbox[57]\"><img loading=\"lazy\" class=\"ngg-singlepic ngg-none aligncenter\" title=\"Lavafelder bis zur K\u00fcste\" alt=\"Lavafelder bis zur K\u00fcste\" src=\"http:\/\/foto-passion.com\/wp-content\/gallery\/galapagos\/thumbs\/thumbs_051112_10k_dsc07123.jpg\" width=\"130\" height=\"87\" \/><\/a><\/td>\n<td style=\"width: 25%; border-color: black; border-style: solid; border-width: 1px;\"><a title=\"&lt;strong&gt;Vulkanlandschaft&lt;\/strong&gt;&lt;br\/&gt;&lt;br\/&gt;&lt;span style=&quot;font-size:85%;color:#949494&quot;&gt;[Bild-Id: 8893]&lt;\/span&gt;\" href=\"http:\/\/foto-passion.com\/wp-content\/gallery\/galapagos\/051112_10k_dsc07139.jpg\" rel=\"lightbox[57]\"><img loading=\"lazy\" class=\"ngg-singlepic ngg-none aligncenter\" title=\"Vulkanlandschaft\" alt=\"Vulkanlandschaft\" src=\"http:\/\/foto-passion.com\/wp-content\/gallery\/galapagos\/thumbs\/thumbs_051112_10k_dsc07139.jpg\" width=\"130\" height=\"87\" \/><\/a><\/td>\n<td style=\"width: 25%; border-color: black; border-style: solid; border-width: 1px;\"><a title=\"&lt;strong&gt;Vulkanlandschaft&lt;\/strong&gt;&lt;br\/&gt;&lt;br\/&gt;&lt;span style=&quot;font-size:85%;color:#949494&quot;&gt;[Bild-Id: 8995]&lt;\/span&gt;\" href=\"http:\/\/foto-passion.com\/wp-content\/gallery\/galapagos\/051112_10k_dsc07085dri.jpg\" rel=\"lightbox[57]\"><img loading=\"lazy\" class=\"ngg-singlepic ngg-none aligncenter\" title=\"Vulkanlandschaft\" alt=\"Vulkanlandschaft\" src=\"http:\/\/foto-passion.com\/wp-content\/gallery\/galapagos\/thumbs\/thumbs_051112_10k_dsc07085dri.jpg\" width=\"130\" height=\"87\" \/><\/a><\/td>\n<\/tr>\n<\/tbody>\n<\/table>\n<p style=\"text-align: justify;\"><span style=\"font-family: arial, helvetica, sans-serif; font-size: 16px;\">Nun hat es unser Guide auf einmal ziemlich eilig. Statt uns erst einmal in Ruhe diese gigantische Landschaft genie\u00dfen zu lassen, eilt er vornweg und der Rest der Gruppe hechelt ihm hinterher.<\/span><\/p>\n<p style=\"text-align: justify;\"><span style=\"font-family: arial, helvetica, sans-serif; font-size: 16px;\">Noch schneller als auf dem Hinweg nimmt der Guide dann den R\u00fcckweg. Wir stolpern im Laufschritt hinterher, um den Anschluss zur Gruppe nicht g\u00e4nzlich zu verpassen. Zwar sind aus unserer Gruppe noch mehr Nachz\u00fcgler unterwegs, doch das \u00e4ndert nichts an der Tatsache, dass wir fast rennen m\u00fcssen, um zwischendurch auch noch Zeit f\u00fcr Fotos zu haben. Das geht ungef\u00e4hr so: nach unten schauen, wo man hin tritt und wie der Weg verl\u00e4uft, dann rasch aufschauen, die tolle Kulisse in sich aufnehmen, schnell mal ein Bild machen und wieder losrennen. So eilen wir quasi im Laufschritt den Berg wieder hoch, doch vom Guide ist keine Spur mehr zu sehen. Der ist l\u00e4ngst auf und davon, obwohl hinter uns noch 5 Leute der Gruppe folgen. Mit hochrotem Kopf erreichen wir den Rastpunkt, an dem uns unser Guide &#8211; schon mal vom Kopf bis zur Hose komplett umgestylt &#8211; auf einer Bank sitzend erwartet und zum n\u00e4chsten Rastplatz schickt. Dort angekommen wartet dann die Gruppe auf den Guide. Als der dann endlich kommt, sind inzwischen alle wieder ausreichend akklimatisiert, haben gevespert und sind bereit, weiter zu wandern. Unser Guide aber legt sich hin und wir schauen ihm vollkommen verdutzt beim Schlafen zu. Das ist dann doch mehr, als Einige von uns vertragen k\u00f6nnen. Wir rennen wie die Bekloppten \u00fcber die Lavafelder und dann sollen wir dem Burschen beim Schlafen zusehen. So beschlie\u00dfen nach und nach alle der Gruppe, sich schon mal auf den Weg zu machen, denn den finden wir ja jetzt auch allein. So ist die Gruppe vollkommen zerstreut, der Guide kommt irgendwann allein anmarschiert, redet kein Wort mehr und macht beleidigt sein Ding f\u00fcr sich. Aber nach der Nummer will auch Keiner mehr mit ihm reden.<\/span><\/p>\n<p style=\"text-align: justify;\"><span style=\"font-family: arial, helvetica, sans-serif; font-size: 16px;\">Auf halbem Weg im Hochland setzt wieder der feine Spr\u00fchregen ein und in k\u00fcrzester Zeit sind wir patschnass. Der viele Staub, der sich auf unsere Hosen und Schuhe gesetzt hat, wird nun richtig matschig und wir sehen aus wie die Ferkel. Endlich am Ausgangspunkt angekommen, warten schon die Fahrzeuge auf uns, die uns hierher gebracht haben. In der gleichen Zusammensetzung steigt Jeder in das Auto, mit dem er gekommen ist und wird wieder ans Hotel gebracht. Man h\u00e4tte ehrlich gesagt auch auf einen Guide verzichten k\u00f6nnen, aber ohne Guides sind die Wanderungen leider nicht erlaubt.<\/span><\/p>\n<p style=\"text-align: justify;\"><span style=\"font-family: arial, helvetica, sans-serif; font-size: 16px;\">M\u00fcde aber begeistert, dieses Naturwunder gesehen zu haben, steigen wir aus unseren nassen Dreckklamotten. Anschlie\u00dfend suchen wir uns erst einmal ein Restaurant, in dem wir etwas zu Essen bekommen, denn wir haben richtig Hunger. Am Nachmittag laufen wir noch zu den anderen Lagunen, die es hier in der Umgebung gibt und halten Ausschau nach Flamingos. Wir werden auch tats\u00e4chlich f\u00fcndig und beobachten eine ganze Weile mehrere Gruppen dieser wundersch\u00f6nen korallenfarbigen Laufv\u00f6gel, die hier eine ganz besonders kr\u00e4ftige F\u00e4rbung haben. Denen werden wir uns dann Morgen in aller Ruhe widmen, denn jeden Tag hinter einem Guide herrennen, ist nun wirklich nichts f\u00fcr uns.<\/span><\/p>\n<p style=\"text-align: justify;\"><span style=\"font-family: arial, helvetica, sans-serif; font-size: 16px;\">Nach einem kurzen Strandspaziergang fallen wir dann ziemlich schnell ins Bett, denn der Tag war doch recht anstrengend.<\/span><\/p>\n<hr style=\"height: 1px; width: 30%;\" size=\"1\" width=\"30%\" \/>\n<p style=\"text-align: justify;\"><strong><span style=\"font-family: arial, helvetica, sans-serif; font-size: 16px;\">06.11.2012\u00a0\u00a0\u00a0\u00a0\u00a0 Isabela<\/span><\/strong><\/p>\n<p style=\"text-align: justify;\"><span style=\"font-family: arial, helvetica, sans-serif; font-size: 16px;\">Heute lassen wir uns vom Meeresrauschen wecken. Das eher bescheidene Hotelfr\u00fchst\u00fcck z\u00e4hlt nicht unbedingt zu den Highlights des Tages und ist schnell erledigt. Daf\u00fcr ist der Blick aus unserem Fenster umso sch\u00f6ner und wenn wir aus dem Hotel treten, stehen wir auch schon unmittelbar am malerischen Strand.<\/span><\/p>\n<table style=\"width: 100%;\" border=\"0\" align=\"center\">\n<tbody>\n<tr>\n<td style=\"width: 25%; border-color: black; border-style: solid; border-width: 1px;\"><a title=\"&lt;strong&gt;Traumstrand - Insel Isabela&lt;\/strong&gt;&lt;br\/&gt;&lt;br\/&gt;&lt;span style=&quot;font-size:85%;color:#949494&quot;&gt;[Bild-Id: 8929]&lt;\/span&gt;\" href=\"http:\/\/foto-passion.com\/wp-content\/gallery\/galapagos\/051112_10k_dsc06843.jpg\" rel=\"lightbox[58]\"><img loading=\"lazy\" class=\"ngg-singlepic ngg-none aligncenter\" title=\"Traumstrand - Insel Isabela\" alt=\"Traumstrand - Insel Isabela\" src=\"http:\/\/foto-passion.com\/wp-content\/gallery\/galapagos\/thumbs\/thumbs_051112_10k_dsc06843.jpg\" width=\"130\" height=\"87\" \/><\/a><\/td>\n<td style=\"width: 25%; border-color: black; border-style: solid; border-width: 1px;\"><a title=\"&lt;strong&gt;Traumstrand - Insel Isabela&lt;\/strong&gt;&lt;br\/&gt;&lt;br\/&gt;&lt;span style=&quot;font-size:85%;color:#949494&quot;&gt;[Bild-Id: 8988]&lt;\/span&gt;\" href=\"http:\/\/foto-passion.com\/wp-content\/gallery\/galapagos\/051112_10k_dsc06846.jpg\" rel=\"lightbox[58]\"><img loading=\"lazy\" class=\"ngg-singlepic ngg-none aligncenter\" title=\"Traumstrand - Insel Isabela\" alt=\"Traumstrand - Insel Isabela\" src=\"http:\/\/foto-passion.com\/wp-content\/gallery\/galapagos\/thumbs\/thumbs_051112_10k_dsc06846.jpg\" width=\"130\" height=\"87\" \/><\/a><\/td>\n<\/tr>\n<\/tbody>\n<\/table>\n<p style=\"text-align: justify;\"><span style=\"font-family: arial, helvetica, sans-serif; font-size: 16px;\">Unser erster Gang f\u00fchrt uns noch einmal zu den Lagunen, in denen wir gestern die Flamingos gesehen haben. Die sind auch heute Morgen noch da und ihr kr\u00e4ftiges Lachsrot leuchtet im sanften Morgenlicht noch st\u00e4rker als gestern. Heute Morgen sind die V\u00f6gel recht aktiv und filtern ununterbrochen die Lagune durch. Da ist es gar nicht so einfach, verwacklungsfreie Bilder hin zu bekommen.<\/span><\/p>\n<table style=\"width: 100%;\" border=\"0\" align=\"center\">\n<tbody>\n<tr>\n<td style=\"width: 25%; border-color: black; border-style: solid; border-width: 1px;\"><a title=\"&lt;strong&gt;Rosaflamingos (Phoenicopterus roseus)&lt;\/strong&gt;&lt;br\/&gt;&lt;br\/&gt;&lt;span style=&quot;font-size:85%;color:#949494&quot;&gt;[Bild-Id: 8910]&lt;\/span&gt;\" href=\"http:\/\/foto-passion.com\/wp-content\/gallery\/galapagos\/061112_09u_dsc08272.jpg\" target=\"_blank\" rel=\"lightbox[59]\"><img loading=\"lazy\" class=\"ngg-singlepic ngg-none aligncenter\" title=\"Rosaflamingos (Phoenicopterus roseus)\" alt=\"Rosaflamingos (Phoenicopterus roseus)\" src=\"http:\/\/foto-passion.com\/wp-content\/gallery\/galapagos\/thumbs\/thumbs_061112_09u_dsc08272.jpg\" width=\"130\" height=\"87\" \/><\/a><\/td>\n<td style=\"width: 25%; border-color: black; border-style: solid; border-width: 1px;\"><a title=\"&lt;strong&gt;Rosaflamingo (Phoenicopterus roseus)&lt;\/strong&gt;&lt;br\/&gt;&lt;br\/&gt;&lt;span style=&quot;font-size:85%;color:#949494&quot;&gt;[Bild-Id: 8705]&lt;\/span&gt;\" href=\"http:\/\/foto-passion.com\/wp-content\/gallery\/galapagos\/061112_08k_dsc00026.jpg\" rel=\"lightbox[59]\"><img loading=\"lazy\" class=\"ngg-singlepic ngg-none aligncenter\" title=\"Rosaflamingo (Phoenicopterus roseus)\" alt=\"Rosaflamingo (Phoenicopterus roseus)\" src=\"http:\/\/foto-passion.com\/wp-content\/gallery\/galapagos\/thumbs\/thumbs_061112_08k_dsc00026.jpg\" width=\"130\" height=\"87\" \/><\/a><\/td>\n<td style=\"width: 25%; border-color: black; border-style: solid; border-width: 1px;\"><a title=\"&lt;strong&gt;Die Rosaflamingos (Phoenicopterus roseus) haben hier eine besonders sch\u00f6ne F\u00e4rbung&lt;\/strong&gt;&lt;br\/&gt;&lt;br\/&gt;&lt;span style=&quot;font-size:85%;color:#949494&quot;&gt;[Bild-Id: 8867]&lt;\/span&gt;\" href=\"http:\/\/foto-passion.com\/wp-content\/gallery\/galapagos\/061112_10k_dsc08569.jpg\" rel=\"lightbox[59]\"><img loading=\"lazy\" class=\"ngg-singlepic ngg-none aligncenter\" title=\"Die Rosaflamingos (Phoenicopterus roseus) haben hier eine besonders sch\u00f6ne F\u00e4rbung\" alt=\"Die Rosaflamingos (Phoenicopterus roseus) haben hier eine besonders sch\u00f6ne F\u00e4rbung\" src=\"http:\/\/foto-passion.com\/wp-content\/gallery\/galapagos\/thumbs\/thumbs_061112_10k_dsc08569.jpg\" width=\"130\" height=\"87\" \/><\/a><\/td>\n<td style=\"width: 25%; border-color: black; border-style: solid; border-width: 1px;\"><a title=\"&lt;strong&gt;Rosaflamingos (Phoenicopterus roseus)&lt;\/strong&gt;&lt;br\/&gt;&lt;br\/&gt;&lt;span style=&quot;font-size:85%;color:#949494&quot;&gt;[Bild-Id: 8968]&lt;\/span&gt;\" href=\"http:\/\/foto-passion.com\/wp-content\/gallery\/galapagos\/061112_10k_dsc08650.jpg\" rel=\"lightbox[59]\"><img loading=\"lazy\" class=\"ngg-singlepic ngg-none aligncenter\" title=\"Rosaflamingos (Phoenicopterus roseus)\" alt=\"Rosaflamingos (Phoenicopterus roseus)\" src=\"http:\/\/foto-passion.com\/wp-content\/gallery\/galapagos\/thumbs\/thumbs_061112_10k_dsc08650.jpg\" width=\"130\" height=\"87\" \/><\/a><\/td>\n<\/tr>\n<\/tbody>\n<\/table>\n<p style=\"text-align: justify;\"><span style=\"font-family: arial, helvetica, sans-serif; font-size: 16px;\">Neben den Flamingos gibt es in den Lagunen auch noch unz\u00e4hlige Marine-Iguanas, bei denen insbesondere einige M\u00e4nnchen eine stattliche Gr\u00f6\u00dfe aufweisen.<\/span><\/p>\n<p style=\"text-align: justify;\"><span style=\"font-family: arial, helvetica, sans-serif; font-size: 16px;\">Im sandigen Boden der Lagunen leben massenhaft Winkerkrabben, die nur eine gro\u00dfe Scheere haben. \u00dcberall wuselt es herum, doch sowie sich etwas bewegt, flitzen dann alle wieder in ihr Loch zur\u00fcck, aus dem sie neugierig hervor schauen.<\/span><\/p>\n<table style=\"width: 100%;\" border=\"0\" align=\"center\">\n<tbody>\n<tr>\n<td style=\"width: 25%; border-color: black; border-style: solid; border-width: 1px;\"><a title=\"&lt;strong&gt;Regenbrachvogel (Numenius phaeopus), Whimbrel&lt;\/strong&gt;&lt;br\/&gt;&lt;br\/&gt;&lt;span style=&quot;font-size:85%;color:#949494&quot;&gt;[Bild-Id: 8760]&lt;\/span&gt;\" href=\"http:\/\/foto-passion.com\/wp-content\/gallery\/galapagos\/061112_09u_dsc07876.jpg\" rel=\"lightbox[60]\"><img loading=\"lazy\" class=\"ngg-singlepic ngg-none aligncenter\" title=\"Regenbrachvogel (Numenius phaeopus), Whimbrel\" alt=\"Regenbrachvogel (Numenius phaeopus), Whimbrel\" src=\"http:\/\/foto-passion.com\/wp-content\/gallery\/galapagos\/thumbs\/thumbs_061112_09u_dsc07876.jpg\" width=\"130\" height=\"87\" \/><\/a><\/td>\n<td style=\"width: 25%; border-color: black; border-style: solid; border-width: 1px;\"><a title=\"&lt;strong&gt;Bahamaente (Anas bahamensis)&lt;\/strong&gt;&lt;br\/&gt;&lt;br\/&gt;&lt;span style=&quot;font-size:85%;color:#949494&quot;&gt;[Bild-Id: 8659]&lt;\/span&gt;\" href=\"http:\/\/foto-passion.com\/wp-content\/gallery\/galapagos\/061112_09u_dsc07966.jpg\" rel=\"lightbox[60]\"><img loading=\"lazy\" class=\"ngg-singlepic ngg-none aligncenter\" title=\"Bahamaente (Anas bahamensis)\" alt=\"Bahamaente (Anas bahamensis)\" src=\"http:\/\/foto-passion.com\/wp-content\/gallery\/galapagos\/thumbs\/thumbs_061112_09u_dsc07966.jpg\" width=\"130\" height=\"87\" \/><\/a><\/td>\n<td style=\"width: 25%; border-color: black; border-style: solid; border-width: 1px;\"><a title=\"&lt;strong&gt;Galapagos-Winkerkrabbe (Uca helleri)&lt;\/strong&gt;&lt;br\/&gt;&lt;br\/&gt;&lt;span style=&quot;font-size:85%;color:#949494&quot;&gt;[Bild-Id: 8939]&lt;\/span&gt;\" href=\"http:\/\/foto-passion.com\/wp-content\/gallery\/galapagos\/061112_09u_dsc08095.jpg\" rel=\"lightbox[60]\"><img loading=\"lazy\" class=\"ngg-singlepic ngg-none aligncenter\" title=\"Galapagos-Winkerkrabbe (Uca helleri)\" alt=\"Galapagos-Winkerkrabbe (Uca helleri)\" src=\"http:\/\/foto-passion.com\/wp-content\/gallery\/galapagos\/thumbs\/thumbs_061112_09u_dsc08095.jpg\" width=\"130\" height=\"87\" \/><\/a><\/td>\n<td style=\"width: 25%; border-color: black; border-style: solid; border-width: 1px;\"><a title=\"&lt;strong&gt;Gal\u00e1pagos Lavaechse (Microlophus albemarlensis)&lt;\/strong&gt;&lt;br\/&gt;&lt;br\/&gt;&lt;span style=&quot;font-size:85%;color:#949494&quot;&gt;[Bild-Id: 8661]&lt;\/span&gt;\" href=\"http:\/\/foto-passion.com\/wp-content\/gallery\/galapagos\/061112_09u_dsc08158.jpg\" rel=\"lightbox[60]\"><img loading=\"lazy\" class=\"ngg-singlepic ngg-none aligncenter\" title=\"Gal\u00e1pagos Lavaechse (Microlophus albemarlensis)\" alt=\"Gal\u00e1pagos Lavaechse (Microlophus albemarlensis)\" src=\"http:\/\/foto-passion.com\/wp-content\/gallery\/galapagos\/thumbs\/thumbs_061112_09u_dsc08158.jpg\" width=\"130\" height=\"87\" \/><\/a><\/td>\n<\/tr>\n<\/tbody>\n<\/table>\n<p style=\"text-align: justify;\"><span style=\"font-family: arial, helvetica, sans-serif; font-size: 16px;\">Nachdem wir die Flamingos von allen Seiten abgelichtet haben, gehen wir noch kurz in die Schildkr\u00f6tenaufzuchtstation. Hier werden Gal\u00e1pagos-Riesenschildkr\u00f6ten gez\u00fcchtet, um sie sp\u00e4ter wieder auswildern zu k\u00f6nnen. In getrennten Gehegen finden sich alle Gr\u00f6\u00dfen von Riesenschildkr\u00f6ten. Den Kleinsten kann man es wahrlich noch nicht ansehen, was sie einmal f\u00fcr riesige Brocken werden &#8211; aber da vergehen ja auch Jahrzehnte.<\/span><\/p>\n<table style=\"width: 100%;\" border=\"0\" align=\"center\">\n<tbody>\n<tr>\n<td style=\"width: 25%; border-color: black; border-style: solid; border-width: 1px;\"><a title=\"&lt;strong&gt;Gal\u00e1pagos-Riesenschildkr\u00f6te (Chelonoidis nigra) - Aufzuchstation in Puerto Villamil&lt;\/strong&gt;&lt;br\/&gt;&lt;br\/&gt;&lt;span style=&quot;font-size:85%;color:#949494&quot;&gt;[Bild-Id: 8922]&lt;\/span&gt;\" href=\"http:\/\/foto-passion.com\/wp-content\/gallery\/galapagos\/061112_10k_dsc07222.jpg\" rel=\"lightbox[61]\"><img loading=\"lazy\" class=\"ngg-singlepic ngg-none aligncenter\" title=\"Gal\u00e1pagos-Riesenschildkr\u00f6te (Chelonoidis nigra) - Aufzuchstation in Puerto Villamil\" alt=\"Gal\u00e1pagos-Riesenschildkr\u00f6te (Chelonoidis nigra) - Aufzuchstation in Puerto Villamil\" src=\"http:\/\/foto-passion.com\/wp-content\/gallery\/galapagos\/thumbs\/thumbs_061112_10k_dsc07222.jpg\" width=\"130\" height=\"87\" \/><\/a><\/td>\n<td style=\"width: 25%; border-color: black; border-style: solid; border-width: 1px;\"><a title=\"&lt;strong&gt;Gal\u00e1pagos-Riesenschildkr\u00f6te (Chelonoidis nigra) - Aufzuchstation in Puerto Villamil&lt;\/strong&gt;&lt;br\/&gt;&lt;br\/&gt;&lt;span style=&quot;font-size:85%;color:#949494&quot;&gt;[Bild-Id: 8813]&lt;\/span&gt;\" href=\"http:\/\/foto-passion.com\/wp-content\/gallery\/galapagos\/061112_09u_dsc07976.jpg\" rel=\"lightbox[61]\"><img loading=\"lazy\" class=\"ngg-singlepic ngg-none aligncenter\" title=\"Gal\u00e1pagos-Riesenschildkr\u00f6te (Chelonoidis nigra) - Aufzuchstation in Puerto Villamil\" alt=\"Gal\u00e1pagos-Riesenschildkr\u00f6te (Chelonoidis nigra) - Aufzuchstation in Puerto Villamil\" src=\"http:\/\/foto-passion.com\/wp-content\/gallery\/galapagos\/thumbs\/thumbs_061112_09u_dsc07976.jpg\" width=\"130\" height=\"87\" \/><\/a><\/td>\n<td style=\"width: 25%; border-color: black; border-style: solid; border-width: 1px;\"><a title=\"&lt;strong&gt;Hey - Gal\u00e1pagos-Riesenschildkr\u00f6te (Chelonoidis nigra) - Aufzuchstation in Puerto Villamil&lt;\/strong&gt;&lt;br\/&gt;&lt;br\/&gt;&lt;span style=&quot;font-size:85%;color:#949494&quot;&gt;[Bild-Id: 8990]&lt;\/span&gt;\" href=\"http:\/\/foto-passion.com\/wp-content\/gallery\/galapagos\/061112_09u_dsc07996.jpg\" rel=\"lightbox[61]\"><img loading=\"lazy\" class=\"ngg-singlepic ngg-none aligncenter\" title=\"Hey - Gal\u00e1pagos-Riesenschildkr\u00f6te (Chelonoidis nigra) - Aufzuchstation in Puerto Villamil\" alt=\"Hey - Gal\u00e1pagos-Riesenschildkr\u00f6te (Chelonoidis nigra) - Aufzuchstation in Puerto Villamil\" src=\"http:\/\/foto-passion.com\/wp-content\/gallery\/galapagos\/thumbs\/thumbs_061112_09u_dsc07996.jpg\" width=\"130\" height=\"87\" \/><\/a><\/td>\n<td style=\"width: 25%; border-color: black; border-style: solid; border-width: 1px;\"><a title=\"&lt;strong&gt;Gal\u00e1pagos-Riesenschildkr\u00f6te(Chelonoidis nigra) - Aufzuchstation in Puerto Villamil&lt;\/strong&gt;&lt;br\/&gt;&lt;br\/&gt;&lt;span style=&quot;font-size:85%;color:#949494&quot;&gt;[Bild-Id: 8923]&lt;\/span&gt;\" href=\"http:\/\/foto-passion.com\/wp-content\/gallery\/galapagos\/061112_09u_dsc08013.jpg\" rel=\"lightbox[61]\"><img loading=\"lazy\" class=\"ngg-singlepic ngg-none aligncenter\" title=\"Gal\u00e1pagos-Riesenschildkr\u00f6te(Chelonoidis nigra) - Aufzuchstation in Puerto Villamil\" alt=\"Gal\u00e1pagos-Riesenschildkr\u00f6te(Chelonoidis nigra) - Aufzuchstation in Puerto Villamil\" src=\"http:\/\/foto-passion.com\/wp-content\/gallery\/galapagos\/thumbs\/thumbs_061112_09u_dsc08013.jpg\" width=\"130\" height=\"87\" \/><\/a><\/td>\n<\/tr>\n<\/tbody>\n<\/table>\n<p style=\"text-align: justify;\"><span style=\"font-family: arial, helvetica, sans-serif; font-size: 16px;\">Als wir gerade wieder am Strand entlang zum Hotel laufen wollen, stellen wir fest, dass die Marine-Iguanas gerade alle ins Wasser gehen, um an den Felsen die Algen abzugrasen. Manche von ihnen sind gar nicht bl\u00f6d und nehmen die Felsen, die noch nicht \u00fcberflutet sind. So m\u00fcssen sie nicht in das kalte Wasser. Durch seine gute Tarnfarbe kaum sichtbar steht ein Lavareiher zwischen den Felsen und versucht, sich seine Mahlzeit Fisch zu besorgen. Auch die lachsroten und schwarz-rot-gesprengelten Krabben sind \u00fcberall unterwegs.<\/span><\/p>\n<table style=\"width: 100%;\" border=\"0\" align=\"center\">\n<tbody>\n<tr>\n<td style=\"width: 25%; border-color: black; border-style: solid; border-width: 1px;\"><a title=\"&lt;strong&gt;Lavareiher (Butorides sundevalli)&lt;\/strong&gt;&lt;br\/&gt;&lt;br\/&gt;&lt;span style=&quot;font-size:85%;color:#949494&quot;&gt;[Bild-Id: 8764]&lt;\/span&gt;\" href=\"http:\/\/foto-passion.com\/wp-content\/gallery\/galapagos\/061112_12k_dsc08099.jpg\" rel=\"lightbox[62]\"><img loading=\"lazy\" class=\"ngg-singlepic ngg-none aligncenter\" title=\"Lavareiher(Butorides sundevalli)\" alt=\"Lavareiher(Butorides sundevalli)\" src=\"http:\/\/foto-passion.com\/wp-content\/gallery\/galapagos\/thumbs\/thumbs_061112_12k_dsc08099.jpg\" width=\"130\" height=\"87\" \/><\/a><\/td>\n<td style=\"width: 25%; border-color: black; border-style: solid; border-width: 1px;\"><a title=\"&lt;strong&gt;Lavareiher (Butorides sundevalli)&lt;\/strong&gt;&lt;br\/&gt;&lt;br\/&gt;&lt;span style=&quot;font-size:85%;color:#949494&quot;&gt;[Bild-Id: 8735]&lt;\/span&gt;\" href=\"http:\/\/foto-passion.com\/wp-content\/gallery\/galapagos\/061112_12k_dsc08053.jpg\" rel=\"lightbox[62]\"><img loading=\"lazy\" class=\"ngg-singlepic ngg-none aligncenter\" title=\"Lavareiher(Butorides sundevalli)\" alt=\"Lavareiher(Butorides sundevalli)\" src=\"http:\/\/foto-passion.com\/wp-content\/gallery\/galapagos\/thumbs\/thumbs_061112_12k_dsc08053.jpg\" width=\"130\" height=\"87\" \/><\/a><\/td>\n<td style=\"width: 25%; border-color: black; border-style: solid; border-width: 1px;\"><a title=\"&lt;strong&gt;Lavareiher (Butorides sundevalli)&lt;\/strong&gt;&lt;br\/&gt;&lt;br\/&gt;&lt;span style=&quot;font-size:85%;color:#949494&quot;&gt;[Bild-Id: 8993]&lt;\/span&gt;\" href=\"http:\/\/foto-passion.com\/wp-content\/gallery\/galapagos\/061112_09u_dsc08246.jpg\" rel=\"lightbox[62]\"><img loading=\"lazy\" class=\"ngg-singlepic ngg-none aligncenter\" title=\"Lavareiher(Butorides sundevalli)\" alt=\"Lavareiher(Butorides sundevalli)\" src=\"http:\/\/foto-passion.com\/wp-content\/gallery\/galapagos\/thumbs\/thumbs_061112_09u_dsc08246.jpg\" width=\"130\" height=\"87\" \/><\/a><\/td>\n<td style=\"width: 25%; border-color: black; border-style: solid; border-width: 1px;\"><a title=\"&lt;strong&gt;Auch er l\u00e4sst sich von uns gar nicht st\u00f6ren - Lavareiher (Butorides sundevalli)&lt;\/strong&gt;&lt;br\/&gt;&lt;br\/&gt;&lt;span style=&quot;font-size:85%;color:#949494&quot;&gt;[Bild-Id: 8958]&lt;\/span&gt;\" href=\"http:\/\/foto-passion.com\/wp-content\/gallery\/galapagos\/061112_09u_dsc08176.jpg\" rel=\"lightbox[62]\"><img loading=\"lazy\" class=\"ngg-singlepic ngg-none aligncenter\" title=\"Auch er l\u00e4sst sich von uns gar nicht st\u00f6ren - Lavareiher(Butorides sundevalli)\" alt=\"Auch er l\u00e4sst sich von uns gar nicht st\u00f6ren - Lavareiher(Butorides sundevalli)\" src=\"http:\/\/foto-passion.com\/wp-content\/gallery\/galapagos\/thumbs\/thumbs_061112_09u_dsc08176.jpg\" width=\"130\" height=\"87\" \/><\/a><\/td>\n<\/tr>\n<\/tbody>\n<\/table>\n<p style=\"text-align: justify;\"><span style=\"font-family: arial, helvetica, sans-serif; font-size: 16px;\">Wir stehen bis zur Hosenkante im Wasser und versuchen, die Marine-Iguanas beim Grasen zu fotografieren. Anschlie\u00dfend m\u00fcssen wir uns erst einmal trocken legen.<\/span><\/p>\n<table style=\"width: 100%;\" border=\"0\" align=\"center\">\n<tbody>\n<tr>\n<td style=\"width: 25%; border-color: black; border-style: solid; border-width: 1px;\"><a title=\"&lt;strong&gt;Eine Meerechse (Amblyrhynchus cristatus) kommt gerade vom Fressen zur\u00fcck&lt;\/strong&gt;&lt;br\/&gt;&lt;br\/&gt;&lt;span style=&quot;font-size:85%;color:#949494&quot;&gt;[Bild-Id: 8820]&lt;\/span&gt;\" href=\"http:\/\/foto-passion.com\/wp-content\/gallery\/galapagos\/061112_12k_dsc08237.jpg\" rel=\"lightbox[63]\"><img loading=\"lazy\" class=\"ngg-singlepic ngg-none aligncenter\" title=\"Eine Meerechse (Amblyrhynchus cristatus) kommt gerade vom Fressen zur\u00fcck\" alt=\"Eine Meerechse (Amblyrhynchus cristatus) kommt gerade vom Fressen zur\u00fcck\" src=\"http:\/\/foto-passion.com\/wp-content\/gallery\/galapagos\/thumbs\/thumbs_061112_12k_dsc08237.jpg\" width=\"130\" height=\"87\" \/><\/a><\/td>\n<td style=\"width: 25%; border-color: black; border-style: solid; border-width: 1px;\"><a title=\"&lt;strong&gt;Meerechse (Amblyrhynchus cristatus) am Strand der Insel Isabela&lt;\/strong&gt;&lt;br\/&gt;&lt;br\/&gt;&lt;span style=&quot;font-size:85%;color:#949494&quot;&gt;[Bild-Id: 8714]&lt;\/span&gt;\" href=\"http:\/\/foto-passion.com\/wp-content\/gallery\/galapagos\/061112_12k_dsc08085.jpg\" rel=\"lightbox[63]\"><img loading=\"lazy\" class=\"ngg-singlepic ngg-none aligncenter\" title=\"Meerechse (Amblyrhynchus cristatus) am Strand der Insel Isabela\" alt=\"Meerechse (Amblyrhynchus cristatus) am Strand der Insel Isabela\" src=\"http:\/\/foto-passion.com\/wp-content\/gallery\/galapagos\/thumbs\/thumbs_061112_12k_dsc08085.jpg\" width=\"130\" height=\"87\" \/><\/a><\/td>\n<td style=\"width: 25%; border-color: black; border-style: solid; border-width: 1px;\"><a title=\"&lt;strong&gt;Schwimmt furchtlos an uns vorbei - Meerechse (Amblyrhynchus cristatus)&lt;\/strong&gt;&lt;br\/&gt;&lt;br\/&gt;&lt;span style=&quot;font-size:85%;color:#949494&quot;&gt;[Bild-Id: 8753]&lt;\/span&gt;\" href=\"http:\/\/foto-passion.com\/wp-content\/gallery\/galapagos\/061112_12k_dsc08093.jpg\" rel=\"lightbox[63]\"><img loading=\"lazy\" class=\"ngg-singlepic ngg-none aligncenter\" title=\"Schwimmt furchtlos an uns vorbei - Meerechse (Amblyrhynchus cristatus)\" alt=\"Schwimmt furchtlos an uns vorbei - Meerechse (Amblyrhynchus cristatus)\" src=\"http:\/\/foto-passion.com\/wp-content\/gallery\/galapagos\/thumbs\/thumbs_061112_12k_dsc08093.jpg\" width=\"130\" height=\"87\" \/><\/a><\/td>\n<td style=\"width: 25%; border-color: black; border-style: solid; border-width: 1px;\"><a title=\"&lt;strong&gt;Grast an den Felsen die Algen ab - Meerechse (Amblyrhynchus cristatus)&lt;\/strong&gt;&lt;br\/&gt;&lt;br\/&gt;&lt;span style=&quot;font-size:85%;color:#949494&quot;&gt;[Bild-Id: 8974]&lt;\/span&gt;\" href=\"http:\/\/foto-passion.com\/wp-content\/gallery\/galapagos\/061112_09u_dsc08196.jpg\" rel=\"lightbox[63]\"><img loading=\"lazy\" class=\"ngg-singlepic ngg-none aligncenter\" title=\"Grast an den Felsen die Algen ab - Meerechse (Amblyrhynchus cristatus)\" alt=\"Grast an den Felsen die Algen ab - Meerechse (Amblyrhynchus cristatus)\" src=\"http:\/\/foto-passion.com\/wp-content\/gallery\/galapagos\/thumbs\/thumbs_061112_09u_dsc08196.jpg\" width=\"130\" height=\"87\" \/><\/a><\/td>\n<\/tr>\n<\/tbody>\n<\/table>\n<p style=\"text-align: justify;\"><span style=\"font-family: arial, helvetica, sans-serif; font-size: 16px;\">Nachdem es heute Morgen bew\u00f6lkt war und wahrlich nicht nach Sonnenschein aussah, habe ich den Sonnenschutz eingespart. Prompt erhalte ich jetzt die Quittung daf\u00fcr, denn nach den paar Stunden bin ich bereits rot wie eine Languste nach dem Kochtopf. Ohne Sonnenschutz selbst bei bew\u00f6lktem Himmel aus dem Haus zu gehen, r\u00e4cht sich also sofort.<\/span><\/p>\n<p style=\"text-align: justify;\"><span style=\"font-family: arial, helvetica, sans-serif; font-size: 16px;\">Am Nachmittag laufen wir zum Hafen. In der N\u00e4he des Hafens f\u00fchrt ein etwa 250 Meter langer Steg durch einen Mangrovenwald zur Bucht Concha de Perla. Diese Bucht ist ein nat\u00fcrlicher Lavapool, der mit Felsen vom Meer abgegrenzt ist. Das Wasser der Bucht ist glasklar. Hier kann man schnorchelnd die bunte Unterwasserwelt erkunden und mit Seel\u00f6wen schwimmen. Wir sehen viele bunte Fische und Seel\u00f6wen gibt es quasi als Zugabe dazu, denn die liegen auch auf dem Steg herum und scheinen nur auf Abwechslung zu warten.<\/span><\/p>\n<table style=\"width: 100%;\" border=\"0\" align=\"center\">\n<tbody>\n<tr>\n<td style=\"width: 25%; border-color: black; border-style: solid; border-width: 1px;\"><a title=\"&lt;strong&gt;Holzsteg durch dichten Mangrovenwald&lt;\/strong&gt;&lt;br\/&gt;&lt;br\/&gt;&lt;span style=&quot;font-size:85%;color:#949494&quot;&gt;[Bild-Id: 9008]&lt;\/span&gt;\" href=\"http:\/\/foto-passion.com\/wp-content\/gallery\/galapagos\/061112_12k_dsc07318.jpg\" rel=\"lightbox[64]\"><img loading=\"lazy\" class=\"ngg-singlepic ngg-none aligncenter\" title=\"Holzsteg durch dichten Mangrovenwald\" alt=\"Holzsteg durch dichten Mangrovenwald\" src=\"http:\/\/foto-passion.com\/wp-content\/gallery\/galapagos\/thumbs\/thumbs_061112_12k_dsc07318.jpg\" width=\"130\" height=\"87\" \/><\/a><\/td>\n<td style=\"width: 25%; border-color: black; border-style: solid; border-width: 1px;\"><a title=\"&lt;strong&gt;Die Bucht &quot;Concha de Perla&quot; mit ihrem glasklaren Wasser l\u00e4dt zum Schnorcheln ein&lt;\/strong&gt;&lt;br\/&gt;&lt;br\/&gt;&lt;span style=&quot;font-size:85%;color:#949494&quot;&gt;[Bild-Id: 8825]&lt;\/span&gt;\" href=\"http:\/\/foto-passion.com\/wp-content\/gallery\/galapagos\/061112_12k_dsc07326.jpg\" rel=\"lightbox[64]\"><img loading=\"lazy\" class=\"ngg-singlepic ngg-none aligncenter\" title=\"Die Bucht &quot;Concha de Perla&quot; mit ihrem glasklaren Wasser l\u00e4dt zum Schnorcheln ein\" alt=\"Die Bucht &quot;Concha de Perla&quot; mit ihrem glasklaren Wasser l\u00e4dt zum Schnorcheln ein\" src=\"http:\/\/foto-passion.com\/wp-content\/gallery\/galapagos\/thumbs\/thumbs_061112_12k_dsc07326.jpg\" width=\"130\" height=\"87\" \/><\/a><\/td>\n<td style=\"width: 25%; border-color: black; border-style: solid; border-width: 1px;\"><a title=\"&lt;strong&gt;Die Mangroven stehen wie auf Stelzen im klaren Wasser&lt;\/strong&gt;&lt;br\/&gt;&lt;br\/&gt;&lt;span style=&quot;font-size:85%;color:#949494&quot;&gt;[Bild-Id: 8908]&lt;\/span&gt;\" href=\"http:\/\/foto-passion.com\/wp-content\/gallery\/galapagos\/061112_12k_dsc07333.jpg\" rel=\"lightbox[64]\"><img loading=\"lazy\" class=\"ngg-singlepic ngg-none aligncenter\" title=\"Die Mangroven stehen wie auf Stelzen im klaren Wasser\" alt=\"Die Mangroven stehen wie auf Stelzen im klaren Wasser\" src=\"http:\/\/foto-passion.com\/wp-content\/gallery\/galapagos\/thumbs\/thumbs_061112_12k_dsc07333.jpg\" width=\"130\" height=\"87\" \/><\/a><\/td>\n<td style=\"width: 25%; border-color: black; border-style: solid; border-width: 1px;\"><a title=\"&lt;strong&gt;Ups, da liegt ja ein Seel\u00f6we&lt;\/strong&gt;&lt;br\/&gt;&lt;br\/&gt;&lt;span style=&quot;font-size:85%;color:#949494&quot;&gt;[Bild-Id: 8702]&lt;\/span&gt;\" href=\"http:\/\/foto-passion.com\/wp-content\/gallery\/galapagos\/061112_12k_dsc07340.jpg\" rel=\"lightbox[64]\"><img loading=\"lazy\" class=\"ngg-singlepic ngg-none aligncenter\" title=\"Ups, da liegt ja ein Seel\u00f6we\" alt=\"Ups, da liegt ja ein Seel\u00f6we\" src=\"http:\/\/foto-passion.com\/wp-content\/gallery\/galapagos\/thumbs\/thumbs_061112_12k_dsc07340.jpg\" width=\"130\" height=\"87\" \/><\/a><\/td>\n<\/tr>\n<\/tbody>\n<\/table>\n<p style=\"text-align: justify;\"><span style=\"font-family: arial, helvetica, sans-serif; font-size: 16px;\">Nun haben wir so langsam Hunger und machen uns auf den Weg, uns ein Abendessen zu besorgen. Dumm nur, dass die Restaurants erst um 18:30 Uhr \u00f6ffnen. Hier im Ort hat Jeder so sein Gesch\u00e4ftsmodell entwickelt, wie er am gro\u00dfen Kuchen des Tourismus teilhaben kann. W\u00e4hrend in Santa Cruz die Frauen mit selbstgebackenem Kuchen an der Mole sitzen und ihren Kuchen anbieten, reiht sich hier &#8222;Restaurant&#8220; an &#8222;Restaurant&#8220;. Die bestehen teilweise nur aus ein paar Hockern und B\u00e4nke neben einem gro\u00dfen Grill, der oft Marke &#8222;Eigenbau&#8220; ist. Gegrillt wird insbesondere Schweine-und H\u00fchnerfleisch und nat\u00fcrlich Fisch. Wir wollen aber heute lieber &#8222;richtig&#8220; essen und so m\u00fcssen wir noch einige Runden durch\/um den Ort drehen, bis wir endlich bei &#8222;Cesars&#8220; essen gehen k\u00f6nnen. Wir sind inzwischen so hungrig, dass wir gleich drei Portionen ordern. Von einer halben Languste wird man nicht satt, aber mit einem leckeren Fischfilet als zweiten Gang ebbt der B\u00e4renhunger langsam ab.<\/span><\/p>\n<p style=\"text-align: justify;\"><span style=\"font-family: arial, helvetica, sans-serif; font-size: 16px;\">Als wir nach gut zwei Stunden wieder zur\u00fcck ins Hotel kommen, r\u00fchrt uns fast der Schlag. An der Wand unseres Hotelzimmers hat sich ein Ameisenheer niedergelassen und ist im Begriff, das Zimmer zu erobern. Die ersten Kundschafter sind bereits auf dem weiteren Vormarsch, auch andere Gegenden des Zimmers zu erkunden. So etwas in dieser Auspr\u00e4gung haben wir noch nie gesehen. Uwe sucht Hilfe in der Rezeption, denn diese Ameisenarmada k\u00f6nnen wir nun wirklich nicht gew\u00e4hren lassen. Das sind einfach zu viele Tiere. Dabei w\u00fcrden wir dem Gecko, der unter dem Dach wohnt, nur zu gern sein leckeres Abendessen g\u00f6nnen, doch das geht so nicht, denn auch unsere Taschen sind vor der &#8222;Eroberung&#8220; dieses Heeres nicht sicher.<\/span><\/p>\n<p style=\"text-align: justify;\"><span style=\"font-family: arial, helvetica, sans-serif; font-size: 16px;\">Die Dame von der Rezeption verspricht Rat in Form der Giftkeule und 10 Minuten sp\u00e4ter steht sie mit dem \u00fcbel riechenden Gift in der T\u00fcr und beseitigt diese Armee. Da die Tiere auch \u00fcbel bei\u00dfen, ist das leider notwendig. Wir m\u00fcssen nun erst einmal gr\u00fcndlich durchl\u00fcften, damit wir demn\u00e4chst nicht selbst alle Viere von uns strecken.<\/span><\/p>\n<hr style=\"height: 1px; width: 30%;\" size=\"1\" width=\"30%\" \/>\n<p style=\"text-align: justify;\"><strong><span style=\"font-family: arial, helvetica, sans-serif; font-size: 16px;\">07.11.2012 Isabela &#8211; Santa Cruz &#8211; Plazas<\/span><\/strong><\/p>\n<p style=\"text-align: justify;\"><span style=\"font-family: arial, helvetica, sans-serif; font-size: 16px;\">Die Nacht ist fr\u00fch vorbei, denn um 5:30 Uhr holt uns das Taxi ab, das uns zur Bootsanlegestelle bringt. Rasch absolvieren wir noch die Agrarkontrolle und holen uns die Banderolen f\u00fcr alle Gep\u00e4ckst\u00fccke. Um 6 Uhr soll das Speedboot nach Santa Cruz starten, doch wieder einmal herrscht ein gewisses Chaos und wir starten erst 10 Minuten sp\u00e4ter. Das beunruhigt uns ein wenig, denn wir haben heute einen straffen Zeitplan. Um den Tag sinnvoll zu nutzen, haben wir f\u00fcr heute noch eine Bootstour auf die Insel Plaza Sur gebucht und sp\u00e4testens um 8:30 Uhr soll uns der Bus am Hotel &#8222;Silberstein&#8220; in Santa Cruz abholen.<\/span><\/p>\n<p style=\"text-align: justify;\"><span style=\"font-family: arial, helvetica, sans-serif; font-size: 16px;\">Der H\u00f6llenritt mit dem Speedboot von Isabela nach Santa Cruz dauert genau zwei Stunden, dann legt das Boot in Santa Cruz an. Als wir \u00fcber die Landungsbr\u00fccke gehen, wartet zu unserer \u00dcberraschung schon die Dame von der Travel Agency auf uns. Sie nimmt uns in Empfang und hat sogar einen jungen Mann mitgebracht, der Englisch spricht. Rasch organisieren wir uns ein Taxi, der junge Mann begleitet uns bis zum Hotel, l\u00e4sst das Taxi warten, w\u00e4hrend wir noch schnell unser Gep\u00e4ck abstellen und bringt uns dann zum Bus, der am Ortsausgang mit den anderen 8 G\u00e4sten der heutigen Bootstour schon auf uns wartet. Ein gigantischer Service. P\u00fcnktlich um 8:30 Uhr, wie verabredet, steigen wir in den Bus und der bringt uns in den Norden zum Kanal, wo die Bootstouren starten. Wieder werden wir auf eine schmucke Yacht gebracht.<\/span><\/p>\n<p style=\"text-align: justify;\"><span style=\"font-family: arial, helvetica, sans-serif; font-size: 16px;\">Die Plazas sind Zwillingsinseln, die nur einige hundert Meter vor der Ostk\u00fcste der gro\u00dfen Insel Santa Cruz liegen. W\u00e4hrend Plaza Norte (Nord-Plaza) f\u00fcr Besucher geschlossen und nur f\u00fcr Wissenschaftler zug\u00e4nglich ist, kann Plaza Sur im Rahmen einer gef\u00fchrten Tour besucht werden. Beide Inseln wurden nicht durch Vulkanismus geformt, sondern sind durch sekund\u00e4re Anhebungen des Meeresbodens entstanden. Die Insel Plaza Sur ist nur 13 ha gro\u00df. An der Nordk\u00fcste der Insel Plaza Sur kann man trocken anlanden, w\u00e4hrend die S\u00fcdk\u00fcste eine 25 m hohe, unzug\u00e4ngliche Steilk\u00fcste ist. Die Insel ist etwa 1,5 km lang und 500 m breit. Insofern ist die Insel einigerma\u00dfen \u00fcbersichtlich. Es gibt baumgro\u00dfe Riesenopuntien (Giant Prickly Pear Cactus, Opuntia echios var. echios) und einige Str\u00e4ucher, aber mehr w\u00e4chst hier nicht in die H\u00f6he. Daf\u00fcr gibt es \u00fcberall Sesuvien (Gal\u00e1pagos Carpet Weed, auch: Sea Purslane, Sesuvium edmonstonei), eine krautig breitfl\u00e4chig wachsendes Mittagsblumengew\u00e4chs mit dickfleischigen Bl\u00e4ttern, das sich in der Trockenzeit rot verf\u00e4rbt. Dadurch bekommt die Insel sehr sch\u00f6ne rote Farbtupfer. Sowohl die Kakteen als auch die Sesuvien sind endemisch auf den Gal\u00e1pagos-Inseln.<\/span><\/p>\n<table style=\"width: 100%;\" border=\"0\" align=\"center\">\n<tbody>\n<tr>\n<td style=\"width: 25%; border-color: black; border-style: solid; border-width: 1px;\"><a title=\"&lt;strong&gt;Die K\u00fcste der Insel Plaza Sur&lt;\/strong&gt;&lt;br\/&gt;&lt;br\/&gt;&lt;span style=&quot;font-size:85%;color:#949494&quot;&gt;[Bild-Id: 8771]&lt;\/span&gt;\" href=\"http:\/\/foto-passion.com\/wp-content\/gallery\/galapagos\/071112_10k_dsc07353.jpg\" rel=\"lightbox[65]\"><img loading=\"lazy\" class=\"ngg-singlepic ngg-none aligncenter\" title=\"Die K\u00fcste der Insel Plaza Sur\" alt=\"Die K\u00fcste der Insel Plaza Sur\" src=\"http:\/\/foto-passion.com\/wp-content\/gallery\/galapagos\/thumbs\/thumbs_071112_10k_dsc07353.jpg\" width=\"130\" height=\"87\" \/><\/a><\/td>\n<td style=\"width: 25%; border-color: black; border-style: solid; border-width: 1px;\"><a title=\"&lt;strong&gt;Die Insel Plaza Sur ist von einem roten Teppich aus Sesuvien \u00fcberzogen&lt;\/strong&gt;&lt;br\/&gt;&lt;br\/&gt;&lt;span style=&quot;font-size:85%;color:#949494&quot;&gt;[Bild-Id: 8797]&lt;\/span&gt;\" href=\"http:\/\/foto-passion.com\/wp-content\/gallery\/galapagos\/071112_10k_dsc07584.jpg\" rel=\"lightbox[65]\"><img loading=\"lazy\" class=\"ngg-singlepic ngg-none aligncenter\" title=\"Die Insel Plaza Sur ist von einem roten Teppich aus Sesuvien \u00fcberzogen\" alt=\"Die Insel Plaza Sur ist von einem roten Teppich aus Sesuvien \u00fcberzogen\" src=\"http:\/\/foto-passion.com\/wp-content\/gallery\/galapagos\/thumbs\/thumbs_071112_10k_dsc07584.jpg\" width=\"130\" height=\"87\" \/><\/a><\/td>\n<td style=\"width: 25%; border-color: black; border-style: solid; border-width: 1px;\"><a title=\"&lt;strong&gt;Viel Vegetation gibt es auf der Insel Plaza Sur nicht, aber malerisch ist sie dennoch&lt;\/strong&gt;&lt;br\/&gt;&lt;br\/&gt;&lt;span style=&quot;font-size:85%;color:#949494&quot;&gt;[Bild-Id: 8723]&lt;\/span&gt;\" href=\"http:\/\/foto-passion.com\/wp-content\/gallery\/galapagos\/071112_10k_dsc07593.jpg\" rel=\"lightbox[65]\"><img loading=\"lazy\" class=\"ngg-singlepic ngg-none aligncenter\" title=\"Viel Vegetation gibt es auf der Insel Plaza Sur nicht, aber malerisch ist sie dennoch\" alt=\"Viel Vegetation gibt es auf der Insel Plaza Sur nicht, aber malerisch ist sie dennoch\" src=\"http:\/\/foto-passion.com\/wp-content\/gallery\/galapagos\/thumbs\/thumbs_071112_10k_dsc07593.jpg\" width=\"130\" height=\"87\" \/><\/a><\/td>\n<td style=\"width: 25%; border-color: black; border-style: solid; border-width: 1px;\"><a title=\"&lt;strong&gt;Auf der Insel Plaza Sur&lt;\/strong&gt;&lt;br\/&gt;&lt;br\/&gt;&lt;span style=&quot;font-size:85%;color:#949494&quot;&gt;[Bild-Id: 8793]&lt;\/span&gt;\" href=\"http:\/\/foto-passion.com\/wp-content\/gallery\/galapagos\/071112_10k_dsc07566.jpg\" rel=\"lightbox[65]\"><img loading=\"lazy\" class=\"ngg-singlepic ngg-none aligncenter\" title=\"Auf der Insel Plaza Sur\" alt=\"Auf der Insel Plaza Sur\" src=\"http:\/\/foto-passion.com\/wp-content\/gallery\/galapagos\/thumbs\/thumbs_071112_10k_dsc07566.jpg\" width=\"130\" height=\"87\" \/><\/a><\/td>\n<\/tr>\n<\/tbody>\n<\/table>\n<p style=\"text-align: justify;\"><span style=\"font-family: arial, helvetica, sans-serif; font-size: 16px;\">Bereits beim trockenen Anlanden sehen wir viele Seel\u00f6wen rechts und links des Stegs auf den Uferfelsen liegen. Es gibt auch wieder eine ganze Menge s\u00fc\u00dfer Jungtiere, die uns Neuank\u00f6mmlinge neugierig anschauen. Nun sind wir seit San Crist\u00f3bal von den Seel\u00f6wen ein wenig \u00fcbers\u00e4ttigt. Uns interessieren mehr die vielen Landechsen, die hier quasi Spalier sitzen. Au\u00dferdem gibt es auf dieser Insel eine Mischung aus Landleguanen und Meeresechsen, die grau bis schwarz sind, die Kopfform der Landleguane haben und das Gesicht und den Schwanz von den Meeresechsen. \u00dcber uns kreisen Fregattv\u00f6gel, neben uns sitzt eine M\u00f6we mit wei\u00df ger\u00e4nderten Augen und \u00fcber die Felsen am Ufer klettern unz\u00e4hlige der roten Klippenkrabben. Wo also zuerst hinsehen bzw. die Kamera hinhalten? Hier hat man echt Stress und den sehr kompetenten Erkl\u00e4rungen unseres Guides Alejxandro, der uns schon auf der Seymour Norte-Tour begleitet hatte, k\u00f6nnen wir leider wieder nur mit halbem Ohr folgen.<\/span><\/p>\n<table style=\"width: 100%;\" border=\"0\" align=\"center\">\n<tbody>\n<tr>\n<td style=\"width: 25%; border-color: black; border-style: solid; border-width: 1px;\"><a title=\"&lt;strong&gt;Auch hier gibt es ganz kleine Seel\u00f6wenbabys, die schmatzend ges\u00e4ugt werden&lt;\/strong&gt;&lt;br\/&gt;&lt;br\/&gt;&lt;span style=&quot;font-size:85%;color:#949494&quot;&gt;[Bild-Id: 8987]&lt;\/span&gt;\" href=\"http:\/\/foto-passion.com\/wp-content\/gallery\/galapagos\/071112_12k_dsc08423.jpg\" rel=\"lightbox[66]\"><img loading=\"lazy\" class=\"ngg-singlepic ngg-none aligncenter\" title=\"Auch hier gibt es ganz kleine Seel\u00f6wenbabys, die schmatzend ges\u00e4ugt werden\" alt=\"Auch hier gibt es ganz kleine Seel\u00f6wenbabys, die schmatzend ges\u00e4ugt werden\" src=\"http:\/\/foto-passion.com\/wp-content\/gallery\/galapagos\/thumbs\/thumbs_071112_12k_dsc08423.jpg\" width=\"130\" height=\"87\" \/><\/a><\/td>\n<td style=\"width: 25%; border-color: black; border-style: solid; border-width: 1px;\"><a title=\"&lt;strong&gt;Gabelschwanzm\u00f6we (Creagrus furcatus)&lt;\/strong&gt;&lt;br\/&gt;&lt;br\/&gt;&lt;span style=&quot;font-size:85%;color:#949494&quot;&gt;[Bild-Id: 8750]&lt;\/span&gt;\" href=\"http:\/\/foto-passion.com\/wp-content\/gallery\/galapagos\/071112_12k_dsc08465.jpg\" rel=\"lightbox[66]\"><img loading=\"lazy\" class=\"ngg-singlepic ngg-none aligncenter\" title=\"Gabelschwanzm\u00f6we (Creagrus furcatus)\" alt=\"Gabelschwanzm\u00f6we (Creagrus furcatus)\" src=\"http:\/\/foto-passion.com\/wp-content\/gallery\/galapagos\/thumbs\/thumbs_071112_12k_dsc08465.jpg\" width=\"130\" height=\"87\" \/><\/a><\/td>\n<td style=\"width: 25%; border-color: black; border-style: solid; border-width: 1px;\"><a title=\"&lt;strong&gt;Gabelschwanzm\u00f6we (Creagrus furcatus) und Landleguane leben auf der Insel Plaza Sur&lt;\/strong&gt;&lt;br\/&gt;&lt;br\/&gt;&lt;span style=&quot;font-size:85%;color:#949494&quot;&gt;[Bild-Id: 8932]&lt;\/span&gt;\" href=\"http:\/\/foto-passion.com\/wp-content\/gallery\/galapagos\/071112_12k_dsc08734.jpg\" rel=\"lightbox[66]\"><img loading=\"lazy\" class=\"ngg-singlepic ngg-none aligncenter\" title=\"Gabelschwanzm\u00f6we (Creagrus furcatus) und Landleguane leben auf der Insel Plaza Sur\" alt=\"Gabelschwanzm\u00f6we (Creagrus furcatus) und Landleguane leben auf der Insel Plaza Sur\" src=\"http:\/\/foto-passion.com\/wp-content\/gallery\/galapagos\/thumbs\/thumbs_071112_12k_dsc08734.jpg\" width=\"130\" height=\"87\" \/><\/a><\/td>\n<td style=\"width: 25%; border-color: black; border-style: solid; border-width: 1px;\"><a title=\"&lt;strong&gt;Galapagos-Landleguan oder Drusenkopf (Conolophus)&lt;\/strong&gt;&lt;br\/&gt;&lt;br\/&gt;&lt;span style=&quot;font-size:85%;color:#949494&quot;&gt;[Bild-Id: 8918]&lt;\/span&gt;\" href=\"http:\/\/foto-passion.com\/wp-content\/gallery\/galapagos\/071112_12k_dsc08485.jpg\" rel=\"lightbox[66]\"><img loading=\"lazy\" class=\"ngg-singlepic ngg-none aligncenter\" title=\"Galapagos-Landleguan oder Drusenkopf (Conolophus)\" alt=\"Galapagos-Landleguan oder Drusenkopf (Conolophus)\" src=\"http:\/\/foto-passion.com\/wp-content\/gallery\/galapagos\/thumbs\/thumbs_071112_12k_dsc08485.jpg\" width=\"130\" height=\"87\" \/><\/a><\/td>\n<\/tr>\n<\/tbody>\n<\/table>\n<p style=\"text-align: justify;\"><span style=\"font-family: arial, helvetica, sans-serif; font-size: 16px;\">Zum Gl\u00fcck ist Alejxandro sehr geduldig, bleibt immer wieder stehen und bringt viel Verst\u00e4ndnis f\u00fcr uns auf. Noch langsamer als wir ist jedoch so ein bekloppter Ami unterwegs, der pl\u00f6tzlich vor den Echsen ein Werbebanner f\u00fcr die Wahl von Obama ausrollt und unbedingt davor fotografiert werden will. Ok, der hat nat\u00fcrlich vom Rest der Truppe sofort seinen Spitznamen &#8222;Bama&#8220; weg. Auch sonst l\u00e4uft er immer wieder querfeldein und ist irgendwie total verpeilt.<\/span><\/p>\n<table style=\"width: 100%;\" border=\"0\" align=\"center\">\n<tbody>\n<tr>\n<td style=\"width: 25%; border-color: black; border-style: solid; border-width: 1px;\"><a title=\"&lt;strong&gt;Rote Sesuvien setzen farbige Akzente auf der Insel Plaza Sur&lt;\/strong&gt;&lt;br\/&gt;&lt;br\/&gt;&lt;span style=&quot;font-size:85%;color:#949494&quot;&gt;[Bild-Id: 8742]&lt;\/span&gt;\" href=\"http:\/\/foto-passion.com\/wp-content\/gallery\/galapagos\/071112_10k_dsc07442.jpg\" rel=\"lightbox[67]\"><img loading=\"lazy\" class=\"ngg-singlepic ngg-none aligncenter\" title=\"Rote Sesuvien setzen farbige Akzente auf der Insel Plaza Sur\" alt=\"Rote Sesuvien setzen farbige Akzente auf der Insel Plaza Sur\" src=\"http:\/\/foto-passion.com\/wp-content\/gallery\/galapagos\/thumbs\/thumbs_071112_10k_dsc07442.jpg\" width=\"130\" height=\"87\" \/><\/a><\/td>\n<td style=\"width: 25%; border-color: black; border-style: solid; border-width: 1px;\"><a title=\"&lt;strong&gt;Opuntien und Sesuvien auf der Insel Plaza Sur&lt;\/strong&gt;&lt;br\/&gt;&lt;br\/&gt;&lt;span style=&quot;font-size:85%;color:#949494&quot;&gt;[Bild-Id: 8812]&lt;\/span&gt;\" href=\"http:\/\/foto-passion.com\/wp-content\/gallery\/galapagos\/071112_12k_dsc08853.jpg\" rel=\"lightbox[67]\"><img loading=\"lazy\" class=\"ngg-singlepic ngg-none aligncenter\" title=\"Opuntien und Sesuvien auf der Insel Plaza Sur\" alt=\"Opuntien und Sesuvien auf der Insel Plaza Sur\" src=\"http:\/\/foto-passion.com\/wp-content\/gallery\/galapagos\/thumbs\/thumbs_071112_12k_dsc08853.jpg\" width=\"130\" height=\"87\" \/><\/a><\/td>\n<td style=\"width: 25%; border-color: black; border-style: solid; border-width: 1px;\"><a title=\"&lt;strong&gt;H\u00fcbsch anzusehen - rot gef\u00e4rbte Sesuvien&lt;\/strong&gt;&lt;br\/&gt;&lt;br\/&gt;&lt;span style=&quot;font-size:85%;color:#949494&quot;&gt;[Bild-Id: 8912]&lt;\/span&gt;\" href=\"http:\/\/foto-passion.com\/wp-content\/gallery\/galapagos\/071112_10k_dsc07600.jpg\" rel=\"lightbox[67]\"><img loading=\"lazy\" class=\"ngg-singlepic ngg-none aligncenter\" title=\"H\u00fcbsch anzusehen - rot gef\u00e4rbte Sesuvien\" alt=\"H\u00fcbsch anzusehen - rot gef\u00e4rbte Sesuvien\" src=\"http:\/\/foto-passion.com\/wp-content\/gallery\/galapagos\/thumbs\/thumbs_071112_10k_dsc07600.jpg\" width=\"130\" height=\"87\" \/><\/a><\/td>\n<td style=\"width: 25%; border-color: black; border-style: solid; border-width: 1px;\"><a title=\"&lt;strong&gt;Einzige Vegetation auf der Insel Plaza Sur sind Kakteen und Sesuvien&lt;\/strong&gt;&lt;br\/&gt;&lt;br\/&gt;&lt;span style=&quot;font-size:85%;color:#949494&quot;&gt;[Bild-Id: 8751]&lt;\/span&gt;\" href=\"http:\/\/foto-passion.com\/wp-content\/gallery\/galapagos\/071112_12k_dsc08916.jpg\" rel=\"lightbox[67]\"><img loading=\"lazy\" class=\"ngg-singlepic ngg-none aligncenter\" title=\"Einzige Vegetation auf der Insel Plaza Sur sind Kakteen und Sesuvien\" alt=\"Einzige Vegetation auf der Insel Plaza Sur sind Kakteen und Sesuvien\" src=\"http:\/\/foto-passion.com\/wp-content\/gallery\/galapagos\/thumbs\/thumbs_071112_12k_dsc08916.jpg\" width=\"130\" height=\"87\" \/><\/a><\/td>\n<\/tr>\n<\/tbody>\n<\/table>\n<p style=\"text-align: justify;\"><span style=\"font-family: arial, helvetica, sans-serif; font-size: 16px;\">Auf dem etwa zweist\u00fcndigen Rundwanderweg \u00fcber die Insel k\u00f6nnen wir tolle Ausblicke auf das t\u00fcrkisfarbene Meer genie\u00dfen, das eingerahmt wird von der ungew\u00f6hnlichen Kakteenvegetation und den roten Sesuvienfeldern. Es gibt auf der Insel scheinbar zahllose Echsen, denn quasi auf Schritt und Tritt treffen wir Landleguane und diese sonderbare Mischung zwischen Meerechse und Landleguan.<\/span><\/p>\n<table style=\"width: 100%;\" border=\"0\" align=\"center\">\n<tbody>\n<tr>\n<td style=\"width: 25%; border-color: black; border-style: solid; border-width: 1px;\"><a title=\"&lt;strong&gt;Galapagos-Landleguan oder Drusenkopf (Conolophus)&lt;\/strong&gt;&lt;br\/&gt;&lt;br\/&gt;&lt;span style=&quot;font-size:85%;color:#949494&quot;&gt;[Bild-Id: 8904]&lt;\/span&gt;\" href=\"http:\/\/foto-passion.com\/wp-content\/gallery\/galapagos\/071112_12k_dsc08503.jpg\" rel=\"lightbox[68]\"><img loading=\"lazy\" class=\"ngg-singlepic ngg-none aligncenter\" title=\"Galapagos-Landleguan oder Drusenkopf (Conolophus)\" alt=\"Galapagos-Landleguan oder Drusenkopf (Conolophus)\" src=\"http:\/\/foto-passion.com\/wp-content\/gallery\/galapagos\/thumbs\/thumbs_071112_12k_dsc08503.jpg\" width=\"130\" height=\"87\" \/><\/a><\/td>\n<td style=\"width: 25%; border-color: black; border-style: solid; border-width: 1px;\"><a title=\"&lt;strong&gt;Die Drusenk\u00f6pfe (Conolophus) warten darauf, dass die Kakteenfr\u00fcchte herunter fallen&lt;\/strong&gt;&lt;br\/&gt;&lt;br\/&gt;&lt;span style=&quot;font-size:85%;color:#949494&quot;&gt;[Bild-Id: 8811]&lt;\/span&gt;\" href=\"http:\/\/foto-passion.com\/wp-content\/gallery\/galapagos\/071112_10k_dsc07375.jpg\" rel=\"lightbox[68]\"><img loading=\"lazy\" class=\"ngg-singlepic ngg-none aligncenter\" title=\"Die Drusenk\u00f6pfe (Conolophus) warten darauf, dass die Kakteenfr\u00fcchte herunter fallen\" alt=\"Die Drusenk\u00f6pfe (Conolophus) warten darauf, dass die Kakteenfr\u00fcchte herunter fallen\" src=\"http:\/\/foto-passion.com\/wp-content\/gallery\/galapagos\/thumbs\/thumbs_071112_10k_dsc07375.jpg\" width=\"130\" height=\"87\" \/><\/a><\/td>\n<td style=\"width: 25%; border-color: black; border-style: solid; border-width: 1px;\"><a title=\"&lt;strong&gt;Galapagos-Landleguan in roten Sesuvien&lt;\/strong&gt;&lt;br\/&gt;&lt;br\/&gt;&lt;span style=&quot;font-size:85%;color:#949494&quot;&gt;[Bild-Id: 8851]&lt;\/span&gt;\" href=\"http:\/\/foto-passion.com\/wp-content\/gallery\/galapagos\/071112_12k_dsc08537.jpg\" rel=\"lightbox[68]\"><img loading=\"lazy\" class=\"ngg-singlepic ngg-none aligncenter\" title=\"Galapagos-Landleguan in roten Sesuvien\" alt=\"Galapagos-Landleguan in roten Sesuvien\" src=\"http:\/\/foto-passion.com\/wp-content\/gallery\/galapagos\/thumbs\/thumbs_071112_12k_dsc08537.jpg\" width=\"130\" height=\"87\" \/><\/a><\/td>\n<td style=\"width: 25%; border-color: black; border-style: solid; border-width: 1px;\"><a title=\"&lt;strong&gt;Kritischer Blick - Galapagos-Landleguan oder Drusenkopf (Conolophus)&lt;\/strong&gt;&lt;br\/&gt;&lt;br\/&gt;&lt;span style=&quot;font-size:85%;color:#949494&quot;&gt;[Bild-Id: 8712]&lt;\/span&gt;\" href=\"http:\/\/foto-passion.com\/wp-content\/gallery\/galapagos\/071112_12k_dsc08518.jpg\" rel=\"lightbox[68]\"><img loading=\"lazy\" class=\"ngg-singlepic ngg-none aligncenter\" title=\"Kritischer Blick - Galapagos-Landleguan oder Drusenkopf (Conolophus)\" alt=\"Kritischer Blick - Galapagos-Landleguan oder Drusenkopf (Conolophus)\" src=\"http:\/\/foto-passion.com\/wp-content\/gallery\/galapagos\/thumbs\/thumbs_071112_12k_dsc08518.jpg\" width=\"130\" height=\"87\" \/><\/a><\/td>\n<\/tr>\n<\/tbody>\n<\/table>\n<p style=\"text-align: justify;\"><span style=\"font-family: arial, helvetica, sans-serif; font-size: 16px;\">An den Steilklippen von Plazas S\u00fcd nisten verschiedene Seev\u00f6gel wie zum Beispiel die Gabelschwanzm\u00f6we und die unglaublich flinken Turmtaucher. Selbst hier oben auf den Felsen liegen Seel\u00f6wen und wir staunen nicht schlecht, als auf einmal ein stattlicher Bulle \u00fcber die Felsklippe schaut und direkt auf uns zu kommt. Da ist dann Vorsicht angesagt, denn die Seel\u00f6wen k\u00f6nnen auch bei\u00dfen und sie sind in ihrem komischen Galopp ziemlich schnell unterwegs. Also nichts wie weg und Platz gemacht. Erst als der Bulle seine Haremsdame von der h\u00f6chsten Klippenkante vertrieben und es sich dort selbst gem\u00fctlich gemacht hat, ist der Frieden wieder hergestellt. Wir beobachten die vielen Meeresv\u00f6gel, die hier kreisen und teilweise in den Felsen br\u00fcten. Auch Maskent\u00f6lpel sitzen in den Felsen. So lernen wir diese Sorte auch mal kennen.<\/span><\/p>\n<table style=\"width: 100%;\" border=\"0\" align=\"center\">\n<tbody>\n<tr>\n<td style=\"width: 25%; border-color: black; border-style: solid; border-width: 1px;\"><a title=\"&lt;strong&gt;Seel\u00f6we auf dem exponiertesten Platz der Insel Plaza Sur&lt;\/strong&gt;&lt;br\/&gt;&lt;br\/&gt;&lt;span style=&quot;font-size:85%;color:#949494&quot;&gt;[Bild-Id: 8757]&lt;\/span&gt;\" href=\"http:\/\/foto-passion.com\/wp-content\/gallery\/galapagos\/071112_12k_dsc08957.jpg\" rel=\"lightbox[69]\"><img loading=\"lazy\" class=\"ngg-singlepic ngg-none aligncenter\" title=\"Seel\u00f6we auf dem exponiertesten Platz der Insel Plaza Sur\" alt=\"Seel\u00f6we auf dem exponiertesten Platz der Insel Plaza Sur\" src=\"http:\/\/foto-passion.com\/wp-content\/gallery\/galapagos\/thumbs\/thumbs_071112_12k_dsc08957.jpg\" width=\"130\" height=\"87\" \/><\/a><\/td>\n<td style=\"width: 25%; border-color: black; border-style: solid; border-width: 1px;\"><a title=\"&lt;strong&gt;Klippe, die die Seel\u00f6wen m\u00fchelos bew\u00e4ltigen k\u00f6nnen&lt;\/strong&gt;&lt;br\/&gt;&lt;br\/&gt;&lt;span style=&quot;font-size:85%;color:#949494&quot;&gt;[Bild-Id: 8726]&lt;\/span&gt;\" href=\"http:\/\/foto-passion.com\/wp-content\/gallery\/galapagos\/071112_10k_dsc07528.jpg\" rel=\"lightbox[69]\"><img loading=\"lazy\" class=\"ngg-singlepic ngg-none aligncenter\" title=\"Klippe, die die Seel\u00f6wen m\u00fchelos bew\u00e4ltigen k\u00f6nnen\" alt=\"Klippe, die die Seel\u00f6wen m\u00fchelos bew\u00e4ltigen k\u00f6nnen\" src=\"http:\/\/foto-passion.com\/wp-content\/gallery\/galapagos\/thumbs\/thumbs_071112_10k_dsc07528.jpg\" width=\"130\" height=\"87\" \/><\/a><\/td>\n<td style=\"width: 25%; border-color: black; border-style: solid; border-width: 1px;\"><a title=\"&lt;strong&gt;M\u00e4nnlicher Gal\u00e1pagos-Seel\u00f6we (Zalophus wollebaeki)&lt;\/strong&gt;&lt;br\/&gt;&lt;br\/&gt;&lt;span style=&quot;font-size:85%;color:#949494&quot;&gt;[Bild-Id: 8744]&lt;\/span&gt;\" href=\"http:\/\/foto-passion.com\/wp-content\/gallery\/galapagos\/071112_12k_dsc08581.jpg\" rel=\"lightbox[69]\"><img loading=\"lazy\" class=\"ngg-singlepic ngg-none aligncenter\" title=\"M\u00e4nnlicher Gal\u00e1pagos-Seel\u00f6we (Zalophus wollebaeki)\" alt=\"M\u00e4nnlicher Gal\u00e1pagos-Seel\u00f6we (Zalophus wollebaeki)\" src=\"http:\/\/foto-passion.com\/wp-content\/gallery\/galapagos\/thumbs\/thumbs_071112_12k_dsc08581.jpg\" width=\"130\" height=\"87\" \/><\/a><\/td>\n<td style=\"width: 25%; border-color: black; border-style: solid; border-width: 1px;\"><a title=\"&lt;strong&gt;Gal\u00e1pagos-Seel\u00f6we (Zalophus wollebaeki) auf Aussichtsposten&lt;\/strong&gt;&lt;br\/&gt;&lt;br\/&gt;&lt;span style=&quot;font-size:85%;color:#949494&quot;&gt;[Bild-Id: 8795]&lt;\/span&gt;\" href=\"http:\/\/foto-passion.com\/wp-content\/gallery\/galapagos\/071112_12k_dsc08619.jpg\" rel=\"lightbox[69]\"><img loading=\"lazy\" class=\"ngg-singlepic ngg-none aligncenter\" title=\"Gal\u00e1pagos-Seel\u00f6we (Zalophus wollebaeki) auf Aussichtsposten\" alt=\"Gal\u00e1pagos-Seel\u00f6we (Zalophus wollebaeki) auf Aussichtsposten\" src=\"http:\/\/foto-passion.com\/wp-content\/gallery\/galapagos\/thumbs\/thumbs_071112_12k_dsc08619.jpg\" width=\"130\" height=\"87\" \/><\/a><\/td>\n<\/tr>\n<\/tbody>\n<\/table>\n<p style=\"text-align: justify;\"><span style=\"font-family: arial, helvetica, sans-serif; font-size: 16px;\">Auf dem R\u00fcckweg zum Schiff treffen wir noch die seltenen Rotschnabel-Tropikv\u00f6gel mit ihrer langen Schwanzfeder und auf Prachtfregattv\u00f6gel. Die Zeit auf der Insel vergeht wie im Flug und eigentlich w\u00fcrden wir mal wieder in aller Ruhe einen ganzen Tag hier verbringen wollen. Leider ist das aber nun mal nicht m\u00f6glich und so m\u00fcssen wir eben ein wenig schneller fotografieren. Gut, dass wir diesen Stress nicht jeden Tag haben. Zu unserem Gl\u00fcck versperrt ein Seel\u00f6we den Bootsanlegesteg und es dauert eine ganze Weile, bis der Guide die Seel\u00f6wendame vertreiben kann. Uns freut ihre Hartn\u00e4ckigkeit, denn das gibt uns noch ein wenig mehr Zeit f\u00fcr ein paar zus\u00e4tzliche Aufnahmen.<\/span><\/p>\n<table style=\"width: 100%;\" border=\"0\" align=\"center\">\n<tbody>\n<tr>\n<td style=\"width: 25%; border-color: black; border-style: solid; border-width: 1px;\"><a title=\"&lt;strong&gt;Auf der Insel Plaza Sur&lt;\/strong&gt;&lt;br\/&gt;&lt;br\/&gt;&lt;span style=&quot;font-size:85%;color:#949494&quot;&gt;[Bild-Id: 8721]&lt;\/span&gt;\" href=\"http:\/\/foto-passion.com\/wp-content\/gallery\/galapagos\/071112_12k_dsc09030.jpg\" rel=\"lightbox[70]\"><img loading=\"lazy\" class=\"ngg-singlepic ngg-none aligncenter\" title=\"Auf der Insel Plaza Sur\" alt=\"Auf der Insel Plaza Sur\" src=\"http:\/\/foto-passion.com\/wp-content\/gallery\/galapagos\/thumbs\/thumbs_071112_12k_dsc09030.jpg\" width=\"130\" height=\"87\" \/><\/a><\/td>\n<td style=\"width: 25%; border-color: black; border-style: solid; border-width: 1px;\"><a title=\"&lt;strong&gt;Fregattvogel&lt;\/strong&gt;&lt;br\/&gt;&lt;br\/&gt;&lt;span style=&quot;font-size:85%;color:#949494&quot;&gt;[Bild-Id: 8707]&lt;\/span&gt;\" href=\"http:\/\/foto-passion.com\/wp-content\/gallery\/galapagos\/071112_12k_dsc08647.jpg\" rel=\"lightbox[70]\"><img loading=\"lazy\" class=\"ngg-singlepic ngg-none aligncenter\" title=\"Fregattvogel\" alt=\"Fregattvogel\" src=\"http:\/\/foto-passion.com\/wp-content\/gallery\/galapagos\/thumbs\/thumbs_071112_12k_dsc08647.jpg\" width=\"130\" height=\"87\" \/><\/a><\/td>\n<td style=\"width: 25%; border-color: black; border-style: solid; border-width: 1px;\"><a title=\"&lt;strong&gt;Rotschnabel-Tropikvogel (Phaeton aethereus)&lt;\/strong&gt;&lt;br\/&gt;&lt;br\/&gt;&lt;span style=&quot;font-size:85%;color:#949494&quot;&gt;[Bild-Id: 8956]&lt;\/span&gt;\" href=\"http:\/\/foto-passion.com\/wp-content\/gallery\/galapagos\/071112_12k_dsc08562.jpg\" rel=\"lightbox[70]\"><img loading=\"lazy\" class=\"ngg-singlepic ngg-none aligncenter\" title=\"Rotschnabel-Tropikvogel (Phaeton aethereus)\" alt=\"Rotschnabel-Tropikvogel (Phaeton aethereus)\" src=\"http:\/\/foto-passion.com\/wp-content\/gallery\/galapagos\/thumbs\/thumbs_071112_12k_dsc08562.jpg\" width=\"130\" height=\"87\" \/><\/a><\/td>\n<td style=\"width: 25%; border-color: black; border-style: solid; border-width: 1px;\"><a title=\"&lt;strong&gt;Kakteenblatt&lt;\/strong&gt;&lt;br\/&gt;&lt;br\/&gt;&lt;span style=&quot;font-size:85%;color:#949494&quot;&gt;[Bild-Id: 8899]&lt;\/span&gt;\" href=\"http:\/\/foto-passion.com\/wp-content\/gallery\/galapagos\/071112_12k_dsc09046.jpg\" rel=\"lightbox[70]\"><img loading=\"lazy\" class=\"ngg-singlepic ngg-none aligncenter\" title=\"Kakteenblatt\" alt=\"Kakteenblatt\" src=\"http:\/\/foto-passion.com\/wp-content\/gallery\/galapagos\/thumbs\/thumbs_071112_12k_dsc09046.jpg\" width=\"130\" height=\"87\" \/><\/a><\/td>\n<\/tr>\n<\/tbody>\n<\/table>\n<p style=\"text-align: justify;\"><span style=\"font-family: arial, helvetica, sans-serif; font-size: 16px;\">Irgendwann ist leider die Seel\u00f6wendame dann doch vertrieben, das Schlauchboot holt uns von der Insel wieder ab und bringt uns zur\u00fcck an Bord der Yacht. Dort riecht es bereits lecker, denn inzwischen wurde das Mittagessen zubereitet. Es gibt Fisch mit Kartoffelbrei, Salat und Gem\u00fcse sowie als Dessert ein St\u00fcck s\u00fc\u00dfe Wassermelone.<\/span><\/p>\n<p style=\"text-align: justify;\"><span style=\"font-family: arial, helvetica, sans-serif; font-size: 16px;\">W\u00e4hrend wir es uns gut schmecken lassen &#8211; immerhin ist das heute unsere erste Mahlzeit &#8211; nimmt die Yacht Kurs auf eine t\u00fcrkisfarbene Bucht in der sich \u00f6fter Wei\u00dfspitzenriffhaie aufhalten sollen. Hier ist Schnorcheln vom Boot aus angesagt. W\u00e4hrend ich die Szenerie fotografiere, geht Uwe mit dem Guide und Einigen der Gruppe die Haie suchen. Zwar finden sie auch welche, aber die sind so versteckt in den Felsen, dass man sie kaum sehen kann. So bleibt es beim &#8222;W\u00e4ssern&#8220;, denn ansonsten ist in der Bucht nicht viel los.<\/span><\/p>\n<table style=\"width: 100%;\" border=\"0\" align=\"center\">\n<tbody>\n<tr>\n<td style=\"width: 25%; border-color: black; border-style: solid; border-width: 1px;\"><a title=\"&lt;strong&gt;Azurblaue Bucht vor der Insel Santa Cruz&lt;\/strong&gt;&lt;br\/&gt;&lt;br\/&gt;&lt;span style=&quot;font-size:85%;color:#949494&quot;&gt;[Bild-Id: 8684]&lt;\/span&gt;\" href=\"http:\/\/foto-passion.com\/wp-content\/gallery\/galapagos\/071112_10k_dsc07614.jpg\" rel=\"lightbox[71]\"><img loading=\"lazy\" class=\"ngg-singlepic ngg-none aligncenter\" title=\"Azurblaue Bucht vor der Insel Santa Cruz\" alt=\"Azurblaue Bucht vor der Insel Santa Cruz\" src=\"http:\/\/foto-passion.com\/wp-content\/gallery\/galapagos\/thumbs\/thumbs_071112_10k_dsc07614.jpg\" width=\"130\" height=\"87\" \/><\/a><\/td>\n<td style=\"width: 25%; border-color: black; border-style: solid; border-width: 1px;\"><a title=\"&lt;strong&gt;Brauner Pelikan (Pelecanus occidentalis)&lt;\/strong&gt;&lt;br\/&gt;&lt;br\/&gt;&lt;span style=&quot;font-size:85%;color:#949494&quot;&gt;[Bild-Id: 8902]&lt;\/span&gt;\" href=\"http:\/\/foto-passion.com\/wp-content\/gallery\/galapagos\/311012_06k_dsc06820.jpg\" rel=\"lightbox[71]\"><img loading=\"lazy\" class=\"ngg-singlepic ngg-none aligncenter\" title=\"Brauner Pelikan (Pelecanus occidentalis)\" alt=\"Brauner Pelikan (Pelecanus occidentalis)\" src=\"http:\/\/foto-passion.com\/wp-content\/gallery\/galapagos\/thumbs\/thumbs_311012_06k_dsc06820.jpg\" width=\"130\" height=\"87\" \/><\/a><\/td>\n<td style=\"width: 25%; border-color: black; border-style: solid; border-width: 1px;\"><a title=\"&lt;strong&gt;Rotschnabel-Tropikvogel (Phaeton aethereus)&lt;\/strong&gt;&lt;br\/&gt;&lt;br\/&gt;&lt;span style=&quot;font-size:85%;color:#949494&quot;&gt;[Bild-Id: 8783]&lt;\/span&gt;\" href=\"http:\/\/foto-passion.com\/wp-content\/gallery\/galapagos\/071112_12k_dsc08568.jpg\" rel=\"lightbox[71]\"><img loading=\"lazy\" class=\"ngg-singlepic ngg-none aligncenter\" title=\"Rotschnabel-Tropikvogel (Phaeton aethereus)\" alt=\"Rotschnabel-Tropikvogel (Phaeton aethereus)\" src=\"http:\/\/foto-passion.com\/wp-content\/gallery\/galapagos\/thumbs\/thumbs_071112_12k_dsc08568.jpg\" width=\"130\" height=\"87\" \/><\/a><\/td>\n<td style=\"width: 25%; border-color: black; border-style: solid; border-width: 1px;\"><a title=\"&lt;strong&gt;Bucht vor der Insel Plaza Sur&lt;\/strong&gt;&lt;br\/&gt;&lt;br\/&gt;&lt;span style=&quot;font-size:85%;color:#949494&quot;&gt;[Bild-Id: 8824]&lt;\/span&gt;\" href=\"http:\/\/foto-passion.com\/wp-content\/gallery\/galapagos\/071112_10k_dsc07606.jpg\" rel=\"lightbox[71]\"><img loading=\"lazy\" class=\"ngg-singlepic ngg-none aligncenter\" title=\"Bucht vor der Insel Plaza Sur\" alt=\"Bucht vor der Insel Plaza Sur\" src=\"http:\/\/foto-passion.com\/wp-content\/gallery\/galapagos\/thumbs\/thumbs_071112_10k_dsc07606.jpg\" width=\"130\" height=\"87\" \/><\/a><\/td>\n<\/tr>\n<\/tbody>\n<\/table>\n<p style=\"text-align: justify;\"><span style=\"font-family: arial, helvetica, sans-serif; font-size: 16px;\">Wenig sp\u00e4ter bringt uns die Yacht zur\u00fcck zum Hafen und der Bus wieder ins Hotel. Dort checken wir wieder ein und da wir so langsam zum Inventar geh\u00f6ren, bekommen wir das sch\u00f6nste Zimmer mit Blick \u00fcber die ganze Anlage. Unser Gep\u00e4ck wurde bereits ins Zimmer gebracht. Da ist bestimmt so ein armer Angestellter bald unter der Last zusammengebrochen.<\/span><\/p>\n<p style=\"text-align: justify;\"><span style=\"font-family: arial, helvetica, sans-serif; font-size: 16px;\">Nachdem es uns schon den ganzen Tag nach Lemon Pie gel\u00fcstet, gehen wir ins &#8222;Il Giardino&#8220; Essen und g\u00f6nnen uns noch diese leckere Nachspeise. Nun m\u00fcssen wir nur noch unsere Tour nach Santa Fe buchen. Das machen wir nat\u00fcrlich wieder in der Travel Agency unseres Vertrauens, doch leider ist weder die Chefin noch ihre englisch sprechende junge Kollegin da und die Vertretung bekommt es nicht auf die Reihe. Dann verbringen wir eben einen Strandtag an der Tortuga Bay und versuchen es morgen noch einmal, wenn die Chefin wieder da ist.<\/span><\/p>\n<p style=\"text-align: justify;\"><span style=\"font-family: arial, helvetica, sans-serif; font-size: 16px;\">Spa\u00dfeshalber fragen wir noch bei einigen anderen Agenturen wegen der Tagestour nach Santa Fe nach, doch wir m\u00fcssen einsehen, dass wir f\u00fcr morgen nirgendwo diese Tour bekommen k\u00f6nnen.<\/span><\/p>\n<p style=\"text-align: justify;\"><span style=\"font-family: arial, helvetica, sans-serif; font-size: 16px;\">Zur\u00fcck im Hotel genie\u00dfen wir noch ein paar der leckeren Fruchts\u00e4fte und planen den morgigen Tag.<\/span><\/p>\n<hr style=\"height: 1px; width: 30%;\" size=\"1\" width=\"30%\" \/>\n<p style=\"text-align: justify;\"><strong><span style=\"font-family: arial, helvetica, sans-serif; font-size: 16px;\">08.11.2012\u00a0\u00a0\u00a0\u00a0\u00a0 Santa Cruz<\/span><\/strong><\/p>\n<p style=\"text-align: justify;\"><span style=\"font-family: arial, helvetica, sans-serif; font-size: 16px;\">Wenigstens k\u00f6nnen wir heute ausschlafen und es langsam angehen lassen. Nach dem Fr\u00fchst\u00fcck suchen wir noch einmal die Travel Agency auf und heute haben wir Gl\u00fcck, denn die Chefin und auch ihre englisch sprechende Kollegin sind da. So bem\u00fchen sich die Beiden mit allen Kr\u00e4ften, uns f\u00fcr Morgen eine Tour nach Santa Fe zu organisieren. Irgendwie sieht das aber nicht gut aus. Trotz vieler Telefonate der Chefin bei Hinz und Kunz ist nichts zu bekommen. Inzwischen versucht uns die Kollegin als Alternative die Insel Floreana schmackhaft zu machen, doch diese Insel ist eher aus historischer Sicht interessant und kann uns einfach nicht fesseln. Schweren Herzens verabschieden wir uns von den Beiden. Da kann man halt nichts machen.<\/span><\/p>\n<p style=\"text-align: justify;\"><span style=\"font-family: arial, helvetica, sans-serif; font-size: 16px;\">Zur\u00fcck im Hotel packen wir die Badesachen ein, besorgen uns ein Taxi und fahren zur Tortuga-Bay (Bahia Tortuga &#8211; Schildkr\u00f6tenbucht) in der N\u00e4he von Puerto Ayora. An diesem Strandabschnitt, dem sch\u00f6nsten Strand des Archipels, gibt es feinen wei\u00dfen Sand und hier her kommen die Meeresschildkr\u00f6ten zur Eiablage.<\/span><\/p>\n<p style=\"text-align: justify;\"><span style=\"font-family: arial, helvetica, sans-serif; font-size: 16px;\">Es ist verh\u00e4ltnism\u00e4\u00dfig wenig los an diesem sch\u00f6nen Strand. Daf\u00fcr gibt es unz\u00e4hlige Marine-Iguanas, denn die Algen im Wasser sind ihre Nahrungsquelle. In aller Ruhe schlendern wir am Strand entlang, fotografieren mal wieder Iguanas und rote Klippenkrabben und genie\u00dfen das t\u00fcrkisblaue Meer mit seiner einsetzenden Flut.<\/span><\/p>\n<table style=\"width: 100%;\" border=\"0\" align=\"center\">\n<tbody>\n<tr>\n<td style=\"width: 25%; border-color: black; border-style: solid; border-width: 1px;\"><a title=\"&lt;strong&gt;Tortuga Bay in Santa Cruz&lt;\/strong&gt;&lt;br\/&gt;&lt;br\/&gt;&lt;span style=&quot;font-size:85%;color:#949494&quot;&gt;[Bild-Id: 8748]&lt;\/span&gt;\" href=\"http:\/\/foto-passion.com\/wp-content\/gallery\/galapagos\/081112_12k_dsc07804.jpg\" rel=\"lightbox[72]\"><img loading=\"lazy\" class=\"ngg-singlepic ngg-none aligncenter\" title=\"Tortuga Bay in Santa Cruz\" alt=\"Tortuga Bay in Santa Cruz\" src=\"http:\/\/foto-passion.com\/wp-content\/gallery\/galapagos\/thumbs\/thumbs_081112_12k_dsc07804.jpg\" width=\"130\" height=\"87\" \/><\/a><\/td>\n<td style=\"width: 25%; border-color: black; border-style: solid; border-width: 1px;\"><a title=\"&lt;strong&gt;Ihnen geh\u00f6rt dieser Strand - Meerechse (Amblyrhynchus cristatus) am Bahia Tortuga auf der Insel Santa Cruz&lt;\/strong&gt;&lt;br\/&gt;&lt;br\/&gt;&lt;span style=&quot;font-size:85%;color:#949494&quot;&gt;[Bild-Id: 8942]&lt;\/span&gt;\" href=\"http:\/\/foto-passion.com\/wp-content\/gallery\/galapagos\/081112_10k_dsc09119.jpg\" rel=\"lightbox[72]\"><img loading=\"lazy\" class=\"ngg-singlepic ngg-none aligncenter\" title=\"Ihnen geh\u00f6rt dieser Strand - Meerechse (Amblyrhynchus cristatus) am Bahia Tortuga auf der Insel Santa Cruz\" alt=\"Ihnen geh\u00f6rt dieser Strand - Meerechse (Amblyrhynchus cristatus) am Bahia Tortuga auf der Insel Santa Cruz\" src=\"http:\/\/foto-passion.com\/wp-content\/gallery\/galapagos\/thumbs\/thumbs_081112_10k_dsc09119.jpg\" width=\"130\" height=\"87\" \/><\/a><\/td>\n<td style=\"width: 25%; border-color: black; border-style: solid; border-width: 1px;\"><a title=\"&lt;strong&gt;Meerechsen (Amblyrhynchus cristatus)&lt;\/strong&gt;&lt;br\/&gt;&lt;br\/&gt;&lt;span style=&quot;font-size:85%;color:#949494&quot;&gt;[Bild-Id: 8983]&lt;\/span&gt;\" href=\"http:\/\/foto-passion.com\/wp-content\/gallery\/galapagos\/081112_12k_dsc07661.jpg\" rel=\"lightbox[72]\"><img loading=\"lazy\" class=\"ngg-singlepic ngg-none aligncenter\" title=\"Meerechsen (Amblyrhynchus cristatus)\" alt=\"Meerechsen (Amblyrhynchus cristatus)\" src=\"http:\/\/foto-passion.com\/wp-content\/gallery\/galapagos\/thumbs\/thumbs_081112_12k_dsc07661.jpg\" width=\"130\" height=\"87\" \/><\/a><\/td>\n<td style=\"width: 25%; border-color: black; border-style: solid; border-width: 1px;\"><a title=\"&lt;strong&gt;M\u00f6we&lt;\/strong&gt;&lt;br\/&gt;&lt;br\/&gt;&lt;span style=&quot;font-size:85%;color:#949494&quot;&gt;[Bild-Id: 8950]&lt;\/span&gt;\" href=\"http:\/\/foto-passion.com\/wp-content\/gallery\/galapagos\/081112_10k_dsc09322.jpg\" rel=\"lightbox[72]\"><img loading=\"lazy\" class=\"ngg-singlepic ngg-none aligncenter\" title=\"M\u00f6we\" alt=\"M\u00f6we\" src=\"http:\/\/foto-passion.com\/wp-content\/gallery\/galapagos\/thumbs\/thumbs_081112_10k_dsc09322.jpg\" width=\"130\" height=\"87\" \/><\/a><\/td>\n<\/tr>\n<\/tbody>\n<\/table>\n<p style=\"text-align: justify;\"><span style=\"font-family: arial, helvetica, sans-serif; font-size: 16px;\">Die Meeresstr\u00f6mung an diesem Strand ist jedoch nicht zu untersch\u00e4tzen und deshalb ist der Strand nicht zum Schwimmen geeignet. Es befindet sich jedoch ein St\u00fcck weiter eine Bucht mit ebenfalls sch\u00f6nem Strand und mit ruhigem Wasser &#8211; von roten Mangroven (Rhizophora mangle) einges\u00e4umt, in der man wunderbar schwimmen kann. Auf dem Weg dorthin kommen wir durch einen kleinen Kakteenwald. Es ist immer wieder erstaunlich, wie hoch diese Kakteen wachsen k\u00f6nnen.<\/span><\/p>\n<table style=\"width: 100%;\" border=\"0\" align=\"center\">\n<tbody>\n<tr>\n<td style=\"width: 25%; border-color: black; border-style: solid; border-width: 1px;\"><a title=\"&lt;strong&gt;Malerische Bucht mit wei\u00dfem Sandstrand - Santa Cruz&lt;\/strong&gt;&lt;br\/&gt;&lt;br\/&gt;&lt;span style=&quot;font-size:85%;color:#949494&quot;&gt;[Bild-Id: 8900]&lt;\/span&gt;\" href=\"http:\/\/foto-passion.com\/wp-content\/gallery\/galapagos\/081112_12k_dsc07732.jpg\" rel=\"lightbox[73]\"><img loading=\"lazy\" class=\"ngg-singlepic ngg-none aligncenter\" title=\"Malerische Bucht mit wei\u00dfem Sandstrand - Santa Cruz\" alt=\"Malerische Bucht mit wei\u00dfem Sandstrand - Santa Cruz\" src=\"http:\/\/foto-passion.com\/wp-content\/gallery\/galapagos\/thumbs\/thumbs_081112_12k_dsc07732.jpg\" width=\"130\" height=\"87\" \/><\/a><\/td>\n<td style=\"width: 25%; border-color: black; border-style: solid; border-width: 1px;\"><a title=\"&lt;strong&gt;Kleiner Opuntienwald&lt;\/strong&gt;&lt;br\/&gt;&lt;br\/&gt;&lt;span style=&quot;font-size:85%;color:#949494&quot;&gt;[Bild-Id: 8762]&lt;\/span&gt;\" href=\"http:\/\/foto-passion.com\/wp-content\/gallery\/galapagos\/081112_12k_dsc07718.jpg\" rel=\"lightbox[73]\"><img loading=\"lazy\" class=\"ngg-singlepic ngg-none aligncenter\" title=\"Kleiner Opuntienwald\" alt=\"Kleiner Opuntienwald\" src=\"http:\/\/foto-passion.com\/wp-content\/gallery\/galapagos\/thumbs\/thumbs_081112_12k_dsc07718.jpg\" width=\"130\" height=\"87\" \/><\/a><\/td>\n<td style=\"width: 25%; border-color: black; border-style: solid; border-width: 1px;\"><a title=\"&lt;strong&gt;Baumopuntien (Opuntia echiops)&lt;\/strong&gt;&lt;br\/&gt;&lt;br\/&gt;&lt;span style=&quot;font-size:85%;color:#949494&quot;&gt;[Bild-Id: 8954]&lt;\/span&gt;\" href=\"http:\/\/foto-passion.com\/wp-content\/gallery\/galapagos\/081112_12k_dsc07684dri.jpg\" rel=\"lightbox[73]\"><img loading=\"lazy\" class=\"ngg-singlepic ngg-none aligncenter\" title=\"Baumopuntien (Opuntia echiops)\" alt=\"Baumopuntien (Opuntia echiops)\" src=\"http:\/\/foto-passion.com\/wp-content\/gallery\/galapagos\/thumbs\/thumbs_081112_12k_dsc07684dri.jpg\" width=\"130\" height=\"87\" \/><\/a><\/td>\n<td style=\"width: 25%; border-color: black; border-style: solid; border-width: 1px;\"><a title=\"&lt;strong&gt;Mangroven s\u00e4umen die Bucht auf der Insel Santa Cruz&lt;\/strong&gt;&lt;br\/&gt;&lt;br\/&gt;&lt;span style=&quot;font-size:85%;color:#949494&quot;&gt;[Bild-Id: 8917]&lt;\/span&gt;\" href=\"http:\/\/foto-passion.com\/wp-content\/gallery\/galapagos\/081112_12k_dsc07662.jpg\" rel=\"lightbox[73]\"><img loading=\"lazy\" class=\"ngg-singlepic ngg-none aligncenter\" title=\"Mangroven s\u00e4umen die Bucht auf der Insel Santa Cruz\" alt=\"Mangroven s\u00e4umen die Bucht auf der Insel Santa Cruz\" src=\"http:\/\/foto-passion.com\/wp-content\/gallery\/galapagos\/thumbs\/thumbs_081112_12k_dsc07662.jpg\" width=\"130\" height=\"87\" \/><\/a><\/td>\n<\/tr>\n<\/tbody>\n<\/table>\n<p style=\"text-align: justify;\"><span style=\"font-family: arial, helvetica, sans-serif; font-size: 16px;\">Auf den Felsen treffen wir auf Blaufu\u00dft\u00f6lpel, die sich von uns nicht st\u00f6ren lassen und auch ein Lavareiher sitzt unsere Anwesenheit einfach aus. Im Wasser taucht der Kopf einer Schildkr\u00f6te auf. Das ist genau der richtige Platz zum Schwimmen und Schnorcheln. Leider ist aber das Wasser sehr tr\u00fcb und so sieht man dann doch nicht so viel, wie erhofft. Daf\u00fcr unterhalten uns die vielen Finken, M\u00f6wen und anderen V\u00f6gel, die total zutraulich sind.<\/span><\/p>\n<table style=\"width: 100%;\" border=\"0\" align=\"center\">\n<tbody>\n<tr>\n<td style=\"width: 25%; border-color: black; border-style: solid; border-width: 1px;\"><a title=\"&lt;strong&gt;Blaufu\u00dft\u00f6lpel (Sula nebouxii)&lt;\/strong&gt;&lt;br\/&gt;&lt;br\/&gt;&lt;span style=&quot;font-size:85%;color:#949494&quot;&gt;[Bild-Id: 8818]&lt;\/span&gt;\" href=\"http:\/\/foto-passion.com\/wp-content\/gallery\/galapagos\/081112_10k_dsc09385.jpg\" rel=\"lightbox[74]\"><img loading=\"lazy\" class=\"ngg-singlepic ngg-none aligncenter\" title=\"Blaufu\u00dft\u00f6lpel (Sula nebouxii)\" alt=\"Blaufu\u00dft\u00f6lpel (Sula nebouxii)\" src=\"http:\/\/foto-passion.com\/wp-content\/gallery\/galapagos\/thumbs\/thumbs_081112_10k_dsc09385.jpg\" width=\"130\" height=\"87\" \/><\/a><\/td>\n<td style=\"width: 25%; border-color: black; border-style: solid; border-width: 1px;\"><a title=\"&lt;strong&gt;Darwin Fink (Geospizinae)&lt;\/strong&gt;&lt;br\/&gt;&lt;br\/&gt;&lt;span style=&quot;font-size:85%;color:#949494&quot;&gt;[Bild-Id: 8855]&lt;\/span&gt;\" href=\"http:\/\/foto-passion.com\/wp-content\/gallery\/galapagos\/081112_10k_dsc09505.jpg\" rel=\"lightbox[74]\"><img loading=\"lazy\" class=\"ngg-singlepic ngg-none aligncenter\" title=\"Darwin Fink (Geospizinae)\" alt=\"Darwin Fink (Geospizinae)\" src=\"http:\/\/foto-passion.com\/wp-content\/gallery\/galapagos\/thumbs\/thumbs_081112_10k_dsc09505.jpg\" width=\"130\" height=\"87\" \/><\/a><\/td>\n<td style=\"width: 25%; border-color: black; border-style: solid; border-width: 1px;\"><a title=\"&lt;strong&gt;Darwin Fink (Geospizinae)&lt;\/strong&gt;&lt;br\/&gt;&lt;br\/&gt;&lt;span style=&quot;font-size:85%;color:#949494&quot;&gt;[Bild-Id: 8934]&lt;\/span&gt;\" href=\"http:\/\/foto-passion.com\/wp-content\/gallery\/galapagos\/081112_10k_dsc09232.jpg\" rel=\"lightbox[74]\"><img loading=\"lazy\" class=\"ngg-singlepic ngg-none aligncenter\" title=\"Darwin Fink (Geospizinae)\" alt=\"Darwin Fink (Geospizinae)\" src=\"http:\/\/foto-passion.com\/wp-content\/gallery\/galapagos\/thumbs\/thumbs_081112_10k_dsc09232.jpg\" width=\"130\" height=\"87\" \/><\/a><\/td>\n<td style=\"width: 25%; border-color: black; border-style: solid; border-width: 1px;\"><a title=\"&lt;strong&gt;Neugieriger Blaufu\u00dft\u00f6lpel (Sula nebouxii)&lt;\/strong&gt;&lt;br\/&gt;&lt;br\/&gt;&lt;span style=&quot;font-size:85%;color:#949494&quot;&gt;[Bild-Id: 8837]&lt;\/span&gt;\" href=\"http:\/\/foto-passion.com\/wp-content\/gallery\/galapagos\/081112_12k_dsc07761.jpg\" rel=\"lightbox[74]\"><img loading=\"lazy\" class=\"ngg-singlepic ngg-none aligncenter\" title=\"Neugieriger Blaufu\u00dft\u00f6lpel (Sula nebouxii)\" alt=\"Neugieriger Blaufu\u00dft\u00f6lpel (Sula nebouxii)\" src=\"http:\/\/foto-passion.com\/wp-content\/gallery\/galapagos\/thumbs\/thumbs_081112_12k_dsc07761.jpg\" width=\"130\" height=\"87\" \/><\/a><\/td>\n<\/tr>\n<\/tbody>\n<\/table>\n<p style=\"text-align: justify;\"><span style=\"font-family: arial, helvetica, sans-serif; font-size: 16px;\">Obwohl wir nun schon viele Marine-Iguanas gesehen haben, \u00fcberrascht uns ihre gro\u00dfe Anzahl hier dennoch. Der gesamte Weg liegt voller Echsen und Uwe z\u00e4hlt mehr als hundert auf einem kleinen Fleck. Da setze ich mich dann quasi auch mal in die Sch&#8230;, um sie abzulichten.<\/span><\/p>\n<p style=\"text-align: justify;\"><span style=\"font-family: arial, helvetica, sans-serif; font-size: 16px;\">Am Nachmittag gehen wir zur\u00fcck zur Tortuga Bay. Dort ist inzwischen Ebbe und in einem kleinen Felsenpool sind eine Menge bunter Fische gefangen. Hier sehen wir all die Fische, die wir gehofft hatten, beim Schnorcheln zu entdecken und daf\u00fcr m\u00fcssen wir noch nicht mal weiter als bis zum Po ins (recht kalte) Wasser. Das ist doch akzeptabel!<\/span><\/p>\n<table style=\"width: 100%;\" border=\"0\" align=\"center\">\n<tbody>\n<tr>\n<td style=\"width: 25%; border-color: black; border-style: solid; border-width: 1px;\"><a title=\"&lt;strong&gt;Kaiserfisch&lt;\/strong&gt;&lt;br\/&gt;&lt;br\/&gt;&lt;span style=&quot;font-size:85%;color:#949494&quot;&gt;[Bild-Id: 8716]&lt;\/span&gt;\" href=\"http:\/\/foto-passion.com\/wp-content\/gallery\/galapagos\/071112_07k_p1020403.jpg\" rel=\"lightbox[75]\"><img loading=\"lazy\" class=\"ngg-singlepic ngg-none aligncenter\" title=\"Kaiserfisch\" alt=\"Kaiserfisch\" src=\"http:\/\/foto-passion.com\/wp-content\/gallery\/galapagos\/thumbs\/thumbs_071112_07k_p1020403.jpg\" width=\"130\" height=\"87\" \/><\/a><\/td>\n<td style=\"width: 25%; border-color: black; border-style: solid; border-width: 1px;\"><a title=\"&lt;strong&gt;Gut getarnt - Panama-Schleimfisch&lt;\/strong&gt;&lt;br\/&gt;&lt;br\/&gt;&lt;span style=&quot;font-size:85%;color:#949494&quot;&gt;[Bild-Id: 9010]&lt;\/span&gt;\" href=\"http:\/\/foto-passion.com\/wp-content\/gallery\/galapagos\/081112_07k_p1020455.jpg\" rel=\"lightbox[75]\"><img loading=\"lazy\" class=\"ngg-singlepic ngg-none aligncenter\" title=\"Gut getarnt - Panama-Schleimfisch\" alt=\"Gut getarnt - Panama-Schleimfisch\" src=\"http:\/\/foto-passion.com\/wp-content\/gallery\/galapagos\/thumbs\/thumbs_081112_07k_p1020455.jpg\" width=\"130\" height=\"87\" \/><\/a><\/td>\n<td style=\"width: 25%; border-color: black; border-style: solid; border-width: 1px;\"><a title=\"&lt;strong&gt;Gro\u00dfer bunter Fischschwarm&lt;\/strong&gt;&lt;br\/&gt;&lt;br\/&gt;&lt;span style=&quot;font-size:85%;color:#949494&quot;&gt;[Bild-Id: 8980]&lt;\/span&gt;\" href=\"http:\/\/foto-passion.com\/wp-content\/gallery\/galapagos\/031112_p1020374.jpg\" rel=\"lightbox[75]\"><img loading=\"lazy\" class=\"ngg-singlepic ngg-none aligncenter\" title=\"Gro\u00dfer bunter Fischschwarm\" alt=\"Gro\u00dfer bunter Fischschwarm\" src=\"http:\/\/foto-passion.com\/wp-content\/gallery\/galapagos\/thumbs\/thumbs_031112_p1020374.jpg\" width=\"130\" height=\"87\" \/><\/a><\/td>\n<td style=\"width: 25%; border-color: black; border-style: solid; border-width: 1px;\"><a title=\"&lt;strong&gt;Panama-Schleimfisch (Ophioblennius steindachneri)&lt;\/strong&gt;&lt;br\/&gt;&lt;br\/&gt;&lt;span style=&quot;font-size:85%;color:#949494&quot;&gt;[Bild-Id: 8844]&lt;\/span&gt;\" href=\"http:\/\/foto-passion.com\/wp-content\/gallery\/galapagos\/081112_07k_p1020477.jpg\" rel=\"lightbox[75]\"><img loading=\"lazy\" class=\"ngg-singlepic ngg-none aligncenter\" title=\"Panama-Schleimfisch (Ophioblennius steindachneri)\" alt=\"Panama-Schleimfisch (Ophioblennius steindachneri)\" src=\"http:\/\/foto-passion.com\/wp-content\/gallery\/galapagos\/thumbs\/thumbs_081112_07k_p1020477.jpg\" width=\"130\" height=\"87\" \/><\/a><\/td>\n<\/tr>\n<\/tbody>\n<\/table>\n<p style=\"text-align: justify;\"><span style=\"font-family: arial, helvetica, sans-serif; font-size: 16px;\">So verbringen wir eine Menge Zeit. Eigentlich ist unser Plan, bis zum Sonnenuntergang zu bleiben, doch daraus wird nichts, denn der Strand wird geschlossen. Eine Angestellte der Nationalparkverwaltung schickt alle Besucher um 17:30 Uhr nach Hause. Auf meine Bitte noch bleiben zu d\u00fcrfen, bis die Sonne untergeht, l\u00e4chelt sie milde und gibt mir f\u00fcnf Minuten. Das reicht mir, aber vermutlich nicht der Sonne zum Untergehen. Jedenfalls wird das so nichts und so m\u00fcssen wir uns mit einem Lichtstreifen letzten Sonnenlichts begn\u00fcgen, das sich sch\u00f6n in den anbrandenden Wellen am Strand spiegelt. Bei einem letzten Blick \u00fcber das Meer sehe ich in der Brandung zwei wei\u00dfe Flossenspitzen. Es sind kleine Wei\u00dfspitzenhaie, die sich an den Strand sp\u00fclen lassen und wir d\u00fcrfen nicht mehr hin, um sie anzuschauen. So ein Mist! Wir besinnen uns aber darauf, dass der Zugang zum Strand mit einem Tor gesichert ist und vor der verschlossenen T\u00fcr wollen wir nicht stehen. Also f\u00fcgen wir uns und verlassen gemeinsam mit den anderen Besuchern den Strand.<\/span><\/p>\n<table style=\"width: 100%;\" border=\"0\" align=\"center\">\n<tbody>\n<tr>\n<td style=\"width: 25%; border-color: black; border-style: solid; border-width: 1px;\"><a title=\"&lt;strong&gt;Opuntien im Sonnenuntergang&lt;\/strong&gt;&lt;br\/&gt;&lt;br\/&gt;&lt;span style=&quot;font-size:85%;color:#949494&quot;&gt;[Bild-Id: 8755]&lt;\/span&gt;\" href=\"http:\/\/foto-passion.com\/wp-content\/gallery\/galapagos\/081112_12k_dsc07829dri.jpg\" rel=\"lightbox[76]\"><img loading=\"lazy\" class=\"ngg-singlepic ngg-none aligncenter\" title=\"Opuntien im Sonnenuntergang\" alt=\"Opuntien im Sonnenuntergang\" src=\"http:\/\/foto-passion.com\/wp-content\/gallery\/galapagos\/thumbs\/thumbs_081112_12k_dsc07829dri.jpg\" width=\"130\" height=\"87\" \/><\/a><\/td>\n<td style=\"width: 25%; border-color: black; border-style: solid; border-width: 1px;\"><a title=\"&lt;strong&gt;Sonnenuntergang am Bahia Tortuga - Insel Santa Cruz&lt;\/strong&gt;&lt;br\/&gt;&lt;br\/&gt;&lt;span style=&quot;font-size:85%;color:#949494&quot;&gt;[Bild-Id: 8859]&lt;\/span&gt;\" href=\"http:\/\/foto-passion.com\/wp-content\/gallery\/galapagos\/081112_12k_dsc07870dri.jpg\" rel=\"lightbox[76]\"><img loading=\"lazy\" class=\"ngg-singlepic ngg-none aligncenter\" title=\"Sonnenuntergang am Bahia Tortuga - Insel Santa Cruz\" alt=\"Sonnenuntergang am Bahia Tortuga - Insel Santa Cruz\" src=\"http:\/\/foto-passion.com\/wp-content\/gallery\/galapagos\/thumbs\/thumbs_081112_12k_dsc07870dri.jpg\" width=\"130\" height=\"87\" \/><\/a><\/td>\n<td style=\"width: 25%; border-color: black; border-style: solid; border-width: 1px;\"><a title=\"&lt;strong&gt;Tortuga Bay&lt;\/strong&gt;&lt;br\/&gt;&lt;br\/&gt;&lt;span style=&quot;font-size:85%;color:#949494&quot;&gt;[Bild-Id: 8814]&lt;\/span&gt;\" href=\"http:\/\/foto-passion.com\/wp-content\/gallery\/galapagos\/081112_12k_dsc07868.jpg\" rel=\"lightbox[76]\"><img loading=\"lazy\" class=\"ngg-singlepic ngg-none aligncenter\" title=\"Tortuga Bay\" alt=\"Tortuga Bay\" src=\"http:\/\/foto-passion.com\/wp-content\/gallery\/galapagos\/thumbs\/thumbs_081112_12k_dsc07868.jpg\" width=\"130\" height=\"87\" \/><\/a><\/td>\n<td style=\"width: 25%; border-color: black; border-style: solid; border-width: 1px;\"><a title=\"&lt;strong&gt;Hierher kommen die Meeresschildkr\u00f6ten zur Eiablage&lt;\/strong&gt;&lt;br\/&gt;&lt;br\/&gt;&lt;span style=&quot;font-size:85%;color:#949494&quot;&gt;[Bild-Id: 9017]&lt;\/span&gt;\" href=\"http:\/\/foto-passion.com\/wp-content\/gallery\/galapagos\/081112_12k_dsc07907.jpg\" rel=\"lightbox[76]\"><img loading=\"lazy\" class=\"ngg-singlepic ngg-none aligncenter\" title=\"Hierher kommen die Meeresschildkr\u00f6ten zur Eiablage\" alt=\"Hierher kommen die Meeresschildkr\u00f6ten zur Eiablage\" src=\"http:\/\/foto-passion.com\/wp-content\/gallery\/galapagos\/thumbs\/thumbs_081112_12k_dsc07907.jpg\" width=\"130\" height=\"87\" \/><\/a><\/td>\n<\/tr>\n<\/tbody>\n<\/table>\n<p style=\"text-align: justify;\"><span style=\"font-family: arial, helvetica, sans-serif; font-size: 16px;\">Den R\u00fcckweg nach Puerto Ayora haben wir schnell bew\u00e4ltigt und kommen zuf\u00e4llig noch an der Travel Agency vorbei. Im Vorbeigehen winke ich der Chefin und sie winkt zur\u00fcck. Dann wedelt sie aufgeregt mit den Armen, wir sollen herein kommen. Es stellt sich heraus, dass sie doch noch eine Tour nach Santa Fe f\u00fcr uns besorgt hat und schon den ganzen Tag versucht, uns im Hotel zu erreichen. Na da kann sie lange versuchen, wenn wir den ganzen Tag am Strand abh\u00e4ngen. Wir sind gl\u00fccklich, dass wir die Tour noch bekommen haben und rasch ist die Buchung abgewickelt.<\/span><\/p>\n<p style=\"text-align: justify;\"><span style=\"font-family: arial, helvetica, sans-serif; font-size: 16px;\">Zufrieden, dass alles nach unseren Vorstellungen geklappt hat, gehen wir gem\u00fctlich essen und sichten noch schnell unsere Tagesausbeute, bevor wir unsere Tasche f\u00fcr die morgige letzte Tagestour packen.<\/span><\/p>\n<hr style=\"height: 1px; width: 30%;\" size=\"1\" width=\"30%\" \/>\n<p style=\"text-align: justify;\"><strong><span style=\"font-family: arial, helvetica, sans-serif; font-size: 16px;\">09.11.2012\u00a0\u00a0\u00a0\u00a0\u00a0 Santa Cruz &#8211; Santa Fe<\/span><\/strong><\/p>\n<p style=\"text-align: justify;\"><span style=\"font-family: arial, helvetica, sans-serif; font-size: 16px;\">Um 7:30 Uhr holt uns der Bus am Hotel ab und bringt uns zur Mole. Eigentlich Unsinn, denn die paar Meter h\u00e4tten wir auch zu Fu\u00df gehen k\u00f6nnen &#8211; aber egal. Heute sind wir 16 Personen auf der Tour. Das ist eigentlich schon mehr als wir verkraften k\u00f6nnen, aber da wir diejenigen sind, die als Letzte auf die Liste gekommen sind &#8211; und das vermutlich zus\u00e4tzlich &#8211; werden wir jetzt nicht rummeckern. Heute Morgen ist der Himmel sehr bew\u00f6lkt und man kann nicht genau absch\u00e4tzen, ob sich die Sonne zeigen wird. Der Guide ist aber zuversichtlich und meint, dass das vor der beginnenden Regenzeit immer so ist. Diesmal liegt die Yacht in Puerto Ayora im Hafen und wir werden mit Schlauchbooten zur Yacht gebracht. Erstaunlicherweise verteilen sich die Leute doch recht schnell. Die Meisten haben es ganz eilig oben auf die &#8222;Br\u00fccke&#8220; zu kommen. Es weht eine ziemlich steife Brise, nieselt und hat hohen Wellengang. Das ist unsere unruhigste Ausfahrt. So dauert es auch gar nicht sehr lange, da kommt Einer nach dem Anderen pitschnass herunter, denn es hat wohl eine etwas heftige Welle gegeben. Wir sitzen im hinteren Teil des Schiffes, zwar im Freien aber \u00fcberdacht und bekommen dort nicht den heftigen Wind und das Spritzwasser ab. Offenbar doch die bessere Platzwahl.<\/span><\/p>\n<p style=\"text-align: justify;\"><span style=\"font-family: arial, helvetica, sans-serif; font-size: 16px;\">Unterwegs k\u00f6nnen wir einen Gal\u00e1pagos-Hai entdecken, der in aller Ruhe ein ganzes St\u00fcck parallel zum Schiff schwimmt. Dann fliegt ganz nah am Boot ein Albatros vorbei. Wir freuen uns, diese V\u00f6gel hier nun auch noch gesehen zu haben.<\/span><\/p>\n<p style=\"text-align: justify;\"><span style=\"font-family: arial, helvetica, sans-serif; font-size: 16px;\">Bis Santa Fe (Barrington Island) dauert die Fahrt zweieinhalb Stunden. P\u00fcnktlich bei unserer Ankunft zeigt sich die Sonne und l\u00e4sst das t\u00fcrkisfarbene Wasser und den wei\u00dfen Sandstrand der Bucht noch einladender leuchten. Santa Fe ist eine der unbewohnten Gal\u00e1pagos-Inseln und entstand durch Vulkanaktivit\u00e4ten im Meer. Sie ist 24 qkm gro\u00df und liegt 259 Meter \u00fcber dem Meeresspiegel.<\/span><\/p>\n<p style=\"text-align: justify;\"><span style=\"font-family: arial, helvetica, sans-serif; font-size: 16px;\">An dem kleinen Sandstrand liegen unz\u00e4hlige Seel\u00f6wen. Diese Kolonie hat gerade viele Jungtiere und es gibt auch ganz kleine Seel\u00f6wenbabys. Erstaunlich, wenn man bedenkt, dass Seel\u00f6wen nur einmal in ihrem Leben ein Junges bekommen. Das Kleine, das direkt am Strand liegt, soll z. B. nur etwa 2 Tage alt sein. Noch viel Aufregender als die Seel\u00f6wenkolonie sind aber die Wei\u00dfspitzenriffhaie, die hier im flachen Wasser ihre Bahnen ziehen. Zum Einen warten sie nat\u00fcrlich auf einen kleinen Snack in Form eines unvorsichtigen Seel\u00f6wenbabys und zum Anderen kommen sie hier ins flache Wasser, um sich zu paaren. Wir haben hier eine &#8222;Wetlanding&#8220; sprich eine Nassanlandung, was bedeutet, dass wir die letzten Schritte an Land durch das Wasser waten m\u00fcssen. Nicht alle finden das toll, wenn um uns herum mindestens 10 Haie patrouillieren. Aber unser Guide wird wissen was er tun kann und so machen wir uns da wenig Gedanken. Wir sind viel zu sehr damit besch\u00e4ftigt, v\u00f6llig fasziniert die Tiere im Wasser zu beobachten, als sie um das Boot herum kreisen. Angst hat da keinen Platz.<\/span><\/p>\n<table style=\"width: 100%;\" border=\"0\" align=\"center\">\n<tbody>\n<tr>\n<td style=\"width: 25%; border-color: black; border-style: solid; border-width: 1px;\"><a title=\"&lt;strong&gt;Seel\u00f6wenkolonie am Strand von Santa Fe&lt;\/strong&gt;&lt;br\/&gt;&lt;br\/&gt;&lt;span style=&quot;font-size:85%;color:#949494&quot;&gt;[Bild-Id: 8919]&lt;\/span&gt;\" href=\"http:\/\/foto-passion.com\/wp-content\/gallery\/galapagos\/091112_10k_dsc07928.jpg\" rel=\"lightbox[77]\"><img loading=\"lazy\" class=\"ngg-singlepic ngg-none aligncenter\" title=\"Seel\u00f6wenkolonie am Strand von Santa Fe\" alt=\"Seel\u00f6wenkolonie am Strand von Santa Fe\" src=\"http:\/\/foto-passion.com\/wp-content\/gallery\/galapagos\/thumbs\/thumbs_091112_10k_dsc07928.jpg\" width=\"130\" height=\"87\" \/><\/a><\/td>\n<td style=\"width: 25%; border-color: black; border-style: solid; border-width: 1px;\"><a title=\"&lt;strong&gt;Strand von Santa Fe&lt;\/strong&gt;&lt;br\/&gt;&lt;br\/&gt;&lt;span style=&quot;font-size:85%;color:#949494&quot;&gt;[Bild-Id: 8866]&lt;\/span&gt;\" href=\"http:\/\/foto-passion.com\/wp-content\/gallery\/galapagos\/091112_10k_dsc07938.jpg\" rel=\"lightbox[77]\"><img loading=\"lazy\" class=\"ngg-singlepic ngg-none aligncenter\" title=\"Strand von Santa Fe\" alt=\"Strand von Santa Fe\" src=\"http:\/\/foto-passion.com\/wp-content\/gallery\/galapagos\/thumbs\/thumbs_091112_10k_dsc07938.jpg\" width=\"130\" height=\"87\" \/><\/a><\/td>\n<td style=\"width: 25%; border-color: black; border-style: solid; border-width: 1px;\"><a title=\"&lt;strong&gt;Wei\u00dfspitzenriffhai am Strand der Insel Santa Fe&lt;\/strong&gt;&lt;br\/&gt;&lt;br\/&gt;&lt;span style=&quot;font-size:85%;color:#949494&quot;&gt;[Bild-Id: 8669]&lt;\/span&gt;\" href=\"http:\/\/foto-passion.com\/wp-content\/gallery\/galapagos\/091112_02k_dsc09614.jpg\" rel=\"lightbox[77]\"><img loading=\"lazy\" class=\"ngg-singlepic ngg-none aligncenter\" title=\"Wei\u00dfspitzenriffhai am Strand der Insel Santa Fe\" alt=\"Wei\u00dfspitzenriffhai am Strand der Insel Santa Fe\" src=\"http:\/\/foto-passion.com\/wp-content\/gallery\/galapagos\/thumbs\/thumbs_091112_02k_dsc09614.jpg\" width=\"130\" height=\"87\" \/><\/a><\/td>\n<td style=\"width: 25%; border-color: black; border-style: solid; border-width: 1px;\"><a title=\"&lt;strong&gt;Auf der Insel Santa Fe werden die Opuntien besonders gro\u00df&lt;\/strong&gt;&lt;br\/&gt;&lt;br\/&gt;&lt;span style=&quot;font-size:85%;color:#949494&quot;&gt;[Bild-Id: 8965]&lt;\/span&gt;\" href=\"http:\/\/foto-passion.com\/wp-content\/gallery\/galapagos\/091112_10k_dsc07951.jpg\" rel=\"lightbox[77]\"><img loading=\"lazy\" class=\"ngg-singlepic ngg-none aligncenter\" title=\"Auf der Insel Santa Fe werden die Opuntien besonders gro\u00df\" alt=\"Auf der Insel Santa Fe werden die Opuntien besonders gro\u00df\" src=\"http:\/\/foto-passion.com\/wp-content\/gallery\/galapagos\/thumbs\/thumbs_091112_10k_dsc07951.jpg\" width=\"130\" height=\"87\" \/><\/a><\/td>\n<\/tr>\n<\/tbody>\n<\/table>\n<p style=\"text-align: justify;\"><span style=\"font-family: arial, helvetica, sans-serif; font-size: 16px;\">Nachdem alle wohlbehalten angelandet und wieder trockenen Fu\u00dfes sind, k\u00f6nnen wir erst einmal das Treiben der Seel\u00f6wenkolonie studieren. Ein Bulle beherrscht die ganze Kolonie und hat damit wahrhaftig alle Flossen voll zu tun.<\/span><\/p>\n<p style=\"text-align: justify;\"><span style=\"font-family: arial, helvetica, sans-serif; font-size: 16px;\">Zur Abwechslung des ohnehin schon spannenden Treibens setzt sich noch ein Gal\u00e1pagos-Habicht in fotogene Pose und manch Einer wei\u00df nicht, wohin er seine Kamera zuerst halten soll. Da bleibt schon auch mal unber\u00fccksichtigt, dass bei der n\u00e4chsten Brandung die Schuhe unter Wasser stehen. Gut, ich w\u00e4re auch gern ein St\u00fcck ins Wasser gegangen, um die Haie etwas besser sehen zu k\u00f6nnen, aber meine Schuhe will ich dann doch nicht versenken. Die brauche ich schlie\u00dflich noch.<\/span><\/p>\n<table style=\"width: 100%;\" border=\"0\" align=\"center\">\n<tbody>\n<tr>\n<td style=\"width: 25%; border-color: black; border-style: solid; border-width: 1px;\"><a title=\"&lt;strong&gt;Galapagos-Habicht (Buteo galapagoensis)&lt;\/strong&gt;&lt;br\/&gt;&lt;br\/&gt;&lt;span style=&quot;font-size:85%;color:#949494&quot;&gt;[Bild-Id: 8834]&lt;\/span&gt;\" href=\"http:\/\/foto-passion.com\/wp-content\/gallery\/galapagos\/091112_09u_dsc08676.jpg\" rel=\"lightbox[78]\"><img loading=\"lazy\" class=\"ngg-singlepic ngg-none aligncenter\" title=\"Galapagos-Habicht (Buteo galapagoensis)\" alt=\"Galapagos-Habicht (Buteo galapagoensis)\" src=\"http:\/\/foto-passion.com\/wp-content\/gallery\/galapagos\/thumbs\/thumbs_091112_09u_dsc08676.jpg\" width=\"130\" height=\"87\" \/><\/a><\/td>\n<td style=\"width: 25%; border-color: black; border-style: solid; border-width: 1px;\"><a title=\"&lt;strong&gt;Strandl\u00e4ufer&lt;\/strong&gt;&lt;br\/&gt;&lt;br\/&gt;&lt;span style=&quot;font-size:85%;color:#949494&quot;&gt;[Bild-Id: 8658]&lt;\/span&gt;\" href=\"http:\/\/foto-passion.com\/wp-content\/gallery\/galapagos\/091112_02k_dsc09603.jpg\" rel=\"lightbox[78]\"><img loading=\"lazy\" class=\"ngg-singlepic ngg-none aligncenter\" title=\"Strandl\u00e4ufer\" alt=\"Strandl\u00e4ufer\" src=\"http:\/\/foto-passion.com\/wp-content\/gallery\/galapagos\/thumbs\/thumbs_091112_02k_dsc09603.jpg\" width=\"130\" height=\"87\" \/><\/a><\/td>\n<td style=\"width: 25%; border-color: black; border-style: solid; border-width: 1px;\"><a title=\"&lt;strong&gt;Die zwei haben trotz der patroullierenden Haie viel Spa\u00df&lt;\/strong&gt;&lt;br\/&gt;&lt;br\/&gt;&lt;span style=&quot;font-size:85%;color:#949494&quot;&gt;[Bild-Id: 8763]&lt;\/span&gt;\" href=\"http:\/\/foto-passion.com\/wp-content\/gallery\/galapagos\/091112_02k_dsc09606.jpg\" rel=\"lightbox[78]\"><img loading=\"lazy\" class=\"ngg-singlepic ngg-none aligncenter\" title=\"Die zwei haben trotz der patroullierenden Haie viel Spa\u00df\" alt=\"Die zwei haben trotz der patroullierenden Haie viel Spa\u00df\" src=\"http:\/\/foto-passion.com\/wp-content\/gallery\/galapagos\/thumbs\/thumbs_091112_02k_dsc09606.jpg\" width=\"130\" height=\"87\" \/><\/a><\/td>\n<td style=\"width: 25%; border-color: black; border-style: solid; border-width: 1px;\"><a title=\"&lt;strong&gt;Seel\u00f6wenliebe&lt;\/strong&gt;&lt;br\/&gt;&lt;br\/&gt;&lt;span style=&quot;font-size:85%;color:#949494&quot;&gt;[Bild-Id: 9015]&lt;\/span&gt;\" href=\"http:\/\/foto-passion.com\/wp-content\/gallery\/galapagos\/091112_09u_dsc08711.jpg\" rel=\"lightbox[78]\"><img loading=\"lazy\" class=\"ngg-singlepic ngg-none aligncenter\" title=\"Seel\u00f6wenliebe\" alt=\"Seel\u00f6wenliebe\" src=\"http:\/\/foto-passion.com\/wp-content\/gallery\/galapagos\/thumbs\/thumbs_091112_09u_dsc08711.jpg\" width=\"130\" height=\"87\" \/><\/a><\/td>\n<\/tr>\n<\/tbody>\n<\/table>\n<p style=\"text-align: justify;\"><span style=\"font-family: arial, helvetica, sans-serif; font-size: 16px;\">Nachdem die Seel\u00f6wen ausgiebig abgelichtet wurden, beginnt der Rundgang \u00fcber einen Teil der Insel. Der Guide ist wieder sehr kompetent und erkl\u00e4rt uns viel zu Fauna und Flora der Insel. Selbst die Gal\u00e1pagos-Finken und die Gal\u00e1pagos-Spottdrosseln (Mockingbirds) werden ausreichend gew\u00fcrdigt. Gut, allzu viel gibt es auch sonst nicht zu sehen. Ein paar Landleguane laufen uns noch \u00fcber den Weg. Es gibt hier eine Unterart von ihnen &#8211; den Santa Fe Drusenkopf, der auf dieser Insel endemisch ist. Er unterscheidet sich von seinen Artgenossen auf den anderen Inseln durch seine hellere Gelbf\u00e4rbung und einen st\u00e4rker ausgebildeten R\u00fcckenkamm. Au\u00dferdem sehen wir zum ersten Mal die h\u00fcbsch gezeichneten Gal\u00e1pagos-Tauben.<\/span><\/p>\n<table style=\"width: 100%;\" border=\"0\" align=\"center\">\n<tbody>\n<tr>\n<td style=\"width: 25%; border-color: black; border-style: solid; border-width: 1px;\"><a title=\"&lt;strong&gt;Galapagostaube (Zenaida galapagoensis)&lt;\/strong&gt;&lt;br\/&gt;&lt;br\/&gt;&lt;span style=&quot;font-size:85%;color:#949494&quot;&gt;[Bild-Id: 8676]&lt;\/span&gt;\" href=\"http:\/\/foto-passion.com\/wp-content\/gallery\/galapagos\/091112_09u_dsc08775.jpg\" rel=\"lightbox[79]\"><img loading=\"lazy\" class=\"ngg-singlepic ngg-none aligncenter\" title=\"Galapagostaube (Zenaida galapagoensis)\" alt=\"Galapagostaube (Zenaida galapagoensis)\" src=\"http:\/\/foto-passion.com\/wp-content\/gallery\/galapagos\/thumbs\/thumbs_091112_09u_dsc08775.jpg\" width=\"130\" height=\"87\" \/><\/a><\/td>\n<td style=\"width: 25%; border-color: black; border-style: solid; border-width: 1px;\"><a title=\"&lt;strong&gt;Freundlich drein schauender Santa F\u00e9-Drusenkopf (Conolophus pallidus)&lt;\/strong&gt;&lt;br\/&gt;&lt;br\/&gt;&lt;span style=&quot;font-size:85%;color:#949494&quot;&gt;[Bild-Id: 8697]&lt;\/span&gt;\" href=\"http:\/\/foto-passion.com\/wp-content\/gallery\/galapagos\/091112_09u_dsc08787.jpg\" rel=\"lightbox[79]\"><img loading=\"lazy\" class=\"ngg-singlepic ngg-none aligncenter\" title=\"Freundlich drein schauender Santa F\u00e9-Drusenkopf (Conolophus pallidus)\" alt=\"Freundlich drein schauender Santa F\u00e9-Drusenkopf (Conolophus pallidus)\" src=\"http:\/\/foto-passion.com\/wp-content\/gallery\/galapagos\/thumbs\/thumbs_091112_09u_dsc08787.jpg\" width=\"130\" height=\"87\" \/><\/a><\/td>\n<td style=\"width: 25%; border-color: black; border-style: solid; border-width: 1px;\"><a title=\"&lt;strong&gt;Santa F\u00e9-Drusenkopf (Conolophus pallidus)&lt;\/strong&gt;&lt;br\/&gt;&lt;br\/&gt;&lt;span style=&quot;font-size:85%;color:#949494&quot;&gt;[Bild-Id: 8972]&lt;\/span&gt;\" href=\"http:\/\/foto-passion.com\/wp-content\/gallery\/galapagos\/091112_09u_dsc08800.jpg\" rel=\"lightbox[79]\"><img loading=\"lazy\" class=\"ngg-singlepic ngg-none aligncenter\" title=\"Santa F\u00e9-Drusenkopf (Conolophus pallidus)\" alt=\"Santa F\u00e9-Drusenkopf (Conolophus pallidus)\" src=\"http:\/\/foto-passion.com\/wp-content\/gallery\/galapagos\/thumbs\/thumbs_091112_09u_dsc08800.jpg\" width=\"130\" height=\"87\" \/><\/a><\/td>\n<td style=\"width: 25%; border-color: black; border-style: solid; border-width: 1px;\"><a title=\"&lt;strong&gt;Fotografenmeute&lt;\/strong&gt;&lt;br\/&gt;&lt;br\/&gt;&lt;span style=&quot;font-size:85%;color:#949494&quot;&gt;[Bild-Id: 8698]&lt;\/span&gt;\" href=\"http:\/\/foto-passion.com\/wp-content\/gallery\/galapagos\/091112_10k_dsc07953.jpg\" rel=\"lightbox[79]\"><img loading=\"lazy\" class=\"ngg-singlepic ngg-none aligncenter\" title=\"Fotografenmeute\" alt=\"Fotografenmeute\" src=\"http:\/\/foto-passion.com\/wp-content\/gallery\/galapagos\/thumbs\/thumbs_091112_10k_dsc07953.jpg\" width=\"130\" height=\"87\" \/><\/a><\/td>\n<\/tr>\n<\/tbody>\n<\/table>\n<p style=\"text-align: justify;\"><span style=\"font-family: arial, helvetica, sans-serif; font-size: 16px;\">Wir bewundern die extrem gro\u00dfen Baumopuntien (Kakteen &#8211; Opuntia echios var. Gigantea), die hier bis zu 10 Meter hoch und bis zu 80 Jahre alt werden k\u00f6nnen. Die Feigenkakteen (Tree Prickly Pear) tragen gerade gelbe Bl\u00fcten und Fr\u00fcchte und werden deshalb von den V\u00f6geln und den Landleguanen stark frequentiert. Immer wieder haben wir vom Weg aus einen sch\u00f6nen Ausblick auf die Bucht.<\/span><\/p>\n<table style=\"width: 100%;\" border=\"0\" align=\"center\">\n<tbody>\n<tr>\n<td style=\"width: 25%; border-color: black; border-style: solid; border-width: 1px;\"><a title=\"&lt;strong&gt;Traumbucht auf der Insel Santa Fe&lt;\/strong&gt;&lt;br\/&gt;&lt;br\/&gt;&lt;span style=&quot;font-size:85%;color:#949494&quot;&gt;[Bild-Id: 8991]&lt;\/span&gt;\" href=\"http:\/\/foto-passion.com\/wp-content\/gallery\/galapagos\/091112_02k_dsc09635.jpg\" rel=\"lightbox[80]\"><img loading=\"lazy\" class=\"ngg-singlepic ngg-none aligncenter\" title=\"Traumbucht auf der Insel Santa Fe\" alt=\"Traumbucht auf der Insel Santa Fe\" src=\"http:\/\/foto-passion.com\/wp-content\/gallery\/galapagos\/thumbs\/thumbs_091112_02k_dsc09635.jpg\" width=\"130\" height=\"87\" \/><\/a><\/td>\n<td style=\"width: 25%; border-color: black; border-style: solid; border-width: 1px;\"><a title=\"&lt;strong&gt;Blick von der Insel Santa Fe&lt;\/strong&gt;&lt;br\/&gt;&lt;br\/&gt;&lt;span style=&quot;font-size:85%;color:#949494&quot;&gt;[Bild-Id: 8848]&lt;\/span&gt;\" href=\"http:\/\/foto-passion.com\/wp-content\/gallery\/galapagos\/091112_02k_dsc09639.jpg\" rel=\"lightbox[80]\"><img loading=\"lazy\" class=\"ngg-singlepic ngg-none aligncenter\" title=\"Blick von der Insel Santa Fe\" alt=\"Blick von der Insel Santa Fe\" src=\"http:\/\/foto-passion.com\/wp-content\/gallery\/galapagos\/thumbs\/thumbs_091112_02k_dsc09639.jpg\" width=\"130\" height=\"87\" \/><\/a><\/td>\n<td style=\"width: 25%; border-color: black; border-style: solid; border-width: 1px;\"><a title=\"&lt;strong&gt;Riesige Baumopuntie&lt;\/strong&gt;&lt;br\/&gt;&lt;br\/&gt;&lt;span style=&quot;font-size:85%;color:#949494&quot;&gt;[Bild-Id: 8884]&lt;\/span&gt;\" href=\"http:\/\/foto-passion.com\/wp-content\/gallery\/galapagos\/091112_10k_dsc07950.jpg\" rel=\"lightbox[80]\"><img loading=\"lazy\" class=\"ngg-singlepic ngg-none aligncenter\" title=\"Riesige Baumopuntie\" alt=\"Riesige Baumopuntie\" src=\"http:\/\/foto-passion.com\/wp-content\/gallery\/galapagos\/thumbs\/thumbs_091112_10k_dsc07950.jpg\" width=\"130\" height=\"87\" \/><\/a><\/td>\n<td style=\"width: 25%; border-color: black; border-style: solid; border-width: 1px;\"><a title=\"&lt;strong&gt;Auf der Insel Santa Fe&lt;\/strong&gt;&lt;br\/&gt;&lt;br\/&gt;&lt;span style=&quot;font-size:85%;color:#949494&quot;&gt;[Bild-Id: 8807]&lt;\/span&gt;\" href=\"http:\/\/foto-passion.com\/wp-content\/gallery\/galapagos\/091112_10k_dsc07964.jpg\" rel=\"lightbox[80]\"><img loading=\"lazy\" class=\"ngg-singlepic ngg-none aligncenter\" title=\"Auf der Insel Santa Fe\" alt=\"Auf der Insel Santa Fe\" src=\"http:\/\/foto-passion.com\/wp-content\/gallery\/galapagos\/thumbs\/thumbs_091112_10k_dsc07964.jpg\" width=\"130\" height=\"87\" \/><\/a><\/td>\n<\/tr>\n<\/tbody>\n<\/table>\n<p style=\"text-align: justify;\"><span style=\"font-family: arial, helvetica, sans-serif; font-size: 16px;\">Der recht kurze Rundweg endet wieder am Strand und schon werden wir mit dem Schlauchboot zur\u00fcck zum Schiff gebracht. Jetzt ist Schnorcheln in der Bucht angesagt. Zum gro\u00dfen Bedauern von Uwe sind die Haie aber nicht da, wo geschnorchelt wird, doch die Unterwasserwelt ist auch so spannend. Ein gro\u00dfer Mantarochen kommt vorbei, Seel\u00f6wen tauchen unter den Schnorchlern durch und wieder kann man viele bunte Fische beobachten.<\/span><\/p>\n<p style=\"text-align: justify;\"><span style=\"font-family: arial, helvetica, sans-serif; font-size: 16px;\">Baden macht hungrig und deshalb wird jetzt das Mittagessen serviert. Wie immer gibt es Fischfilet. Es schmeckt uns gut.<\/span><\/p>\n<p style=\"text-align: justify;\"><span style=\"font-family: arial, helvetica, sans-serif; font-size: 16px;\">W\u00e4hrend der Kapit\u00e4n die Heimreise antritt, entschwinden wieder Guide und der Rest der Besatzung in ihre Kaj\u00fcte und werden erst wieder gesehen, als wir in den Hafen von Santa Cruz einlaufen. Der Guide sieht noch ein wenig verschlafen aus. Die Jungs haben schon einen coolen Job; marschieren zwei Stunden mit den Touris \u00fcber eine Insel und werden ansonsten f\u00fcrs Schlafen bezahlt. Zugegeben, die Kaj\u00fcten sind auch recht gem\u00fctlich und im Liegen schl\u00e4ft man einfach besser als im Sitzen.<\/span><\/p>\n<p style=\"text-align: justify;\"><span style=\"font-family: arial, helvetica, sans-serif; font-size: 16px;\">Wir haben es auf der R\u00fcckfahrt leider nicht so komfortabel. Das Meer ist noch rauher geworden und so werden wir ganz sch\u00f6n hin und her gesch\u00fcttelt. Mit gutem Recht k\u00f6nnen wir nun von uns behaupten, ziemlich seefest zu sein, denn der starke Wellengang hat uns nichts ausgemacht. Wieder beobachten wir unterwegs zwei Albatrosse und sehen fliegende Fische durch die Luft springen. Ein total witziger Anblick.<\/span><\/p>\n<p style=\"text-align: justify;\"><span style=\"font-family: arial, helvetica, sans-serif; font-size: 16px;\">Um 15:30 Uhr und fr\u00fcher als angek\u00fcndigt laufen wir in den Hafen von Santa Cruz ein. Genau die richtige Zeit, um noch einmal einen guten ecuadorianischen Kaffee und Lemon Pie zu genie\u00dfen. Auf dem Weg dorthin kommen wir auch an zwei gegen\u00fcber liegenden Hotels vorbei und schauen ziemlich bl\u00f6d aus der W\u00e4sche. Da stehen im Foyer fertig geschm\u00fcckte Weihnachtsb\u00e4ume. Das passt so \u00fcberhaupt nicht hierher und wir m\u00fcssen erst einmal sortieren, was wir eigentlich f\u00fcr ein Datum haben. Streng genommen h\u00e4tte es ja noch etwas Zeit mit dieser Deko, aber die Plastik-Weihnachtsb\u00e4ume halten auch gut bis in den M\u00e4rz und da kann man sie eben schon Anfang November hervorholen. Je l\u00e4nger wir durch den Ort laufen, umso deutlicher wird, dass es hier heute ein geheimes Kommando &#8222;Weihnachtsdeko&#8220; gegeben haben muss. In den paar Stunden, die wir weg waren, haben die meisten Gesch\u00e4fte bereits weihnachtlich dekoriert. Selbst in den Reiseagenturen steht und h\u00e4ngt weihnachtliche Deko. Also eine weihnachtsfreie Zone sind die Gal\u00e1pagos-Inseln definitiv nicht. Das ist offensichtlich.<\/span><\/p>\n<p style=\"text-align: justify;\"><span style=\"font-family: arial, helvetica, sans-serif; font-size: 16px;\">Auf dem &#8222;Fischmarkt&#8220; gibt es heute jede Menge Lobster. Das sind vielleicht Prachtexemplare! F\u00fcr 10 USD das St\u00fcck wechseln sie die Besitzer und wir bedauern sehr, nicht selbst kochen zu k\u00f6nnen. Aber die Tiere sind auch wundersch\u00f6n anzusehen und so nutzen wir die Gelegenheit, sie mal in Ruhe betrachten zu k\u00f6nnen.<\/span><\/p>\n<p style=\"text-align: justify;\"><span style=\"font-family: arial, helvetica, sans-serif; font-size: 16px;\">Wir laufen gem\u00fctlich ins Hotel, packen unsere Sachen und gehen etwas fr\u00fcher schlafen, denn morgen m\u00fcssen wir wieder zeitig aufstehen. Dann ist leider unsere sch\u00f6ne Zeit auf den Gal\u00e1pagos-Inseln schon wieder vorbei und wir m\u00fcssen die Heimreise ins kalte Deutschland antreten. Brrrrrrr.<\/span><\/p>\n<hr style=\"height: 1px; width: 30%;\" size=\"1\" width=\"30%\" \/>\n<p style=\"text-align: justify;\"><strong><span style=\"font-family: arial, helvetica, sans-serif; font-size: 16px;\">10.11.2012\u00a0\u00a0\u00a0\u00a0\u00a0 Santa Cruz &#8211; Guayaquil<\/span><\/strong><\/p>\n<p style=\"text-align: justify;\"><span style=\"font-family: arial, helvetica, sans-serif; font-size: 16px;\">Das Taxi kommt wie immer superp\u00fcnktlich und bringt uns in den Norden der Insel. Von dort nehmen wir die F\u00e4hre nach Baltra. Eigentlich pendeln Busse, die die Neuank\u00f6mmlinge auf Baltra zum nahe gelegenen Flughafen bringen. Es stehen auch Busse da, aber der Busfahrer will nicht fahren. Nach langem Warten d\u00fcrfen wir dann doch einsteigen und der Bus f\u00e4hrt auch los, doch kurz vor dem Flughafen (ca. 1 km) bleibt er stehen. Die ganzen Angestellten verlassen den Bus und gehen zu Fu\u00df weiter; die Touristen schauen ratlos. Ein anderer Bus kommt uns entgegen und winkt, dass wir umsteigen sollen. Nachdem das Gep\u00e4ck im anderen Bus verladen und die restlichen Fahrg\u00e4ste schmunzelnd umgestiegen sind, f\u00e4hrt der Bus wieder in Richtung Kanal. Wir kriegen uns nicht mehr ein. Gut, dass wir gen\u00fcgend Zeit haben, denn wer es hier eilig hat, bekommt ein Problem. Auf halbem Weg wendet der Bus aber dann doch und bringt uns zum Flughafen. Der ist im Moment eine einzige Baustelle, denn es wird gerade ein gro\u00dfes neues Flughafengeb\u00e4ude errichtet. Ist aber auch n\u00f6tig bei der Bruchbude, in der es zieht wie Hechtsuppe.<\/span><\/p>\n<p style=\"text-align: justify;\"><span style=\"font-family: arial, helvetica, sans-serif; font-size: 16px;\">Rasch haben wir eingecheckt und k\u00f6nnen nach einiger Wartezeit an Bord gehen. Ein letzter Blick auf das Archipel und schon verdeckt eine dicke Wolkendecke die Sicht. Uns brennt ein (vorerst) letztes Mal die warme \u00c4quatorsonne auf die Haut, bevor wir endg\u00fcltig in die kalte Wirklichkeit zur\u00fcckgeholt werden. Dies erfolgt allerdings mit einem Zwischenstopp und einer Zwischen\u00fcbernachtung in Guayaquil. Wir hatten beschlossen, uns diese ecuadorianische Stadt, wenn wir schon mal da sind, auch noch mit anzusehen. Zwar h\u00f6ren sich die Reisewarnungen des Ausw\u00e4rtigen Amtes zu dieser Stadt nicht besonders vertrauenserweckend an, doch erfahrungsgem\u00e4\u00df relativiert sich das vor Ort meist schnell. Wir werden entsprechende Vorsicht walten lassen und uns auf unseren Verstand und Instinkt verlassen.<\/span><\/p>\n<p style=\"text-align: justify;\"><span style=\"font-family: arial, helvetica, sans-serif; font-size: 16px;\">So landen wir um 14 Uhr in Guayaquil und wenige Minuten sp\u00e4ter empf\u00e4ngt uns der freundliche Fahrer des Hotels &#8222;Grand Hotel Guayaquil&#8220; mit Handschlag und greift nach unserem Gep\u00e4ck. Wir bekommen erst einmal einen Hieb, als wir ins Freie treten, denn in Guayaquil ist es viel hei\u00dfer als auf den Gal\u00e1pagos-Inseln. Dabei hatte ich gelesen, dass es hier etwas k\u00fchler ist &#8211; von wegen!<\/span><\/p>\n<p style=\"text-align: justify;\"><span style=\"font-family: arial, helvetica, sans-serif; font-size: 16px;\">Den dichten Stra\u00dfenverkehr von Guayaquil kennen wir ja schon. Das Hotel liegt direkt in der Stadt und so k\u00e4mpft sich der Fahrer durch den dichten Verkehr. Das &#8222;Grand Hotel Guayaquil&#8220; macht einen noblen Eindruck. Rasch haben wir eingecheckt, unsere Sachen verstaut und uns wieder startklar gemacht. Wir wollen die Stadt erkunden. An der Rezeption lassen wir uns noch ein paar Tipps geben und dann st\u00fcrzen wir uns in den Gro\u00dfstadtmoloch. Gleich hinter dem Hotel befindet sich die gro\u00dfe Kathedrale &#8222;La Merced&#8220;; ein pr\u00e4chtiges Bauwerk.<\/span><\/p>\n<table style=\"width: 100%;\" border=\"0\" align=\"center\">\n<tbody>\n<tr>\n<td style=\"width: 25%; border-color: black; border-style: solid; border-width: 1px;\"><a title=\"&lt;strong&gt;Kathedrale &quot;La Merced&quot; in Guayaquil&lt;\/strong&gt;&lt;br\/&gt;&lt;br\/&gt;&lt;span style=&quot;font-size:85%;color:#949494&quot;&gt;[Bild-Id: 8692]&lt;\/span&gt;\" href=\"http:\/\/foto-passion.com\/wp-content\/gallery\/galapagos\/111112_12k_dsc08497.jpg\" rel=\"lightbox[81]\"><img loading=\"lazy\" class=\"ngg-singlepic ngg-none aligncenter\" title=\"Kathedrale \" alt=\"Kathedrale \" src=\"http:\/\/foto-passion.com\/wp-content\/gallery\/galapagos\/thumbs\/thumbs_111112_12k_dsc08497.jpg\" width=\"130\" height=\"87\" \/><\/a><\/td>\n<td style=\"width: 25%; border-color: black; border-style: solid; border-width: 1px;\"><a title=\"&lt;strong&gt;Denkmal zu Ehren von Simon Bolivar.&lt;\/strong&gt;&lt;br\/&gt;&lt;br\/&gt;&lt;span style=&quot;font-size:85%;color:#949494&quot;&gt;[Bild-Id: 8921]&lt;\/span&gt;\" href=\"http:\/\/foto-passion.com\/wp-content\/gallery\/galapagos\/111112_12k_dsc09872.jpg\" rel=\"lightbox[81]\"><img loading=\"lazy\" class=\"ngg-singlepic ngg-none aligncenter\" title=\"Denkmal zu Ehren von Simon Bolivar - einem s\u00fcdamerikanischen  Unabh\u00e4ngigkeitsk\u00e4mpfer und Nationalhelden. Er f\u00fchrte die s\u00fcdamerikanische Unabh\u00e4ngigkeitsbewegung gegen die spanischen Kolonialherren.\" alt=\"Denkmal zu Ehren von Simon Bolivar - einem s\u00fcdamerikanischen  Unabh\u00e4ngigkeitsk\u00e4mpfer und Nationalhelden. Er f\u00fchrte die s\u00fcdamerikanische Unabh\u00e4ngigkeitsbewegung gegen die spanischen Kolonialherren.\" src=\"http:\/\/foto-passion.com\/wp-content\/gallery\/galapagos\/thumbs\/thumbs_111112_12k_dsc09872.jpg\" width=\"130\" height=\"87\" \/><\/a><\/td>\n<td style=\"width: 25%; border-color: black; border-style: solid; border-width: 1px;\"><a title=\"&lt;strong&gt;Szene am Denkmal von Simon Bolivar&lt;\/strong&gt;&lt;br\/&gt;&lt;br\/&gt;&lt;span style=&quot;font-size:85%;color:#949494&quot;&gt;[Bild-Id: 8799]&lt;\/span&gt;\" href=\"http:\/\/foto-passion.com\/wp-content\/gallery\/galapagos\/111112_10k_dsc08292.jpg\" rel=\"lightbox[81]\"><img loading=\"lazy\" class=\"ngg-singlepic ngg-none aligncenter\" title=\"Szene am Denkmal von Simon Bolivar\" alt=\"Szene am Denkmal von Simon Bolivar\" src=\"http:\/\/foto-passion.com\/wp-content\/gallery\/galapagos\/thumbs\/thumbs_111112_10k_dsc08292.jpg\" width=\"130\" height=\"87\" \/><\/a><\/td>\n<td style=\"width: 25%; border-color: black; border-style: solid; border-width: 1px;\"><a title=\"&lt;strong&gt;Kathedrale &quot;La Merced&quot; in Guayaquil&lt;\/strong&gt;&lt;br\/&gt;&lt;br\/&gt;&lt;span style=&quot;font-size:85%;color:#949494&quot;&gt;[Bild-Id: 8886]&lt;\/span&gt;\" href=\"http:\/\/foto-passion.com\/wp-content\/gallery\/galapagos\/111112_10k_dsc08251dri.jpg\" rel=\"lightbox[81]\"><img loading=\"lazy\" class=\"ngg-singlepic ngg-none aligncenter\" title=\"Kathedrale &quot;La Merced&quot; in Guayaquil\" alt=\"Kathedrale &quot;La Merced&quot; in Guayaquil\" src=\"http:\/\/foto-passion.com\/wp-content\/gallery\/galapagos\/thumbs\/thumbs_111112_10k_dsc08251dri.jpg\" width=\"130\" height=\"87\" \/><\/a><\/td>\n<\/tr>\n<\/tbody>\n<\/table>\n<p style=\"text-align: justify;\"><span style=\"font-family: arial, helvetica, sans-serif; font-size: 16px;\">Im Park gegen\u00fcber der Kathedrale leben gr\u00fcne Landleguane. Wir hatten davon gelesen und mit zwei, drei St\u00fcck gerechnet. Hier gibt es aber Hunderte. Vor lauter Echsen kann man seinen Blick gar nicht vom Boden heben und tut man es dann doch, um zu schauen, wo die ganze Kacke herkommt, da entdeckt man in den B\u00e4umen unz\u00e4hlige Tiere, die faul in der Sonne liegen. Es ist unglaublich, wie viele Tiere hier auf kleinstem Raum leben. Besonders die j\u00fcngeren Tiere haben noch eine sch\u00f6ne gr\u00fcne F\u00e4rbung. Daf\u00fcr haben die gro\u00dfen, schon \u00e4lteren Tiere einen sch\u00f6nen Kamm und einen stattlichen Kehllappen.<\/span><\/p>\n<table style=\"width: 100%;\" border=\"0\" align=\"center\">\n<tbody>\n<tr>\n<td style=\"width: 25%; border-color: black; border-style: solid; border-width: 1px;\"><a title=\"&lt;strong&gt;Gr\u00fcner Leguan (Iguana iguana) im Park vor der Kathedrale&lt;\/strong&gt;&lt;br\/&gt;&lt;br\/&gt;&lt;span style=&quot;font-size:85%;color:#949494&quot;&gt;[Bild-Id: 8802]&lt;\/span&gt;\" href=\"http:\/\/foto-passion.com\/wp-content\/gallery\/galapagos\/111112_12k_dsc09989.jpg\" rel=\"lightbox[82]\"><img loading=\"lazy\" class=\"ngg-singlepic ngg-none aligncenter\" title=\"Gr\u00fcner Leguan(Iguana iguana) im Park vor der Kathedrale\" alt=\"Gr\u00fcner Leguan(Iguana iguana) im Park vor der Kathedrale\" src=\"http:\/\/foto-passion.com\/wp-content\/gallery\/galapagos\/thumbs\/thumbs_111112_12k_dsc09989.jpg\" width=\"130\" height=\"87\" \/><\/a><\/td>\n<td style=\"width: 25%; border-color: black; border-style: solid; border-width: 1px;\"><a title=\"&lt;strong&gt;Gr\u00fcner Leguan (Iguana iguana) im Park vor der Kathedrale&lt;\/strong&gt;&lt;br\/&gt;&lt;br\/&gt;&lt;span style=&quot;font-size:85%;color:#949494&quot;&gt;[Bild-Id: 8778]&lt;\/span&gt;\" href=\"http:\/\/foto-passion.com\/wp-content\/gallery\/galapagos\/111112_12k_dsc09767.jpg\" rel=\"lightbox[82]\"><img loading=\"lazy\" class=\"ngg-singlepic ngg-none aligncenter\" title=\"Gr\u00fcner Leguan(Iguana iguana) im Park vor der Kathedrale\" alt=\"Gr\u00fcner Leguan(Iguana iguana) im Park vor der Kathedrale\" src=\"http:\/\/foto-passion.com\/wp-content\/gallery\/galapagos\/thumbs\/thumbs_111112_12k_dsc09767.jpg\" width=\"130\" height=\"87\" \/><\/a><\/td>\n<td style=\"width: 25%; border-color: black; border-style: solid; border-width: 1px;\"><a title=\"&lt;strong&gt;Gr\u00fcner Leguan (Iguana iguana)&lt;\/strong&gt;&lt;br\/&gt;&lt;br\/&gt;&lt;span style=&quot;font-size:85%;color:#949494&quot;&gt;[Bild-Id: 8962]&lt;\/span&gt;\" href=\"http:\/\/foto-passion.com\/wp-content\/gallery\/galapagos\/111112_12k_dsc00046.jpg\" rel=\"lightbox[82]\"><img loading=\"lazy\" class=\"ngg-singlepic ngg-none aligncenter\" title=\"Gr\u00fcner Leguan(Iguana iguana)\" alt=\"Gr\u00fcner Leguan(Iguana iguana)\" src=\"http:\/\/foto-passion.com\/wp-content\/gallery\/galapagos\/thumbs\/thumbs_111112_12k_dsc00046.jpg\" width=\"130\" height=\"87\" \/><\/a><\/td>\n<td style=\"width: 25%; border-color: black; border-style: solid; border-width: 1px;\"><a title=\"&lt;strong&gt;Unz\u00e4hlige Gr\u00fcne Leguane leben im kleinen Park vor der Kathedrale und werden dort gef\u00fcttert und bewacht - Guayaquil&lt;\/strong&gt;&lt;br\/&gt;&lt;br\/&gt;&lt;span style=&quot;font-size:85%;color:#949494&quot;&gt;[Bild-Id: 8858]&lt;\/span&gt;\" href=\"http:\/\/foto-passion.com\/wp-content\/gallery\/galapagos\/111112_10k_dsc08301.jpg\" rel=\"lightbox[82]\"><img loading=\"lazy\" class=\"ngg-singlepic ngg-none aligncenter\" title=\"Unz\u00e4hlige Gr\u00fcne Leguane leben im kleinen Park vor der Kathedrale und werden dort gef\u00fcttert und bewacht - Guayaquil\" alt=\"Unz\u00e4hlige Gr\u00fcne Leguane leben im kleinen Park vor der Kathedrale und werden dort gef\u00fcttert und bewacht - Guayaquil\" src=\"http:\/\/foto-passion.com\/wp-content\/gallery\/galapagos\/thumbs\/thumbs_111112_10k_dsc08301.jpg\" width=\"130\" height=\"87\" \/><\/a><\/td>\n<\/tr>\n<\/tbody>\n<\/table>\n<p style=\"text-align: justify;\"><span style=\"font-family: arial, helvetica, sans-serif; font-size: 16px;\">Dann laufen wir zur Uferpromenade &#8222;Malecon 2000&#8220;, die am Rio Guayas entlang f\u00fchrt. Es f\u00e4llt auf, dass an jeder Ecke Security steht. Guayaquil arbeitet offenbar an seinem Image. Die Promenade ist hochmodern und sehr gut besucht. Sie wurde als Erholungs- und Flaniermeile gestaltet, verf\u00fcgt \u00fcber Imbissst\u00e4nde, Kino, Galerie, Gesch\u00e4fte, viele sch\u00f6ne Kinderspielpl\u00e4tze, Parks mit \u00fcppigem Bewuchs, Skulpturen, Aussichtst\u00fcrme u. v. m.<\/span><\/p>\n<table style=\"width: 100%;\" border=\"0\" align=\"center\">\n<tbody>\n<tr>\n<td style=\"width: 25%; border-color: black; border-style: solid; border-width: 1px;\"><a title=\"&lt;strong&gt;In der Innenstadt von Guayaquil&lt;\/strong&gt;&lt;br\/&gt;&lt;br\/&gt;&lt;span style=&quot;font-size:85%;color:#949494&quot;&gt;[Bild-Id: 8849]&lt;\/span&gt;\" href=\"http:\/\/foto-passion.com\/wp-content\/gallery\/galapagos\/101112_10k_dsc08213.jpg\" rel=\"lightbox[83]\"><img loading=\"lazy\" class=\"ngg-singlepic ngg-none aligncenter\" title=\"In der Innenstadt von Guayaquil\" alt=\"In der Innenstadt von Guayaquil\" src=\"http:\/\/foto-passion.com\/wp-content\/gallery\/galapagos\/thumbs\/thumbs_101112_10k_dsc08213.jpg\" width=\"130\" height=\"87\" \/><\/a><\/td>\n<td style=\"width: 25%; border-color: black; border-style: solid; border-width: 1px;\"><a title=\"&lt;strong&gt;Modern und sehenswert - die Promenade &quot;Malecon 2000&quot;&lt;\/strong&gt;&lt;br\/&gt;&lt;br\/&gt;&lt;span style=&quot;font-size:85%;color:#949494&quot;&gt;[Bild-Id: 8696]&lt;\/span&gt;\" href=\"http:\/\/foto-passion.com\/wp-content\/gallery\/galapagos\/101112_10k_dsc08013.jpg\" rel=\"lightbox[83]\"><img loading=\"lazy\" class=\"ngg-singlepic ngg-none aligncenter\" title=\"Modern und sehenswert - die Promenade \" alt=\"Modern und sehenswert - die Promenade \" src=\"http:\/\/foto-passion.com\/wp-content\/gallery\/galapagos\/thumbs\/thumbs_101112_10k_dsc08013.jpg\" width=\"130\" height=\"87\" \/><\/a><\/td>\n<td style=\"width: 25%; border-color: black; border-style: solid; border-width: 1px;\"><a title=\"&lt;strong&gt;Promenade &quot;Malecon 2000&quot; in Guayaquil&lt;\/strong&gt;&lt;br\/&gt;&lt;br\/&gt;&lt;span style=&quot;font-size:85%;color:#949494&quot;&gt;[Bild-Id: 8856]&lt;\/span&gt;\" href=\"http:\/\/foto-passion.com\/wp-content\/gallery\/galapagos\/101112_10k_dsc08014.jpg\" rel=\"lightbox[83]\"><img loading=\"lazy\" class=\"ngg-singlepic ngg-none aligncenter\" title=\"Promenade &quot;Malecon 2000&quot; in Guayaquil\" alt=\"Promenade &quot;Malecon 2000&quot; in Guayaquil\" src=\"http:\/\/foto-passion.com\/wp-content\/gallery\/galapagos\/thumbs\/thumbs_101112_10k_dsc08014.jpg\" width=\"130\" height=\"87\" \/><\/a><\/td>\n<td style=\"width: 25%; border-color: black; border-style: solid; border-width: 1px;\"><a title=\"&lt;strong&gt;Dank tropischem Klimas gedeiht \u00fcberall \u00fcppiges Gr\u00fcn - Guayaquil&lt;\/strong&gt;&lt;br\/&gt;&lt;br\/&gt;&lt;span style=&quot;font-size:85%;color:#949494&quot;&gt;[Bild-Id: 8765]&lt;\/span&gt;\" href=\"http:\/\/foto-passion.com\/wp-content\/gallery\/galapagos\/111112_12k_dsc08379.jpg\" rel=\"lightbox[83]\"><img loading=\"lazy\" class=\"ngg-singlepic ngg-none aligncenter\" title=\"Dank tropischem Klimas gedeiht \u00fcberall \u00fcppiges Gr\u00fcn - Guayaquil\" alt=\"Dank tropischem Klimas gedeiht \u00fcberall \u00fcppiges Gr\u00fcn - Guayaquil\" src=\"http:\/\/foto-passion.com\/wp-content\/gallery\/galapagos\/thumbs\/thumbs_111112_12k_dsc08379.jpg\" width=\"130\" height=\"87\" \/><\/a><\/td>\n<\/tr>\n<\/tbody>\n<\/table>\n<p style=\"text-align: justify;\"><span style=\"font-family: arial, helvetica, sans-serif; font-size: 16px;\">Wie man uns empfohlen hatte, laufen wir auf der Uferpromenade bis zur angrenzenden H\u00fcgelkuppe &#8222;Cerro Santa Ana&#8220;. Am Fu\u00df des &#8222;Cerro Santa Ana&#8220; liegt das ebenfalls restaurierte &#8222;Barrio Las Pe\u00f1as&#8220;. Mit seinen Holzbauten bewahrt es das koloniale Ambiente der Stadt, die hier ihren historischen Ursprung hat. Hier f\u00fchlen wir uns wie in einer Filmkulisse. Die alten, sehr sch\u00f6n restaurierten H\u00e4user haben einen ganz besonderen Charme.<\/span><\/p>\n<table style=\"width: 100%;\" border=\"0\" align=\"center\">\n<tbody>\n<tr>\n<td style=\"width: 25%; border-color: black; border-style: solid; border-width: 1px;\"><a title=\"&lt;strong&gt;Restaurierte H\u00e4user im &quot;Barrio Las Penas&quot; - dem historischen Kern der Stadt Guayaquil&lt;\/strong&gt;&lt;br\/&gt;&lt;br\/&gt;&lt;span style=&quot;font-size:85%;color:#949494&quot;&gt;[Bild-Id: 9007]&lt;\/span&gt;\" href=\"http:\/\/foto-passion.com\/wp-content\/gallery\/galapagos\/101112_10k_dsc08039.jpg\" rel=\"lightbox[84]\"><img loading=\"lazy\" class=\"ngg-singlepic ngg-none aligncenter\" title=\"Restaurierte H\u00e4user im &quot;Barrio Las Penas&quot; - dem historischen Kern der Stadt Guayaquil\" alt=\"Restaurierte H\u00e4user im &quot;Barrio Las Penas&quot; - dem historischen Kern der Stadt Guayaquil\" src=\"http:\/\/foto-passion.com\/wp-content\/gallery\/galapagos\/thumbs\/thumbs_101112_10k_dsc08039.jpg\" width=\"130\" height=\"87\" \/><\/a><\/td>\n<td style=\"width: 25%; border-color: black; border-style: solid; border-width: 1px;\"><a title=\"&lt;strong&gt;Wundersch\u00f6ne Details im Viertel &quot;Barrio Las Penas&quot; - Guayaquil&lt;\/strong&gt;&lt;br\/&gt;&lt;br\/&gt;&lt;span style=&quot;font-size:85%;color:#949494&quot;&gt;[Bild-Id: 8747]&lt;\/span&gt;\" href=\"http:\/\/foto-passion.com\/wp-content\/gallery\/galapagos\/101112_10k_dsc08055.jpg\" rel=\"lightbox[84]\"><img loading=\"lazy\" class=\"ngg-singlepic ngg-none aligncenter\" title=\"Wundersch\u00f6ne Details im Viertel &quot;Barrio Las Penas&quot; - Guayaquil\" alt=\"Wundersch\u00f6ne Details im Viertel &quot;Barrio Las Penas&quot; - Guayaquil\" src=\"http:\/\/foto-passion.com\/wp-content\/gallery\/galapagos\/thumbs\/thumbs_101112_10k_dsc08055.jpg\" width=\"130\" height=\"87\" \/><\/a><\/td>\n<td style=\"width: 25%; border-color: black; border-style: solid; border-width: 1px;\"><a title=\"&lt;strong&gt;Wie eine Filmkulisse - im &quot;Barrio Las Penas&quot; - dem historischen Kern der Stadt Guayaquil&lt;\/strong&gt;&lt;br\/&gt;&lt;br\/&gt;&lt;span style=&quot;font-size:85%;color:#949494&quot;&gt;[Bild-Id: 8907]&lt;\/span&gt;\" href=\"http:\/\/foto-passion.com\/wp-content\/gallery\/galapagos\/101112_10k_dsc08051.jpg\" rel=\"lightbox[84]\"><img loading=\"lazy\" class=\"ngg-singlepic ngg-none aligncenter\" title=\"Wie eine Filmkulisse - im &quot;Barrio Las Penas&quot; - dem historischen Kern der Stadt Guayaquil\" alt=\"Wie eine Filmkulisse - im &quot;Barrio Las Penas&quot; - dem historischen Kern der Stadt Guayaquil\" src=\"http:\/\/foto-passion.com\/wp-content\/gallery\/galapagos\/thumbs\/thumbs_101112_10k_dsc08051.jpg\" width=\"130\" height=\"87\" \/><\/a><\/td>\n<td style=\"width: 25%; border-color: black; border-style: solid; border-width: 1px;\"><a title=\"&lt;strong&gt;H\u00fcbsch restaurierte Holzh\u00e4user im &quot;Barrio Las Penas&quot; von Guayaquil&lt;\/strong&gt;&lt;br\/&gt;&lt;br\/&gt;&lt;span style=&quot;font-size:85%;color:#949494&quot;&gt;[Bild-Id: 8782]&lt;\/span&gt;\" href=\"http:\/\/foto-passion.com\/wp-content\/gallery\/galapagos\/101112_10k_dsc08052.jpg\" rel=\"lightbox[84]\"><img loading=\"lazy\" class=\"ngg-singlepic ngg-none aligncenter\" title=\"H\u00fcbsch restaurierte Holzh\u00e4user im &quot;Barrio Las Penas&quot; von Guayaquil\" alt=\"H\u00fcbsch restaurierte Holzh\u00e4user im &quot;Barrio Las Penas&quot; von Guayaquil\" src=\"http:\/\/foto-passion.com\/wp-content\/gallery\/galapagos\/thumbs\/thumbs_101112_10k_dsc08052.jpg\" width=\"130\" height=\"87\" \/><\/a><\/td>\n<\/tr>\n<\/tbody>\n<\/table>\n<table style=\"width: 100%;\" border=\"0\" align=\"center\">\n<tbody>\n<tr>\n<td style=\"width: 25%; border-color: black; border-style: solid; border-width: 1px;\"><a title=\"&lt;strong&gt;Restaurierte H\u00e4user aus der Kolonialzeit im &quot;Barrio Las Penas&quot; - dem historischen Kern der Stadt Guayaquil&lt;\/strong&gt;&lt;br\/&gt;&lt;br\/&gt;&lt;span style=&quot;font-size:85%;color:#949494&quot;&gt;[Bild-Id: 9001]&lt;\/span&gt;\" href=\"http:\/\/foto-passion.com\/wp-content\/gallery\/galapagos\/101112_10k_dsc08054.jpg\" rel=\"lightbox[84]\"><img loading=\"lazy\" class=\"ngg-singlepic ngg-none aligncenter\" title=\"Restaurierte H\u00e4user aus der Kolonialzeit im \" alt=\"Restaurierte H\u00e4user aus der Kolonialzeit im \" src=\"http:\/\/foto-passion.com\/wp-content\/gallery\/galapagos\/thumbs\/thumbs_101112_10k_dsc08054.jpg\" width=\"130\" height=\"87\" \/><\/a><\/td>\n<td style=\"width: 25%; border-color: black; border-style: solid; border-width: 1px;\"><a title=\"&lt;strong&gt;Details aus der Kolonialzeit&lt;\/strong&gt;&lt;br\/&gt;&lt;br\/&gt;&lt;span style=&quot;font-size:85%;color:#949494&quot;&gt;[Bild-Id: 8786]&lt;\/span&gt;\" href=\"http:\/\/foto-passion.com\/wp-content\/gallery\/galapagos\/101112_10k_dsc08046.jpg\" rel=\"lightbox[84]\"><img loading=\"lazy\" class=\"ngg-singlepic ngg-none aligncenter\" title=\"Details aus der Kolonialzeit\" alt=\"Details aus der Kolonialzeit\" src=\"http:\/\/foto-passion.com\/wp-content\/gallery\/galapagos\/thumbs\/thumbs_101112_10k_dsc08046.jpg\" width=\"130\" height=\"87\" \/><\/a><\/td>\n<td style=\"width: 25%; border-color: black; border-style: solid; border-width: 1px;\"><a title=\"&lt;strong&gt;Toll restauriert - historisches Viertel in Guayaquil&lt;\/strong&gt;&lt;br\/&gt;&lt;br\/&gt;&lt;span style=&quot;font-size:85%;color:#949494&quot;&gt;[Bild-Id: 8840]&lt;\/span&gt;\" href=\"http:\/\/foto-passion.com\/wp-content\/gallery\/galapagos\/101112_10k_dsc08057.jpg\" rel=\"lightbox[84]\"><img loading=\"lazy\" class=\"ngg-singlepic ngg-none aligncenter\" title=\"Toll restauriert - historisches Viertel in Guayaquil\" alt=\"Toll restauriert - historisches Viertel in Guayaquil\" src=\"http:\/\/foto-passion.com\/wp-content\/gallery\/galapagos\/thumbs\/thumbs_101112_10k_dsc08057.jpg\" width=\"130\" height=\"87\" \/><\/a><\/td>\n<td style=\"width: 25%; border-color: black; border-style: solid; border-width: 1px;\"><a title=\"&lt;strong&gt;Koloniales Flair&lt;\/strong&gt;&lt;br\/&gt;&lt;br\/&gt;&lt;span style=&quot;font-size:85%;color:#949494&quot;&gt;[Bild-Id: 8984]&lt;\/span&gt;\" href=\"http:\/\/foto-passion.com\/wp-content\/gallery\/galapagos\/101112_10k_dsc08087.jpg\" rel=\"lightbox[84]\"><img loading=\"lazy\" class=\"ngg-singlepic ngg-none aligncenter\" title=\"Koloniales Flair\" alt=\"Koloniales Flair\" src=\"http:\/\/foto-passion.com\/wp-content\/gallery\/galapagos\/thumbs\/thumbs_101112_10k_dsc08087.jpg\" width=\"130\" height=\"87\" \/><\/a><\/td>\n<\/tr>\n<\/tbody>\n<\/table>\n<p style=\"text-align: justify;\"><span style=\"font-family: arial, helvetica, sans-serif; font-size: 16px;\">Staunend wandeln wir durch die enge Gasse. Den bunten H\u00e4usern, die sich an den H\u00fcgel quetschen, n\u00e4hern wir uns \u00fcber einen Seitenzugang. Es geht \u00fcber gut ausgebaute Stufen steil bergauf. Von den Bewohnern der kleinen H\u00e4uschen werden wir genauso neugierig be\u00e4ugt, wie wir diese Gegend bestaunen. 378 Stufen f\u00fchren nach oben (jede Stufe ist nummeriert) und auf jedem Treppenabsatz steht ein Security-Mann. Es ist offensichtlich, dass man sehr auf Sicherheit bedacht ist.<\/span><\/p>\n<table style=\"width: 100%;\" border=\"0\" align=\"center\">\n<tbody>\n<tr>\n<td style=\"width: 25%; border-color: black; border-style: solid; border-width: 1px;\"><a title=\"&lt;strong&gt;Vor uns die H\u00fcgelkuppe &quot;Cerro Santa Ana&quot; mit ihren authentischen bunten H\u00e4usern&lt;\/strong&gt;&lt;br\/&gt;&lt;br\/&gt;&lt;span style=&quot;font-size:85%;color:#949494&quot;&gt;[Bild-Id: 8690]&lt;\/span&gt;\" href=\"http:\/\/foto-passion.com\/wp-content\/gallery\/galapagos\/101112_10k_dsc08027.jpg\" rel=\"lightbox[85]\"><img loading=\"lazy\" class=\"ngg-singlepic ngg-none aligncenter\" title=\"Vor uns die H\u00fcgelkuppe \" alt=\"Vor uns die H\u00fcgelkuppe \" src=\"http:\/\/foto-passion.com\/wp-content\/gallery\/galapagos\/thumbs\/thumbs_101112_10k_dsc08027.jpg\" width=\"130\" height=\"87\" \/><\/a><\/td>\n<td style=\"width: 25%; border-color: black; border-style: solid; border-width: 1px;\"><a title=\"&lt;strong&gt;Hoch hinaus - auf dem &quot;Cerro Santa Ana&quot;&lt;\/strong&gt;&lt;br\/&gt;&lt;br\/&gt;&lt;span style=&quot;font-size:85%;color:#949494&quot;&gt;[Bild-Id: 8687]&lt;\/span&gt;\" href=\"http:\/\/foto-passion.com\/wp-content\/gallery\/galapagos\/101112_10k_dsc08102.jpg\" rel=\"lightbox[85]\"><img loading=\"lazy\" class=\"ngg-singlepic ngg-none aligncenter\" title=\"Hoch hinaus - auf dem \" alt=\"Hoch hinaus - auf dem \" src=\"http:\/\/foto-passion.com\/wp-content\/gallery\/galapagos\/thumbs\/thumbs_101112_10k_dsc08102.jpg\" width=\"130\" height=\"87\" \/><\/a><\/td>\n<td style=\"width: 25%; border-color: black; border-style: solid; border-width: 1px;\"><a title=\"&lt;strong&gt;Hier oben wird jede Menge geboten - Cerro Santa Ana&quot; in Guayaquil&lt;\/strong&gt;&lt;br\/&gt;&lt;br\/&gt;&lt;span style=&quot;font-size:85%;color:#949494&quot;&gt;[Bild-Id: 8754]&lt;\/span&gt;\" href=\"http:\/\/foto-passion.com\/wp-content\/gallery\/galapagos\/101112_10k_dsc08197.jpg\" rel=\"lightbox[85]\"><img loading=\"lazy\" class=\"ngg-singlepic ngg-none aligncenter\" title=\"Hier oben wird jede Menge geboten - Cerro Santa Ana&quot; in Guayaquil\" alt=\"Hier oben wird jede Menge geboten - Cerro Santa Ana&quot; in Guayaquil\" src=\"http:\/\/foto-passion.com\/wp-content\/gallery\/galapagos\/thumbs\/thumbs_101112_10k_dsc08197.jpg\" width=\"130\" height=\"87\" \/><\/a><\/td>\n<td style=\"width: 25%; border-color: black; border-style: solid; border-width: 1px;\"><a title=\"&lt;strong&gt;Supersch\u00f6n und supersauber - der H\u00fcgel &quot;Cerro Santa Ana&quot;&lt;\/strong&gt;&lt;br\/&gt;&lt;br\/&gt;&lt;span style=&quot;font-size:85%;color:#949494&quot;&gt;[Bild-Id: 8914]&lt;\/span&gt;\" href=\"http:\/\/foto-passion.com\/wp-content\/gallery\/galapagos\/101112_10k_dsc08198.jpg\" rel=\"lightbox[85]\"><img loading=\"lazy\" class=\"ngg-singlepic ngg-none aligncenter\" title=\"Supersch\u00f6n und supersauber - der H\u00fcgel &quot;Cerro Santa Ana&quot;\" alt=\"Supersch\u00f6n und supersauber - der H\u00fcgel &quot;Cerro Santa Ana&quot;\" src=\"http:\/\/foto-passion.com\/wp-content\/gallery\/galapagos\/thumbs\/thumbs_101112_10k_dsc08198.jpg\" width=\"130\" height=\"87\" \/><\/a><\/td>\n<\/tr>\n<\/tbody>\n<\/table>\n<p style=\"text-align: justify;\"><span style=\"font-family: arial, helvetica, sans-serif; font-size: 16px;\">Besonders interessant finden wir, dass in jedem zweiten Haus irgendetwas zu Essen oder zu Trinken angeboten wird. Die Menschen haben ihre ohnehin schon sehr kleine Wohnung als Restaurant oder Bar deklariert. Der Grill steht mitten im Wohnraum oder direkt vor der T\u00fcr. Au\u00dferdem scheppert aus jedem Winkel andere Musik. Wir wissen gar nicht, wohin wir zuerst schauen sollen, so viel Interessantes gibt es zu sehen.<\/span><\/p>\n<table style=\"width: 100%;\" border=\"0\" align=\"center\">\n<tbody>\n<tr>\n<td style=\"width: 25%; border-color: black; border-style: solid; border-width: 1px;\"><a title=\"&lt;strong&gt;Der &quot;Cerro Santa Ana&quot; ist ein Touristenmagnet&lt;\/strong&gt;&lt;br\/&gt;&lt;br\/&gt;&lt;span style=&quot;font-size:85%;color:#949494&quot;&gt;[Bild-Id: 8916]&lt;\/span&gt;\" href=\"http:\/\/foto-passion.com\/wp-content\/gallery\/galapagos\/101112_10k_dsc08178dri.jpg\" rel=\"lightbox[86]\"><img loading=\"lazy\" class=\"ngg-singlepic ngg-none aligncenter\" title=\"Der &quot;Cerro Santa Ana&quot; ist ein Touristenmagnet\" alt=\"Der &quot;Cerro Santa Ana&quot; ist ein Touristenmagnet\" src=\"http:\/\/foto-passion.com\/wp-content\/gallery\/galapagos\/thumbs\/thumbs_101112_10k_dsc08178dri.jpg\" width=\"130\" height=\"87\" \/><\/a><\/td>\n<td style=\"width: 25%; border-color: black; border-style: solid; border-width: 1px;\"><a title=\"&lt;strong&gt;Nicht etwa Filmkulisse, sondern authentisches Leben&lt;\/strong&gt;&lt;br\/&gt;&lt;br\/&gt;&lt;span style=&quot;font-size:85%;color:#949494&quot;&gt;[Bild-Id: 9012]&lt;\/span&gt;\" href=\"http:\/\/foto-passion.com\/wp-content\/gallery\/galapagos\/101112_10k_dsc08191.jpg\" rel=\"lightbox[86]\"><img loading=\"lazy\" class=\"ngg-singlepic ngg-none aligncenter\" title=\"Nicht etwa Filmkulisse, sondern authentisches Leben\" alt=\"Nicht etwa Filmkulisse, sondern authentisches Leben\" src=\"http:\/\/foto-passion.com\/wp-content\/gallery\/galapagos\/thumbs\/thumbs_101112_10k_dsc08191.jpg\" width=\"130\" height=\"87\" \/><\/a><\/td>\n<td style=\"width: 25%; border-color: black; border-style: solid; border-width: 1px;\"><a title=\"&lt;strong&gt;Bunt, laut und fr\u00f6hlich - Guayaquil&lt;\/strong&gt;&lt;br\/&gt;&lt;br\/&gt;&lt;span style=&quot;font-size:85%;color:#949494&quot;&gt;[Bild-Id: 8805]&lt;\/span&gt;\" href=\"http:\/\/foto-passion.com\/wp-content\/gallery\/galapagos\/101112_10k_dsc08172dri.jpg\" rel=\"lightbox[86]\"><img loading=\"lazy\" class=\"ngg-singlepic ngg-none aligncenter\" title=\"Bunt, laut und fr\u00f6hlich - Guayaquil\" alt=\"Bunt, laut und fr\u00f6hlich - Guayaquil\" src=\"http:\/\/foto-passion.com\/wp-content\/gallery\/galapagos\/thumbs\/thumbs_101112_10k_dsc08172dri.jpg\" width=\"130\" height=\"87\" \/><\/a><\/td>\n<td style=\"width: 25%; border-color: black; border-style: solid; border-width: 1px;\"><a title=\"&lt;strong&gt;M\u00e4nner unter sich&lt;\/strong&gt;&lt;br\/&gt;&lt;br\/&gt;&lt;span style=&quot;font-size:85%;color:#949494&quot;&gt;[Bild-Id: 8806]&lt;\/span&gt;\" href=\"http:\/\/foto-passion.com\/wp-content\/gallery\/galapagos\/101112_10k_dsc08207.jpg\" rel=\"lightbox[86]\"><img loading=\"lazy\" class=\"ngg-singlepic ngg-none aligncenter\" title=\"M\u00e4nner unter sich\" alt=\"M\u00e4nner unter sich\" src=\"http:\/\/foto-passion.com\/wp-content\/gallery\/galapagos\/thumbs\/thumbs_101112_10k_dsc08207.jpg\" width=\"130\" height=\"87\" \/><\/a><\/td>\n<\/tr>\n<\/tbody>\n<\/table>\n<p style=\"text-align: justify;\"><span style=\"font-family: arial, helvetica, sans-serif; font-size: 16px;\">\u00dcber einen Rundweg gelangen wir zum vorderen Teil der H\u00fcgelkuppe. Hier sind mehr Touristen unterwegs, doch auch viele Einheimische kommen zum Essen her. &#8222;Cerro Santa Ana&#8220; hat sich zu einem kultigen Viertel der Stadt entwickelt.<\/span><\/p>\n<p style=\"text-align: justify;\"><span style=\"font-family: arial, helvetica, sans-serif; font-size: 16px;\">Im Grunde reizt es uns sehr, uns hier durch die authentische ecuadorianische K\u00fcche zu testen, doch wenn sie uns nicht bekommt, haben wir Morgen auf dem langen Heimflug ein Problem und das m\u00f6chten wir nicht riskieren. So belassen wir es leider beim Zuschauen.<\/span><\/p>\n<table style=\"width: 100%;\" border=\"0\" align=\"center\">\n<tbody>\n<tr>\n<td style=\"width: 25%; border-color: black; border-style: solid; border-width: 1px;\"><a title=\"&lt;strong&gt;Stufe f\u00fcr Stufe ein Erlebnis - &quot;Cerro Santa Ana&quot;&lt;\/strong&gt;&lt;br\/&gt;&lt;br\/&gt;&lt;span style=&quot;font-size:85%;color:#949494&quot;&gt;[Bild-Id: 9003]&lt;\/span&gt;\" href=\"http:\/\/foto-passion.com\/wp-content\/gallery\/galapagos\/101112_10k_dsc08134.jpg\" rel=\"lightbox[860]\"><img loading=\"lazy\" class=\"ngg-singlepic ngg-none aligncenter\" title=\"Stufe f\u00fcr Stufe ein Erlebnis - &quot;Cerro Santa Ana&quot;\" alt=\"Stufe f\u00fcr Stufe ein Erlebnis - &quot;Cerro Santa Ana&quot;\" src=\"http:\/\/foto-passion.com\/wp-content\/gallery\/galapagos\/thumbs\/thumbs_101112_10k_dsc08134.jpg\" width=\"130\" height=\"87\" \/><\/a><\/td>\n<td style=\"width: 25%; border-color: black; border-style: solid; border-width: 1px;\"><a title=\"&lt;strong&gt;Plausch mit dem Nachbarn&lt;\/strong&gt;&lt;br\/&gt;&lt;br\/&gt;&lt;span style=&quot;font-size:85%;color:#949494&quot;&gt;[Bild-Id: 8835]&lt;\/span&gt;\" href=\"http:\/\/foto-passion.com\/wp-content\/gallery\/galapagos\/101112_10k_dsc08208.jpg\" rel=\"lightbox[860]\"><img loading=\"lazy\" class=\"ngg-singlepic ngg-none aligncenter\" title=\"Plausch mit dem Nachbarn\" alt=\"Plausch mit dem Nachbarn\" src=\"http:\/\/foto-passion.com\/wp-content\/gallery\/galapagos\/thumbs\/thumbs_101112_10k_dsc08208.jpg\" width=\"130\" height=\"87\" \/><\/a><\/td>\n<td style=\"width: 25%; border-color: black; border-style: solid; border-width: 1px;\"><a title=\"&lt;strong&gt;Hochburg der Gastronomie - fast jede Familie bietet etwas an&lt;\/strong&gt;&lt;br\/&gt;&lt;br\/&gt;&lt;span style=&quot;font-size:85%;color:#949494&quot;&gt;[Bild-Id: 8960]&lt;\/span&gt;\" href=\"http:\/\/foto-passion.com\/wp-content\/gallery\/galapagos\/101112_10k_dsc08156dri.jpg\" rel=\"lightbox[860]\"><img loading=\"lazy\" class=\"ngg-singlepic ngg-none aligncenter\" title=\"Hochburg der Gastronomie - fast jede Familie bietet etwas an\" alt=\"Hochburg der Gastronomie - fast jede Familie bietet etwas an\" src=\"http:\/\/foto-passion.com\/wp-content\/gallery\/galapagos\/thumbs\/thumbs_101112_10k_dsc08156dri.jpg\" width=\"130\" height=\"87\" \/><\/a><\/td>\n<td style=\"width: 25%; border-color: black; border-style: solid; border-width: 1px;\"><a title=\"&lt;strong&gt;Hier oben verdurstet man garantiert nicht&lt;\/strong&gt;&lt;br\/&gt;&lt;br\/&gt;&lt;span style=&quot;font-size:85%;color:#949494&quot;&gt;[Bild-Id: 8695]&lt;\/span&gt;\" href=\"http:\/\/foto-passion.com\/wp-content\/gallery\/galapagos\/101112_10k_dsc08129.jpg\" rel=\"lightbox[860]\"><img loading=\"lazy\" class=\"ngg-singlepic ngg-none aligncenter\" title=\"Hier oben verdurstet man garantiert nicht\" alt=\"Hier oben verdurstet man garantiert nicht\" src=\"http:\/\/foto-passion.com\/wp-content\/gallery\/galapagos\/thumbs\/thumbs_101112_10k_dsc08129.jpg\" width=\"130\" height=\"87\" \/><\/a><\/td>\n<\/tr>\n<\/tbody>\n<\/table>\n<p style=\"text-align: justify;\"><span style=\"font-family: arial, helvetica, sans-serif; font-size: 16px;\">Auf dem R\u00fcckweg zum Hotel besorgen wir uns etwas zu Essen und mit Einbruch der Dunkelheit treten wir den geordneten R\u00fcckzug ins Hotel an. Als wir an der Kathedrale vorbei kommen, dringt Musik aus den offenen T\u00fcren heraus und wir sehen eine gr\u00f6\u00dfere Menschenansammlung am Eingang stehen. Als wir uns das n\u00e4her ansehen, stellen wir fest, dass hier &#8211; jetzt, am Abend &#8211; offenbar im Minutentakt oder gleich gemeinsam, geheiratet wird. Es stehen mehrere Br\u00e4ute und viele Hochzeitsg\u00e4ste vor dem Eingang. Die Tatsache, dass am Abend geheiratet wird, ist wohl der Hitze geschuldet. Wir k\u00f6nnen ein paar Blicke in die Kathedrale &#8222;La Merced&#8220; werfen und stellen fest, dass es ein sehr pr\u00e4chtiger Bau mit sch\u00f6nen Bleiglasfenstern und mehreren Seitenschiffen ist. Auch das \u00c4u\u00dfere der Kathedrale ist sehr gepflegt.<\/span><\/p>\n<table style=\"width: 100%;\" border=\"0\" align=\"center\">\n<tbody>\n<tr>\n<td style=\"width: 25%; border-color: black; border-style: solid; border-width: 1px;\"><a title=\"&lt;strong&gt;R\u00fcckansicht der Kathedrale &quot;La Merced&quot;&lt;\/strong&gt;&lt;br\/&gt;&lt;br\/&gt;&lt;span style=&quot;font-size:85%;color:#949494&quot;&gt;[Bild-Id: 8870]&lt;\/span&gt;\" href=\"http:\/\/foto-passion.com\/wp-content\/gallery\/galapagos\/101112_12k_dsc09694.jpg\" rel=\"lightbox[87]\"><img loading=\"lazy\" class=\"ngg-singlepic ngg-none aligncenter\" title=\"R\u00fcckansicht der Kathedrale &quot;La Merced&quot;\" alt=\"R\u00fcckansicht der Kathedrale &quot;La Merced&quot;\" src=\"http:\/\/foto-passion.com\/wp-content\/gallery\/galapagos\/thumbs\/thumbs_101112_12k_dsc09694.jpg\" width=\"130\" height=\"87\" \/><\/a><\/td>\n<td style=\"width: 25%; border-color: black; border-style: solid; border-width: 1px;\"><a title=\"&lt;strong&gt;R\u00fcckansicht der Kathedrale &quot;La Merced&quot;&lt;\/strong&gt;&lt;br\/&gt;&lt;br\/&gt;&lt;span style=&quot;font-size:85%;color:#949494&quot;&gt;[Bild-Id: 8740]&lt;\/span&gt;\" href=\"http:\/\/foto-passion.com\/wp-content\/gallery\/galapagos\/101112_10k_dsc08241.jpg\" rel=\"lightbox[87]\"><img loading=\"lazy\" class=\"ngg-singlepic ngg-none aligncenter\" title=\"R\u00fcckansicht der Kathedrale &quot;La Merced&quot;\" alt=\"R\u00fcckansicht der Kathedrale &quot;La Merced&quot;\" src=\"http:\/\/foto-passion.com\/wp-content\/gallery\/galapagos\/thumbs\/thumbs_101112_10k_dsc08241.jpg\" width=\"130\" height=\"87\" \/><\/a><\/td>\n<td style=\"width: 25%; border-color: black; border-style: solid; border-width: 1px;\"><a title=\"&lt;strong&gt;Einer der T\u00fcrme der Kathedrale &quot;La Merced&quot; - Guayaquil&lt;\/strong&gt;&lt;br\/&gt;&lt;br\/&gt;&lt;span style=&quot;font-size:85%;color:#949494&quot;&gt;[Bild-Id: 8732]&lt;\/span&gt;\" href=\"http:\/\/foto-passion.com\/wp-content\/gallery\/galapagos\/101112_12k_dsc09697.jpg\" rel=\"lightbox[87]\"><img loading=\"lazy\" class=\"ngg-singlepic ngg-none aligncenter\" title=\"Einer der T\u00fcrme der Kathedrale &quot;La Merced&quot; - Guayaquil\" alt=\"Einer der T\u00fcrme der Kathedrale &quot;La Merced&quot; - Guayaquil\" src=\"http:\/\/foto-passion.com\/wp-content\/gallery\/galapagos\/thumbs\/thumbs_101112_12k_dsc09697.jpg\" width=\"130\" height=\"87\" \/><\/a><\/td>\n<td style=\"width: 25%; border-color: black; border-style: solid; border-width: 1px;\"><a title=\"&lt;strong&gt;Kirchenfenster der Kathedrale &quot;La Merced&quot;&lt;\/strong&gt;&lt;br\/&gt;&lt;br\/&gt;&lt;span style=&quot;font-size:85%;color:#949494&quot;&gt;[Bild-Id: 8671]&lt;\/span&gt;\" href=\"http:\/\/foto-passion.com\/wp-content\/gallery\/galapagos\/101112_12k_dsc09698.jpg\" rel=\"lightbox[87]\"><img loading=\"lazy\" class=\"ngg-singlepic ngg-none aligncenter\" title=\"Kirchenfenster der Kathedrale \" alt=\"Kirchenfenster der Kathedrale \" src=\"http:\/\/foto-passion.com\/wp-content\/gallery\/galapagos\/thumbs\/thumbs_101112_12k_dsc09698.jpg\" width=\"130\" height=\"87\" \/><\/a><\/td>\n<\/tr>\n<\/tbody>\n<\/table>\n<p style=\"text-align: justify;\"><span style=\"font-family: arial, helvetica, sans-serif; font-size: 16px;\">An der Hotelbar l\u00f6sen wir noch unseren Willkommenstrunk-Gutschein in Form eines leckeren Cocktails ein, bevor wir in unsere \u00fcbergro\u00dfen Kingsize-Betten fallen.<\/span><\/p>\n<p style=\"text-align: justify;\"><span style=\"font-family: arial, helvetica, sans-serif; font-size: 16px;\">Auf jeden Fall haben wir uns hier in Guayaquil nicht eine Minute unsicher oder bedroht gef\u00fchlt. Die viele Security und Polizei, die an jeder Ecke steht, vermittelt ein gro\u00dfes Sicherheitsgef\u00fchl. Selbst am Abend war es gar kein Problem, unbehelligt zum Hotel zu gelangen.<\/span><\/p>\n<hr style=\"height: 1px; width: 30%;\" size=\"1\" width=\"30%\" \/>\n<p style=\"text-align: justify;\"><strong><span style=\"font-family: arial, helvetica, sans-serif; font-size: 16px;\">11.11.2012\u00a0\u00a0\u00a0\u00a0\u00a0 Guayaquil &#8211; Frankfurt<\/span><\/strong><\/p>\n<p style=\"text-align: justify;\"><span style=\"font-family: arial, helvetica, sans-serif; font-size: 16px;\">Wir gehen um 7 Uhr fr\u00fchst\u00fccken und um 8 Uhr sind wir bereits im Park gegen\u00fcber der Kathedrale bei den Leguanen. Heute Morgen sitzen noch fast alle Tiere auf den B\u00e4umen. Die Bananen, die an den F\u00fctterungsstellen ausgelegt sind, locken die Tiere nur bedingt aus den B\u00e4umen und Palmen. Wir erleben &#8211; zum Gl\u00fcck nicht am eigenen Leib &#8211; wie es in regelm\u00e4\u00dfigen Abst\u00e4nden eine gro\u00dfe Ladung Urin und Kot von den B\u00e4umen &#8222;regnet&#8220; und wer nicht registriert, dass die Tiere in den B\u00e4umen sitzen, der hat ein dickes Problem. Als wir die Tiere heute Morgen zu z\u00e4hlen versuchen, kommen wir auf ca. 160 St\u00fcck. Sp\u00e4ter stellen wir allerdings fest, dass auch noch im Inneren der Palmen die Jungtiere sitzen, die man so gar nicht sehen kann. Es ist der Wahnsinn!<\/span><\/p>\n<table style=\"width: 100%;\" border=\"0\" align=\"center\">\n<tbody>\n<tr>\n<td style=\"width: 25%; border-color: black; border-style: solid; border-width: 1px;\"><a title=\"&lt;strong&gt;Im Park vor der Kathedrale leben gr\u00fcne Leguane (Iguana iguana)&lt;\/strong&gt;&lt;br\/&gt;&lt;br\/&gt;&lt;span style=&quot;font-size:85%;color:#949494&quot;&gt;[Bild-Id: 8865]&lt;\/span&gt;\" href=\"http:\/\/foto-passion.com\/wp-content\/gallery\/galapagos\/111112_12k_dsc09915.jpg\" rel=\"lightbox[88]\"><img loading=\"lazy\" class=\"ngg-singlepic ngg-none aligncenter\" title=\"Im Park vor der Kathedrale leben gr\u00fcne Leguane (Iguana iguana)\" alt=\"Im Park vor der Kathedrale leben gr\u00fcne Leguane (Iguana iguana)\" src=\"http:\/\/foto-passion.com\/wp-content\/gallery\/galapagos\/thumbs\/thumbs_111112_12k_dsc09915.jpg\" width=\"130\" height=\"87\" \/><\/a><\/td>\n<td style=\"width: 25%; border-color: black; border-style: solid; border-width: 1px;\"><a title=\"&lt;strong&gt;Gr\u00fcner Leguan  (Iguana iguana)&lt;\/strong&gt;&lt;br\/&gt;&lt;br\/&gt;&lt;span style=&quot;font-size:85%;color:#949494&quot;&gt;[Bild-Id: 8672]&lt;\/span&gt;\" href=\"http:\/\/foto-passion.com\/wp-content\/gallery\/galapagos\/111112_12k_dsc09994.jpg\" rel=\"lightbox[88]\"><img loading=\"lazy\" class=\"ngg-singlepic ngg-none aligncenter\" title=\"Gr\u00fcner Leguan (Iguana iguana)\" alt=\"Gr\u00fcner Leguan (Iguana iguana)\" src=\"http:\/\/foto-passion.com\/wp-content\/gallery\/galapagos\/thumbs\/thumbs_111112_12k_dsc09994.jpg\" width=\"130\" height=\"87\" \/><\/a><\/td>\n<td style=\"width: 25%; border-color: black; border-style: solid; border-width: 1px;\"><a title=\"&lt;strong&gt;Gr\u00fcner Leguan  (Iguana iguana)&lt;\/strong&gt;&lt;br\/&gt;&lt;br\/&gt;&lt;span style=&quot;font-size:85%;color:#949494&quot;&gt;[Bild-Id: 8833]&lt;\/span&gt;\" href=\"http:\/\/foto-passion.com\/wp-content\/gallery\/galapagos\/111112_12k_dsc09870.jpg\" rel=\"lightbox[88]\"><img loading=\"lazy\" class=\"ngg-singlepic ngg-none aligncenter\" title=\"Gr\u00fcner Leguan (Iguana iguana)\" alt=\"Gr\u00fcner Leguan (Iguana iguana)\" src=\"http:\/\/foto-passion.com\/wp-content\/gallery\/galapagos\/thumbs\/thumbs_111112_12k_dsc09870.jpg\" width=\"130\" height=\"87\" \/><\/a><\/td>\n<td style=\"width: 25%; border-color: black; border-style: solid; border-width: 1px;\"><a title=\"&lt;strong&gt;Gr\u00fcner Leguan  (Iguana iguana)&lt;\/strong&gt;&lt;br\/&gt;&lt;br\/&gt;&lt;span style=&quot;font-size:85%;color:#949494&quot;&gt;[Bild-Id: 8897]&lt;\/span&gt;\" href=\"http:\/\/foto-passion.com\/wp-content\/gallery\/galapagos\/111112_12k_dsc00055.jpg\" rel=\"lightbox[88]\"><img loading=\"lazy\" class=\"ngg-singlepic ngg-none aligncenter\" title=\"Gr\u00fcner Leguan (Iguana iguana)\" alt=\"Gr\u00fcner Leguan (Iguana iguana)\" src=\"http:\/\/foto-passion.com\/wp-content\/gallery\/galapagos\/thumbs\/thumbs_111112_12k_dsc00055.jpg\" width=\"130\" height=\"87\" \/><\/a><\/td>\n<\/tr>\n<\/tbody>\n<\/table>\n<p style=\"text-align: justify;\"><span style=\"font-family: arial, helvetica, sans-serif; font-size: 16px;\">Eine ganze Zeit lang beobachten und fotografieren wir in dem kleinen Park. Dann laufen wir noch einmal zur &#8222;Malecon 2000&#8220;. Hier f\u00e4hrt der Sightseeing-Bus ab. Der rote Doppelstockbus mit offenem Dach kostet 6 USD und ist eineinhalb Stunden unterwegs.<\/span><\/p>\n<table style=\"width: 100%;\" border=\"0\" align=\"center\">\n<tbody>\n<tr>\n<td style=\"width: 25%; border-color: black; border-style: solid; border-width: 1px;\"><a title=\"&lt;strong&gt;Doppelstockbus f\u00fcr die Stadtrundfahrt durch Guayaquil&lt;\/strong&gt;&lt;br\/&gt;&lt;br\/&gt;&lt;span style=&quot;font-size:85%;color:#949494&quot;&gt;[Bild-Id: 8810]&lt;\/span&gt;\" href=\"http:\/\/foto-passion.com\/wp-content\/gallery\/galapagos\/111112_12k_dsc08312.jpg\" rel=\"lightbox[89]\"><img loading=\"lazy\" class=\"ngg-singlepic ngg-none aligncenter\" title=\"Doppelstockbus f\u00fcr die Stadtrundfahrt durch Guayaquil\" alt=\"Doppelstockbus f\u00fcr die Stadtrundfahrt durch Guayaquil\" src=\"http:\/\/foto-passion.com\/wp-content\/gallery\/galapagos\/thumbs\/thumbs_111112_12k_dsc08312.jpg\" width=\"130\" height=\"87\" \/><\/a><\/td>\n<td style=\"width: 25%; border-color: black; border-style: solid; border-width: 1px;\"><a title=\"&lt;strong&gt;Hauptstra\u00dfe im Stadtzentrum von Guayaquil&lt;\/strong&gt;&lt;br\/&gt;&lt;br\/&gt;&lt;span style=&quot;font-size:85%;color:#949494&quot;&gt;[Bild-Id: 8973]&lt;\/span&gt;\" href=\"http:\/\/foto-passion.com\/wp-content\/gallery\/galapagos\/111112_12k_dsc08330.jpg\" rel=\"lightbox[89]\"><img loading=\"lazy\" class=\"ngg-singlepic ngg-none aligncenter\" title=\"Hauptstra\u00dfe im Stadtzentrum von Guayaquil\" alt=\"Hauptstra\u00dfe im Stadtzentrum von Guayaquil\" src=\"http:\/\/foto-passion.com\/wp-content\/gallery\/galapagos\/thumbs\/thumbs_111112_12k_dsc08330.jpg\" width=\"130\" height=\"87\" \/><\/a><\/td>\n<td style=\"width: 25%; border-color: black; border-style: solid; border-width: 1px;\"><a title=\"&lt;strong&gt;Wundersch\u00f6ne Bauwerke s\u00e4umen die Promenadenstra\u00dfe von Guayaquil&lt;\/strong&gt;&lt;br\/&gt;&lt;br\/&gt;&lt;span style=&quot;font-size:85%;color:#949494&quot;&gt;[Bild-Id: 8724]&lt;\/span&gt;\" href=\"http:\/\/foto-passion.com\/wp-content\/gallery\/galapagos\/111112_12k_dsc08347.jpg\" rel=\"lightbox[89]\"><img loading=\"lazy\" class=\"ngg-singlepic ngg-none aligncenter\" title=\"Wundersch\u00f6ne Bauwerke s\u00e4umen die Promenadenstra\u00dfe von Guayaquil\" alt=\"Wundersch\u00f6ne Bauwerke s\u00e4umen die Promenadenstra\u00dfe von Guayaquil\" src=\"http:\/\/foto-passion.com\/wp-content\/gallery\/galapagos\/thumbs\/thumbs_111112_12k_dsc08347.jpg\" width=\"130\" height=\"87\" \/><\/a><\/td>\n<td style=\"width: 25%; border-color: black; border-style: solid; border-width: 1px;\"><a title=\"&lt;strong&gt;Prachtbauten an der Promenadenstra\u00dfe von Guayaquil&lt;\/strong&gt;&lt;br\/&gt;&lt;br\/&gt;&lt;span style=&quot;font-size:85%;color:#949494&quot;&gt;[Bild-Id: 8888]&lt;\/span&gt;\" href=\"http:\/\/foto-passion.com\/wp-content\/gallery\/galapagos\/111112_12k_dsc08354.jpg\" rel=\"lightbox[89]\"><img loading=\"lazy\" class=\"ngg-singlepic ngg-none aligncenter\" title=\"Prachtbauten an der Promenadenstra\u00dfe von Guayaquil\" alt=\"Prachtbauten an der Promenadenstra\u00dfe von Guayaquil\" src=\"http:\/\/foto-passion.com\/wp-content\/gallery\/galapagos\/thumbs\/thumbs_111112_12k_dsc08354.jpg\" width=\"130\" height=\"87\" \/><\/a><\/td>\n<\/tr>\n<\/tbody>\n<\/table>\n<p style=\"text-align: justify;\"><span style=\"font-family: arial, helvetica, sans-serif; font-size: 16px;\">So lernen wir die Stadt ein wenig kennen, k\u00f6nnen ein paar Schnappsch\u00fcsse machen und bekommen einen \u00dcberblick \u00fcber Guayaquil. Das Geld ist gut angelegt.<\/span><\/p>\n<table style=\"width: 100%;\" border=\"0\" align=\"center\">\n<tbody>\n<tr>\n<td style=\"width: 25%; border-color: black; border-style: solid; border-width: 1px;\"><a title=\"&lt;strong&gt;Vor uns der H\u00fcgel &quot;Cerro Santa Ana&quot;&lt;\/strong&gt;&lt;br\/&gt;&lt;br\/&gt;&lt;span style=&quot;font-size:85%;color:#949494&quot;&gt;[Bild-Id: 8654]&lt;\/span&gt;\" href=\"http:\/\/foto-passion.com\/wp-content\/gallery\/galapagos\/111112_12k_dsc08389.jpg\" rel=\"lightbox[90]\"><img loading=\"lazy\" class=\"ngg-singlepic ngg-none aligncenter\" title=\"Vor uns der H\u00fcgel \" alt=\"Vor uns der H\u00fcgel \" src=\"http:\/\/foto-passion.com\/wp-content\/gallery\/galapagos\/thumbs\/thumbs_111112_12k_dsc08389.jpg\" width=\"130\" height=\"87\" \/><\/a><\/td>\n<td style=\"width: 25%; border-color: black; border-style: solid; border-width: 1px;\"><a title=\"&lt;strong&gt;Auch gegen\u00fcber sind die H\u00fcgel bis zur Kuppe dicht bebaut&lt;\/strong&gt;&lt;br\/&gt;&lt;br\/&gt;&lt;span style=&quot;font-size:85%;color:#949494&quot;&gt;[Bild-Id: 8662]&lt;\/span&gt;\" href=\"http:\/\/foto-passion.com\/wp-content\/gallery\/galapagos\/111112_12k_dsc08396.jpg\" rel=\"lightbox[90]\"><img loading=\"lazy\" class=\"ngg-singlepic ngg-none aligncenter\" title=\"Auch gegen\u00fcber sind die H\u00fcgel bis zur Kuppe dicht bebaut\" alt=\"Auch gegen\u00fcber sind die H\u00fcgel bis zur Kuppe dicht bebaut\" src=\"http:\/\/foto-passion.com\/wp-content\/gallery\/galapagos\/thumbs\/thumbs_111112_12k_dsc08396.jpg\" width=\"130\" height=\"87\" \/><\/a><\/td>\n<td style=\"width: 25%; border-color: black; border-style: solid; border-width: 1px;\"><a title=\"&lt;strong&gt;Kirche in der Innenstadt von Guayaquil&lt;\/strong&gt;&lt;br\/&gt;&lt;br\/&gt;&lt;span style=&quot;font-size:85%;color:#949494&quot;&gt;[Bild-Id: 8809]&lt;\/span&gt;\" href=\"http:\/\/foto-passion.com\/wp-content\/gallery\/galapagos\/111112_12k_dsc08494.jpg\" rel=\"lightbox[90]\"><img loading=\"lazy\" class=\"ngg-singlepic ngg-none aligncenter\" title=\"Kirche in der Innenstadt von Guayaquil\" alt=\"Kirche in der Innenstadt von Guayaquil\" src=\"http:\/\/foto-passion.com\/wp-content\/gallery\/galapagos\/thumbs\/thumbs_111112_12k_dsc08494.jpg\" width=\"130\" height=\"87\" \/><\/a><\/td>\n<td style=\"width: 25%; border-color: black; border-style: solid; border-width: 1px;\"><a title=\"&lt;strong&gt;Die haben alles dabei, was man f\u00fcr eine Trauerfeier braucht&lt;\/strong&gt;&lt;br\/&gt;&lt;br\/&gt;&lt;span style=&quot;font-size:85%;color:#949494&quot;&gt;[Bild-Id: 8937]&lt;\/span&gt;\" href=\"http:\/\/foto-passion.com\/wp-content\/gallery\/galapagos\/111112_12k_dsc08487.jpg\" rel=\"lightbox[90]\"><img loading=\"lazy\" class=\"ngg-singlepic ngg-none aligncenter\" title=\"Die haben alles dabei, was man f\u00fcr eine Trauerfeier braucht\" alt=\"Die haben alles dabei, was man f\u00fcr eine Trauerfeier braucht\" src=\"http:\/\/foto-passion.com\/wp-content\/gallery\/galapagos\/thumbs\/thumbs_111112_12k_dsc08487.jpg\" width=\"130\" height=\"87\" \/><\/a><\/td>\n<\/tr>\n<\/tbody>\n<\/table>\n<p style=\"text-align: justify;\"><span style=\"font-family: arial, helvetica, sans-serif; font-size: 16px;\">So lernen wir nicht nur den Stadtkern von Guayaquil kennen, sondern sehen auch gleich noch das neue, sehr moderne Guayaquil mit gro\u00dfen Shopping-Malls, gro\u00dfz\u00fcgigen Freizeitanlagen, dem Universit\u00e4tscampus und vielen modernen Hochh\u00e4usern.<\/span><\/p>\n<table style=\"width: 100%;\" border=\"0\" align=\"center\">\n<tbody>\n<tr>\n<td style=\"width: 25%; border-color: black; border-style: solid; border-width: 1px;\"><a title=\"&lt;strong&gt;Modernes Guayaquil&lt;\/strong&gt;&lt;br\/&gt;&lt;br\/&gt;&lt;span style=&quot;font-size:85%;color:#949494&quot;&gt;[Bild-Id: 8674]&lt;\/span&gt;\" href=\"http:\/\/foto-passion.com\/wp-content\/gallery\/galapagos\/111112_12k_dsc08432.jpg\" rel=\"lightbox[91]\"><img loading=\"lazy\" class=\"ngg-singlepic ngg-none aligncenter\" title=\"Modernes Guayaquil\" alt=\"Modernes Guayaquil\" src=\"http:\/\/foto-passion.com\/wp-content\/gallery\/galapagos\/thumbs\/thumbs_111112_12k_dsc08432.jpg\" width=\"130\" height=\"87\" \/><\/a><\/td>\n<td style=\"width: 25%; border-color: black; border-style: solid; border-width: 1px;\"><a title=\"&lt;strong&gt;Modernes Guayaquil&lt;\/strong&gt;&lt;br\/&gt;&lt;br\/&gt;&lt;span style=&quot;font-size:85%;color:#949494&quot;&gt;[Bild-Id: 8868]&lt;\/span&gt;\" href=\"http:\/\/foto-passion.com\/wp-content\/gallery\/galapagos\/111112_12k_dsc08454.jpg\" rel=\"lightbox[91]\"><img loading=\"lazy\" class=\"ngg-singlepic ngg-none aligncenter\" title=\"Modernes Guayaquil\" alt=\"Modernes Guayaquil\" src=\"http:\/\/foto-passion.com\/wp-content\/gallery\/galapagos\/thumbs\/thumbs_111112_12k_dsc08454.jpg\" width=\"130\" height=\"87\" \/><\/a><\/td>\n<td style=\"width: 25%; border-color: black; border-style: solid; border-width: 1px;\"><a title=\"&lt;strong&gt;Auf Stadtrundfahrt durch Guayaquil&lt;\/strong&gt;&lt;br\/&gt;&lt;br\/&gt;&lt;span style=&quot;font-size:85%;color:#949494&quot;&gt;[Bild-Id: 8933]&lt;\/span&gt;\" href=\"http:\/\/foto-passion.com\/wp-content\/gallery\/galapagos\/111112_12k_dsc08473.jpg\" rel=\"lightbox[91]\"><img loading=\"lazy\" class=\"ngg-singlepic ngg-none aligncenter\" title=\"Auf Stadtrundfahrt durch Guayaquil\" alt=\"Auf Stadtrundfahrt durch Guayaquil\" src=\"http:\/\/foto-passion.com\/wp-content\/gallery\/galapagos\/thumbs\/thumbs_111112_12k_dsc08473.jpg\" width=\"130\" height=\"87\" \/><\/a><\/td>\n<td style=\"width: 25%; border-color: black; border-style: solid; border-width: 1px;\"><a title=\"&lt;strong&gt;Auf Stadtrundfahrt durch Guayaquil&lt;\/strong&gt;&lt;br\/&gt;&lt;br\/&gt;&lt;span style=&quot;font-size:85%;color:#949494&quot;&gt;[Bild-Id: 8931]&lt;\/span&gt;\" href=\"http:\/\/foto-passion.com\/wp-content\/gallery\/galapagos\/111112_12k_dsc08478.jpg\" rel=\"lightbox[91]\"><img loading=\"lazy\" class=\"ngg-singlepic ngg-none aligncenter\" title=\"Auf Stadtrundfahrt durch Guayaquil\" alt=\"Auf Stadtrundfahrt durch Guayaquil\" src=\"http:\/\/foto-passion.com\/wp-content\/gallery\/galapagos\/thumbs\/thumbs_111112_12k_dsc08478.jpg\" width=\"130\" height=\"87\" \/><\/a><\/td>\n<\/tr>\n<\/tbody>\n<\/table>\n<p style=\"text-align: justify;\"><span style=\"font-family: arial, helvetica, sans-serif; font-size: 16px;\">Etwas problematisch ist nur die Hitze, denn inzwischen haben sich die Wolken verzogen und die Sonne sticht unbarmherzig. Zudem ist die W\u00e4rme sehr feucht, so dass sie nicht wirklich angenehm ist. Man merkt, dass wir dem Amazonas sehr nahe sind. Beim Flug von den Gal\u00e1pagos-Inseln nach Guayaquil hatten wir den Tropischen Regenwald aus der Luft sehen k\u00f6nnen. Wir konnten aber auch viele gerodete Fl\u00e4chen und gro\u00dfe Palmenplantagen erkennen, f\u00fcr die der Regenwald weichen musste.<\/span><\/p>\n<p style=\"text-align: justify;\"><span style=\"font-family: arial, helvetica, sans-serif; font-size: 16px;\">Nach der Stadtrundfahrt versuchen wir noch, eine Kleinigkeit zu essen, doch die Portion, die wir testweise bestellt haben, entpuppt sich leider als ungenie\u00dfbar. Da hatten wir keine gute Wahl getroffen.<\/span><\/p>\n<p style=\"text-align: justify;\"><span style=\"font-family: arial, helvetica, sans-serif; font-size: 16px;\">Vom kostenlosen Airportshuttle des Hotels lassen wir uns zum Flughafen bringen. Ein letzter Einkauf bei &#8222;Republica de Cacao&#8220;, dann passieren wir die Security-Kontrolle. Hier gibt es sogar die neuen, bisher sehr umstrittenen Ganzk\u00f6rperscanner. Beim Blick auf die Scanbilder verstehen wir die l\u00e4cherlichen Diskussionen um diese Ger\u00e4te nicht.<\/span><\/p>\n<p style=\"text-align: justify;\"><span style=\"font-family: arial, helvetica, sans-serif; font-size: 16px;\">Nun warten wir auf&#8217;s Boarding, doch wir warten vergeblich. Um 17:50 Uhr sollte die Maschine von LAN starten, doch aufgrund von technischen Problemen warten und warten wir. Das verschafft uns genug Zeit, die mitreisenden Passagiere zu betrachten. Schon beim Einchecken waren uns mehrere Muskelprotze aufgefallen. Hier am Gate h\u00e4ufen sich diese muskelbepackten Klaviertr\u00e4ger und wir erfahren, dass sie am Mister Universe-Bodybuilding-Contest teilgenommen haben. Naja, sch\u00f6n ist was anderes, aber \u00fcber Geschmack l\u00e4sst sich bekanntlich streiten.<\/span><\/p>\n<p style=\"text-align: justify;\"><span style=\"font-family: arial, helvetica, sans-serif; font-size: 16px;\">Um 19:30 Uhr bekommen wir einen Verpflegungsgutschein f\u00fcr ein Mini-Men\u00fc, bevor wir um 20:50 Uhr dann doch endlich starten. Gut, dass wir bei unserem Anschlussflug in Madrid ein Polster eingebaut haben. Kaum sind wir an Bord, legt sich die H\u00e4lfte der Crew hinter uns wieder zum Schlafen, anstatt erst einmal gemeinsam Essen und Trinken verteilen. Das wird nur mit halber Kraft gemacht und dauert entsprechend lange. Gegen 22:30 Uhr bekommen wir dann endlich etwas zu Essen und zu Trinken. Unter gutem Service verstehen wir wirklich etwas anderes. Da hilft es dann auch nicht, dass die Gl\u00e4ser gut gef\u00fcllt werden.<\/span><\/p>\n<p style=\"text-align: justify;\"><span style=\"font-family: arial, helvetica, sans-serif; font-size: 16px;\">Die Nacht vergeht wie im Flug und w\u00e4hrend wir schlafen, k\u00f6nnen wir die Uhr um 6 Stunden vorstellen. So ist es beim Aufwachen Mittag und wir bekommen Fr\u00fchst\u00fcck \u2013 etwas verwirrend.<\/span><\/p>\n<p style=\"text-align: justify;\"><span style=\"font-family: arial, helvetica, sans-serif; font-size: 16px;\">Madrid empf\u00e4ngt uns mit herrlichem Sonnenschein und wir bekommen so eine Art Galgenfrist, bevor wir ins kalte Deutschland zur\u00fcck m\u00fcssen. Unseren Anschlussflug in Madrid erreichen wir gut, denn wir brauchen zum Gl\u00fcck nicht das Terminal zu wechseln. Au\u00dferdem kennen wir uns ja nun schon aus. So reicht uns die Zeit gerade noch f\u00fcr ein leckeres Br\u00f6tchen mit reichlich Serrano-Schinken, bevor uns die n\u00e4chste Maschine nach Frankfurt bringt und leider diesem wundersch\u00f6nen Urlaub damit schon wieder ein Ende setzt. Dankbar, diesen Traum gelebt zu haben, lassen wir die vielen Erlebnisse und unglaublichen Tierbegegnungen noch einmal in Gedanken Revue passieren, bevor uns der Alltag wieder in Beschlag nimmt.<\/span><\/p>\n<hr style=\"height: 1px; width: 30%;\" size=\"1\" width=\"30%\" \/>\n<p style=\"text-align: justify;\"><strong><span style=\"font-family: arial, helvetica, sans-serif; font-size: 16px;\">Fazit<\/span><\/strong><\/p>\n<p style=\"text-align: justify;\"><span style=\"font-family: arial, helvetica, sans-serif; font-size: 16px;\">Auch wenn die Gal\u00e1pagos-Inseln aufgrund des vielen Tourismus sicherlich ein wenig von ihrem fr\u00fcheren, vor allem unber\u00fchrten Charme eingeb\u00fc\u00dft haben, so haben wir auf den einzelnen Inseln doch ein gro\u00dfartiges und unvergleichliches Naturparadies vorgefunden. Die Tierwelt der Gal\u00e1pagos-Inseln ist tats\u00e4chlich ein sehr sch\u00fctzenswertes Gut und auch, wenn es manchmal l\u00e4stig ist, so sind die umfangreichen Schutzma\u00dfnahmen und die damit verbundenen Einschr\u00e4nkungen f\u00fcr Besucher sinnvoll und leider auch notwendig. Der Tourismus wird auf Gal\u00e1pagos \u00fcber den Preis gesteuert und zus\u00e4tzlich ist vorgesehen, die Besucherregelungen noch st\u00e4rker zu reglementieren. Insofern steht die Frage, wie lange ein Individualtourismus \u00fcberhaupt noch zugelassen wird.<\/span><\/p>\n<p style=\"text-align: justify;\"><span style=\"font-family: arial, helvetica, sans-serif; font-size: 16px;\">Das Inselhopping, wie wir es gew\u00e4hlt haben, ist nicht die bequemste Form, die Inseln kennen zu lernen. Wer einen unbeschwerten Urlaub verleben m\u00f6chte, der ist auf einer durchorganisierten Kreuzfahrt besser aufgehoben. F\u00fcr uns hat sich jedoch gezeigt, dass wir genau die richtige Entscheidung getroffen haben. Das Inselhopping hat uns Flexibilit\u00e4t und vor allem viel Freiheit gebracht, die wir auf einer Kreuzfahrt in dieser Form nicht gehabt h\u00e4tten.<\/span><\/p>\n<p style=\"text-align: justify;\"><span style=\"font-family: arial, helvetica, sans-serif; font-size: 16px;\">Niemals h\u00e4tten wir geglaubt, wie zutraulich Tiere sein k\u00f6nnen, wenn sie mit Menschen keine schlechten Erfahrungen gemacht haben. Wir hatten viel Gl\u00fcck und haben eine so gro\u00dfe Vielfalt an Tieren gesehen, wie wir es nicht zu hoffen gewagt h\u00e4tten. Gal\u00e1pagos ist wirklich ein Traum f\u00fcr Naturfotografen. Mit gro\u00dfer Freude k\u00f6nnen wir feststellen, dass unsere Wunschmodels &#8211; die Marine-Iguanas &#8211; sich als sehr geduldige und durchaus flexible Fotomodelle zur Verf\u00fcgung gestellt haben, die wir in allen Lebenslagen studieren und nat\u00fcrlich auch fotografieren konnten. Wir haben gro\u00dfe und ganz kleine Marine-Iguanas, beim Fressen und beim Niesen, \u00fcber Wasser und unter Wasser gesehen und das teilweise so nah, dass wir \u00fcber sie steigen mussten, weil sie den Weg versperrten.<\/span><\/p>\n<p style=\"text-align: justify;\"><span style=\"font-family: arial, helvetica, sans-serif; font-size: 16px;\">Die Naturguides, die uns auf unseren Ausfahrten begleitet haben, hatten ein unglaublich breites Wissen und man merkte Ihnen die Begeisterung f\u00fcr die Natur immer wieder an. So wurde z. B. erst einmal beim Schnorcheln nach einer leeren Flasche auf dem Meeresgrund getaucht, bevor sie sich in das Vergn\u00fcgen gest\u00fcrzt haben. Auch sonst haben wir kaum M\u00fcll gesehen und Gegenst\u00e4nde, die das Meer angesp\u00fclt hat, werden sofort von Rangern eingesammelt. \u00dcberhaupt ist es hier auf den Gal\u00e1pagos-Inseln sehr sehr sauber und wir mussten wieder einmal feststellen, dass wir von Ecuador eine v\u00f6llig falsche Vorstellung haben. Die Menschen sind extrem freundlich, hilfsbereit und zuvorkommend. Allerdings sind sie auch richtig gut im Dr\u00e4ngeln. Es herrscht den Touristen gegen\u00fcber eine gro\u00dfe Fairness, so dass wir nie das Gef\u00fchl hatten, abgezockt zu werden. Preise und Kosten sind transparent und nachvollziehbar. Mit der Verst\u00e4ndigung ging es insgesamt doch prima, auch wenn wir uns hin und wieder gew\u00fcnscht h\u00e4tten, ein paar mehr spanische Brocken sprechen zu k\u00f6nnen. Selbst ohne Englischkenntnisse bem\u00fchen sich die Menschen hier, einem weiter zu helfen &#8211; zur Not auch mit H\u00e4nden und F\u00fcssen.<\/span><\/p>\n<p style=\"text-align: justify;\"><span style=\"font-family: arial, helvetica, sans-serif; font-size: 16px;\">Vom Wetter her waren wir genau zur richtigen Zeit unterwegs. Auch wenn der Himmel an einigen Tagen bew\u00f6lkt war, so war es immer warm genug, dass kurze Hosen ausreichten. Selbst im Hochland war es zwar feucht und es gab teilweise feinen Spr\u00fchregen, aber es war nie kalt. H\u00e4tten wir durchg\u00e4ngig strahlenden Sonnenschein gehabt, w\u00e4ren wir nach drei Tagen gar wie Grillh\u00fchnchen gewesen. Auch wenn ich es erst nicht so richtig geglaubt habe, so wurde uns schnell klar, dass ohne einen wirksamen und wasserfesten Sonnenschutz 50+ hier am \u00c4quator gar nichts geht. Selbst die Einheimischen benutzen Sonnenschutz und man m\u00fcsste eigentlich meinen, die sind die Sonne gew\u00f6hnt. Wir haben uns f\u00fcr den Testsieger bei Stiftung Warentest &#8222;Ladival 50+ Gel&#8220; entschieden und sind recht zufrieden damit, denn der ist wirklich wasserfest.<\/span><\/p>\n<p style=\"text-align: justify;\"><span style=\"font-family: arial, helvetica, sans-serif; font-size: 16px;\">Wir verlassen die Gal\u00e1pagos-Inseln mit einer gro\u00dfen Dankbarkeit dar\u00fcber, dass wir diesen Naturschatz und Garten Eden erleben durften. Viele sch\u00f6ne Erinnerungen und nat\u00fcrlich eine reiche Fotoausbeute werden uns noch lange an dieses wunderbare Archipel mitten im Pazifik &#8211; quasi am anderen Ende der Welt &#8211; erinnern.<\/span><\/p>\n","protected":false},"excerpt":{"rendered":"<p>\u00a0 pdf \u00a0 \u00a0 Fotostrecke des Reiseberichts Galapagos 2012 Verzauberte Inseln (Islas Encantadas) 25. Oktober &#8211; 11. November 2012 &nbsp; &#8230; wurden fr\u00fcher die Islas Gal\u00e1pagos genannt. Heute sind sie als Gal\u00e1pagos-Inseln bekannt und ihre ganz spezielle und einmalige Flora und Fauna geh\u00f6rt inzwischen zum Weltnaturerbe der UNESCO. Immerhin 97 % der Fl\u00e4che der Islas <a href='http:\/\/foto-passion.com\/?page_id=4948' class='excerpt-more'>[&#8230;]<\/a><\/p>\n","protected":false},"author":2,"featured_media":0,"parent":564,"menu_order":0,"comment_status":"closed","ping_status":"closed","template":"no-sidebars.php","meta":{"ngg_post_thumbnail":0},"yoast_head":"<!-- This site is optimized with the Yoast SEO plugin v16.2 - https:\/\/yoast.com\/wordpress\/plugins\/seo\/ -->\n<meta name=\"description\" content=\"Reisebericht Galapagos, Galapagos, Gal\u00e1pagos, Santa Cruz, Itabaca-Kanal, Marine-Iguanas, Iguanas, Meerechsen, Seymour Norte, San Crist\u00f3bal, San Cristobal\" \/>\n<meta name=\"robots\" content=\"index, follow, max-snippet:-1, max-image-preview:large, max-video-preview:-1\" \/>\n<link rel=\"canonical\" href=\"http:\/\/foto-passion.com\/?page_id=4948\" \/>\n<meta name=\"twitter:label1\" content=\"Gesch\u00e4tzte Lesezeit\">\n\t<meta name=\"twitter:data1\" content=\"93\u00a0Minuten\">\n<script type=\"application\/ld+json\" class=\"yoast-schema-graph\">{\"@context\":\"https:\/\/schema.org\",\"@graph\":[{\"@type\":\"WebSite\",\"@id\":\"http:\/\/foto-passion.com\/#website\",\"url\":\"http:\/\/foto-passion.com\/\",\"name\":\"foto-passion\",\"description\":\"Natur- und Landschaftsfotografie\",\"potentialAction\":[{\"@type\":\"SearchAction\",\"target\":\"http:\/\/foto-passion.com\/?s={search_term_string}\",\"query-input\":\"required name=search_term_string\"}],\"inLanguage\":\"de\"},{\"@type\":\"ImageObject\",\"@id\":\"http:\/\/foto-passion.com\/?page_id=4948#primaryimage\",\"inLanguage\":\"de\",\"url\":\"http:\/\/foto-passion.com\/wp-content\/gallery\/thumbs\/pdf.jpg\",\"contentUrl\":\"http:\/\/foto-passion.com\/wp-content\/gallery\/thumbs\/pdf.jpg\"},{\"@type\":\"WebPage\",\"@id\":\"http:\/\/foto-passion.com\/?page_id=4948#webpage\",\"url\":\"http:\/\/foto-passion.com\/?page_id=4948\",\"name\":\"Reisebericht Galapagos 2012\",\"isPartOf\":{\"@id\":\"http:\/\/foto-passion.com\/#website\"},\"primaryImageOfPage\":{\"@id\":\"http:\/\/foto-passion.com\/?page_id=4948#primaryimage\"},\"datePublished\":\"2012-12-24T21:48:20+00:00\",\"dateModified\":\"2013-12-18T20:36:39+00:00\",\"description\":\"Reisebericht Galapagos, Galapagos, Gal\\u00e1pagos, Santa Cruz, Itabaca-Kanal, Marine-Iguanas, Iguanas, Meerechsen, Seymour Norte, San Crist\\u00f3bal, San Cristobal\",\"breadcrumb\":{\"@id\":\"http:\/\/foto-passion.com\/?page_id=4948#breadcrumb\"},\"inLanguage\":\"de\",\"potentialAction\":[{\"@type\":\"ReadAction\",\"target\":[\"http:\/\/foto-passion.com\/?page_id=4948\"]}]},{\"@type\":\"BreadcrumbList\",\"@id\":\"http:\/\/foto-passion.com\/?page_id=4948#breadcrumb\",\"itemListElement\":[{\"@type\":\"ListItem\",\"position\":1,\"item\":{\"@type\":\"WebPage\",\"@id\":\"http:\/\/foto-passion.com\/?page_id=564\",\"url\":\"http:\/\/foto-passion.com\/?page_id=564\",\"name\":\"Reiseberichte\"}},{\"@type\":\"ListItem\",\"position\":2,\"item\":{\"@id\":\"http:\/\/foto-passion.com\/?page_id=4948#webpage\"}}]}]}<\/script>\n<!-- \/ Yoast SEO plugin. -->","_links":{"self":[{"href":"http:\/\/foto-passion.com\/index.php?rest_route=\/wp\/v2\/pages\/4948"}],"collection":[{"href":"http:\/\/foto-passion.com\/index.php?rest_route=\/wp\/v2\/pages"}],"about":[{"href":"http:\/\/foto-passion.com\/index.php?rest_route=\/wp\/v2\/types\/page"}],"author":[{"embeddable":true,"href":"http:\/\/foto-passion.com\/index.php?rest_route=\/wp\/v2\/users\/2"}],"replies":[{"embeddable":true,"href":"http:\/\/foto-passion.com\/index.php?rest_route=%2Fwp%2Fv2%2Fcomments&post=4948"}],"version-history":[{"count":0,"href":"http:\/\/foto-passion.com\/index.php?rest_route=\/wp\/v2\/pages\/4948\/revisions"}],"up":[{"embeddable":true,"href":"http:\/\/foto-passion.com\/index.php?rest_route=\/wp\/v2\/pages\/564"}],"wp:attachment":[{"href":"http:\/\/foto-passion.com\/index.php?rest_route=%2Fwp%2Fv2%2Fmedia&parent=4948"}],"curies":[{"name":"wp","href":"https:\/\/api.w.org\/{rel}","templated":true}]}}