{"id":32591,"date":"2020-12-29T19:27:18","date_gmt":"2020-12-29T18:27:18","guid":{"rendered":"http:\/\/foto-passion.com\/?page_id=32591"},"modified":"2021-01-06T19:38:24","modified_gmt":"2021-01-06T18:38:24","slug":"reisebericht-20-2-2-2-2","status":"publish","type":"page","link":"http:\/\/foto-passion.com\/?page_id=32591","title":{"rendered":"Reisebericht Jordanien 2019"},"content":{"rendered":"\t\t<div data-elementor-type=\"wp-post\" data-elementor-id=\"32591\" class=\"elementor elementor-32591\" data-elementor-settings=\"[]\">\n\t\t\t\t\t\t<div class=\"elementor-inner\">\n\t\t\t\t\t\t\t<div class=\"elementor-section-wrap\">\n\t\t\t\t\t\t\t<section class=\"elementor-section elementor-top-section elementor-element elementor-element-eaf8a6d elementor-section-boxed elementor-section-height-default elementor-section-height-default\" data-id=\"eaf8a6d\" data-element_type=\"section\">\n\t\t\t\t\t\t<div class=\"elementor-container elementor-column-gap-default\">\n\t\t\t\t\t\t\t<div class=\"elementor-row\">\n\t\t\t\t\t<div class=\"elementor-column elementor-col-100 elementor-top-column elementor-element elementor-element-4381df99\" data-id=\"4381df99\" data-element_type=\"column\">\n\t\t\t<div class=\"elementor-column-wrap elementor-element-populated\">\n\t\t\t\t\t\t\t<div class=\"elementor-widget-wrap\">\n\t\t\t\t\t\t<div class=\"elementor-element elementor-element-4e32faa1 elementor-widget elementor-widget-text-editor\" data-id=\"4e32faa1\" data-element_type=\"widget\" data-widget_type=\"text-editor.default\">\n\t\t\t\t<div class=\"elementor-widget-container\">\n\t\t\t\t\t\t\t\t<div class=\"elementor-text-editor elementor-clearfix\">\n\t\t\t\t\t<p style=\"text-align: right;\"><span style=\"color: #808080;\"><span style=\"font-size: 8px; color: #808080;\"><span style=\"color: #808080; font-size: 12px;\"><img loading=\"lazy\" style=\"color: #333333; font-size: 16px;\" src=\"http:\/\/foto-passion.com\/wp-content\/gallery\/thumbs\/pdf.jpg\" alt=\"pdf\" width=\"15\" height=\"15\" \/>\u00a0<a href=\"http:\/\/www.foto-passion.com\/wp-content\/uploads\/pdf\/Reisebericht_Jordanien_2019.pdf\">pdf<\/a><\/span><\/span><span style=\"font-size: 12px;\"> \u00a0 \u00a0 <span style=\"color: #808080;\"><img loading=\"lazy\" style=\"border: 0pt none;\" src=\"http:\/\/foto-passion.com\/wp-content\/gallery\/thumbs\/filmstreifen.jpg\" alt=\"filmstreifen\" width=\"11\" height=\"15\" \/> <a href=\"http:\/\/foto-passion.com\/?page_id=32590\">Fotostrecke des Reiseberichts <\/a><\/span><\/span><\/span><\/p>\t\t\t\t\t<\/div>\n\t\t\t\t\t\t<\/div>\n\t\t\t\t<\/div>\n\t\t\t\t\t\t<\/div>\n\t\t\t\t\t<\/div>\n\t\t<\/div>\n\t\t\t\t\t\t\t\t<\/div>\n\t\t\t\t\t<\/div>\n\t\t<\/section>\n\t\t\t\t<section class=\"elementor-section elementor-top-section elementor-element elementor-element-b9bf5c0 elementor-section-boxed elementor-section-height-default elementor-section-height-default\" data-id=\"b9bf5c0\" data-element_type=\"section\">\n\t\t\t\t\t\t<div class=\"elementor-container elementor-column-gap-default\">\n\t\t\t\t\t\t\t<div class=\"elementor-row\">\n\t\t\t\t\t<div class=\"elementor-column elementor-col-100 elementor-top-column elementor-element elementor-element-648ab77\" data-id=\"648ab77\" data-element_type=\"column\">\n\t\t\t<div class=\"elementor-column-wrap elementor-element-populated\">\n\t\t\t\t\t\t\t<div class=\"elementor-widget-wrap\">\n\t\t\t\t\t\t<div class=\"elementor-element elementor-element-d7e1b16 elementor-widget elementor-widget-image\" data-id=\"d7e1b16\" data-element_type=\"widget\" data-widget_type=\"image.default\">\n\t\t\t\t<div class=\"elementor-widget-container\">\n\t\t\t\t\t\t\t\t<div class=\"elementor-image\">\n\t\t\t\t\t\t\t\t\t\t\t\t<img width=\"1200\" height=\"456\" src=\"http:\/\/foto-passion.com\/wp-content\/uploads\/2021\/01\/330_AP5A3103.jpg\" class=\"attachment-full size-full\" alt=\"\" loading=\"lazy\" srcset=\"http:\/\/foto-passion.com\/wp-content\/uploads\/2021\/01\/330_AP5A3103.jpg 1200w, http:\/\/foto-passion.com\/wp-content\/uploads\/2021\/01\/330_AP5A3103-300x114.jpg 300w, http:\/\/foto-passion.com\/wp-content\/uploads\/2021\/01\/330_AP5A3103-1024x389.jpg 1024w, http:\/\/foto-passion.com\/wp-content\/uploads\/2021\/01\/330_AP5A3103-768x292.jpg 768w\" sizes=\"(max-width: 1200px) 100vw, 1200px\" \/>\t\t\t\t\t\t\t\t\t\t\t\t\t\t<\/div>\n\t\t\t\t\t\t<\/div>\n\t\t\t\t<\/div>\n\t\t\t\t<div class=\"elementor-element elementor-element-da62f20 elementor-widget elementor-widget-text-editor\" data-id=\"da62f20\" data-element_type=\"widget\" data-widget_type=\"text-editor.default\">\n\t\t\t\t<div class=\"elementor-widget-container\">\n\t\t\t\t\t\t\t\t<div class=\"elementor-text-editor elementor-clearfix\">\n\t\t\t\t\t\t\t\t\t\t<\/div>\n\t\t\t\t\t\t<\/div>\n\t\t\t\t<\/div>\n\t\t\t\t\t\t<\/div>\n\t\t\t\t\t<\/div>\n\t\t<\/div>\n\t\t\t\t\t\t\t\t<\/div>\n\t\t\t\t\t<\/div>\n\t\t<\/section>\n\t\t\t\t<section class=\"elementor-section elementor-top-section elementor-element elementor-element-c31ae36 elementor-section-boxed elementor-section-height-default elementor-section-height-default\" data-id=\"c31ae36\" data-element_type=\"section\">\n\t\t\t\t\t\t<div class=\"elementor-container elementor-column-gap-default\">\n\t\t\t\t\t\t\t<div class=\"elementor-row\">\n\t\t\t\t\t<div class=\"elementor-column elementor-col-100 elementor-top-column elementor-element elementor-element-fe32b72\" data-id=\"fe32b72\" data-element_type=\"column\">\n\t\t\t<div class=\"elementor-column-wrap elementor-element-populated\">\n\t\t\t\t\t\t\t<div class=\"elementor-widget-wrap\">\n\t\t\t\t\t\t<div class=\"elementor-element elementor-element-9881ed4 elementor-widget elementor-widget-text-editor\" data-id=\"9881ed4\" data-element_type=\"widget\" data-widget_type=\"text-editor.default\">\n\t\t\t\t<div class=\"elementor-widget-container\">\n\t\t\t\t\t\t\t\t<div class=\"elementor-text-editor elementor-clearfix\">\n\t\t\t\t\t<h3 style=\"text-align: center;\"><span style=\"font-size: 16px;\"><em><span style=\"font-family: arial, helvetica, sans-serif;\"><strong>Jordanien 2019<br \/>Das Erbe der Nabat\u00e4er<br \/><\/strong><\/span><\/em><\/span><\/h3><h6 style=\"text-align: center;\"><span style=\"font-family: arial,helvetica,sans-serif;\"><span style=\"font-size: 12px;\">3. Oktober &#8211; 20. Oktober 2019<\/span><\/span><\/h6>\t\t\t\t\t<\/div>\n\t\t\t\t\t\t<\/div>\n\t\t\t\t<\/div>\n\t\t\t\t\t\t<\/div>\n\t\t\t\t\t<\/div>\n\t\t<\/div>\n\t\t\t\t\t\t\t\t<\/div>\n\t\t\t\t\t<\/div>\n\t\t<\/section>\n\t\t\t\t<section class=\"elementor-section elementor-top-section elementor-element elementor-element-cdfc119 elementor-section-boxed elementor-section-height-default elementor-section-height-default\" data-id=\"cdfc119\" data-element_type=\"section\">\n\t\t\t\t\t\t<div class=\"elementor-container elementor-column-gap-default\">\n\t\t\t\t\t\t\t<div class=\"elementor-row\">\n\t\t\t\t\t<div class=\"elementor-column elementor-col-100 elementor-top-column elementor-element elementor-element-9a46fcf\" data-id=\"9a46fcf\" data-element_type=\"column\">\n\t\t\t<div class=\"elementor-column-wrap elementor-element-populated\">\n\t\t\t\t\t\t\t<div class=\"elementor-widget-wrap\">\n\t\t\t\t\t\t<div class=\"elementor-element elementor-element-acecd5f elementor-widget elementor-widget-text-editor\" data-id=\"acecd5f\" data-element_type=\"widget\" data-widget_type=\"text-editor.default\">\n\t\t\t\t<div class=\"elementor-widget-container\">\n\t\t\t\t\t\t\t\t<div class=\"elementor-text-editor elementor-clearfix\">\n\t\t\t\t\t<p style=\"text-align: justify;\"><strong><span style=\"font-family: arial, helvetica, sans-serif; font-size: 16px;\">03.10.2019 Frankfurt \u2013 Amman \u201eLandmark Hotel\u201c <\/span><\/strong><\/p><p style=\"text-align: justify;\">Es herbstet und wir sind happy, dass wir den Sommer noch etwas verl\u00e4ngern k\u00f6nnen.<\/p><p style=\"text-align: justify;\">Wie immer fliegen wir ab Frankfurt a.M. Heute zum Feiertag ist das Parkhaus rappelvoll und wir m\u00fcssen ganz sch\u00f6n tief runter, bis wir einen freien Stellplatz bekommen. Am Checkin sind wir von Studiosus- und SKR-Reisenden umgeben, die ihren Mitreisenden und allen um sie herum Wartenden \u2013 egal ob die das wissen wollen oder nicht &#8211; innerhalb der Wartezeit ihre gesamten Reiseerfahrungen aufs Auge dr\u00fccken. Kurz gesagt, wir sind von einer geballten Ladung Klugschei\u00dfer umgeben und sind schon jetzt extrem dankbar, dass wir wieder autark, ohne Reiseleiter und vor allem ohne Reisegruppe reisen k\u00f6nnen. Wir sind einfach nicht gruppenkompatibel.<\/p><p style=\"text-align: justify;\">Der Check-In geht z\u00fcgig und der Security-Check reibungslos, obwohl schon wieder eine Frau \u201eStudiosus\u201c vor uns steht, die alles besser wei\u00df und kommentiert. Der Flug mit \u201eRoyal Jordan Air\u201c startet p\u00fcnktlich. Die meisten Passagiere sind Einheimische. Wir stellen entsetzt fest, dass wir noch nie in einer so klapprigen Maschine (Airbus 320) geflogen sind. \u00dcberall ist was defekt, die Maschine \u00e4chzt und klappert, als ob sie sich gleich in ihre Einzelteile zerlegt. Es fehlt an Kissen und Decken, das Bordmen\u00fc besteht aus einem lapperigen, \u00fcberwiegend trockenen Sandwich und mehr nicht. Daf\u00fcr br\u00fcllt &#8211; die n\u00e4chsten vier Stunden fast ununterbrochen &#8211; vor uns ein S\u00e4ugling.<\/p><p style=\"text-align: justify;\">Es passiert selten aber diesmal sind wir froh, als wir endlich wieder festen Boden unter den F\u00fc\u00dfen haben und die Maschine nicht in der Luft auseinander gefallen ist. Noch ahnen wir nicht, dass der Zustand des Fliegers mehr oder weniger die Mentalit\u00e4t des Landes widerspiegelt. Inzwischen ist es 20:30 Uhr Ortszeit in Amman, der Hauptstadt von Jordanien. Es ist noch angenehm warm aber die Luft ist ziemlich dunstig.<\/p><p style=\"text-align: justify;\">Die Einreise in das Land geht schnell, obwohl noch die Visa-Formalit\u00e4ten abzuwickeln sind. Wir haben uns schon im Vorfeld online den \u201eJordan-Pass\u201c besorgt, der freien Eintritt f\u00fcr viele Sehensw\u00fcrdigkeiten bietet und auch die Kosten f\u00fcr das Visum enth\u00e4lt.<\/p><p style=\"text-align: justify;\">Am Gep\u00e4ckband bekommen wir dann unsere erste Reisetasche, in der die Bekleidung ist. Die zweite Tasche l\u00e4sst sich dagegen nicht blicken. So haben wir zwar erst mal etwas zum Anziehen aber die Tasche mit den Schuhen, der Kosmetik und dem ganzen technischen und anderen Krimskrams ist nicht dabei. Na das f\u00e4ngt ja gut an! Wir gehen zum Schalter und erfahren, dass die Tasche beim Zoll steht. He???? Was hat denen denn nicht gefallen? Wir marschieren also r\u00fcber zum Zoll und dort stehen dann 3 herrenlose Koffer und unsere Reisetasche vor der T\u00fcr und Keiner ist da. Wir fackeln nicht lange, schnappen uns unsere Tasche und verschwinden. In Frankfurt h\u00e4tte man diese herrenlosen Gep\u00e4ckst\u00fccke schon gesprengt.<\/p><p style=\"text-align: justify;\">Zuerst m\u00fcssen wir uns jetzt Bargeld, dann eine Telefonkarte von \u201eOrange\u201c und unseren Mietwagen besorgen. Das geht aber sehr flott, denn alles bekommen wir direkt am Ankunftsterminal und schon eine Stunde sp\u00e4ter ist alles erledigt. Wir sitzen in unserem noch recht neuen Mitsubishi \u201ePajero\u201c und steuern durch den dichten Feierabendverkehr von Amman. Zuerst brauchen wir noch eine Tankstelle, denn der Tank ist g\u00e4hnend leer. Zum Gl\u00fcck befindet sich gleich hinter dem Flughafen die erste Tankstelle. Nun leitet uns die Navi-App unseres Handys zuverl\u00e4ssig und wir sind froh, es zu haben denn in der Dunkelheit und bei dem Verkehr ist das eine wirkliche Hilfe. Rasch merken wir, dass die Jordanier zwar nett, aber beim Autofahren ziemlich stur sind. Gezeichnete Spuren auf der Stra\u00dfe gibt es nicht und jeder f\u00e4hrt so, wie er will. Wehe, wenn man die Spur wechseln will! Der Donnerstag Abend kommt hier unserem Freitag-Abend-Verkehr gleich. Freitags haben die Muslime frei und der Tag geh\u00f6rt Familie und Freunden. Am Vorabend wird schon mal mit dem \u201cWochenende\u201d begonnen. So sehen wir auch, dass \u00fcberall am Highway, auf Nebenstra\u00dfen oder einfach am Stra\u00dfenrand Gruppen von Menschen zusammensitzen, gemeinsam essen oder Shisha-Pfeife rauchen. Entweder sie sitzen auf mitgebrachten St\u00fchlen oder einfach auf dem Boden oder Bordstein.<\/p><p style=\"text-align: justify;\">Wir erreichen das \u201eLandmark-Hotel\u201c ohne Probleme. Hier werden wir die n\u00e4chsten drei N\u00e4chte bleiben. Das Hotel ist ziemlich nobel. Bevor wir vorfahren d\u00fcrfen, empf\u00e4ngt uns der Security-Mann und wischt mit einem St\u00e4bchen \u00fcber unser Lenkrad, bevor er uns die Schranke \u00f6ffnet. Fragend schauen wir uns an. War das ein Drogen- oder ein Sprengstofftest? Wir wissen es nicht. Jedenfalls werden wir eingelassen, ein Hotelangestellter kommt herbei geeilt, l\u00e4dt unser Gep\u00e4ck aus und ein anderer parkt uns den Wagen weg. Das Gep\u00e4ck und auch wir werden noch einem Sicherheitscheck unterzogen, dann d\u00fcrfen wir einchecken. Wir bekommen ein Upgrade f\u00fcr die Suite im 10. Stock. Ein h\u00fcbsches gro\u00dfes Zimmer mit ordentlichem Kingsize-Bett erwartet uns. Im Aufzug treffen wir dann auch die klugschei\u00dferischen \u201eStudiosus\u201c vom Checkin wieder. Gut, dass das Hotel gro\u00df ist und sich die G\u00e4ste verteilen.<\/p><p style=\"text-align: justify;\">F\u00fcr heute ist es dann auch langsam genug. Wir ordnen uns noch ein wenig und fallen dann m\u00fcde ins Bett.<\/p>\t\t\t\t\t<\/div>\n\t\t\t\t\t\t<\/div>\n\t\t\t\t<\/div>\n\t\t\t\t\t\t<\/div>\n\t\t\t\t\t<\/div>\n\t\t<\/div>\n\t\t\t\t\t\t\t\t<\/div>\n\t\t\t\t\t<\/div>\n\t\t<\/section>\n\t\t\t\t<section class=\"elementor-section elementor-top-section elementor-element elementor-element-1245378 elementor-section-boxed elementor-section-height-default elementor-section-height-default\" data-id=\"1245378\" data-element_type=\"section\">\n\t\t\t\t\t\t<div class=\"elementor-container elementor-column-gap-default\">\n\t\t\t\t\t\t\t<div class=\"elementor-row\">\n\t\t\t\t\t<div class=\"elementor-column elementor-col-100 elementor-top-column elementor-element elementor-element-67c1203\" data-id=\"67c1203\" data-element_type=\"column\">\n\t\t\t<div class=\"elementor-column-wrap elementor-element-populated\">\n\t\t\t\t\t\t\t<div class=\"elementor-widget-wrap\">\n\t\t\t\t\t\t<div class=\"elementor-element elementor-element-22c514a elementor-widget elementor-widget-text-editor\" data-id=\"22c514a\" data-element_type=\"widget\" data-widget_type=\"text-editor.default\">\n\t\t\t\t<div class=\"elementor-widget-container\">\n\t\t\t\t\t\t\t\t<div class=\"elementor-text-editor elementor-clearfix\">\n\t\t\t\t\t<p style=\"text-align: justify;\"><strong><span style=\"font-family: arial, helvetica, sans-serif; font-size: 16px;\">04.10.2019 Amman \u201eLandmark-Hotel\u201c<\/span><\/strong><\/p><p style=\"text-align: justify;\">Der Wecker klingelt fr\u00fch, denn wir haben viel vor. Wir werden zuerst einen Ausflug zu den W\u00fcstenschl\u00f6ssern der Umgebung machen. So sind wir vom heutigen \u201eSonntag\u201c nicht tangiert und k\u00f6nnen schon mal ein paar der Sehensw\u00fcrdigkeiten abarbeiten.<\/p><p style=\"text-align: justify;\">Das Fr\u00fchst\u00fcck ist etwas orientierungsbed\u00fcrftig. Es gibt eine reiche Auswahl aber wir m\u00fcssen uns erst mal herantasten an die fremden Speisen. Wir probieren uns durch und sind schon mal fasziniert von dem absolut knusprig, frischen Roggenbrot, das sehr sehr lecker schmeckt.<\/p><p style=\"text-align: justify;\">Nachdem wir gestern bei unserer Ankunft nicht mehr viel von der Stadt gesehen haben, \u201ereiten\u201c wir gespannt aus. Amman wurde auf sieben H\u00fcgeln gebaut \u2013 inzwischen sind es schon zwanzig und die Stadt wirkt wie ein einziges H\u00e4usermeer, das sich die H\u00e4nge hinauf zieht. Sch\u00f6n ist die Stadt nicht und zu Fu\u00df ist sie schon mal gar nicht zu bew\u00e4ltigen aber irgendwie faszinierend ist sie doch. Heute morgen ist noch wenig Verkehr, so dass wir auch nach rechts und links schauen k\u00f6nnen. Wir steuern erst mal die gestreifte Moschee auf einem der H\u00fcgel an. Gut, dass uns das Handy-Navi zielsicher leitet.<\/p>\t\t\t\t\t<\/div>\n\t\t\t\t\t\t<\/div>\n\t\t\t\t<\/div>\n\t\t\t\t\t\t<\/div>\n\t\t\t\t\t<\/div>\n\t\t<\/div>\n\t\t\t\t\t\t\t\t<\/div>\n\t\t\t\t\t<\/div>\n\t\t<\/section>\n\t\t\t\t<section class=\"elementor-section elementor-top-section elementor-element elementor-element-8762257 elementor-section-boxed elementor-section-height-default elementor-section-height-default\" data-id=\"8762257\" data-element_type=\"section\">\n\t\t\t\t\t\t<div class=\"elementor-container elementor-column-gap-default\">\n\t\t\t\t\t\t\t<div class=\"elementor-row\">\n\t\t\t\t\t<div class=\"elementor-column elementor-col-100 elementor-top-column elementor-element elementor-element-a519240\" data-id=\"a519240\" data-element_type=\"column\">\n\t\t\t<div class=\"elementor-column-wrap elementor-element-populated\">\n\t\t\t\t\t\t\t<div class=\"elementor-widget-wrap\">\n\t\t\t\t\t\t<div class=\"elementor-element elementor-element-369dce2 elementor-widget elementor-widget-text-editor\" data-id=\"369dce2\" data-element_type=\"widget\" data-widget_type=\"text-editor.default\">\n\t\t\t\t<div class=\"elementor-widget-container\">\n\t\t\t\t\t\t\t\t<div class=\"elementor-text-editor elementor-clearfix\">\n\t\t\t\t\t<p style=\"text-align: left;\"><!-- index.php -->\n<div\n\tclass=\"ngg-galleryoverview ngg-ajax-pagination-none\"\n\tid=\"ngg-gallery-d28309a2323eda04a297b1c87bec0912-1\">\n\n    \t\t<!-- Thumbnails -->\n\t\t\t\t<div id=\"ngg-image-0\" class=\"ngg-gallery-thumbnail-box\" >\n\t\t\t\t        <div class=\"ngg-gallery-thumbnail\">\n            <a href=\"http:\/\/foto-passion.com\/wp-content\/gallery\/fotostrecke_jordanien_2019\/001_AP5A9006.jpg\"\n               title=\"&lt;strong&gt;Abu Darwisch Moschee auf dem Jabal Ashrafieh, Amman&lt;\/strong&gt;&lt;br \/&gt;Jordanien 2019&lt;br \/&gt;&lt;span&gt;[Bild-Id: 16081]&lt;\/span&gt;\"\n               data-src=\"http:\/\/foto-passion.com\/wp-content\/gallery\/fotostrecke_jordanien_2019\/001_AP5A9006.jpg\"\n               data-thumbnail=\"http:\/\/foto-passion.com\/wp-content\/gallery\/fotostrecke_jordanien_2019\/thumbs\/thumbs_001_AP5A9006.jpg\"\n               data-image-id=\"16081\"\n               data-title=\"Abu Darwisch Moschee auf dem Jabal Ashrafieh, Amman\"\n               data-description=\"&lt;strong&gt;Abu Darwisch Moschee auf dem Jabal Ashrafieh, Amman&lt;\/strong&gt;&lt;br \/&gt;Jordanien 2019&lt;br \/&gt;&lt;span&gt;[Bild-Id: 16081]&lt;\/span&gt;\"\n               data-image-slug=\"abu-darwisch-moschee-auf-dem-jabal-ashrafieh-amman-16\"\n               class=\"ngg-simplelightbox\" rel=\"d28309a2323eda04a297b1c87bec0912\">\n                <img loading=\"lazy\"\n                    title=\"Abu Darwisch Moschee auf dem Jabal Ashrafieh, Amman\"\n                    alt=\"Abu Darwisch Moschee auf dem Jabal Ashrafieh, Amman\"\n                    src=\"http:\/\/foto-passion.com\/wp-content\/gallery\/fotostrecke_jordanien_2019\/cache\/001_AP5A9006.jpg-nggid0516081-ngg0dyn-150x100x100-00f0w010c011r110f110r010t010.jpg\"\n                    width=\"150\"\n                    height=\"100\"\n                    style=\"max-width:100%;\"\n                \/>\n            <\/a>\n        <\/div>\n\t\t\t\t\t\t\t<\/div> \n\t\t\t\n                            \n\t\t\t\t<div id=\"ngg-image-1\" class=\"ngg-gallery-thumbnail-box\" >\n\t\t\t\t        <div class=\"ngg-gallery-thumbnail\">\n            <a href=\"http:\/\/foto-passion.com\/wp-content\/gallery\/fotostrecke_jordanien_2019\/002_AP5A9007.jpg\"\n               title=\"&lt;strong&gt;Abu Darwisch Moschee auf dem Jabal Ashrafieh, Amman&lt;\/strong&gt;&lt;br \/&gt;Jordanien 2019&lt;br \/&gt;&lt;span&gt;[Bild-Id: 16082]&lt;\/span&gt;\"\n               data-src=\"http:\/\/foto-passion.com\/wp-content\/gallery\/fotostrecke_jordanien_2019\/002_AP5A9007.jpg\"\n               data-thumbnail=\"http:\/\/foto-passion.com\/wp-content\/gallery\/fotostrecke_jordanien_2019\/thumbs\/thumbs_002_AP5A9007.jpg\"\n               data-image-id=\"16082\"\n               data-title=\"Abu Darwisch Moschee auf dem Jabal Ashrafieh, Amman\"\n               data-description=\"&lt;strong&gt;Abu Darwisch Moschee auf dem Jabal Ashrafieh, Amman&lt;\/strong&gt;&lt;br \/&gt;Jordanien 2019&lt;br \/&gt;&lt;span&gt;[Bild-Id: 16082]&lt;\/span&gt;\"\n               data-image-slug=\"abu-darwisch-moschee-auf-dem-jabal-ashrafieh-amman-17\"\n               class=\"ngg-simplelightbox\" rel=\"d28309a2323eda04a297b1c87bec0912\">\n                <img loading=\"lazy\"\n                    title=\"Abu Darwisch Moschee auf dem Jabal Ashrafieh, Amman\"\n                    alt=\"Abu Darwisch Moschee auf dem Jabal Ashrafieh, Amman\"\n                    src=\"http:\/\/foto-passion.com\/wp-content\/gallery\/fotostrecke_jordanien_2019\/cache\/002_AP5A9007.jpg-nggid0516082-ngg0dyn-150x100x100-00f0w010c011r110f110r010t010.jpg\"\n                    width=\"150\"\n                    height=\"100\"\n                    style=\"max-width:100%;\"\n                \/>\n            <\/a>\n        <\/div>\n\t\t\t\t\t\t\t<\/div> \n\t\t\t\n                            \n\t\t\t\t<div id=\"ngg-image-2\" class=\"ngg-gallery-thumbnail-box\" >\n\t\t\t\t        <div class=\"ngg-gallery-thumbnail\">\n            <a href=\"http:\/\/foto-passion.com\/wp-content\/gallery\/fotostrecke_jordanien_2019\/003_AP5A9008.jpg\"\n               title=\"&lt;strong&gt;Abu Darwisch Moschee auf dem Jabal Ashrafieh, Amman&lt;\/strong&gt;&lt;br \/&gt;Jordanien 2019&lt;br \/&gt;&lt;span&gt;[Bild-Id: 16083]&lt;\/span&gt;\"\n               data-src=\"http:\/\/foto-passion.com\/wp-content\/gallery\/fotostrecke_jordanien_2019\/003_AP5A9008.jpg\"\n               data-thumbnail=\"http:\/\/foto-passion.com\/wp-content\/gallery\/fotostrecke_jordanien_2019\/thumbs\/thumbs_003_AP5A9008.jpg\"\n               data-image-id=\"16083\"\n               data-title=\"Abu Darwisch Moschee auf dem Jabal Ashrafieh, Amman\"\n               data-description=\"&lt;strong&gt;Abu Darwisch Moschee auf dem Jabal Ashrafieh, Amman&lt;\/strong&gt;&lt;br \/&gt;Jordanien 2019&lt;br \/&gt;&lt;span&gt;[Bild-Id: 16083]&lt;\/span&gt;\"\n               data-image-slug=\"abu-darwisch-moschee-auf-dem-jabal-ashrafieh-amman-18\"\n               class=\"ngg-simplelightbox\" rel=\"d28309a2323eda04a297b1c87bec0912\">\n                <img loading=\"lazy\"\n                    title=\"Abu Darwisch Moschee auf dem Jabal Ashrafieh, Amman\"\n                    alt=\"Abu Darwisch Moschee auf dem Jabal Ashrafieh, Amman\"\n                    src=\"http:\/\/foto-passion.com\/wp-content\/gallery\/fotostrecke_jordanien_2019\/cache\/003_AP5A9008.jpg-nggid0516083-ngg0dyn-150x100x100-00f0w010c011r110f110r010t010.jpg\"\n                    width=\"150\"\n                    height=\"100\"\n                    style=\"max-width:100%;\"\n                \/>\n            <\/a>\n        <\/div>\n\t\t\t\t\t\t\t<\/div> \n\t\t\t\n                            \n\t\t\t\t<div id=\"ngg-image-3\" class=\"ngg-gallery-thumbnail-box\" >\n\t\t\t\t        <div class=\"ngg-gallery-thumbnail\">\n            <a href=\"http:\/\/foto-passion.com\/wp-content\/gallery\/fotostrecke_jordanien_2019\/004_AP5A9016.jpg\"\n               title=\"&lt;strong&gt;Abu Darwisch Moschee auf dem Jabal Ashrafieh, Amman&lt;\/strong&gt;&lt;br \/&gt;Jordanien 2019&lt;br \/&gt;&lt;span&gt;[Bild-Id: 16084]&lt;\/span&gt;\"\n               data-src=\"http:\/\/foto-passion.com\/wp-content\/gallery\/fotostrecke_jordanien_2019\/004_AP5A9016.jpg\"\n               data-thumbnail=\"http:\/\/foto-passion.com\/wp-content\/gallery\/fotostrecke_jordanien_2019\/thumbs\/thumbs_004_AP5A9016.jpg\"\n               data-image-id=\"16084\"\n               data-title=\"Abu Darwisch Moschee auf dem Jabal Ashrafieh, Amman\"\n               data-description=\"&lt;strong&gt;Abu Darwisch Moschee auf dem Jabal Ashrafieh, Amman&lt;\/strong&gt;&lt;br \/&gt;Jordanien 2019&lt;br \/&gt;&lt;span&gt;[Bild-Id: 16084]&lt;\/span&gt;\"\n               data-image-slug=\"abu-darwisch-moschee-auf-dem-jabal-ashrafieh-amman-19\"\n               class=\"ngg-simplelightbox\" rel=\"d28309a2323eda04a297b1c87bec0912\">\n                <img loading=\"lazy\"\n                    title=\"Abu Darwisch Moschee auf dem Jabal Ashrafieh, Amman\"\n                    alt=\"Abu Darwisch Moschee auf dem Jabal Ashrafieh, Amman\"\n                    src=\"http:\/\/foto-passion.com\/wp-content\/gallery\/fotostrecke_jordanien_2019\/cache\/004_AP5A9016.jpg-nggid0516084-ngg0dyn-150x100x100-00f0w010c011r110f110r010t010.jpg\"\n                    width=\"150\"\n                    height=\"100\"\n                    style=\"max-width:100%;\"\n                \/>\n            <\/a>\n        <\/div>\n\t\t\t\t\t\t\t<\/div> \n\t\t\t\n                                    <br style=\"clear: both\" \/>\n                    \n\t\t\n\t\t<div class=\"ngg-clear\"><\/div>\n\t<\/div>\n<\/p>\t\t\t\t\t<\/div>\n\t\t\t\t\t\t<\/div>\n\t\t\t\t<\/div>\n\t\t\t\t\t\t<\/div>\n\t\t\t\t\t<\/div>\n\t\t<\/div>\n\t\t\t\t\t\t\t\t<\/div>\n\t\t\t\t\t<\/div>\n\t\t<\/section>\n\t\t\t\t<section class=\"elementor-section elementor-top-section elementor-element elementor-element-57227d7 elementor-section-boxed elementor-section-height-default elementor-section-height-default\" data-id=\"57227d7\" data-element_type=\"section\">\n\t\t\t\t\t\t<div class=\"elementor-container elementor-column-gap-default\">\n\t\t\t\t\t\t\t<div class=\"elementor-row\">\n\t\t\t\t\t<div class=\"elementor-column elementor-col-100 elementor-top-column elementor-element elementor-element-0697d53\" data-id=\"0697d53\" data-element_type=\"column\">\n\t\t\t<div class=\"elementor-column-wrap elementor-element-populated\">\n\t\t\t\t\t\t\t<div class=\"elementor-widget-wrap\">\n\t\t\t\t\t\t<div class=\"elementor-element elementor-element-96cb258 elementor-widget elementor-widget-text-editor\" data-id=\"96cb258\" data-element_type=\"widget\" data-widget_type=\"text-editor.default\">\n\t\t\t\t<div class=\"elementor-widget-container\">\n\t\t\t\t\t\t\t\t<div class=\"elementor-text-editor elementor-clearfix\">\n\t\t\t\t\t<p style=\"text-align: justify;\">Vom H\u00fcgel aus haben wir einen guten Ausblick auf das H\u00e4usermeer und wir sind erstaunt und entsetzt, wie schmutzig es \u00fcberall ist. Die meisten H\u00e4user sind nicht gerade gepflegt und auf den Stra\u00dfen liegt jede Menge M\u00fcll. Auch die meisten Autos sind fahrende Schrottkarren und viele von ihnen pusten in gro\u00dfen grauen Wolken flei\u00dfig Abgase in die Luft. Gut, dass wir Deutschen so verantwortungsbewusst sind und uns kaum noch trauen, ein St\u00fcck Fleisch zu essen, weil doch da die K\u00fche pubsen m\u00fcssen. Jedes Gramm CO2, das wir einsparen, wird hier hundertfach in die Luft geblasen.<\/p><p style=\"text-align: justify;\">Als wir die Stadt verlassen, sind wir regelrecht entsetzt, was wir sehen. Da, wo der M\u00fcll an der Stra\u00dfe \u00fcberhaupt etwas zusammengekehrt wird, wird er in eine Ecke geschoben und angez\u00fcndet. Das viele Plastik stinkt nat\u00fcrlich gewaltig und russt rabenschwarz. Diese schwarzen Rauchs\u00e4ulen begegnen uns an vielen Ecken sowohl in der Stadt als auch Au\u00dferhalb. Da wo nichts zusammengekehrt wird, liegt \u00fcberall der M\u00fcll verstreut. Ganze Felder liegen voller M\u00fcll &#8211; ein Meer von Plastik und Dreck, wohin man blickt. Vor uns die Fahrzeuge drehen einfach die Scheibe runter und werfen ihren M\u00fcll in die Landschaft. Wir sch\u00fctteln nur verst\u00e4ndnislos den Kopf und sind total entsetzt. Schon wird uns klar, dass wir nach unserer Oman-Reise die hohen Erwartungen an dieses Land wohl nicht erf\u00fcllt bekommen. Obwohl der Oman ja nicht sehr weit entfernt ist, scheinen die Menschen hier eine v\u00f6llig andere Mentalit\u00e4t zu haben.<\/p><p style=\"text-align: justify;\">Unsere Fahrt verl\u00e4uft \u00f6stlich von Amman in Richtung Saudi Arabien und Irak. Ein komisches Gef\u00fchl beschleicht uns, als wir auf den Wegweisern lesen, dass es nur 360 km bis zum Irak sind. Das erkl\u00e4rt dann auch dass wir ziemlich h\u00e4ufig an sehr gut gesichertem Milit\u00e4rgel\u00e4nde vorbei fahren. Dort stehen die Panzer und Fahrzeuge mit Schnellfeuergewehren auf dem Dach immer schon schuss- und einsatzbereit.<\/p><p style=\"text-align: justify;\">Die alten W\u00fcstenschl\u00f6sser bzw. das, was teilweise von ihnen noch \u00fcbrig ist, befinden sich ziemlich in der Ein\u00f6de. Viel mehr als Schafherden und ein paar Beduinenzelte gibt es eher selten zu sehen. Zuerst halten wir am \u201eQasr Kharana\u201c. Dieses W\u00fcstenschloss ist von Au\u00dfen ein recht schmuckloser Kasten, der besichtigt werden kann. Es gilt als eines der am besten erhaltenen W\u00fcstenschl\u00f6sser Jordaniens. In der Mitte des Geb\u00e4udes gab es einen Innenhof und \u00fcber zwei Etagen soll es 60 Zimmer gegeben haben. Die wahre Bedeutung des Geb\u00e4udes ist jedoch nicht bekannt.<\/p>\t\t\t\t\t<\/div>\n\t\t\t\t\t\t<\/div>\n\t\t\t\t<\/div>\n\t\t\t\t\t\t<\/div>\n\t\t\t\t\t<\/div>\n\t\t<\/div>\n\t\t\t\t\t\t\t\t<\/div>\n\t\t\t\t\t<\/div>\n\t\t<\/section>\n\t\t\t\t<section class=\"elementor-section elementor-top-section elementor-element elementor-element-a7dd57d elementor-section-boxed elementor-section-height-default elementor-section-height-default\" data-id=\"a7dd57d\" data-element_type=\"section\">\n\t\t\t\t\t\t<div class=\"elementor-container elementor-column-gap-default\">\n\t\t\t\t\t\t\t<div class=\"elementor-row\">\n\t\t\t\t\t<div class=\"elementor-column elementor-col-100 elementor-top-column elementor-element elementor-element-f8455e6\" data-id=\"f8455e6\" data-element_type=\"column\">\n\t\t\t<div class=\"elementor-column-wrap elementor-element-populated\">\n\t\t\t\t\t\t\t<div class=\"elementor-widget-wrap\">\n\t\t\t\t\t\t<div class=\"elementor-element elementor-element-6faa6a6 elementor-widget elementor-widget-text-editor\" data-id=\"6faa6a6\" data-element_type=\"widget\" data-widget_type=\"text-editor.default\">\n\t\t\t\t<div class=\"elementor-widget-container\">\n\t\t\t\t\t\t\t\t<div class=\"elementor-text-editor elementor-clearfix\">\n\t\t\t\t\t<p><!-- index.php -->\n<div\n\tclass=\"ngg-galleryoverview ngg-ajax-pagination-none\"\n\tid=\"ngg-gallery-fbc7c23f544d003ec153d27d1b17a4cb-1\">\n\n    \t\t<!-- Thumbnails -->\n\t\t\t\t<div id=\"ngg-image-0\" class=\"ngg-gallery-thumbnail-box\" >\n\t\t\t\t        <div class=\"ngg-gallery-thumbnail\">\n            <a href=\"http:\/\/foto-passion.com\/wp-content\/gallery\/fotostrecke_jordanien_2019\/005_AP5A9046.jpg\"\n               title=\"&lt;strong&gt;W\u00fcstenschloss Quasr Al-Kharana (Quasr Al-Kharaneh)&lt;\/strong&gt;&lt;br \/&gt;Jordanien 2019&lt;br \/&gt;&lt;span&gt;[Bild-Id: 16085]&lt;\/span&gt;\"\n               data-src=\"http:\/\/foto-passion.com\/wp-content\/gallery\/fotostrecke_jordanien_2019\/005_AP5A9046.jpg\"\n               data-thumbnail=\"http:\/\/foto-passion.com\/wp-content\/gallery\/fotostrecke_jordanien_2019\/thumbs\/thumbs_005_AP5A9046.jpg\"\n               data-image-id=\"16085\"\n               data-title=\"W\u00fcstenschloss Quasr Al-Kharana (Quasr Al-Kharaneh)\"\n               data-description=\"&lt;strong&gt;W\u00fcstenschloss Quasr Al-Kharana (Quasr Al-Kharaneh)&lt;\/strong&gt;&lt;br \/&gt;Jordanien 2019&lt;br \/&gt;&lt;span&gt;[Bild-Id: 16085]&lt;\/span&gt;\"\n               data-image-slug=\"wuestenschloss-quasr-al-kharana-quasr-al-kharaneh-16\"\n               class=\"ngg-simplelightbox\" rel=\"fbc7c23f544d003ec153d27d1b17a4cb\">\n                <img loading=\"lazy\"\n                    title=\"W\u00fcstenschloss Quasr Al-Kharana (Quasr Al-Kharaneh)\"\n                    alt=\"W\u00fcstenschloss Quasr Al-Kharana (Quasr Al-Kharaneh)\"\n                    src=\"http:\/\/foto-passion.com\/wp-content\/gallery\/fotostrecke_jordanien_2019\/cache\/005_AP5A9046.jpg-nggid0516085-ngg0dyn-150x100x100-00f0w010c011r110f110r010t010.jpg\"\n                    width=\"150\"\n                    height=\"100\"\n                    style=\"max-width:100%;\"\n                \/>\n            <\/a>\n        <\/div>\n\t\t\t\t\t\t\t<\/div> \n\t\t\t\n                            \n\t\t\t\t<div id=\"ngg-image-1\" class=\"ngg-gallery-thumbnail-box\" >\n\t\t\t\t        <div class=\"ngg-gallery-thumbnail\">\n            <a href=\"http:\/\/foto-passion.com\/wp-content\/gallery\/fotostrecke_jordanien_2019\/006_AP5A9100.jpg\"\n               title=\"&lt;strong&gt;W\u00fcstenschloss Quasr Al-Kharana (Quasr Al-Kharaneh)&lt;\/strong&gt;&lt;br \/&gt;Jordanien 2019&lt;br \/&gt;&lt;span&gt;[Bild-Id: 16086]&lt;\/span&gt;\"\n               data-src=\"http:\/\/foto-passion.com\/wp-content\/gallery\/fotostrecke_jordanien_2019\/006_AP5A9100.jpg\"\n               data-thumbnail=\"http:\/\/foto-passion.com\/wp-content\/gallery\/fotostrecke_jordanien_2019\/thumbs\/thumbs_006_AP5A9100.jpg\"\n               data-image-id=\"16086\"\n               data-title=\"W\u00fcstenschloss Quasr Al-Kharana (Quasr Al-Kharaneh)\"\n               data-description=\"&lt;strong&gt;W\u00fcstenschloss Quasr Al-Kharana (Quasr Al-Kharaneh)&lt;\/strong&gt;&lt;br \/&gt;Jordanien 2019&lt;br \/&gt;&lt;span&gt;[Bild-Id: 16086]&lt;\/span&gt;\"\n               data-image-slug=\"wuestenschloss-quasr-al-kharana-quasr-al-kharaneh-17\"\n               class=\"ngg-simplelightbox\" rel=\"fbc7c23f544d003ec153d27d1b17a4cb\">\n                <img loading=\"lazy\"\n                    title=\"W\u00fcstenschloss Quasr Al-Kharana (Quasr Al-Kharaneh)\"\n                    alt=\"W\u00fcstenschloss Quasr Al-Kharana (Quasr Al-Kharaneh)\"\n                    src=\"http:\/\/foto-passion.com\/wp-content\/gallery\/fotostrecke_jordanien_2019\/cache\/006_AP5A9100.jpg-nggid0516086-ngg0dyn-150x100x100-00f0w010c011r110f110r010t010.jpg\"\n                    width=\"150\"\n                    height=\"100\"\n                    style=\"max-width:100%;\"\n                \/>\n            <\/a>\n        <\/div>\n\t\t\t\t\t\t\t<\/div> \n\t\t\t\n                            \n\t\t\t\t<div id=\"ngg-image-2\" class=\"ngg-gallery-thumbnail-box\" >\n\t\t\t\t        <div class=\"ngg-gallery-thumbnail\">\n            <a href=\"http:\/\/foto-passion.com\/wp-content\/gallery\/fotostrecke_jordanien_2019\/007_AP5A9130.jpg\"\n               title=\"&lt;strong&gt;W\u00fcstenschloss Quasr Al-Kharana (Quasr Al-Kharaneh)&lt;\/strong&gt;&lt;br \/&gt;Jordanien 2019&lt;br \/&gt;&lt;span&gt;[Bild-Id: 16087]&lt;\/span&gt;\"\n               data-src=\"http:\/\/foto-passion.com\/wp-content\/gallery\/fotostrecke_jordanien_2019\/007_AP5A9130.jpg\"\n               data-thumbnail=\"http:\/\/foto-passion.com\/wp-content\/gallery\/fotostrecke_jordanien_2019\/thumbs\/thumbs_007_AP5A9130.jpg\"\n               data-image-id=\"16087\"\n               data-title=\"W\u00fcstenschloss Quasr Al-Kharana (Quasr Al-Kharaneh)\"\n               data-description=\"&lt;strong&gt;W\u00fcstenschloss Quasr Al-Kharana (Quasr Al-Kharaneh)&lt;\/strong&gt;&lt;br \/&gt;Jordanien 2019&lt;br \/&gt;&lt;span&gt;[Bild-Id: 16087]&lt;\/span&gt;\"\n               data-image-slug=\"wuestenschloss-quasr-al-kharana-quasr-al-kharaneh-18\"\n               class=\"ngg-simplelightbox\" rel=\"fbc7c23f544d003ec153d27d1b17a4cb\">\n                <img loading=\"lazy\"\n                    title=\"W\u00fcstenschloss Quasr Al-Kharana (Quasr Al-Kharaneh)\"\n                    alt=\"W\u00fcstenschloss Quasr Al-Kharana (Quasr Al-Kharaneh)\"\n                    src=\"http:\/\/foto-passion.com\/wp-content\/gallery\/fotostrecke_jordanien_2019\/cache\/007_AP5A9130.jpg-nggid0516087-ngg0dyn-150x100x100-00f0w010c011r110f110r010t010.jpg\"\n                    width=\"150\"\n                    height=\"100\"\n                    style=\"max-width:100%;\"\n                \/>\n            <\/a>\n        <\/div>\n\t\t\t\t\t\t\t<\/div> \n\t\t\t\n                            \n\t\t\t\t<div id=\"ngg-image-3\" class=\"ngg-gallery-thumbnail-box\" >\n\t\t\t\t        <div class=\"ngg-gallery-thumbnail\">\n            <a href=\"http:\/\/foto-passion.com\/wp-content\/gallery\/fotostrecke_jordanien_2019\/008_AP5A9135.jpg\"\n               title=\"&lt;strong&gt;W\u00fcstenschloss Quasr Al-Kharana (Quasr Al-Kharaneh)&lt;\/strong&gt;&lt;br \/&gt;Jordanien 2019&lt;br \/&gt;&lt;span&gt;[Bild-Id: 16088]&lt;\/span&gt;\"\n               data-src=\"http:\/\/foto-passion.com\/wp-content\/gallery\/fotostrecke_jordanien_2019\/008_AP5A9135.jpg\"\n               data-thumbnail=\"http:\/\/foto-passion.com\/wp-content\/gallery\/fotostrecke_jordanien_2019\/thumbs\/thumbs_008_AP5A9135.jpg\"\n               data-image-id=\"16088\"\n               data-title=\"W\u00fcstenschloss Quasr Al-Kharana (Quasr Al-Kharaneh)\"\n               data-description=\"&lt;strong&gt;W\u00fcstenschloss Quasr Al-Kharana (Quasr Al-Kharaneh)&lt;\/strong&gt;&lt;br \/&gt;Jordanien 2019&lt;br \/&gt;&lt;span&gt;[Bild-Id: 16088]&lt;\/span&gt;\"\n               data-image-slug=\"wuestenschloss-quasr-al-kharana-quasr-al-kharaneh-19\"\n               class=\"ngg-simplelightbox\" rel=\"fbc7c23f544d003ec153d27d1b17a4cb\">\n                <img loading=\"lazy\"\n                    title=\"W\u00fcstenschloss Quasr Al-Kharana (Quasr Al-Kharaneh)\"\n                    alt=\"W\u00fcstenschloss Quasr Al-Kharana (Quasr Al-Kharaneh)\"\n                    src=\"http:\/\/foto-passion.com\/wp-content\/gallery\/fotostrecke_jordanien_2019\/cache\/008_AP5A9135.jpg-nggid0516088-ngg0dyn-150x100x100-00f0w010c011r110f110r010t010.jpg\"\n                    width=\"150\"\n                    height=\"100\"\n                    style=\"max-width:100%;\"\n                \/>\n            <\/a>\n        <\/div>\n\t\t\t\t\t\t\t<\/div> \n\t\t\t\n                                    <br style=\"clear: both\" \/>\n                    \n\t\t\n\t\t<div class=\"ngg-clear\"><\/div>\n\t<\/div>\n<\/p>\t\t\t\t\t<\/div>\n\t\t\t\t\t\t<\/div>\n\t\t\t\t<\/div>\n\t\t\t\t\t\t<\/div>\n\t\t\t\t\t<\/div>\n\t\t<\/div>\n\t\t\t\t\t\t\t\t<\/div>\n\t\t\t\t\t<\/div>\n\t\t<\/section>\n\t\t\t\t<section class=\"elementor-section elementor-top-section elementor-element elementor-element-89fccca elementor-section-boxed elementor-section-height-default elementor-section-height-default\" data-id=\"89fccca\" data-element_type=\"section\">\n\t\t\t\t\t\t<div class=\"elementor-container elementor-column-gap-default\">\n\t\t\t\t\t\t\t<div class=\"elementor-row\">\n\t\t\t\t\t<div class=\"elementor-column elementor-col-100 elementor-top-column elementor-element elementor-element-40378d5\" data-id=\"40378d5\" data-element_type=\"column\">\n\t\t\t<div class=\"elementor-column-wrap elementor-element-populated\">\n\t\t\t\t\t\t\t<div class=\"elementor-widget-wrap\">\n\t\t\t\t\t\t<div class=\"elementor-element elementor-element-6b08d94 elementor-widget elementor-widget-text-editor\" data-id=\"6b08d94\" data-element_type=\"widget\" data-widget_type=\"text-editor.default\">\n\t\t\t\t<div class=\"elementor-widget-container\">\n\t\t\t\t\t\t\t\t<div class=\"elementor-text-editor elementor-clearfix\">\n\t\t\t\t\t<p style=\"text-align: justify;\">Nachdem wir alles besichtigt haben, setzen wir die Fahrt fort und machen den n\u00e4chsten Stopp am relativ kleinen \u201eQasr Al Amra\u201c. Dieses soll ein ehemaliges Jagdschloss gewesen sein mit einem \u00fcppig bemalten Thronsaal und einem Bad im r\u00f6mischen Stil. Die R\u00e4ume sind jedoch recht klein und man k\u00f6nnte meinen, hier stand das Bad im Vordergrund. Aus einem benachbarten Brunnen wurde die Anlage mit Wasser versorgt. Die reiche Wandbemalung, die man auch nach 1300 Jahren noch erkennen kann, wird derzeit restauriert.<\/p>\t\t\t\t\t<\/div>\n\t\t\t\t\t\t<\/div>\n\t\t\t\t<\/div>\n\t\t\t\t\t\t<\/div>\n\t\t\t\t\t<\/div>\n\t\t<\/div>\n\t\t\t\t\t\t\t\t<\/div>\n\t\t\t\t\t<\/div>\n\t\t<\/section>\n\t\t\t\t<section class=\"elementor-section elementor-top-section elementor-element elementor-element-8d542fb elementor-section-boxed elementor-section-height-default elementor-section-height-default\" data-id=\"8d542fb\" data-element_type=\"section\">\n\t\t\t\t\t\t<div class=\"elementor-container elementor-column-gap-default\">\n\t\t\t\t\t\t\t<div class=\"elementor-row\">\n\t\t\t\t\t<div class=\"elementor-column elementor-col-100 elementor-top-column elementor-element elementor-element-6489fdb\" data-id=\"6489fdb\" data-element_type=\"column\">\n\t\t\t<div class=\"elementor-column-wrap elementor-element-populated\">\n\t\t\t\t\t\t\t<div class=\"elementor-widget-wrap\">\n\t\t\t\t\t\t<div class=\"elementor-element elementor-element-fcaedc2 elementor-widget elementor-widget-text-editor\" data-id=\"fcaedc2\" data-element_type=\"widget\" data-widget_type=\"text-editor.default\">\n\t\t\t\t<div class=\"elementor-widget-container\">\n\t\t\t\t\t\t\t\t<div class=\"elementor-text-editor elementor-clearfix\">\n\t\t\t\t\t<p><!-- index.php -->\n<div\n\tclass=\"ngg-galleryoverview ngg-ajax-pagination-none\"\n\tid=\"ngg-gallery-f41d8ec6db8084b4a0c423e4bf197afb-1\">\n\n    \t\t<!-- Thumbnails -->\n\t\t\t\t<div id=\"ngg-image-0\" class=\"ngg-gallery-thumbnail-box\" >\n\t\t\t\t        <div class=\"ngg-gallery-thumbnail\">\n            <a href=\"http:\/\/foto-passion.com\/wp-content\/gallery\/fotostrecke_jordanien_2019\/009_AP5A9179.jpg\"\n               title=\"&lt;strong&gt;W\u00fcstenschloss Qusair Amra, eine Art Jagdschloss in der W\u00fcste&lt;\/strong&gt;&lt;br \/&gt;Jordanien 2019&lt;br \/&gt;&lt;span&gt;[Bild-Id: 16089]&lt;\/span&gt;\"\n               data-src=\"http:\/\/foto-passion.com\/wp-content\/gallery\/fotostrecke_jordanien_2019\/009_AP5A9179.jpg\"\n               data-thumbnail=\"http:\/\/foto-passion.com\/wp-content\/gallery\/fotostrecke_jordanien_2019\/thumbs\/thumbs_009_AP5A9179.jpg\"\n               data-image-id=\"16089\"\n               data-title=\"W\u00fcstenschloss Qusair Amra, eine Art Jagdschloss in der W\u00fcste\"\n               data-description=\"&lt;strong&gt;W\u00fcstenschloss Qusair Amra, eine Art Jagdschloss in der W\u00fcste&lt;\/strong&gt;&lt;br \/&gt;Jordanien 2019&lt;br \/&gt;&lt;span&gt;[Bild-Id: 16089]&lt;\/span&gt;\"\n               data-image-slug=\"wuestenschloss-qusair-amra-eine-art-jagdschloss-in-der-wueste-4\"\n               class=\"ngg-simplelightbox\" rel=\"f41d8ec6db8084b4a0c423e4bf197afb\">\n                <img loading=\"lazy\"\n                    title=\"W\u00fcstenschloss Qusair Amra, eine Art Jagdschloss in der W\u00fcste\"\n                    alt=\"W\u00fcstenschloss Qusair Amra, eine Art Jagdschloss in der W\u00fcste\"\n                    src=\"http:\/\/foto-passion.com\/wp-content\/gallery\/fotostrecke_jordanien_2019\/cache\/009_AP5A9179.jpg-nggid0516089-ngg0dyn-150x100x100-00f0w010c011r110f110r010t010.jpg\"\n                    width=\"150\"\n                    height=\"100\"\n                    style=\"max-width:100%;\"\n                \/>\n            <\/a>\n        <\/div>\n\t\t\t\t\t\t\t<\/div> \n\t\t\t\n                            \n\t\t\t\t<div id=\"ngg-image-1\" class=\"ngg-gallery-thumbnail-box\" >\n\t\t\t\t        <div class=\"ngg-gallery-thumbnail\">\n            <a href=\"http:\/\/foto-passion.com\/wp-content\/gallery\/fotostrecke_jordanien_2019\/010_AP5A9253.jpg\"\n               title=\"&lt;strong&gt;W\u00fcstenschloss Qusair Amra aus dem fr\u00fchen achten Jahrhundert. Von dem Bau sind noch der Thronsaal und ein Badehaus erhalten.&lt;\/strong&gt;&lt;br \/&gt;Jordanien 2019&lt;br \/&gt;&lt;span style=&quot;font-size:85%;color:#949494;&quot;&gt;[Bild-Id: 16094]&lt;\/span&gt;\"\n               data-src=\"http:\/\/foto-passion.com\/wp-content\/gallery\/fotostrecke_jordanien_2019\/010_AP5A9253.jpg\"\n               data-thumbnail=\"http:\/\/foto-passion.com\/wp-content\/gallery\/fotostrecke_jordanien_2019\/thumbs\/thumbs_010_AP5A9253.jpg\"\n               data-image-id=\"16094\"\n               data-title=\"W\u00fcstenschloss Qusair Amra aus dem fr\u00fchen achten Jahrhundert. Von dem Bau sind noch der Thronsaal und ein Badehaus erhalten.\"\n               data-description=\"&lt;strong&gt;W\u00fcstenschloss Qusair Amra aus dem fr\u00fchen achten Jahrhundert. Von dem Bau sind noch der Thronsaal und ein Badehaus erhalten.&lt;\/strong&gt;&lt;br \/&gt;Jordanien 2019&lt;br \/&gt;&lt;span style=&quot;font-size:85%;color:#949494;&quot;&gt;[Bild-Id: 16094]&lt;\/span&gt;\"\n               data-image-slug=\"010_ap5a9253-1\"\n               class=\"ngg-simplelightbox\" rel=\"f41d8ec6db8084b4a0c423e4bf197afb\">\n                <img loading=\"lazy\"\n                    title=\"W\u00fcstenschloss Qusair Amra aus dem fr\u00fchen achten Jahrhundert. Von dem Bau sind noch der Thronsaal und ein Badehaus erhalten.\"\n                    alt=\"W\u00fcstenschloss Qusair Amra aus dem fr\u00fchen achten Jahrhundert. Von dem Bau sind noch der Thronsaal und ein Badehaus erhalten.\"\n                    src=\"http:\/\/foto-passion.com\/wp-content\/gallery\/fotostrecke_jordanien_2019\/cache\/010_AP5A9253.jpg-nggid0516094-ngg0dyn-150x100x100-00f0w010c011r110f110r010t010.jpg\"\n                    width=\"150\"\n                    height=\"100\"\n                    style=\"max-width:100%;\"\n                \/>\n            <\/a>\n        <\/div>\n\t\t\t\t\t\t\t<\/div> \n\t\t\t\n                            \n\t\t\t\t<div id=\"ngg-image-2\" class=\"ngg-gallery-thumbnail-box\" >\n\t\t\t\t        <div class=\"ngg-gallery-thumbnail\">\n            <a href=\"http:\/\/foto-passion.com\/wp-content\/gallery\/fotostrecke_jordanien_2019\/011_AP5A9260.jpg\"\n               title=\"&lt;strong&gt;W\u00fcstenschloss Qusair Amra, Brunnen&lt;\/strong&gt;&lt;br \/&gt;Jordanien 2019&lt;br \/&gt;&lt;span style=&quot;font-size:85%;color:#949494;&quot;&gt;[Bild-Id: 16095]&lt;\/span&gt;\"\n               data-src=\"http:\/\/foto-passion.com\/wp-content\/gallery\/fotostrecke_jordanien_2019\/011_AP5A9260.jpg\"\n               data-thumbnail=\"http:\/\/foto-passion.com\/wp-content\/gallery\/fotostrecke_jordanien_2019\/thumbs\/thumbs_011_AP5A9260.jpg\"\n               data-image-id=\"16095\"\n               data-title=\"W\u00fcstenschloss Qusair Amra, Brunnen\"\n               data-description=\"&lt;strong&gt;W\u00fcstenschloss Qusair Amra, Brunnen&lt;\/strong&gt;&lt;br \/&gt;Jordanien 2019&lt;br \/&gt;&lt;span style=&quot;font-size:85%;color:#949494;&quot;&gt;[Bild-Id: 16095]&lt;\/span&gt;\"\n               data-image-slug=\"011_ap5a9260-1\"\n               class=\"ngg-simplelightbox\" rel=\"f41d8ec6db8084b4a0c423e4bf197afb\">\n                <img loading=\"lazy\"\n                    title=\"W\u00fcstenschloss Qusair Amra, Brunnen\"\n                    alt=\"W\u00fcstenschloss Qusair Amra, Brunnen\"\n                    src=\"http:\/\/foto-passion.com\/wp-content\/gallery\/fotostrecke_jordanien_2019\/cache\/011_AP5A9260.jpg-nggid0516095-ngg0dyn-150x100x100-00f0w010c011r110f110r010t010.jpg\"\n                    width=\"150\"\n                    height=\"100\"\n                    style=\"max-width:100%;\"\n                \/>\n            <\/a>\n        <\/div>\n\t\t\t\t\t\t\t<\/div> \n\t\t\t\n                            \n\t\t\t\t<div id=\"ngg-image-3\" class=\"ngg-gallery-thumbnail-box\" >\n\t\t\t\t        <div class=\"ngg-gallery-thumbnail\">\n            <a href=\"http:\/\/foto-passion.com\/wp-content\/gallery\/fotostrecke_jordanien_2019\/012_AP5A9277.jpg\"\n               title=\"&lt;strong&gt;W\u00fcstenschloss Qusair Amra, wahrscheinlich erbaut von dem umayyadischen Prinzen al-Walid ibn Yazid, dem sp\u00e4teren Kalifen al-Walid II&lt;\/strong&gt;&lt;br \/&gt;Jordanien 2019&lt;br \/&gt;&lt;span style=&quot;font-size:85%;color:#949494;&quot;&gt;[Bild-Id: 16096]&lt;\/span&gt;\"\n               data-src=\"http:\/\/foto-passion.com\/wp-content\/gallery\/fotostrecke_jordanien_2019\/012_AP5A9277.jpg\"\n               data-thumbnail=\"http:\/\/foto-passion.com\/wp-content\/gallery\/fotostrecke_jordanien_2019\/thumbs\/thumbs_012_AP5A9277.jpg\"\n               data-image-id=\"16096\"\n               data-title=\"W\u00fcstenschloss Qusair Amra, wahrscheinlich erbaut von dem umayyadischen Prinzen al-Walid ibn Yazid, dem sp\u00e4teren Kalifen al-Walid II\"\n               data-description=\"&lt;strong&gt;W\u00fcstenschloss Qusair Amra, wahrscheinlich erbaut von dem umayyadischen Prinzen al-Walid ibn Yazid, dem sp\u00e4teren Kalifen al-Walid II&lt;\/strong&gt;&lt;br \/&gt;Jordanien 2019&lt;br \/&gt;&lt;span style=&quot;font-size:85%;color:#949494;&quot;&gt;[Bild-Id: 16096]&lt;\/span&gt;\"\n               data-image-slug=\"012_ap5a9277-1\"\n               class=\"ngg-simplelightbox\" rel=\"f41d8ec6db8084b4a0c423e4bf197afb\">\n                <img loading=\"lazy\"\n                    title=\"W\u00fcstenschloss Qusair Amra, wahrscheinlich erbaut von dem umayyadischen Prinzen al-Walid ibn Yazid, dem sp\u00e4teren Kalifen al-Walid II\"\n                    alt=\"W\u00fcstenschloss Qusair Amra, wahrscheinlich erbaut von dem umayyadischen Prinzen al-Walid ibn Yazid, dem sp\u00e4teren Kalifen al-Walid II\"\n                    src=\"http:\/\/foto-passion.com\/wp-content\/gallery\/fotostrecke_jordanien_2019\/cache\/012_AP5A9277.jpg-nggid0516096-ngg0dyn-150x100x100-00f0w010c011r110f110r010t010.jpg\"\n                    width=\"150\"\n                    height=\"100\"\n                    style=\"max-width:100%;\"\n                \/>\n            <\/a>\n        <\/div>\n\t\t\t\t\t\t\t<\/div> \n\t\t\t\n                                    <br style=\"clear: both\" \/>\n                    \n\t\t\t\t<div id=\"ngg-image-4\" class=\"ngg-gallery-thumbnail-box\" >\n\t\t\t\t        <div class=\"ngg-gallery-thumbnail\">\n            <a href=\"http:\/\/foto-passion.com\/wp-content\/gallery\/fotostrecke_jordanien_2019\/013_AP5A9195.jpg\"\n               title=\"&lt;strong&gt;W\u00fcstenschloss Qusair Amra, noch recht gut erhaltene alte Fresken&lt;\/strong&gt;&lt;br \/&gt;Jordanien 2019&lt;br \/&gt;&lt;span&gt;[Bild-Id: 16090]&lt;\/span&gt;\"\n               data-src=\"http:\/\/foto-passion.com\/wp-content\/gallery\/fotostrecke_jordanien_2019\/013_AP5A9195.jpg\"\n               data-thumbnail=\"http:\/\/foto-passion.com\/wp-content\/gallery\/fotostrecke_jordanien_2019\/thumbs\/thumbs_013_AP5A9195.jpg\"\n               data-image-id=\"16090\"\n               data-title=\"W\u00fcstenschloss Qusair Amra, noch recht gut erhaltene alte Fresken\"\n               data-description=\"&lt;strong&gt;W\u00fcstenschloss Qusair Amra, noch recht gut erhaltene alte Fresken&lt;\/strong&gt;&lt;br \/&gt;Jordanien 2019&lt;br \/&gt;&lt;span&gt;[Bild-Id: 16090]&lt;\/span&gt;\"\n               data-image-slug=\"wuestenschloss-qusair-amra-noch-recht-gut-erhaltene-alte-fresken-4\"\n               class=\"ngg-simplelightbox\" rel=\"f41d8ec6db8084b4a0c423e4bf197afb\">\n                <img loading=\"lazy\"\n                    title=\"W\u00fcstenschloss Qusair Amra, noch recht gut erhaltene alte Fresken\"\n                    alt=\"W\u00fcstenschloss Qusair Amra, noch recht gut erhaltene alte Fresken\"\n                    src=\"http:\/\/foto-passion.com\/wp-content\/gallery\/fotostrecke_jordanien_2019\/cache\/013_AP5A9195.jpg-nggid0516090-ngg0dyn-150x100x100-00f0w010c011r110f110r010t010.jpg\"\n                    width=\"150\"\n                    height=\"100\"\n                    style=\"max-width:100%;\"\n                \/>\n            <\/a>\n        <\/div>\n\t\t\t\t\t\t\t<\/div> \n\t\t\t\n                            \n\t\t\t\t<div id=\"ngg-image-5\" class=\"ngg-gallery-thumbnail-box\" >\n\t\t\t\t        <div class=\"ngg-gallery-thumbnail\">\n            <a href=\"http:\/\/foto-passion.com\/wp-content\/gallery\/fotostrecke_jordanien_2019\/014_AP5A9215.jpg\"\n               title=\"&lt;strong&gt;W\u00fcstenschloss Qusair Amra, alte Fresken&lt;\/strong&gt;&lt;br \/&gt;Jordanien 2019&lt;br \/&gt;&lt;span style=&quot;font-size:85%;color:#949494;&quot;&gt;[Bild-Id: 16091]&lt;\/span&gt;\"\n               data-src=\"http:\/\/foto-passion.com\/wp-content\/gallery\/fotostrecke_jordanien_2019\/014_AP5A9215.jpg\"\n               data-thumbnail=\"http:\/\/foto-passion.com\/wp-content\/gallery\/fotostrecke_jordanien_2019\/thumbs\/thumbs_014_AP5A9215.jpg\"\n               data-image-id=\"16091\"\n               data-title=\"W\u00fcstenschloss Qusair Amra, alte Fresken\"\n               data-description=\"&lt;strong&gt;W\u00fcstenschloss Qusair Amra, alte Fresken&lt;\/strong&gt;&lt;br \/&gt;Jordanien 2019&lt;br \/&gt;&lt;span style=&quot;font-size:85%;color:#949494;&quot;&gt;[Bild-Id: 16091]&lt;\/span&gt;\"\n               data-image-slug=\"014_ap5a9215-1\"\n               class=\"ngg-simplelightbox\" rel=\"f41d8ec6db8084b4a0c423e4bf197afb\">\n                <img loading=\"lazy\"\n                    title=\"W\u00fcstenschloss Qusair Amra, alte Fresken\"\n                    alt=\"W\u00fcstenschloss Qusair Amra, alte Fresken\"\n                    src=\"http:\/\/foto-passion.com\/wp-content\/gallery\/fotostrecke_jordanien_2019\/cache\/014_AP5A9215.jpg-nggid0516091-ngg0dyn-150x100x100-00f0w010c011r110f110r010t010.jpg\"\n                    width=\"150\"\n                    height=\"100\"\n                    style=\"max-width:100%;\"\n                \/>\n            <\/a>\n        <\/div>\n\t\t\t\t\t\t\t<\/div> \n\t\t\t\n                            \n\t\t\t\t<div id=\"ngg-image-6\" class=\"ngg-gallery-thumbnail-box\" >\n\t\t\t\t        <div class=\"ngg-gallery-thumbnail\">\n            <a href=\"http:\/\/foto-passion.com\/wp-content\/gallery\/fotostrecke_jordanien_2019\/015_AP5A9219.jpg\"\n               title=\"&lt;strong&gt;W\u00fcstenschloss Qusair Amra, Deckengem\u00e4lde&lt;\/strong&gt;&lt;br \/&gt;Jordanien 2019&lt;br \/&gt;&lt;span style=&quot;font-size:85%;color:#949494;&quot;&gt;[Bild-Id: 16092]&lt;\/span&gt;\"\n               data-src=\"http:\/\/foto-passion.com\/wp-content\/gallery\/fotostrecke_jordanien_2019\/015_AP5A9219.jpg\"\n               data-thumbnail=\"http:\/\/foto-passion.com\/wp-content\/gallery\/fotostrecke_jordanien_2019\/thumbs\/thumbs_015_AP5A9219.jpg\"\n               data-image-id=\"16092\"\n               data-title=\"W\u00fcstenschloss Qusair Amra, Deckengem\u00e4lde\"\n               data-description=\"&lt;strong&gt;W\u00fcstenschloss Qusair Amra, Deckengem\u00e4lde&lt;\/strong&gt;&lt;br \/&gt;Jordanien 2019&lt;br \/&gt;&lt;span style=&quot;font-size:85%;color:#949494;&quot;&gt;[Bild-Id: 16092]&lt;\/span&gt;\"\n               data-image-slug=\"015_ap5a9219-1\"\n               class=\"ngg-simplelightbox\" rel=\"f41d8ec6db8084b4a0c423e4bf197afb\">\n                <img loading=\"lazy\"\n                    title=\"W\u00fcstenschloss Qusair Amra, Deckengem\u00e4lde\"\n                    alt=\"W\u00fcstenschloss Qusair Amra, Deckengem\u00e4lde\"\n                    src=\"http:\/\/foto-passion.com\/wp-content\/gallery\/fotostrecke_jordanien_2019\/cache\/015_AP5A9219.jpg-nggid0516092-ngg0dyn-150x100x100-00f0w010c011r110f110r010t010.jpg\"\n                    width=\"150\"\n                    height=\"100\"\n                    style=\"max-width:100%;\"\n                \/>\n            <\/a>\n        <\/div>\n\t\t\t\t\t\t\t<\/div> \n\t\t\t\n                            \n\t\t\t\t<div id=\"ngg-image-7\" class=\"ngg-gallery-thumbnail-box\" >\n\t\t\t\t        <div class=\"ngg-gallery-thumbnail\">\n            <a href=\"http:\/\/foto-passion.com\/wp-content\/gallery\/fotostrecke_jordanien_2019\/016_AP5A9229.jpg\"\n               title=\"&lt;strong&gt;W\u00fcstenschloss Qusair Amra, Deckengem\u00e4lde&lt;\/strong&gt;&lt;br \/&gt;Jordanien 2019&lt;br \/&gt;&lt;span style=&quot;font-size:85%;color:#949494;&quot;&gt;[Bild-Id: 16093]&lt;\/span&gt;\"\n               data-src=\"http:\/\/foto-passion.com\/wp-content\/gallery\/fotostrecke_jordanien_2019\/016_AP5A9229.jpg\"\n               data-thumbnail=\"http:\/\/foto-passion.com\/wp-content\/gallery\/fotostrecke_jordanien_2019\/thumbs\/thumbs_016_AP5A9229.jpg\"\n               data-image-id=\"16093\"\n               data-title=\"W\u00fcstenschloss Qusair Amra, Deckengem\u00e4lde\"\n               data-description=\"&lt;strong&gt;W\u00fcstenschloss Qusair Amra, Deckengem\u00e4lde&lt;\/strong&gt;&lt;br \/&gt;Jordanien 2019&lt;br \/&gt;&lt;span style=&quot;font-size:85%;color:#949494;&quot;&gt;[Bild-Id: 16093]&lt;\/span&gt;\"\n               data-image-slug=\"016_ap5a9229-1\"\n               class=\"ngg-simplelightbox\" rel=\"f41d8ec6db8084b4a0c423e4bf197afb\">\n                <img loading=\"lazy\"\n                    title=\"W\u00fcstenschloss Qusair Amra, Deckengem\u00e4lde\"\n                    alt=\"W\u00fcstenschloss Qusair Amra, Deckengem\u00e4lde\"\n                    src=\"http:\/\/foto-passion.com\/wp-content\/gallery\/fotostrecke_jordanien_2019\/cache\/016_AP5A9229.jpg-nggid0516093-ngg0dyn-150x100x100-00f0w010c011r110f110r010t010.jpg\"\n                    width=\"150\"\n                    height=\"100\"\n                    style=\"max-width:100%;\"\n                \/>\n            <\/a>\n        <\/div>\n\t\t\t\t\t\t\t<\/div> \n\t\t\t\n                                    <br style=\"clear: both\" \/>\n                    \n\t\t\n\t\t<div class=\"ngg-clear\"><\/div>\n\t<\/div>\n<\/p>\t\t\t\t\t<\/div>\n\t\t\t\t\t\t<\/div>\n\t\t\t\t<\/div>\n\t\t\t\t\t\t<\/div>\n\t\t\t\t\t<\/div>\n\t\t<\/div>\n\t\t\t\t\t\t\t\t<\/div>\n\t\t\t\t\t<\/div>\n\t\t<\/section>\n\t\t\t\t<section class=\"elementor-section elementor-top-section elementor-element elementor-element-37ffe98 elementor-section-boxed elementor-section-height-default elementor-section-height-default\" data-id=\"37ffe98\" data-element_type=\"section\">\n\t\t\t\t\t\t<div class=\"elementor-container elementor-column-gap-default\">\n\t\t\t\t\t\t\t<div class=\"elementor-row\">\n\t\t\t\t\t<div class=\"elementor-column elementor-col-100 elementor-top-column elementor-element elementor-element-03b61d7\" data-id=\"03b61d7\" data-element_type=\"column\">\n\t\t\t<div class=\"elementor-column-wrap elementor-element-populated\">\n\t\t\t\t\t\t\t<div class=\"elementor-widget-wrap\">\n\t\t\t\t\t\t<div class=\"elementor-element elementor-element-ab68933 elementor-widget elementor-widget-text-editor\" data-id=\"ab68933\" data-element_type=\"widget\" data-widget_type=\"text-editor.default\">\n\t\t\t\t<div class=\"elementor-widget-container\">\n\t\t\t\t\t\t\t\t<div class=\"elementor-text-editor elementor-clearfix\">\n\t\t\t\t\t<p style=\"text-align: justify;\">Auf dem Weg in Richtung Azraq kommen wir am Fl\u00fcchtlingslager al-Azraq vorbei. Dieses Lager wurde 2014 f\u00fcr Fl\u00fcchtlinge aus dem syrischen B\u00fcrgerkrieg gebaut und ist in 6 D\u00f6rfer aufgeteilt ist. So weit das Auge reicht, sehen wir wei\u00dfe Zelte und Baracken. Es hei\u00dft, dass ca. 40.000 Fl\u00fcchtlinge im Lager leben. Man bekommt ein beklemmendes Gef\u00fchl, wenn man dieses Lager sieht \u2013 v\u00f6llig in der Pampa und ohne Anschluss zur Au\u00dfenwelt und man kann sich ein wenig vorstellen, wie sich diese Menschen f\u00fchlen m\u00fcssen.<\/p><p style=\"text-align: justify;\">Wir fahren weiter in den kleinen Ort Azraq. In dessen Ortsmitte befindet sich \u201eQasr Al-Azraq\u201c, eine Anlage aus schwarzem Basalt, bei der man noch die Umrisse sehen kann. In ihrer Mitte stand eine Moschee. Der Haupteingang besteht aus einer massiven schwenkbaren Granitplatte. Na das ist ja mal eine Eingangst\u00fcr!<\/p>\t\t\t\t\t<\/div>\n\t\t\t\t\t\t<\/div>\n\t\t\t\t<\/div>\n\t\t\t\t\t\t<\/div>\n\t\t\t\t\t<\/div>\n\t\t<\/div>\n\t\t\t\t\t\t\t\t<\/div>\n\t\t\t\t\t<\/div>\n\t\t<\/section>\n\t\t\t\t<section class=\"elementor-section elementor-top-section elementor-element elementor-element-288fcee elementor-section-boxed elementor-section-height-default elementor-section-height-default\" data-id=\"288fcee\" data-element_type=\"section\">\n\t\t\t\t\t\t<div class=\"elementor-container elementor-column-gap-default\">\n\t\t\t\t\t\t\t<div class=\"elementor-row\">\n\t\t\t\t\t<div class=\"elementor-column elementor-col-100 elementor-top-column elementor-element elementor-element-cea1e23\" data-id=\"cea1e23\" data-element_type=\"column\">\n\t\t\t<div class=\"elementor-column-wrap elementor-element-populated\">\n\t\t\t\t\t\t\t<div class=\"elementor-widget-wrap\">\n\t\t\t\t\t\t<div class=\"elementor-element elementor-element-84ff2cc elementor-widget elementor-widget-text-editor\" data-id=\"84ff2cc\" data-element_type=\"widget\" data-widget_type=\"text-editor.default\">\n\t\t\t\t<div class=\"elementor-widget-container\">\n\t\t\t\t\t\t\t\t<div class=\"elementor-text-editor elementor-clearfix\">\n\t\t\t\t\t<p><!-- index.php -->\n<div\n\tclass=\"ngg-galleryoverview ngg-ajax-pagination-none\"\n\tid=\"ngg-gallery-a4215b602f60d8fe2b0ac652307128a8-1\">\n\n    \t\t<!-- Thumbnails -->\n\t\t\t\t<div id=\"ngg-image-0\" class=\"ngg-gallery-thumbnail-box\" >\n\t\t\t\t        <div class=\"ngg-gallery-thumbnail\">\n            <a href=\"http:\/\/foto-passion.com\/wp-content\/gallery\/fotostrecke_jordanien_2019\/017_AP5A9332.jpg\"\n               title=\"&lt;strong&gt;W\u00fcstenschloss Qasr Azraq (Azraq Castle)&lt;\/strong&gt;&lt;br \/&gt;Jordanien 2019&lt;br \/&gt;&lt;span style=&quot;font-size:85%;color:#949494;&quot;&gt;[Bild-Id: 16100]&lt;\/span&gt;\"\n               data-src=\"http:\/\/foto-passion.com\/wp-content\/gallery\/fotostrecke_jordanien_2019\/017_AP5A9332.jpg\"\n               data-thumbnail=\"http:\/\/foto-passion.com\/wp-content\/gallery\/fotostrecke_jordanien_2019\/thumbs\/thumbs_017_AP5A9332.jpg\"\n               data-image-id=\"16100\"\n               data-title=\"W\u00fcstenschloss Qasr Azraq (Azraq Castle)\"\n               data-description=\"&lt;strong&gt;W\u00fcstenschloss Qasr Azraq (Azraq Castle)&lt;\/strong&gt;&lt;br \/&gt;Jordanien 2019&lt;br \/&gt;&lt;span style=&quot;font-size:85%;color:#949494;&quot;&gt;[Bild-Id: 16100]&lt;\/span&gt;\"\n               data-image-slug=\"017_ap5a9332-1\"\n               class=\"ngg-simplelightbox\" rel=\"a4215b602f60d8fe2b0ac652307128a8\">\n                <img loading=\"lazy\"\n                    title=\"W\u00fcstenschloss Qasr Azraq (Azraq Castle)\"\n                    alt=\"W\u00fcstenschloss Qasr Azraq (Azraq Castle)\"\n                    src=\"http:\/\/foto-passion.com\/wp-content\/gallery\/fotostrecke_jordanien_2019\/cache\/017_AP5A9332.jpg-nggid0516100-ngg0dyn-150x100x100-00f0w010c011r110f110r010t010.jpg\"\n                    width=\"150\"\n                    height=\"100\"\n                    style=\"max-width:100%;\"\n                \/>\n            <\/a>\n        <\/div>\n\t\t\t\t\t\t\t<\/div> \n\t\t\t\n                            \n\t\t\t\t<div id=\"ngg-image-1\" class=\"ngg-gallery-thumbnail-box\" >\n\t\t\t\t        <div class=\"ngg-gallery-thumbnail\">\n            <a href=\"http:\/\/foto-passion.com\/wp-content\/gallery\/fotostrecke_jordanien_2019\/018_AP5A9297.jpg\"\n               title=\"&lt;strong&gt;W\u00fcstenschloss Qasr Azraq (Azraq Castle)&lt;\/strong&gt;&lt;br \/&gt;Jordanien 2019&lt;br \/&gt;&lt;span style=&quot;font-size:85%;color:#949494;&quot;&gt;[Bild-Id: 16097]&lt;\/span&gt;\"\n               data-src=\"http:\/\/foto-passion.com\/wp-content\/gallery\/fotostrecke_jordanien_2019\/018_AP5A9297.jpg\"\n               data-thumbnail=\"http:\/\/foto-passion.com\/wp-content\/gallery\/fotostrecke_jordanien_2019\/thumbs\/thumbs_018_AP5A9297.jpg\"\n               data-image-id=\"16097\"\n               data-title=\"W\u00fcstenschloss Qasr Azraq (Azraq Castle)\"\n               data-description=\"&lt;strong&gt;W\u00fcstenschloss Qasr Azraq (Azraq Castle)&lt;\/strong&gt;&lt;br \/&gt;Jordanien 2019&lt;br \/&gt;&lt;span style=&quot;font-size:85%;color:#949494;&quot;&gt;[Bild-Id: 16097]&lt;\/span&gt;\"\n               data-image-slug=\"018_ap5a9297-1\"\n               class=\"ngg-simplelightbox\" rel=\"a4215b602f60d8fe2b0ac652307128a8\">\n                <img loading=\"lazy\"\n                    title=\"W\u00fcstenschloss Qasr Azraq (Azraq Castle)\"\n                    alt=\"W\u00fcstenschloss Qasr Azraq (Azraq Castle)\"\n                    src=\"http:\/\/foto-passion.com\/wp-content\/gallery\/fotostrecke_jordanien_2019\/cache\/018_AP5A9297.jpg-nggid0516097-ngg0dyn-150x100x100-00f0w010c011r110f110r010t010.jpg\"\n                    width=\"150\"\n                    height=\"100\"\n                    style=\"max-width:100%;\"\n                \/>\n            <\/a>\n        <\/div>\n\t\t\t\t\t\t\t<\/div> \n\t\t\t\n                            \n\t\t\t\t<div id=\"ngg-image-2\" class=\"ngg-gallery-thumbnail-box\" >\n\t\t\t\t        <div class=\"ngg-gallery-thumbnail\">\n            <a href=\"http:\/\/foto-passion.com\/wp-content\/gallery\/fotostrecke_jordanien_2019\/019_AP5A9301.jpg\"\n               title=\"&lt;strong&gt;W\u00fcstenschloss Qasr Azraq (Azraq Castle)&lt;\/strong&gt;&lt;br \/&gt;Jordanien 2019&lt;br \/&gt;&lt;span style=&quot;font-size:85%;color:#949494;&quot;&gt;[Bild-Id: 16098]&lt;\/span&gt;\"\n               data-src=\"http:\/\/foto-passion.com\/wp-content\/gallery\/fotostrecke_jordanien_2019\/019_AP5A9301.jpg\"\n               data-thumbnail=\"http:\/\/foto-passion.com\/wp-content\/gallery\/fotostrecke_jordanien_2019\/thumbs\/thumbs_019_AP5A9301.jpg\"\n               data-image-id=\"16098\"\n               data-title=\"W\u00fcstenschloss Qasr Azraq (Azraq Castle)\"\n               data-description=\"&lt;strong&gt;W\u00fcstenschloss Qasr Azraq (Azraq Castle)&lt;\/strong&gt;&lt;br \/&gt;Jordanien 2019&lt;br \/&gt;&lt;span style=&quot;font-size:85%;color:#949494;&quot;&gt;[Bild-Id: 16098]&lt;\/span&gt;\"\n               data-image-slug=\"019_ap5a9301-1\"\n               class=\"ngg-simplelightbox\" rel=\"a4215b602f60d8fe2b0ac652307128a8\">\n                <img loading=\"lazy\"\n                    title=\"W\u00fcstenschloss Qasr Azraq (Azraq Castle)\"\n                    alt=\"W\u00fcstenschloss Qasr Azraq (Azraq Castle)\"\n                    src=\"http:\/\/foto-passion.com\/wp-content\/gallery\/fotostrecke_jordanien_2019\/cache\/019_AP5A9301.jpg-nggid0516098-ngg0dyn-150x100x100-00f0w010c011r110f110r010t010.jpg\"\n                    width=\"150\"\n                    height=\"100\"\n                    style=\"max-width:100%;\"\n                \/>\n            <\/a>\n        <\/div>\n\t\t\t\t\t\t\t<\/div> \n\t\t\t\n                            \n\t\t\t\t<div id=\"ngg-image-3\" class=\"ngg-gallery-thumbnail-box\" >\n\t\t\t\t        <div class=\"ngg-gallery-thumbnail\">\n            <a href=\"http:\/\/foto-passion.com\/wp-content\/gallery\/fotostrecke_jordanien_2019\/020_AP5A9321.jpg\"\n               title=\"&lt;strong&gt;W\u00fcstenschloss Qasr Azraq (Azraq Castle)&lt;\/strong&gt;&lt;br \/&gt;Jordanien 2019&lt;br \/&gt;&lt;span style=&quot;font-size:85%;color:#949494;&quot;&gt;[Bild-Id: 16099]&lt;\/span&gt;\"\n               data-src=\"http:\/\/foto-passion.com\/wp-content\/gallery\/fotostrecke_jordanien_2019\/020_AP5A9321.jpg\"\n               data-thumbnail=\"http:\/\/foto-passion.com\/wp-content\/gallery\/fotostrecke_jordanien_2019\/thumbs\/thumbs_020_AP5A9321.jpg\"\n               data-image-id=\"16099\"\n               data-title=\"W\u00fcstenschloss Qasr Azraq (Azraq Castle)\"\n               data-description=\"&lt;strong&gt;W\u00fcstenschloss Qasr Azraq (Azraq Castle)&lt;\/strong&gt;&lt;br \/&gt;Jordanien 2019&lt;br \/&gt;&lt;span style=&quot;font-size:85%;color:#949494;&quot;&gt;[Bild-Id: 16099]&lt;\/span&gt;\"\n               data-image-slug=\"020_ap5a9321-1\"\n               class=\"ngg-simplelightbox\" rel=\"a4215b602f60d8fe2b0ac652307128a8\">\n                <img loading=\"lazy\"\n                    title=\"W\u00fcstenschloss Qasr Azraq (Azraq Castle)\"\n                    alt=\"W\u00fcstenschloss Qasr Azraq (Azraq Castle)\"\n                    src=\"http:\/\/foto-passion.com\/wp-content\/gallery\/fotostrecke_jordanien_2019\/cache\/020_AP5A9321.jpg-nggid0516099-ngg0dyn-150x100x100-00f0w010c011r110f110r010t010.jpg\"\n                    width=\"150\"\n                    height=\"100\"\n                    style=\"max-width:100%;\"\n                \/>\n            <\/a>\n        <\/div>\n\t\t\t\t\t\t\t<\/div> \n\t\t\t\n                                    <br style=\"clear: both\" \/>\n                    \n\t\t\n\t\t<div class=\"ngg-clear\"><\/div>\n\t<\/div>\n<\/p>\t\t\t\t\t<\/div>\n\t\t\t\t\t\t<\/div>\n\t\t\t\t<\/div>\n\t\t\t\t\t\t<\/div>\n\t\t\t\t\t<\/div>\n\t\t<\/div>\n\t\t\t\t\t\t\t\t<\/div>\n\t\t\t\t\t<\/div>\n\t\t<\/section>\n\t\t\t\t<section class=\"elementor-section elementor-top-section elementor-element elementor-element-5726523 elementor-section-boxed elementor-section-height-default elementor-section-height-default\" data-id=\"5726523\" data-element_type=\"section\">\n\t\t\t\t\t\t<div class=\"elementor-container elementor-column-gap-default\">\n\t\t\t\t\t\t\t<div class=\"elementor-row\">\n\t\t\t\t\t<div class=\"elementor-column elementor-col-100 elementor-top-column elementor-element elementor-element-cd04163\" data-id=\"cd04163\" data-element_type=\"column\">\n\t\t\t<div class=\"elementor-column-wrap elementor-element-populated\">\n\t\t\t\t\t\t\t<div class=\"elementor-widget-wrap\">\n\t\t\t\t\t\t<div class=\"elementor-element elementor-element-b15e7a5 elementor-widget elementor-widget-text-editor\" data-id=\"b15e7a5\" data-element_type=\"widget\" data-widget_type=\"text-editor.default\">\n\t\t\t\t<div class=\"elementor-widget-container\">\n\t\t\t\t\t\t\t\t<div class=\"elementor-text-editor elementor-clearfix\">\n\t\t\t\t\t<p style=\"text-align: justify;\">Gleich hinter dem Ort Azraq kann man noch die Steinhaufen des \u201eQasr Ain-Es-Sil\u201c sehen. Mehr als ein paar Grundmauern gibt es hier aber nicht zu sehen und ausgeschildert ist es auch nicht. Diesen Abstecher kann man sich wirklich schenken.<\/p>\t\t\t\t\t<\/div>\n\t\t\t\t\t\t<\/div>\n\t\t\t\t<\/div>\n\t\t\t\t\t\t<\/div>\n\t\t\t\t\t<\/div>\n\t\t<\/div>\n\t\t\t\t\t\t\t\t<\/div>\n\t\t\t\t\t<\/div>\n\t\t<\/section>\n\t\t\t\t<section class=\"elementor-section elementor-top-section elementor-element elementor-element-a93bd0f elementor-section-boxed elementor-section-height-default elementor-section-height-default\" data-id=\"a93bd0f\" data-element_type=\"section\">\n\t\t\t\t\t\t<div class=\"elementor-container elementor-column-gap-default\">\n\t\t\t\t\t\t\t<div class=\"elementor-row\">\n\t\t\t\t\t<div class=\"elementor-column elementor-col-100 elementor-top-column elementor-element elementor-element-b292414\" data-id=\"b292414\" data-element_type=\"column\">\n\t\t\t<div class=\"elementor-column-wrap elementor-element-populated\">\n\t\t\t\t\t\t\t<div class=\"elementor-widget-wrap\">\n\t\t\t\t\t\t<div class=\"elementor-element elementor-element-b04d455 elementor-widget elementor-widget-text-editor\" data-id=\"b04d455\" data-element_type=\"widget\" data-widget_type=\"text-editor.default\">\n\t\t\t\t<div class=\"elementor-widget-container\">\n\t\t\t\t\t\t\t\t<div class=\"elementor-text-editor elementor-clearfix\">\n\t\t\t\t\t<p><!-- index.php -->\n<div\n\tclass=\"ngg-galleryoverview ngg-ajax-pagination-none\"\n\tid=\"ngg-gallery-68c6bd077a06eeee4599a1df485fe3e0-1\">\n\n    \t\t<!-- Thumbnails -->\n\t\t\t\t<div id=\"ngg-image-0\" class=\"ngg-gallery-thumbnail-box\" >\n\t\t\t\t        <div class=\"ngg-gallery-thumbnail\">\n            <a href=\"http:\/\/foto-passion.com\/wp-content\/gallery\/fotostrecke_jordanien_2019\/021_AP5A9337.jpg\"\n               title=\"&lt;strong&gt;Grundmauern des ehemaligen W\u00fcstenschlosses Qasr Ain-Es-Sil&lt;\/strong&gt;&lt;br \/&gt;Jordanien 2019&lt;br \/&gt;&lt;span style=&quot;font-size:85%;color:#949494;&quot;&gt;[Bild-Id: 16101]&lt;\/span&gt;\"\n               data-src=\"http:\/\/foto-passion.com\/wp-content\/gallery\/fotostrecke_jordanien_2019\/021_AP5A9337.jpg\"\n               data-thumbnail=\"http:\/\/foto-passion.com\/wp-content\/gallery\/fotostrecke_jordanien_2019\/thumbs\/thumbs_021_AP5A9337.jpg\"\n               data-image-id=\"16101\"\n               data-title=\"Grundmauern des ehemaligen W\u00fcstenschlosses Qasr Ain-Es-Sil\"\n               data-description=\"&lt;strong&gt;Grundmauern des ehemaligen W\u00fcstenschlosses Qasr Ain-Es-Sil&lt;\/strong&gt;&lt;br \/&gt;Jordanien 2019&lt;br \/&gt;&lt;span style=&quot;font-size:85%;color:#949494;&quot;&gt;[Bild-Id: 16101]&lt;\/span&gt;\"\n               data-image-slug=\"021_ap5a9337-1\"\n               class=\"ngg-simplelightbox\" rel=\"68c6bd077a06eeee4599a1df485fe3e0\">\n                <img loading=\"lazy\"\n                    title=\"Grundmauern des ehemaligen W\u00fcstenschlosses Qasr Ain-Es-Sil\"\n                    alt=\"Grundmauern des ehemaligen W\u00fcstenschlosses Qasr Ain-Es-Sil\"\n                    src=\"http:\/\/foto-passion.com\/wp-content\/gallery\/fotostrecke_jordanien_2019\/cache\/021_AP5A9337.jpg-nggid0516101-ngg0dyn-150x100x100-00f0w010c011r110f110r010t010.jpg\"\n                    width=\"150\"\n                    height=\"100\"\n                    style=\"max-width:100%;\"\n                \/>\n            <\/a>\n        <\/div>\n\t\t\t\t\t\t\t<\/div> \n\t\t\t\n                            \n\t\t\t\t<div id=\"ngg-image-1\" class=\"ngg-gallery-thumbnail-box\" >\n\t\t\t\t        <div class=\"ngg-gallery-thumbnail\">\n            <a href=\"http:\/\/foto-passion.com\/wp-content\/gallery\/fotostrecke_jordanien_2019\/022_AP5A9338.jpg\"\n               title=\"&lt;strong&gt;Grundmauern des ehemaligen W\u00fcstenschlosses Qasr Ain-Es-Sil&lt;\/strong&gt;&lt;br \/&gt;Jordanien 2019&lt;br \/&gt;&lt;span style=&quot;font-size:85%;color:#949494;&quot;&gt;[Bild-Id: 16102]&lt;\/span&gt;\"\n               data-src=\"http:\/\/foto-passion.com\/wp-content\/gallery\/fotostrecke_jordanien_2019\/022_AP5A9338.jpg\"\n               data-thumbnail=\"http:\/\/foto-passion.com\/wp-content\/gallery\/fotostrecke_jordanien_2019\/thumbs\/thumbs_022_AP5A9338.jpg\"\n               data-image-id=\"16102\"\n               data-title=\"Grundmauern des ehemaligen W\u00fcstenschlosses Qasr Ain-Es-Sil\"\n               data-description=\"&lt;strong&gt;Grundmauern des ehemaligen W\u00fcstenschlosses Qasr Ain-Es-Sil&lt;\/strong&gt;&lt;br \/&gt;Jordanien 2019&lt;br \/&gt;&lt;span style=&quot;font-size:85%;color:#949494;&quot;&gt;[Bild-Id: 16102]&lt;\/span&gt;\"\n               data-image-slug=\"022_ap5a9338-1\"\n               class=\"ngg-simplelightbox\" rel=\"68c6bd077a06eeee4599a1df485fe3e0\">\n                <img loading=\"lazy\"\n                    title=\"Grundmauern des ehemaligen W\u00fcstenschlosses Qasr Ain-Es-Sil\"\n                    alt=\"Grundmauern des ehemaligen W\u00fcstenschlosses Qasr Ain-Es-Sil\"\n                    src=\"http:\/\/foto-passion.com\/wp-content\/gallery\/fotostrecke_jordanien_2019\/cache\/022_AP5A9338.jpg-nggid0516102-ngg0dyn-150x100x100-00f0w010c011r110f110r010t010.jpg\"\n                    width=\"150\"\n                    height=\"100\"\n                    style=\"max-width:100%;\"\n                \/>\n            <\/a>\n        <\/div>\n\t\t\t\t\t\t\t<\/div> \n\t\t\t\n                            \n\t\t\t\t<div id=\"ngg-image-2\" class=\"ngg-gallery-thumbnail-box\" >\n\t\t\t\t        <div class=\"ngg-gallery-thumbnail\">\n            <a href=\"http:\/\/foto-passion.com\/wp-content\/gallery\/fotostrecke_jordanien_2019\/023_AP5A9342.jpg\"\n               title=\"&lt;strong&gt;Grundmauern des ehemaligen W\u00fcstenschlosses Qasr Ain-Es-Sil&lt;\/strong&gt;&lt;br \/&gt;Jordanien 2019&lt;br \/&gt;&lt;span style=&quot;font-size:85%;color:#949494;&quot;&gt;[Bild-Id: 16104]&lt;\/span&gt;\"\n               data-src=\"http:\/\/foto-passion.com\/wp-content\/gallery\/fotostrecke_jordanien_2019\/023_AP5A9342.jpg\"\n               data-thumbnail=\"http:\/\/foto-passion.com\/wp-content\/gallery\/fotostrecke_jordanien_2019\/thumbs\/thumbs_023_AP5A9342.jpg\"\n               data-image-id=\"16104\"\n               data-title=\"Grundmauern des ehemaligen W\u00fcstenschlosses Qasr Ain-Es-Sil\"\n               data-description=\"&lt;strong&gt;Grundmauern des ehemaligen W\u00fcstenschlosses Qasr Ain-Es-Sil&lt;\/strong&gt;&lt;br \/&gt;Jordanien 2019&lt;br \/&gt;&lt;span style=&quot;font-size:85%;color:#949494;&quot;&gt;[Bild-Id: 16104]&lt;\/span&gt;\"\n               data-image-slug=\"023_ap5a9342-1\"\n               class=\"ngg-simplelightbox\" rel=\"68c6bd077a06eeee4599a1df485fe3e0\">\n                <img loading=\"lazy\"\n                    title=\"Grundmauern des ehemaligen W\u00fcstenschlosses Qasr Ain-Es-Sil\"\n                    alt=\"Grundmauern des ehemaligen W\u00fcstenschlosses Qasr Ain-Es-Sil\"\n                    src=\"http:\/\/foto-passion.com\/wp-content\/gallery\/fotostrecke_jordanien_2019\/cache\/023_AP5A9342.jpg-nggid0516104-ngg0dyn-150x100x100-00f0w010c011r110f110r010t010.jpg\"\n                    width=\"150\"\n                    height=\"100\"\n                    style=\"max-width:100%;\"\n                \/>\n            <\/a>\n        <\/div>\n\t\t\t\t\t\t\t<\/div> \n\t\t\t\n                            \n\t\t\t\t<div id=\"ngg-image-3\" class=\"ngg-gallery-thumbnail-box\" >\n\t\t\t\t        <div class=\"ngg-gallery-thumbnail\">\n            <a href=\"http:\/\/foto-passion.com\/wp-content\/gallery\/fotostrecke_jordanien_2019\/024_AP5A9341.jpg\"\n               title=\"&lt;strong&gt;Grundmauern des ehemaligen W\u00fcstenschlosses Qasr Ain-Es-Sil&lt;\/strong&gt;&lt;br \/&gt;Jordanien 2019&lt;br \/&gt;&lt;span style=&quot;font-size:85%;color:#949494;&quot;&gt;[Bild-Id: 16103]&lt;\/span&gt;\"\n               data-src=\"http:\/\/foto-passion.com\/wp-content\/gallery\/fotostrecke_jordanien_2019\/024_AP5A9341.jpg\"\n               data-thumbnail=\"http:\/\/foto-passion.com\/wp-content\/gallery\/fotostrecke_jordanien_2019\/thumbs\/thumbs_024_AP5A9341.jpg\"\n               data-image-id=\"16103\"\n               data-title=\"Grundmauern des ehemaligen W\u00fcstenschlosses Qasr Ain-Es-Sil\"\n               data-description=\"&lt;strong&gt;Grundmauern des ehemaligen W\u00fcstenschlosses Qasr Ain-Es-Sil&lt;\/strong&gt;&lt;br \/&gt;Jordanien 2019&lt;br \/&gt;&lt;span style=&quot;font-size:85%;color:#949494;&quot;&gt;[Bild-Id: 16103]&lt;\/span&gt;\"\n               data-image-slug=\"024_ap5a9341-1\"\n               class=\"ngg-simplelightbox\" rel=\"68c6bd077a06eeee4599a1df485fe3e0\">\n                <img loading=\"lazy\"\n                    title=\"Grundmauern des ehemaligen W\u00fcstenschlosses Qasr Ain-Es-Sil\"\n                    alt=\"Grundmauern des ehemaligen W\u00fcstenschlosses Qasr Ain-Es-Sil\"\n                    src=\"http:\/\/foto-passion.com\/wp-content\/gallery\/fotostrecke_jordanien_2019\/cache\/024_AP5A9341.jpg-nggid0516103-ngg0dyn-150x100x100-00f0w010c011r110f110r010t010.jpg\"\n                    width=\"150\"\n                    height=\"100\"\n                    style=\"max-width:100%;\"\n                \/>\n            <\/a>\n        <\/div>\n\t\t\t\t\t\t\t<\/div> \n\t\t\t\n                                    <br style=\"clear: both\" \/>\n                    \n\t\t\n\t\t<div class=\"ngg-clear\"><\/div>\n\t<\/div>\n<\/p>\t\t\t\t\t<\/div>\n\t\t\t\t\t\t<\/div>\n\t\t\t\t<\/div>\n\t\t\t\t\t\t<\/div>\n\t\t\t\t\t<\/div>\n\t\t<\/div>\n\t\t\t\t\t\t\t\t<\/div>\n\t\t\t\t\t<\/div>\n\t\t<\/section>\n\t\t\t\t<section class=\"elementor-section elementor-top-section elementor-element elementor-element-e7a2a5c elementor-section-boxed elementor-section-height-default elementor-section-height-default\" data-id=\"e7a2a5c\" data-element_type=\"section\">\n\t\t\t\t\t\t<div class=\"elementor-container elementor-column-gap-default\">\n\t\t\t\t\t\t\t<div class=\"elementor-row\">\n\t\t\t\t\t<div class=\"elementor-column elementor-col-100 elementor-top-column elementor-element elementor-element-05de72a\" data-id=\"05de72a\" data-element_type=\"column\">\n\t\t\t<div class=\"elementor-column-wrap elementor-element-populated\">\n\t\t\t\t\t\t\t<div class=\"elementor-widget-wrap\">\n\t\t\t\t\t\t<div class=\"elementor-element elementor-element-6454650 elementor-widget elementor-widget-text-editor\" data-id=\"6454650\" data-element_type=\"widget\" data-widget_type=\"text-editor.default\">\n\t\t\t\t<div class=\"elementor-widget-container\">\n\t\t\t\t\t\t\t\t<div class=\"elementor-text-editor elementor-clearfix\">\n\t\t\t\t\t<p style=\"text-align: justify;\">Daf\u00fcr entdecken wir auf der Weiterfahrt zum \u201eQasr Al Hallabat\u201c noch ein kleines, sch\u00f6n restauriertes \u00a0Badehaus \u201eHammam As Sarah\u201c, das wir dank eines nicht ganz geschlossenen Tores auch aus der N\u00e4he besichtigen k\u00f6nnen.<\/p>\t\t\t\t\t<\/div>\n\t\t\t\t\t\t<\/div>\n\t\t\t\t<\/div>\n\t\t\t\t\t\t<\/div>\n\t\t\t\t\t<\/div>\n\t\t<\/div>\n\t\t\t\t\t\t\t\t<\/div>\n\t\t\t\t\t<\/div>\n\t\t<\/section>\n\t\t\t\t<section class=\"elementor-section elementor-top-section elementor-element elementor-element-58870c7 elementor-section-boxed elementor-section-height-default elementor-section-height-default\" data-id=\"58870c7\" data-element_type=\"section\">\n\t\t\t\t\t\t<div class=\"elementor-container elementor-column-gap-default\">\n\t\t\t\t\t\t\t<div class=\"elementor-row\">\n\t\t\t\t\t<div class=\"elementor-column elementor-col-100 elementor-top-column elementor-element elementor-element-6cc9fea\" data-id=\"6cc9fea\" data-element_type=\"column\">\n\t\t\t<div class=\"elementor-column-wrap elementor-element-populated\">\n\t\t\t\t\t\t\t<div class=\"elementor-widget-wrap\">\n\t\t\t\t\t\t<div class=\"elementor-element elementor-element-37b5ce0 elementor-widget elementor-widget-text-editor\" data-id=\"37b5ce0\" data-element_type=\"widget\" data-widget_type=\"text-editor.default\">\n\t\t\t\t<div class=\"elementor-widget-container\">\n\t\t\t\t\t\t\t\t<div class=\"elementor-text-editor elementor-clearfix\">\n\t\t\t\t\t<p><!-- index.php -->\n<div\n\tclass=\"ngg-galleryoverview ngg-ajax-pagination-none\"\n\tid=\"ngg-gallery-ae41e38231c6f4af51123aafefccda68-1\">\n\n    \t\t<!-- Thumbnails -->\n\t\t\t\t<div id=\"ngg-image-0\" class=\"ngg-gallery-thumbnail-box\" >\n\t\t\t\t        <div class=\"ngg-gallery-thumbnail\">\n            <a href=\"http:\/\/foto-passion.com\/wp-content\/gallery\/fotostrecke_jordanien_2019\/025_AP5A9371.jpg\"\n               title=\"&lt;strong&gt;Badehaus \u201eHammam As Sarah\u201c&lt;\/strong&gt;&lt;br \/&gt;Jordanien 2019&lt;br \/&gt;&lt;span style=&quot;font-size:85%;color:#949494;&quot;&gt;[Bild-Id: 16108]&lt;\/span&gt;\"\n               data-src=\"http:\/\/foto-passion.com\/wp-content\/gallery\/fotostrecke_jordanien_2019\/025_AP5A9371.jpg\"\n               data-thumbnail=\"http:\/\/foto-passion.com\/wp-content\/gallery\/fotostrecke_jordanien_2019\/thumbs\/thumbs_025_AP5A9371.jpg\"\n               data-image-id=\"16108\"\n               data-title=\"Badehaus \u201eHammam As Sarah\u201c\"\n               data-description=\"&lt;strong&gt;Badehaus \u201eHammam As Sarah\u201c&lt;\/strong&gt;&lt;br \/&gt;Jordanien 2019&lt;br \/&gt;&lt;span style=&quot;font-size:85%;color:#949494;&quot;&gt;[Bild-Id: 16108]&lt;\/span&gt;\"\n               data-image-slug=\"025_ap5a9371-1\"\n               class=\"ngg-simplelightbox\" rel=\"ae41e38231c6f4af51123aafefccda68\">\n                <img loading=\"lazy\"\n                    title=\"Badehaus \u201eHammam As Sarah\u201c\"\n                    alt=\"Badehaus \u201eHammam As Sarah\u201c\"\n                    src=\"http:\/\/foto-passion.com\/wp-content\/gallery\/fotostrecke_jordanien_2019\/cache\/025_AP5A9371.jpg-nggid0516108-ngg0dyn-150x100x100-00f0w010c011r110f110r010t010.jpg\"\n                    width=\"150\"\n                    height=\"100\"\n                    style=\"max-width:100%;\"\n                \/>\n            <\/a>\n        <\/div>\n\t\t\t\t\t\t\t<\/div> \n\t\t\t\n                            \n\t\t\t\t<div id=\"ngg-image-1\" class=\"ngg-gallery-thumbnail-box\" >\n\t\t\t\t        <div class=\"ngg-gallery-thumbnail\">\n            <a href=\"http:\/\/foto-passion.com\/wp-content\/gallery\/fotostrecke_jordanien_2019\/026_AP5A9353.jpg\"\n               title=\"&lt;strong&gt;Badehaus \u201eHammam As Sarah\u201c&lt;\/strong&gt;&lt;br \/&gt;Jordanien 2019&lt;br \/&gt;&lt;span style=&quot;font-size:85%;color:#949494;&quot;&gt;[Bild-Id: 16105]&lt;\/span&gt;\"\n               data-src=\"http:\/\/foto-passion.com\/wp-content\/gallery\/fotostrecke_jordanien_2019\/026_AP5A9353.jpg\"\n               data-thumbnail=\"http:\/\/foto-passion.com\/wp-content\/gallery\/fotostrecke_jordanien_2019\/thumbs\/thumbs_026_AP5A9353.jpg\"\n               data-image-id=\"16105\"\n               data-title=\"Badehaus \u201eHammam As Sarah\u201c\"\n               data-description=\"&lt;strong&gt;Badehaus \u201eHammam As Sarah\u201c&lt;\/strong&gt;&lt;br \/&gt;Jordanien 2019&lt;br \/&gt;&lt;span style=&quot;font-size:85%;color:#949494;&quot;&gt;[Bild-Id: 16105]&lt;\/span&gt;\"\n               data-image-slug=\"026_ap5a9353-1\"\n               class=\"ngg-simplelightbox\" rel=\"ae41e38231c6f4af51123aafefccda68\">\n                <img loading=\"lazy\"\n                    title=\"Badehaus \u201eHammam As Sarah\u201c\"\n                    alt=\"Badehaus \u201eHammam As Sarah\u201c\"\n                    src=\"http:\/\/foto-passion.com\/wp-content\/gallery\/fotostrecke_jordanien_2019\/cache\/026_AP5A9353.jpg-nggid0516105-ngg0dyn-150x100x100-00f0w010c011r110f110r010t010.jpg\"\n                    width=\"150\"\n                    height=\"100\"\n                    style=\"max-width:100%;\"\n                \/>\n            <\/a>\n        <\/div>\n\t\t\t\t\t\t\t<\/div> \n\t\t\t\n                            \n\t\t\t\t<div id=\"ngg-image-2\" class=\"ngg-gallery-thumbnail-box\" >\n\t\t\t\t        <div class=\"ngg-gallery-thumbnail\">\n            <a href=\"http:\/\/foto-passion.com\/wp-content\/gallery\/fotostrecke_jordanien_2019\/027_AP5A9363.jpg\"\n               title=\"&lt;strong&gt;Badehaus \u201eHammam As Sarah\u201c&lt;\/strong&gt;&lt;br \/&gt;Jordanien 2019&lt;br \/&gt;&lt;span style=&quot;font-size:85%;color:#949494;&quot;&gt;[Bild-Id: 16106]&lt;\/span&gt;\"\n               data-src=\"http:\/\/foto-passion.com\/wp-content\/gallery\/fotostrecke_jordanien_2019\/027_AP5A9363.jpg\"\n               data-thumbnail=\"http:\/\/foto-passion.com\/wp-content\/gallery\/fotostrecke_jordanien_2019\/thumbs\/thumbs_027_AP5A9363.jpg\"\n               data-image-id=\"16106\"\n               data-title=\"Badehaus \u201eHammam As Sarah\u201c\"\n               data-description=\"&lt;strong&gt;Badehaus \u201eHammam As Sarah\u201c&lt;\/strong&gt;&lt;br \/&gt;Jordanien 2019&lt;br \/&gt;&lt;span style=&quot;font-size:85%;color:#949494;&quot;&gt;[Bild-Id: 16106]&lt;\/span&gt;\"\n               data-image-slug=\"027_ap5a9363-1\"\n               class=\"ngg-simplelightbox\" rel=\"ae41e38231c6f4af51123aafefccda68\">\n                <img loading=\"lazy\"\n                    title=\"Badehaus \u201eHammam As Sarah\u201c\"\n                    alt=\"Badehaus \u201eHammam As Sarah\u201c\"\n                    src=\"http:\/\/foto-passion.com\/wp-content\/gallery\/fotostrecke_jordanien_2019\/cache\/027_AP5A9363.jpg-nggid0516106-ngg0dyn-150x100x100-00f0w010c011r110f110r010t010.jpg\"\n                    width=\"150\"\n                    height=\"100\"\n                    style=\"max-width:100%;\"\n                \/>\n            <\/a>\n        <\/div>\n\t\t\t\t\t\t\t<\/div> \n\t\t\t\n                            \n\t\t\t\t<div id=\"ngg-image-3\" class=\"ngg-gallery-thumbnail-box\" >\n\t\t\t\t        <div class=\"ngg-gallery-thumbnail\">\n            <a href=\"http:\/\/foto-passion.com\/wp-content\/gallery\/fotostrecke_jordanien_2019\/028_AP5A9367.jpg\"\n               title=\"&lt;strong&gt;Badehaus \u201eHammam As Sarah\u201c&lt;\/strong&gt;&lt;br \/&gt;Jordanien 2019&lt;br \/&gt;&lt;span style=&quot;font-size:85%;color:#949494;&quot;&gt;[Bild-Id: 16107]&lt;\/span&gt;\"\n               data-src=\"http:\/\/foto-passion.com\/wp-content\/gallery\/fotostrecke_jordanien_2019\/028_AP5A9367.jpg\"\n               data-thumbnail=\"http:\/\/foto-passion.com\/wp-content\/gallery\/fotostrecke_jordanien_2019\/thumbs\/thumbs_028_AP5A9367.jpg\"\n               data-image-id=\"16107\"\n               data-title=\"Badehaus \u201eHammam As Sarah\u201c\"\n               data-description=\"&lt;strong&gt;Badehaus \u201eHammam As Sarah\u201c&lt;\/strong&gt;&lt;br \/&gt;Jordanien 2019&lt;br \/&gt;&lt;span style=&quot;font-size:85%;color:#949494;&quot;&gt;[Bild-Id: 16107]&lt;\/span&gt;\"\n               data-image-slug=\"028_ap5a9367-1\"\n               class=\"ngg-simplelightbox\" rel=\"ae41e38231c6f4af51123aafefccda68\">\n                <img loading=\"lazy\"\n                    title=\"Badehaus \u201eHammam As Sarah\u201c\"\n                    alt=\"Badehaus \u201eHammam As Sarah\u201c\"\n                    src=\"http:\/\/foto-passion.com\/wp-content\/gallery\/fotostrecke_jordanien_2019\/cache\/028_AP5A9367.jpg-nggid0516107-ngg0dyn-150x100x100-00f0w010c011r110f110r010t010.jpg\"\n                    width=\"150\"\n                    height=\"100\"\n                    style=\"max-width:100%;\"\n                \/>\n            <\/a>\n        <\/div>\n\t\t\t\t\t\t\t<\/div> \n\t\t\t\n                                    <br style=\"clear: both\" \/>\n                    \n\t\t\n\t\t<div class=\"ngg-clear\"><\/div>\n\t<\/div>\n<\/p>\t\t\t\t\t<\/div>\n\t\t\t\t\t\t<\/div>\n\t\t\t\t<\/div>\n\t\t\t\t\t\t<\/div>\n\t\t\t\t\t<\/div>\n\t\t<\/div>\n\t\t\t\t\t\t\t\t<\/div>\n\t\t\t\t\t<\/div>\n\t\t<\/section>\n\t\t\t\t<section class=\"elementor-section elementor-top-section elementor-element elementor-element-113a0e9 elementor-section-boxed elementor-section-height-default elementor-section-height-default\" data-id=\"113a0e9\" data-element_type=\"section\">\n\t\t\t\t\t\t<div class=\"elementor-container elementor-column-gap-default\">\n\t\t\t\t\t\t\t<div class=\"elementor-row\">\n\t\t\t\t\t<div class=\"elementor-column elementor-col-100 elementor-top-column elementor-element elementor-element-8890535\" data-id=\"8890535\" data-element_type=\"column\">\n\t\t\t<div class=\"elementor-column-wrap elementor-element-populated\">\n\t\t\t\t\t\t\t<div class=\"elementor-widget-wrap\">\n\t\t\t\t\t\t<div class=\"elementor-element elementor-element-4674c7b elementor-widget elementor-widget-text-editor\" data-id=\"4674c7b\" data-element_type=\"widget\" data-widget_type=\"text-editor.default\">\n\t\t\t\t<div class=\"elementor-widget-container\">\n\t\t\t\t\t\t\t\t<div class=\"elementor-text-editor elementor-clearfix\">\n\t\t\t\t\t<p style=\"text-align: justify;\">\u201eQasr Al Hallabat\u201c liegt etwas abseits und bis dort hin werden die \u201enormalen\u201c Touristen nicht gebracht. So sind wir hier dann auch die einzigen Besucher und k\u00f6nnen uns in aller Ruhe umschauen. Das eine Geb\u00e4ude ist sehr sch\u00f6n restauriert, w\u00e4hrend der Hauptpalast aus schwarzem Basalt von au\u00dfen eher wenig einladend aussieht. Daf\u00fcr entdecken wir hier ein paar echte Highlights. Wir sehen wundersch\u00f6ne Bodenmosaike mit Tiermotiven, wie etwa einen Flamingo, aufw\u00e4ndige Freskos und Stuckarbeiten. Besonders beeindruckend sind jedoch die Torb\u00f6gen, bei denen man sich fragt, wie das seit dem 2. Jh. halten konnte. Noch immer verw\u00f6hnt uns die Sonne und stahlblauer Himmel liefert den w\u00fcrdigen Rahmen f\u00fcr diese kulturhistorischen Kleinode.<\/p>\t\t\t\t\t<\/div>\n\t\t\t\t\t\t<\/div>\n\t\t\t\t<\/div>\n\t\t\t\t\t\t<\/div>\n\t\t\t\t\t<\/div>\n\t\t<\/div>\n\t\t\t\t\t\t\t\t<\/div>\n\t\t\t\t\t<\/div>\n\t\t<\/section>\n\t\t\t\t<section class=\"elementor-section elementor-top-section elementor-element elementor-element-49df17f elementor-section-boxed elementor-section-height-default elementor-section-height-default\" data-id=\"49df17f\" data-element_type=\"section\">\n\t\t\t\t\t\t<div class=\"elementor-container elementor-column-gap-default\">\n\t\t\t\t\t\t\t<div class=\"elementor-row\">\n\t\t\t\t\t<div class=\"elementor-column elementor-col-100 elementor-top-column elementor-element elementor-element-1a150c6\" data-id=\"1a150c6\" data-element_type=\"column\">\n\t\t\t<div class=\"elementor-column-wrap elementor-element-populated\">\n\t\t\t\t\t\t\t<div class=\"elementor-widget-wrap\">\n\t\t\t\t\t\t<div class=\"elementor-element elementor-element-f9967f5 elementor-widget elementor-widget-text-editor\" data-id=\"f9967f5\" data-element_type=\"widget\" data-widget_type=\"text-editor.default\">\n\t\t\t\t<div class=\"elementor-widget-container\">\n\t\t\t\t\t\t\t\t<div class=\"elementor-text-editor elementor-clearfix\">\n\t\t\t\t\t<p><span style=\"font-size: 16px; color: var( --e-global-color-text ); font-family: var( --e-global-typography-bc761ce-font-family ), Sans-serif; font-weight: var( --e-global-typography-bc761ce-font-weight ); letter-spacing: var( --e-global-typography-bc761ce-letter-spacing ); background-color: transparent;\"><!-- index.php -->\n<div\n\tclass=\"ngg-galleryoverview ngg-ajax-pagination-none\"\n\tid=\"ngg-gallery-10eb6536989f57d3e19c7e8c5ebc807b-1\">\n\n    \t\t<!-- Thumbnails -->\n\t\t\t\t<div id=\"ngg-image-0\" class=\"ngg-gallery-thumbnail-box\" >\n\t\t\t\t        <div class=\"ngg-gallery-thumbnail\">\n            <a href=\"http:\/\/foto-passion.com\/wp-content\/gallery\/fotostrecke_jordanien_2019\/029_AP5A9373.jpg\"\n               title=\"&lt;strong&gt;W\u00fcstenschloss \u201eQasr Al Hallabat\u201c&lt;\/strong&gt;&lt;br \/&gt;Jordanien 2019&lt;br \/&gt;&lt;span style=&quot;font-size:85%;color:#949494;&quot;&gt;[Bild-Id: 16109]&lt;\/span&gt;\"\n               data-src=\"http:\/\/foto-passion.com\/wp-content\/gallery\/fotostrecke_jordanien_2019\/029_AP5A9373.jpg\"\n               data-thumbnail=\"http:\/\/foto-passion.com\/wp-content\/gallery\/fotostrecke_jordanien_2019\/thumbs\/thumbs_029_AP5A9373.jpg\"\n               data-image-id=\"16109\"\n               data-title=\"W\u00fcstenschloss \u201eQasr Al Hallabat\u201c\"\n               data-description=\"&lt;strong&gt;W\u00fcstenschloss \u201eQasr Al Hallabat\u201c&lt;\/strong&gt;&lt;br \/&gt;Jordanien 2019&lt;br \/&gt;&lt;span style=&quot;font-size:85%;color:#949494;&quot;&gt;[Bild-Id: 16109]&lt;\/span&gt;\"\n               data-image-slug=\"029_ap5a9373-1\"\n               class=\"ngg-simplelightbox\" rel=\"10eb6536989f57d3e19c7e8c5ebc807b\">\n                <img loading=\"lazy\"\n                    title=\"W\u00fcstenschloss \u201eQasr Al Hallabat\u201c\"\n                    alt=\"W\u00fcstenschloss \u201eQasr Al Hallabat\u201c\"\n                    src=\"http:\/\/foto-passion.com\/wp-content\/gallery\/fotostrecke_jordanien_2019\/cache\/029_AP5A9373.jpg-nggid0516109-ngg0dyn-150x100x100-00f0w010c011r110f110r010t010.jpg\"\n                    width=\"150\"\n                    height=\"100\"\n                    style=\"max-width:100%;\"\n                \/>\n            <\/a>\n        <\/div>\n\t\t\t\t\t\t\t<\/div> \n\t\t\t\n                            \n\t\t\t\t<div id=\"ngg-image-1\" class=\"ngg-gallery-thumbnail-box\" >\n\t\t\t\t        <div class=\"ngg-gallery-thumbnail\">\n            <a href=\"http:\/\/foto-passion.com\/wp-content\/gallery\/fotostrecke_jordanien_2019\/030_AP5A9374.jpg\"\n               title=\"&lt;strong&gt;W\u00fcstenschloss \u201eQasr Al Hallabat\u201c&lt;\/strong&gt;&lt;br \/&gt;Jordanien 2019&lt;br \/&gt;&lt;span style=&quot;font-size:85%;color:#949494;&quot;&gt;[Bild-Id: 16110]&lt;\/span&gt;\"\n               data-src=\"http:\/\/foto-passion.com\/wp-content\/gallery\/fotostrecke_jordanien_2019\/030_AP5A9374.jpg\"\n               data-thumbnail=\"http:\/\/foto-passion.com\/wp-content\/gallery\/fotostrecke_jordanien_2019\/thumbs\/thumbs_030_AP5A9374.jpg\"\n               data-image-id=\"16110\"\n               data-title=\"W\u00fcstenschloss \u201eQasr Al Hallabat\u201c\"\n               data-description=\"&lt;strong&gt;W\u00fcstenschloss \u201eQasr Al Hallabat\u201c&lt;\/strong&gt;&lt;br \/&gt;Jordanien 2019&lt;br \/&gt;&lt;span style=&quot;font-size:85%;color:#949494;&quot;&gt;[Bild-Id: 16110]&lt;\/span&gt;\"\n               data-image-slug=\"030_ap5a9374-1\"\n               class=\"ngg-simplelightbox\" rel=\"10eb6536989f57d3e19c7e8c5ebc807b\">\n                <img loading=\"lazy\"\n                    title=\"W\u00fcstenschloss \u201eQasr Al Hallabat\u201c\"\n                    alt=\"W\u00fcstenschloss \u201eQasr Al Hallabat\u201c\"\n                    src=\"http:\/\/foto-passion.com\/wp-content\/gallery\/fotostrecke_jordanien_2019\/cache\/030_AP5A9374.jpg-nggid0516110-ngg0dyn-150x100x100-00f0w010c011r110f110r010t010.jpg\"\n                    width=\"150\"\n                    height=\"100\"\n                    style=\"max-width:100%;\"\n                \/>\n            <\/a>\n        <\/div>\n\t\t\t\t\t\t\t<\/div> \n\t\t\t\n                            \n\t\t\t\t<div id=\"ngg-image-2\" class=\"ngg-gallery-thumbnail-box\" >\n\t\t\t\t        <div class=\"ngg-gallery-thumbnail\">\n            <a href=\"http:\/\/foto-passion.com\/wp-content\/gallery\/fotostrecke_jordanien_2019\/031_AP5A9376.jpg\"\n               title=\"&lt;strong&gt;W\u00fcstenschloss \u201eQasr Al Hallabat\u201c&lt;\/strong&gt;&lt;br \/&gt;Jordanien 2019&lt;br \/&gt;&lt;span style=&quot;font-size:85%;color:#949494;&quot;&gt;[Bild-Id: 16111]&lt;\/span&gt;\"\n               data-src=\"http:\/\/foto-passion.com\/wp-content\/gallery\/fotostrecke_jordanien_2019\/031_AP5A9376.jpg\"\n               data-thumbnail=\"http:\/\/foto-passion.com\/wp-content\/gallery\/fotostrecke_jordanien_2019\/thumbs\/thumbs_031_AP5A9376.jpg\"\n               data-image-id=\"16111\"\n               data-title=\"W\u00fcstenschloss \u201eQasr Al Hallabat\u201c\"\n               data-description=\"&lt;strong&gt;W\u00fcstenschloss \u201eQasr Al Hallabat\u201c&lt;\/strong&gt;&lt;br \/&gt;Jordanien 2019&lt;br \/&gt;&lt;span style=&quot;font-size:85%;color:#949494;&quot;&gt;[Bild-Id: 16111]&lt;\/span&gt;\"\n               data-image-slug=\"031_ap5a9376-1\"\n               class=\"ngg-simplelightbox\" rel=\"10eb6536989f57d3e19c7e8c5ebc807b\">\n                <img loading=\"lazy\"\n                    title=\"W\u00fcstenschloss \u201eQasr Al Hallabat\u201c\"\n                    alt=\"W\u00fcstenschloss \u201eQasr Al Hallabat\u201c\"\n                    src=\"http:\/\/foto-passion.com\/wp-content\/gallery\/fotostrecke_jordanien_2019\/cache\/031_AP5A9376.jpg-nggid0516111-ngg0dyn-150x100x100-00f0w010c011r110f110r010t010.jpg\"\n                    width=\"150\"\n                    height=\"100\"\n                    style=\"max-width:100%;\"\n                \/>\n            <\/a>\n        <\/div>\n\t\t\t\t\t\t\t<\/div> \n\t\t\t\n                            \n\t\t\t\t<div id=\"ngg-image-3\" class=\"ngg-gallery-thumbnail-box\" >\n\t\t\t\t        <div class=\"ngg-gallery-thumbnail\">\n            <a href=\"http:\/\/foto-passion.com\/wp-content\/gallery\/fotostrecke_jordanien_2019\/032_AP5A9379.jpg\"\n               title=\"&lt;strong&gt;W\u00fcstenschloss \u201eQasr Al Hallabat\u201c, Moschee&lt;\/strong&gt;&lt;br \/&gt;Jordanien 2019&lt;br \/&gt;&lt;span style=&quot;font-size:85%;color:#949494;&quot;&gt;[Bild-Id: 16112]&lt;\/span&gt;\"\n               data-src=\"http:\/\/foto-passion.com\/wp-content\/gallery\/fotostrecke_jordanien_2019\/032_AP5A9379.jpg\"\n               data-thumbnail=\"http:\/\/foto-passion.com\/wp-content\/gallery\/fotostrecke_jordanien_2019\/thumbs\/thumbs_032_AP5A9379.jpg\"\n               data-image-id=\"16112\"\n               data-title=\"W\u00fcstenschloss \u201eQasr Al Hallabat\u201c, Moschee\"\n               data-description=\"&lt;strong&gt;W\u00fcstenschloss \u201eQasr Al Hallabat\u201c, Moschee&lt;\/strong&gt;&lt;br \/&gt;Jordanien 2019&lt;br \/&gt;&lt;span style=&quot;font-size:85%;color:#949494;&quot;&gt;[Bild-Id: 16112]&lt;\/span&gt;\"\n               data-image-slug=\"032_ap5a9379-1\"\n               class=\"ngg-simplelightbox\" rel=\"10eb6536989f57d3e19c7e8c5ebc807b\">\n                <img loading=\"lazy\"\n                    title=\"W\u00fcstenschloss \u201eQasr Al Hallabat\u201c, Moschee\"\n                    alt=\"W\u00fcstenschloss \u201eQasr Al Hallabat\u201c, Moschee\"\n                    src=\"http:\/\/foto-passion.com\/wp-content\/gallery\/fotostrecke_jordanien_2019\/cache\/032_AP5A9379.jpg-nggid0516112-ngg0dyn-150x100x100-00f0w010c011r110f110r010t010.jpg\"\n                    width=\"150\"\n                    height=\"100\"\n                    style=\"max-width:100%;\"\n                \/>\n            <\/a>\n        <\/div>\n\t\t\t\t\t\t\t<\/div> \n\t\t\t\n                                    <br style=\"clear: both\" \/>\n                    \n\t\t\t\t<div id=\"ngg-image-4\" class=\"ngg-gallery-thumbnail-box\" >\n\t\t\t\t        <div class=\"ngg-gallery-thumbnail\">\n            <a href=\"http:\/\/foto-passion.com\/wp-content\/gallery\/fotostrecke_jordanien_2019\/033_AP5A9384.jpg\"\n               title=\"&lt;strong&gt;W\u00fcstenschloss \u201eQasr Al Hallabat\u201c, Moschee&lt;\/strong&gt;&lt;br \/&gt;Jordanien 2019&lt;br \/&gt;&lt;span style=&quot;font-size:85%;color:#949494;&quot;&gt;[Bild-Id: 16113]&lt;\/span&gt;\"\n               data-src=\"http:\/\/foto-passion.com\/wp-content\/gallery\/fotostrecke_jordanien_2019\/033_AP5A9384.jpg\"\n               data-thumbnail=\"http:\/\/foto-passion.com\/wp-content\/gallery\/fotostrecke_jordanien_2019\/thumbs\/thumbs_033_AP5A9384.jpg\"\n               data-image-id=\"16113\"\n               data-title=\"W\u00fcstenschloss \u201eQasr Al Hallabat\u201c, Moschee\"\n               data-description=\"&lt;strong&gt;W\u00fcstenschloss \u201eQasr Al Hallabat\u201c, Moschee&lt;\/strong&gt;&lt;br \/&gt;Jordanien 2019&lt;br \/&gt;&lt;span style=&quot;font-size:85%;color:#949494;&quot;&gt;[Bild-Id: 16113]&lt;\/span&gt;\"\n               data-image-slug=\"033_ap5a9384-1\"\n               class=\"ngg-simplelightbox\" rel=\"10eb6536989f57d3e19c7e8c5ebc807b\">\n                <img loading=\"lazy\"\n                    title=\"W\u00fcstenschloss \u201eQasr Al Hallabat\u201c, Moschee\"\n                    alt=\"W\u00fcstenschloss \u201eQasr Al Hallabat\u201c, Moschee\"\n                    src=\"http:\/\/foto-passion.com\/wp-content\/gallery\/fotostrecke_jordanien_2019\/cache\/033_AP5A9384.jpg-nggid0516113-ngg0dyn-150x100x100-00f0w010c011r110f110r010t010.jpg\"\n                    width=\"150\"\n                    height=\"100\"\n                    style=\"max-width:100%;\"\n                \/>\n            <\/a>\n        <\/div>\n\t\t\t\t\t\t\t<\/div> \n\t\t\t\n                            \n\t\t\t\t<div id=\"ngg-image-5\" class=\"ngg-gallery-thumbnail-box\" >\n\t\t\t\t        <div class=\"ngg-gallery-thumbnail\">\n            <a href=\"http:\/\/foto-passion.com\/wp-content\/gallery\/fotostrecke_jordanien_2019\/034_AP5A9386.jpg\"\n               title=\"&lt;strong&gt;W\u00fcstenschloss \u201eQasr Al Hallabat\u201c, Moschee&lt;\/strong&gt;&lt;br \/&gt;Jordanien 2019&lt;br \/&gt;&lt;span style=&quot;font-size:85%;color:#949494;&quot;&gt;[Bild-Id: 16114]&lt;\/span&gt;\"\n               data-src=\"http:\/\/foto-passion.com\/wp-content\/gallery\/fotostrecke_jordanien_2019\/034_AP5A9386.jpg\"\n               data-thumbnail=\"http:\/\/foto-passion.com\/wp-content\/gallery\/fotostrecke_jordanien_2019\/thumbs\/thumbs_034_AP5A9386.jpg\"\n               data-image-id=\"16114\"\n               data-title=\"W\u00fcstenschloss \u201eQasr Al Hallabat\u201c, Moschee\"\n               data-description=\"&lt;strong&gt;W\u00fcstenschloss \u201eQasr Al Hallabat\u201c, Moschee&lt;\/strong&gt;&lt;br \/&gt;Jordanien 2019&lt;br \/&gt;&lt;span style=&quot;font-size:85%;color:#949494;&quot;&gt;[Bild-Id: 16114]&lt;\/span&gt;\"\n               data-image-slug=\"034_ap5a9386-1\"\n               class=\"ngg-simplelightbox\" rel=\"10eb6536989f57d3e19c7e8c5ebc807b\">\n                <img loading=\"lazy\"\n                    title=\"W\u00fcstenschloss \u201eQasr Al Hallabat\u201c, Moschee\"\n                    alt=\"W\u00fcstenschloss \u201eQasr Al Hallabat\u201c, Moschee\"\n                    src=\"http:\/\/foto-passion.com\/wp-content\/gallery\/fotostrecke_jordanien_2019\/cache\/034_AP5A9386.jpg-nggid0516114-ngg0dyn-150x100x100-00f0w010c011r110f110r010t010.jpg\"\n                    width=\"150\"\n                    height=\"100\"\n                    style=\"max-width:100%;\"\n                \/>\n            <\/a>\n        <\/div>\n\t\t\t\t\t\t\t<\/div> \n\t\t\t\n                            \n\t\t\t\t<div id=\"ngg-image-6\" class=\"ngg-gallery-thumbnail-box\" >\n\t\t\t\t        <div class=\"ngg-gallery-thumbnail\">\n            <a href=\"http:\/\/foto-passion.com\/wp-content\/gallery\/fotostrecke_jordanien_2019\/035_AP5A9387.jpg\"\n               title=\"&lt;strong&gt;W\u00fcstenschloss \u201eQasr Al Hallabat\u201c, Moschee&lt;\/strong&gt;&lt;br \/&gt;Jordanien 2019&lt;br \/&gt;&lt;span style=&quot;font-size:85%;color:#949494;&quot;&gt;[Bild-Id: 16115]&lt;\/span&gt;\"\n               data-src=\"http:\/\/foto-passion.com\/wp-content\/gallery\/fotostrecke_jordanien_2019\/035_AP5A9387.jpg\"\n               data-thumbnail=\"http:\/\/foto-passion.com\/wp-content\/gallery\/fotostrecke_jordanien_2019\/thumbs\/thumbs_035_AP5A9387.jpg\"\n               data-image-id=\"16115\"\n               data-title=\"W\u00fcstenschloss \u201eQasr Al Hallabat\u201c, Moschee\"\n               data-description=\"&lt;strong&gt;W\u00fcstenschloss \u201eQasr Al Hallabat\u201c, Moschee&lt;\/strong&gt;&lt;br \/&gt;Jordanien 2019&lt;br \/&gt;&lt;span style=&quot;font-size:85%;color:#949494;&quot;&gt;[Bild-Id: 16115]&lt;\/span&gt;\"\n               data-image-slug=\"035_ap5a9387-1\"\n               class=\"ngg-simplelightbox\" rel=\"10eb6536989f57d3e19c7e8c5ebc807b\">\n                <img loading=\"lazy\"\n                    title=\"W\u00fcstenschloss \u201eQasr Al Hallabat\u201c, Moschee\"\n                    alt=\"W\u00fcstenschloss \u201eQasr Al Hallabat\u201c, Moschee\"\n                    src=\"http:\/\/foto-passion.com\/wp-content\/gallery\/fotostrecke_jordanien_2019\/cache\/035_AP5A9387.jpg-nggid0516115-ngg0dyn-150x100x100-00f0w010c011r110f110r010t010.jpg\"\n                    width=\"150\"\n                    height=\"100\"\n                    style=\"max-width:100%;\"\n                \/>\n            <\/a>\n        <\/div>\n\t\t\t\t\t\t\t<\/div> \n\t\t\t\n                            \n\t\t\t\t<div id=\"ngg-image-7\" class=\"ngg-gallery-thumbnail-box\" >\n\t\t\t\t        <div class=\"ngg-gallery-thumbnail\">\n            <a href=\"http:\/\/foto-passion.com\/wp-content\/gallery\/fotostrecke_jordanien_2019\/036_AP5A9393.jpg\"\n               title=\"&lt;strong&gt;W\u00fcstenschloss \u201eQasr Al Hallabat\u201c, Moschee&lt;\/strong&gt;&lt;br \/&gt;Jordanien 2019&lt;br \/&gt;&lt;span style=&quot;font-size:85%;color:#949494;&quot;&gt;[Bild-Id: 16116]&lt;\/span&gt;\"\n               data-src=\"http:\/\/foto-passion.com\/wp-content\/gallery\/fotostrecke_jordanien_2019\/036_AP5A9393.jpg\"\n               data-thumbnail=\"http:\/\/foto-passion.com\/wp-content\/gallery\/fotostrecke_jordanien_2019\/thumbs\/thumbs_036_AP5A9393.jpg\"\n               data-image-id=\"16116\"\n               data-title=\"W\u00fcstenschloss \u201eQasr Al Hallabat\u201c, Moschee\"\n               data-description=\"&lt;strong&gt;W\u00fcstenschloss \u201eQasr Al Hallabat\u201c, Moschee&lt;\/strong&gt;&lt;br \/&gt;Jordanien 2019&lt;br \/&gt;&lt;span style=&quot;font-size:85%;color:#949494;&quot;&gt;[Bild-Id: 16116]&lt;\/span&gt;\"\n               data-image-slug=\"036_ap5a9393-1\"\n               class=\"ngg-simplelightbox\" rel=\"10eb6536989f57d3e19c7e8c5ebc807b\">\n                <img loading=\"lazy\"\n                    title=\"W\u00fcstenschloss \u201eQasr Al Hallabat\u201c, Moschee\"\n                    alt=\"W\u00fcstenschloss \u201eQasr Al Hallabat\u201c, Moschee\"\n                    src=\"http:\/\/foto-passion.com\/wp-content\/gallery\/fotostrecke_jordanien_2019\/cache\/036_AP5A9393.jpg-nggid0516116-ngg0dyn-150x100x100-00f0w010c011r110f110r010t010.jpg\"\n                    width=\"150\"\n                    height=\"100\"\n                    style=\"max-width:100%;\"\n                \/>\n            <\/a>\n        <\/div>\n\t\t\t\t\t\t\t<\/div> \n\t\t\t\n                                    <br style=\"clear: both\" \/>\n                    \n\t\t\t\t<div id=\"ngg-image-8\" class=\"ngg-gallery-thumbnail-box\" >\n\t\t\t\t        <div class=\"ngg-gallery-thumbnail\">\n            <a href=\"http:\/\/foto-passion.com\/wp-content\/gallery\/fotostrecke_jordanien_2019\/037_AP5A9400.jpg\"\n               title=\"&lt;strong&gt;W\u00fcstenschloss \u201eQasr Al Hallabat\u201c, Palast Innenhof&lt;\/strong&gt;&lt;br \/&gt;Jordanien 2019&lt;br \/&gt;&lt;span style=&quot;font-size:85%;color:#949494;&quot;&gt;[Bild-Id: 16117]&lt;\/span&gt;\"\n               data-src=\"http:\/\/foto-passion.com\/wp-content\/gallery\/fotostrecke_jordanien_2019\/037_AP5A9400.jpg\"\n               data-thumbnail=\"http:\/\/foto-passion.com\/wp-content\/gallery\/fotostrecke_jordanien_2019\/thumbs\/thumbs_037_AP5A9400.jpg\"\n               data-image-id=\"16117\"\n               data-title=\"W\u00fcstenschloss \u201eQasr Al Hallabat\u201c, Palast Innenhof\"\n               data-description=\"&lt;strong&gt;W\u00fcstenschloss \u201eQasr Al Hallabat\u201c, Palast Innenhof&lt;\/strong&gt;&lt;br \/&gt;Jordanien 2019&lt;br \/&gt;&lt;span style=&quot;font-size:85%;color:#949494;&quot;&gt;[Bild-Id: 16117]&lt;\/span&gt;\"\n               data-image-slug=\"037_ap5a9400-1\"\n               class=\"ngg-simplelightbox\" rel=\"10eb6536989f57d3e19c7e8c5ebc807b\">\n                <img loading=\"lazy\"\n                    title=\"W\u00fcstenschloss \u201eQasr Al Hallabat\u201c, Palast Innenhof\"\n                    alt=\"W\u00fcstenschloss \u201eQasr Al Hallabat\u201c, Palast Innenhof\"\n                    src=\"http:\/\/foto-passion.com\/wp-content\/gallery\/fotostrecke_jordanien_2019\/cache\/037_AP5A9400.jpg-nggid0516117-ngg0dyn-150x100x100-00f0w010c011r110f110r010t010.jpg\"\n                    width=\"150\"\n                    height=\"100\"\n                    style=\"max-width:100%;\"\n                \/>\n            <\/a>\n        <\/div>\n\t\t\t\t\t\t\t<\/div> \n\t\t\t\n                            \n\t\t\t\t<div id=\"ngg-image-9\" class=\"ngg-gallery-thumbnail-box\" >\n\t\t\t\t        <div class=\"ngg-gallery-thumbnail\">\n            <a href=\"http:\/\/foto-passion.com\/wp-content\/gallery\/fotostrecke_jordanien_2019\/038_AP5A9413.jpg\"\n               title=\"&lt;strong&gt;W\u00fcstenschloss \u201eQasr Al Hallabat\u201c, Palast Innenhof&lt;\/strong&gt;&lt;br \/&gt;Jordanien 2019&lt;br \/&gt;&lt;span style=&quot;font-size:85%;color:#949494;&quot;&gt;[Bild-Id: 16119]&lt;\/span&gt;\"\n               data-src=\"http:\/\/foto-passion.com\/wp-content\/gallery\/fotostrecke_jordanien_2019\/038_AP5A9413.jpg\"\n               data-thumbnail=\"http:\/\/foto-passion.com\/wp-content\/gallery\/fotostrecke_jordanien_2019\/thumbs\/thumbs_038_AP5A9413.jpg\"\n               data-image-id=\"16119\"\n               data-title=\"W\u00fcstenschloss \u201eQasr Al Hallabat\u201c, Palast Innenhof\"\n               data-description=\"&lt;strong&gt;W\u00fcstenschloss \u201eQasr Al Hallabat\u201c, Palast Innenhof&lt;\/strong&gt;&lt;br \/&gt;Jordanien 2019&lt;br \/&gt;&lt;span style=&quot;font-size:85%;color:#949494;&quot;&gt;[Bild-Id: 16119]&lt;\/span&gt;\"\n               data-image-slug=\"038_ap5a9413-1\"\n               class=\"ngg-simplelightbox\" rel=\"10eb6536989f57d3e19c7e8c5ebc807b\">\n                <img loading=\"lazy\"\n                    title=\"W\u00fcstenschloss \u201eQasr Al Hallabat\u201c, Palast Innenhof\"\n                    alt=\"W\u00fcstenschloss \u201eQasr Al Hallabat\u201c, Palast Innenhof\"\n                    src=\"http:\/\/foto-passion.com\/wp-content\/gallery\/fotostrecke_jordanien_2019\/cache\/038_AP5A9413.jpg-nggid0516119-ngg0dyn-150x100x100-00f0w010c011r110f110r010t010.jpg\"\n                    width=\"150\"\n                    height=\"100\"\n                    style=\"max-width:100%;\"\n                \/>\n            <\/a>\n        <\/div>\n\t\t\t\t\t\t\t<\/div> \n\t\t\t\n                            \n\t\t\t\t<div id=\"ngg-image-10\" class=\"ngg-gallery-thumbnail-box\" >\n\t\t\t\t        <div class=\"ngg-gallery-thumbnail\">\n            <a href=\"http:\/\/foto-passion.com\/wp-content\/gallery\/fotostrecke_jordanien_2019\/039_AP5A9430.jpg\"\n               title=\"&lt;strong&gt;W\u00fcstenschloss \u201eQasr Al Hallabat\u201c, Palast Innenhof&lt;\/strong&gt;&lt;br \/&gt;Jordanien 2019&lt;br \/&gt;&lt;span style=&quot;font-size:85%;color:#949494;&quot;&gt;[Bild-Id: 16121]&lt;\/span&gt;\"\n               data-src=\"http:\/\/foto-passion.com\/wp-content\/gallery\/fotostrecke_jordanien_2019\/039_AP5A9430.jpg\"\n               data-thumbnail=\"http:\/\/foto-passion.com\/wp-content\/gallery\/fotostrecke_jordanien_2019\/thumbs\/thumbs_039_AP5A9430.jpg\"\n               data-image-id=\"16121\"\n               data-title=\"W\u00fcstenschloss \u201eQasr Al Hallabat\u201c, Palast Innenhof\"\n               data-description=\"&lt;strong&gt;W\u00fcstenschloss \u201eQasr Al Hallabat\u201c, Palast Innenhof&lt;\/strong&gt;&lt;br \/&gt;Jordanien 2019&lt;br \/&gt;&lt;span style=&quot;font-size:85%;color:#949494;&quot;&gt;[Bild-Id: 16121]&lt;\/span&gt;\"\n               data-image-slug=\"039_ap5a9430-1\"\n               class=\"ngg-simplelightbox\" rel=\"10eb6536989f57d3e19c7e8c5ebc807b\">\n                <img loading=\"lazy\"\n                    title=\"W\u00fcstenschloss \u201eQasr Al Hallabat\u201c, Palast Innenhof\"\n                    alt=\"W\u00fcstenschloss \u201eQasr Al Hallabat\u201c, Palast Innenhof\"\n                    src=\"http:\/\/foto-passion.com\/wp-content\/gallery\/fotostrecke_jordanien_2019\/cache\/039_AP5A9430.jpg-nggid0516121-ngg0dyn-150x100x100-00f0w010c011r110f110r010t010.jpg\"\n                    width=\"150\"\n                    height=\"100\"\n                    style=\"max-width:100%;\"\n                \/>\n            <\/a>\n        <\/div>\n\t\t\t\t\t\t\t<\/div> \n\t\t\t\n                            \n\t\t\t\t<div id=\"ngg-image-11\" class=\"ngg-gallery-thumbnail-box\" >\n\t\t\t\t        <div class=\"ngg-gallery-thumbnail\">\n            <a href=\"http:\/\/foto-passion.com\/wp-content\/gallery\/fotostrecke_jordanien_2019\/040_AP5A9436.jpg\"\n               title=\"&lt;strong&gt;W\u00fcstenschloss \u201eQasr Al Hallabat\u201c, Palast Innenhof&lt;\/strong&gt;&lt;br \/&gt;Jordanien 2019&lt;br \/&gt;&lt;span style=&quot;font-size:85%;color:#949494;&quot;&gt;[Bild-Id: 16122]&lt;\/span&gt;\"\n               data-src=\"http:\/\/foto-passion.com\/wp-content\/gallery\/fotostrecke_jordanien_2019\/040_AP5A9436.jpg\"\n               data-thumbnail=\"http:\/\/foto-passion.com\/wp-content\/gallery\/fotostrecke_jordanien_2019\/thumbs\/thumbs_040_AP5A9436.jpg\"\n               data-image-id=\"16122\"\n               data-title=\"W\u00fcstenschloss \u201eQasr Al Hallabat\u201c, Palast Innenhof\"\n               data-description=\"&lt;strong&gt;W\u00fcstenschloss \u201eQasr Al Hallabat\u201c, Palast Innenhof&lt;\/strong&gt;&lt;br \/&gt;Jordanien 2019&lt;br \/&gt;&lt;span style=&quot;font-size:85%;color:#949494;&quot;&gt;[Bild-Id: 16122]&lt;\/span&gt;\"\n               data-image-slug=\"040_ap5a9436-1\"\n               class=\"ngg-simplelightbox\" rel=\"10eb6536989f57d3e19c7e8c5ebc807b\">\n                <img loading=\"lazy\"\n                    title=\"W\u00fcstenschloss \u201eQasr Al Hallabat\u201c, Palast Innenhof\"\n                    alt=\"W\u00fcstenschloss \u201eQasr Al Hallabat\u201c, Palast Innenhof\"\n                    src=\"http:\/\/foto-passion.com\/wp-content\/gallery\/fotostrecke_jordanien_2019\/cache\/040_AP5A9436.jpg-nggid0516122-ngg0dyn-150x100x100-00f0w010c011r110f110r010t010.jpg\"\n                    width=\"150\"\n                    height=\"100\"\n                    style=\"max-width:100%;\"\n                \/>\n            <\/a>\n        <\/div>\n\t\t\t\t\t\t\t<\/div> \n\t\t\t\n                                    <br style=\"clear: both\" \/>\n                    \n\t\t\t\t<div id=\"ngg-image-12\" class=\"ngg-gallery-thumbnail-box\" >\n\t\t\t\t        <div class=\"ngg-gallery-thumbnail\">\n            <a href=\"http:\/\/foto-passion.com\/wp-content\/gallery\/fotostrecke_jordanien_2019\/041_AP5A9444.jpg\"\n               title=\"&lt;strong&gt;W\u00fcstenschloss \u201eQasr Al Hallabat\u201c, Mosaikboden im Palast&lt;\/strong&gt;&lt;br \/&gt;Jordanien 2019&lt;br \/&gt;&lt;span style=&quot;font-size:85%;color:#949494;&quot;&gt;[Bild-Id: 16124]&lt;\/span&gt;\"\n               data-src=\"http:\/\/foto-passion.com\/wp-content\/gallery\/fotostrecke_jordanien_2019\/041_AP5A9444.jpg\"\n               data-thumbnail=\"http:\/\/foto-passion.com\/wp-content\/gallery\/fotostrecke_jordanien_2019\/thumbs\/thumbs_041_AP5A9444.jpg\"\n               data-image-id=\"16124\"\n               data-title=\"W\u00fcstenschloss \u201eQasr Al Hallabat\u201c, Mosaikboden im Palast\"\n               data-description=\"&lt;strong&gt;W\u00fcstenschloss \u201eQasr Al Hallabat\u201c, Mosaikboden im Palast&lt;\/strong&gt;&lt;br \/&gt;Jordanien 2019&lt;br \/&gt;&lt;span style=&quot;font-size:85%;color:#949494;&quot;&gt;[Bild-Id: 16124]&lt;\/span&gt;\"\n               data-image-slug=\"041_ap5a9444-1\"\n               class=\"ngg-simplelightbox\" rel=\"10eb6536989f57d3e19c7e8c5ebc807b\">\n                <img loading=\"lazy\"\n                    title=\"W\u00fcstenschloss \u201eQasr Al Hallabat\u201c, Mosaikboden im Palast\"\n                    alt=\"W\u00fcstenschloss \u201eQasr Al Hallabat\u201c, Mosaikboden im Palast\"\n                    src=\"http:\/\/foto-passion.com\/wp-content\/gallery\/fotostrecke_jordanien_2019\/cache\/041_AP5A9444.jpg-nggid0516124-ngg0dyn-150x100x100-00f0w010c011r110f110r010t010.jpg\"\n                    width=\"150\"\n                    height=\"100\"\n                    style=\"max-width:100%;\"\n                \/>\n            <\/a>\n        <\/div>\n\t\t\t\t\t\t\t<\/div> \n\t\t\t\n                            \n\t\t\t\t<div id=\"ngg-image-13\" class=\"ngg-gallery-thumbnail-box\" >\n\t\t\t\t        <div class=\"ngg-gallery-thumbnail\">\n            <a href=\"http:\/\/foto-passion.com\/wp-content\/gallery\/fotostrecke_jordanien_2019\/042_AP5A9411.jpg\"\n               title=\"&lt;strong&gt;W\u00fcstenschloss \u201eQasr Al Hallabat\u201c, Mosaikboden im Palast&lt;\/strong&gt;&lt;br \/&gt;Jordanien 2019&lt;br \/&gt;&lt;span style=&quot;font-size:85%;color:#949494;&quot;&gt;[Bild-Id: 16118]&lt;\/span&gt;\"\n               data-src=\"http:\/\/foto-passion.com\/wp-content\/gallery\/fotostrecke_jordanien_2019\/042_AP5A9411.jpg\"\n               data-thumbnail=\"http:\/\/foto-passion.com\/wp-content\/gallery\/fotostrecke_jordanien_2019\/thumbs\/thumbs_042_AP5A9411.jpg\"\n               data-image-id=\"16118\"\n               data-title=\"W\u00fcstenschloss \u201eQasr Al Hallabat\u201c, Mosaikboden im Palast\"\n               data-description=\"&lt;strong&gt;W\u00fcstenschloss \u201eQasr Al Hallabat\u201c, Mosaikboden im Palast&lt;\/strong&gt;&lt;br \/&gt;Jordanien 2019&lt;br \/&gt;&lt;span style=&quot;font-size:85%;color:#949494;&quot;&gt;[Bild-Id: 16118]&lt;\/span&gt;\"\n               data-image-slug=\"042_ap5a9411-1\"\n               class=\"ngg-simplelightbox\" rel=\"10eb6536989f57d3e19c7e8c5ebc807b\">\n                <img loading=\"lazy\"\n                    title=\"W\u00fcstenschloss \u201eQasr Al Hallabat\u201c, Mosaikboden im Palast\"\n                    alt=\"W\u00fcstenschloss \u201eQasr Al Hallabat\u201c, Mosaikboden im Palast\"\n                    src=\"http:\/\/foto-passion.com\/wp-content\/gallery\/fotostrecke_jordanien_2019\/cache\/042_AP5A9411.jpg-nggid0516118-ngg0dyn-150x100x100-00f0w010c011r110f110r010t010.jpg\"\n                    width=\"150\"\n                    height=\"100\"\n                    style=\"max-width:100%;\"\n                \/>\n            <\/a>\n        <\/div>\n\t\t\t\t\t\t\t<\/div> \n\t\t\t\n                            \n\t\t\t\t<div id=\"ngg-image-14\" class=\"ngg-gallery-thumbnail-box\" >\n\t\t\t\t        <div class=\"ngg-gallery-thumbnail\">\n            <a href=\"http:\/\/foto-passion.com\/wp-content\/gallery\/fotostrecke_jordanien_2019\/043_AP5A9414.jpg\"\n               title=\"&lt;strong&gt;W\u00fcstenschloss \u201eQasr Al Hallabat\u201c, Mosaikboden im Palast&lt;\/strong&gt;&lt;br \/&gt;Jordanien 2019&lt;br \/&gt;&lt;span style=&quot;font-size:85%;color:#949494;&quot;&gt;[Bild-Id: 16120]&lt;\/span&gt;\"\n               data-src=\"http:\/\/foto-passion.com\/wp-content\/gallery\/fotostrecke_jordanien_2019\/043_AP5A9414.jpg\"\n               data-thumbnail=\"http:\/\/foto-passion.com\/wp-content\/gallery\/fotostrecke_jordanien_2019\/thumbs\/thumbs_043_AP5A9414.jpg\"\n               data-image-id=\"16120\"\n               data-title=\"W\u00fcstenschloss \u201eQasr Al Hallabat\u201c, Mosaikboden im Palast\"\n               data-description=\"&lt;strong&gt;W\u00fcstenschloss \u201eQasr Al Hallabat\u201c, Mosaikboden im Palast&lt;\/strong&gt;&lt;br \/&gt;Jordanien 2019&lt;br \/&gt;&lt;span style=&quot;font-size:85%;color:#949494;&quot;&gt;[Bild-Id: 16120]&lt;\/span&gt;\"\n               data-image-slug=\"043_ap5a9414-1\"\n               class=\"ngg-simplelightbox\" rel=\"10eb6536989f57d3e19c7e8c5ebc807b\">\n                <img loading=\"lazy\"\n                    title=\"W\u00fcstenschloss \u201eQasr Al Hallabat\u201c, Mosaikboden im Palast\"\n                    alt=\"W\u00fcstenschloss \u201eQasr Al Hallabat\u201c, Mosaikboden im Palast\"\n                    src=\"http:\/\/foto-passion.com\/wp-content\/gallery\/fotostrecke_jordanien_2019\/cache\/043_AP5A9414.jpg-nggid0516120-ngg0dyn-150x100x100-00f0w010c011r110f110r010t010.jpg\"\n                    width=\"150\"\n                    height=\"100\"\n                    style=\"max-width:100%;\"\n                \/>\n            <\/a>\n        <\/div>\n\t\t\t\t\t\t\t<\/div> \n\t\t\t\n                            \n\t\t\t\t<div id=\"ngg-image-15\" class=\"ngg-gallery-thumbnail-box\" >\n\t\t\t\t        <div class=\"ngg-gallery-thumbnail\">\n            <a href=\"http:\/\/foto-passion.com\/wp-content\/gallery\/fotostrecke_jordanien_2019\/044_AP5A9443.jpg\"\n               title=\"&lt;strong&gt;W\u00fcstenschloss \u201eQasr Al Hallabat\u201c, Mosaikboden im Palast&lt;\/strong&gt;&lt;br \/&gt;Jordanien 2019&lt;br \/&gt;&lt;span style=&quot;font-size:85%;color:#949494;&quot;&gt;[Bild-Id: 16123]&lt;\/span&gt;\"\n               data-src=\"http:\/\/foto-passion.com\/wp-content\/gallery\/fotostrecke_jordanien_2019\/044_AP5A9443.jpg\"\n               data-thumbnail=\"http:\/\/foto-passion.com\/wp-content\/gallery\/fotostrecke_jordanien_2019\/thumbs\/thumbs_044_AP5A9443.jpg\"\n               data-image-id=\"16123\"\n               data-title=\"W\u00fcstenschloss \u201eQasr Al Hallabat\u201c, Mosaikboden im Palast\"\n               data-description=\"&lt;strong&gt;W\u00fcstenschloss \u201eQasr Al Hallabat\u201c, Mosaikboden im Palast&lt;\/strong&gt;&lt;br \/&gt;Jordanien 2019&lt;br \/&gt;&lt;span style=&quot;font-size:85%;color:#949494;&quot;&gt;[Bild-Id: 16123]&lt;\/span&gt;\"\n               data-image-slug=\"044_ap5a9443-1\"\n               class=\"ngg-simplelightbox\" rel=\"10eb6536989f57d3e19c7e8c5ebc807b\">\n                <img loading=\"lazy\"\n                    title=\"W\u00fcstenschloss \u201eQasr Al Hallabat\u201c, Mosaikboden im Palast\"\n                    alt=\"W\u00fcstenschloss \u201eQasr Al Hallabat\u201c, Mosaikboden im Palast\"\n                    src=\"http:\/\/foto-passion.com\/wp-content\/gallery\/fotostrecke_jordanien_2019\/cache\/044_AP5A9443.jpg-nggid0516123-ngg0dyn-150x100x100-00f0w010c011r110f110r010t010.jpg\"\n                    width=\"150\"\n                    height=\"100\"\n                    style=\"max-width:100%;\"\n                \/>\n            <\/a>\n        <\/div>\n\t\t\t\t\t\t\t<\/div> \n\t\t\t\n                                    <br style=\"clear: both\" \/>\n                    \n\t\t\n\t\t<div class=\"ngg-clear\"><\/div>\n\t<\/div>\n<\/span><\/p>\t\t\t\t\t<\/div>\n\t\t\t\t\t\t<\/div>\n\t\t\t\t<\/div>\n\t\t\t\t\t\t<\/div>\n\t\t\t\t\t<\/div>\n\t\t<\/div>\n\t\t\t\t\t\t\t\t<\/div>\n\t\t\t\t\t<\/div>\n\t\t<\/section>\n\t\t\t\t<section class=\"elementor-section elementor-top-section elementor-element elementor-element-b81668b elementor-section-boxed elementor-section-height-default elementor-section-height-default\" data-id=\"b81668b\" data-element_type=\"section\">\n\t\t\t\t\t\t<div class=\"elementor-container elementor-column-gap-default\">\n\t\t\t\t\t\t\t<div class=\"elementor-row\">\n\t\t\t\t\t<div class=\"elementor-column elementor-col-100 elementor-top-column elementor-element elementor-element-5461de2\" data-id=\"5461de2\" data-element_type=\"column\">\n\t\t\t<div class=\"elementor-column-wrap elementor-element-populated\">\n\t\t\t\t\t\t\t<div class=\"elementor-widget-wrap\">\n\t\t\t\t\t\t<div class=\"elementor-element elementor-element-b8f394a elementor-widget elementor-widget-text-editor\" data-id=\"b8f394a\" data-element_type=\"widget\" data-widget_type=\"text-editor.default\">\n\t\t\t\t<div class=\"elementor-widget-container\">\n\t\t\t\t\t\t\t\t<div class=\"elementor-text-editor elementor-clearfix\">\n\t\t\t\t\t<p style=\"text-align: justify;\">Auf einem Rundweg fahren wir zur\u00fcck nach Amman, um dort noch den Berg mit der Zitadelle und den Herkulestempel zu besuchen. Wir sind etwas verwundert, dass hier noch so viel Publikumsverkehr ist aber dann wird uns klar, dass die Menschen alle zum Sonnenuntergang schauen hier hoch kommen. Schlie\u00dflich kann man bis vor die T\u00fcr fahren \u2013 wenn man einen Parkplatz bekommt \u2013 so dass dieser Besuch keine gro\u00dfe Anstrengung ist. Man hat von hier oben noch einmal einen sch\u00f6nen Ausblick auf die Stadt Amman, sieht die gr\u00f6\u00dfte Flagge der Welt wehen, kann auf das benachbarte Amphitheater schauen und kann das Treiben um die riesigen S\u00e4ulen des Herkulestempels beobachten.<\/p>\t\t\t\t\t<\/div>\n\t\t\t\t\t\t<\/div>\n\t\t\t\t<\/div>\n\t\t\t\t\t\t<\/div>\n\t\t\t\t\t<\/div>\n\t\t<\/div>\n\t\t\t\t\t\t\t\t<\/div>\n\t\t\t\t\t<\/div>\n\t\t<\/section>\n\t\t\t\t<section class=\"elementor-section elementor-top-section elementor-element elementor-element-f760ca3 elementor-section-boxed elementor-section-height-default elementor-section-height-default\" data-id=\"f760ca3\" data-element_type=\"section\">\n\t\t\t\t\t\t<div class=\"elementor-container elementor-column-gap-default\">\n\t\t\t\t\t\t\t<div class=\"elementor-row\">\n\t\t\t\t\t<div class=\"elementor-column elementor-col-100 elementor-top-column elementor-element elementor-element-6c1b584\" data-id=\"6c1b584\" data-element_type=\"column\">\n\t\t\t<div class=\"elementor-column-wrap elementor-element-populated\">\n\t\t\t\t\t\t\t<div class=\"elementor-widget-wrap\">\n\t\t\t\t\t\t<div class=\"elementor-element elementor-element-c85c16a elementor-widget elementor-widget-text-editor\" data-id=\"c85c16a\" data-element_type=\"widget\" data-widget_type=\"text-editor.default\">\n\t\t\t\t<div class=\"elementor-widget-container\">\n\t\t\t\t\t\t\t\t<div class=\"elementor-text-editor elementor-clearfix\">\n\t\t\t\t\t<p><!-- index.php -->\n<div\n\tclass=\"ngg-galleryoverview ngg-ajax-pagination-none\"\n\tid=\"ngg-gallery-f1f1fe25b8c4338de84efef4cd494bbe-1\">\n\n    \t\t<!-- Thumbnails -->\n\t\t\t\t<div id=\"ngg-image-0\" class=\"ngg-gallery-thumbnail-box\" >\n\t\t\t\t        <div class=\"ngg-gallery-thumbnail\">\n            <a href=\"http:\/\/foto-passion.com\/wp-content\/gallery\/fotostrecke_jordanien_2019\/045_AP5A9457.jpg\"\n               title=\"&lt;strong&gt;Blick von der Zitadelle des Jabal el Qala\u2018a, Amman&lt;\/strong&gt;&lt;br \/&gt;Jordanien 2019&lt;br \/&gt;&lt;span style=&quot;font-size:85%;color:#949494;&quot;&gt;[Bild-Id: 16125]&lt;\/span&gt;\"\n               data-src=\"http:\/\/foto-passion.com\/wp-content\/gallery\/fotostrecke_jordanien_2019\/045_AP5A9457.jpg\"\n               data-thumbnail=\"http:\/\/foto-passion.com\/wp-content\/gallery\/fotostrecke_jordanien_2019\/thumbs\/thumbs_045_AP5A9457.jpg\"\n               data-image-id=\"16125\"\n               data-title=\"Blick von der Zitadelle des Jabal el Qala\u2018a, Amman\"\n               data-description=\"&lt;strong&gt;Blick von der Zitadelle des Jabal el Qala\u2018a, Amman&lt;\/strong&gt;&lt;br \/&gt;Jordanien 2019&lt;br \/&gt;&lt;span style=&quot;font-size:85%;color:#949494;&quot;&gt;[Bild-Id: 16125]&lt;\/span&gt;\"\n               data-image-slug=\"045_ap5a9457-1\"\n               class=\"ngg-simplelightbox\" rel=\"f1f1fe25b8c4338de84efef4cd494bbe\">\n                <img loading=\"lazy\"\n                    title=\"Blick von der Zitadelle des Jabal el Qala\u2018a, Amman\"\n                    alt=\"Blick von der Zitadelle des Jabal el Qala\u2018a, Amman\"\n                    src=\"http:\/\/foto-passion.com\/wp-content\/gallery\/fotostrecke_jordanien_2019\/cache\/045_AP5A9457.jpg-nggid0516125-ngg0dyn-150x100x100-00f0w010c011r110f110r010t010.jpg\"\n                    width=\"150\"\n                    height=\"100\"\n                    style=\"max-width:100%;\"\n                \/>\n            <\/a>\n        <\/div>\n\t\t\t\t\t\t\t<\/div> \n\t\t\t\n                            \n\t\t\t\t<div id=\"ngg-image-1\" class=\"ngg-gallery-thumbnail-box\" >\n\t\t\t\t        <div class=\"ngg-gallery-thumbnail\">\n            <a href=\"http:\/\/foto-passion.com\/wp-content\/gallery\/fotostrecke_jordanien_2019\/046_AP5A9460.jpg\"\n               title=\"&lt;strong&gt;Blick von der Zitadelle des Jabal el Qala\u2018a, Amman&lt;\/strong&gt;&lt;br \/&gt;Jordanien 2019&lt;br \/&gt;&lt;span style=&quot;font-size:85%;color:#949494;&quot;&gt;[Bild-Id: 16126]&lt;\/span&gt;\"\n               data-src=\"http:\/\/foto-passion.com\/wp-content\/gallery\/fotostrecke_jordanien_2019\/046_AP5A9460.jpg\"\n               data-thumbnail=\"http:\/\/foto-passion.com\/wp-content\/gallery\/fotostrecke_jordanien_2019\/thumbs\/thumbs_046_AP5A9460.jpg\"\n               data-image-id=\"16126\"\n               data-title=\"Blick von der Zitadelle des Jabal el Qala\u2018a, Amman\"\n               data-description=\"&lt;strong&gt;Blick von der Zitadelle des Jabal el Qala\u2018a, Amman&lt;\/strong&gt;&lt;br \/&gt;Jordanien 2019&lt;br \/&gt;&lt;span style=&quot;font-size:85%;color:#949494;&quot;&gt;[Bild-Id: 16126]&lt;\/span&gt;\"\n               data-image-slug=\"046_ap5a9460-1\"\n               class=\"ngg-simplelightbox\" rel=\"f1f1fe25b8c4338de84efef4cd494bbe\">\n                <img loading=\"lazy\"\n                    title=\"Blick von der Zitadelle des Jabal el Qala\u2018a, Amman\"\n                    alt=\"Blick von der Zitadelle des Jabal el Qala\u2018a, Amman\"\n                    src=\"http:\/\/foto-passion.com\/wp-content\/gallery\/fotostrecke_jordanien_2019\/cache\/046_AP5A9460.jpg-nggid0516126-ngg0dyn-150x100x100-00f0w010c011r110f110r010t010.jpg\"\n                    width=\"150\"\n                    height=\"100\"\n                    style=\"max-width:100%;\"\n                \/>\n            <\/a>\n        <\/div>\n\t\t\t\t\t\t\t<\/div> \n\t\t\t\n                            \n\t\t\t\t<div id=\"ngg-image-2\" class=\"ngg-gallery-thumbnail-box\" >\n\t\t\t\t        <div class=\"ngg-gallery-thumbnail\">\n            <a href=\"http:\/\/foto-passion.com\/wp-content\/gallery\/fotostrecke_jordanien_2019\/047_AP5A9529.jpg\"\n               title=\"&lt;strong&gt;Blick von der Zitadelle des Jabal el Qala\u2018a, Amman&lt;\/strong&gt;&lt;br \/&gt;Jordanien 2019&lt;br \/&gt;&lt;span style=&quot;font-size:85%;color:#949494;&quot;&gt;[Bild-Id: 16134]&lt;\/span&gt;\"\n               data-src=\"http:\/\/foto-passion.com\/wp-content\/gallery\/fotostrecke_jordanien_2019\/047_AP5A9529.jpg\"\n               data-thumbnail=\"http:\/\/foto-passion.com\/wp-content\/gallery\/fotostrecke_jordanien_2019\/thumbs\/thumbs_047_AP5A9529.jpg\"\n               data-image-id=\"16134\"\n               data-title=\"Blick von der Zitadelle des Jabal el Qala\u2018a, Amman\"\n               data-description=\"&lt;strong&gt;Blick von der Zitadelle des Jabal el Qala\u2018a, Amman&lt;\/strong&gt;&lt;br \/&gt;Jordanien 2019&lt;br \/&gt;&lt;span style=&quot;font-size:85%;color:#949494;&quot;&gt;[Bild-Id: 16134]&lt;\/span&gt;\"\n               data-image-slug=\"047_ap5a9529-1\"\n               class=\"ngg-simplelightbox\" rel=\"f1f1fe25b8c4338de84efef4cd494bbe\">\n                <img loading=\"lazy\"\n                    title=\"Blick von der Zitadelle des Jabal el Qala\u2018a, Amman\"\n                    alt=\"Blick von der Zitadelle des Jabal el Qala\u2018a, Amman\"\n                    src=\"http:\/\/foto-passion.com\/wp-content\/gallery\/fotostrecke_jordanien_2019\/cache\/047_AP5A9529.jpg-nggid0516134-ngg0dyn-150x100x100-00f0w010c011r110f110r010t010.jpg\"\n                    width=\"150\"\n                    height=\"100\"\n                    style=\"max-width:100%;\"\n                \/>\n            <\/a>\n        <\/div>\n\t\t\t\t\t\t\t<\/div> \n\t\t\t\n                            \n\t\t\n\t\t<div class=\"ngg-clear\"><\/div>\n\t<\/div>\n<\/p>\t\t\t\t\t<\/div>\n\t\t\t\t\t\t<\/div>\n\t\t\t\t<\/div>\n\t\t\t\t\t\t<\/div>\n\t\t\t\t\t<\/div>\n\t\t<\/div>\n\t\t\t\t\t\t\t\t<\/div>\n\t\t\t\t\t<\/div>\n\t\t<\/section>\n\t\t\t\t<section class=\"elementor-section elementor-top-section elementor-element elementor-element-df4720a elementor-section-boxed elementor-section-height-default elementor-section-height-default\" data-id=\"df4720a\" data-element_type=\"section\">\n\t\t\t\t\t\t<div class=\"elementor-container elementor-column-gap-default\">\n\t\t\t\t\t\t\t<div class=\"elementor-row\">\n\t\t\t\t\t<div class=\"elementor-column elementor-col-100 elementor-top-column elementor-element elementor-element-ccd8774\" data-id=\"ccd8774\" data-element_type=\"column\">\n\t\t\t<div class=\"elementor-column-wrap elementor-element-populated\">\n\t\t\t\t\t\t\t<div class=\"elementor-widget-wrap\">\n\t\t\t\t\t\t<div class=\"elementor-element elementor-element-78c0f2d elementor-widget elementor-widget-text-editor\" data-id=\"78c0f2d\" data-element_type=\"widget\" data-widget_type=\"text-editor.default\">\n\t\t\t\t<div class=\"elementor-widget-container\">\n\t\t\t\t\t\t\t\t<div class=\"elementor-text-editor elementor-clearfix\">\n\t\t\t\t\t<p><!-- index.php -->\n<div\n\tclass=\"ngg-galleryoverview ngg-ajax-pagination-none\"\n\tid=\"ngg-gallery-84b9bddf54bd40196df14ef136747d10-1\">\n\n    \t\t<!-- Thumbnails -->\n\t\t\t\t<div id=\"ngg-image-0\" class=\"ngg-gallery-thumbnail-box\" >\n\t\t\t\t        <div class=\"ngg-gallery-thumbnail\">\n            <a href=\"http:\/\/foto-passion.com\/wp-content\/gallery\/fotostrecke_jordanien_2019\/052_AP5A9497.jpg\"\n               title=\"&lt;strong&gt;Umayyaden-Palast Al-Qasr auf dem Zitadellen-H\u00fcgel von Amman&lt;\/strong&gt;&lt;br \/&gt;Jordanien 2019&lt;br \/&gt;&lt;span style=&quot;font-size:85%;color:#949494;&quot;&gt;[Bild-Id: 16131]&lt;\/span&gt;\"\n               data-src=\"http:\/\/foto-passion.com\/wp-content\/gallery\/fotostrecke_jordanien_2019\/052_AP5A9497.jpg\"\n               data-thumbnail=\"http:\/\/foto-passion.com\/wp-content\/gallery\/fotostrecke_jordanien_2019\/thumbs\/thumbs_052_AP5A9497.jpg\"\n               data-image-id=\"16131\"\n               data-title=\"Umayyaden-Palast Al-Qasr auf dem Zitadellen-H\u00fcgel von Amman\"\n               data-description=\"&lt;strong&gt;Umayyaden-Palast Al-Qasr auf dem Zitadellen-H\u00fcgel von Amman&lt;\/strong&gt;&lt;br \/&gt;Jordanien 2019&lt;br \/&gt;&lt;span style=&quot;font-size:85%;color:#949494;&quot;&gt;[Bild-Id: 16131]&lt;\/span&gt;\"\n               data-image-slug=\"052_ap5a9497-1\"\n               class=\"ngg-simplelightbox\" rel=\"84b9bddf54bd40196df14ef136747d10\">\n                <img loading=\"lazy\"\n                    title=\"Umayyaden-Palast Al-Qasr auf dem Zitadellen-H\u00fcgel von Amman\"\n                    alt=\"Umayyaden-Palast Al-Qasr auf dem Zitadellen-H\u00fcgel von Amman\"\n                    src=\"http:\/\/foto-passion.com\/wp-content\/gallery\/fotostrecke_jordanien_2019\/cache\/052_AP5A9497.jpg-nggid0516131-ngg0dyn-150x100x100-00f0w010c011r110f110r010t010.jpg\"\n                    width=\"150\"\n                    height=\"100\"\n                    style=\"max-width:100%;\"\n                \/>\n            <\/a>\n        <\/div>\n\t\t\t\t\t\t\t<\/div> \n\t\t\t\n                            \n\t\t\t\t<div id=\"ngg-image-1\" class=\"ngg-gallery-thumbnail-box\" >\n\t\t\t\t        <div class=\"ngg-gallery-thumbnail\">\n            <a href=\"http:\/\/foto-passion.com\/wp-content\/gallery\/fotostrecke_jordanien_2019\/053_AP5A9504.jpg\"\n               title=\"&lt;strong&gt;Im Inneren des Umayyaden-Palastes Al-Qasr, Amman&lt;\/strong&gt;&lt;br \/&gt;Jordanien 2019&lt;br \/&gt;&lt;span style=&quot;font-size:85%;color:#949494;&quot;&gt;[Bild-Id: 16132]&lt;\/span&gt;\"\n               data-src=\"http:\/\/foto-passion.com\/wp-content\/gallery\/fotostrecke_jordanien_2019\/053_AP5A9504.jpg\"\n               data-thumbnail=\"http:\/\/foto-passion.com\/wp-content\/gallery\/fotostrecke_jordanien_2019\/thumbs\/thumbs_053_AP5A9504.jpg\"\n               data-image-id=\"16132\"\n               data-title=\"Im Inneren des Umayyaden-Palastes Al-Qasr, Amman\"\n               data-description=\"&lt;strong&gt;Im Inneren des Umayyaden-Palastes Al-Qasr, Amman&lt;\/strong&gt;&lt;br \/&gt;Jordanien 2019&lt;br \/&gt;&lt;span style=&quot;font-size:85%;color:#949494;&quot;&gt;[Bild-Id: 16132]&lt;\/span&gt;\"\n               data-image-slug=\"053_ap5a9504-1\"\n               class=\"ngg-simplelightbox\" rel=\"84b9bddf54bd40196df14ef136747d10\">\n                <img loading=\"lazy\"\n                    title=\"Im Inneren des Umayyaden-Palastes Al-Qasr, Amman\"\n                    alt=\"Im Inneren des Umayyaden-Palastes Al-Qasr, Amman\"\n                    src=\"http:\/\/foto-passion.com\/wp-content\/gallery\/fotostrecke_jordanien_2019\/cache\/053_AP5A9504.jpg-nggid0516132-ngg0dyn-150x100x100-00f0w010c011r110f110r010t010.jpg\"\n                    width=\"150\"\n                    height=\"100\"\n                    style=\"max-width:100%;\"\n                \/>\n            <\/a>\n        <\/div>\n\t\t\t\t\t\t\t<\/div> \n\t\t\t\n                            \n\t\t\t\t<div id=\"ngg-image-2\" class=\"ngg-gallery-thumbnail-box\" >\n\t\t\t\t        <div class=\"ngg-gallery-thumbnail\">\n            <a href=\"http:\/\/foto-passion.com\/wp-content\/gallery\/fotostrecke_jordanien_2019\/054_AP5A9582.jpg\"\n               title=\"&lt;strong&gt;Auf dem Gel\u00e4nde des Umayyaden-Palastes Al-Qasr in Amman&lt;\/strong&gt;&lt;br \/&gt;Jordanien 2019&lt;br \/&gt;&lt;span style=&quot;font-size:85%;color:#949494;&quot;&gt;[Bild-Id: 16135]&lt;\/span&gt;\"\n               data-src=\"http:\/\/foto-passion.com\/wp-content\/gallery\/fotostrecke_jordanien_2019\/054_AP5A9582.jpg\"\n               data-thumbnail=\"http:\/\/foto-passion.com\/wp-content\/gallery\/fotostrecke_jordanien_2019\/thumbs\/thumbs_054_AP5A9582.jpg\"\n               data-image-id=\"16135\"\n               data-title=\"Auf dem Gel\u00e4nde des Umayyaden-Palastes Al-Qasr in Amman\"\n               data-description=\"&lt;strong&gt;Auf dem Gel\u00e4nde des Umayyaden-Palastes Al-Qasr in Amman&lt;\/strong&gt;&lt;br \/&gt;Jordanien 2019&lt;br \/&gt;&lt;span style=&quot;font-size:85%;color:#949494;&quot;&gt;[Bild-Id: 16135]&lt;\/span&gt;\"\n               data-image-slug=\"054_ap5a9582-1\"\n               class=\"ngg-simplelightbox\" rel=\"84b9bddf54bd40196df14ef136747d10\">\n                <img loading=\"lazy\"\n                    title=\"Auf dem Gel\u00e4nde des Umayyaden-Palastes Al-Qasr in Amman\"\n                    alt=\"Auf dem Gel\u00e4nde des Umayyaden-Palastes Al-Qasr in Amman\"\n                    src=\"http:\/\/foto-passion.com\/wp-content\/gallery\/fotostrecke_jordanien_2019\/cache\/054_AP5A9582.jpg-nggid0516135-ngg0dyn-150x100x100-00f0w010c011r110f110r010t010.jpg\"\n                    width=\"150\"\n                    height=\"100\"\n                    style=\"max-width:100%;\"\n                \/>\n            <\/a>\n        <\/div>\n\t\t\t\t\t\t\t<\/div> \n\t\t\t\n                            \n\t\t\t\t<div id=\"ngg-image-3\" class=\"ngg-gallery-thumbnail-box\" >\n\t\t\t\t        <div class=\"ngg-gallery-thumbnail\">\n            <a href=\"http:\/\/foto-passion.com\/wp-content\/gallery\/fotostrecke_jordanien_2019\/055_AP5A9527.jpg\"\n               title=\"&lt;strong&gt;Jerasch&lt;\/strong&gt;&lt;br \/&gt;Jordanien 2019&lt;br \/&gt;&lt;span style=&quot;font-size:85%;color:#949494;&quot;&gt;[Bild-Id: 16133]&lt;\/span&gt;\"\n               data-src=\"http:\/\/foto-passion.com\/wp-content\/gallery\/fotostrecke_jordanien_2019\/055_AP5A9527.jpg\"\n               data-thumbnail=\"http:\/\/foto-passion.com\/wp-content\/gallery\/fotostrecke_jordanien_2019\/thumbs\/thumbs_055_AP5A9527.jpg\"\n               data-image-id=\"16133\"\n               data-title=\"Jerasch\"\n               data-description=\"&lt;strong&gt;Jerasch&lt;\/strong&gt;&lt;br \/&gt;Jordanien 2019&lt;br \/&gt;&lt;span style=&quot;font-size:85%;color:#949494;&quot;&gt;[Bild-Id: 16133]&lt;\/span&gt;\"\n               data-image-slug=\"055_ap5a9527-1\"\n               class=\"ngg-simplelightbox\" rel=\"84b9bddf54bd40196df14ef136747d10\">\n                <img loading=\"lazy\"\n                    title=\"Jerasch\"\n                    alt=\"Jerasch\"\n                    src=\"http:\/\/foto-passion.com\/wp-content\/gallery\/fotostrecke_jordanien_2019\/cache\/055_AP5A9527.jpg-nggid0516133-ngg0dyn-150x100x100-00f0w010c011r110f110r010t010.jpg\"\n                    width=\"150\"\n                    height=\"100\"\n                    style=\"max-width:100%;\"\n                \/>\n            <\/a>\n        <\/div>\n\t\t\t\t\t\t\t<\/div> \n\t\t\t\n                                    <br style=\"clear: both\" \/>\n                    \n\t\t\n\t\t<div class=\"ngg-clear\"><\/div>\n\t<\/div>\n<\/p>\t\t\t\t\t<\/div>\n\t\t\t\t\t\t<\/div>\n\t\t\t\t<\/div>\n\t\t\t\t\t\t<\/div>\n\t\t\t\t\t<\/div>\n\t\t<\/div>\n\t\t\t\t\t\t\t\t<\/div>\n\t\t\t\t\t<\/div>\n\t\t<\/section>\n\t\t\t\t<section class=\"elementor-section elementor-top-section elementor-element elementor-element-80704a4 elementor-section-boxed elementor-section-height-default elementor-section-height-default\" data-id=\"80704a4\" data-element_type=\"section\">\n\t\t\t\t\t\t<div class=\"elementor-container elementor-column-gap-default\">\n\t\t\t\t\t\t\t<div class=\"elementor-row\">\n\t\t\t\t\t<div class=\"elementor-column elementor-col-100 elementor-top-column elementor-element elementor-element-64ff985\" data-id=\"64ff985\" data-element_type=\"column\">\n\t\t\t<div class=\"elementor-column-wrap elementor-element-populated\">\n\t\t\t\t\t\t\t<div class=\"elementor-widget-wrap\">\n\t\t\t\t\t\t<div class=\"elementor-element elementor-element-bed476b elementor-widget elementor-widget-text-editor\" data-id=\"bed476b\" data-element_type=\"widget\" data-widget_type=\"text-editor.default\">\n\t\t\t\t<div class=\"elementor-widget-container\">\n\t\t\t\t\t\t\t\t<div class=\"elementor-text-editor elementor-clearfix\">\n\t\t\t\t\t<p style=\"text-align: justify;\">Wir brauchen sehr viel Geduld, um diese S\u00e4ulen ohne posierw\u00fctige Touristen ablichten zu k\u00f6nnen. Der Sonnenuntergang ist dagegen eher ern\u00fcchternd. Statt dessen fahren wir \u2013 aufgrund des starken Verkehrs im Schritttempo \u2013 durch die King Faisal Street und die Al Rainbow Street. In diesen Stra\u00dfen ist so richtig was los und man kommt aus dem Schauen gar nicht heraus. Leider sind wir zu kaputt, um hier noch zu Fu\u00df durch zu flanieren. Aber so geht es auch, um sich einen \u00dcberblick zu verschaffen.<\/p>\t\t\t\t\t<\/div>\n\t\t\t\t\t\t<\/div>\n\t\t\t\t<\/div>\n\t\t\t\t\t\t<\/div>\n\t\t\t\t\t<\/div>\n\t\t<\/div>\n\t\t\t\t\t\t\t\t<\/div>\n\t\t\t\t\t<\/div>\n\t\t<\/section>\n\t\t\t\t<section class=\"elementor-section elementor-top-section elementor-element elementor-element-8b5a0ea elementor-section-boxed elementor-section-height-default elementor-section-height-default\" data-id=\"8b5a0ea\" data-element_type=\"section\">\n\t\t\t\t\t\t<div class=\"elementor-container elementor-column-gap-default\">\n\t\t\t\t\t\t\t<div class=\"elementor-row\">\n\t\t\t\t\t<div class=\"elementor-column elementor-col-100 elementor-top-column elementor-element elementor-element-171b044\" data-id=\"171b044\" data-element_type=\"column\">\n\t\t\t<div class=\"elementor-column-wrap elementor-element-populated\">\n\t\t\t\t\t\t\t<div class=\"elementor-widget-wrap\">\n\t\t\t\t\t\t<div class=\"elementor-element elementor-element-0d64bf2 elementor-widget elementor-widget-text-editor\" data-id=\"0d64bf2\" data-element_type=\"widget\" data-widget_type=\"text-editor.default\">\n\t\t\t\t<div class=\"elementor-widget-container\">\n\t\t\t\t\t\t\t\t<div class=\"elementor-text-editor elementor-clearfix\">\n\t\t\t\t\t<p><!-- index.php -->\n<div\n\tclass=\"ngg-galleryoverview ngg-ajax-pagination-none\"\n\tid=\"ngg-gallery-e50a7d038bed67724d734ea8296a43d6-1\">\n\n    \t\t<!-- Thumbnails -->\n\t\t\t\t<div id=\"ngg-image-0\" class=\"ngg-gallery-thumbnail-box\" >\n\t\t\t\t        <div class=\"ngg-gallery-thumbnail\">\n            <a href=\"http:\/\/foto-passion.com\/wp-content\/gallery\/fotostrecke_jordanien_2019\/048_AP5A9464.jpg\"\n               title=\"&lt;strong&gt;Reste der Zitadelle auf dem Jabal el Qala\u2018a, Amman&lt;\/strong&gt;&lt;br \/&gt;Jordanien 2019&lt;br \/&gt;&lt;span style=&quot;font-size:85%;color:#949494;&quot;&gt;[Bild-Id: 16127]&lt;\/span&gt;\"\n               data-src=\"http:\/\/foto-passion.com\/wp-content\/gallery\/fotostrecke_jordanien_2019\/048_AP5A9464.jpg\"\n               data-thumbnail=\"http:\/\/foto-passion.com\/wp-content\/gallery\/fotostrecke_jordanien_2019\/thumbs\/thumbs_048_AP5A9464.jpg\"\n               data-image-id=\"16127\"\n               data-title=\"Reste der Zitadelle auf dem Jabal el Qala\u2018a, Amman\"\n               data-description=\"&lt;strong&gt;Reste der Zitadelle auf dem Jabal el Qala\u2018a, Amman&lt;\/strong&gt;&lt;br \/&gt;Jordanien 2019&lt;br \/&gt;&lt;span style=&quot;font-size:85%;color:#949494;&quot;&gt;[Bild-Id: 16127]&lt;\/span&gt;\"\n               data-image-slug=\"048_ap5a9464-1\"\n               class=\"ngg-simplelightbox\" rel=\"e50a7d038bed67724d734ea8296a43d6\">\n                <img loading=\"lazy\"\n                    title=\"Reste der Zitadelle auf dem Jabal el Qala\u2018a, Amman\"\n                    alt=\"Reste der Zitadelle auf dem Jabal el Qala\u2018a, Amman\"\n                    src=\"http:\/\/foto-passion.com\/wp-content\/gallery\/fotostrecke_jordanien_2019\/cache\/048_AP5A9464.jpg-nggid0516127-ngg0dyn-150x100x100-00f0w010c011r110f110r010t010.jpg\"\n                    width=\"150\"\n                    height=\"100\"\n                    style=\"max-width:100%;\"\n                \/>\n            <\/a>\n        <\/div>\n\t\t\t\t\t\t\t<\/div> \n\t\t\t\n                            \n\t\t\t\t<div id=\"ngg-image-1\" class=\"ngg-gallery-thumbnail-box\" >\n\t\t\t\t        <div class=\"ngg-gallery-thumbnail\">\n            <a href=\"http:\/\/foto-passion.com\/wp-content\/gallery\/fotostrecke_jordanien_2019\/049_AP5A9474.jpg\"\n               title=\"&lt;strong&gt;Reste der Zitadelle auf dem Jabal el Qala\u2018a, Amman&lt;\/strong&gt;&lt;br \/&gt;Jordanien 2019&lt;br \/&gt;&lt;span style=&quot;font-size:85%;color:#949494;&quot;&gt;[Bild-Id: 16128]&lt;\/span&gt;\"\n               data-src=\"http:\/\/foto-passion.com\/wp-content\/gallery\/fotostrecke_jordanien_2019\/049_AP5A9474.jpg\"\n               data-thumbnail=\"http:\/\/foto-passion.com\/wp-content\/gallery\/fotostrecke_jordanien_2019\/thumbs\/thumbs_049_AP5A9474.jpg\"\n               data-image-id=\"16128\"\n               data-title=\"Reste der Zitadelle auf dem Jabal el Qala\u2018a, Amman\"\n               data-description=\"&lt;strong&gt;Reste der Zitadelle auf dem Jabal el Qala\u2018a, Amman&lt;\/strong&gt;&lt;br \/&gt;Jordanien 2019&lt;br \/&gt;&lt;span style=&quot;font-size:85%;color:#949494;&quot;&gt;[Bild-Id: 16128]&lt;\/span&gt;\"\n               data-image-slug=\"049_ap5a9474-1\"\n               class=\"ngg-simplelightbox\" rel=\"e50a7d038bed67724d734ea8296a43d6\">\n                <img loading=\"lazy\"\n                    title=\"Reste der Zitadelle auf dem Jabal el Qala\u2018a, Amman\"\n                    alt=\"Reste der Zitadelle auf dem Jabal el Qala\u2018a, Amman\"\n                    src=\"http:\/\/foto-passion.com\/wp-content\/gallery\/fotostrecke_jordanien_2019\/cache\/049_AP5A9474.jpg-nggid0516128-ngg0dyn-150x100x100-00f0w010c011r110f110r010t010.jpg\"\n                    width=\"150\"\n                    height=\"100\"\n                    style=\"max-width:100%;\"\n                \/>\n            <\/a>\n        <\/div>\n\t\t\t\t\t\t\t<\/div> \n\t\t\t\n                            \n\t\t\t\t<div id=\"ngg-image-2\" class=\"ngg-gallery-thumbnail-box\" >\n\t\t\t\t        <div class=\"ngg-gallery-thumbnail\">\n            <a href=\"http:\/\/foto-passion.com\/wp-content\/gallery\/fotostrecke_jordanien_2019\/050_AP5A9489.jpg\"\n               title=\"&lt;strong&gt;Reste der Zitadelle auf dem Jabal el Qala\u2018a, Amman&lt;\/strong&gt;&lt;br \/&gt;Jordanien 2019&lt;br \/&gt;&lt;span style=&quot;font-size:85%;color:#949494;&quot;&gt;[Bild-Id: 16129]&lt;\/span&gt;\"\n               data-src=\"http:\/\/foto-passion.com\/wp-content\/gallery\/fotostrecke_jordanien_2019\/050_AP5A9489.jpg\"\n               data-thumbnail=\"http:\/\/foto-passion.com\/wp-content\/gallery\/fotostrecke_jordanien_2019\/thumbs\/thumbs_050_AP5A9489.jpg\"\n               data-image-id=\"16129\"\n               data-title=\"Reste der Zitadelle auf dem Jabal el Qala\u2018a, Amman\"\n               data-description=\"&lt;strong&gt;Reste der Zitadelle auf dem Jabal el Qala\u2018a, Amman&lt;\/strong&gt;&lt;br \/&gt;Jordanien 2019&lt;br \/&gt;&lt;span style=&quot;font-size:85%;color:#949494;&quot;&gt;[Bild-Id: 16129]&lt;\/span&gt;\"\n               data-image-slug=\"050_ap5a9489-1\"\n               class=\"ngg-simplelightbox\" rel=\"e50a7d038bed67724d734ea8296a43d6\">\n                <img loading=\"lazy\"\n                    title=\"Reste der Zitadelle auf dem Jabal el Qala\u2018a, Amman\"\n                    alt=\"Reste der Zitadelle auf dem Jabal el Qala\u2018a, Amman\"\n                    src=\"http:\/\/foto-passion.com\/wp-content\/gallery\/fotostrecke_jordanien_2019\/cache\/050_AP5A9489.jpg-nggid0516129-ngg0dyn-150x100x100-00f0w010c011r110f110r010t010.jpg\"\n                    width=\"150\"\n                    height=\"100\"\n                    style=\"max-width:100%;\"\n                \/>\n            <\/a>\n        <\/div>\n\t\t\t\t\t\t\t<\/div> \n\t\t\t\n                            \n\t\t\t\t<div id=\"ngg-image-3\" class=\"ngg-gallery-thumbnail-box\" >\n\t\t\t\t        <div class=\"ngg-gallery-thumbnail\">\n            <a href=\"http:\/\/foto-passion.com\/wp-content\/gallery\/fotostrecke_jordanien_2019\/051_AP5A9494.jpg\"\n               title=\"&lt;strong&gt;Reste der Zitadelle auf dem Jabal el Qala\u2018a, Amman&lt;\/strong&gt;&lt;br \/&gt;Jordanien 2019&lt;br \/&gt;&lt;span style=&quot;font-size:85%;color:#949494;&quot;&gt;[Bild-Id: 16130]&lt;\/span&gt;\"\n               data-src=\"http:\/\/foto-passion.com\/wp-content\/gallery\/fotostrecke_jordanien_2019\/051_AP5A9494.jpg\"\n               data-thumbnail=\"http:\/\/foto-passion.com\/wp-content\/gallery\/fotostrecke_jordanien_2019\/thumbs\/thumbs_051_AP5A9494.jpg\"\n               data-image-id=\"16130\"\n               data-title=\"Reste der Zitadelle auf dem Jabal el Qala\u2018a, Amman\"\n               data-description=\"&lt;strong&gt;Reste der Zitadelle auf dem Jabal el Qala\u2018a, Amman&lt;\/strong&gt;&lt;br \/&gt;Jordanien 2019&lt;br \/&gt;&lt;span style=&quot;font-size:85%;color:#949494;&quot;&gt;[Bild-Id: 16130]&lt;\/span&gt;\"\n               data-image-slug=\"051_ap5a9494-1\"\n               class=\"ngg-simplelightbox\" rel=\"e50a7d038bed67724d734ea8296a43d6\">\n                <img loading=\"lazy\"\n                    title=\"Reste der Zitadelle auf dem Jabal el Qala\u2018a, Amman\"\n                    alt=\"Reste der Zitadelle auf dem Jabal el Qala\u2018a, Amman\"\n                    src=\"http:\/\/foto-passion.com\/wp-content\/gallery\/fotostrecke_jordanien_2019\/cache\/051_AP5A9494.jpg-nggid0516130-ngg0dyn-150x100x100-00f0w010c011r110f110r010t010.jpg\"\n                    width=\"150\"\n                    height=\"100\"\n                    style=\"max-width:100%;\"\n                \/>\n            <\/a>\n        <\/div>\n\t\t\t\t\t\t\t<\/div> \n\t\t\t\n                                    <br style=\"clear: both\" \/>\n                    \n\t\t\n\t\t<div class=\"ngg-clear\"><\/div>\n\t<\/div>\n<\/p>\t\t\t\t\t<\/div>\n\t\t\t\t\t\t<\/div>\n\t\t\t\t<\/div>\n\t\t\t\t\t\t<\/div>\n\t\t\t\t\t<\/div>\n\t\t<\/div>\n\t\t\t\t\t\t\t\t<\/div>\n\t\t\t\t\t<\/div>\n\t\t<\/section>\n\t\t\t\t<section class=\"elementor-section elementor-top-section elementor-element elementor-element-12f22a1 elementor-section-boxed elementor-section-height-default elementor-section-height-default\" data-id=\"12f22a1\" data-element_type=\"section\">\n\t\t\t\t\t\t<div class=\"elementor-container elementor-column-gap-default\">\n\t\t\t\t\t\t\t<div class=\"elementor-row\">\n\t\t\t\t\t<div class=\"elementor-column elementor-col-100 elementor-top-column elementor-element elementor-element-81ff873\" data-id=\"81ff873\" data-element_type=\"column\">\n\t\t\t<div class=\"elementor-column-wrap elementor-element-populated\">\n\t\t\t\t\t\t\t<div class=\"elementor-widget-wrap\">\n\t\t\t\t\t\t<div class=\"elementor-element elementor-element-08b3f73 elementor-widget elementor-widget-text-editor\" data-id=\"08b3f73\" data-element_type=\"widget\" data-widget_type=\"text-editor.default\">\n\t\t\t\t<div class=\"elementor-widget-container\">\n\t\t\t\t\t\t\t\t<div class=\"elementor-text-editor elementor-clearfix\">\n\t\t\t\t\t<p style=\"text-align: justify;\">Zur\u00fcck im Hotel werden wir heute von der Security nicht mehr kontrolliert. Darf man jetzt etwa kiffen, wenn man erst mal Hotelgast ist, oder was? Der Sinn der gestrigen Kontrolle erschlie\u00dft sich uns nicht; aber egal. Wir sind hungrig. Auf der offenen Dachterrasse im 13. Stock essen wir Sushi, trinken einen leckeren jordanischen Wein, lassen uns von jordanischer Mucke beschallen, schnuppern den Shisha-Duft der vielen obligatorischen Wasserpfeifen und schauen von oben auf das Lichtermeer der Stadt. Auch jetzt am Abend l\u00e4sst es sich noch wunderbar ohne Jacke aushalten. Gut, dass der Weg in unser Bett nicht mehr sehr weit ist!<\/p>\t\t\t\t\t<\/div>\n\t\t\t\t\t\t<\/div>\n\t\t\t\t<\/div>\n\t\t\t\t\t\t<\/div>\n\t\t\t\t\t<\/div>\n\t\t<\/div>\n\t\t\t\t\t\t\t\t<\/div>\n\t\t\t\t\t<\/div>\n\t\t<\/section>\n\t\t\t\t<section class=\"elementor-section elementor-top-section elementor-element elementor-element-60c4afd elementor-section-boxed elementor-section-height-default elementor-section-height-default\" data-id=\"60c4afd\" data-element_type=\"section\">\n\t\t\t\t\t\t<div class=\"elementor-container elementor-column-gap-default\">\n\t\t\t\t\t\t\t<div class=\"elementor-row\">\n\t\t\t\t\t<div class=\"elementor-column elementor-col-100 elementor-top-column elementor-element elementor-element-6ba0c00\" data-id=\"6ba0c00\" data-element_type=\"column\">\n\t\t\t<div class=\"elementor-column-wrap elementor-element-populated\">\n\t\t\t\t\t\t\t<div class=\"elementor-widget-wrap\">\n\t\t\t\t\t\t<div class=\"elementor-element elementor-element-67255ad elementor-widget elementor-widget-text-editor\" data-id=\"67255ad\" data-element_type=\"widget\" data-widget_type=\"text-editor.default\">\n\t\t\t\t<div class=\"elementor-widget-container\">\n\t\t\t\t\t\t\t\t<div class=\"elementor-text-editor elementor-clearfix\">\n\t\t\t\t\t<p><strong>05.10.2019\u00a0\u00a0\u00a0\u00a0 Amman \u201eLandmark Hotel\u201c<\/strong><\/p><p style=\"text-align: justify;\">F\u00fcr heute haben wir die Besichtigung des historischen Gerasa in der Stadt Jerash vorgesehen. Die Stadt befindet sich 46 km entfernt und bietet eine riesige r\u00f6mische Anlage mit zum Teil noch gut erhaltenen Geb\u00e4uden und S\u00e4ulen. Das Gel\u00e4nde ist sehr weitl\u00e4ufig, steht unter dem Schutz der UNESCO und geh\u00f6rt zu den \u201eMust See\u201c in Jordanien. Wir sind fr\u00fch dort, parken vor dem Eingang und machen uns auf den Weg. Uns empf\u00e4ngt ein spektakul\u00e4rer Torbogen \u2013 der \u201eHadrianus Arch\u201c.<\/p>\t\t\t\t\t<\/div>\n\t\t\t\t\t\t<\/div>\n\t\t\t\t<\/div>\n\t\t\t\t\t\t<\/div>\n\t\t\t\t\t<\/div>\n\t\t<\/div>\n\t\t\t\t\t\t\t\t<\/div>\n\t\t\t\t\t<\/div>\n\t\t<\/section>\n\t\t\t\t<section class=\"elementor-section elementor-top-section elementor-element elementor-element-b6c5195 elementor-section-boxed elementor-section-height-default elementor-section-height-default\" data-id=\"b6c5195\" data-element_type=\"section\">\n\t\t\t\t\t\t<div class=\"elementor-container elementor-column-gap-default\">\n\t\t\t\t\t\t\t<div class=\"elementor-row\">\n\t\t\t\t\t<div class=\"elementor-column elementor-col-100 elementor-top-column elementor-element elementor-element-1850cd4\" data-id=\"1850cd4\" data-element_type=\"column\">\n\t\t\t<div class=\"elementor-column-wrap elementor-element-populated\">\n\t\t\t\t\t\t\t<div class=\"elementor-widget-wrap\">\n\t\t\t\t\t\t<div class=\"elementor-element elementor-element-7941e7a elementor-widget elementor-widget-text-editor\" data-id=\"7941e7a\" data-element_type=\"widget\" data-widget_type=\"text-editor.default\">\n\t\t\t\t<div class=\"elementor-widget-container\">\n\t\t\t\t\t\t\t\t<div class=\"elementor-text-editor elementor-clearfix\">\n\t\t\t\t\t<p><!-- index.php -->\n<div\n\tclass=\"ngg-galleryoverview ngg-ajax-pagination-none\"\n\tid=\"ngg-gallery-9e6db257c933c8be86479f6b82da0987-1\">\n\n    \t\t<!-- Thumbnails -->\n\t\t\t\t<div id=\"ngg-image-0\" class=\"ngg-gallery-thumbnail-box\" >\n\t\t\t\t        <div class=\"ngg-gallery-thumbnail\">\n            <a href=\"http:\/\/foto-passion.com\/wp-content\/gallery\/fotostrecke_jordanien_2019\/056_AP5A9621.jpg\"\n               title=\"&lt;strong&gt;Jerasch&lt;\/strong&gt;&lt;br \/&gt;Jordanien 2019&lt;br \/&gt;&lt;span style=&quot;font-size:85%;color:#949494;&quot;&gt;[Bild-Id: 16136]&lt;\/span&gt;\"\n               data-src=\"http:\/\/foto-passion.com\/wp-content\/gallery\/fotostrecke_jordanien_2019\/056_AP5A9621.jpg\"\n               data-thumbnail=\"http:\/\/foto-passion.com\/wp-content\/gallery\/fotostrecke_jordanien_2019\/thumbs\/thumbs_056_AP5A9621.jpg\"\n               data-image-id=\"16136\"\n               data-title=\"Jerasch\"\n               data-description=\"&lt;strong&gt;Jerasch&lt;\/strong&gt;&lt;br \/&gt;Jordanien 2019&lt;br \/&gt;&lt;span style=&quot;font-size:85%;color:#949494;&quot;&gt;[Bild-Id: 16136]&lt;\/span&gt;\"\n               data-image-slug=\"056_ap5a9621-1\"\n               class=\"ngg-simplelightbox\" rel=\"9e6db257c933c8be86479f6b82da0987\">\n                <img loading=\"lazy\"\n                    title=\"Jerasch\"\n                    alt=\"Jerasch\"\n                    src=\"http:\/\/foto-passion.com\/wp-content\/gallery\/fotostrecke_jordanien_2019\/cache\/056_AP5A9621.jpg-nggid0516136-ngg0dyn-150x100x100-00f0w010c011r110f110r010t010.jpg\"\n                    width=\"150\"\n                    height=\"100\"\n                    style=\"max-width:100%;\"\n                \/>\n            <\/a>\n        <\/div>\n\t\t\t\t\t\t\t<\/div> \n\t\t\t\n                            \n\t\t\t\t<div id=\"ngg-image-1\" class=\"ngg-gallery-thumbnail-box\" >\n\t\t\t\t        <div class=\"ngg-gallery-thumbnail\">\n            <a href=\"http:\/\/foto-passion.com\/wp-content\/gallery\/fotostrecke_jordanien_2019\/057_AP5A9635.jpg\"\n               title=\"&lt;strong&gt;Jerasch&lt;\/strong&gt;&lt;br \/&gt;Jordanien 2019&lt;br \/&gt;&lt;span style=&quot;font-size:85%;color:#949494;&quot;&gt;[Bild-Id: 16137]&lt;\/span&gt;\"\n               data-src=\"http:\/\/foto-passion.com\/wp-content\/gallery\/fotostrecke_jordanien_2019\/057_AP5A9635.jpg\"\n               data-thumbnail=\"http:\/\/foto-passion.com\/wp-content\/gallery\/fotostrecke_jordanien_2019\/thumbs\/thumbs_057_AP5A9635.jpg\"\n               data-image-id=\"16137\"\n               data-title=\"Jerasch\"\n               data-description=\"&lt;strong&gt;Jerasch&lt;\/strong&gt;&lt;br \/&gt;Jordanien 2019&lt;br \/&gt;&lt;span style=&quot;font-size:85%;color:#949494;&quot;&gt;[Bild-Id: 16137]&lt;\/span&gt;\"\n               data-image-slug=\"057_ap5a9635-1\"\n               class=\"ngg-simplelightbox\" rel=\"9e6db257c933c8be86479f6b82da0987\">\n                <img loading=\"lazy\"\n                    title=\"Jerasch\"\n                    alt=\"Jerasch\"\n                    src=\"http:\/\/foto-passion.com\/wp-content\/gallery\/fotostrecke_jordanien_2019\/cache\/057_AP5A9635.jpg-nggid0516137-ngg0dyn-150x100x100-00f0w010c011r110f110r010t010.jpg\"\n                    width=\"150\"\n                    height=\"100\"\n                    style=\"max-width:100%;\"\n                \/>\n            <\/a>\n        <\/div>\n\t\t\t\t\t\t\t<\/div> \n\t\t\t\n                            \n\t\t\t\t<div id=\"ngg-image-2\" class=\"ngg-gallery-thumbnail-box\" >\n\t\t\t\t        <div class=\"ngg-gallery-thumbnail\">\n            <a href=\"http:\/\/foto-passion.com\/wp-content\/gallery\/fotostrecke_jordanien_2019\/058_AP5A9642.jpg\"\n               title=\"&lt;strong&gt;Jerasch&lt;\/strong&gt;&lt;br \/&gt;Jordanien 2019&lt;br \/&gt;&lt;span style=&quot;font-size:85%;color:#949494;&quot;&gt;[Bild-Id: 16138]&lt;\/span&gt;\"\n               data-src=\"http:\/\/foto-passion.com\/wp-content\/gallery\/fotostrecke_jordanien_2019\/058_AP5A9642.jpg\"\n               data-thumbnail=\"http:\/\/foto-passion.com\/wp-content\/gallery\/fotostrecke_jordanien_2019\/thumbs\/thumbs_058_AP5A9642.jpg\"\n               data-image-id=\"16138\"\n               data-title=\"Jerasch\"\n               data-description=\"&lt;strong&gt;Jerasch&lt;\/strong&gt;&lt;br \/&gt;Jordanien 2019&lt;br \/&gt;&lt;span style=&quot;font-size:85%;color:#949494;&quot;&gt;[Bild-Id: 16138]&lt;\/span&gt;\"\n               data-image-slug=\"058_ap5a9642-1\"\n               class=\"ngg-simplelightbox\" rel=\"9e6db257c933c8be86479f6b82da0987\">\n                <img loading=\"lazy\"\n                    title=\"Jerasch\"\n                    alt=\"Jerasch\"\n                    src=\"http:\/\/foto-passion.com\/wp-content\/gallery\/fotostrecke_jordanien_2019\/cache\/058_AP5A9642.jpg-nggid0516138-ngg0dyn-150x100x100-00f0w010c011r110f110r010t010.jpg\"\n                    width=\"150\"\n                    height=\"100\"\n                    style=\"max-width:100%;\"\n                \/>\n            <\/a>\n        <\/div>\n\t\t\t\t\t\t\t<\/div> \n\t\t\t\n                            \n\t\t\t\t<div id=\"ngg-image-3\" class=\"ngg-gallery-thumbnail-box\" >\n\t\t\t\t        <div class=\"ngg-gallery-thumbnail\">\n            <a href=\"http:\/\/foto-passion.com\/wp-content\/gallery\/fotostrecke_jordanien_2019\/059_AP5A9645.jpg\"\n               title=\"&lt;strong&gt;Jerasch&lt;\/strong&gt;&lt;br \/&gt;Jordanien 2019&lt;br \/&gt;&lt;span style=&quot;font-size:85%;color:#949494;&quot;&gt;[Bild-Id: 16139]&lt;\/span&gt;\"\n               data-src=\"http:\/\/foto-passion.com\/wp-content\/gallery\/fotostrecke_jordanien_2019\/059_AP5A9645.jpg\"\n               data-thumbnail=\"http:\/\/foto-passion.com\/wp-content\/gallery\/fotostrecke_jordanien_2019\/thumbs\/thumbs_059_AP5A9645.jpg\"\n               data-image-id=\"16139\"\n               data-title=\"Jerasch\"\n               data-description=\"&lt;strong&gt;Jerasch&lt;\/strong&gt;&lt;br \/&gt;Jordanien 2019&lt;br \/&gt;&lt;span style=&quot;font-size:85%;color:#949494;&quot;&gt;[Bild-Id: 16139]&lt;\/span&gt;\"\n               data-image-slug=\"059_ap5a9645-1\"\n               class=\"ngg-simplelightbox\" rel=\"9e6db257c933c8be86479f6b82da0987\">\n                <img loading=\"lazy\"\n                    title=\"Jerasch\"\n                    alt=\"Jerasch\"\n                    src=\"http:\/\/foto-passion.com\/wp-content\/gallery\/fotostrecke_jordanien_2019\/cache\/059_AP5A9645.jpg-nggid0516139-ngg0dyn-150x100x100-00f0w010c011r110f110r010t010.jpg\"\n                    width=\"150\"\n                    height=\"100\"\n                    style=\"max-width:100%;\"\n                \/>\n            <\/a>\n        <\/div>\n\t\t\t\t\t\t\t<\/div> \n\t\t\t\n                                    <br style=\"clear: both\" \/>\n                    \n\t\t\n\t\t<div class=\"ngg-clear\"><\/div>\n\t<\/div>\n<\/p>\t\t\t\t\t<\/div>\n\t\t\t\t\t\t<\/div>\n\t\t\t\t<\/div>\n\t\t\t\t\t\t<\/div>\n\t\t\t\t\t<\/div>\n\t\t<\/div>\n\t\t\t\t\t\t\t\t<\/div>\n\t\t\t\t\t<\/div>\n\t\t<\/section>\n\t\t\t\t<section class=\"elementor-section elementor-top-section elementor-element elementor-element-322cb0a elementor-section-boxed elementor-section-height-default elementor-section-height-default\" data-id=\"322cb0a\" data-element_type=\"section\">\n\t\t\t\t\t\t<div class=\"elementor-container elementor-column-gap-default\">\n\t\t\t\t\t\t\t<div class=\"elementor-row\">\n\t\t\t\t\t<div class=\"elementor-column elementor-col-100 elementor-top-column elementor-element elementor-element-76a5867\" data-id=\"76a5867\" data-element_type=\"column\">\n\t\t\t<div class=\"elementor-column-wrap elementor-element-populated\">\n\t\t\t\t\t\t\t<div class=\"elementor-widget-wrap\">\n\t\t\t\t\t\t<div class=\"elementor-element elementor-element-f5d0db6 elementor-widget elementor-widget-text-editor\" data-id=\"f5d0db6\" data-element_type=\"widget\" data-widget_type=\"text-editor.default\">\n\t\t\t\t<div class=\"elementor-widget-container\">\n\t\t\t\t\t\t\t\t<div class=\"elementor-text-editor elementor-clearfix\">\n\t\t\t\t\t<p style=\"text-align: justify;\">Wieder d\u00fcrfen wir uns \u00fcber stahlblauen Himmel freuen und werden von der Sonne verw\u00f6hnt. Schon am Hippodrome f\u00e4llt uns auf, dass das Gel\u00e4nde extrem schmutzig, verwahrlost und verm\u00fcllt ist. Zwar treffen wir sp\u00e4ter ein paar Angestellte, die ein wenig M\u00fcll aufsammeln aber auch der wird wieder hinter der n\u00e4chsten Ecke verbrannt. Man kann sich vorstellen, wie es stinkt und raucht, wenn M\u00fcllcontainer voll mit Plastikflaschen verbrannt werden.<\/p><p style=\"text-align: justify;\">Wir laufen \u00fcber das \u201eForum Cardo\u201c \u2013 einen runden Platz, der von S\u00e4ulen ums\u00e4umt ist. Eine S\u00e4ulenallee \u201eGardo Maximus\u201c f\u00fchrt uns vorbei am \u201eNymph\u00e4um\u201c \u2013 ein den Wassernymphen geweihtes zweigeschossiges Geb\u00e4ude mit reichen Fresken. Daneben befindet sich der oppulente Treppenaufgang zum \u201eArtemis-Tempel\u201c, der weiter oben auf dem Berg steht. Der \u201eArtemis-Tempel\u201c hatte urspr\u00fcnglich 32 S\u00e4ulen, von denen noch 11 aufrecht stehen und an 9 von ihnen kann man noch die \u00fcppige Freskenverzierung erkennen. Der aus dem 2. Jh. stammende \u201eArtemis-Tempel\u201c war eines der wichtigsten Bauwerke der Stadt und von seinem Standort oben auf dem H\u00fcgel kann man sch\u00f6n auf das Ausma\u00df der gesamten Anlage blicken. In der N\u00e4he befindet sich noch das \u201eNord-Theater\u201c, das noch sehr gut erhalten ist. Man kann sich gut vorstellen, wie hier Auff\u00fchrungen stattfanden.<\/p><p style=\"text-align: justify;\">Von der gleich nebenan befindlichen Kirche \u201eChurch of Bishop Isaiah\u201c sind leider nur noch die Fundamente zu erkennen, aber daf\u00fcr gibt es dort sch\u00f6ne Bodenmosaike zu bewundern.<\/p>\t\t\t\t\t<\/div>\n\t\t\t\t\t\t<\/div>\n\t\t\t\t<\/div>\n\t\t\t\t\t\t<\/div>\n\t\t\t\t\t<\/div>\n\t\t<\/div>\n\t\t\t\t\t\t\t\t<\/div>\n\t\t\t\t\t<\/div>\n\t\t<\/section>\n\t\t\t\t<section class=\"elementor-section elementor-top-section elementor-element elementor-element-3636db6 elementor-section-boxed elementor-section-height-default elementor-section-height-default\" data-id=\"3636db6\" data-element_type=\"section\">\n\t\t\t\t\t\t<div class=\"elementor-container elementor-column-gap-default\">\n\t\t\t\t\t\t\t<div class=\"elementor-row\">\n\t\t\t\t\t<div class=\"elementor-column elementor-col-100 elementor-top-column elementor-element elementor-element-5633cf2\" data-id=\"5633cf2\" data-element_type=\"column\">\n\t\t\t<div class=\"elementor-column-wrap elementor-element-populated\">\n\t\t\t\t\t\t\t<div class=\"elementor-widget-wrap\">\n\t\t\t\t\t\t<div class=\"elementor-element elementor-element-eb59211 elementor-widget elementor-widget-text-editor\" data-id=\"eb59211\" data-element_type=\"widget\" data-widget_type=\"text-editor.default\">\n\t\t\t\t<div class=\"elementor-widget-container\">\n\t\t\t\t\t\t\t\t<div class=\"elementor-text-editor elementor-clearfix\">\n\t\t\t\t\t<p><!-- index.php -->\n<div\n\tclass=\"ngg-galleryoverview ngg-ajax-pagination-none\"\n\tid=\"ngg-gallery-7fc9b0027b791b52f60f4750b9cf8c7d-1\">\n\n    \t\t<!-- Thumbnails -->\n\t\t\t\t<div id=\"ngg-image-0\" class=\"ngg-gallery-thumbnail-box\" >\n\t\t\t\t        <div class=\"ngg-gallery-thumbnail\">\n            <a href=\"http:\/\/foto-passion.com\/wp-content\/gallery\/fotostrecke_jordanien_2019\/060_AP5A9668.jpg\"\n               title=\"&lt;strong&gt;Jerasch&lt;\/strong&gt;&lt;br \/&gt;Jordanien 2019&lt;br \/&gt;&lt;span style=&quot;font-size:85%;color:#949494;&quot;&gt;[Bild-Id: 16140]&lt;\/span&gt;\"\n               data-src=\"http:\/\/foto-passion.com\/wp-content\/gallery\/fotostrecke_jordanien_2019\/060_AP5A9668.jpg\"\n               data-thumbnail=\"http:\/\/foto-passion.com\/wp-content\/gallery\/fotostrecke_jordanien_2019\/thumbs\/thumbs_060_AP5A9668.jpg\"\n               data-image-id=\"16140\"\n               data-title=\"Jerasch\"\n               data-description=\"&lt;strong&gt;Jerasch&lt;\/strong&gt;&lt;br \/&gt;Jordanien 2019&lt;br \/&gt;&lt;span style=&quot;font-size:85%;color:#949494;&quot;&gt;[Bild-Id: 16140]&lt;\/span&gt;\"\n               data-image-slug=\"060_ap5a9668-1\"\n               class=\"ngg-simplelightbox\" rel=\"7fc9b0027b791b52f60f4750b9cf8c7d\">\n                <img loading=\"lazy\"\n                    title=\"Jerasch\"\n                    alt=\"Jerasch\"\n                    src=\"http:\/\/foto-passion.com\/wp-content\/gallery\/fotostrecke_jordanien_2019\/cache\/060_AP5A9668.jpg-nggid0516140-ngg0dyn-150x100x100-00f0w010c011r110f110r010t010.jpg\"\n                    width=\"150\"\n                    height=\"100\"\n                    style=\"max-width:100%;\"\n                \/>\n            <\/a>\n        <\/div>\n\t\t\t\t\t\t\t<\/div> \n\t\t\t\n                            \n\t\t\t\t<div id=\"ngg-image-1\" class=\"ngg-gallery-thumbnail-box\" >\n\t\t\t\t        <div class=\"ngg-gallery-thumbnail\">\n            <a href=\"http:\/\/foto-passion.com\/wp-content\/gallery\/fotostrecke_jordanien_2019\/061_AP5A9756.jpg\"\n               title=\"&lt;strong&gt;Jerasch&lt;\/strong&gt;&lt;br \/&gt;Jordanien 2019&lt;br \/&gt;&lt;span style=&quot;font-size:85%;color:#949494;&quot;&gt;[Bild-Id: 16142]&lt;\/span&gt;\"\n               data-src=\"http:\/\/foto-passion.com\/wp-content\/gallery\/fotostrecke_jordanien_2019\/061_AP5A9756.jpg\"\n               data-thumbnail=\"http:\/\/foto-passion.com\/wp-content\/gallery\/fotostrecke_jordanien_2019\/thumbs\/thumbs_061_AP5A9756.jpg\"\n               data-image-id=\"16142\"\n               data-title=\"Jerasch\"\n               data-description=\"&lt;strong&gt;Jerasch&lt;\/strong&gt;&lt;br \/&gt;Jordanien 2019&lt;br \/&gt;&lt;span style=&quot;font-size:85%;color:#949494;&quot;&gt;[Bild-Id: 16142]&lt;\/span&gt;\"\n               data-image-slug=\"061_ap5a9756-1\"\n               class=\"ngg-simplelightbox\" rel=\"7fc9b0027b791b52f60f4750b9cf8c7d\">\n                <img loading=\"lazy\"\n                    title=\"Jerasch\"\n                    alt=\"Jerasch\"\n                    src=\"http:\/\/foto-passion.com\/wp-content\/gallery\/fotostrecke_jordanien_2019\/cache\/061_AP5A9756.jpg-nggid0516142-ngg0dyn-150x100x100-00f0w010c011r110f110r010t010.jpg\"\n                    width=\"150\"\n                    height=\"100\"\n                    style=\"max-width:100%;\"\n                \/>\n            <\/a>\n        <\/div>\n\t\t\t\t\t\t\t<\/div> \n\t\t\t\n                            \n\t\t\t\t<div id=\"ngg-image-2\" class=\"ngg-gallery-thumbnail-box\" >\n\t\t\t\t        <div class=\"ngg-gallery-thumbnail\">\n            <a href=\"http:\/\/foto-passion.com\/wp-content\/gallery\/fotostrecke_jordanien_2019\/062_AP5A9758.jpg\"\n               title=\"&lt;strong&gt;Jerasch&lt;\/strong&gt;&lt;br \/&gt;Jordanien 2019&lt;br \/&gt;&lt;span style=&quot;font-size:85%;color:#949494;&quot;&gt;[Bild-Id: 16143]&lt;\/span&gt;\"\n               data-src=\"http:\/\/foto-passion.com\/wp-content\/gallery\/fotostrecke_jordanien_2019\/062_AP5A9758.jpg\"\n               data-thumbnail=\"http:\/\/foto-passion.com\/wp-content\/gallery\/fotostrecke_jordanien_2019\/thumbs\/thumbs_062_AP5A9758.jpg\"\n               data-image-id=\"16143\"\n               data-title=\"Jerasch\"\n               data-description=\"&lt;strong&gt;Jerasch&lt;\/strong&gt;&lt;br \/&gt;Jordanien 2019&lt;br \/&gt;&lt;span style=&quot;font-size:85%;color:#949494;&quot;&gt;[Bild-Id: 16143]&lt;\/span&gt;\"\n               data-image-slug=\"062_ap5a9758-1\"\n               class=\"ngg-simplelightbox\" rel=\"7fc9b0027b791b52f60f4750b9cf8c7d\">\n                <img loading=\"lazy\"\n                    title=\"Jerasch\"\n                    alt=\"Jerasch\"\n                    src=\"http:\/\/foto-passion.com\/wp-content\/gallery\/fotostrecke_jordanien_2019\/cache\/062_AP5A9758.jpg-nggid0516143-ngg0dyn-150x100x100-00f0w010c011r110f110r010t010.jpg\"\n                    width=\"150\"\n                    height=\"100\"\n                    style=\"max-width:100%;\"\n                \/>\n            <\/a>\n        <\/div>\n\t\t\t\t\t\t\t<\/div> \n\t\t\t\n                            \n\t\t\t\t<div id=\"ngg-image-3\" class=\"ngg-gallery-thumbnail-box\" >\n\t\t\t\t        <div class=\"ngg-gallery-thumbnail\">\n            <a href=\"http:\/\/foto-passion.com\/wp-content\/gallery\/fotostrecke_jordanien_2019\/063_AP5A9686.jpg\"\n               title=\"&lt;strong&gt;Jerasch&lt;\/strong&gt;&lt;br \/&gt;Jordanien 2019&lt;br \/&gt;&lt;span style=&quot;font-size:85%;color:#949494;&quot;&gt;[Bild-Id: 16141]&lt;\/span&gt;\"\n               data-src=\"http:\/\/foto-passion.com\/wp-content\/gallery\/fotostrecke_jordanien_2019\/063_AP5A9686.jpg\"\n               data-thumbnail=\"http:\/\/foto-passion.com\/wp-content\/gallery\/fotostrecke_jordanien_2019\/thumbs\/thumbs_063_AP5A9686.jpg\"\n               data-image-id=\"16141\"\n               data-title=\"Jerasch\"\n               data-description=\"&lt;strong&gt;Jerasch&lt;\/strong&gt;&lt;br \/&gt;Jordanien 2019&lt;br \/&gt;&lt;span style=&quot;font-size:85%;color:#949494;&quot;&gt;[Bild-Id: 16141]&lt;\/span&gt;\"\n               data-image-slug=\"063_ap5a9686-1\"\n               class=\"ngg-simplelightbox\" rel=\"7fc9b0027b791b52f60f4750b9cf8c7d\">\n                <img loading=\"lazy\"\n                    title=\"Jerasch\"\n                    alt=\"Jerasch\"\n                    src=\"http:\/\/foto-passion.com\/wp-content\/gallery\/fotostrecke_jordanien_2019\/cache\/063_AP5A9686.jpg-nggid0516141-ngg0dyn-150x100x100-00f0w010c011r110f110r010t010.jpg\"\n                    width=\"150\"\n                    height=\"100\"\n                    style=\"max-width:100%;\"\n                \/>\n            <\/a>\n        <\/div>\n\t\t\t\t\t\t\t<\/div> \n\t\t\t\n                                    <br style=\"clear: both\" \/>\n                    \n\t\t\t\t<div id=\"ngg-image-4\" class=\"ngg-gallery-thumbnail-box\" >\n\t\t\t\t        <div class=\"ngg-gallery-thumbnail\">\n            <a href=\"http:\/\/foto-passion.com\/wp-content\/gallery\/fotostrecke_jordanien_2019\/064_AP5A9785.jpg\"\n               title=\"&lt;strong&gt;S\u00e4ulengang in Jerasch&lt;\/strong&gt;&lt;br \/&gt;Jordanien 2019&lt;br \/&gt;&lt;span style=&quot;font-size:85%;color:#949494;&quot;&gt;[Bild-Id: 16144]&lt;\/span&gt;\"\n               data-src=\"http:\/\/foto-passion.com\/wp-content\/gallery\/fotostrecke_jordanien_2019\/064_AP5A9785.jpg\"\n               data-thumbnail=\"http:\/\/foto-passion.com\/wp-content\/gallery\/fotostrecke_jordanien_2019\/thumbs\/thumbs_064_AP5A9785.jpg\"\n               data-image-id=\"16144\"\n               data-title=\"S\u00e4ulengang in Jerasch\"\n               data-description=\"&lt;strong&gt;S\u00e4ulengang in Jerasch&lt;\/strong&gt;&lt;br \/&gt;Jordanien 2019&lt;br \/&gt;&lt;span style=&quot;font-size:85%;color:#949494;&quot;&gt;[Bild-Id: 16144]&lt;\/span&gt;\"\n               data-image-slug=\"064_ap5a9785-1\"\n               class=\"ngg-simplelightbox\" rel=\"7fc9b0027b791b52f60f4750b9cf8c7d\">\n                <img loading=\"lazy\"\n                    title=\"S\u00e4ulengang in Jerasch\"\n                    alt=\"S\u00e4ulengang in Jerasch\"\n                    src=\"http:\/\/foto-passion.com\/wp-content\/gallery\/fotostrecke_jordanien_2019\/cache\/064_AP5A9785.jpg-nggid0516144-ngg0dyn-150x100x100-00f0w010c011r110f110r010t010.jpg\"\n                    width=\"150\"\n                    height=\"100\"\n                    style=\"max-width:100%;\"\n                \/>\n            <\/a>\n        <\/div>\n\t\t\t\t\t\t\t<\/div> \n\t\t\t\n                            \n\t\t\t\t<div id=\"ngg-image-5\" class=\"ngg-gallery-thumbnail-box\" >\n\t\t\t\t        <div class=\"ngg-gallery-thumbnail\">\n            <a href=\"http:\/\/foto-passion.com\/wp-content\/gallery\/fotostrecke_jordanien_2019\/065_AP5A9802.jpg\"\n               title=\"&lt;strong&gt;Jerasch&lt;\/strong&gt;&lt;br \/&gt;Jordanien 2019&lt;br \/&gt;&lt;span style=&quot;font-size:85%;color:#949494;&quot;&gt;[Bild-Id: 16145]&lt;\/span&gt;\"\n               data-src=\"http:\/\/foto-passion.com\/wp-content\/gallery\/fotostrecke_jordanien_2019\/065_AP5A9802.jpg\"\n               data-thumbnail=\"http:\/\/foto-passion.com\/wp-content\/gallery\/fotostrecke_jordanien_2019\/thumbs\/thumbs_065_AP5A9802.jpg\"\n               data-image-id=\"16145\"\n               data-title=\"Jerasch\"\n               data-description=\"&lt;strong&gt;Jerasch&lt;\/strong&gt;&lt;br \/&gt;Jordanien 2019&lt;br \/&gt;&lt;span style=&quot;font-size:85%;color:#949494;&quot;&gt;[Bild-Id: 16145]&lt;\/span&gt;\"\n               data-image-slug=\"065_ap5a9802-1\"\n               class=\"ngg-simplelightbox\" rel=\"7fc9b0027b791b52f60f4750b9cf8c7d\">\n                <img loading=\"lazy\"\n                    title=\"Jerasch\"\n                    alt=\"Jerasch\"\n                    src=\"http:\/\/foto-passion.com\/wp-content\/gallery\/fotostrecke_jordanien_2019\/cache\/065_AP5A9802.jpg-nggid0516145-ngg0dyn-150x100x100-00f0w010c011r110f110r010t010.jpg\"\n                    width=\"150\"\n                    height=\"100\"\n                    style=\"max-width:100%;\"\n                \/>\n            <\/a>\n        <\/div>\n\t\t\t\t\t\t\t<\/div> \n\t\t\t\n                            \n\t\t\t\t<div id=\"ngg-image-6\" class=\"ngg-gallery-thumbnail-box\" >\n\t\t\t\t        <div class=\"ngg-gallery-thumbnail\">\n            <a href=\"http:\/\/foto-passion.com\/wp-content\/gallery\/fotostrecke_jordanien_2019\/066_AP5A9824.jpg\"\n               title=\"&lt;strong&gt;Das Nymph\u00e4um, die imposante Brunnenanlage in Jerash&lt;\/strong&gt;&lt;br \/&gt;Jordanien 2019&lt;br \/&gt;&lt;span style=&quot;font-size:85%;color:#949494;&quot;&gt;[Bild-Id: 16146]&lt;\/span&gt;\"\n               data-src=\"http:\/\/foto-passion.com\/wp-content\/gallery\/fotostrecke_jordanien_2019\/066_AP5A9824.jpg\"\n               data-thumbnail=\"http:\/\/foto-passion.com\/wp-content\/gallery\/fotostrecke_jordanien_2019\/thumbs\/thumbs_066_AP5A9824.jpg\"\n               data-image-id=\"16146\"\n               data-title=\"Das Nymph\u00e4um, die imposante Brunnenanlage in Jerash\"\n               data-description=\"&lt;strong&gt;Das Nymph\u00e4um, die imposante Brunnenanlage in Jerash&lt;\/strong&gt;&lt;br \/&gt;Jordanien 2019&lt;br \/&gt;&lt;span style=&quot;font-size:85%;color:#949494;&quot;&gt;[Bild-Id: 16146]&lt;\/span&gt;\"\n               data-image-slug=\"066_ap5a9824-1\"\n               class=\"ngg-simplelightbox\" rel=\"7fc9b0027b791b52f60f4750b9cf8c7d\">\n                <img loading=\"lazy\"\n                    title=\"Das Nymph\u00e4um, die imposante Brunnenanlage in Jerash\"\n                    alt=\"Das Nymph\u00e4um, die imposante Brunnenanlage in Jerash\"\n                    src=\"http:\/\/foto-passion.com\/wp-content\/gallery\/fotostrecke_jordanien_2019\/cache\/066_AP5A9824.jpg-nggid0516146-ngg0dyn-150x100x100-00f0w010c011r110f110r010t010.jpg\"\n                    width=\"150\"\n                    height=\"100\"\n                    style=\"max-width:100%;\"\n                \/>\n            <\/a>\n        <\/div>\n\t\t\t\t\t\t\t<\/div> \n\t\t\t\n                            \n\t\t\t\t<div id=\"ngg-image-7\" class=\"ngg-gallery-thumbnail-box\" >\n\t\t\t\t        <div class=\"ngg-gallery-thumbnail\">\n            <a href=\"http:\/\/foto-passion.com\/wp-content\/gallery\/fotostrecke_jordanien_2019\/067_AP5A9836.jpg\"\n               title=\"&lt;strong&gt;Jerasch&lt;\/strong&gt;&lt;br \/&gt;Jordanien 2019&lt;br \/&gt;&lt;span style=&quot;font-size:85%;color:#949494;&quot;&gt;[Bild-Id: 16147]&lt;\/span&gt;\"\n               data-src=\"http:\/\/foto-passion.com\/wp-content\/gallery\/fotostrecke_jordanien_2019\/067_AP5A9836.jpg\"\n               data-thumbnail=\"http:\/\/foto-passion.com\/wp-content\/gallery\/fotostrecke_jordanien_2019\/thumbs\/thumbs_067_AP5A9836.jpg\"\n               data-image-id=\"16147\"\n               data-title=\"Jerasch\"\n               data-description=\"&lt;strong&gt;Jerasch&lt;\/strong&gt;&lt;br \/&gt;Jordanien 2019&lt;br \/&gt;&lt;span style=&quot;font-size:85%;color:#949494;&quot;&gt;[Bild-Id: 16147]&lt;\/span&gt;\"\n               data-image-slug=\"067_ap5a9836-1\"\n               class=\"ngg-simplelightbox\" rel=\"7fc9b0027b791b52f60f4750b9cf8c7d\">\n                <img loading=\"lazy\"\n                    title=\"Jerasch\"\n                    alt=\"Jerasch\"\n                    src=\"http:\/\/foto-passion.com\/wp-content\/gallery\/fotostrecke_jordanien_2019\/cache\/067_AP5A9836.jpg-nggid0516147-ngg0dyn-150x100x100-00f0w010c011r110f110r010t010.jpg\"\n                    width=\"150\"\n                    height=\"100\"\n                    style=\"max-width:100%;\"\n                \/>\n            <\/a>\n        <\/div>\n\t\t\t\t\t\t\t<\/div> \n\t\t\t\n                                    <br style=\"clear: both\" \/>\n                    \n\t\t\t\t<div id=\"ngg-image-8\" class=\"ngg-gallery-thumbnail-box\" >\n\t\t\t\t        <div class=\"ngg-gallery-thumbnail\">\n            <a href=\"http:\/\/foto-passion.com\/wp-content\/gallery\/fotostrecke_jordanien_2019\/068_AP5A9875.jpg\"\n               title=\"&lt;strong&gt;S\u00e4ulen des Artemis-Tempels \u2013 die sch\u00f6nsten, die man in Jordanien finden kann, Jerash&lt;\/strong&gt;&lt;br \/&gt;Jordanien 2019&lt;br \/&gt;&lt;span style=&quot;font-size:85%;color:#949494;&quot;&gt;[Bild-Id: 16149]&lt;\/span&gt;\"\n               data-src=\"http:\/\/foto-passion.com\/wp-content\/gallery\/fotostrecke_jordanien_2019\/068_AP5A9875.jpg\"\n               data-thumbnail=\"http:\/\/foto-passion.com\/wp-content\/gallery\/fotostrecke_jordanien_2019\/thumbs\/thumbs_068_AP5A9875.jpg\"\n               data-image-id=\"16149\"\n               data-title=\"S\u00e4ulen des Artemis-Tempels \u2013 die sch\u00f6nsten, die man in Jordanien finden kann, Jerash\"\n               data-description=\"&lt;strong&gt;S\u00e4ulen des Artemis-Tempels \u2013 die sch\u00f6nsten, die man in Jordanien finden kann, Jerash&lt;\/strong&gt;&lt;br \/&gt;Jordanien 2019&lt;br \/&gt;&lt;span style=&quot;font-size:85%;color:#949494;&quot;&gt;[Bild-Id: 16149]&lt;\/span&gt;\"\n               data-image-slug=\"068_ap5a9875-1\"\n               class=\"ngg-simplelightbox\" rel=\"7fc9b0027b791b52f60f4750b9cf8c7d\">\n                <img loading=\"lazy\"\n                    title=\"S\u00e4ulen des Artemis-Tempels \u2013 die sch\u00f6nsten, die man in Jordanien finden kann, Jerash\"\n                    alt=\"S\u00e4ulen des Artemis-Tempels \u2013 die sch\u00f6nsten, die man in Jordanien finden kann, Jerash\"\n                    src=\"http:\/\/foto-passion.com\/wp-content\/gallery\/fotostrecke_jordanien_2019\/cache\/068_AP5A9875.jpg-nggid0516149-ngg0dyn-150x100x100-00f0w010c011r110f110r010t010.jpg\"\n                    width=\"150\"\n                    height=\"100\"\n                    style=\"max-width:100%;\"\n                \/>\n            <\/a>\n        <\/div>\n\t\t\t\t\t\t\t<\/div> \n\t\t\t\n                            \n\t\t\t\t<div id=\"ngg-image-9\" class=\"ngg-gallery-thumbnail-box\" >\n\t\t\t\t        <div class=\"ngg-gallery-thumbnail\">\n            <a href=\"http:\/\/foto-passion.com\/wp-content\/gallery\/fotostrecke_jordanien_2019\/069_AP5A9914.jpg\"\n               title=\"&lt;strong&gt;Die sch\u00f6nsten S\u00e4ulen in ganz Jordanien&lt;\/strong&gt;&lt;br \/&gt;Jordanien 2019&lt;br \/&gt;&lt;span style=&quot;font-size:85%;color:#949494;&quot;&gt;[Bild-Id: 16150]&lt;\/span&gt;\"\n               data-src=\"http:\/\/foto-passion.com\/wp-content\/gallery\/fotostrecke_jordanien_2019\/069_AP5A9914.jpg\"\n               data-thumbnail=\"http:\/\/foto-passion.com\/wp-content\/gallery\/fotostrecke_jordanien_2019\/thumbs\/thumbs_069_AP5A9914.jpg\"\n               data-image-id=\"16150\"\n               data-title=\"Die sch\u00f6nsten S\u00e4ulen in ganz Jordanien\"\n               data-description=\"&lt;strong&gt;Die sch\u00f6nsten S\u00e4ulen in ganz Jordanien&lt;\/strong&gt;&lt;br \/&gt;Jordanien 2019&lt;br \/&gt;&lt;span style=&quot;font-size:85%;color:#949494;&quot;&gt;[Bild-Id: 16150]&lt;\/span&gt;\"\n               data-image-slug=\"069_ap5a9914-1\"\n               class=\"ngg-simplelightbox\" rel=\"7fc9b0027b791b52f60f4750b9cf8c7d\">\n                <img loading=\"lazy\"\n                    title=\"Die sch\u00f6nsten S\u00e4ulen in ganz Jordanien\"\n                    alt=\"Die sch\u00f6nsten S\u00e4ulen in ganz Jordanien\"\n                    src=\"http:\/\/foto-passion.com\/wp-content\/gallery\/fotostrecke_jordanien_2019\/cache\/069_AP5A9914.jpg-nggid0516150-ngg0dyn-150x100x100-00f0w010c011r110f110r010t010.jpg\"\n                    width=\"150\"\n                    height=\"100\"\n                    style=\"max-width:100%;\"\n                \/>\n            <\/a>\n        <\/div>\n\t\t\t\t\t\t\t<\/div> \n\t\t\t\n                            \n\t\t\t\t<div id=\"ngg-image-10\" class=\"ngg-gallery-thumbnail-box\" >\n\t\t\t\t        <div class=\"ngg-gallery-thumbnail\">\n            <a href=\"http:\/\/foto-passion.com\/wp-content\/gallery\/fotostrecke_jordanien_2019\/070_AP5A9871.jpg\"\n               title=\"&lt;strong&gt;Jerasch&lt;\/strong&gt;&lt;br \/&gt;Jordanien 2019&lt;br \/&gt;&lt;span style=&quot;font-size:85%;color:#949494;&quot;&gt;[Bild-Id: 16148]&lt;\/span&gt;\"\n               data-src=\"http:\/\/foto-passion.com\/wp-content\/gallery\/fotostrecke_jordanien_2019\/070_AP5A9871.jpg\"\n               data-thumbnail=\"http:\/\/foto-passion.com\/wp-content\/gallery\/fotostrecke_jordanien_2019\/thumbs\/thumbs_070_AP5A9871.jpg\"\n               data-image-id=\"16148\"\n               data-title=\"Jerasch\"\n               data-description=\"&lt;strong&gt;Jerasch&lt;\/strong&gt;&lt;br \/&gt;Jordanien 2019&lt;br \/&gt;&lt;span style=&quot;font-size:85%;color:#949494;&quot;&gt;[Bild-Id: 16148]&lt;\/span&gt;\"\n               data-image-slug=\"070_ap5a9871-1\"\n               class=\"ngg-simplelightbox\" rel=\"7fc9b0027b791b52f60f4750b9cf8c7d\">\n                <img loading=\"lazy\"\n                    title=\"Jerasch\"\n                    alt=\"Jerasch\"\n                    src=\"http:\/\/foto-passion.com\/wp-content\/gallery\/fotostrecke_jordanien_2019\/cache\/070_AP5A9871.jpg-nggid0516148-ngg0dyn-150x100x100-00f0w010c011r110f110r010t010.jpg\"\n                    width=\"150\"\n                    height=\"100\"\n                    style=\"max-width:100%;\"\n                \/>\n            <\/a>\n        <\/div>\n\t\t\t\t\t\t\t<\/div> \n\t\t\t\n                            \n\t\t\t\t<div id=\"ngg-image-11\" class=\"ngg-gallery-thumbnail-box\" >\n\t\t\t\t        <div class=\"ngg-gallery-thumbnail\">\n            <a href=\"http:\/\/foto-passion.com\/wp-content\/gallery\/fotostrecke_jordanien_2019\/071_AP5A9927.jpg\"\n               title=\"&lt;strong&gt;Die sch\u00f6nen S\u00e4ulen des Artemistentemples in Jerasch (Gerasa)&lt;\/strong&gt;&lt;br \/&gt;Jordanien 2019&lt;br \/&gt;&lt;span style=&quot;font-size:85%;color:#949494;&quot;&gt;[Bild-Id: 16151]&lt;\/span&gt;\"\n               data-src=\"http:\/\/foto-passion.com\/wp-content\/gallery\/fotostrecke_jordanien_2019\/071_AP5A9927.jpg\"\n               data-thumbnail=\"http:\/\/foto-passion.com\/wp-content\/gallery\/fotostrecke_jordanien_2019\/thumbs\/thumbs_071_AP5A9927.jpg\"\n               data-image-id=\"16151\"\n               data-title=\"Die sch\u00f6nen S\u00e4ulen des Artemistentemples in Jerasch (Gerasa)\"\n               data-description=\"&lt;strong&gt;Die sch\u00f6nen S\u00e4ulen des Artemistentemples in Jerasch (Gerasa)&lt;\/strong&gt;&lt;br \/&gt;Jordanien 2019&lt;br \/&gt;&lt;span style=&quot;font-size:85%;color:#949494;&quot;&gt;[Bild-Id: 16151]&lt;\/span&gt;\"\n               data-image-slug=\"071_ap5a9927-1\"\n               class=\"ngg-simplelightbox\" rel=\"7fc9b0027b791b52f60f4750b9cf8c7d\">\n                <img loading=\"lazy\"\n                    title=\"Die sch\u00f6nen S\u00e4ulen des Artemistentemples in Jerasch (Gerasa)\"\n                    alt=\"Die sch\u00f6nen S\u00e4ulen des Artemistentemples in Jerasch (Gerasa)\"\n                    src=\"http:\/\/foto-passion.com\/wp-content\/gallery\/fotostrecke_jordanien_2019\/cache\/071_AP5A9927.jpg-nggid0516151-ngg0dyn-150x100x100-00f0w010c011r110f110r010t010.jpg\"\n                    width=\"150\"\n                    height=\"100\"\n                    style=\"max-width:100%;\"\n                \/>\n            <\/a>\n        <\/div>\n\t\t\t\t\t\t\t<\/div> \n\t\t\t\n                                    <br style=\"clear: both\" \/>\n                    \n\t\t\n\t\t<div class=\"ngg-clear\"><\/div>\n\t<\/div>\n<\/p>\t\t\t\t\t<\/div>\n\t\t\t\t\t\t<\/div>\n\t\t\t\t<\/div>\n\t\t\t\t\t\t<\/div>\n\t\t\t\t\t<\/div>\n\t\t<\/div>\n\t\t\t\t\t\t\t\t<\/div>\n\t\t\t\t\t<\/div>\n\t\t<\/section>\n\t\t\t\t<section class=\"elementor-section elementor-top-section elementor-element elementor-element-683353a elementor-section-boxed elementor-section-height-default elementor-section-height-default\" data-id=\"683353a\" data-element_type=\"section\">\n\t\t\t\t\t\t<div class=\"elementor-container elementor-column-gap-default\">\n\t\t\t\t\t\t\t<div class=\"elementor-row\">\n\t\t\t\t\t<div class=\"elementor-column elementor-col-100 elementor-top-column elementor-element elementor-element-7fce3bf\" data-id=\"7fce3bf\" data-element_type=\"column\">\n\t\t\t<div class=\"elementor-column-wrap elementor-element-populated\">\n\t\t\t\t\t\t\t<div class=\"elementor-widget-wrap\">\n\t\t\t\t\t\t<div class=\"elementor-element elementor-element-df39239 elementor-widget elementor-widget-text-editor\" data-id=\"df39239\" data-element_type=\"widget\" data-widget_type=\"text-editor.default\">\n\t\t\t\t<div class=\"elementor-widget-container\">\n\t\t\t\t\t\t\t\t<div class=\"elementor-text-editor elementor-clearfix\">\n\t\t\t\t\t<p style=\"text-align: justify;\">Im gro\u00dfen Bogen laufen wir nun zum \u201eS\u00fcd-Theater\u201c, das sich jedoch nicht sehr vom \u201eNord-Theater\u201c unterscheidet. Es bietet lediglich mehr Sitzpl\u00e4tze. Nun steigen wir noch zum \u201eZeus-Tempel\u201c auf, der aber au\u00dfer ein paar aufrecht stehenden S\u00e4ulen und ein paar Mauern nicht viel zu bieten hat.<\/p>\t\t\t\t\t<\/div>\n\t\t\t\t\t\t<\/div>\n\t\t\t\t<\/div>\n\t\t\t\t\t\t<\/div>\n\t\t\t\t\t<\/div>\n\t\t<\/div>\n\t\t\t\t\t\t\t\t<\/div>\n\t\t\t\t\t<\/div>\n\t\t<\/section>\n\t\t\t\t<section class=\"elementor-section elementor-top-section elementor-element elementor-element-7a502db elementor-section-boxed elementor-section-height-default elementor-section-height-default\" data-id=\"7a502db\" data-element_type=\"section\">\n\t\t\t\t\t\t<div class=\"elementor-container elementor-column-gap-default\">\n\t\t\t\t\t\t\t<div class=\"elementor-row\">\n\t\t\t\t\t<div class=\"elementor-column elementor-col-100 elementor-top-column elementor-element elementor-element-3fa9df3\" data-id=\"3fa9df3\" data-element_type=\"column\">\n\t\t\t<div class=\"elementor-column-wrap elementor-element-populated\">\n\t\t\t\t\t\t\t<div class=\"elementor-widget-wrap\">\n\t\t\t\t\t\t<div class=\"elementor-element elementor-element-e3bbd14 elementor-widget elementor-widget-text-editor\" data-id=\"e3bbd14\" data-element_type=\"widget\" data-widget_type=\"text-editor.default\">\n\t\t\t\t<div class=\"elementor-widget-container\">\n\t\t\t\t\t\t\t\t<div class=\"elementor-text-editor elementor-clearfix\">\n\t\t\t\t\t<p><!-- index.php -->\n<div\n\tclass=\"ngg-galleryoverview ngg-ajax-pagination-none\"\n\tid=\"ngg-gallery-ab6acdee795cb7718d6cc70d1d58a9c3-1\">\n\n    \t\t<!-- Thumbnails -->\n\t\t\t\t<div id=\"ngg-image-0\" class=\"ngg-gallery-thumbnail-box\" >\n\t\t\t\t        <div class=\"ngg-gallery-thumbnail\">\n            <a href=\"http:\/\/foto-passion.com\/wp-content\/gallery\/fotostrecke_jordanien_2019\/072_AP5A9973.jpg\"\n               title=\"&lt;strong&gt;Eines der Amphittheater in Jerasch&lt;\/strong&gt;&lt;br \/&gt;Jordanien 2019&lt;br \/&gt;&lt;span style=&quot;font-size:85%;color:#949494;&quot;&gt;[Bild-Id: 16152]&lt;\/span&gt;\"\n               data-src=\"http:\/\/foto-passion.com\/wp-content\/gallery\/fotostrecke_jordanien_2019\/072_AP5A9973.jpg\"\n               data-thumbnail=\"http:\/\/foto-passion.com\/wp-content\/gallery\/fotostrecke_jordanien_2019\/thumbs\/thumbs_072_AP5A9973.jpg\"\n               data-image-id=\"16152\"\n               data-title=\"Eines der Amphittheater in Jerasch\"\n               data-description=\"&lt;strong&gt;Eines der Amphittheater in Jerasch&lt;\/strong&gt;&lt;br \/&gt;Jordanien 2019&lt;br \/&gt;&lt;span style=&quot;font-size:85%;color:#949494;&quot;&gt;[Bild-Id: 16152]&lt;\/span&gt;\"\n               data-image-slug=\"072_ap5a9973-1\"\n               class=\"ngg-simplelightbox\" rel=\"ab6acdee795cb7718d6cc70d1d58a9c3\">\n                <img loading=\"lazy\"\n                    title=\"Eines der Amphittheater in Jerasch\"\n                    alt=\"Eines der Amphittheater in Jerasch\"\n                    src=\"http:\/\/foto-passion.com\/wp-content\/gallery\/fotostrecke_jordanien_2019\/cache\/072_AP5A9973.jpg-nggid0516152-ngg0dyn-150x100x100-00f0w010c011r110f110r010t010.jpg\"\n                    width=\"150\"\n                    height=\"100\"\n                    style=\"max-width:100%;\"\n                \/>\n            <\/a>\n        <\/div>\n\t\t\t\t\t\t\t<\/div> \n\t\t\t\n                            \n\t\t\t\t<div id=\"ngg-image-1\" class=\"ngg-gallery-thumbnail-box\" >\n\t\t\t\t        <div class=\"ngg-gallery-thumbnail\">\n            <a href=\"http:\/\/foto-passion.com\/wp-content\/gallery\/fotostrecke_jordanien_2019\/073_AP5A9979.jpg\"\n               title=\"&lt;strong&gt;Kleines Amphittheater in Jerasch&lt;\/strong&gt;&lt;br \/&gt;Jordanien 2019&lt;br \/&gt;&lt;span style=&quot;font-size:85%;color:#949494;&quot;&gt;[Bild-Id: 16153]&lt;\/span&gt;\"\n               data-src=\"http:\/\/foto-passion.com\/wp-content\/gallery\/fotostrecke_jordanien_2019\/073_AP5A9979.jpg\"\n               data-thumbnail=\"http:\/\/foto-passion.com\/wp-content\/gallery\/fotostrecke_jordanien_2019\/thumbs\/thumbs_073_AP5A9979.jpg\"\n               data-image-id=\"16153\"\n               data-title=\"Kleines Amphittheater in Jerasch\"\n               data-description=\"&lt;strong&gt;Kleines Amphittheater in Jerasch&lt;\/strong&gt;&lt;br \/&gt;Jordanien 2019&lt;br \/&gt;&lt;span style=&quot;font-size:85%;color:#949494;&quot;&gt;[Bild-Id: 16153]&lt;\/span&gt;\"\n               data-image-slug=\"073_ap5a9979-1\"\n               class=\"ngg-simplelightbox\" rel=\"ab6acdee795cb7718d6cc70d1d58a9c3\">\n                <img loading=\"lazy\"\n                    title=\"Kleines Amphittheater in Jerasch\"\n                    alt=\"Kleines Amphittheater in Jerasch\"\n                    src=\"http:\/\/foto-passion.com\/wp-content\/gallery\/fotostrecke_jordanien_2019\/cache\/073_AP5A9979.jpg-nggid0516153-ngg0dyn-150x100x100-00f0w010c011r110f110r010t010.jpg\"\n                    width=\"150\"\n                    height=\"100\"\n                    style=\"max-width:100%;\"\n                \/>\n            <\/a>\n        <\/div>\n\t\t\t\t\t\t\t<\/div> \n\t\t\t\n                            \n\t\t\t\t<div id=\"ngg-image-2\" class=\"ngg-gallery-thumbnail-box\" >\n\t\t\t\t        <div class=\"ngg-gallery-thumbnail\">\n            <a href=\"http:\/\/foto-passion.com\/wp-content\/gallery\/fotostrecke_jordanien_2019\/074_AP5A9984.jpg\"\n               title=\"&lt;strong&gt;Eines der Amphittheater in Jerasch&lt;\/strong&gt;&lt;br \/&gt;Jordanien 2019&lt;br \/&gt;&lt;span style=&quot;font-size:85%;color:#949494;&quot;&gt;[Bild-Id: 16154]&lt;\/span&gt;\"\n               data-src=\"http:\/\/foto-passion.com\/wp-content\/gallery\/fotostrecke_jordanien_2019\/074_AP5A9984.jpg\"\n               data-thumbnail=\"http:\/\/foto-passion.com\/wp-content\/gallery\/fotostrecke_jordanien_2019\/thumbs\/thumbs_074_AP5A9984.jpg\"\n               data-image-id=\"16154\"\n               data-title=\"Eines der Amphittheater in Jerasch\"\n               data-description=\"&lt;strong&gt;Eines der Amphittheater in Jerasch&lt;\/strong&gt;&lt;br \/&gt;Jordanien 2019&lt;br \/&gt;&lt;span style=&quot;font-size:85%;color:#949494;&quot;&gt;[Bild-Id: 16154]&lt;\/span&gt;\"\n               data-image-slug=\"074_ap5a9984-1\"\n               class=\"ngg-simplelightbox\" rel=\"ab6acdee795cb7718d6cc70d1d58a9c3\">\n                <img loading=\"lazy\"\n                    title=\"Eines der Amphittheater in Jerasch\"\n                    alt=\"Eines der Amphittheater in Jerasch\"\n                    src=\"http:\/\/foto-passion.com\/wp-content\/gallery\/fotostrecke_jordanien_2019\/cache\/074_AP5A9984.jpg-nggid0516154-ngg0dyn-150x100x100-00f0w010c011r110f110r010t010.jpg\"\n                    width=\"150\"\n                    height=\"100\"\n                    style=\"max-width:100%;\"\n                \/>\n            <\/a>\n        <\/div>\n\t\t\t\t\t\t\t<\/div> \n\t\t\t\n                            \n\t\t\t\t<div id=\"ngg-image-3\" class=\"ngg-gallery-thumbnail-box\" >\n\t\t\t\t        <div class=\"ngg-gallery-thumbnail\">\n            <a href=\"http:\/\/foto-passion.com\/wp-content\/gallery\/fotostrecke_jordanien_2019\/075_AP5A9991.jpg\"\n               title=\"&lt;strong&gt;Jerasch&lt;\/strong&gt;&lt;br \/&gt;Jordanien 2019&lt;br \/&gt;&lt;span style=&quot;font-size:85%;color:#949494;&quot;&gt;[Bild-Id: 16155]&lt;\/span&gt;\"\n               data-src=\"http:\/\/foto-passion.com\/wp-content\/gallery\/fotostrecke_jordanien_2019\/075_AP5A9991.jpg\"\n               data-thumbnail=\"http:\/\/foto-passion.com\/wp-content\/gallery\/fotostrecke_jordanien_2019\/thumbs\/thumbs_075_AP5A9991.jpg\"\n               data-image-id=\"16155\"\n               data-title=\"Jerasch\"\n               data-description=\"&lt;strong&gt;Jerasch&lt;\/strong&gt;&lt;br \/&gt;Jordanien 2019&lt;br \/&gt;&lt;span style=&quot;font-size:85%;color:#949494;&quot;&gt;[Bild-Id: 16155]&lt;\/span&gt;\"\n               data-image-slug=\"075_ap5a9991-1\"\n               class=\"ngg-simplelightbox\" rel=\"ab6acdee795cb7718d6cc70d1d58a9c3\">\n                <img loading=\"lazy\"\n                    title=\"Jerasch\"\n                    alt=\"Jerasch\"\n                    src=\"http:\/\/foto-passion.com\/wp-content\/gallery\/fotostrecke_jordanien_2019\/cache\/075_AP5A9991.jpg-nggid0516155-ngg0dyn-150x100x100-00f0w010c011r110f110r010t010.jpg\"\n                    width=\"150\"\n                    height=\"100\"\n                    style=\"max-width:100%;\"\n                \/>\n            <\/a>\n        <\/div>\n\t\t\t\t\t\t\t<\/div> \n\t\t\t\n                                    <br style=\"clear: both\" \/>\n                    \n\t\t\t\t<div id=\"ngg-image-4\" class=\"ngg-gallery-thumbnail-box\" >\n\t\t\t\t        <div class=\"ngg-gallery-thumbnail\">\n            <a href=\"http:\/\/foto-passion.com\/wp-content\/gallery\/fotostrecke_jordanien_2019\/076_AP5A0027.jpg\"\n               title=\"&lt;strong&gt;Jerasch&lt;\/strong&gt;&lt;br \/&gt;Jordanien 2019&lt;br \/&gt;&lt;span style=&quot;font-size:85%;color:#949494;&quot;&gt;[Bild-Id: 16156]&lt;\/span&gt;\"\n               data-src=\"http:\/\/foto-passion.com\/wp-content\/gallery\/fotostrecke_jordanien_2019\/076_AP5A0027.jpg\"\n               data-thumbnail=\"http:\/\/foto-passion.com\/wp-content\/gallery\/fotostrecke_jordanien_2019\/thumbs\/thumbs_076_AP5A0027.jpg\"\n               data-image-id=\"16156\"\n               data-title=\"Jerasch\"\n               data-description=\"&lt;strong&gt;Jerasch&lt;\/strong&gt;&lt;br \/&gt;Jordanien 2019&lt;br \/&gt;&lt;span style=&quot;font-size:85%;color:#949494;&quot;&gt;[Bild-Id: 16156]&lt;\/span&gt;\"\n               data-image-slug=\"076_ap5a0027-1\"\n               class=\"ngg-simplelightbox\" rel=\"ab6acdee795cb7718d6cc70d1d58a9c3\">\n                <img loading=\"lazy\"\n                    title=\"Jerasch\"\n                    alt=\"Jerasch\"\n                    src=\"http:\/\/foto-passion.com\/wp-content\/gallery\/fotostrecke_jordanien_2019\/cache\/076_AP5A0027.jpg-nggid0516156-ngg0dyn-150x100x100-00f0w010c011r110f110r010t010.jpg\"\n                    width=\"150\"\n                    height=\"100\"\n                    style=\"max-width:100%;\"\n                \/>\n            <\/a>\n        <\/div>\n\t\t\t\t\t\t\t<\/div> \n\t\t\t\n                            \n\t\t\t\t<div id=\"ngg-image-5\" class=\"ngg-gallery-thumbnail-box\" >\n\t\t\t\t        <div class=\"ngg-gallery-thumbnail\">\n            <a href=\"http:\/\/foto-passion.com\/wp-content\/gallery\/fotostrecke_jordanien_2019\/077_AP5A0032.jpg\"\n               title=\"&lt;strong&gt;Jerasch&lt;\/strong&gt;&lt;br \/&gt;Jordanien 2019&lt;br \/&gt;&lt;span style=&quot;font-size:85%;color:#949494;&quot;&gt;[Bild-Id: 16157]&lt;\/span&gt;\"\n               data-src=\"http:\/\/foto-passion.com\/wp-content\/gallery\/fotostrecke_jordanien_2019\/077_AP5A0032.jpg\"\n               data-thumbnail=\"http:\/\/foto-passion.com\/wp-content\/gallery\/fotostrecke_jordanien_2019\/thumbs\/thumbs_077_AP5A0032.jpg\"\n               data-image-id=\"16157\"\n               data-title=\"Jerasch\"\n               data-description=\"&lt;strong&gt;Jerasch&lt;\/strong&gt;&lt;br \/&gt;Jordanien 2019&lt;br \/&gt;&lt;span style=&quot;font-size:85%;color:#949494;&quot;&gt;[Bild-Id: 16157]&lt;\/span&gt;\"\n               data-image-slug=\"077_ap5a0032-1\"\n               class=\"ngg-simplelightbox\" rel=\"ab6acdee795cb7718d6cc70d1d58a9c3\">\n                <img loading=\"lazy\"\n                    title=\"Jerasch\"\n                    alt=\"Jerasch\"\n                    src=\"http:\/\/foto-passion.com\/wp-content\/gallery\/fotostrecke_jordanien_2019\/cache\/077_AP5A0032.jpg-nggid0516157-ngg0dyn-150x100x100-00f0w010c011r110f110r010t010.jpg\"\n                    width=\"150\"\n                    height=\"100\"\n                    style=\"max-width:100%;\"\n                \/>\n            <\/a>\n        <\/div>\n\t\t\t\t\t\t\t<\/div> \n\t\t\t\n                            \n\t\t\t\t<div id=\"ngg-image-6\" class=\"ngg-gallery-thumbnail-box\" >\n\t\t\t\t        <div class=\"ngg-gallery-thumbnail\">\n            <a href=\"http:\/\/foto-passion.com\/wp-content\/gallery\/fotostrecke_jordanien_2019\/078_AP5A0080.jpg\"\n               title=\"&lt;strong&gt;Die gigantische Anlage in Jerasch&lt;\/strong&gt;&lt;br \/&gt;Jordanien 2019&lt;br \/&gt;&lt;span style=&quot;font-size:85%;color:#949494;&quot;&gt;[Bild-Id: 16159]&lt;\/span&gt;\"\n               data-src=\"http:\/\/foto-passion.com\/wp-content\/gallery\/fotostrecke_jordanien_2019\/078_AP5A0080.jpg\"\n               data-thumbnail=\"http:\/\/foto-passion.com\/wp-content\/gallery\/fotostrecke_jordanien_2019\/thumbs\/thumbs_078_AP5A0080.jpg\"\n               data-image-id=\"16159\"\n               data-title=\"Die gigantische Anlage in Jerasch\"\n               data-description=\"&lt;strong&gt;Die gigantische Anlage in Jerasch&lt;\/strong&gt;&lt;br \/&gt;Jordanien 2019&lt;br \/&gt;&lt;span style=&quot;font-size:85%;color:#949494;&quot;&gt;[Bild-Id: 16159]&lt;\/span&gt;\"\n               data-image-slug=\"078_ap5a0080-1\"\n               class=\"ngg-simplelightbox\" rel=\"ab6acdee795cb7718d6cc70d1d58a9c3\">\n                <img loading=\"lazy\"\n                    title=\"Die gigantische Anlage in Jerasch\"\n                    alt=\"Die gigantische Anlage in Jerasch\"\n                    src=\"http:\/\/foto-passion.com\/wp-content\/gallery\/fotostrecke_jordanien_2019\/cache\/078_AP5A0080.jpg-nggid0516159-ngg0dyn-150x100x100-00f0w010c011r110f110r010t010.jpg\"\n                    width=\"150\"\n                    height=\"100\"\n                    style=\"max-width:100%;\"\n                \/>\n            <\/a>\n        <\/div>\n\t\t\t\t\t\t\t<\/div> \n\t\t\t\n                            \n\t\t\t\t<div id=\"ngg-image-7\" class=\"ngg-gallery-thumbnail-box\" >\n\t\t\t\t        <div class=\"ngg-gallery-thumbnail\">\n            <a href=\"http:\/\/foto-passion.com\/wp-content\/gallery\/fotostrecke_jordanien_2019\/079_AP5A0075.jpg\"\n               title=\"&lt;strong&gt;In einem der Amphittheater in Jerasch&lt;\/strong&gt;&lt;br \/&gt;Jordanien 2019&lt;br \/&gt;&lt;span style=&quot;font-size:85%;color:#949494;&quot;&gt;[Bild-Id: 16158]&lt;\/span&gt;\"\n               data-src=\"http:\/\/foto-passion.com\/wp-content\/gallery\/fotostrecke_jordanien_2019\/079_AP5A0075.jpg\"\n               data-thumbnail=\"http:\/\/foto-passion.com\/wp-content\/gallery\/fotostrecke_jordanien_2019\/thumbs\/thumbs_079_AP5A0075.jpg\"\n               data-image-id=\"16158\"\n               data-title=\"In einem der Amphittheater in Jerasch\"\n               data-description=\"&lt;strong&gt;In einem der Amphittheater in Jerasch&lt;\/strong&gt;&lt;br \/&gt;Jordanien 2019&lt;br \/&gt;&lt;span style=&quot;font-size:85%;color:#949494;&quot;&gt;[Bild-Id: 16158]&lt;\/span&gt;\"\n               data-image-slug=\"079_ap5a0075-1\"\n               class=\"ngg-simplelightbox\" rel=\"ab6acdee795cb7718d6cc70d1d58a9c3\">\n                <img loading=\"lazy\"\n                    title=\"In einem der Amphittheater in Jerasch\"\n                    alt=\"In einem der Amphittheater in Jerasch\"\n                    src=\"http:\/\/foto-passion.com\/wp-content\/gallery\/fotostrecke_jordanien_2019\/cache\/079_AP5A0075.jpg-nggid0516158-ngg0dyn-150x100x100-00f0w010c011r110f110r010t010.jpg\"\n                    width=\"150\"\n                    height=\"100\"\n                    style=\"max-width:100%;\"\n                \/>\n            <\/a>\n        <\/div>\n\t\t\t\t\t\t\t<\/div> \n\t\t\t\n                                    <br style=\"clear: both\" \/>\n                    \n\t\t\n\t\t<div class=\"ngg-clear\"><\/div>\n\t<\/div>\n<\/p>\t\t\t\t\t<\/div>\n\t\t\t\t\t\t<\/div>\n\t\t\t\t<\/div>\n\t\t\t\t\t\t<\/div>\n\t\t\t\t\t<\/div>\n\t\t<\/div>\n\t\t\t\t\t\t\t\t<\/div>\n\t\t\t\t\t<\/div>\n\t\t<\/section>\n\t\t\t\t<section class=\"elementor-section elementor-top-section elementor-element elementor-element-b5d70ad elementor-section-boxed elementor-section-height-default elementor-section-height-default\" data-id=\"b5d70ad\" data-element_type=\"section\">\n\t\t\t\t\t\t<div class=\"elementor-container elementor-column-gap-default\">\n\t\t\t\t\t\t\t<div class=\"elementor-row\">\n\t\t\t\t\t<div class=\"elementor-column elementor-col-100 elementor-top-column elementor-element elementor-element-eb335b7\" data-id=\"eb335b7\" data-element_type=\"column\">\n\t\t\t<div class=\"elementor-column-wrap elementor-element-populated\">\n\t\t\t\t\t\t\t<div class=\"elementor-widget-wrap\">\n\t\t\t\t\t\t<div class=\"elementor-element elementor-element-139eac9 elementor-widget elementor-widget-text-editor\" data-id=\"139eac9\" data-element_type=\"widget\" data-widget_type=\"text-editor.default\">\n\t\t\t\t<div class=\"elementor-widget-container\">\n\t\t\t\t\t\t\t\t<div class=\"elementor-text-editor elementor-clearfix\">\n\t\t\t\t\t<p style=\"text-align: justify;\">Nachdem wir viel Zeit zwischen den vielen r\u00f6mischen Steinen verbracht haben, verlassen wir am Nachmittag das Gel\u00e4nde ein wenig entt\u00e4uscht. Zum einen, weil derzeit leider die Auff\u00fchrungen zum r\u00f6mischen Gladiatorentreffen und Wagenrennen im Hippodrom nicht statt finden und zum anderen, dass hier doch alles ziemlich schlecht gepflegt wird, obwohl die UNESCO flei\u00dfig Geld liefert. Trotzdem ist das alte Gerasa einfach sehenswert und ich habe nicht umsonst vom fotografieren eine Blase am Finger!<\/p><p style=\"text-align: justify;\">Der Parkplatz steht inzwischen voller Reisebusse und jeder Bus hat grunds\u00e4tzlich w\u00e4hrend der gesamten Wartezeit den Motor laufen, damit der Bus sch\u00f6n klimatisiert wird. Auch wenn die Touris ein paar Stunden auf dem Gel\u00e4nde zubringen, l\u00e4uft derweil der Motor vom Bus \u2013 von JEDEM Bus!<\/p><p style=\"text-align: justify;\">Auf dem Weg zur\u00fcck nach Amman bieten die Landwirte der Umgebung ihre Ernte an der Stra\u00dfe an. Zur Zeit sind es \u00fcberwiegend Tomaten, Auberginen, Zwiebeln, Granat\u00e4pfel, die wie gemalt aussehen, Trauben und Feigen. Wir wollen eigentlich ein Kilo Feigen kaufen, bekommen dann aber mehr als zwei Kilo und fallen schon im Auto gierig \u00fcber die saftig reifen s\u00fc\u00dfen Fr\u00fcchte her. Sie sind so lecker!<\/p><p style=\"text-align: justify;\">An der City Mall in Amman machen wir noch Halt, um ein wenig Reiseproviant und Rosenwasser einzukaufen. Die Mall ist recht modern und hier gibt es eine Menge internationaler Modemarken. Im Foot-Court der Mall essen wir dann gleich noch zu Abend \u2013 dann sind wir f\u00fcr heute fertig. Drau\u00dfen hat es nun sogar zu regnen begonnen. Viel mehr als ein paar bescheidene Tropfen fallen aber nicht.<\/p><p style=\"text-align: justify;\">Der Security-Mann des Hotels kennt uns inzwischen schon und wischt nicht mehr \u00fcber das Lenkrad, sondern fragt nach unserem Tag. Mit unseren Feigen im Arm, den klappernden Flaschen Rosenwasser und der Chipst\u00fcte im Einkaufsbeutel, dem Fotorucksack \u00fcber der Schulter und der Shoppingt\u00fcte am Arm sind wir eine Augenweide, wenn wir durch die vornehme Hotellobby marschieren. Vorher muss das ganze Zeug dann noch durch den Sicherheitsscanner. Will nicht wissen, was die Angestellten denken. Die k\u00f6nnen ja nicht wissen, dass unsere Flaschen nur harmloses Rosenwasser enthalten.<\/p><p style=\"text-align: justify;\">Wir schaffen es gerade noch, unsere Route f\u00fcr morgen zu planen, bevor wir ziemlich kaputt in die Betten fallen.<\/p>\t\t\t\t\t<\/div>\n\t\t\t\t\t\t<\/div>\n\t\t\t\t<\/div>\n\t\t\t\t\t\t<\/div>\n\t\t\t\t\t<\/div>\n\t\t<\/div>\n\t\t\t\t\t\t\t\t<\/div>\n\t\t\t\t\t<\/div>\n\t\t<\/section>\n\t\t\t\t<section class=\"elementor-section elementor-top-section elementor-element elementor-element-67e14b3 elementor-section-boxed elementor-section-height-default elementor-section-height-default\" data-id=\"67e14b3\" data-element_type=\"section\">\n\t\t\t\t\t\t<div class=\"elementor-container elementor-column-gap-default\">\n\t\t\t\t\t\t\t<div class=\"elementor-row\">\n\t\t\t\t\t<div class=\"elementor-column elementor-col-100 elementor-top-column elementor-element elementor-element-321c868\" data-id=\"321c868\" data-element_type=\"column\">\n\t\t\t<div class=\"elementor-column-wrap elementor-element-populated\">\n\t\t\t\t\t\t\t<div class=\"elementor-widget-wrap\">\n\t\t\t\t\t\t<div class=\"elementor-element elementor-element-59743c1 elementor-widget elementor-widget-text-editor\" data-id=\"59743c1\" data-element_type=\"widget\" data-widget_type=\"text-editor.default\">\n\t\t\t\t<div class=\"elementor-widget-container\">\n\t\t\t\t\t\t\t\t<div class=\"elementor-text-editor elementor-clearfix\">\n\t\t\t\t\t<p style=\"text-align: justify;\"><strong>06.10.2019\u00a0\u00a0\u00a0\u00a0 Amman \u2013 Dana \u201eDana Eco Camp\u201d<\/strong><\/p><p style=\"text-align: justify;\">Wieder sind wir fr\u00fch reisefertig. Heute verlassen wir Amman in Richtung S\u00fcden. Wir geraten in den Berufsverkehr und es ist ganz sch\u00f6n anspruchsvoll, in dem Verkehrstrubel mitzuspielen. Die h\u00e4ufig dreispurigen Zufahrtsstra\u00dfen sind alle ohne Fahrbahnmarkierung und jeder f\u00e4hrt, wie es ihm einf\u00e4llt. Dazu wird flei\u00dfig gehupt.<\/p><p style=\"text-align: justify;\">In der Stadt Madaba, die heute auf unserem Weg liegt, halten wir an der \u201eApostel Kirche\u201c. Hier gibt es ein riesengro\u00dfes Bodenmosaik, das wir besichtigen. Rund um das Mosaik wurde ein Steg gebaut, damit man das Kunstwerk nicht betreten muss. Der vordere Teil des Kirchenschiffes, \u00fcber den man sich dem Mosaik n\u00e4hern k\u00f6nnte, ist ebenfalls abgesperrt. Als ich versuche, ein wenig durch die Absperrung zu fotografieren, werde ich vom Aufseher zur\u00fcckgepfiffen. Dann verlangt er meine Kamera, steigt \u00fcber die Absperrung und fotografiert mir gewissenhaft s\u00e4mtliche gut erhaltenen Bodenmosaike. Ich bin total perplex \u00fcber diese Geste.<\/p>\t\t\t\t\t<\/div>\n\t\t\t\t\t\t<\/div>\n\t\t\t\t<\/div>\n\t\t\t\t\t\t<\/div>\n\t\t\t\t\t<\/div>\n\t\t<\/div>\n\t\t\t\t\t\t\t\t<\/div>\n\t\t\t\t\t<\/div>\n\t\t<\/section>\n\t\t\t\t<section class=\"elementor-section elementor-top-section elementor-element elementor-element-e32ec51 elementor-section-boxed elementor-section-height-default elementor-section-height-default\" data-id=\"e32ec51\" data-element_type=\"section\">\n\t\t\t\t\t\t<div class=\"elementor-container elementor-column-gap-default\">\n\t\t\t\t\t\t\t<div class=\"elementor-row\">\n\t\t\t\t\t<div class=\"elementor-column elementor-col-100 elementor-top-column elementor-element elementor-element-dabf2ac\" data-id=\"dabf2ac\" data-element_type=\"column\">\n\t\t\t<div class=\"elementor-column-wrap elementor-element-populated\">\n\t\t\t\t\t\t\t<div class=\"elementor-widget-wrap\">\n\t\t\t\t\t\t<div class=\"elementor-element elementor-element-9d78594 elementor-widget elementor-widget-text-editor\" data-id=\"9d78594\" data-element_type=\"widget\" data-widget_type=\"text-editor.default\">\n\t\t\t\t<div class=\"elementor-widget-container\">\n\t\t\t\t\t\t\t\t<div class=\"elementor-text-editor elementor-clearfix\">\n\t\t\t\t\t<p><!-- index.php -->\n<div\n\tclass=\"ngg-galleryoverview ngg-ajax-pagination-none\"\n\tid=\"ngg-gallery-3bfad8da3a9009f218d6af37f2c7bdf9-1\">\n\n    \t\t<!-- Thumbnails -->\n\t\t\t\t<div id=\"ngg-image-0\" class=\"ngg-gallery-thumbnail-box\" >\n\t\t\t\t        <div class=\"ngg-gallery-thumbnail\">\n            <a href=\"http:\/\/foto-passion.com\/wp-content\/gallery\/fotostrecke_jordanien_2019\/080_AP5A0135.jpg\"\n               title=\"&lt;strong&gt;Bodenmosaik in der Apostel-Kirche Madaba&lt;\/strong&gt;&lt;br \/&gt;Jordanien 2019&lt;br \/&gt;&lt;span style=&quot;font-size:85%;color:#949494;&quot;&gt;[Bild-Id: 16162]&lt;\/span&gt;\"\n               data-src=\"http:\/\/foto-passion.com\/wp-content\/gallery\/fotostrecke_jordanien_2019\/080_AP5A0135.jpg\"\n               data-thumbnail=\"http:\/\/foto-passion.com\/wp-content\/gallery\/fotostrecke_jordanien_2019\/thumbs\/thumbs_080_AP5A0135.jpg\"\n               data-image-id=\"16162\"\n               data-title=\"Bodenmosaik in der Apostel-Kirche Madaba\"\n               data-description=\"&lt;strong&gt;Bodenmosaik in der Apostel-Kirche Madaba&lt;\/strong&gt;&lt;br \/&gt;Jordanien 2019&lt;br \/&gt;&lt;span style=&quot;font-size:85%;color:#949494;&quot;&gt;[Bild-Id: 16162]&lt;\/span&gt;\"\n               data-image-slug=\"080_ap5a0135-1\"\n               class=\"ngg-simplelightbox\" rel=\"3bfad8da3a9009f218d6af37f2c7bdf9\">\n                <img loading=\"lazy\"\n                    title=\"Bodenmosaik in der Apostel-Kirche Madaba\"\n                    alt=\"Bodenmosaik in der Apostel-Kirche Madaba\"\n                    src=\"http:\/\/foto-passion.com\/wp-content\/gallery\/fotostrecke_jordanien_2019\/cache\/080_AP5A0135.jpg-nggid0516162-ngg0dyn-150x100x100-00f0w010c011r110f110r010t010.jpg\"\n                    width=\"150\"\n                    height=\"100\"\n                    style=\"max-width:100%;\"\n                \/>\n            <\/a>\n        <\/div>\n\t\t\t\t\t\t\t<\/div> \n\t\t\t\n                            \n\t\t\t\t<div id=\"ngg-image-1\" class=\"ngg-gallery-thumbnail-box\" >\n\t\t\t\t        <div class=\"ngg-gallery-thumbnail\">\n            <a href=\"http:\/\/foto-passion.com\/wp-content\/gallery\/fotostrecke_jordanien_2019\/081_AP5A0123.jpg\"\n               title=\"&lt;strong&gt;Bodenmosaik in der Apostel-Kirche Madaba&lt;\/strong&gt;&lt;br \/&gt;Jordanien 2019&lt;br \/&gt;&lt;span style=&quot;font-size:85%;color:#949494;&quot;&gt;[Bild-Id: 16160]&lt;\/span&gt;\"\n               data-src=\"http:\/\/foto-passion.com\/wp-content\/gallery\/fotostrecke_jordanien_2019\/081_AP5A0123.jpg\"\n               data-thumbnail=\"http:\/\/foto-passion.com\/wp-content\/gallery\/fotostrecke_jordanien_2019\/thumbs\/thumbs_081_AP5A0123.jpg\"\n               data-image-id=\"16160\"\n               data-title=\"Bodenmosaik in der Apostel-Kirche Madaba\"\n               data-description=\"&lt;strong&gt;Bodenmosaik in der Apostel-Kirche Madaba&lt;\/strong&gt;&lt;br \/&gt;Jordanien 2019&lt;br \/&gt;&lt;span style=&quot;font-size:85%;color:#949494;&quot;&gt;[Bild-Id: 16160]&lt;\/span&gt;\"\n               data-image-slug=\"081_ap5a0123-1\"\n               class=\"ngg-simplelightbox\" rel=\"3bfad8da3a9009f218d6af37f2c7bdf9\">\n                <img loading=\"lazy\"\n                    title=\"Bodenmosaik in der Apostel-Kirche Madaba\"\n                    alt=\"Bodenmosaik in der Apostel-Kirche Madaba\"\n                    src=\"http:\/\/foto-passion.com\/wp-content\/gallery\/fotostrecke_jordanien_2019\/cache\/081_AP5A0123.jpg-nggid0516160-ngg0dyn-150x100x100-00f0w010c011r110f110r010t010.jpg\"\n                    width=\"150\"\n                    height=\"100\"\n                    style=\"max-width:100%;\"\n                \/>\n            <\/a>\n        <\/div>\n\t\t\t\t\t\t\t<\/div> \n\t\t\t\n                            \n\t\t\t\t<div id=\"ngg-image-2\" class=\"ngg-gallery-thumbnail-box\" >\n\t\t\t\t        <div class=\"ngg-gallery-thumbnail\">\n            <a href=\"http:\/\/foto-passion.com\/wp-content\/gallery\/fotostrecke_jordanien_2019\/082_AP5A0134.jpg\"\n               title=\"&lt;strong&gt;Bodenmosaik in der Apostel-Kirche Madaba&lt;\/strong&gt;&lt;br \/&gt;Jordanien 2019&lt;br \/&gt;&lt;span style=&quot;font-size:85%;color:#949494;&quot;&gt;[Bild-Id: 16161]&lt;\/span&gt;\"\n               data-src=\"http:\/\/foto-passion.com\/wp-content\/gallery\/fotostrecke_jordanien_2019\/082_AP5A0134.jpg\"\n               data-thumbnail=\"http:\/\/foto-passion.com\/wp-content\/gallery\/fotostrecke_jordanien_2019\/thumbs\/thumbs_082_AP5A0134.jpg\"\n               data-image-id=\"16161\"\n               data-title=\"Bodenmosaik in der Apostel-Kirche Madaba\"\n               data-description=\"&lt;strong&gt;Bodenmosaik in der Apostel-Kirche Madaba&lt;\/strong&gt;&lt;br \/&gt;Jordanien 2019&lt;br \/&gt;&lt;span style=&quot;font-size:85%;color:#949494;&quot;&gt;[Bild-Id: 16161]&lt;\/span&gt;\"\n               data-image-slug=\"082_ap5a0134-1\"\n               class=\"ngg-simplelightbox\" rel=\"3bfad8da3a9009f218d6af37f2c7bdf9\">\n                <img loading=\"lazy\"\n                    title=\"Bodenmosaik in der Apostel-Kirche Madaba\"\n                    alt=\"Bodenmosaik in der Apostel-Kirche Madaba\"\n                    src=\"http:\/\/foto-passion.com\/wp-content\/gallery\/fotostrecke_jordanien_2019\/cache\/082_AP5A0134.jpg-nggid0516161-ngg0dyn-150x100x100-00f0w010c011r110f110r010t010.jpg\"\n                    width=\"150\"\n                    height=\"100\"\n                    style=\"max-width:100%;\"\n                \/>\n            <\/a>\n        <\/div>\n\t\t\t\t\t\t\t<\/div> \n\t\t\t\n                            \n\t\t\t\t<div id=\"ngg-image-3\" class=\"ngg-gallery-thumbnail-box\" >\n\t\t\t\t        <div class=\"ngg-gallery-thumbnail\">\n            <a href=\"http:\/\/foto-passion.com\/wp-content\/gallery\/fotostrecke_jordanien_2019\/083_AP5A0139.jpg\"\n               title=\"&lt;strong&gt;Bodenmosaik in der Apostel-Kirche Madaba&lt;\/strong&gt;&lt;br \/&gt;Jordanien 2019&lt;br \/&gt;&lt;span style=&quot;font-size:85%;color:#949494;&quot;&gt;[Bild-Id: 16164]&lt;\/span&gt;\"\n               data-src=\"http:\/\/foto-passion.com\/wp-content\/gallery\/fotostrecke_jordanien_2019\/083_AP5A0139.jpg\"\n               data-thumbnail=\"http:\/\/foto-passion.com\/wp-content\/gallery\/fotostrecke_jordanien_2019\/thumbs\/thumbs_083_AP5A0139.jpg\"\n               data-image-id=\"16164\"\n               data-title=\"Bodenmosaik in der Apostel-Kirche Madaba\"\n               data-description=\"&lt;strong&gt;Bodenmosaik in der Apostel-Kirche Madaba&lt;\/strong&gt;&lt;br \/&gt;Jordanien 2019&lt;br \/&gt;&lt;span style=&quot;font-size:85%;color:#949494;&quot;&gt;[Bild-Id: 16164]&lt;\/span&gt;\"\n               data-image-slug=\"083_ap5a0139-1\"\n               class=\"ngg-simplelightbox\" rel=\"3bfad8da3a9009f218d6af37f2c7bdf9\">\n                <img loading=\"lazy\"\n                    title=\"Bodenmosaik in der Apostel-Kirche Madaba\"\n                    alt=\"Bodenmosaik in der Apostel-Kirche Madaba\"\n                    src=\"http:\/\/foto-passion.com\/wp-content\/gallery\/fotostrecke_jordanien_2019\/cache\/083_AP5A0139.jpg-nggid0516164-ngg0dyn-150x100x100-00f0w010c011r110f110r010t010.jpg\"\n                    width=\"150\"\n                    height=\"100\"\n                    style=\"max-width:100%;\"\n                \/>\n            <\/a>\n        <\/div>\n\t\t\t\t\t\t\t<\/div> \n\t\t\t\n                                    <br style=\"clear: both\" \/>\n                    \n\t\t\t\t<div id=\"ngg-image-4\" class=\"ngg-gallery-thumbnail-box\" >\n\t\t\t\t        <div class=\"ngg-gallery-thumbnail\">\n            <a href=\"http:\/\/foto-passion.com\/wp-content\/gallery\/fotostrecke_jordanien_2019\/084_AP5A0148.jpg\"\n               title=\"&lt;strong&gt;Bodenmosaik in der Apostel-Kirche Madaba&lt;\/strong&gt;&lt;br \/&gt;Jordanien 2019&lt;br \/&gt;&lt;span style=&quot;font-size:85%;color:#949494;&quot;&gt;[Bild-Id: 16166]&lt;\/span&gt;\"\n               data-src=\"http:\/\/foto-passion.com\/wp-content\/gallery\/fotostrecke_jordanien_2019\/084_AP5A0148.jpg\"\n               data-thumbnail=\"http:\/\/foto-passion.com\/wp-content\/gallery\/fotostrecke_jordanien_2019\/thumbs\/thumbs_084_AP5A0148.jpg\"\n               data-image-id=\"16166\"\n               data-title=\"Bodenmosaik in der Apostel-Kirche Madaba\"\n               data-description=\"&lt;strong&gt;Bodenmosaik in der Apostel-Kirche Madaba&lt;\/strong&gt;&lt;br \/&gt;Jordanien 2019&lt;br \/&gt;&lt;span style=&quot;font-size:85%;color:#949494;&quot;&gt;[Bild-Id: 16166]&lt;\/span&gt;\"\n               data-image-slug=\"084_ap5a0148-1\"\n               class=\"ngg-simplelightbox\" rel=\"3bfad8da3a9009f218d6af37f2c7bdf9\">\n                <img loading=\"lazy\"\n                    title=\"Bodenmosaik in der Apostel-Kirche Madaba\"\n                    alt=\"Bodenmosaik in der Apostel-Kirche Madaba\"\n                    src=\"http:\/\/foto-passion.com\/wp-content\/gallery\/fotostrecke_jordanien_2019\/cache\/084_AP5A0148.jpg-nggid0516166-ngg0dyn-150x100x100-00f0w010c011r110f110r010t010.jpg\"\n                    width=\"150\"\n                    height=\"100\"\n                    style=\"max-width:100%;\"\n                \/>\n            <\/a>\n        <\/div>\n\t\t\t\t\t\t\t<\/div> \n\t\t\t\n                            \n\t\t\t\t<div id=\"ngg-image-5\" class=\"ngg-gallery-thumbnail-box\" >\n\t\t\t\t        <div class=\"ngg-gallery-thumbnail\">\n            <a href=\"http:\/\/foto-passion.com\/wp-content\/gallery\/fotostrecke_jordanien_2019\/085_AP5A0138.jpg\"\n               title=\"&lt;strong&gt;Bodenmosaik in der Apostel-Kirche Madaba&lt;\/strong&gt;&lt;br \/&gt;Jordanien 2019&lt;br \/&gt;&lt;span style=&quot;font-size:85%;color:#949494;&quot;&gt;[Bild-Id: 16163]&lt;\/span&gt;\"\n               data-src=\"http:\/\/foto-passion.com\/wp-content\/gallery\/fotostrecke_jordanien_2019\/085_AP5A0138.jpg\"\n               data-thumbnail=\"http:\/\/foto-passion.com\/wp-content\/gallery\/fotostrecke_jordanien_2019\/thumbs\/thumbs_085_AP5A0138.jpg\"\n               data-image-id=\"16163\"\n               data-title=\"Bodenmosaik in der Apostel-Kirche Madaba\"\n               data-description=\"&lt;strong&gt;Bodenmosaik in der Apostel-Kirche Madaba&lt;\/strong&gt;&lt;br \/&gt;Jordanien 2019&lt;br \/&gt;&lt;span style=&quot;font-size:85%;color:#949494;&quot;&gt;[Bild-Id: 16163]&lt;\/span&gt;\"\n               data-image-slug=\"085_ap5a0138-1\"\n               class=\"ngg-simplelightbox\" rel=\"3bfad8da3a9009f218d6af37f2c7bdf9\">\n                <img loading=\"lazy\"\n                    title=\"Bodenmosaik in der Apostel-Kirche Madaba\"\n                    alt=\"Bodenmosaik in der Apostel-Kirche Madaba\"\n                    src=\"http:\/\/foto-passion.com\/wp-content\/gallery\/fotostrecke_jordanien_2019\/cache\/085_AP5A0138.jpg-nggid0516163-ngg0dyn-150x100x100-00f0w010c011r110f110r010t010.jpg\"\n                    width=\"150\"\n                    height=\"100\"\n                    style=\"max-width:100%;\"\n                \/>\n            <\/a>\n        <\/div>\n\t\t\t\t\t\t\t<\/div> \n\t\t\t\n                            \n\t\t\t\t<div id=\"ngg-image-6\" class=\"ngg-gallery-thumbnail-box\" >\n\t\t\t\t        <div class=\"ngg-gallery-thumbnail\">\n            <a href=\"http:\/\/foto-passion.com\/wp-content\/gallery\/fotostrecke_jordanien_2019\/086_AP5A0144.jpg\"\n               title=\"&lt;strong&gt;Bodenmosaik in der Apostel-Kirche Madaba&lt;\/strong&gt;&lt;br \/&gt;Jordanien 2019&lt;br \/&gt;&lt;span style=&quot;font-size:85%;color:#949494;&quot;&gt;[Bild-Id: 16165]&lt;\/span&gt;\"\n               data-src=\"http:\/\/foto-passion.com\/wp-content\/gallery\/fotostrecke_jordanien_2019\/086_AP5A0144.jpg\"\n               data-thumbnail=\"http:\/\/foto-passion.com\/wp-content\/gallery\/fotostrecke_jordanien_2019\/thumbs\/thumbs_086_AP5A0144.jpg\"\n               data-image-id=\"16165\"\n               data-title=\"Bodenmosaik in der Apostel-Kirche Madaba\"\n               data-description=\"&lt;strong&gt;Bodenmosaik in der Apostel-Kirche Madaba&lt;\/strong&gt;&lt;br \/&gt;Jordanien 2019&lt;br \/&gt;&lt;span style=&quot;font-size:85%;color:#949494;&quot;&gt;[Bild-Id: 16165]&lt;\/span&gt;\"\n               data-image-slug=\"086_ap5a0144-1\"\n               class=\"ngg-simplelightbox\" rel=\"3bfad8da3a9009f218d6af37f2c7bdf9\">\n                <img loading=\"lazy\"\n                    title=\"Bodenmosaik in der Apostel-Kirche Madaba\"\n                    alt=\"Bodenmosaik in der Apostel-Kirche Madaba\"\n                    src=\"http:\/\/foto-passion.com\/wp-content\/gallery\/fotostrecke_jordanien_2019\/cache\/086_AP5A0144.jpg-nggid0516165-ngg0dyn-150x100x100-00f0w010c011r110f110r010t010.jpg\"\n                    width=\"150\"\n                    height=\"100\"\n                    style=\"max-width:100%;\"\n                \/>\n            <\/a>\n        <\/div>\n\t\t\t\t\t\t\t<\/div> \n\t\t\t\n                            \n\t\t\t\t<div id=\"ngg-image-7\" class=\"ngg-gallery-thumbnail-box\" >\n\t\t\t\t        <div class=\"ngg-gallery-thumbnail\">\n            <a href=\"http:\/\/foto-passion.com\/wp-content\/gallery\/fotostrecke_jordanien_2019\/087_AP5A0149.jpg\"\n               title=\"&lt;strong&gt;Bodenmosaik in der Apostel-Kirche Madaba&lt;\/strong&gt;&lt;br \/&gt;Jordanien 2019&lt;br \/&gt;&lt;span style=&quot;font-size:85%;color:#949494;&quot;&gt;[Bild-Id: 16167]&lt;\/span&gt;\"\n               data-src=\"http:\/\/foto-passion.com\/wp-content\/gallery\/fotostrecke_jordanien_2019\/087_AP5A0149.jpg\"\n               data-thumbnail=\"http:\/\/foto-passion.com\/wp-content\/gallery\/fotostrecke_jordanien_2019\/thumbs\/thumbs_087_AP5A0149.jpg\"\n               data-image-id=\"16167\"\n               data-title=\"Bodenmosaik in der Apostel-Kirche Madaba\"\n               data-description=\"&lt;strong&gt;Bodenmosaik in der Apostel-Kirche Madaba&lt;\/strong&gt;&lt;br \/&gt;Jordanien 2019&lt;br \/&gt;&lt;span style=&quot;font-size:85%;color:#949494;&quot;&gt;[Bild-Id: 16167]&lt;\/span&gt;\"\n               data-image-slug=\"087_ap5a0149-1\"\n               class=\"ngg-simplelightbox\" rel=\"3bfad8da3a9009f218d6af37f2c7bdf9\">\n                <img loading=\"lazy\"\n                    title=\"Bodenmosaik in der Apostel-Kirche Madaba\"\n                    alt=\"Bodenmosaik in der Apostel-Kirche Madaba\"\n                    src=\"http:\/\/foto-passion.com\/wp-content\/gallery\/fotostrecke_jordanien_2019\/cache\/087_AP5A0149.jpg-nggid0516167-ngg0dyn-150x100x100-00f0w010c011r110f110r010t010.jpg\"\n                    width=\"150\"\n                    height=\"100\"\n                    style=\"max-width:100%;\"\n                \/>\n            <\/a>\n        <\/div>\n\t\t\t\t\t\t\t<\/div> \n\t\t\t\n                                    <br style=\"clear: both\" \/>\n                    \n\t\t\n\t\t<div class=\"ngg-clear\"><\/div>\n\t<\/div>\n<\/p>\t\t\t\t\t<\/div>\n\t\t\t\t\t\t<\/div>\n\t\t\t\t<\/div>\n\t\t\t\t\t\t<\/div>\n\t\t\t\t\t<\/div>\n\t\t<\/div>\n\t\t\t\t\t\t\t\t<\/div>\n\t\t\t\t\t<\/div>\n\t\t<\/section>\n\t\t\t\t<section class=\"elementor-section elementor-top-section elementor-element elementor-element-3565ece elementor-section-boxed elementor-section-height-default elementor-section-height-default\" data-id=\"3565ece\" data-element_type=\"section\">\n\t\t\t\t\t\t<div class=\"elementor-container elementor-column-gap-default\">\n\t\t\t\t\t\t\t<div class=\"elementor-row\">\n\t\t\t\t\t<div class=\"elementor-column elementor-col-100 elementor-top-column elementor-element elementor-element-3192a13\" data-id=\"3192a13\" data-element_type=\"column\">\n\t\t\t<div class=\"elementor-column-wrap elementor-element-populated\">\n\t\t\t\t\t\t\t<div class=\"elementor-widget-wrap\">\n\t\t\t\t\t\t<div class=\"elementor-element elementor-element-eedfcfd elementor-widget elementor-widget-text-editor\" data-id=\"eedfcfd\" data-element_type=\"widget\" data-widget_type=\"text-editor.default\">\n\t\t\t\t<div class=\"elementor-widget-container\">\n\t\t\t\t\t\t\t\t<div class=\"elementor-text-editor elementor-clearfix\">\n\t\t\t\t\t<p style=\"text-align: justify;\">Das ber\u00fchmteste Mosaik von Madaba findet sich in der Kirche \u201eSt. Georg\u201c. Es handelt sich dabei um eine Landkarte, die das einstige Pal\u00e4stina zeigt. Das Werk wird auch &#8222;Madaba-Mosaik&#8220; genannt und stammt aus dem 6. Jahrhundert. Leider ist heute Sonntag und da findet gerade der Gottesdienst statt. W\u00e4hrend dieser Zeit wird das Mosaik mit einem Tuch abgedeckt, damit es nicht besch\u00e4digt wird und warten, bis der Gottesdienst vorbei ist, wollen wir nicht, denn heute stehen noch einige Ziele auf dem Plan. So verzichten wir auf den Besuch dieser Kirche und gehen statt dessen schnell noch vor dem Gottesdienst in die \u201eSt. Josefs-Kirche\u201c. Hier befindet sich auch der Schrein von Johannes dem T\u00e4ufer und auch hier gibt es Bodenmosaike. Der Kirchendiener will uns noch in den Glockenturm schicken, aber das lehnen wir dankend ab. Dann lieber in die Katakomben runter, wo auch der Schrein steht. Nun ja, als Nichtchristen k\u00f6nnen wir nicht wirklich viel damit anfangen.<\/p>\t\t\t\t\t<\/div>\n\t\t\t\t\t\t<\/div>\n\t\t\t\t<\/div>\n\t\t\t\t\t\t<\/div>\n\t\t\t\t\t<\/div>\n\t\t<\/div>\n\t\t\t\t\t\t\t\t<\/div>\n\t\t\t\t\t<\/div>\n\t\t<\/section>\n\t\t\t\t<section class=\"elementor-section elementor-top-section elementor-element elementor-element-a4d9e6f elementor-section-boxed elementor-section-height-default elementor-section-height-default\" data-id=\"a4d9e6f\" data-element_type=\"section\">\n\t\t\t\t\t\t<div class=\"elementor-container elementor-column-gap-default\">\n\t\t\t\t\t\t\t<div class=\"elementor-row\">\n\t\t\t\t\t<div class=\"elementor-column elementor-col-100 elementor-top-column elementor-element elementor-element-f48ad57\" data-id=\"f48ad57\" data-element_type=\"column\">\n\t\t\t<div class=\"elementor-column-wrap elementor-element-populated\">\n\t\t\t\t\t\t\t<div class=\"elementor-widget-wrap\">\n\t\t\t\t\t\t<div class=\"elementor-element elementor-element-67add86 elementor-widget elementor-widget-text-editor\" data-id=\"67add86\" data-element_type=\"widget\" data-widget_type=\"text-editor.default\">\n\t\t\t\t<div class=\"elementor-widget-container\">\n\t\t\t\t\t\t\t\t<div class=\"elementor-text-editor elementor-clearfix\">\n\t\t\t\t\t<p><!-- index.php -->\n<div\n\tclass=\"ngg-galleryoverview ngg-ajax-pagination-none\"\n\tid=\"ngg-gallery-0f92d21ba38638eed1dd3a4dcb05803e-1\">\n\n    \t\t<!-- Thumbnails -->\n\t\t\t\t<div id=\"ngg-image-0\" class=\"ngg-gallery-thumbnail-box\" >\n\t\t\t\t        <div class=\"ngg-gallery-thumbnail\">\n            <a href=\"http:\/\/foto-passion.com\/wp-content\/gallery\/fotostrecke_jordanien_2019\/088_AP5A0165.jpg\"\n               title=\"&lt;strong&gt;Bodenmosaik&lt;\/strong&gt;&lt;br \/&gt;Jordanien 2019&lt;br \/&gt;&lt;span style=&quot;font-size:85%;color:#949494;&quot;&gt;[Bild-Id: 16168]&lt;\/span&gt;\"\n               data-src=\"http:\/\/foto-passion.com\/wp-content\/gallery\/fotostrecke_jordanien_2019\/088_AP5A0165.jpg\"\n               data-thumbnail=\"http:\/\/foto-passion.com\/wp-content\/gallery\/fotostrecke_jordanien_2019\/thumbs\/thumbs_088_AP5A0165.jpg\"\n               data-image-id=\"16168\"\n               data-title=\"Bodenmosaik\"\n               data-description=\"&lt;strong&gt;Bodenmosaik&lt;\/strong&gt;&lt;br \/&gt;Jordanien 2019&lt;br \/&gt;&lt;span style=&quot;font-size:85%;color:#949494;&quot;&gt;[Bild-Id: 16168]&lt;\/span&gt;\"\n               data-image-slug=\"088_ap5a0165-1\"\n               class=\"ngg-simplelightbox\" rel=\"0f92d21ba38638eed1dd3a4dcb05803e\">\n                <img loading=\"lazy\"\n                    title=\"Bodenmosaik\"\n                    alt=\"Bodenmosaik\"\n                    src=\"http:\/\/foto-passion.com\/wp-content\/gallery\/fotostrecke_jordanien_2019\/cache\/088_AP5A0165.jpg-nggid0516168-ngg0dyn-150x100x100-00f0w010c011r110f110r010t010.jpg\"\n                    width=\"150\"\n                    height=\"100\"\n                    style=\"max-width:100%;\"\n                \/>\n            <\/a>\n        <\/div>\n\t\t\t\t\t\t\t<\/div> \n\t\t\t\n                            \n\t\t\t\t<div id=\"ngg-image-1\" class=\"ngg-gallery-thumbnail-box\" >\n\t\t\t\t        <div class=\"ngg-gallery-thumbnail\">\n            <a href=\"http:\/\/foto-passion.com\/wp-content\/gallery\/fotostrecke_jordanien_2019\/089_AP5A0168.jpg\"\n               title=\"&lt;strong&gt;Mosaike in Madaba&lt;\/strong&gt;&lt;br \/&gt;Jordanien 2019&lt;br \/&gt;&lt;span style=&quot;font-size:85%;color:#949494;&quot;&gt;[Bild-Id: 16169]&lt;\/span&gt;\"\n               data-src=\"http:\/\/foto-passion.com\/wp-content\/gallery\/fotostrecke_jordanien_2019\/089_AP5A0168.jpg\"\n               data-thumbnail=\"http:\/\/foto-passion.com\/wp-content\/gallery\/fotostrecke_jordanien_2019\/thumbs\/thumbs_089_AP5A0168.jpg\"\n               data-image-id=\"16169\"\n               data-title=\"Mosaike in Madaba\"\n               data-description=\"&lt;strong&gt;Mosaike in Madaba&lt;\/strong&gt;&lt;br \/&gt;Jordanien 2019&lt;br \/&gt;&lt;span style=&quot;font-size:85%;color:#949494;&quot;&gt;[Bild-Id: 16169]&lt;\/span&gt;\"\n               data-image-slug=\"089_ap5a0168-1\"\n               class=\"ngg-simplelightbox\" rel=\"0f92d21ba38638eed1dd3a4dcb05803e\">\n                <img loading=\"lazy\"\n                    title=\"Mosaike in Madaba\"\n                    alt=\"Mosaike in Madaba\"\n                    src=\"http:\/\/foto-passion.com\/wp-content\/gallery\/fotostrecke_jordanien_2019\/cache\/089_AP5A0168.jpg-nggid0516169-ngg0dyn-150x100x100-00f0w010c011r110f110r010t010.jpg\"\n                    width=\"150\"\n                    height=\"100\"\n                    style=\"max-width:100%;\"\n                \/>\n            <\/a>\n        <\/div>\n\t\t\t\t\t\t\t<\/div> \n\t\t\t\n                            \n\t\t\t\t<div id=\"ngg-image-2\" class=\"ngg-gallery-thumbnail-box\" >\n\t\t\t\t        <div class=\"ngg-gallery-thumbnail\">\n            <a href=\"http:\/\/foto-passion.com\/wp-content\/gallery\/fotostrecke_jordanien_2019\/090_AP5A0169.jpg\"\n               title=\"&lt;strong&gt;Mosaike in Madaba&lt;\/strong&gt;&lt;br \/&gt;Jordanien 2019&lt;br \/&gt;&lt;span style=&quot;font-size:85%;color:#949494;&quot;&gt;[Bild-Id: 16170]&lt;\/span&gt;\"\n               data-src=\"http:\/\/foto-passion.com\/wp-content\/gallery\/fotostrecke_jordanien_2019\/090_AP5A0169.jpg\"\n               data-thumbnail=\"http:\/\/foto-passion.com\/wp-content\/gallery\/fotostrecke_jordanien_2019\/thumbs\/thumbs_090_AP5A0169.jpg\"\n               data-image-id=\"16170\"\n               data-title=\"Mosaike in Madaba\"\n               data-description=\"&lt;strong&gt;Mosaike in Madaba&lt;\/strong&gt;&lt;br \/&gt;Jordanien 2019&lt;br \/&gt;&lt;span style=&quot;font-size:85%;color:#949494;&quot;&gt;[Bild-Id: 16170]&lt;\/span&gt;\"\n               data-image-slug=\"090_ap5a0169-1\"\n               class=\"ngg-simplelightbox\" rel=\"0f92d21ba38638eed1dd3a4dcb05803e\">\n                <img loading=\"lazy\"\n                    title=\"Mosaike in Madaba\"\n                    alt=\"Mosaike in Madaba\"\n                    src=\"http:\/\/foto-passion.com\/wp-content\/gallery\/fotostrecke_jordanien_2019\/cache\/090_AP5A0169.jpg-nggid0516170-ngg0dyn-150x100x100-00f0w010c011r110f110r010t010.jpg\"\n                    width=\"150\"\n                    height=\"100\"\n                    style=\"max-width:100%;\"\n                \/>\n            <\/a>\n        <\/div>\n\t\t\t\t\t\t\t<\/div> \n\t\t\t\n                            \n\t\t\t\t<div id=\"ngg-image-3\" class=\"ngg-gallery-thumbnail-box\" >\n\t\t\t\t        <div class=\"ngg-gallery-thumbnail\">\n            <a href=\"http:\/\/foto-passion.com\/wp-content\/gallery\/fotostrecke_jordanien_2019\/091_AP5A0171.jpg\"\n               title=\"&lt;strong&gt;Mosaike in Madaba&lt;\/strong&gt;&lt;br \/&gt;Jordanien 2019&lt;br \/&gt;&lt;span style=&quot;font-size:85%;color:#949494;&quot;&gt;[Bild-Id: 16171]&lt;\/span&gt;\"\n               data-src=\"http:\/\/foto-passion.com\/wp-content\/gallery\/fotostrecke_jordanien_2019\/091_AP5A0171.jpg\"\n               data-thumbnail=\"http:\/\/foto-passion.com\/wp-content\/gallery\/fotostrecke_jordanien_2019\/thumbs\/thumbs_091_AP5A0171.jpg\"\n               data-image-id=\"16171\"\n               data-title=\"Mosaike in Madaba\"\n               data-description=\"&lt;strong&gt;Mosaike in Madaba&lt;\/strong&gt;&lt;br \/&gt;Jordanien 2019&lt;br \/&gt;&lt;span style=&quot;font-size:85%;color:#949494;&quot;&gt;[Bild-Id: 16171]&lt;\/span&gt;\"\n               data-image-slug=\"091_ap5a0171-1\"\n               class=\"ngg-simplelightbox\" rel=\"0f92d21ba38638eed1dd3a4dcb05803e\">\n                <img loading=\"lazy\"\n                    title=\"Mosaike in Madaba\"\n                    alt=\"Mosaike in Madaba\"\n                    src=\"http:\/\/foto-passion.com\/wp-content\/gallery\/fotostrecke_jordanien_2019\/cache\/091_AP5A0171.jpg-nggid0516171-ngg0dyn-150x100x100-00f0w010c011r110f110r010t010.jpg\"\n                    width=\"150\"\n                    height=\"100\"\n                    style=\"max-width:100%;\"\n                \/>\n            <\/a>\n        <\/div>\n\t\t\t\t\t\t\t<\/div> \n\t\t\t\n                                    <br style=\"clear: both\" \/>\n                    \n\t\t\n\t\t<div class=\"ngg-clear\"><\/div>\n\t<\/div>\n<\/p>\t\t\t\t\t<\/div>\n\t\t\t\t\t\t<\/div>\n\t\t\t\t<\/div>\n\t\t\t\t\t\t<\/div>\n\t\t\t\t\t<\/div>\n\t\t<\/div>\n\t\t\t\t\t\t\t\t<\/div>\n\t\t\t\t\t<\/div>\n\t\t<\/section>\n\t\t\t\t<section class=\"elementor-section elementor-top-section elementor-element elementor-element-0eb6033 elementor-section-boxed elementor-section-height-default elementor-section-height-default\" data-id=\"0eb6033\" data-element_type=\"section\">\n\t\t\t\t\t\t<div class=\"elementor-container elementor-column-gap-default\">\n\t\t\t\t\t\t\t<div class=\"elementor-row\">\n\t\t\t\t\t<div class=\"elementor-column elementor-col-100 elementor-top-column elementor-element elementor-element-ce315d4\" data-id=\"ce315d4\" data-element_type=\"column\">\n\t\t\t<div class=\"elementor-column-wrap elementor-element-populated\">\n\t\t\t\t\t\t\t<div class=\"elementor-widget-wrap\">\n\t\t\t\t\t\t<div class=\"elementor-element elementor-element-21e821c elementor-widget elementor-widget-text-editor\" data-id=\"21e821c\" data-element_type=\"widget\" data-widget_type=\"text-editor.default\">\n\t\t\t\t<div class=\"elementor-widget-container\">\n\t\t\t\t\t\t\t\t<div class=\"elementor-text-editor elementor-clearfix\">\n\t\t\t\t\t<p style=\"text-align: justify;\">Wir fahren noch zum Arch\u00e4ological-Park, wo uns eine nette Frau eine F\u00fchrung gibt und die vielen sch\u00f6nen Mosaike etwas erkl\u00e4rt. In den Grundmauern eines \u00fcberdachten Kirchenschiffes gibt es zahlreiche, gut restaurierte Mosaike zu bewundern.<\/p>\t\t\t\t\t<\/div>\n\t\t\t\t\t\t<\/div>\n\t\t\t\t<\/div>\n\t\t\t\t\t\t<\/div>\n\t\t\t\t\t<\/div>\n\t\t<\/div>\n\t\t\t\t\t\t\t\t<\/div>\n\t\t\t\t\t<\/div>\n\t\t<\/section>\n\t\t\t\t<section class=\"elementor-section elementor-top-section elementor-element elementor-element-e0e7381 elementor-section-boxed elementor-section-height-default elementor-section-height-default\" data-id=\"e0e7381\" data-element_type=\"section\">\n\t\t\t\t\t\t<div class=\"elementor-container elementor-column-gap-default\">\n\t\t\t\t\t\t\t<div class=\"elementor-row\">\n\t\t\t\t\t<div class=\"elementor-column elementor-col-100 elementor-top-column elementor-element elementor-element-cd46ea1\" data-id=\"cd46ea1\" data-element_type=\"column\">\n\t\t\t<div class=\"elementor-column-wrap elementor-element-populated\">\n\t\t\t\t\t\t\t<div class=\"elementor-widget-wrap\">\n\t\t\t\t\t\t<div class=\"elementor-element elementor-element-53c9c0f elementor-widget elementor-widget-text-editor\" data-id=\"53c9c0f\" data-element_type=\"widget\" data-widget_type=\"text-editor.default\">\n\t\t\t\t<div class=\"elementor-widget-container\">\n\t\t\t\t\t\t\t\t<div class=\"elementor-text-editor elementor-clearfix\">\n\t\t\t\t\t<p><!-- index.php -->\n<div\n\tclass=\"ngg-galleryoverview ngg-ajax-pagination-none\"\n\tid=\"ngg-gallery-48761dc5e188bff97f484d1e620bdcfd-1\">\n\n    \t\t<!-- Thumbnails -->\n\t\t\t\t<div id=\"ngg-image-0\" class=\"ngg-gallery-thumbnail-box\" >\n\t\t\t\t        <div class=\"ngg-gallery-thumbnail\">\n            <a href=\"http:\/\/foto-passion.com\/wp-content\/gallery\/fotostrecke_jordanien_2019\/092_AP5A0191.jpg\"\n               title=\"&lt;strong&gt;Arch\u00e4ological Park Madaba&lt;\/strong&gt;&lt;br \/&gt;Jordanien 2019&lt;br \/&gt;&lt;span style=&quot;font-size:85%;color:#949494;&quot;&gt;[Bild-Id: 16172]&lt;\/span&gt;\"\n               data-src=\"http:\/\/foto-passion.com\/wp-content\/gallery\/fotostrecke_jordanien_2019\/092_AP5A0191.jpg\"\n               data-thumbnail=\"http:\/\/foto-passion.com\/wp-content\/gallery\/fotostrecke_jordanien_2019\/thumbs\/thumbs_092_AP5A0191.jpg\"\n               data-image-id=\"16172\"\n               data-title=\"Arch\u00e4ological Park Madaba\"\n               data-description=\"&lt;strong&gt;Arch\u00e4ological Park Madaba&lt;\/strong&gt;&lt;br \/&gt;Jordanien 2019&lt;br \/&gt;&lt;span style=&quot;font-size:85%;color:#949494;&quot;&gt;[Bild-Id: 16172]&lt;\/span&gt;\"\n               data-image-slug=\"092_ap5a0191-1\"\n               class=\"ngg-simplelightbox\" rel=\"48761dc5e188bff97f484d1e620bdcfd\">\n                <img loading=\"lazy\"\n                    title=\"Arch\u00e4ological Park Madaba\"\n                    alt=\"Arch\u00e4ological Park Madaba\"\n                    src=\"http:\/\/foto-passion.com\/wp-content\/gallery\/fotostrecke_jordanien_2019\/cache\/092_AP5A0191.jpg-nggid0516172-ngg0dyn-150x100x100-00f0w010c011r110f110r010t010.jpg\"\n                    width=\"150\"\n                    height=\"100\"\n                    style=\"max-width:100%;\"\n                \/>\n            <\/a>\n        <\/div>\n\t\t\t\t\t\t\t<\/div> \n\t\t\t\n                            \n\t\t\t\t<div id=\"ngg-image-1\" class=\"ngg-gallery-thumbnail-box\" >\n\t\t\t\t        <div class=\"ngg-gallery-thumbnail\">\n            <a href=\"http:\/\/foto-passion.com\/wp-content\/gallery\/fotostrecke_jordanien_2019\/093_AP5A0193.jpg\"\n               title=\"&lt;strong&gt;Arch\u00e4ological Park Madaba&lt;\/strong&gt;&lt;br \/&gt;Jordanien 2019&lt;br \/&gt;&lt;span style=&quot;font-size:85%;color:#949494;&quot;&gt;[Bild-Id: 16173]&lt;\/span&gt;\"\n               data-src=\"http:\/\/foto-passion.com\/wp-content\/gallery\/fotostrecke_jordanien_2019\/093_AP5A0193.jpg\"\n               data-thumbnail=\"http:\/\/foto-passion.com\/wp-content\/gallery\/fotostrecke_jordanien_2019\/thumbs\/thumbs_093_AP5A0193.jpg\"\n               data-image-id=\"16173\"\n               data-title=\"Arch\u00e4ological Park Madaba\"\n               data-description=\"&lt;strong&gt;Arch\u00e4ological Park Madaba&lt;\/strong&gt;&lt;br \/&gt;Jordanien 2019&lt;br \/&gt;&lt;span style=&quot;font-size:85%;color:#949494;&quot;&gt;[Bild-Id: 16173]&lt;\/span&gt;\"\n               data-image-slug=\"093_ap5a0193-1\"\n               class=\"ngg-simplelightbox\" rel=\"48761dc5e188bff97f484d1e620bdcfd\">\n                <img loading=\"lazy\"\n                    title=\"Arch\u00e4ological Park Madaba\"\n                    alt=\"Arch\u00e4ological Park Madaba\"\n                    src=\"http:\/\/foto-passion.com\/wp-content\/gallery\/fotostrecke_jordanien_2019\/cache\/093_AP5A0193.jpg-nggid0516173-ngg0dyn-150x100x100-00f0w010c011r110f110r010t010.jpg\"\n                    width=\"150\"\n                    height=\"100\"\n                    style=\"max-width:100%;\"\n                \/>\n            <\/a>\n        <\/div>\n\t\t\t\t\t\t\t<\/div> \n\t\t\t\n                            \n\t\t\t\t<div id=\"ngg-image-2\" class=\"ngg-gallery-thumbnail-box\" >\n\t\t\t\t        <div class=\"ngg-gallery-thumbnail\">\n            <a href=\"http:\/\/foto-passion.com\/wp-content\/gallery\/fotostrecke_jordanien_2019\/094_AP5A0199.jpg\"\n               title=\"&lt;strong&gt;Arch\u00e4ological Park Madaba&lt;\/strong&gt;&lt;br \/&gt;Jordanien 2019&lt;br \/&gt;&lt;span style=&quot;font-size:85%;color:#949494;&quot;&gt;[Bild-Id: 16174]&lt;\/span&gt;\"\n               data-src=\"http:\/\/foto-passion.com\/wp-content\/gallery\/fotostrecke_jordanien_2019\/094_AP5A0199.jpg\"\n               data-thumbnail=\"http:\/\/foto-passion.com\/wp-content\/gallery\/fotostrecke_jordanien_2019\/thumbs\/thumbs_094_AP5A0199.jpg\"\n               data-image-id=\"16174\"\n               data-title=\"Arch\u00e4ological Park Madaba\"\n               data-description=\"&lt;strong&gt;Arch\u00e4ological Park Madaba&lt;\/strong&gt;&lt;br \/&gt;Jordanien 2019&lt;br \/&gt;&lt;span style=&quot;font-size:85%;color:#949494;&quot;&gt;[Bild-Id: 16174]&lt;\/span&gt;\"\n               data-image-slug=\"094_ap5a0199-1\"\n               class=\"ngg-simplelightbox\" rel=\"48761dc5e188bff97f484d1e620bdcfd\">\n                <img loading=\"lazy\"\n                    title=\"Arch\u00e4ological Park Madaba\"\n                    alt=\"Arch\u00e4ological Park Madaba\"\n                    src=\"http:\/\/foto-passion.com\/wp-content\/gallery\/fotostrecke_jordanien_2019\/cache\/094_AP5A0199.jpg-nggid0516174-ngg0dyn-150x100x100-00f0w010c011r110f110r010t010.jpg\"\n                    width=\"150\"\n                    height=\"100\"\n                    style=\"max-width:100%;\"\n                \/>\n            <\/a>\n        <\/div>\n\t\t\t\t\t\t\t<\/div> \n\t\t\t\n                            \n\t\t\t\t<div id=\"ngg-image-3\" class=\"ngg-gallery-thumbnail-box\" >\n\t\t\t\t        <div class=\"ngg-gallery-thumbnail\">\n            <a href=\"http:\/\/foto-passion.com\/wp-content\/gallery\/fotostrecke_jordanien_2019\/095_AP5A0229.jpg\"\n               title=\"&lt;strong&gt;Arch\u00e4ological Park Madaba&lt;\/strong&gt;&lt;br \/&gt;Jordanien 2019&lt;br \/&gt;&lt;span style=&quot;font-size:85%;color:#949494;&quot;&gt;[Bild-Id: 16179]&lt;\/span&gt;\"\n               data-src=\"http:\/\/foto-passion.com\/wp-content\/gallery\/fotostrecke_jordanien_2019\/095_AP5A0229.jpg\"\n               data-thumbnail=\"http:\/\/foto-passion.com\/wp-content\/gallery\/fotostrecke_jordanien_2019\/thumbs\/thumbs_095_AP5A0229.jpg\"\n               data-image-id=\"16179\"\n               data-title=\"Arch\u00e4ological Park Madaba\"\n               data-description=\"&lt;strong&gt;Arch\u00e4ological Park Madaba&lt;\/strong&gt;&lt;br \/&gt;Jordanien 2019&lt;br \/&gt;&lt;span style=&quot;font-size:85%;color:#949494;&quot;&gt;[Bild-Id: 16179]&lt;\/span&gt;\"\n               data-image-slug=\"095_ap5a0229-1\"\n               class=\"ngg-simplelightbox\" rel=\"48761dc5e188bff97f484d1e620bdcfd\">\n                <img loading=\"lazy\"\n                    title=\"Arch\u00e4ological Park Madaba\"\n                    alt=\"Arch\u00e4ological Park Madaba\"\n                    src=\"http:\/\/foto-passion.com\/wp-content\/gallery\/fotostrecke_jordanien_2019\/cache\/095_AP5A0229.jpg-nggid0516179-ngg0dyn-150x100x100-00f0w010c011r110f110r010t010.jpg\"\n                    width=\"150\"\n                    height=\"100\"\n                    style=\"max-width:100%;\"\n                \/>\n            <\/a>\n        <\/div>\n\t\t\t\t\t\t\t<\/div> \n\t\t\t\n                                    <br style=\"clear: both\" \/>\n                    \n\t\t\t\t<div id=\"ngg-image-4\" class=\"ngg-gallery-thumbnail-box\" >\n\t\t\t\t        <div class=\"ngg-gallery-thumbnail\">\n            <a href=\"http:\/\/foto-passion.com\/wp-content\/gallery\/fotostrecke_jordanien_2019\/096_AP5A0202.jpg\"\n               title=\"&lt;strong&gt;Arch\u00e4ological Park Madaba&lt;\/strong&gt;&lt;br \/&gt;Jordanien 2019&lt;br \/&gt;&lt;span style=&quot;font-size:85%;color:#949494;&quot;&gt;[Bild-Id: 16175]&lt;\/span&gt;\"\n               data-src=\"http:\/\/foto-passion.com\/wp-content\/gallery\/fotostrecke_jordanien_2019\/096_AP5A0202.jpg\"\n               data-thumbnail=\"http:\/\/foto-passion.com\/wp-content\/gallery\/fotostrecke_jordanien_2019\/thumbs\/thumbs_096_AP5A0202.jpg\"\n               data-image-id=\"16175\"\n               data-title=\"Arch\u00e4ological Park Madaba\"\n               data-description=\"&lt;strong&gt;Arch\u00e4ological Park Madaba&lt;\/strong&gt;&lt;br \/&gt;Jordanien 2019&lt;br \/&gt;&lt;span style=&quot;font-size:85%;color:#949494;&quot;&gt;[Bild-Id: 16175]&lt;\/span&gt;\"\n               data-image-slug=\"096_ap5a0202-1\"\n               class=\"ngg-simplelightbox\" rel=\"48761dc5e188bff97f484d1e620bdcfd\">\n                <img loading=\"lazy\"\n                    title=\"Arch\u00e4ological Park Madaba\"\n                    alt=\"Arch\u00e4ological Park Madaba\"\n                    src=\"http:\/\/foto-passion.com\/wp-content\/gallery\/fotostrecke_jordanien_2019\/cache\/096_AP5A0202.jpg-nggid0516175-ngg0dyn-150x100x100-00f0w010c011r110f110r010t010.jpg\"\n                    width=\"150\"\n                    height=\"100\"\n                    style=\"max-width:100%;\"\n                \/>\n            <\/a>\n        <\/div>\n\t\t\t\t\t\t\t<\/div> \n\t\t\t\n                            \n\t\t\t\t<div id=\"ngg-image-5\" class=\"ngg-gallery-thumbnail-box\" >\n\t\t\t\t        <div class=\"ngg-gallery-thumbnail\">\n            <a href=\"http:\/\/foto-passion.com\/wp-content\/gallery\/fotostrecke_jordanien_2019\/097_AP5A0208.jpg\"\n               title=\"&lt;strong&gt;Arch\u00e4ological Park Madaba&lt;\/strong&gt;&lt;br \/&gt;Jordanien 2019&lt;br \/&gt;&lt;span style=&quot;font-size:85%;color:#949494;&quot;&gt;[Bild-Id: 16176]&lt;\/span&gt;\"\n               data-src=\"http:\/\/foto-passion.com\/wp-content\/gallery\/fotostrecke_jordanien_2019\/097_AP5A0208.jpg\"\n               data-thumbnail=\"http:\/\/foto-passion.com\/wp-content\/gallery\/fotostrecke_jordanien_2019\/thumbs\/thumbs_097_AP5A0208.jpg\"\n               data-image-id=\"16176\"\n               data-title=\"Arch\u00e4ological Park Madaba\"\n               data-description=\"&lt;strong&gt;Arch\u00e4ological Park Madaba&lt;\/strong&gt;&lt;br \/&gt;Jordanien 2019&lt;br \/&gt;&lt;span style=&quot;font-size:85%;color:#949494;&quot;&gt;[Bild-Id: 16176]&lt;\/span&gt;\"\n               data-image-slug=\"097_ap5a0208-1\"\n               class=\"ngg-simplelightbox\" rel=\"48761dc5e188bff97f484d1e620bdcfd\">\n                <img loading=\"lazy\"\n                    title=\"Arch\u00e4ological Park Madaba\"\n                    alt=\"Arch\u00e4ological Park Madaba\"\n                    src=\"http:\/\/foto-passion.com\/wp-content\/gallery\/fotostrecke_jordanien_2019\/cache\/097_AP5A0208.jpg-nggid0516176-ngg0dyn-150x100x100-00f0w010c011r110f110r010t010.jpg\"\n                    width=\"150\"\n                    height=\"100\"\n                    style=\"max-width:100%;\"\n                \/>\n            <\/a>\n        <\/div>\n\t\t\t\t\t\t\t<\/div> \n\t\t\t\n                            \n\t\t\t\t<div id=\"ngg-image-6\" class=\"ngg-gallery-thumbnail-box\" >\n\t\t\t\t        <div class=\"ngg-gallery-thumbnail\">\n            <a href=\"http:\/\/foto-passion.com\/wp-content\/gallery\/fotostrecke_jordanien_2019\/098_AP5A0215.jpg\"\n               title=\"&lt;strong&gt;Arch\u00e4ological Park Madaba&lt;\/strong&gt;&lt;br \/&gt;Jordanien 2019&lt;br \/&gt;&lt;span style=&quot;font-size:85%;color:#949494;&quot;&gt;[Bild-Id: 16177]&lt;\/span&gt;\"\n               data-src=\"http:\/\/foto-passion.com\/wp-content\/gallery\/fotostrecke_jordanien_2019\/098_AP5A0215.jpg\"\n               data-thumbnail=\"http:\/\/foto-passion.com\/wp-content\/gallery\/fotostrecke_jordanien_2019\/thumbs\/thumbs_098_AP5A0215.jpg\"\n               data-image-id=\"16177\"\n               data-title=\"Arch\u00e4ological Park Madaba\"\n               data-description=\"&lt;strong&gt;Arch\u00e4ological Park Madaba&lt;\/strong&gt;&lt;br \/&gt;Jordanien 2019&lt;br \/&gt;&lt;span style=&quot;font-size:85%;color:#949494;&quot;&gt;[Bild-Id: 16177]&lt;\/span&gt;\"\n               data-image-slug=\"098_ap5a0215-1\"\n               class=\"ngg-simplelightbox\" rel=\"48761dc5e188bff97f484d1e620bdcfd\">\n                <img loading=\"lazy\"\n                    title=\"Arch\u00e4ological Park Madaba\"\n                    alt=\"Arch\u00e4ological Park Madaba\"\n                    src=\"http:\/\/foto-passion.com\/wp-content\/gallery\/fotostrecke_jordanien_2019\/cache\/098_AP5A0215.jpg-nggid0516177-ngg0dyn-150x100x100-00f0w010c011r110f110r010t010.jpg\"\n                    width=\"150\"\n                    height=\"100\"\n                    style=\"max-width:100%;\"\n                \/>\n            <\/a>\n        <\/div>\n\t\t\t\t\t\t\t<\/div> \n\t\t\t\n                            \n\t\t\t\t<div id=\"ngg-image-7\" class=\"ngg-gallery-thumbnail-box\" >\n\t\t\t\t        <div class=\"ngg-gallery-thumbnail\">\n            <a href=\"http:\/\/foto-passion.com\/wp-content\/gallery\/fotostrecke_jordanien_2019\/099_AP5A0224.jpg\"\n               title=\"&lt;strong&gt;Arch\u00e4ological Park Madaba&lt;\/strong&gt;&lt;br \/&gt;Jordanien 2019&lt;br \/&gt;&lt;span style=&quot;font-size:85%;color:#949494;&quot;&gt;[Bild-Id: 16178]&lt;\/span&gt;\"\n               data-src=\"http:\/\/foto-passion.com\/wp-content\/gallery\/fotostrecke_jordanien_2019\/099_AP5A0224.jpg\"\n               data-thumbnail=\"http:\/\/foto-passion.com\/wp-content\/gallery\/fotostrecke_jordanien_2019\/thumbs\/thumbs_099_AP5A0224.jpg\"\n               data-image-id=\"16178\"\n               data-title=\"Arch\u00e4ological Park Madaba\"\n               data-description=\"&lt;strong&gt;Arch\u00e4ological Park Madaba&lt;\/strong&gt;&lt;br \/&gt;Jordanien 2019&lt;br \/&gt;&lt;span style=&quot;font-size:85%;color:#949494;&quot;&gt;[Bild-Id: 16178]&lt;\/span&gt;\"\n               data-image-slug=\"099_ap5a0224-1\"\n               class=\"ngg-simplelightbox\" rel=\"48761dc5e188bff97f484d1e620bdcfd\">\n                <img loading=\"lazy\"\n                    title=\"Arch\u00e4ological Park Madaba\"\n                    alt=\"Arch\u00e4ological Park Madaba\"\n                    src=\"http:\/\/foto-passion.com\/wp-content\/gallery\/fotostrecke_jordanien_2019\/cache\/099_AP5A0224.jpg-nggid0516178-ngg0dyn-150x100x100-00f0w010c011r110f110r010t010.jpg\"\n                    width=\"150\"\n                    height=\"100\"\n                    style=\"max-width:100%;\"\n                \/>\n            <\/a>\n        <\/div>\n\t\t\t\t\t\t\t<\/div> \n\t\t\t\n                                    <br style=\"clear: both\" \/>\n                    \n\t\t\t\t<div id=\"ngg-image-8\" class=\"ngg-gallery-thumbnail-box\" >\n\t\t\t\t        <div class=\"ngg-gallery-thumbnail\">\n            <a href=\"http:\/\/foto-passion.com\/wp-content\/gallery\/fotostrecke_jordanien_2019\/100_AP5A0236.jpg\"\n               title=\"&lt;strong&gt;Arch\u00e4ological Park Madaba&lt;\/strong&gt;&lt;br \/&gt;Jordanien 2019&lt;br \/&gt;&lt;span style=&quot;font-size:85%;color:#949494;&quot;&gt;[Bild-Id: 16180]&lt;\/span&gt;\"\n               data-src=\"http:\/\/foto-passion.com\/wp-content\/gallery\/fotostrecke_jordanien_2019\/100_AP5A0236.jpg\"\n               data-thumbnail=\"http:\/\/foto-passion.com\/wp-content\/gallery\/fotostrecke_jordanien_2019\/thumbs\/thumbs_100_AP5A0236.jpg\"\n               data-image-id=\"16180\"\n               data-title=\"Arch\u00e4ological Park Madaba\"\n               data-description=\"&lt;strong&gt;Arch\u00e4ological Park Madaba&lt;\/strong&gt;&lt;br \/&gt;Jordanien 2019&lt;br \/&gt;&lt;span style=&quot;font-size:85%;color:#949494;&quot;&gt;[Bild-Id: 16180]&lt;\/span&gt;\"\n               data-image-slug=\"100_ap5a0236-1\"\n               class=\"ngg-simplelightbox\" rel=\"48761dc5e188bff97f484d1e620bdcfd\">\n                <img loading=\"lazy\"\n                    title=\"Arch\u00e4ological Park Madaba\"\n                    alt=\"Arch\u00e4ological Park Madaba\"\n                    src=\"http:\/\/foto-passion.com\/wp-content\/gallery\/fotostrecke_jordanien_2019\/cache\/100_AP5A0236.jpg-nggid0516180-ngg0dyn-150x100x100-00f0w010c011r110f110r010t010.jpg\"\n                    width=\"150\"\n                    height=\"100\"\n                    style=\"max-width:100%;\"\n                \/>\n            <\/a>\n        <\/div>\n\t\t\t\t\t\t\t<\/div> \n\t\t\t\n                            \n\t\t\t\t<div id=\"ngg-image-9\" class=\"ngg-gallery-thumbnail-box\" >\n\t\t\t\t        <div class=\"ngg-gallery-thumbnail\">\n            <a href=\"http:\/\/foto-passion.com\/wp-content\/gallery\/fotostrecke_jordanien_2019\/101_AP5A0243.jpg\"\n               title=\"&lt;strong&gt;Arch\u00e4ological Park Madaba&lt;\/strong&gt;&lt;br \/&gt;Jordanien 2019&lt;br \/&gt;&lt;span style=&quot;font-size:85%;color:#949494;&quot;&gt;[Bild-Id: 16181]&lt;\/span&gt;\"\n               data-src=\"http:\/\/foto-passion.com\/wp-content\/gallery\/fotostrecke_jordanien_2019\/101_AP5A0243.jpg\"\n               data-thumbnail=\"http:\/\/foto-passion.com\/wp-content\/gallery\/fotostrecke_jordanien_2019\/thumbs\/thumbs_101_AP5A0243.jpg\"\n               data-image-id=\"16181\"\n               data-title=\"Arch\u00e4ological Park Madaba\"\n               data-description=\"&lt;strong&gt;Arch\u00e4ological Park Madaba&lt;\/strong&gt;&lt;br \/&gt;Jordanien 2019&lt;br \/&gt;&lt;span style=&quot;font-size:85%;color:#949494;&quot;&gt;[Bild-Id: 16181]&lt;\/span&gt;\"\n               data-image-slug=\"101_ap5a0243-1\"\n               class=\"ngg-simplelightbox\" rel=\"48761dc5e188bff97f484d1e620bdcfd\">\n                <img loading=\"lazy\"\n                    title=\"Arch\u00e4ological Park Madaba\"\n                    alt=\"Arch\u00e4ological Park Madaba\"\n                    src=\"http:\/\/foto-passion.com\/wp-content\/gallery\/fotostrecke_jordanien_2019\/cache\/101_AP5A0243.jpg-nggid0516181-ngg0dyn-150x100x100-00f0w010c011r110f110r010t010.jpg\"\n                    width=\"150\"\n                    height=\"100\"\n                    style=\"max-width:100%;\"\n                \/>\n            <\/a>\n        <\/div>\n\t\t\t\t\t\t\t<\/div> \n\t\t\t\n                            \n\t\t\t\t<div id=\"ngg-image-10\" class=\"ngg-gallery-thumbnail-box\" >\n\t\t\t\t        <div class=\"ngg-gallery-thumbnail\">\n            <a href=\"http:\/\/foto-passion.com\/wp-content\/gallery\/fotostrecke_jordanien_2019\/102_AP5A0245.jpg\"\n               title=\"&lt;strong&gt;Arch\u00e4ological Park Madaba&lt;\/strong&gt;&lt;br \/&gt;Jordanien 2019&lt;br \/&gt;&lt;span style=&quot;font-size:85%;color:#949494;&quot;&gt;[Bild-Id: 16182]&lt;\/span&gt;\"\n               data-src=\"http:\/\/foto-passion.com\/wp-content\/gallery\/fotostrecke_jordanien_2019\/102_AP5A0245.jpg\"\n               data-thumbnail=\"http:\/\/foto-passion.com\/wp-content\/gallery\/fotostrecke_jordanien_2019\/thumbs\/thumbs_102_AP5A0245.jpg\"\n               data-image-id=\"16182\"\n               data-title=\"Arch\u00e4ological Park Madaba\"\n               data-description=\"&lt;strong&gt;Arch\u00e4ological Park Madaba&lt;\/strong&gt;&lt;br \/&gt;Jordanien 2019&lt;br \/&gt;&lt;span style=&quot;font-size:85%;color:#949494;&quot;&gt;[Bild-Id: 16182]&lt;\/span&gt;\"\n               data-image-slug=\"102_ap5a0245-1\"\n               class=\"ngg-simplelightbox\" rel=\"48761dc5e188bff97f484d1e620bdcfd\">\n                <img loading=\"lazy\"\n                    title=\"Arch\u00e4ological Park Madaba\"\n                    alt=\"Arch\u00e4ological Park Madaba\"\n                    src=\"http:\/\/foto-passion.com\/wp-content\/gallery\/fotostrecke_jordanien_2019\/cache\/102_AP5A0245.jpg-nggid0516182-ngg0dyn-150x100x100-00f0w010c011r110f110r010t010.jpg\"\n                    width=\"150\"\n                    height=\"100\"\n                    style=\"max-width:100%;\"\n                \/>\n            <\/a>\n        <\/div>\n\t\t\t\t\t\t\t<\/div> \n\t\t\t\n                            \n\t\t\t\t<div id=\"ngg-image-11\" class=\"ngg-gallery-thumbnail-box\" >\n\t\t\t\t        <div class=\"ngg-gallery-thumbnail\">\n            <a href=\"http:\/\/foto-passion.com\/wp-content\/gallery\/fotostrecke_jordanien_2019\/103_AP5A0247.jpg\"\n               title=\"&lt;strong&gt;Arch\u00e4ological Park Madaba&lt;\/strong&gt;&lt;br \/&gt;Jordanien 2019&lt;br \/&gt;&lt;span style=&quot;font-size:85%;color:#949494;&quot;&gt;[Bild-Id: 16183]&lt;\/span&gt;\"\n               data-src=\"http:\/\/foto-passion.com\/wp-content\/gallery\/fotostrecke_jordanien_2019\/103_AP5A0247.jpg\"\n               data-thumbnail=\"http:\/\/foto-passion.com\/wp-content\/gallery\/fotostrecke_jordanien_2019\/thumbs\/thumbs_103_AP5A0247.jpg\"\n               data-image-id=\"16183\"\n               data-title=\"Arch\u00e4ological Park Madaba\"\n               data-description=\"&lt;strong&gt;Arch\u00e4ological Park Madaba&lt;\/strong&gt;&lt;br \/&gt;Jordanien 2019&lt;br \/&gt;&lt;span style=&quot;font-size:85%;color:#949494;&quot;&gt;[Bild-Id: 16183]&lt;\/span&gt;\"\n               data-image-slug=\"103_ap5a0247-1\"\n               class=\"ngg-simplelightbox\" rel=\"48761dc5e188bff97f484d1e620bdcfd\">\n                <img loading=\"lazy\"\n                    title=\"Arch\u00e4ological Park Madaba\"\n                    alt=\"Arch\u00e4ological Park Madaba\"\n                    src=\"http:\/\/foto-passion.com\/wp-content\/gallery\/fotostrecke_jordanien_2019\/cache\/103_AP5A0247.jpg-nggid0516183-ngg0dyn-150x100x100-00f0w010c011r110f110r010t010.jpg\"\n                    width=\"150\"\n                    height=\"100\"\n                    style=\"max-width:100%;\"\n                \/>\n            <\/a>\n        <\/div>\n\t\t\t\t\t\t\t<\/div> \n\t\t\t\n                                    <br style=\"clear: both\" \/>\n                    \n\t\t\n\t\t<div class=\"ngg-clear\"><\/div>\n\t<\/div>\n<\/p>\t\t\t\t\t<\/div>\n\t\t\t\t\t\t<\/div>\n\t\t\t\t<\/div>\n\t\t\t\t\t\t<\/div>\n\t\t\t\t\t<\/div>\n\t\t<\/div>\n\t\t\t\t\t\t\t\t<\/div>\n\t\t\t\t\t<\/div>\n\t\t<\/section>\n\t\t\t\t<section class=\"elementor-section elementor-top-section elementor-element elementor-element-1baf670 elementor-section-boxed elementor-section-height-default elementor-section-height-default\" data-id=\"1baf670\" data-element_type=\"section\">\n\t\t\t\t\t\t<div class=\"elementor-container elementor-column-gap-default\">\n\t\t\t\t\t\t\t<div class=\"elementor-row\">\n\t\t\t\t\t<div class=\"elementor-column elementor-col-100 elementor-top-column elementor-element elementor-element-ec7e994\" data-id=\"ec7e994\" data-element_type=\"column\">\n\t\t\t<div class=\"elementor-column-wrap elementor-element-populated\">\n\t\t\t\t\t\t\t<div class=\"elementor-widget-wrap\">\n\t\t\t\t\t\t<div class=\"elementor-element elementor-element-850b2ae elementor-widget elementor-widget-text-editor\" data-id=\"850b2ae\" data-element_type=\"widget\" data-widget_type=\"text-editor.default\">\n\t\t\t\t<div class=\"elementor-widget-container\">\n\t\t\t\t\t\t\t\t<div class=\"elementor-text-editor elementor-clearfix\">\n\t\t\t\t\t<p style=\"text-align: justify;\">Da sich gleich nebenan die Mosaik-Schule befindet, besuchen wir die anschlie\u00dfend auch noch. Freundlich werden wir herein gebeten und bereitwillig wird uns erkl\u00e4rt, wie die Mosaike hergestellt werden. Junge M\u00e4dchen fertigen gerade kleinere Arbeiten an. Es ist interessant, ihnen dabei zuzuschauen.<\/p>\t\t\t\t\t<\/div>\n\t\t\t\t\t\t<\/div>\n\t\t\t\t<\/div>\n\t\t\t\t\t\t<\/div>\n\t\t\t\t\t<\/div>\n\t\t<\/div>\n\t\t\t\t\t\t\t\t<\/div>\n\t\t\t\t\t<\/div>\n\t\t<\/section>\n\t\t\t\t<section class=\"elementor-section elementor-top-section elementor-element elementor-element-63229a1 elementor-section-boxed elementor-section-height-default elementor-section-height-default\" data-id=\"63229a1\" data-element_type=\"section\">\n\t\t\t\t\t\t<div class=\"elementor-container elementor-column-gap-default\">\n\t\t\t\t\t\t\t<div class=\"elementor-row\">\n\t\t\t\t\t<div class=\"elementor-column elementor-col-100 elementor-top-column elementor-element elementor-element-66f26d3\" data-id=\"66f26d3\" data-element_type=\"column\">\n\t\t\t<div class=\"elementor-column-wrap elementor-element-populated\">\n\t\t\t\t\t\t\t<div class=\"elementor-widget-wrap\">\n\t\t\t\t\t\t<div class=\"elementor-element elementor-element-128ea43 elementor-widget elementor-widget-text-editor\" data-id=\"128ea43\" data-element_type=\"widget\" data-widget_type=\"text-editor.default\">\n\t\t\t\t<div class=\"elementor-widget-container\">\n\t\t\t\t\t\t\t\t<div class=\"elementor-text-editor elementor-clearfix\">\n\t\t\t\t\t<p><!-- index.php -->\n<div\n\tclass=\"ngg-galleryoverview ngg-ajax-pagination-none\"\n\tid=\"ngg-gallery-a50bf4041d02ed4e025fb7a32a0863b0-1\">\n\n    \t\t<!-- Thumbnails -->\n\t\t\t\t<div id=\"ngg-image-0\" class=\"ngg-gallery-thumbnail-box\" >\n\t\t\t\t        <div class=\"ngg-gallery-thumbnail\">\n            <a href=\"http:\/\/foto-passion.com\/wp-content\/gallery\/fotostrecke_jordanien_2019\/104_AP5A0250.jpg\"\n               title=\"&lt;strong&gt;Im Arch\u00e4ological Park Madaba kann man bei der Herstellung von kleinen Mosaiken zusehen&lt;\/strong&gt;&lt;br \/&gt;Jordanien 2019&lt;br \/&gt;&lt;span style=&quot;font-size:85%;color:#949494;&quot;&gt;[Bild-Id: 16185]&lt;\/span&gt;\"\n               data-src=\"http:\/\/foto-passion.com\/wp-content\/gallery\/fotostrecke_jordanien_2019\/104_AP5A0250.jpg\"\n               data-thumbnail=\"http:\/\/foto-passion.com\/wp-content\/gallery\/fotostrecke_jordanien_2019\/thumbs\/thumbs_104_AP5A0250.jpg\"\n               data-image-id=\"16185\"\n               data-title=\"Im Arch\u00e4ological Park Madaba kann man bei der Herstellung von kleinen Mosaiken zusehen\"\n               data-description=\"&lt;strong&gt;Im Arch\u00e4ological Park Madaba kann man bei der Herstellung von kleinen Mosaiken zusehen&lt;\/strong&gt;&lt;br \/&gt;Jordanien 2019&lt;br \/&gt;&lt;span style=&quot;font-size:85%;color:#949494;&quot;&gt;[Bild-Id: 16185]&lt;\/span&gt;\"\n               data-image-slug=\"104_ap5a0250-1\"\n               class=\"ngg-simplelightbox\" rel=\"a50bf4041d02ed4e025fb7a32a0863b0\">\n                <img loading=\"lazy\"\n                    title=\"Im Arch\u00e4ological Park Madaba kann man bei der Herstellung von kleinen Mosaiken zusehen\"\n                    alt=\"Im Arch\u00e4ological Park Madaba kann man bei der Herstellung von kleinen Mosaiken zusehen\"\n                    src=\"http:\/\/foto-passion.com\/wp-content\/gallery\/fotostrecke_jordanien_2019\/cache\/104_AP5A0250.jpg-nggid0516185-ngg0dyn-150x100x100-00f0w010c011r110f110r010t010.jpg\"\n                    width=\"150\"\n                    height=\"100\"\n                    style=\"max-width:100%;\"\n                \/>\n            <\/a>\n        <\/div>\n\t\t\t\t\t\t\t<\/div> \n\t\t\t\n                            \n\t\t\t\t<div id=\"ngg-image-1\" class=\"ngg-gallery-thumbnail-box\" >\n\t\t\t\t        <div class=\"ngg-gallery-thumbnail\">\n            <a href=\"http:\/\/foto-passion.com\/wp-content\/gallery\/fotostrecke_jordanien_2019\/105_AP5A0248.jpg\"\n               title=\"&lt;strong&gt;Im Arch\u00e4ological Park Madaba kann man bei der Herstellung von kleinen Mosaiken zusehen&lt;\/strong&gt;&lt;br \/&gt;Jordanien 2019&lt;br \/&gt;&lt;span style=&quot;font-size:85%;color:#949494;&quot;&gt;[Bild-Id: 16184]&lt;\/span&gt;\"\n               data-src=\"http:\/\/foto-passion.com\/wp-content\/gallery\/fotostrecke_jordanien_2019\/105_AP5A0248.jpg\"\n               data-thumbnail=\"http:\/\/foto-passion.com\/wp-content\/gallery\/fotostrecke_jordanien_2019\/thumbs\/thumbs_105_AP5A0248.jpg\"\n               data-image-id=\"16184\"\n               data-title=\"Im Arch\u00e4ological Park Madaba kann man bei der Herstellung von kleinen Mosaiken zusehen\"\n               data-description=\"&lt;strong&gt;Im Arch\u00e4ological Park Madaba kann man bei der Herstellung von kleinen Mosaiken zusehen&lt;\/strong&gt;&lt;br \/&gt;Jordanien 2019&lt;br \/&gt;&lt;span style=&quot;font-size:85%;color:#949494;&quot;&gt;[Bild-Id: 16184]&lt;\/span&gt;\"\n               data-image-slug=\"105_ap5a0248-1\"\n               class=\"ngg-simplelightbox\" rel=\"a50bf4041d02ed4e025fb7a32a0863b0\">\n                <img loading=\"lazy\"\n                    title=\"Im Arch\u00e4ological Park Madaba kann man bei der Herstellung von kleinen Mosaiken zusehen\"\n                    alt=\"Im Arch\u00e4ological Park Madaba kann man bei der Herstellung von kleinen Mosaiken zusehen\"\n                    src=\"http:\/\/foto-passion.com\/wp-content\/gallery\/fotostrecke_jordanien_2019\/cache\/105_AP5A0248.jpg-nggid0516184-ngg0dyn-150x100x100-00f0w010c011r110f110r010t010.jpg\"\n                    width=\"150\"\n                    height=\"100\"\n                    style=\"max-width:100%;\"\n                \/>\n            <\/a>\n        <\/div>\n\t\t\t\t\t\t\t<\/div> \n\t\t\t\n                            \n\t\t\n\t\t<div class=\"ngg-clear\"><\/div>\n\t<\/div>\n<\/p>\t\t\t\t\t<\/div>\n\t\t\t\t\t\t<\/div>\n\t\t\t\t<\/div>\n\t\t\t\t\t\t<\/div>\n\t\t\t\t\t<\/div>\n\t\t<\/div>\n\t\t\t\t\t\t\t\t<\/div>\n\t\t\t\t\t<\/div>\n\t\t<\/section>\n\t\t\t\t<section class=\"elementor-section elementor-top-section elementor-element elementor-element-b27fef8 elementor-section-boxed elementor-section-height-default elementor-section-height-default\" data-id=\"b27fef8\" data-element_type=\"section\">\n\t\t\t\t\t\t<div class=\"elementor-container elementor-column-gap-default\">\n\t\t\t\t\t\t\t<div class=\"elementor-row\">\n\t\t\t\t\t<div class=\"elementor-column elementor-col-100 elementor-top-column elementor-element elementor-element-7ee183b\" data-id=\"7ee183b\" data-element_type=\"column\">\n\t\t\t<div class=\"elementor-column-wrap elementor-element-populated\">\n\t\t\t\t\t\t\t<div class=\"elementor-widget-wrap\">\n\t\t\t\t\t\t<div class=\"elementor-element elementor-element-a17126d elementor-widget elementor-widget-text-editor\" data-id=\"a17126d\" data-element_type=\"widget\" data-widget_type=\"text-editor.default\">\n\t\t\t\t<div class=\"elementor-widget-container\">\n\t\t\t\t\t\t\t\t<div class=\"elementor-text-editor elementor-clearfix\">\n\t\t\t\t\t<p style=\"text-align: justify;\">Von Madaba fahren wir weiter nach \u201eUmm Er Rasas\u201c, eine gro\u00dfe Ausgrabungsst\u00e4tte, die einmal eine Siedlung war, umgeben von einer Stadtmauer. Da bisher nur ein kleiner Teil ausgegraben wurde, sieht man \u00fcberwiegend Ruinen. Aus byzantinischer Zeit stammen Reste eines Turms, der von ersten christlichen M\u00f6nchen genutzt wurde. In den \u00fcberdachten Ruinen der Stephanuskirche kann man die Reste von Bodenmosaiken aus der Zeit der Umayyaden sehen. Sie zeigen Stadtansichten aus Jordanien, Pal\u00e4stina und \u00c4gypten.<\/p><p style=\"text-align: justify;\">Wir besichtigen ganz viele Steinhaufen, einige gut erhaltene Torb\u00f6gen, die Reste der Kirche mit Bodenmosaiken, ein Kirchenschiff, das ebenfalls \u00fcberdacht wurde, um die vielen Mosaike vor dem weitern Verfall zu sch\u00fctzen und eine gewaltige Stadtmauer. Auch hier wurde \u2013 dank UNESCO-F\u00f6rdermitteln \u2013 2007 ein modernes Visitor-Center errichtet, das inzwischen aber schon ziemlich vergammelt ist. Das Gel\u00e4nde der Ruinenstadt ist wenig gepflegt, Wege gibt es nur ein paar und so richtig lohnend ist der Besuch nicht. Gut, dass es auf dem Weg liegt.<\/p>\t\t\t\t\t<\/div>\n\t\t\t\t\t\t<\/div>\n\t\t\t\t<\/div>\n\t\t\t\t\t\t<\/div>\n\t\t\t\t\t<\/div>\n\t\t<\/div>\n\t\t\t\t\t\t\t\t<\/div>\n\t\t\t\t\t<\/div>\n\t\t<\/section>\n\t\t\t\t<section class=\"elementor-section elementor-top-section elementor-element elementor-element-21d0755 elementor-section-boxed elementor-section-height-default elementor-section-height-default\" data-id=\"21d0755\" data-element_type=\"section\">\n\t\t\t\t\t\t<div class=\"elementor-container elementor-column-gap-default\">\n\t\t\t\t\t\t\t<div class=\"elementor-row\">\n\t\t\t\t\t<div class=\"elementor-column elementor-col-100 elementor-top-column elementor-element elementor-element-b341ebd\" data-id=\"b341ebd\" data-element_type=\"column\">\n\t\t\t<div class=\"elementor-column-wrap elementor-element-populated\">\n\t\t\t\t\t\t\t<div class=\"elementor-widget-wrap\">\n\t\t\t\t\t\t<div class=\"elementor-element elementor-element-00538d2 elementor-widget elementor-widget-text-editor\" data-id=\"00538d2\" data-element_type=\"widget\" data-widget_type=\"text-editor.default\">\n\t\t\t\t<div class=\"elementor-widget-container\">\n\t\t\t\t\t\t\t\t<div class=\"elementor-text-editor elementor-clearfix\">\n\t\t\t\t\t<p><!-- index.php -->\n<div\n\tclass=\"ngg-galleryoverview ngg-ajax-pagination-none\"\n\tid=\"ngg-gallery-89321a577b1ea4f13c1ea73687bc254b-1\">\n\n    \t\t<!-- Thumbnails -->\n\t\t\t\t<div id=\"ngg-image-0\" class=\"ngg-gallery-thumbnail-box\" >\n\t\t\t\t        <div class=\"ngg-gallery-thumbnail\">\n            <a href=\"http:\/\/foto-passion.com\/wp-content\/gallery\/fotostrecke_jordanien_2019\/106_AP5A0252.jpg\"\n               title=\"&lt;strong&gt;Ausgrabungsst\u00e4tte Umm Ar-Rasas&lt;\/strong&gt;&lt;br \/&gt;Jordanien 2019&lt;br \/&gt;&lt;span style=&quot;font-size:85%;color:#949494;&quot;&gt;[Bild-Id: 16186]&lt;\/span&gt;\"\n               data-src=\"http:\/\/foto-passion.com\/wp-content\/gallery\/fotostrecke_jordanien_2019\/106_AP5A0252.jpg\"\n               data-thumbnail=\"http:\/\/foto-passion.com\/wp-content\/gallery\/fotostrecke_jordanien_2019\/thumbs\/thumbs_106_AP5A0252.jpg\"\n               data-image-id=\"16186\"\n               data-title=\"Ausgrabungsst\u00e4tte Umm Ar-Rasas\"\n               data-description=\"&lt;strong&gt;Ausgrabungsst\u00e4tte Umm Ar-Rasas&lt;\/strong&gt;&lt;br \/&gt;Jordanien 2019&lt;br \/&gt;&lt;span style=&quot;font-size:85%;color:#949494;&quot;&gt;[Bild-Id: 16186]&lt;\/span&gt;\"\n               data-image-slug=\"106_ap5a0252-1\"\n               class=\"ngg-simplelightbox\" rel=\"89321a577b1ea4f13c1ea73687bc254b\">\n                <img loading=\"lazy\"\n                    title=\"Ausgrabungsst\u00e4tte Umm Ar-Rasas\"\n                    alt=\"Ausgrabungsst\u00e4tte Umm Ar-Rasas\"\n                    src=\"http:\/\/foto-passion.com\/wp-content\/gallery\/fotostrecke_jordanien_2019\/cache\/106_AP5A0252.jpg-nggid0516186-ngg0dyn-150x100x100-00f0w010c011r110f110r010t010.jpg\"\n                    width=\"150\"\n                    height=\"100\"\n                    style=\"max-width:100%;\"\n                \/>\n            <\/a>\n        <\/div>\n\t\t\t\t\t\t\t<\/div> \n\t\t\t\n                            \n\t\t\t\t<div id=\"ngg-image-1\" class=\"ngg-gallery-thumbnail-box\" >\n\t\t\t\t        <div class=\"ngg-gallery-thumbnail\">\n            <a href=\"http:\/\/foto-passion.com\/wp-content\/gallery\/fotostrecke_jordanien_2019\/107_AP5A0260.jpg\"\n               title=\"&lt;strong&gt;Torbogen in Umm Ar-Rasas&lt;\/strong&gt;&lt;br \/&gt;Jordanien 2019&lt;br \/&gt;&lt;span style=&quot;font-size:85%;color:#949494;&quot;&gt;[Bild-Id: 16187]&lt;\/span&gt;\"\n               data-src=\"http:\/\/foto-passion.com\/wp-content\/gallery\/fotostrecke_jordanien_2019\/107_AP5A0260.jpg\"\n               data-thumbnail=\"http:\/\/foto-passion.com\/wp-content\/gallery\/fotostrecke_jordanien_2019\/thumbs\/thumbs_107_AP5A0260.jpg\"\n               data-image-id=\"16187\"\n               data-title=\"Torbogen in Umm Ar-Rasas\"\n               data-description=\"&lt;strong&gt;Torbogen in Umm Ar-Rasas&lt;\/strong&gt;&lt;br \/&gt;Jordanien 2019&lt;br \/&gt;&lt;span style=&quot;font-size:85%;color:#949494;&quot;&gt;[Bild-Id: 16187]&lt;\/span&gt;\"\n               data-image-slug=\"107_ap5a0260-1\"\n               class=\"ngg-simplelightbox\" rel=\"89321a577b1ea4f13c1ea73687bc254b\">\n                <img loading=\"lazy\"\n                    title=\"Torbogen in Umm Ar-Rasas\"\n                    alt=\"Torbogen in Umm Ar-Rasas\"\n                    src=\"http:\/\/foto-passion.com\/wp-content\/gallery\/fotostrecke_jordanien_2019\/cache\/107_AP5A0260.jpg-nggid0516187-ngg0dyn-150x100x100-00f0w010c011r110f110r010t010.jpg\"\n                    width=\"150\"\n                    height=\"100\"\n                    style=\"max-width:100%;\"\n                \/>\n            <\/a>\n        <\/div>\n\t\t\t\t\t\t\t<\/div> \n\t\t\t\n                            \n\t\t\t\t<div id=\"ngg-image-2\" class=\"ngg-gallery-thumbnail-box\" >\n\t\t\t\t        <div class=\"ngg-gallery-thumbnail\">\n            <a href=\"http:\/\/foto-passion.com\/wp-content\/gallery\/fotostrecke_jordanien_2019\/108_AP5A0265.jpg\"\n               title=\"&lt;strong&gt;Ausgrabungsst\u00e4tte Umm Ar-Rasas&lt;\/strong&gt;&lt;br \/&gt;Jordanien 2019&lt;br \/&gt;&lt;span style=&quot;font-size:85%;color:#949494;&quot;&gt;[Bild-Id: 16188]&lt;\/span&gt;\"\n               data-src=\"http:\/\/foto-passion.com\/wp-content\/gallery\/fotostrecke_jordanien_2019\/108_AP5A0265.jpg\"\n               data-thumbnail=\"http:\/\/foto-passion.com\/wp-content\/gallery\/fotostrecke_jordanien_2019\/thumbs\/thumbs_108_AP5A0265.jpg\"\n               data-image-id=\"16188\"\n               data-title=\"Ausgrabungsst\u00e4tte Umm Ar-Rasas\"\n               data-description=\"&lt;strong&gt;Ausgrabungsst\u00e4tte Umm Ar-Rasas&lt;\/strong&gt;&lt;br \/&gt;Jordanien 2019&lt;br \/&gt;&lt;span style=&quot;font-size:85%;color:#949494;&quot;&gt;[Bild-Id: 16188]&lt;\/span&gt;\"\n               data-image-slug=\"108_ap5a0265-1\"\n               class=\"ngg-simplelightbox\" rel=\"89321a577b1ea4f13c1ea73687bc254b\">\n                <img loading=\"lazy\"\n                    title=\"Ausgrabungsst\u00e4tte Umm Ar-Rasas\"\n                    alt=\"Ausgrabungsst\u00e4tte Umm Ar-Rasas\"\n                    src=\"http:\/\/foto-passion.com\/wp-content\/gallery\/fotostrecke_jordanien_2019\/cache\/108_AP5A0265.jpg-nggid0516188-ngg0dyn-150x100x100-00f0w010c011r110f110r010t010.jpg\"\n                    width=\"150\"\n                    height=\"100\"\n                    style=\"max-width:100%;\"\n                \/>\n            <\/a>\n        <\/div>\n\t\t\t\t\t\t\t<\/div> \n\t\t\t\n                            \n\t\t\t\t<div id=\"ngg-image-3\" class=\"ngg-gallery-thumbnail-box\" >\n\t\t\t\t        <div class=\"ngg-gallery-thumbnail\">\n            <a href=\"http:\/\/foto-passion.com\/wp-content\/gallery\/fotostrecke_jordanien_2019\/109_AP5A0314.jpg\"\n               title=\"&lt;strong&gt;Umm Ar-Rasas&lt;\/strong&gt;&lt;br \/&gt;Jordanien 2019&lt;br \/&gt;&lt;span style=&quot;font-size:85%;color:#949494;&quot;&gt;[Bild-Id: 16193]&lt;\/span&gt;\"\n               data-src=\"http:\/\/foto-passion.com\/wp-content\/gallery\/fotostrecke_jordanien_2019\/109_AP5A0314.jpg\"\n               data-thumbnail=\"http:\/\/foto-passion.com\/wp-content\/gallery\/fotostrecke_jordanien_2019\/thumbs\/thumbs_109_AP5A0314.jpg\"\n               data-image-id=\"16193\"\n               data-title=\"Umm Ar-Rasas\"\n               data-description=\"&lt;strong&gt;Umm Ar-Rasas&lt;\/strong&gt;&lt;br \/&gt;Jordanien 2019&lt;br \/&gt;&lt;span style=&quot;font-size:85%;color:#949494;&quot;&gt;[Bild-Id: 16193]&lt;\/span&gt;\"\n               data-image-slug=\"109_ap5a0314-1\"\n               class=\"ngg-simplelightbox\" rel=\"89321a577b1ea4f13c1ea73687bc254b\">\n                <img loading=\"lazy\"\n                    title=\"Umm Ar-Rasas\"\n                    alt=\"Umm Ar-Rasas\"\n                    src=\"http:\/\/foto-passion.com\/wp-content\/gallery\/fotostrecke_jordanien_2019\/cache\/109_AP5A0314.jpg-nggid0516193-ngg0dyn-150x100x100-00f0w010c011r110f110r010t010.jpg\"\n                    width=\"150\"\n                    height=\"100\"\n                    style=\"max-width:100%;\"\n                \/>\n            <\/a>\n        <\/div>\n\t\t\t\t\t\t\t<\/div> \n\t\t\t\n                                    <br style=\"clear: both\" \/>\n                    \n\t\t\t\t<div id=\"ngg-image-4\" class=\"ngg-gallery-thumbnail-box\" >\n\t\t\t\t        <div class=\"ngg-gallery-thumbnail\">\n            <a href=\"http:\/\/foto-passion.com\/wp-content\/gallery\/fotostrecke_jordanien_2019\/110_AP5A0296.jpg\"\n               title=\"&lt;strong&gt;Bodenmosaik in Umm Ar-Rasas&lt;\/strong&gt;&lt;br \/&gt;Jordanien 2019&lt;br \/&gt;&lt;span style=&quot;font-size:85%;color:#949494;&quot;&gt;[Bild-Id: 16190]&lt;\/span&gt;\"\n               data-src=\"http:\/\/foto-passion.com\/wp-content\/gallery\/fotostrecke_jordanien_2019\/110_AP5A0296.jpg\"\n               data-thumbnail=\"http:\/\/foto-passion.com\/wp-content\/gallery\/fotostrecke_jordanien_2019\/thumbs\/thumbs_110_AP5A0296.jpg\"\n               data-image-id=\"16190\"\n               data-title=\"Bodenmosaik in Umm Ar-Rasas\"\n               data-description=\"&lt;strong&gt;Bodenmosaik in Umm Ar-Rasas&lt;\/strong&gt;&lt;br \/&gt;Jordanien 2019&lt;br \/&gt;&lt;span style=&quot;font-size:85%;color:#949494;&quot;&gt;[Bild-Id: 16190]&lt;\/span&gt;\"\n               data-image-slug=\"110_ap5a0296-1\"\n               class=\"ngg-simplelightbox\" rel=\"89321a577b1ea4f13c1ea73687bc254b\">\n                <img loading=\"lazy\"\n                    title=\"Bodenmosaik in Umm Ar-Rasas\"\n                    alt=\"Bodenmosaik in Umm Ar-Rasas\"\n                    src=\"http:\/\/foto-passion.com\/wp-content\/gallery\/fotostrecke_jordanien_2019\/cache\/110_AP5A0296.jpg-nggid0516190-ngg0dyn-150x100x100-00f0w010c011r110f110r010t010.jpg\"\n                    width=\"150\"\n                    height=\"100\"\n                    style=\"max-width:100%;\"\n                \/>\n            <\/a>\n        <\/div>\n\t\t\t\t\t\t\t<\/div> \n\t\t\t\n                            \n\t\t\t\t<div id=\"ngg-image-5\" class=\"ngg-gallery-thumbnail-box\" >\n\t\t\t\t        <div class=\"ngg-gallery-thumbnail\">\n            <a href=\"http:\/\/foto-passion.com\/wp-content\/gallery\/fotostrecke_jordanien_2019\/111_AP5A0292.jpg\"\n               title=\"&lt;strong&gt;Mosaik von Umm Ar-Rasas&lt;\/strong&gt;&lt;br \/&gt;Jordanien 2019&lt;br \/&gt;&lt;span style=&quot;font-size:85%;color:#949494;&quot;&gt;[Bild-Id: 16189]&lt;\/span&gt;\"\n               data-src=\"http:\/\/foto-passion.com\/wp-content\/gallery\/fotostrecke_jordanien_2019\/111_AP5A0292.jpg\"\n               data-thumbnail=\"http:\/\/foto-passion.com\/wp-content\/gallery\/fotostrecke_jordanien_2019\/thumbs\/thumbs_111_AP5A0292.jpg\"\n               data-image-id=\"16189\"\n               data-title=\"Mosaik von Umm Ar-Rasas\"\n               data-description=\"&lt;strong&gt;Mosaik von Umm Ar-Rasas&lt;\/strong&gt;&lt;br \/&gt;Jordanien 2019&lt;br \/&gt;&lt;span style=&quot;font-size:85%;color:#949494;&quot;&gt;[Bild-Id: 16189]&lt;\/span&gt;\"\n               data-image-slug=\"111_ap5a0292-1\"\n               class=\"ngg-simplelightbox\" rel=\"89321a577b1ea4f13c1ea73687bc254b\">\n                <img loading=\"lazy\"\n                    title=\"Mosaik von Umm Ar-Rasas\"\n                    alt=\"Mosaik von Umm Ar-Rasas\"\n                    src=\"http:\/\/foto-passion.com\/wp-content\/gallery\/fotostrecke_jordanien_2019\/cache\/111_AP5A0292.jpg-nggid0516189-ngg0dyn-150x100x100-00f0w010c011r110f110r010t010.jpg\"\n                    width=\"150\"\n                    height=\"100\"\n                    style=\"max-width:100%;\"\n                \/>\n            <\/a>\n        <\/div>\n\t\t\t\t\t\t\t<\/div> \n\t\t\t\n                            \n\t\t\t\t<div id=\"ngg-image-6\" class=\"ngg-gallery-thumbnail-box\" >\n\t\t\t\t        <div class=\"ngg-gallery-thumbnail\">\n            <a href=\"http:\/\/foto-passion.com\/wp-content\/gallery\/fotostrecke_jordanien_2019\/112_AP5A0304.jpg\"\n               title=\"&lt;strong&gt;Mosaik von Umm Ar-Rasas&lt;\/strong&gt;&lt;br \/&gt;Jordanien 2019&lt;br \/&gt;&lt;span style=&quot;font-size:85%;color:#949494;&quot;&gt;[Bild-Id: 16191]&lt;\/span&gt;\"\n               data-src=\"http:\/\/foto-passion.com\/wp-content\/gallery\/fotostrecke_jordanien_2019\/112_AP5A0304.jpg\"\n               data-thumbnail=\"http:\/\/foto-passion.com\/wp-content\/gallery\/fotostrecke_jordanien_2019\/thumbs\/thumbs_112_AP5A0304.jpg\"\n               data-image-id=\"16191\"\n               data-title=\"Mosaik von Umm Ar-Rasas\"\n               data-description=\"&lt;strong&gt;Mosaik von Umm Ar-Rasas&lt;\/strong&gt;&lt;br \/&gt;Jordanien 2019&lt;br \/&gt;&lt;span style=&quot;font-size:85%;color:#949494;&quot;&gt;[Bild-Id: 16191]&lt;\/span&gt;\"\n               data-image-slug=\"112_ap5a0304-1\"\n               class=\"ngg-simplelightbox\" rel=\"89321a577b1ea4f13c1ea73687bc254b\">\n                <img loading=\"lazy\"\n                    title=\"Mosaik von Umm Ar-Rasas\"\n                    alt=\"Mosaik von Umm Ar-Rasas\"\n                    src=\"http:\/\/foto-passion.com\/wp-content\/gallery\/fotostrecke_jordanien_2019\/cache\/112_AP5A0304.jpg-nggid0516191-ngg0dyn-150x100x100-00f0w010c011r110f110r010t010.jpg\"\n                    width=\"150\"\n                    height=\"100\"\n                    style=\"max-width:100%;\"\n                \/>\n            <\/a>\n        <\/div>\n\t\t\t\t\t\t\t<\/div> \n\t\t\t\n                            \n\t\t\t\t<div id=\"ngg-image-7\" class=\"ngg-gallery-thumbnail-box\" >\n\t\t\t\t        <div class=\"ngg-gallery-thumbnail\">\n            <a href=\"http:\/\/foto-passion.com\/wp-content\/gallery\/fotostrecke_jordanien_2019\/113_AP5A0311.jpg\"\n               title=\"&lt;strong&gt;Mosaik von Umm Ar-Rasas&lt;\/strong&gt;&lt;br \/&gt;Jordanien 2019&lt;br \/&gt;&lt;span style=&quot;font-size:85%;color:#949494;&quot;&gt;[Bild-Id: 16192]&lt;\/span&gt;\"\n               data-src=\"http:\/\/foto-passion.com\/wp-content\/gallery\/fotostrecke_jordanien_2019\/113_AP5A0311.jpg\"\n               data-thumbnail=\"http:\/\/foto-passion.com\/wp-content\/gallery\/fotostrecke_jordanien_2019\/thumbs\/thumbs_113_AP5A0311.jpg\"\n               data-image-id=\"16192\"\n               data-title=\"Mosaik von Umm Ar-Rasas\"\n               data-description=\"&lt;strong&gt;Mosaik von Umm Ar-Rasas&lt;\/strong&gt;&lt;br \/&gt;Jordanien 2019&lt;br \/&gt;&lt;span style=&quot;font-size:85%;color:#949494;&quot;&gt;[Bild-Id: 16192]&lt;\/span&gt;\"\n               data-image-slug=\"113_ap5a0311-1\"\n               class=\"ngg-simplelightbox\" rel=\"89321a577b1ea4f13c1ea73687bc254b\">\n                <img loading=\"lazy\"\n                    title=\"Mosaik von Umm Ar-Rasas\"\n                    alt=\"Mosaik von Umm Ar-Rasas\"\n                    src=\"http:\/\/foto-passion.com\/wp-content\/gallery\/fotostrecke_jordanien_2019\/cache\/113_AP5A0311.jpg-nggid0516192-ngg0dyn-150x100x100-00f0w010c011r110f110r010t010.jpg\"\n                    width=\"150\"\n                    height=\"100\"\n                    style=\"max-width:100%;\"\n                \/>\n            <\/a>\n        <\/div>\n\t\t\t\t\t\t\t<\/div> \n\t\t\t\n                                    <br style=\"clear: both\" \/>\n                    \n\t\t\t\t<div id=\"ngg-image-8\" class=\"ngg-gallery-thumbnail-box\" >\n\t\t\t\t        <div class=\"ngg-gallery-thumbnail\">\n            <a href=\"http:\/\/foto-passion.com\/wp-content\/gallery\/fotostrecke_jordanien_2019\/114_AP5A0316.jpg\"\n               title=\"&lt;strong&gt;Gro\u00dfer Steinbogen in Umm Ar-Rasas&lt;\/strong&gt;&lt;br \/&gt;Jordanien 2019&lt;br \/&gt;&lt;span style=&quot;font-size:85%;color:#949494;&quot;&gt;[Bild-Id: 16194]&lt;\/span&gt;\"\n               data-src=\"http:\/\/foto-passion.com\/wp-content\/gallery\/fotostrecke_jordanien_2019\/114_AP5A0316.jpg\"\n               data-thumbnail=\"http:\/\/foto-passion.com\/wp-content\/gallery\/fotostrecke_jordanien_2019\/thumbs\/thumbs_114_AP5A0316.jpg\"\n               data-image-id=\"16194\"\n               data-title=\"Gro\u00dfer Steinbogen in Umm Ar-Rasas\"\n               data-description=\"&lt;strong&gt;Gro\u00dfer Steinbogen in Umm Ar-Rasas&lt;\/strong&gt;&lt;br \/&gt;Jordanien 2019&lt;br \/&gt;&lt;span style=&quot;font-size:85%;color:#949494;&quot;&gt;[Bild-Id: 16194]&lt;\/span&gt;\"\n               data-image-slug=\"114_ap5a0316-1\"\n               class=\"ngg-simplelightbox\" rel=\"89321a577b1ea4f13c1ea73687bc254b\">\n                <img loading=\"lazy\"\n                    title=\"Gro\u00dfer Steinbogen in Umm Ar-Rasas\"\n                    alt=\"Gro\u00dfer Steinbogen in Umm Ar-Rasas\"\n                    src=\"http:\/\/foto-passion.com\/wp-content\/gallery\/fotostrecke_jordanien_2019\/cache\/114_AP5A0316.jpg-nggid0516194-ngg0dyn-150x100x100-00f0w010c011r110f110r010t010.jpg\"\n                    width=\"150\"\n                    height=\"100\"\n                    style=\"max-width:100%;\"\n                \/>\n            <\/a>\n        <\/div>\n\t\t\t\t\t\t\t<\/div> \n\t\t\t\n                            \n\t\t\t\t<div id=\"ngg-image-9\" class=\"ngg-gallery-thumbnail-box\" >\n\t\t\t\t        <div class=\"ngg-gallery-thumbnail\">\n            <a href=\"http:\/\/foto-passion.com\/wp-content\/gallery\/fotostrecke_jordanien_2019\/115_AP5A0332.jpg\"\n               title=\"&lt;strong&gt;Ausgrabungsst\u00e4tte Umm Ar-Rasas&lt;\/strong&gt;&lt;br \/&gt;Jordanien 2019&lt;br \/&gt;&lt;span style=&quot;font-size:85%;color:#949494;&quot;&gt;[Bild-Id: 16199]&lt;\/span&gt;\"\n               data-src=\"http:\/\/foto-passion.com\/wp-content\/gallery\/fotostrecke_jordanien_2019\/115_AP5A0332.jpg\"\n               data-thumbnail=\"http:\/\/foto-passion.com\/wp-content\/gallery\/fotostrecke_jordanien_2019\/thumbs\/thumbs_115_AP5A0332.jpg\"\n               data-image-id=\"16199\"\n               data-title=\"Ausgrabungsst\u00e4tte Umm Ar-Rasas\"\n               data-description=\"&lt;strong&gt;Ausgrabungsst\u00e4tte Umm Ar-Rasas&lt;\/strong&gt;&lt;br \/&gt;Jordanien 2019&lt;br \/&gt;&lt;span style=&quot;font-size:85%;color:#949494;&quot;&gt;[Bild-Id: 16199]&lt;\/span&gt;\"\n               data-image-slug=\"115_ap5a0332-1\"\n               class=\"ngg-simplelightbox\" rel=\"89321a577b1ea4f13c1ea73687bc254b\">\n                <img loading=\"lazy\"\n                    title=\"Ausgrabungsst\u00e4tte Umm Ar-Rasas\"\n                    alt=\"Ausgrabungsst\u00e4tte Umm Ar-Rasas\"\n                    src=\"http:\/\/foto-passion.com\/wp-content\/gallery\/fotostrecke_jordanien_2019\/cache\/115_AP5A0332.jpg-nggid0516199-ngg0dyn-150x100x100-00f0w010c011r110f110r010t010.jpg\"\n                    width=\"150\"\n                    height=\"100\"\n                    style=\"max-width:100%;\"\n                \/>\n            <\/a>\n        <\/div>\n\t\t\t\t\t\t\t<\/div> \n\t\t\t\n                            \n\t\t\t\t<div id=\"ngg-image-10\" class=\"ngg-gallery-thumbnail-box\" >\n\t\t\t\t        <div class=\"ngg-gallery-thumbnail\">\n            <a href=\"http:\/\/foto-passion.com\/wp-content\/gallery\/fotostrecke_jordanien_2019\/116_AP5A0348.jpg\"\n               title=\"&lt;strong&gt;Ausgrabungsst\u00e4tte Umm Ar-Rasas&lt;\/strong&gt;&lt;br \/&gt;Jordanien 2019&lt;br \/&gt;&lt;span style=&quot;font-size:85%;color:#949494;&quot;&gt;[Bild-Id: 16200]&lt;\/span&gt;\"\n               data-src=\"http:\/\/foto-passion.com\/wp-content\/gallery\/fotostrecke_jordanien_2019\/116_AP5A0348.jpg\"\n               data-thumbnail=\"http:\/\/foto-passion.com\/wp-content\/gallery\/fotostrecke_jordanien_2019\/thumbs\/thumbs_116_AP5A0348.jpg\"\n               data-image-id=\"16200\"\n               data-title=\"Ausgrabungsst\u00e4tte Umm Ar-Rasas\"\n               data-description=\"&lt;strong&gt;Ausgrabungsst\u00e4tte Umm Ar-Rasas&lt;\/strong&gt;&lt;br \/&gt;Jordanien 2019&lt;br \/&gt;&lt;span style=&quot;font-size:85%;color:#949494;&quot;&gt;[Bild-Id: 16200]&lt;\/span&gt;\"\n               data-image-slug=\"116_ap5a0348-1\"\n               class=\"ngg-simplelightbox\" rel=\"89321a577b1ea4f13c1ea73687bc254b\">\n                <img loading=\"lazy\"\n                    title=\"Ausgrabungsst\u00e4tte Umm Ar-Rasas\"\n                    alt=\"Ausgrabungsst\u00e4tte Umm Ar-Rasas\"\n                    src=\"http:\/\/foto-passion.com\/wp-content\/gallery\/fotostrecke_jordanien_2019\/cache\/116_AP5A0348.jpg-nggid0516200-ngg0dyn-150x100x100-00f0w010c011r110f110r010t010.jpg\"\n                    width=\"150\"\n                    height=\"100\"\n                    style=\"max-width:100%;\"\n                \/>\n            <\/a>\n        <\/div>\n\t\t\t\t\t\t\t<\/div> \n\t\t\t\n                            \n\t\t\t\t<div id=\"ngg-image-11\" class=\"ngg-gallery-thumbnail-box\" >\n\t\t\t\t        <div class=\"ngg-gallery-thumbnail\">\n            <a href=\"http:\/\/foto-passion.com\/wp-content\/gallery\/fotostrecke_jordanien_2019\/117_AP5A0353.jpg\"\n               title=\"&lt;strong&gt;Ausgrabungsst\u00e4tte Umm Ar-Rasas&lt;\/strong&gt;&lt;br \/&gt;Jordanien 2019&lt;br \/&gt;&lt;span style=&quot;font-size:85%;color:#949494;&quot;&gt;[Bild-Id: 16201]&lt;\/span&gt;\"\n               data-src=\"http:\/\/foto-passion.com\/wp-content\/gallery\/fotostrecke_jordanien_2019\/117_AP5A0353.jpg\"\n               data-thumbnail=\"http:\/\/foto-passion.com\/wp-content\/gallery\/fotostrecke_jordanien_2019\/thumbs\/thumbs_117_AP5A0353.jpg\"\n               data-image-id=\"16201\"\n               data-title=\"Ausgrabungsst\u00e4tte Umm Ar-Rasas\"\n               data-description=\"&lt;strong&gt;Ausgrabungsst\u00e4tte Umm Ar-Rasas&lt;\/strong&gt;&lt;br \/&gt;Jordanien 2019&lt;br \/&gt;&lt;span style=&quot;font-size:85%;color:#949494;&quot;&gt;[Bild-Id: 16201]&lt;\/span&gt;\"\n               data-image-slug=\"117_ap5a0353-1\"\n               class=\"ngg-simplelightbox\" rel=\"89321a577b1ea4f13c1ea73687bc254b\">\n                <img loading=\"lazy\"\n                    title=\"Ausgrabungsst\u00e4tte Umm Ar-Rasas\"\n                    alt=\"Ausgrabungsst\u00e4tte Umm Ar-Rasas\"\n                    src=\"http:\/\/foto-passion.com\/wp-content\/gallery\/fotostrecke_jordanien_2019\/cache\/117_AP5A0353.jpg-nggid0516201-ngg0dyn-150x100x100-00f0w010c011r110f110r010t010.jpg\"\n                    width=\"150\"\n                    height=\"100\"\n                    style=\"max-width:100%;\"\n                \/>\n            <\/a>\n        <\/div>\n\t\t\t\t\t\t\t<\/div> \n\t\t\t\n                                    <br style=\"clear: both\" \/>\n                    \n\t\t\t\t<div id=\"ngg-image-12\" class=\"ngg-gallery-thumbnail-box\" >\n\t\t\t\t        <div class=\"ngg-gallery-thumbnail\">\n            <a href=\"http:\/\/foto-passion.com\/wp-content\/gallery\/fotostrecke_jordanien_2019\/118_AP5A0321.jpg\"\n               title=\"&lt;strong&gt;Bodenmosaik in Umm Ar-Rasas&lt;\/strong&gt;&lt;br \/&gt;Jordanien 2019&lt;br \/&gt;&lt;span style=&quot;font-size:85%;color:#949494;&quot;&gt;[Bild-Id: 16195]&lt;\/span&gt;\"\n               data-src=\"http:\/\/foto-passion.com\/wp-content\/gallery\/fotostrecke_jordanien_2019\/118_AP5A0321.jpg\"\n               data-thumbnail=\"http:\/\/foto-passion.com\/wp-content\/gallery\/fotostrecke_jordanien_2019\/thumbs\/thumbs_118_AP5A0321.jpg\"\n               data-image-id=\"16195\"\n               data-title=\"Bodenmosaik in Umm Ar-Rasas\"\n               data-description=\"&lt;strong&gt;Bodenmosaik in Umm Ar-Rasas&lt;\/strong&gt;&lt;br \/&gt;Jordanien 2019&lt;br \/&gt;&lt;span style=&quot;font-size:85%;color:#949494;&quot;&gt;[Bild-Id: 16195]&lt;\/span&gt;\"\n               data-image-slug=\"118_ap5a0321-1\"\n               class=\"ngg-simplelightbox\" rel=\"89321a577b1ea4f13c1ea73687bc254b\">\n                <img loading=\"lazy\"\n                    title=\"Bodenmosaik in Umm Ar-Rasas\"\n                    alt=\"Bodenmosaik in Umm Ar-Rasas\"\n                    src=\"http:\/\/foto-passion.com\/wp-content\/gallery\/fotostrecke_jordanien_2019\/cache\/118_AP5A0321.jpg-nggid0516195-ngg0dyn-150x100x100-00f0w010c011r110f110r010t010.jpg\"\n                    width=\"150\"\n                    height=\"100\"\n                    style=\"max-width:100%;\"\n                \/>\n            <\/a>\n        <\/div>\n\t\t\t\t\t\t\t<\/div> \n\t\t\t\n                            \n\t\t\t\t<div id=\"ngg-image-13\" class=\"ngg-gallery-thumbnail-box\" >\n\t\t\t\t        <div class=\"ngg-gallery-thumbnail\">\n            <a href=\"http:\/\/foto-passion.com\/wp-content\/gallery\/fotostrecke_jordanien_2019\/119_AP5A0326.jpg\"\n               title=\"&lt;strong&gt;Bodenmosaik in Umm Ar-Rasas&lt;\/strong&gt;&lt;br \/&gt;Jordanien 2019&lt;br \/&gt;&lt;span style=&quot;font-size:85%;color:#949494;&quot;&gt;[Bild-Id: 16196]&lt;\/span&gt;\"\n               data-src=\"http:\/\/foto-passion.com\/wp-content\/gallery\/fotostrecke_jordanien_2019\/119_AP5A0326.jpg\"\n               data-thumbnail=\"http:\/\/foto-passion.com\/wp-content\/gallery\/fotostrecke_jordanien_2019\/thumbs\/thumbs_119_AP5A0326.jpg\"\n               data-image-id=\"16196\"\n               data-title=\"Bodenmosaik in Umm Ar-Rasas\"\n               data-description=\"&lt;strong&gt;Bodenmosaik in Umm Ar-Rasas&lt;\/strong&gt;&lt;br \/&gt;Jordanien 2019&lt;br \/&gt;&lt;span style=&quot;font-size:85%;color:#949494;&quot;&gt;[Bild-Id: 16196]&lt;\/span&gt;\"\n               data-image-slug=\"119_ap5a0326-1\"\n               class=\"ngg-simplelightbox\" rel=\"89321a577b1ea4f13c1ea73687bc254b\">\n                <img loading=\"lazy\"\n                    title=\"Bodenmosaik in Umm Ar-Rasas\"\n                    alt=\"Bodenmosaik in Umm Ar-Rasas\"\n                    src=\"http:\/\/foto-passion.com\/wp-content\/gallery\/fotostrecke_jordanien_2019\/cache\/119_AP5A0326.jpg-nggid0516196-ngg0dyn-150x100x100-00f0w010c011r110f110r010t010.jpg\"\n                    width=\"150\"\n                    height=\"100\"\n                    style=\"max-width:100%;\"\n                \/>\n            <\/a>\n        <\/div>\n\t\t\t\t\t\t\t<\/div> \n\t\t\t\n                            \n\t\t\t\t<div id=\"ngg-image-14\" class=\"ngg-gallery-thumbnail-box\" >\n\t\t\t\t        <div class=\"ngg-gallery-thumbnail\">\n            <a href=\"http:\/\/foto-passion.com\/wp-content\/gallery\/fotostrecke_jordanien_2019\/120_AP5A0327.jpg\"\n               title=\"&lt;strong&gt;Bodenmosaik in Umm Ar-Rasas&lt;\/strong&gt;&lt;br \/&gt;Jordanien 2019&lt;br \/&gt;&lt;span style=&quot;font-size:85%;color:#949494;&quot;&gt;[Bild-Id: 16197]&lt;\/span&gt;\"\n               data-src=\"http:\/\/foto-passion.com\/wp-content\/gallery\/fotostrecke_jordanien_2019\/120_AP5A0327.jpg\"\n               data-thumbnail=\"http:\/\/foto-passion.com\/wp-content\/gallery\/fotostrecke_jordanien_2019\/thumbs\/thumbs_120_AP5A0327.jpg\"\n               data-image-id=\"16197\"\n               data-title=\"Bodenmosaik in Umm Ar-Rasas\"\n               data-description=\"&lt;strong&gt;Bodenmosaik in Umm Ar-Rasas&lt;\/strong&gt;&lt;br \/&gt;Jordanien 2019&lt;br \/&gt;&lt;span style=&quot;font-size:85%;color:#949494;&quot;&gt;[Bild-Id: 16197]&lt;\/span&gt;\"\n               data-image-slug=\"120_ap5a0327-1\"\n               class=\"ngg-simplelightbox\" rel=\"89321a577b1ea4f13c1ea73687bc254b\">\n                <img loading=\"lazy\"\n                    title=\"Bodenmosaik in Umm Ar-Rasas\"\n                    alt=\"Bodenmosaik in Umm Ar-Rasas\"\n                    src=\"http:\/\/foto-passion.com\/wp-content\/gallery\/fotostrecke_jordanien_2019\/cache\/120_AP5A0327.jpg-nggid0516197-ngg0dyn-150x100x100-00f0w010c011r110f110r010t010.jpg\"\n                    width=\"150\"\n                    height=\"100\"\n                    style=\"max-width:100%;\"\n                \/>\n            <\/a>\n        <\/div>\n\t\t\t\t\t\t\t<\/div> \n\t\t\t\n                            \n\t\t\t\t<div id=\"ngg-image-15\" class=\"ngg-gallery-thumbnail-box\" >\n\t\t\t\t        <div class=\"ngg-gallery-thumbnail\">\n            <a href=\"http:\/\/foto-passion.com\/wp-content\/gallery\/fotostrecke_jordanien_2019\/121_AP5A0329.jpg\"\n               title=\"&lt;strong&gt;Bodenmosaik in Umm Ar-Rasas&lt;\/strong&gt;&lt;br \/&gt;Jordanien 2019&lt;br \/&gt;&lt;span style=&quot;font-size:85%;color:#949494;&quot;&gt;[Bild-Id: 16198]&lt;\/span&gt;\"\n               data-src=\"http:\/\/foto-passion.com\/wp-content\/gallery\/fotostrecke_jordanien_2019\/121_AP5A0329.jpg\"\n               data-thumbnail=\"http:\/\/foto-passion.com\/wp-content\/gallery\/fotostrecke_jordanien_2019\/thumbs\/thumbs_121_AP5A0329.jpg\"\n               data-image-id=\"16198\"\n               data-title=\"Bodenmosaik in Umm Ar-Rasas\"\n               data-description=\"&lt;strong&gt;Bodenmosaik in Umm Ar-Rasas&lt;\/strong&gt;&lt;br \/&gt;Jordanien 2019&lt;br \/&gt;&lt;span style=&quot;font-size:85%;color:#949494;&quot;&gt;[Bild-Id: 16198]&lt;\/span&gt;\"\n               data-image-slug=\"121_ap5a0329-1\"\n               class=\"ngg-simplelightbox\" rel=\"89321a577b1ea4f13c1ea73687bc254b\">\n                <img loading=\"lazy\"\n                    title=\"Bodenmosaik in Umm Ar-Rasas\"\n                    alt=\"Bodenmosaik in Umm Ar-Rasas\"\n                    src=\"http:\/\/foto-passion.com\/wp-content\/gallery\/fotostrecke_jordanien_2019\/cache\/121_AP5A0329.jpg-nggid0516198-ngg0dyn-150x100x100-00f0w010c011r110f110r010t010.jpg\"\n                    width=\"150\"\n                    height=\"100\"\n                    style=\"max-width:100%;\"\n                \/>\n            <\/a>\n        <\/div>\n\t\t\t\t\t\t\t<\/div> \n\t\t\t\n                                    <br style=\"clear: both\" \/>\n                    \n\t\t\n\t\t<div class=\"ngg-clear\"><\/div>\n\t<\/div>\n<\/p>\t\t\t\t\t<\/div>\n\t\t\t\t\t\t<\/div>\n\t\t\t\t<\/div>\n\t\t\t\t\t\t<\/div>\n\t\t\t\t\t<\/div>\n\t\t<\/div>\n\t\t\t\t\t\t\t\t<\/div>\n\t\t\t\t\t<\/div>\n\t\t<\/section>\n\t\t\t\t<section class=\"elementor-section elementor-top-section elementor-element elementor-element-dc26a4d elementor-section-boxed elementor-section-height-default elementor-section-height-default\" data-id=\"dc26a4d\" data-element_type=\"section\">\n\t\t\t\t\t\t<div class=\"elementor-container elementor-column-gap-default\">\n\t\t\t\t\t\t\t<div class=\"elementor-row\">\n\t\t\t\t\t<div class=\"elementor-column elementor-col-100 elementor-top-column elementor-element elementor-element-145bef9\" data-id=\"145bef9\" data-element_type=\"column\">\n\t\t\t<div class=\"elementor-column-wrap elementor-element-populated\">\n\t\t\t\t\t\t\t<div class=\"elementor-widget-wrap\">\n\t\t\t\t\t\t<div class=\"elementor-element elementor-element-df31bc2 elementor-widget elementor-widget-text-editor\" data-id=\"df31bc2\" data-element_type=\"widget\" data-widget_type=\"text-editor.default\">\n\t\t\t\t<div class=\"elementor-widget-container\">\n\t\t\t\t\t\t\t\t<div class=\"elementor-text-editor elementor-clearfix\">\n\t\t\t\t\t<p style=\"text-align: justify;\">Wir fahren durch das Mujib-Tal, das eine gigantische Berglandschaft zu unseren F\u00fc\u00dfen ausbreitet. Im Tal befindet sich die Mujib-Talsperre, die die knochentrockene Berglandschaft mit Wasser versorgt. Bis in gro\u00dfe H\u00f6hen wird Gem\u00fcse angebaut.<\/p>\t\t\t\t\t<\/div>\n\t\t\t\t\t\t<\/div>\n\t\t\t\t<\/div>\n\t\t\t\t\t\t<\/div>\n\t\t\t\t\t<\/div>\n\t\t<\/div>\n\t\t\t\t\t\t\t\t<\/div>\n\t\t\t\t\t<\/div>\n\t\t<\/section>\n\t\t\t\t<section class=\"elementor-section elementor-top-section elementor-element elementor-element-0b71b58 elementor-section-boxed elementor-section-height-default elementor-section-height-default\" data-id=\"0b71b58\" data-element_type=\"section\">\n\t\t\t\t\t\t<div class=\"elementor-container elementor-column-gap-default\">\n\t\t\t\t\t\t\t<div class=\"elementor-row\">\n\t\t\t\t\t<div class=\"elementor-column elementor-col-100 elementor-top-column elementor-element elementor-element-b197a6c\" data-id=\"b197a6c\" data-element_type=\"column\">\n\t\t\t<div class=\"elementor-column-wrap elementor-element-populated\">\n\t\t\t\t\t\t\t<div class=\"elementor-widget-wrap\">\n\t\t\t\t\t\t<div class=\"elementor-element elementor-element-3a98790 elementor-widget elementor-widget-text-editor\" data-id=\"3a98790\" data-element_type=\"widget\" data-widget_type=\"text-editor.default\">\n\t\t\t\t<div class=\"elementor-widget-container\">\n\t\t\t\t\t\t\t\t<div class=\"elementor-text-editor elementor-clearfix\">\n\t\t\t\t\t<p><!-- index.php -->\n<div\n\tclass=\"ngg-galleryoverview ngg-ajax-pagination-none\"\n\tid=\"ngg-gallery-fb1613d9ec70720565fdc3319230bd82-1\">\n\n    \t\t<!-- Thumbnails -->\n\t\t\t\t<div id=\"ngg-image-0\" class=\"ngg-gallery-thumbnail-box\" >\n\t\t\t\t        <div class=\"ngg-gallery-thumbnail\">\n            <a href=\"http:\/\/foto-passion.com\/wp-content\/gallery\/fotostrecke_jordanien_2019\/122_AP5A0358.jpg\"\n               title=\"&lt;strong&gt;Dhiban, Mujeb Valley&lt;\/strong&gt;&lt;br \/&gt;Jordanien 2019&lt;br \/&gt;&lt;span style=&quot;font-size:85%;color:#949494;&quot;&gt;[Bild-Id: 16202]&lt;\/span&gt;\"\n               data-src=\"http:\/\/foto-passion.com\/wp-content\/gallery\/fotostrecke_jordanien_2019\/122_AP5A0358.jpg\"\n               data-thumbnail=\"http:\/\/foto-passion.com\/wp-content\/gallery\/fotostrecke_jordanien_2019\/thumbs\/thumbs_122_AP5A0358.jpg\"\n               data-image-id=\"16202\"\n               data-title=\"Dhiban, Mujeb Valley\"\n               data-description=\"&lt;strong&gt;Dhiban, Mujeb Valley&lt;\/strong&gt;&lt;br \/&gt;Jordanien 2019&lt;br \/&gt;&lt;span style=&quot;font-size:85%;color:#949494;&quot;&gt;[Bild-Id: 16202]&lt;\/span&gt;\"\n               data-image-slug=\"122_ap5a0358-1\"\n               class=\"ngg-simplelightbox\" rel=\"fb1613d9ec70720565fdc3319230bd82\">\n                <img loading=\"lazy\"\n                    title=\"Dhiban, Mujeb Valley\"\n                    alt=\"Dhiban, Mujeb Valley\"\n                    src=\"http:\/\/foto-passion.com\/wp-content\/gallery\/fotostrecke_jordanien_2019\/cache\/122_AP5A0358.jpg-nggid0516202-ngg0dyn-150x100x100-00f0w010c011r110f110r010t010.jpg\"\n                    width=\"150\"\n                    height=\"100\"\n                    style=\"max-width:100%;\"\n                \/>\n            <\/a>\n        <\/div>\n\t\t\t\t\t\t\t<\/div> \n\t\t\t\n                            \n\t\t\t\t<div id=\"ngg-image-1\" class=\"ngg-gallery-thumbnail-box\" >\n\t\t\t\t        <div class=\"ngg-gallery-thumbnail\">\n            <a href=\"http:\/\/foto-passion.com\/wp-content\/gallery\/fotostrecke_jordanien_2019\/123_AP5A0368.jpg\"\n               title=\"&lt;strong&gt;Dhiban, Mujeb Valley&lt;\/strong&gt;&lt;br \/&gt;Jordanien 2019&lt;br \/&gt;&lt;span style=&quot;font-size:85%;color:#949494;&quot;&gt;[Bild-Id: 16203]&lt;\/span&gt;\"\n               data-src=\"http:\/\/foto-passion.com\/wp-content\/gallery\/fotostrecke_jordanien_2019\/123_AP5A0368.jpg\"\n               data-thumbnail=\"http:\/\/foto-passion.com\/wp-content\/gallery\/fotostrecke_jordanien_2019\/thumbs\/thumbs_123_AP5A0368.jpg\"\n               data-image-id=\"16203\"\n               data-title=\"Dhiban, Mujeb Valley\"\n               data-description=\"&lt;strong&gt;Dhiban, Mujeb Valley&lt;\/strong&gt;&lt;br \/&gt;Jordanien 2019&lt;br \/&gt;&lt;span style=&quot;font-size:85%;color:#949494;&quot;&gt;[Bild-Id: 16203]&lt;\/span&gt;\"\n               data-image-slug=\"123_ap5a0368-1\"\n               class=\"ngg-simplelightbox\" rel=\"fb1613d9ec70720565fdc3319230bd82\">\n                <img loading=\"lazy\"\n                    title=\"Dhiban, Mujeb Valley\"\n                    alt=\"Dhiban, Mujeb Valley\"\n                    src=\"http:\/\/foto-passion.com\/wp-content\/gallery\/fotostrecke_jordanien_2019\/cache\/123_AP5A0368.jpg-nggid0516203-ngg0dyn-150x100x100-00f0w010c011r110f110r010t010.jpg\"\n                    width=\"150\"\n                    height=\"100\"\n                    style=\"max-width:100%;\"\n                \/>\n            <\/a>\n        <\/div>\n\t\t\t\t\t\t\t<\/div> \n\t\t\t\n                            \n\t\t\t\t<div id=\"ngg-image-2\" class=\"ngg-gallery-thumbnail-box\" >\n\t\t\t\t        <div class=\"ngg-gallery-thumbnail\">\n            <a href=\"http:\/\/foto-passion.com\/wp-content\/gallery\/fotostrecke_jordanien_2019\/124_AP5A0374.jpg\"\n               title=\"&lt;strong&gt;Dhiban, Mujeb Valley&lt;\/strong&gt;&lt;br \/&gt;Jordanien 2019&lt;br \/&gt;&lt;span style=&quot;font-size:85%;color:#949494;&quot;&gt;[Bild-Id: 16204]&lt;\/span&gt;\"\n               data-src=\"http:\/\/foto-passion.com\/wp-content\/gallery\/fotostrecke_jordanien_2019\/124_AP5A0374.jpg\"\n               data-thumbnail=\"http:\/\/foto-passion.com\/wp-content\/gallery\/fotostrecke_jordanien_2019\/thumbs\/thumbs_124_AP5A0374.jpg\"\n               data-image-id=\"16204\"\n               data-title=\"Dhiban, Mujeb Valley\"\n               data-description=\"&lt;strong&gt;Dhiban, Mujeb Valley&lt;\/strong&gt;&lt;br \/&gt;Jordanien 2019&lt;br \/&gt;&lt;span style=&quot;font-size:85%;color:#949494;&quot;&gt;[Bild-Id: 16204]&lt;\/span&gt;\"\n               data-image-slug=\"124_ap5a0374-1\"\n               class=\"ngg-simplelightbox\" rel=\"fb1613d9ec70720565fdc3319230bd82\">\n                <img loading=\"lazy\"\n                    title=\"Dhiban, Mujeb Valley\"\n                    alt=\"Dhiban, Mujeb Valley\"\n                    src=\"http:\/\/foto-passion.com\/wp-content\/gallery\/fotostrecke_jordanien_2019\/cache\/124_AP5A0374.jpg-nggid0516204-ngg0dyn-150x100x100-00f0w010c011r110f110r010t010.jpg\"\n                    width=\"150\"\n                    height=\"100\"\n                    style=\"max-width:100%;\"\n                \/>\n            <\/a>\n        <\/div>\n\t\t\t\t\t\t\t<\/div> \n\t\t\t\n                            \n\t\t\t\t<div id=\"ngg-image-3\" class=\"ngg-gallery-thumbnail-box\" >\n\t\t\t\t        <div class=\"ngg-gallery-thumbnail\">\n            <a href=\"http:\/\/foto-passion.com\/wp-content\/gallery\/fotostrecke_jordanien_2019\/125_AP5A0392.jpg\"\n               title=\"&lt;strong&gt;Dhiban, Mujeb Valley&lt;\/strong&gt;&lt;br \/&gt;Jordanien 2019&lt;br \/&gt;&lt;span style=&quot;font-size:85%;color:#949494;&quot;&gt;[Bild-Id: 16209]&lt;\/span&gt;\"\n               data-src=\"http:\/\/foto-passion.com\/wp-content\/gallery\/fotostrecke_jordanien_2019\/125_AP5A0392.jpg\"\n               data-thumbnail=\"http:\/\/foto-passion.com\/wp-content\/gallery\/fotostrecke_jordanien_2019\/thumbs\/thumbs_125_AP5A0392.jpg\"\n               data-image-id=\"16209\"\n               data-title=\"Dhiban, Mujeb Valley\"\n               data-description=\"&lt;strong&gt;Dhiban, Mujeb Valley&lt;\/strong&gt;&lt;br \/&gt;Jordanien 2019&lt;br \/&gt;&lt;span style=&quot;font-size:85%;color:#949494;&quot;&gt;[Bild-Id: 16209]&lt;\/span&gt;\"\n               data-image-slug=\"125_ap5a0392-1\"\n               class=\"ngg-simplelightbox\" rel=\"fb1613d9ec70720565fdc3319230bd82\">\n                <img loading=\"lazy\"\n                    title=\"Dhiban, Mujeb Valley\"\n                    alt=\"Dhiban, Mujeb Valley\"\n                    src=\"http:\/\/foto-passion.com\/wp-content\/gallery\/fotostrecke_jordanien_2019\/cache\/125_AP5A0392.jpg-nggid0516209-ngg0dyn-150x100x100-00f0w010c011r110f110r010t010.jpg\"\n                    width=\"150\"\n                    height=\"100\"\n                    style=\"max-width:100%;\"\n                \/>\n            <\/a>\n        <\/div>\n\t\t\t\t\t\t\t<\/div> \n\t\t\t\n                                    <br style=\"clear: both\" \/>\n                    \n\t\t\t\t<div id=\"ngg-image-4\" class=\"ngg-gallery-thumbnail-box\" >\n\t\t\t\t        <div class=\"ngg-gallery-thumbnail\">\n            <a href=\"http:\/\/foto-passion.com\/wp-content\/gallery\/fotostrecke_jordanien_2019\/127_AP5A0435.jpg\"\n               title=\"&lt;strong&gt;Dhiban, Mujeb Valley&lt;\/strong&gt;&lt;br \/&gt;Jordanien 2019&lt;br \/&gt;&lt;span style=&quot;font-size:85%;color:#949494;&quot;&gt;[Bild-Id: 16211]&lt;\/span&gt;\"\n               data-src=\"http:\/\/foto-passion.com\/wp-content\/gallery\/fotostrecke_jordanien_2019\/127_AP5A0435.jpg\"\n               data-thumbnail=\"http:\/\/foto-passion.com\/wp-content\/gallery\/fotostrecke_jordanien_2019\/thumbs\/thumbs_127_AP5A0435.jpg\"\n               data-image-id=\"16211\"\n               data-title=\"Dhiban, Mujeb Valley\"\n               data-description=\"&lt;strong&gt;Dhiban, Mujeb Valley&lt;\/strong&gt;&lt;br \/&gt;Jordanien 2019&lt;br \/&gt;&lt;span style=&quot;font-size:85%;color:#949494;&quot;&gt;[Bild-Id: 16211]&lt;\/span&gt;\"\n               data-image-slug=\"127_ap5a0435-1\"\n               class=\"ngg-simplelightbox\" rel=\"fb1613d9ec70720565fdc3319230bd82\">\n                <img loading=\"lazy\"\n                    title=\"Dhiban, Mujeb Valley\"\n                    alt=\"Dhiban, Mujeb Valley\"\n                    src=\"http:\/\/foto-passion.com\/wp-content\/gallery\/fotostrecke_jordanien_2019\/cache\/127_AP5A0435.jpg-nggid0516211-ngg0dyn-150x100x100-00f0w010c011r110f110r010t010.jpg\"\n                    width=\"150\"\n                    height=\"100\"\n                    style=\"max-width:100%;\"\n                \/>\n            <\/a>\n        <\/div>\n\t\t\t\t\t\t\t<\/div> \n\t\t\t\n                            \n\t\t\t\t<div id=\"ngg-image-5\" class=\"ngg-gallery-thumbnail-box\" >\n\t\t\t\t        <div class=\"ngg-gallery-thumbnail\">\n            <a href=\"http:\/\/foto-passion.com\/wp-content\/gallery\/fotostrecke_jordanien_2019\/128_AP5A0384.jpg\"\n               title=\"&lt;strong&gt;Mujib Talsperre&lt;\/strong&gt;&lt;br \/&gt;Jordanien 2019&lt;br \/&gt;&lt;span style=&quot;font-size:85%;color:#949494;&quot;&gt;[Bild-Id: 16207]&lt;\/span&gt;\"\n               data-src=\"http:\/\/foto-passion.com\/wp-content\/gallery\/fotostrecke_jordanien_2019\/128_AP5A0384.jpg\"\n               data-thumbnail=\"http:\/\/foto-passion.com\/wp-content\/gallery\/fotostrecke_jordanien_2019\/thumbs\/thumbs_128_AP5A0384.jpg\"\n               data-image-id=\"16207\"\n               data-title=\"Mujib Talsperre\"\n               data-description=\"&lt;strong&gt;Mujib Talsperre&lt;\/strong&gt;&lt;br \/&gt;Jordanien 2019&lt;br \/&gt;&lt;span style=&quot;font-size:85%;color:#949494;&quot;&gt;[Bild-Id: 16207]&lt;\/span&gt;\"\n               data-image-slug=\"128_ap5a0384-1\"\n               class=\"ngg-simplelightbox\" rel=\"fb1613d9ec70720565fdc3319230bd82\">\n                <img loading=\"lazy\"\n                    title=\"Mujib Talsperre\"\n                    alt=\"Mujib Talsperre\"\n                    src=\"http:\/\/foto-passion.com\/wp-content\/gallery\/fotostrecke_jordanien_2019\/cache\/128_AP5A0384.jpg-nggid0516207-ngg0dyn-150x100x100-00f0w010c011r110f110r010t010.jpg\"\n                    width=\"150\"\n                    height=\"100\"\n                    style=\"max-width:100%;\"\n                \/>\n            <\/a>\n        <\/div>\n\t\t\t\t\t\t\t<\/div> \n\t\t\t\n                            \n\t\t\t\t<div id=\"ngg-image-6\" class=\"ngg-gallery-thumbnail-box\" >\n\t\t\t\t        <div class=\"ngg-gallery-thumbnail\">\n            <a href=\"http:\/\/foto-passion.com\/wp-content\/gallery\/fotostrecke_jordanien_2019\/129_AP5A0438.jpg\"\n               title=\"&lt;strong&gt;Dhiban, Mujeb Valley&lt;\/strong&gt;&lt;br \/&gt;Jordanien 2019&lt;br \/&gt;&lt;span style=&quot;font-size:85%;color:#949494;&quot;&gt;[Bild-Id: 16212]&lt;\/span&gt;\"\n               data-src=\"http:\/\/foto-passion.com\/wp-content\/gallery\/fotostrecke_jordanien_2019\/129_AP5A0438.jpg\"\n               data-thumbnail=\"http:\/\/foto-passion.com\/wp-content\/gallery\/fotostrecke_jordanien_2019\/thumbs\/thumbs_129_AP5A0438.jpg\"\n               data-image-id=\"16212\"\n               data-title=\"Dhiban, Mujeb Valley\"\n               data-description=\"&lt;strong&gt;Dhiban, Mujeb Valley&lt;\/strong&gt;&lt;br \/&gt;Jordanien 2019&lt;br \/&gt;&lt;span style=&quot;font-size:85%;color:#949494;&quot;&gt;[Bild-Id: 16212]&lt;\/span&gt;\"\n               data-image-slug=\"129_ap5a0438-1\"\n               class=\"ngg-simplelightbox\" rel=\"fb1613d9ec70720565fdc3319230bd82\">\n                <img loading=\"lazy\"\n                    title=\"Dhiban, Mujeb Valley\"\n                    alt=\"Dhiban, Mujeb Valley\"\n                    src=\"http:\/\/foto-passion.com\/wp-content\/gallery\/fotostrecke_jordanien_2019\/cache\/129_AP5A0438.jpg-nggid0516212-ngg0dyn-150x100x100-00f0w010c011r110f110r010t010.jpg\"\n                    width=\"150\"\n                    height=\"100\"\n                    style=\"max-width:100%;\"\n                \/>\n            <\/a>\n        <\/div>\n\t\t\t\t\t\t\t<\/div> \n\t\t\t\n                            \n\t\t\t\t<div id=\"ngg-image-7\" class=\"ngg-gallery-thumbnail-box\" >\n\t\t\t\t        <div class=\"ngg-gallery-thumbnail\">\n            <a href=\"http:\/\/foto-passion.com\/wp-content\/gallery\/fotostrecke_jordanien_2019\/130_AP5A0389.jpg\"\n               title=\"&lt;strong&gt;Dhiban, Mujeb Valley&lt;\/strong&gt;&lt;br \/&gt;Jordanien 2019&lt;br \/&gt;&lt;span style=&quot;font-size:85%;color:#949494;&quot;&gt;[Bild-Id: 16208]&lt;\/span&gt;\"\n               data-src=\"http:\/\/foto-passion.com\/wp-content\/gallery\/fotostrecke_jordanien_2019\/130_AP5A0389.jpg\"\n               data-thumbnail=\"http:\/\/foto-passion.com\/wp-content\/gallery\/fotostrecke_jordanien_2019\/thumbs\/thumbs_130_AP5A0389.jpg\"\n               data-image-id=\"16208\"\n               data-title=\"Dhiban, Mujeb Valley\"\n               data-description=\"&lt;strong&gt;Dhiban, Mujeb Valley&lt;\/strong&gt;&lt;br \/&gt;Jordanien 2019&lt;br \/&gt;&lt;span style=&quot;font-size:85%;color:#949494;&quot;&gt;[Bild-Id: 16208]&lt;\/span&gt;\"\n               data-image-slug=\"130_ap5a0389-1\"\n               class=\"ngg-simplelightbox\" rel=\"fb1613d9ec70720565fdc3319230bd82\">\n                <img loading=\"lazy\"\n                    title=\"Dhiban, Mujeb Valley\"\n                    alt=\"Dhiban, Mujeb Valley\"\n                    src=\"http:\/\/foto-passion.com\/wp-content\/gallery\/fotostrecke_jordanien_2019\/cache\/130_AP5A0389.jpg-nggid0516208-ngg0dyn-150x100x100-00f0w010c011r110f110r010t010.jpg\"\n                    width=\"150\"\n                    height=\"100\"\n                    style=\"max-width:100%;\"\n                \/>\n            <\/a>\n        <\/div>\n\t\t\t\t\t\t\t<\/div> \n\t\t\t\n                                    <br style=\"clear: both\" \/>\n                    \n\t\t\n\t\t<div class=\"ngg-clear\"><\/div>\n\t<\/div>\n<\/p>\t\t\t\t\t<\/div>\n\t\t\t\t\t\t<\/div>\n\t\t\t\t<\/div>\n\t\t\t\t\t\t<\/div>\n\t\t\t\t\t<\/div>\n\t\t<\/div>\n\t\t\t\t\t\t\t\t<\/div>\n\t\t\t\t\t<\/div>\n\t\t<\/section>\n\t\t\t\t<section class=\"elementor-section elementor-top-section elementor-element elementor-element-54e277b elementor-section-boxed elementor-section-height-default elementor-section-height-default\" data-id=\"54e277b\" data-element_type=\"section\">\n\t\t\t\t\t\t<div class=\"elementor-container elementor-column-gap-default\">\n\t\t\t\t\t\t\t<div class=\"elementor-row\">\n\t\t\t\t\t<div class=\"elementor-column elementor-col-100 elementor-top-column elementor-element elementor-element-4a98884\" data-id=\"4a98884\" data-element_type=\"column\">\n\t\t\t<div class=\"elementor-column-wrap elementor-element-populated\">\n\t\t\t\t\t\t\t<div class=\"elementor-widget-wrap\">\n\t\t\t\t\t\t<div class=\"elementor-element elementor-element-df8acb8 elementor-widget elementor-widget-text-editor\" data-id=\"df8acb8\" data-element_type=\"widget\" data-widget_type=\"text-editor.default\">\n\t\t\t\t<div class=\"elementor-widget-container\">\n\t\t\t\t\t\t\t\t<div class=\"elementor-text-editor elementor-clearfix\">\n\t\t\t\t\t<div id=\"attachment_33335\" style=\"width: 1210px\" class=\"wp-caption aligncenter\"><a href=\"http:\/\/foto-passion.com\/wp-content\/uploads\/2021\/01\/126_AP5A0415-Pano.jpg\"><img loading=\"lazy\" aria-describedby=\"caption-attachment-33335\" class=\"size-full wp-image-33335\" src=\"http:\/\/foto-passion.com\/wp-content\/uploads\/2021\/01\/126_AP5A0415-Pano.jpg\" alt=\"\" width=\"1200\" height=\"287\" srcset=\"http:\/\/foto-passion.com\/wp-content\/uploads\/2021\/01\/126_AP5A0415-Pano.jpg 1200w, http:\/\/foto-passion.com\/wp-content\/uploads\/2021\/01\/126_AP5A0415-Pano-300x72.jpg 300w, http:\/\/foto-passion.com\/wp-content\/uploads\/2021\/01\/126_AP5A0415-Pano-1024x245.jpg 1024w, http:\/\/foto-passion.com\/wp-content\/uploads\/2021\/01\/126_AP5A0415-Pano-768x184.jpg 768w\" sizes=\"(max-width: 1200px) 100vw, 1200px\" \/><\/a><p id=\"caption-attachment-33335\" class=\"wp-caption-text\">Dhiban, Mujeb Valley<\/p><\/div>\t\t\t\t\t<\/div>\n\t\t\t\t\t\t<\/div>\n\t\t\t\t<\/div>\n\t\t\t\t\t\t<\/div>\n\t\t\t\t\t<\/div>\n\t\t<\/div>\n\t\t\t\t\t\t\t\t<\/div>\n\t\t\t\t\t<\/div>\n\t\t<\/section>\n\t\t\t\t<section class=\"elementor-section elementor-top-section elementor-element elementor-element-4d5d07b elementor-section-boxed elementor-section-height-default elementor-section-height-default\" data-id=\"4d5d07b\" data-element_type=\"section\">\n\t\t\t\t\t\t<div class=\"elementor-container elementor-column-gap-default\">\n\t\t\t\t\t\t\t<div class=\"elementor-row\">\n\t\t\t\t\t<div class=\"elementor-column elementor-col-100 elementor-top-column elementor-element elementor-element-fe6482d\" data-id=\"fe6482d\" data-element_type=\"column\">\n\t\t\t<div class=\"elementor-column-wrap elementor-element-populated\">\n\t\t\t\t\t\t\t<div class=\"elementor-widget-wrap\">\n\t\t\t\t\t\t<div class=\"elementor-element elementor-element-016ab76 elementor-widget elementor-widget-text-editor\" data-id=\"016ab76\" data-element_type=\"widget\" data-widget_type=\"text-editor.default\">\n\t\t\t\t<div class=\"elementor-widget-container\">\n\t\t\t\t\t\t\t\t<div class=\"elementor-text-editor elementor-clearfix\">\n\t\t\t\t\t<p style=\"text-align: justify;\">Die n\u00e4chste Sehensw\u00fcrdigkeit, die auf unserer Strecke in den S\u00fcden liegt, ist die Burg \u201eKerak\u201c, die wir ebenfalls noch ansteuern. Die m\u00e4chtige Burg thront \u00fcber der Stadt auf einem Felsen. Viel zu sehen gibt es hier aber auch nicht. Man hat zwar einen sch\u00f6nen Ausblick, aber die R\u00e4ume sind meist dunkel und leer. Da f\u00e4llt es schwer, sich vorzustellen, was hier einmal war. Lange halten wir uns in dieser Burg nicht auf. Unser Tagesziel ist noch einige Kilometer entfernt und im Dunklen wollen wir dort nicht ankommen.<\/p>\t\t\t\t\t<\/div>\n\t\t\t\t\t\t<\/div>\n\t\t\t\t<\/div>\n\t\t\t\t\t\t<\/div>\n\t\t\t\t\t<\/div>\n\t\t<\/div>\n\t\t\t\t\t\t\t\t<\/div>\n\t\t\t\t\t<\/div>\n\t\t<\/section>\n\t\t\t\t<section class=\"elementor-section elementor-top-section elementor-element elementor-element-dda4be4 elementor-section-boxed elementor-section-height-default elementor-section-height-default\" data-id=\"dda4be4\" data-element_type=\"section\">\n\t\t\t\t\t\t<div class=\"elementor-container elementor-column-gap-default\">\n\t\t\t\t\t\t\t<div class=\"elementor-row\">\n\t\t\t\t\t<div class=\"elementor-column elementor-col-100 elementor-top-column elementor-element elementor-element-5d9b730\" data-id=\"5d9b730\" data-element_type=\"column\">\n\t\t\t<div class=\"elementor-column-wrap elementor-element-populated\">\n\t\t\t\t\t\t\t<div class=\"elementor-widget-wrap\">\n\t\t\t\t\t\t<div class=\"elementor-element elementor-element-fa3910f elementor-widget elementor-widget-text-editor\" data-id=\"fa3910f\" data-element_type=\"widget\" data-widget_type=\"text-editor.default\">\n\t\t\t\t<div class=\"elementor-widget-container\">\n\t\t\t\t\t\t\t\t<div class=\"elementor-text-editor elementor-clearfix\">\n\t\t\t\t\t<p><!-- index.php -->\n<div\n\tclass=\"ngg-galleryoverview ngg-ajax-pagination-none\"\n\tid=\"ngg-gallery-9b8a884bcac44d89af046b1d94764b21-1\">\n\n    \t\t<!-- Thumbnails -->\n\t\t\t\t<div id=\"ngg-image-0\" class=\"ngg-gallery-thumbnail-box\" >\n\t\t\t\t        <div class=\"ngg-gallery-thumbnail\">\n            <a href=\"http:\/\/foto-passion.com\/wp-content\/gallery\/fotostrecke_jordanien_2019\/141_AP5A0443.jpg\"\n               title=\"&lt;strong&gt;Kerak Castle&lt;\/strong&gt;&lt;br \/&gt;Jordanien 2019&lt;br \/&gt;&lt;span style=&quot;font-size:85%;color:#949494;&quot;&gt;[Bild-Id: 16213]&lt;\/span&gt;\"\n               data-src=\"http:\/\/foto-passion.com\/wp-content\/gallery\/fotostrecke_jordanien_2019\/141_AP5A0443.jpg\"\n               data-thumbnail=\"http:\/\/foto-passion.com\/wp-content\/gallery\/fotostrecke_jordanien_2019\/thumbs\/thumbs_141_AP5A0443.jpg\"\n               data-image-id=\"16213\"\n               data-title=\"Kerak Castle\"\n               data-description=\"&lt;strong&gt;Kerak Castle&lt;\/strong&gt;&lt;br \/&gt;Jordanien 2019&lt;br \/&gt;&lt;span style=&quot;font-size:85%;color:#949494;&quot;&gt;[Bild-Id: 16213]&lt;\/span&gt;\"\n               data-image-slug=\"141_ap5a0443-1\"\n               class=\"ngg-simplelightbox\" rel=\"9b8a884bcac44d89af046b1d94764b21\">\n                <img loading=\"lazy\"\n                    title=\"Kerak Castle\"\n                    alt=\"Kerak Castle\"\n                    src=\"http:\/\/foto-passion.com\/wp-content\/gallery\/fotostrecke_jordanien_2019\/cache\/141_AP5A0443.jpg-nggid0516213-ngg0dyn-150x100x100-00f0w010c011r110f110r010t010.jpg\"\n                    width=\"150\"\n                    height=\"100\"\n                    style=\"max-width:100%;\"\n                \/>\n            <\/a>\n        <\/div>\n\t\t\t\t\t\t\t<\/div> \n\t\t\t\n                            \n\t\t\t\t<div id=\"ngg-image-1\" class=\"ngg-gallery-thumbnail-box\" >\n\t\t\t\t        <div class=\"ngg-gallery-thumbnail\">\n            <a href=\"http:\/\/foto-passion.com\/wp-content\/gallery\/fotostrecke_jordanien_2019\/142_AP5A0456.jpg\"\n               title=\"&lt;strong&gt;Kerak Castle&lt;\/strong&gt;&lt;br \/&gt;Jordanien 2019&lt;br \/&gt;&lt;span style=&quot;font-size:85%;color:#949494;&quot;&gt;[Bild-Id: 16216]&lt;\/span&gt;\"\n               data-src=\"http:\/\/foto-passion.com\/wp-content\/gallery\/fotostrecke_jordanien_2019\/142_AP5A0456.jpg\"\n               data-thumbnail=\"http:\/\/foto-passion.com\/wp-content\/gallery\/fotostrecke_jordanien_2019\/thumbs\/thumbs_142_AP5A0456.jpg\"\n               data-image-id=\"16216\"\n               data-title=\"Kerak Castle\"\n               data-description=\"&lt;strong&gt;Kerak Castle&lt;\/strong&gt;&lt;br \/&gt;Jordanien 2019&lt;br \/&gt;&lt;span style=&quot;font-size:85%;color:#949494;&quot;&gt;[Bild-Id: 16216]&lt;\/span&gt;\"\n               data-image-slug=\"142_ap5a0456-1\"\n               class=\"ngg-simplelightbox\" rel=\"9b8a884bcac44d89af046b1d94764b21\">\n                <img loading=\"lazy\"\n                    title=\"Kerak Castle\"\n                    alt=\"Kerak Castle\"\n                    src=\"http:\/\/foto-passion.com\/wp-content\/gallery\/fotostrecke_jordanien_2019\/cache\/142_AP5A0456.jpg-nggid0516216-ngg0dyn-150x100x100-00f0w010c011r110f110r010t010.jpg\"\n                    width=\"150\"\n                    height=\"100\"\n                    style=\"max-width:100%;\"\n                \/>\n            <\/a>\n        <\/div>\n\t\t\t\t\t\t\t<\/div> \n\t\t\t\n                            \n\t\t\t\t<div id=\"ngg-image-2\" class=\"ngg-gallery-thumbnail-box\" >\n\t\t\t\t        <div class=\"ngg-gallery-thumbnail\">\n            <a href=\"http:\/\/foto-passion.com\/wp-content\/gallery\/fotostrecke_jordanien_2019\/143_AP5A0454.jpg\"\n               title=\"&lt;strong&gt;Kerak Castle&lt;\/strong&gt;&lt;br \/&gt;Jordanien 2019&lt;br \/&gt;&lt;span style=&quot;font-size:85%;color:#949494;&quot;&gt;[Bild-Id: 16215]&lt;\/span&gt;\"\n               data-src=\"http:\/\/foto-passion.com\/wp-content\/gallery\/fotostrecke_jordanien_2019\/143_AP5A0454.jpg\"\n               data-thumbnail=\"http:\/\/foto-passion.com\/wp-content\/gallery\/fotostrecke_jordanien_2019\/thumbs\/thumbs_143_AP5A0454.jpg\"\n               data-image-id=\"16215\"\n               data-title=\"Kerak Castle\"\n               data-description=\"&lt;strong&gt;Kerak Castle&lt;\/strong&gt;&lt;br \/&gt;Jordanien 2019&lt;br \/&gt;&lt;span style=&quot;font-size:85%;color:#949494;&quot;&gt;[Bild-Id: 16215]&lt;\/span&gt;\"\n               data-image-slug=\"143_ap5a0454-1\"\n               class=\"ngg-simplelightbox\" rel=\"9b8a884bcac44d89af046b1d94764b21\">\n                <img loading=\"lazy\"\n                    title=\"Kerak Castle\"\n                    alt=\"Kerak Castle\"\n                    src=\"http:\/\/foto-passion.com\/wp-content\/gallery\/fotostrecke_jordanien_2019\/cache\/143_AP5A0454.jpg-nggid0516215-ngg0dyn-150x100x100-00f0w010c011r110f110r010t010.jpg\"\n                    width=\"150\"\n                    height=\"100\"\n                    style=\"max-width:100%;\"\n                \/>\n            <\/a>\n        <\/div>\n\t\t\t\t\t\t\t<\/div> \n\t\t\t\n                            \n\t\t\t\t<div id=\"ngg-image-3\" class=\"ngg-gallery-thumbnail-box\" >\n\t\t\t\t        <div class=\"ngg-gallery-thumbnail\">\n            <a href=\"http:\/\/foto-passion.com\/wp-content\/gallery\/fotostrecke_jordanien_2019\/144_AP5A0460.jpg\"\n               title=\"&lt;strong&gt;Kerak Castle&lt;\/strong&gt;&lt;br \/&gt;Jordanien 2019&lt;br \/&gt;&lt;span style=&quot;font-size:85%;color:#949494;&quot;&gt;[Bild-Id: 16217]&lt;\/span&gt;\"\n               data-src=\"http:\/\/foto-passion.com\/wp-content\/gallery\/fotostrecke_jordanien_2019\/144_AP5A0460.jpg\"\n               data-thumbnail=\"http:\/\/foto-passion.com\/wp-content\/gallery\/fotostrecke_jordanien_2019\/thumbs\/thumbs_144_AP5A0460.jpg\"\n               data-image-id=\"16217\"\n               data-title=\"Kerak Castle\"\n               data-description=\"&lt;strong&gt;Kerak Castle&lt;\/strong&gt;&lt;br \/&gt;Jordanien 2019&lt;br \/&gt;&lt;span style=&quot;font-size:85%;color:#949494;&quot;&gt;[Bild-Id: 16217]&lt;\/span&gt;\"\n               data-image-slug=\"144_ap5a0460-1\"\n               class=\"ngg-simplelightbox\" rel=\"9b8a884bcac44d89af046b1d94764b21\">\n                <img loading=\"lazy\"\n                    title=\"Kerak Castle\"\n                    alt=\"Kerak Castle\"\n                    src=\"http:\/\/foto-passion.com\/wp-content\/gallery\/fotostrecke_jordanien_2019\/cache\/144_AP5A0460.jpg-nggid0516217-ngg0dyn-150x100x100-00f0w010c011r110f110r010t010.jpg\"\n                    width=\"150\"\n                    height=\"100\"\n                    style=\"max-width:100%;\"\n                \/>\n            <\/a>\n        <\/div>\n\t\t\t\t\t\t\t<\/div> \n\t\t\t\n                                    <br style=\"clear: both\" \/>\n                    \n\t\t\t\t<div id=\"ngg-image-4\" class=\"ngg-gallery-thumbnail-box\" >\n\t\t\t\t        <div class=\"ngg-gallery-thumbnail\">\n            <a href=\"http:\/\/foto-passion.com\/wp-content\/gallery\/fotostrecke_jordanien_2019\/145_AP5A0521.jpg\"\n               title=\"&lt;strong&gt;Kerak Castle&lt;\/strong&gt;&lt;br \/&gt;Jordanien 2019&lt;br \/&gt;&lt;span style=&quot;font-size:85%;color:#949494;&quot;&gt;[Bild-Id: 16224]&lt;\/span&gt;\"\n               data-src=\"http:\/\/foto-passion.com\/wp-content\/gallery\/fotostrecke_jordanien_2019\/145_AP5A0521.jpg\"\n               data-thumbnail=\"http:\/\/foto-passion.com\/wp-content\/gallery\/fotostrecke_jordanien_2019\/thumbs\/thumbs_145_AP5A0521.jpg\"\n               data-image-id=\"16224\"\n               data-title=\"Kerak Castle\"\n               data-description=\"&lt;strong&gt;Kerak Castle&lt;\/strong&gt;&lt;br \/&gt;Jordanien 2019&lt;br \/&gt;&lt;span style=&quot;font-size:85%;color:#949494;&quot;&gt;[Bild-Id: 16224]&lt;\/span&gt;\"\n               data-image-slug=\"145_ap5a0521-1\"\n               class=\"ngg-simplelightbox\" rel=\"9b8a884bcac44d89af046b1d94764b21\">\n                <img loading=\"lazy\"\n                    title=\"Kerak Castle\"\n                    alt=\"Kerak Castle\"\n                    src=\"http:\/\/foto-passion.com\/wp-content\/gallery\/fotostrecke_jordanien_2019\/cache\/145_AP5A0521.jpg-nggid0516224-ngg0dyn-150x100x100-00f0w010c011r110f110r010t010.jpg\"\n                    width=\"150\"\n                    height=\"100\"\n                    style=\"max-width:100%;\"\n                \/>\n            <\/a>\n        <\/div>\n\t\t\t\t\t\t\t<\/div> \n\t\t\t\n                            \n\t\t\t\t<div id=\"ngg-image-5\" class=\"ngg-gallery-thumbnail-box\" >\n\t\t\t\t        <div class=\"ngg-gallery-thumbnail\">\n            <a href=\"http:\/\/foto-passion.com\/wp-content\/gallery\/fotostrecke_jordanien_2019\/146_AP5A0479.jpg\"\n               title=\"&lt;strong&gt;Kerak Castle&lt;\/strong&gt;&lt;br \/&gt;Jordanien 2019&lt;br \/&gt;&lt;span style=&quot;font-size:85%;color:#949494;&quot;&gt;[Bild-Id: 16220]&lt;\/span&gt;\"\n               data-src=\"http:\/\/foto-passion.com\/wp-content\/gallery\/fotostrecke_jordanien_2019\/146_AP5A0479.jpg\"\n               data-thumbnail=\"http:\/\/foto-passion.com\/wp-content\/gallery\/fotostrecke_jordanien_2019\/thumbs\/thumbs_146_AP5A0479.jpg\"\n               data-image-id=\"16220\"\n               data-title=\"Kerak Castle\"\n               data-description=\"&lt;strong&gt;Kerak Castle&lt;\/strong&gt;&lt;br \/&gt;Jordanien 2019&lt;br \/&gt;&lt;span style=&quot;font-size:85%;color:#949494;&quot;&gt;[Bild-Id: 16220]&lt;\/span&gt;\"\n               data-image-slug=\"146_ap5a0479-1\"\n               class=\"ngg-simplelightbox\" rel=\"9b8a884bcac44d89af046b1d94764b21\">\n                <img loading=\"lazy\"\n                    title=\"Kerak Castle\"\n                    alt=\"Kerak Castle\"\n                    src=\"http:\/\/foto-passion.com\/wp-content\/gallery\/fotostrecke_jordanien_2019\/cache\/146_AP5A0479.jpg-nggid0516220-ngg0dyn-150x100x100-00f0w010c011r110f110r010t010.jpg\"\n                    width=\"150\"\n                    height=\"100\"\n                    style=\"max-width:100%;\"\n                \/>\n            <\/a>\n        <\/div>\n\t\t\t\t\t\t\t<\/div> \n\t\t\t\n                            \n\t\t\t\t<div id=\"ngg-image-6\" class=\"ngg-gallery-thumbnail-box\" >\n\t\t\t\t        <div class=\"ngg-gallery-thumbnail\">\n            <a href=\"http:\/\/foto-passion.com\/wp-content\/gallery\/fotostrecke_jordanien_2019\/147_AP5A0451.jpg\"\n               title=\"&lt;strong&gt;Kerak Castle&lt;\/strong&gt;&lt;br \/&gt;Jordanien 2019&lt;br \/&gt;&lt;span style=&quot;font-size:85%;color:#949494;&quot;&gt;[Bild-Id: 16214]&lt;\/span&gt;\"\n               data-src=\"http:\/\/foto-passion.com\/wp-content\/gallery\/fotostrecke_jordanien_2019\/147_AP5A0451.jpg\"\n               data-thumbnail=\"http:\/\/foto-passion.com\/wp-content\/gallery\/fotostrecke_jordanien_2019\/thumbs\/thumbs_147_AP5A0451.jpg\"\n               data-image-id=\"16214\"\n               data-title=\"Kerak Castle\"\n               data-description=\"&lt;strong&gt;Kerak Castle&lt;\/strong&gt;&lt;br \/&gt;Jordanien 2019&lt;br \/&gt;&lt;span style=&quot;font-size:85%;color:#949494;&quot;&gt;[Bild-Id: 16214]&lt;\/span&gt;\"\n               data-image-slug=\"147_ap5a0451-1\"\n               class=\"ngg-simplelightbox\" rel=\"9b8a884bcac44d89af046b1d94764b21\">\n                <img loading=\"lazy\"\n                    title=\"Kerak Castle\"\n                    alt=\"Kerak Castle\"\n                    src=\"http:\/\/foto-passion.com\/wp-content\/gallery\/fotostrecke_jordanien_2019\/cache\/147_AP5A0451.jpg-nggid0516214-ngg0dyn-150x100x100-00f0w010c011r110f110r010t010.jpg\"\n                    width=\"150\"\n                    height=\"100\"\n                    style=\"max-width:100%;\"\n                \/>\n            <\/a>\n        <\/div>\n\t\t\t\t\t\t\t<\/div> \n\t\t\t\n                            \n\t\t\t\t<div id=\"ngg-image-7\" class=\"ngg-gallery-thumbnail-box\" >\n\t\t\t\t        <div class=\"ngg-gallery-thumbnail\">\n            <a href=\"http:\/\/foto-passion.com\/wp-content\/gallery\/fotostrecke_jordanien_2019\/148_AP5A0467.jpg\"\n               title=\"&lt;strong&gt;Kerak Castle&lt;\/strong&gt;&lt;br \/&gt;Jordanien 2019&lt;br \/&gt;&lt;span style=&quot;font-size:85%;color:#949494;&quot;&gt;[Bild-Id: 16218]&lt;\/span&gt;\"\n               data-src=\"http:\/\/foto-passion.com\/wp-content\/gallery\/fotostrecke_jordanien_2019\/148_AP5A0467.jpg\"\n               data-thumbnail=\"http:\/\/foto-passion.com\/wp-content\/gallery\/fotostrecke_jordanien_2019\/thumbs\/thumbs_148_AP5A0467.jpg\"\n               data-image-id=\"16218\"\n               data-title=\"Kerak Castle\"\n               data-description=\"&lt;strong&gt;Kerak Castle&lt;\/strong&gt;&lt;br \/&gt;Jordanien 2019&lt;br \/&gt;&lt;span style=&quot;font-size:85%;color:#949494;&quot;&gt;[Bild-Id: 16218]&lt;\/span&gt;\"\n               data-image-slug=\"148_ap5a0467-1\"\n               class=\"ngg-simplelightbox\" rel=\"9b8a884bcac44d89af046b1d94764b21\">\n                <img loading=\"lazy\"\n                    title=\"Kerak Castle\"\n                    alt=\"Kerak Castle\"\n                    src=\"http:\/\/foto-passion.com\/wp-content\/gallery\/fotostrecke_jordanien_2019\/cache\/148_AP5A0467.jpg-nggid0516218-ngg0dyn-150x100x100-00f0w010c011r110f110r010t010.jpg\"\n                    width=\"150\"\n                    height=\"100\"\n                    style=\"max-width:100%;\"\n                \/>\n            <\/a>\n        <\/div>\n\t\t\t\t\t\t\t<\/div> \n\t\t\t\n                                    <br style=\"clear: both\" \/>\n                    \n\t\t\t\t<div id=\"ngg-image-8\" class=\"ngg-gallery-thumbnail-box\" >\n\t\t\t\t        <div class=\"ngg-gallery-thumbnail\">\n            <a href=\"http:\/\/foto-passion.com\/wp-content\/gallery\/fotostrecke_jordanien_2019\/149_AP5A0472.jpg\"\n               title=\"&lt;strong&gt;Kerak Castle&lt;\/strong&gt;&lt;br \/&gt;Jordanien 2019&lt;br \/&gt;&lt;span style=&quot;font-size:85%;color:#949494;&quot;&gt;[Bild-Id: 16219]&lt;\/span&gt;\"\n               data-src=\"http:\/\/foto-passion.com\/wp-content\/gallery\/fotostrecke_jordanien_2019\/149_AP5A0472.jpg\"\n               data-thumbnail=\"http:\/\/foto-passion.com\/wp-content\/gallery\/fotostrecke_jordanien_2019\/thumbs\/thumbs_149_AP5A0472.jpg\"\n               data-image-id=\"16219\"\n               data-title=\"Kerak Castle\"\n               data-description=\"&lt;strong&gt;Kerak Castle&lt;\/strong&gt;&lt;br \/&gt;Jordanien 2019&lt;br \/&gt;&lt;span style=&quot;font-size:85%;color:#949494;&quot;&gt;[Bild-Id: 16219]&lt;\/span&gt;\"\n               data-image-slug=\"149_ap5a0472-1\"\n               class=\"ngg-simplelightbox\" rel=\"9b8a884bcac44d89af046b1d94764b21\">\n                <img loading=\"lazy\"\n                    title=\"Kerak Castle\"\n                    alt=\"Kerak Castle\"\n                    src=\"http:\/\/foto-passion.com\/wp-content\/gallery\/fotostrecke_jordanien_2019\/cache\/149_AP5A0472.jpg-nggid0516219-ngg0dyn-150x100x100-00f0w010c011r110f110r010t010.jpg\"\n                    width=\"150\"\n                    height=\"100\"\n                    style=\"max-width:100%;\"\n                \/>\n            <\/a>\n        <\/div>\n\t\t\t\t\t\t\t<\/div> \n\t\t\t\n                            \n\t\t\t\t<div id=\"ngg-image-9\" class=\"ngg-gallery-thumbnail-box\" >\n\t\t\t\t        <div class=\"ngg-gallery-thumbnail\">\n            <a href=\"http:\/\/foto-passion.com\/wp-content\/gallery\/fotostrecke_jordanien_2019\/150_AP5A0486.jpg\"\n               title=\"&lt;strong&gt;Kerak Castle&lt;\/strong&gt;&lt;br \/&gt;Jordanien 2019&lt;br \/&gt;&lt;span style=&quot;font-size:85%;color:#949494;&quot;&gt;[Bild-Id: 16221]&lt;\/span&gt;\"\n               data-src=\"http:\/\/foto-passion.com\/wp-content\/gallery\/fotostrecke_jordanien_2019\/150_AP5A0486.jpg\"\n               data-thumbnail=\"http:\/\/foto-passion.com\/wp-content\/gallery\/fotostrecke_jordanien_2019\/thumbs\/thumbs_150_AP5A0486.jpg\"\n               data-image-id=\"16221\"\n               data-title=\"Kerak Castle\"\n               data-description=\"&lt;strong&gt;Kerak Castle&lt;\/strong&gt;&lt;br \/&gt;Jordanien 2019&lt;br \/&gt;&lt;span style=&quot;font-size:85%;color:#949494;&quot;&gt;[Bild-Id: 16221]&lt;\/span&gt;\"\n               data-image-slug=\"150_ap5a0486-1\"\n               class=\"ngg-simplelightbox\" rel=\"9b8a884bcac44d89af046b1d94764b21\">\n                <img loading=\"lazy\"\n                    title=\"Kerak Castle\"\n                    alt=\"Kerak Castle\"\n                    src=\"http:\/\/foto-passion.com\/wp-content\/gallery\/fotostrecke_jordanien_2019\/cache\/150_AP5A0486.jpg-nggid0516221-ngg0dyn-150x100x100-00f0w010c011r110f110r010t010.jpg\"\n                    width=\"150\"\n                    height=\"100\"\n                    style=\"max-width:100%;\"\n                \/>\n            <\/a>\n        <\/div>\n\t\t\t\t\t\t\t<\/div> \n\t\t\t\n                            \n\t\t\t\t<div id=\"ngg-image-10\" class=\"ngg-gallery-thumbnail-box\" >\n\t\t\t\t        <div class=\"ngg-gallery-thumbnail\">\n            <a href=\"http:\/\/foto-passion.com\/wp-content\/gallery\/fotostrecke_jordanien_2019\/151_AP5A0493.jpg\"\n               title=\"&lt;strong&gt;Kerak Castle&lt;\/strong&gt;&lt;br \/&gt;Jordanien 2019&lt;br \/&gt;&lt;span style=&quot;font-size:85%;color:#949494;&quot;&gt;[Bild-Id: 16222]&lt;\/span&gt;\"\n               data-src=\"http:\/\/foto-passion.com\/wp-content\/gallery\/fotostrecke_jordanien_2019\/151_AP5A0493.jpg\"\n               data-thumbnail=\"http:\/\/foto-passion.com\/wp-content\/gallery\/fotostrecke_jordanien_2019\/thumbs\/thumbs_151_AP5A0493.jpg\"\n               data-image-id=\"16222\"\n               data-title=\"Kerak Castle\"\n               data-description=\"&lt;strong&gt;Kerak Castle&lt;\/strong&gt;&lt;br \/&gt;Jordanien 2019&lt;br \/&gt;&lt;span style=&quot;font-size:85%;color:#949494;&quot;&gt;[Bild-Id: 16222]&lt;\/span&gt;\"\n               data-image-slug=\"151_ap5a0493-1\"\n               class=\"ngg-simplelightbox\" rel=\"9b8a884bcac44d89af046b1d94764b21\">\n                <img loading=\"lazy\"\n                    title=\"Kerak Castle\"\n                    alt=\"Kerak Castle\"\n                    src=\"http:\/\/foto-passion.com\/wp-content\/gallery\/fotostrecke_jordanien_2019\/cache\/151_AP5A0493.jpg-nggid0516222-ngg0dyn-150x100x100-00f0w010c011r110f110r010t010.jpg\"\n                    width=\"150\"\n                    height=\"100\"\n                    style=\"max-width:100%;\"\n                \/>\n            <\/a>\n        <\/div>\n\t\t\t\t\t\t\t<\/div> \n\t\t\t\n                            \n\t\t\t\t<div id=\"ngg-image-11\" class=\"ngg-gallery-thumbnail-box\" >\n\t\t\t\t        <div class=\"ngg-gallery-thumbnail\">\n            <a href=\"http:\/\/foto-passion.com\/wp-content\/gallery\/fotostrecke_jordanien_2019\/152_AP5A0513.jpg\"\n               title=\"&lt;strong&gt;Kerak Castle&lt;\/strong&gt;&lt;br \/&gt;Jordanien 2019&lt;br \/&gt;&lt;span style=&quot;font-size:85%;color:#949494;&quot;&gt;[Bild-Id: 16223]&lt;\/span&gt;\"\n               data-src=\"http:\/\/foto-passion.com\/wp-content\/gallery\/fotostrecke_jordanien_2019\/152_AP5A0513.jpg\"\n               data-thumbnail=\"http:\/\/foto-passion.com\/wp-content\/gallery\/fotostrecke_jordanien_2019\/thumbs\/thumbs_152_AP5A0513.jpg\"\n               data-image-id=\"16223\"\n               data-title=\"Kerak Castle\"\n               data-description=\"&lt;strong&gt;Kerak Castle&lt;\/strong&gt;&lt;br \/&gt;Jordanien 2019&lt;br \/&gt;&lt;span style=&quot;font-size:85%;color:#949494;&quot;&gt;[Bild-Id: 16223]&lt;\/span&gt;\"\n               data-image-slug=\"152_ap5a0513-1\"\n               class=\"ngg-simplelightbox\" rel=\"9b8a884bcac44d89af046b1d94764b21\">\n                <img loading=\"lazy\"\n                    title=\"Kerak Castle\"\n                    alt=\"Kerak Castle\"\n                    src=\"http:\/\/foto-passion.com\/wp-content\/gallery\/fotostrecke_jordanien_2019\/cache\/152_AP5A0513.jpg-nggid0516223-ngg0dyn-150x100x100-00f0w010c011r110f110r010t010.jpg\"\n                    width=\"150\"\n                    height=\"100\"\n                    style=\"max-width:100%;\"\n                \/>\n            <\/a>\n        <\/div>\n\t\t\t\t\t\t\t<\/div> \n\t\t\t\n                                    <br style=\"clear: both\" \/>\n                    \n\t\t\n\t\t<div class=\"ngg-clear\"><\/div>\n\t<\/div>\n<\/p>\t\t\t\t\t<\/div>\n\t\t\t\t\t\t<\/div>\n\t\t\t\t<\/div>\n\t\t\t\t\t\t<\/div>\n\t\t\t\t\t<\/div>\n\t\t<\/div>\n\t\t\t\t\t\t\t\t<\/div>\n\t\t\t\t\t<\/div>\n\t\t<\/section>\n\t\t\t\t<section class=\"elementor-section elementor-top-section elementor-element elementor-element-66799d8 elementor-section-boxed elementor-section-height-default elementor-section-height-default\" data-id=\"66799d8\" data-element_type=\"section\">\n\t\t\t\t\t\t<div class=\"elementor-container elementor-column-gap-default\">\n\t\t\t\t\t\t\t<div class=\"elementor-row\">\n\t\t\t\t\t<div class=\"elementor-column elementor-col-100 elementor-top-column elementor-element elementor-element-3b07134\" data-id=\"3b07134\" data-element_type=\"column\">\n\t\t\t<div class=\"elementor-column-wrap elementor-element-populated\">\n\t\t\t\t\t\t\t<div class=\"elementor-widget-wrap\">\n\t\t\t\t\t\t<div class=\"elementor-element elementor-element-0fc4e0a elementor-widget elementor-widget-text-editor\" data-id=\"0fc4e0a\" data-element_type=\"widget\" data-widget_type=\"text-editor.default\">\n\t\t\t\t<div class=\"elementor-widget-container\">\n\t\t\t\t\t\t\t\t<div class=\"elementor-text-editor elementor-clearfix\">\n\t\t\t\t\t<p style=\"text-align: justify;\">Wir w\u00e4hlen eine Route, die uns nicht auf direktem Weg auf dem Kings Highway ans Ziel f\u00fchrt sondern machen einen Umweg durch sehr spektakul\u00e4re Berglandschaft. Immer wieder sehen wir in der kargen, staubtrockenen Landschaft Beduinenzelte, in denen nomadisch lebende Gro\u00dffamilien hausen. Ein gro\u00dfer fahrbarer Wassertank, ein eingez\u00e4umter Pferch f\u00fcr die Schafe und ein klappriger Kleintransporter sowie ihr \u201eHaus aus Haar\u201c sind ihr ganzer Besitz und Komfort, der dann auch von Zeit zu Zeit als abenteuerliche Ladung umgezogen wird. Die Familien leben mitten im Dreck und es geh\u00f6rt schon einiges dazu, dass man ein solches Leben lebt.<\/p>\t\t\t\t\t<\/div>\n\t\t\t\t\t\t<\/div>\n\t\t\t\t<\/div>\n\t\t\t\t\t\t<\/div>\n\t\t\t\t\t<\/div>\n\t\t<\/div>\n\t\t\t\t\t\t\t\t<\/div>\n\t\t\t\t\t<\/div>\n\t\t<\/section>\n\t\t\t\t<section class=\"elementor-section elementor-top-section elementor-element elementor-element-a93b873 elementor-section-boxed elementor-section-height-default elementor-section-height-default\" data-id=\"a93b873\" data-element_type=\"section\">\n\t\t\t\t\t\t<div class=\"elementor-container elementor-column-gap-default\">\n\t\t\t\t\t\t\t<div class=\"elementor-row\">\n\t\t\t\t\t<div class=\"elementor-column elementor-col-100 elementor-top-column elementor-element elementor-element-ef1a989\" data-id=\"ef1a989\" data-element_type=\"column\">\n\t\t\t<div class=\"elementor-column-wrap elementor-element-populated\">\n\t\t\t\t\t\t\t<div class=\"elementor-widget-wrap\">\n\t\t\t\t\t\t<div class=\"elementor-element elementor-element-978a8da elementor-widget elementor-widget-text-editor\" data-id=\"978a8da\" data-element_type=\"widget\" data-widget_type=\"text-editor.default\">\n\t\t\t\t<div class=\"elementor-widget-container\">\n\t\t\t\t\t\t\t\t<div class=\"elementor-text-editor elementor-clearfix\">\n\t\t\t\t\t<p><!-- index.php -->\n<div\n\tclass=\"ngg-galleryoverview ngg-ajax-pagination-none\"\n\tid=\"ngg-gallery-f5b8ef15b5917073f7145ac6e1af11af-1\">\n\n    \t\t<!-- Thumbnails -->\n\t\t\t\t<div id=\"ngg-image-0\" class=\"ngg-gallery-thumbnail-box\" >\n\t\t\t\t        <div class=\"ngg-gallery-thumbnail\">\n            <a href=\"http:\/\/foto-passion.com\/wp-content\/gallery\/fotostrecke_jordanien_2019\/131_AP5A0378.jpg\"\n               title=\"&lt;strong&gt;Dhiban, Mujeb Valley&lt;\/strong&gt;&lt;br \/&gt;Jordanien 2019&lt;br \/&gt;&lt;span style=&quot;font-size:85%;color:#949494;&quot;&gt;[Bild-Id: 16206]&lt;\/span&gt;\"\n               data-src=\"http:\/\/foto-passion.com\/wp-content\/gallery\/fotostrecke_jordanien_2019\/131_AP5A0378.jpg\"\n               data-thumbnail=\"http:\/\/foto-passion.com\/wp-content\/gallery\/fotostrecke_jordanien_2019\/thumbs\/thumbs_131_AP5A0378.jpg\"\n               data-image-id=\"16206\"\n               data-title=\"Dhiban, Mujeb Valley\"\n               data-description=\"&lt;strong&gt;Dhiban, Mujeb Valley&lt;\/strong&gt;&lt;br \/&gt;Jordanien 2019&lt;br \/&gt;&lt;span style=&quot;font-size:85%;color:#949494;&quot;&gt;[Bild-Id: 16206]&lt;\/span&gt;\"\n               data-image-slug=\"131_ap5a0378-1\"\n               class=\"ngg-simplelightbox\" rel=\"f5b8ef15b5917073f7145ac6e1af11af\">\n                <img loading=\"lazy\"\n                    title=\"Dhiban, Mujeb Valley\"\n                    alt=\"Dhiban, Mujeb Valley\"\n                    src=\"http:\/\/foto-passion.com\/wp-content\/gallery\/fotostrecke_jordanien_2019\/cache\/131_AP5A0378.jpg-nggid0516206-ngg0dyn-150x100x100-00f0w010c011r110f110r010t010.jpg\"\n                    width=\"150\"\n                    height=\"100\"\n                    style=\"max-width:100%;\"\n                \/>\n            <\/a>\n        <\/div>\n\t\t\t\t\t\t\t<\/div> \n\t\t\t\n                            \n\t\t\t\t<div id=\"ngg-image-1\" class=\"ngg-gallery-thumbnail-box\" >\n\t\t\t\t        <div class=\"ngg-gallery-thumbnail\">\n            <a href=\"http:\/\/foto-passion.com\/wp-content\/gallery\/fotostrecke_jordanien_2019\/132__78A9170.jpg\"\n               title=\"&lt;strong&gt;Hirten in dem kargen Land&lt;\/strong&gt;&lt;br \/&gt;Jordanien 2019&lt;br \/&gt;&lt;span style=&quot;font-size:85%;color:#949494;&quot;&gt;[Bild-Id: 16225]&lt;\/span&gt;\"\n               data-src=\"http:\/\/foto-passion.com\/wp-content\/gallery\/fotostrecke_jordanien_2019\/132__78A9170.jpg\"\n               data-thumbnail=\"http:\/\/foto-passion.com\/wp-content\/gallery\/fotostrecke_jordanien_2019\/thumbs\/thumbs_132__78A9170.jpg\"\n               data-image-id=\"16225\"\n               data-title=\"Hirten in dem kargen Land\"\n               data-description=\"&lt;strong&gt;Hirten in dem kargen Land&lt;\/strong&gt;&lt;br \/&gt;Jordanien 2019&lt;br \/&gt;&lt;span style=&quot;font-size:85%;color:#949494;&quot;&gt;[Bild-Id: 16225]&lt;\/span&gt;\"\n               data-image-slug=\"132__78a9170-1\"\n               class=\"ngg-simplelightbox\" rel=\"f5b8ef15b5917073f7145ac6e1af11af\">\n                <img loading=\"lazy\"\n                    title=\"Hirten in dem kargen Land\"\n                    alt=\"Hirten in dem kargen Land\"\n                    src=\"http:\/\/foto-passion.com\/wp-content\/gallery\/fotostrecke_jordanien_2019\/cache\/132__78A9170.jpg-nggid0516225-ngg0dyn-150x100x100-00f0w010c011r110f110r010t010.jpg\"\n                    width=\"150\"\n                    height=\"100\"\n                    style=\"max-width:100%;\"\n                \/>\n            <\/a>\n        <\/div>\n\t\t\t\t\t\t\t<\/div> \n\t\t\t\n                            \n\t\t\t\t<div id=\"ngg-image-2\" class=\"ngg-gallery-thumbnail-box\" >\n\t\t\t\t        <div class=\"ngg-gallery-thumbnail\">\n            <a href=\"http:\/\/foto-passion.com\/wp-content\/gallery\/fotostrecke_jordanien_2019\/133__78A9172.jpg\"\n               title=\"&lt;strong&gt;Hirten in dem kargen Land&lt;\/strong&gt;&lt;br \/&gt;Jordanien 2019&lt;br \/&gt;&lt;span style=&quot;font-size:85%;color:#949494;&quot;&gt;[Bild-Id: 16226]&lt;\/span&gt;\"\n               data-src=\"http:\/\/foto-passion.com\/wp-content\/gallery\/fotostrecke_jordanien_2019\/133__78A9172.jpg\"\n               data-thumbnail=\"http:\/\/foto-passion.com\/wp-content\/gallery\/fotostrecke_jordanien_2019\/thumbs\/thumbs_133__78A9172.jpg\"\n               data-image-id=\"16226\"\n               data-title=\"Hirten in dem kargen Land\"\n               data-description=\"&lt;strong&gt;Hirten in dem kargen Land&lt;\/strong&gt;&lt;br \/&gt;Jordanien 2019&lt;br \/&gt;&lt;span style=&quot;font-size:85%;color:#949494;&quot;&gt;[Bild-Id: 16226]&lt;\/span&gt;\"\n               data-image-slug=\"133__78a9172-1\"\n               class=\"ngg-simplelightbox\" rel=\"f5b8ef15b5917073f7145ac6e1af11af\">\n                <img loading=\"lazy\"\n                    title=\"Hirten in dem kargen Land\"\n                    alt=\"Hirten in dem kargen Land\"\n                    src=\"http:\/\/foto-passion.com\/wp-content\/gallery\/fotostrecke_jordanien_2019\/cache\/133__78A9172.jpg-nggid0516226-ngg0dyn-150x100x100-00f0w010c011r110f110r010t010.jpg\"\n                    width=\"150\"\n                    height=\"100\"\n                    style=\"max-width:100%;\"\n                \/>\n            <\/a>\n        <\/div>\n\t\t\t\t\t\t\t<\/div> \n\t\t\t\n                            \n\t\t\t\t<div id=\"ngg-image-3\" class=\"ngg-gallery-thumbnail-box\" >\n\t\t\t\t        <div class=\"ngg-gallery-thumbnail\">\n            <a href=\"http:\/\/foto-passion.com\/wp-content\/gallery\/fotostrecke_jordanien_2019\/134__78A9175.jpg\"\n               title=\"&lt;strong&gt;Beduinenlager&lt;\/strong&gt;&lt;br \/&gt;Jordanien 2019&lt;br \/&gt;&lt;span style=&quot;font-size:85%;color:#949494;&quot;&gt;[Bild-Id: 16227]&lt;\/span&gt;\"\n               data-src=\"http:\/\/foto-passion.com\/wp-content\/gallery\/fotostrecke_jordanien_2019\/134__78A9175.jpg\"\n               data-thumbnail=\"http:\/\/foto-passion.com\/wp-content\/gallery\/fotostrecke_jordanien_2019\/thumbs\/thumbs_134__78A9175.jpg\"\n               data-image-id=\"16227\"\n               data-title=\"Beduinenlager\"\n               data-description=\"&lt;strong&gt;Beduinenlager&lt;\/strong&gt;&lt;br \/&gt;Jordanien 2019&lt;br \/&gt;&lt;span style=&quot;font-size:85%;color:#949494;&quot;&gt;[Bild-Id: 16227]&lt;\/span&gt;\"\n               data-image-slug=\"134__78a9175-1\"\n               class=\"ngg-simplelightbox\" rel=\"f5b8ef15b5917073f7145ac6e1af11af\">\n                <img loading=\"lazy\"\n                    title=\"Beduinenlager\"\n                    alt=\"Beduinenlager\"\n                    src=\"http:\/\/foto-passion.com\/wp-content\/gallery\/fotostrecke_jordanien_2019\/cache\/134__78A9175.jpg-nggid0516227-ngg0dyn-150x100x100-00f0w010c011r110f110r010t010.jpg\"\n                    width=\"150\"\n                    height=\"100\"\n                    style=\"max-width:100%;\"\n                \/>\n            <\/a>\n        <\/div>\n\t\t\t\t\t\t\t<\/div> \n\t\t\t\n                                    <br style=\"clear: both\" \/>\n                    \n\t\t\n\t\t<div class=\"ngg-clear\"><\/div>\n\t<\/div>\n<\/p>\t\t\t\t\t<\/div>\n\t\t\t\t\t\t<\/div>\n\t\t\t\t<\/div>\n\t\t\t\t\t\t<\/div>\n\t\t\t\t\t<\/div>\n\t\t<\/div>\n\t\t\t\t\t\t\t\t<\/div>\n\t\t\t\t\t<\/div>\n\t\t<\/section>\n\t\t\t\t<section class=\"elementor-section elementor-top-section elementor-element elementor-element-2e23809 elementor-section-boxed elementor-section-height-default elementor-section-height-default\" data-id=\"2e23809\" data-element_type=\"section\">\n\t\t\t\t\t\t<div class=\"elementor-container elementor-column-gap-default\">\n\t\t\t\t\t\t\t<div class=\"elementor-row\">\n\t\t\t\t\t<div class=\"elementor-column elementor-col-100 elementor-top-column elementor-element elementor-element-75cb2d1\" data-id=\"75cb2d1\" data-element_type=\"column\">\n\t\t\t<div class=\"elementor-column-wrap elementor-element-populated\">\n\t\t\t\t\t\t\t<div class=\"elementor-widget-wrap\">\n\t\t\t\t\t\t<div class=\"elementor-element elementor-element-b4d8b7d elementor-widget elementor-widget-text-editor\" data-id=\"b4d8b7d\" data-element_type=\"widget\" data-widget_type=\"text-editor.default\">\n\t\t\t\t<div class=\"elementor-widget-container\">\n\t\t\t\t\t\t\t\t<div class=\"elementor-text-editor elementor-clearfix\">\n\t\t\t\t\t<p><!-- index.php -->\n<div\n\tclass=\"ngg-galleryoverview ngg-ajax-pagination-none\"\n\tid=\"ngg-gallery-c7cd29492c321e92a551517bb969156e-1\">\n\n    \t\t<!-- Thumbnails -->\n\t\t\t\t<div id=\"ngg-image-0\" class=\"ngg-gallery-thumbnail-box\" >\n\t\t\t\t        <div class=\"ngg-gallery-thumbnail\">\n            <a href=\"http:\/\/foto-passion.com\/wp-content\/gallery\/fotostrecke_jordanien_2019\/135__78A9220.jpg\"\n               title=\"&lt;strong&gt;Beduinenlager&lt;\/strong&gt;&lt;br \/&gt;Jordanien 2019&lt;br \/&gt;&lt;span style=&quot;font-size:85%;color:#949494;&quot;&gt;[Bild-Id: 16256]&lt;\/span&gt;\"\n               data-src=\"http:\/\/foto-passion.com\/wp-content\/gallery\/fotostrecke_jordanien_2019\/135__78A9220.jpg\"\n               data-thumbnail=\"http:\/\/foto-passion.com\/wp-content\/gallery\/fotostrecke_jordanien_2019\/thumbs\/thumbs_135__78A9220.jpg\"\n               data-image-id=\"16256\"\n               data-title=\"Beduinenlager\"\n               data-description=\"&lt;strong&gt;Beduinenlager&lt;\/strong&gt;&lt;br \/&gt;Jordanien 2019&lt;br \/&gt;&lt;span style=&quot;font-size:85%;color:#949494;&quot;&gt;[Bild-Id: 16256]&lt;\/span&gt;\"\n               data-image-slug=\"135__78a9220-1\"\n               class=\"ngg-simplelightbox\" rel=\"c7cd29492c321e92a551517bb969156e\">\n                <img loading=\"lazy\"\n                    title=\"Beduinenlager\"\n                    alt=\"Beduinenlager\"\n                    src=\"http:\/\/foto-passion.com\/wp-content\/gallery\/fotostrecke_jordanien_2019\/cache\/135__78A9220.jpg-nggid0516256-ngg0dyn-150x100x100-00f0w010c011r110f110r010t010.jpg\"\n                    width=\"150\"\n                    height=\"100\"\n                    style=\"max-width:100%;\"\n                \/>\n            <\/a>\n        <\/div>\n\t\t\t\t\t\t\t<\/div> \n\t\t\t\n                            \n\t\t\t\t<div id=\"ngg-image-1\" class=\"ngg-gallery-thumbnail-box\" >\n\t\t\t\t        <div class=\"ngg-gallery-thumbnail\">\n            <a href=\"http:\/\/foto-passion.com\/wp-content\/gallery\/fotostrecke_jordanien_2019\/136__78A9221.jpg\"\n               title=\"&lt;strong&gt;Beduinenlager&lt;\/strong&gt;&lt;br \/&gt;Jordanien 2019&lt;br \/&gt;&lt;span style=&quot;font-size:85%;color:#949494;&quot;&gt;[Bild-Id: 16257]&lt;\/span&gt;\"\n               data-src=\"http:\/\/foto-passion.com\/wp-content\/gallery\/fotostrecke_jordanien_2019\/136__78A9221.jpg\"\n               data-thumbnail=\"http:\/\/foto-passion.com\/wp-content\/gallery\/fotostrecke_jordanien_2019\/thumbs\/thumbs_136__78A9221.jpg\"\n               data-image-id=\"16257\"\n               data-title=\"Beduinenlager\"\n               data-description=\"&lt;strong&gt;Beduinenlager&lt;\/strong&gt;&lt;br \/&gt;Jordanien 2019&lt;br \/&gt;&lt;span style=&quot;font-size:85%;color:#949494;&quot;&gt;[Bild-Id: 16257]&lt;\/span&gt;\"\n               data-image-slug=\"136__78a9221-1\"\n               class=\"ngg-simplelightbox\" rel=\"c7cd29492c321e92a551517bb969156e\">\n                <img loading=\"lazy\"\n                    title=\"Beduinenlager\"\n                    alt=\"Beduinenlager\"\n                    src=\"http:\/\/foto-passion.com\/wp-content\/gallery\/fotostrecke_jordanien_2019\/cache\/136__78A9221.jpg-nggid0516257-ngg0dyn-150x100x100-00f0w010c011r110f110r010t010.jpg\"\n                    width=\"150\"\n                    height=\"100\"\n                    style=\"max-width:100%;\"\n                \/>\n            <\/a>\n        <\/div>\n\t\t\t\t\t\t\t<\/div> \n\t\t\t\n                            \n\t\t\n\t\t<div class=\"ngg-clear\"><\/div>\n\t<\/div>\n<\/p>\t\t\t\t\t<\/div>\n\t\t\t\t\t\t<\/div>\n\t\t\t\t<\/div>\n\t\t\t\t\t\t<\/div>\n\t\t\t\t\t<\/div>\n\t\t<\/div>\n\t\t\t\t\t\t\t\t<\/div>\n\t\t\t\t\t<\/div>\n\t\t<\/section>\n\t\t\t\t<section class=\"elementor-section elementor-top-section elementor-element elementor-element-3d39b45 elementor-section-boxed elementor-section-height-default elementor-section-height-default\" data-id=\"3d39b45\" data-element_type=\"section\">\n\t\t\t\t\t\t<div class=\"elementor-container elementor-column-gap-default\">\n\t\t\t\t\t\t\t<div class=\"elementor-row\">\n\t\t\t\t\t<div class=\"elementor-column elementor-col-100 elementor-top-column elementor-element elementor-element-cd01473\" data-id=\"cd01473\" data-element_type=\"column\">\n\t\t\t<div class=\"elementor-column-wrap elementor-element-populated\">\n\t\t\t\t\t\t\t<div class=\"elementor-widget-wrap\">\n\t\t\t\t\t\t<div class=\"elementor-element elementor-element-b0c4e88 elementor-widget elementor-widget-text-editor\" data-id=\"b0c4e88\" data-element_type=\"widget\" data-widget_type=\"text-editor.default\">\n\t\t\t\t<div class=\"elementor-widget-container\">\n\t\t\t\t\t\t\t\t<div class=\"elementor-text-editor elementor-clearfix\">\n\t\t\t\t\t<p><!-- index.php -->\n<div\n\tclass=\"ngg-galleryoverview ngg-ajax-pagination-none\"\n\tid=\"ngg-gallery-8487e1b73122ecc61e460dc3c0544c1b-1\">\n\n    \t\t<!-- Thumbnails -->\n\t\t\t\t<div id=\"ngg-image-0\" class=\"ngg-gallery-thumbnail-box\" >\n\t\t\t\t        <div class=\"ngg-gallery-thumbnail\">\n            <a href=\"http:\/\/foto-passion.com\/wp-content\/gallery\/fotostrecke_jordanien_2019\/137_AP5A0652.jpg\"\n               title=\"&lt;strong&gt;Leben auf kargem Land&lt;\/strong&gt;&lt;br \/&gt;Jordanien 2019&lt;br \/&gt;&lt;span style=&quot;font-size:85%;color:#949494;&quot;&gt;[Bild-Id: 16239]&lt;\/span&gt;\"\n               data-src=\"http:\/\/foto-passion.com\/wp-content\/gallery\/fotostrecke_jordanien_2019\/137_AP5A0652.jpg\"\n               data-thumbnail=\"http:\/\/foto-passion.com\/wp-content\/gallery\/fotostrecke_jordanien_2019\/thumbs\/thumbs_137_AP5A0652.jpg\"\n               data-image-id=\"16239\"\n               data-title=\"Leben auf kargem Land\"\n               data-description=\"&lt;strong&gt;Leben auf kargem Land&lt;\/strong&gt;&lt;br \/&gt;Jordanien 2019&lt;br \/&gt;&lt;span style=&quot;font-size:85%;color:#949494;&quot;&gt;[Bild-Id: 16239]&lt;\/span&gt;\"\n               data-image-slug=\"137_ap5a0652-1\"\n               class=\"ngg-simplelightbox\" rel=\"8487e1b73122ecc61e460dc3c0544c1b\">\n                <img loading=\"lazy\"\n                    title=\"Leben auf kargem Land\"\n                    alt=\"Leben auf kargem Land\"\n                    src=\"http:\/\/foto-passion.com\/wp-content\/gallery\/fotostrecke_jordanien_2019\/cache\/137_AP5A0652.jpg-nggid0516239-ngg0dyn-150x100x100-00f0w010c011r110f110r010t010.jpg\"\n                    width=\"150\"\n                    height=\"100\"\n                    style=\"max-width:100%;\"\n                \/>\n            <\/a>\n        <\/div>\n\t\t\t\t\t\t\t<\/div> \n\t\t\t\n                            \n\t\t\t\t<div id=\"ngg-image-1\" class=\"ngg-gallery-thumbnail-box\" >\n\t\t\t\t        <div class=\"ngg-gallery-thumbnail\">\n            <a href=\"http:\/\/foto-passion.com\/wp-content\/gallery\/fotostrecke_jordanien_2019\/138__78A9188.jpg\"\n               title=\"&lt;strong&gt;Leben auf kargem Land&lt;\/strong&gt;&lt;br \/&gt;Jordanien 2019&lt;br \/&gt;&lt;span style=&quot;font-size:85%;color:#949494;&quot;&gt;[Bild-Id: 16236]&lt;\/span&gt;\"\n               data-src=\"http:\/\/foto-passion.com\/wp-content\/gallery\/fotostrecke_jordanien_2019\/138__78A9188.jpg\"\n               data-thumbnail=\"http:\/\/foto-passion.com\/wp-content\/gallery\/fotostrecke_jordanien_2019\/thumbs\/thumbs_138__78A9188.jpg\"\n               data-image-id=\"16236\"\n               data-title=\"Leben auf kargem Land\"\n               data-description=\"&lt;strong&gt;Leben auf kargem Land&lt;\/strong&gt;&lt;br \/&gt;Jordanien 2019&lt;br \/&gt;&lt;span style=&quot;font-size:85%;color:#949494;&quot;&gt;[Bild-Id: 16236]&lt;\/span&gt;\"\n               data-image-slug=\"138__78a9188-1\"\n               class=\"ngg-simplelightbox\" rel=\"8487e1b73122ecc61e460dc3c0544c1b\">\n                <img loading=\"lazy\"\n                    title=\"Leben auf kargem Land\"\n                    alt=\"Leben auf kargem Land\"\n                    src=\"http:\/\/foto-passion.com\/wp-content\/gallery\/fotostrecke_jordanien_2019\/cache\/138__78A9188.jpg-nggid0516236-ngg0dyn-150x100x100-00f0w010c011r110f110r010t010.jpg\"\n                    width=\"150\"\n                    height=\"100\"\n                    style=\"max-width:100%;\"\n                \/>\n            <\/a>\n        <\/div>\n\t\t\t\t\t\t\t<\/div> \n\t\t\t\n                            \n\t\t\t\t<div id=\"ngg-image-2\" class=\"ngg-gallery-thumbnail-box\" >\n\t\t\t\t        <div class=\"ngg-gallery-thumbnail\">\n            <a href=\"http:\/\/foto-passion.com\/wp-content\/gallery\/fotostrecke_jordanien_2019\/139__78A9190.jpg\"\n               title=\"&lt;strong&gt;Leben auf kargem Land&lt;\/strong&gt;&lt;br \/&gt;Jordanien 2019&lt;br \/&gt;&lt;span style=&quot;font-size:85%;color:#949494;&quot;&gt;[Bild-Id: 16237]&lt;\/span&gt;\"\n               data-src=\"http:\/\/foto-passion.com\/wp-content\/gallery\/fotostrecke_jordanien_2019\/139__78A9190.jpg\"\n               data-thumbnail=\"http:\/\/foto-passion.com\/wp-content\/gallery\/fotostrecke_jordanien_2019\/thumbs\/thumbs_139__78A9190.jpg\"\n               data-image-id=\"16237\"\n               data-title=\"Leben auf kargem Land\"\n               data-description=\"&lt;strong&gt;Leben auf kargem Land&lt;\/strong&gt;&lt;br \/&gt;Jordanien 2019&lt;br \/&gt;&lt;span style=&quot;font-size:85%;color:#949494;&quot;&gt;[Bild-Id: 16237]&lt;\/span&gt;\"\n               data-image-slug=\"139__78a9190-1\"\n               class=\"ngg-simplelightbox\" rel=\"8487e1b73122ecc61e460dc3c0544c1b\">\n                <img loading=\"lazy\"\n                    title=\"Leben auf kargem Land\"\n                    alt=\"Leben auf kargem Land\"\n                    src=\"http:\/\/foto-passion.com\/wp-content\/gallery\/fotostrecke_jordanien_2019\/cache\/139__78A9190.jpg-nggid0516237-ngg0dyn-150x100x100-00f0w010c011r110f110r010t010.jpg\"\n                    width=\"150\"\n                    height=\"100\"\n                    style=\"max-width:100%;\"\n                \/>\n            <\/a>\n        <\/div>\n\t\t\t\t\t\t\t<\/div> \n\t\t\t\n                            \n\t\t\t\t<div id=\"ngg-image-3\" class=\"ngg-gallery-thumbnail-box\" >\n\t\t\t\t        <div class=\"ngg-gallery-thumbnail\">\n            <a href=\"http:\/\/foto-passion.com\/wp-content\/gallery\/fotostrecke_jordanien_2019\/140__78A9193.jpg\"\n               title=\"&lt;strong&gt;Leben auf kargem Land&lt;\/strong&gt;&lt;br \/&gt;Jordanien 2019&lt;br \/&gt;&lt;span style=&quot;font-size:85%;color:#949494;&quot;&gt;[Bild-Id: 16238]&lt;\/span&gt;\"\n               data-src=\"http:\/\/foto-passion.com\/wp-content\/gallery\/fotostrecke_jordanien_2019\/140__78A9193.jpg\"\n               data-thumbnail=\"http:\/\/foto-passion.com\/wp-content\/gallery\/fotostrecke_jordanien_2019\/thumbs\/thumbs_140__78A9193.jpg\"\n               data-image-id=\"16238\"\n               data-title=\"Leben auf kargem Land\"\n               data-description=\"&lt;strong&gt;Leben auf kargem Land&lt;\/strong&gt;&lt;br \/&gt;Jordanien 2019&lt;br \/&gt;&lt;span style=&quot;font-size:85%;color:#949494;&quot;&gt;[Bild-Id: 16238]&lt;\/span&gt;\"\n               data-image-slug=\"140__78a9193-1\"\n               class=\"ngg-simplelightbox\" rel=\"8487e1b73122ecc61e460dc3c0544c1b\">\n                <img loading=\"lazy\"\n                    title=\"Leben auf kargem Land\"\n                    alt=\"Leben auf kargem Land\"\n                    src=\"http:\/\/foto-passion.com\/wp-content\/gallery\/fotostrecke_jordanien_2019\/cache\/140__78A9193.jpg-nggid0516238-ngg0dyn-150x100x100-00f0w010c011r110f110r010t010.jpg\"\n                    width=\"150\"\n                    height=\"100\"\n                    style=\"max-width:100%;\"\n                \/>\n            <\/a>\n        <\/div>\n\t\t\t\t\t\t\t<\/div> \n\t\t\t\n                                    <br style=\"clear: both\" \/>\n                    \n\t\t\n\t\t<div class=\"ngg-clear\"><\/div>\n\t<\/div>\n<\/p>\t\t\t\t\t<\/div>\n\t\t\t\t\t\t<\/div>\n\t\t\t\t<\/div>\n\t\t\t\t\t\t<\/div>\n\t\t\t\t\t<\/div>\n\t\t<\/div>\n\t\t\t\t\t\t\t\t<\/div>\n\t\t\t\t\t<\/div>\n\t\t<\/section>\n\t\t\t\t<section class=\"elementor-section elementor-top-section elementor-element elementor-element-1d0172c elementor-section-boxed elementor-section-height-default elementor-section-height-default\" data-id=\"1d0172c\" data-element_type=\"section\">\n\t\t\t\t\t\t<div class=\"elementor-container elementor-column-gap-default\">\n\t\t\t\t\t\t\t<div class=\"elementor-row\">\n\t\t\t\t\t<div class=\"elementor-column elementor-col-100 elementor-top-column elementor-element elementor-element-b560347\" data-id=\"b560347\" data-element_type=\"column\">\n\t\t\t<div class=\"elementor-column-wrap elementor-element-populated\">\n\t\t\t\t\t\t\t<div class=\"elementor-widget-wrap\">\n\t\t\t\t\t\t<div class=\"elementor-element elementor-element-7e2beba elementor-widget elementor-widget-text-editor\" data-id=\"7e2beba\" data-element_type=\"widget\" data-widget_type=\"text-editor.default\">\n\t\t\t\t<div class=\"elementor-widget-container\">\n\t\t\t\t\t\t\t\t<div class=\"elementor-text-editor elementor-clearfix\">\n\t\t\t\t\t<p style=\"text-align: justify;\">Immer wieder halten wir an, um die spektakul\u00e4re Landschaft zu bestaunen. So n\u00e4hern wir uns dem kleinen Ort Dana, der mitten im Dana Biosph\u00e4ren-Reservat liegt. Wir befinden uns auf 1500 Metern H\u00f6he und vor uns fallen die Felsen steil ab. In \u201eDana Historic Village\u201c, einem kleinen Ort direkt in der Felsenlandschaft, das nur aus Hotels und einer verfallenen alten Lehmsiedlung besteht, sollen wir uns melden, damit man uns den Weg ins \u201eDana Eco Camp\u201c beschreibt. Schon als ich im \u201eDana-Hotel\u201c auf die Toilette gehe und einen Blick in die Zimmer werfen kann, schwant mir, was uns erwartet. Eigentlich sollen alle G\u00e4ste ihr Fahrzeug auf dem angrenzenden Parkplatz abstellen und werden dann mit dem Pickup abgeholt. Da wir ein 4&#215;4-Fahrzeug haben, fehlen offensichtlich die Argumente, warum wir nicht selbst fahren k\u00f6nnen. Im Vorfeld hatte das Hotel x-Mal per Whats-App mit uns kommuniziert und lange Anh\u00e4nge mitgeschickt. Wir sollten unsere Buchung, die wir \u00fcber booking.com gemacht haben, stornieren und bei ihnen direkt buchen. Daf\u00fcr wolle man uns einen g\u00fcnstigeren Preis geben, dann war der gebuchte Raum nicht verf\u00fcgbar (daf\u00fcr Zelt mit Gemeinschaftsbad) usw. Es gab die letzten Tage regen Nachrichtenverkehr. Kein Wunder, dass die Bewertungen in booking.com so wenig und d\u00fcnn sind.<\/p><p style=\"text-align: justify;\">Jedenfalls warten wir schon eine halbe Stunde in Dana Village und au\u00dfer einem Whats-App-Hallo haben wir noch nichts geh\u00f6rt. Vor uns befindet sich ein Bergkessel und am gegen\u00fcberliegenden Hang sehen wir auf halber H\u00f6he einen Pickup in Richtung eines Camps fahren. Bei einem Blick durch unser Fernglas sehen wir, dass das Camp schon voller Menschen ist. Wir fragen einen der umstehenden M\u00e4nner, ob das das Camp ist und sie best\u00e4tigen es. Es sei \u201everry easy\u201c, dort hin zu fahren. Noch \u00fcberlegen wir, ob wir uns das geben, aber dann entscheiden wir uns doch, r\u00fcber zu fahren. Ein absolut normaler Weg, der mit jedem normalen Fahrzeug befahren werden kann, f\u00fchrt in das Camp. Hier sitzt alles voll junger Leute. Wir bekommen unser gebuchtes R\u00e4umchen, das eine spektakul\u00e4re Aussicht hat, aber ansonsten nicht mit weiteren Vorz\u00fcgen punkten kann. Die Betten sind zusammengenagelte Bretter, der Nachttisch f\u00e4llt auseinander, als wir ihn etwas auf die Seite schieben wollen und Platz ist in dem Raum nicht mal f\u00fcr zwei Taschen. Kurz \u2013 eine Bruchbude, die Eco ist, weil erst abends der Strom angeschalten wird. Wir sind froh, dass wir unsere Schlafsackinletts aus Seide dabei haben, denn die Bettw\u00e4sche sieht auch nicht aus, als w\u00fcrde man sich die M\u00fche machen, bei jedem Gast das Bett neu zu beziehen.<\/p>\t\t\t\t\t<\/div>\n\t\t\t\t\t\t<\/div>\n\t\t\t\t<\/div>\n\t\t\t\t\t\t<\/div>\n\t\t\t\t\t<\/div>\n\t\t<\/div>\n\t\t\t\t\t\t\t\t<\/div>\n\t\t\t\t\t<\/div>\n\t\t<\/section>\n\t\t\t\t<section class=\"elementor-section elementor-top-section elementor-element elementor-element-cfeb2a0 elementor-section-boxed elementor-section-height-default elementor-section-height-default\" data-id=\"cfeb2a0\" data-element_type=\"section\">\n\t\t\t\t\t\t<div class=\"elementor-container elementor-column-gap-default\">\n\t\t\t\t\t\t\t<div class=\"elementor-row\">\n\t\t\t\t\t<div class=\"elementor-column elementor-col-100 elementor-top-column elementor-element elementor-element-d4c308c\" data-id=\"d4c308c\" data-element_type=\"column\">\n\t\t\t<div class=\"elementor-column-wrap elementor-element-populated\">\n\t\t\t\t\t\t\t<div class=\"elementor-widget-wrap\">\n\t\t\t\t\t\t<div class=\"elementor-element elementor-element-848e173 elementor-widget elementor-widget-text-editor\" data-id=\"848e173\" data-element_type=\"widget\" data-widget_type=\"text-editor.default\">\n\t\t\t\t<div class=\"elementor-widget-container\">\n\t\t\t\t\t\t\t\t<div class=\"elementor-text-editor elementor-clearfix\">\n\t\t\t\t\t<p><!-- index.php -->\n<div\n\tclass=\"ngg-galleryoverview ngg-ajax-pagination-none\"\n\tid=\"ngg-gallery-e0add37a2ae1f79864f9d25987ddbba2-1\">\n\n    \t\t<!-- Thumbnails -->\n\t\t\t\t<div id=\"ngg-image-0\" class=\"ngg-gallery-thumbnail-box\" >\n\t\t\t\t        <div class=\"ngg-gallery-thumbnail\">\n            <a href=\"http:\/\/foto-passion.com\/wp-content\/gallery\/fotostrecke_jordanien_2019\/153_AP5A0601.jpg\"\n               title=\"&lt;strong&gt;Naturreservat Dana&lt;\/strong&gt;&lt;br \/&gt;Jordanien 2019&lt;br \/&gt;&lt;span style=&quot;font-size:85%;color:#949494;&quot;&gt;[Bild-Id: 16228]&lt;\/span&gt;\"\n               data-src=\"http:\/\/foto-passion.com\/wp-content\/gallery\/fotostrecke_jordanien_2019\/153_AP5A0601.jpg\"\n               data-thumbnail=\"http:\/\/foto-passion.com\/wp-content\/gallery\/fotostrecke_jordanien_2019\/thumbs\/thumbs_153_AP5A0601.jpg\"\n               data-image-id=\"16228\"\n               data-title=\"Naturreservat Dana\"\n               data-description=\"&lt;strong&gt;Naturreservat Dana&lt;\/strong&gt;&lt;br \/&gt;Jordanien 2019&lt;br \/&gt;&lt;span style=&quot;font-size:85%;color:#949494;&quot;&gt;[Bild-Id: 16228]&lt;\/span&gt;\"\n               data-image-slug=\"153_ap5a0601-1\"\n               class=\"ngg-simplelightbox\" rel=\"e0add37a2ae1f79864f9d25987ddbba2\">\n                <img loading=\"lazy\"\n                    title=\"Naturreservat Dana\"\n                    alt=\"Naturreservat Dana\"\n                    src=\"http:\/\/foto-passion.com\/wp-content\/gallery\/fotostrecke_jordanien_2019\/cache\/153_AP5A0601.jpg-nggid0516228-ngg0dyn-150x100x100-00f0w010c011r110f110r010t010.jpg\"\n                    width=\"150\"\n                    height=\"100\"\n                    style=\"max-width:100%;\"\n                \/>\n            <\/a>\n        <\/div>\n\t\t\t\t\t\t\t<\/div> \n\t\t\t\n                            \n\t\t\t\t<div id=\"ngg-image-1\" class=\"ngg-gallery-thumbnail-box\" >\n\t\t\t\t        <div class=\"ngg-gallery-thumbnail\">\n            <a href=\"http:\/\/foto-passion.com\/wp-content\/gallery\/fotostrecke_jordanien_2019\/154_AP5A0608.jpg\"\n               title=\"&lt;strong&gt;Naturreservat Dana&lt;\/strong&gt;&lt;br \/&gt;Jordanien 2019&lt;br \/&gt;&lt;span style=&quot;font-size:85%;color:#949494;&quot;&gt;[Bild-Id: 16229]&lt;\/span&gt;\"\n               data-src=\"http:\/\/foto-passion.com\/wp-content\/gallery\/fotostrecke_jordanien_2019\/154_AP5A0608.jpg\"\n               data-thumbnail=\"http:\/\/foto-passion.com\/wp-content\/gallery\/fotostrecke_jordanien_2019\/thumbs\/thumbs_154_AP5A0608.jpg\"\n               data-image-id=\"16229\"\n               data-title=\"Naturreservat Dana\"\n               data-description=\"&lt;strong&gt;Naturreservat Dana&lt;\/strong&gt;&lt;br \/&gt;Jordanien 2019&lt;br \/&gt;&lt;span style=&quot;font-size:85%;color:#949494;&quot;&gt;[Bild-Id: 16229]&lt;\/span&gt;\"\n               data-image-slug=\"154_ap5a0608-1\"\n               class=\"ngg-simplelightbox\" rel=\"e0add37a2ae1f79864f9d25987ddbba2\">\n                <img loading=\"lazy\"\n                    title=\"Naturreservat Dana\"\n                    alt=\"Naturreservat Dana\"\n                    src=\"http:\/\/foto-passion.com\/wp-content\/gallery\/fotostrecke_jordanien_2019\/cache\/154_AP5A0608.jpg-nggid0516229-ngg0dyn-150x100x100-00f0w010c011r110f110r010t010.jpg\"\n                    width=\"150\"\n                    height=\"100\"\n                    style=\"max-width:100%;\"\n                \/>\n            <\/a>\n        <\/div>\n\t\t\t\t\t\t\t<\/div> \n\t\t\t\n                            \n\t\t\t\t<div id=\"ngg-image-2\" class=\"ngg-gallery-thumbnail-box\" >\n\t\t\t\t        <div class=\"ngg-gallery-thumbnail\">\n            <a href=\"http:\/\/foto-passion.com\/wp-content\/gallery\/fotostrecke_jordanien_2019\/155__78A9182.jpg\"\n               title=\"&lt;strong&gt;Naturreservat Dana&lt;\/strong&gt;&lt;br \/&gt;Jordanien 2019&lt;br \/&gt;&lt;span style=&quot;font-size:85%;color:#949494;&quot;&gt;[Bild-Id: 16230]&lt;\/span&gt;\"\n               data-src=\"http:\/\/foto-passion.com\/wp-content\/gallery\/fotostrecke_jordanien_2019\/155__78A9182.jpg\"\n               data-thumbnail=\"http:\/\/foto-passion.com\/wp-content\/gallery\/fotostrecke_jordanien_2019\/thumbs\/thumbs_155__78A9182.jpg\"\n               data-image-id=\"16230\"\n               data-title=\"Naturreservat Dana\"\n               data-description=\"&lt;strong&gt;Naturreservat Dana&lt;\/strong&gt;&lt;br \/&gt;Jordanien 2019&lt;br \/&gt;&lt;span style=&quot;font-size:85%;color:#949494;&quot;&gt;[Bild-Id: 16230]&lt;\/span&gt;\"\n               data-image-slug=\"155__78a9182-1\"\n               class=\"ngg-simplelightbox\" rel=\"e0add37a2ae1f79864f9d25987ddbba2\">\n                <img loading=\"lazy\"\n                    title=\"Naturreservat Dana\"\n                    alt=\"Naturreservat Dana\"\n                    src=\"http:\/\/foto-passion.com\/wp-content\/gallery\/fotostrecke_jordanien_2019\/cache\/155__78A9182.jpg-nggid0516230-ngg0dyn-150x100x100-00f0w010c011r110f110r010t010.jpg\"\n                    width=\"150\"\n                    height=\"100\"\n                    style=\"max-width:100%;\"\n                \/>\n            <\/a>\n        <\/div>\n\t\t\t\t\t\t\t<\/div> \n\t\t\t\n                            \n\t\t\t\t<div id=\"ngg-image-3\" class=\"ngg-gallery-thumbnail-box\" >\n\t\t\t\t        <div class=\"ngg-gallery-thumbnail\">\n            <a href=\"http:\/\/foto-passion.com\/wp-content\/gallery\/fotostrecke_jordanien_2019\/156_AP5A0614.jpg\"\n               title=\"&lt;strong&gt;Naturreservat Dana&lt;\/strong&gt;&lt;br \/&gt;Jordanien 2019&lt;br \/&gt;&lt;span style=&quot;font-size:85%;color:#949494;&quot;&gt;[Bild-Id: 16231]&lt;\/span&gt;\"\n               data-src=\"http:\/\/foto-passion.com\/wp-content\/gallery\/fotostrecke_jordanien_2019\/156_AP5A0614.jpg\"\n               data-thumbnail=\"http:\/\/foto-passion.com\/wp-content\/gallery\/fotostrecke_jordanien_2019\/thumbs\/thumbs_156_AP5A0614.jpg\"\n               data-image-id=\"16231\"\n               data-title=\"Naturreservat Dana\"\n               data-description=\"&lt;strong&gt;Naturreservat Dana&lt;\/strong&gt;&lt;br \/&gt;Jordanien 2019&lt;br \/&gt;&lt;span style=&quot;font-size:85%;color:#949494;&quot;&gt;[Bild-Id: 16231]&lt;\/span&gt;\"\n               data-image-slug=\"156_ap5a0614-1\"\n               class=\"ngg-simplelightbox\" rel=\"e0add37a2ae1f79864f9d25987ddbba2\">\n                <img loading=\"lazy\"\n                    title=\"Naturreservat Dana\"\n                    alt=\"Naturreservat Dana\"\n                    src=\"http:\/\/foto-passion.com\/wp-content\/gallery\/fotostrecke_jordanien_2019\/cache\/156_AP5A0614.jpg-nggid0516231-ngg0dyn-150x100x100-00f0w010c011r110f110r010t010.jpg\"\n                    width=\"150\"\n                    height=\"100\"\n                    style=\"max-width:100%;\"\n                \/>\n            <\/a>\n        <\/div>\n\t\t\t\t\t\t\t<\/div> \n\t\t\t\n                                    <br style=\"clear: both\" \/>\n                    \n\t\t\n\t\t<div class=\"ngg-clear\"><\/div>\n\t<\/div>\n<\/p>\t\t\t\t\t<\/div>\n\t\t\t\t\t\t<\/div>\n\t\t\t\t<\/div>\n\t\t\t\t\t\t<\/div>\n\t\t\t\t\t<\/div>\n\t\t<\/div>\n\t\t\t\t\t\t\t\t<\/div>\n\t\t\t\t\t<\/div>\n\t\t<\/section>\n\t\t\t\t<section class=\"elementor-section elementor-top-section elementor-element elementor-element-7401e04 elementor-section-boxed elementor-section-height-default elementor-section-height-default\" data-id=\"7401e04\" data-element_type=\"section\">\n\t\t\t\t\t\t<div class=\"elementor-container elementor-column-gap-default\">\n\t\t\t\t\t\t\t<div class=\"elementor-row\">\n\t\t\t\t\t<div class=\"elementor-column elementor-col-100 elementor-top-column elementor-element elementor-element-336ad78\" data-id=\"336ad78\" data-element_type=\"column\">\n\t\t\t<div class=\"elementor-column-wrap elementor-element-populated\">\n\t\t\t\t\t\t\t<div class=\"elementor-widget-wrap\">\n\t\t\t\t\t\t<div class=\"elementor-element elementor-element-4c3d5c1 elementor-widget elementor-widget-text-editor\" data-id=\"4c3d5c1\" data-element_type=\"widget\" data-widget_type=\"text-editor.default\">\n\t\t\t\t<div class=\"elementor-widget-container\">\n\t\t\t\t\t\t\t\t<div class=\"elementor-text-editor elementor-clearfix\">\n\t\t\t\t\t<p style=\"text-align: justify;\">Das abendliche Dinner \u2013 man hat ja sonst keine Wahl \u2013 wird bei Kerzenschein als Buffet serviert. Aber hier wurde nicht etwa gekocht sondern das Essen wird dr\u00fcben aus dem Dorf geholt; ist ja keine 5 Minuten Fahrt entfernt. 38 Leute z\u00e4hlen wir inzwischen und das einzige \u201eHandfeste\u201c, was es zu Essen gibt, sind Hackfleischb\u00e4llchen (in Tennisballgr\u00f6\u00dfe) mit So\u00dfe. Die werden zugeteilt \u2013 einer f\u00fcr Jeden. Gut, dass wir heute noch nicht wissen, dass dieses \u201eDinner\u201c 20 JD (etwa 26 Euro) pro Person kostet.<\/p><p style=\"text-align: justify;\">Nach dem Dinner werden die Touren f\u00fcr morgen verkauft. Hier vom Camp aus kann man rein gar nichts unternehmen. Es ist auch viel zu steil, als dass man hier wandern k\u00f6nnte. F\u00fcr jede Aktivit\u00e4t muss man einen Guide nehmen und wird irgendwohin gefahren \u2013 nat\u00fcrlich f\u00fcr teures Geld. Selbst der Pickup dr\u00fcben vom Parkplatz ins Camp kostet 5 JD (6,50 \u20ac). Die Touren bekommt man f\u00fcr etwa 50 \u20ac aufw\u00e4rts. Den einzigen Sinn, den dieses Camp hier am Hang macht, ist es, den Leuten das Geld aus der Tasche zu ziehen.<\/p><p style=\"text-align: justify;\">Weder satt noch zufrieden ist f\u00fcr uns klar, dass wir hier keine zwei N\u00e4chte bleiben, auch wenn wir dadurch 70 JD verlieren und in Petra wesentlich mehr Geld bezahlen m\u00fcssen. Der sinnvolle Einsatz unserer Zeit ist uns das allemal wert. Eigentlich wollten wir ja ohnehin in die \u201eFeynan Eco-Lodge\u201c, aber die war leider ausgebucht. Dieses \u201eDana Eco-Camp\u201c ist jedenfalls ein Reinfall. Die ganze Nacht kl\u00e4ffen streunende Hunde und dann qu\u00e4lt mich auch noch ein Moskito und zersticht mir das ganze Gesicht.<\/p>\t\t\t\t\t<\/div>\n\t\t\t\t\t\t<\/div>\n\t\t\t\t<\/div>\n\t\t\t\t\t\t<\/div>\n\t\t\t\t\t<\/div>\n\t\t<\/div>\n\t\t\t\t\t\t\t\t<\/div>\n\t\t\t\t\t<\/div>\n\t\t<\/section>\n\t\t\t\t<section class=\"elementor-section elementor-top-section elementor-element elementor-element-f9b3450 elementor-section-boxed elementor-section-height-default elementor-section-height-default\" data-id=\"f9b3450\" data-element_type=\"section\">\n\t\t\t\t\t\t<div class=\"elementor-container elementor-column-gap-default\">\n\t\t\t\t\t\t\t<div class=\"elementor-row\">\n\t\t\t\t\t<div class=\"elementor-column elementor-col-100 elementor-top-column elementor-element elementor-element-f3266a8\" data-id=\"f3266a8\" data-element_type=\"column\">\n\t\t\t<div class=\"elementor-column-wrap elementor-element-populated\">\n\t\t\t\t\t\t\t<div class=\"elementor-widget-wrap\">\n\t\t\t\t\t\t<div class=\"elementor-element elementor-element-2409c25 elementor-widget elementor-widget-text-editor\" data-id=\"2409c25\" data-element_type=\"widget\" data-widget_type=\"text-editor.default\">\n\t\t\t\t<div class=\"elementor-widget-container\">\n\t\t\t\t\t\t\t\t<div class=\"elementor-text-editor elementor-clearfix\">\n\t\t\t\t\t<p><strong>07.10.2019\u00a0\u00a0\u00a0\u00a0 Dana Eco Camp \u2013 Petra \u201cSellar Hotel\u201d<\/strong><\/p><p style=\"text-align: justify;\">Das morgendliche Fr\u00fchst\u00fcck schafft es, das Dinner vom Vorabend noch in den Schatten zu stellen. Wir haben echt Not, etwas Essbares zu finden, das nach unserem Geschmack ist. Die abgestandenen Fladenbrote schmecken wie Pappendeckel und im Handumdrehen ist dann auch noch die Marmelade alle. Wir sind froh, als wir uns endlich wieder in unser Auto setzen und die Weiterfahrt antreten k\u00f6nnen.<\/p>\t\t\t\t\t<\/div>\n\t\t\t\t\t\t<\/div>\n\t\t\t\t<\/div>\n\t\t\t\t\t\t<\/div>\n\t\t\t\t\t<\/div>\n\t\t<\/div>\n\t\t\t\t\t\t\t\t<\/div>\n\t\t\t\t\t<\/div>\n\t\t<\/section>\n\t\t\t\t<section class=\"elementor-section elementor-top-section elementor-element elementor-element-af6fd73 elementor-section-boxed elementor-section-height-default elementor-section-height-default\" data-id=\"af6fd73\" data-element_type=\"section\">\n\t\t\t\t\t\t<div class=\"elementor-container elementor-column-gap-default\">\n\t\t\t\t\t\t\t<div class=\"elementor-row\">\n\t\t\t\t\t<div class=\"elementor-column elementor-col-100 elementor-top-column elementor-element elementor-element-bf38b3a\" data-id=\"bf38b3a\" data-element_type=\"column\">\n\t\t\t<div class=\"elementor-column-wrap elementor-element-populated\">\n\t\t\t\t\t\t\t<div class=\"elementor-widget-wrap\">\n\t\t\t\t\t\t<div class=\"elementor-element elementor-element-8a66773 elementor-widget elementor-widget-text-editor\" data-id=\"8a66773\" data-element_type=\"widget\" data-widget_type=\"text-editor.default\">\n\t\t\t\t<div class=\"elementor-widget-container\">\n\t\t\t\t\t\t\t\t<div class=\"elementor-text-editor elementor-clearfix\">\n\t\t\t\t\t<p><!-- index.php -->\n<div\n\tclass=\"ngg-galleryoverview ngg-ajax-pagination-none\"\n\tid=\"ngg-gallery-76e505c365d1148688b846d89268fdf0-1\">\n\n    \t\t<!-- Thumbnails -->\n\t\t\t\t<div id=\"ngg-image-0\" class=\"ngg-gallery-thumbnail-box\" >\n\t\t\t\t        <div class=\"ngg-gallery-thumbnail\">\n            <a href=\"http:\/\/foto-passion.com\/wp-content\/gallery\/fotostrecke_jordanien_2019\/157_AP5A0618.jpg\"\n               title=\"&lt;strong&gt;Karge Landschaft&lt;\/strong&gt;&lt;br \/&gt;Jordanien 2019&lt;br \/&gt;&lt;span style=&quot;font-size:85%;color:#949494;&quot;&gt;[Bild-Id: 16232]&lt;\/span&gt;\"\n               data-src=\"http:\/\/foto-passion.com\/wp-content\/gallery\/fotostrecke_jordanien_2019\/157_AP5A0618.jpg\"\n               data-thumbnail=\"http:\/\/foto-passion.com\/wp-content\/gallery\/fotostrecke_jordanien_2019\/thumbs\/thumbs_157_AP5A0618.jpg\"\n               data-image-id=\"16232\"\n               data-title=\"Karge Landschaft\"\n               data-description=\"&lt;strong&gt;Karge Landschaft&lt;\/strong&gt;&lt;br \/&gt;Jordanien 2019&lt;br \/&gt;&lt;span style=&quot;font-size:85%;color:#949494;&quot;&gt;[Bild-Id: 16232]&lt;\/span&gt;\"\n               data-image-slug=\"157_ap5a0618-1\"\n               class=\"ngg-simplelightbox\" rel=\"76e505c365d1148688b846d89268fdf0\">\n                <img loading=\"lazy\"\n                    title=\"Karge Landschaft\"\n                    alt=\"Karge Landschaft\"\n                    src=\"http:\/\/foto-passion.com\/wp-content\/gallery\/fotostrecke_jordanien_2019\/cache\/157_AP5A0618.jpg-nggid0516232-ngg0dyn-150x100x100-00f0w010c011r110f110r010t010.jpg\"\n                    width=\"150\"\n                    height=\"100\"\n                    style=\"max-width:100%;\"\n                \/>\n            <\/a>\n        <\/div>\n\t\t\t\t\t\t\t<\/div> \n\t\t\t\n                            \n\t\t\t\t<div id=\"ngg-image-1\" class=\"ngg-gallery-thumbnail-box\" >\n\t\t\t\t        <div class=\"ngg-gallery-thumbnail\">\n            <a href=\"http:\/\/foto-passion.com\/wp-content\/gallery\/fotostrecke_jordanien_2019\/158_AP5A0623.jpg\"\n               title=\"&lt;strong&gt;Karge Landschaft&lt;\/strong&gt;&lt;br \/&gt;Jordanien 2019&lt;br \/&gt;&lt;span style=&quot;font-size:85%;color:#949494;&quot;&gt;[Bild-Id: 16233]&lt;\/span&gt;\"\n               data-src=\"http:\/\/foto-passion.com\/wp-content\/gallery\/fotostrecke_jordanien_2019\/158_AP5A0623.jpg\"\n               data-thumbnail=\"http:\/\/foto-passion.com\/wp-content\/gallery\/fotostrecke_jordanien_2019\/thumbs\/thumbs_158_AP5A0623.jpg\"\n               data-image-id=\"16233\"\n               data-title=\"Karge Landschaft\"\n               data-description=\"&lt;strong&gt;Karge Landschaft&lt;\/strong&gt;&lt;br \/&gt;Jordanien 2019&lt;br \/&gt;&lt;span style=&quot;font-size:85%;color:#949494;&quot;&gt;[Bild-Id: 16233]&lt;\/span&gt;\"\n               data-image-slug=\"158_ap5a0623-1\"\n               class=\"ngg-simplelightbox\" rel=\"76e505c365d1148688b846d89268fdf0\">\n                <img loading=\"lazy\"\n                    title=\"Karge Landschaft\"\n                    alt=\"Karge Landschaft\"\n                    src=\"http:\/\/foto-passion.com\/wp-content\/gallery\/fotostrecke_jordanien_2019\/cache\/158_AP5A0623.jpg-nggid0516233-ngg0dyn-150x100x100-00f0w010c011r110f110r010t010.jpg\"\n                    width=\"150\"\n                    height=\"100\"\n                    style=\"max-width:100%;\"\n                \/>\n            <\/a>\n        <\/div>\n\t\t\t\t\t\t\t<\/div> \n\t\t\t\n                            \n\t\t\t\t<div id=\"ngg-image-2\" class=\"ngg-gallery-thumbnail-box\" >\n\t\t\t\t        <div class=\"ngg-gallery-thumbnail\">\n            <a href=\"http:\/\/foto-passion.com\/wp-content\/gallery\/fotostrecke_jordanien_2019\/159_AP5A0635.jpg\"\n               title=\"&lt;strong&gt;Karge Landschaft&lt;\/strong&gt;&lt;br \/&gt;Jordanien 2019&lt;br \/&gt;&lt;span style=&quot;font-size:85%;color:#949494;&quot;&gt;[Bild-Id: 16234]&lt;\/span&gt;\"\n               data-src=\"http:\/\/foto-passion.com\/wp-content\/gallery\/fotostrecke_jordanien_2019\/159_AP5A0635.jpg\"\n               data-thumbnail=\"http:\/\/foto-passion.com\/wp-content\/gallery\/fotostrecke_jordanien_2019\/thumbs\/thumbs_159_AP5A0635.jpg\"\n               data-image-id=\"16234\"\n               data-title=\"Karge Landschaft\"\n               data-description=\"&lt;strong&gt;Karge Landschaft&lt;\/strong&gt;&lt;br \/&gt;Jordanien 2019&lt;br \/&gt;&lt;span style=&quot;font-size:85%;color:#949494;&quot;&gt;[Bild-Id: 16234]&lt;\/span&gt;\"\n               data-image-slug=\"159_ap5a0635-1\"\n               class=\"ngg-simplelightbox\" rel=\"76e505c365d1148688b846d89268fdf0\">\n                <img loading=\"lazy\"\n                    title=\"Karge Landschaft\"\n                    alt=\"Karge Landschaft\"\n                    src=\"http:\/\/foto-passion.com\/wp-content\/gallery\/fotostrecke_jordanien_2019\/cache\/159_AP5A0635.jpg-nggid0516234-ngg0dyn-150x100x100-00f0w010c011r110f110r010t010.jpg\"\n                    width=\"150\"\n                    height=\"100\"\n                    style=\"max-width:100%;\"\n                \/>\n            <\/a>\n        <\/div>\n\t\t\t\t\t\t\t<\/div> \n\t\t\t\n                            \n\t\t\t\t<div id=\"ngg-image-3\" class=\"ngg-gallery-thumbnail-box\" >\n\t\t\t\t        <div class=\"ngg-gallery-thumbnail\">\n            <a href=\"http:\/\/foto-passion.com\/wp-content\/gallery\/fotostrecke_jordanien_2019\/160_AP5A0640.jpg\"\n               title=\"&lt;strong&gt;Karge Landschaft&lt;\/strong&gt;&lt;br \/&gt;Jordanien 2019&lt;br \/&gt;&lt;span style=&quot;font-size:85%;color:#949494;&quot;&gt;[Bild-Id: 16235]&lt;\/span&gt;\"\n               data-src=\"http:\/\/foto-passion.com\/wp-content\/gallery\/fotostrecke_jordanien_2019\/160_AP5A0640.jpg\"\n               data-thumbnail=\"http:\/\/foto-passion.com\/wp-content\/gallery\/fotostrecke_jordanien_2019\/thumbs\/thumbs_160_AP5A0640.jpg\"\n               data-image-id=\"16235\"\n               data-title=\"Karge Landschaft\"\n               data-description=\"&lt;strong&gt;Karge Landschaft&lt;\/strong&gt;&lt;br \/&gt;Jordanien 2019&lt;br \/&gt;&lt;span style=&quot;font-size:85%;color:#949494;&quot;&gt;[Bild-Id: 16235]&lt;\/span&gt;\"\n               data-image-slug=\"160_ap5a0640-1\"\n               class=\"ngg-simplelightbox\" rel=\"76e505c365d1148688b846d89268fdf0\">\n                <img loading=\"lazy\"\n                    title=\"Karge Landschaft\"\n                    alt=\"Karge Landschaft\"\n                    src=\"http:\/\/foto-passion.com\/wp-content\/gallery\/fotostrecke_jordanien_2019\/cache\/160_AP5A0640.jpg-nggid0516235-ngg0dyn-150x100x100-00f0w010c011r110f110r010t010.jpg\"\n                    width=\"150\"\n                    height=\"100\"\n                    style=\"max-width:100%;\"\n                \/>\n            <\/a>\n        <\/div>\n\t\t\t\t\t\t\t<\/div> \n\t\t\t\n                                    <br style=\"clear: both\" \/>\n                    \n\t\t\n\t\t<div class=\"ngg-clear\"><\/div>\n\t<\/div>\n<\/p>\t\t\t\t\t<\/div>\n\t\t\t\t\t\t<\/div>\n\t\t\t\t<\/div>\n\t\t\t\t\t\t<\/div>\n\t\t\t\t\t<\/div>\n\t\t<\/div>\n\t\t\t\t\t\t\t\t<\/div>\n\t\t\t\t\t<\/div>\n\t\t<\/section>\n\t\t\t\t<section class=\"elementor-section elementor-top-section elementor-element elementor-element-89f37b7 elementor-section-boxed elementor-section-height-default elementor-section-height-default\" data-id=\"89f37b7\" data-element_type=\"section\">\n\t\t\t\t\t\t<div class=\"elementor-container elementor-column-gap-default\">\n\t\t\t\t\t\t\t<div class=\"elementor-row\">\n\t\t\t\t\t<div class=\"elementor-column elementor-col-100 elementor-top-column elementor-element elementor-element-ba16357\" data-id=\"ba16357\" data-element_type=\"column\">\n\t\t\t<div class=\"elementor-column-wrap elementor-element-populated\">\n\t\t\t\t\t\t\t<div class=\"elementor-widget-wrap\">\n\t\t\t\t\t\t<div class=\"elementor-element elementor-element-9f4ef95 elementor-widget elementor-widget-text-editor\" data-id=\"9f4ef95\" data-element_type=\"widget\" data-widget_type=\"text-editor.default\">\n\t\t\t\t<div class=\"elementor-widget-container\">\n\t\t\t\t\t\t\t\t<div class=\"elementor-text-editor elementor-clearfix\">\n\t\t\t\t\t<p style=\"text-align: justify;\">Auf halbem Weg nach Petra besuchen wir noch die Burg \u201eShoubak\u201c (auch Shobak). Diese Burg wurden von den Kreuzrittern unter K\u00f6nig Baldouin von Jerusalem im Jahre 1115 erbaut, um die Karawanenwege zwischen Syrien und \u00c4gypten zu kontrollieren. Die auf einer Anh\u00f6he errichtete Burg war die erste Festung, die vom Kreuzritterk\u00f6nigreich jenseits des Jordan errichtet worden war.<\/p><p style=\"text-align: justify;\">Ein Teil dieser Festung, die auch unter dem Schutz der UNESCO steht, wurde instand gesetzt, damit man sich ein Bild von den Ausma\u00dfen dieses Geb\u00e4udes machen kann. Von oben hat man einen sch\u00f6nen Ausblick \u00fcber die Landschaft. Wir streifen ein wenig durch die alten Gem\u00e4uer. Auf dem R\u00fcckweg zum Parkplatz beobachten wir einen jungen Einheimischen, der \u2013 nat\u00fcrlich bei laufendem Motor \u2013 eine komplette gro\u00dfen Flasche Trinkwasser \u00fcber die Scheiben seines PKW gie\u00dft und dabei den Scheibenwischer laufen l\u00e4sst. Anschlie\u00dfend wirft er die Flasche ohne auch nur zu zucken, in die Burganlage. So viel zum Umweltverst\u00e4ndnis der Einheimischen! Obwohl das Land so karg ist, scheint Wasser (noch) in ausreichender Menge vorhanden zu sein; na und \u00fcber den Umgang mit M\u00fcll habe ich mich ja schon ausgelassen. Immer und \u00fcberall fliegt alles in die Landschaft; egal, ob M\u00fclltonnen vorhanden sind oder nicht. Hier h\u00e4tte Fr\u00e4ulein Greta Thunberg mit ihren J\u00fcngern mal so richtig zu tun und k\u00f6nnte zeigen, dass man Reden auch Taten folgen lassen muss. Wir kommen uns jedenfalls l\u00e4cherlich vor, wenn wir \u00fcberlegen, ob wir nicht in Zukunft unser Geschirrsp\u00fclmittel im Gesch\u00e4ft wieder auff\u00fcllen sollen, damit die Plastikflasche ihre Daseinsberechtigung beh\u00e4lt, w\u00e4hrend hier das Land buchst\u00e4blich mit Plastik zugem\u00fcllt wird \u2013 und das nicht in erster Linie wegen der &#8211; oder gar &#8211; von den Touristen. <\/p>\t\t\t\t\t<\/div>\n\t\t\t\t\t\t<\/div>\n\t\t\t\t<\/div>\n\t\t\t\t\t\t<\/div>\n\t\t\t\t\t<\/div>\n\t\t<\/div>\n\t\t\t\t\t\t\t\t<\/div>\n\t\t\t\t\t<\/div>\n\t\t<\/section>\n\t\t\t\t<section class=\"elementor-section elementor-top-section elementor-element elementor-element-f173bfa elementor-section-boxed elementor-section-height-default elementor-section-height-default\" data-id=\"f173bfa\" data-element_type=\"section\">\n\t\t\t\t\t\t<div class=\"elementor-container elementor-column-gap-default\">\n\t\t\t\t\t\t\t<div class=\"elementor-row\">\n\t\t\t\t\t<div class=\"elementor-column elementor-col-100 elementor-top-column elementor-element elementor-element-c2b67d5\" data-id=\"c2b67d5\" data-element_type=\"column\">\n\t\t\t<div class=\"elementor-column-wrap elementor-element-populated\">\n\t\t\t\t\t\t\t<div class=\"elementor-widget-wrap\">\n\t\t\t\t\t\t<div class=\"elementor-element elementor-element-d66a31c elementor-widget elementor-widget-text-editor\" data-id=\"d66a31c\" data-element_type=\"widget\" data-widget_type=\"text-editor.default\">\n\t\t\t\t<div class=\"elementor-widget-container\">\n\t\t\t\t\t\t\t\t<div class=\"elementor-text-editor elementor-clearfix\">\n\t\t\t\t\t<p><!-- index.php -->\n<div\n\tclass=\"ngg-galleryoverview ngg-ajax-pagination-none\"\n\tid=\"ngg-gallery-ba705f179c28f691142d93b4f79256b2-1\">\n\n    \t\t<!-- Thumbnails -->\n\t\t\t\t<div id=\"ngg-image-0\" class=\"ngg-gallery-thumbnail-box\" >\n\t\t\t\t        <div class=\"ngg-gallery-thumbnail\">\n            <a href=\"http:\/\/foto-passion.com\/wp-content\/gallery\/fotostrecke_jordanien_2019\/161_AP5A0661.jpg\"\n               title=\"&lt;strong&gt;Burg Shoubak&lt;\/strong&gt;&lt;br \/&gt;Jordanien 2019&lt;br \/&gt;&lt;span style=&quot;font-size:85%;color:#949494;&quot;&gt;[Bild-Id: 16241]&lt;\/span&gt;\"\n               data-src=\"http:\/\/foto-passion.com\/wp-content\/gallery\/fotostrecke_jordanien_2019\/161_AP5A0661.jpg\"\n               data-thumbnail=\"http:\/\/foto-passion.com\/wp-content\/gallery\/fotostrecke_jordanien_2019\/thumbs\/thumbs_161_AP5A0661.jpg\"\n               data-image-id=\"16241\"\n               data-title=\"Burg Shoubak\"\n               data-description=\"&lt;strong&gt;Burg Shoubak&lt;\/strong&gt;&lt;br \/&gt;Jordanien 2019&lt;br \/&gt;&lt;span style=&quot;font-size:85%;color:#949494;&quot;&gt;[Bild-Id: 16241]&lt;\/span&gt;\"\n               data-image-slug=\"161_ap5a0661-1\"\n               class=\"ngg-simplelightbox\" rel=\"ba705f179c28f691142d93b4f79256b2\">\n                <img loading=\"lazy\"\n                    title=\"Burg Shoubak\"\n                    alt=\"Burg Shoubak\"\n                    src=\"http:\/\/foto-passion.com\/wp-content\/gallery\/fotostrecke_jordanien_2019\/cache\/161_AP5A0661.jpg-nggid0516241-ngg0dyn-150x100x100-00f0w010c011r110f110r010t010.jpg\"\n                    width=\"150\"\n                    height=\"100\"\n                    style=\"max-width:100%;\"\n                \/>\n            <\/a>\n        <\/div>\n\t\t\t\t\t\t\t<\/div> \n\t\t\t\n                            \n\t\t\t\t<div id=\"ngg-image-1\" class=\"ngg-gallery-thumbnail-box\" >\n\t\t\t\t        <div class=\"ngg-gallery-thumbnail\">\n            <a href=\"http:\/\/foto-passion.com\/wp-content\/gallery\/fotostrecke_jordanien_2019\/162_AP5A0684.jpg\"\n               title=\"&lt;strong&gt;Burg Shoubak&lt;\/strong&gt;&lt;br \/&gt;Jordanien 2019&lt;br \/&gt;&lt;span style=&quot;font-size:85%;color:#949494;&quot;&gt;[Bild-Id: 16244]&lt;\/span&gt;\"\n               data-src=\"http:\/\/foto-passion.com\/wp-content\/gallery\/fotostrecke_jordanien_2019\/162_AP5A0684.jpg\"\n               data-thumbnail=\"http:\/\/foto-passion.com\/wp-content\/gallery\/fotostrecke_jordanien_2019\/thumbs\/thumbs_162_AP5A0684.jpg\"\n               data-image-id=\"16244\"\n               data-title=\"Burg Shoubak\"\n               data-description=\"&lt;strong&gt;Burg Shoubak&lt;\/strong&gt;&lt;br \/&gt;Jordanien 2019&lt;br \/&gt;&lt;span style=&quot;font-size:85%;color:#949494;&quot;&gt;[Bild-Id: 16244]&lt;\/span&gt;\"\n               data-image-slug=\"162_ap5a0684-1\"\n               class=\"ngg-simplelightbox\" rel=\"ba705f179c28f691142d93b4f79256b2\">\n                <img loading=\"lazy\"\n                    title=\"Burg Shoubak\"\n                    alt=\"Burg Shoubak\"\n                    src=\"http:\/\/foto-passion.com\/wp-content\/gallery\/fotostrecke_jordanien_2019\/cache\/162_AP5A0684.jpg-nggid0516244-ngg0dyn-150x100x100-00f0w010c011r110f110r010t010.jpg\"\n                    width=\"150\"\n                    height=\"100\"\n                    style=\"max-width:100%;\"\n                \/>\n            <\/a>\n        <\/div>\n\t\t\t\t\t\t\t<\/div> \n\t\t\t\n                            \n\t\t\t\t<div id=\"ngg-image-2\" class=\"ngg-gallery-thumbnail-box\" >\n\t\t\t\t        <div class=\"ngg-gallery-thumbnail\">\n            <a href=\"http:\/\/foto-passion.com\/wp-content\/gallery\/fotostrecke_jordanien_2019\/163_AP5A0796.jpg\"\n               title=\"&lt;strong&gt;Burg Shoubak&lt;\/strong&gt;&lt;br \/&gt;Jordanien 2019&lt;br \/&gt;&lt;span style=&quot;font-size:85%;color:#949494;&quot;&gt;[Bild-Id: 16255]&lt;\/span&gt;\"\n               data-src=\"http:\/\/foto-passion.com\/wp-content\/gallery\/fotostrecke_jordanien_2019\/163_AP5A0796.jpg\"\n               data-thumbnail=\"http:\/\/foto-passion.com\/wp-content\/gallery\/fotostrecke_jordanien_2019\/thumbs\/thumbs_163_AP5A0796.jpg\"\n               data-image-id=\"16255\"\n               data-title=\"Burg Shoubak\"\n               data-description=\"&lt;strong&gt;Burg Shoubak&lt;\/strong&gt;&lt;br \/&gt;Jordanien 2019&lt;br \/&gt;&lt;span style=&quot;font-size:85%;color:#949494;&quot;&gt;[Bild-Id: 16255]&lt;\/span&gt;\"\n               data-image-slug=\"163_ap5a0796-1\"\n               class=\"ngg-simplelightbox\" rel=\"ba705f179c28f691142d93b4f79256b2\">\n                <img loading=\"lazy\"\n                    title=\"Burg Shoubak\"\n                    alt=\"Burg Shoubak\"\n                    src=\"http:\/\/foto-passion.com\/wp-content\/gallery\/fotostrecke_jordanien_2019\/cache\/163_AP5A0796.jpg-nggid0516255-ngg0dyn-150x100x100-00f0w010c011r110f110r010t010.jpg\"\n                    width=\"150\"\n                    height=\"100\"\n                    style=\"max-width:100%;\"\n                \/>\n            <\/a>\n        <\/div>\n\t\t\t\t\t\t\t<\/div> \n\t\t\t\n                            \n\t\t\t\t<div id=\"ngg-image-3\" class=\"ngg-gallery-thumbnail-box\" >\n\t\t\t\t        <div class=\"ngg-gallery-thumbnail\">\n            <a href=\"http:\/\/foto-passion.com\/wp-content\/gallery\/fotostrecke_jordanien_2019\/164_AP5A0674.jpg\"\n               title=\"&lt;strong&gt;Burg Shoubak&lt;\/strong&gt;&lt;br \/&gt;Jordanien 2019&lt;br \/&gt;&lt;span style=&quot;font-size:85%;color:#949494;&quot;&gt;[Bild-Id: 16242]&lt;\/span&gt;\"\n               data-src=\"http:\/\/foto-passion.com\/wp-content\/gallery\/fotostrecke_jordanien_2019\/164_AP5A0674.jpg\"\n               data-thumbnail=\"http:\/\/foto-passion.com\/wp-content\/gallery\/fotostrecke_jordanien_2019\/thumbs\/thumbs_164_AP5A0674.jpg\"\n               data-image-id=\"16242\"\n               data-title=\"Burg Shoubak\"\n               data-description=\"&lt;strong&gt;Burg Shoubak&lt;\/strong&gt;&lt;br \/&gt;Jordanien 2019&lt;br \/&gt;&lt;span style=&quot;font-size:85%;color:#949494;&quot;&gt;[Bild-Id: 16242]&lt;\/span&gt;\"\n               data-image-slug=\"164_ap5a0674-1\"\n               class=\"ngg-simplelightbox\" rel=\"ba705f179c28f691142d93b4f79256b2\">\n                <img loading=\"lazy\"\n                    title=\"Burg Shoubak\"\n                    alt=\"Burg Shoubak\"\n                    src=\"http:\/\/foto-passion.com\/wp-content\/gallery\/fotostrecke_jordanien_2019\/cache\/164_AP5A0674.jpg-nggid0516242-ngg0dyn-150x100x100-00f0w010c011r110f110r010t010.jpg\"\n                    width=\"150\"\n                    height=\"100\"\n                    style=\"max-width:100%;\"\n                \/>\n            <\/a>\n        <\/div>\n\t\t\t\t\t\t\t<\/div> \n\t\t\t\n                                    <br style=\"clear: both\" \/>\n                    \n\t\t\t\t<div id=\"ngg-image-4\" class=\"ngg-gallery-thumbnail-box\" >\n\t\t\t\t        <div class=\"ngg-gallery-thumbnail\">\n            <a href=\"http:\/\/foto-passion.com\/wp-content\/gallery\/fotostrecke_jordanien_2019\/165_AP5A0694.jpg\"\n               title=\"&lt;strong&gt;Burg Shoubak&lt;\/strong&gt;&lt;br \/&gt;Jordanien 2019&lt;br \/&gt;&lt;span style=&quot;font-size:85%;color:#949494;&quot;&gt;[Bild-Id: 16245]&lt;\/span&gt;\"\n               data-src=\"http:\/\/foto-passion.com\/wp-content\/gallery\/fotostrecke_jordanien_2019\/165_AP5A0694.jpg\"\n               data-thumbnail=\"http:\/\/foto-passion.com\/wp-content\/gallery\/fotostrecke_jordanien_2019\/thumbs\/thumbs_165_AP5A0694.jpg\"\n               data-image-id=\"16245\"\n               data-title=\"Burg Shoubak\"\n               data-description=\"&lt;strong&gt;Burg Shoubak&lt;\/strong&gt;&lt;br \/&gt;Jordanien 2019&lt;br \/&gt;&lt;span style=&quot;font-size:85%;color:#949494;&quot;&gt;[Bild-Id: 16245]&lt;\/span&gt;\"\n               data-image-slug=\"165_ap5a0694-1\"\n               class=\"ngg-simplelightbox\" rel=\"ba705f179c28f691142d93b4f79256b2\">\n                <img loading=\"lazy\"\n                    title=\"Burg Shoubak\"\n                    alt=\"Burg Shoubak\"\n                    src=\"http:\/\/foto-passion.com\/wp-content\/gallery\/fotostrecke_jordanien_2019\/cache\/165_AP5A0694.jpg-nggid0516245-ngg0dyn-150x100x100-00f0w010c011r110f110r010t010.jpg\"\n                    width=\"150\"\n                    height=\"100\"\n                    style=\"max-width:100%;\"\n                \/>\n            <\/a>\n        <\/div>\n\t\t\t\t\t\t\t<\/div> \n\t\t\t\n                            \n\t\t\t\t<div id=\"ngg-image-5\" class=\"ngg-gallery-thumbnail-box\" >\n\t\t\t\t        <div class=\"ngg-gallery-thumbnail\">\n            <a href=\"http:\/\/foto-passion.com\/wp-content\/gallery\/fotostrecke_jordanien_2019\/166_AP5A0700.jpg\"\n               title=\"&lt;strong&gt;Burg Shoubak&lt;\/strong&gt;&lt;br \/&gt;Jordanien 2019&lt;br \/&gt;&lt;span style=&quot;font-size:85%;color:#949494;&quot;&gt;[Bild-Id: 16246]&lt;\/span&gt;\"\n               data-src=\"http:\/\/foto-passion.com\/wp-content\/gallery\/fotostrecke_jordanien_2019\/166_AP5A0700.jpg\"\n               data-thumbnail=\"http:\/\/foto-passion.com\/wp-content\/gallery\/fotostrecke_jordanien_2019\/thumbs\/thumbs_166_AP5A0700.jpg\"\n               data-image-id=\"16246\"\n               data-title=\"Burg Shoubak\"\n               data-description=\"&lt;strong&gt;Burg Shoubak&lt;\/strong&gt;&lt;br \/&gt;Jordanien 2019&lt;br \/&gt;&lt;span style=&quot;font-size:85%;color:#949494;&quot;&gt;[Bild-Id: 16246]&lt;\/span&gt;\"\n               data-image-slug=\"166_ap5a0700-1\"\n               class=\"ngg-simplelightbox\" rel=\"ba705f179c28f691142d93b4f79256b2\">\n                <img loading=\"lazy\"\n                    title=\"Burg Shoubak\"\n                    alt=\"Burg Shoubak\"\n                    src=\"http:\/\/foto-passion.com\/wp-content\/gallery\/fotostrecke_jordanien_2019\/cache\/166_AP5A0700.jpg-nggid0516246-ngg0dyn-150x100x100-00f0w010c011r110f110r010t010.jpg\"\n                    width=\"150\"\n                    height=\"100\"\n                    style=\"max-width:100%;\"\n                \/>\n            <\/a>\n        <\/div>\n\t\t\t\t\t\t\t<\/div> \n\t\t\t\n                            \n\t\t\t\t<div id=\"ngg-image-6\" class=\"ngg-gallery-thumbnail-box\" >\n\t\t\t\t        <div class=\"ngg-gallery-thumbnail\">\n            <a href=\"http:\/\/foto-passion.com\/wp-content\/gallery\/fotostrecke_jordanien_2019\/167_AP5A0765.jpg\"\n               title=\"&lt;strong&gt;Burg Shoubak&lt;\/strong&gt;&lt;br \/&gt;Jordanien 2019&lt;br \/&gt;&lt;span style=&quot;font-size:85%;color:#949494;&quot;&gt;[Bild-Id: 16254]&lt;\/span&gt;\"\n               data-src=\"http:\/\/foto-passion.com\/wp-content\/gallery\/fotostrecke_jordanien_2019\/167_AP5A0765.jpg\"\n               data-thumbnail=\"http:\/\/foto-passion.com\/wp-content\/gallery\/fotostrecke_jordanien_2019\/thumbs\/thumbs_167_AP5A0765.jpg\"\n               data-image-id=\"16254\"\n               data-title=\"Burg Shoubak\"\n               data-description=\"&lt;strong&gt;Burg Shoubak&lt;\/strong&gt;&lt;br \/&gt;Jordanien 2019&lt;br \/&gt;&lt;span style=&quot;font-size:85%;color:#949494;&quot;&gt;[Bild-Id: 16254]&lt;\/span&gt;\"\n               data-image-slug=\"167_ap5a0765-1\"\n               class=\"ngg-simplelightbox\" rel=\"ba705f179c28f691142d93b4f79256b2\">\n                <img loading=\"lazy\"\n                    title=\"Burg Shoubak\"\n                    alt=\"Burg Shoubak\"\n                    src=\"http:\/\/foto-passion.com\/wp-content\/gallery\/fotostrecke_jordanien_2019\/cache\/167_AP5A0765.jpg-nggid0516254-ngg0dyn-150x100x100-00f0w010c011r110f110r010t010.jpg\"\n                    width=\"150\"\n                    height=\"100\"\n                    style=\"max-width:100%;\"\n                \/>\n            <\/a>\n        <\/div>\n\t\t\t\t\t\t\t<\/div> \n\t\t\t\n                            \n\t\t\t\t<div id=\"ngg-image-7\" class=\"ngg-gallery-thumbnail-box\" >\n\t\t\t\t        <div class=\"ngg-gallery-thumbnail\">\n            <a href=\"http:\/\/foto-passion.com\/wp-content\/gallery\/fotostrecke_jordanien_2019\/168_AP5A0748.jpg\"\n               title=\"&lt;strong&gt;Burg Shoubak&lt;\/strong&gt;&lt;br \/&gt;Jordanien 2019&lt;br \/&gt;&lt;span style=&quot;font-size:85%;color:#949494;&quot;&gt;[Bild-Id: 16252]&lt;\/span&gt;\"\n               data-src=\"http:\/\/foto-passion.com\/wp-content\/gallery\/fotostrecke_jordanien_2019\/168_AP5A0748.jpg\"\n               data-thumbnail=\"http:\/\/foto-passion.com\/wp-content\/gallery\/fotostrecke_jordanien_2019\/thumbs\/thumbs_168_AP5A0748.jpg\"\n               data-image-id=\"16252\"\n               data-title=\"Burg Shoubak\"\n               data-description=\"&lt;strong&gt;Burg Shoubak&lt;\/strong&gt;&lt;br \/&gt;Jordanien 2019&lt;br \/&gt;&lt;span style=&quot;font-size:85%;color:#949494;&quot;&gt;[Bild-Id: 16252]&lt;\/span&gt;\"\n               data-image-slug=\"168_ap5a0748-1\"\n               class=\"ngg-simplelightbox\" rel=\"ba705f179c28f691142d93b4f79256b2\">\n                <img loading=\"lazy\"\n                    title=\"Burg Shoubak\"\n                    alt=\"Burg Shoubak\"\n                    src=\"http:\/\/foto-passion.com\/wp-content\/gallery\/fotostrecke_jordanien_2019\/cache\/168_AP5A0748.jpg-nggid0516252-ngg0dyn-150x100x100-00f0w010c011r110f110r010t010.jpg\"\n                    width=\"150\"\n                    height=\"100\"\n                    style=\"max-width:100%;\"\n                \/>\n            <\/a>\n        <\/div>\n\t\t\t\t\t\t\t<\/div> \n\t\t\t\n                                    <br style=\"clear: both\" \/>\n                    \n\t\t\t\t<div id=\"ngg-image-8\" class=\"ngg-gallery-thumbnail-box\" >\n\t\t\t\t        <div class=\"ngg-gallery-thumbnail\">\n            <a href=\"http:\/\/foto-passion.com\/wp-content\/gallery\/fotostrecke_jordanien_2019\/169_AP5A0703.jpg\"\n               title=\"&lt;strong&gt;Burg Shoubak&lt;\/strong&gt;&lt;br \/&gt;Jordanien 2019&lt;br \/&gt;&lt;span style=&quot;font-size:85%;color:#949494;&quot;&gt;[Bild-Id: 16247]&lt;\/span&gt;\"\n               data-src=\"http:\/\/foto-passion.com\/wp-content\/gallery\/fotostrecke_jordanien_2019\/169_AP5A0703.jpg\"\n               data-thumbnail=\"http:\/\/foto-passion.com\/wp-content\/gallery\/fotostrecke_jordanien_2019\/thumbs\/thumbs_169_AP5A0703.jpg\"\n               data-image-id=\"16247\"\n               data-title=\"Burg Shoubak\"\n               data-description=\"&lt;strong&gt;Burg Shoubak&lt;\/strong&gt;&lt;br \/&gt;Jordanien 2019&lt;br \/&gt;&lt;span style=&quot;font-size:85%;color:#949494;&quot;&gt;[Bild-Id: 16247]&lt;\/span&gt;\"\n               data-image-slug=\"169_ap5a0703-1\"\n               class=\"ngg-simplelightbox\" rel=\"ba705f179c28f691142d93b4f79256b2\">\n                <img loading=\"lazy\"\n                    title=\"Burg Shoubak\"\n                    alt=\"Burg Shoubak\"\n                    src=\"http:\/\/foto-passion.com\/wp-content\/gallery\/fotostrecke_jordanien_2019\/cache\/169_AP5A0703.jpg-nggid0516247-ngg0dyn-150x100x100-00f0w010c011r110f110r010t010.jpg\"\n                    width=\"150\"\n                    height=\"100\"\n                    style=\"max-width:100%;\"\n                \/>\n            <\/a>\n        <\/div>\n\t\t\t\t\t\t\t<\/div> \n\t\t\t\n                            \n\t\t\t\t<div id=\"ngg-image-9\" class=\"ngg-gallery-thumbnail-box\" >\n\t\t\t\t        <div class=\"ngg-gallery-thumbnail\">\n            <a href=\"http:\/\/foto-passion.com\/wp-content\/gallery\/fotostrecke_jordanien_2019\/170_AP5A0725.jpg\"\n               title=\"&lt;strong&gt;Burg Shoubak&lt;\/strong&gt;&lt;br \/&gt;Jordanien 2019&lt;br \/&gt;&lt;span style=&quot;font-size:85%;color:#949494;&quot;&gt;[Bild-Id: 16250]&lt;\/span&gt;\"\n               data-src=\"http:\/\/foto-passion.com\/wp-content\/gallery\/fotostrecke_jordanien_2019\/170_AP5A0725.jpg\"\n               data-thumbnail=\"http:\/\/foto-passion.com\/wp-content\/gallery\/fotostrecke_jordanien_2019\/thumbs\/thumbs_170_AP5A0725.jpg\"\n               data-image-id=\"16250\"\n               data-title=\"Burg Shoubak\"\n               data-description=\"&lt;strong&gt;Burg Shoubak&lt;\/strong&gt;&lt;br \/&gt;Jordanien 2019&lt;br \/&gt;&lt;span style=&quot;font-size:85%;color:#949494;&quot;&gt;[Bild-Id: 16250]&lt;\/span&gt;\"\n               data-image-slug=\"170_ap5a0725-1\"\n               class=\"ngg-simplelightbox\" rel=\"ba705f179c28f691142d93b4f79256b2\">\n                <img loading=\"lazy\"\n                    title=\"Burg Shoubak\"\n                    alt=\"Burg Shoubak\"\n                    src=\"http:\/\/foto-passion.com\/wp-content\/gallery\/fotostrecke_jordanien_2019\/cache\/170_AP5A0725.jpg-nggid0516250-ngg0dyn-150x100x100-00f0w010c011r110f110r010t010.jpg\"\n                    width=\"150\"\n                    height=\"100\"\n                    style=\"max-width:100%;\"\n                \/>\n            <\/a>\n        <\/div>\n\t\t\t\t\t\t\t<\/div> \n\t\t\t\n                            \n\t\t\t\t<div id=\"ngg-image-10\" class=\"ngg-gallery-thumbnail-box\" >\n\t\t\t\t        <div class=\"ngg-gallery-thumbnail\">\n            <a href=\"http:\/\/foto-passion.com\/wp-content\/gallery\/fotostrecke_jordanien_2019\/171_AP5A0753.jpg\"\n               title=\"&lt;strong&gt;Burg Shoubak&lt;\/strong&gt;&lt;br \/&gt;Jordanien 2019&lt;br \/&gt;&lt;span style=&quot;font-size:85%;color:#949494;&quot;&gt;[Bild-Id: 16253]&lt;\/span&gt;\"\n               data-src=\"http:\/\/foto-passion.com\/wp-content\/gallery\/fotostrecke_jordanien_2019\/171_AP5A0753.jpg\"\n               data-thumbnail=\"http:\/\/foto-passion.com\/wp-content\/gallery\/fotostrecke_jordanien_2019\/thumbs\/thumbs_171_AP5A0753.jpg\"\n               data-image-id=\"16253\"\n               data-title=\"Burg Shoubak\"\n               data-description=\"&lt;strong&gt;Burg Shoubak&lt;\/strong&gt;&lt;br \/&gt;Jordanien 2019&lt;br \/&gt;&lt;span style=&quot;font-size:85%;color:#949494;&quot;&gt;[Bild-Id: 16253]&lt;\/span&gt;\"\n               data-image-slug=\"171_ap5a0753-1\"\n               class=\"ngg-simplelightbox\" rel=\"ba705f179c28f691142d93b4f79256b2\">\n                <img loading=\"lazy\"\n                    title=\"Burg Shoubak\"\n                    alt=\"Burg Shoubak\"\n                    src=\"http:\/\/foto-passion.com\/wp-content\/gallery\/fotostrecke_jordanien_2019\/cache\/171_AP5A0753.jpg-nggid0516253-ngg0dyn-150x100x100-00f0w010c011r110f110r010t010.jpg\"\n                    width=\"150\"\n                    height=\"100\"\n                    style=\"max-width:100%;\"\n                \/>\n            <\/a>\n        <\/div>\n\t\t\t\t\t\t\t<\/div> \n\t\t\t\n                            \n\t\t\t\t<div id=\"ngg-image-11\" class=\"ngg-gallery-thumbnail-box\" >\n\t\t\t\t        <div class=\"ngg-gallery-thumbnail\">\n            <a href=\"http:\/\/foto-passion.com\/wp-content\/gallery\/fotostrecke_jordanien_2019\/172_AP5A0678.jpg\"\n               title=\"&lt;strong&gt;Burg Shoubak&lt;\/strong&gt;&lt;br \/&gt;Jordanien 2019&lt;br \/&gt;&lt;span style=&quot;font-size:85%;color:#949494;&quot;&gt;[Bild-Id: 16243]&lt;\/span&gt;\"\n               data-src=\"http:\/\/foto-passion.com\/wp-content\/gallery\/fotostrecke_jordanien_2019\/172_AP5A0678.jpg\"\n               data-thumbnail=\"http:\/\/foto-passion.com\/wp-content\/gallery\/fotostrecke_jordanien_2019\/thumbs\/thumbs_172_AP5A0678.jpg\"\n               data-image-id=\"16243\"\n               data-title=\"Burg Shoubak\"\n               data-description=\"&lt;strong&gt;Burg Shoubak&lt;\/strong&gt;&lt;br \/&gt;Jordanien 2019&lt;br \/&gt;&lt;span style=&quot;font-size:85%;color:#949494;&quot;&gt;[Bild-Id: 16243]&lt;\/span&gt;\"\n               data-image-slug=\"172_ap5a0678-1\"\n               class=\"ngg-simplelightbox\" rel=\"ba705f179c28f691142d93b4f79256b2\">\n                <img loading=\"lazy\"\n                    title=\"Burg Shoubak\"\n                    alt=\"Burg Shoubak\"\n                    src=\"http:\/\/foto-passion.com\/wp-content\/gallery\/fotostrecke_jordanien_2019\/cache\/172_AP5A0678.jpg-nggid0516243-ngg0dyn-150x100x100-00f0w010c011r110f110r010t010.jpg\"\n                    width=\"150\"\n                    height=\"100\"\n                    style=\"max-width:100%;\"\n                \/>\n            <\/a>\n        <\/div>\n\t\t\t\t\t\t\t<\/div> \n\t\t\t\n                                    <br style=\"clear: both\" \/>\n                    \n\t\t\t\t<div id=\"ngg-image-12\" class=\"ngg-gallery-thumbnail-box\" >\n\t\t\t\t        <div class=\"ngg-gallery-thumbnail\">\n            <a href=\"http:\/\/foto-passion.com\/wp-content\/gallery\/fotostrecke_jordanien_2019\/173_AP5A0659.jpg\"\n               title=\"&lt;strong&gt;Blick von der Burg Shoubak&lt;\/strong&gt;&lt;br \/&gt;Jordanien 2019&lt;br \/&gt;&lt;span style=&quot;font-size:85%;color:#949494;&quot;&gt;[Bild-Id: 16240]&lt;\/span&gt;\"\n               data-src=\"http:\/\/foto-passion.com\/wp-content\/gallery\/fotostrecke_jordanien_2019\/173_AP5A0659.jpg\"\n               data-thumbnail=\"http:\/\/foto-passion.com\/wp-content\/gallery\/fotostrecke_jordanien_2019\/thumbs\/thumbs_173_AP5A0659.jpg\"\n               data-image-id=\"16240\"\n               data-title=\"Blick von der Burg Shoubak\"\n               data-description=\"&lt;strong&gt;Blick von der Burg Shoubak&lt;\/strong&gt;&lt;br \/&gt;Jordanien 2019&lt;br \/&gt;&lt;span style=&quot;font-size:85%;color:#949494;&quot;&gt;[Bild-Id: 16240]&lt;\/span&gt;\"\n               data-image-slug=\"173_ap5a0659-1\"\n               class=\"ngg-simplelightbox\" rel=\"ba705f179c28f691142d93b4f79256b2\">\n                <img loading=\"lazy\"\n                    title=\"Blick von der Burg Shoubak\"\n                    alt=\"Blick von der Burg Shoubak\"\n                    src=\"http:\/\/foto-passion.com\/wp-content\/gallery\/fotostrecke_jordanien_2019\/cache\/173_AP5A0659.jpg-nggid0516240-ngg0dyn-150x100x100-00f0w010c011r110f110r010t010.jpg\"\n                    width=\"150\"\n                    height=\"100\"\n                    style=\"max-width:100%;\"\n                \/>\n            <\/a>\n        <\/div>\n\t\t\t\t\t\t\t<\/div> \n\t\t\t\n                            \n\t\t\t\t<div id=\"ngg-image-13\" class=\"ngg-gallery-thumbnail-box\" >\n\t\t\t\t        <div class=\"ngg-gallery-thumbnail\">\n            <a href=\"http:\/\/foto-passion.com\/wp-content\/gallery\/fotostrecke_jordanien_2019\/174_AP5A0707.jpg\"\n               title=\"&lt;strong&gt;Blick von der Burg Shoubak&lt;\/strong&gt;&lt;br \/&gt;Jordanien 2019&lt;br \/&gt;&lt;span style=&quot;font-size:85%;color:#949494;&quot;&gt;[Bild-Id: 16248]&lt;\/span&gt;\"\n               data-src=\"http:\/\/foto-passion.com\/wp-content\/gallery\/fotostrecke_jordanien_2019\/174_AP5A0707.jpg\"\n               data-thumbnail=\"http:\/\/foto-passion.com\/wp-content\/gallery\/fotostrecke_jordanien_2019\/thumbs\/thumbs_174_AP5A0707.jpg\"\n               data-image-id=\"16248\"\n               data-title=\"Blick von der Burg Shoubak\"\n               data-description=\"&lt;strong&gt;Blick von der Burg Shoubak&lt;\/strong&gt;&lt;br \/&gt;Jordanien 2019&lt;br \/&gt;&lt;span style=&quot;font-size:85%;color:#949494;&quot;&gt;[Bild-Id: 16248]&lt;\/span&gt;\"\n               data-image-slug=\"174_ap5a0707-1\"\n               class=\"ngg-simplelightbox\" rel=\"ba705f179c28f691142d93b4f79256b2\">\n                <img loading=\"lazy\"\n                    title=\"Blick von der Burg Shoubak\"\n                    alt=\"Blick von der Burg Shoubak\"\n                    src=\"http:\/\/foto-passion.com\/wp-content\/gallery\/fotostrecke_jordanien_2019\/cache\/174_AP5A0707.jpg-nggid0516248-ngg0dyn-150x100x100-00f0w010c011r110f110r010t010.jpg\"\n                    width=\"150\"\n                    height=\"100\"\n                    style=\"max-width:100%;\"\n                \/>\n            <\/a>\n        <\/div>\n\t\t\t\t\t\t\t<\/div> \n\t\t\t\n                            \n\t\t\t\t<div id=\"ngg-image-14\" class=\"ngg-gallery-thumbnail-box\" >\n\t\t\t\t        <div class=\"ngg-gallery-thumbnail\">\n            <a href=\"http:\/\/foto-passion.com\/wp-content\/gallery\/fotostrecke_jordanien_2019\/175_AP5A0714.jpg\"\n               title=\"&lt;strong&gt;Blick von der Burg Shoubak&lt;\/strong&gt;&lt;br \/&gt;Jordanien 2019&lt;br \/&gt;&lt;span style=&quot;font-size:85%;color:#949494;&quot;&gt;[Bild-Id: 16249]&lt;\/span&gt;\"\n               data-src=\"http:\/\/foto-passion.com\/wp-content\/gallery\/fotostrecke_jordanien_2019\/175_AP5A0714.jpg\"\n               data-thumbnail=\"http:\/\/foto-passion.com\/wp-content\/gallery\/fotostrecke_jordanien_2019\/thumbs\/thumbs_175_AP5A0714.jpg\"\n               data-image-id=\"16249\"\n               data-title=\"Blick von der Burg Shoubak\"\n               data-description=\"&lt;strong&gt;Blick von der Burg Shoubak&lt;\/strong&gt;&lt;br \/&gt;Jordanien 2019&lt;br \/&gt;&lt;span style=&quot;font-size:85%;color:#949494;&quot;&gt;[Bild-Id: 16249]&lt;\/span&gt;\"\n               data-image-slug=\"175_ap5a0714-1\"\n               class=\"ngg-simplelightbox\" rel=\"ba705f179c28f691142d93b4f79256b2\">\n                <img loading=\"lazy\"\n                    title=\"Blick von der Burg Shoubak\"\n                    alt=\"Blick von der Burg Shoubak\"\n                    src=\"http:\/\/foto-passion.com\/wp-content\/gallery\/fotostrecke_jordanien_2019\/cache\/175_AP5A0714.jpg-nggid0516249-ngg0dyn-150x100x100-00f0w010c011r110f110r010t010.jpg\"\n                    width=\"150\"\n                    height=\"100\"\n                    style=\"max-width:100%;\"\n                \/>\n            <\/a>\n        <\/div>\n\t\t\t\t\t\t\t<\/div> \n\t\t\t\n                            \n\t\t\t\t<div id=\"ngg-image-15\" class=\"ngg-gallery-thumbnail-box\" >\n\t\t\t\t        <div class=\"ngg-gallery-thumbnail\">\n            <a href=\"http:\/\/foto-passion.com\/wp-content\/gallery\/fotostrecke_jordanien_2019\/176_AP5A0745.jpg\"\n               title=\"&lt;strong&gt;Blick von der Burg Shoubak&lt;\/strong&gt;&lt;br \/&gt;Jordanien 2019&lt;br \/&gt;&lt;span style=&quot;font-size:85%;color:#949494;&quot;&gt;[Bild-Id: 16251]&lt;\/span&gt;\"\n               data-src=\"http:\/\/foto-passion.com\/wp-content\/gallery\/fotostrecke_jordanien_2019\/176_AP5A0745.jpg\"\n               data-thumbnail=\"http:\/\/foto-passion.com\/wp-content\/gallery\/fotostrecke_jordanien_2019\/thumbs\/thumbs_176_AP5A0745.jpg\"\n               data-image-id=\"16251\"\n               data-title=\"Blick von der Burg Shoubak\"\n               data-description=\"&lt;strong&gt;Blick von der Burg Shoubak&lt;\/strong&gt;&lt;br \/&gt;Jordanien 2019&lt;br \/&gt;&lt;span style=&quot;font-size:85%;color:#949494;&quot;&gt;[Bild-Id: 16251]&lt;\/span&gt;\"\n               data-image-slug=\"176_ap5a0745-1\"\n               class=\"ngg-simplelightbox\" rel=\"ba705f179c28f691142d93b4f79256b2\">\n                <img loading=\"lazy\"\n                    title=\"Blick von der Burg Shoubak\"\n                    alt=\"Blick von der Burg Shoubak\"\n                    src=\"http:\/\/foto-passion.com\/wp-content\/gallery\/fotostrecke_jordanien_2019\/cache\/176_AP5A0745.jpg-nggid0516251-ngg0dyn-150x100x100-00f0w010c011r110f110r010t010.jpg\"\n                    width=\"150\"\n                    height=\"100\"\n                    style=\"max-width:100%;\"\n                \/>\n            <\/a>\n        <\/div>\n\t\t\t\t\t\t\t<\/div> \n\t\t\t\n                                    <br style=\"clear: both\" \/>\n                    \n\t\t\n\t\t<div class=\"ngg-clear\"><\/div>\n\t<\/div>\n<\/p>\t\t\t\t\t<\/div>\n\t\t\t\t\t\t<\/div>\n\t\t\t\t<\/div>\n\t\t\t\t\t\t<\/div>\n\t\t\t\t\t<\/div>\n\t\t<\/div>\n\t\t\t\t\t\t\t\t<\/div>\n\t\t\t\t\t<\/div>\n\t\t<\/section>\n\t\t\t\t<section class=\"elementor-section elementor-top-section elementor-element elementor-element-63c354e elementor-section-boxed elementor-section-height-default elementor-section-height-default\" data-id=\"63c354e\" data-element_type=\"section\">\n\t\t\t\t\t\t<div class=\"elementor-container elementor-column-gap-default\">\n\t\t\t\t\t\t\t<div class=\"elementor-row\">\n\t\t\t\t\t<div class=\"elementor-column elementor-col-100 elementor-top-column elementor-element elementor-element-10468db\" data-id=\"10468db\" data-element_type=\"column\">\n\t\t\t<div class=\"elementor-column-wrap elementor-element-populated\">\n\t\t\t\t\t\t\t<div class=\"elementor-widget-wrap\">\n\t\t\t\t\t\t<div class=\"elementor-element elementor-element-3ab4c0a elementor-widget elementor-widget-text-editor\" data-id=\"3ab4c0a\" data-element_type=\"widget\" data-widget_type=\"text-editor.default\">\n\t\t\t\t<div class=\"elementor-widget-container\">\n\t\t\t\t\t\t\t\t<div class=\"elementor-text-editor elementor-clearfix\">\n\t\t\t\t\t<p style=\"text-align: justify;\">Wir kommen am Mittag in Petra an und haben kein Problem, im \u201eSellar-Hotel\u201c auch f\u00fcr die kommende Nacht ein Zimmer zu bekommen. Nachdem wir eingecheckt haben, fahren wir uns orientieren, damit wir morgen fr\u00fch keine Zeit verlieren. F\u00fcr heute lohnt es sich nicht mehr, noch auf das Gel\u00e4nde vom historischen Petra zu gehen. So beschlie\u00dfen wir, nach \u201eLittle Petra\u201c zu fahren. Wir bewundern unterwegs die gigantische Sandstein-Kulisse und laufen in die Schlucht von \u201eLittle Petra\u201c.<\/p>\t\t\t\t\t<\/div>\n\t\t\t\t\t\t<\/div>\n\t\t\t\t<\/div>\n\t\t\t\t\t\t<\/div>\n\t\t\t\t\t<\/div>\n\t\t<\/div>\n\t\t\t\t\t\t\t\t<\/div>\n\t\t\t\t\t<\/div>\n\t\t<\/section>\n\t\t\t\t<section class=\"elementor-section elementor-top-section elementor-element elementor-element-df425be elementor-section-boxed elementor-section-height-default elementor-section-height-default\" data-id=\"df425be\" data-element_type=\"section\">\n\t\t\t\t\t\t<div class=\"elementor-container elementor-column-gap-default\">\n\t\t\t\t\t\t\t<div class=\"elementor-row\">\n\t\t\t\t\t<div class=\"elementor-column elementor-col-100 elementor-top-column elementor-element elementor-element-99134ef\" data-id=\"99134ef\" data-element_type=\"column\">\n\t\t\t<div class=\"elementor-column-wrap elementor-element-populated\">\n\t\t\t\t\t\t\t<div class=\"elementor-widget-wrap\">\n\t\t\t\t\t\t<div class=\"elementor-element elementor-element-57c23c2 elementor-widget elementor-widget-text-editor\" data-id=\"57c23c2\" data-element_type=\"widget\" data-widget_type=\"text-editor.default\">\n\t\t\t\t<div class=\"elementor-widget-container\">\n\t\t\t\t\t\t\t\t<div class=\"elementor-text-editor elementor-clearfix\">\n\t\t\t\t\t<p><!-- index.php -->\n<div\n\tclass=\"ngg-galleryoverview ngg-ajax-pagination-none\"\n\tid=\"ngg-gallery-2c307501e42ad0c42198e47e793ada85-1\">\n\n    \t\t<!-- Thumbnails -->\n\t\t\t\t<div id=\"ngg-image-0\" class=\"ngg-gallery-thumbnail-box\" >\n\t\t\t\t        <div class=\"ngg-gallery-thumbnail\">\n            <a href=\"http:\/\/foto-passion.com\/wp-content\/gallery\/fotostrecke_jordanien_2019\/177_AP5A0814.jpg\"\n               title=\"&lt;strong&gt;Die Landschaft von Petra&lt;\/strong&gt;&lt;br \/&gt;Jordanien 2019&lt;br \/&gt;&lt;span style=&quot;font-size:85%;color:#949494;&quot;&gt;[Bild-Id: 16258]&lt;\/span&gt;\"\n               data-src=\"http:\/\/foto-passion.com\/wp-content\/gallery\/fotostrecke_jordanien_2019\/177_AP5A0814.jpg\"\n               data-thumbnail=\"http:\/\/foto-passion.com\/wp-content\/gallery\/fotostrecke_jordanien_2019\/thumbs\/thumbs_177_AP5A0814.jpg\"\n               data-image-id=\"16258\"\n               data-title=\"Die Landschaft von Petra\"\n               data-description=\"&lt;strong&gt;Die Landschaft von Petra&lt;\/strong&gt;&lt;br \/&gt;Jordanien 2019&lt;br \/&gt;&lt;span style=&quot;font-size:85%;color:#949494;&quot;&gt;[Bild-Id: 16258]&lt;\/span&gt;\"\n               data-image-slug=\"177_ap5a0814-1\"\n               class=\"ngg-simplelightbox\" rel=\"2c307501e42ad0c42198e47e793ada85\">\n                <img loading=\"lazy\"\n                    title=\"Die Landschaft von Petra\"\n                    alt=\"Die Landschaft von Petra\"\n                    src=\"http:\/\/foto-passion.com\/wp-content\/gallery\/fotostrecke_jordanien_2019\/cache\/177_AP5A0814.jpg-nggid0516258-ngg0dyn-150x100x100-00f0w010c011r110f110r010t010.jpg\"\n                    width=\"150\"\n                    height=\"100\"\n                    style=\"max-width:100%;\"\n                \/>\n            <\/a>\n        <\/div>\n\t\t\t\t\t\t\t<\/div> \n\t\t\t\n                            \n\t\t\t\t<div id=\"ngg-image-1\" class=\"ngg-gallery-thumbnail-box\" >\n\t\t\t\t        <div class=\"ngg-gallery-thumbnail\">\n            <a href=\"http:\/\/foto-passion.com\/wp-content\/gallery\/fotostrecke_jordanien_2019\/178_AP5A0833.jpg\"\n               title=\"&lt;strong&gt;Die Landschaft von Petra&lt;\/strong&gt;&lt;br \/&gt;Jordanien 2019&lt;br \/&gt;&lt;span style=&quot;font-size:85%;color:#949494;&quot;&gt;[Bild-Id: 16259]&lt;\/span&gt;\"\n               data-src=\"http:\/\/foto-passion.com\/wp-content\/gallery\/fotostrecke_jordanien_2019\/178_AP5A0833.jpg\"\n               data-thumbnail=\"http:\/\/foto-passion.com\/wp-content\/gallery\/fotostrecke_jordanien_2019\/thumbs\/thumbs_178_AP5A0833.jpg\"\n               data-image-id=\"16259\"\n               data-title=\"Die Landschaft von Petra\"\n               data-description=\"&lt;strong&gt;Die Landschaft von Petra&lt;\/strong&gt;&lt;br \/&gt;Jordanien 2019&lt;br \/&gt;&lt;span style=&quot;font-size:85%;color:#949494;&quot;&gt;[Bild-Id: 16259]&lt;\/span&gt;\"\n               data-image-slug=\"178_ap5a0833-1\"\n               class=\"ngg-simplelightbox\" rel=\"2c307501e42ad0c42198e47e793ada85\">\n                <img loading=\"lazy\"\n                    title=\"Die Landschaft von Petra\"\n                    alt=\"Die Landschaft von Petra\"\n                    src=\"http:\/\/foto-passion.com\/wp-content\/gallery\/fotostrecke_jordanien_2019\/cache\/178_AP5A0833.jpg-nggid0516259-ngg0dyn-150x100x100-00f0w010c011r110f110r010t010.jpg\"\n                    width=\"150\"\n                    height=\"100\"\n                    style=\"max-width:100%;\"\n                \/>\n            <\/a>\n        <\/div>\n\t\t\t\t\t\t\t<\/div> \n\t\t\t\n                            \n\t\t\t\t<div id=\"ngg-image-2\" class=\"ngg-gallery-thumbnail-box\" >\n\t\t\t\t        <div class=\"ngg-gallery-thumbnail\">\n            <a href=\"http:\/\/foto-passion.com\/wp-content\/gallery\/fotostrecke_jordanien_2019\/179_AP5A0920.jpg\"\n               title=\"&lt;strong&gt;Die Landschaft von Petra&lt;\/strong&gt;&lt;br \/&gt;Jordanien 2019&lt;br \/&gt;&lt;span style=&quot;font-size:85%;color:#949494;&quot;&gt;[Bild-Id: 16265]&lt;\/span&gt;\"\n               data-src=\"http:\/\/foto-passion.com\/wp-content\/gallery\/fotostrecke_jordanien_2019\/179_AP5A0920.jpg\"\n               data-thumbnail=\"http:\/\/foto-passion.com\/wp-content\/gallery\/fotostrecke_jordanien_2019\/thumbs\/thumbs_179_AP5A0920.jpg\"\n               data-image-id=\"16265\"\n               data-title=\"Die Landschaft von Petra\"\n               data-description=\"&lt;strong&gt;Die Landschaft von Petra&lt;\/strong&gt;&lt;br \/&gt;Jordanien 2019&lt;br \/&gt;&lt;span style=&quot;font-size:85%;color:#949494;&quot;&gt;[Bild-Id: 16265]&lt;\/span&gt;\"\n               data-image-slug=\"179_ap5a0920-1\"\n               class=\"ngg-simplelightbox\" rel=\"2c307501e42ad0c42198e47e793ada85\">\n                <img loading=\"lazy\"\n                    title=\"Die Landschaft von Petra\"\n                    alt=\"Die Landschaft von Petra\"\n                    src=\"http:\/\/foto-passion.com\/wp-content\/gallery\/fotostrecke_jordanien_2019\/cache\/179_AP5A0920.jpg-nggid0516265-ngg0dyn-150x100x100-00f0w010c011r110f110r010t010.jpg\"\n                    width=\"150\"\n                    height=\"100\"\n                    style=\"max-width:100%;\"\n                \/>\n            <\/a>\n        <\/div>\n\t\t\t\t\t\t\t<\/div> \n\t\t\t\n                            \n\t\t\t\t<div id=\"ngg-image-3\" class=\"ngg-gallery-thumbnail-box\" >\n\t\t\t\t        <div class=\"ngg-gallery-thumbnail\">\n            <a href=\"http:\/\/foto-passion.com\/wp-content\/gallery\/fotostrecke_jordanien_2019\/180_AP5A0919.jpg\"\n               title=\"&lt;strong&gt;Die Landschaft von Petra&lt;\/strong&gt;&lt;br \/&gt;Jordanien 2019&lt;br \/&gt;&lt;span style=&quot;font-size:85%;color:#949494;&quot;&gt;[Bild-Id: 16264]&lt;\/span&gt;\"\n               data-src=\"http:\/\/foto-passion.com\/wp-content\/gallery\/fotostrecke_jordanien_2019\/180_AP5A0919.jpg\"\n               data-thumbnail=\"http:\/\/foto-passion.com\/wp-content\/gallery\/fotostrecke_jordanien_2019\/thumbs\/thumbs_180_AP5A0919.jpg\"\n               data-image-id=\"16264\"\n               data-title=\"Die Landschaft von Petra\"\n               data-description=\"&lt;strong&gt;Die Landschaft von Petra&lt;\/strong&gt;&lt;br \/&gt;Jordanien 2019&lt;br \/&gt;&lt;span style=&quot;font-size:85%;color:#949494;&quot;&gt;[Bild-Id: 16264]&lt;\/span&gt;\"\n               data-image-slug=\"180_ap5a0919-1\"\n               class=\"ngg-simplelightbox\" rel=\"2c307501e42ad0c42198e47e793ada85\">\n                <img loading=\"lazy\"\n                    title=\"Die Landschaft von Petra\"\n                    alt=\"Die Landschaft von Petra\"\n                    src=\"http:\/\/foto-passion.com\/wp-content\/gallery\/fotostrecke_jordanien_2019\/cache\/180_AP5A0919.jpg-nggid0516264-ngg0dyn-150x100x100-00f0w010c011r110f110r010t010.jpg\"\n                    width=\"150\"\n                    height=\"100\"\n                    style=\"max-width:100%;\"\n                \/>\n            <\/a>\n        <\/div>\n\t\t\t\t\t\t\t<\/div> \n\t\t\t\n                                    <br style=\"clear: both\" \/>\n                    \n\t\t\n\t\t<div class=\"ngg-clear\"><\/div>\n\t<\/div>\n<\/p>\t\t\t\t\t<\/div>\n\t\t\t\t\t\t<\/div>\n\t\t\t\t<\/div>\n\t\t\t\t\t\t<\/div>\n\t\t\t\t\t<\/div>\n\t\t<\/div>\n\t\t\t\t\t\t\t\t<\/div>\n\t\t\t\t\t<\/div>\n\t\t<\/section>\n\t\t\t\t<section class=\"elementor-section elementor-top-section elementor-element elementor-element-8eea568 elementor-section-boxed elementor-section-height-default elementor-section-height-default\" data-id=\"8eea568\" data-element_type=\"section\">\n\t\t\t\t\t\t<div class=\"elementor-container elementor-column-gap-default\">\n\t\t\t\t\t\t\t<div class=\"elementor-row\">\n\t\t\t\t\t<div class=\"elementor-column elementor-col-100 elementor-top-column elementor-element elementor-element-aa23c0e\" data-id=\"aa23c0e\" data-element_type=\"column\">\n\t\t\t<div class=\"elementor-column-wrap elementor-element-populated\">\n\t\t\t\t\t\t\t<div class=\"elementor-widget-wrap\">\n\t\t\t\t\t\t<div class=\"elementor-element elementor-element-d14f73e elementor-widget elementor-widget-text-editor\" data-id=\"d14f73e\" data-element_type=\"widget\" data-widget_type=\"text-editor.default\">\n\t\t\t\t<div class=\"elementor-widget-container\">\n\t\t\t\t\t\t\t\t<div class=\"elementor-text-editor elementor-clearfix\">\n\t\t\t\t\t<p style=\"text-align: justify;\">In \u201eLittle Petra\u201c gibt es auch zwei in den Stein gehauene Tempel und jede Menge Souvenirverk\u00e4ufer. In der Schlucht ist es sch\u00f6n schattig und es geht ein angenehmes L\u00fcftchen, so dass wir es gut aushalten k\u00f6nnen. Den ganzen Tag in der Sonne laufen, wird morgen eine Herausforderung.<\/p>\t\t\t\t\t<\/div>\n\t\t\t\t\t\t<\/div>\n\t\t\t\t<\/div>\n\t\t\t\t\t\t<\/div>\n\t\t\t\t\t<\/div>\n\t\t<\/div>\n\t\t\t\t\t\t\t\t<\/div>\n\t\t\t\t\t<\/div>\n\t\t<\/section>\n\t\t\t\t<section class=\"elementor-section elementor-top-section elementor-element elementor-element-8b3628b elementor-section-boxed elementor-section-height-default elementor-section-height-default\" data-id=\"8b3628b\" data-element_type=\"section\">\n\t\t\t\t\t\t<div class=\"elementor-container elementor-column-gap-default\">\n\t\t\t\t\t\t\t<div class=\"elementor-row\">\n\t\t\t\t\t<div class=\"elementor-column elementor-col-100 elementor-top-column elementor-element elementor-element-70a6043\" data-id=\"70a6043\" data-element_type=\"column\">\n\t\t\t<div class=\"elementor-column-wrap elementor-element-populated\">\n\t\t\t\t\t\t\t<div class=\"elementor-widget-wrap\">\n\t\t\t\t\t\t<div class=\"elementor-element elementor-element-bf3bb68 elementor-widget elementor-widget-text-editor\" data-id=\"bf3bb68\" data-element_type=\"widget\" data-widget_type=\"text-editor.default\">\n\t\t\t\t<div class=\"elementor-widget-container\">\n\t\t\t\t\t\t\t\t<div class=\"elementor-text-editor elementor-clearfix\">\n\t\t\t\t\t<p><!-- index.php -->\n<div\n\tclass=\"ngg-galleryoverview ngg-ajax-pagination-none\"\n\tid=\"ngg-gallery-70e0b55646886e48f334e69609d9f993-1\">\n\n    \t\t<!-- Thumbnails -->\n\t\t\t\t<div id=\"ngg-image-0\" class=\"ngg-gallery-thumbnail-box\" >\n\t\t\t\t        <div class=\"ngg-gallery-thumbnail\">\n            <a href=\"http:\/\/foto-passion.com\/wp-content\/gallery\/fotostrecke_jordanien_2019\/181_AP5A0845.jpg\"\n               title=\"&lt;strong&gt;Little Petra&lt;\/strong&gt;&lt;br \/&gt;Jordanien 2019&lt;br \/&gt;&lt;span style=&quot;font-size:85%;color:#949494;&quot;&gt;[Bild-Id: 16260]&lt;\/span&gt;\"\n               data-src=\"http:\/\/foto-passion.com\/wp-content\/gallery\/fotostrecke_jordanien_2019\/181_AP5A0845.jpg\"\n               data-thumbnail=\"http:\/\/foto-passion.com\/wp-content\/gallery\/fotostrecke_jordanien_2019\/thumbs\/thumbs_181_AP5A0845.jpg\"\n               data-image-id=\"16260\"\n               data-title=\"Little Petra\"\n               data-description=\"&lt;strong&gt;Little Petra&lt;\/strong&gt;&lt;br \/&gt;Jordanien 2019&lt;br \/&gt;&lt;span style=&quot;font-size:85%;color:#949494;&quot;&gt;[Bild-Id: 16260]&lt;\/span&gt;\"\n               data-image-slug=\"181_ap5a0845-1\"\n               class=\"ngg-simplelightbox\" rel=\"70e0b55646886e48f334e69609d9f993\">\n                <img loading=\"lazy\"\n                    title=\"Little Petra\"\n                    alt=\"Little Petra\"\n                    src=\"http:\/\/foto-passion.com\/wp-content\/gallery\/fotostrecke_jordanien_2019\/cache\/181_AP5A0845.jpg-nggid0516260-ngg0dyn-150x100x100-00f0w010c011r110f110r010t010.jpg\"\n                    width=\"150\"\n                    height=\"100\"\n                    style=\"max-width:100%;\"\n                \/>\n            <\/a>\n        <\/div>\n\t\t\t\t\t\t\t<\/div> \n\t\t\t\n                            \n\t\t\t\t<div id=\"ngg-image-1\" class=\"ngg-gallery-thumbnail-box\" >\n\t\t\t\t        <div class=\"ngg-gallery-thumbnail\">\n            <a href=\"http:\/\/foto-passion.com\/wp-content\/gallery\/fotostrecke_jordanien_2019\/182_AP5A0853.jpg\"\n               title=\"&lt;strong&gt;Little Petra&lt;\/strong&gt;&lt;br \/&gt;Jordanien 2019&lt;br \/&gt;&lt;span style=&quot;font-size:85%;color:#949494;&quot;&gt;[Bild-Id: 16261]&lt;\/span&gt;\"\n               data-src=\"http:\/\/foto-passion.com\/wp-content\/gallery\/fotostrecke_jordanien_2019\/182_AP5A0853.jpg\"\n               data-thumbnail=\"http:\/\/foto-passion.com\/wp-content\/gallery\/fotostrecke_jordanien_2019\/thumbs\/thumbs_182_AP5A0853.jpg\"\n               data-image-id=\"16261\"\n               data-title=\"Little Petra\"\n               data-description=\"&lt;strong&gt;Little Petra&lt;\/strong&gt;&lt;br \/&gt;Jordanien 2019&lt;br \/&gt;&lt;span style=&quot;font-size:85%;color:#949494;&quot;&gt;[Bild-Id: 16261]&lt;\/span&gt;\"\n               data-image-slug=\"182_ap5a0853-1\"\n               class=\"ngg-simplelightbox\" rel=\"70e0b55646886e48f334e69609d9f993\">\n                <img loading=\"lazy\"\n                    title=\"Little Petra\"\n                    alt=\"Little Petra\"\n                    src=\"http:\/\/foto-passion.com\/wp-content\/gallery\/fotostrecke_jordanien_2019\/cache\/182_AP5A0853.jpg-nggid0516261-ngg0dyn-150x100x100-00f0w010c011r110f110r010t010.jpg\"\n                    width=\"150\"\n                    height=\"100\"\n                    style=\"max-width:100%;\"\n                \/>\n            <\/a>\n        <\/div>\n\t\t\t\t\t\t\t<\/div> \n\t\t\t\n                            \n\t\t\t\t<div id=\"ngg-image-2\" class=\"ngg-gallery-thumbnail-box\" >\n\t\t\t\t        <div class=\"ngg-gallery-thumbnail\">\n            <a href=\"http:\/\/foto-passion.com\/wp-content\/gallery\/fotostrecke_jordanien_2019\/183_AP5A0855.jpg\"\n               title=\"&lt;strong&gt;Little Petra&lt;\/strong&gt;&lt;br \/&gt;Jordanien 2019&lt;br \/&gt;&lt;span style=&quot;font-size:85%;color:#949494;&quot;&gt;[Bild-Id: 16262]&lt;\/span&gt;\"\n               data-src=\"http:\/\/foto-passion.com\/wp-content\/gallery\/fotostrecke_jordanien_2019\/183_AP5A0855.jpg\"\n               data-thumbnail=\"http:\/\/foto-passion.com\/wp-content\/gallery\/fotostrecke_jordanien_2019\/thumbs\/thumbs_183_AP5A0855.jpg\"\n               data-image-id=\"16262\"\n               data-title=\"Little Petra\"\n               data-description=\"&lt;strong&gt;Little Petra&lt;\/strong&gt;&lt;br \/&gt;Jordanien 2019&lt;br \/&gt;&lt;span style=&quot;font-size:85%;color:#949494;&quot;&gt;[Bild-Id: 16262]&lt;\/span&gt;\"\n               data-image-slug=\"183_ap5a0855-1\"\n               class=\"ngg-simplelightbox\" rel=\"70e0b55646886e48f334e69609d9f993\">\n                <img loading=\"lazy\"\n                    title=\"Little Petra\"\n                    alt=\"Little Petra\"\n                    src=\"http:\/\/foto-passion.com\/wp-content\/gallery\/fotostrecke_jordanien_2019\/cache\/183_AP5A0855.jpg-nggid0516262-ngg0dyn-150x100x100-00f0w010c011r110f110r010t010.jpg\"\n                    width=\"150\"\n                    height=\"100\"\n                    style=\"max-width:100%;\"\n                \/>\n            <\/a>\n        <\/div>\n\t\t\t\t\t\t\t<\/div> \n\t\t\t\n                            \n\t\t\t\t<div id=\"ngg-image-3\" class=\"ngg-gallery-thumbnail-box\" >\n\t\t\t\t        <div class=\"ngg-gallery-thumbnail\">\n            <a href=\"http:\/\/foto-passion.com\/wp-content\/gallery\/fotostrecke_jordanien_2019\/184_AP5A0887.jpg\"\n               title=\"&lt;strong&gt;Little Petra&lt;\/strong&gt;&lt;br \/&gt;Jordanien 2019&lt;br \/&gt;&lt;span style=&quot;font-size:85%;color:#949494;&quot;&gt;[Bild-Id: 16263]&lt;\/span&gt;\"\n               data-src=\"http:\/\/foto-passion.com\/wp-content\/gallery\/fotostrecke_jordanien_2019\/184_AP5A0887.jpg\"\n               data-thumbnail=\"http:\/\/foto-passion.com\/wp-content\/gallery\/fotostrecke_jordanien_2019\/thumbs\/thumbs_184_AP5A0887.jpg\"\n               data-image-id=\"16263\"\n               data-title=\"Little Petra\"\n               data-description=\"&lt;strong&gt;Little Petra&lt;\/strong&gt;&lt;br \/&gt;Jordanien 2019&lt;br \/&gt;&lt;span style=&quot;font-size:85%;color:#949494;&quot;&gt;[Bild-Id: 16263]&lt;\/span&gt;\"\n               data-image-slug=\"184_ap5a0887-1\"\n               class=\"ngg-simplelightbox\" rel=\"70e0b55646886e48f334e69609d9f993\">\n                <img loading=\"lazy\"\n                    title=\"Little Petra\"\n                    alt=\"Little Petra\"\n                    src=\"http:\/\/foto-passion.com\/wp-content\/gallery\/fotostrecke_jordanien_2019\/cache\/184_AP5A0887.jpg-nggid0516263-ngg0dyn-150x100x100-00f0w010c011r110f110r010t010.jpg\"\n                    width=\"150\"\n                    height=\"100\"\n                    style=\"max-width:100%;\"\n                \/>\n            <\/a>\n        <\/div>\n\t\t\t\t\t\t\t<\/div> \n\t\t\t\n                                    <br style=\"clear: both\" \/>\n                    \n\t\t\n\t\t<div class=\"ngg-clear\"><\/div>\n\t<\/div>\n<\/p>\t\t\t\t\t<\/div>\n\t\t\t\t\t\t<\/div>\n\t\t\t\t<\/div>\n\t\t\t\t\t\t<\/div>\n\t\t\t\t\t<\/div>\n\t\t<\/div>\n\t\t\t\t\t\t\t\t<\/div>\n\t\t\t\t\t<\/div>\n\t\t<\/section>\n\t\t\t\t<section class=\"elementor-section elementor-top-section elementor-element elementor-element-d207e43 elementor-section-boxed elementor-section-height-default elementor-section-height-default\" data-id=\"d207e43\" data-element_type=\"section\">\n\t\t\t\t\t\t<div class=\"elementor-container elementor-column-gap-default\">\n\t\t\t\t\t\t\t<div class=\"elementor-row\">\n\t\t\t\t\t<div class=\"elementor-column elementor-col-100 elementor-top-column elementor-element elementor-element-6286481\" data-id=\"6286481\" data-element_type=\"column\">\n\t\t\t<div class=\"elementor-column-wrap elementor-element-populated\">\n\t\t\t\t\t\t\t<div class=\"elementor-widget-wrap\">\n\t\t\t\t\t\t<div class=\"elementor-element elementor-element-38a5ff1 elementor-widget elementor-widget-text-editor\" data-id=\"38a5ff1\" data-element_type=\"widget\" data-widget_type=\"text-editor.default\">\n\t\t\t\t<div class=\"elementor-widget-container\">\n\t\t\t\t\t\t\t\t<div class=\"elementor-text-editor elementor-clearfix\">\n\t\t\t\t\t<p style=\"text-align: justify;\">Im Anschluss an diese kurze Wanderung fahren wir noch nach \u201eTaybet Zaman\u201c, wo es angeblich gute Sonnenuntergangs-Ausblicke geben soll. Im Moment steht die Sonne daf\u00fcr aber recht ung\u00fcnstig und schon gestern hatten wir gesehen, dass das mit dem Sonnenuntergang eher bescheiden ist.<\/p><p style=\"text-align: justify;\">Als wir uns auch dazu einen \u00dcberblick verschafft haben, steuern wir in Petra ein Restaurant (\u201cAl Wadi\u201d) an, das in Tripadvisor viele gute Bewertungen hat. Hier gibt es sogar frisch gepressten Fruchtsaft und wir k\u00f6nnen unser Depot an Vitamin C wieder auff\u00fcllen. W\u00e4hrend ich mich f\u00fcr ein typisch beduinisches Gericht mit Schaf und Reis entscheide, w\u00e4hlt Uwe den H\u00fchnchen-Grillspie\u00df. Er bekommt \u201ePappedeckel\u201c (Maistortillas) dazu und wird nicht wirklich satt. Meine Portion ist dagegen nicht nur sehr schmackhaft sondern auch noch so reichlich, dass er von mir noch einen Teil essen kann. Hier kommen wir wieder her, denn es war wirklich lecker.<\/p><p style=\"text-align: justify;\">Jetzt fahren wir zur\u00fcck ins Hotel, erledigen unseren \u201eB\u00fcrokram\u201c wie Bilder sichern, Mails schreiben, googeln und Reisebericht tippen und versuchen, etwas fr\u00fcher schlafen zu gehen, damit wir morgen fr\u00fch zeitig starten k\u00f6nnen.<\/p>\t\t\t\t\t<\/div>\n\t\t\t\t\t\t<\/div>\n\t\t\t\t<\/div>\n\t\t\t\t\t\t<\/div>\n\t\t\t\t\t<\/div>\n\t\t<\/div>\n\t\t\t\t\t\t\t\t<\/div>\n\t\t\t\t\t<\/div>\n\t\t<\/section>\n\t\t\t\t<section class=\"elementor-section elementor-top-section elementor-element elementor-element-e9acaf2 elementor-section-boxed elementor-section-height-default elementor-section-height-default\" data-id=\"e9acaf2\" data-element_type=\"section\">\n\t\t\t\t\t\t<div class=\"elementor-container elementor-column-gap-default\">\n\t\t\t\t\t\t\t<div class=\"elementor-row\">\n\t\t\t\t\t<div class=\"elementor-column elementor-col-100 elementor-top-column elementor-element elementor-element-8aa5766\" data-id=\"8aa5766\" data-element_type=\"column\">\n\t\t\t<div class=\"elementor-column-wrap elementor-element-populated\">\n\t\t\t\t\t\t\t<div class=\"elementor-widget-wrap\">\n\t\t\t\t\t\t<div class=\"elementor-element elementor-element-5cca2a7 elementor-widget elementor-widget-text-editor\" data-id=\"5cca2a7\" data-element_type=\"widget\" data-widget_type=\"text-editor.default\">\n\t\t\t\t<div class=\"elementor-widget-container\">\n\t\t\t\t\t\t\t\t<div class=\"elementor-text-editor elementor-clearfix\">\n\t\t\t\t\t<p><strong>08.10.2019\u00a0\u00a0\u00a0\u00a0 Petra \u201cSellar Hotel\u201d<\/strong><\/p><p style=\"text-align: justify;\">P\u00fcnktlich zur \u201eEr\u00f6ffnung\u201c des Fr\u00fchst\u00fccks stehen wir um 6:30 Uhr im Fr\u00fchst\u00fccksraum. Das Fr\u00fchst\u00fcck ist dann auch recht schnell erledigt, weil doch sehr \u00fcberschaubar. \u00dcberhaupt muss man sagen, dass bei diesem \u2013 immerhin 4-Sterne-Hotel \u2013 Preis-Leistung \u00fcberhaupt nicht stimmt. Allein f\u00fcr die Handt\u00fccher gilt \u2013 wei\u00df l\u00e4sst sich unterschiedlich interpretieren. Wenn meine Putzlappen allerdings so aussehen, werfe ich sie weg. Hier sollen wir uns damit abtrocknen, igitt! \u00dcberhaupt haben in Petra die Zimmerpreise schon utopische Gr\u00f6\u00dfenordnungen erreicht, die nat\u00fcrlich von den Touristen zwangsl\u00e4ufig akzeptiert werden. Dieses Hotel ist fest in italienischer Hand und t\u00e4glich werden ein bis zwei Busladungen von italienischen Touristen \u201eabgeladen\u201c. Das Personal \u2013 ausschlie\u00dflich M\u00e4nner &#8211; ist herablassend arrogant und \u00fcberhaupt nicht freundlich.<\/p><p style=\"text-align: justify;\">Kurz vor 8 Uhr steuern wir das Visitor-Center von Petra an, lassen unsere Jordan-Pass-Tickets scannen und d\u00fcrfen dann passieren. Dieser Jordan-Pass hat uns 80 JD gekostet, wir konnten ihn schon im Vorfeld der Reise online erwerben und er berechtigt zum freien Eintritt in viele Sehensw\u00fcrdigkeiten Jordaniens. Bis jetzt haben wir erst ein einziges Mal extra Eintritt bezahlen m\u00fcssen und das war 1 JD. Ansonsten hat sich der Pass f\u00fcr uns schon gelohnt, zumal er f\u00fcr 3 Tage in Petra freien Eintritt gestattet und das kostet normalerweise pro Person und Tag schon 50 JD.<\/p><p style=\"text-align: justify;\">Petra ist seit 1985 UNESCO-Weltkulturerbe und wurde in einem Wettbewerb 2007 in Lissabon zu einem der neuen sieben Weltwunder gew\u00e4hlt. Unsere Erwartungshaltung ist also entsprechend hoch.<\/p><p style=\"text-align: justify;\">Wir folgen dem Menschenstrom in Richtung Siq und schon jetzt werden wir mehrfach angesprochen, ob wir nicht mit einem Esel oder Pferd fahren wollen. Nein, wir laufen und wollen den Siq in vollen Z\u00fcgen genie\u00dfen \u2013 sofern das bei den vielen Menschen \u00fcberhaupt m\u00f6glich ist. Denn der einzige Weg nach Petra und wieder hinaus f\u00fchrt zu Fu\u00df durch eine rund vier Kilometer lange vielfach gewundene Felsenschlucht Siq al-Mudlem (Schlucht auf arabisch \u201esiq\u201c), deren W\u00e4nde zu beiden Seiten 200 Meter hoch aufragen und die teilweise nur drei Meter breit sind. Diese Schlucht ist mehr als einen Kilometer lang. Es wird immer enger und die Pferde, Kutschen und Esel galoppieren an uns vorbei. Man muss immer ein wenig aufpassen, dass man nicht umgefahren wird.<\/p>\t\t\t\t\t<\/div>\n\t\t\t\t\t\t<\/div>\n\t\t\t\t<\/div>\n\t\t\t\t\t\t<\/div>\n\t\t\t\t\t<\/div>\n\t\t<\/div>\n\t\t\t\t\t\t\t\t<\/div>\n\t\t\t\t\t<\/div>\n\t\t<\/section>\n\t\t\t\t<section class=\"elementor-section elementor-top-section elementor-element elementor-element-4fcc453 elementor-section-boxed elementor-section-height-default elementor-section-height-default\" data-id=\"4fcc453\" data-element_type=\"section\">\n\t\t\t\t\t\t<div class=\"elementor-container elementor-column-gap-default\">\n\t\t\t\t\t\t\t<div class=\"elementor-row\">\n\t\t\t\t\t<div class=\"elementor-column elementor-col-100 elementor-top-column elementor-element elementor-element-49644b1\" data-id=\"49644b1\" data-element_type=\"column\">\n\t\t\t<div class=\"elementor-column-wrap elementor-element-populated\">\n\t\t\t\t\t\t\t<div class=\"elementor-widget-wrap\">\n\t\t\t\t\t\t<div class=\"elementor-element elementor-element-c8b8379 elementor-widget elementor-widget-text-editor\" data-id=\"c8b8379\" data-element_type=\"widget\" data-widget_type=\"text-editor.default\">\n\t\t\t\t<div class=\"elementor-widget-container\">\n\t\t\t\t\t\t\t\t<div class=\"elementor-text-editor elementor-clearfix\">\n\t\t\t\t\t<p style=\"text-align: left;\"><!-- index.php -->\n<div\n\tclass=\"ngg-galleryoverview ngg-ajax-pagination-none\"\n\tid=\"ngg-gallery-943f847a7154a9e225283ab8b2fd381b-1\">\n\n    \t\t<!-- Thumbnails -->\n\t\t\t\t<div id=\"ngg-image-0\" class=\"ngg-gallery-thumbnail-box\" >\n\t\t\t\t        <div class=\"ngg-gallery-thumbnail\">\n            <a href=\"http:\/\/foto-passion.com\/wp-content\/gallery\/fotostrecke_jordanien_2019\/185_AP5A1863.jpg\"\n               title=\"&lt;strong&gt;Zugang zur Felsenstadt Petra&lt;\/strong&gt;&lt;br \/&gt;Jordanien 2019&lt;br \/&gt;&lt;span style=&quot;font-size:85%;color:#949494;&quot;&gt;[Bild-Id: 16321]&lt;\/span&gt;\"\n               data-src=\"http:\/\/foto-passion.com\/wp-content\/gallery\/fotostrecke_jordanien_2019\/185_AP5A1863.jpg\"\n               data-thumbnail=\"http:\/\/foto-passion.com\/wp-content\/gallery\/fotostrecke_jordanien_2019\/thumbs\/thumbs_185_AP5A1863.jpg\"\n               data-image-id=\"16321\"\n               data-title=\"Zugang zur Felsenstadt Petra\"\n               data-description=\"&lt;strong&gt;Zugang zur Felsenstadt Petra&lt;\/strong&gt;&lt;br \/&gt;Jordanien 2019&lt;br \/&gt;&lt;span style=&quot;font-size:85%;color:#949494;&quot;&gt;[Bild-Id: 16321]&lt;\/span&gt;\"\n               data-image-slug=\"185_ap5a1863\"\n               class=\"ngg-simplelightbox\" rel=\"943f847a7154a9e225283ab8b2fd381b\">\n                <img loading=\"lazy\"\n                    title=\"Zugang zur Felsenstadt Petra\"\n                    alt=\"Zugang zur Felsenstadt Petra\"\n                    src=\"http:\/\/foto-passion.com\/wp-content\/gallery\/fotostrecke_jordanien_2019\/cache\/185_AP5A1863.jpg-nggid0516321-ngg0dyn-150x100x100-00f0w010c011r110f110r010t010.jpg\"\n                    width=\"150\"\n                    height=\"100\"\n                    style=\"max-width:100%;\"\n                \/>\n            <\/a>\n        <\/div>\n\t\t\t\t\t\t\t<\/div> \n\t\t\t\n                            \n\t\t\t\t<div id=\"ngg-image-1\" class=\"ngg-gallery-thumbnail-box\" >\n\t\t\t\t        <div class=\"ngg-gallery-thumbnail\">\n            <a href=\"http:\/\/foto-passion.com\/wp-content\/gallery\/fotostrecke_jordanien_2019\/186_AP5A2629.jpg\"\n               title=\"&lt;strong&gt;Zugang zur Felsenstadt Petra&lt;\/strong&gt;&lt;br \/&gt;Jordanien 2019&lt;br \/&gt;&lt;span style=&quot;font-size:85%;color:#949494;&quot;&gt;[Bild-Id: 16366]&lt;\/span&gt;\"\n               data-src=\"http:\/\/foto-passion.com\/wp-content\/gallery\/fotostrecke_jordanien_2019\/186_AP5A2629.jpg\"\n               data-thumbnail=\"http:\/\/foto-passion.com\/wp-content\/gallery\/fotostrecke_jordanien_2019\/thumbs\/thumbs_186_AP5A2629.jpg\"\n               data-image-id=\"16366\"\n               data-title=\"Zugang zur Felsenstadt Petra\"\n               data-description=\"&lt;strong&gt;Zugang zur Felsenstadt Petra&lt;\/strong&gt;&lt;br \/&gt;Jordanien 2019&lt;br \/&gt;&lt;span style=&quot;font-size:85%;color:#949494;&quot;&gt;[Bild-Id: 16366]&lt;\/span&gt;\"\n               data-image-slug=\"186_ap5a2629\"\n               class=\"ngg-simplelightbox\" rel=\"943f847a7154a9e225283ab8b2fd381b\">\n                <img loading=\"lazy\"\n                    title=\"Zugang zur Felsenstadt Petra\"\n                    alt=\"Zugang zur Felsenstadt Petra\"\n                    src=\"http:\/\/foto-passion.com\/wp-content\/gallery\/fotostrecke_jordanien_2019\/cache\/186_AP5A2629.jpg-nggid0516366-ngg0dyn-150x100x100-00f0w010c011r110f110r010t010.jpg\"\n                    width=\"150\"\n                    height=\"100\"\n                    style=\"max-width:100%;\"\n                \/>\n            <\/a>\n        <\/div>\n\t\t\t\t\t\t\t<\/div> \n\t\t\t\n                            \n\t\t\t\t<div id=\"ngg-image-2\" class=\"ngg-gallery-thumbnail-box\" >\n\t\t\t\t        <div class=\"ngg-gallery-thumbnail\">\n            <a href=\"http:\/\/foto-passion.com\/wp-content\/gallery\/fotostrecke_jordanien_2019\/187_AP5A2632.jpg\"\n               title=\"&lt;strong&gt;Zugang zur Felsenstadt Petra&lt;\/strong&gt;&lt;br \/&gt;Jordanien 2019&lt;br \/&gt;&lt;span style=&quot;font-size:85%;color:#949494;&quot;&gt;[Bild-Id: 16367]&lt;\/span&gt;\"\n               data-src=\"http:\/\/foto-passion.com\/wp-content\/gallery\/fotostrecke_jordanien_2019\/187_AP5A2632.jpg\"\n               data-thumbnail=\"http:\/\/foto-passion.com\/wp-content\/gallery\/fotostrecke_jordanien_2019\/thumbs\/thumbs_187_AP5A2632.jpg\"\n               data-image-id=\"16367\"\n               data-title=\"Zugang zur Felsenstadt Petra\"\n               data-description=\"&lt;strong&gt;Zugang zur Felsenstadt Petra&lt;\/strong&gt;&lt;br \/&gt;Jordanien 2019&lt;br \/&gt;&lt;span style=&quot;font-size:85%;color:#949494;&quot;&gt;[Bild-Id: 16367]&lt;\/span&gt;\"\n               data-image-slug=\"187_ap5a2632\"\n               class=\"ngg-simplelightbox\" rel=\"943f847a7154a9e225283ab8b2fd381b\">\n                <img loading=\"lazy\"\n                    title=\"Zugang zur Felsenstadt Petra\"\n                    alt=\"Zugang zur Felsenstadt Petra\"\n                    src=\"http:\/\/foto-passion.com\/wp-content\/gallery\/fotostrecke_jordanien_2019\/cache\/187_AP5A2632.jpg-nggid0516367-ngg0dyn-150x100x100-00f0w010c011r110f110r010t010.jpg\"\n                    width=\"150\"\n                    height=\"100\"\n                    style=\"max-width:100%;\"\n                \/>\n            <\/a>\n        <\/div>\n\t\t\t\t\t\t\t<\/div> \n\t\t\t\n                            \n\t\t\t\t<div id=\"ngg-image-3\" class=\"ngg-gallery-thumbnail-box\" >\n\t\t\t\t        <div class=\"ngg-gallery-thumbnail\">\n            <a href=\"http:\/\/foto-passion.com\/wp-content\/gallery\/fotostrecke_jordanien_2019\/188_AP5A2649.jpg\"\n               title=\"&lt;strong&gt;Siq von Petra&lt;\/strong&gt;&lt;br \/&gt;Jordanien 2019&lt;br \/&gt;&lt;span style=&quot;font-size:85%;color:#949494;&quot;&gt;[Bild-Id: 16369]&lt;\/span&gt;\"\n               data-src=\"http:\/\/foto-passion.com\/wp-content\/gallery\/fotostrecke_jordanien_2019\/188_AP5A2649.jpg\"\n               data-thumbnail=\"http:\/\/foto-passion.com\/wp-content\/gallery\/fotostrecke_jordanien_2019\/thumbs\/thumbs_188_AP5A2649.jpg\"\n               data-image-id=\"16369\"\n               data-title=\"Siq von Petra\"\n               data-description=\"&lt;strong&gt;Siq von Petra&lt;\/strong&gt;&lt;br \/&gt;Jordanien 2019&lt;br \/&gt;&lt;span style=&quot;font-size:85%;color:#949494;&quot;&gt;[Bild-Id: 16369]&lt;\/span&gt;\"\n               data-image-slug=\"188_ap5a2649\"\n               class=\"ngg-simplelightbox\" rel=\"943f847a7154a9e225283ab8b2fd381b\">\n                <img loading=\"lazy\"\n                    title=\"Siq von Petra\"\n                    alt=\"Siq von Petra\"\n                    src=\"http:\/\/foto-passion.com\/wp-content\/gallery\/fotostrecke_jordanien_2019\/cache\/188_AP5A2649.jpg-nggid0516369-ngg0dyn-150x100x100-00f0w010c011r110f110r010t010.jpg\"\n                    width=\"150\"\n                    height=\"100\"\n                    style=\"max-width:100%;\"\n                \/>\n            <\/a>\n        <\/div>\n\t\t\t\t\t\t\t<\/div> \n\t\t\t\n                                    <br style=\"clear: both\" \/>\n                    \n\t\t\t\t<div id=\"ngg-image-4\" class=\"ngg-gallery-thumbnail-box\" >\n\t\t\t\t        <div class=\"ngg-gallery-thumbnail\">\n            <a href=\"http:\/\/foto-passion.com\/wp-content\/gallery\/fotostrecke_jordanien_2019\/189_AP5A1811.jpg\"\n               title=\"&lt;strong&gt;Wassergraben im Siq von Petra&lt;\/strong&gt;&lt;br \/&gt;Jordanien 2019&lt;br \/&gt;&lt;span style=&quot;font-size:85%;color:#949494;&quot;&gt;[Bild-Id: 16318]&lt;\/span&gt;\"\n               data-src=\"http:\/\/foto-passion.com\/wp-content\/gallery\/fotostrecke_jordanien_2019\/189_AP5A1811.jpg\"\n               data-thumbnail=\"http:\/\/foto-passion.com\/wp-content\/gallery\/fotostrecke_jordanien_2019\/thumbs\/thumbs_189_AP5A1811.jpg\"\n               data-image-id=\"16318\"\n               data-title=\"Wassergraben im Siq von Petra\"\n               data-description=\"&lt;strong&gt;Wassergraben im Siq von Petra&lt;\/strong&gt;&lt;br \/&gt;Jordanien 2019&lt;br \/&gt;&lt;span style=&quot;font-size:85%;color:#949494;&quot;&gt;[Bild-Id: 16318]&lt;\/span&gt;\"\n               data-image-slug=\"189_ap5a1811\"\n               class=\"ngg-simplelightbox\" rel=\"943f847a7154a9e225283ab8b2fd381b\">\n                <img loading=\"lazy\"\n                    title=\"Wassergraben im Siq von Petra\"\n                    alt=\"Wassergraben im Siq von Petra\"\n                    src=\"http:\/\/foto-passion.com\/wp-content\/gallery\/fotostrecke_jordanien_2019\/cache\/189_AP5A1811.jpg-nggid0516318-ngg0dyn-150x100x100-00f0w010c011r110f110r010t010.jpg\"\n                    width=\"150\"\n                    height=\"100\"\n                    style=\"max-width:100%;\"\n                \/>\n            <\/a>\n        <\/div>\n\t\t\t\t\t\t\t<\/div> \n\t\t\t\n                            \n\t\t\t\t<div id=\"ngg-image-5\" class=\"ngg-gallery-thumbnail-box\" >\n\t\t\t\t        <div class=\"ngg-gallery-thumbnail\">\n            <a href=\"http:\/\/foto-passion.com\/wp-content\/gallery\/fotostrecke_jordanien_2019\/190_AP5A1869.jpg\"\n               title=\"&lt;strong&gt;Beeindruckender Zugang zur roten Felsenstadt Petra&lt;\/strong&gt;&lt;br \/&gt;Jordanien 2019&lt;br \/&gt;&lt;span style=&quot;font-size:85%;color:#949494;&quot;&gt;[Bild-Id: 16322]&lt;\/span&gt;\"\n               data-src=\"http:\/\/foto-passion.com\/wp-content\/gallery\/fotostrecke_jordanien_2019\/190_AP5A1869.jpg\"\n               data-thumbnail=\"http:\/\/foto-passion.com\/wp-content\/gallery\/fotostrecke_jordanien_2019\/thumbs\/thumbs_190_AP5A1869.jpg\"\n               data-image-id=\"16322\"\n               data-title=\"Beeindruckender Zugang zur roten Felsenstadt Petra\"\n               data-description=\"&lt;strong&gt;Beeindruckender Zugang zur roten Felsenstadt Petra&lt;\/strong&gt;&lt;br \/&gt;Jordanien 2019&lt;br \/&gt;&lt;span style=&quot;font-size:85%;color:#949494;&quot;&gt;[Bild-Id: 16322]&lt;\/span&gt;\"\n               data-image-slug=\"190_ap5a1869\"\n               class=\"ngg-simplelightbox\" rel=\"943f847a7154a9e225283ab8b2fd381b\">\n                <img loading=\"lazy\"\n                    title=\"Beeindruckender Zugang zur roten Felsenstadt Petra\"\n                    alt=\"Beeindruckender Zugang zur roten Felsenstadt Petra\"\n                    src=\"http:\/\/foto-passion.com\/wp-content\/gallery\/fotostrecke_jordanien_2019\/cache\/190_AP5A1869.jpg-nggid0516322-ngg0dyn-150x100x100-00f0w010c011r110f110r010t010.jpg\"\n                    width=\"150\"\n                    height=\"100\"\n                    style=\"max-width:100%;\"\n                \/>\n            <\/a>\n        <\/div>\n\t\t\t\t\t\t\t<\/div> \n\t\t\t\n                            \n\t\t\t\t<div id=\"ngg-image-6\" class=\"ngg-gallery-thumbnail-box\" >\n\t\t\t\t        <div class=\"ngg-gallery-thumbnail\">\n            <a href=\"http:\/\/foto-passion.com\/wp-content\/gallery\/fotostrecke_jordanien_2019\/191_AP5A2708.jpg\"\n               title=\"&lt;strong&gt;Reste einer Steinskulptur im Siq der Felsenstadt&lt;\/strong&gt;&lt;br \/&gt;Jordanien 2019&lt;br \/&gt;&lt;span style=&quot;font-size:85%;color:#949494;&quot;&gt;[Bild-Id: 16375]&lt;\/span&gt;\"\n               data-src=\"http:\/\/foto-passion.com\/wp-content\/gallery\/fotostrecke_jordanien_2019\/191_AP5A2708.jpg\"\n               data-thumbnail=\"http:\/\/foto-passion.com\/wp-content\/gallery\/fotostrecke_jordanien_2019\/thumbs\/thumbs_191_AP5A2708.jpg\"\n               data-image-id=\"16375\"\n               data-title=\"Reste einer Steinskulptur im Siq der Felsenstadt\"\n               data-description=\"&lt;strong&gt;Reste einer Steinskulptur im Siq der Felsenstadt&lt;\/strong&gt;&lt;br \/&gt;Jordanien 2019&lt;br \/&gt;&lt;span style=&quot;font-size:85%;color:#949494;&quot;&gt;[Bild-Id: 16375]&lt;\/span&gt;\"\n               data-image-slug=\"191_ap5a2708\"\n               class=\"ngg-simplelightbox\" rel=\"943f847a7154a9e225283ab8b2fd381b\">\n                <img loading=\"lazy\"\n                    title=\"Reste einer Steinskulptur im Siq der Felsenstadt\"\n                    alt=\"Reste einer Steinskulptur im Siq der Felsenstadt\"\n                    src=\"http:\/\/foto-passion.com\/wp-content\/gallery\/fotostrecke_jordanien_2019\/cache\/191_AP5A2708.jpg-nggid0516375-ngg0dyn-150x100x100-00f0w010c011r110f110r010t010.jpg\"\n                    width=\"150\"\n                    height=\"100\"\n                    style=\"max-width:100%;\"\n                \/>\n            <\/a>\n        <\/div>\n\t\t\t\t\t\t\t<\/div> \n\t\t\t\n                            \n\t\t\t\t<div id=\"ngg-image-7\" class=\"ngg-gallery-thumbnail-box\" >\n\t\t\t\t        <div class=\"ngg-gallery-thumbnail\">\n            <a href=\"http:\/\/foto-passion.com\/wp-content\/gallery\/fotostrecke_jordanien_2019\/192_AP5A2720.jpg\"\n               title=\"&lt;strong&gt;Rote Felsen von Petra&lt;\/strong&gt;&lt;br \/&gt;Jordanien 2019&lt;br \/&gt;&lt;span style=&quot;font-size:85%;color:#949494;&quot;&gt;[Bild-Id: 16376]&lt;\/span&gt;\"\n               data-src=\"http:\/\/foto-passion.com\/wp-content\/gallery\/fotostrecke_jordanien_2019\/192_AP5A2720.jpg\"\n               data-thumbnail=\"http:\/\/foto-passion.com\/wp-content\/gallery\/fotostrecke_jordanien_2019\/thumbs\/thumbs_192_AP5A2720.jpg\"\n               data-image-id=\"16376\"\n               data-title=\"Rote Felsen von Petra\"\n               data-description=\"&lt;strong&gt;Rote Felsen von Petra&lt;\/strong&gt;&lt;br \/&gt;Jordanien 2019&lt;br \/&gt;&lt;span style=&quot;font-size:85%;color:#949494;&quot;&gt;[Bild-Id: 16376]&lt;\/span&gt;\"\n               data-image-slug=\"192_ap5a2720\"\n               class=\"ngg-simplelightbox\" rel=\"943f847a7154a9e225283ab8b2fd381b\">\n                <img loading=\"lazy\"\n                    title=\"Rote Felsen von Petra\"\n                    alt=\"Rote Felsen von Petra\"\n                    src=\"http:\/\/foto-passion.com\/wp-content\/gallery\/fotostrecke_jordanien_2019\/cache\/192_AP5A2720.jpg-nggid0516376-ngg0dyn-150x100x100-00f0w010c011r110f110r010t010.jpg\"\n                    width=\"150\"\n                    height=\"100\"\n                    style=\"max-width:100%;\"\n                \/>\n            <\/a>\n        <\/div>\n\t\t\t\t\t\t\t<\/div> \n\t\t\t\n                                    <br style=\"clear: both\" \/>\n                    \n\t\t\t\t<div id=\"ngg-image-8\" class=\"ngg-gallery-thumbnail-box\" >\n\t\t\t\t        <div class=\"ngg-gallery-thumbnail\">\n            <a href=\"http:\/\/foto-passion.com\/wp-content\/gallery\/fotostrecke_jordanien_2019\/193_AP5A1037.jpg\"\n               title=\"&lt;strong&gt;Der Zugang zur Felsenstadt wird immer enger&lt;\/strong&gt;&lt;br \/&gt;Jordanien 2019&lt;br \/&gt;&lt;span style=&quot;font-size:85%;color:#949494;&quot;&gt;[Bild-Id: 16269]&lt;\/span&gt;\"\n               data-src=\"http:\/\/foto-passion.com\/wp-content\/gallery\/fotostrecke_jordanien_2019\/193_AP5A1037.jpg\"\n               data-thumbnail=\"http:\/\/foto-passion.com\/wp-content\/gallery\/fotostrecke_jordanien_2019\/thumbs\/thumbs_193_AP5A1037.jpg\"\n               data-image-id=\"16269\"\n               data-title=\"Der Zugang zur Felsenstadt wird immer enger\"\n               data-description=\"&lt;strong&gt;Der Zugang zur Felsenstadt wird immer enger&lt;\/strong&gt;&lt;br \/&gt;Jordanien 2019&lt;br \/&gt;&lt;span style=&quot;font-size:85%;color:#949494;&quot;&gt;[Bild-Id: 16269]&lt;\/span&gt;\"\n               data-image-slug=\"193_ap5a1037-1\"\n               class=\"ngg-simplelightbox\" rel=\"943f847a7154a9e225283ab8b2fd381b\">\n                <img loading=\"lazy\"\n                    title=\"Der Zugang zur Felsenstadt wird immer enger\"\n                    alt=\"Der Zugang zur Felsenstadt wird immer enger\"\n                    src=\"http:\/\/foto-passion.com\/wp-content\/gallery\/fotostrecke_jordanien_2019\/cache\/193_AP5A1037.jpg-nggid0516269-ngg0dyn-150x100x100-00f0w010c011r110f110r010t010.jpg\"\n                    width=\"150\"\n                    height=\"100\"\n                    style=\"max-width:100%;\"\n                \/>\n            <\/a>\n        <\/div>\n\t\t\t\t\t\t\t<\/div> \n\t\t\t\n                            \n\t\t\t\t<div id=\"ngg-image-9\" class=\"ngg-gallery-thumbnail-box\" >\n\t\t\t\t        <div class=\"ngg-gallery-thumbnail\">\n            <a href=\"http:\/\/foto-passion.com\/wp-content\/gallery\/fotostrecke_jordanien_2019\/194_AP5A0987.jpg\"\n               title=\"&lt;strong&gt;Gewundene Felsenschlucht Siq al-Mudlem&lt;\/strong&gt;&lt;br \/&gt;Jordanien 2019&lt;br \/&gt;&lt;span style=&quot;font-size:85%;color:#949494;&quot;&gt;[Bild-Id: 16267]&lt;\/span&gt;\"\n               data-src=\"http:\/\/foto-passion.com\/wp-content\/gallery\/fotostrecke_jordanien_2019\/194_AP5A0987.jpg\"\n               data-thumbnail=\"http:\/\/foto-passion.com\/wp-content\/gallery\/fotostrecke_jordanien_2019\/thumbs\/thumbs_194_AP5A0987.jpg\"\n               data-image-id=\"16267\"\n               data-title=\"Gewundene Felsenschlucht Siq al-Mudlem\"\n               data-description=\"&lt;strong&gt;Gewundene Felsenschlucht Siq al-Mudlem&lt;\/strong&gt;&lt;br \/&gt;Jordanien 2019&lt;br \/&gt;&lt;span style=&quot;font-size:85%;color:#949494;&quot;&gt;[Bild-Id: 16267]&lt;\/span&gt;\"\n               data-image-slug=\"194_ap5a0987-1\"\n               class=\"ngg-simplelightbox\" rel=\"943f847a7154a9e225283ab8b2fd381b\">\n                <img loading=\"lazy\"\n                    title=\"Gewundene Felsenschlucht Siq al-Mudlem\"\n                    alt=\"Gewundene Felsenschlucht Siq al-Mudlem\"\n                    src=\"http:\/\/foto-passion.com\/wp-content\/gallery\/fotostrecke_jordanien_2019\/cache\/194_AP5A0987.jpg-nggid0516267-ngg0dyn-150x100x100-00f0w010c011r110f110r010t010.jpg\"\n                    width=\"150\"\n                    height=\"100\"\n                    style=\"max-width:100%;\"\n                \/>\n            <\/a>\n        <\/div>\n\t\t\t\t\t\t\t<\/div> \n\t\t\t\n                            \n\t\t\t\t<div id=\"ngg-image-10\" class=\"ngg-gallery-thumbnail-box\" >\n\t\t\t\t        <div class=\"ngg-gallery-thumbnail\">\n            <a href=\"http:\/\/foto-passion.com\/wp-content\/gallery\/fotostrecke_jordanien_2019\/195_AP5A0955.jpg\"\n               title=\"&lt;strong&gt;Gewundene Felsenschlucht Siq al-Mudlem&lt;\/strong&gt;&lt;br \/&gt;Jordanien 2019&lt;br \/&gt;&lt;span style=&quot;font-size:85%;color:#949494;&quot;&gt;[Bild-Id: 16266]&lt;\/span&gt;\"\n               data-src=\"http:\/\/foto-passion.com\/wp-content\/gallery\/fotostrecke_jordanien_2019\/195_AP5A0955.jpg\"\n               data-thumbnail=\"http:\/\/foto-passion.com\/wp-content\/gallery\/fotostrecke_jordanien_2019\/thumbs\/thumbs_195_AP5A0955.jpg\"\n               data-image-id=\"16266\"\n               data-title=\"Gewundene Felsenschlucht Siq al-Mudlem\"\n               data-description=\"&lt;strong&gt;Gewundene Felsenschlucht Siq al-Mudlem&lt;\/strong&gt;&lt;br \/&gt;Jordanien 2019&lt;br \/&gt;&lt;span style=&quot;font-size:85%;color:#949494;&quot;&gt;[Bild-Id: 16266]&lt;\/span&gt;\"\n               data-image-slug=\"195_ap5a0955-1\"\n               class=\"ngg-simplelightbox\" rel=\"943f847a7154a9e225283ab8b2fd381b\">\n                <img loading=\"lazy\"\n                    title=\"Gewundene Felsenschlucht Siq al-Mudlem\"\n                    alt=\"Gewundene Felsenschlucht Siq al-Mudlem\"\n                    src=\"http:\/\/foto-passion.com\/wp-content\/gallery\/fotostrecke_jordanien_2019\/cache\/195_AP5A0955.jpg-nggid0516266-ngg0dyn-150x100x100-00f0w010c011r110f110r010t010.jpg\"\n                    width=\"150\"\n                    height=\"100\"\n                    style=\"max-width:100%;\"\n                \/>\n            <\/a>\n        <\/div>\n\t\t\t\t\t\t\t<\/div> \n\t\t\t\n                            \n\t\t\t\t<div id=\"ngg-image-11\" class=\"ngg-gallery-thumbnail-box\" >\n\t\t\t\t        <div class=\"ngg-gallery-thumbnail\">\n            <a href=\"http:\/\/foto-passion.com\/wp-content\/gallery\/fotostrecke_jordanien_2019\/196_AP5A1882.jpg\"\n               title=\"&lt;strong&gt;Gewundene Felsenschlucht Siq al-Mudlem&lt;\/strong&gt;&lt;br \/&gt;Jordanien 2019&lt;br \/&gt;&lt;span style=&quot;font-size:85%;color:#949494;&quot;&gt;[Bild-Id: 16323]&lt;\/span&gt;\"\n               data-src=\"http:\/\/foto-passion.com\/wp-content\/gallery\/fotostrecke_jordanien_2019\/196_AP5A1882.jpg\"\n               data-thumbnail=\"http:\/\/foto-passion.com\/wp-content\/gallery\/fotostrecke_jordanien_2019\/thumbs\/thumbs_196_AP5A1882.jpg\"\n               data-image-id=\"16323\"\n               data-title=\"Gewundene Felsenschlucht Siq al-Mudlem\"\n               data-description=\"&lt;strong&gt;Gewundene Felsenschlucht Siq al-Mudlem&lt;\/strong&gt;&lt;br \/&gt;Jordanien 2019&lt;br \/&gt;&lt;span style=&quot;font-size:85%;color:#949494;&quot;&gt;[Bild-Id: 16323]&lt;\/span&gt;\"\n               data-image-slug=\"196_ap5a1882\"\n               class=\"ngg-simplelightbox\" rel=\"943f847a7154a9e225283ab8b2fd381b\">\n                <img loading=\"lazy\"\n                    title=\"Gewundene Felsenschlucht Siq al-Mudlem\"\n                    alt=\"Gewundene Felsenschlucht Siq al-Mudlem\"\n                    src=\"http:\/\/foto-passion.com\/wp-content\/gallery\/fotostrecke_jordanien_2019\/cache\/196_AP5A1882.jpg-nggid0516323-ngg0dyn-150x100x100-00f0w010c011r110f110r010t010.jpg\"\n                    width=\"150\"\n                    height=\"100\"\n                    style=\"max-width:100%;\"\n                \/>\n            <\/a>\n        <\/div>\n\t\t\t\t\t\t\t<\/div> \n\t\t\t\n                                    <br style=\"clear: both\" \/>\n                    \n\t\t\n\t\t<div class=\"ngg-clear\"><\/div>\n\t<\/div>\n<\/p>\t\t\t\t\t<\/div>\n\t\t\t\t\t\t<\/div>\n\t\t\t\t<\/div>\n\t\t\t\t\t\t<\/div>\n\t\t\t\t\t<\/div>\n\t\t<\/div>\n\t\t\t\t\t\t\t\t<\/div>\n\t\t\t\t\t<\/div>\n\t\t<\/section>\n\t\t\t\t<section class=\"elementor-section elementor-top-section elementor-element elementor-element-885ee3f elementor-section-boxed elementor-section-height-default elementor-section-height-default\" data-id=\"885ee3f\" data-element_type=\"section\">\n\t\t\t\t\t\t<div class=\"elementor-container elementor-column-gap-default\">\n\t\t\t\t\t\t\t<div class=\"elementor-row\">\n\t\t\t\t\t<div class=\"elementor-column elementor-col-100 elementor-top-column elementor-element elementor-element-21f37e6\" data-id=\"21f37e6\" data-element_type=\"column\">\n\t\t\t<div class=\"elementor-column-wrap elementor-element-populated\">\n\t\t\t\t\t\t\t<div class=\"elementor-widget-wrap\">\n\t\t\t\t\t\t<div class=\"elementor-element elementor-element-f8f9c4a elementor-widget elementor-widget-text-editor\" data-id=\"f8f9c4a\" data-element_type=\"widget\" data-widget_type=\"text-editor.default\">\n\t\t\t\t<div class=\"elementor-widget-container\">\n\t\t\t\t\t\t\t\t<div class=\"elementor-text-editor elementor-clearfix\">\n\t\t\t\t\t<p style=\"text-align: justify;\">Am Ende der Schlucht, an der engsten Stelle, tut sich uns &#8211; \u00a0zuerst nur einen Spalt breit &#8211; ein unvergesslicher Anblick auf: die Fassade des \u201eal-Khazneh\u201c, bekannt als \u201eSchatzhaus\u201c oder \u201eTreasury\u201c, unsterblich gemacht von Harrison Ford in \u201eIndiana Jones und der letzte Kreuzzug\u201c. Wenige Schritte sp\u00e4ter k\u00f6nnen wir das \u00fcberw\u00e4ltigende Schatzhaus des Pharaos, das \u201eal-Khazneh\u201c &#8211; datiert ins Jahr 56 v. Chr. &#8211; in seiner vollen Pracht bewundern. Es ist gigantisch, was sich hier vor uns auftut und wir k\u00f6nnen uns kaum vorstellen, wie das von den Nabat\u00e4ern vor mehr als 2000 Jahren ohne die heute zur Verf\u00fcgung stehenden Hilfsmittel erbaut wurde. Allein die enormen Ausma\u00dfe dieses riesigen, in den dunkelrosafarbenen Sandsteinfelsen geschlagenen Geb\u00e4udes im griechischen Stil, mit einer Breite von 30 Metern und einer H\u00f6he von 43 Metern stellt alles bisher Gesehene in den Schatten. Und tats\u00e4chlich &#8211; so viel hatten wir schon \u00fcber Petra gelesen, geh\u00f6rt oder auf Bildern gesehen und doch bereitet einen nichts auf dieses Weltwunder der Neuzeit vor. Petra muss man mit eigenen Augen gesehen haben, um es zu glauben. Ob man es begreifen kann, bleibt dennoch dahingestellt.<\/p>\t\t\t\t\t<\/div>\n\t\t\t\t\t\t<\/div>\n\t\t\t\t<\/div>\n\t\t\t\t\t\t<\/div>\n\t\t\t\t\t<\/div>\n\t\t<\/div>\n\t\t\t\t\t\t\t\t<\/div>\n\t\t\t\t\t<\/div>\n\t\t<\/section>\n\t\t\t\t<section class=\"elementor-section elementor-top-section elementor-element elementor-element-bc2ec1b elementor-section-boxed elementor-section-height-default elementor-section-height-default\" data-id=\"bc2ec1b\" data-element_type=\"section\">\n\t\t\t\t\t\t<div class=\"elementor-container elementor-column-gap-default\">\n\t\t\t\t\t\t\t<div class=\"elementor-row\">\n\t\t\t\t\t<div class=\"elementor-column elementor-col-100 elementor-top-column elementor-element elementor-element-cf61dbe\" data-id=\"cf61dbe\" data-element_type=\"column\">\n\t\t\t<div class=\"elementor-column-wrap elementor-element-populated\">\n\t\t\t\t\t\t\t<div class=\"elementor-widget-wrap\">\n\t\t\t\t\t\t<div class=\"elementor-element elementor-element-eca87f3 elementor-widget elementor-widget-text-editor\" data-id=\"eca87f3\" data-element_type=\"widget\" data-widget_type=\"text-editor.default\">\n\t\t\t\t<div class=\"elementor-widget-container\">\n\t\t\t\t\t\t\t\t<div class=\"elementor-text-editor elementor-clearfix\">\n\t\t\t\t\t<p style=\"text-align: left;\"><!-- index.php -->\n<div\n\tclass=\"ngg-galleryoverview ngg-ajax-pagination-none\"\n\tid=\"ngg-gallery-aedb870ade2dbe0a8ad2c40e443db9dd-1\">\n\n    \t\t<!-- Thumbnails -->\n\t\t\t\t<div id=\"ngg-image-0\" class=\"ngg-gallery-thumbnail-box\" >\n\t\t\t\t        <div class=\"ngg-gallery-thumbnail\">\n            <a href=\"http:\/\/foto-passion.com\/wp-content\/gallery\/fotostrecke_jordanien_2019\/197_AP5A1788.jpg\"\n               title=\"&lt;strong&gt;Der erste Blick auf das rote Petra&lt;\/strong&gt;&lt;br \/&gt;Jordanien 2019&lt;br \/&gt;&lt;span style=&quot;font-size:85%;color:#949494;&quot;&gt;[Bild-Id: 16316]&lt;\/span&gt;\"\n               data-src=\"http:\/\/foto-passion.com\/wp-content\/gallery\/fotostrecke_jordanien_2019\/197_AP5A1788.jpg\"\n               data-thumbnail=\"http:\/\/foto-passion.com\/wp-content\/gallery\/fotostrecke_jordanien_2019\/thumbs\/thumbs_197_AP5A1788.jpg\"\n               data-image-id=\"16316\"\n               data-title=\"Der erste Blick auf das rote Petra\"\n               data-description=\"&lt;strong&gt;Der erste Blick auf das rote Petra&lt;\/strong&gt;&lt;br \/&gt;Jordanien 2019&lt;br \/&gt;&lt;span style=&quot;font-size:85%;color:#949494;&quot;&gt;[Bild-Id: 16316]&lt;\/span&gt;\"\n               data-image-slug=\"197_ap5a1788\"\n               class=\"ngg-simplelightbox\" rel=\"aedb870ade2dbe0a8ad2c40e443db9dd\">\n                <img loading=\"lazy\"\n                    title=\"Der erste Blick auf das rote Petra\"\n                    alt=\"Der erste Blick auf das rote Petra\"\n                    src=\"http:\/\/foto-passion.com\/wp-content\/gallery\/fotostrecke_jordanien_2019\/cache\/197_AP5A1788.jpg-nggid0516316-ngg0dyn-150x100x100-00f0w010c011r110f110r010t010.jpg\"\n                    width=\"150\"\n                    height=\"100\"\n                    style=\"max-width:100%;\"\n                \/>\n            <\/a>\n        <\/div>\n\t\t\t\t\t\t\t<\/div> \n\t\t\t\n                            \n\t\t\t\t<div id=\"ngg-image-1\" class=\"ngg-gallery-thumbnail-box\" >\n\t\t\t\t        <div class=\"ngg-gallery-thumbnail\">\n            <a href=\"http:\/\/foto-passion.com\/wp-content\/gallery\/fotostrecke_jordanien_2019\/198_AP5A2340.jpg\"\n               title=\"&lt;strong&gt;Schatzkammer Al-Khazneh (auch Khazne al-Firau, \u201eSchatzhaus des Pharao\u201c)&lt;\/strong&gt;&lt;br \/&gt;Jordanien 2019&lt;br \/&gt;&lt;span style=&quot;font-size:85%;color:#949494;&quot;&gt;[Bild-Id: 16352]&lt;\/span&gt;\"\n               data-src=\"http:\/\/foto-passion.com\/wp-content\/gallery\/fotostrecke_jordanien_2019\/198_AP5A2340.jpg\"\n               data-thumbnail=\"http:\/\/foto-passion.com\/wp-content\/gallery\/fotostrecke_jordanien_2019\/thumbs\/thumbs_198_AP5A2340.jpg\"\n               data-image-id=\"16352\"\n               data-title=\"Schatzkammer Al-Khazneh (auch Khazne al-Firau, \u201eSchatzhaus des Pharao\u201c)\"\n               data-description=\"&lt;strong&gt;Schatzkammer Al-Khazneh (auch Khazne al-Firau, \u201eSchatzhaus des Pharao\u201c)&lt;\/strong&gt;&lt;br \/&gt;Jordanien 2019&lt;br \/&gt;&lt;span style=&quot;font-size:85%;color:#949494;&quot;&gt;[Bild-Id: 16352]&lt;\/span&gt;\"\n               data-image-slug=\"198_ap5a2340\"\n               class=\"ngg-simplelightbox\" rel=\"aedb870ade2dbe0a8ad2c40e443db9dd\">\n                <img loading=\"lazy\"\n                    title=\"Schatzkammer Al-Khazneh (auch Khazne al-Firau, \u201eSchatzhaus des Pharao\u201c)\"\n                    alt=\"Schatzkammer Al-Khazneh (auch Khazne al-Firau, \u201eSchatzhaus des Pharao\u201c)\"\n                    src=\"http:\/\/foto-passion.com\/wp-content\/gallery\/fotostrecke_jordanien_2019\/cache\/198_AP5A2340.jpg-nggid0516352-ngg0dyn-150x100x100-00f0w010c011r110f110r010t010.jpg\"\n                    width=\"150\"\n                    height=\"100\"\n                    style=\"max-width:100%;\"\n                \/>\n            <\/a>\n        <\/div>\n\t\t\t\t\t\t\t<\/div> \n\t\t\t\n                            \n\t\t\t\t<div id=\"ngg-image-2\" class=\"ngg-gallery-thumbnail-box\" >\n\t\t\t\t        <div class=\"ngg-gallery-thumbnail\">\n            <a href=\"http:\/\/foto-passion.com\/wp-content\/gallery\/fotostrecke_jordanien_2019\/199_AP5A1035.jpg\"\n               title=\"&lt;strong&gt;Schatzkammer Al-Khazneh (auch Khazne al-Firau, \u201eSchatzhaus des Pharao\u201c)&lt;\/strong&gt;&lt;br \/&gt;Jordanien 2019&lt;br \/&gt;&lt;span style=&quot;font-size:85%;color:#949494;&quot;&gt;[Bild-Id: 16268]&lt;\/span&gt;\"\n               data-src=\"http:\/\/foto-passion.com\/wp-content\/gallery\/fotostrecke_jordanien_2019\/199_AP5A1035.jpg\"\n               data-thumbnail=\"http:\/\/foto-passion.com\/wp-content\/gallery\/fotostrecke_jordanien_2019\/thumbs\/thumbs_199_AP5A1035.jpg\"\n               data-image-id=\"16268\"\n               data-title=\"Schatzkammer Al-Khazneh (auch Khazne al-Firau, \u201eSchatzhaus des Pharao\u201c)\"\n               data-description=\"&lt;strong&gt;Schatzkammer Al-Khazneh (auch Khazne al-Firau, \u201eSchatzhaus des Pharao\u201c)&lt;\/strong&gt;&lt;br \/&gt;Jordanien 2019&lt;br \/&gt;&lt;span style=&quot;font-size:85%;color:#949494;&quot;&gt;[Bild-Id: 16268]&lt;\/span&gt;\"\n               data-image-slug=\"199_ap5a1035-1\"\n               class=\"ngg-simplelightbox\" rel=\"aedb870ade2dbe0a8ad2c40e443db9dd\">\n                <img loading=\"lazy\"\n                    title=\"Schatzkammer Al-Khazneh (auch Khazne al-Firau, \u201eSchatzhaus des Pharao\u201c)\"\n                    alt=\"Schatzkammer Al-Khazneh (auch Khazne al-Firau, \u201eSchatzhaus des Pharao\u201c)\"\n                    src=\"http:\/\/foto-passion.com\/wp-content\/gallery\/fotostrecke_jordanien_2019\/cache\/199_AP5A1035.jpg-nggid0516268-ngg0dyn-150x100x100-00f0w010c011r110f110r010t010.jpg\"\n                    width=\"150\"\n                    height=\"100\"\n                    style=\"max-width:100%;\"\n                \/>\n            <\/a>\n        <\/div>\n\t\t\t\t\t\t\t<\/div> \n\t\t\t\n                            \n\t\t\t\t<div id=\"ngg-image-3\" class=\"ngg-gallery-thumbnail-box\" >\n\t\t\t\t        <div class=\"ngg-gallery-thumbnail\">\n            <a href=\"http:\/\/foto-passion.com\/wp-content\/gallery\/fotostrecke_jordanien_2019\/200_AP5A1807.jpg\"\n               title=\"&lt;strong&gt;Am Ende des Siq al-Mudlem&lt;\/strong&gt;&lt;br \/&gt;Jordanien 2019&lt;br \/&gt;&lt;span style=&quot;font-size:85%;color:#949494;&quot;&gt;[Bild-Id: 16317]&lt;\/span&gt;\"\n               data-src=\"http:\/\/foto-passion.com\/wp-content\/gallery\/fotostrecke_jordanien_2019\/200_AP5A1807.jpg\"\n               data-thumbnail=\"http:\/\/foto-passion.com\/wp-content\/gallery\/fotostrecke_jordanien_2019\/thumbs\/thumbs_200_AP5A1807.jpg\"\n               data-image-id=\"16317\"\n               data-title=\"Am Ende des Siq al-Mudlem\"\n               data-description=\"&lt;strong&gt;Am Ende des Siq al-Mudlem&lt;\/strong&gt;&lt;br \/&gt;Jordanien 2019&lt;br \/&gt;&lt;span style=&quot;font-size:85%;color:#949494;&quot;&gt;[Bild-Id: 16317]&lt;\/span&gt;\"\n               data-image-slug=\"200_ap5a1807\"\n               class=\"ngg-simplelightbox\" rel=\"aedb870ade2dbe0a8ad2c40e443db9dd\">\n                <img loading=\"lazy\"\n                    title=\"Am Ende des Siq al-Mudlem\"\n                    alt=\"Am Ende des Siq al-Mudlem\"\n                    src=\"http:\/\/foto-passion.com\/wp-content\/gallery\/fotostrecke_jordanien_2019\/cache\/200_AP5A1807.jpg-nggid0516317-ngg0dyn-150x100x100-00f0w010c011r110f110r010t010.jpg\"\n                    width=\"150\"\n                    height=\"100\"\n                    style=\"max-width:100%;\"\n                \/>\n            <\/a>\n        <\/div>\n\t\t\t\t\t\t\t<\/div> \n\t\t\t\n                                    <br style=\"clear: both\" \/>\n                    \n\t\t\n\t\t<div class=\"ngg-clear\"><\/div>\n\t<\/div>\n<\/p>\t\t\t\t\t<\/div>\n\t\t\t\t\t\t<\/div>\n\t\t\t\t<\/div>\n\t\t\t\t\t\t<\/div>\n\t\t\t\t\t<\/div>\n\t\t<\/div>\n\t\t\t\t\t\t\t\t<\/div>\n\t\t\t\t\t<\/div>\n\t\t<\/section>\n\t\t\t\t<section class=\"elementor-section elementor-top-section elementor-element elementor-element-b8e60c8 elementor-section-boxed elementor-section-height-default elementor-section-height-default\" data-id=\"b8e60c8\" data-element_type=\"section\">\n\t\t\t\t\t\t<div class=\"elementor-container elementor-column-gap-default\">\n\t\t\t\t\t\t\t<div class=\"elementor-row\">\n\t\t\t\t\t<div class=\"elementor-column elementor-col-100 elementor-top-column elementor-element elementor-element-326fb0c\" data-id=\"326fb0c\" data-element_type=\"column\">\n\t\t\t<div class=\"elementor-column-wrap elementor-element-populated\">\n\t\t\t\t\t\t\t<div class=\"elementor-widget-wrap\">\n\t\t\t\t\t\t<div class=\"elementor-element elementor-element-e5a1e0d elementor-widget elementor-widget-text-editor\" data-id=\"e5a1e0d\" data-element_type=\"widget\" data-widget_type=\"text-editor.default\">\n\t\t\t\t<div class=\"elementor-widget-container\">\n\t\t\t\t\t\t\t\t<div class=\"elementor-text-editor elementor-clearfix\">\n\t\t\t\t\t<p style=\"text-align: justify;\">Das Schatzhaus de Pharao wurde als Grab eines bedeutenden Nabat\u00e4erk\u00f6nigs gemei\u00dfelt. Die Fassade ist reich dekoriert mit korinthischen Kapitelen, Friesen und Reliefs und sie wird gekr\u00f6nt von einer riesigen Urne, die einer Legende nach den Schatz des Pharaos enthielt. Es ist Petras ber\u00fchmtestes und am besten erhaltene Monument und doch nur eines von unz\u00e4hligen architektonischen Wundern, die in Petra zu besichtigen sind, denn hinter dem \u201eal-Khazneh\u201c erstrecken sich die Ruinen einer einst bl\u00fchenden Stadt und eines wichtigen Handelszentrums, das bis zur Mitte des 1. Jh. die alten Karawanenrouten kontrollierte, die Arabien mit Nordafrika und dem Mittelmeerraum verbanden.<\/p>\t\t\t\t\t<\/div>\n\t\t\t\t\t\t<\/div>\n\t\t\t\t<\/div>\n\t\t\t\t\t\t<\/div>\n\t\t\t\t\t<\/div>\n\t\t<\/div>\n\t\t\t\t\t\t\t\t<\/div>\n\t\t\t\t\t<\/div>\n\t\t<\/section>\n\t\t\t\t<section class=\"elementor-section elementor-top-section elementor-element elementor-element-377d20b elementor-section-boxed elementor-section-height-default elementor-section-height-default\" data-id=\"377d20b\" data-element_type=\"section\">\n\t\t\t\t\t\t<div class=\"elementor-container elementor-column-gap-default\">\n\t\t\t\t\t\t\t<div class=\"elementor-row\">\n\t\t\t\t\t<div class=\"elementor-column elementor-col-100 elementor-top-column elementor-element elementor-element-01e79ae\" data-id=\"01e79ae\" data-element_type=\"column\">\n\t\t\t<div class=\"elementor-column-wrap elementor-element-populated\">\n\t\t\t\t\t\t\t<div class=\"elementor-widget-wrap\">\n\t\t\t\t\t\t<div class=\"elementor-element elementor-element-1275c84 elementor-widget elementor-widget-text-editor\" data-id=\"1275c84\" data-element_type=\"widget\" data-widget_type=\"text-editor.default\">\n\t\t\t\t<div class=\"elementor-widget-container\">\n\t\t\t\t\t\t\t\t<div class=\"elementor-text-editor elementor-clearfix\">\n\t\t\t\t\t<p style=\"text-align: justify;\"><!-- index.php -->\n<div\n\tclass=\"ngg-galleryoverview ngg-ajax-pagination-none\"\n\tid=\"ngg-gallery-a7e6d2a4f58bce5ef4eda5e85f2ff8f5-1\">\n\n    \t\t<!-- Thumbnails -->\n\t\t\t\t<div id=\"ngg-image-0\" class=\"ngg-gallery-thumbnail-box\" >\n\t\t\t\t        <div class=\"ngg-gallery-thumbnail\">\n            <a href=\"http:\/\/foto-passion.com\/wp-content\/gallery\/fotostrecke_jordanien_2019\/201_AP5A2738.jpg\"\n               title=\"&lt;strong&gt;Details am Schatzhaus&lt;\/strong&gt;&lt;br \/&gt;Jordanien 2019&lt;br \/&gt;&lt;span style=&quot;font-size:85%;color:#949494;&quot;&gt;[Bild-Id: 16378]&lt;\/span&gt;\"\n               data-src=\"http:\/\/foto-passion.com\/wp-content\/gallery\/fotostrecke_jordanien_2019\/201_AP5A2738.jpg\"\n               data-thumbnail=\"http:\/\/foto-passion.com\/wp-content\/gallery\/fotostrecke_jordanien_2019\/thumbs\/thumbs_201_AP5A2738.jpg\"\n               data-image-id=\"16378\"\n               data-title=\"Details am Schatzhaus\"\n               data-description=\"&lt;strong&gt;Details am Schatzhaus&lt;\/strong&gt;&lt;br \/&gt;Jordanien 2019&lt;br \/&gt;&lt;span style=&quot;font-size:85%;color:#949494;&quot;&gt;[Bild-Id: 16378]&lt;\/span&gt;\"\n               data-image-slug=\"201_ap5a2738\"\n               class=\"ngg-simplelightbox\" rel=\"a7e6d2a4f58bce5ef4eda5e85f2ff8f5\">\n                <img loading=\"lazy\"\n                    title=\"Details am Schatzhaus\"\n                    alt=\"Details am Schatzhaus\"\n                    src=\"http:\/\/foto-passion.com\/wp-content\/gallery\/fotostrecke_jordanien_2019\/cache\/201_AP5A2738.jpg-nggid0516378-ngg0dyn-150x100x100-00f0w010c011r110f110r010t010.jpg\"\n                    width=\"150\"\n                    height=\"100\"\n                    style=\"max-width:100%;\"\n                \/>\n            <\/a>\n        <\/div>\n\t\t\t\t\t\t\t<\/div> \n\t\t\t\n                            \n\t\t\t\t<div id=\"ngg-image-1\" class=\"ngg-gallery-thumbnail-box\" >\n\t\t\t\t        <div class=\"ngg-gallery-thumbnail\">\n            <a href=\"http:\/\/foto-passion.com\/wp-content\/gallery\/fotostrecke_jordanien_2019\/202_AP5A2744.jpg\"\n               title=\"&lt;strong&gt;Details am Schatzhaus&lt;\/strong&gt;&lt;br \/&gt;Jordanien 2019&lt;br \/&gt;&lt;span style=&quot;font-size:85%;color:#949494;&quot;&gt;[Bild-Id: 16379]&lt;\/span&gt;\"\n               data-src=\"http:\/\/foto-passion.com\/wp-content\/gallery\/fotostrecke_jordanien_2019\/202_AP5A2744.jpg\"\n               data-thumbnail=\"http:\/\/foto-passion.com\/wp-content\/gallery\/fotostrecke_jordanien_2019\/thumbs\/thumbs_202_AP5A2744.jpg\"\n               data-image-id=\"16379\"\n               data-title=\"Details am Schatzhaus\"\n               data-description=\"&lt;strong&gt;Details am Schatzhaus&lt;\/strong&gt;&lt;br \/&gt;Jordanien 2019&lt;br \/&gt;&lt;span style=&quot;font-size:85%;color:#949494;&quot;&gt;[Bild-Id: 16379]&lt;\/span&gt;\"\n               data-image-slug=\"202_ap5a2744\"\n               class=\"ngg-simplelightbox\" rel=\"a7e6d2a4f58bce5ef4eda5e85f2ff8f5\">\n                <img loading=\"lazy\"\n                    title=\"Details am Schatzhaus\"\n                    alt=\"Details am Schatzhaus\"\n                    src=\"http:\/\/foto-passion.com\/wp-content\/gallery\/fotostrecke_jordanien_2019\/cache\/202_AP5A2744.jpg-nggid0516379-ngg0dyn-150x100x100-00f0w010c011r110f110r010t010.jpg\"\n                    width=\"150\"\n                    height=\"100\"\n                    style=\"max-width:100%;\"\n                \/>\n            <\/a>\n        <\/div>\n\t\t\t\t\t\t\t<\/div> \n\t\t\t\n                            \n\t\t\t\t<div id=\"ngg-image-2\" class=\"ngg-gallery-thumbnail-box\" >\n\t\t\t\t        <div class=\"ngg-gallery-thumbnail\">\n            <a href=\"http:\/\/foto-passion.com\/wp-content\/gallery\/fotostrecke_jordanien_2019\/203_AP5A2752.jpg\"\n               title=\"&lt;strong&gt;Details am Schatzhaus&lt;\/strong&gt;&lt;br \/&gt;Jordanien 2019&lt;br \/&gt;&lt;span style=&quot;font-size:85%;color:#949494;&quot;&gt;[Bild-Id: 16380]&lt;\/span&gt;\"\n               data-src=\"http:\/\/foto-passion.com\/wp-content\/gallery\/fotostrecke_jordanien_2019\/203_AP5A2752.jpg\"\n               data-thumbnail=\"http:\/\/foto-passion.com\/wp-content\/gallery\/fotostrecke_jordanien_2019\/thumbs\/thumbs_203_AP5A2752.jpg\"\n               data-image-id=\"16380\"\n               data-title=\"Details am Schatzhaus\"\n               data-description=\"&lt;strong&gt;Details am Schatzhaus&lt;\/strong&gt;&lt;br \/&gt;Jordanien 2019&lt;br \/&gt;&lt;span style=&quot;font-size:85%;color:#949494;&quot;&gt;[Bild-Id: 16380]&lt;\/span&gt;\"\n               data-image-slug=\"203_ap5a2752\"\n               class=\"ngg-simplelightbox\" rel=\"a7e6d2a4f58bce5ef4eda5e85f2ff8f5\">\n                <img loading=\"lazy\"\n                    title=\"Details am Schatzhaus\"\n                    alt=\"Details am Schatzhaus\"\n                    src=\"http:\/\/foto-passion.com\/wp-content\/gallery\/fotostrecke_jordanien_2019\/cache\/203_AP5A2752.jpg-nggid0516380-ngg0dyn-150x100x100-00f0w010c011r110f110r010t010.jpg\"\n                    width=\"150\"\n                    height=\"100\"\n                    style=\"max-width:100%;\"\n                \/>\n            <\/a>\n        <\/div>\n\t\t\t\t\t\t\t<\/div> \n\t\t\t\n                            \n\t\t\n\t\t<div class=\"ngg-clear\"><\/div>\n\t<\/div>\n<\/p>\t\t\t\t\t<\/div>\n\t\t\t\t\t\t<\/div>\n\t\t\t\t<\/div>\n\t\t\t\t\t\t<\/div>\n\t\t\t\t\t<\/div>\n\t\t<\/div>\n\t\t\t\t\t\t\t\t<\/div>\n\t\t\t\t\t<\/div>\n\t\t<\/section>\n\t\t\t\t<section class=\"elementor-section elementor-top-section elementor-element elementor-element-8217adf elementor-section-boxed elementor-section-height-default elementor-section-height-default\" data-id=\"8217adf\" data-element_type=\"section\">\n\t\t\t\t\t\t<div class=\"elementor-container elementor-column-gap-default\">\n\t\t\t\t\t\t\t<div class=\"elementor-row\">\n\t\t\t\t\t<div class=\"elementor-column elementor-col-100 elementor-top-column elementor-element elementor-element-d6ea03c\" data-id=\"d6ea03c\" data-element_type=\"column\">\n\t\t\t<div class=\"elementor-column-wrap elementor-element-populated\">\n\t\t\t\t\t\t\t<div class=\"elementor-widget-wrap\">\n\t\t\t\t\t\t<div class=\"elementor-element elementor-element-2850c8f elementor-widget elementor-widget-text-editor\" data-id=\"2850c8f\" data-element_type=\"widget\" data-widget_type=\"text-editor.default\">\n\t\t\t\t<div class=\"elementor-widget-container\">\n\t\t\t\t\t\t\t\t<div class=\"elementor-text-editor elementor-clearfix\">\n\t\t\t\t\t<p style=\"text-align: justify;\">Bevor wir den gro\u00dfen Vorplatz vor dem Schatzhaus verlassen, bietet sich uns hier noch ein kleines Schauspiel. H\u00fcbsch zurecht gemachte Beduinenreiter stellen sich und ihre Pferde zur Schau, um f\u00fcr einen Werbefilm zu posieren. Auch Kamele und Esel warten wieder auf Kundschaft.<\/p>\t\t\t\t\t<\/div>\n\t\t\t\t\t\t<\/div>\n\t\t\t\t<\/div>\n\t\t\t\t\t\t<\/div>\n\t\t\t\t\t<\/div>\n\t\t<\/div>\n\t\t\t\t\t\t\t\t<\/div>\n\t\t\t\t\t<\/div>\n\t\t<\/section>\n\t\t\t\t<section class=\"elementor-section elementor-top-section elementor-element elementor-element-7ac45b1 elementor-section-boxed elementor-section-height-default elementor-section-height-default\" data-id=\"7ac45b1\" data-element_type=\"section\">\n\t\t\t\t\t\t<div class=\"elementor-container elementor-column-gap-default\">\n\t\t\t\t\t\t\t<div class=\"elementor-row\">\n\t\t\t\t\t<div class=\"elementor-column elementor-col-100 elementor-top-column elementor-element elementor-element-892daf4\" data-id=\"892daf4\" data-element_type=\"column\">\n\t\t\t<div class=\"elementor-column-wrap elementor-element-populated\">\n\t\t\t\t\t\t\t<div class=\"elementor-widget-wrap\">\n\t\t\t\t\t\t<div class=\"elementor-element elementor-element-5a68a15 elementor-widget elementor-widget-text-editor\" data-id=\"5a68a15\" data-element_type=\"widget\" data-widget_type=\"text-editor.default\">\n\t\t\t\t<div class=\"elementor-widget-container\">\n\t\t\t\t\t\t\t\t<div class=\"elementor-text-editor elementor-clearfix\">\n\t\t\t\t\t<p style=\"text-align: left;\"><!-- index.php -->\n<div\n\tclass=\"ngg-galleryoverview ngg-ajax-pagination-none\"\n\tid=\"ngg-gallery-12b009a409a8daa4578e36702b4ca961-1\">\n\n    \t\t<!-- Thumbnails -->\n\t\t\t\t<div id=\"ngg-image-0\" class=\"ngg-gallery-thumbnail-box\" >\n\t\t\t\t        <div class=\"ngg-gallery-thumbnail\">\n            <a href=\"http:\/\/foto-passion.com\/wp-content\/gallery\/fotostrecke_jordanien_2019\/204_AP5A1079.jpg\"\n               title=\"&lt;strong&gt;Filmkulisse&lt;\/strong&gt;&lt;br \/&gt;Jordanien 2019&lt;br \/&gt;&lt;span style=&quot;font-size:85%;color:#949494;&quot;&gt;[Bild-Id: 16271]&lt;\/span&gt;\"\n               data-src=\"http:\/\/foto-passion.com\/wp-content\/gallery\/fotostrecke_jordanien_2019\/204_AP5A1079.jpg\"\n               data-thumbnail=\"http:\/\/foto-passion.com\/wp-content\/gallery\/fotostrecke_jordanien_2019\/thumbs\/thumbs_204_AP5A1079.jpg\"\n               data-image-id=\"16271\"\n               data-title=\"Filmkulisse\"\n               data-description=\"&lt;strong&gt;Filmkulisse&lt;\/strong&gt;&lt;br \/&gt;Jordanien 2019&lt;br \/&gt;&lt;span style=&quot;font-size:85%;color:#949494;&quot;&gt;[Bild-Id: 16271]&lt;\/span&gt;\"\n               data-image-slug=\"204_ap5a1079\"\n               class=\"ngg-simplelightbox\" rel=\"12b009a409a8daa4578e36702b4ca961\">\n                <img loading=\"lazy\"\n                    title=\"Filmkulisse\"\n                    alt=\"Filmkulisse\"\n                    src=\"http:\/\/foto-passion.com\/wp-content\/gallery\/fotostrecke_jordanien_2019\/cache\/204_AP5A1079.jpg-nggid0516271-ngg0dyn-150x100x100-00f0w010c011r110f110r010t010.jpg\"\n                    width=\"150\"\n                    height=\"100\"\n                    style=\"max-width:100%;\"\n                \/>\n            <\/a>\n        <\/div>\n\t\t\t\t\t\t\t<\/div> \n\t\t\t\n                            \n\t\t\t\t<div id=\"ngg-image-1\" class=\"ngg-gallery-thumbnail-box\" >\n\t\t\t\t        <div class=\"ngg-gallery-thumbnail\">\n            <a href=\"http:\/\/foto-passion.com\/wp-content\/gallery\/fotostrecke_jordanien_2019\/205_AP5A2767.jpg\"\n               title=\"&lt;strong&gt;Wie aus einem Film&lt;\/strong&gt;&lt;br \/&gt;Jordanien 2019&lt;br \/&gt;&lt;span style=&quot;font-size:85%;color:#949494;&quot;&gt;[Bild-Id: 16382]&lt;\/span&gt;\"\n               data-src=\"http:\/\/foto-passion.com\/wp-content\/gallery\/fotostrecke_jordanien_2019\/205_AP5A2767.jpg\"\n               data-thumbnail=\"http:\/\/foto-passion.com\/wp-content\/gallery\/fotostrecke_jordanien_2019\/thumbs\/thumbs_205_AP5A2767.jpg\"\n               data-image-id=\"16382\"\n               data-title=\"Wie aus einem Film\"\n               data-description=\"&lt;strong&gt;Wie aus einem Film&lt;\/strong&gt;&lt;br \/&gt;Jordanien 2019&lt;br \/&gt;&lt;span style=&quot;font-size:85%;color:#949494;&quot;&gt;[Bild-Id: 16382]&lt;\/span&gt;\"\n               data-image-slug=\"205_ap5a2767\"\n               class=\"ngg-simplelightbox\" rel=\"12b009a409a8daa4578e36702b4ca961\">\n                <img loading=\"lazy\"\n                    title=\"Wie aus einem Film\"\n                    alt=\"Wie aus einem Film\"\n                    src=\"http:\/\/foto-passion.com\/wp-content\/gallery\/fotostrecke_jordanien_2019\/cache\/205_AP5A2767.jpg-nggid0516382-ngg0dyn-150x100x100-00f0w010c011r110f110r010t010.jpg\"\n                    width=\"150\"\n                    height=\"100\"\n                    style=\"max-width:100%;\"\n                \/>\n            <\/a>\n        <\/div>\n\t\t\t\t\t\t\t<\/div> \n\t\t\t\n                            \n\t\t\t\t<div id=\"ngg-image-2\" class=\"ngg-gallery-thumbnail-box\" >\n\t\t\t\t        <div class=\"ngg-gallery-thumbnail\">\n            <a href=\"http:\/\/foto-passion.com\/wp-content\/gallery\/fotostrecke_jordanien_2019\/206_AP5A2793.jpg\"\n               title=\"&lt;strong&gt;Kurze Pause f\u00fcr ein Selfie&lt;\/strong&gt;&lt;br \/&gt;Jordanien 2019&lt;br \/&gt;&lt;span style=&quot;font-size:85%;color:#949494;&quot;&gt;[Bild-Id: 16383]&lt;\/span&gt;\"\n               data-src=\"http:\/\/foto-passion.com\/wp-content\/gallery\/fotostrecke_jordanien_2019\/206_AP5A2793.jpg\"\n               data-thumbnail=\"http:\/\/foto-passion.com\/wp-content\/gallery\/fotostrecke_jordanien_2019\/thumbs\/thumbs_206_AP5A2793.jpg\"\n               data-image-id=\"16383\"\n               data-title=\"Kurze Pause f\u00fcr ein Selfie\"\n               data-description=\"&lt;strong&gt;Kurze Pause f\u00fcr ein Selfie&lt;\/strong&gt;&lt;br \/&gt;Jordanien 2019&lt;br \/&gt;&lt;span style=&quot;font-size:85%;color:#949494;&quot;&gt;[Bild-Id: 16383]&lt;\/span&gt;\"\n               data-image-slug=\"206_ap5a2793\"\n               class=\"ngg-simplelightbox\" rel=\"12b009a409a8daa4578e36702b4ca961\">\n                <img loading=\"lazy\"\n                    title=\"Kurze Pause f\u00fcr ein Selfie\"\n                    alt=\"Kurze Pause f\u00fcr ein Selfie\"\n                    src=\"http:\/\/foto-passion.com\/wp-content\/gallery\/fotostrecke_jordanien_2019\/cache\/206_AP5A2793.jpg-nggid0516383-ngg0dyn-150x100x100-00f0w010c011r110f110r010t010.jpg\"\n                    width=\"150\"\n                    height=\"100\"\n                    style=\"max-width:100%;\"\n                \/>\n            <\/a>\n        <\/div>\n\t\t\t\t\t\t\t<\/div> \n\t\t\t\n                            \n\t\t\t\t<div id=\"ngg-image-3\" class=\"ngg-gallery-thumbnail-box\" >\n\t\t\t\t        <div class=\"ngg-gallery-thumbnail\">\n            <a href=\"http:\/\/foto-passion.com\/wp-content\/gallery\/fotostrecke_jordanien_2019\/207_AP5A1047.jpg\"\n               title=\"&lt;strong&gt;&lt;\/strong&gt;&lt;br \/&gt;Jordanien 2019&lt;br \/&gt;&lt;span style=&quot;font-size:85%;color:#949494;&quot;&gt;[Bild-Id: 16270]&lt;\/span&gt;\"\n               data-src=\"http:\/\/foto-passion.com\/wp-content\/gallery\/fotostrecke_jordanien_2019\/207_AP5A1047.jpg\"\n               data-thumbnail=\"http:\/\/foto-passion.com\/wp-content\/gallery\/fotostrecke_jordanien_2019\/thumbs\/thumbs_207_AP5A1047.jpg\"\n               data-image-id=\"16270\"\n               data-title=\"-\"\n               data-description=\"&lt;strong&gt;&lt;\/strong&gt;&lt;br \/&gt;Jordanien 2019&lt;br \/&gt;&lt;span style=&quot;font-size:85%;color:#949494;&quot;&gt;[Bild-Id: 16270]&lt;\/span&gt;\"\n               data-image-slug=\"207_ap5a1047\"\n               class=\"ngg-simplelightbox\" rel=\"12b009a409a8daa4578e36702b4ca961\">\n                <img loading=\"lazy\"\n                    title=\"-\"\n                    alt=\"-\"\n                    src=\"http:\/\/foto-passion.com\/wp-content\/gallery\/fotostrecke_jordanien_2019\/cache\/207_AP5A1047.jpg-nggid0516270-ngg0dyn-150x100x100-00f0w010c011r110f110r010t010.jpg\"\n                    width=\"150\"\n                    height=\"100\"\n                    style=\"max-width:100%;\"\n                \/>\n            <\/a>\n        <\/div>\n\t\t\t\t\t\t\t<\/div> \n\t\t\t\n                                    <br style=\"clear: both\" \/>\n                    \n\t\t\n\t\t<div class=\"ngg-clear\"><\/div>\n\t<\/div>\n<\/p>\t\t\t\t\t<\/div>\n\t\t\t\t\t\t<\/div>\n\t\t\t\t<\/div>\n\t\t\t\t\t\t<\/div>\n\t\t\t\t\t<\/div>\n\t\t<\/div>\n\t\t\t\t\t\t\t\t<\/div>\n\t\t\t\t\t<\/div>\n\t\t<\/section>\n\t\t\t\t<section class=\"elementor-section elementor-top-section elementor-element elementor-element-874f13f elementor-section-boxed elementor-section-height-default elementor-section-height-default\" data-id=\"874f13f\" data-element_type=\"section\">\n\t\t\t\t\t\t<div class=\"elementor-container elementor-column-gap-default\">\n\t\t\t\t\t\t\t<div class=\"elementor-row\">\n\t\t\t\t\t<div class=\"elementor-column elementor-col-100 elementor-top-column elementor-element elementor-element-98df1a1\" data-id=\"98df1a1\" data-element_type=\"column\">\n\t\t\t<div class=\"elementor-column-wrap elementor-element-populated\">\n\t\t\t\t\t\t\t<div class=\"elementor-widget-wrap\">\n\t\t\t\t\t\t<div class=\"elementor-element elementor-element-ed9ff1e elementor-widget elementor-widget-text-editor\" data-id=\"ed9ff1e\" data-element_type=\"widget\" data-widget_type=\"text-editor.default\">\n\t\t\t\t<div class=\"elementor-widget-container\">\n\t\t\t\t\t\t\t\t<div class=\"elementor-text-editor elementor-clearfix\">\n\t\t\t\t\t<p style=\"text-align: justify;\">Wir wenden uns hinter dem \u201eal-Khazneh\u201c der Fassadenstra\u00dfe zu. Hier befinden sich zahlreiche nabat\u00e4ische Gr\u00e4ber, die in die Felsen gemei\u00dfelt wurden. Die Fassaden werden von Treppenstufen, Pfeilern und gemei\u00dfelten Halbkreisen gekr\u00f6nt. Als n\u00e4chstes passieren wir das Theater, das weltweit das einzige Amphitheater ist, das vollst\u00e4ndig in Felsen gehauen wurde.<\/p>\t\t\t\t\t<\/div>\n\t\t\t\t\t\t<\/div>\n\t\t\t\t<\/div>\n\t\t\t\t\t\t<\/div>\n\t\t\t\t\t<\/div>\n\t\t<\/div>\n\t\t\t\t\t\t\t\t<\/div>\n\t\t\t\t\t<\/div>\n\t\t<\/section>\n\t\t\t\t<section class=\"elementor-section elementor-top-section elementor-element elementor-element-68fc4f4 elementor-section-boxed elementor-section-height-default elementor-section-height-default\" data-id=\"68fc4f4\" data-element_type=\"section\">\n\t\t\t\t\t\t<div class=\"elementor-container elementor-column-gap-default\">\n\t\t\t\t\t\t\t<div class=\"elementor-row\">\n\t\t\t\t\t<div class=\"elementor-column elementor-col-100 elementor-top-column elementor-element elementor-element-9bccfc6\" data-id=\"9bccfc6\" data-element_type=\"column\">\n\t\t\t<div class=\"elementor-column-wrap elementor-element-populated\">\n\t\t\t\t\t\t\t<div class=\"elementor-widget-wrap\">\n\t\t\t\t\t\t<div class=\"elementor-element elementor-element-6a116b5 elementor-widget elementor-widget-text-editor\" data-id=\"6a116b5\" data-element_type=\"widget\" data-widget_type=\"text-editor.default\">\n\t\t\t\t<div class=\"elementor-widget-container\">\n\t\t\t\t\t\t\t\t<div class=\"elementor-text-editor elementor-clearfix\">\n\t\t\t\t\t<p style=\"text-align: left;\"><!-- index.php -->\n<div\n\tclass=\"ngg-galleryoverview ngg-ajax-pagination-none\"\n\tid=\"ngg-gallery-3dd5dff1f438f0044cfeff52fe54d9d7-1\">\n\n    \t\t<!-- Thumbnails -->\n\t\t\t\t<div id=\"ngg-image-0\" class=\"ngg-gallery-thumbnail-box\" >\n\t\t\t\t        <div class=\"ngg-gallery-thumbnail\">\n            <a href=\"http:\/\/foto-passion.com\/wp-content\/gallery\/fotostrecke_jordanien_2019\/208_AP5A2310.jpg\"\n               title=\"&lt;strong&gt;Das r\u00f6mische Theater von Petra&lt;\/strong&gt;&lt;br \/&gt;Jordanien 2019&lt;br \/&gt;&lt;span style=&quot;font-size:85%;color:#949494;&quot;&gt;[Bild-Id: 16351]&lt;\/span&gt;\"\n               data-src=\"http:\/\/foto-passion.com\/wp-content\/gallery\/fotostrecke_jordanien_2019\/208_AP5A2310.jpg\"\n               data-thumbnail=\"http:\/\/foto-passion.com\/wp-content\/gallery\/fotostrecke_jordanien_2019\/thumbs\/thumbs_208_AP5A2310.jpg\"\n               data-image-id=\"16351\"\n               data-title=\"Das r\u00f6mische Theater von Petra\"\n               data-description=\"&lt;strong&gt;Das r\u00f6mische Theater von Petra&lt;\/strong&gt;&lt;br \/&gt;Jordanien 2019&lt;br \/&gt;&lt;span style=&quot;font-size:85%;color:#949494;&quot;&gt;[Bild-Id: 16351]&lt;\/span&gt;\"\n               data-image-slug=\"208_ap5a2310\"\n               class=\"ngg-simplelightbox\" rel=\"3dd5dff1f438f0044cfeff52fe54d9d7\">\n                <img loading=\"lazy\"\n                    title=\"Das r\u00f6mische Theater von Petra\"\n                    alt=\"Das r\u00f6mische Theater von Petra\"\n                    src=\"http:\/\/foto-passion.com\/wp-content\/gallery\/fotostrecke_jordanien_2019\/cache\/208_AP5A2310.jpg-nggid0516351-ngg0dyn-150x100x100-00f0w010c011r110f110r010t010.jpg\"\n                    width=\"150\"\n                    height=\"100\"\n                    style=\"max-width:100%;\"\n                \/>\n            <\/a>\n        <\/div>\n\t\t\t\t\t\t\t<\/div> \n\t\t\t\n                            \n\t\t\t\t<div id=\"ngg-image-1\" class=\"ngg-gallery-thumbnail-box\" >\n\t\t\t\t        <div class=\"ngg-gallery-thumbnail\">\n            <a href=\"http:\/\/foto-passion.com\/wp-content\/gallery\/fotostrecke_jordanien_2019\/209_AP5A1158.jpg\"\n               title=\"&lt;strong&gt;Das r\u00f6mische Theater von Petra&lt;\/strong&gt;&lt;br \/&gt;Jordanien 2019&lt;br \/&gt;&lt;span style=&quot;font-size:85%;color:#949494;&quot;&gt;[Bild-Id: 16275]&lt;\/span&gt;\"\n               data-src=\"http:\/\/foto-passion.com\/wp-content\/gallery\/fotostrecke_jordanien_2019\/209_AP5A1158.jpg\"\n               data-thumbnail=\"http:\/\/foto-passion.com\/wp-content\/gallery\/fotostrecke_jordanien_2019\/thumbs\/thumbs_209_AP5A1158.jpg\"\n               data-image-id=\"16275\"\n               data-title=\"Das r\u00f6mische Theater von Petra\"\n               data-description=\"&lt;strong&gt;Das r\u00f6mische Theater von Petra&lt;\/strong&gt;&lt;br \/&gt;Jordanien 2019&lt;br \/&gt;&lt;span style=&quot;font-size:85%;color:#949494;&quot;&gt;[Bild-Id: 16275]&lt;\/span&gt;\"\n               data-image-slug=\"209_ap5a1158\"\n               class=\"ngg-simplelightbox\" rel=\"3dd5dff1f438f0044cfeff52fe54d9d7\">\n                <img loading=\"lazy\"\n                    title=\"Das r\u00f6mische Theater von Petra\"\n                    alt=\"Das r\u00f6mische Theater von Petra\"\n                    src=\"http:\/\/foto-passion.com\/wp-content\/gallery\/fotostrecke_jordanien_2019\/cache\/209_AP5A1158.jpg-nggid0516275-ngg0dyn-150x100x100-00f0w010c011r110f110r010t010.jpg\"\n                    width=\"150\"\n                    height=\"100\"\n                    style=\"max-width:100%;\"\n                \/>\n            <\/a>\n        <\/div>\n\t\t\t\t\t\t\t<\/div> \n\t\t\t\n                            \n\t\t\t\t<div id=\"ngg-image-2\" class=\"ngg-gallery-thumbnail-box\" >\n\t\t\t\t        <div class=\"ngg-gallery-thumbnail\">\n            <a href=\"http:\/\/foto-passion.com\/wp-content\/gallery\/fotostrecke_jordanien_2019\/210_AP5A1166.jpg\"\n               title=\"&lt;strong&gt;Das r\u00f6mische Theater von Petra&lt;\/strong&gt;&lt;br \/&gt;Jordanien 2019&lt;br \/&gt;&lt;span style=&quot;font-size:85%;color:#949494;&quot;&gt;[Bild-Id: 16276]&lt;\/span&gt;\"\n               data-src=\"http:\/\/foto-passion.com\/wp-content\/gallery\/fotostrecke_jordanien_2019\/210_AP5A1166.jpg\"\n               data-thumbnail=\"http:\/\/foto-passion.com\/wp-content\/gallery\/fotostrecke_jordanien_2019\/thumbs\/thumbs_210_AP5A1166.jpg\"\n               data-image-id=\"16276\"\n               data-title=\"Das r\u00f6mische Theater von Petra\"\n               data-description=\"&lt;strong&gt;Das r\u00f6mische Theater von Petra&lt;\/strong&gt;&lt;br \/&gt;Jordanien 2019&lt;br \/&gt;&lt;span style=&quot;font-size:85%;color:#949494;&quot;&gt;[Bild-Id: 16276]&lt;\/span&gt;\"\n               data-image-slug=\"210_ap5a1166\"\n               class=\"ngg-simplelightbox\" rel=\"3dd5dff1f438f0044cfeff52fe54d9d7\">\n                <img loading=\"lazy\"\n                    title=\"Das r\u00f6mische Theater von Petra\"\n                    alt=\"Das r\u00f6mische Theater von Petra\"\n                    src=\"http:\/\/foto-passion.com\/wp-content\/gallery\/fotostrecke_jordanien_2019\/cache\/210_AP5A1166.jpg-nggid0516276-ngg0dyn-150x100x100-00f0w010c011r110f110r010t010.jpg\"\n                    width=\"150\"\n                    height=\"100\"\n                    style=\"max-width:100%;\"\n                \/>\n            <\/a>\n        <\/div>\n\t\t\t\t\t\t\t<\/div> \n\t\t\t\n                            \n\t\t\t\t<div id=\"ngg-image-3\" class=\"ngg-gallery-thumbnail-box\" >\n\t\t\t\t        <div class=\"ngg-gallery-thumbnail\">\n            <a href=\"http:\/\/foto-passion.com\/wp-content\/gallery\/fotostrecke_jordanien_2019\/211_AP5A1177.jpg\"\n               title=\"&lt;strong&gt;Das r\u00f6mische Theater von Petra&lt;\/strong&gt;&lt;br \/&gt;Jordanien 2019&lt;br \/&gt;&lt;span style=&quot;font-size:85%;color:#949494;&quot;&gt;[Bild-Id: 16277]&lt;\/span&gt;\"\n               data-src=\"http:\/\/foto-passion.com\/wp-content\/gallery\/fotostrecke_jordanien_2019\/211_AP5A1177.jpg\"\n               data-thumbnail=\"http:\/\/foto-passion.com\/wp-content\/gallery\/fotostrecke_jordanien_2019\/thumbs\/thumbs_211_AP5A1177.jpg\"\n               data-image-id=\"16277\"\n               data-title=\"Das r\u00f6mische Theater von Petra\"\n               data-description=\"&lt;strong&gt;Das r\u00f6mische Theater von Petra&lt;\/strong&gt;&lt;br \/&gt;Jordanien 2019&lt;br \/&gt;&lt;span style=&quot;font-size:85%;color:#949494;&quot;&gt;[Bild-Id: 16277]&lt;\/span&gt;\"\n               data-image-slug=\"211_ap5a1177\"\n               class=\"ngg-simplelightbox\" rel=\"3dd5dff1f438f0044cfeff52fe54d9d7\">\n                <img loading=\"lazy\"\n                    title=\"Das r\u00f6mische Theater von Petra\"\n                    alt=\"Das r\u00f6mische Theater von Petra\"\n                    src=\"http:\/\/foto-passion.com\/wp-content\/gallery\/fotostrecke_jordanien_2019\/cache\/211_AP5A1177.jpg-nggid0516277-ngg0dyn-150x100x100-00f0w010c011r110f110r010t010.jpg\"\n                    width=\"150\"\n                    height=\"100\"\n                    style=\"max-width:100%;\"\n                \/>\n            <\/a>\n        <\/div>\n\t\t\t\t\t\t\t<\/div> \n\t\t\t\n                                    <br style=\"clear: both\" \/>\n                    \n\t\t\n\t\t<div class=\"ngg-clear\"><\/div>\n\t<\/div>\n<\/p>\t\t\t\t\t<\/div>\n\t\t\t\t\t\t<\/div>\n\t\t\t\t<\/div>\n\t\t\t\t\t\t<\/div>\n\t\t\t\t\t<\/div>\n\t\t<\/div>\n\t\t\t\t\t\t\t\t<\/div>\n\t\t\t\t\t<\/div>\n\t\t<\/section>\n\t\t\t\t<section class=\"elementor-section elementor-top-section elementor-element elementor-element-34f2023 elementor-section-boxed elementor-section-height-default elementor-section-height-default\" data-id=\"34f2023\" data-element_type=\"section\">\n\t\t\t\t\t\t<div class=\"elementor-container elementor-column-gap-default\">\n\t\t\t\t\t\t\t<div class=\"elementor-row\">\n\t\t\t\t\t<div class=\"elementor-column elementor-col-100 elementor-top-column elementor-element elementor-element-3507728\" data-id=\"3507728\" data-element_type=\"column\">\n\t\t\t<div class=\"elementor-column-wrap elementor-element-populated\">\n\t\t\t\t\t\t\t<div class=\"elementor-widget-wrap\">\n\t\t\t\t\t\t<div class=\"elementor-element elementor-element-6fd13ad elementor-widget elementor-widget-text-editor\" data-id=\"6fd13ad\" data-element_type=\"widget\" data-widget_type=\"text-editor.default\">\n\t\t\t\t<div class=\"elementor-widget-container\">\n\t\t\t\t\t\t\t\t<div class=\"elementor-text-editor elementor-clearfix\">\n\t\t\t\t\t<p style=\"text-align: justify;\">Das n\u00e4chste Highlight sind die K\u00f6nigsgr\u00e4ber, die aus dem \u201eUrnengrab\u201c, dem \u201eSeidengrab\u201c, dem \u201eKorinthischen Grab\u201c und dem \u201ePalastgrab\u201c bestehen. Diese vier nebeneinander liegenden Fassaden sind nicht minder gigantisch und beeindruckend. Allein die verschiedenen Gesteinsfarben sind besonders.<\/p>\t\t\t\t\t<\/div>\n\t\t\t\t\t\t<\/div>\n\t\t\t\t<\/div>\n\t\t\t\t\t\t<\/div>\n\t\t\t\t\t<\/div>\n\t\t<\/div>\n\t\t\t\t\t\t\t\t<\/div>\n\t\t\t\t\t<\/div>\n\t\t<\/section>\n\t\t\t\t<section class=\"elementor-section elementor-top-section elementor-element elementor-element-3cfd0b7 elementor-section-boxed elementor-section-height-default elementor-section-height-default\" data-id=\"3cfd0b7\" data-element_type=\"section\">\n\t\t\t\t\t\t<div class=\"elementor-container elementor-column-gap-default\">\n\t\t\t\t\t\t\t<div class=\"elementor-row\">\n\t\t\t\t\t<div class=\"elementor-column elementor-col-100 elementor-top-column elementor-element elementor-element-87ef818\" data-id=\"87ef818\" data-element_type=\"column\">\n\t\t\t<div class=\"elementor-column-wrap elementor-element-populated\">\n\t\t\t\t\t\t\t<div class=\"elementor-widget-wrap\">\n\t\t\t\t\t\t<div class=\"elementor-element elementor-element-458015f elementor-widget elementor-widget-text-editor\" data-id=\"458015f\" data-element_type=\"widget\" data-widget_type=\"text-editor.default\">\n\t\t\t\t<div class=\"elementor-widget-container\">\n\t\t\t\t\t\t\t\t<div class=\"elementor-text-editor elementor-clearfix\">\n\t\t\t\t\t<p style=\"text-align: justify;\"><!-- index.php -->\n<div\n\tclass=\"ngg-galleryoverview ngg-ajax-pagination-none\"\n\tid=\"ngg-gallery-8e5ffa6be4feb71eff5a006357f13c83-1\">\n\n    \t\t<!-- Thumbnails -->\n\t\t\t\t<div id=\"ngg-image-0\" class=\"ngg-gallery-thumbnail-box\" >\n\t\t\t\t        <div class=\"ngg-gallery-thumbnail\">\n            <a href=\"http:\/\/foto-passion.com\/wp-content\/gallery\/fotostrecke_jordanien_2019\/212_AP5A1653.jpg\"\n               title=\"&lt;strong&gt;Die gigantische K\u00f6nigsgr\u00e4ber-Wand&lt;\/strong&gt;&lt;br \/&gt;Jordanien 2019&lt;br \/&gt;&lt;span style=&quot;font-size:85%;color:#949494;&quot;&gt;[Bild-Id: 16310]&lt;\/span&gt;\"\n               data-src=\"http:\/\/foto-passion.com\/wp-content\/gallery\/fotostrecke_jordanien_2019\/212_AP5A1653.jpg\"\n               data-thumbnail=\"http:\/\/foto-passion.com\/wp-content\/gallery\/fotostrecke_jordanien_2019\/thumbs\/thumbs_212_AP5A1653.jpg\"\n               data-image-id=\"16310\"\n               data-title=\"Die gigantische K\u00f6nigsgr\u00e4ber-Wand\"\n               data-description=\"&lt;strong&gt;Die gigantische K\u00f6nigsgr\u00e4ber-Wand&lt;\/strong&gt;&lt;br \/&gt;Jordanien 2019&lt;br \/&gt;&lt;span style=&quot;font-size:85%;color:#949494;&quot;&gt;[Bild-Id: 16310]&lt;\/span&gt;\"\n               data-image-slug=\"212_ap5a1653\"\n               class=\"ngg-simplelightbox\" rel=\"8e5ffa6be4feb71eff5a006357f13c83\">\n                <img loading=\"lazy\"\n                    title=\"Die gigantische K\u00f6nigsgr\u00e4ber-Wand\"\n                    alt=\"Die gigantische K\u00f6nigsgr\u00e4ber-Wand\"\n                    src=\"http:\/\/foto-passion.com\/wp-content\/gallery\/fotostrecke_jordanien_2019\/cache\/212_AP5A1653.jpg-nggid0516310-ngg0dyn-150x100x100-00f0w010c011r110f110r010t010.jpg\"\n                    width=\"150\"\n                    height=\"100\"\n                    style=\"max-width:100%;\"\n                \/>\n            <\/a>\n        <\/div>\n\t\t\t\t\t\t\t<\/div> \n\t\t\t\n                            \n\t\t\t\t<div id=\"ngg-image-1\" class=\"ngg-gallery-thumbnail-box\" >\n\t\t\t\t        <div class=\"ngg-gallery-thumbnail\">\n            <a href=\"http:\/\/foto-passion.com\/wp-content\/gallery\/fotostrecke_jordanien_2019\/213_AP5A1677.jpg\"\n               title=\"&lt;strong&gt;Die gigantische K\u00f6nigsgr\u00e4ber-Wand&lt;\/strong&gt;&lt;br \/&gt;Jordanien 2019&lt;br \/&gt;&lt;span style=&quot;font-size:85%;color:#949494;&quot;&gt;[Bild-Id: 16312]&lt;\/span&gt;\"\n               data-src=\"http:\/\/foto-passion.com\/wp-content\/gallery\/fotostrecke_jordanien_2019\/213_AP5A1677.jpg\"\n               data-thumbnail=\"http:\/\/foto-passion.com\/wp-content\/gallery\/fotostrecke_jordanien_2019\/thumbs\/thumbs_213_AP5A1677.jpg\"\n               data-image-id=\"16312\"\n               data-title=\"Die gigantische K\u00f6nigsgr\u00e4ber-Wand\"\n               data-description=\"&lt;strong&gt;Die gigantische K\u00f6nigsgr\u00e4ber-Wand&lt;\/strong&gt;&lt;br \/&gt;Jordanien 2019&lt;br \/&gt;&lt;span style=&quot;font-size:85%;color:#949494;&quot;&gt;[Bild-Id: 16312]&lt;\/span&gt;\"\n               data-image-slug=\"213_ap5a1677\"\n               class=\"ngg-simplelightbox\" rel=\"8e5ffa6be4feb71eff5a006357f13c83\">\n                <img loading=\"lazy\"\n                    title=\"Die gigantische K\u00f6nigsgr\u00e4ber-Wand\"\n                    alt=\"Die gigantische K\u00f6nigsgr\u00e4ber-Wand\"\n                    src=\"http:\/\/foto-passion.com\/wp-content\/gallery\/fotostrecke_jordanien_2019\/cache\/213_AP5A1677.jpg-nggid0516312-ngg0dyn-150x100x100-00f0w010c011r110f110r010t010.jpg\"\n                    width=\"150\"\n                    height=\"100\"\n                    style=\"max-width:100%;\"\n                \/>\n            <\/a>\n        <\/div>\n\t\t\t\t\t\t\t<\/div> \n\t\t\t\n                            \n\t\t\t\t<div id=\"ngg-image-2\" class=\"ngg-gallery-thumbnail-box\" >\n\t\t\t\t        <div class=\"ngg-gallery-thumbnail\">\n            <a href=\"http:\/\/foto-passion.com\/wp-content\/gallery\/fotostrecke_jordanien_2019\/214_AP5A1691.jpg\"\n               title=\"&lt;strong&gt;Die gigantische K\u00f6nigsgr\u00e4ber-Wand&lt;\/strong&gt;&lt;br \/&gt;Jordanien 2019&lt;br \/&gt;&lt;span style=&quot;font-size:85%;color:#949494;&quot;&gt;[Bild-Id: 16313]&lt;\/span&gt;\"\n               data-src=\"http:\/\/foto-passion.com\/wp-content\/gallery\/fotostrecke_jordanien_2019\/214_AP5A1691.jpg\"\n               data-thumbnail=\"http:\/\/foto-passion.com\/wp-content\/gallery\/fotostrecke_jordanien_2019\/thumbs\/thumbs_214_AP5A1691.jpg\"\n               data-image-id=\"16313\"\n               data-title=\"Die gigantische K\u00f6nigsgr\u00e4ber-Wand\"\n               data-description=\"&lt;strong&gt;Die gigantische K\u00f6nigsgr\u00e4ber-Wand&lt;\/strong&gt;&lt;br \/&gt;Jordanien 2019&lt;br \/&gt;&lt;span style=&quot;font-size:85%;color:#949494;&quot;&gt;[Bild-Id: 16313]&lt;\/span&gt;\"\n               data-image-slug=\"214_ap5a1691\"\n               class=\"ngg-simplelightbox\" rel=\"8e5ffa6be4feb71eff5a006357f13c83\">\n                <img loading=\"lazy\"\n                    title=\"Die gigantische K\u00f6nigsgr\u00e4ber-Wand\"\n                    alt=\"Die gigantische K\u00f6nigsgr\u00e4ber-Wand\"\n                    src=\"http:\/\/foto-passion.com\/wp-content\/gallery\/fotostrecke_jordanien_2019\/cache\/214_AP5A1691.jpg-nggid0516313-ngg0dyn-150x100x100-00f0w010c011r110f110r010t010.jpg\"\n                    width=\"150\"\n                    height=\"100\"\n                    style=\"max-width:100%;\"\n                \/>\n            <\/a>\n        <\/div>\n\t\t\t\t\t\t\t<\/div> \n\t\t\t\n                            \n\t\t\t\t<div id=\"ngg-image-3\" class=\"ngg-gallery-thumbnail-box\" >\n\t\t\t\t        <div class=\"ngg-gallery-thumbnail\">\n            <a href=\"http:\/\/foto-passion.com\/wp-content\/gallery\/fotostrecke_jordanien_2019\/215_AP5A2270.jpg\"\n               title=\"&lt;strong&gt;Die gigantische K\u00f6nigsgr\u00e4ber-Wand&lt;\/strong&gt;&lt;br \/&gt;Jordanien 2019&lt;br \/&gt;&lt;span style=&quot;font-size:85%;color:#949494;&quot;&gt;[Bild-Id: 16348]&lt;\/span&gt;\"\n               data-src=\"http:\/\/foto-passion.com\/wp-content\/gallery\/fotostrecke_jordanien_2019\/215_AP5A2270.jpg\"\n               data-thumbnail=\"http:\/\/foto-passion.com\/wp-content\/gallery\/fotostrecke_jordanien_2019\/thumbs\/thumbs_215_AP5A2270.jpg\"\n               data-image-id=\"16348\"\n               data-title=\"Die gigantische K\u00f6nigsgr\u00e4ber-Wand\"\n               data-description=\"&lt;strong&gt;Die gigantische K\u00f6nigsgr\u00e4ber-Wand&lt;\/strong&gt;&lt;br \/&gt;Jordanien 2019&lt;br \/&gt;&lt;span style=&quot;font-size:85%;color:#949494;&quot;&gt;[Bild-Id: 16348]&lt;\/span&gt;\"\n               data-image-slug=\"215_ap5a2270\"\n               class=\"ngg-simplelightbox\" rel=\"8e5ffa6be4feb71eff5a006357f13c83\">\n                <img loading=\"lazy\"\n                    title=\"Die gigantische K\u00f6nigsgr\u00e4ber-Wand\"\n                    alt=\"Die gigantische K\u00f6nigsgr\u00e4ber-Wand\"\n                    src=\"http:\/\/foto-passion.com\/wp-content\/gallery\/fotostrecke_jordanien_2019\/cache\/215_AP5A2270.jpg-nggid0516348-ngg0dyn-150x100x100-00f0w010c011r110f110r010t010.jpg\"\n                    width=\"150\"\n                    height=\"100\"\n                    style=\"max-width:100%;\"\n                \/>\n            <\/a>\n        <\/div>\n\t\t\t\t\t\t\t<\/div> \n\t\t\t\n                                    <br style=\"clear: both\" \/>\n                    \n\t\t\n\t\t<div class=\"ngg-clear\"><\/div>\n\t<\/div>\n<\/p>\t\t\t\t\t<\/div>\n\t\t\t\t\t\t<\/div>\n\t\t\t\t<\/div>\n\t\t\t\t\t\t<\/div>\n\t\t\t\t\t<\/div>\n\t\t<\/div>\n\t\t\t\t\t\t\t\t<\/div>\n\t\t\t\t\t<\/div>\n\t\t<\/section>\n\t\t\t\t<section class=\"elementor-section elementor-top-section elementor-element elementor-element-0e4c473 elementor-section-boxed elementor-section-height-default elementor-section-height-default\" data-id=\"0e4c473\" data-element_type=\"section\">\n\t\t\t\t\t\t<div class=\"elementor-container elementor-column-gap-default\">\n\t\t\t\t\t\t\t<div class=\"elementor-row\">\n\t\t\t\t\t<div class=\"elementor-column elementor-col-100 elementor-top-column elementor-element elementor-element-e5677bb\" data-id=\"e5677bb\" data-element_type=\"column\">\n\t\t\t<div class=\"elementor-column-wrap elementor-element-populated\">\n\t\t\t\t\t\t\t<div class=\"elementor-widget-wrap\">\n\t\t\t\t\t\t<div class=\"elementor-element elementor-element-cb4f3a4 elementor-widget elementor-widget-text-editor\" data-id=\"cb4f3a4\" data-element_type=\"widget\" data-widget_type=\"text-editor.default\">\n\t\t\t\t<div class=\"elementor-widget-container\">\n\t\t\t\t\t\t\t\t<div class=\"elementor-text-editor elementor-clearfix\">\n\t\t\t\t\t<div id=\"attachment_33382\" style=\"width: 1210px\" class=\"wp-caption aligncenter\"><a href=\"http:\/\/foto-passion.com\/wp-content\/uploads\/2021\/01\/216_AP5A1570.jpg\"><img loading=\"lazy\" aria-describedby=\"caption-attachment-33382\" class=\"size-full wp-image-33382\" src=\"http:\/\/foto-passion.com\/wp-content\/uploads\/2021\/01\/216_AP5A1570.jpg\" alt=\"\" width=\"1200\" height=\"354\" srcset=\"http:\/\/foto-passion.com\/wp-content\/uploads\/2021\/01\/216_AP5A1570.jpg 1200w, http:\/\/foto-passion.com\/wp-content\/uploads\/2021\/01\/216_AP5A1570-300x89.jpg 300w, http:\/\/foto-passion.com\/wp-content\/uploads\/2021\/01\/216_AP5A1570-1024x302.jpg 1024w, http:\/\/foto-passion.com\/wp-content\/uploads\/2021\/01\/216_AP5A1570-768x227.jpg 768w\" sizes=\"(max-width: 1200px) 100vw, 1200px\" \/><\/a><p id=\"caption-attachment-33382\" class=\"wp-caption-text\">Die gigantische K\u00f6nigsgr\u00e4ber-Wand<\/p><\/div>\t\t\t\t\t<\/div>\n\t\t\t\t\t\t<\/div>\n\t\t\t\t<\/div>\n\t\t\t\t\t\t<\/div>\n\t\t\t\t\t<\/div>\n\t\t<\/div>\n\t\t\t\t\t\t\t\t<\/div>\n\t\t\t\t\t<\/div>\n\t\t<\/section>\n\t\t\t\t<section class=\"elementor-section elementor-top-section elementor-element elementor-element-cc71fb4 elementor-section-boxed elementor-section-height-default elementor-section-height-default\" data-id=\"cc71fb4\" data-element_type=\"section\">\n\t\t\t\t\t\t<div class=\"elementor-container elementor-column-gap-default\">\n\t\t\t\t\t\t\t<div class=\"elementor-row\">\n\t\t\t\t\t<div class=\"elementor-column elementor-col-100 elementor-top-column elementor-element elementor-element-62c3d05\" data-id=\"62c3d05\" data-element_type=\"column\">\n\t\t\t<div class=\"elementor-column-wrap elementor-element-populated\">\n\t\t\t\t\t\t\t<div class=\"elementor-widget-wrap\">\n\t\t\t\t\t\t<div class=\"elementor-element elementor-element-cf20e8c elementor-widget elementor-widget-text-editor\" data-id=\"cf20e8c\" data-element_type=\"widget\" data-widget_type=\"text-editor.default\">\n\t\t\t\t<div class=\"elementor-widget-container\">\n\t\t\t\t\t\t\t\t<div class=\"elementor-text-editor elementor-clearfix\">\n\t\t\t\t\t<p style=\"text-align: justify;\"><!-- index.php -->\n<div\n\tclass=\"ngg-galleryoverview ngg-ajax-pagination-none\"\n\tid=\"ngg-gallery-7c42498955415b3c7e8f70ff56b169d3-1\">\n\n    \t\t<!-- Thumbnails -->\n\t\t\t\t<div id=\"ngg-image-0\" class=\"ngg-gallery-thumbnail-box\" >\n\t\t\t\t        <div class=\"ngg-gallery-thumbnail\">\n            <a href=\"http:\/\/foto-passion.com\/wp-content\/gallery\/fotostrecke_jordanien_2019\/217_AP5A1112.jpg\"\n               title=\"&lt;strong&gt;Farbenpr\u00e4chtiger Stein&lt;\/strong&gt;&lt;br \/&gt;Jordanien 2019&lt;br \/&gt;&lt;span style=&quot;font-size:85%;color:#949494;&quot;&gt;[Bild-Id: 16272]&lt;\/span&gt;\"\n               data-src=\"http:\/\/foto-passion.com\/wp-content\/gallery\/fotostrecke_jordanien_2019\/217_AP5A1112.jpg\"\n               data-thumbnail=\"http:\/\/foto-passion.com\/wp-content\/gallery\/fotostrecke_jordanien_2019\/thumbs\/thumbs_217_AP5A1112.jpg\"\n               data-image-id=\"16272\"\n               data-title=\"Farbenpr\u00e4chtiger Stein\"\n               data-description=\"&lt;strong&gt;Farbenpr\u00e4chtiger Stein&lt;\/strong&gt;&lt;br \/&gt;Jordanien 2019&lt;br \/&gt;&lt;span style=&quot;font-size:85%;color:#949494;&quot;&gt;[Bild-Id: 16272]&lt;\/span&gt;\"\n               data-image-slug=\"217_ap5a1112\"\n               class=\"ngg-simplelightbox\" rel=\"7c42498955415b3c7e8f70ff56b169d3\">\n                <img loading=\"lazy\"\n                    title=\"Farbenpr\u00e4chtiger Stein\"\n                    alt=\"Farbenpr\u00e4chtiger Stein\"\n                    src=\"http:\/\/foto-passion.com\/wp-content\/gallery\/fotostrecke_jordanien_2019\/cache\/217_AP5A1112.jpg-nggid0516272-ngg0dyn-150x100x100-00f0w010c011r110f110r010t010.jpg\"\n                    width=\"150\"\n                    height=\"100\"\n                    style=\"max-width:100%;\"\n                \/>\n            <\/a>\n        <\/div>\n\t\t\t\t\t\t\t<\/div> \n\t\t\t\n                            \n\t\t\t\t<div id=\"ngg-image-1\" class=\"ngg-gallery-thumbnail-box\" >\n\t\t\t\t        <div class=\"ngg-gallery-thumbnail\">\n            <a href=\"http:\/\/foto-passion.com\/wp-content\/gallery\/fotostrecke_jordanien_2019\/218_AP5A1237.jpg\"\n               title=\"&lt;strong&gt;Farbenpr\u00e4chtiger Stein&lt;\/strong&gt;&lt;br \/&gt;Jordanien 2019&lt;br \/&gt;&lt;span style=&quot;font-size:85%;color:#949494;&quot;&gt;[Bild-Id: 16279]&lt;\/span&gt;\"\n               data-src=\"http:\/\/foto-passion.com\/wp-content\/gallery\/fotostrecke_jordanien_2019\/218_AP5A1237.jpg\"\n               data-thumbnail=\"http:\/\/foto-passion.com\/wp-content\/gallery\/fotostrecke_jordanien_2019\/thumbs\/thumbs_218_AP5A1237.jpg\"\n               data-image-id=\"16279\"\n               data-title=\"Farbenpr\u00e4chtiger Stein\"\n               data-description=\"&lt;strong&gt;Farbenpr\u00e4chtiger Stein&lt;\/strong&gt;&lt;br \/&gt;Jordanien 2019&lt;br \/&gt;&lt;span style=&quot;font-size:85%;color:#949494;&quot;&gt;[Bild-Id: 16279]&lt;\/span&gt;\"\n               data-image-slug=\"218_ap5a1237\"\n               class=\"ngg-simplelightbox\" rel=\"7c42498955415b3c7e8f70ff56b169d3\">\n                <img loading=\"lazy\"\n                    title=\"Farbenpr\u00e4chtiger Stein\"\n                    alt=\"Farbenpr\u00e4chtiger Stein\"\n                    src=\"http:\/\/foto-passion.com\/wp-content\/gallery\/fotostrecke_jordanien_2019\/cache\/218_AP5A1237.jpg-nggid0516279-ngg0dyn-150x100x100-00f0w010c011r110f110r010t010.jpg\"\n                    width=\"150\"\n                    height=\"100\"\n                    style=\"max-width:100%;\"\n                \/>\n            <\/a>\n        <\/div>\n\t\t\t\t\t\t\t<\/div> \n\t\t\t\n                            \n\t\t\t\t<div id=\"ngg-image-2\" class=\"ngg-gallery-thumbnail-box\" >\n\t\t\t\t        <div class=\"ngg-gallery-thumbnail\">\n            <a href=\"http:\/\/foto-passion.com\/wp-content\/gallery\/fotostrecke_jordanien_2019\/219_AP5A2092.jpg\"\n               title=\"&lt;strong&gt;Farbenpr\u00e4chtiger Stein&lt;\/strong&gt;&lt;br \/&gt;Jordanien 2019&lt;br \/&gt;&lt;span style=&quot;font-size:85%;color:#949494;&quot;&gt;[Bild-Id: 16334]&lt;\/span&gt;\"\n               data-src=\"http:\/\/foto-passion.com\/wp-content\/gallery\/fotostrecke_jordanien_2019\/219_AP5A2092.jpg\"\n               data-thumbnail=\"http:\/\/foto-passion.com\/wp-content\/gallery\/fotostrecke_jordanien_2019\/thumbs\/thumbs_219_AP5A2092.jpg\"\n               data-image-id=\"16334\"\n               data-title=\"Farbenpr\u00e4chtiger Stein\"\n               data-description=\"&lt;strong&gt;Farbenpr\u00e4chtiger Stein&lt;\/strong&gt;&lt;br \/&gt;Jordanien 2019&lt;br \/&gt;&lt;span style=&quot;font-size:85%;color:#949494;&quot;&gt;[Bild-Id: 16334]&lt;\/span&gt;\"\n               data-image-slug=\"219_ap5a2092\"\n               class=\"ngg-simplelightbox\" rel=\"7c42498955415b3c7e8f70ff56b169d3\">\n                <img loading=\"lazy\"\n                    title=\"Farbenpr\u00e4chtiger Stein\"\n                    alt=\"Farbenpr\u00e4chtiger Stein\"\n                    src=\"http:\/\/foto-passion.com\/wp-content\/gallery\/fotostrecke_jordanien_2019\/cache\/219_AP5A2092.jpg-nggid0516334-ngg0dyn-150x100x100-00f0w010c011r110f110r010t010.jpg\"\n                    width=\"150\"\n                    height=\"100\"\n                    style=\"max-width:100%;\"\n                \/>\n            <\/a>\n        <\/div>\n\t\t\t\t\t\t\t<\/div> \n\t\t\t\n                            \n\t\t\t\t<div id=\"ngg-image-3\" class=\"ngg-gallery-thumbnail-box\" >\n\t\t\t\t        <div class=\"ngg-gallery-thumbnail\">\n            <a href=\"http:\/\/foto-passion.com\/wp-content\/gallery\/fotostrecke_jordanien_2019\/220_AP5A2306.jpg\"\n               title=\"&lt;strong&gt;Zeichnung im Sandstein&lt;\/strong&gt;&lt;br \/&gt;Jordanien 2019&lt;br \/&gt;&lt;span style=&quot;font-size:85%;color:#949494;&quot;&gt;[Bild-Id: 16350]&lt;\/span&gt;\"\n               data-src=\"http:\/\/foto-passion.com\/wp-content\/gallery\/fotostrecke_jordanien_2019\/220_AP5A2306.jpg\"\n               data-thumbnail=\"http:\/\/foto-passion.com\/wp-content\/gallery\/fotostrecke_jordanien_2019\/thumbs\/thumbs_220_AP5A2306.jpg\"\n               data-image-id=\"16350\"\n               data-title=\"Zeichnung im Sandstein\"\n               data-description=\"&lt;strong&gt;Zeichnung im Sandstein&lt;\/strong&gt;&lt;br \/&gt;Jordanien 2019&lt;br \/&gt;&lt;span style=&quot;font-size:85%;color:#949494;&quot;&gt;[Bild-Id: 16350]&lt;\/span&gt;\"\n               data-image-slug=\"220_ap5a2306\"\n               class=\"ngg-simplelightbox\" rel=\"7c42498955415b3c7e8f70ff56b169d3\">\n                <img loading=\"lazy\"\n                    title=\"Zeichnung im Sandstein\"\n                    alt=\"Zeichnung im Sandstein\"\n                    src=\"http:\/\/foto-passion.com\/wp-content\/gallery\/fotostrecke_jordanien_2019\/cache\/220_AP5A2306.jpg-nggid0516350-ngg0dyn-150x100x100-00f0w010c011r110f110r010t010.jpg\"\n                    width=\"150\"\n                    height=\"100\"\n                    style=\"max-width:100%;\"\n                \/>\n            <\/a>\n        <\/div>\n\t\t\t\t\t\t\t<\/div> \n\t\t\t\n                                    <br style=\"clear: both\" \/>\n                    \n\t\t\n\t\t<div class=\"ngg-clear\"><\/div>\n\t<\/div>\n<\/p>\t\t\t\t\t<\/div>\n\t\t\t\t\t\t<\/div>\n\t\t\t\t<\/div>\n\t\t\t\t\t\t<\/div>\n\t\t\t\t\t<\/div>\n\t\t<\/div>\n\t\t\t\t\t\t\t\t<\/div>\n\t\t\t\t\t<\/div>\n\t\t<\/section>\n\t\t\t\t<section class=\"elementor-section elementor-top-section elementor-element elementor-element-25ff1ca elementor-section-boxed elementor-section-height-default elementor-section-height-default\" data-id=\"25ff1ca\" data-element_type=\"section\">\n\t\t\t\t\t\t<div class=\"elementor-container elementor-column-gap-default\">\n\t\t\t\t\t\t\t<div class=\"elementor-row\">\n\t\t\t\t\t<div class=\"elementor-column elementor-col-100 elementor-top-column elementor-element elementor-element-90e6cb0\" data-id=\"90e6cb0\" data-element_type=\"column\">\n\t\t\t<div class=\"elementor-column-wrap elementor-element-populated\">\n\t\t\t\t\t\t\t<div class=\"elementor-widget-wrap\">\n\t\t\t\t\t\t<div class=\"elementor-element elementor-element-a73e3a2 elementor-widget elementor-widget-text-editor\" data-id=\"a73e3a2\" data-element_type=\"widget\" data-widget_type=\"text-editor.default\">\n\t\t\t\t<div class=\"elementor-widget-container\">\n\t\t\t\t\t\t\t\t<div class=\"elementor-text-editor elementor-clearfix\">\n\t\t\t\t\t<p style=\"text-align: justify;\">\u00dcber die S\u00e4ulenstra\u00dfe, die wahrscheinlich mal die Haupteinkaufsstra\u00dfe des antiken Petras war, bewegen wir uns in Richtung Kloster \u201eAd Deir\u201c doch zun\u00e4chst passieren wir noch den gro\u00dfen Tempel, von dem noch einige S\u00e4ulen erhalten sind und das M\u00e4dchenschloss \u201eQasr al-Bint\u201c, von dem jedoch leider nur zwei Mauern erhalten sind, die auch noch durch einen Zaun gesch\u00fctzt werden. Dennoch, die verbliebenen Reliefs an den Mauern sind noch gut zu erkennen.<\/p>\t\t\t\t\t<\/div>\n\t\t\t\t\t\t<\/div>\n\t\t\t\t<\/div>\n\t\t\t\t\t\t<\/div>\n\t\t\t\t\t<\/div>\n\t\t<\/div>\n\t\t\t\t\t\t\t\t<\/div>\n\t\t\t\t\t<\/div>\n\t\t<\/section>\n\t\t\t\t<section class=\"elementor-section elementor-top-section elementor-element elementor-element-53cf484 elementor-section-boxed elementor-section-height-default elementor-section-height-default\" data-id=\"53cf484\" data-element_type=\"section\">\n\t\t\t\t\t\t<div class=\"elementor-container elementor-column-gap-default\">\n\t\t\t\t\t\t\t<div class=\"elementor-row\">\n\t\t\t\t\t<div class=\"elementor-column elementor-col-100 elementor-top-column elementor-element elementor-element-a06718d\" data-id=\"a06718d\" data-element_type=\"column\">\n\t\t\t<div class=\"elementor-column-wrap elementor-element-populated\">\n\t\t\t\t\t\t\t<div class=\"elementor-widget-wrap\">\n\t\t\t\t\t\t<div class=\"elementor-element elementor-element-b6dcbe8 elementor-widget elementor-widget-text-editor\" data-id=\"b6dcbe8\" data-element_type=\"widget\" data-widget_type=\"text-editor.default\">\n\t\t\t\t<div class=\"elementor-widget-container\">\n\t\t\t\t\t\t\t\t<div class=\"elementor-text-editor elementor-clearfix\">\n\t\t\t\t\t<p style=\"text-align: left;\"><!-- index.php -->\n<div\n\tclass=\"ngg-galleryoverview ngg-ajax-pagination-none\"\n\tid=\"ngg-gallery-886059c2bb7b7d0cbdeb1d490a271eb8-1\">\n\n    \t\t<!-- Thumbnails -->\n\t\t\t\t<div id=\"ngg-image-0\" class=\"ngg-gallery-thumbnail-box\" >\n\t\t\t\t        <div class=\"ngg-gallery-thumbnail\">\n            <a href=\"http:\/\/foto-passion.com\/wp-content\/gallery\/fotostrecke_jordanien_2019\/221_AP5A1538.jpg\"\n               title=\"&lt;strong&gt;Touristentaxis&lt;\/strong&gt;&lt;br \/&gt;Jordanien 2019&lt;br \/&gt;&lt;span style=&quot;font-size:85%;color:#949494;&quot;&gt;[Bild-Id: 16299]&lt;\/span&gt;\"\n               data-src=\"http:\/\/foto-passion.com\/wp-content\/gallery\/fotostrecke_jordanien_2019\/221_AP5A1538.jpg\"\n               data-thumbnail=\"http:\/\/foto-passion.com\/wp-content\/gallery\/fotostrecke_jordanien_2019\/thumbs\/thumbs_221_AP5A1538.jpg\"\n               data-image-id=\"16299\"\n               data-title=\"Touristentaxis\"\n               data-description=\"&lt;strong&gt;Touristentaxis&lt;\/strong&gt;&lt;br \/&gt;Jordanien 2019&lt;br \/&gt;&lt;span style=&quot;font-size:85%;color:#949494;&quot;&gt;[Bild-Id: 16299]&lt;\/span&gt;\"\n               data-image-slug=\"221_ap5a1538\"\n               class=\"ngg-simplelightbox\" rel=\"886059c2bb7b7d0cbdeb1d490a271eb8\">\n                <img loading=\"lazy\"\n                    title=\"Touristentaxis\"\n                    alt=\"Touristentaxis\"\n                    src=\"http:\/\/foto-passion.com\/wp-content\/gallery\/fotostrecke_jordanien_2019\/cache\/221_AP5A1538.jpg-nggid0516299-ngg0dyn-150x100x100-00f0w010c011r110f110r010t010.jpg\"\n                    width=\"150\"\n                    height=\"100\"\n                    style=\"max-width:100%;\"\n                \/>\n            <\/a>\n        <\/div>\n\t\t\t\t\t\t\t<\/div> \n\t\t\t\n                            \n\t\t\t\t<div id=\"ngg-image-1\" class=\"ngg-gallery-thumbnail-box\" >\n\t\t\t\t        <div class=\"ngg-gallery-thumbnail\">\n            <a href=\"http:\/\/foto-passion.com\/wp-content\/gallery\/fotostrecke_jordanien_2019\/222_AP5A1558.jpg\"\n               title=\"&lt;strong&gt;Cardo Maximus - Kollonadenstrasse in Petra&lt;\/strong&gt;&lt;br \/&gt;Jordanien 2019&lt;br \/&gt;&lt;span style=&quot;font-size:85%;color:#949494;&quot;&gt;[Bild-Id: 16300]&lt;\/span&gt;\"\n               data-src=\"http:\/\/foto-passion.com\/wp-content\/gallery\/fotostrecke_jordanien_2019\/222_AP5A1558.jpg\"\n               data-thumbnail=\"http:\/\/foto-passion.com\/wp-content\/gallery\/fotostrecke_jordanien_2019\/thumbs\/thumbs_222_AP5A1558.jpg\"\n               data-image-id=\"16300\"\n               data-title=\"Cardo Maximus - Kollonadenstrasse in Petra\"\n               data-description=\"&lt;strong&gt;Cardo Maximus - Kollonadenstrasse in Petra&lt;\/strong&gt;&lt;br \/&gt;Jordanien 2019&lt;br \/&gt;&lt;span style=&quot;font-size:85%;color:#949494;&quot;&gt;[Bild-Id: 16300]&lt;\/span&gt;\"\n               data-image-slug=\"222_ap5a1558\"\n               class=\"ngg-simplelightbox\" rel=\"886059c2bb7b7d0cbdeb1d490a271eb8\">\n                <img loading=\"lazy\"\n                    title=\"Cardo Maximus - Kollonadenstrasse in Petra\"\n                    alt=\"Cardo Maximus - Kollonadenstrasse in Petra\"\n                    src=\"http:\/\/foto-passion.com\/wp-content\/gallery\/fotostrecke_jordanien_2019\/cache\/222_AP5A1558.jpg-nggid0516300-ngg0dyn-150x100x100-00f0w010c011r110f110r010t010.jpg\"\n                    width=\"150\"\n                    height=\"100\"\n                    style=\"max-width:100%;\"\n                \/>\n            <\/a>\n        <\/div>\n\t\t\t\t\t\t\t<\/div> \n\t\t\t\n                            \n\t\t\t\t<div id=\"ngg-image-2\" class=\"ngg-gallery-thumbnail-box\" >\n\t\t\t\t        <div class=\"ngg-gallery-thumbnail\">\n            <a href=\"http:\/\/foto-passion.com\/wp-content\/gallery\/fotostrecke_jordanien_2019\/223_AP5A1640.jpg\"\n               title=\"&lt;strong&gt;Felsenstadt Petra&lt;\/strong&gt;&lt;br \/&gt;Jordanien 2019&lt;br \/&gt;&lt;span style=&quot;font-size:85%;color:#949494;&quot;&gt;[Bild-Id: 16305]&lt;\/span&gt;\"\n               data-src=\"http:\/\/foto-passion.com\/wp-content\/gallery\/fotostrecke_jordanien_2019\/223_AP5A1640.jpg\"\n               data-thumbnail=\"http:\/\/foto-passion.com\/wp-content\/gallery\/fotostrecke_jordanien_2019\/thumbs\/thumbs_223_AP5A1640.jpg\"\n               data-image-id=\"16305\"\n               data-title=\"Felsenstadt Petra\"\n               data-description=\"&lt;strong&gt;Felsenstadt Petra&lt;\/strong&gt;&lt;br \/&gt;Jordanien 2019&lt;br \/&gt;&lt;span style=&quot;font-size:85%;color:#949494;&quot;&gt;[Bild-Id: 16305]&lt;\/span&gt;\"\n               data-image-slug=\"223_ap5a1640\"\n               class=\"ngg-simplelightbox\" rel=\"886059c2bb7b7d0cbdeb1d490a271eb8\">\n                <img loading=\"lazy\"\n                    title=\"Felsenstadt Petra\"\n                    alt=\"Felsenstadt Petra\"\n                    src=\"http:\/\/foto-passion.com\/wp-content\/gallery\/fotostrecke_jordanien_2019\/cache\/223_AP5A1640.jpg-nggid0516305-ngg0dyn-150x100x100-00f0w010c011r110f110r010t010.jpg\"\n                    width=\"150\"\n                    height=\"100\"\n                    style=\"max-width:100%;\"\n                \/>\n            <\/a>\n        <\/div>\n\t\t\t\t\t\t\t<\/div> \n\t\t\t\n                            \n\t\t\t\t<div id=\"ngg-image-3\" class=\"ngg-gallery-thumbnail-box\" >\n\t\t\t\t        <div class=\"ngg-gallery-thumbnail\">\n            <a href=\"http:\/\/foto-passion.com\/wp-content\/gallery\/fotostrecke_jordanien_2019\/224_AP5A2892.jpg\"\n               title=\"&lt;strong&gt;Cardo Maximus - Kollonadenstrasse in Petra&lt;\/strong&gt;&lt;br \/&gt;Jordanien 2019&lt;br \/&gt;&lt;span style=&quot;font-size:85%;color:#949494;&quot;&gt;[Bild-Id: 16390]&lt;\/span&gt;\"\n               data-src=\"http:\/\/foto-passion.com\/wp-content\/gallery\/fotostrecke_jordanien_2019\/224_AP5A2892.jpg\"\n               data-thumbnail=\"http:\/\/foto-passion.com\/wp-content\/gallery\/fotostrecke_jordanien_2019\/thumbs\/thumbs_224_AP5A2892.jpg\"\n               data-image-id=\"16390\"\n               data-title=\"Cardo Maximus - Kollonadenstrasse in Petra\"\n               data-description=\"&lt;strong&gt;Cardo Maximus - Kollonadenstrasse in Petra&lt;\/strong&gt;&lt;br \/&gt;Jordanien 2019&lt;br \/&gt;&lt;span style=&quot;font-size:85%;color:#949494;&quot;&gt;[Bild-Id: 16390]&lt;\/span&gt;\"\n               data-image-slug=\"224_ap5a2892\"\n               class=\"ngg-simplelightbox\" rel=\"886059c2bb7b7d0cbdeb1d490a271eb8\">\n                <img loading=\"lazy\"\n                    title=\"Cardo Maximus - Kollonadenstrasse in Petra\"\n                    alt=\"Cardo Maximus - Kollonadenstrasse in Petra\"\n                    src=\"http:\/\/foto-passion.com\/wp-content\/gallery\/fotostrecke_jordanien_2019\/cache\/224_AP5A2892.jpg-nggid0516390-ngg0dyn-150x100x100-00f0w010c011r110f110r010t010.jpg\"\n                    width=\"150\"\n                    height=\"100\"\n                    style=\"max-width:100%;\"\n                \/>\n            <\/a>\n        <\/div>\n\t\t\t\t\t\t\t<\/div> \n\t\t\t\n                                    <br style=\"clear: both\" \/>\n                    \n\t\t\t\t<div id=\"ngg-image-4\" class=\"ngg-gallery-thumbnail-box\" >\n\t\t\t\t        <div class=\"ngg-gallery-thumbnail\">\n            <a href=\"http:\/\/foto-passion.com\/wp-content\/gallery\/fotostrecke_jordanien_2019\/225_AP5A1348.jpg\"\n               title=\"&lt;strong&gt;Petra&lt;\/strong&gt;&lt;br \/&gt;Jordanien 2019&lt;br \/&gt;&lt;span style=&quot;font-size:85%;color:#949494;&quot;&gt;[Bild-Id: 16280]&lt;\/span&gt;\"\n               data-src=\"http:\/\/foto-passion.com\/wp-content\/gallery\/fotostrecke_jordanien_2019\/225_AP5A1348.jpg\"\n               data-thumbnail=\"http:\/\/foto-passion.com\/wp-content\/gallery\/fotostrecke_jordanien_2019\/thumbs\/thumbs_225_AP5A1348.jpg\"\n               data-image-id=\"16280\"\n               data-title=\"Petra\"\n               data-description=\"&lt;strong&gt;Petra&lt;\/strong&gt;&lt;br \/&gt;Jordanien 2019&lt;br \/&gt;&lt;span style=&quot;font-size:85%;color:#949494;&quot;&gt;[Bild-Id: 16280]&lt;\/span&gt;\"\n               data-image-slug=\"225_ap5a1348\"\n               class=\"ngg-simplelightbox\" rel=\"886059c2bb7b7d0cbdeb1d490a271eb8\">\n                <img loading=\"lazy\"\n                    title=\"Petra\"\n                    alt=\"Petra\"\n                    src=\"http:\/\/foto-passion.com\/wp-content\/gallery\/fotostrecke_jordanien_2019\/cache\/225_AP5A1348.jpg-nggid0516280-ngg0dyn-150x100x100-00f0w010c011r110f110r010t010.jpg\"\n                    width=\"150\"\n                    height=\"100\"\n                    style=\"max-width:100%;\"\n                \/>\n            <\/a>\n        <\/div>\n\t\t\t\t\t\t\t<\/div> \n\t\t\t\n                            \n\t\t\t\t<div id=\"ngg-image-5\" class=\"ngg-gallery-thumbnail-box\" >\n\t\t\t\t        <div class=\"ngg-gallery-thumbnail\">\n            <a href=\"http:\/\/foto-passion.com\/wp-content\/gallery\/fotostrecke_jordanien_2019\/226_AP5A1359.jpg\"\n               title=\"&lt;strong&gt;Petra&lt;\/strong&gt;&lt;br \/&gt;Jordanien 2019&lt;br \/&gt;&lt;span style=&quot;font-size:85%;color:#949494;&quot;&gt;[Bild-Id: 16281]&lt;\/span&gt;\"\n               data-src=\"http:\/\/foto-passion.com\/wp-content\/gallery\/fotostrecke_jordanien_2019\/226_AP5A1359.jpg\"\n               data-thumbnail=\"http:\/\/foto-passion.com\/wp-content\/gallery\/fotostrecke_jordanien_2019\/thumbs\/thumbs_226_AP5A1359.jpg\"\n               data-image-id=\"16281\"\n               data-title=\"Petra\"\n               data-description=\"&lt;strong&gt;Petra&lt;\/strong&gt;&lt;br \/&gt;Jordanien 2019&lt;br \/&gt;&lt;span style=&quot;font-size:85%;color:#949494;&quot;&gt;[Bild-Id: 16281]&lt;\/span&gt;\"\n               data-image-slug=\"226_ap5a1359\"\n               class=\"ngg-simplelightbox\" rel=\"886059c2bb7b7d0cbdeb1d490a271eb8\">\n                <img loading=\"lazy\"\n                    title=\"Petra\"\n                    alt=\"Petra\"\n                    src=\"http:\/\/foto-passion.com\/wp-content\/gallery\/fotostrecke_jordanien_2019\/cache\/226_AP5A1359.jpg-nggid0516281-ngg0dyn-150x100x100-00f0w010c011r110f110r010t010.jpg\"\n                    width=\"150\"\n                    height=\"100\"\n                    style=\"max-width:100%;\"\n                \/>\n            <\/a>\n        <\/div>\n\t\t\t\t\t\t\t<\/div> \n\t\t\t\n                            \n\t\t\t\t<div id=\"ngg-image-6\" class=\"ngg-gallery-thumbnail-box\" >\n\t\t\t\t        <div class=\"ngg-gallery-thumbnail\">\n            <a href=\"http:\/\/foto-passion.com\/wp-content\/gallery\/fotostrecke_jordanien_2019\/227_AP5A1360.jpg\"\n               title=\"&lt;strong&gt;Petra&lt;\/strong&gt;&lt;br \/&gt;Jordanien 2019&lt;br \/&gt;&lt;span style=&quot;font-size:85%;color:#949494;&quot;&gt;[Bild-Id: 16282]&lt;\/span&gt;\"\n               data-src=\"http:\/\/foto-passion.com\/wp-content\/gallery\/fotostrecke_jordanien_2019\/227_AP5A1360.jpg\"\n               data-thumbnail=\"http:\/\/foto-passion.com\/wp-content\/gallery\/fotostrecke_jordanien_2019\/thumbs\/thumbs_227_AP5A1360.jpg\"\n               data-image-id=\"16282\"\n               data-title=\"Petra\"\n               data-description=\"&lt;strong&gt;Petra&lt;\/strong&gt;&lt;br \/&gt;Jordanien 2019&lt;br \/&gt;&lt;span style=&quot;font-size:85%;color:#949494;&quot;&gt;[Bild-Id: 16282]&lt;\/span&gt;\"\n               data-image-slug=\"227_ap5a1360\"\n               class=\"ngg-simplelightbox\" rel=\"886059c2bb7b7d0cbdeb1d490a271eb8\">\n                <img loading=\"lazy\"\n                    title=\"Petra\"\n                    alt=\"Petra\"\n                    src=\"http:\/\/foto-passion.com\/wp-content\/gallery\/fotostrecke_jordanien_2019\/cache\/227_AP5A1360.jpg-nggid0516282-ngg0dyn-150x100x100-00f0w010c011r110f110r010t010.jpg\"\n                    width=\"150\"\n                    height=\"100\"\n                    style=\"max-width:100%;\"\n                \/>\n            <\/a>\n        <\/div>\n\t\t\t\t\t\t\t<\/div> \n\t\t\t\n                            \n\t\t\t\t<div id=\"ngg-image-7\" class=\"ngg-gallery-thumbnail-box\" >\n\t\t\t\t        <div class=\"ngg-gallery-thumbnail\">\n            <a href=\"http:\/\/foto-passion.com\/wp-content\/gallery\/fotostrecke_jordanien_2019\/228_AP5A1372.jpg\"\n               title=\"&lt;strong&gt;Petra&lt;\/strong&gt;&lt;br \/&gt;Jordanien 2019&lt;br \/&gt;&lt;span style=&quot;font-size:85%;color:#949494;&quot;&gt;[Bild-Id: 16285]&lt;\/span&gt;\"\n               data-src=\"http:\/\/foto-passion.com\/wp-content\/gallery\/fotostrecke_jordanien_2019\/228_AP5A1372.jpg\"\n               data-thumbnail=\"http:\/\/foto-passion.com\/wp-content\/gallery\/fotostrecke_jordanien_2019\/thumbs\/thumbs_228_AP5A1372.jpg\"\n               data-image-id=\"16285\"\n               data-title=\"Petra\"\n               data-description=\"&lt;strong&gt;Petra&lt;\/strong&gt;&lt;br \/&gt;Jordanien 2019&lt;br \/&gt;&lt;span style=&quot;font-size:85%;color:#949494;&quot;&gt;[Bild-Id: 16285]&lt;\/span&gt;\"\n               data-image-slug=\"228_ap5a1372\"\n               class=\"ngg-simplelightbox\" rel=\"886059c2bb7b7d0cbdeb1d490a271eb8\">\n                <img loading=\"lazy\"\n                    title=\"Petra\"\n                    alt=\"Petra\"\n                    src=\"http:\/\/foto-passion.com\/wp-content\/gallery\/fotostrecke_jordanien_2019\/cache\/228_AP5A1372.jpg-nggid0516285-ngg0dyn-150x100x100-00f0w010c011r110f110r010t010.jpg\"\n                    width=\"150\"\n                    height=\"100\"\n                    style=\"max-width:100%;\"\n                \/>\n            <\/a>\n        <\/div>\n\t\t\t\t\t\t\t<\/div> \n\t\t\t\n                                    <br style=\"clear: both\" \/>\n                    \n\t\t\t\t<div id=\"ngg-image-8\" class=\"ngg-gallery-thumbnail-box\" >\n\t\t\t\t        <div class=\"ngg-gallery-thumbnail\">\n            <a href=\"http:\/\/foto-passion.com\/wp-content\/gallery\/fotostrecke_jordanien_2019\/229_AP5A1404.jpg\"\n               title=\"&lt;strong&gt;M\u00e4dchenschloss \u201eQasr al-Bint\u201c&lt;\/strong&gt;&lt;br \/&gt;Jordanien 2019&lt;br \/&gt;&lt;span style=&quot;font-size:85%;color:#949494;&quot;&gt;[Bild-Id: 16289]&lt;\/span&gt;\"\n               data-src=\"http:\/\/foto-passion.com\/wp-content\/gallery\/fotostrecke_jordanien_2019\/229_AP5A1404.jpg\"\n               data-thumbnail=\"http:\/\/foto-passion.com\/wp-content\/gallery\/fotostrecke_jordanien_2019\/thumbs\/thumbs_229_AP5A1404.jpg\"\n               data-image-id=\"16289\"\n               data-title=\"M\u00e4dchenschloss \u201eQasr al-Bint\u201c\"\n               data-description=\"&lt;strong&gt;M\u00e4dchenschloss \u201eQasr al-Bint\u201c&lt;\/strong&gt;&lt;br \/&gt;Jordanien 2019&lt;br \/&gt;&lt;span style=&quot;font-size:85%;color:#949494;&quot;&gt;[Bild-Id: 16289]&lt;\/span&gt;\"\n               data-image-slug=\"229_ap5a1404\"\n               class=\"ngg-simplelightbox\" rel=\"886059c2bb7b7d0cbdeb1d490a271eb8\">\n                <img loading=\"lazy\"\n                    title=\"M\u00e4dchenschloss \u201eQasr al-Bint\u201c\"\n                    alt=\"M\u00e4dchenschloss \u201eQasr al-Bint\u201c\"\n                    src=\"http:\/\/foto-passion.com\/wp-content\/gallery\/fotostrecke_jordanien_2019\/cache\/229_AP5A1404.jpg-nggid0516289-ngg0dyn-150x100x100-00f0w010c011r110f110r010t010.jpg\"\n                    width=\"150\"\n                    height=\"100\"\n                    style=\"max-width:100%;\"\n                \/>\n            <\/a>\n        <\/div>\n\t\t\t\t\t\t\t<\/div> \n\t\t\t\n                            \n\t\t\t\t<div id=\"ngg-image-9\" class=\"ngg-gallery-thumbnail-box\" >\n\t\t\t\t        <div class=\"ngg-gallery-thumbnail\">\n            <a href=\"http:\/\/foto-passion.com\/wp-content\/gallery\/fotostrecke_jordanien_2019\/230_AP5A1402.jpg\"\n               title=\"&lt;strong&gt;M\u00e4dchenschloss \u201eQasr al-Bint\u201c&lt;\/strong&gt;&lt;br \/&gt;Jordanien 2019&lt;br \/&gt;&lt;span style=&quot;font-size:85%;color:#949494;&quot;&gt;[Bild-Id: 16288]&lt;\/span&gt;\"\n               data-src=\"http:\/\/foto-passion.com\/wp-content\/gallery\/fotostrecke_jordanien_2019\/230_AP5A1402.jpg\"\n               data-thumbnail=\"http:\/\/foto-passion.com\/wp-content\/gallery\/fotostrecke_jordanien_2019\/thumbs\/thumbs_230_AP5A1402.jpg\"\n               data-image-id=\"16288\"\n               data-title=\"M\u00e4dchenschloss \u201eQasr al-Bint\u201c\"\n               data-description=\"&lt;strong&gt;M\u00e4dchenschloss \u201eQasr al-Bint\u201c&lt;\/strong&gt;&lt;br \/&gt;Jordanien 2019&lt;br \/&gt;&lt;span style=&quot;font-size:85%;color:#949494;&quot;&gt;[Bild-Id: 16288]&lt;\/span&gt;\"\n               data-image-slug=\"230_ap5a1402\"\n               class=\"ngg-simplelightbox\" rel=\"886059c2bb7b7d0cbdeb1d490a271eb8\">\n                <img loading=\"lazy\"\n                    title=\"M\u00e4dchenschloss \u201eQasr al-Bint\u201c\"\n                    alt=\"M\u00e4dchenschloss \u201eQasr al-Bint\u201c\"\n                    src=\"http:\/\/foto-passion.com\/wp-content\/gallery\/fotostrecke_jordanien_2019\/cache\/230_AP5A1402.jpg-nggid0516288-ngg0dyn-150x100x100-00f0w010c011r110f110r010t010.jpg\"\n                    width=\"150\"\n                    height=\"100\"\n                    style=\"max-width:100%;\"\n                \/>\n            <\/a>\n        <\/div>\n\t\t\t\t\t\t\t<\/div> \n\t\t\t\n                            \n\t\t\n\t\t<div class=\"ngg-clear\"><\/div>\n\t<\/div>\n<\/p>\t\t\t\t\t<\/div>\n\t\t\t\t\t\t<\/div>\n\t\t\t\t<\/div>\n\t\t\t\t\t\t<\/div>\n\t\t\t\t\t<\/div>\n\t\t<\/div>\n\t\t\t\t\t\t\t\t<\/div>\n\t\t\t\t\t<\/div>\n\t\t<\/section>\n\t\t\t\t<section class=\"elementor-section elementor-top-section elementor-element elementor-element-4e14ef6 elementor-section-boxed elementor-section-height-default elementor-section-height-default\" data-id=\"4e14ef6\" data-element_type=\"section\">\n\t\t\t\t\t\t<div class=\"elementor-container elementor-column-gap-default\">\n\t\t\t\t\t\t\t<div class=\"elementor-row\">\n\t\t\t\t\t<div class=\"elementor-column elementor-col-100 elementor-top-column elementor-element elementor-element-bf392b8\" data-id=\"bf392b8\" data-element_type=\"column\">\n\t\t\t<div class=\"elementor-column-wrap elementor-element-populated\">\n\t\t\t\t\t\t\t<div class=\"elementor-widget-wrap\">\n\t\t\t\t\t\t<div class=\"elementor-element elementor-element-a5a34ca elementor-widget elementor-widget-text-editor\" data-id=\"a5a34ca\" data-element_type=\"widget\" data-widget_type=\"text-editor.default\">\n\t\t\t\t<div class=\"elementor-widget-container\">\n\t\t\t\t\t\t\t\t<div class=\"elementor-text-editor elementor-clearfix\">\n\t\t\t\t\t<p style=\"text-align: justify;\">Bevor der beschwerliche Weg zum Kloster \u201eAd Deir\u201c beginnt, kann man sich im Restaurant des \u201eCrown Plaza\u201c noch st\u00e4rken, denn ab jetzt wird es anstrengend. Hinter dem Restaurant f\u00fchrt der Wanderweg links auf vielen Felsenstufen in Serpentinen rauf zum gro\u00dfartigen Grabtempel mit spektakul\u00e4ren Blicken ins Tal. Der Aufstieg k\u00f6nnte auch auf dem R\u00fccken eines Esels oder Pferdes bew\u00e4ltigt werden, kommt aber wohl nur f\u00fcr Lebensm\u00fcde in Betracht, denn wenn Gaul oder Esel ausrutschen, dann gibt es kein Halten.<\/p>\t\t\t\t\t<\/div>\n\t\t\t\t\t\t<\/div>\n\t\t\t\t<\/div>\n\t\t\t\t\t\t<\/div>\n\t\t\t\t\t<\/div>\n\t\t<\/div>\n\t\t\t\t\t\t\t\t<\/div>\n\t\t\t\t\t<\/div>\n\t\t<\/section>\n\t\t\t\t<section class=\"elementor-section elementor-top-section elementor-element elementor-element-ee09211 elementor-section-boxed elementor-section-height-default elementor-section-height-default\" data-id=\"ee09211\" data-element_type=\"section\">\n\t\t\t\t\t\t<div class=\"elementor-container elementor-column-gap-default\">\n\t\t\t\t\t\t\t<div class=\"elementor-row\">\n\t\t\t\t\t<div class=\"elementor-column elementor-col-100 elementor-top-column elementor-element elementor-element-19039bd\" data-id=\"19039bd\" data-element_type=\"column\">\n\t\t\t<div class=\"elementor-column-wrap elementor-element-populated\">\n\t\t\t\t\t\t\t<div class=\"elementor-widget-wrap\">\n\t\t\t\t\t\t<div class=\"elementor-element elementor-element-0db20bf elementor-widget elementor-widget-text-editor\" data-id=\"0db20bf\" data-element_type=\"widget\" data-widget_type=\"text-editor.default\">\n\t\t\t\t<div class=\"elementor-widget-container\">\n\t\t\t\t\t\t\t\t<div class=\"elementor-text-editor elementor-clearfix\">\n\t\t\t\t\t<p style=\"text-align: justify;\"><!-- index.php -->\n<div\n\tclass=\"ngg-galleryoverview ngg-ajax-pagination-none\"\n\tid=\"ngg-gallery-e2a8a7444ca9e5185a7a6c14d74ca8c0-1\">\n\n    \t\t<!-- Thumbnails -->\n\t\t\t\t<div id=\"ngg-image-0\" class=\"ngg-gallery-thumbnail-box\" >\n\t\t\t\t        <div class=\"ngg-gallery-thumbnail\">\n            <a href=\"http:\/\/foto-passion.com\/wp-content\/gallery\/fotostrecke_jordanien_2019\/231_AP5A1411.jpg\"\n               title=\"&lt;strong&gt;Auf dem Weg zum Kloster &quot;Ad Deir&quot;&lt;\/strong&gt;&lt;br \/&gt;Jordanien 2019&lt;br \/&gt;&lt;span style=&quot;font-size:85%;color:#949494;&quot;&gt;[Bild-Id: 16290]&lt;\/span&gt;\"\n               data-src=\"http:\/\/foto-passion.com\/wp-content\/gallery\/fotostrecke_jordanien_2019\/231_AP5A1411.jpg\"\n               data-thumbnail=\"http:\/\/foto-passion.com\/wp-content\/gallery\/fotostrecke_jordanien_2019\/thumbs\/thumbs_231_AP5A1411.jpg\"\n               data-image-id=\"16290\"\n               data-title=\"Auf dem Weg zum Kloster &quot;Ad Deir&quot;\"\n               data-description=\"&lt;strong&gt;Auf dem Weg zum Kloster &quot;Ad Deir&quot;&lt;\/strong&gt;&lt;br \/&gt;Jordanien 2019&lt;br \/&gt;&lt;span style=&quot;font-size:85%;color:#949494;&quot;&gt;[Bild-Id: 16290]&lt;\/span&gt;\"\n               data-image-slug=\"231_ap5a1411\"\n               class=\"ngg-simplelightbox\" rel=\"e2a8a7444ca9e5185a7a6c14d74ca8c0\">\n                <img loading=\"lazy\"\n                    title=\"Auf dem Weg zum Kloster &quot;Ad Deir&quot;\"\n                    alt=\"Auf dem Weg zum Kloster &quot;Ad Deir&quot;\"\n                    src=\"http:\/\/foto-passion.com\/wp-content\/gallery\/fotostrecke_jordanien_2019\/cache\/231_AP5A1411.jpg-nggid0516290-ngg0dyn-150x100x100-00f0w010c011r110f110r010t010.jpg\"\n                    width=\"150\"\n                    height=\"100\"\n                    style=\"max-width:100%;\"\n                \/>\n            <\/a>\n        <\/div>\n\t\t\t\t\t\t\t<\/div> \n\t\t\t\n                            \n\t\t\t\t<div id=\"ngg-image-1\" class=\"ngg-gallery-thumbnail-box\" >\n\t\t\t\t        <div class=\"ngg-gallery-thumbnail\">\n            <a href=\"http:\/\/foto-passion.com\/wp-content\/gallery\/fotostrecke_jordanien_2019\/232_AP5A1414.jpg\"\n               title=\"&lt;strong&gt;Auf dem Weg zum Kloster &quot;Ad Deir&quot;&lt;\/strong&gt;&lt;br \/&gt;Jordanien 2019&lt;br \/&gt;&lt;span style=&quot;font-size:85%;color:#949494;&quot;&gt;[Bild-Id: 16291]&lt;\/span&gt;\"\n               data-src=\"http:\/\/foto-passion.com\/wp-content\/gallery\/fotostrecke_jordanien_2019\/232_AP5A1414.jpg\"\n               data-thumbnail=\"http:\/\/foto-passion.com\/wp-content\/gallery\/fotostrecke_jordanien_2019\/thumbs\/thumbs_232_AP5A1414.jpg\"\n               data-image-id=\"16291\"\n               data-title=\"Auf dem Weg zum Kloster &quot;Ad Deir&quot;\"\n               data-description=\"&lt;strong&gt;Auf dem Weg zum Kloster &quot;Ad Deir&quot;&lt;\/strong&gt;&lt;br \/&gt;Jordanien 2019&lt;br \/&gt;&lt;span style=&quot;font-size:85%;color:#949494;&quot;&gt;[Bild-Id: 16291]&lt;\/span&gt;\"\n               data-image-slug=\"232_ap5a1414\"\n               class=\"ngg-simplelightbox\" rel=\"e2a8a7444ca9e5185a7a6c14d74ca8c0\">\n                <img loading=\"lazy\"\n                    title=\"Auf dem Weg zum Kloster &quot;Ad Deir&quot;\"\n                    alt=\"Auf dem Weg zum Kloster &quot;Ad Deir&quot;\"\n                    src=\"http:\/\/foto-passion.com\/wp-content\/gallery\/fotostrecke_jordanien_2019\/cache\/232_AP5A1414.jpg-nggid0516291-ngg0dyn-150x100x100-00f0w010c011r110f110r010t010.jpg\"\n                    width=\"150\"\n                    height=\"100\"\n                    style=\"max-width:100%;\"\n                \/>\n            <\/a>\n        <\/div>\n\t\t\t\t\t\t\t<\/div> \n\t\t\t\n                            \n\t\t\t\t<div id=\"ngg-image-2\" class=\"ngg-gallery-thumbnail-box\" >\n\t\t\t\t        <div class=\"ngg-gallery-thumbnail\">\n            <a href=\"http:\/\/foto-passion.com\/wp-content\/gallery\/fotostrecke_jordanien_2019\/233_AP5A1527.jpg\"\n               title=\"&lt;strong&gt;Auf dem Weg zum Kloster &quot;Ad Deir&quot;&lt;\/strong&gt;&lt;br \/&gt;Jordanien 2019&lt;br \/&gt;&lt;span style=&quot;font-size:85%;color:#949494;&quot;&gt;[Bild-Id: 16297]&lt;\/span&gt;\"\n               data-src=\"http:\/\/foto-passion.com\/wp-content\/gallery\/fotostrecke_jordanien_2019\/233_AP5A1527.jpg\"\n               data-thumbnail=\"http:\/\/foto-passion.com\/wp-content\/gallery\/fotostrecke_jordanien_2019\/thumbs\/thumbs_233_AP5A1527.jpg\"\n               data-image-id=\"16297\"\n               data-title=\"Auf dem Weg zum Kloster &quot;Ad Deir&quot;\"\n               data-description=\"&lt;strong&gt;Auf dem Weg zum Kloster &quot;Ad Deir&quot;&lt;\/strong&gt;&lt;br \/&gt;Jordanien 2019&lt;br \/&gt;&lt;span style=&quot;font-size:85%;color:#949494;&quot;&gt;[Bild-Id: 16297]&lt;\/span&gt;\"\n               data-image-slug=\"233_ap5a1527\"\n               class=\"ngg-simplelightbox\" rel=\"e2a8a7444ca9e5185a7a6c14d74ca8c0\">\n                <img loading=\"lazy\"\n                    title=\"Auf dem Weg zum Kloster &quot;Ad Deir&quot;\"\n                    alt=\"Auf dem Weg zum Kloster &quot;Ad Deir&quot;\"\n                    src=\"http:\/\/foto-passion.com\/wp-content\/gallery\/fotostrecke_jordanien_2019\/cache\/233_AP5A1527.jpg-nggid0516297-ngg0dyn-150x100x100-00f0w010c011r110f110r010t010.jpg\"\n                    width=\"150\"\n                    height=\"100\"\n                    style=\"max-width:100%;\"\n                \/>\n            <\/a>\n        <\/div>\n\t\t\t\t\t\t\t<\/div> \n\t\t\t\n                            \n\t\t\t\t<div id=\"ngg-image-3\" class=\"ngg-gallery-thumbnail-box\" >\n\t\t\t\t        <div class=\"ngg-gallery-thumbnail\">\n            <a href=\"http:\/\/foto-passion.com\/wp-content\/gallery\/fotostrecke_jordanien_2019\/234_AP5A1500.jpg\"\n               title=\"&lt;strong&gt;Auf dem Weg zum Kloster &quot;Ad Deir&quot;&lt;\/strong&gt;&lt;br \/&gt;Jordanien 2019&lt;br \/&gt;&lt;span style=&quot;font-size:85%;color:#949494;&quot;&gt;[Bild-Id: 16296]&lt;\/span&gt;\"\n               data-src=\"http:\/\/foto-passion.com\/wp-content\/gallery\/fotostrecke_jordanien_2019\/234_AP5A1500.jpg\"\n               data-thumbnail=\"http:\/\/foto-passion.com\/wp-content\/gallery\/fotostrecke_jordanien_2019\/thumbs\/thumbs_234_AP5A1500.jpg\"\n               data-image-id=\"16296\"\n               data-title=\"Auf dem Weg zum Kloster &quot;Ad Deir&quot;\"\n               data-description=\"&lt;strong&gt;Auf dem Weg zum Kloster &quot;Ad Deir&quot;&lt;\/strong&gt;&lt;br \/&gt;Jordanien 2019&lt;br \/&gt;&lt;span style=&quot;font-size:85%;color:#949494;&quot;&gt;[Bild-Id: 16296]&lt;\/span&gt;\"\n               data-image-slug=\"234_ap5a1500\"\n               class=\"ngg-simplelightbox\" rel=\"e2a8a7444ca9e5185a7a6c14d74ca8c0\">\n                <img loading=\"lazy\"\n                    title=\"Auf dem Weg zum Kloster &quot;Ad Deir&quot;\"\n                    alt=\"Auf dem Weg zum Kloster &quot;Ad Deir&quot;\"\n                    src=\"http:\/\/foto-passion.com\/wp-content\/gallery\/fotostrecke_jordanien_2019\/cache\/234_AP5A1500.jpg-nggid0516296-ngg0dyn-150x100x100-00f0w010c011r110f110r010t010.jpg\"\n                    width=\"150\"\n                    height=\"100\"\n                    style=\"max-width:100%;\"\n                \/>\n            <\/a>\n        <\/div>\n\t\t\t\t\t\t\t<\/div> \n\t\t\t\n                                    <br style=\"clear: both\" \/>\n                    \n\t\t\n\t\t<div class=\"ngg-clear\"><\/div>\n\t<\/div>\n<\/p>\t\t\t\t\t<\/div>\n\t\t\t\t\t\t<\/div>\n\t\t\t\t<\/div>\n\t\t\t\t\t\t<\/div>\n\t\t\t\t\t<\/div>\n\t\t<\/div>\n\t\t\t\t\t\t\t\t<\/div>\n\t\t\t\t\t<\/div>\n\t\t<\/section>\n\t\t\t\t<section class=\"elementor-section elementor-top-section elementor-element elementor-element-f9ef5ef elementor-section-boxed elementor-section-height-default elementor-section-height-default\" data-id=\"f9ef5ef\" data-element_type=\"section\">\n\t\t\t\t\t\t<div class=\"elementor-container elementor-column-gap-default\">\n\t\t\t\t\t\t\t<div class=\"elementor-row\">\n\t\t\t\t\t<div class=\"elementor-column elementor-col-100 elementor-top-column elementor-element elementor-element-368d5e1\" data-id=\"368d5e1\" data-element_type=\"column\">\n\t\t\t<div class=\"elementor-column-wrap elementor-element-populated\">\n\t\t\t\t\t\t\t<div class=\"elementor-widget-wrap\">\n\t\t\t\t\t\t<div class=\"elementor-element elementor-element-7ce8f96 elementor-widget elementor-widget-text-editor\" data-id=\"7ce8f96\" data-element_type=\"widget\" data-widget_type=\"text-editor.default\">\n\t\t\t\t<div class=\"elementor-widget-container\">\n\t\t\t\t\t\t\t\t<div class=\"elementor-text-editor elementor-clearfix\">\n\t\t\t\t\t<p style=\"text-align: justify;\">Am Ende des Aufstiegs wird man \u00fcberrascht vom Anblick des \u201eAd Deir\u201c-Klosters, das mindestens genau so imposant ist wie das Schatzhaus. \u201eAd Deir\u201c ist eines der gr\u00f6\u00dften Bauwerke in Petra. Es ist 47 Meter breit und 48 Meter hoch. Allein die Spitze ist 9 m hoch.<\/p>\t\t\t\t\t<\/div>\n\t\t\t\t\t\t<\/div>\n\t\t\t\t<\/div>\n\t\t\t\t\t\t<\/div>\n\t\t\t\t\t<\/div>\n\t\t<\/div>\n\t\t\t\t\t\t\t\t<\/div>\n\t\t\t\t\t<\/div>\n\t\t<\/section>\n\t\t\t\t<section class=\"elementor-section elementor-top-section elementor-element elementor-element-194a326 elementor-section-boxed elementor-section-height-default elementor-section-height-default\" data-id=\"194a326\" data-element_type=\"section\">\n\t\t\t\t\t\t<div class=\"elementor-container elementor-column-gap-default\">\n\t\t\t\t\t\t\t<div class=\"elementor-row\">\n\t\t\t\t\t<div class=\"elementor-column elementor-col-100 elementor-top-column elementor-element elementor-element-e7850ef\" data-id=\"e7850ef\" data-element_type=\"column\">\n\t\t\t<div class=\"elementor-column-wrap elementor-element-populated\">\n\t\t\t\t\t\t\t<div class=\"elementor-widget-wrap\">\n\t\t\t\t\t\t<div class=\"elementor-element elementor-element-422ce37 elementor-widget elementor-widget-text-editor\" data-id=\"422ce37\" data-element_type=\"widget\" data-widget_type=\"text-editor.default\">\n\t\t\t\t<div class=\"elementor-widget-container\">\n\t\t\t\t\t\t\t\t<div class=\"elementor-text-editor elementor-clearfix\">\n\t\t\t\t\t<p style=\"text-align: justify;\"><!-- index.php -->\n<div\n\tclass=\"ngg-galleryoverview ngg-ajax-pagination-none\"\n\tid=\"ngg-gallery-2650463731bc7144a563314c92f78096-1\">\n\n    \t\t<!-- Thumbnails -->\n\t\t\t\t<div id=\"ngg-image-0\" class=\"ngg-gallery-thumbnail-box\" >\n\t\t\t\t        <div class=\"ngg-gallery-thumbnail\">\n            <a href=\"http:\/\/foto-passion.com\/wp-content\/gallery\/fotostrecke_jordanien_2019\/235_AP5A1438.jpg\"\n               title=\"&lt;strong&gt;Kloster &quot;Ad Deir&quot;&lt;\/strong&gt;&lt;br \/&gt;Jordanien 2019&lt;br \/&gt;&lt;span style=&quot;font-size:85%;color:#949494;&quot;&gt;[Bild-Id: 16292]&lt;\/span&gt;\"\n               data-src=\"http:\/\/foto-passion.com\/wp-content\/gallery\/fotostrecke_jordanien_2019\/235_AP5A1438.jpg\"\n               data-thumbnail=\"http:\/\/foto-passion.com\/wp-content\/gallery\/fotostrecke_jordanien_2019\/thumbs\/thumbs_235_AP5A1438.jpg\"\n               data-image-id=\"16292\"\n               data-title=\"Kloster &quot;Ad Deir&quot;\"\n               data-description=\"&lt;strong&gt;Kloster &quot;Ad Deir&quot;&lt;\/strong&gt;&lt;br \/&gt;Jordanien 2019&lt;br \/&gt;&lt;span style=&quot;font-size:85%;color:#949494;&quot;&gt;[Bild-Id: 16292]&lt;\/span&gt;\"\n               data-image-slug=\"235_ap5a1438\"\n               class=\"ngg-simplelightbox\" rel=\"2650463731bc7144a563314c92f78096\">\n                <img loading=\"lazy\"\n                    title=\"Kloster &quot;Ad Deir&quot;\"\n                    alt=\"Kloster &quot;Ad Deir&quot;\"\n                    src=\"http:\/\/foto-passion.com\/wp-content\/gallery\/fotostrecke_jordanien_2019\/cache\/235_AP5A1438.jpg-nggid0516292-ngg0dyn-150x100x100-00f0w010c011r110f110r010t010.jpg\"\n                    width=\"150\"\n                    height=\"100\"\n                    style=\"max-width:100%;\"\n                \/>\n            <\/a>\n        <\/div>\n\t\t\t\t\t\t\t<\/div> \n\t\t\t\n                            \n\t\t\t\t<div id=\"ngg-image-1\" class=\"ngg-gallery-thumbnail-box\" >\n\t\t\t\t        <div class=\"ngg-gallery-thumbnail\">\n            <a href=\"http:\/\/foto-passion.com\/wp-content\/gallery\/fotostrecke_jordanien_2019\/236_AP5A1454.jpg\"\n               title=\"&lt;strong&gt;Kloster &quot;Ad Deir&quot;&lt;\/strong&gt;&lt;br \/&gt;Jordanien 2019&lt;br \/&gt;&lt;span style=&quot;font-size:85%;color:#949494;&quot;&gt;[Bild-Id: 16293]&lt;\/span&gt;\"\n               data-src=\"http:\/\/foto-passion.com\/wp-content\/gallery\/fotostrecke_jordanien_2019\/236_AP5A1454.jpg\"\n               data-thumbnail=\"http:\/\/foto-passion.com\/wp-content\/gallery\/fotostrecke_jordanien_2019\/thumbs\/thumbs_236_AP5A1454.jpg\"\n               data-image-id=\"16293\"\n               data-title=\"Kloster &quot;Ad Deir&quot;\"\n               data-description=\"&lt;strong&gt;Kloster &quot;Ad Deir&quot;&lt;\/strong&gt;&lt;br \/&gt;Jordanien 2019&lt;br \/&gt;&lt;span style=&quot;font-size:85%;color:#949494;&quot;&gt;[Bild-Id: 16293]&lt;\/span&gt;\"\n               data-image-slug=\"236_ap5a1454\"\n               class=\"ngg-simplelightbox\" rel=\"2650463731bc7144a563314c92f78096\">\n                <img loading=\"lazy\"\n                    title=\"Kloster &quot;Ad Deir&quot;\"\n                    alt=\"Kloster &quot;Ad Deir&quot;\"\n                    src=\"http:\/\/foto-passion.com\/wp-content\/gallery\/fotostrecke_jordanien_2019\/cache\/236_AP5A1454.jpg-nggid0516293-ngg0dyn-150x100x100-00f0w010c011r110f110r010t010.jpg\"\n                    width=\"150\"\n                    height=\"100\"\n                    style=\"max-width:100%;\"\n                \/>\n            <\/a>\n        <\/div>\n\t\t\t\t\t\t\t<\/div> \n\t\t\t\n                            \n\t\t\t\t<div id=\"ngg-image-2\" class=\"ngg-gallery-thumbnail-box\" >\n\t\t\t\t        <div class=\"ngg-gallery-thumbnail\">\n            <a href=\"http:\/\/foto-passion.com\/wp-content\/gallery\/fotostrecke_jordanien_2019\/237_AP5A1479.jpg\"\n               title=\"&lt;strong&gt;Kloster &quot;Ad Deir&quot;&lt;\/strong&gt;&lt;br \/&gt;Jordanien 2019&lt;br \/&gt;&lt;span style=&quot;font-size:85%;color:#949494;&quot;&gt;[Bild-Id: 16294]&lt;\/span&gt;\"\n               data-src=\"http:\/\/foto-passion.com\/wp-content\/gallery\/fotostrecke_jordanien_2019\/237_AP5A1479.jpg\"\n               data-thumbnail=\"http:\/\/foto-passion.com\/wp-content\/gallery\/fotostrecke_jordanien_2019\/thumbs\/thumbs_237_AP5A1479.jpg\"\n               data-image-id=\"16294\"\n               data-title=\"Kloster &quot;Ad Deir&quot;\"\n               data-description=\"&lt;strong&gt;Kloster &quot;Ad Deir&quot;&lt;\/strong&gt;&lt;br \/&gt;Jordanien 2019&lt;br \/&gt;&lt;span style=&quot;font-size:85%;color:#949494;&quot;&gt;[Bild-Id: 16294]&lt;\/span&gt;\"\n               data-image-slug=\"237_ap5a1479\"\n               class=\"ngg-simplelightbox\" rel=\"2650463731bc7144a563314c92f78096\">\n                <img loading=\"lazy\"\n                    title=\"Kloster &quot;Ad Deir&quot;\"\n                    alt=\"Kloster &quot;Ad Deir&quot;\"\n                    src=\"http:\/\/foto-passion.com\/wp-content\/gallery\/fotostrecke_jordanien_2019\/cache\/237_AP5A1479.jpg-nggid0516294-ngg0dyn-150x100x100-00f0w010c011r110f110r010t010.jpg\"\n                    width=\"150\"\n                    height=\"100\"\n                    style=\"max-width:100%;\"\n                \/>\n            <\/a>\n        <\/div>\n\t\t\t\t\t\t\t<\/div> \n\t\t\t\n                            \n\t\t\t\t<div id=\"ngg-image-3\" class=\"ngg-gallery-thumbnail-box\" >\n\t\t\t\t        <div class=\"ngg-gallery-thumbnail\">\n            <a href=\"http:\/\/foto-passion.com\/wp-content\/gallery\/fotostrecke_jordanien_2019\/238_AP5A1487.jpg\"\n               title=\"&lt;strong&gt;Kaffee und Aussichtspunkt gegen\u00fcber des Klosters &quot;Ad Deir&quot;&lt;\/strong&gt;&lt;br \/&gt;Jordanien 2019&lt;br \/&gt;&lt;span style=&quot;font-size:85%;color:#949494;&quot;&gt;[Bild-Id: 16295]&lt;\/span&gt;\"\n               data-src=\"http:\/\/foto-passion.com\/wp-content\/gallery\/fotostrecke_jordanien_2019\/238_AP5A1487.jpg\"\n               data-thumbnail=\"http:\/\/foto-passion.com\/wp-content\/gallery\/fotostrecke_jordanien_2019\/thumbs\/thumbs_238_AP5A1487.jpg\"\n               data-image-id=\"16295\"\n               data-title=\"Kaffee und Aussichtspunkt gegen\u00fcber des Klosters &quot;Ad Deir&quot;\"\n               data-description=\"&lt;strong&gt;Kaffee und Aussichtspunkt gegen\u00fcber des Klosters &quot;Ad Deir&quot;&lt;\/strong&gt;&lt;br \/&gt;Jordanien 2019&lt;br \/&gt;&lt;span style=&quot;font-size:85%;color:#949494;&quot;&gt;[Bild-Id: 16295]&lt;\/span&gt;\"\n               data-image-slug=\"238_ap5a1487\"\n               class=\"ngg-simplelightbox\" rel=\"2650463731bc7144a563314c92f78096\">\n                <img loading=\"lazy\"\n                    title=\"Kaffee und Aussichtspunkt gegen\u00fcber des Klosters &quot;Ad Deir&quot;\"\n                    alt=\"Kaffee und Aussichtspunkt gegen\u00fcber des Klosters &quot;Ad Deir&quot;\"\n                    src=\"http:\/\/foto-passion.com\/wp-content\/gallery\/fotostrecke_jordanien_2019\/cache\/238_AP5A1487.jpg-nggid0516295-ngg0dyn-150x100x100-00f0w010c011r110f110r010t010.jpg\"\n                    width=\"150\"\n                    height=\"100\"\n                    style=\"max-width:100%;\"\n                \/>\n            <\/a>\n        <\/div>\n\t\t\t\t\t\t\t<\/div> \n\t\t\t\n                                    <br style=\"clear: both\" \/>\n                    \n\t\t\n\t\t<div class=\"ngg-clear\"><\/div>\n\t<\/div>\n<\/p>\t\t\t\t\t<\/div>\n\t\t\t\t\t\t<\/div>\n\t\t\t\t<\/div>\n\t\t\t\t\t\t<\/div>\n\t\t\t\t\t<\/div>\n\t\t<\/div>\n\t\t\t\t\t\t\t\t<\/div>\n\t\t\t\t\t<\/div>\n\t\t<\/section>\n\t\t\t\t<section class=\"elementor-section elementor-top-section elementor-element elementor-element-94816f4 elementor-section-boxed elementor-section-height-default elementor-section-height-default\" data-id=\"94816f4\" data-element_type=\"section\">\n\t\t\t\t\t\t<div class=\"elementor-container elementor-column-gap-default\">\n\t\t\t\t\t\t\t<div class=\"elementor-row\">\n\t\t\t\t\t<div class=\"elementor-column elementor-col-100 elementor-top-column elementor-element elementor-element-9f808b7\" data-id=\"9f808b7\" data-element_type=\"column\">\n\t\t\t<div class=\"elementor-column-wrap elementor-element-populated\">\n\t\t\t\t\t\t\t<div class=\"elementor-widget-wrap\">\n\t\t\t\t\t\t<div class=\"elementor-element elementor-element-a8cda74 elementor-widget elementor-widget-text-editor\" data-id=\"a8cda74\" data-element_type=\"widget\" data-widget_type=\"text-editor.default\">\n\t\t\t\t<div class=\"elementor-widget-container\">\n\t\t\t\t\t\t\t\t<div class=\"elementor-text-editor elementor-clearfix\">\n\t\t\t\t\t<p style=\"text-align: justify;\">Auf einem Felsvorsprung gegen\u00fcber des Klosters verweilen wir eine Weile, bevor wir uns im benachbarten Restaurant einen frischen Fruchtsaft genehmigen. Zwar ist jetzt zum Nachmittag die Fassade des Geb\u00e4udes sch\u00f6n ausgeleuchtet, aber die Sonne scheint eben auch auf den beschwerlichen Weg, der hier hoch f\u00fchrt. Morgens ist wohl der Weg oder zumindest Teile von ihm eher im Schatten. Der Weg zur\u00fcck ist der gleiche, wie der Hinweg aber hinunter geht es eindeutig besser. Auf dem R\u00fcckweg zum Siq machen wir noch einen Abstecher zur byzantinischen Kirche, in der es zwei sch\u00f6ne Bodenmosaike zu besichtigen gibt.<\/p>\t\t\t\t\t<\/div>\n\t\t\t\t\t\t<\/div>\n\t\t\t\t<\/div>\n\t\t\t\t\t\t<\/div>\n\t\t\t\t\t<\/div>\n\t\t<\/div>\n\t\t\t\t\t\t\t\t<\/div>\n\t\t\t\t\t<\/div>\n\t\t<\/section>\n\t\t\t\t<section class=\"elementor-section elementor-top-section elementor-element elementor-element-0b2ea08 elementor-section-boxed elementor-section-height-default elementor-section-height-default\" data-id=\"0b2ea08\" data-element_type=\"section\">\n\t\t\t\t\t\t<div class=\"elementor-container elementor-column-gap-default\">\n\t\t\t\t\t\t\t<div class=\"elementor-row\">\n\t\t\t\t\t<div class=\"elementor-column elementor-col-100 elementor-top-column elementor-element elementor-element-ce9141e\" data-id=\"ce9141e\" data-element_type=\"column\">\n\t\t\t<div class=\"elementor-column-wrap elementor-element-populated\">\n\t\t\t\t\t\t\t<div class=\"elementor-widget-wrap\">\n\t\t\t\t\t\t<div class=\"elementor-element elementor-element-816e708 elementor-widget elementor-widget-text-editor\" data-id=\"816e708\" data-element_type=\"widget\" data-widget_type=\"text-editor.default\">\n\t\t\t\t<div class=\"elementor-widget-container\">\n\t\t\t\t\t\t\t\t<div class=\"elementor-text-editor elementor-clearfix\">\n\t\t\t\t\t<p style=\"text-align: justify;\"><!-- index.php -->\n<div\n\tclass=\"ngg-galleryoverview ngg-ajax-pagination-none\"\n\tid=\"ngg-gallery-6e97866d6c5a481dd47a5d5281ee9f89-1\">\n\n    \t\t<!-- Thumbnails -->\n\t\t\t\t<div id=\"ngg-image-0\" class=\"ngg-gallery-thumbnail-box\" >\n\t\t\t\t        <div class=\"ngg-gallery-thumbnail\">\n            <a href=\"http:\/\/foto-passion.com\/wp-content\/gallery\/fotostrecke_jordanien_2019\/239_AP5A1646.jpg\"\n               title=\"&lt;strong&gt;Bodenmosaik in der ehemaligen Kirche&lt;\/strong&gt;&lt;br \/&gt;Jordanien 2019&lt;br \/&gt;&lt;span style=&quot;font-size:85%;color:#949494;&quot;&gt;[Bild-Id: 16308]&lt;\/span&gt;\"\n               data-src=\"http:\/\/foto-passion.com\/wp-content\/gallery\/fotostrecke_jordanien_2019\/239_AP5A1646.jpg\"\n               data-thumbnail=\"http:\/\/foto-passion.com\/wp-content\/gallery\/fotostrecke_jordanien_2019\/thumbs\/thumbs_239_AP5A1646.jpg\"\n               data-image-id=\"16308\"\n               data-title=\"Bodenmosaik in der ehemaligen Kirche\"\n               data-description=\"&lt;strong&gt;Bodenmosaik in der ehemaligen Kirche&lt;\/strong&gt;&lt;br \/&gt;Jordanien 2019&lt;br \/&gt;&lt;span style=&quot;font-size:85%;color:#949494;&quot;&gt;[Bild-Id: 16308]&lt;\/span&gt;\"\n               data-image-slug=\"239_ap5a1646\"\n               class=\"ngg-simplelightbox\" rel=\"6e97866d6c5a481dd47a5d5281ee9f89\">\n                <img loading=\"lazy\"\n                    title=\"Bodenmosaik in der ehemaligen Kirche\"\n                    alt=\"Bodenmosaik in der ehemaligen Kirche\"\n                    src=\"http:\/\/foto-passion.com\/wp-content\/gallery\/fotostrecke_jordanien_2019\/cache\/239_AP5A1646.jpg-nggid0516308-ngg0dyn-150x100x100-00f0w010c011r110f110r010t010.jpg\"\n                    width=\"150\"\n                    height=\"100\"\n                    style=\"max-width:100%;\"\n                \/>\n            <\/a>\n        <\/div>\n\t\t\t\t\t\t\t<\/div> \n\t\t\t\n                            \n\t\t\t\t<div id=\"ngg-image-1\" class=\"ngg-gallery-thumbnail-box\" >\n\t\t\t\t        <div class=\"ngg-gallery-thumbnail\">\n            <a href=\"http:\/\/foto-passion.com\/wp-content\/gallery\/fotostrecke_jordanien_2019\/240_AP5A1648.jpg\"\n               title=\"&lt;strong&gt;Bodenmosaik in der ehemaligen Kirche&lt;\/strong&gt;&lt;br \/&gt;Jordanien 2019&lt;br \/&gt;&lt;span style=&quot;font-size:85%;color:#949494;&quot;&gt;[Bild-Id: 16309]&lt;\/span&gt;\"\n               data-src=\"http:\/\/foto-passion.com\/wp-content\/gallery\/fotostrecke_jordanien_2019\/240_AP5A1648.jpg\"\n               data-thumbnail=\"http:\/\/foto-passion.com\/wp-content\/gallery\/fotostrecke_jordanien_2019\/thumbs\/thumbs_240_AP5A1648.jpg\"\n               data-image-id=\"16309\"\n               data-title=\"Bodenmosaik in der ehemaligen Kirche\"\n               data-description=\"&lt;strong&gt;Bodenmosaik in der ehemaligen Kirche&lt;\/strong&gt;&lt;br \/&gt;Jordanien 2019&lt;br \/&gt;&lt;span style=&quot;font-size:85%;color:#949494;&quot;&gt;[Bild-Id: 16309]&lt;\/span&gt;\"\n               data-image-slug=\"240_ap5a1648\"\n               class=\"ngg-simplelightbox\" rel=\"6e97866d6c5a481dd47a5d5281ee9f89\">\n                <img loading=\"lazy\"\n                    title=\"Bodenmosaik in der ehemaligen Kirche\"\n                    alt=\"Bodenmosaik in der ehemaligen Kirche\"\n                    src=\"http:\/\/foto-passion.com\/wp-content\/gallery\/fotostrecke_jordanien_2019\/cache\/240_AP5A1648.jpg-nggid0516309-ngg0dyn-150x100x100-00f0w010c011r110f110r010t010.jpg\"\n                    width=\"150\"\n                    height=\"100\"\n                    style=\"max-width:100%;\"\n                \/>\n            <\/a>\n        <\/div>\n\t\t\t\t\t\t\t<\/div> \n\t\t\t\n                            \n\t\t\t\t<div id=\"ngg-image-2\" class=\"ngg-gallery-thumbnail-box\" >\n\t\t\t\t        <div class=\"ngg-gallery-thumbnail\">\n            <a href=\"http:\/\/foto-passion.com\/wp-content\/gallery\/fotostrecke_jordanien_2019\/241_AP5A1642.jpg\"\n               title=\"&lt;strong&gt;Bodenmosaik in der ehemaligen Kirche&lt;\/strong&gt;&lt;br \/&gt;Jordanien 2019&lt;br \/&gt;&lt;span style=&quot;font-size:85%;color:#949494;&quot;&gt;[Bild-Id: 16306]&lt;\/span&gt;\"\n               data-src=\"http:\/\/foto-passion.com\/wp-content\/gallery\/fotostrecke_jordanien_2019\/241_AP5A1642.jpg\"\n               data-thumbnail=\"http:\/\/foto-passion.com\/wp-content\/gallery\/fotostrecke_jordanien_2019\/thumbs\/thumbs_241_AP5A1642.jpg\"\n               data-image-id=\"16306\"\n               data-title=\"Bodenmosaik in der ehemaligen Kirche\"\n               data-description=\"&lt;strong&gt;Bodenmosaik in der ehemaligen Kirche&lt;\/strong&gt;&lt;br \/&gt;Jordanien 2019&lt;br \/&gt;&lt;span style=&quot;font-size:85%;color:#949494;&quot;&gt;[Bild-Id: 16306]&lt;\/span&gt;\"\n               data-image-slug=\"241_ap5a1642\"\n               class=\"ngg-simplelightbox\" rel=\"6e97866d6c5a481dd47a5d5281ee9f89\">\n                <img loading=\"lazy\"\n                    title=\"Bodenmosaik in der ehemaligen Kirche\"\n                    alt=\"Bodenmosaik in der ehemaligen Kirche\"\n                    src=\"http:\/\/foto-passion.com\/wp-content\/gallery\/fotostrecke_jordanien_2019\/cache\/241_AP5A1642.jpg-nggid0516306-ngg0dyn-150x100x100-00f0w010c011r110f110r010t010.jpg\"\n                    width=\"150\"\n                    height=\"100\"\n                    style=\"max-width:100%;\"\n                \/>\n            <\/a>\n        <\/div>\n\t\t\t\t\t\t\t<\/div> \n\t\t\t\n                            \n\t\t\t\t<div id=\"ngg-image-3\" class=\"ngg-gallery-thumbnail-box\" >\n\t\t\t\t        <div class=\"ngg-gallery-thumbnail\">\n            <a href=\"http:\/\/foto-passion.com\/wp-content\/gallery\/fotostrecke_jordanien_2019\/242_AP5A1644.jpg\"\n               title=\"&lt;strong&gt;Bodenmosaik in der ehemaligen Kirche&lt;\/strong&gt;&lt;br \/&gt;Jordanien 2019&lt;br \/&gt;&lt;span style=&quot;font-size:85%;color:#949494;&quot;&gt;[Bild-Id: 16307]&lt;\/span&gt;\"\n               data-src=\"http:\/\/foto-passion.com\/wp-content\/gallery\/fotostrecke_jordanien_2019\/242_AP5A1644.jpg\"\n               data-thumbnail=\"http:\/\/foto-passion.com\/wp-content\/gallery\/fotostrecke_jordanien_2019\/thumbs\/thumbs_242_AP5A1644.jpg\"\n               data-image-id=\"16307\"\n               data-title=\"Bodenmosaik in der ehemaligen Kirche\"\n               data-description=\"&lt;strong&gt;Bodenmosaik in der ehemaligen Kirche&lt;\/strong&gt;&lt;br \/&gt;Jordanien 2019&lt;br \/&gt;&lt;span style=&quot;font-size:85%;color:#949494;&quot;&gt;[Bild-Id: 16307]&lt;\/span&gt;\"\n               data-image-slug=\"242_ap5a1644\"\n               class=\"ngg-simplelightbox\" rel=\"6e97866d6c5a481dd47a5d5281ee9f89\">\n                <img loading=\"lazy\"\n                    title=\"Bodenmosaik in der ehemaligen Kirche\"\n                    alt=\"Bodenmosaik in der ehemaligen Kirche\"\n                    src=\"http:\/\/foto-passion.com\/wp-content\/gallery\/fotostrecke_jordanien_2019\/cache\/242_AP5A1644.jpg-nggid0516307-ngg0dyn-150x100x100-00f0w010c011r110f110r010t010.jpg\"\n                    width=\"150\"\n                    height=\"100\"\n                    style=\"max-width:100%;\"\n                \/>\n            <\/a>\n        <\/div>\n\t\t\t\t\t\t\t<\/div> \n\t\t\t\n                                    <br style=\"clear: both\" \/>\n                    \n\t\t\n\t\t<div class=\"ngg-clear\"><\/div>\n\t<\/div>\n<\/p>\t\t\t\t\t<\/div>\n\t\t\t\t\t\t<\/div>\n\t\t\t\t<\/div>\n\t\t\t\t\t\t<\/div>\n\t\t\t\t\t<\/div>\n\t\t<\/div>\n\t\t\t\t\t\t\t\t<\/div>\n\t\t\t\t\t<\/div>\n\t\t<\/section>\n\t\t\t\t<section class=\"elementor-section elementor-top-section elementor-element elementor-element-dfdd506 elementor-section-boxed elementor-section-height-default elementor-section-height-default\" data-id=\"dfdd506\" data-element_type=\"section\">\n\t\t\t\t\t\t<div class=\"elementor-container elementor-column-gap-default\">\n\t\t\t\t\t\t\t<div class=\"elementor-row\">\n\t\t\t\t\t<div class=\"elementor-column elementor-col-100 elementor-top-column elementor-element elementor-element-fb72817\" data-id=\"fb72817\" data-element_type=\"column\">\n\t\t\t<div class=\"elementor-column-wrap elementor-element-populated\">\n\t\t\t\t\t\t\t<div class=\"elementor-widget-wrap\">\n\t\t\t\t\t\t<div class=\"elementor-element elementor-element-ce9f03d elementor-widget elementor-widget-text-editor\" data-id=\"ce9f03d\" data-element_type=\"widget\" data-widget_type=\"text-editor.default\">\n\t\t\t\t<div class=\"elementor-widget-container\">\n\t\t\t\t\t\t\t\t<div class=\"elementor-text-editor elementor-clearfix\">\n\t\t\t\t\t<p style=\"text-align: justify;\">Inzwischen sind auch die K\u00f6nigsgr\u00e4ber von der Sonne angeleuchtet, so dass wir sie auch noch einmal besuchen, bevor wir wieder zum Schatzhaus laufen. Hier angekommen, verweilen wir noch etwas und lassen die Szenerie einfach auf uns wirken, bevor wir gegen 16 Uhr voller \u00fcberw\u00e4ltigender Eindr\u00fccke und ziemlich laufm\u00fcde den R\u00fcckweg antreten.<\/p>\t\t\t\t\t<\/div>\n\t\t\t\t\t\t<\/div>\n\t\t\t\t<\/div>\n\t\t\t\t\t\t<\/div>\n\t\t\t\t\t<\/div>\n\t\t<\/div>\n\t\t\t\t\t\t\t\t<\/div>\n\t\t\t\t\t<\/div>\n\t\t<\/section>\n\t\t\t\t<section class=\"elementor-section elementor-top-section elementor-element elementor-element-b0cf11d elementor-section-boxed elementor-section-height-default elementor-section-height-default\" data-id=\"b0cf11d\" data-element_type=\"section\">\n\t\t\t\t\t\t<div class=\"elementor-container elementor-column-gap-default\">\n\t\t\t\t\t\t\t<div class=\"elementor-row\">\n\t\t\t\t\t<div class=\"elementor-column elementor-col-100 elementor-top-column elementor-element elementor-element-3ceccdb\" data-id=\"3ceccdb\" data-element_type=\"column\">\n\t\t\t<div class=\"elementor-column-wrap elementor-element-populated\">\n\t\t\t\t\t\t\t<div class=\"elementor-widget-wrap\">\n\t\t\t\t\t\t<div class=\"elementor-element elementor-element-757899f elementor-widget elementor-widget-text-editor\" data-id=\"757899f\" data-element_type=\"widget\" data-widget_type=\"text-editor.default\">\n\t\t\t\t<div class=\"elementor-widget-container\">\n\t\t\t\t\t\t\t\t<div class=\"elementor-text-editor elementor-clearfix\">\n\t\t\t\t\t<p style=\"text-align: justify;\"><!-- index.php -->\n<div\n\tclass=\"ngg-galleryoverview ngg-ajax-pagination-none\"\n\tid=\"ngg-gallery-633c5215bd94ca9a2c7ad19cfaaf69e8-1\">\n\n    \t\t<!-- Thumbnails -->\n\t\t\t\t<div id=\"ngg-image-0\" class=\"ngg-gallery-thumbnail-box\" >\n\t\t\t\t        <div class=\"ngg-gallery-thumbnail\">\n            <a href=\"http:\/\/foto-passion.com\/wp-content\/gallery\/fotostrecke_jordanien_2019\/243_AP5A2758.jpg\"\n               title=\"&lt;strong&gt;Das Gesch\u00e4ft mit den Touristen&lt;\/strong&gt;&lt;br \/&gt;Jordanien 2019&lt;br \/&gt;&lt;span style=&quot;font-size:85%;color:#949494;&quot;&gt;[Bild-Id: 16381]&lt;\/span&gt;\"\n               data-src=\"http:\/\/foto-passion.com\/wp-content\/gallery\/fotostrecke_jordanien_2019\/243_AP5A2758.jpg\"\n               data-thumbnail=\"http:\/\/foto-passion.com\/wp-content\/gallery\/fotostrecke_jordanien_2019\/thumbs\/thumbs_243_AP5A2758.jpg\"\n               data-image-id=\"16381\"\n               data-title=\"Das Gesch\u00e4ft mit den Touristen\"\n               data-description=\"&lt;strong&gt;Das Gesch\u00e4ft mit den Touristen&lt;\/strong&gt;&lt;br \/&gt;Jordanien 2019&lt;br \/&gt;&lt;span style=&quot;font-size:85%;color:#949494;&quot;&gt;[Bild-Id: 16381]&lt;\/span&gt;\"\n               data-image-slug=\"243_ap5a2758\"\n               class=\"ngg-simplelightbox\" rel=\"633c5215bd94ca9a2c7ad19cfaaf69e8\">\n                <img loading=\"lazy\"\n                    title=\"Das Gesch\u00e4ft mit den Touristen\"\n                    alt=\"Das Gesch\u00e4ft mit den Touristen\"\n                    src=\"http:\/\/foto-passion.com\/wp-content\/gallery\/fotostrecke_jordanien_2019\/cache\/243_AP5A2758.jpg-nggid0516381-ngg0dyn-150x100x100-00f0w010c011r110f110r010t010.jpg\"\n                    width=\"150\"\n                    height=\"100\"\n                    style=\"max-width:100%;\"\n                \/>\n            <\/a>\n        <\/div>\n\t\t\t\t\t\t\t<\/div> \n\t\t\t\n                            \n\t\t\t\t<div id=\"ngg-image-1\" class=\"ngg-gallery-thumbnail-box\" >\n\t\t\t\t        <div class=\"ngg-gallery-thumbnail\">\n            <a href=\"http:\/\/foto-passion.com\/wp-content\/gallery\/fotostrecke_jordanien_2019\/244_AP5A2799.jpg\"\n               title=\"&lt;strong&gt;Das Gesch\u00e4ft mit den Touristen&lt;\/strong&gt;&lt;br \/&gt;Jordanien 2019&lt;br \/&gt;&lt;span style=&quot;font-size:85%;color:#949494;&quot;&gt;[Bild-Id: 16384]&lt;\/span&gt;\"\n               data-src=\"http:\/\/foto-passion.com\/wp-content\/gallery\/fotostrecke_jordanien_2019\/244_AP5A2799.jpg\"\n               data-thumbnail=\"http:\/\/foto-passion.com\/wp-content\/gallery\/fotostrecke_jordanien_2019\/thumbs\/thumbs_244_AP5A2799.jpg\"\n               data-image-id=\"16384\"\n               data-title=\"Das Gesch\u00e4ft mit den Touristen\"\n               data-description=\"&lt;strong&gt;Das Gesch\u00e4ft mit den Touristen&lt;\/strong&gt;&lt;br \/&gt;Jordanien 2019&lt;br \/&gt;&lt;span style=&quot;font-size:85%;color:#949494;&quot;&gt;[Bild-Id: 16384]&lt;\/span&gt;\"\n               data-image-slug=\"244_ap5a2799\"\n               class=\"ngg-simplelightbox\" rel=\"633c5215bd94ca9a2c7ad19cfaaf69e8\">\n                <img loading=\"lazy\"\n                    title=\"Das Gesch\u00e4ft mit den Touristen\"\n                    alt=\"Das Gesch\u00e4ft mit den Touristen\"\n                    src=\"http:\/\/foto-passion.com\/wp-content\/gallery\/fotostrecke_jordanien_2019\/cache\/244_AP5A2799.jpg-nggid0516384-ngg0dyn-150x100x100-00f0w010c011r110f110r010t010.jpg\"\n                    width=\"150\"\n                    height=\"100\"\n                    style=\"max-width:100%;\"\n                \/>\n            <\/a>\n        <\/div>\n\t\t\t\t\t\t\t<\/div> \n\t\t\t\n                            \n\t\t\t\t<div id=\"ngg-image-2\" class=\"ngg-gallery-thumbnail-box\" >\n\t\t\t\t        <div class=\"ngg-gallery-thumbnail\">\n            <a href=\"http:\/\/foto-passion.com\/wp-content\/gallery\/fotostrecke_jordanien_2019\/245_AP5A2285.jpg\"\n               title=\"&lt;strong&gt;Das Gesch\u00e4ft mit den Touristen&lt;\/strong&gt;&lt;br \/&gt;Jordanien 2019&lt;br \/&gt;&lt;span style=&quot;font-size:85%;color:#949494;&quot;&gt;[Bild-Id: 16349]&lt;\/span&gt;\"\n               data-src=\"http:\/\/foto-passion.com\/wp-content\/gallery\/fotostrecke_jordanien_2019\/245_AP5A2285.jpg\"\n               data-thumbnail=\"http:\/\/foto-passion.com\/wp-content\/gallery\/fotostrecke_jordanien_2019\/thumbs\/thumbs_245_AP5A2285.jpg\"\n               data-image-id=\"16349\"\n               data-title=\"Das Gesch\u00e4ft mit den Touristen\"\n               data-description=\"&lt;strong&gt;Das Gesch\u00e4ft mit den Touristen&lt;\/strong&gt;&lt;br \/&gt;Jordanien 2019&lt;br \/&gt;&lt;span style=&quot;font-size:85%;color:#949494;&quot;&gt;[Bild-Id: 16349]&lt;\/span&gt;\"\n               data-image-slug=\"245_ap5a2285\"\n               class=\"ngg-simplelightbox\" rel=\"633c5215bd94ca9a2c7ad19cfaaf69e8\">\n                <img loading=\"lazy\"\n                    title=\"Das Gesch\u00e4ft mit den Touristen\"\n                    alt=\"Das Gesch\u00e4ft mit den Touristen\"\n                    src=\"http:\/\/foto-passion.com\/wp-content\/gallery\/fotostrecke_jordanien_2019\/cache\/245_AP5A2285.jpg-nggid0516349-ngg0dyn-150x100x100-00f0w010c011r110f110r010t010.jpg\"\n                    width=\"150\"\n                    height=\"100\"\n                    style=\"max-width:100%;\"\n                \/>\n            <\/a>\n        <\/div>\n\t\t\t\t\t\t\t<\/div> \n\t\t\t\n                            \n\t\t\t\t<div id=\"ngg-image-3\" class=\"ngg-gallery-thumbnail-box\" >\n\t\t\t\t        <div class=\"ngg-gallery-thumbnail\">\n            <a href=\"http:\/\/foto-passion.com\/wp-content\/gallery\/fotostrecke_jordanien_2019\/246_AP5A2808.jpg\"\n               title=\"&lt;strong&gt;Das Gesch\u00e4ft mit den Touristen&lt;\/strong&gt;&lt;br \/&gt;Jordanien 2019&lt;br \/&gt;&lt;span style=&quot;font-size:85%;color:#949494;&quot;&gt;[Bild-Id: 16385]&lt;\/span&gt;\"\n               data-src=\"http:\/\/foto-passion.com\/wp-content\/gallery\/fotostrecke_jordanien_2019\/246_AP5A2808.jpg\"\n               data-thumbnail=\"http:\/\/foto-passion.com\/wp-content\/gallery\/fotostrecke_jordanien_2019\/thumbs\/thumbs_246_AP5A2808.jpg\"\n               data-image-id=\"16385\"\n               data-title=\"Das Gesch\u00e4ft mit den Touristen\"\n               data-description=\"&lt;strong&gt;Das Gesch\u00e4ft mit den Touristen&lt;\/strong&gt;&lt;br \/&gt;Jordanien 2019&lt;br \/&gt;&lt;span style=&quot;font-size:85%;color:#949494;&quot;&gt;[Bild-Id: 16385]&lt;\/span&gt;\"\n               data-image-slug=\"246_ap5a2808\"\n               class=\"ngg-simplelightbox\" rel=\"633c5215bd94ca9a2c7ad19cfaaf69e8\">\n                <img loading=\"lazy\"\n                    title=\"Das Gesch\u00e4ft mit den Touristen\"\n                    alt=\"Das Gesch\u00e4ft mit den Touristen\"\n                    src=\"http:\/\/foto-passion.com\/wp-content\/gallery\/fotostrecke_jordanien_2019\/cache\/246_AP5A2808.jpg-nggid0516385-ngg0dyn-150x100x100-00f0w010c011r110f110r010t010.jpg\"\n                    width=\"150\"\n                    height=\"100\"\n                    style=\"max-width:100%;\"\n                \/>\n            <\/a>\n        <\/div>\n\t\t\t\t\t\t\t<\/div> \n\t\t\t\n                                    <br style=\"clear: both\" \/>\n                    \n\t\t\n\t\t<div class=\"ngg-clear\"><\/div>\n\t<\/div>\n<\/p>\t\t\t\t\t<\/div>\n\t\t\t\t\t\t<\/div>\n\t\t\t\t<\/div>\n\t\t\t\t\t\t<\/div>\n\t\t\t\t\t<\/div>\n\t\t<\/div>\n\t\t\t\t\t\t\t\t<\/div>\n\t\t\t\t\t<\/div>\n\t\t<\/section>\n\t\t\t\t<section class=\"elementor-section elementor-top-section elementor-element elementor-element-394866c elementor-section-boxed elementor-section-height-default elementor-section-height-default\" data-id=\"394866c\" data-element_type=\"section\">\n\t\t\t\t\t\t<div class=\"elementor-container elementor-column-gap-default\">\n\t\t\t\t\t\t\t<div class=\"elementor-row\">\n\t\t\t\t\t<div class=\"elementor-column elementor-col-100 elementor-top-column elementor-element elementor-element-3f24ee9\" data-id=\"3f24ee9\" data-element_type=\"column\">\n\t\t\t<div class=\"elementor-column-wrap elementor-element-populated\">\n\t\t\t\t\t\t\t<div class=\"elementor-widget-wrap\">\n\t\t\t\t\t\t<div class=\"elementor-element elementor-element-083e961 elementor-widget elementor-widget-text-editor\" data-id=\"083e961\" data-element_type=\"widget\" data-widget_type=\"text-editor.default\">\n\t\t\t\t<div class=\"elementor-widget-container\">\n\t\t\t\t\t\t\t\t<div class=\"elementor-text-editor elementor-clearfix\">\n\t\t\t\t\t<p style=\"text-align: justify;\">Aber nat\u00fcrlich kommt es nicht in Frage, dass wir Schw\u00e4che zeigen und uns mit der Kutsche fahren lassen. Als wir endlich am Auto ankommen, sind wir sehr froh, den anstrengenden Tag geschafft zu haben. Jetzt brauchen wir nur noch etwas zu Essen und da wissen wir auch schon, wohin wir gehen. Im \u201eAl Wadi\u201c, dem Restaurant, in dem wir gestern schon gegessen haben, bekommen wir schmackhaftes Essen, leckere frisch gepresste Fruchts\u00e4fte und kosten die s\u00fc\u00dfe Nachspeise Baklava, die uns \u00e4u\u00dferst gut schmeckt. Dabei lassen wir den Tag Revue passieren und stellen fest, wer immer Petra bereisen wird, dem wird es vielleicht so ergehen wie Thomas Edward Lawrence (besser bekannt unter \u201eLawrence von Arabien\u201c), der in seinem Buch \u201eDie sieben S\u00e4ulen der Weisheit\u201c geschrieben hat, \u201ePetra ist der herrlichste Ort der Welt\u201c und jede Beschreibung des Ortes m\u00fcsse vor der eigenen Erfahrung mit der Stadt verblassen\u201c.<\/p><p style=\"text-align: justify;\">Unsere Fitnessbilanz sagt, dass wir heute 27.500 Schritte (ca. 22 km) zur\u00fcckgelegt haben, 87 Stockwerke aufgestiegen sind und dabei 250 H\u00f6henmeter \u00fcberwunden haben. Wir sind geschafft und froh, als wir endlich im Bett liegen. Morgen erwartet uns dann Petra Tag 2.<\/p>\t\t\t\t\t<\/div>\n\t\t\t\t\t\t<\/div>\n\t\t\t\t<\/div>\n\t\t\t\t\t\t<\/div>\n\t\t\t\t\t<\/div>\n\t\t<\/div>\n\t\t\t\t\t\t\t\t<\/div>\n\t\t\t\t\t<\/div>\n\t\t<\/section>\n\t\t\t\t<section class=\"elementor-section elementor-top-section elementor-element elementor-element-5e5a95e elementor-section-boxed elementor-section-height-default elementor-section-height-default\" data-id=\"5e5a95e\" data-element_type=\"section\">\n\t\t\t\t\t\t<div class=\"elementor-container elementor-column-gap-default\">\n\t\t\t\t\t\t\t<div class=\"elementor-row\">\n\t\t\t\t\t<div class=\"elementor-column elementor-col-100 elementor-top-column elementor-element elementor-element-f69ca82\" data-id=\"f69ca82\" data-element_type=\"column\">\n\t\t\t<div class=\"elementor-column-wrap elementor-element-populated\">\n\t\t\t\t\t\t\t<div class=\"elementor-widget-wrap\">\n\t\t\t\t\t\t<div class=\"elementor-element elementor-element-1100637 elementor-widget elementor-widget-text-editor\" data-id=\"1100637\" data-element_type=\"widget\" data-widget_type=\"text-editor.default\">\n\t\t\t\t<div class=\"elementor-widget-container\">\n\t\t\t\t\t\t\t\t<div class=\"elementor-text-editor elementor-clearfix\">\n\t\t\t\t\t<p><strong>09.10.2019\u00a0\u00a0\u00a0\u00a0 Petra \u201cSellar Hotel\u201d<\/strong><\/p><p style=\"text-align: justify;\">Unseren zweiten Tag in Petra k\u00f6nnen wir etwas entspannter angehen, denn die meisten Sehensw\u00fcrdigkeiten haben wir gestern schon besichtigt und fotografiert. Heute sind wir auf weniger touristischen Wegen unterwegs.<\/p>\t\t\t\t\t<\/div>\n\t\t\t\t\t\t<\/div>\n\t\t\t\t<\/div>\n\t\t\t\t\t\t<\/div>\n\t\t\t\t\t<\/div>\n\t\t<\/div>\n\t\t\t\t\t\t\t\t<\/div>\n\t\t\t\t\t<\/div>\n\t\t<\/section>\n\t\t\t\t<section class=\"elementor-section elementor-top-section elementor-element elementor-element-b6e853b elementor-section-boxed elementor-section-height-default elementor-section-height-default\" data-id=\"b6e853b\" data-element_type=\"section\">\n\t\t\t\t\t\t<div class=\"elementor-container elementor-column-gap-default\">\n\t\t\t\t\t\t\t<div class=\"elementor-row\">\n\t\t\t\t\t<div class=\"elementor-column elementor-col-100 elementor-top-column elementor-element elementor-element-797ef63\" data-id=\"797ef63\" data-element_type=\"column\">\n\t\t\t<div class=\"elementor-column-wrap elementor-element-populated\">\n\t\t\t\t\t\t\t<div class=\"elementor-widget-wrap\">\n\t\t\t\t\t\t<div class=\"elementor-element elementor-element-119e743 elementor-widget elementor-widget-text-editor\" data-id=\"119e743\" data-element_type=\"widget\" data-widget_type=\"text-editor.default\">\n\t\t\t\t<div class=\"elementor-widget-container\">\n\t\t\t\t\t\t\t\t<div class=\"elementor-text-editor elementor-clearfix\">\n\t\t\t\t\t<p style=\"text-align: justify;\"><!-- index.php -->\n<div\n\tclass=\"ngg-galleryoverview ngg-ajax-pagination-none\"\n\tid=\"ngg-gallery-2b7d8f3c38933634d99e5b67dd5e4bbc-1\">\n\n    \t\t<!-- Thumbnails -->\n\t\t\t\t<div id=\"ngg-image-0\" class=\"ngg-gallery-thumbnail-box\" >\n\t\t\t\t        <div class=\"ngg-gallery-thumbnail\">\n            <a href=\"http:\/\/foto-passion.com\/wp-content\/gallery\/fotostrecke_jordanien_2019\/247_AP5A2639.jpg\"\n               title=\"&lt;strong&gt;Der Weg durch den Siq ist zu jeder Tageszeit beeindruckend&lt;\/strong&gt;&lt;br \/&gt;Jordanien 2019&lt;br \/&gt;&lt;span style=&quot;font-size:85%;color:#949494;&quot;&gt;[Bild-Id: 16368]&lt;\/span&gt;\"\n               data-src=\"http:\/\/foto-passion.com\/wp-content\/gallery\/fotostrecke_jordanien_2019\/247_AP5A2639.jpg\"\n               data-thumbnail=\"http:\/\/foto-passion.com\/wp-content\/gallery\/fotostrecke_jordanien_2019\/thumbs\/thumbs_247_AP5A2639.jpg\"\n               data-image-id=\"16368\"\n               data-title=\"Der Weg durch den Siq ist zu jeder Tageszeit beeindruckend\"\n               data-description=\"&lt;strong&gt;Der Weg durch den Siq ist zu jeder Tageszeit beeindruckend&lt;\/strong&gt;&lt;br \/&gt;Jordanien 2019&lt;br \/&gt;&lt;span style=&quot;font-size:85%;color:#949494;&quot;&gt;[Bild-Id: 16368]&lt;\/span&gt;\"\n               data-image-slug=\"247_ap5a2639\"\n               class=\"ngg-simplelightbox\" rel=\"2b7d8f3c38933634d99e5b67dd5e4bbc\">\n                <img loading=\"lazy\"\n                    title=\"Der Weg durch den Siq ist zu jeder Tageszeit beeindruckend\"\n                    alt=\"Der Weg durch den Siq ist zu jeder Tageszeit beeindruckend\"\n                    src=\"http:\/\/foto-passion.com\/wp-content\/gallery\/fotostrecke_jordanien_2019\/cache\/247_AP5A2639.jpg-nggid0516368-ngg0dyn-150x100x100-00f0w010c011r110f110r010t010.jpg\"\n                    width=\"150\"\n                    height=\"100\"\n                    style=\"max-width:100%;\"\n                \/>\n            <\/a>\n        <\/div>\n\t\t\t\t\t\t\t<\/div> \n\t\t\t\n                            \n\t\t\t\t<div id=\"ngg-image-1\" class=\"ngg-gallery-thumbnail-box\" >\n\t\t\t\t        <div class=\"ngg-gallery-thumbnail\">\n            <a href=\"http:\/\/foto-passion.com\/wp-content\/gallery\/fotostrecke_jordanien_2019\/248_AP5A2694.jpg\"\n               title=\"&lt;strong&gt;Der Weg durch den Siq ist zu jeder Tageszeit beeindruckend&lt;\/strong&gt;&lt;br \/&gt;Jordanien 2019&lt;br \/&gt;&lt;span style=&quot;font-size:85%;color:#949494;&quot;&gt;[Bild-Id: 16373]&lt;\/span&gt;\"\n               data-src=\"http:\/\/foto-passion.com\/wp-content\/gallery\/fotostrecke_jordanien_2019\/248_AP5A2694.jpg\"\n               data-thumbnail=\"http:\/\/foto-passion.com\/wp-content\/gallery\/fotostrecke_jordanien_2019\/thumbs\/thumbs_248_AP5A2694.jpg\"\n               data-image-id=\"16373\"\n               data-title=\"Der Weg durch den Siq ist zu jeder Tageszeit beeindruckend\"\n               data-description=\"&lt;strong&gt;Der Weg durch den Siq ist zu jeder Tageszeit beeindruckend&lt;\/strong&gt;&lt;br \/&gt;Jordanien 2019&lt;br \/&gt;&lt;span style=&quot;font-size:85%;color:#949494;&quot;&gt;[Bild-Id: 16373]&lt;\/span&gt;\"\n               data-image-slug=\"248_ap5a2694\"\n               class=\"ngg-simplelightbox\" rel=\"2b7d8f3c38933634d99e5b67dd5e4bbc\">\n                <img loading=\"lazy\"\n                    title=\"Der Weg durch den Siq ist zu jeder Tageszeit beeindruckend\"\n                    alt=\"Der Weg durch den Siq ist zu jeder Tageszeit beeindruckend\"\n                    src=\"http:\/\/foto-passion.com\/wp-content\/gallery\/fotostrecke_jordanien_2019\/cache\/248_AP5A2694.jpg-nggid0516373-ngg0dyn-150x100x100-00f0w010c011r110f110r010t010.jpg\"\n                    width=\"150\"\n                    height=\"100\"\n                    style=\"max-width:100%;\"\n                \/>\n            <\/a>\n        <\/div>\n\t\t\t\t\t\t\t<\/div> \n\t\t\t\n                            \n\t\t\t\t<div id=\"ngg-image-2\" class=\"ngg-gallery-thumbnail-box\" >\n\t\t\t\t        <div class=\"ngg-gallery-thumbnail\">\n            <a href=\"http:\/\/foto-passion.com\/wp-content\/gallery\/fotostrecke_jordanien_2019\/249_AP5A1829.jpg\"\n               title=\"&lt;strong&gt;Der Weg durch den Siq ist zu jeder Tageszeit beeindruckend&lt;\/strong&gt;&lt;br \/&gt;Jordanien 2019&lt;br \/&gt;&lt;span style=&quot;font-size:85%;color:#949494;&quot;&gt;[Bild-Id: 16319]&lt;\/span&gt;\"\n               data-src=\"http:\/\/foto-passion.com\/wp-content\/gallery\/fotostrecke_jordanien_2019\/249_AP5A1829.jpg\"\n               data-thumbnail=\"http:\/\/foto-passion.com\/wp-content\/gallery\/fotostrecke_jordanien_2019\/thumbs\/thumbs_249_AP5A1829.jpg\"\n               data-image-id=\"16319\"\n               data-title=\"Der Weg durch den Siq ist zu jeder Tageszeit beeindruckend\"\n               data-description=\"&lt;strong&gt;Der Weg durch den Siq ist zu jeder Tageszeit beeindruckend&lt;\/strong&gt;&lt;br \/&gt;Jordanien 2019&lt;br \/&gt;&lt;span style=&quot;font-size:85%;color:#949494;&quot;&gt;[Bild-Id: 16319]&lt;\/span&gt;\"\n               data-image-slug=\"249_ap5a1829\"\n               class=\"ngg-simplelightbox\" rel=\"2b7d8f3c38933634d99e5b67dd5e4bbc\">\n                <img loading=\"lazy\"\n                    title=\"Der Weg durch den Siq ist zu jeder Tageszeit beeindruckend\"\n                    alt=\"Der Weg durch den Siq ist zu jeder Tageszeit beeindruckend\"\n                    src=\"http:\/\/foto-passion.com\/wp-content\/gallery\/fotostrecke_jordanien_2019\/cache\/249_AP5A1829.jpg-nggid0516319-ngg0dyn-150x100x100-00f0w010c011r110f110r010t010.jpg\"\n                    width=\"150\"\n                    height=\"100\"\n                    style=\"max-width:100%;\"\n                \/>\n            <\/a>\n        <\/div>\n\t\t\t\t\t\t\t<\/div> \n\t\t\t\n                            \n\t\t\t\t<div id=\"ngg-image-3\" class=\"ngg-gallery-thumbnail-box\" >\n\t\t\t\t        <div class=\"ngg-gallery-thumbnail\">\n            <a href=\"http:\/\/foto-passion.com\/wp-content\/gallery\/fotostrecke_jordanien_2019\/250_AP5A2706.jpg\"\n               title=\"&lt;strong&gt;Der Weg durch den Siq ist zu jeder Tageszeit beeindruckend&lt;\/strong&gt;&lt;br \/&gt;Jordanien 2019&lt;br \/&gt;&lt;span style=&quot;font-size:85%;color:#949494;&quot;&gt;[Bild-Id: 16374]&lt;\/span&gt;\"\n               data-src=\"http:\/\/foto-passion.com\/wp-content\/gallery\/fotostrecke_jordanien_2019\/250_AP5A2706.jpg\"\n               data-thumbnail=\"http:\/\/foto-passion.com\/wp-content\/gallery\/fotostrecke_jordanien_2019\/thumbs\/thumbs_250_AP5A2706.jpg\"\n               data-image-id=\"16374\"\n               data-title=\"Der Weg durch den Siq ist zu jeder Tageszeit beeindruckend\"\n               data-description=\"&lt;strong&gt;Der Weg durch den Siq ist zu jeder Tageszeit beeindruckend&lt;\/strong&gt;&lt;br \/&gt;Jordanien 2019&lt;br \/&gt;&lt;span style=&quot;font-size:85%;color:#949494;&quot;&gt;[Bild-Id: 16374]&lt;\/span&gt;\"\n               data-image-slug=\"250_ap5a2706\"\n               class=\"ngg-simplelightbox\" rel=\"2b7d8f3c38933634d99e5b67dd5e4bbc\">\n                <img loading=\"lazy\"\n                    title=\"Der Weg durch den Siq ist zu jeder Tageszeit beeindruckend\"\n                    alt=\"Der Weg durch den Siq ist zu jeder Tageszeit beeindruckend\"\n                    src=\"http:\/\/foto-passion.com\/wp-content\/gallery\/fotostrecke_jordanien_2019\/cache\/250_AP5A2706.jpg-nggid0516374-ngg0dyn-150x100x100-00f0w010c011r110f110r010t010.jpg\"\n                    width=\"150\"\n                    height=\"100\"\n                    style=\"max-width:100%;\"\n                \/>\n            <\/a>\n        <\/div>\n\t\t\t\t\t\t\t<\/div> \n\t\t\t\n                                    <br style=\"clear: both\" \/>\n                    \n\t\t\t\t<div id=\"ngg-image-4\" class=\"ngg-gallery-thumbnail-box\" >\n\t\t\t\t        <div class=\"ngg-gallery-thumbnail\">\n            <a href=\"http:\/\/foto-passion.com\/wp-content\/gallery\/fotostrecke_jordanien_2019\/251_AP5A1838.jpg\"\n               title=\"&lt;strong&gt;Der Weg durch den Siq ist zu jeder Tageszeit beeindruckend&lt;\/strong&gt;&lt;br \/&gt;Jordanien 2019&lt;br \/&gt;&lt;span style=&quot;font-size:85%;color:#949494;&quot;&gt;[Bild-Id: 16320]&lt;\/span&gt;\"\n               data-src=\"http:\/\/foto-passion.com\/wp-content\/gallery\/fotostrecke_jordanien_2019\/251_AP5A1838.jpg\"\n               data-thumbnail=\"http:\/\/foto-passion.com\/wp-content\/gallery\/fotostrecke_jordanien_2019\/thumbs\/thumbs_251_AP5A1838.jpg\"\n               data-image-id=\"16320\"\n               data-title=\"Der Weg durch den Siq ist zu jeder Tageszeit beeindruckend\"\n               data-description=\"&lt;strong&gt;Der Weg durch den Siq ist zu jeder Tageszeit beeindruckend&lt;\/strong&gt;&lt;br \/&gt;Jordanien 2019&lt;br \/&gt;&lt;span style=&quot;font-size:85%;color:#949494;&quot;&gt;[Bild-Id: 16320]&lt;\/span&gt;\"\n               data-image-slug=\"251_ap5a1838\"\n               class=\"ngg-simplelightbox\" rel=\"2b7d8f3c38933634d99e5b67dd5e4bbc\">\n                <img loading=\"lazy\"\n                    title=\"Der Weg durch den Siq ist zu jeder Tageszeit beeindruckend\"\n                    alt=\"Der Weg durch den Siq ist zu jeder Tageszeit beeindruckend\"\n                    src=\"http:\/\/foto-passion.com\/wp-content\/gallery\/fotostrecke_jordanien_2019\/cache\/251_AP5A1838.jpg-nggid0516320-ngg0dyn-150x100x100-00f0w010c011r110f110r010t010.jpg\"\n                    width=\"150\"\n                    height=\"100\"\n                    style=\"max-width:100%;\"\n                \/>\n            <\/a>\n        <\/div>\n\t\t\t\t\t\t\t<\/div> \n\t\t\t\n                            \n\t\t\t\t<div id=\"ngg-image-5\" class=\"ngg-gallery-thumbnail-box\" >\n\t\t\t\t        <div class=\"ngg-gallery-thumbnail\">\n            <a href=\"http:\/\/foto-passion.com\/wp-content\/gallery\/fotostrecke_jordanien_2019\/252_AP5A2658.jpg\"\n               title=\"&lt;strong&gt;Der Weg durch den Siq ist zu jeder Tageszeit beeindruckend&lt;\/strong&gt;&lt;br \/&gt;Jordanien 2019&lt;br \/&gt;&lt;span style=&quot;font-size:85%;color:#949494;&quot;&gt;[Bild-Id: 16370]&lt;\/span&gt;\"\n               data-src=\"http:\/\/foto-passion.com\/wp-content\/gallery\/fotostrecke_jordanien_2019\/252_AP5A2658.jpg\"\n               data-thumbnail=\"http:\/\/foto-passion.com\/wp-content\/gallery\/fotostrecke_jordanien_2019\/thumbs\/thumbs_252_AP5A2658.jpg\"\n               data-image-id=\"16370\"\n               data-title=\"Der Weg durch den Siq ist zu jeder Tageszeit beeindruckend\"\n               data-description=\"&lt;strong&gt;Der Weg durch den Siq ist zu jeder Tageszeit beeindruckend&lt;\/strong&gt;&lt;br \/&gt;Jordanien 2019&lt;br \/&gt;&lt;span style=&quot;font-size:85%;color:#949494;&quot;&gt;[Bild-Id: 16370]&lt;\/span&gt;\"\n               data-image-slug=\"252_ap5a2658\"\n               class=\"ngg-simplelightbox\" rel=\"2b7d8f3c38933634d99e5b67dd5e4bbc\">\n                <img loading=\"lazy\"\n                    title=\"Der Weg durch den Siq ist zu jeder Tageszeit beeindruckend\"\n                    alt=\"Der Weg durch den Siq ist zu jeder Tageszeit beeindruckend\"\n                    src=\"http:\/\/foto-passion.com\/wp-content\/gallery\/fotostrecke_jordanien_2019\/cache\/252_AP5A2658.jpg-nggid0516370-ngg0dyn-150x100x100-00f0w010c011r110f110r010t010.jpg\"\n                    width=\"150\"\n                    height=\"100\"\n                    style=\"max-width:100%;\"\n                \/>\n            <\/a>\n        <\/div>\n\t\t\t\t\t\t\t<\/div> \n\t\t\t\n                            \n\t\t\t\t<div id=\"ngg-image-6\" class=\"ngg-gallery-thumbnail-box\" >\n\t\t\t\t        <div class=\"ngg-gallery-thumbnail\">\n            <a href=\"http:\/\/foto-passion.com\/wp-content\/gallery\/fotostrecke_jordanien_2019\/253_AP5A2671.jpg\"\n               title=\"&lt;strong&gt;Der Weg durch den Siq ist zu jeder Tageszeit beeindruckend&lt;\/strong&gt;&lt;br \/&gt;Jordanien 2019&lt;br \/&gt;&lt;span style=&quot;font-size:85%;color:#949494;&quot;&gt;[Bild-Id: 16371]&lt;\/span&gt;\"\n               data-src=\"http:\/\/foto-passion.com\/wp-content\/gallery\/fotostrecke_jordanien_2019\/253_AP5A2671.jpg\"\n               data-thumbnail=\"http:\/\/foto-passion.com\/wp-content\/gallery\/fotostrecke_jordanien_2019\/thumbs\/thumbs_253_AP5A2671.jpg\"\n               data-image-id=\"16371\"\n               data-title=\"Der Weg durch den Siq ist zu jeder Tageszeit beeindruckend\"\n               data-description=\"&lt;strong&gt;Der Weg durch den Siq ist zu jeder Tageszeit beeindruckend&lt;\/strong&gt;&lt;br \/&gt;Jordanien 2019&lt;br \/&gt;&lt;span style=&quot;font-size:85%;color:#949494;&quot;&gt;[Bild-Id: 16371]&lt;\/span&gt;\"\n               data-image-slug=\"253_ap5a2671\"\n               class=\"ngg-simplelightbox\" rel=\"2b7d8f3c38933634d99e5b67dd5e4bbc\">\n                <img loading=\"lazy\"\n                    title=\"Der Weg durch den Siq ist zu jeder Tageszeit beeindruckend\"\n                    alt=\"Der Weg durch den Siq ist zu jeder Tageszeit beeindruckend\"\n                    src=\"http:\/\/foto-passion.com\/wp-content\/gallery\/fotostrecke_jordanien_2019\/cache\/253_AP5A2671.jpg-nggid0516371-ngg0dyn-150x100x100-00f0w010c011r110f110r010t010.jpg\"\n                    width=\"150\"\n                    height=\"100\"\n                    style=\"max-width:100%;\"\n                \/>\n            <\/a>\n        <\/div>\n\t\t\t\t\t\t\t<\/div> \n\t\t\t\n                            \n\t\t\t\t<div id=\"ngg-image-7\" class=\"ngg-gallery-thumbnail-box\" >\n\t\t\t\t        <div class=\"ngg-gallery-thumbnail\">\n            <a href=\"http:\/\/foto-passion.com\/wp-content\/gallery\/fotostrecke_jordanien_2019\/254_AP5A2691.jpg\"\n               title=\"&lt;strong&gt;Der Weg durch den Siq ist zu jeder Tageszeit beeindruckend&lt;\/strong&gt;&lt;br \/&gt;Jordanien 2019&lt;br \/&gt;&lt;span style=&quot;font-size:85%;color:#949494;&quot;&gt;[Bild-Id: 16372]&lt;\/span&gt;\"\n               data-src=\"http:\/\/foto-passion.com\/wp-content\/gallery\/fotostrecke_jordanien_2019\/254_AP5A2691.jpg\"\n               data-thumbnail=\"http:\/\/foto-passion.com\/wp-content\/gallery\/fotostrecke_jordanien_2019\/thumbs\/thumbs_254_AP5A2691.jpg\"\n               data-image-id=\"16372\"\n               data-title=\"Der Weg durch den Siq ist zu jeder Tageszeit beeindruckend\"\n               data-description=\"&lt;strong&gt;Der Weg durch den Siq ist zu jeder Tageszeit beeindruckend&lt;\/strong&gt;&lt;br \/&gt;Jordanien 2019&lt;br \/&gt;&lt;span style=&quot;font-size:85%;color:#949494;&quot;&gt;[Bild-Id: 16372]&lt;\/span&gt;\"\n               data-image-slug=\"254_ap5a2691\"\n               class=\"ngg-simplelightbox\" rel=\"2b7d8f3c38933634d99e5b67dd5e4bbc\">\n                <img loading=\"lazy\"\n                    title=\"Der Weg durch den Siq ist zu jeder Tageszeit beeindruckend\"\n                    alt=\"Der Weg durch den Siq ist zu jeder Tageszeit beeindruckend\"\n                    src=\"http:\/\/foto-passion.com\/wp-content\/gallery\/fotostrecke_jordanien_2019\/cache\/254_AP5A2691.jpg-nggid0516372-ngg0dyn-150x100x100-00f0w010c011r110f110r010t010.jpg\"\n                    width=\"150\"\n                    height=\"100\"\n                    style=\"max-width:100%;\"\n                \/>\n            <\/a>\n        <\/div>\n\t\t\t\t\t\t\t<\/div> \n\t\t\t\n                                    <br style=\"clear: both\" \/>\n                    \n\t\t\n\t\t<div class=\"ngg-clear\"><\/div>\n\t<\/div>\n<\/p>\t\t\t\t\t<\/div>\n\t\t\t\t\t\t<\/div>\n\t\t\t\t<\/div>\n\t\t\t\t\t\t<\/div>\n\t\t\t\t\t<\/div>\n\t\t<\/div>\n\t\t\t\t\t\t\t\t<\/div>\n\t\t\t\t\t<\/div>\n\t\t<\/section>\n\t\t\t\t<section class=\"elementor-section elementor-top-section elementor-element elementor-element-988cc6c elementor-section-boxed elementor-section-height-default elementor-section-height-default\" data-id=\"988cc6c\" data-element_type=\"section\">\n\t\t\t\t\t\t<div class=\"elementor-container elementor-column-gap-default\">\n\t\t\t\t\t\t\t<div class=\"elementor-row\">\n\t\t\t\t\t<div class=\"elementor-column elementor-col-100 elementor-top-column elementor-element elementor-element-e216263\" data-id=\"e216263\" data-element_type=\"column\">\n\t\t\t<div class=\"elementor-column-wrap elementor-element-populated\">\n\t\t\t\t\t\t\t<div class=\"elementor-widget-wrap\">\n\t\t\t\t\t\t<div class=\"elementor-element elementor-element-b8c4758 elementor-widget elementor-widget-text-editor\" data-id=\"b8c4758\" data-element_type=\"widget\" data-widget_type=\"text-editor.default\">\n\t\t\t\t<div class=\"elementor-widget-container\">\n\t\t\t\t\t\t\t\t<div class=\"elementor-text-editor elementor-clearfix\">\n\t\t\t\t\t<p style=\"text-align: justify;\">Es gibt in Petra mehr als 800 Monumente und 500 Grabstellen auf 264 Quadratkilometern, denn Petra ist viel mehr als die Fassade des Schatzhauses. Es gibt unz\u00e4hlige Routen, auf denen man \u201edie rosarote Stadt der W\u00fcste\u201c erkunden kann. Man sagt, in Petra haben einmal 20.000 Menschen gelebt.<\/p><p style=\"text-align: justify;\">Wir w\u00e4hlen heute zuerst den Aufstieg zum Opferplatz. Dabei ist es gar nicht so einfach, den richtigen Weg zu finden und wer H\u00f6henangst hat, hat hier auch ein kleines Problem. Zum Gl\u00fcck hilft es mir, wenn ich durch die Kamera schaue.<\/p>\t\t\t\t\t<\/div>\n\t\t\t\t\t\t<\/div>\n\t\t\t\t<\/div>\n\t\t\t\t\t\t<\/div>\n\t\t\t\t\t<\/div>\n\t\t<\/div>\n\t\t\t\t\t\t\t\t<\/div>\n\t\t\t\t\t<\/div>\n\t\t<\/section>\n\t\t\t\t<section class=\"elementor-section elementor-top-section elementor-element elementor-element-29a90a6 elementor-section-boxed elementor-section-height-default elementor-section-height-default\" data-id=\"29a90a6\" data-element_type=\"section\">\n\t\t\t\t\t\t<div class=\"elementor-container elementor-column-gap-default\">\n\t\t\t\t\t\t\t<div class=\"elementor-row\">\n\t\t\t\t\t<div class=\"elementor-column elementor-col-100 elementor-top-column elementor-element elementor-element-ccb1cb1\" data-id=\"ccb1cb1\" data-element_type=\"column\">\n\t\t\t<div class=\"elementor-column-wrap elementor-element-populated\">\n\t\t\t\t\t\t\t<div class=\"elementor-widget-wrap\">\n\t\t\t\t\t\t<div class=\"elementor-element elementor-element-99572af elementor-widget elementor-widget-text-editor\" data-id=\"99572af\" data-element_type=\"widget\" data-widget_type=\"text-editor.default\">\n\t\t\t\t<div class=\"elementor-widget-container\">\n\t\t\t\t\t\t\t\t<div class=\"elementor-text-editor elementor-clearfix\">\n\t\t\t\t\t<p style=\"text-align: left;\"><!-- index.php -->\n<div\n\tclass=\"ngg-galleryoverview ngg-ajax-pagination-none\"\n\tid=\"ngg-gallery-813f37a1d61ad476d68de74aa414c044-1\">\n\n    \t\t<!-- Thumbnails -->\n\t\t\t\t<div id=\"ngg-image-0\" class=\"ngg-gallery-thumbnail-box\" >\n\t\t\t\t        <div class=\"ngg-gallery-thumbnail\">\n            <a href=\"http:\/\/foto-passion.com\/wp-content\/gallery\/fotostrecke_jordanien_2019\/256_AP5A1994.jpg\"\n               title=\"&lt;strong&gt;Eine der Opferschalen&lt;\/strong&gt;&lt;br \/&gt;Jordanien 2019&lt;br \/&gt;&lt;span style=&quot;font-size:85%;color:#949494;&quot;&gt;[Bild-Id: 16326]&lt;\/span&gt;\"\n               data-src=\"http:\/\/foto-passion.com\/wp-content\/gallery\/fotostrecke_jordanien_2019\/256_AP5A1994.jpg\"\n               data-thumbnail=\"http:\/\/foto-passion.com\/wp-content\/gallery\/fotostrecke_jordanien_2019\/thumbs\/thumbs_256_AP5A1994.jpg\"\n               data-image-id=\"16326\"\n               data-title=\"Eine der Opferschalen\"\n               data-description=\"&lt;strong&gt;Eine der Opferschalen&lt;\/strong&gt;&lt;br \/&gt;Jordanien 2019&lt;br \/&gt;&lt;span style=&quot;font-size:85%;color:#949494;&quot;&gt;[Bild-Id: 16326]&lt;\/span&gt;\"\n               data-image-slug=\"256_ap5a1994\"\n               class=\"ngg-simplelightbox\" rel=\"813f37a1d61ad476d68de74aa414c044\">\n                <img loading=\"lazy\"\n                    title=\"Eine der Opferschalen\"\n                    alt=\"Eine der Opferschalen\"\n                    src=\"http:\/\/foto-passion.com\/wp-content\/gallery\/fotostrecke_jordanien_2019\/cache\/256_AP5A1994.jpg-nggid0516326-ngg0dyn-150x100x100-00f0w010c011r110f110r010t010.jpg\"\n                    width=\"150\"\n                    height=\"100\"\n                    style=\"max-width:100%;\"\n                \/>\n            <\/a>\n        <\/div>\n\t\t\t\t\t\t\t<\/div> \n\t\t\t\n                            \n\t\t\t\t<div id=\"ngg-image-1\" class=\"ngg-gallery-thumbnail-box\" >\n\t\t\t\t        <div class=\"ngg-gallery-thumbnail\">\n            <a href=\"http:\/\/foto-passion.com\/wp-content\/gallery\/fotostrecke_jordanien_2019\/257_AP5A2008.jpg\"\n               title=\"&lt;strong&gt;Obelisk&lt;\/strong&gt;&lt;br \/&gt;Jordanien 2019&lt;br \/&gt;&lt;span style=&quot;font-size:85%;color:#949494;&quot;&gt;[Bild-Id: 16327]&lt;\/span&gt;\"\n               data-src=\"http:\/\/foto-passion.com\/wp-content\/gallery\/fotostrecke_jordanien_2019\/257_AP5A2008.jpg\"\n               data-thumbnail=\"http:\/\/foto-passion.com\/wp-content\/gallery\/fotostrecke_jordanien_2019\/thumbs\/thumbs_257_AP5A2008.jpg\"\n               data-image-id=\"16327\"\n               data-title=\"Obelisk\"\n               data-description=\"&lt;strong&gt;Obelisk&lt;\/strong&gt;&lt;br \/&gt;Jordanien 2019&lt;br \/&gt;&lt;span style=&quot;font-size:85%;color:#949494;&quot;&gt;[Bild-Id: 16327]&lt;\/span&gt;\"\n               data-image-slug=\"257_ap5a2008\"\n               class=\"ngg-simplelightbox\" rel=\"813f37a1d61ad476d68de74aa414c044\">\n                <img loading=\"lazy\"\n                    title=\"Obelisk\"\n                    alt=\"Obelisk\"\n                    src=\"http:\/\/foto-passion.com\/wp-content\/gallery\/fotostrecke_jordanien_2019\/cache\/257_AP5A2008.jpg-nggid0516327-ngg0dyn-150x100x100-00f0w010c011r110f110r010t010.jpg\"\n                    width=\"150\"\n                    height=\"100\"\n                    style=\"max-width:100%;\"\n                \/>\n            <\/a>\n        <\/div>\n\t\t\t\t\t\t\t<\/div> \n\t\t\t\n                            \n\t\t\t\t<div id=\"ngg-image-2\" class=\"ngg-gallery-thumbnail-box\" >\n\t\t\t\t        <div class=\"ngg-gallery-thumbnail\">\n            <a href=\"http:\/\/foto-passion.com\/wp-content\/gallery\/fotostrecke_jordanien_2019\/258_AP5A2009.jpg\"\n               title=\"&lt;strong&gt;Obelisk auf dem Plateau&lt;\/strong&gt;&lt;br \/&gt;Jordanien 2019&lt;br \/&gt;&lt;span style=&quot;font-size:85%;color:#949494;&quot;&gt;[Bild-Id: 16328]&lt;\/span&gt;\"\n               data-src=\"http:\/\/foto-passion.com\/wp-content\/gallery\/fotostrecke_jordanien_2019\/258_AP5A2009.jpg\"\n               data-thumbnail=\"http:\/\/foto-passion.com\/wp-content\/gallery\/fotostrecke_jordanien_2019\/thumbs\/thumbs_258_AP5A2009.jpg\"\n               data-image-id=\"16328\"\n               data-title=\"Obelisk auf dem Plateau\"\n               data-description=\"&lt;strong&gt;Obelisk auf dem Plateau&lt;\/strong&gt;&lt;br \/&gt;Jordanien 2019&lt;br \/&gt;&lt;span style=&quot;font-size:85%;color:#949494;&quot;&gt;[Bild-Id: 16328]&lt;\/span&gt;\"\n               data-image-slug=\"258_ap5a2009\"\n               class=\"ngg-simplelightbox\" rel=\"813f37a1d61ad476d68de74aa414c044\">\n                <img loading=\"lazy\"\n                    title=\"Obelisk auf dem Plateau\"\n                    alt=\"Obelisk auf dem Plateau\"\n                    src=\"http:\/\/foto-passion.com\/wp-content\/gallery\/fotostrecke_jordanien_2019\/cache\/258_AP5A2009.jpg-nggid0516328-ngg0dyn-150x100x100-00f0w010c011r110f110r010t010.jpg\"\n                    width=\"150\"\n                    height=\"100\"\n                    style=\"max-width:100%;\"\n                \/>\n            <\/a>\n        <\/div>\n\t\t\t\t\t\t\t<\/div> \n\t\t\t\n                            \n\t\t\t\t<div id=\"ngg-image-3\" class=\"ngg-gallery-thumbnail-box\" >\n\t\t\t\t        <div class=\"ngg-gallery-thumbnail\">\n            <a href=\"http:\/\/foto-passion.com\/wp-content\/gallery\/fotostrecke_jordanien_2019\/322_AP5A1918.jpg\"\n               title=\"&lt;strong&gt;In der Felsenstadt Petra&lt;\/strong&gt;&lt;br \/&gt;Jordanien 2019&lt;br \/&gt;&lt;span style=&quot;font-size:85%;color:#949494;&quot;&gt;[Bild-Id: 16324]&lt;\/span&gt;\"\n               data-src=\"http:\/\/foto-passion.com\/wp-content\/gallery\/fotostrecke_jordanien_2019\/322_AP5A1918.jpg\"\n               data-thumbnail=\"http:\/\/foto-passion.com\/wp-content\/gallery\/fotostrecke_jordanien_2019\/thumbs\/thumbs_322_AP5A1918.jpg\"\n               data-image-id=\"16324\"\n               data-title=\"In der Felsenstadt Petra\"\n               data-description=\"&lt;strong&gt;In der Felsenstadt Petra&lt;\/strong&gt;&lt;br \/&gt;Jordanien 2019&lt;br \/&gt;&lt;span style=&quot;font-size:85%;color:#949494;&quot;&gt;[Bild-Id: 16324]&lt;\/span&gt;\"\n               data-image-slug=\"322_ap5a1918\"\n               class=\"ngg-simplelightbox\" rel=\"813f37a1d61ad476d68de74aa414c044\">\n                <img loading=\"lazy\"\n                    title=\"In der Felsenstadt Petra\"\n                    alt=\"In der Felsenstadt Petra\"\n                    src=\"http:\/\/foto-passion.com\/wp-content\/gallery\/fotostrecke_jordanien_2019\/cache\/322_AP5A1918.jpg-nggid0516324-ngg0dyn-150x100x100-00f0w010c011r110f110r010t010.jpg\"\n                    width=\"150\"\n                    height=\"100\"\n                    style=\"max-width:100%;\"\n                \/>\n            <\/a>\n        <\/div>\n\t\t\t\t\t\t\t<\/div> \n\t\t\t\n                                    <br style=\"clear: both\" \/>\n                    \n\t\t\n\t\t<div class=\"ngg-clear\"><\/div>\n\t<\/div>\n<\/p>\t\t\t\t\t<\/div>\n\t\t\t\t\t\t<\/div>\n\t\t\t\t<\/div>\n\t\t\t\t\t\t<\/div>\n\t\t\t\t\t<\/div>\n\t\t<\/div>\n\t\t\t\t\t\t\t\t<\/div>\n\t\t\t\t\t<\/div>\n\t\t<\/section>\n\t\t\t\t<section class=\"elementor-section elementor-top-section elementor-element elementor-element-d6045d4 elementor-section-boxed elementor-section-height-default elementor-section-height-default\" data-id=\"d6045d4\" data-element_type=\"section\">\n\t\t\t\t\t\t<div class=\"elementor-container elementor-column-gap-default\">\n\t\t\t\t\t\t\t<div class=\"elementor-row\">\n\t\t\t\t\t<div class=\"elementor-column elementor-col-100 elementor-top-column elementor-element elementor-element-a7683a1\" data-id=\"a7683a1\" data-element_type=\"column\">\n\t\t\t<div class=\"elementor-column-wrap elementor-element-populated\">\n\t\t\t\t\t\t\t<div class=\"elementor-widget-wrap\">\n\t\t\t\t\t\t<div class=\"elementor-element elementor-element-733a760 elementor-widget elementor-widget-text-editor\" data-id=\"733a760\" data-element_type=\"widget\" data-widget_type=\"text-editor.default\">\n\t\t\t\t<div class=\"elementor-widget-container\">\n\t\t\t\t\t\t\t\t<div class=\"elementor-text-editor elementor-clearfix\">\n\t\t\t\t\t<p style=\"text-align: justify;\">Vom Opferplatz laufen wir ins \u201eWadi Farasa\u201c hinunter. Hier gibt es einen Komplex, der nicht so \u00fcberlaufen und dennoch sehr sehenswert ist. Wir kommen vorbei an einem 4,5 m langen und ca. 2,5 m hohen L\u00f6wenrelief, aus dessen Maul einmal Wasser sprudelte. In der Schlucht angekommen, bestaunen wir ein Blockgrab, das vielfarbig gemusterte W\u00e4nde hat. Es sieht aus, als h\u00e4tte der Sandstein ein abstraktes Gem\u00e4lde kreiert mit seinen unterschiedlichen Farben und Maserungen. Vom Blockgrab aus blicken wir schon auf das n\u00e4chste Highlight \u2013 das S\u00e4ulenportal des \u201eGartentempels\u201c. Hinter diesem befindet sich das Grab des r\u00f6mischen Soldaten (Tomb of the Roman Soldier ) und gegen\u00fcber der \u201eBunte Saal\u201c.<\/p>\t\t\t\t\t<\/div>\n\t\t\t\t\t\t<\/div>\n\t\t\t\t<\/div>\n\t\t\t\t\t\t<\/div>\n\t\t\t\t\t<\/div>\n\t\t<\/div>\n\t\t\t\t\t\t\t\t<\/div>\n\t\t\t\t\t<\/div>\n\t\t<\/section>\n\t\t\t\t<section class=\"elementor-section elementor-top-section elementor-element elementor-element-e9a17c1 elementor-section-boxed elementor-section-height-default elementor-section-height-default\" data-id=\"e9a17c1\" data-element_type=\"section\">\n\t\t\t\t\t\t<div class=\"elementor-container elementor-column-gap-default\">\n\t\t\t\t\t\t\t<div class=\"elementor-row\">\n\t\t\t\t\t<div class=\"elementor-column elementor-col-100 elementor-top-column elementor-element elementor-element-d268c37\" data-id=\"d268c37\" data-element_type=\"column\">\n\t\t\t<div class=\"elementor-column-wrap elementor-element-populated\">\n\t\t\t\t\t\t\t<div class=\"elementor-widget-wrap\">\n\t\t\t\t\t\t<div class=\"elementor-element elementor-element-d06731d elementor-widget elementor-widget-text-editor\" data-id=\"d06731d\" data-element_type=\"widget\" data-widget_type=\"text-editor.default\">\n\t\t\t\t<div class=\"elementor-widget-container\">\n\t\t\t\t\t\t\t\t<div class=\"elementor-text-editor elementor-clearfix\">\n\t\t\t\t\t<p style=\"text-align: left;\"><!-- index.php -->\n<div\n\tclass=\"ngg-galleryoverview ngg-ajax-pagination-none\"\n\tid=\"ngg-gallery-0dc2977472e12f4da494fb6955ffb1ea-1\">\n\n    \t\t<!-- Thumbnails -->\n\t\t\t\t<div id=\"ngg-image-0\" class=\"ngg-gallery-thumbnail-box\" >\n\t\t\t\t        <div class=\"ngg-gallery-thumbnail\">\n            <a href=\"http:\/\/foto-passion.com\/wp-content\/gallery\/fotostrecke_jordanien_2019\/259_AP5A2048.jpg\"\n               title=\"&lt;strong&gt;Blick in die Farasa-Schlucht von Petra&lt;\/strong&gt;&lt;br \/&gt;Jordanien 2019&lt;br \/&gt;&lt;span style=&quot;font-size:85%;color:#949494;&quot;&gt;[Bild-Id: 16330]&lt;\/span&gt;\"\n               data-src=\"http:\/\/foto-passion.com\/wp-content\/gallery\/fotostrecke_jordanien_2019\/259_AP5A2048.jpg\"\n               data-thumbnail=\"http:\/\/foto-passion.com\/wp-content\/gallery\/fotostrecke_jordanien_2019\/thumbs\/thumbs_259_AP5A2048.jpg\"\n               data-image-id=\"16330\"\n               data-title=\"Blick in die Farasa-Schlucht von Petra\"\n               data-description=\"&lt;strong&gt;Blick in die Farasa-Schlucht von Petra&lt;\/strong&gt;&lt;br \/&gt;Jordanien 2019&lt;br \/&gt;&lt;span style=&quot;font-size:85%;color:#949494;&quot;&gt;[Bild-Id: 16330]&lt;\/span&gt;\"\n               data-image-slug=\"259_ap5a2048\"\n               class=\"ngg-simplelightbox\" rel=\"0dc2977472e12f4da494fb6955ffb1ea\">\n                <img loading=\"lazy\"\n                    title=\"Blick in die Farasa-Schlucht von Petra\"\n                    alt=\"Blick in die Farasa-Schlucht von Petra\"\n                    src=\"http:\/\/foto-passion.com\/wp-content\/gallery\/fotostrecke_jordanien_2019\/cache\/259_AP5A2048.jpg-nggid0516330-ngg0dyn-150x100x100-00f0w010c011r110f110r010t010.jpg\"\n                    width=\"150\"\n                    height=\"100\"\n                    style=\"max-width:100%;\"\n                \/>\n            <\/a>\n        <\/div>\n\t\t\t\t\t\t\t<\/div> \n\t\t\t\n                            \n\t\t\t\t<div id=\"ngg-image-1\" class=\"ngg-gallery-thumbnail-box\" >\n\t\t\t\t        <div class=\"ngg-gallery-thumbnail\">\n            <a href=\"http:\/\/foto-passion.com\/wp-content\/gallery\/fotostrecke_jordanien_2019\/260_AP5A2047.jpg\"\n               title=\"&lt;strong&gt;Blick in die Farasa-Schlucht von Petra&lt;\/strong&gt;&lt;br \/&gt;Jordanien 2019&lt;br \/&gt;&lt;span style=&quot;font-size:85%;color:#949494;&quot;&gt;[Bild-Id: 16329]&lt;\/span&gt;\"\n               data-src=\"http:\/\/foto-passion.com\/wp-content\/gallery\/fotostrecke_jordanien_2019\/260_AP5A2047.jpg\"\n               data-thumbnail=\"http:\/\/foto-passion.com\/wp-content\/gallery\/fotostrecke_jordanien_2019\/thumbs\/thumbs_260_AP5A2047.jpg\"\n               data-image-id=\"16329\"\n               data-title=\"Blick in die Farasa-Schlucht von Petra\"\n               data-description=\"&lt;strong&gt;Blick in die Farasa-Schlucht von Petra&lt;\/strong&gt;&lt;br \/&gt;Jordanien 2019&lt;br \/&gt;&lt;span style=&quot;font-size:85%;color:#949494;&quot;&gt;[Bild-Id: 16329]&lt;\/span&gt;\"\n               data-image-slug=\"260_ap5a2047\"\n               class=\"ngg-simplelightbox\" rel=\"0dc2977472e12f4da494fb6955ffb1ea\">\n                <img loading=\"lazy\"\n                    title=\"Blick in die Farasa-Schlucht von Petra\"\n                    alt=\"Blick in die Farasa-Schlucht von Petra\"\n                    src=\"http:\/\/foto-passion.com\/wp-content\/gallery\/fotostrecke_jordanien_2019\/cache\/260_AP5A2047.jpg-nggid0516329-ngg0dyn-150x100x100-00f0w010c011r110f110r010t010.jpg\"\n                    width=\"150\"\n                    height=\"100\"\n                    style=\"max-width:100%;\"\n                \/>\n            <\/a>\n        <\/div>\n\t\t\t\t\t\t\t<\/div> \n\t\t\t\n                            \n\t\t\t\t<div id=\"ngg-image-2\" class=\"ngg-gallery-thumbnail-box\" >\n\t\t\t\t        <div class=\"ngg-gallery-thumbnail\">\n            <a href=\"http:\/\/foto-passion.com\/wp-content\/gallery\/fotostrecke_jordanien_2019\/261_AP5A2075.jpg\"\n               title=\"&lt;strong&gt;Blick in die Farasa-Schlucht von Petra&lt;\/strong&gt;&lt;br \/&gt;Jordanien 2019&lt;br \/&gt;&lt;span style=&quot;font-size:85%;color:#949494;&quot;&gt;[Bild-Id: 16332]&lt;\/span&gt;\"\n               data-src=\"http:\/\/foto-passion.com\/wp-content\/gallery\/fotostrecke_jordanien_2019\/261_AP5A2075.jpg\"\n               data-thumbnail=\"http:\/\/foto-passion.com\/wp-content\/gallery\/fotostrecke_jordanien_2019\/thumbs\/thumbs_261_AP5A2075.jpg\"\n               data-image-id=\"16332\"\n               data-title=\"Blick in die Farasa-Schlucht von Petra\"\n               data-description=\"&lt;strong&gt;Blick in die Farasa-Schlucht von Petra&lt;\/strong&gt;&lt;br \/&gt;Jordanien 2019&lt;br \/&gt;&lt;span style=&quot;font-size:85%;color:#949494;&quot;&gt;[Bild-Id: 16332]&lt;\/span&gt;\"\n               data-image-slug=\"261_ap5a2075\"\n               class=\"ngg-simplelightbox\" rel=\"0dc2977472e12f4da494fb6955ffb1ea\">\n                <img loading=\"lazy\"\n                    title=\"Blick in die Farasa-Schlucht von Petra\"\n                    alt=\"Blick in die Farasa-Schlucht von Petra\"\n                    src=\"http:\/\/foto-passion.com\/wp-content\/gallery\/fotostrecke_jordanien_2019\/cache\/261_AP5A2075.jpg-nggid0516332-ngg0dyn-150x100x100-00f0w010c011r110f110r010t010.jpg\"\n                    width=\"150\"\n                    height=\"100\"\n                    style=\"max-width:100%;\"\n                \/>\n            <\/a>\n        <\/div>\n\t\t\t\t\t\t\t<\/div> \n\t\t\t\n                            \n\t\t\t\t<div id=\"ngg-image-3\" class=\"ngg-gallery-thumbnail-box\" >\n\t\t\t\t        <div class=\"ngg-gallery-thumbnail\">\n            <a href=\"http:\/\/foto-passion.com\/wp-content\/gallery\/fotostrecke_jordanien_2019\/262_AP5A2081.jpg\"\n               title=\"&lt;strong&gt;Gartentempel in Petra&lt;\/strong&gt;&lt;br \/&gt;Jordanien 2019&lt;br \/&gt;&lt;span style=&quot;font-size:85%;color:#949494;&quot;&gt;[Bild-Id: 16333]&lt;\/span&gt;\"\n               data-src=\"http:\/\/foto-passion.com\/wp-content\/gallery\/fotostrecke_jordanien_2019\/262_AP5A2081.jpg\"\n               data-thumbnail=\"http:\/\/foto-passion.com\/wp-content\/gallery\/fotostrecke_jordanien_2019\/thumbs\/thumbs_262_AP5A2081.jpg\"\n               data-image-id=\"16333\"\n               data-title=\"Gartentempel in Petra\"\n               data-description=\"&lt;strong&gt;Gartentempel in Petra&lt;\/strong&gt;&lt;br \/&gt;Jordanien 2019&lt;br \/&gt;&lt;span style=&quot;font-size:85%;color:#949494;&quot;&gt;[Bild-Id: 16333]&lt;\/span&gt;\"\n               data-image-slug=\"262_ap5a2081\"\n               class=\"ngg-simplelightbox\" rel=\"0dc2977472e12f4da494fb6955ffb1ea\">\n                <img loading=\"lazy\"\n                    title=\"Gartentempel in Petra\"\n                    alt=\"Gartentempel in Petra\"\n                    src=\"http:\/\/foto-passion.com\/wp-content\/gallery\/fotostrecke_jordanien_2019\/cache\/262_AP5A2081.jpg-nggid0516333-ngg0dyn-150x100x100-00f0w010c011r110f110r010t010.jpg\"\n                    width=\"150\"\n                    height=\"100\"\n                    style=\"max-width:100%;\"\n                \/>\n            <\/a>\n        <\/div>\n\t\t\t\t\t\t\t<\/div> \n\t\t\t\n                                    <br style=\"clear: both\" \/>\n                    \n\t\t\t\t<div id=\"ngg-image-4\" class=\"ngg-gallery-thumbnail-box\" >\n\t\t\t\t        <div class=\"ngg-gallery-thumbnail\">\n            <a href=\"http:\/\/foto-passion.com\/wp-content\/gallery\/fotostrecke_jordanien_2019\/263_AP5A2070.jpg\"\n               title=\"&lt;strong&gt;L\u00f6wenrelief in Petra&lt;\/strong&gt;&lt;br \/&gt;Jordanien 2019&lt;br \/&gt;&lt;span style=&quot;font-size:85%;color:#949494;&quot;&gt;[Bild-Id: 16331]&lt;\/span&gt;\"\n               data-src=\"http:\/\/foto-passion.com\/wp-content\/gallery\/fotostrecke_jordanien_2019\/263_AP5A2070.jpg\"\n               data-thumbnail=\"http:\/\/foto-passion.com\/wp-content\/gallery\/fotostrecke_jordanien_2019\/thumbs\/thumbs_263_AP5A2070.jpg\"\n               data-image-id=\"16331\"\n               data-title=\"L\u00f6wenrelief in Petra\"\n               data-description=\"&lt;strong&gt;L\u00f6wenrelief in Petra&lt;\/strong&gt;&lt;br \/&gt;Jordanien 2019&lt;br \/&gt;&lt;span style=&quot;font-size:85%;color:#949494;&quot;&gt;[Bild-Id: 16331]&lt;\/span&gt;\"\n               data-image-slug=\"263_ap5a2070\"\n               class=\"ngg-simplelightbox\" rel=\"0dc2977472e12f4da494fb6955ffb1ea\">\n                <img loading=\"lazy\"\n                    title=\"L\u00f6wenrelief in Petra\"\n                    alt=\"L\u00f6wenrelief in Petra\"\n                    src=\"http:\/\/foto-passion.com\/wp-content\/gallery\/fotostrecke_jordanien_2019\/cache\/263_AP5A2070.jpg-nggid0516331-ngg0dyn-150x100x100-00f0w010c011r110f110r010t010.jpg\"\n                    width=\"150\"\n                    height=\"100\"\n                    style=\"max-width:100%;\"\n                \/>\n            <\/a>\n        <\/div>\n\t\t\t\t\t\t\t<\/div> \n\t\t\t\n                            \n\t\t\t\t<div id=\"ngg-image-5\" class=\"ngg-gallery-thumbnail-box\" >\n\t\t\t\t        <div class=\"ngg-gallery-thumbnail\">\n            <a href=\"http:\/\/foto-passion.com\/wp-content\/gallery\/fotostrecke_jordanien_2019\/264_AP5A2125.jpg\"\n               title=\"&lt;strong&gt;Soldatengrab in Petra&lt;\/strong&gt;&lt;br \/&gt;Jordanien 2019&lt;br \/&gt;&lt;span style=&quot;font-size:85%;color:#949494;&quot;&gt;[Bild-Id: 16336]&lt;\/span&gt;\"\n               data-src=\"http:\/\/foto-passion.com\/wp-content\/gallery\/fotostrecke_jordanien_2019\/264_AP5A2125.jpg\"\n               data-thumbnail=\"http:\/\/foto-passion.com\/wp-content\/gallery\/fotostrecke_jordanien_2019\/thumbs\/thumbs_264_AP5A2125.jpg\"\n               data-image-id=\"16336\"\n               data-title=\"Soldatengrab in Petra\"\n               data-description=\"&lt;strong&gt;Soldatengrab in Petra&lt;\/strong&gt;&lt;br \/&gt;Jordanien 2019&lt;br \/&gt;&lt;span style=&quot;font-size:85%;color:#949494;&quot;&gt;[Bild-Id: 16336]&lt;\/span&gt;\"\n               data-image-slug=\"264_ap5a2125\"\n               class=\"ngg-simplelightbox\" rel=\"0dc2977472e12f4da494fb6955ffb1ea\">\n                <img loading=\"lazy\"\n                    title=\"Soldatengrab in Petra\"\n                    alt=\"Soldatengrab in Petra\"\n                    src=\"http:\/\/foto-passion.com\/wp-content\/gallery\/fotostrecke_jordanien_2019\/cache\/264_AP5A2125.jpg-nggid0516336-ngg0dyn-150x100x100-00f0w010c011r110f110r010t010.jpg\"\n                    width=\"150\"\n                    height=\"100\"\n                    style=\"max-width:100%;\"\n                \/>\n            <\/a>\n        <\/div>\n\t\t\t\t\t\t\t<\/div> \n\t\t\t\n                            \n\t\t\t\t<div id=\"ngg-image-6\" class=\"ngg-gallery-thumbnail-box\" >\n\t\t\t\t        <div class=\"ngg-gallery-thumbnail\">\n            <a href=\"http:\/\/foto-passion.com\/wp-content\/gallery\/fotostrecke_jordanien_2019\/265_AP5A2131.jpg\"\n               title=\"&lt;strong&gt;Mittagspause im Schatten&lt;\/strong&gt;&lt;br \/&gt;Jordanien 2019&lt;br \/&gt;&lt;span style=&quot;font-size:85%;color:#949494;&quot;&gt;[Bild-Id: 16337]&lt;\/span&gt;\"\n               data-src=\"http:\/\/foto-passion.com\/wp-content\/gallery\/fotostrecke_jordanien_2019\/265_AP5A2131.jpg\"\n               data-thumbnail=\"http:\/\/foto-passion.com\/wp-content\/gallery\/fotostrecke_jordanien_2019\/thumbs\/thumbs_265_AP5A2131.jpg\"\n               data-image-id=\"16337\"\n               data-title=\"Mittagspause im Schatten\"\n               data-description=\"&lt;strong&gt;Mittagspause im Schatten&lt;\/strong&gt;&lt;br \/&gt;Jordanien 2019&lt;br \/&gt;&lt;span style=&quot;font-size:85%;color:#949494;&quot;&gt;[Bild-Id: 16337]&lt;\/span&gt;\"\n               data-image-slug=\"265_ap5a2131\"\n               class=\"ngg-simplelightbox\" rel=\"0dc2977472e12f4da494fb6955ffb1ea\">\n                <img loading=\"lazy\"\n                    title=\"Mittagspause im Schatten\"\n                    alt=\"Mittagspause im Schatten\"\n                    src=\"http:\/\/foto-passion.com\/wp-content\/gallery\/fotostrecke_jordanien_2019\/cache\/265_AP5A2131.jpg-nggid0516337-ngg0dyn-150x100x100-00f0w010c011r110f110r010t010.jpg\"\n                    width=\"150\"\n                    height=\"100\"\n                    style=\"max-width:100%;\"\n                \/>\n            <\/a>\n        <\/div>\n\t\t\t\t\t\t\t<\/div> \n\t\t\t\n                            \n\t\t\t\t<div id=\"ngg-image-7\" class=\"ngg-gallery-thumbnail-box\" >\n\t\t\t\t        <div class=\"ngg-gallery-thumbnail\">\n            <a href=\"http:\/\/foto-passion.com\/wp-content\/gallery\/fotostrecke_jordanien_2019\/266_AP5A2133.jpg\"\n               title=\"&lt;strong&gt;Bunter Saal, Petra&lt;\/strong&gt;&lt;br \/&gt;Jordanien 2019&lt;br \/&gt;&lt;span style=&quot;font-size:85%;color:#949494;&quot;&gt;[Bild-Id: 16338]&lt;\/span&gt;\"\n               data-src=\"http:\/\/foto-passion.com\/wp-content\/gallery\/fotostrecke_jordanien_2019\/266_AP5A2133.jpg\"\n               data-thumbnail=\"http:\/\/foto-passion.com\/wp-content\/gallery\/fotostrecke_jordanien_2019\/thumbs\/thumbs_266_AP5A2133.jpg\"\n               data-image-id=\"16338\"\n               data-title=\"Bunter Saal, Petra\"\n               data-description=\"&lt;strong&gt;Bunter Saal, Petra&lt;\/strong&gt;&lt;br \/&gt;Jordanien 2019&lt;br \/&gt;&lt;span style=&quot;font-size:85%;color:#949494;&quot;&gt;[Bild-Id: 16338]&lt;\/span&gt;\"\n               data-image-slug=\"266_ap5a2133\"\n               class=\"ngg-simplelightbox\" rel=\"0dc2977472e12f4da494fb6955ffb1ea\">\n                <img loading=\"lazy\"\n                    title=\"Bunter Saal, Petra\"\n                    alt=\"Bunter Saal, Petra\"\n                    src=\"http:\/\/foto-passion.com\/wp-content\/gallery\/fotostrecke_jordanien_2019\/cache\/266_AP5A2133.jpg-nggid0516338-ngg0dyn-150x100x100-00f0w010c011r110f110r010t010.jpg\"\n                    width=\"150\"\n                    height=\"100\"\n                    style=\"max-width:100%;\"\n                \/>\n            <\/a>\n        <\/div>\n\t\t\t\t\t\t\t<\/div> \n\t\t\t\n                                    <br style=\"clear: both\" \/>\n                    \n\t\t\t\t<div id=\"ngg-image-8\" class=\"ngg-gallery-thumbnail-box\" >\n\t\t\t\t        <div class=\"ngg-gallery-thumbnail\">\n            <a href=\"http:\/\/foto-passion.com\/wp-content\/gallery\/fotostrecke_jordanien_2019\/267_AP5A2141.jpg\"\n               title=\"&lt;strong&gt;Bunter Saal, Petra&lt;\/strong&gt;&lt;br \/&gt;Jordanien 2019&lt;br \/&gt;&lt;span style=&quot;font-size:85%;color:#949494;&quot;&gt;[Bild-Id: 16339]&lt;\/span&gt;\"\n               data-src=\"http:\/\/foto-passion.com\/wp-content\/gallery\/fotostrecke_jordanien_2019\/267_AP5A2141.jpg\"\n               data-thumbnail=\"http:\/\/foto-passion.com\/wp-content\/gallery\/fotostrecke_jordanien_2019\/thumbs\/thumbs_267_AP5A2141.jpg\"\n               data-image-id=\"16339\"\n               data-title=\"Bunter Saal, Petra\"\n               data-description=\"&lt;strong&gt;Bunter Saal, Petra&lt;\/strong&gt;&lt;br \/&gt;Jordanien 2019&lt;br \/&gt;&lt;span style=&quot;font-size:85%;color:#949494;&quot;&gt;[Bild-Id: 16339]&lt;\/span&gt;\"\n               data-image-slug=\"267_ap5a2141\"\n               class=\"ngg-simplelightbox\" rel=\"0dc2977472e12f4da494fb6955ffb1ea\">\n                <img loading=\"lazy\"\n                    title=\"Bunter Saal, Petra\"\n                    alt=\"Bunter Saal, Petra\"\n                    src=\"http:\/\/foto-passion.com\/wp-content\/gallery\/fotostrecke_jordanien_2019\/cache\/267_AP5A2141.jpg-nggid0516339-ngg0dyn-150x100x100-00f0w010c011r110f110r010t010.jpg\"\n                    width=\"150\"\n                    height=\"100\"\n                    style=\"max-width:100%;\"\n                \/>\n            <\/a>\n        <\/div>\n\t\t\t\t\t\t\t<\/div> \n\t\t\t\n                            \n\t\t\t\t<div id=\"ngg-image-9\" class=\"ngg-gallery-thumbnail-box\" >\n\t\t\t\t        <div class=\"ngg-gallery-thumbnail\">\n            <a href=\"http:\/\/foto-passion.com\/wp-content\/gallery\/fotostrecke_jordanien_2019\/268_AP5A2119.jpg\"\n               title=\"&lt;strong&gt;Gartentempel in Petra&lt;\/strong&gt;&lt;br \/&gt;Jordanien 2019&lt;br \/&gt;&lt;span style=&quot;font-size:85%;color:#949494;&quot;&gt;[Bild-Id: 16335]&lt;\/span&gt;\"\n               data-src=\"http:\/\/foto-passion.com\/wp-content\/gallery\/fotostrecke_jordanien_2019\/268_AP5A2119.jpg\"\n               data-thumbnail=\"http:\/\/foto-passion.com\/wp-content\/gallery\/fotostrecke_jordanien_2019\/thumbs\/thumbs_268_AP5A2119.jpg\"\n               data-image-id=\"16335\"\n               data-title=\"Gartentempel in Petra\"\n               data-description=\"&lt;strong&gt;Gartentempel in Petra&lt;\/strong&gt;&lt;br \/&gt;Jordanien 2019&lt;br \/&gt;&lt;span style=&quot;font-size:85%;color:#949494;&quot;&gt;[Bild-Id: 16335]&lt;\/span&gt;\"\n               data-image-slug=\"268_ap5a2119\"\n               class=\"ngg-simplelightbox\" rel=\"0dc2977472e12f4da494fb6955ffb1ea\">\n                <img loading=\"lazy\"\n                    title=\"Gartentempel in Petra\"\n                    alt=\"Gartentempel in Petra\"\n                    src=\"http:\/\/foto-passion.com\/wp-content\/gallery\/fotostrecke_jordanien_2019\/cache\/268_AP5A2119.jpg-nggid0516335-ngg0dyn-150x100x100-00f0w010c011r110f110r010t010.jpg\"\n                    width=\"150\"\n                    height=\"100\"\n                    style=\"max-width:100%;\"\n                \/>\n            <\/a>\n        <\/div>\n\t\t\t\t\t\t\t<\/div> \n\t\t\t\n                            \n\t\t\t\t<div id=\"ngg-image-10\" class=\"ngg-gallery-thumbnail-box\" >\n\t\t\t\t        <div class=\"ngg-gallery-thumbnail\">\n            <a href=\"http:\/\/foto-passion.com\/wp-content\/gallery\/fotostrecke_jordanien_2019\/269_AP5A2189.jpg\"\n               title=\"&lt;strong&gt;In der Farasa-Schlucht von Petra&lt;\/strong&gt;&lt;br \/&gt;Jordanien 2019&lt;br \/&gt;&lt;span style=&quot;font-size:85%;color:#949494;&quot;&gt;[Bild-Id: 16341]&lt;\/span&gt;\"\n               data-src=\"http:\/\/foto-passion.com\/wp-content\/gallery\/fotostrecke_jordanien_2019\/269_AP5A2189.jpg\"\n               data-thumbnail=\"http:\/\/foto-passion.com\/wp-content\/gallery\/fotostrecke_jordanien_2019\/thumbs\/thumbs_269_AP5A2189.jpg\"\n               data-image-id=\"16341\"\n               data-title=\"In der Farasa-Schlucht von Petra\"\n               data-description=\"&lt;strong&gt;In der Farasa-Schlucht von Petra&lt;\/strong&gt;&lt;br \/&gt;Jordanien 2019&lt;br \/&gt;&lt;span style=&quot;font-size:85%;color:#949494;&quot;&gt;[Bild-Id: 16341]&lt;\/span&gt;\"\n               data-image-slug=\"269_ap5a2189\"\n               class=\"ngg-simplelightbox\" rel=\"0dc2977472e12f4da494fb6955ffb1ea\">\n                <img loading=\"lazy\"\n                    title=\"In der Farasa-Schlucht von Petra\"\n                    alt=\"In der Farasa-Schlucht von Petra\"\n                    src=\"http:\/\/foto-passion.com\/wp-content\/gallery\/fotostrecke_jordanien_2019\/cache\/269_AP5A2189.jpg-nggid0516341-ngg0dyn-150x100x100-00f0w010c011r110f110r010t010.jpg\"\n                    width=\"150\"\n                    height=\"100\"\n                    style=\"max-width:100%;\"\n                \/>\n            <\/a>\n        <\/div>\n\t\t\t\t\t\t\t<\/div> \n\t\t\t\n                            \n\t\t\t\t<div id=\"ngg-image-11\" class=\"ngg-gallery-thumbnail-box\" >\n\t\t\t\t        <div class=\"ngg-gallery-thumbnail\">\n            <a href=\"http:\/\/foto-passion.com\/wp-content\/gallery\/fotostrecke_jordanien_2019\/270_AP5A2200.jpg\"\n               title=\"&lt;strong&gt;Eines der mehr als 500 Gr\u00e4ber von Petra&lt;\/strong&gt;&lt;br \/&gt;Jordanien 2019&lt;br \/&gt;&lt;span style=&quot;font-size:85%;color:#949494;&quot;&gt;[Bild-Id: 16342]&lt;\/span&gt;\"\n               data-src=\"http:\/\/foto-passion.com\/wp-content\/gallery\/fotostrecke_jordanien_2019\/270_AP5A2200.jpg\"\n               data-thumbnail=\"http:\/\/foto-passion.com\/wp-content\/gallery\/fotostrecke_jordanien_2019\/thumbs\/thumbs_270_AP5A2200.jpg\"\n               data-image-id=\"16342\"\n               data-title=\"Eines der mehr als 500 Gr\u00e4ber von Petra\"\n               data-description=\"&lt;strong&gt;Eines der mehr als 500 Gr\u00e4ber von Petra&lt;\/strong&gt;&lt;br \/&gt;Jordanien 2019&lt;br \/&gt;&lt;span style=&quot;font-size:85%;color:#949494;&quot;&gt;[Bild-Id: 16342]&lt;\/span&gt;\"\n               data-image-slug=\"270_ap5a2200\"\n               class=\"ngg-simplelightbox\" rel=\"0dc2977472e12f4da494fb6955ffb1ea\">\n                <img loading=\"lazy\"\n                    title=\"Eines der mehr als 500 Gr\u00e4ber von Petra\"\n                    alt=\"Eines der mehr als 500 Gr\u00e4ber von Petra\"\n                    src=\"http:\/\/foto-passion.com\/wp-content\/gallery\/fotostrecke_jordanien_2019\/cache\/270_AP5A2200.jpg-nggid0516342-ngg0dyn-150x100x100-00f0w010c011r110f110r010t010.jpg\"\n                    width=\"150\"\n                    height=\"100\"\n                    style=\"max-width:100%;\"\n                \/>\n            <\/a>\n        <\/div>\n\t\t\t\t\t\t\t<\/div> \n\t\t\t\n                                    <br style=\"clear: both\" \/>\n                    \n\t\t\n\t\t<div class=\"ngg-clear\"><\/div>\n\t<\/div>\n<\/p>\t\t\t\t\t<\/div>\n\t\t\t\t\t\t<\/div>\n\t\t\t\t<\/div>\n\t\t\t\t\t\t<\/div>\n\t\t\t\t\t<\/div>\n\t\t<\/div>\n\t\t\t\t\t\t\t\t<\/div>\n\t\t\t\t\t<\/div>\n\t\t<\/section>\n\t\t\t\t<section class=\"elementor-section elementor-top-section elementor-element elementor-element-06e308c elementor-section-boxed elementor-section-height-default elementor-section-height-default\" data-id=\"06e308c\" data-element_type=\"section\">\n\t\t\t\t\t\t<div class=\"elementor-container elementor-column-gap-default\">\n\t\t\t\t\t\t\t<div class=\"elementor-row\">\n\t\t\t\t\t<div class=\"elementor-column elementor-col-100 elementor-top-column elementor-element elementor-element-a3f42e7\" data-id=\"a3f42e7\" data-element_type=\"column\">\n\t\t\t<div class=\"elementor-column-wrap elementor-element-populated\">\n\t\t\t\t\t\t\t<div class=\"elementor-widget-wrap\">\n\t\t\t\t\t\t<div class=\"elementor-element elementor-element-a17f760 elementor-widget elementor-widget-text-editor\" data-id=\"a17f760\" data-element_type=\"widget\" data-widget_type=\"text-editor.default\">\n\t\t\t\t<div class=\"elementor-widget-container\">\n\t\t\t\t\t\t\t\t<div class=\"elementor-text-editor elementor-clearfix\">\n\t\t\t\t\t<p style=\"text-align: justify;\">Hier treffen wir auch auf zwei Beduinenjungs die sich ein wenig ausruhen, bevor sie ihre Esel wieder als \u201eTaxi\u201c bei den fussm\u00fcden Touristen anpreisen. Die beiden Jungs lassen sich auf meine Bitte hin gern fotografieren und offenbar findet mein Foto Gefallen, denn der Gr\u00f6\u00dfere von ihnen fotografiert es sich vom Display ab.<\/p><p style=\"text-align: justify;\">Die jungen Beduinenm\u00e4nner und auch schon kleinere Jungs schminken sich Augen mit schwarzem Kajal bzw. mit Holzkohle. Dadurch wirken ihre ohnehin schon gro\u00dfen dunklen Augen noch interessanter und geheimnisvoller. Au\u00dferdem tragen sie ihre Kopfbedeckung wesentlich verwegener, als es der gemeine Jordanier tut. Man meint immer, sie sind einem Seer\u00e4uber-Film entsprungen.<\/p>\t\t\t\t\t<\/div>\n\t\t\t\t\t\t<\/div>\n\t\t\t\t<\/div>\n\t\t\t\t\t\t<\/div>\n\t\t\t\t\t<\/div>\n\t\t<\/div>\n\t\t\t\t\t\t\t\t<\/div>\n\t\t\t\t\t<\/div>\n\t\t<\/section>\n\t\t\t\t<section class=\"elementor-section elementor-top-section elementor-element elementor-element-992e985 elementor-section-boxed elementor-section-height-default elementor-section-height-default\" data-id=\"992e985\" data-element_type=\"section\">\n\t\t\t\t\t\t<div class=\"elementor-container elementor-column-gap-default\">\n\t\t\t\t\t\t\t<div class=\"elementor-row\">\n\t\t\t\t\t<div class=\"elementor-column elementor-col-100 elementor-top-column elementor-element elementor-element-93df0e3\" data-id=\"93df0e3\" data-element_type=\"column\">\n\t\t\t<div class=\"elementor-column-wrap elementor-element-populated\">\n\t\t\t\t\t\t\t<div class=\"elementor-widget-wrap\">\n\t\t\t\t\t\t<div class=\"elementor-element elementor-element-443bd89 elementor-widget elementor-widget-text-editor\" data-id=\"443bd89\" data-element_type=\"widget\" data-widget_type=\"text-editor.default\">\n\t\t\t\t<div class=\"elementor-widget-container\">\n\t\t\t\t\t\t\t\t<div class=\"elementor-text-editor elementor-clearfix\">\n\t\t\t\t\t<p style=\"text-align: justify;\"><!-- index.php -->\n<div\n\tclass=\"ngg-galleryoverview ngg-ajax-pagination-none\"\n\tid=\"ngg-gallery-5cd01b6ba6bd290d97743d7060887b22-1\">\n\n    \t\t<!-- Thumbnails -->\n\t\t\t\t<div id=\"ngg-image-0\" class=\"ngg-gallery-thumbnail-box\" >\n\t\t\t\t        <div class=\"ngg-gallery-thumbnail\">\n            <a href=\"http:\/\/foto-passion.com\/wp-content\/gallery\/fotostrecke_jordanien_2019\/271_AP5A2163.jpg\"\n               title=\"&lt;strong&gt;Einheimischer Guide&lt;\/strong&gt;&lt;br \/&gt;Jordanien 2019&lt;br \/&gt;&lt;span style=&quot;font-size:85%;color:#949494;&quot;&gt;[Bild-Id: 16340]&lt;\/span&gt;\"\n               data-src=\"http:\/\/foto-passion.com\/wp-content\/gallery\/fotostrecke_jordanien_2019\/271_AP5A2163.jpg\"\n               data-thumbnail=\"http:\/\/foto-passion.com\/wp-content\/gallery\/fotostrecke_jordanien_2019\/thumbs\/thumbs_271_AP5A2163.jpg\"\n               data-image-id=\"16340\"\n               data-title=\"Einheimischer Guide\"\n               data-description=\"&lt;strong&gt;Einheimischer Guide&lt;\/strong&gt;&lt;br \/&gt;Jordanien 2019&lt;br \/&gt;&lt;span style=&quot;font-size:85%;color:#949494;&quot;&gt;[Bild-Id: 16340]&lt;\/span&gt;\"\n               data-image-slug=\"271_ap5a2163\"\n               class=\"ngg-simplelightbox\" rel=\"5cd01b6ba6bd290d97743d7060887b22\">\n                <img loading=\"lazy\"\n                    title=\"Einheimischer Guide\"\n                    alt=\"Einheimischer Guide\"\n                    src=\"http:\/\/foto-passion.com\/wp-content\/gallery\/fotostrecke_jordanien_2019\/cache\/271_AP5A2163.jpg-nggid0516340-ngg0dyn-150x100x100-00f0w010c011r110f110r010t010.jpg\"\n                    width=\"150\"\n                    height=\"100\"\n                    style=\"max-width:100%;\"\n                \/>\n            <\/a>\n        <\/div>\n\t\t\t\t\t\t\t<\/div> \n\t\t\t\n                            \n\t\t\t\t<div id=\"ngg-image-1\" class=\"ngg-gallery-thumbnail-box\" >\n\t\t\t\t        <div class=\"ngg-gallery-thumbnail\">\n            <a href=\"http:\/\/foto-passion.com\/wp-content\/gallery\/fotostrecke_jordanien_2019\/272_AP5A2944.jpg\"\n               title=\"&lt;strong&gt;Einheimischer Guide&lt;\/strong&gt;&lt;br \/&gt;Jordanien 2019&lt;br \/&gt;&lt;span style=&quot;font-size:85%;color:#949494;&quot;&gt;[Bild-Id: 16394]&lt;\/span&gt;\"\n               data-src=\"http:\/\/foto-passion.com\/wp-content\/gallery\/fotostrecke_jordanien_2019\/272_AP5A2944.jpg\"\n               data-thumbnail=\"http:\/\/foto-passion.com\/wp-content\/gallery\/fotostrecke_jordanien_2019\/thumbs\/thumbs_272_AP5A2944.jpg\"\n               data-image-id=\"16394\"\n               data-title=\"Einheimischer Guide\"\n               data-description=\"&lt;strong&gt;Einheimischer Guide&lt;\/strong&gt;&lt;br \/&gt;Jordanien 2019&lt;br \/&gt;&lt;span style=&quot;font-size:85%;color:#949494;&quot;&gt;[Bild-Id: 16394]&lt;\/span&gt;\"\n               data-image-slug=\"272_ap5a2944\"\n               class=\"ngg-simplelightbox\" rel=\"5cd01b6ba6bd290d97743d7060887b22\">\n                <img loading=\"lazy\"\n                    title=\"Einheimischer Guide\"\n                    alt=\"Einheimischer Guide\"\n                    src=\"http:\/\/foto-passion.com\/wp-content\/gallery\/fotostrecke_jordanien_2019\/cache\/272_AP5A2944.jpg-nggid0516394-ngg0dyn-150x100x100-00f0w010c011r110f110r010t010.jpg\"\n                    width=\"150\"\n                    height=\"100\"\n                    style=\"max-width:100%;\"\n                \/>\n            <\/a>\n        <\/div>\n\t\t\t\t\t\t\t<\/div> \n\t\t\t\n                            \n\t\t\t\t<div id=\"ngg-image-2\" class=\"ngg-gallery-thumbnail-box\" >\n\t\t\t\t        <div class=\"ngg-gallery-thumbnail\">\n            <a href=\"http:\/\/foto-passion.com\/wp-content\/gallery\/fotostrecke_jordanien_2019\/273_AP5A2955.jpg\"\n               title=\"&lt;strong&gt;Einheimischer Guide&lt;\/strong&gt;&lt;br \/&gt;Jordanien 2019&lt;br \/&gt;&lt;span style=&quot;font-size:85%;color:#949494;&quot;&gt;[Bild-Id: 16396]&lt;\/span&gt;\"\n               data-src=\"http:\/\/foto-passion.com\/wp-content\/gallery\/fotostrecke_jordanien_2019\/273_AP5A2955.jpg\"\n               data-thumbnail=\"http:\/\/foto-passion.com\/wp-content\/gallery\/fotostrecke_jordanien_2019\/thumbs\/thumbs_273_AP5A2955.jpg\"\n               data-image-id=\"16396\"\n               data-title=\"Einheimischer Guide\"\n               data-description=\"&lt;strong&gt;Einheimischer Guide&lt;\/strong&gt;&lt;br \/&gt;Jordanien 2019&lt;br \/&gt;&lt;span style=&quot;font-size:85%;color:#949494;&quot;&gt;[Bild-Id: 16396]&lt;\/span&gt;\"\n               data-image-slug=\"273_ap5a2955\"\n               class=\"ngg-simplelightbox\" rel=\"5cd01b6ba6bd290d97743d7060887b22\">\n                <img loading=\"lazy\"\n                    title=\"Einheimischer Guide\"\n                    alt=\"Einheimischer Guide\"\n                    src=\"http:\/\/foto-passion.com\/wp-content\/gallery\/fotostrecke_jordanien_2019\/cache\/273_AP5A2955.jpg-nggid0516396-ngg0dyn-150x100x100-00f0w010c011r110f110r010t010.jpg\"\n                    width=\"150\"\n                    height=\"100\"\n                    style=\"max-width:100%;\"\n                \/>\n            <\/a>\n        <\/div>\n\t\t\t\t\t\t\t<\/div> \n\t\t\t\n                            \n\t\t\t\t<div id=\"ngg-image-3\" class=\"ngg-gallery-thumbnail-box\" >\n\t\t\t\t        <div class=\"ngg-gallery-thumbnail\">\n            <a href=\"http:\/\/foto-passion.com\/wp-content\/gallery\/fotostrecke_jordanien_2019\/274_AP5A2962.jpg\"\n               title=\"&lt;strong&gt;Einheimischer Guide&lt;\/strong&gt;&lt;br \/&gt;Jordanien 2019&lt;br \/&gt;&lt;span style=&quot;font-size:85%;color:#949494;&quot;&gt;[Bild-Id: 16397]&lt;\/span&gt;\"\n               data-src=\"http:\/\/foto-passion.com\/wp-content\/gallery\/fotostrecke_jordanien_2019\/274_AP5A2962.jpg\"\n               data-thumbnail=\"http:\/\/foto-passion.com\/wp-content\/gallery\/fotostrecke_jordanien_2019\/thumbs\/thumbs_274_AP5A2962.jpg\"\n               data-image-id=\"16397\"\n               data-title=\"Einheimischer Guide\"\n               data-description=\"&lt;strong&gt;Einheimischer Guide&lt;\/strong&gt;&lt;br \/&gt;Jordanien 2019&lt;br \/&gt;&lt;span style=&quot;font-size:85%;color:#949494;&quot;&gt;[Bild-Id: 16397]&lt;\/span&gt;\"\n               data-image-slug=\"274_ap5a2962\"\n               class=\"ngg-simplelightbox\" rel=\"5cd01b6ba6bd290d97743d7060887b22\">\n                <img loading=\"lazy\"\n                    title=\"Einheimischer Guide\"\n                    alt=\"Einheimischer Guide\"\n                    src=\"http:\/\/foto-passion.com\/wp-content\/gallery\/fotostrecke_jordanien_2019\/cache\/274_AP5A2962.jpg-nggid0516397-ngg0dyn-150x100x100-00f0w010c011r110f110r010t010.jpg\"\n                    width=\"150\"\n                    height=\"100\"\n                    style=\"max-width:100%;\"\n                \/>\n            <\/a>\n        <\/div>\n\t\t\t\t\t\t\t<\/div> \n\t\t\t\n                                    <br style=\"clear: both\" \/>\n                    \n\t\t\n\t\t<div class=\"ngg-clear\"><\/div>\n\t<\/div>\n<\/p>\t\t\t\t\t<\/div>\n\t\t\t\t\t\t<\/div>\n\t\t\t\t<\/div>\n\t\t\t\t\t\t<\/div>\n\t\t\t\t\t<\/div>\n\t\t<\/div>\n\t\t\t\t\t\t\t\t<\/div>\n\t\t\t\t\t<\/div>\n\t\t<\/section>\n\t\t\t\t<section class=\"elementor-section elementor-top-section elementor-element elementor-element-85ce196 elementor-section-boxed elementor-section-height-default elementor-section-height-default\" data-id=\"85ce196\" data-element_type=\"section\">\n\t\t\t\t\t\t<div class=\"elementor-container elementor-column-gap-default\">\n\t\t\t\t\t\t\t<div class=\"elementor-row\">\n\t\t\t\t\t<div class=\"elementor-column elementor-col-100 elementor-top-column elementor-element elementor-element-91dc3d3\" data-id=\"91dc3d3\" data-element_type=\"column\">\n\t\t\t<div class=\"elementor-column-wrap elementor-element-populated\">\n\t\t\t\t\t\t\t<div class=\"elementor-widget-wrap\">\n\t\t\t\t\t\t<div class=\"elementor-element elementor-element-fd1393d elementor-widget elementor-widget-text-editor\" data-id=\"fd1393d\" data-element_type=\"widget\" data-widget_type=\"text-editor.default\">\n\t\t\t\t<div class=\"elementor-widget-container\">\n\t\t\t\t\t\t\t\t<div class=\"elementor-text-editor elementor-clearfix\">\n\t\t\t\t\t<p style=\"text-align: justify;\">Als wir weiter durch die Schlucht wandern, treffen wir auf einen kleinen, etwa sechsj\u00e4hrigen Beduinen-Jungen, der uns Steine verkaufen will. Er ist scharf auf meinen kleinen Pl\u00fcsch-Eisb\u00e4ren und fordert den ziemlich selbstbewusst-rotzig ein. Als ich eine leere Wasserflasche klein mache, um sie in den Rucksack stecken zu k\u00f6nnen, schaut er mir mit fragendem Blick zu und meint nur, ich soll sie hinter mir in den Tempel werfen. So viel zum Umgang mit M\u00fcll!\u00a0<span style=\"font-size: 16px; color: var( --e-global-color-text ); font-family: var( --e-global-typography-bc761ce-font-family ), Sans-serif; font-weight: var( --e-global-typography-bc761ce-font-weight ); letter-spacing: var( --e-global-typography-bc761ce-letter-spacing ); background-color: transparent;\">Schon gestern hatten wir sogar bei einem Polizisten vor den K\u00f6nigsgr\u00e4bern beobachtet, dass er seine leere Cola-Dose lieber in einen Busch zu seinen F\u00fc\u00dfen stellt, statt maximal sechs Schritte bis zum n\u00e4chsten M\u00fclleimer zu laufen.<\/span><\/p><p style=\"text-align: justify;\">\u00dcberhaupt sind die meisten Tempel und H\u00f6hlen voller M\u00fcll, stinken unglaublich nach Urin und\/oder werden von den Beduinen bewohnt. Dann sind sie auch noch voller Tierdung, weil in ihnen auch die Esel, Pferde und H\u00fchner untergebracht sind. Mit UNESCO-Weltkulturerbe hat das hier nicht wirklich etwas zu tun und wir fragen uns, was mit den vielen F\u00f6rdermitteln gemacht wird.<\/p><p style=\"text-align: justify;\">Dabei ist auch der Blick in die Felsengr\u00e4ber und H\u00f6hlen sehr sehenswert, denn das Gestein der Felsen hat eine bemerkenswerte Farbe und Struktur. Manchmal meint man, hier waren K\u00fcnstler am Werk, die das Innere kreativ gestrichen haben.<\/p>\t\t\t\t\t<\/div>\n\t\t\t\t\t\t<\/div>\n\t\t\t\t<\/div>\n\t\t\t\t\t\t<\/div>\n\t\t\t\t\t<\/div>\n\t\t<\/div>\n\t\t\t\t\t\t\t\t<\/div>\n\t\t\t\t\t<\/div>\n\t\t<\/section>\n\t\t\t\t<section class=\"elementor-section elementor-top-section elementor-element elementor-element-e54c753 elementor-section-boxed elementor-section-height-default elementor-section-height-default\" data-id=\"e54c753\" data-element_type=\"section\">\n\t\t\t\t\t\t<div class=\"elementor-container elementor-column-gap-default\">\n\t\t\t\t\t\t\t<div class=\"elementor-row\">\n\t\t\t\t\t<div class=\"elementor-column elementor-col-100 elementor-top-column elementor-element elementor-element-6930e3f\" data-id=\"6930e3f\" data-element_type=\"column\">\n\t\t\t<div class=\"elementor-column-wrap elementor-element-populated\">\n\t\t\t\t\t\t\t<div class=\"elementor-widget-wrap\">\n\t\t\t\t\t\t<div class=\"elementor-element elementor-element-be9a866 elementor-widget elementor-widget-text-editor\" data-id=\"be9a866\" data-element_type=\"widget\" data-widget_type=\"text-editor.default\">\n\t\t\t\t<div class=\"elementor-widget-container\">\n\t\t\t\t\t\t\t\t<div class=\"elementor-text-editor elementor-clearfix\">\n\t\t\t\t\t<p style=\"text-align: left;\"><!-- index.php -->\n<div\n\tclass=\"ngg-galleryoverview ngg-ajax-pagination-none\"\n\tid=\"ngg-gallery-6dca15cef439fb1cfe51a1c32e2279e2-1\">\n\n    \t\t<!-- Thumbnails -->\n\t\t\t\t<div id=\"ngg-image-0\" class=\"ngg-gallery-thumbnail-box\" >\n\t\t\t\t        <div class=\"ngg-gallery-thumbnail\">\n            <a href=\"http:\/\/foto-passion.com\/wp-content\/gallery\/fotostrecke_jordanien_2019\/275_AP5A1710.jpg\"\n               title=\"&lt;strong&gt;Im Inneren eines Grabes&lt;\/strong&gt;&lt;br \/&gt;Jordanien 2019&lt;br \/&gt;&lt;span style=&quot;font-size:85%;color:#949494;&quot;&gt;[Bild-Id: 16314]&lt;\/span&gt;\"\n               data-src=\"http:\/\/foto-passion.com\/wp-content\/gallery\/fotostrecke_jordanien_2019\/275_AP5A1710.jpg\"\n               data-thumbnail=\"http:\/\/foto-passion.com\/wp-content\/gallery\/fotostrecke_jordanien_2019\/thumbs\/thumbs_275_AP5A1710.jpg\"\n               data-image-id=\"16314\"\n               data-title=\"Im Inneren eines Grabes\"\n               data-description=\"&lt;strong&gt;Im Inneren eines Grabes&lt;\/strong&gt;&lt;br \/&gt;Jordanien 2019&lt;br \/&gt;&lt;span style=&quot;font-size:85%;color:#949494;&quot;&gt;[Bild-Id: 16314]&lt;\/span&gt;\"\n               data-image-slug=\"275_ap5a1710\"\n               class=\"ngg-simplelightbox\" rel=\"6dca15cef439fb1cfe51a1c32e2279e2\">\n                <img loading=\"lazy\"\n                    title=\"Im Inneren eines Grabes\"\n                    alt=\"Im Inneren eines Grabes\"\n                    src=\"http:\/\/foto-passion.com\/wp-content\/gallery\/fotostrecke_jordanien_2019\/cache\/275_AP5A1710.jpg-nggid0516314-ngg0dyn-150x100x100-00f0w010c011r110f110r010t010.jpg\"\n                    width=\"150\"\n                    height=\"100\"\n                    style=\"max-width:100%;\"\n                \/>\n            <\/a>\n        <\/div>\n\t\t\t\t\t\t\t<\/div> \n\t\t\t\n                            \n\t\t\t\t<div id=\"ngg-image-1\" class=\"ngg-gallery-thumbnail-box\" >\n\t\t\t\t        <div class=\"ngg-gallery-thumbnail\">\n            <a href=\"http:\/\/foto-passion.com\/wp-content\/gallery\/fotostrecke_jordanien_2019\/276_AP5A1189.jpg\"\n               title=\"&lt;strong&gt;Im Inneren eines Grabes&lt;\/strong&gt;&lt;br \/&gt;Jordanien 2019&lt;br \/&gt;&lt;span style=&quot;font-size:85%;color:#949494;&quot;&gt;[Bild-Id: 16278]&lt;\/span&gt;\"\n               data-src=\"http:\/\/foto-passion.com\/wp-content\/gallery\/fotostrecke_jordanien_2019\/276_AP5A1189.jpg\"\n               data-thumbnail=\"http:\/\/foto-passion.com\/wp-content\/gallery\/fotostrecke_jordanien_2019\/thumbs\/thumbs_276_AP5A1189.jpg\"\n               data-image-id=\"16278\"\n               data-title=\"Im Inneren eines Grabes\"\n               data-description=\"&lt;strong&gt;Im Inneren eines Grabes&lt;\/strong&gt;&lt;br \/&gt;Jordanien 2019&lt;br \/&gt;&lt;span style=&quot;font-size:85%;color:#949494;&quot;&gt;[Bild-Id: 16278]&lt;\/span&gt;\"\n               data-image-slug=\"276_ap5a1189\"\n               class=\"ngg-simplelightbox\" rel=\"6dca15cef439fb1cfe51a1c32e2279e2\">\n                <img loading=\"lazy\"\n                    title=\"Im Inneren eines Grabes\"\n                    alt=\"Im Inneren eines Grabes\"\n                    src=\"http:\/\/foto-passion.com\/wp-content\/gallery\/fotostrecke_jordanien_2019\/cache\/276_AP5A1189.jpg-nggid0516278-ngg0dyn-150x100x100-00f0w010c011r110f110r010t010.jpg\"\n                    width=\"150\"\n                    height=\"100\"\n                    style=\"max-width:100%;\"\n                \/>\n            <\/a>\n        <\/div>\n\t\t\t\t\t\t\t<\/div> \n\t\t\t\n                            \n\t\t\t\t<div id=\"ngg-image-2\" class=\"ngg-gallery-thumbnail-box\" >\n\t\t\t\t        <div class=\"ngg-gallery-thumbnail\">\n            <a href=\"http:\/\/foto-passion.com\/wp-content\/gallery\/fotostrecke_jordanien_2019\/277_AP5A1119.jpg\"\n               title=\"&lt;strong&gt;Im Inneren eines Grabes&lt;\/strong&gt;&lt;br \/&gt;Jordanien 2019&lt;br \/&gt;&lt;span style=&quot;font-size:85%;color:#949494;&quot;&gt;[Bild-Id: 16273]&lt;\/span&gt;\"\n               data-src=\"http:\/\/foto-passion.com\/wp-content\/gallery\/fotostrecke_jordanien_2019\/277_AP5A1119.jpg\"\n               data-thumbnail=\"http:\/\/foto-passion.com\/wp-content\/gallery\/fotostrecke_jordanien_2019\/thumbs\/thumbs_277_AP5A1119.jpg\"\n               data-image-id=\"16273\"\n               data-title=\"Im Inneren eines Grabes\"\n               data-description=\"&lt;strong&gt;Im Inneren eines Grabes&lt;\/strong&gt;&lt;br \/&gt;Jordanien 2019&lt;br \/&gt;&lt;span style=&quot;font-size:85%;color:#949494;&quot;&gt;[Bild-Id: 16273]&lt;\/span&gt;\"\n               data-image-slug=\"277_ap5a1119\"\n               class=\"ngg-simplelightbox\" rel=\"6dca15cef439fb1cfe51a1c32e2279e2\">\n                <img loading=\"lazy\"\n                    title=\"Im Inneren eines Grabes\"\n                    alt=\"Im Inneren eines Grabes\"\n                    src=\"http:\/\/foto-passion.com\/wp-content\/gallery\/fotostrecke_jordanien_2019\/cache\/277_AP5A1119.jpg-nggid0516273-ngg0dyn-150x100x100-00f0w010c011r110f110r010t010.jpg\"\n                    width=\"150\"\n                    height=\"100\"\n                    style=\"max-width:100%;\"\n                \/>\n            <\/a>\n        <\/div>\n\t\t\t\t\t\t\t<\/div> \n\t\t\t\n                            \n\t\t\t\t<div id=\"ngg-image-3\" class=\"ngg-gallery-thumbnail-box\" >\n\t\t\t\t        <div class=\"ngg-gallery-thumbnail\">\n            <a href=\"http:\/\/foto-passion.com\/wp-content\/gallery\/fotostrecke_jordanien_2019\/278_IMG_3016.jpg\"\n               title=\"&lt;strong&gt;Im Inneren eines Grabes&lt;\/strong&gt;&lt;br \/&gt;Jordanien 2019&lt;br \/&gt;&lt;span style=&quot;font-size:85%;color:#949494;&quot;&gt;[Bild-Id: 16315]&lt;\/span&gt;\"\n               data-src=\"http:\/\/foto-passion.com\/wp-content\/gallery\/fotostrecke_jordanien_2019\/278_IMG_3016.jpg\"\n               data-thumbnail=\"http:\/\/foto-passion.com\/wp-content\/gallery\/fotostrecke_jordanien_2019\/thumbs\/thumbs_278_IMG_3016.jpg\"\n               data-image-id=\"16315\"\n               data-title=\"Im Inneren eines Grabes\"\n               data-description=\"&lt;strong&gt;Im Inneren eines Grabes&lt;\/strong&gt;&lt;br \/&gt;Jordanien 2019&lt;br \/&gt;&lt;span style=&quot;font-size:85%;color:#949494;&quot;&gt;[Bild-Id: 16315]&lt;\/span&gt;\"\n               data-image-slug=\"278_img_3016\"\n               class=\"ngg-simplelightbox\" rel=\"6dca15cef439fb1cfe51a1c32e2279e2\">\n                <img loading=\"lazy\"\n                    title=\"Im Inneren eines Grabes\"\n                    alt=\"Im Inneren eines Grabes\"\n                    src=\"http:\/\/foto-passion.com\/wp-content\/gallery\/fotostrecke_jordanien_2019\/cache\/278_IMG_3016.jpg-nggid0516315-ngg0dyn-150x100x100-00f0w010c011r110f110r010t010.jpg\"\n                    width=\"150\"\n                    height=\"100\"\n                    style=\"max-width:100%;\"\n                \/>\n            <\/a>\n        <\/div>\n\t\t\t\t\t\t\t<\/div> \n\t\t\t\n                                    <br style=\"clear: both\" \/>\n                    \n\t\t\n\t\t<div class=\"ngg-clear\"><\/div>\n\t<\/div>\n<\/p>\t\t\t\t\t<\/div>\n\t\t\t\t\t\t<\/div>\n\t\t\t\t<\/div>\n\t\t\t\t\t\t<\/div>\n\t\t\t\t\t<\/div>\n\t\t<\/div>\n\t\t\t\t\t\t\t\t<\/div>\n\t\t\t\t\t<\/div>\n\t\t<\/section>\n\t\t\t\t<section class=\"elementor-section elementor-top-section elementor-element elementor-element-efd34fd elementor-section-boxed elementor-section-height-default elementor-section-height-default\" data-id=\"efd34fd\" data-element_type=\"section\">\n\t\t\t\t\t\t<div class=\"elementor-container elementor-column-gap-default\">\n\t\t\t\t\t\t\t<div class=\"elementor-row\">\n\t\t\t\t\t<div class=\"elementor-column elementor-col-100 elementor-top-column elementor-element elementor-element-ef2045a\" data-id=\"ef2045a\" data-element_type=\"column\">\n\t\t\t<div class=\"elementor-column-wrap elementor-element-populated\">\n\t\t\t\t\t\t\t<div class=\"elementor-widget-wrap\">\n\t\t\t\t\t\t<div class=\"elementor-element elementor-element-0c69261 elementor-widget elementor-widget-text-editor\" data-id=\"0c69261\" data-element_type=\"widget\" data-widget_type=\"text-editor.default\">\n\t\t\t\t<div class=\"elementor-widget-container\">\n\t\t\t\t\t\t\t\t<div class=\"elementor-text-editor elementor-clearfix\">\n\t\t\t\t\t<p style=\"text-align: justify;\">Nach dieser gro\u00dfen Runde schlendern wir noch einmal an den K\u00f6nigsgr\u00e4bern vorbei, nehmen den H\u00f6henweg, um einen Blick von oben auf das Amphitheater zu werfen und fotografieren auch das Schatzhaus \u201eal-Khazneh\u201c noch von oben. Der sch\u00f6nste Platz, um diese Fassade von oben zu fotografieren ist jedoch von einem Beduinen belegt, der daf\u00fcr 1 JD kassiert. Da ist er aber bei Uwe an der falschen Adresse, von wegen \u201edas ist mein Platz\u201c! Wir haben schlie\u00dflich Eintritt bezahlt. Schlimm ist nur, dass die meisten Touristen anstandslos zahlen.<\/p><p style=\"text-align: justify;\">Heute verlassen wir das historische Petra etwas fr\u00fcher, denn wir wollen am Abend noch \u201ePetra at night\u201c erleben und irgendwann m\u00fcssen wir auch mal etwas essen. Das tun wir wieder im \u201eAl Wadi\u201c. Dort geht es schnell und schmeckt sehr gut. Vorher machen wir noch Halt im Back- und S\u00fc\u00dfwarenladen und stellen fest, wir sind im Paradies! Hier gibt es in X verschiedenen Sorten das Baklava, was wir gestern im Restaurant gekostet haben. Der Verk\u00e4ufer l\u00e4sst uns noch ein paar St\u00fccke probieren und wir schlagen zu. Zwar ist das alles sehr s\u00fc\u00df, aber k\u00f6stlich. Dem Kassierer ist es zu m\u00fchsam, die vielen kleinen Teilchen einzeln zusammenzuz\u00e4hlen. Er sch\u00e4tzt den Preis und wir bekommen noch einmal zwei s\u00fc\u00dfe Stangen in die Hand gedr\u00fcckt. Oho, hier waren wir noch nicht das letzte Mal einkaufen!<\/p><p style=\"text-align: justify;\">Die Eintrittskarten f\u00fcr \u201ePetra at night\u201c haben wir schon am Morgen gekauft. 17 JD pro Person (ca. 20\u00a0\u20ac) sind jetzt nicht unbedingt ein Schn\u00e4ppchen, aber was soll\u00b4s. Um 19:45 Uhr finden wir uns am Eingang ein und sind die ersten in der Schlange. P\u00fcnktlich um 20 Uhr setzt sich die Menschenmenge mit einem Beduinen an der Spitze in Zweierreihe Richtung Siq in Bewegung. Der hagere Beduine hat nun alle H\u00e4nde voll zu tun, um den Leuten beizubringen, dass sie die Klappe halten, den Anblick genie\u00dfen, nicht so hetzen und in einer Reihe bleiben sollen. Schon auf dem Weg zum Siq sind aller zwei Meter Papiert\u00fcten mit Sand unten drin und einer brennenden Haushaltkerze aufgereiht. Einige der Felsvorspr\u00fcnge sind ebenfalls mit diesen Kerzen-T\u00fcten best\u00fcckt. Gerade beleuchtet der aufgehende Mond diese Szenerie noch und es ist wirklich ein h\u00fcbscher Anblick.<\/p>\t\t\t\t\t<\/div>\n\t\t\t\t\t\t<\/div>\n\t\t\t\t<\/div>\n\t\t\t\t\t\t<\/div>\n\t\t\t\t\t<\/div>\n\t\t<\/div>\n\t\t\t\t\t\t\t\t<\/div>\n\t\t\t\t\t<\/div>\n\t\t<\/section>\n\t\t\t\t<section class=\"elementor-section elementor-top-section elementor-element elementor-element-5affd0f elementor-section-boxed elementor-section-height-default elementor-section-height-default\" data-id=\"5affd0f\" data-element_type=\"section\">\n\t\t\t\t\t\t<div class=\"elementor-container elementor-column-gap-default\">\n\t\t\t\t\t\t\t<div class=\"elementor-row\">\n\t\t\t\t\t<div class=\"elementor-column elementor-col-100 elementor-top-column elementor-element elementor-element-f0c1eb0\" data-id=\"f0c1eb0\" data-element_type=\"column\">\n\t\t\t<div class=\"elementor-column-wrap elementor-element-populated\">\n\t\t\t\t\t\t\t<div class=\"elementor-widget-wrap\">\n\t\t\t\t\t\t<div class=\"elementor-element elementor-element-6426219 elementor-widget elementor-widget-text-editor\" data-id=\"6426219\" data-element_type=\"widget\" data-widget_type=\"text-editor.default\">\n\t\t\t\t<div class=\"elementor-widget-container\">\n\t\t\t\t\t\t\t\t<div class=\"elementor-text-editor elementor-clearfix\">\n\t\t\t\t\t<p style=\"text-align: left;\"><!-- index.php -->\n<div\n\tclass=\"ngg-galleryoverview ngg-ajax-pagination-none\"\n\tid=\"ngg-gallery-1121233b6477e826935be20647568d1d-1\">\n\n    \t\t<!-- Thumbnails -->\n\t\t\t\t<div id=\"ngg-image-0\" class=\"ngg-gallery-thumbnail-box\" >\n\t\t\t\t        <div class=\"ngg-gallery-thumbnail\">\n            <a href=\"http:\/\/foto-passion.com\/wp-content\/gallery\/fotostrecke_jordanien_2019\/279_AP5A2578-2.jpg\"\n               title=\"&lt;strong&gt;Petra bei Nacht&lt;\/strong&gt;&lt;br \/&gt;Jordanien 2019&lt;br \/&gt;&lt;span style=&quot;font-size:85%;color:#949494;&quot;&gt;[Bild-Id: 16362]&lt;\/span&gt;\"\n               data-src=\"http:\/\/foto-passion.com\/wp-content\/gallery\/fotostrecke_jordanien_2019\/279_AP5A2578-2.jpg\"\n               data-thumbnail=\"http:\/\/foto-passion.com\/wp-content\/gallery\/fotostrecke_jordanien_2019\/thumbs\/thumbs_279_AP5A2578-2.jpg\"\n               data-image-id=\"16362\"\n               data-title=\"Petra bei Nacht\"\n               data-description=\"&lt;strong&gt;Petra bei Nacht&lt;\/strong&gt;&lt;br \/&gt;Jordanien 2019&lt;br \/&gt;&lt;span style=&quot;font-size:85%;color:#949494;&quot;&gt;[Bild-Id: 16362]&lt;\/span&gt;\"\n               data-image-slug=\"279_ap5a2578-2\"\n               class=\"ngg-simplelightbox\" rel=\"1121233b6477e826935be20647568d1d\">\n                <img loading=\"lazy\"\n                    title=\"Petra bei Nacht\"\n                    alt=\"Petra bei Nacht\"\n                    src=\"http:\/\/foto-passion.com\/wp-content\/gallery\/fotostrecke_jordanien_2019\/cache\/279_AP5A2578-2.jpg-nggid0516362-ngg0dyn-150x100x100-00f0w010c011r110f110r010t010.jpg\"\n                    width=\"150\"\n                    height=\"100\"\n                    style=\"max-width:100%;\"\n                \/>\n            <\/a>\n        <\/div>\n\t\t\t\t\t\t\t<\/div> \n\t\t\t\n                            \n\t\t\t\t<div id=\"ngg-image-1\" class=\"ngg-gallery-thumbnail-box\" >\n\t\t\t\t        <div class=\"ngg-gallery-thumbnail\">\n            <a href=\"http:\/\/foto-passion.com\/wp-content\/gallery\/fotostrecke_jordanien_2019\/280_AP5A2616.jpg\"\n               title=\"&lt;strong&gt;Petra bei Nacht&lt;\/strong&gt;&lt;br \/&gt;Jordanien 2019&lt;br \/&gt;&lt;span style=&quot;font-size:85%;color:#949494;&quot;&gt;[Bild-Id: 16365]&lt;\/span&gt;\"\n               data-src=\"http:\/\/foto-passion.com\/wp-content\/gallery\/fotostrecke_jordanien_2019\/280_AP5A2616.jpg\"\n               data-thumbnail=\"http:\/\/foto-passion.com\/wp-content\/gallery\/fotostrecke_jordanien_2019\/thumbs\/thumbs_280_AP5A2616.jpg\"\n               data-image-id=\"16365\"\n               data-title=\"Petra bei Nacht\"\n               data-description=\"&lt;strong&gt;Petra bei Nacht&lt;\/strong&gt;&lt;br \/&gt;Jordanien 2019&lt;br \/&gt;&lt;span style=&quot;font-size:85%;color:#949494;&quot;&gt;[Bild-Id: 16365]&lt;\/span&gt;\"\n               data-image-slug=\"280_ap5a2616\"\n               class=\"ngg-simplelightbox\" rel=\"1121233b6477e826935be20647568d1d\">\n                <img loading=\"lazy\"\n                    title=\"Petra bei Nacht\"\n                    alt=\"Petra bei Nacht\"\n                    src=\"http:\/\/foto-passion.com\/wp-content\/gallery\/fotostrecke_jordanien_2019\/cache\/280_AP5A2616.jpg-nggid0516365-ngg0dyn-150x100x100-00f0w010c011r110f110r010t010.jpg\"\n                    width=\"150\"\n                    height=\"100\"\n                    style=\"max-width:100%;\"\n                \/>\n            <\/a>\n        <\/div>\n\t\t\t\t\t\t\t<\/div> \n\t\t\t\n                            \n\t\t\t\t<div id=\"ngg-image-2\" class=\"ngg-gallery-thumbnail-box\" >\n\t\t\t\t        <div class=\"ngg-gallery-thumbnail\">\n            <a href=\"http:\/\/foto-passion.com\/wp-content\/gallery\/fotostrecke_jordanien_2019\/281_IMG_3477.jpg\"\n               title=\"&lt;strong&gt;Petra bei Nacht&lt;\/strong&gt;&lt;br \/&gt;Jordanien 2019&lt;br \/&gt;&lt;span style=&quot;font-size:85%;color:#949494;&quot;&gt;[Bild-Id: 16361]&lt;\/span&gt;\"\n               data-src=\"http:\/\/foto-passion.com\/wp-content\/gallery\/fotostrecke_jordanien_2019\/281_IMG_3477.jpg\"\n               data-thumbnail=\"http:\/\/foto-passion.com\/wp-content\/gallery\/fotostrecke_jordanien_2019\/thumbs\/thumbs_281_IMG_3477.jpg\"\n               data-image-id=\"16361\"\n               data-title=\"Petra bei Nacht\"\n               data-description=\"&lt;strong&gt;Petra bei Nacht&lt;\/strong&gt;&lt;br \/&gt;Jordanien 2019&lt;br \/&gt;&lt;span style=&quot;font-size:85%;color:#949494;&quot;&gt;[Bild-Id: 16361]&lt;\/span&gt;\"\n               data-image-slug=\"281_img_3477\"\n               class=\"ngg-simplelightbox\" rel=\"1121233b6477e826935be20647568d1d\">\n                <img loading=\"lazy\"\n                    title=\"Petra bei Nacht\"\n                    alt=\"Petra bei Nacht\"\n                    src=\"http:\/\/foto-passion.com\/wp-content\/gallery\/fotostrecke_jordanien_2019\/cache\/281_IMG_3477.jpg-nggid0516361-ngg0dyn-150x100x100-00f0w010c011r110f110r010t010.jpg\"\n                    width=\"150\"\n                    height=\"100\"\n                    style=\"max-width:100%;\"\n                \/>\n            <\/a>\n        <\/div>\n\t\t\t\t\t\t\t<\/div> \n\t\t\t\n                            \n\t\t\t\t<div id=\"ngg-image-3\" class=\"ngg-gallery-thumbnail-box\" >\n\t\t\t\t        <div class=\"ngg-gallery-thumbnail\">\n            <a href=\"http:\/\/foto-passion.com\/wp-content\/gallery\/fotostrecke_jordanien_2019\/282_AP5A3068.jpg\"\n               title=\"&lt;strong&gt;Petra bei Nacht&lt;\/strong&gt;&lt;br \/&gt;Jordanien 2019&lt;br \/&gt;&lt;span&gt;[Bild-Id: 16404]&lt;\/span&gt;\"\n               data-src=\"http:\/\/foto-passion.com\/wp-content\/gallery\/fotostrecke_jordanien_2019\/282_AP5A3068.jpg\"\n               data-thumbnail=\"http:\/\/foto-passion.com\/wp-content\/gallery\/fotostrecke_jordanien_2019\/thumbs\/thumbs_282_AP5A3068.jpg\"\n               data-image-id=\"16404\"\n               data-title=\"Petra bei Nacht\"\n               data-description=\"&lt;strong&gt;Petra bei Nacht&lt;\/strong&gt;&lt;br \/&gt;Jordanien 2019&lt;br \/&gt;&lt;span&gt;[Bild-Id: 16404]&lt;\/span&gt;\"\n               data-image-slug=\"petra-bei-nacht-1\"\n               class=\"ngg-simplelightbox\" rel=\"1121233b6477e826935be20647568d1d\">\n                <img loading=\"lazy\"\n                    title=\"Petra bei Nacht\"\n                    alt=\"Petra bei Nacht\"\n                    src=\"http:\/\/foto-passion.com\/wp-content\/gallery\/fotostrecke_jordanien_2019\/cache\/282_AP5A3068.jpg-nggid0516404-ngg0dyn-150x100x100-00f0w010c011r110f110r010t010.jpg\"\n                    width=\"150\"\n                    height=\"100\"\n                    style=\"max-width:100%;\"\n                \/>\n            <\/a>\n        <\/div>\n\t\t\t\t\t\t\t<\/div> \n\t\t\t\n                                    <br style=\"clear: both\" \/>\n                    \n\t\t\t\t<div id=\"ngg-image-4\" class=\"ngg-gallery-thumbnail-box\" >\n\t\t\t\t        <div class=\"ngg-gallery-thumbnail\">\n            <a href=\"http:\/\/foto-passion.com\/wp-content\/gallery\/fotostrecke_jordanien_2019\/283_AP5A3081.jpg\"\n               title=\"&lt;strong&gt;Petra bei Nacht&lt;\/strong&gt;&lt;br \/&gt;Jordanien 2019&lt;br \/&gt;&lt;span&gt;[Bild-Id: 16405]&lt;\/span&gt;\"\n               data-src=\"http:\/\/foto-passion.com\/wp-content\/gallery\/fotostrecke_jordanien_2019\/283_AP5A3081.jpg\"\n               data-thumbnail=\"http:\/\/foto-passion.com\/wp-content\/gallery\/fotostrecke_jordanien_2019\/thumbs\/thumbs_283_AP5A3081.jpg\"\n               data-image-id=\"16405\"\n               data-title=\"Petra bei Nacht\"\n               data-description=\"&lt;strong&gt;Petra bei Nacht&lt;\/strong&gt;&lt;br \/&gt;Jordanien 2019&lt;br \/&gt;&lt;span&gt;[Bild-Id: 16405]&lt;\/span&gt;\"\n               data-image-slug=\"petra-bei-nacht-2\"\n               class=\"ngg-simplelightbox\" rel=\"1121233b6477e826935be20647568d1d\">\n                <img loading=\"lazy\"\n                    title=\"Petra bei Nacht\"\n                    alt=\"Petra bei Nacht\"\n                    src=\"http:\/\/foto-passion.com\/wp-content\/gallery\/fotostrecke_jordanien_2019\/cache\/283_AP5A3081.jpg-nggid0516405-ngg0dyn-150x100x100-00f0w010c011r110f110r010t010.jpg\"\n                    width=\"150\"\n                    height=\"100\"\n                    style=\"max-width:100%;\"\n                \/>\n            <\/a>\n        <\/div>\n\t\t\t\t\t\t\t<\/div> \n\t\t\t\n                            \n\t\t\t\t<div id=\"ngg-image-5\" class=\"ngg-gallery-thumbnail-box\" >\n\t\t\t\t        <div class=\"ngg-gallery-thumbnail\">\n            <a href=\"http:\/\/foto-passion.com\/wp-content\/gallery\/fotostrecke_jordanien_2019\/284_AP5A2589.jpg\"\n               title=\"&lt;strong&gt;Petra bei Nacht&lt;\/strong&gt;&lt;br \/&gt;Jordanien 2019&lt;br \/&gt;&lt;span style=&quot;font-size:85%;color:#949494;&quot;&gt;[Bild-Id: 16363]&lt;\/span&gt;\"\n               data-src=\"http:\/\/foto-passion.com\/wp-content\/gallery\/fotostrecke_jordanien_2019\/284_AP5A2589.jpg\"\n               data-thumbnail=\"http:\/\/foto-passion.com\/wp-content\/gallery\/fotostrecke_jordanien_2019\/thumbs\/thumbs_284_AP5A2589.jpg\"\n               data-image-id=\"16363\"\n               data-title=\"Petra bei Nacht\"\n               data-description=\"&lt;strong&gt;Petra bei Nacht&lt;\/strong&gt;&lt;br \/&gt;Jordanien 2019&lt;br \/&gt;&lt;span style=&quot;font-size:85%;color:#949494;&quot;&gt;[Bild-Id: 16363]&lt;\/span&gt;\"\n               data-image-slug=\"284_ap5a2589\"\n               class=\"ngg-simplelightbox\" rel=\"1121233b6477e826935be20647568d1d\">\n                <img loading=\"lazy\"\n                    title=\"Petra bei Nacht\"\n                    alt=\"Petra bei Nacht\"\n                    src=\"http:\/\/foto-passion.com\/wp-content\/gallery\/fotostrecke_jordanien_2019\/cache\/284_AP5A2589.jpg-nggid0516363-ngg0dyn-150x100x100-00f0w010c011r110f110r010t010.jpg\"\n                    width=\"150\"\n                    height=\"100\"\n                    style=\"max-width:100%;\"\n                \/>\n            <\/a>\n        <\/div>\n\t\t\t\t\t\t\t<\/div> \n\t\t\t\n                            \n\t\t\t\t<div id=\"ngg-image-6\" class=\"ngg-gallery-thumbnail-box\" >\n\t\t\t\t        <div class=\"ngg-gallery-thumbnail\">\n            <a href=\"http:\/\/foto-passion.com\/wp-content\/gallery\/fotostrecke_jordanien_2019\/285_AP5A2596.jpg\"\n               title=\"&lt;strong&gt;Petra bei Nacht&lt;\/strong&gt;&lt;br \/&gt;Jordanien 2019&lt;br \/&gt;&lt;span style=&quot;font-size:85%;color:#949494;&quot;&gt;[Bild-Id: 16364]&lt;\/span&gt;\"\n               data-src=\"http:\/\/foto-passion.com\/wp-content\/gallery\/fotostrecke_jordanien_2019\/285_AP5A2596.jpg\"\n               data-thumbnail=\"http:\/\/foto-passion.com\/wp-content\/gallery\/fotostrecke_jordanien_2019\/thumbs\/thumbs_285_AP5A2596.jpg\"\n               data-image-id=\"16364\"\n               data-title=\"Petra bei Nacht\"\n               data-description=\"&lt;strong&gt;Petra bei Nacht&lt;\/strong&gt;&lt;br \/&gt;Jordanien 2019&lt;br \/&gt;&lt;span style=&quot;font-size:85%;color:#949494;&quot;&gt;[Bild-Id: 16364]&lt;\/span&gt;\"\n               data-image-slug=\"285_ap5a2596\"\n               class=\"ngg-simplelightbox\" rel=\"1121233b6477e826935be20647568d1d\">\n                <img loading=\"lazy\"\n                    title=\"Petra bei Nacht\"\n                    alt=\"Petra bei Nacht\"\n                    src=\"http:\/\/foto-passion.com\/wp-content\/gallery\/fotostrecke_jordanien_2019\/cache\/285_AP5A2596.jpg-nggid0516364-ngg0dyn-150x100x100-00f0w010c011r110f110r010t010.jpg\"\n                    width=\"150\"\n                    height=\"100\"\n                    style=\"max-width:100%;\"\n                \/>\n            <\/a>\n        <\/div>\n\t\t\t\t\t\t\t<\/div> \n\t\t\t\n                            \n\t\t\t\t<div id=\"ngg-image-7\" class=\"ngg-gallery-thumbnail-box\" >\n\t\t\t\t        <div class=\"ngg-gallery-thumbnail\">\n            <a href=\"http:\/\/foto-passion.com\/wp-content\/gallery\/fotostrecke_jordanien_2019\/286_AP5A3050.jpg\"\n               title=\"&lt;strong&gt;Petra bei Nacht&lt;\/strong&gt;&lt;br \/&gt;Jordanien 2019&lt;br \/&gt;&lt;span&gt;[Bild-Id: 16403]&lt;\/span&gt;\"\n               data-src=\"http:\/\/foto-passion.com\/wp-content\/gallery\/fotostrecke_jordanien_2019\/286_AP5A3050.jpg\"\n               data-thumbnail=\"http:\/\/foto-passion.com\/wp-content\/gallery\/fotostrecke_jordanien_2019\/thumbs\/thumbs_286_AP5A3050.jpg\"\n               data-image-id=\"16403\"\n               data-title=\"Petra bei Nacht\"\n               data-description=\"&lt;strong&gt;Petra bei Nacht&lt;\/strong&gt;&lt;br \/&gt;Jordanien 2019&lt;br \/&gt;&lt;span&gt;[Bild-Id: 16403]&lt;\/span&gt;\"\n               data-image-slug=\"petra-bei-nacht\"\n               class=\"ngg-simplelightbox\" rel=\"1121233b6477e826935be20647568d1d\">\n                <img loading=\"lazy\"\n                    title=\"Petra bei Nacht\"\n                    alt=\"Petra bei Nacht\"\n                    src=\"http:\/\/foto-passion.com\/wp-content\/gallery\/fotostrecke_jordanien_2019\/cache\/286_AP5A3050.jpg-nggid0516403-ngg0dyn-150x100x100-00f0w010c011r110f110r010t010.jpg\"\n                    width=\"150\"\n                    height=\"100\"\n                    style=\"max-width:100%;\"\n                \/>\n            <\/a>\n        <\/div>\n\t\t\t\t\t\t\t<\/div> \n\t\t\t\n                                    <br style=\"clear: both\" \/>\n                    \n\t\t\n\t\t<div class=\"ngg-clear\"><\/div>\n\t<\/div>\n<\/p>\t\t\t\t\t<\/div>\n\t\t\t\t\t\t<\/div>\n\t\t\t\t<\/div>\n\t\t\t\t\t\t<\/div>\n\t\t\t\t\t<\/div>\n\t\t<\/div>\n\t\t\t\t\t\t\t\t<\/div>\n\t\t\t\t\t<\/div>\n\t\t<\/section>\n\t\t\t\t<section class=\"elementor-section elementor-top-section elementor-element elementor-element-9011b72 elementor-section-boxed elementor-section-height-default elementor-section-height-default\" data-id=\"9011b72\" data-element_type=\"section\">\n\t\t\t\t\t\t<div class=\"elementor-container elementor-column-gap-default\">\n\t\t\t\t\t\t\t<div class=\"elementor-row\">\n\t\t\t\t\t<div class=\"elementor-column elementor-col-100 elementor-top-column elementor-element elementor-element-edf0d6f\" data-id=\"edf0d6f\" data-element_type=\"column\">\n\t\t\t<div class=\"elementor-column-wrap elementor-element-populated\">\n\t\t\t\t\t\t\t<div class=\"elementor-widget-wrap\">\n\t\t\t\t\t\t<div class=\"elementor-element elementor-element-0b5ec4e elementor-widget elementor-widget-text-editor\" data-id=\"0b5ec4e\" data-element_type=\"widget\" data-widget_type=\"text-editor.default\">\n\t\t\t\t<div class=\"elementor-widget-container\">\n\t\t\t\t\t\t\t\t<div class=\"elementor-text-editor elementor-clearfix\">\n\t\t\t\t\t<p style=\"text-align: justify;\">Schweigend und genie\u00dfend folgen wir dieser romantischen Wegbeleuchtung bis in den Siq. Hier, wo die Felsw\u00e4nde teilweise aneinander sto\u00dfen, ist es bei dieser idyllischen Kerzenbeleuchtung noch sch\u00f6ner anzusehen. Bis zum Schatzhaus ist der Siq rechts und links mit Kerzen best\u00fcckt und sieht wundersch\u00f6n aus. Vor dem \u201eal-Khazneh\u201c breitet sich ein Lichtermeer von Kerzen-T\u00fcten aus. Der ganze Platz ist mit diesen T\u00fcten best\u00fcckt und zwischendrin liegen Bastmatten, auf die man sich setzen kann.<\/p>\t\t\t\t\t<\/div>\n\t\t\t\t\t\t<\/div>\n\t\t\t\t<\/div>\n\t\t\t\t\t\t<\/div>\n\t\t\t\t\t<\/div>\n\t\t<\/div>\n\t\t\t\t\t\t\t\t<\/div>\n\t\t\t\t\t<\/div>\n\t\t<\/section>\n\t\t\t\t<section class=\"elementor-section elementor-top-section elementor-element elementor-element-27ae903 elementor-section-boxed elementor-section-height-default elementor-section-height-default\" data-id=\"27ae903\" data-element_type=\"section\">\n\t\t\t\t\t\t<div class=\"elementor-container elementor-column-gap-default\">\n\t\t\t\t\t\t\t<div class=\"elementor-row\">\n\t\t\t\t\t<div class=\"elementor-column elementor-col-100 elementor-top-column elementor-element elementor-element-f535bf9\" data-id=\"f535bf9\" data-element_type=\"column\">\n\t\t\t<div class=\"elementor-column-wrap elementor-element-populated\">\n\t\t\t\t\t\t\t<div class=\"elementor-widget-wrap\">\n\t\t\t\t\t\t<div class=\"elementor-element elementor-element-079f8fa elementor-widget elementor-widget-text-editor\" data-id=\"079f8fa\" data-element_type=\"widget\" data-widget_type=\"text-editor.default\">\n\t\t\t\t<div class=\"elementor-widget-container\">\n\t\t\t\t\t\t\t\t<div class=\"elementor-text-editor elementor-clearfix\">\n\t\t\t\t\t<p style=\"text-align: left;\"><!-- index.php -->\n<div\n\tclass=\"ngg-galleryoverview ngg-ajax-pagination-none\"\n\tid=\"ngg-gallery-eb223289006776350ba9aa1e3ae6207e-1\">\n\n    \t\t<!-- Thumbnails -->\n\t\t\t\t<div id=\"ngg-image-0\" class=\"ngg-gallery-thumbnail-box\" >\n\t\t\t\t        <div class=\"ngg-gallery-thumbnail\">\n            <a href=\"http:\/\/foto-passion.com\/wp-content\/gallery\/fotostrecke_jordanien_2019\/287_AP5A2356.jpg\"\n               title=\"&lt;strong&gt;Das Schatzhaus im Kerzenlicht&lt;\/strong&gt;&lt;br \/&gt;Jordanien 2019&lt;br \/&gt;&lt;span style=&quot;font-size:85%;color:#949494;&quot;&gt;[Bild-Id: 16353]&lt;\/span&gt;\"\n               data-src=\"http:\/\/foto-passion.com\/wp-content\/gallery\/fotostrecke_jordanien_2019\/287_AP5A2356.jpg\"\n               data-thumbnail=\"http:\/\/foto-passion.com\/wp-content\/gallery\/fotostrecke_jordanien_2019\/thumbs\/thumbs_287_AP5A2356.jpg\"\n               data-image-id=\"16353\"\n               data-title=\"Das Schatzhaus im Kerzenlicht\"\n               data-description=\"&lt;strong&gt;Das Schatzhaus im Kerzenlicht&lt;\/strong&gt;&lt;br \/&gt;Jordanien 2019&lt;br \/&gt;&lt;span style=&quot;font-size:85%;color:#949494;&quot;&gt;[Bild-Id: 16353]&lt;\/span&gt;\"\n               data-image-slug=\"287_ap5a2356\"\n               class=\"ngg-simplelightbox\" rel=\"eb223289006776350ba9aa1e3ae6207e\">\n                <img loading=\"lazy\"\n                    title=\"Das Schatzhaus im Kerzenlicht\"\n                    alt=\"Das Schatzhaus im Kerzenlicht\"\n                    src=\"http:\/\/foto-passion.com\/wp-content\/gallery\/fotostrecke_jordanien_2019\/cache\/287_AP5A2356.jpg-nggid0516353-ngg0dyn-150x100x100-00f0w010c011r110f110r010t010.jpg\"\n                    width=\"150\"\n                    height=\"100\"\n                    style=\"max-width:100%;\"\n                \/>\n            <\/a>\n        <\/div>\n\t\t\t\t\t\t\t<\/div> \n\t\t\t\n                            \n\t\t\t\t<div id=\"ngg-image-1\" class=\"ngg-gallery-thumbnail-box\" >\n\t\t\t\t        <div class=\"ngg-gallery-thumbnail\">\n            <a href=\"http:\/\/foto-passion.com\/wp-content\/gallery\/fotostrecke_jordanien_2019\/288_AP5A2387.jpg\"\n               title=\"&lt;strong&gt;Das Schatzhaus im Kerzenlicht&lt;\/strong&gt;&lt;br \/&gt;Jordanien 2019&lt;br \/&gt;&lt;span style=&quot;font-size:85%;color:#949494;&quot;&gt;[Bild-Id: 16354]&lt;\/span&gt;\"\n               data-src=\"http:\/\/foto-passion.com\/wp-content\/gallery\/fotostrecke_jordanien_2019\/288_AP5A2387.jpg\"\n               data-thumbnail=\"http:\/\/foto-passion.com\/wp-content\/gallery\/fotostrecke_jordanien_2019\/thumbs\/thumbs_288_AP5A2387.jpg\"\n               data-image-id=\"16354\"\n               data-title=\"Das Schatzhaus im Kerzenlicht\"\n               data-description=\"&lt;strong&gt;Das Schatzhaus im Kerzenlicht&lt;\/strong&gt;&lt;br \/&gt;Jordanien 2019&lt;br \/&gt;&lt;span style=&quot;font-size:85%;color:#949494;&quot;&gt;[Bild-Id: 16354]&lt;\/span&gt;\"\n               data-image-slug=\"288_ap5a2387\"\n               class=\"ngg-simplelightbox\" rel=\"eb223289006776350ba9aa1e3ae6207e\">\n                <img loading=\"lazy\"\n                    title=\"Das Schatzhaus im Kerzenlicht\"\n                    alt=\"Das Schatzhaus im Kerzenlicht\"\n                    src=\"http:\/\/foto-passion.com\/wp-content\/gallery\/fotostrecke_jordanien_2019\/cache\/288_AP5A2387.jpg-nggid0516354-ngg0dyn-150x100x100-00f0w010c011r110f110r010t010.jpg\"\n                    width=\"150\"\n                    height=\"100\"\n                    style=\"max-width:100%;\"\n                \/>\n            <\/a>\n        <\/div>\n\t\t\t\t\t\t\t<\/div> \n\t\t\t\n                            \n\t\t\n\t\t<div class=\"ngg-clear\"><\/div>\n\t<\/div>\n<\/p>\t\t\t\t\t<\/div>\n\t\t\t\t\t\t<\/div>\n\t\t\t\t<\/div>\n\t\t\t\t\t\t<\/div>\n\t\t\t\t\t<\/div>\n\t\t<\/div>\n\t\t\t\t\t\t\t\t<\/div>\n\t\t\t\t\t<\/div>\n\t\t<\/section>\n\t\t\t\t<section class=\"elementor-section elementor-top-section elementor-element elementor-element-bc8557d elementor-section-boxed elementor-section-height-default elementor-section-height-default\" data-id=\"bc8557d\" data-element_type=\"section\">\n\t\t\t\t\t\t<div class=\"elementor-container elementor-column-gap-default\">\n\t\t\t\t\t\t\t<div class=\"elementor-row\">\n\t\t\t\t\t<div class=\"elementor-column elementor-col-100 elementor-top-column elementor-element elementor-element-16e21c0\" data-id=\"16e21c0\" data-element_type=\"column\">\n\t\t\t<div class=\"elementor-column-wrap elementor-element-populated\">\n\t\t\t\t\t\t\t<div class=\"elementor-widget-wrap\">\n\t\t\t\t\t\t<div class=\"elementor-element elementor-element-44b4d3d elementor-widget elementor-widget-text-editor\" data-id=\"44b4d3d\" data-element_type=\"widget\" data-widget_type=\"text-editor.default\">\n\t\t\t\t<div class=\"elementor-widget-container\">\n\t\t\t\t\t\t\t\t<div class=\"elementor-text-editor elementor-clearfix\">\n\t\t\t\t\t<p style=\"text-align: justify;\">Sp\u00e4ter wird das Schatzhaus mit wechselndem farbigen Licht angestrahlt. Nun ja, das ist gew\u00f6hnungsbed\u00fcrftig, die Farbwahl tut manchmal dem Auge weh aber ist halt Ansichtssache. Im Verlauf des Abends spielt ein Beduine auf verschiedenen Instrumenten. Das ist sehr sch\u00f6n. Schade, dass manchen Menschen der Respekt fehlt, einfach mal die Klappe zu halten und dem Vortragenden zuzuh\u00f6ren.<\/p>\t\t\t\t\t<\/div>\n\t\t\t\t\t\t<\/div>\n\t\t\t\t<\/div>\n\t\t\t\t\t\t<\/div>\n\t\t\t\t\t<\/div>\n\t\t<\/div>\n\t\t\t\t\t\t\t\t<\/div>\n\t\t\t\t\t<\/div>\n\t\t<\/section>\n\t\t\t\t<section class=\"elementor-section elementor-top-section elementor-element elementor-element-3fca06b elementor-section-boxed elementor-section-height-default elementor-section-height-default\" data-id=\"3fca06b\" data-element_type=\"section\">\n\t\t\t\t\t\t<div class=\"elementor-container elementor-column-gap-default\">\n\t\t\t\t\t\t\t<div class=\"elementor-row\">\n\t\t\t\t\t<div class=\"elementor-column elementor-col-100 elementor-top-column elementor-element elementor-element-a333b64\" data-id=\"a333b64\" data-element_type=\"column\">\n\t\t\t<div class=\"elementor-column-wrap elementor-element-populated\">\n\t\t\t\t\t\t\t<div class=\"elementor-widget-wrap\">\n\t\t\t\t\t\t<div class=\"elementor-element elementor-element-5476559 elementor-widget elementor-widget-text-editor\" data-id=\"5476559\" data-element_type=\"widget\" data-widget_type=\"text-editor.default\">\n\t\t\t\t<div class=\"elementor-widget-container\">\n\t\t\t\t\t\t\t\t<div class=\"elementor-text-editor elementor-clearfix\">\n\t\t\t\t\t<p style=\"text-align: left;\"><!-- index.php -->\n<div\n\tclass=\"ngg-galleryoverview ngg-ajax-pagination-none\"\n\tid=\"ngg-gallery-c91cb08155a83214eb73897bc29ef204-1\">\n\n    \t\t<!-- Thumbnails -->\n\t\t\t\t<div id=\"ngg-image-0\" class=\"ngg-gallery-thumbnail-box\" >\n\t\t\t\t        <div class=\"ngg-gallery-thumbnail\">\n            <a href=\"http:\/\/foto-passion.com\/wp-content\/gallery\/fotostrecke_jordanien_2019\/289_AP5A2414.jpg\"\n               title=\"&lt;strong&gt;Lichtershow am Schatzhaus von Petra&lt;\/strong&gt;&lt;br \/&gt;Jordanien 2019&lt;br \/&gt;&lt;span style=&quot;font-size:85%;color:#949494;&quot;&gt;[Bild-Id: 16356]&lt;\/span&gt;\"\n               data-src=\"http:\/\/foto-passion.com\/wp-content\/gallery\/fotostrecke_jordanien_2019\/289_AP5A2414.jpg\"\n               data-thumbnail=\"http:\/\/foto-passion.com\/wp-content\/gallery\/fotostrecke_jordanien_2019\/thumbs\/thumbs_289_AP5A2414.jpg\"\n               data-image-id=\"16356\"\n               data-title=\"Lichtershow am Schatzhaus von Petra\"\n               data-description=\"&lt;strong&gt;Lichtershow am Schatzhaus von Petra&lt;\/strong&gt;&lt;br \/&gt;Jordanien 2019&lt;br \/&gt;&lt;span style=&quot;font-size:85%;color:#949494;&quot;&gt;[Bild-Id: 16356]&lt;\/span&gt;\"\n               data-image-slug=\"289_ap5a2414\"\n               class=\"ngg-simplelightbox\" rel=\"c91cb08155a83214eb73897bc29ef204\">\n                <img loading=\"lazy\"\n                    title=\"Lichtershow am Schatzhaus von Petra\"\n                    alt=\"Lichtershow am Schatzhaus von Petra\"\n                    src=\"http:\/\/foto-passion.com\/wp-content\/gallery\/fotostrecke_jordanien_2019\/cache\/289_AP5A2414.jpg-nggid0516356-ngg0dyn-150x100x100-00f0w010c011r110f110r010t010.jpg\"\n                    width=\"150\"\n                    height=\"100\"\n                    style=\"max-width:100%;\"\n                \/>\n            <\/a>\n        <\/div>\n\t\t\t\t\t\t\t<\/div> \n\t\t\t\n                            \n\t\t\t\t<div id=\"ngg-image-1\" class=\"ngg-gallery-thumbnail-box\" >\n\t\t\t\t        <div class=\"ngg-gallery-thumbnail\">\n            <a href=\"http:\/\/foto-passion.com\/wp-content\/gallery\/fotostrecke_jordanien_2019\/290_AP5A2413.jpg\"\n               title=\"&lt;strong&gt;Lichtershow am Schatzhaus von Petra&lt;\/strong&gt;&lt;br \/&gt;Jordanien 2019&lt;br \/&gt;&lt;span style=&quot;font-size:85%;color:#949494;&quot;&gt;[Bild-Id: 16355]&lt;\/span&gt;\"\n               data-src=\"http:\/\/foto-passion.com\/wp-content\/gallery\/fotostrecke_jordanien_2019\/290_AP5A2413.jpg\"\n               data-thumbnail=\"http:\/\/foto-passion.com\/wp-content\/gallery\/fotostrecke_jordanien_2019\/thumbs\/thumbs_290_AP5A2413.jpg\"\n               data-image-id=\"16355\"\n               data-title=\"Lichtershow am Schatzhaus von Petra\"\n               data-description=\"&lt;strong&gt;Lichtershow am Schatzhaus von Petra&lt;\/strong&gt;&lt;br \/&gt;Jordanien 2019&lt;br \/&gt;&lt;span style=&quot;font-size:85%;color:#949494;&quot;&gt;[Bild-Id: 16355]&lt;\/span&gt;\"\n               data-image-slug=\"290_ap5a2413\"\n               class=\"ngg-simplelightbox\" rel=\"c91cb08155a83214eb73897bc29ef204\">\n                <img loading=\"lazy\"\n                    title=\"Lichtershow am Schatzhaus von Petra\"\n                    alt=\"Lichtershow am Schatzhaus von Petra\"\n                    src=\"http:\/\/foto-passion.com\/wp-content\/gallery\/fotostrecke_jordanien_2019\/cache\/290_AP5A2413.jpg-nggid0516355-ngg0dyn-150x100x100-00f0w010c011r110f110r010t010.jpg\"\n                    width=\"150\"\n                    height=\"100\"\n                    style=\"max-width:100%;\"\n                \/>\n            <\/a>\n        <\/div>\n\t\t\t\t\t\t\t<\/div> \n\t\t\t\n                            \n\t\t\t\t<div id=\"ngg-image-2\" class=\"ngg-gallery-thumbnail-box\" >\n\t\t\t\t        <div class=\"ngg-gallery-thumbnail\">\n            <a href=\"http:\/\/foto-passion.com\/wp-content\/gallery\/fotostrecke_jordanien_2019\/291_AP5A2415.jpg\"\n               title=\"&lt;strong&gt;Lichtershow am Schatzhaus von Petra&lt;\/strong&gt;&lt;br \/&gt;Jordanien 2019&lt;br \/&gt;&lt;span style=&quot;font-size:85%;color:#949494;&quot;&gt;[Bild-Id: 16357]&lt;\/span&gt;\"\n               data-src=\"http:\/\/foto-passion.com\/wp-content\/gallery\/fotostrecke_jordanien_2019\/291_AP5A2415.jpg\"\n               data-thumbnail=\"http:\/\/foto-passion.com\/wp-content\/gallery\/fotostrecke_jordanien_2019\/thumbs\/thumbs_291_AP5A2415.jpg\"\n               data-image-id=\"16357\"\n               data-title=\"Lichtershow am Schatzhaus von Petra\"\n               data-description=\"&lt;strong&gt;Lichtershow am Schatzhaus von Petra&lt;\/strong&gt;&lt;br \/&gt;Jordanien 2019&lt;br \/&gt;&lt;span style=&quot;font-size:85%;color:#949494;&quot;&gt;[Bild-Id: 16357]&lt;\/span&gt;\"\n               data-image-slug=\"291_ap5a2415\"\n               class=\"ngg-simplelightbox\" rel=\"c91cb08155a83214eb73897bc29ef204\">\n                <img loading=\"lazy\"\n                    title=\"Lichtershow am Schatzhaus von Petra\"\n                    alt=\"Lichtershow am Schatzhaus von Petra\"\n                    src=\"http:\/\/foto-passion.com\/wp-content\/gallery\/fotostrecke_jordanien_2019\/cache\/291_AP5A2415.jpg-nggid0516357-ngg0dyn-150x100x100-00f0w010c011r110f110r010t010.jpg\"\n                    width=\"150\"\n                    height=\"100\"\n                    style=\"max-width:100%;\"\n                \/>\n            <\/a>\n        <\/div>\n\t\t\t\t\t\t\t<\/div> \n\t\t\t\n                            \n\t\t\t\t<div id=\"ngg-image-3\" class=\"ngg-gallery-thumbnail-box\" >\n\t\t\t\t        <div class=\"ngg-gallery-thumbnail\">\n            <a href=\"http:\/\/foto-passion.com\/wp-content\/gallery\/fotostrecke_jordanien_2019\/292_AP5A2425.jpg\"\n               title=\"&lt;strong&gt;Lichtershow am Schatzhaus von Petra&lt;\/strong&gt;&lt;br \/&gt;Jordanien 2019&lt;br \/&gt;&lt;span style=&quot;font-size:85%;color:#949494;&quot;&gt;[Bild-Id: 16358]&lt;\/span&gt;\"\n               data-src=\"http:\/\/foto-passion.com\/wp-content\/gallery\/fotostrecke_jordanien_2019\/292_AP5A2425.jpg\"\n               data-thumbnail=\"http:\/\/foto-passion.com\/wp-content\/gallery\/fotostrecke_jordanien_2019\/thumbs\/thumbs_292_AP5A2425.jpg\"\n               data-image-id=\"16358\"\n               data-title=\"Lichtershow am Schatzhaus von Petra\"\n               data-description=\"&lt;strong&gt;Lichtershow am Schatzhaus von Petra&lt;\/strong&gt;&lt;br \/&gt;Jordanien 2019&lt;br \/&gt;&lt;span style=&quot;font-size:85%;color:#949494;&quot;&gt;[Bild-Id: 16358]&lt;\/span&gt;\"\n               data-image-slug=\"292_ap5a2425\"\n               class=\"ngg-simplelightbox\" rel=\"c91cb08155a83214eb73897bc29ef204\">\n                <img loading=\"lazy\"\n                    title=\"Lichtershow am Schatzhaus von Petra\"\n                    alt=\"Lichtershow am Schatzhaus von Petra\"\n                    src=\"http:\/\/foto-passion.com\/wp-content\/gallery\/fotostrecke_jordanien_2019\/cache\/292_AP5A2425.jpg-nggid0516358-ngg0dyn-150x100x100-00f0w010c011r110f110r010t010.jpg\"\n                    width=\"150\"\n                    height=\"100\"\n                    style=\"max-width:100%;\"\n                \/>\n            <\/a>\n        <\/div>\n\t\t\t\t\t\t\t<\/div> \n\t\t\t\n                                    <br style=\"clear: both\" \/>\n                    \n\t\t\t\t<div id=\"ngg-image-4\" class=\"ngg-gallery-thumbnail-box\" >\n\t\t\t\t        <div class=\"ngg-gallery-thumbnail\">\n            <a href=\"http:\/\/foto-passion.com\/wp-content\/gallery\/fotostrecke_jordanien_2019\/293_AP5A2429.jpg\"\n               title=\"&lt;strong&gt;Lichtershow am Schatzhaus von Petra&lt;\/strong&gt;&lt;br \/&gt;Jordanien 2019&lt;br \/&gt;&lt;span style=&quot;font-size:85%;color:#949494;&quot;&gt;[Bild-Id: 16359]&lt;\/span&gt;\"\n               data-src=\"http:\/\/foto-passion.com\/wp-content\/gallery\/fotostrecke_jordanien_2019\/293_AP5A2429.jpg\"\n               data-thumbnail=\"http:\/\/foto-passion.com\/wp-content\/gallery\/fotostrecke_jordanien_2019\/thumbs\/thumbs_293_AP5A2429.jpg\"\n               data-image-id=\"16359\"\n               data-title=\"Lichtershow am Schatzhaus von Petra\"\n               data-description=\"&lt;strong&gt;Lichtershow am Schatzhaus von Petra&lt;\/strong&gt;&lt;br \/&gt;Jordanien 2019&lt;br \/&gt;&lt;span style=&quot;font-size:85%;color:#949494;&quot;&gt;[Bild-Id: 16359]&lt;\/span&gt;\"\n               data-image-slug=\"293_ap5a2429\"\n               class=\"ngg-simplelightbox\" rel=\"c91cb08155a83214eb73897bc29ef204\">\n                <img loading=\"lazy\"\n                    title=\"Lichtershow am Schatzhaus von Petra\"\n                    alt=\"Lichtershow am Schatzhaus von Petra\"\n                    src=\"http:\/\/foto-passion.com\/wp-content\/gallery\/fotostrecke_jordanien_2019\/cache\/293_AP5A2429.jpg-nggid0516359-ngg0dyn-150x100x100-00f0w010c011r110f110r010t010.jpg\"\n                    width=\"150\"\n                    height=\"100\"\n                    style=\"max-width:100%;\"\n                \/>\n            <\/a>\n        <\/div>\n\t\t\t\t\t\t\t<\/div> \n\t\t\t\n                            \n\t\t\t\t<div id=\"ngg-image-5\" class=\"ngg-gallery-thumbnail-box\" >\n\t\t\t\t        <div class=\"ngg-gallery-thumbnail\">\n            <a href=\"http:\/\/foto-passion.com\/wp-content\/gallery\/fotostrecke_jordanien_2019\/294_AP5A2460.jpg\"\n               title=\"&lt;strong&gt;Lichtershow am Schatzhaus von Petra&lt;\/strong&gt;&lt;br \/&gt;Jordanien 2019&lt;br \/&gt;&lt;span style=&quot;font-size:85%;color:#949494;&quot;&gt;[Bild-Id: 16360]&lt;\/span&gt;\"\n               data-src=\"http:\/\/foto-passion.com\/wp-content\/gallery\/fotostrecke_jordanien_2019\/294_AP5A2460.jpg\"\n               data-thumbnail=\"http:\/\/foto-passion.com\/wp-content\/gallery\/fotostrecke_jordanien_2019\/thumbs\/thumbs_294_AP5A2460.jpg\"\n               data-image-id=\"16360\"\n               data-title=\"Lichtershow am Schatzhaus von Petra\"\n               data-description=\"&lt;strong&gt;Lichtershow am Schatzhaus von Petra&lt;\/strong&gt;&lt;br \/&gt;Jordanien 2019&lt;br \/&gt;&lt;span style=&quot;font-size:85%;color:#949494;&quot;&gt;[Bild-Id: 16360]&lt;\/span&gt;\"\n               data-image-slug=\"294_ap5a2460\"\n               class=\"ngg-simplelightbox\" rel=\"c91cb08155a83214eb73897bc29ef204\">\n                <img loading=\"lazy\"\n                    title=\"Lichtershow am Schatzhaus von Petra\"\n                    alt=\"Lichtershow am Schatzhaus von Petra\"\n                    src=\"http:\/\/foto-passion.com\/wp-content\/gallery\/fotostrecke_jordanien_2019\/cache\/294_AP5A2460.jpg-nggid0516360-ngg0dyn-150x100x100-00f0w010c011r110f110r010t010.jpg\"\n                    width=\"150\"\n                    height=\"100\"\n                    style=\"max-width:100%;\"\n                \/>\n            <\/a>\n        <\/div>\n\t\t\t\t\t\t\t<\/div> \n\t\t\t\n                            \n\t\t\n\t\t<div class=\"ngg-clear\"><\/div>\n\t<\/div>\n<\/p>\t\t\t\t\t<\/div>\n\t\t\t\t\t\t<\/div>\n\t\t\t\t<\/div>\n\t\t\t\t\t\t<\/div>\n\t\t\t\t\t<\/div>\n\t\t<\/div>\n\t\t\t\t\t\t\t\t<\/div>\n\t\t\t\t\t<\/div>\n\t\t<\/section>\n\t\t\t\t<section class=\"elementor-section elementor-top-section elementor-element elementor-element-5cc9fe6 elementor-section-boxed elementor-section-height-default elementor-section-height-default\" data-id=\"5cc9fe6\" data-element_type=\"section\">\n\t\t\t\t\t\t<div class=\"elementor-container elementor-column-gap-default\">\n\t\t\t\t\t\t\t<div class=\"elementor-row\">\n\t\t\t\t\t<div class=\"elementor-column elementor-col-100 elementor-top-column elementor-element elementor-element-a14add8\" data-id=\"a14add8\" data-element_type=\"column\">\n\t\t\t<div class=\"elementor-column-wrap elementor-element-populated\">\n\t\t\t\t\t\t\t<div class=\"elementor-widget-wrap\">\n\t\t\t\t\t\t<div class=\"elementor-element elementor-element-fc210a0 elementor-widget elementor-widget-text-editor\" data-id=\"fc210a0\" data-element_type=\"widget\" data-widget_type=\"text-editor.default\">\n\t\t\t\t<div class=\"elementor-widget-container\">\n\t\t\t\t\t\t\t\t<div class=\"elementor-text-editor elementor-clearfix\">\n\t\t\t\t\t<p style=\"text-align: justify;\">Wir verweilen noch eine ganze Weile im Siq, nachdem die Veranstaltung beendet ist. Auch den R\u00fcckweg genie\u00dfen wir, denn inzwischen sind nicht mehr viele Menschen unterwegs. Die Kerzen brennen in den T\u00fcten erstaunlich lange; nur hin und wieder fackelt mal so eine T\u00fcte ab.<\/p><p style=\"text-align: justify;\">Obwohl es nun schon sehr sp\u00e4t ist, ist es immer noch angenehm warm, so dass wir nicht mal eine Jacke brauchen. Als wir dann endlich in unserem Auto sitzen, sind wir heilfroh, denn nach 29.185 Schritten bzw. etwa 23 km und 129 aufgestiegenen Etagen an diesem Tag sind wir nur noch kaputt und m\u00fcde und fallen ziemlich geschafft um 23:30 Uhr ins Bett.<\/p>\t\t\t\t\t<\/div>\n\t\t\t\t\t\t<\/div>\n\t\t\t\t<\/div>\n\t\t\t\t\t\t<\/div>\n\t\t\t\t\t<\/div>\n\t\t<\/div>\n\t\t\t\t\t\t\t\t<\/div>\n\t\t\t\t\t<\/div>\n\t\t<\/section>\n\t\t\t\t<section class=\"elementor-section elementor-top-section elementor-element elementor-element-998b907 elementor-section-boxed elementor-section-height-default elementor-section-height-default\" data-id=\"998b907\" data-element_type=\"section\">\n\t\t\t\t\t\t<div class=\"elementor-container elementor-column-gap-default\">\n\t\t\t\t\t\t\t<div class=\"elementor-row\">\n\t\t\t\t\t<div class=\"elementor-column elementor-col-100 elementor-top-column elementor-element elementor-element-34be561\" data-id=\"34be561\" data-element_type=\"column\">\n\t\t\t<div class=\"elementor-column-wrap elementor-element-populated\">\n\t\t\t\t\t\t\t<div class=\"elementor-widget-wrap\">\n\t\t\t\t\t\t<div class=\"elementor-element elementor-element-db2370e elementor-widget elementor-widget-text-editor\" data-id=\"db2370e\" data-element_type=\"widget\" data-widget_type=\"text-editor.default\">\n\t\t\t\t<div class=\"elementor-widget-container\">\n\t\t\t\t\t\t\t\t<div class=\"elementor-text-editor elementor-clearfix\">\n\t\t\t\t\t<p><strong>10.10.2019\u00a0\u00a0\u00a0\u00a0 Petra \u201cSellar Hotel\u201d<\/strong><\/p><p style=\"text-align: justify;\">Heute morgen legen wir uns nach dem Fr\u00fchst\u00fcck noch einmal hin, denn wir brauchen auch mal Erholung. Au\u00dferdem haben wir Petra im Prinzip abgearbeitet und brauchen heute vor allem das Nachmittagslicht, das die K\u00f6nigsgr\u00e4ber anleuchtet. Da gen\u00fcgt es, wenn wir mittags starten.<\/p>\t\t\t\t\t<\/div>\n\t\t\t\t\t\t<\/div>\n\t\t\t\t<\/div>\n\t\t\t\t\t\t<\/div>\n\t\t\t\t\t<\/div>\n\t\t<\/div>\n\t\t\t\t\t\t\t\t<\/div>\n\t\t\t\t\t<\/div>\n\t\t<\/section>\n\t\t\t\t<section class=\"elementor-section elementor-top-section elementor-element elementor-element-f6f2411 elementor-section-boxed elementor-section-height-default elementor-section-height-default\" data-id=\"f6f2411\" data-element_type=\"section\">\n\t\t\t\t\t\t<div class=\"elementor-container elementor-column-gap-default\">\n\t\t\t\t\t\t\t<div class=\"elementor-row\">\n\t\t\t\t\t<div class=\"elementor-column elementor-col-100 elementor-top-column elementor-element elementor-element-62e07fc\" data-id=\"62e07fc\" data-element_type=\"column\">\n\t\t\t<div class=\"elementor-column-wrap elementor-element-populated\">\n\t\t\t\t\t\t\t<div class=\"elementor-widget-wrap\">\n\t\t\t\t\t\t<div class=\"elementor-element elementor-element-4d26b3b elementor-widget elementor-widget-text-editor\" data-id=\"4d26b3b\" data-element_type=\"widget\" data-widget_type=\"text-editor.default\">\n\t\t\t\t<div class=\"elementor-widget-container\">\n\t\t\t\t\t\t\t\t<div class=\"elementor-text-editor elementor-clearfix\">\n\t\t\t\t\t<p style=\"text-align: left;\"><!-- index.php -->\n<div\n\tclass=\"ngg-galleryoverview ngg-ajax-pagination-none\"\n\tid=\"ngg-gallery-0a3e80fa468527006a7937adc8d81bc5-1\">\n\n    \t\t<!-- Thumbnails -->\n\t\t\t\t<div id=\"ngg-image-0\" class=\"ngg-gallery-thumbnail-box\" >\n\t\t\t\t        <div class=\"ngg-gallery-thumbnail\">\n            <a href=\"http:\/\/foto-passion.com\/wp-content\/gallery\/fotostrecke_jordanien_2019\/295_AP5A2260.jpg\"\n               title=\"&lt;strong&gt;Die K\u00f6nigswand mit den nebeneinander aufgereihten monumentalen Grabtempeln &quot;Korinthische Grab&quot;,  &quot;Palastgrab&quot; und &quot;Urnengrab&quot;&lt;\/strong&gt;&lt;br \/&gt;Jordanien 2019&lt;br \/&gt;&lt;span style=&quot;font-size:85%;color:#949494;&quot;&gt;[Bild-Id: 16347]&lt;\/span&gt;\"\n               data-src=\"http:\/\/foto-passion.com\/wp-content\/gallery\/fotostrecke_jordanien_2019\/295_AP5A2260.jpg\"\n               data-thumbnail=\"http:\/\/foto-passion.com\/wp-content\/gallery\/fotostrecke_jordanien_2019\/thumbs\/thumbs_295_AP5A2260.jpg\"\n               data-image-id=\"16347\"\n               data-title=\"Die K\u00f6nigswand mit den nebeneinander aufgereihten monumentalen Grabtempeln &quot;Korinthische Grab&quot;,  &quot;Palastgrab&quot; und &quot;Urnengrab&quot;\"\n               data-description=\"&lt;strong&gt;Die K\u00f6nigswand mit den nebeneinander aufgereihten monumentalen Grabtempeln &quot;Korinthische Grab&quot;,  &quot;Palastgrab&quot; und &quot;Urnengrab&quot;&lt;\/strong&gt;&lt;br \/&gt;Jordanien 2019&lt;br \/&gt;&lt;span style=&quot;font-size:85%;color:#949494;&quot;&gt;[Bild-Id: 16347]&lt;\/span&gt;\"\n               data-image-slug=\"295_ap5a2260\"\n               class=\"ngg-simplelightbox\" rel=\"0a3e80fa468527006a7937adc8d81bc5\">\n                <img loading=\"lazy\"\n                    title=\"Die K\u00f6nigswand mit den nebeneinander aufgereihten monumentalen Grabtempeln &quot;Korinthische Grab&quot;,  &quot;Palastgrab&quot; und &quot;Urnengrab&quot;\"\n                    alt=\"Die K\u00f6nigswand mit den nebeneinander aufgereihten monumentalen Grabtempeln &quot;Korinthische Grab&quot;,  &quot;Palastgrab&quot; und &quot;Urnengrab&quot;\"\n                    src=\"http:\/\/foto-passion.com\/wp-content\/gallery\/fotostrecke_jordanien_2019\/cache\/295_AP5A2260.jpg-nggid0516347-ngg0dyn-150x100x100-00f0w010c011r110f110r010t010.jpg\"\n                    width=\"150\"\n                    height=\"100\"\n                    style=\"max-width:100%;\"\n                \/>\n            <\/a>\n        <\/div>\n\t\t\t\t\t\t\t<\/div> \n\t\t\t\n                            \n\t\t\t\t<div id=\"ngg-image-1\" class=\"ngg-gallery-thumbnail-box\" >\n\t\t\t\t        <div class=\"ngg-gallery-thumbnail\">\n            <a href=\"http:\/\/foto-passion.com\/wp-content\/gallery\/fotostrecke_jordanien_2019\/296_AP5A1578.jpg\"\n               title=\"&lt;strong&gt;Die K\u00f6nigswand mit den nebeneinander aufgereihten monumentalen Grabtempeln &quot;Korinthische Grab&quot;,  &quot;Palastgrab&quot; und &quot;Urnengrab&quot;&lt;\/strong&gt;&lt;br \/&gt;Jordanien 2019&lt;br \/&gt;&lt;span style=&quot;font-size:85%;color:#949494;&quot;&gt;[Bild-Id: 16303]&lt;\/span&gt;\"\n               data-src=\"http:\/\/foto-passion.com\/wp-content\/gallery\/fotostrecke_jordanien_2019\/296_AP5A1578.jpg\"\n               data-thumbnail=\"http:\/\/foto-passion.com\/wp-content\/gallery\/fotostrecke_jordanien_2019\/thumbs\/thumbs_296_AP5A1578.jpg\"\n               data-image-id=\"16303\"\n               data-title=\"Die K\u00f6nigswand mit den nebeneinander aufgereihten monumentalen Grabtempeln &quot;Korinthische Grab&quot;,  &quot;Palastgrab&quot; und &quot;Urnengrab&quot;\"\n               data-description=\"&lt;strong&gt;Die K\u00f6nigswand mit den nebeneinander aufgereihten monumentalen Grabtempeln &quot;Korinthische Grab&quot;,  &quot;Palastgrab&quot; und &quot;Urnengrab&quot;&lt;\/strong&gt;&lt;br \/&gt;Jordanien 2019&lt;br \/&gt;&lt;span style=&quot;font-size:85%;color:#949494;&quot;&gt;[Bild-Id: 16303]&lt;\/span&gt;\"\n               data-image-slug=\"296_ap5a1578\"\n               class=\"ngg-simplelightbox\" rel=\"0a3e80fa468527006a7937adc8d81bc5\">\n                <img loading=\"lazy\"\n                    title=\"Die K\u00f6nigswand mit den nebeneinander aufgereihten monumentalen Grabtempeln &quot;Korinthische Grab&quot;,  &quot;Palastgrab&quot; und &quot;Urnengrab&quot;\"\n                    alt=\"Die K\u00f6nigswand mit den nebeneinander aufgereihten monumentalen Grabtempeln &quot;Korinthische Grab&quot;,  &quot;Palastgrab&quot; und &quot;Urnengrab&quot;\"\n                    src=\"http:\/\/foto-passion.com\/wp-content\/gallery\/fotostrecke_jordanien_2019\/cache\/296_AP5A1578.jpg-nggid0516303-ngg0dyn-150x100x100-00f0w010c011r110f110r010t010.jpg\"\n                    width=\"150\"\n                    height=\"100\"\n                    style=\"max-width:100%;\"\n                \/>\n            <\/a>\n        <\/div>\n\t\t\t\t\t\t\t<\/div> \n\t\t\t\n                            \n\t\t\t\t<div id=\"ngg-image-2\" class=\"ngg-gallery-thumbnail-box\" >\n\t\t\t\t        <div class=\"ngg-gallery-thumbnail\">\n            <a href=\"http:\/\/foto-passion.com\/wp-content\/gallery\/fotostrecke_jordanien_2019\/297_AP5A1568.jpg\"\n               title=\"&lt;strong&gt;Die K\u00f6nigswand mit den nebeneinander aufgereihten monumentalen Grabtempeln &quot;Korinthische Grab&quot;,  &quot;Palastgrab&quot; und &quot;Urnengrab&quot;&lt;\/strong&gt;&lt;br \/&gt;Jordanien 2019&lt;br \/&gt;&lt;span style=&quot;font-size:85%;color:#949494;&quot;&gt;[Bild-Id: 16301]&lt;\/span&gt;\"\n               data-src=\"http:\/\/foto-passion.com\/wp-content\/gallery\/fotostrecke_jordanien_2019\/297_AP5A1568.jpg\"\n               data-thumbnail=\"http:\/\/foto-passion.com\/wp-content\/gallery\/fotostrecke_jordanien_2019\/thumbs\/thumbs_297_AP5A1568.jpg\"\n               data-image-id=\"16301\"\n               data-title=\"Die K\u00f6nigswand mit den nebeneinander aufgereihten monumentalen Grabtempeln &quot;Korinthische Grab&quot;,  &quot;Palastgrab&quot; und &quot;Urnengrab&quot;\"\n               data-description=\"&lt;strong&gt;Die K\u00f6nigswand mit den nebeneinander aufgereihten monumentalen Grabtempeln &quot;Korinthische Grab&quot;,  &quot;Palastgrab&quot; und &quot;Urnengrab&quot;&lt;\/strong&gt;&lt;br \/&gt;Jordanien 2019&lt;br \/&gt;&lt;span style=&quot;font-size:85%;color:#949494;&quot;&gt;[Bild-Id: 16301]&lt;\/span&gt;\"\n               data-image-slug=\"297_ap5a1568\"\n               class=\"ngg-simplelightbox\" rel=\"0a3e80fa468527006a7937adc8d81bc5\">\n                <img loading=\"lazy\"\n                    title=\"Die K\u00f6nigswand mit den nebeneinander aufgereihten monumentalen Grabtempeln &quot;Korinthische Grab&quot;,  &quot;Palastgrab&quot; und &quot;Urnengrab&quot;\"\n                    alt=\"Die K\u00f6nigswand mit den nebeneinander aufgereihten monumentalen Grabtempeln &quot;Korinthische Grab&quot;,  &quot;Palastgrab&quot; und &quot;Urnengrab&quot;\"\n                    src=\"http:\/\/foto-passion.com\/wp-content\/gallery\/fotostrecke_jordanien_2019\/cache\/297_AP5A1568.jpg-nggid0516301-ngg0dyn-150x100x100-00f0w010c011r110f110r010t010.jpg\"\n                    width=\"150\"\n                    height=\"100\"\n                    style=\"max-width:100%;\"\n                \/>\n            <\/a>\n        <\/div>\n\t\t\t\t\t\t\t<\/div> \n\t\t\t\n                            \n\t\t\t\t<div id=\"ngg-image-3\" class=\"ngg-gallery-thumbnail-box\" >\n\t\t\t\t        <div class=\"ngg-gallery-thumbnail\">\n            <a href=\"http:\/\/foto-passion.com\/wp-content\/gallery\/fotostrecke_jordanien_2019\/298_AP5A1654.jpg\"\n               title=\"&lt;strong&gt;Die K\u00f6nigswand mit den nebeneinander aufgereihten monumentalen Grabtempeln &quot;Korinthische Grab&quot;,  &quot;Palastgrab&quot; und &quot;Urnengrab&quot;&lt;\/strong&gt;&lt;br \/&gt;Jordanien 2019&lt;br \/&gt;&lt;span style=&quot;font-size:85%;color:#949494;&quot;&gt;[Bild-Id: 16311]&lt;\/span&gt;\"\n               data-src=\"http:\/\/foto-passion.com\/wp-content\/gallery\/fotostrecke_jordanien_2019\/298_AP5A1654.jpg\"\n               data-thumbnail=\"http:\/\/foto-passion.com\/wp-content\/gallery\/fotostrecke_jordanien_2019\/thumbs\/thumbs_298_AP5A1654.jpg\"\n               data-image-id=\"16311\"\n               data-title=\"Die K\u00f6nigswand mit den nebeneinander aufgereihten monumentalen Grabtempeln &quot;Korinthische Grab&quot;,  &quot;Palastgrab&quot; und &quot;Urnengrab&quot;\"\n               data-description=\"&lt;strong&gt;Die K\u00f6nigswand mit den nebeneinander aufgereihten monumentalen Grabtempeln &quot;Korinthische Grab&quot;,  &quot;Palastgrab&quot; und &quot;Urnengrab&quot;&lt;\/strong&gt;&lt;br \/&gt;Jordanien 2019&lt;br \/&gt;&lt;span style=&quot;font-size:85%;color:#949494;&quot;&gt;[Bild-Id: 16311]&lt;\/span&gt;\"\n               data-image-slug=\"298_ap5a1654\"\n               class=\"ngg-simplelightbox\" rel=\"0a3e80fa468527006a7937adc8d81bc5\">\n                <img loading=\"lazy\"\n                    title=\"Die K\u00f6nigswand mit den nebeneinander aufgereihten monumentalen Grabtempeln &quot;Korinthische Grab&quot;,  &quot;Palastgrab&quot; und &quot;Urnengrab&quot;\"\n                    alt=\"Die K\u00f6nigswand mit den nebeneinander aufgereihten monumentalen Grabtempeln &quot;Korinthische Grab&quot;,  &quot;Palastgrab&quot; und &quot;Urnengrab&quot;\"\n                    src=\"http:\/\/foto-passion.com\/wp-content\/gallery\/fotostrecke_jordanien_2019\/cache\/298_AP5A1654.jpg-nggid0516311-ngg0dyn-150x100x100-00f0w010c011r110f110r010t010.jpg\"\n                    width=\"150\"\n                    height=\"100\"\n                    style=\"max-width:100%;\"\n                \/>\n            <\/a>\n        <\/div>\n\t\t\t\t\t\t\t<\/div> \n\t\t\t\n                                    <br style=\"clear: both\" \/>\n                    \n\t\t\n\t\t<div class=\"ngg-clear\"><\/div>\n\t<\/div>\n<\/p>\t\t\t\t\t<\/div>\n\t\t\t\t\t\t<\/div>\n\t\t\t\t<\/div>\n\t\t\t\t\t\t<\/div>\n\t\t\t\t\t<\/div>\n\t\t<\/div>\n\t\t\t\t\t\t\t\t<\/div>\n\t\t\t\t\t<\/div>\n\t\t<\/section>\n\t\t\t\t<section class=\"elementor-section elementor-top-section elementor-element elementor-element-f206cb5 elementor-section-boxed elementor-section-height-default elementor-section-height-default\" data-id=\"f206cb5\" data-element_type=\"section\">\n\t\t\t\t\t\t<div class=\"elementor-container elementor-column-gap-default\">\n\t\t\t\t\t\t\t<div class=\"elementor-row\">\n\t\t\t\t\t<div class=\"elementor-column elementor-col-100 elementor-top-column elementor-element elementor-element-5f83df5\" data-id=\"5f83df5\" data-element_type=\"column\">\n\t\t\t<div class=\"elementor-column-wrap elementor-element-populated\">\n\t\t\t\t\t\t\t<div class=\"elementor-widget-wrap\">\n\t\t\t\t\t\t<div class=\"elementor-element elementor-element-2664746 elementor-widget elementor-widget-text-editor\" data-id=\"2664746\" data-element_type=\"widget\" data-widget_type=\"text-editor.default\">\n\t\t\t\t<div class=\"elementor-widget-container\">\n\t\t\t\t\t\t\t\t<div class=\"elementor-text-editor elementor-clearfix\">\n\t\t\t\t\t<p style=\"text-align: justify;\">Gem\u00fctlich laufen wir ein letztes Mal durch den Siq, stehen and\u00e4chtig vor dem Schatzhaus und beobachten die Menschenmenge, die sich hier tummelt. Ich habe heute das Teleobjektiv dabei, kann noch ein paar Detailaufnahmen machen und auch unbemerkt ein paar Schnappsch\u00fcsse aufnehmen, denn mit den gestellten Bildern ist das so eine Sache.<\/p>\t\t\t\t\t<\/div>\n\t\t\t\t\t\t<\/div>\n\t\t\t\t<\/div>\n\t\t\t\t\t\t<\/div>\n\t\t\t\t\t<\/div>\n\t\t<\/div>\n\t\t\t\t\t\t\t\t<\/div>\n\t\t\t\t\t<\/div>\n\t\t<\/section>\n\t\t\t\t<section class=\"elementor-section elementor-top-section elementor-element elementor-element-a33033a elementor-section-boxed elementor-section-height-default elementor-section-height-default\" data-id=\"a33033a\" data-element_type=\"section\">\n\t\t\t\t\t\t<div class=\"elementor-container elementor-column-gap-default\">\n\t\t\t\t\t\t\t<div class=\"elementor-row\">\n\t\t\t\t\t<div class=\"elementor-column elementor-col-100 elementor-top-column elementor-element elementor-element-b65e604\" data-id=\"b65e604\" data-element_type=\"column\">\n\t\t\t<div class=\"elementor-column-wrap elementor-element-populated\">\n\t\t\t\t\t\t\t<div class=\"elementor-widget-wrap\">\n\t\t\t\t\t\t<div class=\"elementor-element elementor-element-de47819 elementor-widget elementor-widget-text-editor\" data-id=\"de47819\" data-element_type=\"widget\" data-widget_type=\"text-editor.default\">\n\t\t\t\t<div class=\"elementor-widget-container\">\n\t\t\t\t\t\t\t\t<div class=\"elementor-text-editor elementor-clearfix\">\n\t\t\t\t\t<p style=\"text-align: left;\"><!-- index.php -->\n<div\n\tclass=\"ngg-galleryoverview ngg-ajax-pagination-none\"\n\tid=\"ngg-gallery-6e5aa64eec793b86b8947bf433c145a0-1\">\n\n    \t\t<!-- Thumbnails -->\n\t\t\t\t<div id=\"ngg-image-0\" class=\"ngg-gallery-thumbnail-box\" >\n\t\t\t\t        <div class=\"ngg-gallery-thumbnail\">\n            <a href=\"http:\/\/foto-passion.com\/wp-content\/gallery\/fotostrecke_jordanien_2019\/299_AP5A2859.jpg\"\n               title=\"&lt;strong&gt;Touristentaxis - ein gutes Gesch\u00e4ft&lt;\/strong&gt;&lt;br \/&gt;Jordanien 2019&lt;br \/&gt;&lt;span style=&quot;font-size:85%;color:#949494;&quot;&gt;[Bild-Id: 16389]&lt;\/span&gt;\"\n               data-src=\"http:\/\/foto-passion.com\/wp-content\/gallery\/fotostrecke_jordanien_2019\/299_AP5A2859.jpg\"\n               data-thumbnail=\"http:\/\/foto-passion.com\/wp-content\/gallery\/fotostrecke_jordanien_2019\/thumbs\/thumbs_299_AP5A2859.jpg\"\n               data-image-id=\"16389\"\n               data-title=\"Touristentaxis - ein gutes Gesch\u00e4ft\"\n               data-description=\"&lt;strong&gt;Touristentaxis - ein gutes Gesch\u00e4ft&lt;\/strong&gt;&lt;br \/&gt;Jordanien 2019&lt;br \/&gt;&lt;span style=&quot;font-size:85%;color:#949494;&quot;&gt;[Bild-Id: 16389]&lt;\/span&gt;\"\n               data-image-slug=\"299_ap5a2859\"\n               class=\"ngg-simplelightbox\" rel=\"6e5aa64eec793b86b8947bf433c145a0\">\n                <img loading=\"lazy\"\n                    title=\"Touristentaxis - ein gutes Gesch\u00e4ft\"\n                    alt=\"Touristentaxis - ein gutes Gesch\u00e4ft\"\n                    src=\"http:\/\/foto-passion.com\/wp-content\/gallery\/fotostrecke_jordanien_2019\/cache\/299_AP5A2859.jpg-nggid0516389-ngg0dyn-150x100x100-00f0w010c011r110f110r010t010.jpg\"\n                    width=\"150\"\n                    height=\"100\"\n                    style=\"max-width:100%;\"\n                \/>\n            <\/a>\n        <\/div>\n\t\t\t\t\t\t\t<\/div> \n\t\t\t\n                            \n\t\t\t\t<div id=\"ngg-image-1\" class=\"ngg-gallery-thumbnail-box\" >\n\t\t\t\t        <div class=\"ngg-gallery-thumbnail\">\n            <a href=\"http:\/\/foto-passion.com\/wp-content\/gallery\/fotostrecke_jordanien_2019\/300_AP5A2818.jpg\"\n               title=\"&lt;strong&gt;Touristentaxis - ein gutes Gesch\u00e4ft&lt;\/strong&gt;&lt;br \/&gt;Jordanien 2019&lt;br \/&gt;&lt;span style=&quot;font-size:85%;color:#949494;&quot;&gt;[Bild-Id: 16386]&lt;\/span&gt;\"\n               data-src=\"http:\/\/foto-passion.com\/wp-content\/gallery\/fotostrecke_jordanien_2019\/300_AP5A2818.jpg\"\n               data-thumbnail=\"http:\/\/foto-passion.com\/wp-content\/gallery\/fotostrecke_jordanien_2019\/thumbs\/thumbs_300_AP5A2818.jpg\"\n               data-image-id=\"16386\"\n               data-title=\"Touristentaxis - ein gutes Gesch\u00e4ft\"\n               data-description=\"&lt;strong&gt;Touristentaxis - ein gutes Gesch\u00e4ft&lt;\/strong&gt;&lt;br \/&gt;Jordanien 2019&lt;br \/&gt;&lt;span style=&quot;font-size:85%;color:#949494;&quot;&gt;[Bild-Id: 16386]&lt;\/span&gt;\"\n               data-image-slug=\"300_ap5a2818\"\n               class=\"ngg-simplelightbox\" rel=\"6e5aa64eec793b86b8947bf433c145a0\">\n                <img loading=\"lazy\"\n                    title=\"Touristentaxis - ein gutes Gesch\u00e4ft\"\n                    alt=\"Touristentaxis - ein gutes Gesch\u00e4ft\"\n                    src=\"http:\/\/foto-passion.com\/wp-content\/gallery\/fotostrecke_jordanien_2019\/cache\/300_AP5A2818.jpg-nggid0516386-ngg0dyn-150x100x100-00f0w010c011r110f110r010t010.jpg\"\n                    width=\"150\"\n                    height=\"100\"\n                    style=\"max-width:100%;\"\n                \/>\n            <\/a>\n        <\/div>\n\t\t\t\t\t\t\t<\/div> \n\t\t\t\n                            \n\t\t\t\t<div id=\"ngg-image-2\" class=\"ngg-gallery-thumbnail-box\" >\n\t\t\t\t        <div class=\"ngg-gallery-thumbnail\">\n            <a href=\"http:\/\/foto-passion.com\/wp-content\/gallery\/fotostrecke_jordanien_2019\/301_AP5A2827.jpg\"\n               title=\"&lt;strong&gt;Touristentaxis - ein gutes Gesch\u00e4ft&lt;\/strong&gt;&lt;br \/&gt;Jordanien 2019&lt;br \/&gt;&lt;span style=&quot;font-size:85%;color:#949494;&quot;&gt;[Bild-Id: 16387]&lt;\/span&gt;\"\n               data-src=\"http:\/\/foto-passion.com\/wp-content\/gallery\/fotostrecke_jordanien_2019\/301_AP5A2827.jpg\"\n               data-thumbnail=\"http:\/\/foto-passion.com\/wp-content\/gallery\/fotostrecke_jordanien_2019\/thumbs\/thumbs_301_AP5A2827.jpg\"\n               data-image-id=\"16387\"\n               data-title=\"Touristentaxis - ein gutes Gesch\u00e4ft\"\n               data-description=\"&lt;strong&gt;Touristentaxis - ein gutes Gesch\u00e4ft&lt;\/strong&gt;&lt;br \/&gt;Jordanien 2019&lt;br \/&gt;&lt;span style=&quot;font-size:85%;color:#949494;&quot;&gt;[Bild-Id: 16387]&lt;\/span&gt;\"\n               data-image-slug=\"301_ap5a2827\"\n               class=\"ngg-simplelightbox\" rel=\"6e5aa64eec793b86b8947bf433c145a0\">\n                <img loading=\"lazy\"\n                    title=\"Touristentaxis - ein gutes Gesch\u00e4ft\"\n                    alt=\"Touristentaxis - ein gutes Gesch\u00e4ft\"\n                    src=\"http:\/\/foto-passion.com\/wp-content\/gallery\/fotostrecke_jordanien_2019\/cache\/301_AP5A2827.jpg-nggid0516387-ngg0dyn-150x100x100-00f0w010c011r110f110r010t010.jpg\"\n                    width=\"150\"\n                    height=\"100\"\n                    style=\"max-width:100%;\"\n                \/>\n            <\/a>\n        <\/div>\n\t\t\t\t\t\t\t<\/div> \n\t\t\t\n                            \n\t\t\t\t<div id=\"ngg-image-3\" class=\"ngg-gallery-thumbnail-box\" >\n\t\t\t\t        <div class=\"ngg-gallery-thumbnail\">\n            <a href=\"http:\/\/foto-passion.com\/wp-content\/gallery\/fotostrecke_jordanien_2019\/302_AP5A2831.jpg\"\n               title=\"&lt;strong&gt;Touristentaxis - ein gutes Gesch\u00e4ft&lt;\/strong&gt;&lt;br \/&gt;Jordanien 2019&lt;br \/&gt;&lt;span style=&quot;font-size:85%;color:#949494;&quot;&gt;[Bild-Id: 16388]&lt;\/span&gt;\"\n               data-src=\"http:\/\/foto-passion.com\/wp-content\/gallery\/fotostrecke_jordanien_2019\/302_AP5A2831.jpg\"\n               data-thumbnail=\"http:\/\/foto-passion.com\/wp-content\/gallery\/fotostrecke_jordanien_2019\/thumbs\/thumbs_302_AP5A2831.jpg\"\n               data-image-id=\"16388\"\n               data-title=\"Touristentaxis - ein gutes Gesch\u00e4ft\"\n               data-description=\"&lt;strong&gt;Touristentaxis - ein gutes Gesch\u00e4ft&lt;\/strong&gt;&lt;br \/&gt;Jordanien 2019&lt;br \/&gt;&lt;span style=&quot;font-size:85%;color:#949494;&quot;&gt;[Bild-Id: 16388]&lt;\/span&gt;\"\n               data-image-slug=\"302_ap5a2831\"\n               class=\"ngg-simplelightbox\" rel=\"6e5aa64eec793b86b8947bf433c145a0\">\n                <img loading=\"lazy\"\n                    title=\"Touristentaxis - ein gutes Gesch\u00e4ft\"\n                    alt=\"Touristentaxis - ein gutes Gesch\u00e4ft\"\n                    src=\"http:\/\/foto-passion.com\/wp-content\/gallery\/fotostrecke_jordanien_2019\/cache\/302_AP5A2831.jpg-nggid0516388-ngg0dyn-150x100x100-00f0w010c011r110f110r010t010.jpg\"\n                    width=\"150\"\n                    height=\"100\"\n                    style=\"max-width:100%;\"\n                \/>\n            <\/a>\n        <\/div>\n\t\t\t\t\t\t\t<\/div> \n\t\t\t\n                                    <br style=\"clear: both\" \/>\n                    \n\t\t\t\t<div id=\"ngg-image-4\" class=\"ngg-gallery-thumbnail-box\" >\n\t\t\t\t        <div class=\"ngg-gallery-thumbnail\">\n            <a href=\"http:\/\/foto-passion.com\/wp-content\/gallery\/fotostrecke_jordanien_2019\/303_AP5A2948.jpg\"\n               title=\"&lt;strong&gt;Touristentaxis - ein gutes Gesch\u00e4ft&lt;\/strong&gt;&lt;br \/&gt;Jordanien 2019&lt;br \/&gt;&lt;span style=&quot;font-size:85%;color:#949494;&quot;&gt;[Bild-Id: 16395]&lt;\/span&gt;\"\n               data-src=\"http:\/\/foto-passion.com\/wp-content\/gallery\/fotostrecke_jordanien_2019\/303_AP5A2948.jpg\"\n               data-thumbnail=\"http:\/\/foto-passion.com\/wp-content\/gallery\/fotostrecke_jordanien_2019\/thumbs\/thumbs_303_AP5A2948.jpg\"\n               data-image-id=\"16395\"\n               data-title=\"Touristentaxis - ein gutes Gesch\u00e4ft\"\n               data-description=\"&lt;strong&gt;Touristentaxis - ein gutes Gesch\u00e4ft&lt;\/strong&gt;&lt;br \/&gt;Jordanien 2019&lt;br \/&gt;&lt;span style=&quot;font-size:85%;color:#949494;&quot;&gt;[Bild-Id: 16395]&lt;\/span&gt;\"\n               data-image-slug=\"303_ap5a2948\"\n               class=\"ngg-simplelightbox\" rel=\"6e5aa64eec793b86b8947bf433c145a0\">\n                <img loading=\"lazy\"\n                    title=\"Touristentaxis - ein gutes Gesch\u00e4ft\"\n                    alt=\"Touristentaxis - ein gutes Gesch\u00e4ft\"\n                    src=\"http:\/\/foto-passion.com\/wp-content\/gallery\/fotostrecke_jordanien_2019\/cache\/303_AP5A2948.jpg-nggid0516395-ngg0dyn-150x100x100-00f0w010c011r110f110r010t010.jpg\"\n                    width=\"150\"\n                    height=\"100\"\n                    style=\"max-width:100%;\"\n                \/>\n            <\/a>\n        <\/div>\n\t\t\t\t\t\t\t<\/div> \n\t\t\t\n                            \n\t\t\t\t<div id=\"ngg-image-5\" class=\"ngg-gallery-thumbnail-box\" >\n\t\t\t\t        <div class=\"ngg-gallery-thumbnail\">\n            <a href=\"http:\/\/foto-passion.com\/wp-content\/gallery\/fotostrecke_jordanien_2019\/304_AP5A2964.jpg\"\n               title=\"&lt;strong&gt;Touristentaxis - ein gutes Gesch\u00e4ft&lt;\/strong&gt;&lt;br \/&gt;Jordanien 2019&lt;br \/&gt;&lt;span style=&quot;font-size:85%;color:#949494;&quot;&gt;[Bild-Id: 16398]&lt;\/span&gt;\"\n               data-src=\"http:\/\/foto-passion.com\/wp-content\/gallery\/fotostrecke_jordanien_2019\/304_AP5A2964.jpg\"\n               data-thumbnail=\"http:\/\/foto-passion.com\/wp-content\/gallery\/fotostrecke_jordanien_2019\/thumbs\/thumbs_304_AP5A2964.jpg\"\n               data-image-id=\"16398\"\n               data-title=\"Touristentaxis - ein gutes Gesch\u00e4ft\"\n               data-description=\"&lt;strong&gt;Touristentaxis - ein gutes Gesch\u00e4ft&lt;\/strong&gt;&lt;br \/&gt;Jordanien 2019&lt;br \/&gt;&lt;span style=&quot;font-size:85%;color:#949494;&quot;&gt;[Bild-Id: 16398]&lt;\/span&gt;\"\n               data-image-slug=\"304_ap5a2964\"\n               class=\"ngg-simplelightbox\" rel=\"6e5aa64eec793b86b8947bf433c145a0\">\n                <img loading=\"lazy\"\n                    title=\"Touristentaxis - ein gutes Gesch\u00e4ft\"\n                    alt=\"Touristentaxis - ein gutes Gesch\u00e4ft\"\n                    src=\"http:\/\/foto-passion.com\/wp-content\/gallery\/fotostrecke_jordanien_2019\/cache\/304_AP5A2964.jpg-nggid0516398-ngg0dyn-150x100x100-00f0w010c011r110f110r010t010.jpg\"\n                    width=\"150\"\n                    height=\"100\"\n                    style=\"max-width:100%;\"\n                \/>\n            <\/a>\n        <\/div>\n\t\t\t\t\t\t\t<\/div> \n\t\t\t\n                            \n\t\t\t\t<div id=\"ngg-image-6\" class=\"ngg-gallery-thumbnail-box\" >\n\t\t\t\t        <div class=\"ngg-gallery-thumbnail\">\n            <a href=\"http:\/\/foto-passion.com\/wp-content\/gallery\/fotostrecke_jordanien_2019\/305_AP5A2968.jpg\"\n               title=\"&lt;strong&gt;Touristentaxis - ein gutes Gesch\u00e4ft&lt;\/strong&gt;&lt;br \/&gt;Jordanien 2019&lt;br \/&gt;&lt;span style=&quot;font-size:85%;color:#949494;&quot;&gt;[Bild-Id: 16399]&lt;\/span&gt;\"\n               data-src=\"http:\/\/foto-passion.com\/wp-content\/gallery\/fotostrecke_jordanien_2019\/305_AP5A2968.jpg\"\n               data-thumbnail=\"http:\/\/foto-passion.com\/wp-content\/gallery\/fotostrecke_jordanien_2019\/thumbs\/thumbs_305_AP5A2968.jpg\"\n               data-image-id=\"16399\"\n               data-title=\"Touristentaxis - ein gutes Gesch\u00e4ft\"\n               data-description=\"&lt;strong&gt;Touristentaxis - ein gutes Gesch\u00e4ft&lt;\/strong&gt;&lt;br \/&gt;Jordanien 2019&lt;br \/&gt;&lt;span style=&quot;font-size:85%;color:#949494;&quot;&gt;[Bild-Id: 16399]&lt;\/span&gt;\"\n               data-image-slug=\"305_ap5a2968\"\n               class=\"ngg-simplelightbox\" rel=\"6e5aa64eec793b86b8947bf433c145a0\">\n                <img loading=\"lazy\"\n                    title=\"Touristentaxis - ein gutes Gesch\u00e4ft\"\n                    alt=\"Touristentaxis - ein gutes Gesch\u00e4ft\"\n                    src=\"http:\/\/foto-passion.com\/wp-content\/gallery\/fotostrecke_jordanien_2019\/cache\/305_AP5A2968.jpg-nggid0516399-ngg0dyn-150x100x100-00f0w010c011r110f110r010t010.jpg\"\n                    width=\"150\"\n                    height=\"100\"\n                    style=\"max-width:100%;\"\n                \/>\n            <\/a>\n        <\/div>\n\t\t\t\t\t\t\t<\/div> \n\t\t\t\n                            \n\t\t\t\t<div id=\"ngg-image-7\" class=\"ngg-gallery-thumbnail-box\" >\n\t\t\t\t        <div class=\"ngg-gallery-thumbnail\">\n            <a href=\"http:\/\/foto-passion.com\/wp-content\/gallery\/fotostrecke_jordanien_2019\/306_AP5A1532.jpg\"\n               title=\"&lt;strong&gt;Touristentaxis - ein gutes Gesch\u00e4ft&lt;\/strong&gt;&lt;br \/&gt;Jordanien 2019&lt;br \/&gt;&lt;span style=&quot;font-size:85%;color:#949494;&quot;&gt;[Bild-Id: 16298]&lt;\/span&gt;\"\n               data-src=\"http:\/\/foto-passion.com\/wp-content\/gallery\/fotostrecke_jordanien_2019\/306_AP5A1532.jpg\"\n               data-thumbnail=\"http:\/\/foto-passion.com\/wp-content\/gallery\/fotostrecke_jordanien_2019\/thumbs\/thumbs_306_AP5A1532.jpg\"\n               data-image-id=\"16298\"\n               data-title=\"Touristentaxis - ein gutes Gesch\u00e4ft\"\n               data-description=\"&lt;strong&gt;Touristentaxis - ein gutes Gesch\u00e4ft&lt;\/strong&gt;&lt;br \/&gt;Jordanien 2019&lt;br \/&gt;&lt;span style=&quot;font-size:85%;color:#949494;&quot;&gt;[Bild-Id: 16298]&lt;\/span&gt;\"\n               data-image-slug=\"306_ap5a1532\"\n               class=\"ngg-simplelightbox\" rel=\"6e5aa64eec793b86b8947bf433c145a0\">\n                <img loading=\"lazy\"\n                    title=\"Touristentaxis - ein gutes Gesch\u00e4ft\"\n                    alt=\"Touristentaxis - ein gutes Gesch\u00e4ft\"\n                    src=\"http:\/\/foto-passion.com\/wp-content\/gallery\/fotostrecke_jordanien_2019\/cache\/306_AP5A1532.jpg-nggid0516298-ngg0dyn-150x100x100-00f0w010c011r110f110r010t010.jpg\"\n                    width=\"150\"\n                    height=\"100\"\n                    style=\"max-width:100%;\"\n                \/>\n            <\/a>\n        <\/div>\n\t\t\t\t\t\t\t<\/div> \n\t\t\t\n                                    <br style=\"clear: both\" \/>\n                    \n\t\t\n\t\t<div class=\"ngg-clear\"><\/div>\n\t<\/div>\n<\/p>\t\t\t\t\t<\/div>\n\t\t\t\t\t\t<\/div>\n\t\t\t\t<\/div>\n\t\t\t\t\t\t<\/div>\n\t\t\t\t\t<\/div>\n\t\t<\/div>\n\t\t\t\t\t\t\t\t<\/div>\n\t\t\t\t\t<\/div>\n\t\t<\/section>\n\t\t\t\t<section class=\"elementor-section elementor-top-section elementor-element elementor-element-3f831c4 elementor-section-boxed elementor-section-height-default elementor-section-height-default\" data-id=\"3f831c4\" data-element_type=\"section\">\n\t\t\t\t\t\t<div class=\"elementor-container elementor-column-gap-default\">\n\t\t\t\t\t\t\t<div class=\"elementor-row\">\n\t\t\t\t\t<div class=\"elementor-column elementor-col-100 elementor-top-column elementor-element elementor-element-b7df249\" data-id=\"b7df249\" data-element_type=\"column\">\n\t\t\t<div class=\"elementor-column-wrap elementor-element-populated\">\n\t\t\t\t\t\t\t<div class=\"elementor-widget-wrap\">\n\t\t\t\t\t\t<div class=\"elementor-element elementor-element-5e68b9a elementor-widget elementor-widget-text-editor\" data-id=\"5e68b9a\" data-element_type=\"widget\" data-widget_type=\"text-editor.default\">\n\t\t\t\t<div class=\"elementor-widget-container\">\n\t\t\t\t\t\t\t\t<div class=\"elementor-text-editor elementor-clearfix\">\n\t\t\t\t\t<p style=\"text-align: justify;\">Sp\u00e4ter laufen wir zur gegen\u00fcberliegenden Seite der K\u00f6nigsgr\u00e4ber um zu warten, bis die im Nachmittagslicht sch\u00f6n ausgeleuchtet werden. Ein paar Mal wechseln wir noch die Perspektive, laufen ein wenig umher und beobachten, wie die tags\u00fcber so betriebsame Kulisse ganz langsam an Drive verliert.<\/p>\t\t\t\t\t<\/div>\n\t\t\t\t\t\t<\/div>\n\t\t\t\t<\/div>\n\t\t\t\t\t\t<\/div>\n\t\t\t\t\t<\/div>\n\t\t<\/div>\n\t\t\t\t\t\t\t\t<\/div>\n\t\t\t\t\t<\/div>\n\t\t<\/section>\n\t\t\t\t<section class=\"elementor-section elementor-top-section elementor-element elementor-element-d92c5ea elementor-section-boxed elementor-section-height-default elementor-section-height-default\" data-id=\"d92c5ea\" data-element_type=\"section\">\n\t\t\t\t\t\t<div class=\"elementor-container elementor-column-gap-default\">\n\t\t\t\t\t\t\t<div class=\"elementor-row\">\n\t\t\t\t\t<div class=\"elementor-column elementor-col-100 elementor-top-column elementor-element elementor-element-ede4b3f\" data-id=\"ede4b3f\" data-element_type=\"column\">\n\t\t\t<div class=\"elementor-column-wrap elementor-element-populated\">\n\t\t\t\t\t\t\t<div class=\"elementor-widget-wrap\">\n\t\t\t\t\t\t<div class=\"elementor-element elementor-element-49488cf elementor-widget elementor-widget-text-editor\" data-id=\"49488cf\" data-element_type=\"widget\" data-widget_type=\"text-editor.default\">\n\t\t\t\t<div class=\"elementor-widget-container\">\n\t\t\t\t\t\t\t\t<div class=\"elementor-text-editor elementor-clearfix\">\n\t\t\t\t\t<p style=\"text-align: left;\"><!-- index.php -->\n<div\n\tclass=\"ngg-galleryoverview ngg-ajax-pagination-none\"\n\tid=\"ngg-gallery-f2f3e18dafae4029206960fcf086599e-1\">\n\n    \t\t<!-- Thumbnails -->\n\t\t\t\t<div id=\"ngg-image-0\" class=\"ngg-gallery-thumbnail-box\" >\n\t\t\t\t        <div class=\"ngg-gallery-thumbnail\">\n            <a href=\"http:\/\/foto-passion.com\/wp-content\/gallery\/fotostrecke_jordanien_2019\/307_AP5A1366.jpg\"\n               title=\"&lt;strong&gt;Ausgrabungen in Petra&lt;\/strong&gt;&lt;br \/&gt;Jordanien 2019&lt;br \/&gt;&lt;span style=&quot;font-size:85%;color:#949494;&quot;&gt;[Bild-Id: 16283]&lt;\/span&gt;\"\n               data-src=\"http:\/\/foto-passion.com\/wp-content\/gallery\/fotostrecke_jordanien_2019\/307_AP5A1366.jpg\"\n               data-thumbnail=\"http:\/\/foto-passion.com\/wp-content\/gallery\/fotostrecke_jordanien_2019\/thumbs\/thumbs_307_AP5A1366.jpg\"\n               data-image-id=\"16283\"\n               data-title=\"Ausgrabungen in Petra\"\n               data-description=\"&lt;strong&gt;Ausgrabungen in Petra&lt;\/strong&gt;&lt;br \/&gt;Jordanien 2019&lt;br \/&gt;&lt;span style=&quot;font-size:85%;color:#949494;&quot;&gt;[Bild-Id: 16283]&lt;\/span&gt;\"\n               data-image-slug=\"307_ap5a1366\"\n               class=\"ngg-simplelightbox\" rel=\"f2f3e18dafae4029206960fcf086599e\">\n                <img loading=\"lazy\"\n                    title=\"Ausgrabungen in Petra\"\n                    alt=\"Ausgrabungen in Petra\"\n                    src=\"http:\/\/foto-passion.com\/wp-content\/gallery\/fotostrecke_jordanien_2019\/cache\/307_AP5A1366.jpg-nggid0516283-ngg0dyn-150x100x100-00f0w010c011r110f110r010t010.jpg\"\n                    width=\"150\"\n                    height=\"100\"\n                    style=\"max-width:100%;\"\n                \/>\n            <\/a>\n        <\/div>\n\t\t\t\t\t\t\t<\/div> \n\t\t\t\n                            \n\t\t\t\t<div id=\"ngg-image-1\" class=\"ngg-gallery-thumbnail-box\" >\n\t\t\t\t        <div class=\"ngg-gallery-thumbnail\">\n            <a href=\"http:\/\/foto-passion.com\/wp-content\/gallery\/fotostrecke_jordanien_2019\/308_AP5A1397.jpg\"\n               title=\"&lt;strong&gt;Ausgrabungen in Petra&lt;\/strong&gt;&lt;br \/&gt;Jordanien 2019&lt;br \/&gt;&lt;span style=&quot;font-size:85%;color:#949494;&quot;&gt;[Bild-Id: 16287]&lt;\/span&gt;\"\n               data-src=\"http:\/\/foto-passion.com\/wp-content\/gallery\/fotostrecke_jordanien_2019\/308_AP5A1397.jpg\"\n               data-thumbnail=\"http:\/\/foto-passion.com\/wp-content\/gallery\/fotostrecke_jordanien_2019\/thumbs\/thumbs_308_AP5A1397.jpg\"\n               data-image-id=\"16287\"\n               data-title=\"Ausgrabungen in Petra\"\n               data-description=\"&lt;strong&gt;Ausgrabungen in Petra&lt;\/strong&gt;&lt;br \/&gt;Jordanien 2019&lt;br \/&gt;&lt;span style=&quot;font-size:85%;color:#949494;&quot;&gt;[Bild-Id: 16287]&lt;\/span&gt;\"\n               data-image-slug=\"308_ap5a1397\"\n               class=\"ngg-simplelightbox\" rel=\"f2f3e18dafae4029206960fcf086599e\">\n                <img loading=\"lazy\"\n                    title=\"Ausgrabungen in Petra\"\n                    alt=\"Ausgrabungen in Petra\"\n                    src=\"http:\/\/foto-passion.com\/wp-content\/gallery\/fotostrecke_jordanien_2019\/cache\/308_AP5A1397.jpg-nggid0516287-ngg0dyn-150x100x100-00f0w010c011r110f110r010t010.jpg\"\n                    width=\"150\"\n                    height=\"100\"\n                    style=\"max-width:100%;\"\n                \/>\n            <\/a>\n        <\/div>\n\t\t\t\t\t\t\t<\/div> \n\t\t\t\n                            \n\t\t\t\t<div id=\"ngg-image-2\" class=\"ngg-gallery-thumbnail-box\" >\n\t\t\t\t        <div class=\"ngg-gallery-thumbnail\">\n            <a href=\"http:\/\/foto-passion.com\/wp-content\/gallery\/fotostrecke_jordanien_2019\/309_AP5A1369.jpg\"\n               title=\"&lt;strong&gt;Ausgrabungen in Petra&lt;\/strong&gt;&lt;br \/&gt;Jordanien 2019&lt;br \/&gt;&lt;span style=&quot;font-size:85%;color:#949494;&quot;&gt;[Bild-Id: 16284]&lt;\/span&gt;\"\n               data-src=\"http:\/\/foto-passion.com\/wp-content\/gallery\/fotostrecke_jordanien_2019\/309_AP5A1369.jpg\"\n               data-thumbnail=\"http:\/\/foto-passion.com\/wp-content\/gallery\/fotostrecke_jordanien_2019\/thumbs\/thumbs_309_AP5A1369.jpg\"\n               data-image-id=\"16284\"\n               data-title=\"Ausgrabungen in Petra\"\n               data-description=\"&lt;strong&gt;Ausgrabungen in Petra&lt;\/strong&gt;&lt;br \/&gt;Jordanien 2019&lt;br \/&gt;&lt;span style=&quot;font-size:85%;color:#949494;&quot;&gt;[Bild-Id: 16284]&lt;\/span&gt;\"\n               data-image-slug=\"309_ap5a1369\"\n               class=\"ngg-simplelightbox\" rel=\"f2f3e18dafae4029206960fcf086599e\">\n                <img loading=\"lazy\"\n                    title=\"Ausgrabungen in Petra\"\n                    alt=\"Ausgrabungen in Petra\"\n                    src=\"http:\/\/foto-passion.com\/wp-content\/gallery\/fotostrecke_jordanien_2019\/cache\/309_AP5A1369.jpg-nggid0516284-ngg0dyn-150x100x100-00f0w010c011r110f110r010t010.jpg\"\n                    width=\"150\"\n                    height=\"100\"\n                    style=\"max-width:100%;\"\n                \/>\n            <\/a>\n        <\/div>\n\t\t\t\t\t\t\t<\/div> \n\t\t\t\n                            \n\t\t\t\t<div id=\"ngg-image-3\" class=\"ngg-gallery-thumbnail-box\" >\n\t\t\t\t        <div class=\"ngg-gallery-thumbnail\">\n            <a href=\"http:\/\/foto-passion.com\/wp-content\/gallery\/fotostrecke_jordanien_2019\/310_AP5A1388.jpg\"\n               title=\"&lt;strong&gt;Ausgrabungen in Petra&lt;\/strong&gt;&lt;br \/&gt;Jordanien 2019&lt;br \/&gt;&lt;span style=&quot;font-size:85%;color:#949494;&quot;&gt;[Bild-Id: 16286]&lt;\/span&gt;\"\n               data-src=\"http:\/\/foto-passion.com\/wp-content\/gallery\/fotostrecke_jordanien_2019\/310_AP5A1388.jpg\"\n               data-thumbnail=\"http:\/\/foto-passion.com\/wp-content\/gallery\/fotostrecke_jordanien_2019\/thumbs\/thumbs_310_AP5A1388.jpg\"\n               data-image-id=\"16286\"\n               data-title=\"Ausgrabungen in Petra\"\n               data-description=\"&lt;strong&gt;Ausgrabungen in Petra&lt;\/strong&gt;&lt;br \/&gt;Jordanien 2019&lt;br \/&gt;&lt;span style=&quot;font-size:85%;color:#949494;&quot;&gt;[Bild-Id: 16286]&lt;\/span&gt;\"\n               data-image-slug=\"310_ap5a1388\"\n               class=\"ngg-simplelightbox\" rel=\"f2f3e18dafae4029206960fcf086599e\">\n                <img loading=\"lazy\"\n                    title=\"Ausgrabungen in Petra\"\n                    alt=\"Ausgrabungen in Petra\"\n                    src=\"http:\/\/foto-passion.com\/wp-content\/gallery\/fotostrecke_jordanien_2019\/cache\/310_AP5A1388.jpg-nggid0516286-ngg0dyn-150x100x100-00f0w010c011r110f110r010t010.jpg\"\n                    width=\"150\"\n                    height=\"100\"\n                    style=\"max-width:100%;\"\n                \/>\n            <\/a>\n        <\/div>\n\t\t\t\t\t\t\t<\/div> \n\t\t\t\n                                    <br style=\"clear: both\" \/>\n                    \n\t\t\t\t<div id=\"ngg-image-4\" class=\"ngg-gallery-thumbnail-box\" >\n\t\t\t\t        <div class=\"ngg-gallery-thumbnail\">\n            <a href=\"http:\/\/foto-passion.com\/wp-content\/gallery\/fotostrecke_jordanien_2019\/311_AP5A2239.jpg\"\n               title=\"&lt;strong&gt;Blick auf die K\u00f6nigswand in Petra&lt;\/strong&gt;&lt;br \/&gt;Jordanien 2019&lt;br \/&gt;&lt;span style=&quot;font-size:85%;color:#949494;&quot;&gt;[Bild-Id: 16344]&lt;\/span&gt;\"\n               data-src=\"http:\/\/foto-passion.com\/wp-content\/gallery\/fotostrecke_jordanien_2019\/311_AP5A2239.jpg\"\n               data-thumbnail=\"http:\/\/foto-passion.com\/wp-content\/gallery\/fotostrecke_jordanien_2019\/thumbs\/thumbs_311_AP5A2239.jpg\"\n               data-image-id=\"16344\"\n               data-title=\"Blick auf die K\u00f6nigswand in Petra\"\n               data-description=\"&lt;strong&gt;Blick auf die K\u00f6nigswand in Petra&lt;\/strong&gt;&lt;br \/&gt;Jordanien 2019&lt;br \/&gt;&lt;span style=&quot;font-size:85%;color:#949494;&quot;&gt;[Bild-Id: 16344]&lt;\/span&gt;\"\n               data-image-slug=\"311_ap5a2239\"\n               class=\"ngg-simplelightbox\" rel=\"f2f3e18dafae4029206960fcf086599e\">\n                <img loading=\"lazy\"\n                    title=\"Blick auf die K\u00f6nigswand in Petra\"\n                    alt=\"Blick auf die K\u00f6nigswand in Petra\"\n                    src=\"http:\/\/foto-passion.com\/wp-content\/gallery\/fotostrecke_jordanien_2019\/cache\/311_AP5A2239.jpg-nggid0516344-ngg0dyn-150x100x100-00f0w010c011r110f110r010t010.jpg\"\n                    width=\"150\"\n                    height=\"100\"\n                    style=\"max-width:100%;\"\n                \/>\n            <\/a>\n        <\/div>\n\t\t\t\t\t\t\t<\/div> \n\t\t\t\n                            \n\t\t\t\t<div id=\"ngg-image-5\" class=\"ngg-gallery-thumbnail-box\" >\n\t\t\t\t        <div class=\"ngg-gallery-thumbnail\">\n            <a href=\"http:\/\/foto-passion.com\/wp-content\/gallery\/fotostrecke_jordanien_2019\/312_AP5A1143.jpg\"\n               title=\"&lt;strong&gt;Zahlreiche Gr\u00e4ber, Petra&lt;\/strong&gt;&lt;br \/&gt;Jordanien 2019&lt;br \/&gt;&lt;span style=&quot;font-size:85%;color:#949494;&quot;&gt;[Bild-Id: 16274]&lt;\/span&gt;\"\n               data-src=\"http:\/\/foto-passion.com\/wp-content\/gallery\/fotostrecke_jordanien_2019\/312_AP5A1143.jpg\"\n               data-thumbnail=\"http:\/\/foto-passion.com\/wp-content\/gallery\/fotostrecke_jordanien_2019\/thumbs\/thumbs_312_AP5A1143.jpg\"\n               data-image-id=\"16274\"\n               data-title=\"Zahlreiche Gr\u00e4ber, Petra\"\n               data-description=\"&lt;strong&gt;Zahlreiche Gr\u00e4ber, Petra&lt;\/strong&gt;&lt;br \/&gt;Jordanien 2019&lt;br \/&gt;&lt;span style=&quot;font-size:85%;color:#949494;&quot;&gt;[Bild-Id: 16274]&lt;\/span&gt;\"\n               data-image-slug=\"312_ap5a1143\"\n               class=\"ngg-simplelightbox\" rel=\"f2f3e18dafae4029206960fcf086599e\">\n                <img loading=\"lazy\"\n                    title=\"Zahlreiche Gr\u00e4ber, Petra\"\n                    alt=\"Zahlreiche Gr\u00e4ber, Petra\"\n                    src=\"http:\/\/foto-passion.com\/wp-content\/gallery\/fotostrecke_jordanien_2019\/cache\/312_AP5A1143.jpg-nggid0516274-ngg0dyn-150x100x100-00f0w010c011r110f110r010t010.jpg\"\n                    width=\"150\"\n                    height=\"100\"\n                    style=\"max-width:100%;\"\n                \/>\n            <\/a>\n        <\/div>\n\t\t\t\t\t\t\t<\/div> \n\t\t\t\n                            \n\t\t\t\t<div id=\"ngg-image-6\" class=\"ngg-gallery-thumbnail-box\" >\n\t\t\t\t        <div class=\"ngg-gallery-thumbnail\">\n            <a href=\"http:\/\/foto-passion.com\/wp-content\/gallery\/fotostrecke_jordanien_2019\/313_AP5A2253.jpg\"\n               title=\"&lt;strong&gt;Zahlreiche Gr\u00e4ber, Petra&lt;\/strong&gt;&lt;br \/&gt;Jordanien 2019&lt;br \/&gt;&lt;span style=&quot;font-size:85%;color:#949494;&quot;&gt;[Bild-Id: 16346]&lt;\/span&gt;\"\n               data-src=\"http:\/\/foto-passion.com\/wp-content\/gallery\/fotostrecke_jordanien_2019\/313_AP5A2253.jpg\"\n               data-thumbnail=\"http:\/\/foto-passion.com\/wp-content\/gallery\/fotostrecke_jordanien_2019\/thumbs\/thumbs_313_AP5A2253.jpg\"\n               data-image-id=\"16346\"\n               data-title=\"Zahlreiche Gr\u00e4ber, Petra\"\n               data-description=\"&lt;strong&gt;Zahlreiche Gr\u00e4ber, Petra&lt;\/strong&gt;&lt;br \/&gt;Jordanien 2019&lt;br \/&gt;&lt;span style=&quot;font-size:85%;color:#949494;&quot;&gt;[Bild-Id: 16346]&lt;\/span&gt;\"\n               data-image-slug=\"313_ap5a2253\"\n               class=\"ngg-simplelightbox\" rel=\"f2f3e18dafae4029206960fcf086599e\">\n                <img loading=\"lazy\"\n                    title=\"Zahlreiche Gr\u00e4ber, Petra\"\n                    alt=\"Zahlreiche Gr\u00e4ber, Petra\"\n                    src=\"http:\/\/foto-passion.com\/wp-content\/gallery\/fotostrecke_jordanien_2019\/cache\/313_AP5A2253.jpg-nggid0516346-ngg0dyn-150x100x100-00f0w010c011r110f110r010t010.jpg\"\n                    width=\"150\"\n                    height=\"100\"\n                    style=\"max-width:100%;\"\n                \/>\n            <\/a>\n        <\/div>\n\t\t\t\t\t\t\t<\/div> \n\t\t\t\n                            \n\t\t\t\t<div id=\"ngg-image-7\" class=\"ngg-gallery-thumbnail-box\" >\n\t\t\t\t        <div class=\"ngg-gallery-thumbnail\">\n            <a href=\"http:\/\/foto-passion.com\/wp-content\/gallery\/fotostrecke_jordanien_2019\/314_AP5A2235.jpg\"\n               title=\"&lt;strong&gt;Zahlreiche Gr\u00e4ber, Petra&lt;\/strong&gt;&lt;br \/&gt;Jordanien 2019&lt;br \/&gt;&lt;span style=&quot;font-size:85%;color:#949494;&quot;&gt;[Bild-Id: 16343]&lt;\/span&gt;\"\n               data-src=\"http:\/\/foto-passion.com\/wp-content\/gallery\/fotostrecke_jordanien_2019\/314_AP5A2235.jpg\"\n               data-thumbnail=\"http:\/\/foto-passion.com\/wp-content\/gallery\/fotostrecke_jordanien_2019\/thumbs\/thumbs_314_AP5A2235.jpg\"\n               data-image-id=\"16343\"\n               data-title=\"Zahlreiche Gr\u00e4ber, Petra\"\n               data-description=\"&lt;strong&gt;Zahlreiche Gr\u00e4ber, Petra&lt;\/strong&gt;&lt;br \/&gt;Jordanien 2019&lt;br \/&gt;&lt;span style=&quot;font-size:85%;color:#949494;&quot;&gt;[Bild-Id: 16343]&lt;\/span&gt;\"\n               data-image-slug=\"314_ap5a2235\"\n               class=\"ngg-simplelightbox\" rel=\"f2f3e18dafae4029206960fcf086599e\">\n                <img loading=\"lazy\"\n                    title=\"Zahlreiche Gr\u00e4ber, Petra\"\n                    alt=\"Zahlreiche Gr\u00e4ber, Petra\"\n                    src=\"http:\/\/foto-passion.com\/wp-content\/gallery\/fotostrecke_jordanien_2019\/cache\/314_AP5A2235.jpg-nggid0516343-ngg0dyn-150x100x100-00f0w010c011r110f110r010t010.jpg\"\n                    width=\"150\"\n                    height=\"100\"\n                    style=\"max-width:100%;\"\n                \/>\n            <\/a>\n        <\/div>\n\t\t\t\t\t\t\t<\/div> \n\t\t\t\n                                    <br style=\"clear: both\" \/>\n                    \n\t\t\t\t<div id=\"ngg-image-8\" class=\"ngg-gallery-thumbnail-box\" >\n\t\t\t\t        <div class=\"ngg-gallery-thumbnail\">\n            <a href=\"http:\/\/foto-passion.com\/wp-content\/gallery\/fotostrecke_jordanien_2019\/315_AP5A2246.jpg\"\n               title=\"&lt;strong&gt;Blick auf die K\u00f6nigswand in Petra&lt;\/strong&gt;&lt;br \/&gt;Jordanien 2019&lt;br \/&gt;&lt;span style=&quot;font-size:85%;color:#949494;&quot;&gt;[Bild-Id: 16345]&lt;\/span&gt;\"\n               data-src=\"http:\/\/foto-passion.com\/wp-content\/gallery\/fotostrecke_jordanien_2019\/315_AP5A2246.jpg\"\n               data-thumbnail=\"http:\/\/foto-passion.com\/wp-content\/gallery\/fotostrecke_jordanien_2019\/thumbs\/thumbs_315_AP5A2246.jpg\"\n               data-image-id=\"16345\"\n               data-title=\"Blick auf die K\u00f6nigswand in Petra\"\n               data-description=\"&lt;strong&gt;Blick auf die K\u00f6nigswand in Petra&lt;\/strong&gt;&lt;br \/&gt;Jordanien 2019&lt;br \/&gt;&lt;span style=&quot;font-size:85%;color:#949494;&quot;&gt;[Bild-Id: 16345]&lt;\/span&gt;\"\n               data-image-slug=\"315_ap5a2246\"\n               class=\"ngg-simplelightbox\" rel=\"f2f3e18dafae4029206960fcf086599e\">\n                <img loading=\"lazy\"\n                    title=\"Blick auf die K\u00f6nigswand in Petra\"\n                    alt=\"Blick auf die K\u00f6nigswand in Petra\"\n                    src=\"http:\/\/foto-passion.com\/wp-content\/gallery\/fotostrecke_jordanien_2019\/cache\/315_AP5A2246.jpg-nggid0516345-ngg0dyn-150x100x100-00f0w010c011r110f110r010t010.jpg\"\n                    width=\"150\"\n                    height=\"100\"\n                    style=\"max-width:100%;\"\n                \/>\n            <\/a>\n        <\/div>\n\t\t\t\t\t\t\t<\/div> \n\t\t\t\n                            \n\t\t\t\t<div id=\"ngg-image-9\" class=\"ngg-gallery-thumbnail-box\" >\n\t\t\t\t        <div class=\"ngg-gallery-thumbnail\">\n            <a href=\"http:\/\/foto-passion.com\/wp-content\/gallery\/fotostrecke_jordanien_2019\/316_AP5A2899.jpg\"\n               title=\"&lt;strong&gt;Blick auf die K\u00f6nigswand in Petra&lt;\/strong&gt;&lt;br \/&gt;Jordanien 2019&lt;br \/&gt;&lt;span style=&quot;font-size:85%;color:#949494;&quot;&gt;[Bild-Id: 16393]&lt;\/span&gt;\"\n               data-src=\"http:\/\/foto-passion.com\/wp-content\/gallery\/fotostrecke_jordanien_2019\/316_AP5A2899.jpg\"\n               data-thumbnail=\"http:\/\/foto-passion.com\/wp-content\/gallery\/fotostrecke_jordanien_2019\/thumbs\/thumbs_316_AP5A2899.jpg\"\n               data-image-id=\"16393\"\n               data-title=\"Blick auf die K\u00f6nigswand in Petra\"\n               data-description=\"&lt;strong&gt;Blick auf die K\u00f6nigswand in Petra&lt;\/strong&gt;&lt;br \/&gt;Jordanien 2019&lt;br \/&gt;&lt;span style=&quot;font-size:85%;color:#949494;&quot;&gt;[Bild-Id: 16393]&lt;\/span&gt;\"\n               data-image-slug=\"316_ap5a2899\"\n               class=\"ngg-simplelightbox\" rel=\"f2f3e18dafae4029206960fcf086599e\">\n                <img loading=\"lazy\"\n                    title=\"Blick auf die K\u00f6nigswand in Petra\"\n                    alt=\"Blick auf die K\u00f6nigswand in Petra\"\n                    src=\"http:\/\/foto-passion.com\/wp-content\/gallery\/fotostrecke_jordanien_2019\/cache\/316_AP5A2899.jpg-nggid0516393-ngg0dyn-150x100x100-00f0w010c011r110f110r010t010.jpg\"\n                    width=\"150\"\n                    height=\"100\"\n                    style=\"max-width:100%;\"\n                \/>\n            <\/a>\n        <\/div>\n\t\t\t\t\t\t\t<\/div> \n\t\t\t\n                            \n\t\t\t\t<div id=\"ngg-image-10\" class=\"ngg-gallery-thumbnail-box\" >\n\t\t\t\t        <div class=\"ngg-gallery-thumbnail\">\n            <a href=\"http:\/\/foto-passion.com\/wp-content\/gallery\/fotostrecke_jordanien_2019\/317_AP5A2897.jpg\"\n               title=\"&lt;strong&gt;Palastgrab (links) und Korinthisches Grab (rechts),&lt;\/strong&gt;&lt;br \/&gt;Jordanien 2019&lt;br \/&gt;&lt;span style=&quot;font-size:85%;color:#949494;&quot;&gt;[Bild-Id: 16392]&lt;\/span&gt;\"\n               data-src=\"http:\/\/foto-passion.com\/wp-content\/gallery\/fotostrecke_jordanien_2019\/317_AP5A2897.jpg\"\n               data-thumbnail=\"http:\/\/foto-passion.com\/wp-content\/gallery\/fotostrecke_jordanien_2019\/thumbs\/thumbs_317_AP5A2897.jpg\"\n               data-image-id=\"16392\"\n               data-title=\"Palastgrab (links) und Korinthisches Grab (rechts),\"\n               data-description=\"&lt;strong&gt;Palastgrab (links) und Korinthisches Grab (rechts),&lt;\/strong&gt;&lt;br \/&gt;Jordanien 2019&lt;br \/&gt;&lt;span style=&quot;font-size:85%;color:#949494;&quot;&gt;[Bild-Id: 16392]&lt;\/span&gt;\"\n               data-image-slug=\"317_ap5a2897\"\n               class=\"ngg-simplelightbox\" rel=\"f2f3e18dafae4029206960fcf086599e\">\n                <img loading=\"lazy\"\n                    title=\"Palastgrab (links) und Korinthisches Grab (rechts),\"\n                    alt=\"Palastgrab (links) und Korinthisches Grab (rechts),\"\n                    src=\"http:\/\/foto-passion.com\/wp-content\/gallery\/fotostrecke_jordanien_2019\/cache\/317_AP5A2897.jpg-nggid0516392-ngg0dyn-150x100x100-00f0w010c011r110f110r010t010.jpg\"\n                    width=\"150\"\n                    height=\"100\"\n                    style=\"max-width:100%;\"\n                \/>\n            <\/a>\n        <\/div>\n\t\t\t\t\t\t\t<\/div> \n\t\t\t\n                            \n\t\t\t\t<div id=\"ngg-image-11\" class=\"ngg-gallery-thumbnail-box\" >\n\t\t\t\t        <div class=\"ngg-gallery-thumbnail\">\n            <a href=\"http:\/\/foto-passion.com\/wp-content\/gallery\/fotostrecke_jordanien_2019\/318_AP5A2895.jpg\"\n               title=\"&lt;strong&gt;Petra&lt;\/strong&gt;&lt;br \/&gt;Jordanien 2019&lt;br \/&gt;&lt;span style=&quot;font-size:85%;color:#949494;&quot;&gt;[Bild-Id: 16391]&lt;\/span&gt;\"\n               data-src=\"http:\/\/foto-passion.com\/wp-content\/gallery\/fotostrecke_jordanien_2019\/318_AP5A2895.jpg\"\n               data-thumbnail=\"http:\/\/foto-passion.com\/wp-content\/gallery\/fotostrecke_jordanien_2019\/thumbs\/thumbs_318_AP5A2895.jpg\"\n               data-image-id=\"16391\"\n               data-title=\"Petra\"\n               data-description=\"&lt;strong&gt;Petra&lt;\/strong&gt;&lt;br \/&gt;Jordanien 2019&lt;br \/&gt;&lt;span style=&quot;font-size:85%;color:#949494;&quot;&gt;[Bild-Id: 16391]&lt;\/span&gt;\"\n               data-image-slug=\"318_ap5a2895\"\n               class=\"ngg-simplelightbox\" rel=\"f2f3e18dafae4029206960fcf086599e\">\n                <img loading=\"lazy\"\n                    title=\"Petra\"\n                    alt=\"Petra\"\n                    src=\"http:\/\/foto-passion.com\/wp-content\/gallery\/fotostrecke_jordanien_2019\/cache\/318_AP5A2895.jpg-nggid0516391-ngg0dyn-150x100x100-00f0w010c011r110f110r010t010.jpg\"\n                    width=\"150\"\n                    height=\"100\"\n                    style=\"max-width:100%;\"\n                \/>\n            <\/a>\n        <\/div>\n\t\t\t\t\t\t\t<\/div> \n\t\t\t\n                                    <br style=\"clear: both\" \/>\n                    \n\t\t\n\t\t<div class=\"ngg-clear\"><\/div>\n\t<\/div>\n<\/p>\t\t\t\t\t<\/div>\n\t\t\t\t\t\t<\/div>\n\t\t\t\t<\/div>\n\t\t\t\t\t\t<\/div>\n\t\t\t\t\t<\/div>\n\t\t<\/div>\n\t\t\t\t\t\t\t\t<\/div>\n\t\t\t\t\t<\/div>\n\t\t<\/section>\n\t\t\t\t<section class=\"elementor-section elementor-top-section elementor-element elementor-element-381370f elementor-section-boxed elementor-section-height-default elementor-section-height-default\" data-id=\"381370f\" data-element_type=\"section\">\n\t\t\t\t\t\t<div class=\"elementor-container elementor-column-gap-default\">\n\t\t\t\t\t\t\t<div class=\"elementor-row\">\n\t\t\t\t\t<div class=\"elementor-column elementor-col-100 elementor-top-column elementor-element elementor-element-828c261\" data-id=\"828c261\" data-element_type=\"column\">\n\t\t\t<div class=\"elementor-column-wrap elementor-element-populated\">\n\t\t\t\t\t\t\t<div class=\"elementor-widget-wrap\">\n\t\t\t\t\t\t<div class=\"elementor-element elementor-element-8d9f626 elementor-widget elementor-widget-text-editor\" data-id=\"8d9f626\" data-element_type=\"widget\" data-widget_type=\"text-editor.default\">\n\t\t\t\t<div class=\"elementor-widget-container\">\n\t\t\t\t\t\t\t\t<div class=\"elementor-text-editor elementor-clearfix\">\n\t\t\t\t\t<p style=\"text-align: justify;\">Jetzt, nachdem die Sonne hinter den hohen Bergen verschwunden ist, schlie\u00dfen die zahllosen Souvenirverk\u00e4ufer ihre St\u00e4nde, wobei die meisten von ihnen ihre Auslagen einfach liegen lassen. Viele machen sich nicht einmal die M\u00fche, die Ware abzudecken. Nun kommen pl\u00f6tzlich aus allen Ecken Fahrzeuge zum Vorschein, mit denen die Souvenirverk\u00e4ufer nach Hause fahren. Die Esel- und Pferdef\u00fchrer treffen sich auf ein gem\u00fctliches Schw\u00e4tzchen und so nach und nach verlassen die Menschen diese rosa Stadt. Tats\u00e4chlich beginnen sich die Berge n\u00e4mlich rosa zu f\u00e4rben, nachdem die Sonne sie nicht mehr anleuchtet. And\u00e4chtig sitzen wir hoch oben auf einem Felsvorsprung und schauen ein letztes Mal in dieses historische Tal.<\/p>\t\t\t\t\t<\/div>\n\t\t\t\t\t\t<\/div>\n\t\t\t\t<\/div>\n\t\t\t\t\t\t<\/div>\n\t\t\t\t\t<\/div>\n\t\t<\/div>\n\t\t\t\t\t\t\t\t<\/div>\n\t\t\t\t\t<\/div>\n\t\t<\/section>\n\t\t\t\t<section class=\"elementor-section elementor-top-section elementor-element elementor-element-045818b elementor-section-boxed elementor-section-height-default elementor-section-height-default\" data-id=\"045818b\" data-element_type=\"section\">\n\t\t\t\t\t\t<div class=\"elementor-container elementor-column-gap-default\">\n\t\t\t\t\t\t\t<div class=\"elementor-row\">\n\t\t\t\t\t<div class=\"elementor-column elementor-col-100 elementor-top-column elementor-element elementor-element-cf9e1ed\" data-id=\"cf9e1ed\" data-element_type=\"column\">\n\t\t\t<div class=\"elementor-column-wrap elementor-element-populated\">\n\t\t\t\t\t\t\t<div class=\"elementor-widget-wrap\">\n\t\t\t\t\t\t<div class=\"elementor-element elementor-element-91f0a6b elementor-widget elementor-widget-text-editor\" data-id=\"91f0a6b\" data-element_type=\"widget\" data-widget_type=\"text-editor.default\">\n\t\t\t\t<div class=\"elementor-widget-container\">\n\t\t\t\t\t\t\t\t<div class=\"elementor-text-editor elementor-clearfix\">\n\t\t\t\t\t<div id=\"attachment_33398\" style=\"width: 1210px\" class=\"wp-caption aligncenter\"><a href=\"http:\/\/foto-passion.com\/wp-content\/uploads\/2021\/01\/319_AP5A1582-Pano.jpg\"><img loading=\"lazy\" aria-describedby=\"caption-attachment-33398\" class=\"size-full wp-image-33398\" src=\"http:\/\/foto-passion.com\/wp-content\/uploads\/2021\/01\/319_AP5A1582-Pano.jpg\" alt=\"\" width=\"1200\" height=\"143\" srcset=\"http:\/\/foto-passion.com\/wp-content\/uploads\/2021\/01\/319_AP5A1582-Pano.jpg 1200w, http:\/\/foto-passion.com\/wp-content\/uploads\/2021\/01\/319_AP5A1582-Pano-300x36.jpg 300w, http:\/\/foto-passion.com\/wp-content\/uploads\/2021\/01\/319_AP5A1582-Pano-1024x122.jpg 1024w, http:\/\/foto-passion.com\/wp-content\/uploads\/2021\/01\/319_AP5A1582-Pano-768x92.jpg 768w\" sizes=\"(max-width: 1200px) 100vw, 1200px\" \/><\/a><p id=\"caption-attachment-33398\" class=\"wp-caption-text\">Die Felsenstadt Petra hat gigantische Ausma\u00dfe<\/p><\/div>\t\t\t\t\t<\/div>\n\t\t\t\t\t\t<\/div>\n\t\t\t\t<\/div>\n\t\t\t\t\t\t<\/div>\n\t\t\t\t\t<\/div>\n\t\t<\/div>\n\t\t\t\t\t\t\t\t<\/div>\n\t\t\t\t\t<\/div>\n\t\t<\/section>\n\t\t\t\t<section class=\"elementor-section elementor-top-section elementor-element elementor-element-3a781a5 elementor-section-boxed elementor-section-height-default elementor-section-height-default\" data-id=\"3a781a5\" data-element_type=\"section\">\n\t\t\t\t\t\t<div class=\"elementor-container elementor-column-gap-default\">\n\t\t\t\t\t\t\t<div class=\"elementor-row\">\n\t\t\t\t\t<div class=\"elementor-column elementor-col-100 elementor-top-column elementor-element elementor-element-a01fc0c\" data-id=\"a01fc0c\" data-element_type=\"column\">\n\t\t\t<div class=\"elementor-column-wrap elementor-element-populated\">\n\t\t\t\t\t\t\t<div class=\"elementor-widget-wrap\">\n\t\t\t\t\t\t<div class=\"elementor-element elementor-element-b8a0be4 elementor-widget elementor-widget-text-editor\" data-id=\"b8a0be4\" data-element_type=\"widget\" data-widget_type=\"text-editor.default\">\n\t\t\t\t<div class=\"elementor-widget-container\">\n\t\t\t\t\t\t\t\t<div class=\"elementor-text-editor elementor-clearfix\">\n\t\t\t\t\t<p style=\"text-align: left;\"><!-- index.php -->\n<div\n\tclass=\"ngg-galleryoverview ngg-ajax-pagination-none\"\n\tid=\"ngg-gallery-3f074b4f28066c1d972f63cf58e09395-1\">\n\n    \t\t<!-- Thumbnails -->\n\t\t\t\t<div id=\"ngg-image-0\" class=\"ngg-gallery-thumbnail-box\" >\n\t\t\t\t        <div class=\"ngg-gallery-thumbnail\">\n            <a href=\"http:\/\/foto-passion.com\/wp-content\/gallery\/fotostrecke_jordanien_2019\/255_AP5A1966.jpg\"\n               title=\"&lt;strong&gt;Auf dem Plateau&lt;\/strong&gt;&lt;br \/&gt;Jordanien 2019&lt;br \/&gt;&lt;span style=&quot;font-size:85%;color:#949494;&quot;&gt;[Bild-Id: 16325]&lt;\/span&gt;\"\n               data-src=\"http:\/\/foto-passion.com\/wp-content\/gallery\/fotostrecke_jordanien_2019\/255_AP5A1966.jpg\"\n               data-thumbnail=\"http:\/\/foto-passion.com\/wp-content\/gallery\/fotostrecke_jordanien_2019\/thumbs\/thumbs_255_AP5A1966.jpg\"\n               data-image-id=\"16325\"\n               data-title=\"Auf dem Plateau\"\n               data-description=\"&lt;strong&gt;Auf dem Plateau&lt;\/strong&gt;&lt;br \/&gt;Jordanien 2019&lt;br \/&gt;&lt;span style=&quot;font-size:85%;color:#949494;&quot;&gt;[Bild-Id: 16325]&lt;\/span&gt;\"\n               data-image-slug=\"255_ap5a1966\"\n               class=\"ngg-simplelightbox\" rel=\"3f074b4f28066c1d972f63cf58e09395\">\n                <img loading=\"lazy\"\n                    title=\"Auf dem Plateau\"\n                    alt=\"Auf dem Plateau\"\n                    src=\"http:\/\/foto-passion.com\/wp-content\/gallery\/fotostrecke_jordanien_2019\/cache\/255_AP5A1966.jpg-nggid0516325-ngg0dyn-150x100x100-00f0w010c011r110f110r010t010.jpg\"\n                    width=\"150\"\n                    height=\"100\"\n                    style=\"max-width:100%;\"\n                \/>\n            <\/a>\n        <\/div>\n\t\t\t\t\t\t\t<\/div> \n\t\t\t\n                            \n\t\t\t\t<div id=\"ngg-image-1\" class=\"ngg-gallery-thumbnail-box\" >\n\t\t\t\t        <div class=\"ngg-gallery-thumbnail\">\n            <a href=\"http:\/\/foto-passion.com\/wp-content\/gallery\/fotostrecke_jordanien_2019\/320_AP5A3023.jpg\"\n               title=\"&lt;strong&gt;Felsengr\u00e4ber in Petra&lt;\/strong&gt;&lt;br \/&gt;Jordanien 2019&lt;br \/&gt;&lt;span style=&quot;font-size:85%;color:#949494;&quot;&gt;[Bild-Id: 16400]&lt;\/span&gt;\"\n               data-src=\"http:\/\/foto-passion.com\/wp-content\/gallery\/fotostrecke_jordanien_2019\/320_AP5A3023.jpg\"\n               data-thumbnail=\"http:\/\/foto-passion.com\/wp-content\/gallery\/fotostrecke_jordanien_2019\/thumbs\/thumbs_320_AP5A3023.jpg\"\n               data-image-id=\"16400\"\n               data-title=\"Felsengr\u00e4ber in Petra\"\n               data-description=\"&lt;strong&gt;Felsengr\u00e4ber in Petra&lt;\/strong&gt;&lt;br \/&gt;Jordanien 2019&lt;br \/&gt;&lt;span style=&quot;font-size:85%;color:#949494;&quot;&gt;[Bild-Id: 16400]&lt;\/span&gt;\"\n               data-image-slug=\"320_ap5a3023\"\n               class=\"ngg-simplelightbox\" rel=\"3f074b4f28066c1d972f63cf58e09395\">\n                <img loading=\"lazy\"\n                    title=\"Felsengr\u00e4ber in Petra\"\n                    alt=\"Felsengr\u00e4ber in Petra\"\n                    src=\"http:\/\/foto-passion.com\/wp-content\/gallery\/fotostrecke_jordanien_2019\/cache\/320_AP5A3023.jpg-nggid0516400-ngg0dyn-150x100x100-00f0w010c011r110f110r010t010.jpg\"\n                    width=\"150\"\n                    height=\"100\"\n                    style=\"max-width:100%;\"\n                \/>\n            <\/a>\n        <\/div>\n\t\t\t\t\t\t\t<\/div> \n\t\t\t\n                            \n\t\t\t\t<div id=\"ngg-image-2\" class=\"ngg-gallery-thumbnail-box\" >\n\t\t\t\t        <div class=\"ngg-gallery-thumbnail\">\n            <a href=\"http:\/\/foto-passion.com\/wp-content\/gallery\/fotostrecke_jordanien_2019\/321_AP5A3044.jpg\"\n               title=\"&lt;strong&gt;Felsengr\u00e4ber in Petra&lt;\/strong&gt;&lt;br \/&gt;Jordanien 2019&lt;br \/&gt;&lt;span&gt;[Bild-Id: 16401]&lt;\/span&gt;\"\n               data-src=\"http:\/\/foto-passion.com\/wp-content\/gallery\/fotostrecke_jordanien_2019\/321_AP5A3044.jpg\"\n               data-thumbnail=\"http:\/\/foto-passion.com\/wp-content\/gallery\/fotostrecke_jordanien_2019\/thumbs\/thumbs_321_AP5A3044.jpg\"\n               data-image-id=\"16401\"\n               data-title=\"Felsengr\u00e4ber in Petra\"\n               data-description=\"&lt;strong&gt;Felsengr\u00e4ber in Petra&lt;\/strong&gt;&lt;br \/&gt;Jordanien 2019&lt;br \/&gt;&lt;span&gt;[Bild-Id: 16401]&lt;\/span&gt;\"\n               data-image-slug=\"felsengraeber-in-petra\"\n               class=\"ngg-simplelightbox\" rel=\"3f074b4f28066c1d972f63cf58e09395\">\n                <img loading=\"lazy\"\n                    title=\"Felsengr\u00e4ber in Petra\"\n                    alt=\"Felsengr\u00e4ber in Petra\"\n                    src=\"http:\/\/foto-passion.com\/wp-content\/gallery\/fotostrecke_jordanien_2019\/cache\/321_AP5A3044.jpg-nggid0516401-ngg0dyn-150x100x100-00f0w010c011r110f110r010t010.jpg\"\n                    width=\"150\"\n                    height=\"100\"\n                    style=\"max-width:100%;\"\n                \/>\n            <\/a>\n        <\/div>\n\t\t\t\t\t\t\t<\/div> \n\t\t\t\n                            \n\t\t\t\t<div id=\"ngg-image-3\" class=\"ngg-gallery-thumbnail-box\" >\n\t\t\t\t        <div class=\"ngg-gallery-thumbnail\">\n            <a href=\"http:\/\/foto-passion.com\/wp-content\/gallery\/fotostrecke_jordanien_2019\/323_AP5A3049.jpg\"\n               title=\"&lt;strong&gt;Das Schatzhaus in Petra&lt;\/strong&gt;&lt;br \/&gt;Jordanien 2019&lt;br \/&gt;&lt;span&gt;[Bild-Id: 16402]&lt;\/span&gt;\"\n               data-src=\"http:\/\/foto-passion.com\/wp-content\/gallery\/fotostrecke_jordanien_2019\/323_AP5A3049.jpg\"\n               data-thumbnail=\"http:\/\/foto-passion.com\/wp-content\/gallery\/fotostrecke_jordanien_2019\/thumbs\/thumbs_323_AP5A3049.jpg\"\n               data-image-id=\"16402\"\n               data-title=\"Das Schatzhaus in Petra\"\n               data-description=\"&lt;strong&gt;Das Schatzhaus in Petra&lt;\/strong&gt;&lt;br \/&gt;Jordanien 2019&lt;br \/&gt;&lt;span&gt;[Bild-Id: 16402]&lt;\/span&gt;\"\n               data-image-slug=\"das-schatzhaus-in-petra\"\n               class=\"ngg-simplelightbox\" rel=\"3f074b4f28066c1d972f63cf58e09395\">\n                <img loading=\"lazy\"\n                    title=\"Das Schatzhaus in Petra\"\n                    alt=\"Das Schatzhaus in Petra\"\n                    src=\"http:\/\/foto-passion.com\/wp-content\/gallery\/fotostrecke_jordanien_2019\/cache\/323_AP5A3049.jpg-nggid0516402-ngg0dyn-150x100x100-00f0w010c011r110f110r010t010.jpg\"\n                    width=\"150\"\n                    height=\"100\"\n                    style=\"max-width:100%;\"\n                \/>\n            <\/a>\n        <\/div>\n\t\t\t\t\t\t\t<\/div> \n\t\t\t\n                                    <br style=\"clear: both\" \/>\n                    \n\t\t\n\t\t<div class=\"ngg-clear\"><\/div>\n\t<\/div>\n<\/p>\t\t\t\t\t<\/div>\n\t\t\t\t\t\t<\/div>\n\t\t\t\t<\/div>\n\t\t\t\t\t\t<\/div>\n\t\t\t\t\t<\/div>\n\t\t<\/div>\n\t\t\t\t\t\t\t\t<\/div>\n\t\t\t\t\t<\/div>\n\t\t<\/section>\n\t\t\t\t<section class=\"elementor-section elementor-top-section elementor-element elementor-element-6bc7041 elementor-section-boxed elementor-section-height-default elementor-section-height-default\" data-id=\"6bc7041\" data-element_type=\"section\">\n\t\t\t\t\t\t<div class=\"elementor-container elementor-column-gap-default\">\n\t\t\t\t\t\t\t<div class=\"elementor-row\">\n\t\t\t\t\t<div class=\"elementor-column elementor-col-100 elementor-top-column elementor-element elementor-element-06d7476\" data-id=\"06d7476\" data-element_type=\"column\">\n\t\t\t<div class=\"elementor-column-wrap elementor-element-populated\">\n\t\t\t\t\t\t\t<div class=\"elementor-widget-wrap\">\n\t\t\t\t\t\t<div class=\"elementor-element elementor-element-174ff0f elementor-widget elementor-widget-text-editor\" data-id=\"174ff0f\" data-element_type=\"widget\" data-widget_type=\"text-editor.default\">\n\t\t\t\t<div class=\"elementor-widget-container\">\n\t\t\t\t\t\t\t\t<div class=\"elementor-text-editor elementor-clearfix\">\n\t\t\t\t\t<p style=\"text-align: justify;\">Was w\u00fcrde ich darum geben zu wissen, wie es hier fr\u00fcher wirklich einmal ausgesehen hat und wie die Menschen gelebt haben. Wie viel Wahrheit steckt in den Erkenntnissen der Arch\u00e4ologen und Historiker wirklich? Nun, wir werden es nicht erfahren und m\u00fcssen unsere eigene Fantasie bem\u00fchen. Wir verlassen die alte Stadt Petra erst nach Einbruch der Dunkelheit. Schon brennen wieder die ersten Kerzen am Weg in Richtung Siq denn heute wiederholt sich die Veranstaltung von gestern. Wir sind hungrig, gehen heute mal woanders essen und sind froh, endlich unsere Beine hochlegen zu k\u00f6nnen.<\/p><p style=\"text-align: justify;\">Obwohl wir heute \u2013 im Vergleich zu den letzten Tagen &#8211; nicht viel unternommen haben, sind wir wieder 17.400 Schritte (=13,6 km) gelaufen und 34 Etagen aufgestiegen. In Petra muss man echt gut zu Fu\u00df sein. Immerhin sind wir in den drei Tagen unseres Aufenthaltes in Petra insgesamt 58 km gelaufen und man soll es nicht glauben, hier kommen welche mit Flipflops und Sandalen an.<\/p>\t\t\t\t\t<\/div>\n\t\t\t\t\t\t<\/div>\n\t\t\t\t<\/div>\n\t\t\t\t\t\t<\/div>\n\t\t\t\t\t<\/div>\n\t\t<\/div>\n\t\t\t\t\t\t\t\t<\/div>\n\t\t\t\t\t<\/div>\n\t\t<\/section>\n\t\t\t\t<section class=\"elementor-section elementor-top-section elementor-element elementor-element-7ed0090 elementor-section-boxed elementor-section-height-default elementor-section-height-default\" data-id=\"7ed0090\" data-element_type=\"section\">\n\t\t\t\t\t\t<div class=\"elementor-container elementor-column-gap-default\">\n\t\t\t\t\t\t\t<div class=\"elementor-row\">\n\t\t\t\t\t<div class=\"elementor-column elementor-col-100 elementor-top-column elementor-element elementor-element-731f0cf\" data-id=\"731f0cf\" data-element_type=\"column\">\n\t\t\t<div class=\"elementor-column-wrap elementor-element-populated\">\n\t\t\t\t\t\t\t<div class=\"elementor-widget-wrap\">\n\t\t\t\t\t\t<div class=\"elementor-element elementor-element-6d7a758 elementor-widget elementor-widget-text-editor\" data-id=\"6d7a758\" data-element_type=\"widget\" data-widget_type=\"text-editor.default\">\n\t\t\t\t<div class=\"elementor-widget-container\">\n\t\t\t\t\t\t\t\t<div class=\"elementor-text-editor elementor-clearfix\">\n\t\t\t\t\t<p><strong>11.10.2019\u00a0\u00a0\u00a0\u00a0 Petra \u201cSellar Hotel\u201d<\/strong><\/p><p style=\"text-align: justify;\">In Petra kennen wir jetzt jeden Stein. Zwar k\u00f6nnten wir mit unserem Jordan-Pass noch einmal auf das historische Gel\u00e4nde, aber das haben wir abgearbeitet. So bleibt heute eigentlich ein Tag \u00fcbrig. Das Hotel umbuchen, hat nicht funktioniert, also tun wir etwas, was zwar Bl\u00f6dsinn ist, aber zumindest den Tag sinnvoll f\u00fcllt. Wir fahren schon mal die zwei Stunden nach Aqaba. In diesem Ort am Roten Meer k\u00f6nnen wir baden und schnorcheln gehen, denn es soll im Aqua Marine Park eine sehr sch\u00f6ne Unterwasserwelt geben.<\/p>\t\t\t\t\t<\/div>\n\t\t\t\t\t\t<\/div>\n\t\t\t\t<\/div>\n\t\t\t\t\t\t<\/div>\n\t\t\t\t\t<\/div>\n\t\t<\/div>\n\t\t\t\t\t\t\t\t<\/div>\n\t\t\t\t\t<\/div>\n\t\t<\/section>\n\t\t\t\t<section class=\"elementor-section elementor-top-section elementor-element elementor-element-fffb9bc elementor-section-boxed elementor-section-height-default elementor-section-height-default\" data-id=\"fffb9bc\" data-element_type=\"section\">\n\t\t\t\t\t\t<div class=\"elementor-container elementor-column-gap-default\">\n\t\t\t\t\t\t\t<div class=\"elementor-row\">\n\t\t\t\t\t<div class=\"elementor-column elementor-col-100 elementor-top-column elementor-element elementor-element-67412dd\" data-id=\"67412dd\" data-element_type=\"column\">\n\t\t\t<div class=\"elementor-column-wrap elementor-element-populated\">\n\t\t\t\t\t\t\t<div class=\"elementor-widget-wrap\">\n\t\t\t\t\t\t<div class=\"elementor-element elementor-element-eda79ae elementor-widget elementor-widget-text-editor\" data-id=\"eda79ae\" data-element_type=\"widget\" data-widget_type=\"text-editor.default\">\n\t\t\t\t<div class=\"elementor-widget-container\">\n\t\t\t\t\t\t\t\t<div class=\"elementor-text-editor elementor-clearfix\">\n\t\t\t\t\t<p style=\"text-align: left;\"><!-- index.php -->\n<div\n\tclass=\"ngg-galleryoverview ngg-ajax-pagination-none\"\n\tid=\"ngg-gallery-ae5c8dfe7df0b9268cd69eeb3e018a98-1\">\n\n    \t\t<!-- Thumbnails -->\n\t\t\t\t<div id=\"ngg-image-0\" class=\"ngg-gallery-thumbnail-box\" >\n\t\t\t\t        <div class=\"ngg-gallery-thumbnail\">\n            <a href=\"http:\/\/foto-passion.com\/wp-content\/gallery\/fotostrecke_jordanien_2019\/324_AP5A3345.jpg\"\n               title=\"&lt;strong&gt;&lt;\/strong&gt;&lt;br \/&gt;Jordanien 2019&lt;br \/&gt;&lt;span style=&quot;font-size:85%;color:#949494;&quot;&gt;[Bild-Id: 16432]&lt;\/span&gt;\"\n               data-src=\"http:\/\/foto-passion.com\/wp-content\/gallery\/fotostrecke_jordanien_2019\/324_AP5A3345.jpg\"\n               data-thumbnail=\"http:\/\/foto-passion.com\/wp-content\/gallery\/fotostrecke_jordanien_2019\/thumbs\/thumbs_324_AP5A3345.jpg\"\n               data-image-id=\"16432\"\n               data-title=\"-\"\n               data-description=\"&lt;strong&gt;&lt;\/strong&gt;&lt;br \/&gt;Jordanien 2019&lt;br \/&gt;&lt;span style=&quot;font-size:85%;color:#949494;&quot;&gt;[Bild-Id: 16432]&lt;\/span&gt;\"\n               data-image-slug=\"324_ap5a3345\"\n               class=\"ngg-simplelightbox\" rel=\"ae5c8dfe7df0b9268cd69eeb3e018a98\">\n                <img loading=\"lazy\"\n                    title=\"-\"\n                    alt=\"-\"\n                    src=\"http:\/\/foto-passion.com\/wp-content\/gallery\/fotostrecke_jordanien_2019\/cache\/324_AP5A3345.jpg-nggid0516432-ngg0dyn-150x100x100-00f0w010c011r110f110r010t010.jpg\"\n                    width=\"150\"\n                    height=\"100\"\n                    style=\"max-width:100%;\"\n                \/>\n            <\/a>\n        <\/div>\n\t\t\t\t\t\t\t<\/div> \n\t\t\t\n                            \n\t\t\t\t<div id=\"ngg-image-1\" class=\"ngg-gallery-thumbnail-box\" >\n\t\t\t\t        <div class=\"ngg-gallery-thumbnail\">\n            <a href=\"http:\/\/foto-passion.com\/wp-content\/gallery\/fotostrecke_jordanien_2019\/325_AP5A3346.jpg\"\n               title=\"&lt;strong&gt;Touristenhochburg Petra&lt;\/strong&gt;&lt;br \/&gt;Jordanien 2019&lt;br \/&gt;&lt;span style=&quot;font-size:85%;color:#949494;&quot;&gt;[Bild-Id: 16433]&lt;\/span&gt;\"\n               data-src=\"http:\/\/foto-passion.com\/wp-content\/gallery\/fotostrecke_jordanien_2019\/325_AP5A3346.jpg\"\n               data-thumbnail=\"http:\/\/foto-passion.com\/wp-content\/gallery\/fotostrecke_jordanien_2019\/thumbs\/thumbs_325_AP5A3346.jpg\"\n               data-image-id=\"16433\"\n               data-title=\"Touristenhochburg Petra\"\n               data-description=\"&lt;strong&gt;Touristenhochburg Petra&lt;\/strong&gt;&lt;br \/&gt;Jordanien 2019&lt;br \/&gt;&lt;span style=&quot;font-size:85%;color:#949494;&quot;&gt;[Bild-Id: 16433]&lt;\/span&gt;\"\n               data-image-slug=\"325_ap5a3346\"\n               class=\"ngg-simplelightbox\" rel=\"ae5c8dfe7df0b9268cd69eeb3e018a98\">\n                <img loading=\"lazy\"\n                    title=\"Touristenhochburg Petra\"\n                    alt=\"Touristenhochburg Petra\"\n                    src=\"http:\/\/foto-passion.com\/wp-content\/gallery\/fotostrecke_jordanien_2019\/cache\/325_AP5A3346.jpg-nggid0516433-ngg0dyn-150x100x100-00f0w010c011r110f110r010t010.jpg\"\n                    width=\"150\"\n                    height=\"100\"\n                    style=\"max-width:100%;\"\n                \/>\n            <\/a>\n        <\/div>\n\t\t\t\t\t\t\t<\/div> \n\t\t\t\n                            \n\t\t\t\t<div id=\"ngg-image-2\" class=\"ngg-gallery-thumbnail-box\" >\n\t\t\t\t        <div class=\"ngg-gallery-thumbnail\">\n            <a href=\"http:\/\/foto-passion.com\/wp-content\/gallery\/fotostrecke_jordanien_2019\/326_AP5A3349.jpg\"\n               title=\"&lt;strong&gt;Die Felsenstadt wird professionell vermarktet&lt;\/strong&gt;&lt;br \/&gt;Jordanien 2019&lt;br \/&gt;&lt;span style=&quot;font-size:85%;color:#949494;&quot;&gt;[Bild-Id: 16434]&lt;\/span&gt;\"\n               data-src=\"http:\/\/foto-passion.com\/wp-content\/gallery\/fotostrecke_jordanien_2019\/326_AP5A3349.jpg\"\n               data-thumbnail=\"http:\/\/foto-passion.com\/wp-content\/gallery\/fotostrecke_jordanien_2019\/thumbs\/thumbs_326_AP5A3349.jpg\"\n               data-image-id=\"16434\"\n               data-title=\"Die Felsenstadt wird professionell vermarktet\"\n               data-description=\"&lt;strong&gt;Die Felsenstadt wird professionell vermarktet&lt;\/strong&gt;&lt;br \/&gt;Jordanien 2019&lt;br \/&gt;&lt;span style=&quot;font-size:85%;color:#949494;&quot;&gt;[Bild-Id: 16434]&lt;\/span&gt;\"\n               data-image-slug=\"326_ap5a3349\"\n               class=\"ngg-simplelightbox\" rel=\"ae5c8dfe7df0b9268cd69eeb3e018a98\">\n                <img loading=\"lazy\"\n                    title=\"Die Felsenstadt wird professionell vermarktet\"\n                    alt=\"Die Felsenstadt wird professionell vermarktet\"\n                    src=\"http:\/\/foto-passion.com\/wp-content\/gallery\/fotostrecke_jordanien_2019\/cache\/326_AP5A3349.jpg-nggid0516434-ngg0dyn-150x100x100-00f0w010c011r110f110r010t010.jpg\"\n                    width=\"150\"\n                    height=\"100\"\n                    style=\"max-width:100%;\"\n                \/>\n            <\/a>\n        <\/div>\n\t\t\t\t\t\t\t<\/div> \n\t\t\t\n                            \n\t\t\t\t<div id=\"ngg-image-3\" class=\"ngg-gallery-thumbnail-box\" >\n\t\t\t\t        <div class=\"ngg-gallery-thumbnail\">\n            <a href=\"http:\/\/foto-passion.com\/wp-content\/gallery\/fotostrecke_jordanien_2019\/327_AP5A3093.jpg\"\n               title=\"&lt;strong&gt;In der Schlucht befindet sich die Felsenstadt&lt;\/strong&gt;&lt;br \/&gt;Jordanien 2019&lt;br \/&gt;&lt;span&gt;[Bild-Id: 16406]&lt;\/span&gt;\"\n               data-src=\"http:\/\/foto-passion.com\/wp-content\/gallery\/fotostrecke_jordanien_2019\/327_AP5A3093.jpg\"\n               data-thumbnail=\"http:\/\/foto-passion.com\/wp-content\/gallery\/fotostrecke_jordanien_2019\/thumbs\/thumbs_327_AP5A3093.jpg\"\n               data-image-id=\"16406\"\n               data-title=\"In der Schlucht befindet sich die Felsenstadt\"\n               data-description=\"&lt;strong&gt;In der Schlucht befindet sich die Felsenstadt&lt;\/strong&gt;&lt;br \/&gt;Jordanien 2019&lt;br \/&gt;&lt;span&gt;[Bild-Id: 16406]&lt;\/span&gt;\"\n               data-image-slug=\"in-der-schlucht-befindet-sich-die-felsenstadt\"\n               class=\"ngg-simplelightbox\" rel=\"ae5c8dfe7df0b9268cd69eeb3e018a98\">\n                <img loading=\"lazy\"\n                    title=\"In der Schlucht befindet sich die Felsenstadt\"\n                    alt=\"In der Schlucht befindet sich die Felsenstadt\"\n                    src=\"http:\/\/foto-passion.com\/wp-content\/gallery\/fotostrecke_jordanien_2019\/cache\/327_AP5A3093.jpg-nggid0516406-ngg0dyn-150x100x100-00f0w010c011r110f110r010t010.jpg\"\n                    width=\"150\"\n                    height=\"100\"\n                    style=\"max-width:100%;\"\n                \/>\n            <\/a>\n        <\/div>\n\t\t\t\t\t\t\t<\/div> \n\t\t\t\n                                    <br style=\"clear: both\" \/>\n                    \n\t\t\n\t\t<div class=\"ngg-clear\"><\/div>\n\t<\/div>\n<\/p>\t\t\t\t\t<\/div>\n\t\t\t\t\t\t<\/div>\n\t\t\t\t<\/div>\n\t\t\t\t\t\t<\/div>\n\t\t\t\t\t<\/div>\n\t\t<\/div>\n\t\t\t\t\t\t\t\t<\/div>\n\t\t\t\t\t<\/div>\n\t\t<\/section>\n\t\t\t\t<section class=\"elementor-section elementor-top-section elementor-element elementor-element-26eec7e elementor-section-boxed elementor-section-height-default elementor-section-height-default\" data-id=\"26eec7e\" data-element_type=\"section\">\n\t\t\t\t\t\t<div class=\"elementor-container elementor-column-gap-default\">\n\t\t\t\t\t\t\t<div class=\"elementor-row\">\n\t\t\t\t\t<div class=\"elementor-column elementor-col-100 elementor-top-column elementor-element elementor-element-769e7ea\" data-id=\"769e7ea\" data-element_type=\"column\">\n\t\t\t<div class=\"elementor-column-wrap elementor-element-populated\">\n\t\t\t\t\t\t\t<div class=\"elementor-widget-wrap\">\n\t\t\t\t\t\t<div class=\"elementor-element elementor-element-74f56a4 elementor-widget elementor-widget-text-editor\" data-id=\"74f56a4\" data-element_type=\"widget\" data-widget_type=\"text-editor.default\">\n\t\t\t\t<div class=\"elementor-widget-container\">\n\t\t\t\t\t\t\t\t<div class=\"elementor-text-editor elementor-clearfix\">\n\t\t\t\t\t<p style=\"text-align: justify;\">Mit Badesachen und Schnorchelausr\u00fcstung bewaffnet fahren wir nach Aqaba. Die Stadt ist Freihandelszone, so dass wir hier auch gute Chancen haben, uns mal eine Flasche Wein zu kaufen. Schon auf der Fahrt kommen uns mehr als 20 Reisebusse mit Touris entgegen, die heute ihren Tag in Petra verbringen werden. Allen gemeinsam ist das Schild an der Frontscheibe \u201eMein Schiff 5\u201c. Ok, im Hafen von Aqaba liegt das riesige Kreuzfahrtschiff \u201eMein Schiff 5\u201c von TUI f\u00fcr2534 Passagiere und dahinter gleich noch ein anderes gro\u00dfes Passagierschiff. Wir steuern erst mal einen \u201eLiqour Store\u201c an und bekommen endlich unseren jordanischen Wein. Der freundliche Verk\u00e4ufer schenkt uns sogar noch einen Korkenzieher \u2013 der Mann denkt mit!<\/p>\t\t\t\t\t<\/div>\n\t\t\t\t\t\t<\/div>\n\t\t\t\t<\/div>\n\t\t\t\t\t\t<\/div>\n\t\t\t\t\t<\/div>\n\t\t<\/div>\n\t\t\t\t\t\t\t\t<\/div>\n\t\t\t\t\t<\/div>\n\t\t<\/section>\n\t\t\t\t<section class=\"elementor-section elementor-top-section elementor-element elementor-element-488c2f2 elementor-section-boxed elementor-section-height-default elementor-section-height-default\" data-id=\"488c2f2\" data-element_type=\"section\">\n\t\t\t\t\t\t<div class=\"elementor-container elementor-column-gap-default\">\n\t\t\t\t\t\t\t<div class=\"elementor-row\">\n\t\t\t\t\t<div class=\"elementor-column elementor-col-100 elementor-top-column elementor-element elementor-element-81a898c\" data-id=\"81a898c\" data-element_type=\"column\">\n\t\t\t<div class=\"elementor-column-wrap elementor-element-populated\">\n\t\t\t\t\t\t\t<div class=\"elementor-widget-wrap\">\n\t\t\t\t\t\t<div class=\"elementor-element elementor-element-b8dfbae elementor-widget elementor-widget-text-editor\" data-id=\"b8dfbae\" data-element_type=\"widget\" data-widget_type=\"text-editor.default\">\n\t\t\t\t<div class=\"elementor-widget-container\">\n\t\t\t\t\t\t\t\t<div class=\"elementor-text-editor elementor-clearfix\">\n\t\t\t\t\t<p style=\"text-align: left;\"><!-- index.php -->\n<div\n\tclass=\"ngg-galleryoverview ngg-ajax-pagination-none\"\n\tid=\"ngg-gallery-21363a94e6c1f93143c75e224f935ca4-1\">\n\n    \t\t<!-- Thumbnails -->\n\t\t\t\t<div id=\"ngg-image-0\" class=\"ngg-gallery-thumbnail-box\" >\n\t\t\t\t        <div class=\"ngg-gallery-thumbnail\">\n            <a href=\"http:\/\/foto-passion.com\/wp-content\/gallery\/fotostrecke_jordanien_2019\/328_AP5A3099.jpg\"\n               title=\"&lt;strong&gt;Graffitis in Aqaba&lt;\/strong&gt;&lt;br \/&gt;Jordanien 2019&lt;br \/&gt;&lt;span&gt;[Bild-Id: 16407]&lt;\/span&gt;\"\n               data-src=\"http:\/\/foto-passion.com\/wp-content\/gallery\/fotostrecke_jordanien_2019\/328_AP5A3099.jpg\"\n               data-thumbnail=\"http:\/\/foto-passion.com\/wp-content\/gallery\/fotostrecke_jordanien_2019\/thumbs\/thumbs_328_AP5A3099.jpg\"\n               data-image-id=\"16407\"\n               data-title=\"Graffitis in Aqaba\"\n               data-description=\"&lt;strong&gt;Graffitis in Aqaba&lt;\/strong&gt;&lt;br \/&gt;Jordanien 2019&lt;br \/&gt;&lt;span&gt;[Bild-Id: 16407]&lt;\/span&gt;\"\n               data-image-slug=\"graffitis-in-aqaba\"\n               class=\"ngg-simplelightbox\" rel=\"21363a94e6c1f93143c75e224f935ca4\">\n                <img loading=\"lazy\"\n                    title=\"Graffitis in Aqaba\"\n                    alt=\"Graffitis in Aqaba\"\n                    src=\"http:\/\/foto-passion.com\/wp-content\/gallery\/fotostrecke_jordanien_2019\/cache\/328_AP5A3099.jpg-nggid0516407-ngg0dyn-150x100x100-00f0w010c011r110f110r010t010.jpg\"\n                    width=\"150\"\n                    height=\"100\"\n                    style=\"max-width:100%;\"\n                \/>\n            <\/a>\n        <\/div>\n\t\t\t\t\t\t\t<\/div> \n\t\t\t\n                            \n\t\t\t\t<div id=\"ngg-image-1\" class=\"ngg-gallery-thumbnail-box\" >\n\t\t\t\t        <div class=\"ngg-gallery-thumbnail\">\n            <a href=\"http:\/\/foto-passion.com\/wp-content\/gallery\/fotostrecke_jordanien_2019\/329_AP5A3101.jpg\"\n               title=\"&lt;strong&gt;Graffitis in Aqaba&lt;\/strong&gt;&lt;br \/&gt;Jordanien 2019&lt;br \/&gt;&lt;span&gt;[Bild-Id: 16408]&lt;\/span&gt;\"\n               data-src=\"http:\/\/foto-passion.com\/wp-content\/gallery\/fotostrecke_jordanien_2019\/329_AP5A3101.jpg\"\n               data-thumbnail=\"http:\/\/foto-passion.com\/wp-content\/gallery\/fotostrecke_jordanien_2019\/thumbs\/thumbs_329_AP5A3101.jpg\"\n               data-image-id=\"16408\"\n               data-title=\"Graffitis in Aqaba\"\n               data-description=\"&lt;strong&gt;Graffitis in Aqaba&lt;\/strong&gt;&lt;br \/&gt;Jordanien 2019&lt;br \/&gt;&lt;span&gt;[Bild-Id: 16408]&lt;\/span&gt;\"\n               data-image-slug=\"graffitis-in-aqaba-1\"\n               class=\"ngg-simplelightbox\" rel=\"21363a94e6c1f93143c75e224f935ca4\">\n                <img loading=\"lazy\"\n                    title=\"Graffitis in Aqaba\"\n                    alt=\"Graffitis in Aqaba\"\n                    src=\"http:\/\/foto-passion.com\/wp-content\/gallery\/fotostrecke_jordanien_2019\/cache\/329_AP5A3101.jpg-nggid0516408-ngg0dyn-150x100x100-00f0w010c011r110f110r010t010.jpg\"\n                    width=\"150\"\n                    height=\"100\"\n                    style=\"max-width:100%;\"\n                \/>\n            <\/a>\n        <\/div>\n\t\t\t\t\t\t\t<\/div> \n\t\t\t\n                            \n\t\t\t\t<div id=\"ngg-image-2\" class=\"ngg-gallery-thumbnail-box\" >\n\t\t\t\t        <div class=\"ngg-gallery-thumbnail\">\n            <a href=\"http:\/\/foto-passion.com\/wp-content\/gallery\/fotostrecke_jordanien_2019\/330_AP5A3103.jpg\"\n               title=\"&lt;strong&gt;Graffitis in Aqaba&lt;\/strong&gt;&lt;br \/&gt;Jordanien 2019&lt;br \/&gt;&lt;span&gt;[Bild-Id: 16410]&lt;\/span&gt;\"\n               data-src=\"http:\/\/foto-passion.com\/wp-content\/gallery\/fotostrecke_jordanien_2019\/330_AP5A3103.jpg\"\n               data-thumbnail=\"http:\/\/foto-passion.com\/wp-content\/gallery\/fotostrecke_jordanien_2019\/thumbs\/thumbs_330_AP5A3103.jpg\"\n               data-image-id=\"16410\"\n               data-title=\"Graffitis in Aqaba\"\n               data-description=\"&lt;strong&gt;Graffitis in Aqaba&lt;\/strong&gt;&lt;br \/&gt;Jordanien 2019&lt;br \/&gt;&lt;span&gt;[Bild-Id: 16410]&lt;\/span&gt;\"\n               data-image-slug=\"graffitis-in-aqaba-3\"\n               class=\"ngg-simplelightbox\" rel=\"21363a94e6c1f93143c75e224f935ca4\">\n                <img loading=\"lazy\"\n                    title=\"Graffitis in Aqaba\"\n                    alt=\"Graffitis in Aqaba\"\n                    src=\"http:\/\/foto-passion.com\/wp-content\/gallery\/fotostrecke_jordanien_2019\/cache\/330_AP5A3103.jpg-nggid0516410-ngg0dyn-150x100x100-00f0w010c011r110f110r010t010.jpg\"\n                    width=\"150\"\n                    height=\"100\"\n                    style=\"max-width:100%;\"\n                \/>\n            <\/a>\n        <\/div>\n\t\t\t\t\t\t\t<\/div> \n\t\t\t\n                            \n\t\t\t\t<div id=\"ngg-image-3\" class=\"ngg-gallery-thumbnail-box\" >\n\t\t\t\t        <div class=\"ngg-gallery-thumbnail\">\n            <a href=\"http:\/\/foto-passion.com\/wp-content\/gallery\/fotostrecke_jordanien_2019\/331_AP5A3107.jpg\"\n               title=\"&lt;strong&gt;Graffitis in Aqaba&lt;\/strong&gt;&lt;br \/&gt;Jordanien 2019&lt;br \/&gt;&lt;span style=&quot;font-size:85%;color:#949494;&quot;&gt;[Bild-Id: 16412]&lt;\/span&gt;\"\n               data-src=\"http:\/\/foto-passion.com\/wp-content\/gallery\/fotostrecke_jordanien_2019\/331_AP5A3107.jpg\"\n               data-thumbnail=\"http:\/\/foto-passion.com\/wp-content\/gallery\/fotostrecke_jordanien_2019\/thumbs\/thumbs_331_AP5A3107.jpg\"\n               data-image-id=\"16412\"\n               data-title=\"Graffitis in Aqaba\"\n               data-description=\"&lt;strong&gt;Graffitis in Aqaba&lt;\/strong&gt;&lt;br \/&gt;Jordanien 2019&lt;br \/&gt;&lt;span style=&quot;font-size:85%;color:#949494;&quot;&gt;[Bild-Id: 16412]&lt;\/span&gt;\"\n               data-image-slug=\"331_ap5a3107\"\n               class=\"ngg-simplelightbox\" rel=\"21363a94e6c1f93143c75e224f935ca4\">\n                <img loading=\"lazy\"\n                    title=\"Graffitis in Aqaba\"\n                    alt=\"Graffitis in Aqaba\"\n                    src=\"http:\/\/foto-passion.com\/wp-content\/gallery\/fotostrecke_jordanien_2019\/cache\/331_AP5A3107.jpg-nggid0516412-ngg0dyn-150x100x100-00f0w010c011r110f110r010t010.jpg\"\n                    width=\"150\"\n                    height=\"100\"\n                    style=\"max-width:100%;\"\n                \/>\n            <\/a>\n        <\/div>\n\t\t\t\t\t\t\t<\/div> \n\t\t\t\n                                    <br style=\"clear: both\" \/>\n                    \n\t\t\t\t<div id=\"ngg-image-4\" class=\"ngg-gallery-thumbnail-box\" >\n\t\t\t\t        <div class=\"ngg-gallery-thumbnail\">\n            <a href=\"http:\/\/foto-passion.com\/wp-content\/gallery\/fotostrecke_jordanien_2019\/332_AP5A3109.jpg\"\n               title=\"&lt;strong&gt;Graffitis in Aqaba&lt;\/strong&gt;&lt;br \/&gt;Jordanien 2019&lt;br \/&gt;&lt;span style=&quot;font-size:85%;color:#949494;&quot;&gt;[Bild-Id: 16413]&lt;\/span&gt;\"\n               data-src=\"http:\/\/foto-passion.com\/wp-content\/gallery\/fotostrecke_jordanien_2019\/332_AP5A3109.jpg\"\n               data-thumbnail=\"http:\/\/foto-passion.com\/wp-content\/gallery\/fotostrecke_jordanien_2019\/thumbs\/thumbs_332_AP5A3109.jpg\"\n               data-image-id=\"16413\"\n               data-title=\"Graffitis in Aqaba\"\n               data-description=\"&lt;strong&gt;Graffitis in Aqaba&lt;\/strong&gt;&lt;br \/&gt;Jordanien 2019&lt;br \/&gt;&lt;span style=&quot;font-size:85%;color:#949494;&quot;&gt;[Bild-Id: 16413]&lt;\/span&gt;\"\n               data-image-slug=\"332_ap5a3109\"\n               class=\"ngg-simplelightbox\" rel=\"21363a94e6c1f93143c75e224f935ca4\">\n                <img loading=\"lazy\"\n                    title=\"Graffitis in Aqaba\"\n                    alt=\"Graffitis in Aqaba\"\n                    src=\"http:\/\/foto-passion.com\/wp-content\/gallery\/fotostrecke_jordanien_2019\/cache\/332_AP5A3109.jpg-nggid0516413-ngg0dyn-150x100x100-00f0w010c011r110f110r010t010.jpg\"\n                    width=\"150\"\n                    height=\"100\"\n                    style=\"max-width:100%;\"\n                \/>\n            <\/a>\n        <\/div>\n\t\t\t\t\t\t\t<\/div> \n\t\t\t\n                            \n\t\t\t\t<div id=\"ngg-image-5\" class=\"ngg-gallery-thumbnail-box\" >\n\t\t\t\t        <div class=\"ngg-gallery-thumbnail\">\n            <a href=\"http:\/\/foto-passion.com\/wp-content\/gallery\/fotostrecke_jordanien_2019\/333_AP5A3111.jpg\"\n               title=\"&lt;strong&gt;Graffitis in Aqaba&lt;\/strong&gt;&lt;br \/&gt;Jordanien 2019&lt;br \/&gt;&lt;span style=&quot;font-size:85%;color:#949494;&quot;&gt;[Bild-Id: 16414]&lt;\/span&gt;\"\n               data-src=\"http:\/\/foto-passion.com\/wp-content\/gallery\/fotostrecke_jordanien_2019\/333_AP5A3111.jpg\"\n               data-thumbnail=\"http:\/\/foto-passion.com\/wp-content\/gallery\/fotostrecke_jordanien_2019\/thumbs\/thumbs_333_AP5A3111.jpg\"\n               data-image-id=\"16414\"\n               data-title=\"Graffitis in Aqaba\"\n               data-description=\"&lt;strong&gt;Graffitis in Aqaba&lt;\/strong&gt;&lt;br \/&gt;Jordanien 2019&lt;br \/&gt;&lt;span style=&quot;font-size:85%;color:#949494;&quot;&gt;[Bild-Id: 16414]&lt;\/span&gt;\"\n               data-image-slug=\"333_ap5a3111\"\n               class=\"ngg-simplelightbox\" rel=\"21363a94e6c1f93143c75e224f935ca4\">\n                <img loading=\"lazy\"\n                    title=\"Graffitis in Aqaba\"\n                    alt=\"Graffitis in Aqaba\"\n                    src=\"http:\/\/foto-passion.com\/wp-content\/gallery\/fotostrecke_jordanien_2019\/cache\/333_AP5A3111.jpg-nggid0516414-ngg0dyn-150x100x100-00f0w010c011r110f110r010t010.jpg\"\n                    width=\"150\"\n                    height=\"100\"\n                    style=\"max-width:100%;\"\n                \/>\n            <\/a>\n        <\/div>\n\t\t\t\t\t\t\t<\/div> \n\t\t\t\n                            \n\t\t\t\t<div id=\"ngg-image-6\" class=\"ngg-gallery-thumbnail-box\" >\n\t\t\t\t        <div class=\"ngg-gallery-thumbnail\">\n            <a href=\"http:\/\/foto-passion.com\/wp-content\/gallery\/fotostrecke_jordanien_2019\/334_AP5A3105.jpg\"\n               title=\"&lt;strong&gt;Graffitis in Aqaba&lt;\/strong&gt;&lt;br \/&gt;Jordanien 2019&lt;br \/&gt;&lt;span style=&quot;font-size:85%;color:#949494;&quot;&gt;[Bild-Id: 16411]&lt;\/span&gt;\"\n               data-src=\"http:\/\/foto-passion.com\/wp-content\/gallery\/fotostrecke_jordanien_2019\/334_AP5A3105.jpg\"\n               data-thumbnail=\"http:\/\/foto-passion.com\/wp-content\/gallery\/fotostrecke_jordanien_2019\/thumbs\/thumbs_334_AP5A3105.jpg\"\n               data-image-id=\"16411\"\n               data-title=\"Graffitis in Aqaba\"\n               data-description=\"&lt;strong&gt;Graffitis in Aqaba&lt;\/strong&gt;&lt;br \/&gt;Jordanien 2019&lt;br \/&gt;&lt;span style=&quot;font-size:85%;color:#949494;&quot;&gt;[Bild-Id: 16411]&lt;\/span&gt;\"\n               data-image-slug=\"334_ap5a3105\"\n               class=\"ngg-simplelightbox\" rel=\"21363a94e6c1f93143c75e224f935ca4\">\n                <img loading=\"lazy\"\n                    title=\"Graffitis in Aqaba\"\n                    alt=\"Graffitis in Aqaba\"\n                    src=\"http:\/\/foto-passion.com\/wp-content\/gallery\/fotostrecke_jordanien_2019\/cache\/334_AP5A3105.jpg-nggid0516411-ngg0dyn-150x100x100-00f0w010c011r110f110r010t010.jpg\"\n                    width=\"150\"\n                    height=\"100\"\n                    style=\"max-width:100%;\"\n                \/>\n            <\/a>\n        <\/div>\n\t\t\t\t\t\t\t<\/div> \n\t\t\t\n                            \n\t\t\t\t<div id=\"ngg-image-7\" class=\"ngg-gallery-thumbnail-box\" >\n\t\t\t\t        <div class=\"ngg-gallery-thumbnail\">\n            <a href=\"http:\/\/foto-passion.com\/wp-content\/gallery\/fotostrecke_jordanien_2019\/335_AP5A3102.jpg\"\n               title=\"&lt;strong&gt;Graffitis in Aqaba&lt;\/strong&gt;&lt;br \/&gt;Jordanien 2019&lt;br \/&gt;&lt;span&gt;[Bild-Id: 16409]&lt;\/span&gt;\"\n               data-src=\"http:\/\/foto-passion.com\/wp-content\/gallery\/fotostrecke_jordanien_2019\/335_AP5A3102.jpg\"\n               data-thumbnail=\"http:\/\/foto-passion.com\/wp-content\/gallery\/fotostrecke_jordanien_2019\/thumbs\/thumbs_335_AP5A3102.jpg\"\n               data-image-id=\"16409\"\n               data-title=\"Graffitis in Aqaba\"\n               data-description=\"&lt;strong&gt;Graffitis in Aqaba&lt;\/strong&gt;&lt;br \/&gt;Jordanien 2019&lt;br \/&gt;&lt;span&gt;[Bild-Id: 16409]&lt;\/span&gt;\"\n               data-image-slug=\"graffitis-in-aqaba-2\"\n               class=\"ngg-simplelightbox\" rel=\"21363a94e6c1f93143c75e224f935ca4\">\n                <img loading=\"lazy\"\n                    title=\"Graffitis in Aqaba\"\n                    alt=\"Graffitis in Aqaba\"\n                    src=\"http:\/\/foto-passion.com\/wp-content\/gallery\/fotostrecke_jordanien_2019\/cache\/335_AP5A3102.jpg-nggid0516409-ngg0dyn-150x100x100-00f0w010c011r110f110r010t010.jpg\"\n                    width=\"150\"\n                    height=\"100\"\n                    style=\"max-width:100%;\"\n                \/>\n            <\/a>\n        <\/div>\n\t\t\t\t\t\t\t<\/div> \n\t\t\t\n                                    <br style=\"clear: both\" \/>\n                    \n\t\t\n\t\t<div class=\"ngg-clear\"><\/div>\n\t<\/div>\n<\/p>\t\t\t\t\t<\/div>\n\t\t\t\t\t\t<\/div>\n\t\t\t\t<\/div>\n\t\t\t\t\t\t<\/div>\n\t\t\t\t\t<\/div>\n\t\t<\/div>\n\t\t\t\t\t\t\t\t<\/div>\n\t\t\t\t\t<\/div>\n\t\t<\/section>\n\t\t\t\t<section class=\"elementor-section elementor-top-section elementor-element elementor-element-ee13cf6 elementor-section-boxed elementor-section-height-default elementor-section-height-default\" data-id=\"ee13cf6\" data-element_type=\"section\">\n\t\t\t\t\t\t<div class=\"elementor-container elementor-column-gap-default\">\n\t\t\t\t\t\t\t<div class=\"elementor-row\">\n\t\t\t\t\t<div class=\"elementor-column elementor-col-100 elementor-top-column elementor-element elementor-element-8e17190\" data-id=\"8e17190\" data-element_type=\"column\">\n\t\t\t<div class=\"elementor-column-wrap elementor-element-populated\">\n\t\t\t\t\t\t\t<div class=\"elementor-widget-wrap\">\n\t\t\t\t\t\t<div class=\"elementor-element elementor-element-1eca9ef elementor-widget elementor-widget-text-editor\" data-id=\"1eca9ef\" data-element_type=\"widget\" data-widget_type=\"text-editor.default\">\n\t\t\t\t<div class=\"elementor-widget-container\">\n\t\t\t\t\t\t\t\t<div class=\"elementor-text-editor elementor-clearfix\">\n\t\t\t\t\t<p style=\"text-align: justify;\">Aqaba liegt am \u00e4u\u00dfersten Zipfel des Roten Meeres und gegen\u00fcber befindet sich schon Eilat, das zu Israel geh\u00f6rt. (Eilat ist die s\u00fcdlichste Stadt in Israel und hat den einzigen Zugang Israels zum Roten Meer. Die L\u00e4nge des israelischen K\u00fcstenabschnitts betr\u00e4gt nur knapp zw\u00f6lf Kilometer.)<\/p><p style=\"text-align: justify;\">Wir steuern den Strand hinter Aqaba an, denn dort befindet sich der Aqua Marine Park \u2013 ein Unterwasser-Schutzgebiet.<\/p>\t\t\t\t\t<\/div>\n\t\t\t\t\t\t<\/div>\n\t\t\t\t<\/div>\n\t\t\t\t\t\t<\/div>\n\t\t\t\t\t<\/div>\n\t\t<\/div>\n\t\t\t\t\t\t\t\t<\/div>\n\t\t\t\t\t<\/div>\n\t\t<\/section>\n\t\t\t\t<section class=\"elementor-section elementor-top-section elementor-element elementor-element-776a42d elementor-section-boxed elementor-section-height-default elementor-section-height-default\" data-id=\"776a42d\" data-element_type=\"section\">\n\t\t\t\t\t\t<div class=\"elementor-container elementor-column-gap-default\">\n\t\t\t\t\t\t\t<div class=\"elementor-row\">\n\t\t\t\t\t<div class=\"elementor-column elementor-col-100 elementor-top-column elementor-element elementor-element-485b987\" data-id=\"485b987\" data-element_type=\"column\">\n\t\t\t<div class=\"elementor-column-wrap elementor-element-populated\">\n\t\t\t\t\t\t\t<div class=\"elementor-widget-wrap\">\n\t\t\t\t\t\t<div class=\"elementor-element elementor-element-f5c74d9 elementor-widget elementor-widget-text-editor\" data-id=\"f5c74d9\" data-element_type=\"widget\" data-widget_type=\"text-editor.default\">\n\t\t\t\t<div class=\"elementor-widget-container\">\n\t\t\t\t\t\t\t\t<div class=\"elementor-text-editor elementor-clearfix\">\n\t\t\t\t\t<p style=\"text-align: left;\"><!-- index.php -->\n<div\n\tclass=\"ngg-galleryoverview ngg-ajax-pagination-none\"\n\tid=\"ngg-gallery-524ae268ac44e9704d471aa910700b0a-1\">\n\n    \t\t<!-- Thumbnails -->\n\t\t\t\t<div id=\"ngg-image-0\" class=\"ngg-gallery-thumbnail-box\" >\n\t\t\t\t        <div class=\"ngg-gallery-thumbnail\">\n            <a href=\"http:\/\/foto-passion.com\/wp-content\/gallery\/fotostrecke_jordanien_2019\/336_AP5A3140.jpg\"\n               title=\"&lt;strong&gt;Rotes Meer bei Aqaba&lt;\/strong&gt;&lt;br \/&gt;Jordanien 2019&lt;br \/&gt;&lt;span style=&quot;font-size:85%;color:#949494;&quot;&gt;[Bild-Id: 16420]&lt;\/span&gt;\"\n               data-src=\"http:\/\/foto-passion.com\/wp-content\/gallery\/fotostrecke_jordanien_2019\/336_AP5A3140.jpg\"\n               data-thumbnail=\"http:\/\/foto-passion.com\/wp-content\/gallery\/fotostrecke_jordanien_2019\/thumbs\/thumbs_336_AP5A3140.jpg\"\n               data-image-id=\"16420\"\n               data-title=\"Rotes Meer bei Aqaba\"\n               data-description=\"&lt;strong&gt;Rotes Meer bei Aqaba&lt;\/strong&gt;&lt;br \/&gt;Jordanien 2019&lt;br \/&gt;&lt;span style=&quot;font-size:85%;color:#949494;&quot;&gt;[Bild-Id: 16420]&lt;\/span&gt;\"\n               data-image-slug=\"336_ap5a3140\"\n               class=\"ngg-simplelightbox\" rel=\"524ae268ac44e9704d471aa910700b0a\">\n                <img loading=\"lazy\"\n                    title=\"Rotes Meer bei Aqaba\"\n                    alt=\"Rotes Meer bei Aqaba\"\n                    src=\"http:\/\/foto-passion.com\/wp-content\/gallery\/fotostrecke_jordanien_2019\/cache\/336_AP5A3140.jpg-nggid0516420-ngg0dyn-150x100x100-00f0w010c011r110f110r010t010.jpg\"\n                    width=\"150\"\n                    height=\"100\"\n                    style=\"max-width:100%;\"\n                \/>\n            <\/a>\n        <\/div>\n\t\t\t\t\t\t\t<\/div> \n\t\t\t\n                            \n\t\t\t\t<div id=\"ngg-image-1\" class=\"ngg-gallery-thumbnail-box\" >\n\t\t\t\t        <div class=\"ngg-gallery-thumbnail\">\n            <a href=\"http:\/\/foto-passion.com\/wp-content\/gallery\/fotostrecke_jordanien_2019\/337_AP5A3251.jpg\"\n               title=\"&lt;strong&gt;Rotes Meer bei Aqaba&lt;\/strong&gt;&lt;br \/&gt;Jordanien 2019&lt;br \/&gt;&lt;span style=&quot;font-size:85%;color:#949494;&quot;&gt;[Bild-Id: 16429]&lt;\/span&gt;\"\n               data-src=\"http:\/\/foto-passion.com\/wp-content\/gallery\/fotostrecke_jordanien_2019\/337_AP5A3251.jpg\"\n               data-thumbnail=\"http:\/\/foto-passion.com\/wp-content\/gallery\/fotostrecke_jordanien_2019\/thumbs\/thumbs_337_AP5A3251.jpg\"\n               data-image-id=\"16429\"\n               data-title=\"Rotes Meer bei Aqaba\"\n               data-description=\"&lt;strong&gt;Rotes Meer bei Aqaba&lt;\/strong&gt;&lt;br \/&gt;Jordanien 2019&lt;br \/&gt;&lt;span style=&quot;font-size:85%;color:#949494;&quot;&gt;[Bild-Id: 16429]&lt;\/span&gt;\"\n               data-image-slug=\"337_ap5a3251\"\n               class=\"ngg-simplelightbox\" rel=\"524ae268ac44e9704d471aa910700b0a\">\n                <img loading=\"lazy\"\n                    title=\"Rotes Meer bei Aqaba\"\n                    alt=\"Rotes Meer bei Aqaba\"\n                    src=\"http:\/\/foto-passion.com\/wp-content\/gallery\/fotostrecke_jordanien_2019\/cache\/337_AP5A3251.jpg-nggid0516429-ngg0dyn-150x100x100-00f0w010c011r110f110r010t010.jpg\"\n                    width=\"150\"\n                    height=\"100\"\n                    style=\"max-width:100%;\"\n                \/>\n            <\/a>\n        <\/div>\n\t\t\t\t\t\t\t<\/div> \n\t\t\t\n                            \n\t\t\t\t<div id=\"ngg-image-2\" class=\"ngg-gallery-thumbnail-box\" >\n\t\t\t\t        <div class=\"ngg-gallery-thumbnail\">\n            <a href=\"http:\/\/foto-passion.com\/wp-content\/gallery\/fotostrecke_jordanien_2019\/338_AP5A3258.jpg\"\n               title=\"&lt;strong&gt;Rotes Meer bei Aqaba&lt;\/strong&gt;&lt;br \/&gt;Jordanien 2019&lt;br \/&gt;&lt;span style=&quot;font-size:85%;color:#949494;&quot;&gt;[Bild-Id: 16430]&lt;\/span&gt;\"\n               data-src=\"http:\/\/foto-passion.com\/wp-content\/gallery\/fotostrecke_jordanien_2019\/338_AP5A3258.jpg\"\n               data-thumbnail=\"http:\/\/foto-passion.com\/wp-content\/gallery\/fotostrecke_jordanien_2019\/thumbs\/thumbs_338_AP5A3258.jpg\"\n               data-image-id=\"16430\"\n               data-title=\"Rotes Meer bei Aqaba\"\n               data-description=\"&lt;strong&gt;Rotes Meer bei Aqaba&lt;\/strong&gt;&lt;br \/&gt;Jordanien 2019&lt;br \/&gt;&lt;span style=&quot;font-size:85%;color:#949494;&quot;&gt;[Bild-Id: 16430]&lt;\/span&gt;\"\n               data-image-slug=\"338_ap5a3258\"\n               class=\"ngg-simplelightbox\" rel=\"524ae268ac44e9704d471aa910700b0a\">\n                <img loading=\"lazy\"\n                    title=\"Rotes Meer bei Aqaba\"\n                    alt=\"Rotes Meer bei Aqaba\"\n                    src=\"http:\/\/foto-passion.com\/wp-content\/gallery\/fotostrecke_jordanien_2019\/cache\/338_AP5A3258.jpg-nggid0516430-ngg0dyn-150x100x100-00f0w010c011r110f110r010t010.jpg\"\n                    width=\"150\"\n                    height=\"100\"\n                    style=\"max-width:100%;\"\n                \/>\n            <\/a>\n        <\/div>\n\t\t\t\t\t\t\t<\/div> \n\t\t\t\n                            \n\t\t\t\t<div id=\"ngg-image-3\" class=\"ngg-gallery-thumbnail-box\" >\n\t\t\t\t        <div class=\"ngg-gallery-thumbnail\">\n            <a href=\"http:\/\/foto-passion.com\/wp-content\/gallery\/fotostrecke_jordanien_2019\/339_AP5A3112.jpg\"\n               title=\"&lt;strong&gt;Kreuzfahrtschiffe im Hafen von Aqaba&lt;\/strong&gt;&lt;br \/&gt;Jordanien 2019&lt;br \/&gt;&lt;span style=&quot;font-size:85%;color:#949494;&quot;&gt;[Bild-Id: 16415]&lt;\/span&gt;\"\n               data-src=\"http:\/\/foto-passion.com\/wp-content\/gallery\/fotostrecke_jordanien_2019\/339_AP5A3112.jpg\"\n               data-thumbnail=\"http:\/\/foto-passion.com\/wp-content\/gallery\/fotostrecke_jordanien_2019\/thumbs\/thumbs_339_AP5A3112.jpg\"\n               data-image-id=\"16415\"\n               data-title=\"Kreuzfahrtschiffe im Hafen von Aqaba\"\n               data-description=\"&lt;strong&gt;Kreuzfahrtschiffe im Hafen von Aqaba&lt;\/strong&gt;&lt;br \/&gt;Jordanien 2019&lt;br \/&gt;&lt;span style=&quot;font-size:85%;color:#949494;&quot;&gt;[Bild-Id: 16415]&lt;\/span&gt;\"\n               data-image-slug=\"339_ap5a3112\"\n               class=\"ngg-simplelightbox\" rel=\"524ae268ac44e9704d471aa910700b0a\">\n                <img loading=\"lazy\"\n                    title=\"Kreuzfahrtschiffe im Hafen von Aqaba\"\n                    alt=\"Kreuzfahrtschiffe im Hafen von Aqaba\"\n                    src=\"http:\/\/foto-passion.com\/wp-content\/gallery\/fotostrecke_jordanien_2019\/cache\/339_AP5A3112.jpg-nggid0516415-ngg0dyn-150x100x100-00f0w010c011r110f110r010t010.jpg\"\n                    width=\"150\"\n                    height=\"100\"\n                    style=\"max-width:100%;\"\n                \/>\n            <\/a>\n        <\/div>\n\t\t\t\t\t\t\t<\/div> \n\t\t\t\n                                    <br style=\"clear: both\" \/>\n                    \n\t\t\n\t\t<div class=\"ngg-clear\"><\/div>\n\t<\/div>\n<\/p>\t\t\t\t\t<\/div>\n\t\t\t\t\t\t<\/div>\n\t\t\t\t<\/div>\n\t\t\t\t\t\t<\/div>\n\t\t\t\t\t<\/div>\n\t\t<\/div>\n\t\t\t\t\t\t\t\t<\/div>\n\t\t\t\t\t<\/div>\n\t\t<\/section>\n\t\t\t\t<section class=\"elementor-section elementor-top-section elementor-element elementor-element-c3e0282 elementor-section-boxed elementor-section-height-default elementor-section-height-default\" data-id=\"c3e0282\" data-element_type=\"section\">\n\t\t\t\t\t\t<div class=\"elementor-container elementor-column-gap-default\">\n\t\t\t\t\t\t\t<div class=\"elementor-row\">\n\t\t\t\t\t<div class=\"elementor-column elementor-col-100 elementor-top-column elementor-element elementor-element-9b6f1a3\" data-id=\"9b6f1a3\" data-element_type=\"column\">\n\t\t\t<div class=\"elementor-column-wrap elementor-element-populated\">\n\t\t\t\t\t\t\t<div class=\"elementor-widget-wrap\">\n\t\t\t\t\t\t<div class=\"elementor-element elementor-element-d6ecab1 elementor-widget elementor-widget-text-editor\" data-id=\"d6ecab1\" data-element_type=\"widget\" data-widget_type=\"text-editor.default\">\n\t\t\t\t<div class=\"elementor-widget-container\">\n\t\t\t\t\t\t\t\t<div class=\"elementor-text-editor elementor-clearfix\">\n\t\t\t\t\t<p style=\"text-align: justify;\">Entgegen unseren Bef\u00fcrchtungen, dass heute zum Freitag, der bei den Muslimen dem Sonntag gleich kommt, am Strand die H\u00f6lle los ist, h\u00e4lt sich der Besucherandrang in Grenzen. Einige Strandabschnitte sind noch richtig leer und wir bekommen sogar ein Schattendach. Uwe geht schon mal die Lage im Wasser erkunden und kommt nach einiger Zeit reichlich frustriert wieder. Abgesehen davon, dass der Strand schmutzig ist, liegt auch im Wasser jede Menge M\u00fcll. Fische hat er so gut wie keine gesehen und die Korallen sind alle wei\u00df \u2013 sprich abgestorben.<\/p><p style=\"text-align: justify;\">Wir beschlie\u00dfen, es noch ein St\u00fcck weiter unten bei Tala Bay zu versuchen. Das ist der letzte \u201eOrt\u201c vor der Saudischen Grenze. In Tala Bay werden wir nicht ohne weiteres eingelassen, denn Tala Bay ist ein gro\u00dfes Resort, aber der Security-Mann, der uns kontrolliert, versteht so wenig englisch, dass er meint, wir wollen ins Restaurant. Freundlich l\u00e4sst er uns ein, nachdem er eine Kopie unserer P\u00e4sse kopiert hat (wir r\u00fccken n\u00e4mlich nur im Notfall unsere Original-Reisep\u00e4sse raus). Tala Bay ist ein nobles Touristen-Resort, das sich insbesondere auf russisches Klientel eingerichtet hat. Hier gibt es Appartements und auch Hotels und das ganze Gebiet ist eine kleine Stadt mit allem N\u00f6tigen; einschlie\u00dflich Wodka und Champagner im reich ausgestatteten Supermarkt.<\/p>\t\t\t\t\t<\/div>\n\t\t\t\t\t\t<\/div>\n\t\t\t\t<\/div>\n\t\t\t\t\t\t<\/div>\n\t\t\t\t\t<\/div>\n\t\t<\/div>\n\t\t\t\t\t\t\t\t<\/div>\n\t\t\t\t\t<\/div>\n\t\t<\/section>\n\t\t\t\t<section class=\"elementor-section elementor-top-section elementor-element elementor-element-29d8810 elementor-section-boxed elementor-section-height-default elementor-section-height-default\" data-id=\"29d8810\" data-element_type=\"section\">\n\t\t\t\t\t\t<div class=\"elementor-container elementor-column-gap-default\">\n\t\t\t\t\t\t\t<div class=\"elementor-row\">\n\t\t\t\t\t<div class=\"elementor-column elementor-col-100 elementor-top-column elementor-element elementor-element-ad99f53\" data-id=\"ad99f53\" data-element_type=\"column\">\n\t\t\t<div class=\"elementor-column-wrap elementor-element-populated\">\n\t\t\t\t\t\t\t<div class=\"elementor-widget-wrap\">\n\t\t\t\t\t\t<div class=\"elementor-element elementor-element-918ff82 elementor-widget elementor-widget-text-editor\" data-id=\"918ff82\" data-element_type=\"widget\" data-widget_type=\"text-editor.default\">\n\t\t\t\t<div class=\"elementor-widget-container\">\n\t\t\t\t\t\t\t\t<div class=\"elementor-text-editor elementor-clearfix\">\n\t\t\t\t\t<p style=\"text-align: left;\"><!-- index.php -->\n<div\n\tclass=\"ngg-galleryoverview ngg-ajax-pagination-none\"\n\tid=\"ngg-gallery-e8209569fbafca6d535b08577427386f-1\">\n\n    \t\t<!-- Thumbnails -->\n\t\t\t\t<div id=\"ngg-image-0\" class=\"ngg-gallery-thumbnail-box\" >\n\t\t\t\t        <div class=\"ngg-gallery-thumbnail\">\n            <a href=\"http:\/\/foto-passion.com\/wp-content\/gallery\/fotostrecke_jordanien_2019\/340_AP5A3117.jpg\"\n               title=\"&lt;strong&gt;Eine Lagune in Aqaba&lt;\/strong&gt;&lt;br \/&gt;Jordanien 2019&lt;br \/&gt;&lt;span style=&quot;font-size:85%;color:#949494;&quot;&gt;[Bild-Id: 16416]&lt;\/span&gt;\"\n               data-src=\"http:\/\/foto-passion.com\/wp-content\/gallery\/fotostrecke_jordanien_2019\/340_AP5A3117.jpg\"\n               data-thumbnail=\"http:\/\/foto-passion.com\/wp-content\/gallery\/fotostrecke_jordanien_2019\/thumbs\/thumbs_340_AP5A3117.jpg\"\n               data-image-id=\"16416\"\n               data-title=\"Eine Lagune in Aqaba\"\n               data-description=\"&lt;strong&gt;Eine Lagune in Aqaba&lt;\/strong&gt;&lt;br \/&gt;Jordanien 2019&lt;br \/&gt;&lt;span style=&quot;font-size:85%;color:#949494;&quot;&gt;[Bild-Id: 16416]&lt;\/span&gt;\"\n               data-image-slug=\"340_ap5a3117\"\n               class=\"ngg-simplelightbox\" rel=\"e8209569fbafca6d535b08577427386f\">\n                <img loading=\"lazy\"\n                    title=\"Eine Lagune in Aqaba\"\n                    alt=\"Eine Lagune in Aqaba\"\n                    src=\"http:\/\/foto-passion.com\/wp-content\/gallery\/fotostrecke_jordanien_2019\/cache\/340_AP5A3117.jpg-nggid0516416-ngg0dyn-150x100x100-00f0w010c011r110f110r010t010.jpg\"\n                    width=\"150\"\n                    height=\"100\"\n                    style=\"max-width:100%;\"\n                \/>\n            <\/a>\n        <\/div>\n\t\t\t\t\t\t\t<\/div> \n\t\t\t\n                            \n\t\t\t\t<div id=\"ngg-image-1\" class=\"ngg-gallery-thumbnail-box\" >\n\t\t\t\t        <div class=\"ngg-gallery-thumbnail\">\n            <a href=\"http:\/\/foto-passion.com\/wp-content\/gallery\/fotostrecke_jordanien_2019\/341_AP5A3119.jpg\"\n               title=\"&lt;strong&gt;Feriendomizile in Aqaba&lt;\/strong&gt;&lt;br \/&gt;Jordanien 2019&lt;br \/&gt;&lt;span style=&quot;font-size:85%;color:#949494;&quot;&gt;[Bild-Id: 16417]&lt;\/span&gt;\"\n               data-src=\"http:\/\/foto-passion.com\/wp-content\/gallery\/fotostrecke_jordanien_2019\/341_AP5A3119.jpg\"\n               data-thumbnail=\"http:\/\/foto-passion.com\/wp-content\/gallery\/fotostrecke_jordanien_2019\/thumbs\/thumbs_341_AP5A3119.jpg\"\n               data-image-id=\"16417\"\n               data-title=\"Feriendomizile in Aqaba\"\n               data-description=\"&lt;strong&gt;Feriendomizile in Aqaba&lt;\/strong&gt;&lt;br \/&gt;Jordanien 2019&lt;br \/&gt;&lt;span style=&quot;font-size:85%;color:#949494;&quot;&gt;[Bild-Id: 16417]&lt;\/span&gt;\"\n               data-image-slug=\"341_ap5a3119\"\n               class=\"ngg-simplelightbox\" rel=\"e8209569fbafca6d535b08577427386f\">\n                <img loading=\"lazy\"\n                    title=\"Feriendomizile in Aqaba\"\n                    alt=\"Feriendomizile in Aqaba\"\n                    src=\"http:\/\/foto-passion.com\/wp-content\/gallery\/fotostrecke_jordanien_2019\/cache\/341_AP5A3119.jpg-nggid0516417-ngg0dyn-150x100x100-00f0w010c011r110f110r010t010.jpg\"\n                    width=\"150\"\n                    height=\"100\"\n                    style=\"max-width:100%;\"\n                \/>\n            <\/a>\n        <\/div>\n\t\t\t\t\t\t\t<\/div> \n\t\t\t\n                            \n\t\t\t\t<div id=\"ngg-image-2\" class=\"ngg-gallery-thumbnail-box\" >\n\t\t\t\t        <div class=\"ngg-gallery-thumbnail\">\n            <a href=\"http:\/\/foto-passion.com\/wp-content\/gallery\/fotostrecke_jordanien_2019\/342_AP5A3125.jpg\"\n               title=\"&lt;strong&gt;Feriendomizile in Aqaba&lt;\/strong&gt;&lt;br \/&gt;Jordanien 2019&lt;br \/&gt;&lt;span style=&quot;font-size:85%;color:#949494;&quot;&gt;[Bild-Id: 16418]&lt;\/span&gt;\"\n               data-src=\"http:\/\/foto-passion.com\/wp-content\/gallery\/fotostrecke_jordanien_2019\/342_AP5A3125.jpg\"\n               data-thumbnail=\"http:\/\/foto-passion.com\/wp-content\/gallery\/fotostrecke_jordanien_2019\/thumbs\/thumbs_342_AP5A3125.jpg\"\n               data-image-id=\"16418\"\n               data-title=\"Feriendomizile in Aqaba\"\n               data-description=\"&lt;strong&gt;Feriendomizile in Aqaba&lt;\/strong&gt;&lt;br \/&gt;Jordanien 2019&lt;br \/&gt;&lt;span style=&quot;font-size:85%;color:#949494;&quot;&gt;[Bild-Id: 16418]&lt;\/span&gt;\"\n               data-image-slug=\"342_ap5a3125\"\n               class=\"ngg-simplelightbox\" rel=\"e8209569fbafca6d535b08577427386f\">\n                <img loading=\"lazy\"\n                    title=\"Feriendomizile in Aqaba\"\n                    alt=\"Feriendomizile in Aqaba\"\n                    src=\"http:\/\/foto-passion.com\/wp-content\/gallery\/fotostrecke_jordanien_2019\/cache\/342_AP5A3125.jpg-nggid0516418-ngg0dyn-150x100x100-00f0w010c011r110f110r010t010.jpg\"\n                    width=\"150\"\n                    height=\"100\"\n                    style=\"max-width:100%;\"\n                \/>\n            <\/a>\n        <\/div>\n\t\t\t\t\t\t\t<\/div> \n\t\t\t\n                            \n\t\t\t\t<div id=\"ngg-image-3\" class=\"ngg-gallery-thumbnail-box\" >\n\t\t\t\t        <div class=\"ngg-gallery-thumbnail\">\n            <a href=\"http:\/\/foto-passion.com\/wp-content\/gallery\/fotostrecke_jordanien_2019\/343_AP5A3127.jpg\"\n               title=\"&lt;strong&gt;Yachthafen in Aqaba&lt;\/strong&gt;&lt;br \/&gt;Jordanien 2019&lt;br \/&gt;&lt;span style=&quot;font-size:85%;color:#949494;&quot;&gt;[Bild-Id: 16419]&lt;\/span&gt;\"\n               data-src=\"http:\/\/foto-passion.com\/wp-content\/gallery\/fotostrecke_jordanien_2019\/343_AP5A3127.jpg\"\n               data-thumbnail=\"http:\/\/foto-passion.com\/wp-content\/gallery\/fotostrecke_jordanien_2019\/thumbs\/thumbs_343_AP5A3127.jpg\"\n               data-image-id=\"16419\"\n               data-title=\"Yachthafen in Aqaba\"\n               data-description=\"&lt;strong&gt;Yachthafen in Aqaba&lt;\/strong&gt;&lt;br \/&gt;Jordanien 2019&lt;br \/&gt;&lt;span style=&quot;font-size:85%;color:#949494;&quot;&gt;[Bild-Id: 16419]&lt;\/span&gt;\"\n               data-image-slug=\"343_ap5a3127\"\n               class=\"ngg-simplelightbox\" rel=\"e8209569fbafca6d535b08577427386f\">\n                <img loading=\"lazy\"\n                    title=\"Yachthafen in Aqaba\"\n                    alt=\"Yachthafen in Aqaba\"\n                    src=\"http:\/\/foto-passion.com\/wp-content\/gallery\/fotostrecke_jordanien_2019\/cache\/343_AP5A3127.jpg-nggid0516419-ngg0dyn-150x100x100-00f0w010c011r110f110r010t010.jpg\"\n                    width=\"150\"\n                    height=\"100\"\n                    style=\"max-width:100%;\"\n                \/>\n            <\/a>\n        <\/div>\n\t\t\t\t\t\t\t<\/div> \n\t\t\t\n                                    <br style=\"clear: both\" \/>\n                    \n\t\t\n\t\t<div class=\"ngg-clear\"><\/div>\n\t<\/div>\n<\/p>\t\t\t\t\t<\/div>\n\t\t\t\t\t\t<\/div>\n\t\t\t\t<\/div>\n\t\t\t\t\t\t<\/div>\n\t\t\t\t\t<\/div>\n\t\t<\/div>\n\t\t\t\t\t\t\t\t<\/div>\n\t\t\t\t\t<\/div>\n\t\t<\/section>\n\t\t\t\t<section class=\"elementor-section elementor-top-section elementor-element elementor-element-b0e060e elementor-section-boxed elementor-section-height-default elementor-section-height-default\" data-id=\"b0e060e\" data-element_type=\"section\">\n\t\t\t\t\t\t<div class=\"elementor-container elementor-column-gap-default\">\n\t\t\t\t\t\t\t<div class=\"elementor-row\">\n\t\t\t\t\t<div class=\"elementor-column elementor-col-100 elementor-top-column elementor-element elementor-element-0c23526\" data-id=\"0c23526\" data-element_type=\"column\">\n\t\t\t<div class=\"elementor-column-wrap elementor-element-populated\">\n\t\t\t\t\t\t\t<div class=\"elementor-widget-wrap\">\n\t\t\t\t\t\t<div class=\"elementor-element elementor-element-c19e1ef elementor-widget elementor-widget-text-editor\" data-id=\"c19e1ef\" data-element_type=\"widget\" data-widget_type=\"text-editor.default\">\n\t\t\t\t<div class=\"elementor-widget-container\">\n\t\t\t\t\t\t\t\t<div class=\"elementor-text-editor elementor-clearfix\">\n\t\t\t\t\t<p style=\"text-align: justify;\">Bei unseren Recherchen im Vorfeld der Reise hatten wir auch von einem U-Boot gelesen, das durch den Aqua Marine Park f\u00e4hrt. Das gelbe Boot hatten wir vorhin gesehen und deshalb sind wir eigentlich nach Tala Bay abgebogen. Und tats\u00e4chlich, als wir runter zum Yachthafen fahren, sehen wir dort das gelbe U-Boot liegen. Wir informieren uns, wann die Touren starten und woher wir die Karten bekommen. Das B\u00fcro ist gleich in der N\u00e4he, die letzte Tour f\u00fcr heute beginnt um 14:30 Uhr. Wir kaufen Karten und essen dann gleich noch in einem der Restaurants am Hafen zu Mittag. Viel Zeit, das Ganze zu genie\u00dfen haben wir zwar nicht, aber die Zeit reicht und wir sind satt, als das U-Boot ablegt. Insgesamt sind wir 14 Leute an Bord. Etwas irritiert nehmen wir unter dem Sonnendach Platz. Das Boot legt ab, f\u00e4hrt aus dem Hafen und ein St\u00fcck die K\u00fcste in Richtung Aqaba hoch. Dann \u00f6ffnet der Skipper des U-Bootes eine Luke und wir d\u00fcrfen in das Innere des Schiffes steigen. Hier gibt es gro\u00dfe Panoramafenster, durch die wir die Unterwasserwelt sehen k\u00f6nn(t)en \u2013 wenn sie denn vorhanden w\u00e4re. Wir sehen Korallen, eine Menge M\u00fcll im Wasser und ein paar kleine Fische. Die Mehrzahl der Korallen ist wei\u00df und damit abgestorben. Um den Tauchern \u00fcberhaupt etwas bieten zu k\u00f6nnen, hat man hier Verschiedenes versenkt, in der Hoffnung, dass sich darauf eine k\u00fcnstliche Riffwelt ansiedelt. Wir treffen auf ein Flugzeug, einen Panzer und ein Schiffswrack. Selbst der so hoch gepriesene \u201eJapanese Garden\u201c, der Schnorchel- und Tauch-Hot-Spot schlechthin sein soll, ist weitgehend tot. Wir k\u00f6nnen an den Wracks Taucher beobachten, sehen einige Schw\u00e4rme ganz kleiner Fische, ein paar Zebrafische, einige Seenadeln und ein paar gr\u00f6\u00dfere Korallenbei\u00dfer aber pr\u00e4chtige Unterwasserwelt \u2013 darunter verstehen wir etwas anderes, seit wir am Ningaloo Reef geschnorchelt haben. Kurz, wir sind verw\u00f6hnt.<\/p>\t\t\t\t\t<\/div>\n\t\t\t\t\t\t<\/div>\n\t\t\t\t<\/div>\n\t\t\t\t\t\t<\/div>\n\t\t\t\t\t<\/div>\n\t\t<\/div>\n\t\t\t\t\t\t\t\t<\/div>\n\t\t\t\t\t<\/div>\n\t\t<\/section>\n\t\t\t\t<section class=\"elementor-section elementor-top-section elementor-element elementor-element-3c7c702 elementor-section-boxed elementor-section-height-default elementor-section-height-default\" data-id=\"3c7c702\" data-element_type=\"section\">\n\t\t\t\t\t\t<div class=\"elementor-container elementor-column-gap-default\">\n\t\t\t\t\t\t\t<div class=\"elementor-row\">\n\t\t\t\t\t<div class=\"elementor-column elementor-col-100 elementor-top-column elementor-element elementor-element-2194a5e\" data-id=\"2194a5e\" data-element_type=\"column\">\n\t\t\t<div class=\"elementor-column-wrap elementor-element-populated\">\n\t\t\t\t\t\t\t<div class=\"elementor-widget-wrap\">\n\t\t\t\t\t\t<div class=\"elementor-element elementor-element-b7de855 elementor-widget elementor-widget-text-editor\" data-id=\"b7de855\" data-element_type=\"widget\" data-widget_type=\"text-editor.default\">\n\t\t\t\t<div class=\"elementor-widget-container\">\n\t\t\t\t\t\t\t\t<div class=\"elementor-text-editor elementor-clearfix\">\n\t\t\t\t\t<p style=\"text-align: left;\"><!-- index.php -->\n<div\n\tclass=\"ngg-galleryoverview ngg-ajax-pagination-none\"\n\tid=\"ngg-gallery-0057b163508d8d2468c0ee01ed0127ef-1\">\n\n    \t\t<!-- Thumbnails -->\n\t\t\t\t<div id=\"ngg-image-0\" class=\"ngg-gallery-thumbnail-box\" >\n\t\t\t\t        <div class=\"ngg-gallery-thumbnail\">\n            <a href=\"http:\/\/foto-passion.com\/wp-content\/gallery\/fotostrecke_jordanien_2019\/344_AP5A3158.jpg\"\n               title=\"&lt;strong&gt;Unterwasserwelt von Aqaba - versenktes Fleugzeug&lt;\/strong&gt;&lt;br \/&gt;Jordanien 2019&lt;br \/&gt;&lt;span style=&quot;font-size:85%;color:#949494;&quot;&gt;[Bild-Id: 16421]&lt;\/span&gt;\"\n               data-src=\"http:\/\/foto-passion.com\/wp-content\/gallery\/fotostrecke_jordanien_2019\/344_AP5A3158.jpg\"\n               data-thumbnail=\"http:\/\/foto-passion.com\/wp-content\/gallery\/fotostrecke_jordanien_2019\/thumbs\/thumbs_344_AP5A3158.jpg\"\n               data-image-id=\"16421\"\n               data-title=\"Unterwasserwelt von Aqaba - versenktes Fleugzeug\"\n               data-description=\"&lt;strong&gt;Unterwasserwelt von Aqaba - versenktes Fleugzeug&lt;\/strong&gt;&lt;br \/&gt;Jordanien 2019&lt;br \/&gt;&lt;span style=&quot;font-size:85%;color:#949494;&quot;&gt;[Bild-Id: 16421]&lt;\/span&gt;\"\n               data-image-slug=\"344_ap5a3158\"\n               class=\"ngg-simplelightbox\" rel=\"0057b163508d8d2468c0ee01ed0127ef\">\n                <img loading=\"lazy\"\n                    title=\"Unterwasserwelt von Aqaba - versenktes Fleugzeug\"\n                    alt=\"Unterwasserwelt von Aqaba - versenktes Fleugzeug\"\n                    src=\"http:\/\/foto-passion.com\/wp-content\/gallery\/fotostrecke_jordanien_2019\/cache\/344_AP5A3158.jpg-nggid0516421-ngg0dyn-150x100x100-00f0w010c011r110f110r010t010.jpg\"\n                    width=\"150\"\n                    height=\"100\"\n                    style=\"max-width:100%;\"\n                \/>\n            <\/a>\n        <\/div>\n\t\t\t\t\t\t\t<\/div> \n\t\t\t\n                            \n\t\t\t\t<div id=\"ngg-image-1\" class=\"ngg-gallery-thumbnail-box\" >\n\t\t\t\t        <div class=\"ngg-gallery-thumbnail\">\n            <a href=\"http:\/\/foto-passion.com\/wp-content\/gallery\/fotostrecke_jordanien_2019\/345_AP5A3161.jpg\"\n               title=\"&lt;strong&gt;Unterwasserwelt von Aqaba - versenktes Flugzeug&lt;\/strong&gt;&lt;br \/&gt;Jordanien 2019&lt;br \/&gt;&lt;span style=&quot;font-size:85%;color:#949494;&quot;&gt;[Bild-Id: 16422]&lt;\/span&gt;\"\n               data-src=\"http:\/\/foto-passion.com\/wp-content\/gallery\/fotostrecke_jordanien_2019\/345_AP5A3161.jpg\"\n               data-thumbnail=\"http:\/\/foto-passion.com\/wp-content\/gallery\/fotostrecke_jordanien_2019\/thumbs\/thumbs_345_AP5A3161.jpg\"\n               data-image-id=\"16422\"\n               data-title=\"Unterwasserwelt von Aqaba - versenktes Flugzeug\"\n               data-description=\"&lt;strong&gt;Unterwasserwelt von Aqaba - versenktes Flugzeug&lt;\/strong&gt;&lt;br \/&gt;Jordanien 2019&lt;br \/&gt;&lt;span style=&quot;font-size:85%;color:#949494;&quot;&gt;[Bild-Id: 16422]&lt;\/span&gt;\"\n               data-image-slug=\"345_ap5a3161\"\n               class=\"ngg-simplelightbox\" rel=\"0057b163508d8d2468c0ee01ed0127ef\">\n                <img loading=\"lazy\"\n                    title=\"Unterwasserwelt von Aqaba - versenktes Flugzeug\"\n                    alt=\"Unterwasserwelt von Aqaba - versenktes Flugzeug\"\n                    src=\"http:\/\/foto-passion.com\/wp-content\/gallery\/fotostrecke_jordanien_2019\/cache\/345_AP5A3161.jpg-nggid0516422-ngg0dyn-150x100x100-00f0w010c011r110f110r010t010.jpg\"\n                    width=\"150\"\n                    height=\"100\"\n                    style=\"max-width:100%;\"\n                \/>\n            <\/a>\n        <\/div>\n\t\t\t\t\t\t\t<\/div> \n\t\t\t\n                            \n\t\t\t\t<div id=\"ngg-image-2\" class=\"ngg-gallery-thumbnail-box\" >\n\t\t\t\t        <div class=\"ngg-gallery-thumbnail\">\n            <a href=\"http:\/\/foto-passion.com\/wp-content\/gallery\/fotostrecke_jordanien_2019\/346_AP5A3170.jpg\"\n               title=\"&lt;strong&gt;Unterwasserwelt von Aqaba - versenkter Panzer&lt;\/strong&gt;&lt;br \/&gt;Jordanien 2019&lt;br \/&gt;&lt;span style=&quot;font-size:85%;color:#949494;&quot;&gt;[Bild-Id: 16423]&lt;\/span&gt;\"\n               data-src=\"http:\/\/foto-passion.com\/wp-content\/gallery\/fotostrecke_jordanien_2019\/346_AP5A3170.jpg\"\n               data-thumbnail=\"http:\/\/foto-passion.com\/wp-content\/gallery\/fotostrecke_jordanien_2019\/thumbs\/thumbs_346_AP5A3170.jpg\"\n               data-image-id=\"16423\"\n               data-title=\"Unterwasserwelt von Aqaba - versenkter Panzer\"\n               data-description=\"&lt;strong&gt;Unterwasserwelt von Aqaba - versenkter Panzer&lt;\/strong&gt;&lt;br \/&gt;Jordanien 2019&lt;br \/&gt;&lt;span style=&quot;font-size:85%;color:#949494;&quot;&gt;[Bild-Id: 16423]&lt;\/span&gt;\"\n               data-image-slug=\"346_ap5a3170\"\n               class=\"ngg-simplelightbox\" rel=\"0057b163508d8d2468c0ee01ed0127ef\">\n                <img loading=\"lazy\"\n                    title=\"Unterwasserwelt von Aqaba - versenkter Panzer\"\n                    alt=\"Unterwasserwelt von Aqaba - versenkter Panzer\"\n                    src=\"http:\/\/foto-passion.com\/wp-content\/gallery\/fotostrecke_jordanien_2019\/cache\/346_AP5A3170.jpg-nggid0516423-ngg0dyn-150x100x100-00f0w010c011r110f110r010t010.jpg\"\n                    width=\"150\"\n                    height=\"100\"\n                    style=\"max-width:100%;\"\n                \/>\n            <\/a>\n        <\/div>\n\t\t\t\t\t\t\t<\/div> \n\t\t\t\n                            \n\t\t\t\t<div id=\"ngg-image-3\" class=\"ngg-gallery-thumbnail-box\" >\n\t\t\t\t        <div class=\"ngg-gallery-thumbnail\">\n            <a href=\"http:\/\/foto-passion.com\/wp-content\/gallery\/fotostrecke_jordanien_2019\/347_AP5A3179.jpg\"\n               title=\"&lt;strong&gt;Unterwasserwelt von Aqaba - der Tauchspot in Aqaba&lt;\/strong&gt;&lt;br \/&gt;Jordanien 2019&lt;br \/&gt;&lt;span style=&quot;font-size:85%;color:#949494;&quot;&gt;[Bild-Id: 16424]&lt;\/span&gt;\"\n               data-src=\"http:\/\/foto-passion.com\/wp-content\/gallery\/fotostrecke_jordanien_2019\/347_AP5A3179.jpg\"\n               data-thumbnail=\"http:\/\/foto-passion.com\/wp-content\/gallery\/fotostrecke_jordanien_2019\/thumbs\/thumbs_347_AP5A3179.jpg\"\n               data-image-id=\"16424\"\n               data-title=\"Unterwasserwelt von Aqaba - der Tauchspot in Aqaba\"\n               data-description=\"&lt;strong&gt;Unterwasserwelt von Aqaba - der Tauchspot in Aqaba&lt;\/strong&gt;&lt;br \/&gt;Jordanien 2019&lt;br \/&gt;&lt;span style=&quot;font-size:85%;color:#949494;&quot;&gt;[Bild-Id: 16424]&lt;\/span&gt;\"\n               data-image-slug=\"347_ap5a3179\"\n               class=\"ngg-simplelightbox\" rel=\"0057b163508d8d2468c0ee01ed0127ef\">\n                <img loading=\"lazy\"\n                    title=\"Unterwasserwelt von Aqaba - der Tauchspot in Aqaba\"\n                    alt=\"Unterwasserwelt von Aqaba - der Tauchspot in Aqaba\"\n                    src=\"http:\/\/foto-passion.com\/wp-content\/gallery\/fotostrecke_jordanien_2019\/cache\/347_AP5A3179.jpg-nggid0516424-ngg0dyn-150x100x100-00f0w010c011r110f110r010t010.jpg\"\n                    width=\"150\"\n                    height=\"100\"\n                    style=\"max-width:100%;\"\n                \/>\n            <\/a>\n        <\/div>\n\t\t\t\t\t\t\t<\/div> \n\t\t\t\n                                    <br style=\"clear: both\" \/>\n                    \n\t\t\t\t<div id=\"ngg-image-4\" class=\"ngg-gallery-thumbnail-box\" >\n\t\t\t\t        <div class=\"ngg-gallery-thumbnail\">\n            <a href=\"http:\/\/foto-passion.com\/wp-content\/gallery\/fotostrecke_jordanien_2019\/348_AP5A3222.jpg\"\n               title=\"&lt;strong&gt;Unterwasserwelt von Aqaba - Rotes Meer&lt;\/strong&gt;&lt;br \/&gt;Jordanien 2019&lt;br \/&gt;&lt;span style=&quot;font-size:85%;color:#949494;&quot;&gt;[Bild-Id: 16425]&lt;\/span&gt;\"\n               data-src=\"http:\/\/foto-passion.com\/wp-content\/gallery\/fotostrecke_jordanien_2019\/348_AP5A3222.jpg\"\n               data-thumbnail=\"http:\/\/foto-passion.com\/wp-content\/gallery\/fotostrecke_jordanien_2019\/thumbs\/thumbs_348_AP5A3222.jpg\"\n               data-image-id=\"16425\"\n               data-title=\"Unterwasserwelt von Aqaba - Rotes Meer\"\n               data-description=\"&lt;strong&gt;Unterwasserwelt von Aqaba - Rotes Meer&lt;\/strong&gt;&lt;br \/&gt;Jordanien 2019&lt;br \/&gt;&lt;span style=&quot;font-size:85%;color:#949494;&quot;&gt;[Bild-Id: 16425]&lt;\/span&gt;\"\n               data-image-slug=\"348_ap5a3222\"\n               class=\"ngg-simplelightbox\" rel=\"0057b163508d8d2468c0ee01ed0127ef\">\n                <img loading=\"lazy\"\n                    title=\"Unterwasserwelt von Aqaba - Rotes Meer\"\n                    alt=\"Unterwasserwelt von Aqaba - Rotes Meer\"\n                    src=\"http:\/\/foto-passion.com\/wp-content\/gallery\/fotostrecke_jordanien_2019\/cache\/348_AP5A3222.jpg-nggid0516425-ngg0dyn-150x100x100-00f0w010c011r110f110r010t010.jpg\"\n                    width=\"150\"\n                    height=\"100\"\n                    style=\"max-width:100%;\"\n                \/>\n            <\/a>\n        <\/div>\n\t\t\t\t\t\t\t<\/div> \n\t\t\t\n                            \n\t\t\t\t<div id=\"ngg-image-5\" class=\"ngg-gallery-thumbnail-box\" >\n\t\t\t\t        <div class=\"ngg-gallery-thumbnail\">\n            <a href=\"http:\/\/foto-passion.com\/wp-content\/gallery\/fotostrecke_jordanien_2019\/349_AP5A3228.jpg\"\n               title=\"&lt;strong&gt;Unterwasserwelt von Aqaba - der jordanische Tauchspot im Roten Meer&lt;\/strong&gt;&lt;br \/&gt;Jordanien 2019&lt;br \/&gt;&lt;span style=&quot;font-size:85%;color:#949494;&quot;&gt;[Bild-Id: 16426]&lt;\/span&gt;\"\n               data-src=\"http:\/\/foto-passion.com\/wp-content\/gallery\/fotostrecke_jordanien_2019\/349_AP5A3228.jpg\"\n               data-thumbnail=\"http:\/\/foto-passion.com\/wp-content\/gallery\/fotostrecke_jordanien_2019\/thumbs\/thumbs_349_AP5A3228.jpg\"\n               data-image-id=\"16426\"\n               data-title=\"Unterwasserwelt von Aqaba - der jordanische Tauchspot im Roten Meer\"\n               data-description=\"&lt;strong&gt;Unterwasserwelt von Aqaba - der jordanische Tauchspot im Roten Meer&lt;\/strong&gt;&lt;br \/&gt;Jordanien 2019&lt;br \/&gt;&lt;span style=&quot;font-size:85%;color:#949494;&quot;&gt;[Bild-Id: 16426]&lt;\/span&gt;\"\n               data-image-slug=\"349_ap5a3228\"\n               class=\"ngg-simplelightbox\" rel=\"0057b163508d8d2468c0ee01ed0127ef\">\n                <img loading=\"lazy\"\n                    title=\"Unterwasserwelt von Aqaba - der jordanische Tauchspot im Roten Meer\"\n                    alt=\"Unterwasserwelt von Aqaba - der jordanische Tauchspot im Roten Meer\"\n                    src=\"http:\/\/foto-passion.com\/wp-content\/gallery\/fotostrecke_jordanien_2019\/cache\/349_AP5A3228.jpg-nggid0516426-ngg0dyn-150x100x100-00f0w010c011r110f110r010t010.jpg\"\n                    width=\"150\"\n                    height=\"100\"\n                    style=\"max-width:100%;\"\n                \/>\n            <\/a>\n        <\/div>\n\t\t\t\t\t\t\t<\/div> \n\t\t\t\n                            \n\t\t\t\t<div id=\"ngg-image-6\" class=\"ngg-gallery-thumbnail-box\" >\n\t\t\t\t        <div class=\"ngg-gallery-thumbnail\">\n            <a href=\"http:\/\/foto-passion.com\/wp-content\/gallery\/fotostrecke_jordanien_2019\/350_AP5A3243.jpg\"\n               title=\"&lt;strong&gt;Unterwasserwelt von Aqaba - der jordanische Tauchspot im Roten Meer&lt;\/strong&gt;&lt;br \/&gt;Jordanien 2019&lt;br \/&gt;&lt;span style=&quot;font-size:85%;color:#949494;&quot;&gt;[Bild-Id: 16428]&lt;\/span&gt;\"\n               data-src=\"http:\/\/foto-passion.com\/wp-content\/gallery\/fotostrecke_jordanien_2019\/350_AP5A3243.jpg\"\n               data-thumbnail=\"http:\/\/foto-passion.com\/wp-content\/gallery\/fotostrecke_jordanien_2019\/thumbs\/thumbs_350_AP5A3243.jpg\"\n               data-image-id=\"16428\"\n               data-title=\"Unterwasserwelt von Aqaba - der jordanische Tauchspot im Roten Meer\"\n               data-description=\"&lt;strong&gt;Unterwasserwelt von Aqaba - der jordanische Tauchspot im Roten Meer&lt;\/strong&gt;&lt;br \/&gt;Jordanien 2019&lt;br \/&gt;&lt;span style=&quot;font-size:85%;color:#949494;&quot;&gt;[Bild-Id: 16428]&lt;\/span&gt;\"\n               data-image-slug=\"350_ap5a3243\"\n               class=\"ngg-simplelightbox\" rel=\"0057b163508d8d2468c0ee01ed0127ef\">\n                <img loading=\"lazy\"\n                    title=\"Unterwasserwelt von Aqaba - der jordanische Tauchspot im Roten Meer\"\n                    alt=\"Unterwasserwelt von Aqaba - der jordanische Tauchspot im Roten Meer\"\n                    src=\"http:\/\/foto-passion.com\/wp-content\/gallery\/fotostrecke_jordanien_2019\/cache\/350_AP5A3243.jpg-nggid0516428-ngg0dyn-150x100x100-00f0w010c011r110f110r010t010.jpg\"\n                    width=\"150\"\n                    height=\"100\"\n                    style=\"max-width:100%;\"\n                \/>\n            <\/a>\n        <\/div>\n\t\t\t\t\t\t\t<\/div> \n\t\t\t\n                            \n\t\t\t\t<div id=\"ngg-image-7\" class=\"ngg-gallery-thumbnail-box\" >\n\t\t\t\t        <div class=\"ngg-gallery-thumbnail\">\n            <a href=\"http:\/\/foto-passion.com\/wp-content\/gallery\/fotostrecke_jordanien_2019\/351_AP5A3242.jpg\"\n               title=\"&lt;strong&gt;Unterwasserwelt von Aqaba - der jordanische Tauchspot im Roten Meer&lt;\/strong&gt;&lt;br \/&gt;Jordanien 2019&lt;br \/&gt;&lt;span style=&quot;font-size:85%;color:#949494;&quot;&gt;[Bild-Id: 16427]&lt;\/span&gt;\"\n               data-src=\"http:\/\/foto-passion.com\/wp-content\/gallery\/fotostrecke_jordanien_2019\/351_AP5A3242.jpg\"\n               data-thumbnail=\"http:\/\/foto-passion.com\/wp-content\/gallery\/fotostrecke_jordanien_2019\/thumbs\/thumbs_351_AP5A3242.jpg\"\n               data-image-id=\"16427\"\n               data-title=\"Unterwasserwelt von Aqaba - der jordanische Tauchspot im Roten Meer\"\n               data-description=\"&lt;strong&gt;Unterwasserwelt von Aqaba - der jordanische Tauchspot im Roten Meer&lt;\/strong&gt;&lt;br \/&gt;Jordanien 2019&lt;br \/&gt;&lt;span style=&quot;font-size:85%;color:#949494;&quot;&gt;[Bild-Id: 16427]&lt;\/span&gt;\"\n               data-image-slug=\"351_ap5a3242\"\n               class=\"ngg-simplelightbox\" rel=\"0057b163508d8d2468c0ee01ed0127ef\">\n                <img loading=\"lazy\"\n                    title=\"Unterwasserwelt von Aqaba - der jordanische Tauchspot im Roten Meer\"\n                    alt=\"Unterwasserwelt von Aqaba - der jordanische Tauchspot im Roten Meer\"\n                    src=\"http:\/\/foto-passion.com\/wp-content\/gallery\/fotostrecke_jordanien_2019\/cache\/351_AP5A3242.jpg-nggid0516427-ngg0dyn-150x100x100-00f0w010c011r110f110r010t010.jpg\"\n                    width=\"150\"\n                    height=\"100\"\n                    style=\"max-width:100%;\"\n                \/>\n            <\/a>\n        <\/div>\n\t\t\t\t\t\t\t<\/div> \n\t\t\t\n                                    <br style=\"clear: both\" \/>\n                    \n\t\t\n\t\t<div class=\"ngg-clear\"><\/div>\n\t<\/div>\n<\/p>\t\t\t\t\t<\/div>\n\t\t\t\t\t\t<\/div>\n\t\t\t\t<\/div>\n\t\t\t\t\t\t<\/div>\n\t\t\t\t\t<\/div>\n\t\t<\/div>\n\t\t\t\t\t\t\t\t<\/div>\n\t\t\t\t\t<\/div>\n\t\t<\/section>\n\t\t\t\t<section class=\"elementor-section elementor-top-section elementor-element elementor-element-d1c1edc elementor-section-boxed elementor-section-height-default elementor-section-height-default\" data-id=\"d1c1edc\" data-element_type=\"section\">\n\t\t\t\t\t\t<div class=\"elementor-container elementor-column-gap-default\">\n\t\t\t\t\t\t\t<div class=\"elementor-row\">\n\t\t\t\t\t<div class=\"elementor-column elementor-col-100 elementor-top-column elementor-element elementor-element-cccc5fe\" data-id=\"cccc5fe\" data-element_type=\"column\">\n\t\t\t<div class=\"elementor-column-wrap elementor-element-populated\">\n\t\t\t\t\t\t\t<div class=\"elementor-widget-wrap\">\n\t\t\t\t\t\t<div class=\"elementor-element elementor-element-dfcf118 elementor-widget elementor-widget-text-editor\" data-id=\"dfcf118\" data-element_type=\"widget\" data-widget_type=\"text-editor.default\">\n\t\t\t\t<div class=\"elementor-widget-container\">\n\t\t\t\t\t\t\t\t<div class=\"elementor-text-editor elementor-clearfix\">\n\t\t\t\t\t<p style=\"text-align: justify;\">Es deprimiert uns, was wir hier zu sehen bekommen. Soweit wir das einsch\u00e4tzen k\u00f6nnen, sind mindestens 70 % der Korallen tot und der viel gepriesene Artenreichtum an Fischen hatte heute wohl auch gerade frei. Insgesamt war es eine wahnsinnig interessante Fahrt, die uns wertvolle Erkenntnisse gebracht hat. Ohne diese Erfahrung w\u00fcrden wir immer noch nach dem richtigen Schnorchel-Hotspot suchen und an uns zweifeln. So jedoch wissen wir, dass wir nicht weiter suchen brauchen und uns w\u00e4hrend unseres bevorstehenden Aufenthaltes in Aqaba ungest\u00f6rt dem Luxus unseres Hotels hingeben k\u00f6nnen.<\/p><p style=\"text-align: justify;\">Nach dieser lehrreichen Schiffsfahrt schauen wir uns noch etwas in Tala Bay um, bevor wir wieder die Fahrt Richtung Petra antreten. An zwei Polizeikontrollen m\u00fcssen wir anhalten, werden aber freundlich durchgewunken. W\u00e4re ja auch noch, wenn die uns unseren leckeren Wein wieder abnehmen w\u00fcrden. Unterwegs k\u00f6nnen wir in gigantischer Landschaft den Sonnenuntergang beobachten. In der Nachbarschaft picknicken ein paar einheimische Familien und die Kinder laufen uns hinterher. Das erste, was denen einf\u00e4llt ist \u201eMoney\u201c und zur Untermalung zeigen sie uns die Bewegung von Daumen und Zeigefinger. Das ist genau das, was wir hier schon die ganze Zeit empfinden: Urlauber sind wandelndes Kapital und jeder will von dem \u201eKuchen\u201c etwas abhaben. Die Knirpse sind noch keine 7\u00a0Jahre alt und nicht etwa bed\u00fcrftig.<\/p>\t\t\t\t\t<\/div>\n\t\t\t\t\t\t<\/div>\n\t\t\t\t<\/div>\n\t\t\t\t\t\t<\/div>\n\t\t\t\t\t<\/div>\n\t\t<\/div>\n\t\t\t\t\t\t\t\t<\/div>\n\t\t\t\t\t<\/div>\n\t\t<\/section>\n\t\t\t\t<section class=\"elementor-section elementor-top-section elementor-element elementor-element-af0ae30 elementor-section-boxed elementor-section-height-default elementor-section-height-default\" data-id=\"af0ae30\" data-element_type=\"section\">\n\t\t\t\t\t\t<div class=\"elementor-container elementor-column-gap-default\">\n\t\t\t\t\t\t\t<div class=\"elementor-row\">\n\t\t\t\t\t<div class=\"elementor-column elementor-col-100 elementor-top-column elementor-element elementor-element-bdf1177\" data-id=\"bdf1177\" data-element_type=\"column\">\n\t\t\t<div class=\"elementor-column-wrap elementor-element-populated\">\n\t\t\t\t\t\t\t<div class=\"elementor-widget-wrap\">\n\t\t\t\t\t\t<div class=\"elementor-element elementor-element-62bd00e elementor-widget elementor-widget-text-editor\" data-id=\"62bd00e\" data-element_type=\"widget\" data-widget_type=\"text-editor.default\">\n\t\t\t\t<div class=\"elementor-widget-container\">\n\t\t\t\t\t\t\t\t<div class=\"elementor-text-editor elementor-clearfix\">\n\t\t\t\t\t<div id=\"attachment_33400\" style=\"width: 1210px\" class=\"wp-caption aligncenter\"><a href=\"http:\/\/foto-passion.com\/wp-content\/uploads\/2021\/01\/352_IMG_3858.jpg\"><img loading=\"lazy\" aria-describedby=\"caption-attachment-33400\" class=\"size-full wp-image-33400\" src=\"http:\/\/foto-passion.com\/wp-content\/uploads\/2021\/01\/352_IMG_3858.jpg\" alt=\"\" width=\"1200\" height=\"365\" srcset=\"http:\/\/foto-passion.com\/wp-content\/uploads\/2021\/01\/352_IMG_3858.jpg 1200w, http:\/\/foto-passion.com\/wp-content\/uploads\/2021\/01\/352_IMG_3858-300x91.jpg 300w, http:\/\/foto-passion.com\/wp-content\/uploads\/2021\/01\/352_IMG_3858-1024x311.jpg 1024w, http:\/\/foto-passion.com\/wp-content\/uploads\/2021\/01\/352_IMG_3858-768x234.jpg 768w\" sizes=\"(max-width: 1200px) 100vw, 1200px\" \/><\/a><p id=\"caption-attachment-33400\" class=\"wp-caption-text\">Die karge Landschaft Jordaniens<\/p><\/div>\t\t\t\t\t<\/div>\n\t\t\t\t\t\t<\/div>\n\t\t\t\t<\/div>\n\t\t\t\t\t\t<\/div>\n\t\t\t\t\t<\/div>\n\t\t<\/div>\n\t\t\t\t\t\t\t\t<\/div>\n\t\t\t\t\t<\/div>\n\t\t<\/section>\n\t\t\t\t<section class=\"elementor-section elementor-top-section elementor-element elementor-element-f69f76e elementor-section-boxed elementor-section-height-default elementor-section-height-default\" data-id=\"f69f76e\" data-element_type=\"section\">\n\t\t\t\t\t\t<div class=\"elementor-container elementor-column-gap-default\">\n\t\t\t\t\t\t\t<div class=\"elementor-row\">\n\t\t\t\t\t<div class=\"elementor-column elementor-col-100 elementor-top-column elementor-element elementor-element-08285b7\" data-id=\"08285b7\" data-element_type=\"column\">\n\t\t\t<div class=\"elementor-column-wrap elementor-element-populated\">\n\t\t\t\t\t\t\t<div class=\"elementor-widget-wrap\">\n\t\t\t\t\t\t<div class=\"elementor-element elementor-element-45a5e17 elementor-widget elementor-widget-text-editor\" data-id=\"45a5e17\" data-element_type=\"widget\" data-widget_type=\"text-editor.default\">\n\t\t\t\t<div class=\"elementor-widget-container\">\n\t\t\t\t\t\t\t\t<div class=\"elementor-text-editor elementor-clearfix\">\n\t\t\t\t\t<p style=\"text-align: justify;\">Zur\u00fcck in unserem Hotel in Petra k\u00f6nnen wir endlich den erworbenen Wein probieren. So haben wir wenigstens f\u00fcr unsere n\u00e4chsten Stationen einen Sundowner. Morgen werden wir weiter zum Wadi Rum reisen.<\/p>\t\t\t\t\t<\/div>\n\t\t\t\t\t\t<\/div>\n\t\t\t\t<\/div>\n\t\t\t\t\t\t<\/div>\n\t\t\t\t\t<\/div>\n\t\t<\/div>\n\t\t\t\t\t\t\t\t<\/div>\n\t\t\t\t\t<\/div>\n\t\t<\/section>\n\t\t\t\t<section class=\"elementor-section elementor-top-section elementor-element elementor-element-d4ca323 elementor-section-boxed elementor-section-height-default elementor-section-height-default\" data-id=\"d4ca323\" data-element_type=\"section\">\n\t\t\t\t\t\t<div class=\"elementor-container elementor-column-gap-default\">\n\t\t\t\t\t\t\t<div class=\"elementor-row\">\n\t\t\t\t\t<div class=\"elementor-column elementor-col-100 elementor-top-column elementor-element elementor-element-7056a81\" data-id=\"7056a81\" data-element_type=\"column\">\n\t\t\t<div class=\"elementor-column-wrap elementor-element-populated\">\n\t\t\t\t\t\t\t<div class=\"elementor-widget-wrap\">\n\t\t\t\t\t\t<div class=\"elementor-element elementor-element-6fa64b9 elementor-widget elementor-widget-text-editor\" data-id=\"6fa64b9\" data-element_type=\"widget\" data-widget_type=\"text-editor.default\">\n\t\t\t\t<div class=\"elementor-widget-container\">\n\t\t\t\t\t\t\t\t<div class=\"elementor-text-editor elementor-clearfix\">\n\t\t\t\t\t<p><strong>12.10.2019\u00a0\u00a0\u00a0\u00a0 Petra \u2013 Wadi Rum \u201eWadi Rum Bedouine Camp\u201c<\/strong><\/p><p style=\"text-align: justify;\">Wir verlassen Petra in Richtung Wadi Rum. \u00dcber die landschaftlich sch\u00f6nere Strecke des Kings Highway \u00fcber \u201eRas en Naqb\u201c brauchen wir zwar etwas l\u00e4nger, haben daf\u00fcr aber spektakul\u00e4re Landschaft zu bestaunen. Von Petra nach Wadi Rum ben\u00f6tigt man maximal zwei Stunden Fahrzeit. So k\u00f6nnen wir uns viel Zeit lassen. Das Visitor Centre des Wadi Rum ist ein noch recht neuer und moderner Komplex, der allerdings schon wieder an allen Ecken vergammelt. Allein die Toiletten sind ein Grauen und es kann einen \u00e4rgern, wenn man sich \u00fcberlegt, dass die UNESCO einen Haufen Geld in diese Schutzgebiete steckt und sie vergammeln in k\u00fcrzester Zeit. Immerhin sind hier auch ein Teil unserer Steuergelder drin. Aber gut, wir k\u00f6nnen die Welt nicht \u00e4ndern, also m\u00fcssen wir akzeptieren, was wir vorfinden. Immerhin brauchen wir weder f\u00fcr uns noch f\u00fcr unser Auto Eintritt zu zahlen, denn auch hier gilt der Jordan Pass. Allein das Auto h\u00e4tte 35 JD pro Tag gekostet. Nach dem Visitor Center kommt ein gro\u00dfer Parkplatz und auf dem m\u00fcssen Besucher ihre Fahrzeuge abstellen. Von hier werden die G\u00e4ste der Camps auf Pickups umgeladen. Na das findet nicht unsere Begeisterung; schlie\u00dflich fahren wir 4&#215;4. Zwar haben wir vorsorglich ein kleines Gep\u00e4ck f\u00fcr die n\u00e4chsten drei \u00dcbernachtungen gerichtet, aber die Hoffnung stirbt zuletzt. Au\u00dferdem kostet dieser Parkplatz nat\u00fcrlich auch pro Tag Geb\u00fchren. Einer der \u201eParkplatzw\u00e4chter\u201c hat inzwischen im \u201eBedouine Camp\u201c bei Mohammed angerufen und es dauert nicht lange, da kommt einer seiner Br\u00fcder. Erstaunlicherweise m\u00fcssen wir nicht mal mit ihm diskutieren. Unser E-Mail, dass wir 4&#215;4 fahren k\u00f6nnen, hat Wirkung gezeigt und es ist klar, dass wir das Fahrzeug mit ins Camp nehmen. Erst will uns der Guide beim Lunch im Restaurant am Parkplatz parken. Als wir das aber nicht wollen, bringt er uns ins Haus von Mohammed in Wadi Rum Village. Wir werden in ein Zimmer gebracht und sehen zum ersten Mal, wie die H\u00e4user von innen aussehen. Der Boden des Raumes ist komplett mit einem Teppich ausgelegt und an den W\u00e4nden sind rundherum Polster angebracht. Zwischendrin liegen Armpolster, auf die man sich st\u00fctzen und lehnen kann. In einer Ecke des Raumes schl\u00e4ft die zweij\u00e4hrige Tochter von Mohammed und in der Mitte des Raumes auf dem Boden steht ein Tablett mit Gl\u00e4sern und einer Teekanne. Wir bekommen Tee eingeschenkt, der zwar papps\u00fc\u00df ist aber doch sehr aromatisch schmeckt. Im Raum l\u00e4uft &#8211; auf 21 Grad eingestellt &#8211; die Klimaanlage und es ist sehr angenehm. Wir brauchen nicht in der prallen Mittagshitze schmoren. Er zeigt uns noch das Badezimmer und verl\u00e4sst uns dann mit den Worten \u2013 wir sollen uns hier wie zuhause f\u00fchlen, um die n\u00e4chsten G\u00e4ste zu holen, die ins Camp gefahren werden m\u00fcssen.<\/p>\t\t\t\t\t<\/div>\n\t\t\t\t\t\t<\/div>\n\t\t\t\t<\/div>\n\t\t\t\t\t\t<\/div>\n\t\t\t\t\t<\/div>\n\t\t<\/div>\n\t\t\t\t\t\t\t\t<\/div>\n\t\t\t\t\t<\/div>\n\t\t<\/section>\n\t\t\t\t<section class=\"elementor-section elementor-top-section elementor-element elementor-element-ae11bf4 elementor-section-boxed elementor-section-height-default elementor-section-height-default\" data-id=\"ae11bf4\" data-element_type=\"section\">\n\t\t\t\t\t\t<div class=\"elementor-container elementor-column-gap-default\">\n\t\t\t\t\t\t\t<div class=\"elementor-row\">\n\t\t\t\t\t<div class=\"elementor-column elementor-col-100 elementor-top-column elementor-element elementor-element-0c878c5\" data-id=\"0c878c5\" data-element_type=\"column\">\n\t\t\t<div class=\"elementor-column-wrap elementor-element-populated\">\n\t\t\t\t\t\t\t<div class=\"elementor-widget-wrap\">\n\t\t\t\t\t\t<div class=\"elementor-element elementor-element-26dc48a elementor-widget elementor-widget-text-editor\" data-id=\"26dc48a\" data-element_type=\"widget\" data-widget_type=\"text-editor.default\">\n\t\t\t\t<div class=\"elementor-widget-container\">\n\t\t\t\t\t\t\t\t<div class=\"elementor-text-editor elementor-clearfix\">\n\t\t\t\t\t<div id=\"attachment_33401\" style=\"width: 1210px\" class=\"wp-caption aligncenter\"><a href=\"http:\/\/foto-passion.com\/wp-content\/uploads\/2021\/01\/353_IMG_3884.jpg\"><img loading=\"lazy\" aria-describedby=\"caption-attachment-33401\" class=\"size-full wp-image-33401\" src=\"http:\/\/foto-passion.com\/wp-content\/uploads\/2021\/01\/353_IMG_3884.jpg\" alt=\"\" width=\"1200\" height=\"401\" srcset=\"http:\/\/foto-passion.com\/wp-content\/uploads\/2021\/01\/353_IMG_3884.jpg 1200w, http:\/\/foto-passion.com\/wp-content\/uploads\/2021\/01\/353_IMG_3884-300x100.jpg 300w, http:\/\/foto-passion.com\/wp-content\/uploads\/2021\/01\/353_IMG_3884-1024x342.jpg 1024w, http:\/\/foto-passion.com\/wp-content\/uploads\/2021\/01\/353_IMG_3884-768x257.jpg 768w\" sizes=\"(max-width: 1200px) 100vw, 1200px\" \/><\/a><p id=\"caption-attachment-33401\" class=\"wp-caption-text\">Jordanisches Wohnzimmer<\/p><\/div>\t\t\t\t\t<\/div>\n\t\t\t\t\t\t<\/div>\n\t\t\t\t<\/div>\n\t\t\t\t\t\t<\/div>\n\t\t\t\t\t<\/div>\n\t\t<\/div>\n\t\t\t\t\t\t\t\t<\/div>\n\t\t\t\t\t<\/div>\n\t\t<\/section>\n\t\t\t\t<section class=\"elementor-section elementor-top-section elementor-element elementor-element-58d0835 elementor-section-boxed elementor-section-height-default elementor-section-height-default\" data-id=\"58d0835\" data-element_type=\"section\">\n\t\t\t\t\t\t<div class=\"elementor-container elementor-column-gap-default\">\n\t\t\t\t\t\t\t<div class=\"elementor-row\">\n\t\t\t\t\t<div class=\"elementor-column elementor-col-100 elementor-top-column elementor-element elementor-element-6581b6a\" data-id=\"6581b6a\" data-element_type=\"column\">\n\t\t\t<div class=\"elementor-column-wrap elementor-element-populated\">\n\t\t\t\t\t\t\t<div class=\"elementor-widget-wrap\">\n\t\t\t\t\t\t<div class=\"elementor-element elementor-element-93bb1b5 elementor-widget elementor-widget-text-editor\" data-id=\"93bb1b5\" data-element_type=\"widget\" data-widget_type=\"text-editor.default\">\n\t\t\t\t<div class=\"elementor-widget-container\">\n\t\t\t\t\t\t\t\t<div class=\"elementor-text-editor elementor-clearfix\">\n\t\t\t\t\t<p style=\"text-align: justify;\">Wir warten hier auf \u2026 ja wissen wir auch nicht so genau. Nach einer Weile des Wartens kommt Mohammed, der Besitzer des \u201eBedouine Camps\u201c und Hausherr pers\u00f6nlich. Wir vereinbaren, dass wir noch eine Nachmittagstour machen und danach das Auto ins Camp holen. Derweil steht es bei ihm im Hof gut. Dann verschwindet Mohammend wieder und wir warten noch einmal. Jetzt warten wir auf Natascha, eine Irin mit ihrem Freund, die mit uns die Nachmittagstour machen sollen. Als die endlich eintreffen, k\u00f6nnen wir starten. Gleich am Eingang begr\u00fc\u00dfen uns riesige Felskomplexe, wie die bekannten \u201eSieben S\u00e4ulen der Weisheit\u201c und \u00fcberall ist der legend\u00e4re rote Sand, der das Wadi Rum ausmacht.<\/p>\t\t\t\t\t<\/div>\n\t\t\t\t\t\t<\/div>\n\t\t\t\t<\/div>\n\t\t\t\t\t\t<\/div>\n\t\t\t\t\t<\/div>\n\t\t<\/div>\n\t\t\t\t\t\t\t\t<\/div>\n\t\t\t\t\t<\/div>\n\t\t<\/section>\n\t\t\t\t<section class=\"elementor-section elementor-top-section elementor-element elementor-element-b4c14f6 elementor-section-boxed elementor-section-height-default elementor-section-height-default\" data-id=\"b4c14f6\" data-element_type=\"section\">\n\t\t\t\t\t\t<div class=\"elementor-container elementor-column-gap-default\">\n\t\t\t\t\t\t\t<div class=\"elementor-row\">\n\t\t\t\t\t<div class=\"elementor-column elementor-col-100 elementor-top-column elementor-element elementor-element-0d09f05\" data-id=\"0d09f05\" data-element_type=\"column\">\n\t\t\t<div class=\"elementor-column-wrap elementor-element-populated\">\n\t\t\t\t\t\t\t<div class=\"elementor-widget-wrap\">\n\t\t\t\t\t\t<div class=\"elementor-element elementor-element-47b953f elementor-widget elementor-widget-text-editor\" data-id=\"47b953f\" data-element_type=\"widget\" data-widget_type=\"text-editor.default\">\n\t\t\t\t<div class=\"elementor-widget-container\">\n\t\t\t\t\t\t\t\t<div class=\"elementor-text-editor elementor-clearfix\">\n\t\t\t\t\t<p style=\"text-align: left;\"><!-- index.php -->\n<div\n\tclass=\"ngg-galleryoverview ngg-ajax-pagination-none\"\n\tid=\"ngg-gallery-03491eca7cfef773090d9ad1767d3a25-1\">\n\n    \t\t<!-- Thumbnails -->\n\t\t\t\t<div id=\"ngg-image-0\" class=\"ngg-gallery-thumbnail-box\" >\n\t\t\t\t        <div class=\"ngg-gallery-thumbnail\">\n            <a href=\"http:\/\/foto-passion.com\/wp-content\/gallery\/fotostrecke_jordanien_2019\/354_AP5A3471.jpg\"\n               title=\"&lt;strong&gt;Sieben S\u00e4ulen der Weisheit, Wadi Rum&lt;\/strong&gt;&lt;br \/&gt;Jordanien 2019&lt;br \/&gt;&lt;span style=&quot;font-size:85%;color:#949494;&quot;&gt;[Bild-Id: 16435]&lt;\/span&gt;\"\n               data-src=\"http:\/\/foto-passion.com\/wp-content\/gallery\/fotostrecke_jordanien_2019\/354_AP5A3471.jpg\"\n               data-thumbnail=\"http:\/\/foto-passion.com\/wp-content\/gallery\/fotostrecke_jordanien_2019\/thumbs\/thumbs_354_AP5A3471.jpg\"\n               data-image-id=\"16435\"\n               data-title=\"Sieben S\u00e4ulen der Weisheit, Wadi Rum\"\n               data-description=\"&lt;strong&gt;Sieben S\u00e4ulen der Weisheit, Wadi Rum&lt;\/strong&gt;&lt;br \/&gt;Jordanien 2019&lt;br \/&gt;&lt;span style=&quot;font-size:85%;color:#949494;&quot;&gt;[Bild-Id: 16435]&lt;\/span&gt;\"\n               data-image-slug=\"354_ap5a3471\"\n               class=\"ngg-simplelightbox\" rel=\"03491eca7cfef773090d9ad1767d3a25\">\n                <img loading=\"lazy\"\n                    title=\"Sieben S\u00e4ulen der Weisheit, Wadi Rum\"\n                    alt=\"Sieben S\u00e4ulen der Weisheit, Wadi Rum\"\n                    src=\"http:\/\/foto-passion.com\/wp-content\/gallery\/fotostrecke_jordanien_2019\/cache\/354_AP5A3471.jpg-nggid0516435-ngg0dyn-150x100x100-00f0w010c011r110f110r010t010.jpg\"\n                    width=\"150\"\n                    height=\"100\"\n                    style=\"max-width:100%;\"\n                \/>\n            <\/a>\n        <\/div>\n\t\t\t\t\t\t\t<\/div> \n\t\t\t\n                            \n\t\t\t\t<div id=\"ngg-image-1\" class=\"ngg-gallery-thumbnail-box\" >\n\t\t\t\t        <div class=\"ngg-gallery-thumbnail\">\n            <a href=\"http:\/\/foto-passion.com\/wp-content\/gallery\/fotostrecke_jordanien_2019\/355_AP5A3475.jpg\"\n               title=\"&lt;strong&gt;Wadi Rum&lt;\/strong&gt;&lt;br \/&gt;Jordanien 2019&lt;br \/&gt;&lt;span style=&quot;font-size:85%;color:#949494;&quot;&gt;[Bild-Id: 16437]&lt;\/span&gt;\"\n               data-src=\"http:\/\/foto-passion.com\/wp-content\/gallery\/fotostrecke_jordanien_2019\/355_AP5A3475.jpg\"\n               data-thumbnail=\"http:\/\/foto-passion.com\/wp-content\/gallery\/fotostrecke_jordanien_2019\/thumbs\/thumbs_355_AP5A3475.jpg\"\n               data-image-id=\"16437\"\n               data-title=\"Wadi Rum\"\n               data-description=\"&lt;strong&gt;Wadi Rum&lt;\/strong&gt;&lt;br \/&gt;Jordanien 2019&lt;br \/&gt;&lt;span style=&quot;font-size:85%;color:#949494;&quot;&gt;[Bild-Id: 16437]&lt;\/span&gt;\"\n               data-image-slug=\"355_ap5a3475\"\n               class=\"ngg-simplelightbox\" rel=\"03491eca7cfef773090d9ad1767d3a25\">\n                <img loading=\"lazy\"\n                    title=\"Wadi Rum\"\n                    alt=\"Wadi Rum\"\n                    src=\"http:\/\/foto-passion.com\/wp-content\/gallery\/fotostrecke_jordanien_2019\/cache\/355_AP5A3475.jpg-nggid0516437-ngg0dyn-150x100x100-00f0w010c011r110f110r010t010.jpg\"\n                    width=\"150\"\n                    height=\"100\"\n                    style=\"max-width:100%;\"\n                \/>\n            <\/a>\n        <\/div>\n\t\t\t\t\t\t\t<\/div> \n\t\t\t\n                            \n\t\t\t\t<div id=\"ngg-image-2\" class=\"ngg-gallery-thumbnail-box\" >\n\t\t\t\t        <div class=\"ngg-gallery-thumbnail\">\n            <a href=\"http:\/\/foto-passion.com\/wp-content\/gallery\/fotostrecke_jordanien_2019\/356_AP5A3480.jpg\"\n               title=\"&lt;strong&gt;Wadi Rum&lt;\/strong&gt;&lt;br \/&gt;Jordanien 2019&lt;br \/&gt;&lt;span style=&quot;font-size:85%;color:#949494;&quot;&gt;[Bild-Id: 16438]&lt;\/span&gt;\"\n               data-src=\"http:\/\/foto-passion.com\/wp-content\/gallery\/fotostrecke_jordanien_2019\/356_AP5A3480.jpg\"\n               data-thumbnail=\"http:\/\/foto-passion.com\/wp-content\/gallery\/fotostrecke_jordanien_2019\/thumbs\/thumbs_356_AP5A3480.jpg\"\n               data-image-id=\"16438\"\n               data-title=\"Wadi Rum\"\n               data-description=\"&lt;strong&gt;Wadi Rum&lt;\/strong&gt;&lt;br \/&gt;Jordanien 2019&lt;br \/&gt;&lt;span style=&quot;font-size:85%;color:#949494;&quot;&gt;[Bild-Id: 16438]&lt;\/span&gt;\"\n               data-image-slug=\"356_ap5a3480\"\n               class=\"ngg-simplelightbox\" rel=\"03491eca7cfef773090d9ad1767d3a25\">\n                <img loading=\"lazy\"\n                    title=\"Wadi Rum\"\n                    alt=\"Wadi Rum\"\n                    src=\"http:\/\/foto-passion.com\/wp-content\/gallery\/fotostrecke_jordanien_2019\/cache\/356_AP5A3480.jpg-nggid0516438-ngg0dyn-150x100x100-00f0w010c011r110f110r010t010.jpg\"\n                    width=\"150\"\n                    height=\"100\"\n                    style=\"max-width:100%;\"\n                \/>\n            <\/a>\n        <\/div>\n\t\t\t\t\t\t\t<\/div> \n\t\t\t\n                            \n\t\t\t\t<div id=\"ngg-image-3\" class=\"ngg-gallery-thumbnail-box\" >\n\t\t\t\t        <div class=\"ngg-gallery-thumbnail\">\n            <a href=\"http:\/\/foto-passion.com\/wp-content\/gallery\/fotostrecke_jordanien_2019\/357_AP5A3583.jpg\"\n               title=\"&lt;strong&gt;Hinter jedem Felsen befindet sich ein Camp, Wadi Rum&lt;\/strong&gt;&lt;br \/&gt;Jordanien 2019&lt;br \/&gt;&lt;span style=&quot;font-size:85%;color:#949494;&quot;&gt;[Bild-Id: 16448]&lt;\/span&gt;\"\n               data-src=\"http:\/\/foto-passion.com\/wp-content\/gallery\/fotostrecke_jordanien_2019\/357_AP5A3583.jpg\"\n               data-thumbnail=\"http:\/\/foto-passion.com\/wp-content\/gallery\/fotostrecke_jordanien_2019\/thumbs\/thumbs_357_AP5A3583.jpg\"\n               data-image-id=\"16448\"\n               data-title=\"Hinter jedem Felsen befindet sich ein Camp, Wadi Rum\"\n               data-description=\"&lt;strong&gt;Hinter jedem Felsen befindet sich ein Camp, Wadi Rum&lt;\/strong&gt;&lt;br \/&gt;Jordanien 2019&lt;br \/&gt;&lt;span style=&quot;font-size:85%;color:#949494;&quot;&gt;[Bild-Id: 16448]&lt;\/span&gt;\"\n               data-image-slug=\"357_ap5a3583\"\n               class=\"ngg-simplelightbox\" rel=\"03491eca7cfef773090d9ad1767d3a25\">\n                <img loading=\"lazy\"\n                    title=\"Hinter jedem Felsen befindet sich ein Camp, Wadi Rum\"\n                    alt=\"Hinter jedem Felsen befindet sich ein Camp, Wadi Rum\"\n                    src=\"http:\/\/foto-passion.com\/wp-content\/gallery\/fotostrecke_jordanien_2019\/cache\/357_AP5A3583.jpg-nggid0516448-ngg0dyn-150x100x100-00f0w010c011r110f110r010t010.jpg\"\n                    width=\"150\"\n                    height=\"100\"\n                    style=\"max-width:100%;\"\n                \/>\n            <\/a>\n        <\/div>\n\t\t\t\t\t\t\t<\/div> \n\t\t\t\n                                    <br style=\"clear: both\" \/>\n                    \n\t\t\n\t\t<div class=\"ngg-clear\"><\/div>\n\t<\/div>\n<\/p>\t\t\t\t\t<\/div>\n\t\t\t\t\t\t<\/div>\n\t\t\t\t<\/div>\n\t\t\t\t\t\t<\/div>\n\t\t\t\t\t<\/div>\n\t\t<\/div>\n\t\t\t\t\t\t\t\t<\/div>\n\t\t\t\t\t<\/div>\n\t\t<\/section>\n\t\t\t\t<section class=\"elementor-section elementor-top-section elementor-element elementor-element-7bec61b elementor-section-boxed elementor-section-height-default elementor-section-height-default\" data-id=\"7bec61b\" data-element_type=\"section\">\n\t\t\t\t\t\t<div class=\"elementor-container elementor-column-gap-default\">\n\t\t\t\t\t\t\t<div class=\"elementor-row\">\n\t\t\t\t\t<div class=\"elementor-column elementor-col-100 elementor-top-column elementor-element elementor-element-053186b\" data-id=\"053186b\" data-element_type=\"column\">\n\t\t\t<div class=\"elementor-column-wrap elementor-element-populated\">\n\t\t\t\t\t\t\t<div class=\"elementor-widget-wrap\">\n\t\t\t\t\t\t<div class=\"elementor-element elementor-element-639db83 elementor-widget elementor-widget-text-editor\" data-id=\"639db83\" data-element_type=\"widget\" data-widget_type=\"text-editor.default\">\n\t\t\t\t<div class=\"elementor-widget-container\">\n\t\t\t\t\t\t\t\t<div class=\"elementor-text-editor elementor-clearfix\">\n\t\t\t\t\t<p style=\"text-align: justify;\">Heute ist erst einmal das Standardprogramm dran. Wir besuchen die Standardsehensw\u00fcrdigkeiten, wie \u201eLawrence-Quelle\u201c (Ain Shelaleh), die ergiebigste Quelle des Wadi Rum, die permanent das ganze Jahr \u00fcber Wasser f\u00fchrt, das Trinkwasserqualit\u00e4t hat. Die Quelle befindet sich ca. 3 km s\u00fcdlich des Dorfes Rum und hat interessante Felszeichnungen mit Inschriften. An dieser Quelle sollen sich Lawrence und seine Beduinen mit Wasser versorgt haben. Auch Reste einer nabat\u00e4ischen Wasserleitung sind noch zu sehen.<\/p>\t\t\t\t\t<\/div>\n\t\t\t\t\t\t<\/div>\n\t\t\t\t<\/div>\n\t\t\t\t\t\t<\/div>\n\t\t\t\t\t<\/div>\n\t\t<\/div>\n\t\t\t\t\t\t\t\t<\/div>\n\t\t\t\t\t<\/div>\n\t\t<\/section>\n\t\t\t\t<section class=\"elementor-section elementor-top-section elementor-element elementor-element-bb679fd elementor-section-boxed elementor-section-height-default elementor-section-height-default\" data-id=\"bb679fd\" data-element_type=\"section\">\n\t\t\t\t\t\t<div class=\"elementor-container elementor-column-gap-default\">\n\t\t\t\t\t\t\t<div class=\"elementor-row\">\n\t\t\t\t\t<div class=\"elementor-column elementor-col-100 elementor-top-column elementor-element elementor-element-6a5afd8\" data-id=\"6a5afd8\" data-element_type=\"column\">\n\t\t\t<div class=\"elementor-column-wrap elementor-element-populated\">\n\t\t\t\t\t\t\t<div class=\"elementor-widget-wrap\">\n\t\t\t\t\t\t<div class=\"elementor-element elementor-element-811d32a elementor-widget elementor-widget-text-editor\" data-id=\"811d32a\" data-element_type=\"widget\" data-widget_type=\"text-editor.default\">\n\t\t\t\t<div class=\"elementor-widget-container\">\n\t\t\t\t\t\t\t\t<div class=\"elementor-text-editor elementor-clearfix\">\n\t\t\t\t\t<p style=\"text-align: left;\"><!-- index.php -->\n<div\n\tclass=\"ngg-galleryoverview ngg-ajax-pagination-none\"\n\tid=\"ngg-gallery-87839fc9ef23435de5e4cd24d3906cec-1\">\n\n    \t\t<!-- Thumbnails -->\n\t\t\t\t<div id=\"ngg-image-0\" class=\"ngg-gallery-thumbnail-box\" >\n\t\t\t\t        <div class=\"ngg-gallery-thumbnail\">\n            <a href=\"http:\/\/foto-passion.com\/wp-content\/gallery\/fotostrecke_jordanien_2019\/358_AP5A3487.jpg\"\n               title=\"&lt;strong&gt;Ain Abu Aineh &quot;Lawrence Quelle&quot;&lt;\/strong&gt;&lt;br \/&gt;Jordanien 2019&lt;br \/&gt;&lt;span style=&quot;font-size:85%;color:#949494;&quot;&gt;[Bild-Id: 16439]&lt;\/span&gt;\"\n               data-src=\"http:\/\/foto-passion.com\/wp-content\/gallery\/fotostrecke_jordanien_2019\/358_AP5A3487.jpg\"\n               data-thumbnail=\"http:\/\/foto-passion.com\/wp-content\/gallery\/fotostrecke_jordanien_2019\/thumbs\/thumbs_358_AP5A3487.jpg\"\n               data-image-id=\"16439\"\n               data-title=\"Ain Abu Aineh &quot;Lawrence Quelle&quot;\"\n               data-description=\"&lt;strong&gt;Ain Abu Aineh &quot;Lawrence Quelle&quot;&lt;\/strong&gt;&lt;br \/&gt;Jordanien 2019&lt;br \/&gt;&lt;span style=&quot;font-size:85%;color:#949494;&quot;&gt;[Bild-Id: 16439]&lt;\/span&gt;\"\n               data-image-slug=\"358_ap5a3487\"\n               class=\"ngg-simplelightbox\" rel=\"87839fc9ef23435de5e4cd24d3906cec\">\n                <img loading=\"lazy\"\n                    title=\"Ain Abu Aineh &quot;Lawrence Quelle&quot;\"\n                    alt=\"Ain Abu Aineh &quot;Lawrence Quelle&quot;\"\n                    src=\"http:\/\/foto-passion.com\/wp-content\/gallery\/fotostrecke_jordanien_2019\/cache\/358_AP5A3487.jpg-nggid0516439-ngg0dyn-150x100x100-00f0w010c011r110f110r010t010.jpg\"\n                    width=\"150\"\n                    height=\"100\"\n                    style=\"max-width:100%;\"\n                \/>\n            <\/a>\n        <\/div>\n\t\t\t\t\t\t\t<\/div> \n\t\t\t\n                            \n\t\t\t\t<div id=\"ngg-image-1\" class=\"ngg-gallery-thumbnail-box\" >\n\t\t\t\t        <div class=\"ngg-gallery-thumbnail\">\n            <a href=\"http:\/\/foto-passion.com\/wp-content\/gallery\/fotostrecke_jordanien_2019\/359_AP5A3498.jpg\"\n               title=\"&lt;strong&gt;Ain Abu Aineh &quot;Lawrence Quelle&quot;&lt;\/strong&gt;&lt;br \/&gt;Jordanien 2019&lt;br \/&gt;&lt;span style=&quot;font-size:85%;color:#949494;&quot;&gt;[Bild-Id: 16441]&lt;\/span&gt;\"\n               data-src=\"http:\/\/foto-passion.com\/wp-content\/gallery\/fotostrecke_jordanien_2019\/359_AP5A3498.jpg\"\n               data-thumbnail=\"http:\/\/foto-passion.com\/wp-content\/gallery\/fotostrecke_jordanien_2019\/thumbs\/thumbs_359_AP5A3498.jpg\"\n               data-image-id=\"16441\"\n               data-title=\"Ain Abu Aineh &quot;Lawrence Quelle&quot;\"\n               data-description=\"&lt;strong&gt;Ain Abu Aineh &quot;Lawrence Quelle&quot;&lt;\/strong&gt;&lt;br \/&gt;Jordanien 2019&lt;br \/&gt;&lt;span style=&quot;font-size:85%;color:#949494;&quot;&gt;[Bild-Id: 16441]&lt;\/span&gt;\"\n               data-image-slug=\"359_ap5a3498\"\n               class=\"ngg-simplelightbox\" rel=\"87839fc9ef23435de5e4cd24d3906cec\">\n                <img loading=\"lazy\"\n                    title=\"Ain Abu Aineh &quot;Lawrence Quelle&quot;\"\n                    alt=\"Ain Abu Aineh &quot;Lawrence Quelle&quot;\"\n                    src=\"http:\/\/foto-passion.com\/wp-content\/gallery\/fotostrecke_jordanien_2019\/cache\/359_AP5A3498.jpg-nggid0516441-ngg0dyn-150x100x100-00f0w010c011r110f110r010t010.jpg\"\n                    width=\"150\"\n                    height=\"100\"\n                    style=\"max-width:100%;\"\n                \/>\n            <\/a>\n        <\/div>\n\t\t\t\t\t\t\t<\/div> \n\t\t\t\n                            \n\t\t\t\t<div id=\"ngg-image-2\" class=\"ngg-gallery-thumbnail-box\" >\n\t\t\t\t        <div class=\"ngg-gallery-thumbnail\">\n            <a href=\"http:\/\/foto-passion.com\/wp-content\/gallery\/fotostrecke_jordanien_2019\/360_AP5A3507.jpg\"\n               title=\"&lt;strong&gt;Ain Abu Aineh &quot;Lawrence Quelle&quot;&lt;\/strong&gt;&lt;br \/&gt;Jordanien 2019&lt;br \/&gt;&lt;span style=&quot;font-size:85%;color:#949494;&quot;&gt;[Bild-Id: 16442]&lt;\/span&gt;\"\n               data-src=\"http:\/\/foto-passion.com\/wp-content\/gallery\/fotostrecke_jordanien_2019\/360_AP5A3507.jpg\"\n               data-thumbnail=\"http:\/\/foto-passion.com\/wp-content\/gallery\/fotostrecke_jordanien_2019\/thumbs\/thumbs_360_AP5A3507.jpg\"\n               data-image-id=\"16442\"\n               data-title=\"Ain Abu Aineh &quot;Lawrence Quelle&quot;\"\n               data-description=\"&lt;strong&gt;Ain Abu Aineh &quot;Lawrence Quelle&quot;&lt;\/strong&gt;&lt;br \/&gt;Jordanien 2019&lt;br \/&gt;&lt;span style=&quot;font-size:85%;color:#949494;&quot;&gt;[Bild-Id: 16442]&lt;\/span&gt;\"\n               data-image-slug=\"360_ap5a3507\"\n               class=\"ngg-simplelightbox\" rel=\"87839fc9ef23435de5e4cd24d3906cec\">\n                <img loading=\"lazy\"\n                    title=\"Ain Abu Aineh &quot;Lawrence Quelle&quot;\"\n                    alt=\"Ain Abu Aineh &quot;Lawrence Quelle&quot;\"\n                    src=\"http:\/\/foto-passion.com\/wp-content\/gallery\/fotostrecke_jordanien_2019\/cache\/360_AP5A3507.jpg-nggid0516442-ngg0dyn-150x100x100-00f0w010c011r110f110r010t010.jpg\"\n                    width=\"150\"\n                    height=\"100\"\n                    style=\"max-width:100%;\"\n                \/>\n            <\/a>\n        <\/div>\n\t\t\t\t\t\t\t<\/div> \n\t\t\t\n                            \n\t\t\t\t<div id=\"ngg-image-3\" class=\"ngg-gallery-thumbnail-box\" >\n\t\t\t\t        <div class=\"ngg-gallery-thumbnail\">\n            <a href=\"http:\/\/foto-passion.com\/wp-content\/gallery\/fotostrecke_jordanien_2019\/361_AP5A3496.jpg\"\n               title=\"&lt;strong&gt;Ain Abu Aineh &quot;Lawrence Quelle&quot;&lt;\/strong&gt;&lt;br \/&gt;Jordanien 2019&lt;br \/&gt;&lt;span style=&quot;font-size:85%;color:#949494;&quot;&gt;[Bild-Id: 16440]&lt;\/span&gt;\"\n               data-src=\"http:\/\/foto-passion.com\/wp-content\/gallery\/fotostrecke_jordanien_2019\/361_AP5A3496.jpg\"\n               data-thumbnail=\"http:\/\/foto-passion.com\/wp-content\/gallery\/fotostrecke_jordanien_2019\/thumbs\/thumbs_361_AP5A3496.jpg\"\n               data-image-id=\"16440\"\n               data-title=\"Ain Abu Aineh &quot;Lawrence Quelle&quot;\"\n               data-description=\"&lt;strong&gt;Ain Abu Aineh &quot;Lawrence Quelle&quot;&lt;\/strong&gt;&lt;br \/&gt;Jordanien 2019&lt;br \/&gt;&lt;span style=&quot;font-size:85%;color:#949494;&quot;&gt;[Bild-Id: 16440]&lt;\/span&gt;\"\n               data-image-slug=\"361_ap5a3496\"\n               class=\"ngg-simplelightbox\" rel=\"87839fc9ef23435de5e4cd24d3906cec\">\n                <img loading=\"lazy\"\n                    title=\"Ain Abu Aineh &quot;Lawrence Quelle&quot;\"\n                    alt=\"Ain Abu Aineh &quot;Lawrence Quelle&quot;\"\n                    src=\"http:\/\/foto-passion.com\/wp-content\/gallery\/fotostrecke_jordanien_2019\/cache\/361_AP5A3496.jpg-nggid0516440-ngg0dyn-150x100x100-00f0w010c011r110f110r010t010.jpg\"\n                    width=\"150\"\n                    height=\"100\"\n                    style=\"max-width:100%;\"\n                \/>\n            <\/a>\n        <\/div>\n\t\t\t\t\t\t\t<\/div> \n\t\t\t\n                                    <br style=\"clear: both\" \/>\n                    \n\t\t\n\t\t<div class=\"ngg-clear\"><\/div>\n\t<\/div>\n<\/p>\t\t\t\t\t<\/div>\n\t\t\t\t\t\t<\/div>\n\t\t\t\t<\/div>\n\t\t\t\t\t\t<\/div>\n\t\t\t\t\t<\/div>\n\t\t<\/div>\n\t\t\t\t\t\t\t\t<\/div>\n\t\t\t\t\t<\/div>\n\t\t<\/section>\n\t\t\t\t<section class=\"elementor-section elementor-top-section elementor-element elementor-element-943c85a elementor-section-boxed elementor-section-height-default elementor-section-height-default\" data-id=\"943c85a\" data-element_type=\"section\">\n\t\t\t\t\t\t<div class=\"elementor-container elementor-column-gap-default\">\n\t\t\t\t\t\t\t<div class=\"elementor-row\">\n\t\t\t\t\t<div class=\"elementor-column elementor-col-100 elementor-top-column elementor-element elementor-element-e803be5\" data-id=\"e803be5\" data-element_type=\"column\">\n\t\t\t<div class=\"elementor-column-wrap elementor-element-populated\">\n\t\t\t\t\t\t\t<div class=\"elementor-widget-wrap\">\n\t\t\t\t\t\t<div class=\"elementor-element elementor-element-80e34bf elementor-widget elementor-widget-text-editor\" data-id=\"80e34bf\" data-element_type=\"widget\" data-widget_type=\"text-editor.default\">\n\t\t\t\t<div class=\"elementor-widget-container\">\n\t\t\t\t\t\t\t\t<div class=\"elementor-text-editor elementor-clearfix\">\n\t\t\t\t\t<p style=\"text-align: justify;\">Danach geht es weiter zum Jebel \u201eKhazali\u201c, einem Berg im Zentrum des Wadi Rum Schutzgebiets. Dort gibt es eine tiefe schmale Spalte von etwa 100 m L\u00e4nge. Deren Innenw\u00e4nde sind mit zahlreichen thamudischen, nabat\u00e4ischen und islamischen Inschriften sowie Felszeichnungen von Menschen und Tieren bedeckt. Bemerkenswert sind Zeichnungen von Fu\u00dfsohlen, die wahrscheinlich eine religi\u00f6se Bedeutung hatten. Auch die Zeichnung einer geb\u00e4renden Frau ist zu sehen. Die Felszeichnungen und Inschriften der \u201eKhazali-Schlucht\u201c gelten als eine der gr\u00f6\u00dften Sehensw\u00fcrdigkeiten in Wadi Rum. Am Ende der Felsspalte gibt es mehrere von Menschen in den Felsen geschlagene Becken f\u00fcr das Auffangen von Wasser. Entsprechend stark frequentiert ist diese Schlucht auch.<\/p>\t\t\t\t\t<\/div>\n\t\t\t\t\t\t<\/div>\n\t\t\t\t<\/div>\n\t\t\t\t\t\t<\/div>\n\t\t\t\t\t<\/div>\n\t\t<\/div>\n\t\t\t\t\t\t\t\t<\/div>\n\t\t\t\t\t<\/div>\n\t\t<\/section>\n\t\t\t\t<section class=\"elementor-section elementor-top-section elementor-element elementor-element-9e372b6 elementor-section-boxed elementor-section-height-default elementor-section-height-default\" data-id=\"9e372b6\" data-element_type=\"section\">\n\t\t\t\t\t\t<div class=\"elementor-container elementor-column-gap-default\">\n\t\t\t\t\t\t\t<div class=\"elementor-row\">\n\t\t\t\t\t<div class=\"elementor-column elementor-col-100 elementor-top-column elementor-element elementor-element-00e7ce6\" data-id=\"00e7ce6\" data-element_type=\"column\">\n\t\t\t<div class=\"elementor-column-wrap elementor-element-populated\">\n\t\t\t\t\t\t\t<div class=\"elementor-widget-wrap\">\n\t\t\t\t\t\t<div class=\"elementor-element elementor-element-3f1c434 elementor-widget elementor-widget-text-editor\" data-id=\"3f1c434\" data-element_type=\"widget\" data-widget_type=\"text-editor.default\">\n\t\t\t\t<div class=\"elementor-widget-container\">\n\t\t\t\t\t\t\t\t<div class=\"elementor-text-editor elementor-clearfix\">\n\t\t\t\t\t<p style=\"text-align: left;\"><!-- index.php -->\n<div\n\tclass=\"ngg-galleryoverview ngg-ajax-pagination-none\"\n\tid=\"ngg-gallery-8b582a7e93974516d3c6a2c406e47364-1\">\n\n    \t\t<!-- Thumbnails -->\n\t\t\t\t<div id=\"ngg-image-0\" class=\"ngg-gallery-thumbnail-box\" >\n\t\t\t\t        <div class=\"ngg-gallery-thumbnail\">\n            <a href=\"http:\/\/foto-passion.com\/wp-content\/gallery\/fotostrecke_jordanien_2019\/362_AP5A3612.jpg\"\n               title=\"&lt;strong&gt;Schlucht der Felszeichnungen&lt;\/strong&gt;&lt;br \/&gt;Jordanien 2019&lt;br \/&gt;&lt;span style=&quot;font-size:85%;color:#949494;&quot;&gt;[Bild-Id: 16453]&lt;\/span&gt;\"\n               data-src=\"http:\/\/foto-passion.com\/wp-content\/gallery\/fotostrecke_jordanien_2019\/362_AP5A3612.jpg\"\n               data-thumbnail=\"http:\/\/foto-passion.com\/wp-content\/gallery\/fotostrecke_jordanien_2019\/thumbs\/thumbs_362_AP5A3612.jpg\"\n               data-image-id=\"16453\"\n               data-title=\"Schlucht der Felszeichnungen\"\n               data-description=\"&lt;strong&gt;Schlucht der Felszeichnungen&lt;\/strong&gt;&lt;br \/&gt;Jordanien 2019&lt;br \/&gt;&lt;span style=&quot;font-size:85%;color:#949494;&quot;&gt;[Bild-Id: 16453]&lt;\/span&gt;\"\n               data-image-slug=\"362_ap5a3612\"\n               class=\"ngg-simplelightbox\" rel=\"8b582a7e93974516d3c6a2c406e47364\">\n                <img loading=\"lazy\"\n                    title=\"Schlucht der Felszeichnungen\"\n                    alt=\"Schlucht der Felszeichnungen\"\n                    src=\"http:\/\/foto-passion.com\/wp-content\/gallery\/fotostrecke_jordanien_2019\/cache\/362_AP5A3612.jpg-nggid0516453-ngg0dyn-150x100x100-00f0w010c011r110f110r010t010.jpg\"\n                    width=\"150\"\n                    height=\"100\"\n                    style=\"max-width:100%;\"\n                \/>\n            <\/a>\n        <\/div>\n\t\t\t\t\t\t\t<\/div> \n\t\t\t\n                            \n\t\t\t\t<div id=\"ngg-image-1\" class=\"ngg-gallery-thumbnail-box\" >\n\t\t\t\t        <div class=\"ngg-gallery-thumbnail\">\n            <a href=\"http:\/\/foto-passion.com\/wp-content\/gallery\/fotostrecke_jordanien_2019\/363_AP5A3655.jpg\"\n               title=\"&lt;strong&gt;Schlucht der Felszeichnungen&lt;\/strong&gt;&lt;br \/&gt;Jordanien 2019&lt;br \/&gt;&lt;span style=&quot;font-size:85%;color:#949494;&quot;&gt;[Bild-Id: 16458]&lt;\/span&gt;\"\n               data-src=\"http:\/\/foto-passion.com\/wp-content\/gallery\/fotostrecke_jordanien_2019\/363_AP5A3655.jpg\"\n               data-thumbnail=\"http:\/\/foto-passion.com\/wp-content\/gallery\/fotostrecke_jordanien_2019\/thumbs\/thumbs_363_AP5A3655.jpg\"\n               data-image-id=\"16458\"\n               data-title=\"Schlucht der Felszeichnungen\"\n               data-description=\"&lt;strong&gt;Schlucht der Felszeichnungen&lt;\/strong&gt;&lt;br \/&gt;Jordanien 2019&lt;br \/&gt;&lt;span style=&quot;font-size:85%;color:#949494;&quot;&gt;[Bild-Id: 16458]&lt;\/span&gt;\"\n               data-image-slug=\"363_ap5a3655\"\n               class=\"ngg-simplelightbox\" rel=\"8b582a7e93974516d3c6a2c406e47364\">\n                <img loading=\"lazy\"\n                    title=\"Schlucht der Felszeichnungen\"\n                    alt=\"Schlucht der Felszeichnungen\"\n                    src=\"http:\/\/foto-passion.com\/wp-content\/gallery\/fotostrecke_jordanien_2019\/cache\/363_AP5A3655.jpg-nggid0516458-ngg0dyn-150x100x100-00f0w010c011r110f110r010t010.jpg\"\n                    width=\"150\"\n                    height=\"100\"\n                    style=\"max-width:100%;\"\n                \/>\n            <\/a>\n        <\/div>\n\t\t\t\t\t\t\t<\/div> \n\t\t\t\n                            \n\t\t\n\t\t<div class=\"ngg-clear\"><\/div>\n\t<\/div>\n<\/p>\t\t\t\t\t<\/div>\n\t\t\t\t\t\t<\/div>\n\t\t\t\t<\/div>\n\t\t\t\t\t\t<\/div>\n\t\t\t\t\t<\/div>\n\t\t<\/div>\n\t\t\t\t\t\t\t\t<\/div>\n\t\t\t\t\t<\/div>\n\t\t<\/section>\n\t\t\t\t<section class=\"elementor-section elementor-top-section elementor-element elementor-element-b783963 elementor-section-boxed elementor-section-height-default elementor-section-height-default\" data-id=\"b783963\" data-element_type=\"section\">\n\t\t\t\t\t\t<div class=\"elementor-container elementor-column-gap-default\">\n\t\t\t\t\t\t\t<div class=\"elementor-row\">\n\t\t\t\t\t<div class=\"elementor-column elementor-col-100 elementor-top-column elementor-element elementor-element-9663e20\" data-id=\"9663e20\" data-element_type=\"column\">\n\t\t\t<div class=\"elementor-column-wrap elementor-element-populated\">\n\t\t\t\t\t\t\t<div class=\"elementor-widget-wrap\">\n\t\t\t\t\t\t<div class=\"elementor-element elementor-element-2fa4ba1 elementor-widget elementor-widget-text-editor\" data-id=\"2fa4ba1\" data-element_type=\"widget\" data-widget_type=\"text-editor.default\">\n\t\t\t\t<div class=\"elementor-widget-container\">\n\t\t\t\t\t\t\t\t<div class=\"elementor-text-editor elementor-clearfix\">\n\t\t\t\t\t<p style=\"text-align: left;\"><!-- index.php -->\n<div\n\tclass=\"ngg-galleryoverview ngg-ajax-pagination-none\"\n\tid=\"ngg-gallery-2c6f3ca3da227577b093edde65b868c2-1\">\n\n    \t\t<!-- Thumbnails -->\n\t\t\t\t<div id=\"ngg-image-0\" class=\"ngg-gallery-thumbnail-box\" >\n\t\t\t\t        <div class=\"ngg-gallery-thumbnail\">\n            <a href=\"http:\/\/foto-passion.com\/wp-content\/gallery\/fotostrecke_jordanien_2019\/364_AP5A3597.jpg\"\n               title=\"&lt;strong&gt;Felszeichnung einer geb\u00e4renden Frau, Wadi Rum&lt;\/strong&gt;&lt;br \/&gt;Jordanien 2019&lt;br \/&gt;&lt;span style=&quot;font-size:85%;color:#949494;&quot;&gt;[Bild-Id: 16449]&lt;\/span&gt;\"\n               data-src=\"http:\/\/foto-passion.com\/wp-content\/gallery\/fotostrecke_jordanien_2019\/364_AP5A3597.jpg\"\n               data-thumbnail=\"http:\/\/foto-passion.com\/wp-content\/gallery\/fotostrecke_jordanien_2019\/thumbs\/thumbs_364_AP5A3597.jpg\"\n               data-image-id=\"16449\"\n               data-title=\"Felszeichnung einer geb\u00e4renden Frau, Wadi Rum\"\n               data-description=\"&lt;strong&gt;Felszeichnung einer geb\u00e4renden Frau, Wadi Rum&lt;\/strong&gt;&lt;br \/&gt;Jordanien 2019&lt;br \/&gt;&lt;span style=&quot;font-size:85%;color:#949494;&quot;&gt;[Bild-Id: 16449]&lt;\/span&gt;\"\n               data-image-slug=\"364_ap5a3597\"\n               class=\"ngg-simplelightbox\" rel=\"2c6f3ca3da227577b093edde65b868c2\">\n                <img loading=\"lazy\"\n                    title=\"Felszeichnung einer geb\u00e4renden Frau, Wadi Rum\"\n                    alt=\"Felszeichnung einer geb\u00e4renden Frau, Wadi Rum\"\n                    src=\"http:\/\/foto-passion.com\/wp-content\/gallery\/fotostrecke_jordanien_2019\/cache\/364_AP5A3597.jpg-nggid0516449-ngg0dyn-150x100x100-00f0w010c011r110f110r010t010.jpg\"\n                    width=\"150\"\n                    height=\"100\"\n                    style=\"max-width:100%;\"\n                \/>\n            <\/a>\n        <\/div>\n\t\t\t\t\t\t\t<\/div> \n\t\t\t\n                            \n\t\t\t\t<div id=\"ngg-image-1\" class=\"ngg-gallery-thumbnail-box\" >\n\t\t\t\t        <div class=\"ngg-gallery-thumbnail\">\n            <a href=\"http:\/\/foto-passion.com\/wp-content\/gallery\/fotostrecke_jordanien_2019\/365_AP5A3601.jpg\"\n               title=\"&lt;strong&gt;Betende F\u00fc\u00dfe, Steinbock, Wadi Rum&lt;\/strong&gt;&lt;br \/&gt;Jordanien 2019&lt;br \/&gt;&lt;span style=&quot;font-size:85%;color:#949494;&quot;&gt;[Bild-Id: 16450]&lt;\/span&gt;\"\n               data-src=\"http:\/\/foto-passion.com\/wp-content\/gallery\/fotostrecke_jordanien_2019\/365_AP5A3601.jpg\"\n               data-thumbnail=\"http:\/\/foto-passion.com\/wp-content\/gallery\/fotostrecke_jordanien_2019\/thumbs\/thumbs_365_AP5A3601.jpg\"\n               data-image-id=\"16450\"\n               data-title=\"Betende F\u00fc\u00dfe, Steinbock, Wadi Rum\"\n               data-description=\"&lt;strong&gt;Betende F\u00fc\u00dfe, Steinbock, Wadi Rum&lt;\/strong&gt;&lt;br \/&gt;Jordanien 2019&lt;br \/&gt;&lt;span style=&quot;font-size:85%;color:#949494;&quot;&gt;[Bild-Id: 16450]&lt;\/span&gt;\"\n               data-image-slug=\"365_ap5a3601\"\n               class=\"ngg-simplelightbox\" rel=\"2c6f3ca3da227577b093edde65b868c2\">\n                <img loading=\"lazy\"\n                    title=\"Betende F\u00fc\u00dfe, Steinbock, Wadi Rum\"\n                    alt=\"Betende F\u00fc\u00dfe, Steinbock, Wadi Rum\"\n                    src=\"http:\/\/foto-passion.com\/wp-content\/gallery\/fotostrecke_jordanien_2019\/cache\/365_AP5A3601.jpg-nggid0516450-ngg0dyn-150x100x100-00f0w010c011r110f110r010t010.jpg\"\n                    width=\"150\"\n                    height=\"100\"\n                    style=\"max-width:100%;\"\n                \/>\n            <\/a>\n        <\/div>\n\t\t\t\t\t\t\t<\/div> \n\t\t\t\n                            \n\t\t\t\t<div id=\"ngg-image-2\" class=\"ngg-gallery-thumbnail-box\" >\n\t\t\t\t        <div class=\"ngg-gallery-thumbnail\">\n            <a href=\"http:\/\/foto-passion.com\/wp-content\/gallery\/fotostrecke_jordanien_2019\/366_AP5A3607.jpg\"\n               title=\"&lt;strong&gt;Figuren mit H\u00e4nden, Wadi Rum&lt;\/strong&gt;&lt;br \/&gt;Jordanien 2019&lt;br \/&gt;&lt;span style=&quot;font-size:85%;color:#949494;&quot;&gt;[Bild-Id: 16451]&lt;\/span&gt;\"\n               data-src=\"http:\/\/foto-passion.com\/wp-content\/gallery\/fotostrecke_jordanien_2019\/366_AP5A3607.jpg\"\n               data-thumbnail=\"http:\/\/foto-passion.com\/wp-content\/gallery\/fotostrecke_jordanien_2019\/thumbs\/thumbs_366_AP5A3607.jpg\"\n               data-image-id=\"16451\"\n               data-title=\"Figuren mit H\u00e4nden, Wadi Rum\"\n               data-description=\"&lt;strong&gt;Figuren mit H\u00e4nden, Wadi Rum&lt;\/strong&gt;&lt;br \/&gt;Jordanien 2019&lt;br \/&gt;&lt;span style=&quot;font-size:85%;color:#949494;&quot;&gt;[Bild-Id: 16451]&lt;\/span&gt;\"\n               data-image-slug=\"366_ap5a3607\"\n               class=\"ngg-simplelightbox\" rel=\"2c6f3ca3da227577b093edde65b868c2\">\n                <img loading=\"lazy\"\n                    title=\"Figuren mit H\u00e4nden, Wadi Rum\"\n                    alt=\"Figuren mit H\u00e4nden, Wadi Rum\"\n                    src=\"http:\/\/foto-passion.com\/wp-content\/gallery\/fotostrecke_jordanien_2019\/cache\/366_AP5A3607.jpg-nggid0516451-ngg0dyn-150x100x100-00f0w010c011r110f110r010t010.jpg\"\n                    width=\"150\"\n                    height=\"100\"\n                    style=\"max-width:100%;\"\n                \/>\n            <\/a>\n        <\/div>\n\t\t\t\t\t\t\t<\/div> \n\t\t\t\n                            \n\t\t\t\t<div id=\"ngg-image-3\" class=\"ngg-gallery-thumbnail-box\" >\n\t\t\t\t        <div class=\"ngg-gallery-thumbnail\">\n            <a href=\"http:\/\/foto-passion.com\/wp-content\/gallery\/fotostrecke_jordanien_2019\/367_AP5A3608.jpg\"\n               title=\"&lt;strong&gt;Im Wadi Rum gibt es zahlreiche Felszeichnungen&lt;\/strong&gt;&lt;br \/&gt;Jordanien 2019&lt;br \/&gt;&lt;span style=&quot;font-size:85%;color:#949494;&quot;&gt;[Bild-Id: 16452]&lt;\/span&gt;\"\n               data-src=\"http:\/\/foto-passion.com\/wp-content\/gallery\/fotostrecke_jordanien_2019\/367_AP5A3608.jpg\"\n               data-thumbnail=\"http:\/\/foto-passion.com\/wp-content\/gallery\/fotostrecke_jordanien_2019\/thumbs\/thumbs_367_AP5A3608.jpg\"\n               data-image-id=\"16452\"\n               data-title=\"Im Wadi Rum gibt es zahlreiche Felszeichnungen\"\n               data-description=\"&lt;strong&gt;Im Wadi Rum gibt es zahlreiche Felszeichnungen&lt;\/strong&gt;&lt;br \/&gt;Jordanien 2019&lt;br \/&gt;&lt;span style=&quot;font-size:85%;color:#949494;&quot;&gt;[Bild-Id: 16452]&lt;\/span&gt;\"\n               data-image-slug=\"367_ap5a3608\"\n               class=\"ngg-simplelightbox\" rel=\"2c6f3ca3da227577b093edde65b868c2\">\n                <img loading=\"lazy\"\n                    title=\"Im Wadi Rum gibt es zahlreiche Felszeichnungen\"\n                    alt=\"Im Wadi Rum gibt es zahlreiche Felszeichnungen\"\n                    src=\"http:\/\/foto-passion.com\/wp-content\/gallery\/fotostrecke_jordanien_2019\/cache\/367_AP5A3608.jpg-nggid0516452-ngg0dyn-150x100x100-00f0w010c011r110f110r010t010.jpg\"\n                    width=\"150\"\n                    height=\"100\"\n                    style=\"max-width:100%;\"\n                \/>\n            <\/a>\n        <\/div>\n\t\t\t\t\t\t\t<\/div> \n\t\t\t\n                                    <br style=\"clear: both\" \/>\n                    \n\t\t\t\t<div id=\"ngg-image-4\" class=\"ngg-gallery-thumbnail-box\" >\n\t\t\t\t        <div class=\"ngg-gallery-thumbnail\">\n            <a href=\"http:\/\/foto-passion.com\/wp-content\/gallery\/fotostrecke_jordanien_2019\/368_AP5A3627.jpg\"\n               title=\"&lt;strong&gt;Im Wadi Rum gibt es zahlreiche Felszeichnungen&lt;\/strong&gt;&lt;br \/&gt;Jordanien 2019&lt;br \/&gt;&lt;span style=&quot;font-size:85%;color:#949494;&quot;&gt;[Bild-Id: 16454]&lt;\/span&gt;\"\n               data-src=\"http:\/\/foto-passion.com\/wp-content\/gallery\/fotostrecke_jordanien_2019\/368_AP5A3627.jpg\"\n               data-thumbnail=\"http:\/\/foto-passion.com\/wp-content\/gallery\/fotostrecke_jordanien_2019\/thumbs\/thumbs_368_AP5A3627.jpg\"\n               data-image-id=\"16454\"\n               data-title=\"Im Wadi Rum gibt es zahlreiche Felszeichnungen\"\n               data-description=\"&lt;strong&gt;Im Wadi Rum gibt es zahlreiche Felszeichnungen&lt;\/strong&gt;&lt;br \/&gt;Jordanien 2019&lt;br \/&gt;&lt;span style=&quot;font-size:85%;color:#949494;&quot;&gt;[Bild-Id: 16454]&lt;\/span&gt;\"\n               data-image-slug=\"368_ap5a3627\"\n               class=\"ngg-simplelightbox\" rel=\"2c6f3ca3da227577b093edde65b868c2\">\n                <img loading=\"lazy\"\n                    title=\"Im Wadi Rum gibt es zahlreiche Felszeichnungen\"\n                    alt=\"Im Wadi Rum gibt es zahlreiche Felszeichnungen\"\n                    src=\"http:\/\/foto-passion.com\/wp-content\/gallery\/fotostrecke_jordanien_2019\/cache\/368_AP5A3627.jpg-nggid0516454-ngg0dyn-150x100x100-00f0w010c011r110f110r010t010.jpg\"\n                    width=\"150\"\n                    height=\"100\"\n                    style=\"max-width:100%;\"\n                \/>\n            <\/a>\n        <\/div>\n\t\t\t\t\t\t\t<\/div> \n\t\t\t\n                            \n\t\t\t\t<div id=\"ngg-image-5\" class=\"ngg-gallery-thumbnail-box\" >\n\t\t\t\t        <div class=\"ngg-gallery-thumbnail\">\n            <a href=\"http:\/\/foto-passion.com\/wp-content\/gallery\/fotostrecke_jordanien_2019\/369_AP5A3632.jpg\"\n               title=\"&lt;strong&gt;Im Wadi Rum gibt es zahlreiche Felszeichnungen&lt;\/strong&gt;&lt;br \/&gt;Jordanien 2019&lt;br \/&gt;&lt;span style=&quot;font-size:85%;color:#949494;&quot;&gt;[Bild-Id: 16455]&lt;\/span&gt;\"\n               data-src=\"http:\/\/foto-passion.com\/wp-content\/gallery\/fotostrecke_jordanien_2019\/369_AP5A3632.jpg\"\n               data-thumbnail=\"http:\/\/foto-passion.com\/wp-content\/gallery\/fotostrecke_jordanien_2019\/thumbs\/thumbs_369_AP5A3632.jpg\"\n               data-image-id=\"16455\"\n               data-title=\"Im Wadi Rum gibt es zahlreiche Felszeichnungen\"\n               data-description=\"&lt;strong&gt;Im Wadi Rum gibt es zahlreiche Felszeichnungen&lt;\/strong&gt;&lt;br \/&gt;Jordanien 2019&lt;br \/&gt;&lt;span style=&quot;font-size:85%;color:#949494;&quot;&gt;[Bild-Id: 16455]&lt;\/span&gt;\"\n               data-image-slug=\"369_ap5a3632\"\n               class=\"ngg-simplelightbox\" rel=\"2c6f3ca3da227577b093edde65b868c2\">\n                <img loading=\"lazy\"\n                    title=\"Im Wadi Rum gibt es zahlreiche Felszeichnungen\"\n                    alt=\"Im Wadi Rum gibt es zahlreiche Felszeichnungen\"\n                    src=\"http:\/\/foto-passion.com\/wp-content\/gallery\/fotostrecke_jordanien_2019\/cache\/369_AP5A3632.jpg-nggid0516455-ngg0dyn-150x100x100-00f0w010c011r110f110r010t010.jpg\"\n                    width=\"150\"\n                    height=\"100\"\n                    style=\"max-width:100%;\"\n                \/>\n            <\/a>\n        <\/div>\n\t\t\t\t\t\t\t<\/div> \n\t\t\t\n                            \n\t\t\t\t<div id=\"ngg-image-6\" class=\"ngg-gallery-thumbnail-box\" >\n\t\t\t\t        <div class=\"ngg-gallery-thumbnail\">\n            <a href=\"http:\/\/foto-passion.com\/wp-content\/gallery\/fotostrecke_jordanien_2019\/370_AP5A3644.jpg\"\n               title=\"&lt;strong&gt;Im Wadi Rum gibt es zahlreiche Felszeichnungen&lt;\/strong&gt;&lt;br \/&gt;Jordanien 2019&lt;br \/&gt;&lt;span style=&quot;font-size:85%;color:#949494;&quot;&gt;[Bild-Id: 16456]&lt;\/span&gt;\"\n               data-src=\"http:\/\/foto-passion.com\/wp-content\/gallery\/fotostrecke_jordanien_2019\/370_AP5A3644.jpg\"\n               data-thumbnail=\"http:\/\/foto-passion.com\/wp-content\/gallery\/fotostrecke_jordanien_2019\/thumbs\/thumbs_370_AP5A3644.jpg\"\n               data-image-id=\"16456\"\n               data-title=\"Im Wadi Rum gibt es zahlreiche Felszeichnungen\"\n               data-description=\"&lt;strong&gt;Im Wadi Rum gibt es zahlreiche Felszeichnungen&lt;\/strong&gt;&lt;br \/&gt;Jordanien 2019&lt;br \/&gt;&lt;span style=&quot;font-size:85%;color:#949494;&quot;&gt;[Bild-Id: 16456]&lt;\/span&gt;\"\n               data-image-slug=\"370_ap5a3644\"\n               class=\"ngg-simplelightbox\" rel=\"2c6f3ca3da227577b093edde65b868c2\">\n                <img loading=\"lazy\"\n                    title=\"Im Wadi Rum gibt es zahlreiche Felszeichnungen\"\n                    alt=\"Im Wadi Rum gibt es zahlreiche Felszeichnungen\"\n                    src=\"http:\/\/foto-passion.com\/wp-content\/gallery\/fotostrecke_jordanien_2019\/cache\/370_AP5A3644.jpg-nggid0516456-ngg0dyn-150x100x100-00f0w010c011r110f110r010t010.jpg\"\n                    width=\"150\"\n                    height=\"100\"\n                    style=\"max-width:100%;\"\n                \/>\n            <\/a>\n        <\/div>\n\t\t\t\t\t\t\t<\/div> \n\t\t\t\n                            \n\t\t\t\t<div id=\"ngg-image-7\" class=\"ngg-gallery-thumbnail-box\" >\n\t\t\t\t        <div class=\"ngg-gallery-thumbnail\">\n            <a href=\"http:\/\/foto-passion.com\/wp-content\/gallery\/fotostrecke_jordanien_2019\/371_AP5A3653.jpg\"\n               title=\"&lt;strong&gt;Im Wadi Rum gibt es zahlreiche Felszeichnungen&lt;\/strong&gt;&lt;br \/&gt;Jordanien 2019&lt;br \/&gt;&lt;span style=&quot;font-size:85%;color:#949494;&quot;&gt;[Bild-Id: 16457]&lt;\/span&gt;\"\n               data-src=\"http:\/\/foto-passion.com\/wp-content\/gallery\/fotostrecke_jordanien_2019\/371_AP5A3653.jpg\"\n               data-thumbnail=\"http:\/\/foto-passion.com\/wp-content\/gallery\/fotostrecke_jordanien_2019\/thumbs\/thumbs_371_AP5A3653.jpg\"\n               data-image-id=\"16457\"\n               data-title=\"Im Wadi Rum gibt es zahlreiche Felszeichnungen\"\n               data-description=\"&lt;strong&gt;Im Wadi Rum gibt es zahlreiche Felszeichnungen&lt;\/strong&gt;&lt;br \/&gt;Jordanien 2019&lt;br \/&gt;&lt;span style=&quot;font-size:85%;color:#949494;&quot;&gt;[Bild-Id: 16457]&lt;\/span&gt;\"\n               data-image-slug=\"371_ap5a3653\"\n               class=\"ngg-simplelightbox\" rel=\"2c6f3ca3da227577b093edde65b868c2\">\n                <img loading=\"lazy\"\n                    title=\"Im Wadi Rum gibt es zahlreiche Felszeichnungen\"\n                    alt=\"Im Wadi Rum gibt es zahlreiche Felszeichnungen\"\n                    src=\"http:\/\/foto-passion.com\/wp-content\/gallery\/fotostrecke_jordanien_2019\/cache\/371_AP5A3653.jpg-nggid0516457-ngg0dyn-150x100x100-00f0w010c011r110f110r010t010.jpg\"\n                    width=\"150\"\n                    height=\"100\"\n                    style=\"max-width:100%;\"\n                \/>\n            <\/a>\n        <\/div>\n\t\t\t\t\t\t\t<\/div> \n\t\t\t\n                                    <br style=\"clear: both\" \/>\n                    \n\t\t\n\t\t<div class=\"ngg-clear\"><\/div>\n\t<\/div>\n<\/p>\t\t\t\t\t<\/div>\n\t\t\t\t\t\t<\/div>\n\t\t\t\t<\/div>\n\t\t\t\t\t\t<\/div>\n\t\t\t\t\t<\/div>\n\t\t<\/div>\n\t\t\t\t\t\t\t\t<\/div>\n\t\t\t\t\t<\/div>\n\t\t<\/section>\n\t\t\t\t<section class=\"elementor-section elementor-top-section elementor-element elementor-element-b86169d elementor-section-boxed elementor-section-height-default elementor-section-height-default\" data-id=\"b86169d\" data-element_type=\"section\">\n\t\t\t\t\t\t<div class=\"elementor-container elementor-column-gap-default\">\n\t\t\t\t\t\t\t<div class=\"elementor-row\">\n\t\t\t\t\t<div class=\"elementor-column elementor-col-100 elementor-top-column elementor-element elementor-element-735eb30\" data-id=\"735eb30\" data-element_type=\"column\">\n\t\t\t<div class=\"elementor-column-wrap elementor-element-populated\">\n\t\t\t\t\t\t\t<div class=\"elementor-widget-wrap\">\n\t\t\t\t\t\t<div class=\"elementor-element elementor-element-64185d5 elementor-widget elementor-widget-text-editor\" data-id=\"64185d5\" data-element_type=\"widget\" data-widget_type=\"text-editor.default\">\n\t\t\t\t<div class=\"elementor-widget-container\">\n\t\t\t\t\t\t\t\t<div class=\"elementor-text-editor elementor-clearfix\">\n\t\t\t\t\t<p style=\"text-align: justify;\">Nun fahren wir weiter zur Sandstein-Felsenbr\u00fccke \u201eUmm Fruth\u201c, \u00fcber die hier schier jeder der Besucher laufen muss. Wir haben kaum die Chance, diese Felsenbr\u00fccke ohne einen posenden Menschen abzulichten. Offenbar schaltet inzwischen bei den meisten Menschen der Verstand ab, wenn es darum geht, ein \u201ebesonderes\u201c Foto zu machen. Am \u201eLawrence Haus\u201c, das kaum noch zu erkennen, weil verfallen ist, klettern wir noch auf einen Felsen, um die Aussicht \u00fcber das Gebiet zu genie\u00dfen. Eine sch\u00f6ne Kulisse ist es hier, aber in jeder Ecke steht ein Zeltcamp. Inzwischen gibt es im und au\u00dferhalb des Schutzgebietes mehr als 150 Camps, von denen \u00fcber 60 bereits in Betrieb sind und weitere 40 derzeit gebaut werden. Angeblich hat die Regierung nun aber einen Schlussstrich gezogen, dass keine weiteren Camps mehr errichtet werden d\u00fcrfen. Rechnet man im Schnitt mit 20 bis 30 Personen pro Camp dann kann man sich ausrechnen, was hier f\u00fcr ein Beg\u00e4ngnis ist. Von Ruhe und unber\u00fchrter Natur ist Wadi Rum schon lange weg und das ganze Gebiet ist gro\u00dffl\u00e4chig platt gefahren, weil alle Fahrzeuge kreuz und quer durch die Gegend fahren.<\/p>\t\t\t\t\t<\/div>\n\t\t\t\t\t\t<\/div>\n\t\t\t\t<\/div>\n\t\t\t\t\t\t<\/div>\n\t\t\t\t\t<\/div>\n\t\t<\/div>\n\t\t\t\t\t\t\t\t<\/div>\n\t\t\t\t\t<\/div>\n\t\t<\/section>\n\t\t\t\t<section class=\"elementor-section elementor-top-section elementor-element elementor-element-531b639 elementor-section-boxed elementor-section-height-default elementor-section-height-default\" data-id=\"531b639\" data-element_type=\"section\">\n\t\t\t\t\t\t<div class=\"elementor-container elementor-column-gap-default\">\n\t\t\t\t\t\t\t<div class=\"elementor-row\">\n\t\t\t\t\t<div class=\"elementor-column elementor-col-100 elementor-top-column elementor-element elementor-element-38ef652\" data-id=\"38ef652\" data-element_type=\"column\">\n\t\t\t<div class=\"elementor-column-wrap elementor-element-populated\">\n\t\t\t\t\t\t\t<div class=\"elementor-widget-wrap\">\n\t\t\t\t\t\t<div class=\"elementor-element elementor-element-cc6d2f4 elementor-widget elementor-widget-text-editor\" data-id=\"cc6d2f4\" data-element_type=\"widget\" data-widget_type=\"text-editor.default\">\n\t\t\t\t<div class=\"elementor-widget-container\">\n\t\t\t\t\t\t\t\t<div class=\"elementor-text-editor elementor-clearfix\">\n\t\t\t\t\t<p style=\"text-align: left;\"><!-- index.php -->\n<div\n\tclass=\"ngg-galleryoverview ngg-ajax-pagination-none\"\n\tid=\"ngg-gallery-e40321add866ac38f0a7f5b702250a79-1\">\n\n    \t\t<!-- Thumbnails -->\n\t\t\t\t<div id=\"ngg-image-0\" class=\"ngg-gallery-thumbnail-box\" >\n\t\t\t\t        <div class=\"ngg-gallery-thumbnail\">\n            <a href=\"http:\/\/foto-passion.com\/wp-content\/gallery\/fotostrecke_jordanien_2019\/372_AP5A3677.jpg\"\n               title=\"&lt;strong&gt;Eine der Felsenbr\u00fccken im Wadi Rum&lt;\/strong&gt;&lt;br \/&gt;Jordanien 2019&lt;br \/&gt;&lt;span style=&quot;font-size:85%;color:#949494;&quot;&gt;[Bild-Id: 16461]&lt;\/span&gt;\"\n               data-src=\"http:\/\/foto-passion.com\/wp-content\/gallery\/fotostrecke_jordanien_2019\/372_AP5A3677.jpg\"\n               data-thumbnail=\"http:\/\/foto-passion.com\/wp-content\/gallery\/fotostrecke_jordanien_2019\/thumbs\/thumbs_372_AP5A3677.jpg\"\n               data-image-id=\"16461\"\n               data-title=\"Eine der Felsenbr\u00fccken im Wadi Rum\"\n               data-description=\"&lt;strong&gt;Eine der Felsenbr\u00fccken im Wadi Rum&lt;\/strong&gt;&lt;br \/&gt;Jordanien 2019&lt;br \/&gt;&lt;span style=&quot;font-size:85%;color:#949494;&quot;&gt;[Bild-Id: 16461]&lt;\/span&gt;\"\n               data-image-slug=\"372_ap5a3677\"\n               class=\"ngg-simplelightbox\" rel=\"e40321add866ac38f0a7f5b702250a79\">\n                <img loading=\"lazy\"\n                    title=\"Eine der Felsenbr\u00fccken im Wadi Rum\"\n                    alt=\"Eine der Felsenbr\u00fccken im Wadi Rum\"\n                    src=\"http:\/\/foto-passion.com\/wp-content\/gallery\/fotostrecke_jordanien_2019\/cache\/372_AP5A3677.jpg-nggid0516461-ngg0dyn-150x100x100-00f0w010c011r110f110r010t010.jpg\"\n                    width=\"150\"\n                    height=\"100\"\n                    style=\"max-width:100%;\"\n                \/>\n            <\/a>\n        <\/div>\n\t\t\t\t\t\t\t<\/div> \n\t\t\t\n                            \n\t\t\t\t<div id=\"ngg-image-1\" class=\"ngg-gallery-thumbnail-box\" >\n\t\t\t\t        <div class=\"ngg-gallery-thumbnail\">\n            <a href=\"http:\/\/foto-passion.com\/wp-content\/gallery\/fotostrecke_jordanien_2019\/373_IMG_3970.jpg\"\n               title=\"&lt;strong&gt;Eine der Felsenbr\u00fccken im Wadi Rum&lt;\/strong&gt;&lt;br \/&gt;Jordanien 2019&lt;br \/&gt;&lt;span style=&quot;font-size:85%;color:#949494;&quot;&gt;[Bild-Id: 16464]&lt;\/span&gt;\"\n               data-src=\"http:\/\/foto-passion.com\/wp-content\/gallery\/fotostrecke_jordanien_2019\/373_IMG_3970.jpg\"\n               data-thumbnail=\"http:\/\/foto-passion.com\/wp-content\/gallery\/fotostrecke_jordanien_2019\/thumbs\/thumbs_373_IMG_3970.jpg\"\n               data-image-id=\"16464\"\n               data-title=\"Eine der Felsenbr\u00fccken im Wadi Rum\"\n               data-description=\"&lt;strong&gt;Eine der Felsenbr\u00fccken im Wadi Rum&lt;\/strong&gt;&lt;br \/&gt;Jordanien 2019&lt;br \/&gt;&lt;span style=&quot;font-size:85%;color:#949494;&quot;&gt;[Bild-Id: 16464]&lt;\/span&gt;\"\n               data-image-slug=\"373_img_3970\"\n               class=\"ngg-simplelightbox\" rel=\"e40321add866ac38f0a7f5b702250a79\">\n                <img loading=\"lazy\"\n                    title=\"Eine der Felsenbr\u00fccken im Wadi Rum\"\n                    alt=\"Eine der Felsenbr\u00fccken im Wadi Rum\"\n                    src=\"http:\/\/foto-passion.com\/wp-content\/gallery\/fotostrecke_jordanien_2019\/cache\/373_IMG_3970.jpg-nggid0516464-ngg0dyn-150x100x100-00f0w010c011r110f110r010t010.jpg\"\n                    width=\"150\"\n                    height=\"100\"\n                    style=\"max-width:100%;\"\n                \/>\n            <\/a>\n        <\/div>\n\t\t\t\t\t\t\t<\/div> \n\t\t\t\n                            \n\t\t\t\t<div id=\"ngg-image-2\" class=\"ngg-gallery-thumbnail-box\" >\n\t\t\t\t        <div class=\"ngg-gallery-thumbnail\">\n            <a href=\"http:\/\/foto-passion.com\/wp-content\/gallery\/fotostrecke_jordanien_2019\/374_AP5A3731.jpg\"\n               title=\"&lt;strong&gt;Die Felsenbr\u00fccke ist eine Touristenattraktion&lt;\/strong&gt;&lt;br \/&gt;Jordanien 2019&lt;br \/&gt;&lt;span style=&quot;font-size:85%;color:#949494;&quot;&gt;[Bild-Id: 16465]&lt;\/span&gt;\"\n               data-src=\"http:\/\/foto-passion.com\/wp-content\/gallery\/fotostrecke_jordanien_2019\/374_AP5A3731.jpg\"\n               data-thumbnail=\"http:\/\/foto-passion.com\/wp-content\/gallery\/fotostrecke_jordanien_2019\/thumbs\/thumbs_374_AP5A3731.jpg\"\n               data-image-id=\"16465\"\n               data-title=\"Die Felsenbr\u00fccke ist eine Touristenattraktion\"\n               data-description=\"&lt;strong&gt;Die Felsenbr\u00fccke ist eine Touristenattraktion&lt;\/strong&gt;&lt;br \/&gt;Jordanien 2019&lt;br \/&gt;&lt;span style=&quot;font-size:85%;color:#949494;&quot;&gt;[Bild-Id: 16465]&lt;\/span&gt;\"\n               data-image-slug=\"374_ap5a3731\"\n               class=\"ngg-simplelightbox\" rel=\"e40321add866ac38f0a7f5b702250a79\">\n                <img loading=\"lazy\"\n                    title=\"Die Felsenbr\u00fccke ist eine Touristenattraktion\"\n                    alt=\"Die Felsenbr\u00fccke ist eine Touristenattraktion\"\n                    src=\"http:\/\/foto-passion.com\/wp-content\/gallery\/fotostrecke_jordanien_2019\/cache\/374_AP5A3731.jpg-nggid0516465-ngg0dyn-150x100x100-00f0w010c011r110f110r010t010.jpg\"\n                    width=\"150\"\n                    height=\"100\"\n                    style=\"max-width:100%;\"\n                \/>\n            <\/a>\n        <\/div>\n\t\t\t\t\t\t\t<\/div> \n\t\t\t\n                            \n\t\t\t\t<div id=\"ngg-image-3\" class=\"ngg-gallery-thumbnail-box\" >\n\t\t\t\t        <div class=\"ngg-gallery-thumbnail\">\n            <a href=\"http:\/\/foto-passion.com\/wp-content\/gallery\/fotostrecke_jordanien_2019\/375_AP5A3683.jpg\"\n               title=\"&lt;strong&gt;Im Wadi Rum&lt;\/strong&gt;&lt;br \/&gt;Jordanien 2019&lt;br \/&gt;&lt;span style=&quot;font-size:85%;color:#949494;&quot;&gt;[Bild-Id: 16462]&lt;\/span&gt;\"\n               data-src=\"http:\/\/foto-passion.com\/wp-content\/gallery\/fotostrecke_jordanien_2019\/375_AP5A3683.jpg\"\n               data-thumbnail=\"http:\/\/foto-passion.com\/wp-content\/gallery\/fotostrecke_jordanien_2019\/thumbs\/thumbs_375_AP5A3683.jpg\"\n               data-image-id=\"16462\"\n               data-title=\"Im Wadi Rum\"\n               data-description=\"&lt;strong&gt;Im Wadi Rum&lt;\/strong&gt;&lt;br \/&gt;Jordanien 2019&lt;br \/&gt;&lt;span style=&quot;font-size:85%;color:#949494;&quot;&gt;[Bild-Id: 16462]&lt;\/span&gt;\"\n               data-image-slug=\"375_ap5a3683\"\n               class=\"ngg-simplelightbox\" rel=\"e40321add866ac38f0a7f5b702250a79\">\n                <img loading=\"lazy\"\n                    title=\"Im Wadi Rum\"\n                    alt=\"Im Wadi Rum\"\n                    src=\"http:\/\/foto-passion.com\/wp-content\/gallery\/fotostrecke_jordanien_2019\/cache\/375_AP5A3683.jpg-nggid0516462-ngg0dyn-150x100x100-00f0w010c011r110f110r010t010.jpg\"\n                    width=\"150\"\n                    height=\"100\"\n                    style=\"max-width:100%;\"\n                \/>\n            <\/a>\n        <\/div>\n\t\t\t\t\t\t\t<\/div> \n\t\t\t\n                                    <br style=\"clear: both\" \/>\n                    \n\t\t\t\t<div id=\"ngg-image-4\" class=\"ngg-gallery-thumbnail-box\" >\n\t\t\t\t        <div class=\"ngg-gallery-thumbnail\">\n            <a href=\"http:\/\/foto-passion.com\/wp-content\/gallery\/fotostrecke_jordanien_2019\/376_AP5A3736.jpg\"\n               title=\"&lt;strong&gt;Im Wadi Rum&lt;\/strong&gt;&lt;br \/&gt;Jordanien 2019&lt;br \/&gt;&lt;span style=&quot;font-size:85%;color:#949494;&quot;&gt;[Bild-Id: 16466]&lt;\/span&gt;\"\n               data-src=\"http:\/\/foto-passion.com\/wp-content\/gallery\/fotostrecke_jordanien_2019\/376_AP5A3736.jpg\"\n               data-thumbnail=\"http:\/\/foto-passion.com\/wp-content\/gallery\/fotostrecke_jordanien_2019\/thumbs\/thumbs_376_AP5A3736.jpg\"\n               data-image-id=\"16466\"\n               data-title=\"Im Wadi Rum\"\n               data-description=\"&lt;strong&gt;Im Wadi Rum&lt;\/strong&gt;&lt;br \/&gt;Jordanien 2019&lt;br \/&gt;&lt;span style=&quot;font-size:85%;color:#949494;&quot;&gt;[Bild-Id: 16466]&lt;\/span&gt;\"\n               data-image-slug=\"376_ap5a3736\"\n               class=\"ngg-simplelightbox\" rel=\"e40321add866ac38f0a7f5b702250a79\">\n                <img loading=\"lazy\"\n                    title=\"Im Wadi Rum\"\n                    alt=\"Im Wadi Rum\"\n                    src=\"http:\/\/foto-passion.com\/wp-content\/gallery\/fotostrecke_jordanien_2019\/cache\/376_AP5A3736.jpg-nggid0516466-ngg0dyn-150x100x100-00f0w010c011r110f110r010t010.jpg\"\n                    width=\"150\"\n                    height=\"100\"\n                    style=\"max-width:100%;\"\n                \/>\n            <\/a>\n        <\/div>\n\t\t\t\t\t\t\t<\/div> \n\t\t\t\n                            \n\t\t\t\t<div id=\"ngg-image-5\" class=\"ngg-gallery-thumbnail-box\" >\n\t\t\t\t        <div class=\"ngg-gallery-thumbnail\">\n            <a href=\"http:\/\/foto-passion.com\/wp-content\/gallery\/fotostrecke_jordanien_2019\/377_AP5A3529.jpg\"\n               title=\"&lt;strong&gt;Im Wadi Rum&lt;\/strong&gt;&lt;br \/&gt;Jordanien 2019&lt;br \/&gt;&lt;span style=&quot;font-size:85%;color:#949494;&quot;&gt;[Bild-Id: 16444]&lt;\/span&gt;\"\n               data-src=\"http:\/\/foto-passion.com\/wp-content\/gallery\/fotostrecke_jordanien_2019\/377_AP5A3529.jpg\"\n               data-thumbnail=\"http:\/\/foto-passion.com\/wp-content\/gallery\/fotostrecke_jordanien_2019\/thumbs\/thumbs_377_AP5A3529.jpg\"\n               data-image-id=\"16444\"\n               data-title=\"Im Wadi Rum\"\n               data-description=\"&lt;strong&gt;Im Wadi Rum&lt;\/strong&gt;&lt;br \/&gt;Jordanien 2019&lt;br \/&gt;&lt;span style=&quot;font-size:85%;color:#949494;&quot;&gt;[Bild-Id: 16444]&lt;\/span&gt;\"\n               data-image-slug=\"377_ap5a3529\"\n               class=\"ngg-simplelightbox\" rel=\"e40321add866ac38f0a7f5b702250a79\">\n                <img loading=\"lazy\"\n                    title=\"Im Wadi Rum\"\n                    alt=\"Im Wadi Rum\"\n                    src=\"http:\/\/foto-passion.com\/wp-content\/gallery\/fotostrecke_jordanien_2019\/cache\/377_AP5A3529.jpg-nggid0516444-ngg0dyn-150x100x100-00f0w010c011r110f110r010t010.jpg\"\n                    width=\"150\"\n                    height=\"100\"\n                    style=\"max-width:100%;\"\n                \/>\n            <\/a>\n        <\/div>\n\t\t\t\t\t\t\t<\/div> \n\t\t\t\n                            \n\t\t\t\t<div id=\"ngg-image-6\" class=\"ngg-gallery-thumbnail-box\" >\n\t\t\t\t        <div class=\"ngg-gallery-thumbnail\">\n            <a href=\"http:\/\/foto-passion.com\/wp-content\/gallery\/fotostrecke_jordanien_2019\/378_AP5A3669.jpg\"\n               title=\"&lt;strong&gt;Im Wadi Rum&lt;\/strong&gt;&lt;br \/&gt;Jordanien 2019&lt;br \/&gt;&lt;span style=&quot;font-size:85%;color:#949494;&quot;&gt;[Bild-Id: 16460]&lt;\/span&gt;\"\n               data-src=\"http:\/\/foto-passion.com\/wp-content\/gallery\/fotostrecke_jordanien_2019\/378_AP5A3669.jpg\"\n               data-thumbnail=\"http:\/\/foto-passion.com\/wp-content\/gallery\/fotostrecke_jordanien_2019\/thumbs\/thumbs_378_AP5A3669.jpg\"\n               data-image-id=\"16460\"\n               data-title=\"Im Wadi Rum\"\n               data-description=\"&lt;strong&gt;Im Wadi Rum&lt;\/strong&gt;&lt;br \/&gt;Jordanien 2019&lt;br \/&gt;&lt;span style=&quot;font-size:85%;color:#949494;&quot;&gt;[Bild-Id: 16460]&lt;\/span&gt;\"\n               data-image-slug=\"378_ap5a3669\"\n               class=\"ngg-simplelightbox\" rel=\"e40321add866ac38f0a7f5b702250a79\">\n                <img loading=\"lazy\"\n                    title=\"Im Wadi Rum\"\n                    alt=\"Im Wadi Rum\"\n                    src=\"http:\/\/foto-passion.com\/wp-content\/gallery\/fotostrecke_jordanien_2019\/cache\/378_AP5A3669.jpg-nggid0516460-ngg0dyn-150x100x100-00f0w010c011r110f110r010t010.jpg\"\n                    width=\"150\"\n                    height=\"100\"\n                    style=\"max-width:100%;\"\n                \/>\n            <\/a>\n        <\/div>\n\t\t\t\t\t\t\t<\/div> \n\t\t\t\n                            \n\t\t\t\t<div id=\"ngg-image-7\" class=\"ngg-gallery-thumbnail-box\" >\n\t\t\t\t        <div class=\"ngg-gallery-thumbnail\">\n            <a href=\"http:\/\/foto-passion.com\/wp-content\/gallery\/fotostrecke_jordanien_2019\/379_AP5A3745.jpg\"\n               title=\"&lt;strong&gt;Im Wadi Rum&lt;\/strong&gt;&lt;br \/&gt;Jordanien 2019&lt;br \/&gt;&lt;span style=&quot;font-size:85%;color:#949494;&quot;&gt;[Bild-Id: 16467]&lt;\/span&gt;\"\n               data-src=\"http:\/\/foto-passion.com\/wp-content\/gallery\/fotostrecke_jordanien_2019\/379_AP5A3745.jpg\"\n               data-thumbnail=\"http:\/\/foto-passion.com\/wp-content\/gallery\/fotostrecke_jordanien_2019\/thumbs\/thumbs_379_AP5A3745.jpg\"\n               data-image-id=\"16467\"\n               data-title=\"Im Wadi Rum\"\n               data-description=\"&lt;strong&gt;Im Wadi Rum&lt;\/strong&gt;&lt;br \/&gt;Jordanien 2019&lt;br \/&gt;&lt;span style=&quot;font-size:85%;color:#949494;&quot;&gt;[Bild-Id: 16467]&lt;\/span&gt;\"\n               data-image-slug=\"379_ap5a3745\"\n               class=\"ngg-simplelightbox\" rel=\"e40321add866ac38f0a7f5b702250a79\">\n                <img loading=\"lazy\"\n                    title=\"Im Wadi Rum\"\n                    alt=\"Im Wadi Rum\"\n                    src=\"http:\/\/foto-passion.com\/wp-content\/gallery\/fotostrecke_jordanien_2019\/cache\/379_AP5A3745.jpg-nggid0516467-ngg0dyn-150x100x100-00f0w010c011r110f110r010t010.jpg\"\n                    width=\"150\"\n                    height=\"100\"\n                    style=\"max-width:100%;\"\n                \/>\n            <\/a>\n        <\/div>\n\t\t\t\t\t\t\t<\/div> \n\t\t\t\n                                    <br style=\"clear: both\" \/>\n                    \n\t\t\n\t\t<div class=\"ngg-clear\"><\/div>\n\t<\/div>\n<\/p>\t\t\t\t\t<\/div>\n\t\t\t\t\t\t<\/div>\n\t\t\t\t<\/div>\n\t\t\t\t\t\t<\/div>\n\t\t\t\t\t<\/div>\n\t\t<\/div>\n\t\t\t\t\t\t\t\t<\/div>\n\t\t\t\t\t<\/div>\n\t\t<\/section>\n\t\t\t\t<section class=\"elementor-section elementor-top-section elementor-element elementor-element-e7308cb elementor-section-boxed elementor-section-height-default elementor-section-height-default\" data-id=\"e7308cb\" data-element_type=\"section\">\n\t\t\t\t\t\t<div class=\"elementor-container elementor-column-gap-default\">\n\t\t\t\t\t\t\t<div class=\"elementor-row\">\n\t\t\t\t\t<div class=\"elementor-column elementor-col-100 elementor-top-column elementor-element elementor-element-2244e87\" data-id=\"2244e87\" data-element_type=\"column\">\n\t\t\t<div class=\"elementor-column-wrap elementor-element-populated\">\n\t\t\t\t\t\t\t<div class=\"elementor-widget-wrap\">\n\t\t\t\t\t\t<div class=\"elementor-element elementor-element-f3879c6 elementor-widget elementor-widget-text-editor\" data-id=\"f3879c6\" data-element_type=\"widget\" data-widget_type=\"text-editor.default\">\n\t\t\t\t<div class=\"elementor-widget-container\">\n\t\t\t\t\t\t\t\t<div class=\"elementor-text-editor elementor-clearfix\">\n\t\t\t\t\t<p style=\"text-align: justify;\">P\u00fcnktlich kurz vor dem Sonnenuntergang werden wir ins \u201eBedouine Camp\u201c gebracht. Hier beziehen wir eines der festen Zelte. Noch ist es in ihm br\u00fctend hei\u00df. Viel mehr als ein Doppelbett steht nicht drin, aber das war uns ja bewu\u00dft. Die Sanit\u00e4reinrichtung ist f\u00fcr alle und sie ist sauber und ordentlich.<\/p>\t\t\t\t\t<\/div>\n\t\t\t\t\t\t<\/div>\n\t\t\t\t<\/div>\n\t\t\t\t\t\t<\/div>\n\t\t\t\t\t<\/div>\n\t\t<\/div>\n\t\t\t\t\t\t\t\t<\/div>\n\t\t\t\t\t<\/div>\n\t\t<\/section>\n\t\t\t\t<section class=\"elementor-section elementor-top-section elementor-element elementor-element-e0281f3 elementor-section-boxed elementor-section-height-default elementor-section-height-default\" data-id=\"e0281f3\" data-element_type=\"section\">\n\t\t\t\t\t\t<div class=\"elementor-container elementor-column-gap-default\">\n\t\t\t\t\t\t\t<div class=\"elementor-row\">\n\t\t\t\t\t<div class=\"elementor-column elementor-col-100 elementor-top-column elementor-element elementor-element-c831834\" data-id=\"c831834\" data-element_type=\"column\">\n\t\t\t<div class=\"elementor-column-wrap elementor-element-populated\">\n\t\t\t\t\t\t\t<div class=\"elementor-widget-wrap\">\n\t\t\t\t\t\t<div class=\"elementor-element elementor-element-36686c3 elementor-widget elementor-widget-text-editor\" data-id=\"36686c3\" data-element_type=\"widget\" data-widget_type=\"text-editor.default\">\n\t\t\t\t<div class=\"elementor-widget-container\">\n\t\t\t\t\t\t\t\t<div class=\"elementor-text-editor elementor-clearfix\">\n\t\t\t\t\t<p style=\"text-align: left;\"><!-- index.php -->\n<div\n\tclass=\"ngg-galleryoverview ngg-ajax-pagination-none\"\n\tid=\"ngg-gallery-34024ef82735542d273df1423b7329d9-1\">\n\n    \t\t<!-- Thumbnails -->\n\t\t\t\t<div id=\"ngg-image-0\" class=\"ngg-gallery-thumbnail-box\" >\n\t\t\t\t        <div class=\"ngg-gallery-thumbnail\">\n            <a href=\"http:\/\/foto-passion.com\/wp-content\/gallery\/fotostrecke_jordanien_2019\/380_AP5A3807.jpg\"\n               title=\"&lt;strong&gt;\u201eWadi Rum Bedouine Camp\u201c&lt;\/strong&gt;&lt;br \/&gt;Jordanien 2019&lt;br \/&gt;&lt;span style=&quot;font-size:85%;color:#949494;&quot;&gt;[Bild-Id: 16470]&lt;\/span&gt;\"\n               data-src=\"http:\/\/foto-passion.com\/wp-content\/gallery\/fotostrecke_jordanien_2019\/380_AP5A3807.jpg\"\n               data-thumbnail=\"http:\/\/foto-passion.com\/wp-content\/gallery\/fotostrecke_jordanien_2019\/thumbs\/thumbs_380_AP5A3807.jpg\"\n               data-image-id=\"16470\"\n               data-title=\"\u201eWadi Rum Bedouine Camp\u201c\"\n               data-description=\"&lt;strong&gt;\u201eWadi Rum Bedouine Camp\u201c&lt;\/strong&gt;&lt;br \/&gt;Jordanien 2019&lt;br \/&gt;&lt;span style=&quot;font-size:85%;color:#949494;&quot;&gt;[Bild-Id: 16470]&lt;\/span&gt;\"\n               data-image-slug=\"380_ap5a3807\"\n               class=\"ngg-simplelightbox\" rel=\"34024ef82735542d273df1423b7329d9\">\n                <img loading=\"lazy\"\n                    title=\"\u201eWadi Rum Bedouine Camp\u201c\"\n                    alt=\"\u201eWadi Rum Bedouine Camp\u201c\"\n                    src=\"http:\/\/foto-passion.com\/wp-content\/gallery\/fotostrecke_jordanien_2019\/cache\/380_AP5A3807.jpg-nggid0516470-ngg0dyn-150x100x100-00f0w010c011r110f110r010t010.jpg\"\n                    width=\"150\"\n                    height=\"100\"\n                    style=\"max-width:100%;\"\n                \/>\n            <\/a>\n        <\/div>\n\t\t\t\t\t\t\t<\/div> \n\t\t\t\n                            \n\t\t\t\t<div id=\"ngg-image-1\" class=\"ngg-gallery-thumbnail-box\" >\n\t\t\t\t        <div class=\"ngg-gallery-thumbnail\">\n            <a href=\"http:\/\/foto-passion.com\/wp-content\/gallery\/fotostrecke_jordanien_2019\/381_AP5A3815.jpg\"\n               title=\"&lt;strong&gt;\u201eWadi Rum Bedouine Camp\u201c&lt;\/strong&gt;&lt;br \/&gt;Jordanien 2019&lt;br \/&gt;&lt;span style=&quot;font-size:85%;color:#949494;&quot;&gt;[Bild-Id: 16472]&lt;\/span&gt;\"\n               data-src=\"http:\/\/foto-passion.com\/wp-content\/gallery\/fotostrecke_jordanien_2019\/381_AP5A3815.jpg\"\n               data-thumbnail=\"http:\/\/foto-passion.com\/wp-content\/gallery\/fotostrecke_jordanien_2019\/thumbs\/thumbs_381_AP5A3815.jpg\"\n               data-image-id=\"16472\"\n               data-title=\"\u201eWadi Rum Bedouine Camp\u201c\"\n               data-description=\"&lt;strong&gt;\u201eWadi Rum Bedouine Camp\u201c&lt;\/strong&gt;&lt;br \/&gt;Jordanien 2019&lt;br \/&gt;&lt;span style=&quot;font-size:85%;color:#949494;&quot;&gt;[Bild-Id: 16472]&lt;\/span&gt;\"\n               data-image-slug=\"381_ap5a3815\"\n               class=\"ngg-simplelightbox\" rel=\"34024ef82735542d273df1423b7329d9\">\n                <img loading=\"lazy\"\n                    title=\"\u201eWadi Rum Bedouine Camp\u201c\"\n                    alt=\"\u201eWadi Rum Bedouine Camp\u201c\"\n                    src=\"http:\/\/foto-passion.com\/wp-content\/gallery\/fotostrecke_jordanien_2019\/cache\/381_AP5A3815.jpg-nggid0516472-ngg0dyn-150x100x100-00f0w010c011r110f110r010t010.jpg\"\n                    width=\"150\"\n                    height=\"100\"\n                    style=\"max-width:100%;\"\n                \/>\n            <\/a>\n        <\/div>\n\t\t\t\t\t\t\t<\/div> \n\t\t\t\n                            \n\t\t\t\t<div id=\"ngg-image-2\" class=\"ngg-gallery-thumbnail-box\" >\n\t\t\t\t        <div class=\"ngg-gallery-thumbnail\">\n            <a href=\"http:\/\/foto-passion.com\/wp-content\/gallery\/fotostrecke_jordanien_2019\/382_AP5A4429.jpg\"\n               title=\"&lt;strong&gt;\u201eWadi Rum Bedouine Camp\u201c&lt;\/strong&gt;&lt;br \/&gt;Jordanien 2019&lt;br \/&gt;&lt;span style=&quot;font-size:85%;color:#949494;&quot;&gt;[Bild-Id: 16520]&lt;\/span&gt;\"\n               data-src=\"http:\/\/foto-passion.com\/wp-content\/gallery\/fotostrecke_jordanien_2019\/382_AP5A4429.jpg\"\n               data-thumbnail=\"http:\/\/foto-passion.com\/wp-content\/gallery\/fotostrecke_jordanien_2019\/thumbs\/thumbs_382_AP5A4429.jpg\"\n               data-image-id=\"16520\"\n               data-title=\"\u201eWadi Rum Bedouine Camp\u201c\"\n               data-description=\"&lt;strong&gt;\u201eWadi Rum Bedouine Camp\u201c&lt;\/strong&gt;&lt;br \/&gt;Jordanien 2019&lt;br \/&gt;&lt;span style=&quot;font-size:85%;color:#949494;&quot;&gt;[Bild-Id: 16520]&lt;\/span&gt;\"\n               data-image-slug=\"382_ap5a4429\"\n               class=\"ngg-simplelightbox\" rel=\"34024ef82735542d273df1423b7329d9\">\n                <img loading=\"lazy\"\n                    title=\"\u201eWadi Rum Bedouine Camp\u201c\"\n                    alt=\"\u201eWadi Rum Bedouine Camp\u201c\"\n                    src=\"http:\/\/foto-passion.com\/wp-content\/gallery\/fotostrecke_jordanien_2019\/cache\/382_AP5A4429.jpg-nggid0516520-ngg0dyn-150x100x100-00f0w010c011r110f110r010t010.jpg\"\n                    width=\"150\"\n                    height=\"100\"\n                    style=\"max-width:100%;\"\n                \/>\n            <\/a>\n        <\/div>\n\t\t\t\t\t\t\t<\/div> \n\t\t\t\n                            \n\t\t\t\t<div id=\"ngg-image-3\" class=\"ngg-gallery-thumbnail-box\" >\n\t\t\t\t        <div class=\"ngg-gallery-thumbnail\">\n            <a href=\"http:\/\/foto-passion.com\/wp-content\/gallery\/fotostrecke_jordanien_2019\/383_AP5A4432.jpg\"\n               title=\"&lt;strong&gt;\u201eWadi Rum Bedouine Camp\u201c&lt;\/strong&gt;&lt;br \/&gt;Jordanien 2019&lt;br \/&gt;&lt;span style=&quot;font-size:85%;color:#949494;&quot;&gt;[Bild-Id: 16521]&lt;\/span&gt;\"\n               data-src=\"http:\/\/foto-passion.com\/wp-content\/gallery\/fotostrecke_jordanien_2019\/383_AP5A4432.jpg\"\n               data-thumbnail=\"http:\/\/foto-passion.com\/wp-content\/gallery\/fotostrecke_jordanien_2019\/thumbs\/thumbs_383_AP5A4432.jpg\"\n               data-image-id=\"16521\"\n               data-title=\"\u201eWadi Rum Bedouine Camp\u201c\"\n               data-description=\"&lt;strong&gt;\u201eWadi Rum Bedouine Camp\u201c&lt;\/strong&gt;&lt;br \/&gt;Jordanien 2019&lt;br \/&gt;&lt;span style=&quot;font-size:85%;color:#949494;&quot;&gt;[Bild-Id: 16521]&lt;\/span&gt;\"\n               data-image-slug=\"383_ap5a4432\"\n               class=\"ngg-simplelightbox\" rel=\"34024ef82735542d273df1423b7329d9\">\n                <img loading=\"lazy\"\n                    title=\"\u201eWadi Rum Bedouine Camp\u201c\"\n                    alt=\"\u201eWadi Rum Bedouine Camp\u201c\"\n                    src=\"http:\/\/foto-passion.com\/wp-content\/gallery\/fotostrecke_jordanien_2019\/cache\/383_AP5A4432.jpg-nggid0516521-ngg0dyn-150x100x100-00f0w010c011r110f110r010t010.jpg\"\n                    width=\"150\"\n                    height=\"100\"\n                    style=\"max-width:100%;\"\n                \/>\n            <\/a>\n        <\/div>\n\t\t\t\t\t\t\t<\/div> \n\t\t\t\n                                    <br style=\"clear: both\" \/>\n                    \n\t\t\n\t\t<div class=\"ngg-clear\"><\/div>\n\t<\/div>\n<\/p>\t\t\t\t\t<\/div>\n\t\t\t\t\t\t<\/div>\n\t\t\t\t<\/div>\n\t\t\t\t\t\t<\/div>\n\t\t\t\t\t<\/div>\n\t\t<\/div>\n\t\t\t\t\t\t\t\t<\/div>\n\t\t\t\t\t<\/div>\n\t\t<\/section>\n\t\t\t\t<section class=\"elementor-section elementor-top-section elementor-element elementor-element-449cccc elementor-section-boxed elementor-section-height-default elementor-section-height-default\" data-id=\"449cccc\" data-element_type=\"section\">\n\t\t\t\t\t\t<div class=\"elementor-container elementor-column-gap-default\">\n\t\t\t\t\t\t\t<div class=\"elementor-row\">\n\t\t\t\t\t<div class=\"elementor-column elementor-col-100 elementor-top-column elementor-element elementor-element-06cc36a\" data-id=\"06cc36a\" data-element_type=\"column\">\n\t\t\t<div class=\"elementor-column-wrap elementor-element-populated\">\n\t\t\t\t\t\t\t<div class=\"elementor-widget-wrap\">\n\t\t\t\t\t\t<div class=\"elementor-element elementor-element-67bbec4 elementor-widget elementor-widget-text-editor\" data-id=\"67bbec4\" data-element_type=\"widget\" data-widget_type=\"text-editor.default\">\n\t\t\t\t<div class=\"elementor-widget-container\">\n\t\t\t\t\t\t\t\t<div class=\"elementor-text-editor elementor-clearfix\">\n\t\t\t\t\t<p style=\"text-align: justify;\">Wir steigen noch auf den hinter dem Camp liegenden Felsen, um den Sonnenuntergang zu bestaunen, doch der ist f\u00fcr unsere Begriffe eher mickrig. Nun f\u00e4hrt einer der Cousins von Mohammed (der ganze Clan ist miteinander verwandt und hat das Wadi fest im Griff) uns ins Wadi Rum Village, damit wir unser Auto holen k\u00f6nnen. Er ist sehr skeptisch, als wir ihm sagen, dass er uns nicht zur\u00fcck begleiten muss. Wir haben den Weg exakt im Navi und k\u00f6nnen es offline nutzen, auch wenn es hier kein Internet gibt. Wir ernten ein sehr skeptisches Gesicht und er l\u00e4sst sich dreimal zeigen, ob wir wirklich den richtigen Weg im Navi haben. Dabei ist das \u00fcberhaupt nicht schwer zu finden, denn hier ist hinter jeder Bergbiegung ein Camp und das Village ist gleich um die Ecke. Die Camps sind quasi immer in den Schatten der Berge gebaut und hinter jeder Biegung steht ein anderes Camp \u2013 keines mit Namen bezeichnet aber alle geh\u00f6ren den Cousins bzw. der Familie von Mohammed.<\/p>\t\t\t\t\t<\/div>\n\t\t\t\t\t\t<\/div>\n\t\t\t\t<\/div>\n\t\t\t\t\t\t<\/div>\n\t\t\t\t\t<\/div>\n\t\t<\/div>\n\t\t\t\t\t\t\t\t<\/div>\n\t\t\t\t\t<\/div>\n\t\t<\/section>\n\t\t\t\t<section class=\"elementor-section elementor-top-section elementor-element elementor-element-b731618 elementor-section-boxed elementor-section-height-default elementor-section-height-default\" data-id=\"b731618\" data-element_type=\"section\">\n\t\t\t\t\t\t<div class=\"elementor-container elementor-column-gap-default\">\n\t\t\t\t\t\t\t<div class=\"elementor-row\">\n\t\t\t\t\t<div class=\"elementor-column elementor-col-100 elementor-top-column elementor-element elementor-element-84c4a6d\" data-id=\"84c4a6d\" data-element_type=\"column\">\n\t\t\t<div class=\"elementor-column-wrap elementor-element-populated\">\n\t\t\t\t\t\t\t<div class=\"elementor-widget-wrap\">\n\t\t\t\t\t\t<div class=\"elementor-element elementor-element-4c3986f elementor-widget elementor-widget-text-editor\" data-id=\"4c3986f\" data-element_type=\"widget\" data-widget_type=\"text-editor.default\">\n\t\t\t\t<div class=\"elementor-widget-container\">\n\t\t\t\t\t\t\t\t<div class=\"elementor-text-editor elementor-clearfix\">\n\t\t\t\t\t<div id=\"attachment_33412\" style=\"width: 1210px\" class=\"wp-caption aligncenter\"><a href=\"http:\/\/foto-passion.com\/wp-content\/uploads\/2021\/01\/384_AP5A3540-Pano.jpg\"><img loading=\"lazy\" aria-describedby=\"caption-attachment-33412\" class=\"size-full wp-image-33412\" src=\"http:\/\/foto-passion.com\/wp-content\/uploads\/2021\/01\/384_AP5A3540-Pano.jpg\" alt=\"\" width=\"1200\" height=\"266\" srcset=\"http:\/\/foto-passion.com\/wp-content\/uploads\/2021\/01\/384_AP5A3540-Pano.jpg 1200w, http:\/\/foto-passion.com\/wp-content\/uploads\/2021\/01\/384_AP5A3540-Pano-300x67.jpg 300w, http:\/\/foto-passion.com\/wp-content\/uploads\/2021\/01\/384_AP5A3540-Pano-1024x227.jpg 1024w, http:\/\/foto-passion.com\/wp-content\/uploads\/2021\/01\/384_AP5A3540-Pano-768x170.jpg 768w\" sizes=\"(max-width: 1200px) 100vw, 1200px\" \/><\/a><p id=\"caption-attachment-33412\" class=\"wp-caption-text\">Wadi Rum<\/p><\/div>\t\t\t\t\t<\/div>\n\t\t\t\t\t\t<\/div>\n\t\t\t\t<\/div>\n\t\t\t\t\t\t<\/div>\n\t\t\t\t\t<\/div>\n\t\t<\/div>\n\t\t\t\t\t\t\t\t<\/div>\n\t\t\t\t\t<\/div>\n\t\t<\/section>\n\t\t\t\t<section class=\"elementor-section elementor-top-section elementor-element elementor-element-908e026 elementor-section-boxed elementor-section-height-default elementor-section-height-default\" data-id=\"908e026\" data-element_type=\"section\">\n\t\t\t\t\t\t<div class=\"elementor-container elementor-column-gap-default\">\n\t\t\t\t\t\t\t<div class=\"elementor-row\">\n\t\t\t\t\t<div class=\"elementor-column elementor-col-100 elementor-top-column elementor-element elementor-element-c0a37ad\" data-id=\"c0a37ad\" data-element_type=\"column\">\n\t\t\t<div class=\"elementor-column-wrap elementor-element-populated\">\n\t\t\t\t\t\t\t<div class=\"elementor-widget-wrap\">\n\t\t\t\t\t\t<div class=\"elementor-element elementor-element-fefb935 elementor-widget elementor-widget-text-editor\" data-id=\"fefb935\" data-element_type=\"widget\" data-widget_type=\"text-editor.default\">\n\t\t\t\t<div class=\"elementor-widget-container\">\n\t\t\t\t\t\t\t\t<div class=\"elementor-text-editor elementor-clearfix\">\n\t\t\t\t\t<div id=\"attachment_33414\" style=\"width: 1210px\" class=\"wp-caption aligncenter\"><a href=\"http:\/\/foto-passion.com\/wp-content\/uploads\/2021\/01\/385_AP5A3771-Pano.jpg\"><img loading=\"lazy\" aria-describedby=\"caption-attachment-33414\" class=\"size-full wp-image-33414\" src=\"http:\/\/foto-passion.com\/wp-content\/uploads\/2021\/01\/385_AP5A3771-Pano.jpg\" alt=\"\" width=\"1200\" height=\"314\" srcset=\"http:\/\/foto-passion.com\/wp-content\/uploads\/2021\/01\/385_AP5A3771-Pano.jpg 1200w, http:\/\/foto-passion.com\/wp-content\/uploads\/2021\/01\/385_AP5A3771-Pano-300x79.jpg 300w, http:\/\/foto-passion.com\/wp-content\/uploads\/2021\/01\/385_AP5A3771-Pano-1024x268.jpg 1024w, http:\/\/foto-passion.com\/wp-content\/uploads\/2021\/01\/385_AP5A3771-Pano-768x201.jpg 768w\" sizes=\"(max-width: 1200px) 100vw, 1200px\" \/><\/a><p id=\"caption-attachment-33414\" class=\"wp-caption-text\">Wadi Rum<\/p><\/div>\t\t\t\t\t<\/div>\n\t\t\t\t\t\t<\/div>\n\t\t\t\t<\/div>\n\t\t\t\t\t\t<\/div>\n\t\t\t\t\t<\/div>\n\t\t<\/div>\n\t\t\t\t\t\t\t\t<\/div>\n\t\t\t\t\t<\/div>\n\t\t<\/section>\n\t\t\t\t<section class=\"elementor-section elementor-top-section elementor-element elementor-element-ff7bedc elementor-section-boxed elementor-section-height-default elementor-section-height-default\" data-id=\"ff7bedc\" data-element_type=\"section\">\n\t\t\t\t\t\t<div class=\"elementor-container elementor-column-gap-default\">\n\t\t\t\t\t\t\t<div class=\"elementor-row\">\n\t\t\t\t\t<div class=\"elementor-column elementor-col-100 elementor-top-column elementor-element elementor-element-18ed4fa\" data-id=\"18ed4fa\" data-element_type=\"column\">\n\t\t\t<div class=\"elementor-column-wrap elementor-element-populated\">\n\t\t\t\t\t\t\t<div class=\"elementor-widget-wrap\">\n\t\t\t\t\t\t<div class=\"elementor-element elementor-element-927086e elementor-widget elementor-widget-text-editor\" data-id=\"927086e\" data-element_type=\"widget\" data-widget_type=\"text-editor.default\">\n\t\t\t\t<div class=\"elementor-widget-container\">\n\t\t\t\t\t\t\t\t<div class=\"elementor-text-editor elementor-clearfix\">\n\t\t\t\t\t<p style=\"text-align: left;\"><!-- index.php -->\n<div\n\tclass=\"ngg-galleryoverview ngg-ajax-pagination-none\"\n\tid=\"ngg-gallery-ab8c02e384d200942b547ee215c502bb-1\">\n\n    \t\t<!-- Thumbnails -->\n\t\t\t\t<div id=\"ngg-image-0\" class=\"ngg-gallery-thumbnail-box\" >\n\t\t\t\t        <div class=\"ngg-gallery-thumbnail\">\n            <a href=\"http:\/\/foto-passion.com\/wp-content\/gallery\/fotostrecke_jordanien_2019\/386_AP5A3810.jpg\"\n               title=\"&lt;strong&gt;Wadi Rum&lt;\/strong&gt;&lt;br \/&gt;Jordanien 2019&lt;br \/&gt;&lt;span style=&quot;font-size:85%;color:#949494;&quot;&gt;[Bild-Id: 16471]&lt;\/span&gt;\"\n               data-src=\"http:\/\/foto-passion.com\/wp-content\/gallery\/fotostrecke_jordanien_2019\/386_AP5A3810.jpg\"\n               data-thumbnail=\"http:\/\/foto-passion.com\/wp-content\/gallery\/fotostrecke_jordanien_2019\/thumbs\/thumbs_386_AP5A3810.jpg\"\n               data-image-id=\"16471\"\n               data-title=\"Wadi Rum\"\n               data-description=\"&lt;strong&gt;Wadi Rum&lt;\/strong&gt;&lt;br \/&gt;Jordanien 2019&lt;br \/&gt;&lt;span style=&quot;font-size:85%;color:#949494;&quot;&gt;[Bild-Id: 16471]&lt;\/span&gt;\"\n               data-image-slug=\"386_ap5a3810\"\n               class=\"ngg-simplelightbox\" rel=\"ab8c02e384d200942b547ee215c502bb\">\n                <img loading=\"lazy\"\n                    title=\"Wadi Rum\"\n                    alt=\"Wadi Rum\"\n                    src=\"http:\/\/foto-passion.com\/wp-content\/gallery\/fotostrecke_jordanien_2019\/cache\/386_AP5A3810.jpg-nggid0516471-ngg0dyn-150x100x100-00f0w010c011r110f110r010t010.jpg\"\n                    width=\"150\"\n                    height=\"100\"\n                    style=\"max-width:100%;\"\n                \/>\n            <\/a>\n        <\/div>\n\t\t\t\t\t\t\t<\/div> \n\t\t\t\n                            \n\t\t\t\t<div id=\"ngg-image-1\" class=\"ngg-gallery-thumbnail-box\" >\n\t\t\t\t        <div class=\"ngg-gallery-thumbnail\">\n            <a href=\"http:\/\/foto-passion.com\/wp-content\/gallery\/fotostrecke_jordanien_2019\/387_AP5A3822.jpg\"\n               title=\"&lt;strong&gt;Wadi Rum&lt;\/strong&gt;&lt;br \/&gt;Jordanien 2019&lt;br \/&gt;&lt;span style=&quot;font-size:85%;color:#949494;&quot;&gt;[Bild-Id: 16473]&lt;\/span&gt;\"\n               data-src=\"http:\/\/foto-passion.com\/wp-content\/gallery\/fotostrecke_jordanien_2019\/387_AP5A3822.jpg\"\n               data-thumbnail=\"http:\/\/foto-passion.com\/wp-content\/gallery\/fotostrecke_jordanien_2019\/thumbs\/thumbs_387_AP5A3822.jpg\"\n               data-image-id=\"16473\"\n               data-title=\"Wadi Rum\"\n               data-description=\"&lt;strong&gt;Wadi Rum&lt;\/strong&gt;&lt;br \/&gt;Jordanien 2019&lt;br \/&gt;&lt;span style=&quot;font-size:85%;color:#949494;&quot;&gt;[Bild-Id: 16473]&lt;\/span&gt;\"\n               data-image-slug=\"387_ap5a3822\"\n               class=\"ngg-simplelightbox\" rel=\"ab8c02e384d200942b547ee215c502bb\">\n                <img loading=\"lazy\"\n                    title=\"Wadi Rum\"\n                    alt=\"Wadi Rum\"\n                    src=\"http:\/\/foto-passion.com\/wp-content\/gallery\/fotostrecke_jordanien_2019\/cache\/387_AP5A3822.jpg-nggid0516473-ngg0dyn-150x100x100-00f0w010c011r110f110r010t010.jpg\"\n                    width=\"150\"\n                    height=\"100\"\n                    style=\"max-width:100%;\"\n                \/>\n            <\/a>\n        <\/div>\n\t\t\t\t\t\t\t<\/div> \n\t\t\t\n                            \n\t\t\n\t\t<div class=\"ngg-clear\"><\/div>\n\t<\/div>\n<\/p>\t\t\t\t\t<\/div>\n\t\t\t\t\t\t<\/div>\n\t\t\t\t<\/div>\n\t\t\t\t\t\t<\/div>\n\t\t\t\t\t<\/div>\n\t\t<\/div>\n\t\t\t\t\t\t\t\t<\/div>\n\t\t\t\t\t<\/div>\n\t\t<\/section>\n\t\t\t\t<section class=\"elementor-section elementor-top-section elementor-element elementor-element-c330a39 elementor-section-boxed elementor-section-height-default elementor-section-height-default\" data-id=\"c330a39\" data-element_type=\"section\">\n\t\t\t\t\t\t<div class=\"elementor-container elementor-column-gap-default\">\n\t\t\t\t\t\t\t<div class=\"elementor-row\">\n\t\t\t\t\t<div class=\"elementor-column elementor-col-100 elementor-top-column elementor-element elementor-element-2fbc61c\" data-id=\"2fbc61c\" data-element_type=\"column\">\n\t\t\t<div class=\"elementor-column-wrap elementor-element-populated\">\n\t\t\t\t\t\t\t<div class=\"elementor-widget-wrap\">\n\t\t\t\t\t\t<div class=\"elementor-element elementor-element-fa66e22 elementor-widget elementor-widget-text-editor\" data-id=\"fa66e22\" data-element_type=\"widget\" data-widget_type=\"text-editor.default\">\n\t\t\t\t<div class=\"elementor-widget-container\">\n\t\t\t\t\t\t\t\t<div class=\"elementor-text-editor elementor-clearfix\">\n\t\t\t\t\t<p style=\"text-align: justify;\">Wir fahren also allein mit unserem Fahrzeug zur\u00fcck ins Camp und genie\u00dfen den Luxus, nur bis zum Auto laufen zu m\u00fcssen, wenn wir etwas brauchen bzw. wenn wir Platz im Zelt brauchen. Schade, dass der Wein tags\u00fcber quasi gekocht wird und abends eher ein Gl\u00fchwein als ein Genuss ist. Hier m\u00fcsste man die Gewohnheiten \u00e4ndern und morgens trinken, denn \u00fcber Nacht k\u00fchlt er ja sch\u00f6n ab. Hm, das ist aber irgendwie auch nicht ideal!?<\/p><p style=\"text-align: justify;\">Inzwischen haben die K\u00f6che des Camps in einem Erdofen ein Feuer entfacht und gerade wird darin das Abendessen versenkt. Heute gibt es H\u00fchnchen mit Gem\u00fcse. Das Gestell mit dem Essen besteht aus drei Etagen \u2013 in der unteren Lage gart der Reis.<\/p><p style=\"text-align: justify;\">Im Licht eines gem\u00fctlichen Lagerfeuers warten wir, bis zwei Stunden sp\u00e4ter das Abendessen aus dem Erdofen geholt wird. Es sieht sehr lecker aus und ist nicht das Einzige, was hier zum Essen aufgefahren wird. Das Abendbuffet ist sehr vielseitig, reichlich und schmackhaft. Wir schaffen es gar nicht, von allem zu kosten.<\/p>\t\t\t\t\t<\/div>\n\t\t\t\t\t\t<\/div>\n\t\t\t\t<\/div>\n\t\t\t\t\t\t<\/div>\n\t\t\t\t\t<\/div>\n\t\t<\/div>\n\t\t\t\t\t\t\t\t<\/div>\n\t\t\t\t\t<\/div>\n\t\t<\/section>\n\t\t\t\t<section class=\"elementor-section elementor-top-section elementor-element elementor-element-ddc9575 elementor-section-boxed elementor-section-height-default elementor-section-height-default\" data-id=\"ddc9575\" data-element_type=\"section\">\n\t\t\t\t\t\t<div class=\"elementor-container elementor-column-gap-default\">\n\t\t\t\t\t\t\t<div class=\"elementor-row\">\n\t\t\t\t\t<div class=\"elementor-column elementor-col-100 elementor-top-column elementor-element elementor-element-c1ebe61\" data-id=\"c1ebe61\" data-element_type=\"column\">\n\t\t\t<div class=\"elementor-column-wrap elementor-element-populated\">\n\t\t\t\t\t\t\t<div class=\"elementor-widget-wrap\">\n\t\t\t\t\t\t<div class=\"elementor-element elementor-element-581dd28 elementor-widget elementor-widget-text-editor\" data-id=\"581dd28\" data-element_type=\"widget\" data-widget_type=\"text-editor.default\">\n\t\t\t\t<div class=\"elementor-widget-container\">\n\t\t\t\t\t\t\t\t<div class=\"elementor-text-editor elementor-clearfix\">\n\t\t\t\t\t<p style=\"text-align: left;\"><!-- index.php -->\n<div\n\tclass=\"ngg-galleryoverview ngg-ajax-pagination-none\"\n\tid=\"ngg-gallery-ad12f071aab7f1772d3795a2cfbf4c4f-1\">\n\n    \t\t<!-- Thumbnails -->\n\t\t\t\t<div id=\"ngg-image-0\" class=\"ngg-gallery-thumbnail-box\" >\n\t\t\t\t        <div class=\"ngg-gallery-thumbnail\">\n            <a href=\"http:\/\/foto-passion.com\/wp-content\/gallery\/fotostrecke_jordanien_2019\/388_IMG_4347.jpg\"\n               title=\"&lt;strong&gt;Das Essen im Erdofen ist fertig&lt;\/strong&gt;&lt;br \/&gt;Jordanien 2019&lt;br \/&gt;&lt;span style=&quot;font-size:85%;color:#949494;&quot;&gt;[Bild-Id: 16524]&lt;\/span&gt;\"\n               data-src=\"http:\/\/foto-passion.com\/wp-content\/gallery\/fotostrecke_jordanien_2019\/388_IMG_4347.jpg\"\n               data-thumbnail=\"http:\/\/foto-passion.com\/wp-content\/gallery\/fotostrecke_jordanien_2019\/thumbs\/thumbs_388_IMG_4347.jpg\"\n               data-image-id=\"16524\"\n               data-title=\"Das Essen im Erdofen ist fertig\"\n               data-description=\"&lt;strong&gt;Das Essen im Erdofen ist fertig&lt;\/strong&gt;&lt;br \/&gt;Jordanien 2019&lt;br \/&gt;&lt;span style=&quot;font-size:85%;color:#949494;&quot;&gt;[Bild-Id: 16524]&lt;\/span&gt;\"\n               data-image-slug=\"388_img_4347\"\n               class=\"ngg-simplelightbox\" rel=\"ad12f071aab7f1772d3795a2cfbf4c4f\">\n                <img loading=\"lazy\"\n                    title=\"Das Essen im Erdofen ist fertig\"\n                    alt=\"Das Essen im Erdofen ist fertig\"\n                    src=\"http:\/\/foto-passion.com\/wp-content\/gallery\/fotostrecke_jordanien_2019\/cache\/388_IMG_4347.jpg-nggid0516524-ngg0dyn-150x100x100-00f0w010c011r110f110r010t010.jpg\"\n                    width=\"150\"\n                    height=\"100\"\n                    style=\"max-width:100%;\"\n                \/>\n            <\/a>\n        <\/div>\n\t\t\t\t\t\t\t<\/div> \n\t\t\t\n                            \n\t\t\t\t<div id=\"ngg-image-1\" class=\"ngg-gallery-thumbnail-box\" >\n\t\t\t\t        <div class=\"ngg-gallery-thumbnail\">\n            <a href=\"http:\/\/foto-passion.com\/wp-content\/gallery\/fotostrecke_jordanien_2019\/389_IMG_4363.jpg\"\n               title=\"&lt;strong&gt;Essen aus dem Erdofen&lt;\/strong&gt;&lt;br \/&gt;Jordanien 2019&lt;br \/&gt;&lt;span style=&quot;font-size:85%;color:#949494;&quot;&gt;[Bild-Id: 16525]&lt;\/span&gt;\"\n               data-src=\"http:\/\/foto-passion.com\/wp-content\/gallery\/fotostrecke_jordanien_2019\/389_IMG_4363.jpg\"\n               data-thumbnail=\"http:\/\/foto-passion.com\/wp-content\/gallery\/fotostrecke_jordanien_2019\/thumbs\/thumbs_389_IMG_4363.jpg\"\n               data-image-id=\"16525\"\n               data-title=\"Essen aus dem Erdofen\"\n               data-description=\"&lt;strong&gt;Essen aus dem Erdofen&lt;\/strong&gt;&lt;br \/&gt;Jordanien 2019&lt;br \/&gt;&lt;span style=&quot;font-size:85%;color:#949494;&quot;&gt;[Bild-Id: 16525]&lt;\/span&gt;\"\n               data-image-slug=\"389_img_4363\"\n               class=\"ngg-simplelightbox\" rel=\"ad12f071aab7f1772d3795a2cfbf4c4f\">\n                <img loading=\"lazy\"\n                    title=\"Essen aus dem Erdofen\"\n                    alt=\"Essen aus dem Erdofen\"\n                    src=\"http:\/\/foto-passion.com\/wp-content\/gallery\/fotostrecke_jordanien_2019\/cache\/389_IMG_4363.jpg-nggid0516525-ngg0dyn-150x100x100-00f0w010c011r110f110r010t010.jpg\"\n                    width=\"150\"\n                    height=\"100\"\n                    style=\"max-width:100%;\"\n                \/>\n            <\/a>\n        <\/div>\n\t\t\t\t\t\t\t<\/div> \n\t\t\t\n                            \n\t\t\t\t<div id=\"ngg-image-2\" class=\"ngg-gallery-thumbnail-box\" >\n\t\t\t\t        <div class=\"ngg-gallery-thumbnail\">\n            <a href=\"http:\/\/foto-passion.com\/wp-content\/gallery\/fotostrecke_jordanien_2019\/390_AP5A3804.jpg\"\n               title=\"&lt;strong&gt;Essen aus dem Erdofen&lt;\/strong&gt;&lt;br \/&gt;Jordanien 2019&lt;br \/&gt;&lt;span style=&quot;font-size:85%;color:#949494;&quot;&gt;[Bild-Id: 16469]&lt;\/span&gt;\"\n               data-src=\"http:\/\/foto-passion.com\/wp-content\/gallery\/fotostrecke_jordanien_2019\/390_AP5A3804.jpg\"\n               data-thumbnail=\"http:\/\/foto-passion.com\/wp-content\/gallery\/fotostrecke_jordanien_2019\/thumbs\/thumbs_390_AP5A3804.jpg\"\n               data-image-id=\"16469\"\n               data-title=\"Essen aus dem Erdofen\"\n               data-description=\"&lt;strong&gt;Essen aus dem Erdofen&lt;\/strong&gt;&lt;br \/&gt;Jordanien 2019&lt;br \/&gt;&lt;span style=&quot;font-size:85%;color:#949494;&quot;&gt;[Bild-Id: 16469]&lt;\/span&gt;\"\n               data-image-slug=\"390_ap5a3804\"\n               class=\"ngg-simplelightbox\" rel=\"ad12f071aab7f1772d3795a2cfbf4c4f\">\n                <img loading=\"lazy\"\n                    title=\"Essen aus dem Erdofen\"\n                    alt=\"Essen aus dem Erdofen\"\n                    src=\"http:\/\/foto-passion.com\/wp-content\/gallery\/fotostrecke_jordanien_2019\/cache\/390_AP5A3804.jpg-nggid0516469-ngg0dyn-150x100x100-00f0w010c011r110f110r010t010.jpg\"\n                    width=\"150\"\n                    height=\"100\"\n                    style=\"max-width:100%;\"\n                \/>\n            <\/a>\n        <\/div>\n\t\t\t\t\t\t\t<\/div> \n\t\t\t\n                            \n\t\t\t\t<div id=\"ngg-image-3\" class=\"ngg-gallery-thumbnail-box\" >\n\t\t\t\t        <div class=\"ngg-gallery-thumbnail\">\n            <a href=\"http:\/\/foto-passion.com\/wp-content\/gallery\/fotostrecke_jordanien_2019\/391_IMG_4397.jpg\"\n               title=\"&lt;strong&gt;Leckeres Essen aus dem Erdofen&lt;\/strong&gt;&lt;br \/&gt;Jordanien 2019&lt;br \/&gt;&lt;span style=&quot;font-size:85%;color:#949494;&quot;&gt;[Bild-Id: 16527]&lt;\/span&gt;\"\n               data-src=\"http:\/\/foto-passion.com\/wp-content\/gallery\/fotostrecke_jordanien_2019\/391_IMG_4397.jpg\"\n               data-thumbnail=\"http:\/\/foto-passion.com\/wp-content\/gallery\/fotostrecke_jordanien_2019\/thumbs\/thumbs_391_IMG_4397.jpg\"\n               data-image-id=\"16527\"\n               data-title=\"Leckeres Essen aus dem Erdofen\"\n               data-description=\"&lt;strong&gt;Leckeres Essen aus dem Erdofen&lt;\/strong&gt;&lt;br \/&gt;Jordanien 2019&lt;br \/&gt;&lt;span style=&quot;font-size:85%;color:#949494;&quot;&gt;[Bild-Id: 16527]&lt;\/span&gt;\"\n               data-image-slug=\"391_img_4397\"\n               class=\"ngg-simplelightbox\" rel=\"ad12f071aab7f1772d3795a2cfbf4c4f\">\n                <img loading=\"lazy\"\n                    title=\"Leckeres Essen aus dem Erdofen\"\n                    alt=\"Leckeres Essen aus dem Erdofen\"\n                    src=\"http:\/\/foto-passion.com\/wp-content\/gallery\/fotostrecke_jordanien_2019\/cache\/391_IMG_4397.jpg-nggid0516527-ngg0dyn-150x100x100-00f0w010c011r110f110r010t010.jpg\"\n                    width=\"150\"\n                    height=\"100\"\n                    style=\"max-width:100%;\"\n                \/>\n            <\/a>\n        <\/div>\n\t\t\t\t\t\t\t<\/div> \n\t\t\t\n                                    <br style=\"clear: both\" \/>\n                    \n\t\t\n\t\t<div class=\"ngg-clear\"><\/div>\n\t<\/div>\n<\/p>\t\t\t\t\t<\/div>\n\t\t\t\t\t\t<\/div>\n\t\t\t\t<\/div>\n\t\t\t\t\t\t<\/div>\n\t\t\t\t\t<\/div>\n\t\t<\/div>\n\t\t\t\t\t\t\t\t<\/div>\n\t\t\t\t\t<\/div>\n\t\t<\/section>\n\t\t\t\t<section class=\"elementor-section elementor-top-section elementor-element elementor-element-e3e7856 elementor-section-boxed elementor-section-height-default elementor-section-height-default\" data-id=\"e3e7856\" data-element_type=\"section\">\n\t\t\t\t\t\t<div class=\"elementor-container elementor-column-gap-default\">\n\t\t\t\t\t\t\t<div class=\"elementor-row\">\n\t\t\t\t\t<div class=\"elementor-column elementor-col-100 elementor-top-column elementor-element elementor-element-8ac12ac\" data-id=\"8ac12ac\" data-element_type=\"column\">\n\t\t\t<div class=\"elementor-column-wrap elementor-element-populated\">\n\t\t\t\t\t\t\t<div class=\"elementor-widget-wrap\">\n\t\t\t\t\t\t<div class=\"elementor-element elementor-element-06bb5ed elementor-widget elementor-widget-text-editor\" data-id=\"06bb5ed\" data-element_type=\"widget\" data-widget_type=\"text-editor.default\">\n\t\t\t\t<div class=\"elementor-widget-container\">\n\t\t\t\t\t\t\t\t<div class=\"elementor-text-editor elementor-clearfix\">\n\t\t\t\t\t<p style=\"text-align: justify;\">Nach dem Abendessen ist es Zeit, den Tag zu beenden, denn die warmen Temperaturen schlauchen auch ganz sch\u00f6n. Satt und zufrieden fallen wir ins Bett.<\/p>\t\t\t\t\t<\/div>\n\t\t\t\t\t\t<\/div>\n\t\t\t\t<\/div>\n\t\t\t\t\t\t<\/div>\n\t\t\t\t\t<\/div>\n\t\t<\/div>\n\t\t\t\t\t\t\t\t<\/div>\n\t\t\t\t\t<\/div>\n\t\t<\/section>\n\t\t\t\t<section class=\"elementor-section elementor-top-section elementor-element elementor-element-bd2a47e elementor-section-boxed elementor-section-height-default elementor-section-height-default\" data-id=\"bd2a47e\" data-element_type=\"section\">\n\t\t\t\t\t\t<div class=\"elementor-container elementor-column-gap-default\">\n\t\t\t\t\t\t\t<div class=\"elementor-row\">\n\t\t\t\t\t<div class=\"elementor-column elementor-col-100 elementor-top-column elementor-element elementor-element-4f0d685\" data-id=\"4f0d685\" data-element_type=\"column\">\n\t\t\t<div class=\"elementor-column-wrap elementor-element-populated\">\n\t\t\t\t\t\t\t<div class=\"elementor-widget-wrap\">\n\t\t\t\t\t\t<div class=\"elementor-element elementor-element-fc9d2c1 elementor-widget elementor-widget-text-editor\" data-id=\"fc9d2c1\" data-element_type=\"widget\" data-widget_type=\"text-editor.default\">\n\t\t\t\t<div class=\"elementor-widget-container\">\n\t\t\t\t\t\t\t\t<div class=\"elementor-text-editor elementor-clearfix\">\n\t\t\t\t\t<p><strong>13.10.2019\u00a0\u00a0\u00a0\u00a0 Wadi Rum \u201eWadi Rum Bedouine Camp\u201c<\/strong><\/p><p style=\"text-align: justify;\">Mit Mohammed haben wir f\u00fcr heute eine Privattour zu den Sehensw\u00fcrdigkeiten im n\u00f6rdlichen Teil des Wadi Rum vereinbart. Unser Guide und Fahrer f\u00fcr heute ist Abdulla, der uns kreuz und quer durch das n\u00f6rdliche Wadi Rum f\u00e4hrt, uns sch\u00f6ne Pl\u00e4tze zeigt und uns auch in die wei\u00dfe W\u00fcste bringt.<\/p>\t\t\t\t\t<\/div>\n\t\t\t\t\t\t<\/div>\n\t\t\t\t<\/div>\n\t\t\t\t\t\t<\/div>\n\t\t\t\t\t<\/div>\n\t\t<\/div>\n\t\t\t\t\t\t\t\t<\/div>\n\t\t\t\t\t<\/div>\n\t\t<\/section>\n\t\t\t\t<section class=\"elementor-section elementor-top-section elementor-element elementor-element-a23ea99 elementor-section-boxed elementor-section-height-default elementor-section-height-default\" data-id=\"a23ea99\" data-element_type=\"section\">\n\t\t\t\t\t\t<div class=\"elementor-container elementor-column-gap-default\">\n\t\t\t\t\t\t\t<div class=\"elementor-row\">\n\t\t\t\t\t<div class=\"elementor-column elementor-col-100 elementor-top-column elementor-element elementor-element-6cb6169\" data-id=\"6cb6169\" data-element_type=\"column\">\n\t\t\t<div class=\"elementor-column-wrap elementor-element-populated\">\n\t\t\t\t\t\t\t<div class=\"elementor-widget-wrap\">\n\t\t\t\t\t\t<div class=\"elementor-element elementor-element-61f5715 elementor-widget elementor-widget-text-editor\" data-id=\"61f5715\" data-element_type=\"widget\" data-widget_type=\"text-editor.default\">\n\t\t\t\t<div class=\"elementor-widget-container\">\n\t\t\t\t\t\t\t\t<div class=\"elementor-text-editor elementor-clearfix\">\n\t\t\t\t\t<p style=\"text-align: left;\"><!-- index.php -->\n<div\n\tclass=\"ngg-galleryoverview ngg-ajax-pagination-none\"\n\tid=\"ngg-gallery-1bc91842164ac8c5ca1eb44de39ad17a-1\">\n\n    \t\t<!-- Thumbnails -->\n\t\t\t\t<div id=\"ngg-image-0\" class=\"ngg-gallery-thumbnail-box\" >\n\t\t\t\t        <div class=\"ngg-gallery-thumbnail\">\n            <a href=\"http:\/\/foto-passion.com\/wp-content\/gallery\/fotostrecke_jordanien_2019\/392_AP5A3519.jpg\"\n               title=\"&lt;strong&gt;Wadi Rum&lt;\/strong&gt;&lt;br \/&gt;Jordanien 2019&lt;br \/&gt;&lt;span style=&quot;font-size:85%;color:#949494;&quot;&gt;[Bild-Id: 16443]&lt;\/span&gt;\"\n               data-src=\"http:\/\/foto-passion.com\/wp-content\/gallery\/fotostrecke_jordanien_2019\/392_AP5A3519.jpg\"\n               data-thumbnail=\"http:\/\/foto-passion.com\/wp-content\/gallery\/fotostrecke_jordanien_2019\/thumbs\/thumbs_392_AP5A3519.jpg\"\n               data-image-id=\"16443\"\n               data-title=\"Wadi Rum\"\n               data-description=\"&lt;strong&gt;Wadi Rum&lt;\/strong&gt;&lt;br \/&gt;Jordanien 2019&lt;br \/&gt;&lt;span style=&quot;font-size:85%;color:#949494;&quot;&gt;[Bild-Id: 16443]&lt;\/span&gt;\"\n               data-image-slug=\"392_ap5a3519\"\n               class=\"ngg-simplelightbox\" rel=\"1bc91842164ac8c5ca1eb44de39ad17a\">\n                <img loading=\"lazy\"\n                    title=\"Wadi Rum\"\n                    alt=\"Wadi Rum\"\n                    src=\"http:\/\/foto-passion.com\/wp-content\/gallery\/fotostrecke_jordanien_2019\/cache\/392_AP5A3519.jpg-nggid0516443-ngg0dyn-150x100x100-00f0w010c011r110f110r010t010.jpg\"\n                    width=\"150\"\n                    height=\"100\"\n                    style=\"max-width:100%;\"\n                \/>\n            <\/a>\n        <\/div>\n\t\t\t\t\t\t\t<\/div> \n\t\t\t\n                            \n\t\t\t\t<div id=\"ngg-image-1\" class=\"ngg-gallery-thumbnail-box\" >\n\t\t\t\t        <div class=\"ngg-gallery-thumbnail\">\n            <a href=\"http:\/\/foto-passion.com\/wp-content\/gallery\/fotostrecke_jordanien_2019\/393_AP5A3579.jpg\"\n               title=\"&lt;strong&gt;Wadi Rum&lt;\/strong&gt;&lt;br \/&gt;Jordanien 2019&lt;br \/&gt;&lt;span style=&quot;font-size:85%;color:#949494;&quot;&gt;[Bild-Id: 16447]&lt;\/span&gt;\"\n               data-src=\"http:\/\/foto-passion.com\/wp-content\/gallery\/fotostrecke_jordanien_2019\/393_AP5A3579.jpg\"\n               data-thumbnail=\"http:\/\/foto-passion.com\/wp-content\/gallery\/fotostrecke_jordanien_2019\/thumbs\/thumbs_393_AP5A3579.jpg\"\n               data-image-id=\"16447\"\n               data-title=\"Wadi Rum\"\n               data-description=\"&lt;strong&gt;Wadi Rum&lt;\/strong&gt;&lt;br \/&gt;Jordanien 2019&lt;br \/&gt;&lt;span style=&quot;font-size:85%;color:#949494;&quot;&gt;[Bild-Id: 16447]&lt;\/span&gt;\"\n               data-image-slug=\"393_ap5a3579\"\n               class=\"ngg-simplelightbox\" rel=\"1bc91842164ac8c5ca1eb44de39ad17a\">\n                <img loading=\"lazy\"\n                    title=\"Wadi Rum\"\n                    alt=\"Wadi Rum\"\n                    src=\"http:\/\/foto-passion.com\/wp-content\/gallery\/fotostrecke_jordanien_2019\/cache\/393_AP5A3579.jpg-nggid0516447-ngg0dyn-150x100x100-00f0w010c011r110f110r010t010.jpg\"\n                    width=\"150\"\n                    height=\"100\"\n                    style=\"max-width:100%;\"\n                \/>\n            <\/a>\n        <\/div>\n\t\t\t\t\t\t\t<\/div> \n\t\t\t\n                            \n\t\t\t\t<div id=\"ngg-image-2\" class=\"ngg-gallery-thumbnail-box\" >\n\t\t\t\t        <div class=\"ngg-gallery-thumbnail\">\n            <a href=\"http:\/\/foto-passion.com\/wp-content\/gallery\/fotostrecke_jordanien_2019\/394_AP5A3665.jpg\"\n               title=\"&lt;strong&gt;Im Wadi Rum herrscht Verkehr wie auf der Autobahn&lt;\/strong&gt;&lt;br \/&gt;Jordanien 2019&lt;br \/&gt;&lt;span style=&quot;font-size:85%;color:#949494;&quot;&gt;[Bild-Id: 16459]&lt;\/span&gt;\"\n               data-src=\"http:\/\/foto-passion.com\/wp-content\/gallery\/fotostrecke_jordanien_2019\/394_AP5A3665.jpg\"\n               data-thumbnail=\"http:\/\/foto-passion.com\/wp-content\/gallery\/fotostrecke_jordanien_2019\/thumbs\/thumbs_394_AP5A3665.jpg\"\n               data-image-id=\"16459\"\n               data-title=\"Im Wadi Rum herrscht Verkehr wie auf der Autobahn\"\n               data-description=\"&lt;strong&gt;Im Wadi Rum herrscht Verkehr wie auf der Autobahn&lt;\/strong&gt;&lt;br \/&gt;Jordanien 2019&lt;br \/&gt;&lt;span style=&quot;font-size:85%;color:#949494;&quot;&gt;[Bild-Id: 16459]&lt;\/span&gt;\"\n               data-image-slug=\"394_ap5a3665\"\n               class=\"ngg-simplelightbox\" rel=\"1bc91842164ac8c5ca1eb44de39ad17a\">\n                <img loading=\"lazy\"\n                    title=\"Im Wadi Rum herrscht Verkehr wie auf der Autobahn\"\n                    alt=\"Im Wadi Rum herrscht Verkehr wie auf der Autobahn\"\n                    src=\"http:\/\/foto-passion.com\/wp-content\/gallery\/fotostrecke_jordanien_2019\/cache\/394_AP5A3665.jpg-nggid0516459-ngg0dyn-150x100x100-00f0w010c011r110f110r010t010.jpg\"\n                    width=\"150\"\n                    height=\"100\"\n                    style=\"max-width:100%;\"\n                \/>\n            <\/a>\n        <\/div>\n\t\t\t\t\t\t\t<\/div> \n\t\t\t\n                            \n\t\t\t\t<div id=\"ngg-image-3\" class=\"ngg-gallery-thumbnail-box\" >\n\t\t\t\t        <div class=\"ngg-gallery-thumbnail\">\n            <a href=\"http:\/\/foto-passion.com\/wp-content\/gallery\/fotostrecke_jordanien_2019\/395_AP5A3844.jpg\"\n               title=\"&lt;strong&gt;Warten auf Touristen&lt;\/strong&gt;&lt;br \/&gt;Jordanien 2019&lt;br \/&gt;&lt;span style=&quot;font-size:85%;color:#949494;&quot;&gt;[Bild-Id: 16475]&lt;\/span&gt;\"\n               data-src=\"http:\/\/foto-passion.com\/wp-content\/gallery\/fotostrecke_jordanien_2019\/395_AP5A3844.jpg\"\n               data-thumbnail=\"http:\/\/foto-passion.com\/wp-content\/gallery\/fotostrecke_jordanien_2019\/thumbs\/thumbs_395_AP5A3844.jpg\"\n               data-image-id=\"16475\"\n               data-title=\"Warten auf Touristen\"\n               data-description=\"&lt;strong&gt;Warten auf Touristen&lt;\/strong&gt;&lt;br \/&gt;Jordanien 2019&lt;br \/&gt;&lt;span style=&quot;font-size:85%;color:#949494;&quot;&gt;[Bild-Id: 16475]&lt;\/span&gt;\"\n               data-image-slug=\"395_ap5a3844\"\n               class=\"ngg-simplelightbox\" rel=\"1bc91842164ac8c5ca1eb44de39ad17a\">\n                <img loading=\"lazy\"\n                    title=\"Warten auf Touristen\"\n                    alt=\"Warten auf Touristen\"\n                    src=\"http:\/\/foto-passion.com\/wp-content\/gallery\/fotostrecke_jordanien_2019\/cache\/395_AP5A3844.jpg-nggid0516475-ngg0dyn-150x100x100-00f0w010c011r110f110r010t010.jpg\"\n                    width=\"150\"\n                    height=\"100\"\n                    style=\"max-width:100%;\"\n                \/>\n            <\/a>\n        <\/div>\n\t\t\t\t\t\t\t<\/div> \n\t\t\t\n                                    <br style=\"clear: both\" \/>\n                    \n\t\t\t\t<div id=\"ngg-image-4\" class=\"ngg-gallery-thumbnail-box\" >\n\t\t\t\t        <div class=\"ngg-gallery-thumbnail\">\n            <a href=\"http:\/\/foto-passion.com\/wp-content\/gallery\/fotostrecke_jordanien_2019\/396_AP5A3689.jpg\"\n               title=\"&lt;strong&gt;Unterwegs im Wadi Rum&lt;\/strong&gt;&lt;br \/&gt;Jordanien 2019&lt;br \/&gt;&lt;span style=&quot;font-size:85%;color:#949494;&quot;&gt;[Bild-Id: 16463]&lt;\/span&gt;\"\n               data-src=\"http:\/\/foto-passion.com\/wp-content\/gallery\/fotostrecke_jordanien_2019\/396_AP5A3689.jpg\"\n               data-thumbnail=\"http:\/\/foto-passion.com\/wp-content\/gallery\/fotostrecke_jordanien_2019\/thumbs\/thumbs_396_AP5A3689.jpg\"\n               data-image-id=\"16463\"\n               data-title=\"Unterwegs im Wadi Rum\"\n               data-description=\"&lt;strong&gt;Unterwegs im Wadi Rum&lt;\/strong&gt;&lt;br \/&gt;Jordanien 2019&lt;br \/&gt;&lt;span style=&quot;font-size:85%;color:#949494;&quot;&gt;[Bild-Id: 16463]&lt;\/span&gt;\"\n               data-image-slug=\"396_ap5a3689\"\n               class=\"ngg-simplelightbox\" rel=\"1bc91842164ac8c5ca1eb44de39ad17a\">\n                <img loading=\"lazy\"\n                    title=\"Unterwegs im Wadi Rum\"\n                    alt=\"Unterwegs im Wadi Rum\"\n                    src=\"http:\/\/foto-passion.com\/wp-content\/gallery\/fotostrecke_jordanien_2019\/cache\/396_AP5A3689.jpg-nggid0516463-ngg0dyn-150x100x100-00f0w010c011r110f110r010t010.jpg\"\n                    width=\"150\"\n                    height=\"100\"\n                    style=\"max-width:100%;\"\n                \/>\n            <\/a>\n        <\/div>\n\t\t\t\t\t\t\t<\/div> \n\t\t\t\n                            \n\t\t\t\t<div id=\"ngg-image-5\" class=\"ngg-gallery-thumbnail-box\" >\n\t\t\t\t        <div class=\"ngg-gallery-thumbnail\">\n            <a href=\"http:\/\/foto-passion.com\/wp-content\/gallery\/fotostrecke_jordanien_2019\/397_AP5A3902.jpg\"\n               title=\"&lt;strong&gt;Unterwegs im Wadi Rum&lt;\/strong&gt;&lt;br \/&gt;Jordanien 2019&lt;br \/&gt;&lt;span style=&quot;font-size:85%;color:#949494;&quot;&gt;[Bild-Id: 16476]&lt;\/span&gt;\"\n               data-src=\"http:\/\/foto-passion.com\/wp-content\/gallery\/fotostrecke_jordanien_2019\/397_AP5A3902.jpg\"\n               data-thumbnail=\"http:\/\/foto-passion.com\/wp-content\/gallery\/fotostrecke_jordanien_2019\/thumbs\/thumbs_397_AP5A3902.jpg\"\n               data-image-id=\"16476\"\n               data-title=\"Unterwegs im Wadi Rum\"\n               data-description=\"&lt;strong&gt;Unterwegs im Wadi Rum&lt;\/strong&gt;&lt;br \/&gt;Jordanien 2019&lt;br \/&gt;&lt;span style=&quot;font-size:85%;color:#949494;&quot;&gt;[Bild-Id: 16476]&lt;\/span&gt;\"\n               data-image-slug=\"397_ap5a3902\"\n               class=\"ngg-simplelightbox\" rel=\"1bc91842164ac8c5ca1eb44de39ad17a\">\n                <img loading=\"lazy\"\n                    title=\"Unterwegs im Wadi Rum\"\n                    alt=\"Unterwegs im Wadi Rum\"\n                    src=\"http:\/\/foto-passion.com\/wp-content\/gallery\/fotostrecke_jordanien_2019\/cache\/397_AP5A3902.jpg-nggid0516476-ngg0dyn-150x100x100-00f0w010c011r110f110r010t010.jpg\"\n                    width=\"150\"\n                    height=\"100\"\n                    style=\"max-width:100%;\"\n                \/>\n            <\/a>\n        <\/div>\n\t\t\t\t\t\t\t<\/div> \n\t\t\t\n                            \n\t\t\t\t<div id=\"ngg-image-6\" class=\"ngg-gallery-thumbnail-box\" >\n\t\t\t\t        <div class=\"ngg-gallery-thumbnail\">\n            <a href=\"http:\/\/foto-passion.com\/wp-content\/gallery\/fotostrecke_jordanien_2019\/398_AP5A3906.jpg\"\n               title=\"&lt;strong&gt;Unterwegs im Wadi Rum&lt;\/strong&gt;&lt;br \/&gt;Jordanien 2019&lt;br \/&gt;&lt;span style=&quot;font-size:85%;color:#949494;&quot;&gt;[Bild-Id: 16477]&lt;\/span&gt;\"\n               data-src=\"http:\/\/foto-passion.com\/wp-content\/gallery\/fotostrecke_jordanien_2019\/398_AP5A3906.jpg\"\n               data-thumbnail=\"http:\/\/foto-passion.com\/wp-content\/gallery\/fotostrecke_jordanien_2019\/thumbs\/thumbs_398_AP5A3906.jpg\"\n               data-image-id=\"16477\"\n               data-title=\"Unterwegs im Wadi Rum\"\n               data-description=\"&lt;strong&gt;Unterwegs im Wadi Rum&lt;\/strong&gt;&lt;br \/&gt;Jordanien 2019&lt;br \/&gt;&lt;span style=&quot;font-size:85%;color:#949494;&quot;&gt;[Bild-Id: 16477]&lt;\/span&gt;\"\n               data-image-slug=\"398_ap5a3906\"\n               class=\"ngg-simplelightbox\" rel=\"1bc91842164ac8c5ca1eb44de39ad17a\">\n                <img loading=\"lazy\"\n                    title=\"Unterwegs im Wadi Rum\"\n                    alt=\"Unterwegs im Wadi Rum\"\n                    src=\"http:\/\/foto-passion.com\/wp-content\/gallery\/fotostrecke_jordanien_2019\/cache\/398_AP5A3906.jpg-nggid0516477-ngg0dyn-150x100x100-00f0w010c011r110f110r010t010.jpg\"\n                    width=\"150\"\n                    height=\"100\"\n                    style=\"max-width:100%;\"\n                \/>\n            <\/a>\n        <\/div>\n\t\t\t\t\t\t\t<\/div> \n\t\t\t\n                            \n\t\t\t\t<div id=\"ngg-image-7\" class=\"ngg-gallery-thumbnail-box\" >\n\t\t\t\t        <div class=\"ngg-gallery-thumbnail\">\n            <a href=\"http:\/\/foto-passion.com\/wp-content\/gallery\/fotostrecke_jordanien_2019\/399_AP5A3909.jpg\"\n               title=\"&lt;strong&gt;Unterwegs im Wadi Rum&lt;\/strong&gt;&lt;br \/&gt;Jordanien 2019&lt;br \/&gt;&lt;span style=&quot;font-size:85%;color:#949494;&quot;&gt;[Bild-Id: 16478]&lt;\/span&gt;\"\n               data-src=\"http:\/\/foto-passion.com\/wp-content\/gallery\/fotostrecke_jordanien_2019\/399_AP5A3909.jpg\"\n               data-thumbnail=\"http:\/\/foto-passion.com\/wp-content\/gallery\/fotostrecke_jordanien_2019\/thumbs\/thumbs_399_AP5A3909.jpg\"\n               data-image-id=\"16478\"\n               data-title=\"Unterwegs im Wadi Rum\"\n               data-description=\"&lt;strong&gt;Unterwegs im Wadi Rum&lt;\/strong&gt;&lt;br \/&gt;Jordanien 2019&lt;br \/&gt;&lt;span style=&quot;font-size:85%;color:#949494;&quot;&gt;[Bild-Id: 16478]&lt;\/span&gt;\"\n               data-image-slug=\"399_ap5a3909\"\n               class=\"ngg-simplelightbox\" rel=\"1bc91842164ac8c5ca1eb44de39ad17a\">\n                <img loading=\"lazy\"\n                    title=\"Unterwegs im Wadi Rum\"\n                    alt=\"Unterwegs im Wadi Rum\"\n                    src=\"http:\/\/foto-passion.com\/wp-content\/gallery\/fotostrecke_jordanien_2019\/cache\/399_AP5A3909.jpg-nggid0516478-ngg0dyn-150x100x100-00f0w010c011r110f110r010t010.jpg\"\n                    width=\"150\"\n                    height=\"100\"\n                    style=\"max-width:100%;\"\n                \/>\n            <\/a>\n        <\/div>\n\t\t\t\t\t\t\t<\/div> \n\t\t\t\n                                    <br style=\"clear: both\" \/>\n                    \n\t\t\t\t<div id=\"ngg-image-8\" class=\"ngg-gallery-thumbnail-box\" >\n\t\t\t\t        <div class=\"ngg-gallery-thumbnail\">\n            <a href=\"http:\/\/foto-passion.com\/wp-content\/gallery\/fotostrecke_jordanien_2019\/400_AP5A3926.jpg\"\n               title=\"&lt;strong&gt;Unterwegs im Wadi Rum&lt;\/strong&gt;&lt;br \/&gt;Jordanien 2019&lt;br \/&gt;&lt;span style=&quot;font-size:85%;color:#949494;&quot;&gt;[Bild-Id: 16479]&lt;\/span&gt;\"\n               data-src=\"http:\/\/foto-passion.com\/wp-content\/gallery\/fotostrecke_jordanien_2019\/400_AP5A3926.jpg\"\n               data-thumbnail=\"http:\/\/foto-passion.com\/wp-content\/gallery\/fotostrecke_jordanien_2019\/thumbs\/thumbs_400_AP5A3926.jpg\"\n               data-image-id=\"16479\"\n               data-title=\"Unterwegs im Wadi Rum\"\n               data-description=\"&lt;strong&gt;Unterwegs im Wadi Rum&lt;\/strong&gt;&lt;br \/&gt;Jordanien 2019&lt;br \/&gt;&lt;span style=&quot;font-size:85%;color:#949494;&quot;&gt;[Bild-Id: 16479]&lt;\/span&gt;\"\n               data-image-slug=\"400_ap5a3926\"\n               class=\"ngg-simplelightbox\" rel=\"1bc91842164ac8c5ca1eb44de39ad17a\">\n                <img loading=\"lazy\"\n                    title=\"Unterwegs im Wadi Rum\"\n                    alt=\"Unterwegs im Wadi Rum\"\n                    src=\"http:\/\/foto-passion.com\/wp-content\/gallery\/fotostrecke_jordanien_2019\/cache\/400_AP5A3926.jpg-nggid0516479-ngg0dyn-150x100x100-00f0w010c011r110f110r010t010.jpg\"\n                    width=\"150\"\n                    height=\"100\"\n                    style=\"max-width:100%;\"\n                \/>\n            <\/a>\n        <\/div>\n\t\t\t\t\t\t\t<\/div> \n\t\t\t\n                            \n\t\t\t\t<div id=\"ngg-image-9\" class=\"ngg-gallery-thumbnail-box\" >\n\t\t\t\t        <div class=\"ngg-gallery-thumbnail\">\n            <a href=\"http:\/\/foto-passion.com\/wp-content\/gallery\/fotostrecke_jordanien_2019\/401_AP5A3963.jpg\"\n               title=\"&lt;strong&gt;Unterwegs im Wadi Rum&lt;\/strong&gt;&lt;br \/&gt;Jordanien 2019&lt;br \/&gt;&lt;span style=&quot;font-size:85%;color:#949494;&quot;&gt;[Bild-Id: 16480]&lt;\/span&gt;\"\n               data-src=\"http:\/\/foto-passion.com\/wp-content\/gallery\/fotostrecke_jordanien_2019\/401_AP5A3963.jpg\"\n               data-thumbnail=\"http:\/\/foto-passion.com\/wp-content\/gallery\/fotostrecke_jordanien_2019\/thumbs\/thumbs_401_AP5A3963.jpg\"\n               data-image-id=\"16480\"\n               data-title=\"Unterwegs im Wadi Rum\"\n               data-description=\"&lt;strong&gt;Unterwegs im Wadi Rum&lt;\/strong&gt;&lt;br \/&gt;Jordanien 2019&lt;br \/&gt;&lt;span style=&quot;font-size:85%;color:#949494;&quot;&gt;[Bild-Id: 16480]&lt;\/span&gt;\"\n               data-image-slug=\"401_ap5a3963\"\n               class=\"ngg-simplelightbox\" rel=\"1bc91842164ac8c5ca1eb44de39ad17a\">\n                <img loading=\"lazy\"\n                    title=\"Unterwegs im Wadi Rum\"\n                    alt=\"Unterwegs im Wadi Rum\"\n                    src=\"http:\/\/foto-passion.com\/wp-content\/gallery\/fotostrecke_jordanien_2019\/cache\/401_AP5A3963.jpg-nggid0516480-ngg0dyn-150x100x100-00f0w010c011r110f110r010t010.jpg\"\n                    width=\"150\"\n                    height=\"100\"\n                    style=\"max-width:100%;\"\n                \/>\n            <\/a>\n        <\/div>\n\t\t\t\t\t\t\t<\/div> \n\t\t\t\n                            \n\t\t\t\t<div id=\"ngg-image-10\" class=\"ngg-gallery-thumbnail-box\" >\n\t\t\t\t        <div class=\"ngg-gallery-thumbnail\">\n            <a href=\"http:\/\/foto-passion.com\/wp-content\/gallery\/fotostrecke_jordanien_2019\/402_AP5A3979.jpg\"\n               title=\"&lt;strong&gt;Unterwegs im Wadi Rum&lt;\/strong&gt;&lt;br \/&gt;Jordanien 2019&lt;br \/&gt;&lt;span style=&quot;font-size:85%;color:#949494;&quot;&gt;[Bild-Id: 16481]&lt;\/span&gt;\"\n               data-src=\"http:\/\/foto-passion.com\/wp-content\/gallery\/fotostrecke_jordanien_2019\/402_AP5A3979.jpg\"\n               data-thumbnail=\"http:\/\/foto-passion.com\/wp-content\/gallery\/fotostrecke_jordanien_2019\/thumbs\/thumbs_402_AP5A3979.jpg\"\n               data-image-id=\"16481\"\n               data-title=\"Unterwegs im Wadi Rum\"\n               data-description=\"&lt;strong&gt;Unterwegs im Wadi Rum&lt;\/strong&gt;&lt;br \/&gt;Jordanien 2019&lt;br \/&gt;&lt;span style=&quot;font-size:85%;color:#949494;&quot;&gt;[Bild-Id: 16481]&lt;\/span&gt;\"\n               data-image-slug=\"402_ap5a3979\"\n               class=\"ngg-simplelightbox\" rel=\"1bc91842164ac8c5ca1eb44de39ad17a\">\n                <img loading=\"lazy\"\n                    title=\"Unterwegs im Wadi Rum\"\n                    alt=\"Unterwegs im Wadi Rum\"\n                    src=\"http:\/\/foto-passion.com\/wp-content\/gallery\/fotostrecke_jordanien_2019\/cache\/402_AP5A3979.jpg-nggid0516481-ngg0dyn-150x100x100-00f0w010c011r110f110r010t010.jpg\"\n                    width=\"150\"\n                    height=\"100\"\n                    style=\"max-width:100%;\"\n                \/>\n            <\/a>\n        <\/div>\n\t\t\t\t\t\t\t<\/div> \n\t\t\t\n                            \n\t\t\t\t<div id=\"ngg-image-11\" class=\"ngg-gallery-thumbnail-box\" >\n\t\t\t\t        <div class=\"ngg-gallery-thumbnail\">\n            <a href=\"http:\/\/foto-passion.com\/wp-content\/gallery\/fotostrecke_jordanien_2019\/403_AP5A3984.jpg\"\n               title=\"&lt;strong&gt;Unterwegs im Wadi Rum&lt;\/strong&gt;&lt;br \/&gt;Jordanien 2019&lt;br \/&gt;&lt;span style=&quot;font-size:85%;color:#949494;&quot;&gt;[Bild-Id: 16483]&lt;\/span&gt;\"\n               data-src=\"http:\/\/foto-passion.com\/wp-content\/gallery\/fotostrecke_jordanien_2019\/403_AP5A3984.jpg\"\n               data-thumbnail=\"http:\/\/foto-passion.com\/wp-content\/gallery\/fotostrecke_jordanien_2019\/thumbs\/thumbs_403_AP5A3984.jpg\"\n               data-image-id=\"16483\"\n               data-title=\"Unterwegs im Wadi Rum\"\n               data-description=\"&lt;strong&gt;Unterwegs im Wadi Rum&lt;\/strong&gt;&lt;br \/&gt;Jordanien 2019&lt;br \/&gt;&lt;span style=&quot;font-size:85%;color:#949494;&quot;&gt;[Bild-Id: 16483]&lt;\/span&gt;\"\n               data-image-slug=\"403_ap5a3984\"\n               class=\"ngg-simplelightbox\" rel=\"1bc91842164ac8c5ca1eb44de39ad17a\">\n                <img loading=\"lazy\"\n                    title=\"Unterwegs im Wadi Rum\"\n                    alt=\"Unterwegs im Wadi Rum\"\n                    src=\"http:\/\/foto-passion.com\/wp-content\/gallery\/fotostrecke_jordanien_2019\/cache\/403_AP5A3984.jpg-nggid0516483-ngg0dyn-150x100x100-00f0w010c011r110f110r010t010.jpg\"\n                    width=\"150\"\n                    height=\"100\"\n                    style=\"max-width:100%;\"\n                \/>\n            <\/a>\n        <\/div>\n\t\t\t\t\t\t\t<\/div> \n\t\t\t\n                                    <br style=\"clear: both\" \/>\n                    \n\t\t\n\t\t<div class=\"ngg-clear\"><\/div>\n\t<\/div>\n<\/p>\t\t\t\t\t<\/div>\n\t\t\t\t\t\t<\/div>\n\t\t\t\t<\/div>\n\t\t\t\t\t\t<\/div>\n\t\t\t\t\t<\/div>\n\t\t<\/div>\n\t\t\t\t\t\t\t\t<\/div>\n\t\t\t\t\t<\/div>\n\t\t<\/section>\n\t\t\t\t<section class=\"elementor-section elementor-top-section elementor-element elementor-element-47bcfaf elementor-section-boxed elementor-section-height-default elementor-section-height-default\" data-id=\"47bcfaf\" data-element_type=\"section\">\n\t\t\t\t\t\t<div class=\"elementor-container elementor-column-gap-default\">\n\t\t\t\t\t\t\t<div class=\"elementor-row\">\n\t\t\t\t\t<div class=\"elementor-column elementor-col-100 elementor-top-column elementor-element elementor-element-b048955\" data-id=\"b048955\" data-element_type=\"column\">\n\t\t\t<div class=\"elementor-column-wrap elementor-element-populated\">\n\t\t\t\t\t\t\t<div class=\"elementor-widget-wrap\">\n\t\t\t\t\t\t<div class=\"elementor-element elementor-element-2f0cb1b elementor-widget elementor-widget-text-editor\" data-id=\"2f0cb1b\" data-element_type=\"widget\" data-widget_type=\"text-editor.default\">\n\t\t\t\t<div class=\"elementor-widget-container\">\n\t\t\t\t\t\t\t\t<div class=\"elementor-text-editor elementor-clearfix\">\n\t\t\t\t\t<p style=\"text-align: justify;\">Wir halten bei einem Beduinen, der f\u00fcr uns die traditionelle Musik spielt und singt. Nat\u00fcrlich geht das nicht ohne den grunds\u00e4tzlich \u00fcblichen s\u00fc\u00dfen Tee zu servieren.<\/p>\t\t\t\t\t<\/div>\n\t\t\t\t\t\t<\/div>\n\t\t\t\t<\/div>\n\t\t\t\t\t\t<\/div>\n\t\t\t\t\t<\/div>\n\t\t<\/div>\n\t\t\t\t\t\t\t\t<\/div>\n\t\t\t\t\t<\/div>\n\t\t<\/section>\n\t\t\t\t<section class=\"elementor-section elementor-top-section elementor-element elementor-element-5745b92 elementor-section-boxed elementor-section-height-default elementor-section-height-default\" data-id=\"5745b92\" data-element_type=\"section\">\n\t\t\t\t\t\t<div class=\"elementor-container elementor-column-gap-default\">\n\t\t\t\t\t\t\t<div class=\"elementor-row\">\n\t\t\t\t\t<div class=\"elementor-column elementor-col-100 elementor-top-column elementor-element elementor-element-dc4c2b7\" data-id=\"dc4c2b7\" data-element_type=\"column\">\n\t\t\t<div class=\"elementor-column-wrap elementor-element-populated\">\n\t\t\t\t\t\t\t<div class=\"elementor-widget-wrap\">\n\t\t\t\t\t\t<div class=\"elementor-element elementor-element-f2e6ccf elementor-widget elementor-widget-text-editor\" data-id=\"f2e6ccf\" data-element_type=\"widget\" data-widget_type=\"text-editor.default\">\n\t\t\t\t<div class=\"elementor-widget-container\">\n\t\t\t\t\t\t\t\t<div class=\"elementor-text-editor elementor-clearfix\">\n\t\t\t\t\t<p style=\"text-align: left;\"><!-- index.php -->\n<div\n\tclass=\"ngg-galleryoverview ngg-ajax-pagination-none\"\n\tid=\"ngg-gallery-f351a72081c0b8458c3ba575c8baf995-1\">\n\n    \t\t<!-- Thumbnails -->\n\t\t\t\t<div id=\"ngg-image-0\" class=\"ngg-gallery-thumbnail-box\" >\n\t\t\t\t        <div class=\"ngg-gallery-thumbnail\">\n            <a href=\"http:\/\/foto-passion.com\/wp-content\/gallery\/fotostrecke_jordanien_2019\/404_AP5A4158.jpg\"\n               title=\"&lt;strong&gt;Bei den Beduinen zu Gast&lt;\/strong&gt;&lt;br \/&gt;Jordanien 2019&lt;br \/&gt;&lt;span style=&quot;font-size:85%;color:#949494;&quot;&gt;[Bild-Id: 16498]&lt;\/span&gt;\"\n               data-src=\"http:\/\/foto-passion.com\/wp-content\/gallery\/fotostrecke_jordanien_2019\/404_AP5A4158.jpg\"\n               data-thumbnail=\"http:\/\/foto-passion.com\/wp-content\/gallery\/fotostrecke_jordanien_2019\/thumbs\/thumbs_404_AP5A4158.jpg\"\n               data-image-id=\"16498\"\n               data-title=\"Bei den Beduinen zu Gast\"\n               data-description=\"&lt;strong&gt;Bei den Beduinen zu Gast&lt;\/strong&gt;&lt;br \/&gt;Jordanien 2019&lt;br \/&gt;&lt;span style=&quot;font-size:85%;color:#949494;&quot;&gt;[Bild-Id: 16498]&lt;\/span&gt;\"\n               data-image-slug=\"404_ap5a4158\"\n               class=\"ngg-simplelightbox\" rel=\"f351a72081c0b8458c3ba575c8baf995\">\n                <img loading=\"lazy\"\n                    title=\"Bei den Beduinen zu Gast\"\n                    alt=\"Bei den Beduinen zu Gast\"\n                    src=\"http:\/\/foto-passion.com\/wp-content\/gallery\/fotostrecke_jordanien_2019\/cache\/404_AP5A4158.jpg-nggid0516498-ngg0dyn-150x100x100-00f0w010c011r110f110r010t010.jpg\"\n                    width=\"150\"\n                    height=\"100\"\n                    style=\"max-width:100%;\"\n                \/>\n            <\/a>\n        <\/div>\n\t\t\t\t\t\t\t<\/div> \n\t\t\t\n                            \n\t\t\t\t<div id=\"ngg-image-1\" class=\"ngg-gallery-thumbnail-box\" >\n\t\t\t\t        <div class=\"ngg-gallery-thumbnail\">\n            <a href=\"http:\/\/foto-passion.com\/wp-content\/gallery\/fotostrecke_jordanien_2019\/405_AP5A4163.jpg\"\n               title=\"&lt;strong&gt;Bei den Beduinen zu Gast&lt;\/strong&gt;&lt;br \/&gt;Jordanien 2019&lt;br \/&gt;&lt;span style=&quot;font-size:85%;color:#949494;&quot;&gt;[Bild-Id: 16499]&lt;\/span&gt;\"\n               data-src=\"http:\/\/foto-passion.com\/wp-content\/gallery\/fotostrecke_jordanien_2019\/405_AP5A4163.jpg\"\n               data-thumbnail=\"http:\/\/foto-passion.com\/wp-content\/gallery\/fotostrecke_jordanien_2019\/thumbs\/thumbs_405_AP5A4163.jpg\"\n               data-image-id=\"16499\"\n               data-title=\"Bei den Beduinen zu Gast\"\n               data-description=\"&lt;strong&gt;Bei den Beduinen zu Gast&lt;\/strong&gt;&lt;br \/&gt;Jordanien 2019&lt;br \/&gt;&lt;span style=&quot;font-size:85%;color:#949494;&quot;&gt;[Bild-Id: 16499]&lt;\/span&gt;\"\n               data-image-slug=\"405_ap5a4163\"\n               class=\"ngg-simplelightbox\" rel=\"f351a72081c0b8458c3ba575c8baf995\">\n                <img loading=\"lazy\"\n                    title=\"Bei den Beduinen zu Gast\"\n                    alt=\"Bei den Beduinen zu Gast\"\n                    src=\"http:\/\/foto-passion.com\/wp-content\/gallery\/fotostrecke_jordanien_2019\/cache\/405_AP5A4163.jpg-nggid0516499-ngg0dyn-150x100x100-00f0w010c011r110f110r010t010.jpg\"\n                    width=\"150\"\n                    height=\"100\"\n                    style=\"max-width:100%;\"\n                \/>\n            <\/a>\n        <\/div>\n\t\t\t\t\t\t\t<\/div> \n\t\t\t\n                            \n\t\t\n\t\t<div class=\"ngg-clear\"><\/div>\n\t<\/div>\n<\/p>\t\t\t\t\t<\/div>\n\t\t\t\t\t\t<\/div>\n\t\t\t\t<\/div>\n\t\t\t\t\t\t<\/div>\n\t\t\t\t\t<\/div>\n\t\t<\/div>\n\t\t\t\t\t\t\t\t<\/div>\n\t\t\t\t\t<\/div>\n\t\t<\/section>\n\t\t\t\t<section class=\"elementor-section elementor-top-section elementor-element elementor-element-a301a86 elementor-section-boxed elementor-section-height-default elementor-section-height-default\" data-id=\"a301a86\" data-element_type=\"section\">\n\t\t\t\t\t\t<div class=\"elementor-container elementor-column-gap-default\">\n\t\t\t\t\t\t\t<div class=\"elementor-row\">\n\t\t\t\t\t<div class=\"elementor-column elementor-col-100 elementor-top-column elementor-element elementor-element-2b71bc1\" data-id=\"2b71bc1\" data-element_type=\"column\">\n\t\t\t<div class=\"elementor-column-wrap elementor-element-populated\">\n\t\t\t\t\t\t\t<div class=\"elementor-widget-wrap\">\n\t\t\t\t\t\t<div class=\"elementor-element elementor-element-6a1f7dc elementor-widget elementor-widget-text-editor\" data-id=\"6a1f7dc\" data-element_type=\"widget\" data-widget_type=\"text-editor.default\">\n\t\t\t\t<div class=\"elementor-widget-container\">\n\t\t\t\t\t\t\t\t<div class=\"elementor-text-editor elementor-clearfix\">\n\t\t\t\t\t<p style=\"text-align: left;\"><!-- index.php -->\n<div\n\tclass=\"ngg-galleryoverview ngg-ajax-pagination-none\"\n\tid=\"ngg-gallery-7fae4496e9732f6e28bd7954516be4d5-1\">\n\n    \t\t<!-- Thumbnails -->\n\t\t\t\t<div id=\"ngg-image-0\" class=\"ngg-gallery-thumbnail-box\" >\n\t\t\t\t        <div class=\"ngg-gallery-thumbnail\">\n            <a href=\"http:\/\/foto-passion.com\/wp-content\/gallery\/fotostrecke_jordanien_2019\/406_AP5A4102.jpg\"\n               title=\"&lt;strong&gt;Im Wadi Rum&lt;\/strong&gt;&lt;br \/&gt;Jordanien 2019&lt;br \/&gt;&lt;span style=&quot;font-size:85%;color:#949494;&quot;&gt;[Bild-Id: 16490]&lt;\/span&gt;\"\n               data-src=\"http:\/\/foto-passion.com\/wp-content\/gallery\/fotostrecke_jordanien_2019\/406_AP5A4102.jpg\"\n               data-thumbnail=\"http:\/\/foto-passion.com\/wp-content\/gallery\/fotostrecke_jordanien_2019\/thumbs\/thumbs_406_AP5A4102.jpg\"\n               data-image-id=\"16490\"\n               data-title=\"Im Wadi Rum\"\n               data-description=\"&lt;strong&gt;Im Wadi Rum&lt;\/strong&gt;&lt;br \/&gt;Jordanien 2019&lt;br \/&gt;&lt;span style=&quot;font-size:85%;color:#949494;&quot;&gt;[Bild-Id: 16490]&lt;\/span&gt;\"\n               data-image-slug=\"406_ap5a4102\"\n               class=\"ngg-simplelightbox\" rel=\"7fae4496e9732f6e28bd7954516be4d5\">\n                <img loading=\"lazy\"\n                    title=\"Im Wadi Rum\"\n                    alt=\"Im Wadi Rum\"\n                    src=\"http:\/\/foto-passion.com\/wp-content\/gallery\/fotostrecke_jordanien_2019\/cache\/406_AP5A4102.jpg-nggid0516490-ngg0dyn-150x100x100-00f0w010c011r110f110r010t010.jpg\"\n                    width=\"150\"\n                    height=\"100\"\n                    style=\"max-width:100%;\"\n                \/>\n            <\/a>\n        <\/div>\n\t\t\t\t\t\t\t<\/div> \n\t\t\t\n                            \n\t\t\t\t<div id=\"ngg-image-1\" class=\"ngg-gallery-thumbnail-box\" >\n\t\t\t\t        <div class=\"ngg-gallery-thumbnail\">\n            <a href=\"http:\/\/foto-passion.com\/wp-content\/gallery\/fotostrecke_jordanien_2019\/407_AP5A4150.jpg\"\n               title=\"&lt;strong&gt;Unterwegs im Wadi Rum&lt;\/strong&gt;&lt;br \/&gt;Jordanien 2019&lt;br \/&gt;&lt;span style=&quot;font-size:85%;color:#949494;&quot;&gt;[Bild-Id: 16496]&lt;\/span&gt;\"\n               data-src=\"http:\/\/foto-passion.com\/wp-content\/gallery\/fotostrecke_jordanien_2019\/407_AP5A4150.jpg\"\n               data-thumbnail=\"http:\/\/foto-passion.com\/wp-content\/gallery\/fotostrecke_jordanien_2019\/thumbs\/thumbs_407_AP5A4150.jpg\"\n               data-image-id=\"16496\"\n               data-title=\"Unterwegs im Wadi Rum\"\n               data-description=\"&lt;strong&gt;Unterwegs im Wadi Rum&lt;\/strong&gt;&lt;br \/&gt;Jordanien 2019&lt;br \/&gt;&lt;span style=&quot;font-size:85%;color:#949494;&quot;&gt;[Bild-Id: 16496]&lt;\/span&gt;\"\n               data-image-slug=\"407_ap5a4150\"\n               class=\"ngg-simplelightbox\" rel=\"7fae4496e9732f6e28bd7954516be4d5\">\n                <img loading=\"lazy\"\n                    title=\"Unterwegs im Wadi Rum\"\n                    alt=\"Unterwegs im Wadi Rum\"\n                    src=\"http:\/\/foto-passion.com\/wp-content\/gallery\/fotostrecke_jordanien_2019\/cache\/407_AP5A4150.jpg-nggid0516496-ngg0dyn-150x100x100-00f0w010c011r110f110r010t010.jpg\"\n                    width=\"150\"\n                    height=\"100\"\n                    style=\"max-width:100%;\"\n                \/>\n            <\/a>\n        <\/div>\n\t\t\t\t\t\t\t<\/div> \n\t\t\t\n                            \n\t\t\t\t<div id=\"ngg-image-2\" class=\"ngg-gallery-thumbnail-box\" >\n\t\t\t\t        <div class=\"ngg-gallery-thumbnail\">\n            <a href=\"http:\/\/foto-passion.com\/wp-content\/gallery\/fotostrecke_jordanien_2019\/408_AP5A4126.jpg\"\n               title=\"&lt;strong&gt;Unterwegs im Wadi Rum&lt;\/strong&gt;&lt;br \/&gt;Jordanien 2019&lt;br \/&gt;&lt;span style=&quot;font-size:85%;color:#949494;&quot;&gt;[Bild-Id: 16494]&lt;\/span&gt;\"\n               data-src=\"http:\/\/foto-passion.com\/wp-content\/gallery\/fotostrecke_jordanien_2019\/408_AP5A4126.jpg\"\n               data-thumbnail=\"http:\/\/foto-passion.com\/wp-content\/gallery\/fotostrecke_jordanien_2019\/thumbs\/thumbs_408_AP5A4126.jpg\"\n               data-image-id=\"16494\"\n               data-title=\"Unterwegs im Wadi Rum\"\n               data-description=\"&lt;strong&gt;Unterwegs im Wadi Rum&lt;\/strong&gt;&lt;br \/&gt;Jordanien 2019&lt;br \/&gt;&lt;span style=&quot;font-size:85%;color:#949494;&quot;&gt;[Bild-Id: 16494]&lt;\/span&gt;\"\n               data-image-slug=\"408_ap5a4126\"\n               class=\"ngg-simplelightbox\" rel=\"7fae4496e9732f6e28bd7954516be4d5\">\n                <img loading=\"lazy\"\n                    title=\"Unterwegs im Wadi Rum\"\n                    alt=\"Unterwegs im Wadi Rum\"\n                    src=\"http:\/\/foto-passion.com\/wp-content\/gallery\/fotostrecke_jordanien_2019\/cache\/408_AP5A4126.jpg-nggid0516494-ngg0dyn-150x100x100-00f0w010c011r110f110r010t010.jpg\"\n                    width=\"150\"\n                    height=\"100\"\n                    style=\"max-width:100%;\"\n                \/>\n            <\/a>\n        <\/div>\n\t\t\t\t\t\t\t<\/div> \n\t\t\t\n                            \n\t\t\t\t<div id=\"ngg-image-3\" class=\"ngg-gallery-thumbnail-box\" >\n\t\t\t\t        <div class=\"ngg-gallery-thumbnail\">\n            <a href=\"http:\/\/foto-passion.com\/wp-content\/gallery\/fotostrecke_jordanien_2019\/409_AP5A4144.jpg\"\n               title=\"&lt;strong&gt;Im Wadi Rum&lt;\/strong&gt;&lt;br \/&gt;Jordanien 2019&lt;br \/&gt;&lt;span style=&quot;font-size:85%;color:#949494;&quot;&gt;[Bild-Id: 16495]&lt;\/span&gt;\"\n               data-src=\"http:\/\/foto-passion.com\/wp-content\/gallery\/fotostrecke_jordanien_2019\/409_AP5A4144.jpg\"\n               data-thumbnail=\"http:\/\/foto-passion.com\/wp-content\/gallery\/fotostrecke_jordanien_2019\/thumbs\/thumbs_409_AP5A4144.jpg\"\n               data-image-id=\"16495\"\n               data-title=\"Im Wadi Rum\"\n               data-description=\"&lt;strong&gt;Im Wadi Rum&lt;\/strong&gt;&lt;br \/&gt;Jordanien 2019&lt;br \/&gt;&lt;span style=&quot;font-size:85%;color:#949494;&quot;&gt;[Bild-Id: 16495]&lt;\/span&gt;\"\n               data-image-slug=\"409_ap5a4144\"\n               class=\"ngg-simplelightbox\" rel=\"7fae4496e9732f6e28bd7954516be4d5\">\n                <img loading=\"lazy\"\n                    title=\"Im Wadi Rum\"\n                    alt=\"Im Wadi Rum\"\n                    src=\"http:\/\/foto-passion.com\/wp-content\/gallery\/fotostrecke_jordanien_2019\/cache\/409_AP5A4144.jpg-nggid0516495-ngg0dyn-150x100x100-00f0w010c011r110f110r010t010.jpg\"\n                    width=\"150\"\n                    height=\"100\"\n                    style=\"max-width:100%;\"\n                \/>\n            <\/a>\n        <\/div>\n\t\t\t\t\t\t\t<\/div> \n\t\t\t\n                                    <br style=\"clear: both\" \/>\n                    \n\t\t\n\t\t<div class=\"ngg-clear\"><\/div>\n\t<\/div>\n<\/p>\t\t\t\t\t<\/div>\n\t\t\t\t\t\t<\/div>\n\t\t\t\t<\/div>\n\t\t\t\t\t\t<\/div>\n\t\t\t\t\t<\/div>\n\t\t<\/div>\n\t\t\t\t\t\t\t\t<\/div>\n\t\t\t\t\t<\/div>\n\t\t<\/section>\n\t\t\t\t<section class=\"elementor-section elementor-top-section elementor-element elementor-element-721bf9f elementor-section-boxed elementor-section-height-default elementor-section-height-default\" data-id=\"721bf9f\" data-element_type=\"section\">\n\t\t\t\t\t\t<div class=\"elementor-container elementor-column-gap-default\">\n\t\t\t\t\t\t\t<div class=\"elementor-row\">\n\t\t\t\t\t<div class=\"elementor-column elementor-col-100 elementor-top-column elementor-element elementor-element-48eaa72\" data-id=\"48eaa72\" data-element_type=\"column\">\n\t\t\t<div class=\"elementor-column-wrap elementor-element-populated\">\n\t\t\t\t\t\t\t<div class=\"elementor-widget-wrap\">\n\t\t\t\t\t\t<div class=\"elementor-element elementor-element-8201637 elementor-widget elementor-widget-text-editor\" data-id=\"8201637\" data-element_type=\"widget\" data-widget_type=\"text-editor.default\">\n\t\t\t\t<div class=\"elementor-widget-container\">\n\t\t\t\t\t\t\t\t<div class=\"elementor-text-editor elementor-clearfix\">\n\t\t\t\t\t<p style=\"text-align: justify;\">Wir bekommen von Abdullah, einem sympathischen jungen Beduinen und einem der unz\u00e4hligen Cousins von Mohammed auch einen Einblick in die Familienverh\u00e4ltnisse des Clans. So erfahren wir, dass die Familie eigentlich aus Saudi Arabien stammt, die Familienmitglieder sowohl die jordanische als auch die saudiarabische Staatsb\u00fcrgerschaft haben und sogar einige Familien in Frankreich leben. Alle Camps im Wadi Rum geh\u00f6ren Familienmitgliedern dieses Clans. Na immerhin bleibt das Geld in der Region.<\/p><p style=\"text-align: justify;\">Unterwegs treffen wir auf einen alten Mann mit drei Kamelen, der mit einem Touristen eine Kamelsafari macht. Die beiden zusammengebundenen Kamele sind aber heute irgendwie schlecht drauf und machen nicht mit. Eins von ihnen w\u00e4lzt sich auf dem R\u00fccken und schl\u00e4gt mit allen Vieren um sich. Das andere Kamel zerrt auch in eine andere Richtung und der Tourist steht in respektvoller Distanz und bereut seine Entscheidung. Abdullah h\u00e4lt sofort an, um dem Mann zu helfen. W\u00e4hrend die Beiden mit den zwei Kamelen besch\u00e4ftigt sind und das eine mit etwas Nachdruck wieder auf die Beines stellen, nutzt das andere Kamel die Gunst der Stunde, schnappt sich das Lunchpaket des Touristen und macht sich \u00fcber Orangen und Anderes her. Es ist eine skurrile Situation.<\/p>\t\t\t\t\t<\/div>\n\t\t\t\t\t\t<\/div>\n\t\t\t\t<\/div>\n\t\t\t\t\t\t<\/div>\n\t\t\t\t\t<\/div>\n\t\t<\/div>\n\t\t\t\t\t\t\t\t<\/div>\n\t\t\t\t\t<\/div>\n\t\t<\/section>\n\t\t\t\t<section class=\"elementor-section elementor-top-section elementor-element elementor-element-ff9db02 elementor-section-boxed elementor-section-height-default elementor-section-height-default\" data-id=\"ff9db02\" data-element_type=\"section\">\n\t\t\t\t\t\t<div class=\"elementor-container elementor-column-gap-default\">\n\t\t\t\t\t\t\t<div class=\"elementor-row\">\n\t\t\t\t\t<div class=\"elementor-column elementor-col-100 elementor-top-column elementor-element elementor-element-d0ca508\" data-id=\"d0ca508\" data-element_type=\"column\">\n\t\t\t<div class=\"elementor-column-wrap elementor-element-populated\">\n\t\t\t\t\t\t\t<div class=\"elementor-widget-wrap\">\n\t\t\t\t\t\t<div class=\"elementor-element elementor-element-7d4abea elementor-widget elementor-widget-text-editor\" data-id=\"7d4abea\" data-element_type=\"widget\" data-widget_type=\"text-editor.default\">\n\t\t\t\t<div class=\"elementor-widget-container\">\n\t\t\t\t\t\t\t\t<div class=\"elementor-text-editor elementor-clearfix\">\n\t\t\t\t\t<p style=\"text-align: left;\"><!-- index.php -->\n<div\n\tclass=\"ngg-galleryoverview ngg-ajax-pagination-none\"\n\tid=\"ngg-gallery-a88c2b58cc1b383610acffdced449f17-1\">\n\n    \t\t<!-- Thumbnails -->\n\t\t\t\t<div id=\"ngg-image-0\" class=\"ngg-gallery-thumbnail-box\" >\n\t\t\t\t        <div class=\"ngg-gallery-thumbnail\">\n            <a href=\"http:\/\/foto-passion.com\/wp-content\/gallery\/fotostrecke_jordanien_2019\/410_AP5A3980.jpg\"\n               title=\"&lt;strong&gt;Die &quot;Einheimischen&quot; im Wadi Rum&lt;\/strong&gt;&lt;br \/&gt;Jordanien 2019&lt;br \/&gt;&lt;span style=&quot;font-size:85%;color:#949494;&quot;&gt;[Bild-Id: 16482]&lt;\/span&gt;\"\n               data-src=\"http:\/\/foto-passion.com\/wp-content\/gallery\/fotostrecke_jordanien_2019\/410_AP5A3980.jpg\"\n               data-thumbnail=\"http:\/\/foto-passion.com\/wp-content\/gallery\/fotostrecke_jordanien_2019\/thumbs\/thumbs_410_AP5A3980.jpg\"\n               data-image-id=\"16482\"\n               data-title=\"Die &quot;Einheimischen&quot; im Wadi Rum\"\n               data-description=\"&lt;strong&gt;Die &quot;Einheimischen&quot; im Wadi Rum&lt;\/strong&gt;&lt;br \/&gt;Jordanien 2019&lt;br \/&gt;&lt;span style=&quot;font-size:85%;color:#949494;&quot;&gt;[Bild-Id: 16482]&lt;\/span&gt;\"\n               data-image-slug=\"410_ap5a3980\"\n               class=\"ngg-simplelightbox\" rel=\"a88c2b58cc1b383610acffdced449f17\">\n                <img loading=\"lazy\"\n                    title=\"Die &quot;Einheimischen&quot; im Wadi Rum\"\n                    alt=\"Die &quot;Einheimischen&quot; im Wadi Rum\"\n                    src=\"http:\/\/foto-passion.com\/wp-content\/gallery\/fotostrecke_jordanien_2019\/cache\/410_AP5A3980.jpg-nggid0516482-ngg0dyn-150x100x100-00f0w010c011r110f110r010t010.jpg\"\n                    width=\"150\"\n                    height=\"100\"\n                    style=\"max-width:100%;\"\n                \/>\n            <\/a>\n        <\/div>\n\t\t\t\t\t\t\t<\/div> \n\t\t\t\n                            \n\t\t\t\t<div id=\"ngg-image-1\" class=\"ngg-gallery-thumbnail-box\" >\n\t\t\t\t        <div class=\"ngg-gallery-thumbnail\">\n            <a href=\"http:\/\/foto-passion.com\/wp-content\/gallery\/fotostrecke_jordanien_2019\/411_AP5A4078.jpg\"\n               title=\"&lt;strong&gt;Die &quot;Einheimischen&quot; im Wadi Rum&lt;\/strong&gt;&lt;br \/&gt;Jordanien 2019&lt;br \/&gt;&lt;span style=&quot;font-size:85%;color:#949494;&quot;&gt;[Bild-Id: 16489]&lt;\/span&gt;\"\n               data-src=\"http:\/\/foto-passion.com\/wp-content\/gallery\/fotostrecke_jordanien_2019\/411_AP5A4078.jpg\"\n               data-thumbnail=\"http:\/\/foto-passion.com\/wp-content\/gallery\/fotostrecke_jordanien_2019\/thumbs\/thumbs_411_AP5A4078.jpg\"\n               data-image-id=\"16489\"\n               data-title=\"Die &quot;Einheimischen&quot; im Wadi Rum\"\n               data-description=\"&lt;strong&gt;Die &quot;Einheimischen&quot; im Wadi Rum&lt;\/strong&gt;&lt;br \/&gt;Jordanien 2019&lt;br \/&gt;&lt;span style=&quot;font-size:85%;color:#949494;&quot;&gt;[Bild-Id: 16489]&lt;\/span&gt;\"\n               data-image-slug=\"411_ap5a4078\"\n               class=\"ngg-simplelightbox\" rel=\"a88c2b58cc1b383610acffdced449f17\">\n                <img loading=\"lazy\"\n                    title=\"Die &quot;Einheimischen&quot; im Wadi Rum\"\n                    alt=\"Die &quot;Einheimischen&quot; im Wadi Rum\"\n                    src=\"http:\/\/foto-passion.com\/wp-content\/gallery\/fotostrecke_jordanien_2019\/cache\/411_AP5A4078.jpg-nggid0516489-ngg0dyn-150x100x100-00f0w010c011r110f110r010t010.jpg\"\n                    width=\"150\"\n                    height=\"100\"\n                    style=\"max-width:100%;\"\n                \/>\n            <\/a>\n        <\/div>\n\t\t\t\t\t\t\t<\/div> \n\t\t\t\n                            \n\t\t\t\t<div id=\"ngg-image-2\" class=\"ngg-gallery-thumbnail-box\" >\n\t\t\t\t        <div class=\"ngg-gallery-thumbnail\">\n            <a href=\"http:\/\/foto-passion.com\/wp-content\/gallery\/fotostrecke_jordanien_2019\/412_AP5A4059.jpg\"\n               title=\"&lt;strong&gt;Im Wadi Rum&lt;\/strong&gt;&lt;br \/&gt;Jordanien 2019&lt;br \/&gt;&lt;span style=&quot;font-size:85%;color:#949494;&quot;&gt;[Bild-Id: 16488]&lt;\/span&gt;\"\n               data-src=\"http:\/\/foto-passion.com\/wp-content\/gallery\/fotostrecke_jordanien_2019\/412_AP5A4059.jpg\"\n               data-thumbnail=\"http:\/\/foto-passion.com\/wp-content\/gallery\/fotostrecke_jordanien_2019\/thumbs\/thumbs_412_AP5A4059.jpg\"\n               data-image-id=\"16488\"\n               data-title=\"Im Wadi Rum\"\n               data-description=\"&lt;strong&gt;Im Wadi Rum&lt;\/strong&gt;&lt;br \/&gt;Jordanien 2019&lt;br \/&gt;&lt;span style=&quot;font-size:85%;color:#949494;&quot;&gt;[Bild-Id: 16488]&lt;\/span&gt;\"\n               data-image-slug=\"412_ap5a4059\"\n               class=\"ngg-simplelightbox\" rel=\"a88c2b58cc1b383610acffdced449f17\">\n                <img loading=\"lazy\"\n                    title=\"Im Wadi Rum\"\n                    alt=\"Im Wadi Rum\"\n                    src=\"http:\/\/foto-passion.com\/wp-content\/gallery\/fotostrecke_jordanien_2019\/cache\/412_AP5A4059.jpg-nggid0516488-ngg0dyn-150x100x100-00f0w010c011r110f110r010t010.jpg\"\n                    width=\"150\"\n                    height=\"100\"\n                    style=\"max-width:100%;\"\n                \/>\n            <\/a>\n        <\/div>\n\t\t\t\t\t\t\t<\/div> \n\t\t\t\n                            \n\t\t\t\t<div id=\"ngg-image-3\" class=\"ngg-gallery-thumbnail-box\" >\n\t\t\t\t        <div class=\"ngg-gallery-thumbnail\">\n            <a href=\"http:\/\/foto-passion.com\/wp-content\/gallery\/fotostrecke_jordanien_2019\/413_AP5A4122.jpg\"\n               title=\"&lt;strong&gt;Im Wadi Rum&lt;\/strong&gt;&lt;br \/&gt;Jordanien 2019&lt;br \/&gt;&lt;span style=&quot;font-size:85%;color:#949494;&quot;&gt;[Bild-Id: 16493]&lt;\/span&gt;\"\n               data-src=\"http:\/\/foto-passion.com\/wp-content\/gallery\/fotostrecke_jordanien_2019\/413_AP5A4122.jpg\"\n               data-thumbnail=\"http:\/\/foto-passion.com\/wp-content\/gallery\/fotostrecke_jordanien_2019\/thumbs\/thumbs_413_AP5A4122.jpg\"\n               data-image-id=\"16493\"\n               data-title=\"Im Wadi Rum\"\n               data-description=\"&lt;strong&gt;Im Wadi Rum&lt;\/strong&gt;&lt;br \/&gt;Jordanien 2019&lt;br \/&gt;&lt;span style=&quot;font-size:85%;color:#949494;&quot;&gt;[Bild-Id: 16493]&lt;\/span&gt;\"\n               data-image-slug=\"413_ap5a4122\"\n               class=\"ngg-simplelightbox\" rel=\"a88c2b58cc1b383610acffdced449f17\">\n                <img loading=\"lazy\"\n                    title=\"Im Wadi Rum\"\n                    alt=\"Im Wadi Rum\"\n                    src=\"http:\/\/foto-passion.com\/wp-content\/gallery\/fotostrecke_jordanien_2019\/cache\/413_AP5A4122.jpg-nggid0516493-ngg0dyn-150x100x100-00f0w010c011r110f110r010t010.jpg\"\n                    width=\"150\"\n                    height=\"100\"\n                    style=\"max-width:100%;\"\n                \/>\n            <\/a>\n        <\/div>\n\t\t\t\t\t\t\t<\/div> \n\t\t\t\n                                    <br style=\"clear: both\" \/>\n                    \n\t\t\n\t\t<div class=\"ngg-clear\"><\/div>\n\t<\/div>\n<\/p>\t\t\t\t\t<\/div>\n\t\t\t\t\t\t<\/div>\n\t\t\t\t<\/div>\n\t\t\t\t\t\t<\/div>\n\t\t\t\t\t<\/div>\n\t\t<\/div>\n\t\t\t\t\t\t\t\t<\/div>\n\t\t\t\t\t<\/div>\n\t\t<\/section>\n\t\t\t\t<section class=\"elementor-section elementor-top-section elementor-element elementor-element-c4c3b5e elementor-section-boxed elementor-section-height-default elementor-section-height-default\" data-id=\"c4c3b5e\" data-element_type=\"section\">\n\t\t\t\t\t\t<div class=\"elementor-container elementor-column-gap-default\">\n\t\t\t\t\t\t\t<div class=\"elementor-row\">\n\t\t\t\t\t<div class=\"elementor-column elementor-col-100 elementor-top-column elementor-element elementor-element-4505cb9\" data-id=\"4505cb9\" data-element_type=\"column\">\n\t\t\t<div class=\"elementor-column-wrap elementor-element-populated\">\n\t\t\t\t\t\t\t<div class=\"elementor-widget-wrap\">\n\t\t\t\t\t\t<div class=\"elementor-element elementor-element-c8774e9 elementor-widget elementor-widget-text-editor\" data-id=\"c8774e9\" data-element_type=\"widget\" data-widget_type=\"text-editor.default\">\n\t\t\t\t<div class=\"elementor-widget-container\">\n\t\t\t\t\t\t\t\t<div class=\"elementor-text-editor elementor-clearfix\">\n\t\t\t\t\t<p style=\"text-align: justify;\">Nachdem wir nun schon eine ganze Weile durch die Gegend gefahren werden, ist es an der Zeit \u2013 zumindest sieht Abdullah das so \u2013 dass wir auch mal bewegt werden m\u00fcssen. Also l\u00e4sst er uns ein St\u00fcck allein laufen und f\u00e4hrt vornweg. Als wir nicht zeitnah kommen, f\u00e4hrt er uns wieder entgegen, weil er Sorge hat, wir verlaufen uns. Dabei gibt es nur einen m\u00f6glichen Weg, den wir gehen k\u00f6nnen. F\u00fcrsorglich ist er also auch.<\/p><p style=\"text-align: justify;\">Sp\u00e4ter halten wir im Schatten der Berge, er rollte einen gro\u00dfen Teppich aus und kocht uns mit bescheidenen Mitteln ein \u00e4u\u00dferst schmackhaftes Mittagessen. Es ist wirklich erstaunlich, wie schnell er das Essen zubereitet hat, wie vielseitig es ist und wie gut es schmeckt. Sogar ein Mittagsschl\u00e4fchen ist drin, derweil l\u00e4uft er um ein paar Berg-Ecken um einem seiner Cousins beim Kochen zu helfen.<\/p>\t\t\t\t\t<\/div>\n\t\t\t\t\t\t<\/div>\n\t\t\t\t<\/div>\n\t\t\t\t\t\t<\/div>\n\t\t\t\t\t<\/div>\n\t\t<\/div>\n\t\t\t\t\t\t\t\t<\/div>\n\t\t\t\t\t<\/div>\n\t\t<\/section>\n\t\t\t\t<section class=\"elementor-section elementor-top-section elementor-element elementor-element-56a360f elementor-section-boxed elementor-section-height-default elementor-section-height-default\" data-id=\"56a360f\" data-element_type=\"section\">\n\t\t\t\t\t\t<div class=\"elementor-container elementor-column-gap-default\">\n\t\t\t\t\t\t\t<div class=\"elementor-row\">\n\t\t\t\t\t<div class=\"elementor-column elementor-col-100 elementor-top-column elementor-element elementor-element-5217e64\" data-id=\"5217e64\" data-element_type=\"column\">\n\t\t\t<div class=\"elementor-column-wrap elementor-element-populated\">\n\t\t\t\t\t\t\t<div class=\"elementor-widget-wrap\">\n\t\t\t\t\t\t<div class=\"elementor-element elementor-element-ed2453d elementor-widget elementor-widget-text-editor\" data-id=\"ed2453d\" data-element_type=\"widget\" data-widget_type=\"text-editor.default\">\n\t\t\t\t<div class=\"elementor-widget-container\">\n\t\t\t\t\t\t\t\t<div class=\"elementor-text-editor elementor-clearfix\">\n\t\t\t\t\t<p style=\"text-align: left;\"><!-- index.php -->\n<div\n\tclass=\"ngg-galleryoverview ngg-ajax-pagination-none\"\n\tid=\"ngg-gallery-e0f8c58f6ca322ba1ca2d0e5a581617e-1\">\n\n    \t\t<!-- Thumbnails -->\n\t\t\t\t<div id=\"ngg-image-0\" class=\"ngg-gallery-thumbnail-box\" >\n\t\t\t\t        <div class=\"ngg-gallery-thumbnail\">\n            <a href=\"http:\/\/foto-passion.com\/wp-content\/gallery\/fotostrecke_jordanien_2019\/414_AP5A4280.jpg\"\n               title=\"&lt;strong&gt;Unser Guide kocht f\u00fcr uns&lt;\/strong&gt;&lt;br \/&gt;Jordanien 2019&lt;br \/&gt;&lt;span style=&quot;font-size:85%;color:#949494;&quot;&gt;[Bild-Id: 16506]&lt;\/span&gt;\"\n               data-src=\"http:\/\/foto-passion.com\/wp-content\/gallery\/fotostrecke_jordanien_2019\/414_AP5A4280.jpg\"\n               data-thumbnail=\"http:\/\/foto-passion.com\/wp-content\/gallery\/fotostrecke_jordanien_2019\/thumbs\/thumbs_414_AP5A4280.jpg\"\n               data-image-id=\"16506\"\n               data-title=\"Unser Guide kocht f\u00fcr uns\"\n               data-description=\"&lt;strong&gt;Unser Guide kocht f\u00fcr uns&lt;\/strong&gt;&lt;br \/&gt;Jordanien 2019&lt;br \/&gt;&lt;span style=&quot;font-size:85%;color:#949494;&quot;&gt;[Bild-Id: 16506]&lt;\/span&gt;\"\n               data-image-slug=\"414_ap5a4280\"\n               class=\"ngg-simplelightbox\" rel=\"e0f8c58f6ca322ba1ca2d0e5a581617e\">\n                <img loading=\"lazy\"\n                    title=\"Unser Guide kocht f\u00fcr uns\"\n                    alt=\"Unser Guide kocht f\u00fcr uns\"\n                    src=\"http:\/\/foto-passion.com\/wp-content\/gallery\/fotostrecke_jordanien_2019\/cache\/414_AP5A4280.jpg-nggid0516506-ngg0dyn-150x100x100-00f0w010c011r110f110r010t010.jpg\"\n                    width=\"150\"\n                    height=\"100\"\n                    style=\"max-width:100%;\"\n                \/>\n            <\/a>\n        <\/div>\n\t\t\t\t\t\t\t<\/div> \n\t\t\t\n                            \n\t\t\t\t<div id=\"ngg-image-1\" class=\"ngg-gallery-thumbnail-box\" >\n\t\t\t\t        <div class=\"ngg-gallery-thumbnail\">\n            <a href=\"http:\/\/foto-passion.com\/wp-content\/gallery\/fotostrecke_jordanien_2019\/415_AP5A4287.jpg\"\n               title=\"&lt;strong&gt;Gekocht wird mit einfachsten Mitteln&lt;\/strong&gt;&lt;br \/&gt;Jordanien 2019&lt;br \/&gt;&lt;span style=&quot;font-size:85%;color:#949494;&quot;&gt;[Bild-Id: 16507]&lt;\/span&gt;\"\n               data-src=\"http:\/\/foto-passion.com\/wp-content\/gallery\/fotostrecke_jordanien_2019\/415_AP5A4287.jpg\"\n               data-thumbnail=\"http:\/\/foto-passion.com\/wp-content\/gallery\/fotostrecke_jordanien_2019\/thumbs\/thumbs_415_AP5A4287.jpg\"\n               data-image-id=\"16507\"\n               data-title=\"Gekocht wird mit einfachsten Mitteln\"\n               data-description=\"&lt;strong&gt;Gekocht wird mit einfachsten Mitteln&lt;\/strong&gt;&lt;br \/&gt;Jordanien 2019&lt;br \/&gt;&lt;span style=&quot;font-size:85%;color:#949494;&quot;&gt;[Bild-Id: 16507]&lt;\/span&gt;\"\n               data-image-slug=\"415_ap5a4287\"\n               class=\"ngg-simplelightbox\" rel=\"e0f8c58f6ca322ba1ca2d0e5a581617e\">\n                <img loading=\"lazy\"\n                    title=\"Gekocht wird mit einfachsten Mitteln\"\n                    alt=\"Gekocht wird mit einfachsten Mitteln\"\n                    src=\"http:\/\/foto-passion.com\/wp-content\/gallery\/fotostrecke_jordanien_2019\/cache\/415_AP5A4287.jpg-nggid0516507-ngg0dyn-150x100x100-00f0w010c011r110f110r010t010.jpg\"\n                    width=\"150\"\n                    height=\"100\"\n                    style=\"max-width:100%;\"\n                \/>\n            <\/a>\n        <\/div>\n\t\t\t\t\t\t\t<\/div> \n\t\t\t\n                            \n\t\t\t\t<div id=\"ngg-image-2\" class=\"ngg-gallery-thumbnail-box\" >\n\t\t\t\t        <div class=\"ngg-gallery-thumbnail\">\n            <a href=\"http:\/\/foto-passion.com\/wp-content\/gallery\/fotostrecke_jordanien_2019\/416_AP5A4291.jpg\"\n               title=\"&lt;strong&gt;Mittagessen im Schatten der riesigen Felsen des Wadi Rum&lt;\/strong&gt;&lt;br \/&gt;Jordanien 2019&lt;br \/&gt;&lt;span style=&quot;font-size:85%;color:#949494;&quot;&gt;[Bild-Id: 16508]&lt;\/span&gt;\"\n               data-src=\"http:\/\/foto-passion.com\/wp-content\/gallery\/fotostrecke_jordanien_2019\/416_AP5A4291.jpg\"\n               data-thumbnail=\"http:\/\/foto-passion.com\/wp-content\/gallery\/fotostrecke_jordanien_2019\/thumbs\/thumbs_416_AP5A4291.jpg\"\n               data-image-id=\"16508\"\n               data-title=\"Mittagessen im Schatten der riesigen Felsen des Wadi Rum\"\n               data-description=\"&lt;strong&gt;Mittagessen im Schatten der riesigen Felsen des Wadi Rum&lt;\/strong&gt;&lt;br \/&gt;Jordanien 2019&lt;br \/&gt;&lt;span style=&quot;font-size:85%;color:#949494;&quot;&gt;[Bild-Id: 16508]&lt;\/span&gt;\"\n               data-image-slug=\"416_ap5a4291\"\n               class=\"ngg-simplelightbox\" rel=\"e0f8c58f6ca322ba1ca2d0e5a581617e\">\n                <img loading=\"lazy\"\n                    title=\"Mittagessen im Schatten der riesigen Felsen des Wadi Rum\"\n                    alt=\"Mittagessen im Schatten der riesigen Felsen des Wadi Rum\"\n                    src=\"http:\/\/foto-passion.com\/wp-content\/gallery\/fotostrecke_jordanien_2019\/cache\/416_AP5A4291.jpg-nggid0516508-ngg0dyn-150x100x100-00f0w010c011r110f110r010t010.jpg\"\n                    width=\"150\"\n                    height=\"100\"\n                    style=\"max-width:100%;\"\n                \/>\n            <\/a>\n        <\/div>\n\t\t\t\t\t\t\t<\/div> \n\t\t\t\n                            \n\t\t\n\t\t<div class=\"ngg-clear\"><\/div>\n\t<\/div>\n<\/p>\t\t\t\t\t<\/div>\n\t\t\t\t\t\t<\/div>\n\t\t\t\t<\/div>\n\t\t\t\t\t\t<\/div>\n\t\t\t\t\t<\/div>\n\t\t<\/div>\n\t\t\t\t\t\t\t\t<\/div>\n\t\t\t\t\t<\/div>\n\t\t<\/section>\n\t\t\t\t<section class=\"elementor-section elementor-top-section elementor-element elementor-element-f763ea3 elementor-section-boxed elementor-section-height-default elementor-section-height-default\" data-id=\"f763ea3\" data-element_type=\"section\">\n\t\t\t\t\t\t<div class=\"elementor-container elementor-column-gap-default\">\n\t\t\t\t\t\t\t<div class=\"elementor-row\">\n\t\t\t\t\t<div class=\"elementor-column elementor-col-100 elementor-top-column elementor-element elementor-element-7b166b9\" data-id=\"7b166b9\" data-element_type=\"column\">\n\t\t\t<div class=\"elementor-column-wrap elementor-element-populated\">\n\t\t\t\t\t\t\t<div class=\"elementor-widget-wrap\">\n\t\t\t\t\t\t<div class=\"elementor-element elementor-element-0b2cab0 elementor-widget elementor-widget-text-editor\" data-id=\"0b2cab0\" data-element_type=\"widget\" data-widget_type=\"text-editor.default\">\n\t\t\t\t<div class=\"elementor-widget-container\">\n\t\t\t\t\t\t\t\t<div class=\"elementor-text-editor elementor-clearfix\">\n\t\t\t\t\t<p style=\"text-align: justify;\">Unsere Essensreste bekommen anschlie\u00dfend die beiden Kamele, die an den Felszeichnungen auf die n\u00e4chsten Touristenfahrzeuge warten. Vorsichtshalber stecken sie auch mal selbst den Kopf in die Fahrerkabine um zu schauen, ob es da etwas f\u00fcr sie gibt. Sie bekommen das restliche Fladenbrot und Wasser aus der Flasche. Sieht lustig aus.<\/p><p style=\"text-align: justify;\">Wir fahren weiter quer durch die sch\u00f6ne Landschaft, die st\u00e4ndig ihr Gesicht ver\u00e4ndert. Sogar gro\u00dfe Sandd\u00fcnen gibt es. Dort hinauf zu steigen, ist ziemlich anstrengend und schwei\u00dftreibend. Inzwischen muss Abdullah aber erst mal graben, denn er hat sein Auto festgefahren. Angeblich funktioniert der 4&#215;4 nicht aber in Wahrheit hatte er wohl vor, mit uns in die Sandd\u00fcne zu fahren.<\/p><p style=\"text-align: justify;\">Abdullah zeigt uns auch zwei Wasserd\u00e4mme, in denen die Nabat\u00e4er das Regenwasser von den Bergen aufgefangen haben. <\/p>\t\t\t\t\t<\/div>\n\t\t\t\t\t\t<\/div>\n\t\t\t\t<\/div>\n\t\t\t\t\t\t<\/div>\n\t\t\t\t\t<\/div>\n\t\t<\/div>\n\t\t\t\t\t\t\t\t<\/div>\n\t\t\t\t\t<\/div>\n\t\t<\/section>\n\t\t\t\t<section class=\"elementor-section elementor-top-section elementor-element elementor-element-e3c4556 elementor-section-boxed elementor-section-height-default elementor-section-height-default\" data-id=\"e3c4556\" data-element_type=\"section\">\n\t\t\t\t\t\t<div class=\"elementor-container elementor-column-gap-default\">\n\t\t\t\t\t\t\t<div class=\"elementor-row\">\n\t\t\t\t\t<div class=\"elementor-column elementor-col-100 elementor-top-column elementor-element elementor-element-b492f81\" data-id=\"b492f81\" data-element_type=\"column\">\n\t\t\t<div class=\"elementor-column-wrap elementor-element-populated\">\n\t\t\t\t\t\t\t<div class=\"elementor-widget-wrap\">\n\t\t\t\t\t\t<div class=\"elementor-element elementor-element-2e8a80f elementor-widget elementor-widget-text-editor\" data-id=\"2e8a80f\" data-element_type=\"widget\" data-widget_type=\"text-editor.default\">\n\t\t\t\t<div class=\"elementor-widget-container\">\n\t\t\t\t\t\t\t\t<div class=\"elementor-text-editor elementor-clearfix\">\n\t\t\t\t\t<p style=\"text-align: left;\"><!-- index.php -->\n<div\n\tclass=\"ngg-galleryoverview ngg-ajax-pagination-none\"\n\tid=\"ngg-gallery-7b5afc0bde5bb59a9d0f19a2a2a5712f-1\">\n\n    \t\t<!-- Thumbnails -->\n\t\t\t\t<div id=\"ngg-image-0\" class=\"ngg-gallery-thumbnail-box\" >\n\t\t\t\t        <div class=\"ngg-gallery-thumbnail\">\n            <a href=\"http:\/\/foto-passion.com\/wp-content\/gallery\/fotostrecke_jordanien_2019\/417_AP5A3985.jpg\"\n               title=\"&lt;strong&gt;Kleiner Staudamm im Wadi Rum&lt;\/strong&gt;&lt;br \/&gt;Jordanien 2019&lt;br \/&gt;&lt;span style=&quot;font-size:85%;color:#949494;&quot;&gt;[Bild-Id: 16484]&lt;\/span&gt;\"\n               data-src=\"http:\/\/foto-passion.com\/wp-content\/gallery\/fotostrecke_jordanien_2019\/417_AP5A3985.jpg\"\n               data-thumbnail=\"http:\/\/foto-passion.com\/wp-content\/gallery\/fotostrecke_jordanien_2019\/thumbs\/thumbs_417_AP5A3985.jpg\"\n               data-image-id=\"16484\"\n               data-title=\"Kleiner Staudamm im Wadi Rum\"\n               data-description=\"&lt;strong&gt;Kleiner Staudamm im Wadi Rum&lt;\/strong&gt;&lt;br \/&gt;Jordanien 2019&lt;br \/&gt;&lt;span style=&quot;font-size:85%;color:#949494;&quot;&gt;[Bild-Id: 16484]&lt;\/span&gt;\"\n               data-image-slug=\"417_ap5a3985\"\n               class=\"ngg-simplelightbox\" rel=\"7b5afc0bde5bb59a9d0f19a2a2a5712f\">\n                <img loading=\"lazy\"\n                    title=\"Kleiner Staudamm im Wadi Rum\"\n                    alt=\"Kleiner Staudamm im Wadi Rum\"\n                    src=\"http:\/\/foto-passion.com\/wp-content\/gallery\/fotostrecke_jordanien_2019\/cache\/417_AP5A3985.jpg-nggid0516484-ngg0dyn-150x100x100-00f0w010c011r110f110r010t010.jpg\"\n                    width=\"150\"\n                    height=\"100\"\n                    style=\"max-width:100%;\"\n                \/>\n            <\/a>\n        <\/div>\n\t\t\t\t\t\t\t<\/div> \n\t\t\t\n                            \n\t\t\t\t<div id=\"ngg-image-1\" class=\"ngg-gallery-thumbnail-box\" >\n\t\t\t\t        <div class=\"ngg-gallery-thumbnail\">\n            <a href=\"http:\/\/foto-passion.com\/wp-content\/gallery\/fotostrecke_jordanien_2019\/418_AP5A4207.jpg\"\n               title=\"&lt;strong&gt;Unser Guide zeigt uns die Geheimnisse des Wadi Rum&lt;\/strong&gt;&lt;br \/&gt;Jordanien 2019&lt;br \/&gt;&lt;span style=&quot;font-size:85%;color:#949494;&quot;&gt;[Bild-Id: 16500]&lt;\/span&gt;\"\n               data-src=\"http:\/\/foto-passion.com\/wp-content\/gallery\/fotostrecke_jordanien_2019\/418_AP5A4207.jpg\"\n               data-thumbnail=\"http:\/\/foto-passion.com\/wp-content\/gallery\/fotostrecke_jordanien_2019\/thumbs\/thumbs_418_AP5A4207.jpg\"\n               data-image-id=\"16500\"\n               data-title=\"Unser Guide zeigt uns die Geheimnisse des Wadi Rum\"\n               data-description=\"&lt;strong&gt;Unser Guide zeigt uns die Geheimnisse des Wadi Rum&lt;\/strong&gt;&lt;br \/&gt;Jordanien 2019&lt;br \/&gt;&lt;span style=&quot;font-size:85%;color:#949494;&quot;&gt;[Bild-Id: 16500]&lt;\/span&gt;\"\n               data-image-slug=\"418_ap5a4207\"\n               class=\"ngg-simplelightbox\" rel=\"7b5afc0bde5bb59a9d0f19a2a2a5712f\">\n                <img loading=\"lazy\"\n                    title=\"Unser Guide zeigt uns die Geheimnisse des Wadi Rum\"\n                    alt=\"Unser Guide zeigt uns die Geheimnisse des Wadi Rum\"\n                    src=\"http:\/\/foto-passion.com\/wp-content\/gallery\/fotostrecke_jordanien_2019\/cache\/418_AP5A4207.jpg-nggid0516500-ngg0dyn-150x100x100-00f0w010c011r110f110r010t010.jpg\"\n                    width=\"150\"\n                    height=\"100\"\n                    style=\"max-width:100%;\"\n                \/>\n            <\/a>\n        <\/div>\n\t\t\t\t\t\t\t<\/div> \n\t\t\t\n                            \n\t\t\t\t<div id=\"ngg-image-2\" class=\"ngg-gallery-thumbnail-box\" >\n\t\t\t\t        <div class=\"ngg-gallery-thumbnail\">\n            <a href=\"http:\/\/foto-passion.com\/wp-content\/gallery\/fotostrecke_jordanien_2019\/419_AP5A4213.jpg\"\n               title=\"&lt;strong&gt;Das wenige Regenwasser wird gestaut&lt;\/strong&gt;&lt;br \/&gt;Jordanien 2019&lt;br \/&gt;&lt;span style=&quot;font-size:85%;color:#949494;&quot;&gt;[Bild-Id: 16501]&lt;\/span&gt;\"\n               data-src=\"http:\/\/foto-passion.com\/wp-content\/gallery\/fotostrecke_jordanien_2019\/419_AP5A4213.jpg\"\n               data-thumbnail=\"http:\/\/foto-passion.com\/wp-content\/gallery\/fotostrecke_jordanien_2019\/thumbs\/thumbs_419_AP5A4213.jpg\"\n               data-image-id=\"16501\"\n               data-title=\"Das wenige Regenwasser wird gestaut\"\n               data-description=\"&lt;strong&gt;Das wenige Regenwasser wird gestaut&lt;\/strong&gt;&lt;br \/&gt;Jordanien 2019&lt;br \/&gt;&lt;span style=&quot;font-size:85%;color:#949494;&quot;&gt;[Bild-Id: 16501]&lt;\/span&gt;\"\n               data-image-slug=\"419_ap5a4213\"\n               class=\"ngg-simplelightbox\" rel=\"7b5afc0bde5bb59a9d0f19a2a2a5712f\">\n                <img loading=\"lazy\"\n                    title=\"Das wenige Regenwasser wird gestaut\"\n                    alt=\"Das wenige Regenwasser wird gestaut\"\n                    src=\"http:\/\/foto-passion.com\/wp-content\/gallery\/fotostrecke_jordanien_2019\/cache\/419_AP5A4213.jpg-nggid0516501-ngg0dyn-150x100x100-00f0w010c011r110f110r010t010.jpg\"\n                    width=\"150\"\n                    height=\"100\"\n                    style=\"max-width:100%;\"\n                \/>\n            <\/a>\n        <\/div>\n\t\t\t\t\t\t\t<\/div> \n\t\t\t\n                            \n\t\t\t\t<div id=\"ngg-image-3\" class=\"ngg-gallery-thumbnail-box\" >\n\t\t\t\t        <div class=\"ngg-gallery-thumbnail\">\n            <a href=\"http:\/\/foto-passion.com\/wp-content\/gallery\/fotostrecke_jordanien_2019\/420_AP5A4011.jpg\"\n               title=\"&lt;strong&gt;Im Wadi Rum&lt;\/strong&gt;&lt;br \/&gt;Jordanien 2019&lt;br \/&gt;&lt;span style=&quot;font-size:85%;color:#949494;&quot;&gt;[Bild-Id: 16485]&lt;\/span&gt;\"\n               data-src=\"http:\/\/foto-passion.com\/wp-content\/gallery\/fotostrecke_jordanien_2019\/420_AP5A4011.jpg\"\n               data-thumbnail=\"http:\/\/foto-passion.com\/wp-content\/gallery\/fotostrecke_jordanien_2019\/thumbs\/thumbs_420_AP5A4011.jpg\"\n               data-image-id=\"16485\"\n               data-title=\"Im Wadi Rum\"\n               data-description=\"&lt;strong&gt;Im Wadi Rum&lt;\/strong&gt;&lt;br \/&gt;Jordanien 2019&lt;br \/&gt;&lt;span style=&quot;font-size:85%;color:#949494;&quot;&gt;[Bild-Id: 16485]&lt;\/span&gt;\"\n               data-image-slug=\"420_ap5a4011\"\n               class=\"ngg-simplelightbox\" rel=\"7b5afc0bde5bb59a9d0f19a2a2a5712f\">\n                <img loading=\"lazy\"\n                    title=\"Im Wadi Rum\"\n                    alt=\"Im Wadi Rum\"\n                    src=\"http:\/\/foto-passion.com\/wp-content\/gallery\/fotostrecke_jordanien_2019\/cache\/420_AP5A4011.jpg-nggid0516485-ngg0dyn-150x100x100-00f0w010c011r110f110r010t010.jpg\"\n                    width=\"150\"\n                    height=\"100\"\n                    style=\"max-width:100%;\"\n                \/>\n            <\/a>\n        <\/div>\n\t\t\t\t\t\t\t<\/div> \n\t\t\t\n                                    <br style=\"clear: both\" \/>\n                    \n\t\t\t\t<div id=\"ngg-image-4\" class=\"ngg-gallery-thumbnail-box\" >\n\t\t\t\t        <div class=\"ngg-gallery-thumbnail\">\n            <a href=\"http:\/\/foto-passion.com\/wp-content\/gallery\/fotostrecke_jordanien_2019\/421_AP5A4017.jpg\"\n               title=\"&lt;strong&gt;Riesige Steinbr\u00fccke im Wadi Rum&lt;\/strong&gt;&lt;br \/&gt;Jordanien 2019&lt;br \/&gt;&lt;span style=&quot;font-size:85%;color:#949494;&quot;&gt;[Bild-Id: 16486]&lt;\/span&gt;\"\n               data-src=\"http:\/\/foto-passion.com\/wp-content\/gallery\/fotostrecke_jordanien_2019\/421_AP5A4017.jpg\"\n               data-thumbnail=\"http:\/\/foto-passion.com\/wp-content\/gallery\/fotostrecke_jordanien_2019\/thumbs\/thumbs_421_AP5A4017.jpg\"\n               data-image-id=\"16486\"\n               data-title=\"Riesige Steinbr\u00fccke im Wadi Rum\"\n               data-description=\"&lt;strong&gt;Riesige Steinbr\u00fccke im Wadi Rum&lt;\/strong&gt;&lt;br \/&gt;Jordanien 2019&lt;br \/&gt;&lt;span style=&quot;font-size:85%;color:#949494;&quot;&gt;[Bild-Id: 16486]&lt;\/span&gt;\"\n               data-image-slug=\"421_ap5a4017\"\n               class=\"ngg-simplelightbox\" rel=\"7b5afc0bde5bb59a9d0f19a2a2a5712f\">\n                <img loading=\"lazy\"\n                    title=\"Riesige Steinbr\u00fccke im Wadi Rum\"\n                    alt=\"Riesige Steinbr\u00fccke im Wadi Rum\"\n                    src=\"http:\/\/foto-passion.com\/wp-content\/gallery\/fotostrecke_jordanien_2019\/cache\/421_AP5A4017.jpg-nggid0516486-ngg0dyn-150x100x100-00f0w010c011r110f110r010t010.jpg\"\n                    width=\"150\"\n                    height=\"100\"\n                    style=\"max-width:100%;\"\n                \/>\n            <\/a>\n        <\/div>\n\t\t\t\t\t\t\t<\/div> \n\t\t\t\n                            \n\t\t\t\t<div id=\"ngg-image-5\" class=\"ngg-gallery-thumbnail-box\" >\n\t\t\t\t        <div class=\"ngg-gallery-thumbnail\">\n            <a href=\"http:\/\/foto-passion.com\/wp-content\/gallery\/fotostrecke_jordanien_2019\/422_AP5A4042.jpg\"\n               title=\"&lt;strong&gt;Im Wadi Rum&lt;\/strong&gt;&lt;br \/&gt;Jordanien 2019&lt;br \/&gt;&lt;span style=&quot;font-size:85%;color:#949494;&quot;&gt;[Bild-Id: 16487]&lt;\/span&gt;\"\n               data-src=\"http:\/\/foto-passion.com\/wp-content\/gallery\/fotostrecke_jordanien_2019\/422_AP5A4042.jpg\"\n               data-thumbnail=\"http:\/\/foto-passion.com\/wp-content\/gallery\/fotostrecke_jordanien_2019\/thumbs\/thumbs_422_AP5A4042.jpg\"\n               data-image-id=\"16487\"\n               data-title=\"Im Wadi Rum\"\n               data-description=\"&lt;strong&gt;Im Wadi Rum&lt;\/strong&gt;&lt;br \/&gt;Jordanien 2019&lt;br \/&gt;&lt;span style=&quot;font-size:85%;color:#949494;&quot;&gt;[Bild-Id: 16487]&lt;\/span&gt;\"\n               data-image-slug=\"422_ap5a4042\"\n               class=\"ngg-simplelightbox\" rel=\"7b5afc0bde5bb59a9d0f19a2a2a5712f\">\n                <img loading=\"lazy\"\n                    title=\"Im Wadi Rum\"\n                    alt=\"Im Wadi Rum\"\n                    src=\"http:\/\/foto-passion.com\/wp-content\/gallery\/fotostrecke_jordanien_2019\/cache\/422_AP5A4042.jpg-nggid0516487-ngg0dyn-150x100x100-00f0w010c011r110f110r010t010.jpg\"\n                    width=\"150\"\n                    height=\"100\"\n                    style=\"max-width:100%;\"\n                \/>\n            <\/a>\n        <\/div>\n\t\t\t\t\t\t\t<\/div> \n\t\t\t\n                            \n\t\t\t\t<div id=\"ngg-image-6\" class=\"ngg-gallery-thumbnail-box\" >\n\t\t\t\t        <div class=\"ngg-gallery-thumbnail\">\n            <a href=\"http:\/\/foto-passion.com\/wp-content\/gallery\/fotostrecke_jordanien_2019\/423_AP5A4116.jpg\"\n               title=\"&lt;strong&gt;Im Wadi Rum&lt;\/strong&gt;&lt;br \/&gt;Jordanien 2019&lt;br \/&gt;&lt;span style=&quot;font-size:85%;color:#949494;&quot;&gt;[Bild-Id: 16492]&lt;\/span&gt;\"\n               data-src=\"http:\/\/foto-passion.com\/wp-content\/gallery\/fotostrecke_jordanien_2019\/423_AP5A4116.jpg\"\n               data-thumbnail=\"http:\/\/foto-passion.com\/wp-content\/gallery\/fotostrecke_jordanien_2019\/thumbs\/thumbs_423_AP5A4116.jpg\"\n               data-image-id=\"16492\"\n               data-title=\"Im Wadi Rum\"\n               data-description=\"&lt;strong&gt;Im Wadi Rum&lt;\/strong&gt;&lt;br \/&gt;Jordanien 2019&lt;br \/&gt;&lt;span style=&quot;font-size:85%;color:#949494;&quot;&gt;[Bild-Id: 16492]&lt;\/span&gt;\"\n               data-image-slug=\"423_ap5a4116\"\n               class=\"ngg-simplelightbox\" rel=\"7b5afc0bde5bb59a9d0f19a2a2a5712f\">\n                <img loading=\"lazy\"\n                    title=\"Im Wadi Rum\"\n                    alt=\"Im Wadi Rum\"\n                    src=\"http:\/\/foto-passion.com\/wp-content\/gallery\/fotostrecke_jordanien_2019\/cache\/423_AP5A4116.jpg-nggid0516492-ngg0dyn-150x100x100-00f0w010c011r110f110r010t010.jpg\"\n                    width=\"150\"\n                    height=\"100\"\n                    style=\"max-width:100%;\"\n                \/>\n            <\/a>\n        <\/div>\n\t\t\t\t\t\t\t<\/div> \n\t\t\t\n                            \n\t\t\t\t<div id=\"ngg-image-7\" class=\"ngg-gallery-thumbnail-box\" >\n\t\t\t\t        <div class=\"ngg-gallery-thumbnail\">\n            <a href=\"http:\/\/foto-passion.com\/wp-content\/gallery\/fotostrecke_jordanien_2019\/424_AP5A4374.jpg\"\n               title=\"&lt;strong&gt;Im Wadi Rum&lt;\/strong&gt;&lt;br \/&gt;Jordanien 2019&lt;br \/&gt;&lt;span style=&quot;font-size:85%;color:#949494;&quot;&gt;[Bild-Id: 16516]&lt;\/span&gt;\"\n               data-src=\"http:\/\/foto-passion.com\/wp-content\/gallery\/fotostrecke_jordanien_2019\/424_AP5A4374.jpg\"\n               data-thumbnail=\"http:\/\/foto-passion.com\/wp-content\/gallery\/fotostrecke_jordanien_2019\/thumbs\/thumbs_424_AP5A4374.jpg\"\n               data-image-id=\"16516\"\n               data-title=\"Im Wadi Rum\"\n               data-description=\"&lt;strong&gt;Im Wadi Rum&lt;\/strong&gt;&lt;br \/&gt;Jordanien 2019&lt;br \/&gt;&lt;span style=&quot;font-size:85%;color:#949494;&quot;&gt;[Bild-Id: 16516]&lt;\/span&gt;\"\n               data-image-slug=\"424_ap5a4374\"\n               class=\"ngg-simplelightbox\" rel=\"7b5afc0bde5bb59a9d0f19a2a2a5712f\">\n                <img loading=\"lazy\"\n                    title=\"Im Wadi Rum\"\n                    alt=\"Im Wadi Rum\"\n                    src=\"http:\/\/foto-passion.com\/wp-content\/gallery\/fotostrecke_jordanien_2019\/cache\/424_AP5A4374.jpg-nggid0516516-ngg0dyn-150x100x100-00f0w010c011r110f110r010t010.jpg\"\n                    width=\"150\"\n                    height=\"100\"\n                    style=\"max-width:100%;\"\n                \/>\n            <\/a>\n        <\/div>\n\t\t\t\t\t\t\t<\/div> \n\t\t\t\n                                    <br style=\"clear: both\" \/>\n                    \n\t\t\t\t<div id=\"ngg-image-8\" class=\"ngg-gallery-thumbnail-box\" >\n\t\t\t\t        <div class=\"ngg-gallery-thumbnail\">\n            <a href=\"http:\/\/foto-passion.com\/wp-content\/gallery\/fotostrecke_jordanien_2019\/425_AP5A4232.jpg\"\n               title=\"&lt;strong&gt;Im Wadi Rum&lt;\/strong&gt;&lt;br \/&gt;Jordanien 2019&lt;br \/&gt;&lt;span style=&quot;font-size:85%;color:#949494;&quot;&gt;[Bild-Id: 16503]&lt;\/span&gt;\"\n               data-src=\"http:\/\/foto-passion.com\/wp-content\/gallery\/fotostrecke_jordanien_2019\/425_AP5A4232.jpg\"\n               data-thumbnail=\"http:\/\/foto-passion.com\/wp-content\/gallery\/fotostrecke_jordanien_2019\/thumbs\/thumbs_425_AP5A4232.jpg\"\n               data-image-id=\"16503\"\n               data-title=\"Im Wadi Rum\"\n               data-description=\"&lt;strong&gt;Im Wadi Rum&lt;\/strong&gt;&lt;br \/&gt;Jordanien 2019&lt;br \/&gt;&lt;span style=&quot;font-size:85%;color:#949494;&quot;&gt;[Bild-Id: 16503]&lt;\/span&gt;\"\n               data-image-slug=\"425_ap5a4232\"\n               class=\"ngg-simplelightbox\" rel=\"7b5afc0bde5bb59a9d0f19a2a2a5712f\">\n                <img loading=\"lazy\"\n                    title=\"Im Wadi Rum\"\n                    alt=\"Im Wadi Rum\"\n                    src=\"http:\/\/foto-passion.com\/wp-content\/gallery\/fotostrecke_jordanien_2019\/cache\/425_AP5A4232.jpg-nggid0516503-ngg0dyn-150x100x100-00f0w010c011r110f110r010t010.jpg\"\n                    width=\"150\"\n                    height=\"100\"\n                    style=\"max-width:100%;\"\n                \/>\n            <\/a>\n        <\/div>\n\t\t\t\t\t\t\t<\/div> \n\t\t\t\n                            \n\t\t\t\t<div id=\"ngg-image-9\" class=\"ngg-gallery-thumbnail-box\" >\n\t\t\t\t        <div class=\"ngg-gallery-thumbnail\">\n            <a href=\"http:\/\/foto-passion.com\/wp-content\/gallery\/fotostrecke_jordanien_2019\/426_AP5A4251.jpg\"\n               title=\"&lt;strong&gt;Im Wadi Rum&lt;\/strong&gt;&lt;br \/&gt;Jordanien 2019&lt;br \/&gt;&lt;span style=&quot;font-size:85%;color:#949494;&quot;&gt;[Bild-Id: 16504]&lt;\/span&gt;\"\n               data-src=\"http:\/\/foto-passion.com\/wp-content\/gallery\/fotostrecke_jordanien_2019\/426_AP5A4251.jpg\"\n               data-thumbnail=\"http:\/\/foto-passion.com\/wp-content\/gallery\/fotostrecke_jordanien_2019\/thumbs\/thumbs_426_AP5A4251.jpg\"\n               data-image-id=\"16504\"\n               data-title=\"Im Wadi Rum\"\n               data-description=\"&lt;strong&gt;Im Wadi Rum&lt;\/strong&gt;&lt;br \/&gt;Jordanien 2019&lt;br \/&gt;&lt;span style=&quot;font-size:85%;color:#949494;&quot;&gt;[Bild-Id: 16504]&lt;\/span&gt;\"\n               data-image-slug=\"426_ap5a4251\"\n               class=\"ngg-simplelightbox\" rel=\"7b5afc0bde5bb59a9d0f19a2a2a5712f\">\n                <img loading=\"lazy\"\n                    title=\"Im Wadi Rum\"\n                    alt=\"Im Wadi Rum\"\n                    src=\"http:\/\/foto-passion.com\/wp-content\/gallery\/fotostrecke_jordanien_2019\/cache\/426_AP5A4251.jpg-nggid0516504-ngg0dyn-150x100x100-00f0w010c011r110f110r010t010.jpg\"\n                    width=\"150\"\n                    height=\"100\"\n                    style=\"max-width:100%;\"\n                \/>\n            <\/a>\n        <\/div>\n\t\t\t\t\t\t\t<\/div> \n\t\t\t\n                            \n\t\t\t\t<div id=\"ngg-image-10\" class=\"ngg-gallery-thumbnail-box\" >\n\t\t\t\t        <div class=\"ngg-gallery-thumbnail\">\n            <a href=\"http:\/\/foto-passion.com\/wp-content\/gallery\/fotostrecke_jordanien_2019\/427_AP5A4263.jpg\"\n               title=\"&lt;strong&gt;Wieder hat die Natur eine Steinbr\u00fccke geschaffen&lt;\/strong&gt;&lt;br \/&gt;Jordanien 2019&lt;br \/&gt;&lt;span style=&quot;font-size:85%;color:#949494;&quot;&gt;[Bild-Id: 16505]&lt;\/span&gt;\"\n               data-src=\"http:\/\/foto-passion.com\/wp-content\/gallery\/fotostrecke_jordanien_2019\/427_AP5A4263.jpg\"\n               data-thumbnail=\"http:\/\/foto-passion.com\/wp-content\/gallery\/fotostrecke_jordanien_2019\/thumbs\/thumbs_427_AP5A4263.jpg\"\n               data-image-id=\"16505\"\n               data-title=\"Wieder hat die Natur eine Steinbr\u00fccke geschaffen\"\n               data-description=\"&lt;strong&gt;Wieder hat die Natur eine Steinbr\u00fccke geschaffen&lt;\/strong&gt;&lt;br \/&gt;Jordanien 2019&lt;br \/&gt;&lt;span style=&quot;font-size:85%;color:#949494;&quot;&gt;[Bild-Id: 16505]&lt;\/span&gt;\"\n               data-image-slug=\"427_ap5a4263\"\n               class=\"ngg-simplelightbox\" rel=\"7b5afc0bde5bb59a9d0f19a2a2a5712f\">\n                <img loading=\"lazy\"\n                    title=\"Wieder hat die Natur eine Steinbr\u00fccke geschaffen\"\n                    alt=\"Wieder hat die Natur eine Steinbr\u00fccke geschaffen\"\n                    src=\"http:\/\/foto-passion.com\/wp-content\/gallery\/fotostrecke_jordanien_2019\/cache\/427_AP5A4263.jpg-nggid0516505-ngg0dyn-150x100x100-00f0w010c011r110f110r010t010.jpg\"\n                    width=\"150\"\n                    height=\"100\"\n                    style=\"max-width:100%;\"\n                \/>\n            <\/a>\n        <\/div>\n\t\t\t\t\t\t\t<\/div> \n\t\t\t\n                            \n\t\t\t\t<div id=\"ngg-image-11\" class=\"ngg-gallery-thumbnail-box\" >\n\t\t\t\t        <div class=\"ngg-gallery-thumbnail\">\n            <a href=\"http:\/\/foto-passion.com\/wp-content\/gallery\/fotostrecke_jordanien_2019\/428_AP5A4225.jpg\"\n               title=\"&lt;strong&gt;Im Wadi Rum&lt;\/strong&gt;&lt;br \/&gt;Jordanien 2019&lt;br \/&gt;&lt;span style=&quot;font-size:85%;color:#949494;&quot;&gt;[Bild-Id: 16502]&lt;\/span&gt;\"\n               data-src=\"http:\/\/foto-passion.com\/wp-content\/gallery\/fotostrecke_jordanien_2019\/428_AP5A4225.jpg\"\n               data-thumbnail=\"http:\/\/foto-passion.com\/wp-content\/gallery\/fotostrecke_jordanien_2019\/thumbs\/thumbs_428_AP5A4225.jpg\"\n               data-image-id=\"16502\"\n               data-title=\"Im Wadi Rum\"\n               data-description=\"&lt;strong&gt;Im Wadi Rum&lt;\/strong&gt;&lt;br \/&gt;Jordanien 2019&lt;br \/&gt;&lt;span style=&quot;font-size:85%;color:#949494;&quot;&gt;[Bild-Id: 16502]&lt;\/span&gt;\"\n               data-image-slug=\"428_ap5a4225\"\n               class=\"ngg-simplelightbox\" rel=\"7b5afc0bde5bb59a9d0f19a2a2a5712f\">\n                <img loading=\"lazy\"\n                    title=\"Im Wadi Rum\"\n                    alt=\"Im Wadi Rum\"\n                    src=\"http:\/\/foto-passion.com\/wp-content\/gallery\/fotostrecke_jordanien_2019\/cache\/428_AP5A4225.jpg-nggid0516502-ngg0dyn-150x100x100-00f0w010c011r110f110r010t010.jpg\"\n                    width=\"150\"\n                    height=\"100\"\n                    style=\"max-width:100%;\"\n                \/>\n            <\/a>\n        <\/div>\n\t\t\t\t\t\t\t<\/div> \n\t\t\t\n                                    <br style=\"clear: both\" \/>\n                    \n\t\t\t\t<div id=\"ngg-image-12\" class=\"ngg-gallery-thumbnail-box\" >\n\t\t\t\t        <div class=\"ngg-gallery-thumbnail\">\n            <a href=\"http:\/\/foto-passion.com\/wp-content\/gallery\/fotostrecke_jordanien_2019\/429_AP5A4153.jpg\"\n               title=\"&lt;strong&gt;Im Wadi Rum&lt;\/strong&gt;&lt;br \/&gt;Jordanien 2019&lt;br \/&gt;&lt;span style=&quot;font-size:85%;color:#949494;&quot;&gt;[Bild-Id: 16497]&lt;\/span&gt;\"\n               data-src=\"http:\/\/foto-passion.com\/wp-content\/gallery\/fotostrecke_jordanien_2019\/429_AP5A4153.jpg\"\n               data-thumbnail=\"http:\/\/foto-passion.com\/wp-content\/gallery\/fotostrecke_jordanien_2019\/thumbs\/thumbs_429_AP5A4153.jpg\"\n               data-image-id=\"16497\"\n               data-title=\"Im Wadi Rum\"\n               data-description=\"&lt;strong&gt;Im Wadi Rum&lt;\/strong&gt;&lt;br \/&gt;Jordanien 2019&lt;br \/&gt;&lt;span style=&quot;font-size:85%;color:#949494;&quot;&gt;[Bild-Id: 16497]&lt;\/span&gt;\"\n               data-image-slug=\"429_ap5a4153\"\n               class=\"ngg-simplelightbox\" rel=\"7b5afc0bde5bb59a9d0f19a2a2a5712f\">\n                <img loading=\"lazy\"\n                    title=\"Im Wadi Rum\"\n                    alt=\"Im Wadi Rum\"\n                    src=\"http:\/\/foto-passion.com\/wp-content\/gallery\/fotostrecke_jordanien_2019\/cache\/429_AP5A4153.jpg-nggid0516497-ngg0dyn-150x100x100-00f0w010c011r110f110r010t010.jpg\"\n                    width=\"150\"\n                    height=\"100\"\n                    style=\"max-width:100%;\"\n                \/>\n            <\/a>\n        <\/div>\n\t\t\t\t\t\t\t<\/div> \n\t\t\t\n                            \n\t\t\t\t<div id=\"ngg-image-13\" class=\"ngg-gallery-thumbnail-box\" >\n\t\t\t\t        <div class=\"ngg-gallery-thumbnail\">\n            <a href=\"http:\/\/foto-passion.com\/wp-content\/gallery\/fotostrecke_jordanien_2019\/430_AP5A3575.jpg\"\n               title=\"&lt;strong&gt;Im Wadi Rum&lt;\/strong&gt;&lt;br \/&gt;Jordanien 2019&lt;br \/&gt;&lt;span style=&quot;font-size:85%;color:#949494;&quot;&gt;[Bild-Id: 16446]&lt;\/span&gt;\"\n               data-src=\"http:\/\/foto-passion.com\/wp-content\/gallery\/fotostrecke_jordanien_2019\/430_AP5A3575.jpg\"\n               data-thumbnail=\"http:\/\/foto-passion.com\/wp-content\/gallery\/fotostrecke_jordanien_2019\/thumbs\/thumbs_430_AP5A3575.jpg\"\n               data-image-id=\"16446\"\n               data-title=\"Im Wadi Rum\"\n               data-description=\"&lt;strong&gt;Im Wadi Rum&lt;\/strong&gt;&lt;br \/&gt;Jordanien 2019&lt;br \/&gt;&lt;span style=&quot;font-size:85%;color:#949494;&quot;&gt;[Bild-Id: 16446]&lt;\/span&gt;\"\n               data-image-slug=\"430_ap5a3575\"\n               class=\"ngg-simplelightbox\" rel=\"7b5afc0bde5bb59a9d0f19a2a2a5712f\">\n                <img loading=\"lazy\"\n                    title=\"Im Wadi Rum\"\n                    alt=\"Im Wadi Rum\"\n                    src=\"http:\/\/foto-passion.com\/wp-content\/gallery\/fotostrecke_jordanien_2019\/cache\/430_AP5A3575.jpg-nggid0516446-ngg0dyn-150x100x100-00f0w010c011r110f110r010t010.jpg\"\n                    width=\"150\"\n                    height=\"100\"\n                    style=\"max-width:100%;\"\n                \/>\n            <\/a>\n        <\/div>\n\t\t\t\t\t\t\t<\/div> \n\t\t\t\n                            \n\t\t\t\t<div id=\"ngg-image-14\" class=\"ngg-gallery-thumbnail-box\" >\n\t\t\t\t        <div class=\"ngg-gallery-thumbnail\">\n            <a href=\"http:\/\/foto-passion.com\/wp-content\/gallery\/fotostrecke_jordanien_2019\/431_AP5A4305.jpg\"\n               title=\"&lt;strong&gt;Im Wadi Rum&lt;\/strong&gt;&lt;br \/&gt;Jordanien 2019&lt;br \/&gt;&lt;span style=&quot;font-size:85%;color:#949494;&quot;&gt;[Bild-Id: 16509]&lt;\/span&gt;\"\n               data-src=\"http:\/\/foto-passion.com\/wp-content\/gallery\/fotostrecke_jordanien_2019\/431_AP5A4305.jpg\"\n               data-thumbnail=\"http:\/\/foto-passion.com\/wp-content\/gallery\/fotostrecke_jordanien_2019\/thumbs\/thumbs_431_AP5A4305.jpg\"\n               data-image-id=\"16509\"\n               data-title=\"Im Wadi Rum\"\n               data-description=\"&lt;strong&gt;Im Wadi Rum&lt;\/strong&gt;&lt;br \/&gt;Jordanien 2019&lt;br \/&gt;&lt;span style=&quot;font-size:85%;color:#949494;&quot;&gt;[Bild-Id: 16509]&lt;\/span&gt;\"\n               data-image-slug=\"431_ap5a4305\"\n               class=\"ngg-simplelightbox\" rel=\"7b5afc0bde5bb59a9d0f19a2a2a5712f\">\n                <img loading=\"lazy\"\n                    title=\"Im Wadi Rum\"\n                    alt=\"Im Wadi Rum\"\n                    src=\"http:\/\/foto-passion.com\/wp-content\/gallery\/fotostrecke_jordanien_2019\/cache\/431_AP5A4305.jpg-nggid0516509-ngg0dyn-150x100x100-00f0w010c011r110f110r010t010.jpg\"\n                    width=\"150\"\n                    height=\"100\"\n                    style=\"max-width:100%;\"\n                \/>\n            <\/a>\n        <\/div>\n\t\t\t\t\t\t\t<\/div> \n\t\t\t\n                            \n\t\t\t\t<div id=\"ngg-image-15\" class=\"ngg-gallery-thumbnail-box\" >\n\t\t\t\t        <div class=\"ngg-gallery-thumbnail\">\n            <a href=\"http:\/\/foto-passion.com\/wp-content\/gallery\/fotostrecke_jordanien_2019\/432_AP5A4325.jpg\"\n               title=\"&lt;strong&gt;Im Wadi Rum&lt;\/strong&gt;&lt;br \/&gt;Jordanien 2019&lt;br \/&gt;&lt;span style=&quot;font-size:85%;color:#949494;&quot;&gt;[Bild-Id: 16511]&lt;\/span&gt;\"\n               data-src=\"http:\/\/foto-passion.com\/wp-content\/gallery\/fotostrecke_jordanien_2019\/432_AP5A4325.jpg\"\n               data-thumbnail=\"http:\/\/foto-passion.com\/wp-content\/gallery\/fotostrecke_jordanien_2019\/thumbs\/thumbs_432_AP5A4325.jpg\"\n               data-image-id=\"16511\"\n               data-title=\"Im Wadi Rum\"\n               data-description=\"&lt;strong&gt;Im Wadi Rum&lt;\/strong&gt;&lt;br \/&gt;Jordanien 2019&lt;br \/&gt;&lt;span style=&quot;font-size:85%;color:#949494;&quot;&gt;[Bild-Id: 16511]&lt;\/span&gt;\"\n               data-image-slug=\"432_ap5a4325\"\n               class=\"ngg-simplelightbox\" rel=\"7b5afc0bde5bb59a9d0f19a2a2a5712f\">\n                <img loading=\"lazy\"\n                    title=\"Im Wadi Rum\"\n                    alt=\"Im Wadi Rum\"\n                    src=\"http:\/\/foto-passion.com\/wp-content\/gallery\/fotostrecke_jordanien_2019\/cache\/432_AP5A4325.jpg-nggid0516511-ngg0dyn-150x100x100-00f0w010c011r110f110r010t010.jpg\"\n                    width=\"150\"\n                    height=\"100\"\n                    style=\"max-width:100%;\"\n                \/>\n            <\/a>\n        <\/div>\n\t\t\t\t\t\t\t<\/div> \n\t\t\t\n                                    <br style=\"clear: both\" \/>\n                    \n\t\t\n\t\t<div class=\"ngg-clear\"><\/div>\n\t<\/div>\n<\/p>\t\t\t\t\t<\/div>\n\t\t\t\t\t\t<\/div>\n\t\t\t\t<\/div>\n\t\t\t\t\t\t<\/div>\n\t\t\t\t\t<\/div>\n\t\t<\/div>\n\t\t\t\t\t\t\t\t<\/div>\n\t\t\t\t\t<\/div>\n\t\t<\/section>\n\t\t\t\t<section class=\"elementor-section elementor-top-section elementor-element elementor-element-ce5fff5 elementor-section-boxed elementor-section-height-default elementor-section-height-default\" data-id=\"ce5fff5\" data-element_type=\"section\">\n\t\t\t\t\t\t<div class=\"elementor-container elementor-column-gap-default\">\n\t\t\t\t\t\t\t<div class=\"elementor-row\">\n\t\t\t\t\t<div class=\"elementor-column elementor-col-100 elementor-top-column elementor-element elementor-element-e9ecd8d\" data-id=\"e9ecd8d\" data-element_type=\"column\">\n\t\t\t<div class=\"elementor-column-wrap elementor-element-populated\">\n\t\t\t\t\t\t\t<div class=\"elementor-widget-wrap\">\n\t\t\t\t\t\t<div class=\"elementor-element elementor-element-08f31c5 elementor-widget elementor-widget-text-editor\" data-id=\"08f31c5\" data-element_type=\"widget\" data-widget_type=\"text-editor.default\">\n\t\t\t\t<div class=\"elementor-widget-container\">\n\t\t\t\t\t\t\t\t<div class=\"elementor-text-editor elementor-clearfix\">\n\t\t\t\t\t<p style=\"text-align: justify;\">Als letzte Station machen wir Halt an einer weiteren Felsenbr\u00fccke, die auch bestiegen werden kann. Wieder klettert hier jeder hoch, um auf dem schmalen Sandsteinsteg zu posieren. Richtig sauer werde ich, als ich eine junge franz\u00f6sische Familie mit einem Kleinkind sehe, die ebenfalls den Berg hinaufkraxeln. Das Kind ist vielleicht zweieinhalb. Die Mutter hat Angst und das Kind auch und doch steigen sie den Berg hoch und posieren auf der Br\u00fccke. F\u00fcr so ein Schei\u00dfbild riskieren die Leute inzwischen ihr Leben. Man hat das Gef\u00fchl, der Verstand schaltet bei den Leuten ab, wenn es um Selbstdarstellung geht. Hauptsache, man kann mit einem spektakul\u00e4ren Foto prahlen. Dabei vergessen die Leute, dass die Br\u00fccke aus Sandstein ist und Jeder, der dar\u00fcber l\u00e4uft, macht ein St\u00fcck davon kaputt. Irgendwann wird es diese Felsenbr\u00fccke nicht mehr geben. Das Beste w\u00e4re es, das Besteigen dieser Naturdenkm\u00e4ler grunds\u00e4tzlich zu verbieten.<\/p>\t\t\t\t\t<\/div>\n\t\t\t\t\t\t<\/div>\n\t\t\t\t<\/div>\n\t\t\t\t\t\t<\/div>\n\t\t\t\t\t<\/div>\n\t\t<\/div>\n\t\t\t\t\t\t\t\t<\/div>\n\t\t\t\t\t<\/div>\n\t\t<\/section>\n\t\t\t\t<section class=\"elementor-section elementor-top-section elementor-element elementor-element-4994835 elementor-section-boxed elementor-section-height-default elementor-section-height-default\" data-id=\"4994835\" data-element_type=\"section\">\n\t\t\t\t\t\t<div class=\"elementor-container elementor-column-gap-default\">\n\t\t\t\t\t\t\t<div class=\"elementor-row\">\n\t\t\t\t\t<div class=\"elementor-column elementor-col-100 elementor-top-column elementor-element elementor-element-5b02fe7\" data-id=\"5b02fe7\" data-element_type=\"column\">\n\t\t\t<div class=\"elementor-column-wrap elementor-element-populated\">\n\t\t\t\t\t\t\t<div class=\"elementor-widget-wrap\">\n\t\t\t\t\t\t<div class=\"elementor-element elementor-element-ab31857 elementor-widget elementor-widget-text-editor\" data-id=\"ab31857\" data-element_type=\"widget\" data-widget_type=\"text-editor.default\">\n\t\t\t\t<div class=\"elementor-widget-container\">\n\t\t\t\t\t\t\t\t<div class=\"elementor-text-editor elementor-clearfix\">\n\t\t\t\t\t<p style=\"text-align: left;\"><!-- index.php -->\n<div\n\tclass=\"ngg-galleryoverview ngg-ajax-pagination-none\"\n\tid=\"ngg-gallery-347dfeceecab1dfce9e45a511e2523e1-1\">\n\n    \t\t<!-- Thumbnails -->\n\t\t\t\t<div id=\"ngg-image-0\" class=\"ngg-gallery-thumbnail-box\" >\n\t\t\t\t        <div class=\"ngg-gallery-thumbnail\">\n            <a href=\"http:\/\/foto-passion.com\/wp-content\/gallery\/fotostrecke_jordanien_2019\/433_AP5A4401.jpg\"\n               title=\"&lt;strong&gt;Im Wadi Rum&lt;\/strong&gt;&lt;br \/&gt;Jordanien 2019&lt;br \/&gt;&lt;span style=&quot;font-size:85%;color:#949494;&quot;&gt;[Bild-Id: 16517]&lt;\/span&gt;\"\n               data-src=\"http:\/\/foto-passion.com\/wp-content\/gallery\/fotostrecke_jordanien_2019\/433_AP5A4401.jpg\"\n               data-thumbnail=\"http:\/\/foto-passion.com\/wp-content\/gallery\/fotostrecke_jordanien_2019\/thumbs\/thumbs_433_AP5A4401.jpg\"\n               data-image-id=\"16517\"\n               data-title=\"Im Wadi Rum\"\n               data-description=\"&lt;strong&gt;Im Wadi Rum&lt;\/strong&gt;&lt;br \/&gt;Jordanien 2019&lt;br \/&gt;&lt;span style=&quot;font-size:85%;color:#949494;&quot;&gt;[Bild-Id: 16517]&lt;\/span&gt;\"\n               data-image-slug=\"433_ap5a4401\"\n               class=\"ngg-simplelightbox\" rel=\"347dfeceecab1dfce9e45a511e2523e1\">\n                <img loading=\"lazy\"\n                    title=\"Im Wadi Rum\"\n                    alt=\"Im Wadi Rum\"\n                    src=\"http:\/\/foto-passion.com\/wp-content\/gallery\/fotostrecke_jordanien_2019\/cache\/433_AP5A4401.jpg-nggid0516517-ngg0dyn-150x100x100-00f0w010c011r110f110r010t010.jpg\"\n                    width=\"150\"\n                    height=\"100\"\n                    style=\"max-width:100%;\"\n                \/>\n            <\/a>\n        <\/div>\n\t\t\t\t\t\t\t<\/div> \n\t\t\t\n                            \n\t\t\t\t<div id=\"ngg-image-1\" class=\"ngg-gallery-thumbnail-box\" >\n\t\t\t\t        <div class=\"ngg-gallery-thumbnail\">\n            <a href=\"http:\/\/foto-passion.com\/wp-content\/gallery\/fotostrecke_jordanien_2019\/434_AP5A4417.jpg\"\n               title=\"&lt;strong&gt;Im Wadi Rum&lt;\/strong&gt;&lt;br \/&gt;Jordanien 2019&lt;br \/&gt;&lt;span style=&quot;font-size:85%;color:#949494;&quot;&gt;[Bild-Id: 16518]&lt;\/span&gt;\"\n               data-src=\"http:\/\/foto-passion.com\/wp-content\/gallery\/fotostrecke_jordanien_2019\/434_AP5A4417.jpg\"\n               data-thumbnail=\"http:\/\/foto-passion.com\/wp-content\/gallery\/fotostrecke_jordanien_2019\/thumbs\/thumbs_434_AP5A4417.jpg\"\n               data-image-id=\"16518\"\n               data-title=\"Im Wadi Rum\"\n               data-description=\"&lt;strong&gt;Im Wadi Rum&lt;\/strong&gt;&lt;br \/&gt;Jordanien 2019&lt;br \/&gt;&lt;span style=&quot;font-size:85%;color:#949494;&quot;&gt;[Bild-Id: 16518]&lt;\/span&gt;\"\n               data-image-slug=\"434_ap5a4417\"\n               class=\"ngg-simplelightbox\" rel=\"347dfeceecab1dfce9e45a511e2523e1\">\n                <img loading=\"lazy\"\n                    title=\"Im Wadi Rum\"\n                    alt=\"Im Wadi Rum\"\n                    src=\"http:\/\/foto-passion.com\/wp-content\/gallery\/fotostrecke_jordanien_2019\/cache\/434_AP5A4417.jpg-nggid0516518-ngg0dyn-150x100x100-00f0w010c011r110f110r010t010.jpg\"\n                    width=\"150\"\n                    height=\"100\"\n                    style=\"max-width:100%;\"\n                \/>\n            <\/a>\n        <\/div>\n\t\t\t\t\t\t\t<\/div> \n\t\t\t\n                            \n\t\t\t\t<div id=\"ngg-image-2\" class=\"ngg-gallery-thumbnail-box\" >\n\t\t\t\t        <div class=\"ngg-gallery-thumbnail\">\n            <a href=\"http:\/\/foto-passion.com\/wp-content\/gallery\/fotostrecke_jordanien_2019\/435_AP5A4368.jpg\"\n               title=\"&lt;strong&gt;Im Wadi Rum&lt;\/strong&gt;&lt;br \/&gt;Jordanien 2019&lt;br \/&gt;&lt;span style=&quot;font-size:85%;color:#949494;&quot;&gt;[Bild-Id: 16515]&lt;\/span&gt;\"\n               data-src=\"http:\/\/foto-passion.com\/wp-content\/gallery\/fotostrecke_jordanien_2019\/435_AP5A4368.jpg\"\n               data-thumbnail=\"http:\/\/foto-passion.com\/wp-content\/gallery\/fotostrecke_jordanien_2019\/thumbs\/thumbs_435_AP5A4368.jpg\"\n               data-image-id=\"16515\"\n               data-title=\"Im Wadi Rum\"\n               data-description=\"&lt;strong&gt;Im Wadi Rum&lt;\/strong&gt;&lt;br \/&gt;Jordanien 2019&lt;br \/&gt;&lt;span style=&quot;font-size:85%;color:#949494;&quot;&gt;[Bild-Id: 16515]&lt;\/span&gt;\"\n               data-image-slug=\"435_ap5a4368\"\n               class=\"ngg-simplelightbox\" rel=\"347dfeceecab1dfce9e45a511e2523e1\">\n                <img loading=\"lazy\"\n                    title=\"Im Wadi Rum\"\n                    alt=\"Im Wadi Rum\"\n                    src=\"http:\/\/foto-passion.com\/wp-content\/gallery\/fotostrecke_jordanien_2019\/cache\/435_AP5A4368.jpg-nggid0516515-ngg0dyn-150x100x100-00f0w010c011r110f110r010t010.jpg\"\n                    width=\"150\"\n                    height=\"100\"\n                    style=\"max-width:100%;\"\n                \/>\n            <\/a>\n        <\/div>\n\t\t\t\t\t\t\t<\/div> \n\t\t\t\n                            \n\t\t\t\t<div id=\"ngg-image-3\" class=\"ngg-gallery-thumbnail-box\" >\n\t\t\t\t        <div class=\"ngg-gallery-thumbnail\">\n            <a href=\"http:\/\/foto-passion.com\/wp-content\/gallery\/fotostrecke_jordanien_2019\/436_AP5A4420.jpg\"\n               title=\"&lt;strong&gt;Im Wadi Rum&lt;\/strong&gt;&lt;br \/&gt;Jordanien 2019&lt;br \/&gt;&lt;span style=&quot;font-size:85%;color:#949494;&quot;&gt;[Bild-Id: 16519]&lt;\/span&gt;\"\n               data-src=\"http:\/\/foto-passion.com\/wp-content\/gallery\/fotostrecke_jordanien_2019\/436_AP5A4420.jpg\"\n               data-thumbnail=\"http:\/\/foto-passion.com\/wp-content\/gallery\/fotostrecke_jordanien_2019\/thumbs\/thumbs_436_AP5A4420.jpg\"\n               data-image-id=\"16519\"\n               data-title=\"Im Wadi Rum\"\n               data-description=\"&lt;strong&gt;Im Wadi Rum&lt;\/strong&gt;&lt;br \/&gt;Jordanien 2019&lt;br \/&gt;&lt;span style=&quot;font-size:85%;color:#949494;&quot;&gt;[Bild-Id: 16519]&lt;\/span&gt;\"\n               data-image-slug=\"436_ap5a4420\"\n               class=\"ngg-simplelightbox\" rel=\"347dfeceecab1dfce9e45a511e2523e1\">\n                <img loading=\"lazy\"\n                    title=\"Im Wadi Rum\"\n                    alt=\"Im Wadi Rum\"\n                    src=\"http:\/\/foto-passion.com\/wp-content\/gallery\/fotostrecke_jordanien_2019\/cache\/436_AP5A4420.jpg-nggid0516519-ngg0dyn-150x100x100-00f0w010c011r110f110r010t010.jpg\"\n                    width=\"150\"\n                    height=\"100\"\n                    style=\"max-width:100%;\"\n                \/>\n            <\/a>\n        <\/div>\n\t\t\t\t\t\t\t<\/div> \n\t\t\t\n                                    <br style=\"clear: both\" \/>\n                    \n\t\t\t\t<div id=\"ngg-image-4\" class=\"ngg-gallery-thumbnail-box\" >\n\t\t\t\t        <div class=\"ngg-gallery-thumbnail\">\n            <a href=\"http:\/\/foto-passion.com\/wp-content\/gallery\/fotostrecke_jordanien_2019\/437_AP5A4310.jpg\"\n               title=\"&lt;strong&gt;Felszeichnungen im Wadi Rum&lt;\/strong&gt;&lt;br \/&gt;Jordanien 2019&lt;br \/&gt;&lt;span style=&quot;font-size:85%;color:#949494;&quot;&gt;[Bild-Id: 16510]&lt;\/span&gt;\"\n               data-src=\"http:\/\/foto-passion.com\/wp-content\/gallery\/fotostrecke_jordanien_2019\/437_AP5A4310.jpg\"\n               data-thumbnail=\"http:\/\/foto-passion.com\/wp-content\/gallery\/fotostrecke_jordanien_2019\/thumbs\/thumbs_437_AP5A4310.jpg\"\n               data-image-id=\"16510\"\n               data-title=\"Felszeichnungen im Wadi Rum\"\n               data-description=\"&lt;strong&gt;Felszeichnungen im Wadi Rum&lt;\/strong&gt;&lt;br \/&gt;Jordanien 2019&lt;br \/&gt;&lt;span style=&quot;font-size:85%;color:#949494;&quot;&gt;[Bild-Id: 16510]&lt;\/span&gt;\"\n               data-image-slug=\"437_ap5a4310\"\n               class=\"ngg-simplelightbox\" rel=\"347dfeceecab1dfce9e45a511e2523e1\">\n                <img loading=\"lazy\"\n                    title=\"Felszeichnungen im Wadi Rum\"\n                    alt=\"Felszeichnungen im Wadi Rum\"\n                    src=\"http:\/\/foto-passion.com\/wp-content\/gallery\/fotostrecke_jordanien_2019\/cache\/437_AP5A4310.jpg-nggid0516510-ngg0dyn-150x100x100-00f0w010c011r110f110r010t010.jpg\"\n                    width=\"150\"\n                    height=\"100\"\n                    style=\"max-width:100%;\"\n                \/>\n            <\/a>\n        <\/div>\n\t\t\t\t\t\t\t<\/div> \n\t\t\t\n                            \n\t\t\t\t<div id=\"ngg-image-5\" class=\"ngg-gallery-thumbnail-box\" >\n\t\t\t\t        <div class=\"ngg-gallery-thumbnail\">\n            <a href=\"http:\/\/foto-passion.com\/wp-content\/gallery\/fotostrecke_jordanien_2019\/438_AP5A4332.jpg\"\n               title=\"&lt;strong&gt;Felszeichnungen im Wadi Rum&lt;\/strong&gt;&lt;br \/&gt;Jordanien 2019&lt;br \/&gt;&lt;span style=&quot;font-size:85%;color:#949494;&quot;&gt;[Bild-Id: 16512]&lt;\/span&gt;\"\n               data-src=\"http:\/\/foto-passion.com\/wp-content\/gallery\/fotostrecke_jordanien_2019\/438_AP5A4332.jpg\"\n               data-thumbnail=\"http:\/\/foto-passion.com\/wp-content\/gallery\/fotostrecke_jordanien_2019\/thumbs\/thumbs_438_AP5A4332.jpg\"\n               data-image-id=\"16512\"\n               data-title=\"Felszeichnungen im Wadi Rum\"\n               data-description=\"&lt;strong&gt;Felszeichnungen im Wadi Rum&lt;\/strong&gt;&lt;br \/&gt;Jordanien 2019&lt;br \/&gt;&lt;span style=&quot;font-size:85%;color:#949494;&quot;&gt;[Bild-Id: 16512]&lt;\/span&gt;\"\n               data-image-slug=\"438_ap5a4332\"\n               class=\"ngg-simplelightbox\" rel=\"347dfeceecab1dfce9e45a511e2523e1\">\n                <img loading=\"lazy\"\n                    title=\"Felszeichnungen im Wadi Rum\"\n                    alt=\"Felszeichnungen im Wadi Rum\"\n                    src=\"http:\/\/foto-passion.com\/wp-content\/gallery\/fotostrecke_jordanien_2019\/cache\/438_AP5A4332.jpg-nggid0516512-ngg0dyn-150x100x100-00f0w010c011r110f110r010t010.jpg\"\n                    width=\"150\"\n                    height=\"100\"\n                    style=\"max-width:100%;\"\n                \/>\n            <\/a>\n        <\/div>\n\t\t\t\t\t\t\t<\/div> \n\t\t\t\n                            \n\t\t\t\t<div id=\"ngg-image-6\" class=\"ngg-gallery-thumbnail-box\" >\n\t\t\t\t        <div class=\"ngg-gallery-thumbnail\">\n            <a href=\"http:\/\/foto-passion.com\/wp-content\/gallery\/fotostrecke_jordanien_2019\/439_AP5A4362.jpg\"\n               title=\"&lt;strong&gt;Diese Kamele scheinen nur auf Touristen zu warten&lt;\/strong&gt;&lt;br \/&gt;Jordanien 2019&lt;br \/&gt;&lt;span style=&quot;font-size:85%;color:#949494;&quot;&gt;[Bild-Id: 16514]&lt;\/span&gt;\"\n               data-src=\"http:\/\/foto-passion.com\/wp-content\/gallery\/fotostrecke_jordanien_2019\/439_AP5A4362.jpg\"\n               data-thumbnail=\"http:\/\/foto-passion.com\/wp-content\/gallery\/fotostrecke_jordanien_2019\/thumbs\/thumbs_439_AP5A4362.jpg\"\n               data-image-id=\"16514\"\n               data-title=\"Diese Kamele scheinen nur auf Touristen zu warten\"\n               data-description=\"&lt;strong&gt;Diese Kamele scheinen nur auf Touristen zu warten&lt;\/strong&gt;&lt;br \/&gt;Jordanien 2019&lt;br \/&gt;&lt;span style=&quot;font-size:85%;color:#949494;&quot;&gt;[Bild-Id: 16514]&lt;\/span&gt;\"\n               data-image-slug=\"439_ap5a4362\"\n               class=\"ngg-simplelightbox\" rel=\"347dfeceecab1dfce9e45a511e2523e1\">\n                <img loading=\"lazy\"\n                    title=\"Diese Kamele scheinen nur auf Touristen zu warten\"\n                    alt=\"Diese Kamele scheinen nur auf Touristen zu warten\"\n                    src=\"http:\/\/foto-passion.com\/wp-content\/gallery\/fotostrecke_jordanien_2019\/cache\/439_AP5A4362.jpg-nggid0516514-ngg0dyn-150x100x100-00f0w010c011r110f110r010t010.jpg\"\n                    width=\"150\"\n                    height=\"100\"\n                    style=\"max-width:100%;\"\n                \/>\n            <\/a>\n        <\/div>\n\t\t\t\t\t\t\t<\/div> \n\t\t\t\n                            \n\t\t\t\t<div id=\"ngg-image-7\" class=\"ngg-gallery-thumbnail-box\" >\n\t\t\t\t        <div class=\"ngg-gallery-thumbnail\">\n            <a href=\"http:\/\/foto-passion.com\/wp-content\/gallery\/fotostrecke_jordanien_2019\/440_AP5A4352.jpg\"\n               title=\"&lt;strong&gt;... sie sind auf das Trinken aus Flaschen trainiert&lt;\/strong&gt;&lt;br \/&gt;Jordanien 2019&lt;br \/&gt;&lt;span style=&quot;font-size:85%;color:#949494;&quot;&gt;[Bild-Id: 16513]&lt;\/span&gt;\"\n               data-src=\"http:\/\/foto-passion.com\/wp-content\/gallery\/fotostrecke_jordanien_2019\/440_AP5A4352.jpg\"\n               data-thumbnail=\"http:\/\/foto-passion.com\/wp-content\/gallery\/fotostrecke_jordanien_2019\/thumbs\/thumbs_440_AP5A4352.jpg\"\n               data-image-id=\"16513\"\n               data-title=\"... sie sind auf das Trinken aus Flaschen trainiert\"\n               data-description=\"&lt;strong&gt;... sie sind auf das Trinken aus Flaschen trainiert&lt;\/strong&gt;&lt;br \/&gt;Jordanien 2019&lt;br \/&gt;&lt;span style=&quot;font-size:85%;color:#949494;&quot;&gt;[Bild-Id: 16513]&lt;\/span&gt;\"\n               data-image-slug=\"440_ap5a4352\"\n               class=\"ngg-simplelightbox\" rel=\"347dfeceecab1dfce9e45a511e2523e1\">\n                <img loading=\"lazy\"\n                    title=\"... sie sind auf das Trinken aus Flaschen trainiert\"\n                    alt=\"... sie sind auf das Trinken aus Flaschen trainiert\"\n                    src=\"http:\/\/foto-passion.com\/wp-content\/gallery\/fotostrecke_jordanien_2019\/cache\/440_AP5A4352.jpg-nggid0516513-ngg0dyn-150x100x100-00f0w010c011r110f110r010t010.jpg\"\n                    width=\"150\"\n                    height=\"100\"\n                    style=\"max-width:100%;\"\n                \/>\n            <\/a>\n        <\/div>\n\t\t\t\t\t\t\t<\/div> \n\t\t\t\n                                    <br style=\"clear: both\" \/>\n                    \n\t\t\n\t\t<div class=\"ngg-clear\"><\/div>\n\t<\/div>\n<\/p>\t\t\t\t\t<\/div>\n\t\t\t\t\t\t<\/div>\n\t\t\t\t<\/div>\n\t\t\t\t\t\t<\/div>\n\t\t\t\t\t<\/div>\n\t\t<\/div>\n\t\t\t\t\t\t\t\t<\/div>\n\t\t\t\t\t<\/div>\n\t\t<\/section>\n\t\t\t\t<section class=\"elementor-section elementor-top-section elementor-element elementor-element-93495ce elementor-section-boxed elementor-section-height-default elementor-section-height-default\" data-id=\"93495ce\" data-element_type=\"section\">\n\t\t\t\t\t\t<div class=\"elementor-container elementor-column-gap-default\">\n\t\t\t\t\t\t\t<div class=\"elementor-row\">\n\t\t\t\t\t<div class=\"elementor-column elementor-col-100 elementor-top-column elementor-element elementor-element-567299d\" data-id=\"567299d\" data-element_type=\"column\">\n\t\t\t<div class=\"elementor-column-wrap elementor-element-populated\">\n\t\t\t\t\t\t\t<div class=\"elementor-widget-wrap\">\n\t\t\t\t\t\t<div class=\"elementor-element elementor-element-9c3782b elementor-widget elementor-widget-text-editor\" data-id=\"9c3782b\" data-element_type=\"widget\" data-widget_type=\"text-editor.default\">\n\t\t\t\t<div class=\"elementor-widget-container\">\n\t\t\t\t\t\t\t\t<div class=\"elementor-text-editor elementor-clearfix\">\n\t\t\t\t\t<p style=\"text-align: justify;\">Zur\u00fcck im Camp vergeht die Zeit recht schnell, bis es wieder leckeres Abendessen aus dem Erdofen gibt. Auch heute ist das Camp mit 32 Leuten gut gef\u00fcllt und das Essen ist lecker, vielseitig und sehr reichlich. Kein Wunder, dass Mohammed \u00a0weitere 8 neue Zelte mit eigenem WC und Aircondition anbaut.<\/p>\t\t\t\t\t<\/div>\n\t\t\t\t\t\t<\/div>\n\t\t\t\t<\/div>\n\t\t\t\t\t\t<\/div>\n\t\t\t\t\t<\/div>\n\t\t<\/div>\n\t\t\t\t\t\t\t\t<\/div>\n\t\t\t\t\t<\/div>\n\t\t<\/section>\n\t\t\t\t<section class=\"elementor-section elementor-top-section elementor-element elementor-element-6d737e1 elementor-section-boxed elementor-section-height-default elementor-section-height-default\" data-id=\"6d737e1\" data-element_type=\"section\">\n\t\t\t\t\t\t<div class=\"elementor-container elementor-column-gap-default\">\n\t\t\t\t\t\t\t<div class=\"elementor-row\">\n\t\t\t\t\t<div class=\"elementor-column elementor-col-100 elementor-top-column elementor-element elementor-element-496a273\" data-id=\"496a273\" data-element_type=\"column\">\n\t\t\t<div class=\"elementor-column-wrap elementor-element-populated\">\n\t\t\t\t\t\t\t<div class=\"elementor-widget-wrap\">\n\t\t\t\t\t\t<div class=\"elementor-element elementor-element-9501a96 elementor-widget elementor-widget-text-editor\" data-id=\"9501a96\" data-element_type=\"widget\" data-widget_type=\"text-editor.default\">\n\t\t\t\t<div class=\"elementor-widget-container\">\n\t\t\t\t\t\t\t\t<div class=\"elementor-text-editor elementor-clearfix\">\n\t\t\t\t\t<p style=\"text-align: left;\"><!-- index.php -->\n<div\n\tclass=\"ngg-galleryoverview ngg-ajax-pagination-none\"\n\tid=\"ngg-gallery-4eace6b4bcdadbeeed13d5accb9fe765-1\">\n\n    \t\t<!-- Thumbnails -->\n\t\t\t\t<div id=\"ngg-image-0\" class=\"ngg-gallery-thumbnail-box\" >\n\t\t\t\t        <div class=\"ngg-gallery-thumbnail\">\n            <a href=\"http:\/\/foto-passion.com\/wp-content\/gallery\/fotostrecke_jordanien_2019\/442_IMG_4405.jpg\"\n               title=\"&lt;strong&gt;Reis ist Hauptnahrungsmittel&lt;\/strong&gt;&lt;br \/&gt;Jordanien 2019&lt;br \/&gt;&lt;span style=&quot;font-size:85%;color:#949494;&quot;&gt;[Bild-Id: 16528]&lt;\/span&gt;\"\n               data-src=\"http:\/\/foto-passion.com\/wp-content\/gallery\/fotostrecke_jordanien_2019\/442_IMG_4405.jpg\"\n               data-thumbnail=\"http:\/\/foto-passion.com\/wp-content\/gallery\/fotostrecke_jordanien_2019\/thumbs\/thumbs_442_IMG_4405.jpg\"\n               data-image-id=\"16528\"\n               data-title=\"Reis ist Hauptnahrungsmittel\"\n               data-description=\"&lt;strong&gt;Reis ist Hauptnahrungsmittel&lt;\/strong&gt;&lt;br \/&gt;Jordanien 2019&lt;br \/&gt;&lt;span style=&quot;font-size:85%;color:#949494;&quot;&gt;[Bild-Id: 16528]&lt;\/span&gt;\"\n               data-image-slug=\"442_img_4405\"\n               class=\"ngg-simplelightbox\" rel=\"4eace6b4bcdadbeeed13d5accb9fe765\">\n                <img loading=\"lazy\"\n                    title=\"Reis ist Hauptnahrungsmittel\"\n                    alt=\"Reis ist Hauptnahrungsmittel\"\n                    src=\"http:\/\/foto-passion.com\/wp-content\/gallery\/fotostrecke_jordanien_2019\/cache\/442_IMG_4405.jpg-nggid0516528-ngg0dyn-150x100x100-00f0w010c011r110f110r010t010.jpg\"\n                    width=\"150\"\n                    height=\"100\"\n                    style=\"max-width:100%;\"\n                \/>\n            <\/a>\n        <\/div>\n\t\t\t\t\t\t\t<\/div> \n\t\t\t\n                            \n\t\t\t\t<div id=\"ngg-image-1\" class=\"ngg-gallery-thumbnail-box\" >\n\t\t\t\t        <div class=\"ngg-gallery-thumbnail\">\n            <a href=\"http:\/\/foto-passion.com\/wp-content\/gallery\/fotostrecke_jordanien_2019\/443_IMG_4394.jpg\"\n               title=\"&lt;strong&gt;Auch heute wird im Erdofen gegart&lt;\/strong&gt;&lt;br \/&gt;Jordanien 2019&lt;br \/&gt;&lt;span style=&quot;font-size:85%;color:#949494;&quot;&gt;[Bild-Id: 16526]&lt;\/span&gt;\"\n               data-src=\"http:\/\/foto-passion.com\/wp-content\/gallery\/fotostrecke_jordanien_2019\/443_IMG_4394.jpg\"\n               data-thumbnail=\"http:\/\/foto-passion.com\/wp-content\/gallery\/fotostrecke_jordanien_2019\/thumbs\/thumbs_443_IMG_4394.jpg\"\n               data-image-id=\"16526\"\n               data-title=\"Auch heute wird im Erdofen gegart\"\n               data-description=\"&lt;strong&gt;Auch heute wird im Erdofen gegart&lt;\/strong&gt;&lt;br \/&gt;Jordanien 2019&lt;br \/&gt;&lt;span style=&quot;font-size:85%;color:#949494;&quot;&gt;[Bild-Id: 16526]&lt;\/span&gt;\"\n               data-image-slug=\"443_img_4394\"\n               class=\"ngg-simplelightbox\" rel=\"4eace6b4bcdadbeeed13d5accb9fe765\">\n                <img loading=\"lazy\"\n                    title=\"Auch heute wird im Erdofen gegart\"\n                    alt=\"Auch heute wird im Erdofen gegart\"\n                    src=\"http:\/\/foto-passion.com\/wp-content\/gallery\/fotostrecke_jordanien_2019\/cache\/443_IMG_4394.jpg-nggid0516526-ngg0dyn-150x100x100-00f0w010c011r110f110r010t010.jpg\"\n                    width=\"150\"\n                    height=\"100\"\n                    style=\"max-width:100%;\"\n                \/>\n            <\/a>\n        <\/div>\n\t\t\t\t\t\t\t<\/div> \n\t\t\t\n                            \n\t\t\t\t<div id=\"ngg-image-2\" class=\"ngg-gallery-thumbnail-box\" >\n\t\t\t\t        <div class=\"ngg-gallery-thumbnail\">\n            <a href=\"http:\/\/foto-passion.com\/wp-content\/gallery\/fotostrecke_jordanien_2019\/444_IMG_4026.jpg\"\n               title=\"&lt;strong&gt;Das Abendessen im Erdofen ist nach ca. 2 Stunden Garzeit fertig&lt;\/strong&gt;&lt;br \/&gt;Jordanien 2019&lt;br \/&gt;&lt;span style=&quot;font-size:85%;color:#949494;&quot;&gt;[Bild-Id: 16474]&lt;\/span&gt;\"\n               data-src=\"http:\/\/foto-passion.com\/wp-content\/gallery\/fotostrecke_jordanien_2019\/444_IMG_4026.jpg\"\n               data-thumbnail=\"http:\/\/foto-passion.com\/wp-content\/gallery\/fotostrecke_jordanien_2019\/thumbs\/thumbs_444_IMG_4026.jpg\"\n               data-image-id=\"16474\"\n               data-title=\"Das Abendessen im Erdofen ist nach ca. 2 Stunden Garzeit fertig\"\n               data-description=\"&lt;strong&gt;Das Abendessen im Erdofen ist nach ca. 2 Stunden Garzeit fertig&lt;\/strong&gt;&lt;br \/&gt;Jordanien 2019&lt;br \/&gt;&lt;span style=&quot;font-size:85%;color:#949494;&quot;&gt;[Bild-Id: 16474]&lt;\/span&gt;\"\n               data-image-slug=\"444_img_4026\"\n               class=\"ngg-simplelightbox\" rel=\"4eace6b4bcdadbeeed13d5accb9fe765\">\n                <img loading=\"lazy\"\n                    title=\"Das Abendessen im Erdofen ist nach ca. 2 Stunden Garzeit fertig\"\n                    alt=\"Das Abendessen im Erdofen ist nach ca. 2 Stunden Garzeit fertig\"\n                    src=\"http:\/\/foto-passion.com\/wp-content\/gallery\/fotostrecke_jordanien_2019\/cache\/444_IMG_4026.jpg-nggid0516474-ngg0dyn-150x100x100-00f0w010c011r110f110r010t010.jpg\"\n                    width=\"150\"\n                    height=\"100\"\n                    style=\"max-width:100%;\"\n                \/>\n            <\/a>\n        <\/div>\n\t\t\t\t\t\t\t<\/div> \n\t\t\t\n                            \n\t\t\t\t<div id=\"ngg-image-3\" class=\"ngg-gallery-thumbnail-box\" >\n\t\t\t\t        <div class=\"ngg-gallery-thumbnail\">\n            <a href=\"http:\/\/foto-passion.com\/wp-content\/gallery\/fotostrecke_jordanien_2019\/445_AP5A4433.jpg\"\n               title=\"&lt;strong&gt;Abendstimmung im Wadi Rum&lt;\/strong&gt;&lt;br \/&gt;Jordanien 2019&lt;br \/&gt;&lt;span style=&quot;font-size:85%;color:#949494;&quot;&gt;[Bild-Id: 16522]&lt;\/span&gt;\"\n               data-src=\"http:\/\/foto-passion.com\/wp-content\/gallery\/fotostrecke_jordanien_2019\/445_AP5A4433.jpg\"\n               data-thumbnail=\"http:\/\/foto-passion.com\/wp-content\/gallery\/fotostrecke_jordanien_2019\/thumbs\/thumbs_445_AP5A4433.jpg\"\n               data-image-id=\"16522\"\n               data-title=\"Abendstimmung im Wadi Rum\"\n               data-description=\"&lt;strong&gt;Abendstimmung im Wadi Rum&lt;\/strong&gt;&lt;br \/&gt;Jordanien 2019&lt;br \/&gt;&lt;span style=&quot;font-size:85%;color:#949494;&quot;&gt;[Bild-Id: 16522]&lt;\/span&gt;\"\n               data-image-slug=\"445_ap5a4433\"\n               class=\"ngg-simplelightbox\" rel=\"4eace6b4bcdadbeeed13d5accb9fe765\">\n                <img loading=\"lazy\"\n                    title=\"Abendstimmung im Wadi Rum\"\n                    alt=\"Abendstimmung im Wadi Rum\"\n                    src=\"http:\/\/foto-passion.com\/wp-content\/gallery\/fotostrecke_jordanien_2019\/cache\/445_AP5A4433.jpg-nggid0516522-ngg0dyn-150x100x100-00f0w010c011r110f110r010t010.jpg\"\n                    width=\"150\"\n                    height=\"100\"\n                    style=\"max-width:100%;\"\n                \/>\n            <\/a>\n        <\/div>\n\t\t\t\t\t\t\t<\/div> \n\t\t\t\n                                    <br style=\"clear: both\" \/>\n                    \n\t\t\t\t<div id=\"ngg-image-4\" class=\"ngg-gallery-thumbnail-box\" >\n\t\t\t\t        <div class=\"ngg-gallery-thumbnail\">\n            <a href=\"http:\/\/foto-passion.com\/wp-content\/gallery\/fotostrecke_jordanien_2019\/446_AP5A4482.jpg\"\n               title=\"&lt;strong&gt;Abendstimmung im Wadi Rum&lt;\/strong&gt;&lt;br \/&gt;Jordanien 2019&lt;br \/&gt;&lt;span style=&quot;font-size:85%;color:#949494;&quot;&gt;[Bild-Id: 16523]&lt;\/span&gt;\"\n               data-src=\"http:\/\/foto-passion.com\/wp-content\/gallery\/fotostrecke_jordanien_2019\/446_AP5A4482.jpg\"\n               data-thumbnail=\"http:\/\/foto-passion.com\/wp-content\/gallery\/fotostrecke_jordanien_2019\/thumbs\/thumbs_446_AP5A4482.jpg\"\n               data-image-id=\"16523\"\n               data-title=\"Abendstimmung im Wadi Rum\"\n               data-description=\"&lt;strong&gt;Abendstimmung im Wadi Rum&lt;\/strong&gt;&lt;br \/&gt;Jordanien 2019&lt;br \/&gt;&lt;span style=&quot;font-size:85%;color:#949494;&quot;&gt;[Bild-Id: 16523]&lt;\/span&gt;\"\n               data-image-slug=\"446_ap5a4482\"\n               class=\"ngg-simplelightbox\" rel=\"4eace6b4bcdadbeeed13d5accb9fe765\">\n                <img loading=\"lazy\"\n                    title=\"Abendstimmung im Wadi Rum\"\n                    alt=\"Abendstimmung im Wadi Rum\"\n                    src=\"http:\/\/foto-passion.com\/wp-content\/gallery\/fotostrecke_jordanien_2019\/cache\/446_AP5A4482.jpg-nggid0516523-ngg0dyn-150x100x100-00f0w010c011r110f110r010t010.jpg\"\n                    width=\"150\"\n                    height=\"100\"\n                    style=\"max-width:100%;\"\n                \/>\n            <\/a>\n        <\/div>\n\t\t\t\t\t\t\t<\/div> \n\t\t\t\n                            \n\t\t\t\t<div id=\"ngg-image-5\" class=\"ngg-gallery-thumbnail-box\" >\n\t\t\t\t        <div class=\"ngg-gallery-thumbnail\">\n            <a href=\"http:\/\/foto-passion.com\/wp-content\/gallery\/fotostrecke_jordanien_2019\/447_AP5A4502.jpg\"\n               title=\"&lt;strong&gt;Abendstimmung im Wadi Rum&lt;\/strong&gt;&lt;br \/&gt;Jordanien 2019&lt;br \/&gt;&lt;span style=&quot;font-size:85%;color:#949494;&quot;&gt;[Bild-Id: 16529]&lt;\/span&gt;\"\n               data-src=\"http:\/\/foto-passion.com\/wp-content\/gallery\/fotostrecke_jordanien_2019\/447_AP5A4502.jpg\"\n               data-thumbnail=\"http:\/\/foto-passion.com\/wp-content\/gallery\/fotostrecke_jordanien_2019\/thumbs\/thumbs_447_AP5A4502.jpg\"\n               data-image-id=\"16529\"\n               data-title=\"Abendstimmung im Wadi Rum\"\n               data-description=\"&lt;strong&gt;Abendstimmung im Wadi Rum&lt;\/strong&gt;&lt;br \/&gt;Jordanien 2019&lt;br \/&gt;&lt;span style=&quot;font-size:85%;color:#949494;&quot;&gt;[Bild-Id: 16529]&lt;\/span&gt;\"\n               data-image-slug=\"447_ap5a4502\"\n               class=\"ngg-simplelightbox\" rel=\"4eace6b4bcdadbeeed13d5accb9fe765\">\n                <img loading=\"lazy\"\n                    title=\"Abendstimmung im Wadi Rum\"\n                    alt=\"Abendstimmung im Wadi Rum\"\n                    src=\"http:\/\/foto-passion.com\/wp-content\/gallery\/fotostrecke_jordanien_2019\/cache\/447_AP5A4502.jpg-nggid0516529-ngg0dyn-150x100x100-00f0w010c011r110f110r010t010.jpg\"\n                    width=\"150\"\n                    height=\"100\"\n                    style=\"max-width:100%;\"\n                \/>\n            <\/a>\n        <\/div>\n\t\t\t\t\t\t\t<\/div> \n\t\t\t\n                            \n\t\t\n\t\t<div class=\"ngg-clear\"><\/div>\n\t<\/div>\n<\/p>\t\t\t\t\t<\/div>\n\t\t\t\t\t\t<\/div>\n\t\t\t\t<\/div>\n\t\t\t\t\t\t<\/div>\n\t\t\t\t\t<\/div>\n\t\t<\/div>\n\t\t\t\t\t\t\t\t<\/div>\n\t\t\t\t\t<\/div>\n\t\t<\/section>\n\t\t\t\t<section class=\"elementor-section elementor-top-section elementor-element elementor-element-a1eac28 elementor-section-boxed elementor-section-height-default elementor-section-height-default\" data-id=\"a1eac28\" data-element_type=\"section\">\n\t\t\t\t\t\t<div class=\"elementor-container elementor-column-gap-default\">\n\t\t\t\t\t\t\t<div class=\"elementor-row\">\n\t\t\t\t\t<div class=\"elementor-column elementor-col-100 elementor-top-column elementor-element elementor-element-7e8c732\" data-id=\"7e8c732\" data-element_type=\"column\">\n\t\t\t<div class=\"elementor-column-wrap elementor-element-populated\">\n\t\t\t\t\t\t\t<div class=\"elementor-widget-wrap\">\n\t\t\t\t\t\t<div class=\"elementor-element elementor-element-ac7092e elementor-widget elementor-widget-text-editor\" data-id=\"ac7092e\" data-element_type=\"widget\" data-widget_type=\"text-editor.default\">\n\t\t\t\t<div class=\"elementor-widget-container\">\n\t\t\t\t\t\t\t\t<div class=\"elementor-text-editor elementor-clearfix\">\n\t\t\t\t\t<p style=\"text-align: justify;\">14.10.2019\u00a0\u00a0\u00a0\u00a0 Wadi Rum \u201eWadi Rum Bedouine Camp\u201c<\/p><p style=\"text-align: justify;\">Heute Nacht war es sehr windig, richtig neblig und wahnsinnig warm. Wir haben gerade Vollmond, aber davon war nichts zu erkennen. Der Sternenhimmel ist quasi gerade nicht vorhanden. Aber es gibt hier sowieso schon viel zu viel Lichtquellen, so dass ein echter Nachthimmel gar nicht existiert.<\/p><p style=\"text-align: justify;\">Unsere heutige Tour soll in den s\u00fcdlichen Teil des Wadi Rum f\u00fchren. Diesmal f\u00e4hrt uns Cousin Hamza und heute begleitet uns ein junges belgisches Paar. Die Beiden zeigen uns schnell, dass sie mit uns nichts zu tun haben wollen. Sie sprechen weder mit uns, noch mit dem Guide. Hamza f\u00e4hrt &#8211; im Gegensatz zu Abdullah gestern \u2013 im Schneckentempo und das hei\u00dft, viel zu zeigen gibt es heute nicht. So ist es dann auch.<\/p>\t\t\t\t\t<\/div>\n\t\t\t\t\t\t<\/div>\n\t\t\t\t<\/div>\n\t\t\t\t\t\t<\/div>\n\t\t\t\t\t<\/div>\n\t\t<\/div>\n\t\t\t\t\t\t\t\t<\/div>\n\t\t\t\t\t<\/div>\n\t\t<\/section>\n\t\t\t\t<section class=\"elementor-section elementor-top-section elementor-element elementor-element-c6697de elementor-section-boxed elementor-section-height-default elementor-section-height-default\" data-id=\"c6697de\" data-element_type=\"section\">\n\t\t\t\t\t\t<div class=\"elementor-container elementor-column-gap-default\">\n\t\t\t\t\t\t\t<div class=\"elementor-row\">\n\t\t\t\t\t<div class=\"elementor-column elementor-col-100 elementor-top-column elementor-element elementor-element-ed1a4b1\" data-id=\"ed1a4b1\" data-element_type=\"column\">\n\t\t\t<div class=\"elementor-column-wrap elementor-element-populated\">\n\t\t\t\t\t\t\t<div class=\"elementor-widget-wrap\">\n\t\t\t\t\t\t<div class=\"elementor-element elementor-element-a8acb51 elementor-widget elementor-widget-text-editor\" data-id=\"a8acb51\" data-element_type=\"widget\" data-widget_type=\"text-editor.default\">\n\t\t\t\t<div class=\"elementor-widget-container\">\n\t\t\t\t\t\t\t\t<div class=\"elementor-text-editor elementor-clearfix\">\n\t\t\t\t\t<p style=\"text-align: left;\"><!-- index.php -->\n<div\n\tclass=\"ngg-galleryoverview ngg-ajax-pagination-none\"\n\tid=\"ngg-gallery-50e27ed689dbc52f866dff83673158d6-1\">\n\n    \t\t<!-- Thumbnails -->\n\t\t\t\t<div id=\"ngg-image-0\" class=\"ngg-gallery-thumbnail-box\" >\n\t\t\t\t        <div class=\"ngg-gallery-thumbnail\">\n            <a href=\"http:\/\/foto-passion.com\/wp-content\/gallery\/fotostrecke_jordanien_2019\/448_AP5A4113.jpg\"\n               title=\"&lt;strong&gt;Im Wadi Rum&lt;\/strong&gt;&lt;br \/&gt;Jordanien 2019&lt;br \/&gt;&lt;span style=&quot;font-size:85%;color:#949494;&quot;&gt;[Bild-Id: 16491]&lt;\/span&gt;\"\n               data-src=\"http:\/\/foto-passion.com\/wp-content\/gallery\/fotostrecke_jordanien_2019\/448_AP5A4113.jpg\"\n               data-thumbnail=\"http:\/\/foto-passion.com\/wp-content\/gallery\/fotostrecke_jordanien_2019\/thumbs\/thumbs_448_AP5A4113.jpg\"\n               data-image-id=\"16491\"\n               data-title=\"Im Wadi Rum\"\n               data-description=\"&lt;strong&gt;Im Wadi Rum&lt;\/strong&gt;&lt;br \/&gt;Jordanien 2019&lt;br \/&gt;&lt;span style=&quot;font-size:85%;color:#949494;&quot;&gt;[Bild-Id: 16491]&lt;\/span&gt;\"\n               data-image-slug=\"448_ap5a4113\"\n               class=\"ngg-simplelightbox\" rel=\"50e27ed689dbc52f866dff83673158d6\">\n                <img loading=\"lazy\"\n                    title=\"Im Wadi Rum\"\n                    alt=\"Im Wadi Rum\"\n                    src=\"http:\/\/foto-passion.com\/wp-content\/gallery\/fotostrecke_jordanien_2019\/cache\/448_AP5A4113.jpg-nggid0516491-ngg0dyn-150x100x100-00f0w010c011r110f110r010t010.jpg\"\n                    width=\"150\"\n                    height=\"100\"\n                    style=\"max-width:100%;\"\n                \/>\n            <\/a>\n        <\/div>\n\t\t\t\t\t\t\t<\/div> \n\t\t\t\n                            \n\t\t\t\t<div id=\"ngg-image-1\" class=\"ngg-gallery-thumbnail-box\" >\n\t\t\t\t        <div class=\"ngg-gallery-thumbnail\">\n            <a href=\"http:\/\/foto-passion.com\/wp-content\/gallery\/fotostrecke_jordanien_2019\/449_AP5A4519.jpg\"\n               title=\"&lt;strong&gt;Im Wadi Rum&lt;\/strong&gt;&lt;br \/&gt;Jordanien 2019&lt;br \/&gt;&lt;span style=&quot;font-size:85%;color:#949494;&quot;&gt;[Bild-Id: 16530]&lt;\/span&gt;\"\n               data-src=\"http:\/\/foto-passion.com\/wp-content\/gallery\/fotostrecke_jordanien_2019\/449_AP5A4519.jpg\"\n               data-thumbnail=\"http:\/\/foto-passion.com\/wp-content\/gallery\/fotostrecke_jordanien_2019\/thumbs\/thumbs_449_AP5A4519.jpg\"\n               data-image-id=\"16530\"\n               data-title=\"Im Wadi Rum\"\n               data-description=\"&lt;strong&gt;Im Wadi Rum&lt;\/strong&gt;&lt;br \/&gt;Jordanien 2019&lt;br \/&gt;&lt;span style=&quot;font-size:85%;color:#949494;&quot;&gt;[Bild-Id: 16530]&lt;\/span&gt;\"\n               data-image-slug=\"449_ap5a4519\"\n               class=\"ngg-simplelightbox\" rel=\"50e27ed689dbc52f866dff83673158d6\">\n                <img loading=\"lazy\"\n                    title=\"Im Wadi Rum\"\n                    alt=\"Im Wadi Rum\"\n                    src=\"http:\/\/foto-passion.com\/wp-content\/gallery\/fotostrecke_jordanien_2019\/cache\/449_AP5A4519.jpg-nggid0516530-ngg0dyn-150x100x100-00f0w010c011r110f110r010t010.jpg\"\n                    width=\"150\"\n                    height=\"100\"\n                    style=\"max-width:100%;\"\n                \/>\n            <\/a>\n        <\/div>\n\t\t\t\t\t\t\t<\/div> \n\t\t\t\n                            \n\t\t\t\t<div id=\"ngg-image-2\" class=\"ngg-gallery-thumbnail-box\" >\n\t\t\t\t        <div class=\"ngg-gallery-thumbnail\">\n            <a href=\"http:\/\/foto-passion.com\/wp-content\/gallery\/fotostrecke_jordanien_2019\/450_AP5A4523.jpg\"\n               title=\"&lt;strong&gt;Im Wadi Rum&lt;\/strong&gt;&lt;br \/&gt;Jordanien 2019&lt;br \/&gt;&lt;span style=&quot;font-size:85%;color:#949494;&quot;&gt;[Bild-Id: 16531]&lt;\/span&gt;\"\n               data-src=\"http:\/\/foto-passion.com\/wp-content\/gallery\/fotostrecke_jordanien_2019\/450_AP5A4523.jpg\"\n               data-thumbnail=\"http:\/\/foto-passion.com\/wp-content\/gallery\/fotostrecke_jordanien_2019\/thumbs\/thumbs_450_AP5A4523.jpg\"\n               data-image-id=\"16531\"\n               data-title=\"Im Wadi Rum\"\n               data-description=\"&lt;strong&gt;Im Wadi Rum&lt;\/strong&gt;&lt;br \/&gt;Jordanien 2019&lt;br \/&gt;&lt;span style=&quot;font-size:85%;color:#949494;&quot;&gt;[Bild-Id: 16531]&lt;\/span&gt;\"\n               data-image-slug=\"450_ap5a4523\"\n               class=\"ngg-simplelightbox\" rel=\"50e27ed689dbc52f866dff83673158d6\">\n                <img loading=\"lazy\"\n                    title=\"Im Wadi Rum\"\n                    alt=\"Im Wadi Rum\"\n                    src=\"http:\/\/foto-passion.com\/wp-content\/gallery\/fotostrecke_jordanien_2019\/cache\/450_AP5A4523.jpg-nggid0516531-ngg0dyn-150x100x100-00f0w010c011r110f110r010t010.jpg\"\n                    width=\"150\"\n                    height=\"100\"\n                    style=\"max-width:100%;\"\n                \/>\n            <\/a>\n        <\/div>\n\t\t\t\t\t\t\t<\/div> \n\t\t\t\n                            \n\t\t\t\t<div id=\"ngg-image-3\" class=\"ngg-gallery-thumbnail-box\" >\n\t\t\t\t        <div class=\"ngg-gallery-thumbnail\">\n            <a href=\"http:\/\/foto-passion.com\/wp-content\/gallery\/fotostrecke_jordanien_2019\/451_AP5A4531.jpg\"\n               title=\"&lt;strong&gt;Im Wadi Rum&lt;\/strong&gt;&lt;br \/&gt;Jordanien 2019&lt;br \/&gt;&lt;span style=&quot;font-size:85%;color:#949494;&quot;&gt;[Bild-Id: 16532]&lt;\/span&gt;\"\n               data-src=\"http:\/\/foto-passion.com\/wp-content\/gallery\/fotostrecke_jordanien_2019\/451_AP5A4531.jpg\"\n               data-thumbnail=\"http:\/\/foto-passion.com\/wp-content\/gallery\/fotostrecke_jordanien_2019\/thumbs\/thumbs_451_AP5A4531.jpg\"\n               data-image-id=\"16532\"\n               data-title=\"Im Wadi Rum\"\n               data-description=\"&lt;strong&gt;Im Wadi Rum&lt;\/strong&gt;&lt;br \/&gt;Jordanien 2019&lt;br \/&gt;&lt;span style=&quot;font-size:85%;color:#949494;&quot;&gt;[Bild-Id: 16532]&lt;\/span&gt;\"\n               data-image-slug=\"451_ap5a4531\"\n               class=\"ngg-simplelightbox\" rel=\"50e27ed689dbc52f866dff83673158d6\">\n                <img loading=\"lazy\"\n                    title=\"Im Wadi Rum\"\n                    alt=\"Im Wadi Rum\"\n                    src=\"http:\/\/foto-passion.com\/wp-content\/gallery\/fotostrecke_jordanien_2019\/cache\/451_AP5A4531.jpg-nggid0516532-ngg0dyn-150x100x100-00f0w010c011r110f110r010t010.jpg\"\n                    width=\"150\"\n                    height=\"100\"\n                    style=\"max-width:100%;\"\n                \/>\n            <\/a>\n        <\/div>\n\t\t\t\t\t\t\t<\/div> \n\t\t\t\n                                    <br style=\"clear: both\" \/>\n                    \n\t\t\n\t\t<div class=\"ngg-clear\"><\/div>\n\t<\/div>\n<\/p>\t\t\t\t\t<\/div>\n\t\t\t\t\t\t<\/div>\n\t\t\t\t<\/div>\n\t\t\t\t\t\t<\/div>\n\t\t\t\t\t<\/div>\n\t\t<\/div>\n\t\t\t\t\t\t\t\t<\/div>\n\t\t\t\t\t<\/div>\n\t\t<\/section>\n\t\t\t\t<section class=\"elementor-section elementor-top-section elementor-element elementor-element-196072d elementor-section-boxed elementor-section-height-default elementor-section-height-default\" data-id=\"196072d\" data-element_type=\"section\">\n\t\t\t\t\t\t<div class=\"elementor-container elementor-column-gap-default\">\n\t\t\t\t\t\t\t<div class=\"elementor-row\">\n\t\t\t\t\t<div class=\"elementor-column elementor-col-100 elementor-top-column elementor-element elementor-element-213bcdb\" data-id=\"213bcdb\" data-element_type=\"column\">\n\t\t\t<div class=\"elementor-column-wrap elementor-element-populated\">\n\t\t\t\t\t\t\t<div class=\"elementor-widget-wrap\">\n\t\t\t\t\t\t<div class=\"elementor-element elementor-element-91b62b5 elementor-widget elementor-widget-text-editor\" data-id=\"91b62b5\" data-element_type=\"widget\" data-widget_type=\"text-editor.default\">\n\t\t\t\t<div class=\"elementor-widget-container\">\n\t\t\t\t\t\t\t\t<div class=\"elementor-text-editor elementor-clearfix\">\n\t\t\t\t\t<p style=\"text-align: justify;\">Erst gibt es einen Aussichtspunkt und von da aus l\u00e4sst er uns eine Stunde laufen. Das ist an sich jetzt nicht so schlimm, aber heute gibt es drei m\u00f6gliche Wege und so verl\u00e4uft sich das belgische Paar exakt dreimal. Wir laufen hinten dran und sind gut beraten, auf die Spuren im Sand zu achten. So sehen wir, wo zuletzt ein Auto gefahren ist. Immerhin scheint mittags um 11 Uhr die Sonne schon recht ordentlich. Hamza hat es sich derweil im Schatten gem\u00fctlich gemacht und wartet auf uns. Da muss er allerdings eine Weile warten, denn unterwegs treffen wir auf Beduinen, die im Schatten der Felsen mit Kameldung (schwarz) und Steinen (wei\u00df) im Sand ein \u201eBrettspiel\u201c spielen. Zwischendurch wird gen\u00fcsslich an der Wasserpfeife gezogen. Die M\u00e4nner nehmen die Sache sehr ernst und sind hoch konzentriert bei der Sache.<\/p>\t\t\t\t\t<\/div>\n\t\t\t\t\t\t<\/div>\n\t\t\t\t<\/div>\n\t\t\t\t\t\t<\/div>\n\t\t\t\t\t<\/div>\n\t\t<\/div>\n\t\t\t\t\t\t\t\t<\/div>\n\t\t\t\t\t<\/div>\n\t\t<\/section>\n\t\t\t\t<section class=\"elementor-section elementor-top-section elementor-element elementor-element-8d41a52 elementor-section-boxed elementor-section-height-default elementor-section-height-default\" data-id=\"8d41a52\" data-element_type=\"section\">\n\t\t\t\t\t\t<div class=\"elementor-container elementor-column-gap-default\">\n\t\t\t\t\t\t\t<div class=\"elementor-row\">\n\t\t\t\t\t<div class=\"elementor-column elementor-col-100 elementor-top-column elementor-element elementor-element-574321d\" data-id=\"574321d\" data-element_type=\"column\">\n\t\t\t<div class=\"elementor-column-wrap elementor-element-populated\">\n\t\t\t\t\t\t\t<div class=\"elementor-widget-wrap\">\n\t\t\t\t\t\t<div class=\"elementor-element elementor-element-de5ad40 elementor-widget elementor-widget-text-editor\" data-id=\"de5ad40\" data-element_type=\"widget\" data-widget_type=\"text-editor.default\">\n\t\t\t\t<div class=\"elementor-widget-container\">\n\t\t\t\t\t\t\t\t<div class=\"elementor-text-editor elementor-clearfix\">\n\t\t\t\t\t<p style=\"text-align: left;\"><!-- index.php -->\n<div\n\tclass=\"ngg-galleryoverview ngg-ajax-pagination-none\"\n\tid=\"ngg-gallery-0aef8adb8006a8cec993075196afde71-1\">\n\n    \t\t<!-- Thumbnails -->\n\t\t\t\t<div id=\"ngg-image-0\" class=\"ngg-gallery-thumbnail-box\" >\n\t\t\t\t        <div class=\"ngg-gallery-thumbnail\">\n            <a href=\"http:\/\/foto-passion.com\/wp-content\/gallery\/fotostrecke_jordanien_2019\/461_AP5A4682.jpg\"\n               title=\"&lt;strong&gt;&quot;Brettspiel&quot; der Beduinen&lt;\/strong&gt;&lt;br \/&gt;Jordanien 2019&lt;br \/&gt;&lt;span style=&quot;font-size:85%;color:#949494;&quot;&gt;[Bild-Id: 16541]&lt;\/span&gt;\"\n               data-src=\"http:\/\/foto-passion.com\/wp-content\/gallery\/fotostrecke_jordanien_2019\/461_AP5A4682.jpg\"\n               data-thumbnail=\"http:\/\/foto-passion.com\/wp-content\/gallery\/fotostrecke_jordanien_2019\/thumbs\/thumbs_461_AP5A4682.jpg\"\n               data-image-id=\"16541\"\n               data-title=\"&quot;Brettspiel&quot; der Beduinen\"\n               data-description=\"&lt;strong&gt;&quot;Brettspiel&quot; der Beduinen&lt;\/strong&gt;&lt;br \/&gt;Jordanien 2019&lt;br \/&gt;&lt;span style=&quot;font-size:85%;color:#949494;&quot;&gt;[Bild-Id: 16541]&lt;\/span&gt;\"\n               data-image-slug=\"461_ap5a4682\"\n               class=\"ngg-simplelightbox\" rel=\"0aef8adb8006a8cec993075196afde71\">\n                <img loading=\"lazy\"\n                    title=\"&quot;Brettspiel&quot; der Beduinen\"\n                    alt=\"&quot;Brettspiel&quot; der Beduinen\"\n                    src=\"http:\/\/foto-passion.com\/wp-content\/gallery\/fotostrecke_jordanien_2019\/cache\/461_AP5A4682.jpg-nggid0516541-ngg0dyn-150x100x100-00f0w010c011r110f110r010t010.jpg\"\n                    width=\"150\"\n                    height=\"100\"\n                    style=\"max-width:100%;\"\n                \/>\n            <\/a>\n        <\/div>\n\t\t\t\t\t\t\t<\/div> \n\t\t\t\n                            \n\t\t\t\t<div id=\"ngg-image-1\" class=\"ngg-gallery-thumbnail-box\" >\n\t\t\t\t        <div class=\"ngg-gallery-thumbnail\">\n            <a href=\"http:\/\/foto-passion.com\/wp-content\/gallery\/fotostrecke_jordanien_2019\/462_AP5A4683.jpg\"\n               title=\"&lt;strong&gt;&quot;Brettspiel&quot; der Beduinen&lt;\/strong&gt;&lt;br \/&gt;Jordanien 2019&lt;br \/&gt;&lt;span style=&quot;font-size:85%;color:#949494;&quot;&gt;[Bild-Id: 16542]&lt;\/span&gt;\"\n               data-src=\"http:\/\/foto-passion.com\/wp-content\/gallery\/fotostrecke_jordanien_2019\/462_AP5A4683.jpg\"\n               data-thumbnail=\"http:\/\/foto-passion.com\/wp-content\/gallery\/fotostrecke_jordanien_2019\/thumbs\/thumbs_462_AP5A4683.jpg\"\n               data-image-id=\"16542\"\n               data-title=\"&quot;Brettspiel&quot; der Beduinen\"\n               data-description=\"&lt;strong&gt;&quot;Brettspiel&quot; der Beduinen&lt;\/strong&gt;&lt;br \/&gt;Jordanien 2019&lt;br \/&gt;&lt;span style=&quot;font-size:85%;color:#949494;&quot;&gt;[Bild-Id: 16542]&lt;\/span&gt;\"\n               data-image-slug=\"462_ap5a4683\"\n               class=\"ngg-simplelightbox\" rel=\"0aef8adb8006a8cec993075196afde71\">\n                <img loading=\"lazy\"\n                    title=\"&quot;Brettspiel&quot; der Beduinen\"\n                    alt=\"&quot;Brettspiel&quot; der Beduinen\"\n                    src=\"http:\/\/foto-passion.com\/wp-content\/gallery\/fotostrecke_jordanien_2019\/cache\/462_AP5A4683.jpg-nggid0516542-ngg0dyn-150x100x100-00f0w010c011r110f110r010t010.jpg\"\n                    width=\"150\"\n                    height=\"100\"\n                    style=\"max-width:100%;\"\n                \/>\n            <\/a>\n        <\/div>\n\t\t\t\t\t\t\t<\/div> \n\t\t\t\n                            \n\t\t\t\t<div id=\"ngg-image-2\" class=\"ngg-gallery-thumbnail-box\" >\n\t\t\t\t        <div class=\"ngg-gallery-thumbnail\">\n            <a href=\"http:\/\/foto-passion.com\/wp-content\/gallery\/fotostrecke_jordanien_2019\/463_AP5A4689.jpg\"\n               title=\"&lt;strong&gt;&quot;Brettspiel&quot; der Beduinen&lt;\/strong&gt;&lt;br \/&gt;Jordanien 2019&lt;br \/&gt;&lt;span style=&quot;font-size:85%;color:#949494;&quot;&gt;[Bild-Id: 16543]&lt;\/span&gt;\"\n               data-src=\"http:\/\/foto-passion.com\/wp-content\/gallery\/fotostrecke_jordanien_2019\/463_AP5A4689.jpg\"\n               data-thumbnail=\"http:\/\/foto-passion.com\/wp-content\/gallery\/fotostrecke_jordanien_2019\/thumbs\/thumbs_463_AP5A4689.jpg\"\n               data-image-id=\"16543\"\n               data-title=\"&quot;Brettspiel&quot; der Beduinen\"\n               data-description=\"&lt;strong&gt;&quot;Brettspiel&quot; der Beduinen&lt;\/strong&gt;&lt;br \/&gt;Jordanien 2019&lt;br \/&gt;&lt;span style=&quot;font-size:85%;color:#949494;&quot;&gt;[Bild-Id: 16543]&lt;\/span&gt;\"\n               data-image-slug=\"463_ap5a4689\"\n               class=\"ngg-simplelightbox\" rel=\"0aef8adb8006a8cec993075196afde71\">\n                <img loading=\"lazy\"\n                    title=\"&quot;Brettspiel&quot; der Beduinen\"\n                    alt=\"&quot;Brettspiel&quot; der Beduinen\"\n                    src=\"http:\/\/foto-passion.com\/wp-content\/gallery\/fotostrecke_jordanien_2019\/cache\/463_AP5A4689.jpg-nggid0516543-ngg0dyn-150x100x100-00f0w010c011r110f110r010t010.jpg\"\n                    width=\"150\"\n                    height=\"100\"\n                    style=\"max-width:100%;\"\n                \/>\n            <\/a>\n        <\/div>\n\t\t\t\t\t\t\t<\/div> \n\t\t\t\n                            \n\t\t\n\t\t<div class=\"ngg-clear\"><\/div>\n\t<\/div>\n<\/p>\t\t\t\t\t<\/div>\n\t\t\t\t\t\t<\/div>\n\t\t\t\t<\/div>\n\t\t\t\t\t\t<\/div>\n\t\t\t\t\t<\/div>\n\t\t<\/div>\n\t\t\t\t\t\t\t\t<\/div>\n\t\t\t\t\t<\/div>\n\t\t<\/section>\n\t\t\t\t<section class=\"elementor-section elementor-top-section elementor-element elementor-element-c076e44 elementor-section-boxed elementor-section-height-default elementor-section-height-default\" data-id=\"c076e44\" data-element_type=\"section\">\n\t\t\t\t\t\t<div class=\"elementor-container elementor-column-gap-default\">\n\t\t\t\t\t\t\t<div class=\"elementor-row\">\n\t\t\t\t\t<div class=\"elementor-column elementor-col-100 elementor-top-column elementor-element elementor-element-ef31081\" data-id=\"ef31081\" data-element_type=\"column\">\n\t\t\t<div class=\"elementor-column-wrap elementor-element-populated\">\n\t\t\t\t\t\t\t<div class=\"elementor-widget-wrap\">\n\t\t\t\t\t\t<div class=\"elementor-element elementor-element-2c74500 elementor-widget elementor-widget-text-editor\" data-id=\"2c74500\" data-element_type=\"widget\" data-widget_type=\"text-editor.default\">\n\t\t\t\t<div class=\"elementor-widget-container\">\n\t\t\t\t\t\t\t\t<div class=\"elementor-text-editor elementor-clearfix\">\n\t\t\t\t\t<p>Auf dem weiteren Weg entdecke ich sogar eine kleine W\u00fcstenlilie, die im Schatten der Felsen gedeiht.<\/p>\t\t\t\t\t<\/div>\n\t\t\t\t\t\t<\/div>\n\t\t\t\t<\/div>\n\t\t\t\t\t\t<\/div>\n\t\t\t\t\t<\/div>\n\t\t<\/div>\n\t\t\t\t\t\t\t\t<\/div>\n\t\t\t\t\t<\/div>\n\t\t<\/section>\n\t\t\t\t<section class=\"elementor-section elementor-top-section elementor-element elementor-element-4a9eedf elementor-section-boxed elementor-section-height-default elementor-section-height-default\" data-id=\"4a9eedf\" data-element_type=\"section\">\n\t\t\t\t\t\t<div class=\"elementor-container elementor-column-gap-default\">\n\t\t\t\t\t\t\t<div class=\"elementor-row\">\n\t\t\t\t\t<div class=\"elementor-column elementor-col-100 elementor-top-column elementor-element elementor-element-2e02e6c\" data-id=\"2e02e6c\" data-element_type=\"column\">\n\t\t\t<div class=\"elementor-column-wrap elementor-element-populated\">\n\t\t\t\t\t\t\t<div class=\"elementor-widget-wrap\">\n\t\t\t\t\t\t<div class=\"elementor-element elementor-element-c0e3f34 elementor-widget elementor-widget-text-editor\" data-id=\"c0e3f34\" data-element_type=\"widget\" data-widget_type=\"text-editor.default\">\n\t\t\t\t<div class=\"elementor-widget-container\">\n\t\t\t\t\t\t\t\t<div class=\"elementor-text-editor elementor-clearfix\">\n\t\t\t\t\t<p style=\"text-align: left;\"><!-- index.php -->\n<div\n\tclass=\"ngg-galleryoverview ngg-ajax-pagination-none\"\n\tid=\"ngg-gallery-bd4ea8191919a8a01e8d68cbf44a33b3-1\">\n\n    \t\t<!-- Thumbnails -->\n\t\t\t\t<div id=\"ngg-image-0\" class=\"ngg-gallery-thumbnail-box\" >\n\t\t\t\t        <div class=\"ngg-gallery-thumbnail\">\n            <a href=\"http:\/\/foto-passion.com\/wp-content\/gallery\/fotostrecke_jordanien_2019\/464_AP5A4700.jpg\"\n               title=\"&lt;strong&gt;Kleine W\u00fcstenblume&lt;\/strong&gt;&lt;br \/&gt;Jordanien 2019&lt;br \/&gt;&lt;span style=&quot;font-size:85%;color:#949494;&quot;&gt;[Bild-Id: 16545]&lt;\/span&gt;\"\n               data-src=\"http:\/\/foto-passion.com\/wp-content\/gallery\/fotostrecke_jordanien_2019\/464_AP5A4700.jpg\"\n               data-thumbnail=\"http:\/\/foto-passion.com\/wp-content\/gallery\/fotostrecke_jordanien_2019\/thumbs\/thumbs_464_AP5A4700.jpg\"\n               data-image-id=\"16545\"\n               data-title=\"Kleine W\u00fcstenblume\"\n               data-description=\"&lt;strong&gt;Kleine W\u00fcstenblume&lt;\/strong&gt;&lt;br \/&gt;Jordanien 2019&lt;br \/&gt;&lt;span style=&quot;font-size:85%;color:#949494;&quot;&gt;[Bild-Id: 16545]&lt;\/span&gt;\"\n               data-image-slug=\"464_ap5a4700\"\n               class=\"ngg-simplelightbox\" rel=\"bd4ea8191919a8a01e8d68cbf44a33b3\">\n                <img loading=\"lazy\"\n                    title=\"Kleine W\u00fcstenblume\"\n                    alt=\"Kleine W\u00fcstenblume\"\n                    src=\"http:\/\/foto-passion.com\/wp-content\/gallery\/fotostrecke_jordanien_2019\/cache\/464_AP5A4700.jpg-nggid0516545-ngg0dyn-150x100x100-00f0w010c011r110f110r010t010.jpg\"\n                    width=\"150\"\n                    height=\"100\"\n                    style=\"max-width:100%;\"\n                \/>\n            <\/a>\n        <\/div>\n\t\t\t\t\t\t\t<\/div> \n\t\t\t\n                            \n\t\t\t\t<div id=\"ngg-image-1\" class=\"ngg-gallery-thumbnail-box\" >\n\t\t\t\t        <div class=\"ngg-gallery-thumbnail\">\n            <a href=\"http:\/\/foto-passion.com\/wp-content\/gallery\/fotostrecke_jordanien_2019\/465_AP5A4768.jpg\"\n               title=\"&lt;strong&gt;Im Wadi Rum&lt;\/strong&gt;&lt;br \/&gt;Jordanien 2019&lt;br \/&gt;&lt;span style=&quot;font-size:85%;color:#949494;&quot;&gt;[Bild-Id: 16549]&lt;\/span&gt;\"\n               data-src=\"http:\/\/foto-passion.com\/wp-content\/gallery\/fotostrecke_jordanien_2019\/465_AP5A4768.jpg\"\n               data-thumbnail=\"http:\/\/foto-passion.com\/wp-content\/gallery\/fotostrecke_jordanien_2019\/thumbs\/thumbs_465_AP5A4768.jpg\"\n               data-image-id=\"16549\"\n               data-title=\"Im Wadi Rum\"\n               data-description=\"&lt;strong&gt;Im Wadi Rum&lt;\/strong&gt;&lt;br \/&gt;Jordanien 2019&lt;br \/&gt;&lt;span style=&quot;font-size:85%;color:#949494;&quot;&gt;[Bild-Id: 16549]&lt;\/span&gt;\"\n               data-image-slug=\"465_ap5a4768\"\n               class=\"ngg-simplelightbox\" rel=\"bd4ea8191919a8a01e8d68cbf44a33b3\">\n                <img loading=\"lazy\"\n                    title=\"Im Wadi Rum\"\n                    alt=\"Im Wadi Rum\"\n                    src=\"http:\/\/foto-passion.com\/wp-content\/gallery\/fotostrecke_jordanien_2019\/cache\/465_AP5A4768.jpg-nggid0516549-ngg0dyn-150x100x100-00f0w010c011r110f110r010t010.jpg\"\n                    width=\"150\"\n                    height=\"100\"\n                    style=\"max-width:100%;\"\n                \/>\n            <\/a>\n        <\/div>\n\t\t\t\t\t\t\t<\/div> \n\t\t\t\n                            \n\t\t\t\t<div id=\"ngg-image-2\" class=\"ngg-gallery-thumbnail-box\" >\n\t\t\t\t        <div class=\"ngg-gallery-thumbnail\">\n            <a href=\"http:\/\/foto-passion.com\/wp-content\/gallery\/fotostrecke_jordanien_2019\/466_AP5A4769.jpg\"\n               title=\"&lt;strong&gt;Im Wadi Rum&lt;\/strong&gt;&lt;br \/&gt;Jordanien 2019&lt;br \/&gt;&lt;span style=&quot;font-size:85%;color:#949494;&quot;&gt;[Bild-Id: 16550]&lt;\/span&gt;\"\n               data-src=\"http:\/\/foto-passion.com\/wp-content\/gallery\/fotostrecke_jordanien_2019\/466_AP5A4769.jpg\"\n               data-thumbnail=\"http:\/\/foto-passion.com\/wp-content\/gallery\/fotostrecke_jordanien_2019\/thumbs\/thumbs_466_AP5A4769.jpg\"\n               data-image-id=\"16550\"\n               data-title=\"Im Wadi Rum\"\n               data-description=\"&lt;strong&gt;Im Wadi Rum&lt;\/strong&gt;&lt;br \/&gt;Jordanien 2019&lt;br \/&gt;&lt;span style=&quot;font-size:85%;color:#949494;&quot;&gt;[Bild-Id: 16550]&lt;\/span&gt;\"\n               data-image-slug=\"466_ap5a4769\"\n               class=\"ngg-simplelightbox\" rel=\"bd4ea8191919a8a01e8d68cbf44a33b3\">\n                <img loading=\"lazy\"\n                    title=\"Im Wadi Rum\"\n                    alt=\"Im Wadi Rum\"\n                    src=\"http:\/\/foto-passion.com\/wp-content\/gallery\/fotostrecke_jordanien_2019\/cache\/466_AP5A4769.jpg-nggid0516550-ngg0dyn-150x100x100-00f0w010c011r110f110r010t010.jpg\"\n                    width=\"150\"\n                    height=\"100\"\n                    style=\"max-width:100%;\"\n                \/>\n            <\/a>\n        <\/div>\n\t\t\t\t\t\t\t<\/div> \n\t\t\t\n                            \n\t\t\t\t<div id=\"ngg-image-3\" class=\"ngg-gallery-thumbnail-box\" >\n\t\t\t\t        <div class=\"ngg-gallery-thumbnail\">\n            <a href=\"http:\/\/foto-passion.com\/wp-content\/gallery\/fotostrecke_jordanien_2019\/467_AP5A4774.jpg\"\n               title=\"&lt;strong&gt;Im Wadi Rum&lt;\/strong&gt;&lt;br \/&gt;Jordanien 2019&lt;br \/&gt;&lt;span style=&quot;font-size:85%;color:#949494;&quot;&gt;[Bild-Id: 16551]&lt;\/span&gt;\"\n               data-src=\"http:\/\/foto-passion.com\/wp-content\/gallery\/fotostrecke_jordanien_2019\/467_AP5A4774.jpg\"\n               data-thumbnail=\"http:\/\/foto-passion.com\/wp-content\/gallery\/fotostrecke_jordanien_2019\/thumbs\/thumbs_467_AP5A4774.jpg\"\n               data-image-id=\"16551\"\n               data-title=\"Im Wadi Rum\"\n               data-description=\"&lt;strong&gt;Im Wadi Rum&lt;\/strong&gt;&lt;br \/&gt;Jordanien 2019&lt;br \/&gt;&lt;span style=&quot;font-size:85%;color:#949494;&quot;&gt;[Bild-Id: 16551]&lt;\/span&gt;\"\n               data-image-slug=\"467_ap5a4774\"\n               class=\"ngg-simplelightbox\" rel=\"bd4ea8191919a8a01e8d68cbf44a33b3\">\n                <img loading=\"lazy\"\n                    title=\"Im Wadi Rum\"\n                    alt=\"Im Wadi Rum\"\n                    src=\"http:\/\/foto-passion.com\/wp-content\/gallery\/fotostrecke_jordanien_2019\/cache\/467_AP5A4774.jpg-nggid0516551-ngg0dyn-150x100x100-00f0w010c011r110f110r010t010.jpg\"\n                    width=\"150\"\n                    height=\"100\"\n                    style=\"max-width:100%;\"\n                \/>\n            <\/a>\n        <\/div>\n\t\t\t\t\t\t\t<\/div> \n\t\t\t\n                                    <br style=\"clear: both\" \/>\n                    \n\t\t\n\t\t<div class=\"ngg-clear\"><\/div>\n\t<\/div>\n<\/p>\t\t\t\t\t<\/div>\n\t\t\t\t\t\t<\/div>\n\t\t\t\t<\/div>\n\t\t\t\t\t\t<\/div>\n\t\t\t\t\t<\/div>\n\t\t<\/div>\n\t\t\t\t\t\t\t\t<\/div>\n\t\t\t\t\t<\/div>\n\t\t<\/section>\n\t\t\t\t<section class=\"elementor-section elementor-top-section elementor-element elementor-element-13f5423 elementor-section-boxed elementor-section-height-default elementor-section-height-default\" data-id=\"13f5423\" data-element_type=\"section\">\n\t\t\t\t\t\t<div class=\"elementor-container elementor-column-gap-default\">\n\t\t\t\t\t\t\t<div class=\"elementor-row\">\n\t\t\t\t\t<div class=\"elementor-column elementor-col-100 elementor-top-column elementor-element elementor-element-2d9b097\" data-id=\"2d9b097\" data-element_type=\"column\">\n\t\t\t<div class=\"elementor-column-wrap elementor-element-populated\">\n\t\t\t\t\t\t\t<div class=\"elementor-widget-wrap\">\n\t\t\t\t\t\t<div class=\"elementor-element elementor-element-b720d31 elementor-widget elementor-widget-text-editor\" data-id=\"b720d31\" data-element_type=\"widget\" data-widget_type=\"text-editor.default\">\n\t\t\t\t<div class=\"elementor-widget-container\">\n\t\t\t\t\t\t\t\t<div class=\"elementor-text-editor elementor-clearfix\">\n\t\t\t\t\t<p style=\"text-align: justify;\">Nachdem wir Hamza erreicht haben, f\u00e4hrt er uns wieder ein St\u00fcck und nur, wenn wir ihm aufs Dach klopfen, h\u00e4lt er an. Der s\u00fcdliche Teil, der sich bis an die Saudi-Arabische Grenze erstreckt, ist nichts Besonderes. Die Felsen sehen nicht anders aus als im gestrigen Teil des Wadi Rum. Lediglich weniger Fahrzeuge sind unterwegs.<\/p>\t\t\t\t\t<\/div>\n\t\t\t\t\t\t<\/div>\n\t\t\t\t<\/div>\n\t\t\t\t\t\t<\/div>\n\t\t\t\t\t<\/div>\n\t\t<\/div>\n\t\t\t\t\t\t\t\t<\/div>\n\t\t\t\t\t<\/div>\n\t\t<\/section>\n\t\t\t\t<section class=\"elementor-section elementor-top-section elementor-element elementor-element-5c93233 elementor-section-boxed elementor-section-height-default elementor-section-height-default\" data-id=\"5c93233\" data-element_type=\"section\">\n\t\t\t\t\t\t<div class=\"elementor-container elementor-column-gap-default\">\n\t\t\t\t\t\t\t<div class=\"elementor-row\">\n\t\t\t\t\t<div class=\"elementor-column elementor-col-100 elementor-top-column elementor-element elementor-element-300e2e4\" data-id=\"300e2e4\" data-element_type=\"column\">\n\t\t\t<div class=\"elementor-column-wrap elementor-element-populated\">\n\t\t\t\t\t\t\t<div class=\"elementor-widget-wrap\">\n\t\t\t\t\t\t<div class=\"elementor-element elementor-element-95e637f elementor-widget elementor-widget-text-editor\" data-id=\"95e637f\" data-element_type=\"widget\" data-widget_type=\"text-editor.default\">\n\t\t\t\t<div class=\"elementor-widget-container\">\n\t\t\t\t\t\t\t\t<div class=\"elementor-text-editor elementor-clearfix\">\n\t\t\t\t\t<p style=\"text-align: left;\"><!-- index.php -->\n<div\n\tclass=\"ngg-galleryoverview ngg-ajax-pagination-none\"\n\tid=\"ngg-gallery-6c81a8ec35704524bc42f1a650c7444b-1\">\n\n    \t\t<!-- Thumbnails -->\n\t\t\t\t<div id=\"ngg-image-0\" class=\"ngg-gallery-thumbnail-box\" >\n\t\t\t\t        <div class=\"ngg-gallery-thumbnail\">\n            <a href=\"http:\/\/foto-passion.com\/wp-content\/gallery\/fotostrecke_jordanien_2019\/452_AP5A4570.jpg\"\n               title=\"&lt;strong&gt;Im Wadi Rum&lt;\/strong&gt;&lt;br \/&gt;Jordanien 2019&lt;br \/&gt;&lt;span style=&quot;font-size:85%;color:#949494;&quot;&gt;[Bild-Id: 16536]&lt;\/span&gt;\"\n               data-src=\"http:\/\/foto-passion.com\/wp-content\/gallery\/fotostrecke_jordanien_2019\/452_AP5A4570.jpg\"\n               data-thumbnail=\"http:\/\/foto-passion.com\/wp-content\/gallery\/fotostrecke_jordanien_2019\/thumbs\/thumbs_452_AP5A4570.jpg\"\n               data-image-id=\"16536\"\n               data-title=\"Im Wadi Rum\"\n               data-description=\"&lt;strong&gt;Im Wadi Rum&lt;\/strong&gt;&lt;br \/&gt;Jordanien 2019&lt;br \/&gt;&lt;span style=&quot;font-size:85%;color:#949494;&quot;&gt;[Bild-Id: 16536]&lt;\/span&gt;\"\n               data-image-slug=\"452_ap5a4570\"\n               class=\"ngg-simplelightbox\" rel=\"6c81a8ec35704524bc42f1a650c7444b\">\n                <img loading=\"lazy\"\n                    title=\"Im Wadi Rum\"\n                    alt=\"Im Wadi Rum\"\n                    src=\"http:\/\/foto-passion.com\/wp-content\/gallery\/fotostrecke_jordanien_2019\/cache\/452_AP5A4570.jpg-nggid0516536-ngg0dyn-150x100x100-00f0w010c011r110f110r010t010.jpg\"\n                    width=\"150\"\n                    height=\"100\"\n                    style=\"max-width:100%;\"\n                \/>\n            <\/a>\n        <\/div>\n\t\t\t\t\t\t\t<\/div> \n\t\t\t\n                            \n\t\t\t\t<div id=\"ngg-image-1\" class=\"ngg-gallery-thumbnail-box\" >\n\t\t\t\t        <div class=\"ngg-gallery-thumbnail\">\n            <a href=\"http:\/\/foto-passion.com\/wp-content\/gallery\/fotostrecke_jordanien_2019\/453_AP5A4574.jpg\"\n               title=\"&lt;strong&gt;Im Wadi Rum&lt;\/strong&gt;&lt;br \/&gt;Jordanien 2019&lt;br \/&gt;&lt;span style=&quot;font-size:85%;color:#949494;&quot;&gt;[Bild-Id: 16537]&lt;\/span&gt;\"\n               data-src=\"http:\/\/foto-passion.com\/wp-content\/gallery\/fotostrecke_jordanien_2019\/453_AP5A4574.jpg\"\n               data-thumbnail=\"http:\/\/foto-passion.com\/wp-content\/gallery\/fotostrecke_jordanien_2019\/thumbs\/thumbs_453_AP5A4574.jpg\"\n               data-image-id=\"16537\"\n               data-title=\"Im Wadi Rum\"\n               data-description=\"&lt;strong&gt;Im Wadi Rum&lt;\/strong&gt;&lt;br \/&gt;Jordanien 2019&lt;br \/&gt;&lt;span style=&quot;font-size:85%;color:#949494;&quot;&gt;[Bild-Id: 16537]&lt;\/span&gt;\"\n               data-image-slug=\"453_ap5a4574\"\n               class=\"ngg-simplelightbox\" rel=\"6c81a8ec35704524bc42f1a650c7444b\">\n                <img loading=\"lazy\"\n                    title=\"Im Wadi Rum\"\n                    alt=\"Im Wadi Rum\"\n                    src=\"http:\/\/foto-passion.com\/wp-content\/gallery\/fotostrecke_jordanien_2019\/cache\/453_AP5A4574.jpg-nggid0516537-ngg0dyn-150x100x100-00f0w010c011r110f110r010t010.jpg\"\n                    width=\"150\"\n                    height=\"100\"\n                    style=\"max-width:100%;\"\n                \/>\n            <\/a>\n        <\/div>\n\t\t\t\t\t\t\t<\/div> \n\t\t\t\n                            \n\t\t\t\t<div id=\"ngg-image-2\" class=\"ngg-gallery-thumbnail-box\" >\n\t\t\t\t        <div class=\"ngg-gallery-thumbnail\">\n            <a href=\"http:\/\/foto-passion.com\/wp-content\/gallery\/fotostrecke_jordanien_2019\/454_AP5A4590.jpg\"\n               title=\"&lt;strong&gt;Im Wadi Rum&lt;\/strong&gt;&lt;br \/&gt;Jordanien 2019&lt;br \/&gt;&lt;span style=&quot;font-size:85%;color:#949494;&quot;&gt;[Bild-Id: 16539]&lt;\/span&gt;\"\n               data-src=\"http:\/\/foto-passion.com\/wp-content\/gallery\/fotostrecke_jordanien_2019\/454_AP5A4590.jpg\"\n               data-thumbnail=\"http:\/\/foto-passion.com\/wp-content\/gallery\/fotostrecke_jordanien_2019\/thumbs\/thumbs_454_AP5A4590.jpg\"\n               data-image-id=\"16539\"\n               data-title=\"Im Wadi Rum\"\n               data-description=\"&lt;strong&gt;Im Wadi Rum&lt;\/strong&gt;&lt;br \/&gt;Jordanien 2019&lt;br \/&gt;&lt;span style=&quot;font-size:85%;color:#949494;&quot;&gt;[Bild-Id: 16539]&lt;\/span&gt;\"\n               data-image-slug=\"454_ap5a4590\"\n               class=\"ngg-simplelightbox\" rel=\"6c81a8ec35704524bc42f1a650c7444b\">\n                <img loading=\"lazy\"\n                    title=\"Im Wadi Rum\"\n                    alt=\"Im Wadi Rum\"\n                    src=\"http:\/\/foto-passion.com\/wp-content\/gallery\/fotostrecke_jordanien_2019\/cache\/454_AP5A4590.jpg-nggid0516539-ngg0dyn-150x100x100-00f0w010c011r110f110r010t010.jpg\"\n                    width=\"150\"\n                    height=\"100\"\n                    style=\"max-width:100%;\"\n                \/>\n            <\/a>\n        <\/div>\n\t\t\t\t\t\t\t<\/div> \n\t\t\t\n                            \n\t\t\t\t<div id=\"ngg-image-3\" class=\"ngg-gallery-thumbnail-box\" >\n\t\t\t\t        <div class=\"ngg-gallery-thumbnail\">\n            <a href=\"http:\/\/foto-passion.com\/wp-content\/gallery\/fotostrecke_jordanien_2019\/455_AP5A4589.jpg\"\n               title=\"&lt;strong&gt;Im Wadi Rum&lt;\/strong&gt;&lt;br \/&gt;Jordanien 2019&lt;br \/&gt;&lt;span style=&quot;font-size:85%;color:#949494;&quot;&gt;[Bild-Id: 16538]&lt;\/span&gt;\"\n               data-src=\"http:\/\/foto-passion.com\/wp-content\/gallery\/fotostrecke_jordanien_2019\/455_AP5A4589.jpg\"\n               data-thumbnail=\"http:\/\/foto-passion.com\/wp-content\/gallery\/fotostrecke_jordanien_2019\/thumbs\/thumbs_455_AP5A4589.jpg\"\n               data-image-id=\"16538\"\n               data-title=\"Im Wadi Rum\"\n               data-description=\"&lt;strong&gt;Im Wadi Rum&lt;\/strong&gt;&lt;br \/&gt;Jordanien 2019&lt;br \/&gt;&lt;span style=&quot;font-size:85%;color:#949494;&quot;&gt;[Bild-Id: 16538]&lt;\/span&gt;\"\n               data-image-slug=\"455_ap5a4589\"\n               class=\"ngg-simplelightbox\" rel=\"6c81a8ec35704524bc42f1a650c7444b\">\n                <img loading=\"lazy\"\n                    title=\"Im Wadi Rum\"\n                    alt=\"Im Wadi Rum\"\n                    src=\"http:\/\/foto-passion.com\/wp-content\/gallery\/fotostrecke_jordanien_2019\/cache\/455_AP5A4589.jpg-nggid0516538-ngg0dyn-150x100x100-00f0w010c011r110f110r010t010.jpg\"\n                    width=\"150\"\n                    height=\"100\"\n                    style=\"max-width:100%;\"\n                \/>\n            <\/a>\n        <\/div>\n\t\t\t\t\t\t\t<\/div> \n\t\t\t\n                                    <br style=\"clear: both\" \/>\n                    \n\t\t\t\t<div id=\"ngg-image-4\" class=\"ngg-gallery-thumbnail-box\" >\n\t\t\t\t        <div class=\"ngg-gallery-thumbnail\">\n            <a href=\"http:\/\/foto-passion.com\/wp-content\/gallery\/fotostrecke_jordanien_2019\/456_AP5A4553.jpg\"\n               title=\"&lt;strong&gt;Im Wadi Rum&lt;\/strong&gt;&lt;br \/&gt;Jordanien 2019&lt;br \/&gt;&lt;span style=&quot;font-size:85%;color:#949494;&quot;&gt;[Bild-Id: 16533]&lt;\/span&gt;\"\n               data-src=\"http:\/\/foto-passion.com\/wp-content\/gallery\/fotostrecke_jordanien_2019\/456_AP5A4553.jpg\"\n               data-thumbnail=\"http:\/\/foto-passion.com\/wp-content\/gallery\/fotostrecke_jordanien_2019\/thumbs\/thumbs_456_AP5A4553.jpg\"\n               data-image-id=\"16533\"\n               data-title=\"Im Wadi Rum\"\n               data-description=\"&lt;strong&gt;Im Wadi Rum&lt;\/strong&gt;&lt;br \/&gt;Jordanien 2019&lt;br \/&gt;&lt;span style=&quot;font-size:85%;color:#949494;&quot;&gt;[Bild-Id: 16533]&lt;\/span&gt;\"\n               data-image-slug=\"456_ap5a4553\"\n               class=\"ngg-simplelightbox\" rel=\"6c81a8ec35704524bc42f1a650c7444b\">\n                <img loading=\"lazy\"\n                    title=\"Im Wadi Rum\"\n                    alt=\"Im Wadi Rum\"\n                    src=\"http:\/\/foto-passion.com\/wp-content\/gallery\/fotostrecke_jordanien_2019\/cache\/456_AP5A4553.jpg-nggid0516533-ngg0dyn-150x100x100-00f0w010c011r110f110r010t010.jpg\"\n                    width=\"150\"\n                    height=\"100\"\n                    style=\"max-width:100%;\"\n                \/>\n            <\/a>\n        <\/div>\n\t\t\t\t\t\t\t<\/div> \n\t\t\t\n                            \n\t\t\t\t<div id=\"ngg-image-5\" class=\"ngg-gallery-thumbnail-box\" >\n\t\t\t\t        <div class=\"ngg-gallery-thumbnail\">\n            <a href=\"http:\/\/foto-passion.com\/wp-content\/gallery\/fotostrecke_jordanien_2019\/457_AP5A4560.jpg\"\n               title=\"&lt;strong&gt;Im Wadi Rum&lt;\/strong&gt;&lt;br \/&gt;Jordanien 2019&lt;br \/&gt;&lt;span style=&quot;font-size:85%;color:#949494;&quot;&gt;[Bild-Id: 16534]&lt;\/span&gt;\"\n               data-src=\"http:\/\/foto-passion.com\/wp-content\/gallery\/fotostrecke_jordanien_2019\/457_AP5A4560.jpg\"\n               data-thumbnail=\"http:\/\/foto-passion.com\/wp-content\/gallery\/fotostrecke_jordanien_2019\/thumbs\/thumbs_457_AP5A4560.jpg\"\n               data-image-id=\"16534\"\n               data-title=\"Im Wadi Rum\"\n               data-description=\"&lt;strong&gt;Im Wadi Rum&lt;\/strong&gt;&lt;br \/&gt;Jordanien 2019&lt;br \/&gt;&lt;span style=&quot;font-size:85%;color:#949494;&quot;&gt;[Bild-Id: 16534]&lt;\/span&gt;\"\n               data-image-slug=\"457_ap5a4560\"\n               class=\"ngg-simplelightbox\" rel=\"6c81a8ec35704524bc42f1a650c7444b\">\n                <img loading=\"lazy\"\n                    title=\"Im Wadi Rum\"\n                    alt=\"Im Wadi Rum\"\n                    src=\"http:\/\/foto-passion.com\/wp-content\/gallery\/fotostrecke_jordanien_2019\/cache\/457_AP5A4560.jpg-nggid0516534-ngg0dyn-150x100x100-00f0w010c011r110f110r010t010.jpg\"\n                    width=\"150\"\n                    height=\"100\"\n                    style=\"max-width:100%;\"\n                \/>\n            <\/a>\n        <\/div>\n\t\t\t\t\t\t\t<\/div> \n\t\t\t\n                            \n\t\t\t\t<div id=\"ngg-image-6\" class=\"ngg-gallery-thumbnail-box\" >\n\t\t\t\t        <div class=\"ngg-gallery-thumbnail\">\n            <a href=\"http:\/\/foto-passion.com\/wp-content\/gallery\/fotostrecke_jordanien_2019\/458_AP5A4665.jpg\"\n               title=\"&lt;strong&gt;Im Wadi Rum&lt;\/strong&gt;&lt;br \/&gt;Jordanien 2019&lt;br \/&gt;&lt;span style=&quot;font-size:85%;color:#949494;&quot;&gt;[Bild-Id: 16540]&lt;\/span&gt;\"\n               data-src=\"http:\/\/foto-passion.com\/wp-content\/gallery\/fotostrecke_jordanien_2019\/458_AP5A4665.jpg\"\n               data-thumbnail=\"http:\/\/foto-passion.com\/wp-content\/gallery\/fotostrecke_jordanien_2019\/thumbs\/thumbs_458_AP5A4665.jpg\"\n               data-image-id=\"16540\"\n               data-title=\"Im Wadi Rum\"\n               data-description=\"&lt;strong&gt;Im Wadi Rum&lt;\/strong&gt;&lt;br \/&gt;Jordanien 2019&lt;br \/&gt;&lt;span style=&quot;font-size:85%;color:#949494;&quot;&gt;[Bild-Id: 16540]&lt;\/span&gt;\"\n               data-image-slug=\"458_ap5a4665\"\n               class=\"ngg-simplelightbox\" rel=\"6c81a8ec35704524bc42f1a650c7444b\">\n                <img loading=\"lazy\"\n                    title=\"Im Wadi Rum\"\n                    alt=\"Im Wadi Rum\"\n                    src=\"http:\/\/foto-passion.com\/wp-content\/gallery\/fotostrecke_jordanien_2019\/cache\/458_AP5A4665.jpg-nggid0516540-ngg0dyn-150x100x100-00f0w010c011r110f110r010t010.jpg\"\n                    width=\"150\"\n                    height=\"100\"\n                    style=\"max-width:100%;\"\n                \/>\n            <\/a>\n        <\/div>\n\t\t\t\t\t\t\t<\/div> \n\t\t\t\n                            \n\t\t\t\t<div id=\"ngg-image-7\" class=\"ngg-gallery-thumbnail-box\" >\n\t\t\t\t        <div class=\"ngg-gallery-thumbnail\">\n            <a href=\"http:\/\/foto-passion.com\/wp-content\/gallery\/fotostrecke_jordanien_2019\/459_AP5A4569.jpg\"\n               title=\"&lt;strong&gt;Im Wadi Rum&lt;\/strong&gt;&lt;br \/&gt;Jordanien 2019&lt;br \/&gt;&lt;span style=&quot;font-size:85%;color:#949494;&quot;&gt;[Bild-Id: 16535]&lt;\/span&gt;\"\n               data-src=\"http:\/\/foto-passion.com\/wp-content\/gallery\/fotostrecke_jordanien_2019\/459_AP5A4569.jpg\"\n               data-thumbnail=\"http:\/\/foto-passion.com\/wp-content\/gallery\/fotostrecke_jordanien_2019\/thumbs\/thumbs_459_AP5A4569.jpg\"\n               data-image-id=\"16535\"\n               data-title=\"Im Wadi Rum\"\n               data-description=\"&lt;strong&gt;Im Wadi Rum&lt;\/strong&gt;&lt;br \/&gt;Jordanien 2019&lt;br \/&gt;&lt;span style=&quot;font-size:85%;color:#949494;&quot;&gt;[Bild-Id: 16535]&lt;\/span&gt;\"\n               data-image-slug=\"459_ap5a4569\"\n               class=\"ngg-simplelightbox\" rel=\"6c81a8ec35704524bc42f1a650c7444b\">\n                <img loading=\"lazy\"\n                    title=\"Im Wadi Rum\"\n                    alt=\"Im Wadi Rum\"\n                    src=\"http:\/\/foto-passion.com\/wp-content\/gallery\/fotostrecke_jordanien_2019\/cache\/459_AP5A4569.jpg-nggid0516535-ngg0dyn-150x100x100-00f0w010c011r110f110r010t010.jpg\"\n                    width=\"150\"\n                    height=\"100\"\n                    style=\"max-width:100%;\"\n                \/>\n            <\/a>\n        <\/div>\n\t\t\t\t\t\t\t<\/div> \n\t\t\t\n                                    <br style=\"clear: both\" \/>\n                    \n\t\t\n\t\t<div class=\"ngg-clear\"><\/div>\n\t<\/div>\n<\/p>\t\t\t\t\t<\/div>\n\t\t\t\t\t\t<\/div>\n\t\t\t\t<\/div>\n\t\t\t\t\t\t<\/div>\n\t\t\t\t\t<\/div>\n\t\t<\/div>\n\t\t\t\t\t\t\t\t<\/div>\n\t\t\t\t\t<\/div>\n\t\t<\/section>\n\t\t\t\t<section class=\"elementor-section elementor-top-section elementor-element elementor-element-f367c08 elementor-section-boxed elementor-section-height-default elementor-section-height-default\" data-id=\"f367c08\" data-element_type=\"section\">\n\t\t\t\t\t\t<div class=\"elementor-container elementor-column-gap-default\">\n\t\t\t\t\t\t\t<div class=\"elementor-row\">\n\t\t\t\t\t<div class=\"elementor-column elementor-col-100 elementor-top-column elementor-element elementor-element-615d44c\" data-id=\"615d44c\" data-element_type=\"column\">\n\t\t\t<div class=\"elementor-column-wrap elementor-element-populated\">\n\t\t\t\t\t\t\t<div class=\"elementor-widget-wrap\">\n\t\t\t\t\t\t<div class=\"elementor-element elementor-element-412319a elementor-widget elementor-widget-text-editor\" data-id=\"412319a\" data-element_type=\"widget\" data-widget_type=\"text-editor.default\">\n\t\t\t\t<div class=\"elementor-widget-container\">\n\t\t\t\t\t\t\t\t<div class=\"elementor-text-editor elementor-clearfix\">\n\t\t\t\t\t<div id=\"attachment_33424\" style=\"width: 1210px\" class=\"wp-caption aligncenter\"><a href=\"http:\/\/foto-passion.com\/wp-content\/uploads\/2021\/01\/460_IMG_4451.jpg\"><img loading=\"lazy\" aria-describedby=\"caption-attachment-33424\" class=\"size-full wp-image-33424\" src=\"http:\/\/foto-passion.com\/wp-content\/uploads\/2021\/01\/460_IMG_4451.jpg\" alt=\"\" width=\"1200\" height=\"278\" srcset=\"http:\/\/foto-passion.com\/wp-content\/uploads\/2021\/01\/460_IMG_4451.jpg 1200w, http:\/\/foto-passion.com\/wp-content\/uploads\/2021\/01\/460_IMG_4451-300x70.jpg 300w, http:\/\/foto-passion.com\/wp-content\/uploads\/2021\/01\/460_IMG_4451-1024x237.jpg 1024w, http:\/\/foto-passion.com\/wp-content\/uploads\/2021\/01\/460_IMG_4451-768x178.jpg 768w\" sizes=\"(max-width: 1200px) 100vw, 1200px\" \/><\/a><p id=\"caption-attachment-33424\" class=\"wp-caption-text\">Im Wadi Rum<\/p><\/div>\t\t\t\t\t<\/div>\n\t\t\t\t\t\t<\/div>\n\t\t\t\t<\/div>\n\t\t\t\t\t\t<\/div>\n\t\t\t\t\t<\/div>\n\t\t<\/div>\n\t\t\t\t\t\t\t\t<\/div>\n\t\t\t\t\t<\/div>\n\t\t<\/section>\n\t\t\t\t<section class=\"elementor-section elementor-top-section elementor-element elementor-element-f96a295 elementor-section-boxed elementor-section-height-default elementor-section-height-default\" data-id=\"f96a295\" data-element_type=\"section\">\n\t\t\t\t\t\t<div class=\"elementor-container elementor-column-gap-default\">\n\t\t\t\t\t\t\t<div class=\"elementor-row\">\n\t\t\t\t\t<div class=\"elementor-column elementor-col-100 elementor-top-column elementor-element elementor-element-6bcdd3d\" data-id=\"6bcdd3d\" data-element_type=\"column\">\n\t\t\t<div class=\"elementor-column-wrap elementor-element-populated\">\n\t\t\t\t\t\t\t<div class=\"elementor-widget-wrap\">\n\t\t\t\t\t\t<div class=\"elementor-element elementor-element-2157076 elementor-widget elementor-widget-text-editor\" data-id=\"2157076\" data-element_type=\"widget\" data-widget_type=\"text-editor.default\">\n\t\t\t\t<div class=\"elementor-widget-container\">\n\t\t\t\t\t\t\t\t<div class=\"elementor-text-editor elementor-clearfix\">\n\t\t\t\t\t<p style=\"text-align: justify;\">Schon ist Hamza dabei, nach einem Platz f\u00fcr die Mittagspause Ausschau zu halten. Wir steuern einen \u00fcberh\u00e4ngenden Felsen an und dort breitet er die Bastmatte aus und beginnt die K\u00fcchenvorbereitung f\u00fcr die Zubereitung des Mittagessens. Heute gibt es Fleischb\u00e4llchen in Gem\u00fcse mit diversen Salaten. Das Essen ist wieder sehr schmackhaft und man darf nicht vergessen, dass hier unter einfachsten Bedingungen gekocht wird. Daf\u00fcr ist es einfach genial, was die Jungs innerhalb k\u00fcrzester Zeit auf den Teller bringen. Dazu gibt es frisch zubereiteten Gem\u00fcsesalat, Fetak\u00e4se und Auberginenmus.<\/p>\t\t\t\t\t<\/div>\n\t\t\t\t\t\t<\/div>\n\t\t\t\t<\/div>\n\t\t\t\t\t\t<\/div>\n\t\t\t\t\t<\/div>\n\t\t<\/div>\n\t\t\t\t\t\t\t\t<\/div>\n\t\t\t\t\t<\/div>\n\t\t<\/section>\n\t\t\t\t<section class=\"elementor-section elementor-top-section elementor-element elementor-element-b83ce16 elementor-section-boxed elementor-section-height-default elementor-section-height-default\" data-id=\"b83ce16\" data-element_type=\"section\">\n\t\t\t\t\t\t<div class=\"elementor-container elementor-column-gap-default\">\n\t\t\t\t\t\t\t<div class=\"elementor-row\">\n\t\t\t\t\t<div class=\"elementor-column elementor-col-100 elementor-top-column elementor-element elementor-element-89d12d5\" data-id=\"89d12d5\" data-element_type=\"column\">\n\t\t\t<div class=\"elementor-column-wrap elementor-element-populated\">\n\t\t\t\t\t\t\t<div class=\"elementor-widget-wrap\">\n\t\t\t\t\t\t<div class=\"elementor-element elementor-element-2b66463 elementor-widget elementor-widget-text-editor\" data-id=\"2b66463\" data-element_type=\"widget\" data-widget_type=\"text-editor.default\">\n\t\t\t\t<div class=\"elementor-widget-container\">\n\t\t\t\t\t\t\t\t<div class=\"elementor-text-editor elementor-clearfix\">\n\t\t\t\t\t<p style=\"text-align: left;\"><!-- index.php -->\n<div\n\tclass=\"ngg-galleryoverview ngg-ajax-pagination-none\"\n\tid=\"ngg-gallery-59c14a7118aaffb8e09420e8f7426ebc-1\">\n\n    \t\t<!-- Thumbnails -->\n\t\t\t\t<div id=\"ngg-image-0\" class=\"ngg-gallery-thumbnail-box\" >\n\t\t\t\t        <div class=\"ngg-gallery-thumbnail\">\n            <a href=\"http:\/\/foto-passion.com\/wp-content\/gallery\/fotostrecke_jordanien_2019\/469_AP5A4692.jpg\"\n               title=\"&lt;strong&gt;Im Wadi Rum&lt;\/strong&gt;&lt;br \/&gt;Jordanien 2019&lt;br \/&gt;&lt;span style=&quot;font-size:85%;color:#949494;&quot;&gt;[Bild-Id: 16544]&lt;\/span&gt;\"\n               data-src=\"http:\/\/foto-passion.com\/wp-content\/gallery\/fotostrecke_jordanien_2019\/469_AP5A4692.jpg\"\n               data-thumbnail=\"http:\/\/foto-passion.com\/wp-content\/gallery\/fotostrecke_jordanien_2019\/thumbs\/thumbs_469_AP5A4692.jpg\"\n               data-image-id=\"16544\"\n               data-title=\"Im Wadi Rum\"\n               data-description=\"&lt;strong&gt;Im Wadi Rum&lt;\/strong&gt;&lt;br \/&gt;Jordanien 2019&lt;br \/&gt;&lt;span style=&quot;font-size:85%;color:#949494;&quot;&gt;[Bild-Id: 16544]&lt;\/span&gt;\"\n               data-image-slug=\"469_ap5a4692\"\n               class=\"ngg-simplelightbox\" rel=\"59c14a7118aaffb8e09420e8f7426ebc\">\n                <img loading=\"lazy\"\n                    title=\"Im Wadi Rum\"\n                    alt=\"Im Wadi Rum\"\n                    src=\"http:\/\/foto-passion.com\/wp-content\/gallery\/fotostrecke_jordanien_2019\/cache\/469_AP5A4692.jpg-nggid0516544-ngg0dyn-150x100x100-00f0w010c011r110f110r010t010.jpg\"\n                    width=\"150\"\n                    height=\"100\"\n                    style=\"max-width:100%;\"\n                \/>\n            <\/a>\n        <\/div>\n\t\t\t\t\t\t\t<\/div> \n\t\t\t\n                            \n\t\t\t\t<div id=\"ngg-image-1\" class=\"ngg-gallery-thumbnail-box\" >\n\t\t\t\t        <div class=\"ngg-gallery-thumbnail\">\n            <a href=\"http:\/\/foto-passion.com\/wp-content\/gallery\/fotostrecke_jordanien_2019\/470_AP5A4714.jpg\"\n               title=\"&lt;strong&gt;Im Wadi Rum&lt;\/strong&gt;&lt;br \/&gt;Jordanien 2019&lt;br \/&gt;&lt;span style=&quot;font-size:85%;color:#949494;&quot;&gt;[Bild-Id: 16546]&lt;\/span&gt;\"\n               data-src=\"http:\/\/foto-passion.com\/wp-content\/gallery\/fotostrecke_jordanien_2019\/470_AP5A4714.jpg\"\n               data-thumbnail=\"http:\/\/foto-passion.com\/wp-content\/gallery\/fotostrecke_jordanien_2019\/thumbs\/thumbs_470_AP5A4714.jpg\"\n               data-image-id=\"16546\"\n               data-title=\"Im Wadi Rum\"\n               data-description=\"&lt;strong&gt;Im Wadi Rum&lt;\/strong&gt;&lt;br \/&gt;Jordanien 2019&lt;br \/&gt;&lt;span style=&quot;font-size:85%;color:#949494;&quot;&gt;[Bild-Id: 16546]&lt;\/span&gt;\"\n               data-image-slug=\"470_ap5a4714\"\n               class=\"ngg-simplelightbox\" rel=\"59c14a7118aaffb8e09420e8f7426ebc\">\n                <img loading=\"lazy\"\n                    title=\"Im Wadi Rum\"\n                    alt=\"Im Wadi Rum\"\n                    src=\"http:\/\/foto-passion.com\/wp-content\/gallery\/fotostrecke_jordanien_2019\/cache\/470_AP5A4714.jpg-nggid0516546-ngg0dyn-150x100x100-00f0w010c011r110f110r010t010.jpg\"\n                    width=\"150\"\n                    height=\"100\"\n                    style=\"max-width:100%;\"\n                \/>\n            <\/a>\n        <\/div>\n\t\t\t\t\t\t\t<\/div> \n\t\t\t\n                            \n\t\t\t\t<div id=\"ngg-image-2\" class=\"ngg-gallery-thumbnail-box\" >\n\t\t\t\t        <div class=\"ngg-gallery-thumbnail\">\n            <a href=\"http:\/\/foto-passion.com\/wp-content\/gallery\/fotostrecke_jordanien_2019\/471_AP5A4716.jpg\"\n               title=\"&lt;strong&gt;Abstrakte Felsen im Wadi Rum&lt;\/strong&gt;&lt;br \/&gt;Jordanien 2019&lt;br \/&gt;&lt;span style=&quot;font-size:85%;color:#949494;&quot;&gt;[Bild-Id: 16547]&lt;\/span&gt;\"\n               data-src=\"http:\/\/foto-passion.com\/wp-content\/gallery\/fotostrecke_jordanien_2019\/471_AP5A4716.jpg\"\n               data-thumbnail=\"http:\/\/foto-passion.com\/wp-content\/gallery\/fotostrecke_jordanien_2019\/thumbs\/thumbs_471_AP5A4716.jpg\"\n               data-image-id=\"16547\"\n               data-title=\"Abstrakte Felsen im Wadi Rum\"\n               data-description=\"&lt;strong&gt;Abstrakte Felsen im Wadi Rum&lt;\/strong&gt;&lt;br \/&gt;Jordanien 2019&lt;br \/&gt;&lt;span style=&quot;font-size:85%;color:#949494;&quot;&gt;[Bild-Id: 16547]&lt;\/span&gt;\"\n               data-image-slug=\"471_ap5a4716\"\n               class=\"ngg-simplelightbox\" rel=\"59c14a7118aaffb8e09420e8f7426ebc\">\n                <img loading=\"lazy\"\n                    title=\"Abstrakte Felsen im Wadi Rum\"\n                    alt=\"Abstrakte Felsen im Wadi Rum\"\n                    src=\"http:\/\/foto-passion.com\/wp-content\/gallery\/fotostrecke_jordanien_2019\/cache\/471_AP5A4716.jpg-nggid0516547-ngg0dyn-150x100x100-00f0w010c011r110f110r010t010.jpg\"\n                    width=\"150\"\n                    height=\"100\"\n                    style=\"max-width:100%;\"\n                \/>\n            <\/a>\n        <\/div>\n\t\t\t\t\t\t\t<\/div> \n\t\t\t\n                            \n\t\t\t\t<div id=\"ngg-image-3\" class=\"ngg-gallery-thumbnail-box\" >\n\t\t\t\t        <div class=\"ngg-gallery-thumbnail\">\n            <a href=\"http:\/\/foto-passion.com\/wp-content\/gallery\/fotostrecke_jordanien_2019\/472_IMG_4467.jpg\"\n               title=\"&lt;strong&gt;Auch der heutige Guide kocht f\u00fcr uns&lt;\/strong&gt;&lt;br \/&gt;Jordanien 2019&lt;br \/&gt;&lt;span style=&quot;font-size:85%;color:#949494;&quot;&gt;[Bild-Id: 16553]&lt;\/span&gt;\"\n               data-src=\"http:\/\/foto-passion.com\/wp-content\/gallery\/fotostrecke_jordanien_2019\/472_IMG_4467.jpg\"\n               data-thumbnail=\"http:\/\/foto-passion.com\/wp-content\/gallery\/fotostrecke_jordanien_2019\/thumbs\/thumbs_472_IMG_4467.jpg\"\n               data-image-id=\"16553\"\n               data-title=\"Auch der heutige Guide kocht f\u00fcr uns\"\n               data-description=\"&lt;strong&gt;Auch der heutige Guide kocht f\u00fcr uns&lt;\/strong&gt;&lt;br \/&gt;Jordanien 2019&lt;br \/&gt;&lt;span style=&quot;font-size:85%;color:#949494;&quot;&gt;[Bild-Id: 16553]&lt;\/span&gt;\"\n               data-image-slug=\"472_img_4467\"\n               class=\"ngg-simplelightbox\" rel=\"59c14a7118aaffb8e09420e8f7426ebc\">\n                <img loading=\"lazy\"\n                    title=\"Auch der heutige Guide kocht f\u00fcr uns\"\n                    alt=\"Auch der heutige Guide kocht f\u00fcr uns\"\n                    src=\"http:\/\/foto-passion.com\/wp-content\/gallery\/fotostrecke_jordanien_2019\/cache\/472_IMG_4467.jpg-nggid0516553-ngg0dyn-150x100x100-00f0w010c011r110f110r010t010.jpg\"\n                    width=\"150\"\n                    height=\"100\"\n                    style=\"max-width:100%;\"\n                \/>\n            <\/a>\n        <\/div>\n\t\t\t\t\t\t\t<\/div> \n\t\t\t\n                                    <br style=\"clear: both\" \/>\n                    \n\t\t\n\t\t<div class=\"ngg-clear\"><\/div>\n\t<\/div>\n<\/p>\t\t\t\t\t<\/div>\n\t\t\t\t\t\t<\/div>\n\t\t\t\t<\/div>\n\t\t\t\t\t\t<\/div>\n\t\t\t\t\t<\/div>\n\t\t<\/div>\n\t\t\t\t\t\t\t\t<\/div>\n\t\t\t\t\t<\/div>\n\t\t<\/section>\n\t\t\t\t<section class=\"elementor-section elementor-top-section elementor-element elementor-element-ce7743f elementor-section-boxed elementor-section-height-default elementor-section-height-default\" data-id=\"ce7743f\" data-element_type=\"section\">\n\t\t\t\t\t\t<div class=\"elementor-container elementor-column-gap-default\">\n\t\t\t\t\t\t\t<div class=\"elementor-row\">\n\t\t\t\t\t<div class=\"elementor-column elementor-col-100 elementor-top-column elementor-element elementor-element-90f67bc\" data-id=\"90f67bc\" data-element_type=\"column\">\n\t\t\t<div class=\"elementor-column-wrap elementor-element-populated\">\n\t\t\t\t\t\t\t<div class=\"elementor-widget-wrap\">\n\t\t\t\t\t\t<div class=\"elementor-element elementor-element-8ffb41a elementor-widget elementor-widget-text-editor\" data-id=\"8ffb41a\" data-element_type=\"widget\" data-widget_type=\"text-editor.default\">\n\t\t\t\t<div class=\"elementor-widget-container\">\n\t\t\t\t\t\t\t\t<div class=\"elementor-text-editor elementor-clearfix\">\n\t\t\t\t\t<p style=\"text-align: justify;\">Nach dem Mittagessen sollen wir ruhen \u2013 bis 15 Uhr; hei\u00dft eineinhalb Stunden Mittagsschlaf. Hm, die verdienen ihr Geld im Schlaf. Wir bezahlen aber nicht f\u00fcrs Schlafen. Au\u00dferdem sind die Fliegen derartig l\u00e4stig, dass man gar nicht schlafen kann. Schon ziehen Wolken auf und &#8211; entgegen der Meinung von Hamza &#8211; bin ich mir sicher, dass es heute noch regnet.<\/p>\t\t\t\t\t<\/div>\n\t\t\t\t\t\t<\/div>\n\t\t\t\t<\/div>\n\t\t\t\t\t\t<\/div>\n\t\t\t\t\t<\/div>\n\t\t<\/div>\n\t\t\t\t\t\t\t\t<\/div>\n\t\t\t\t\t<\/div>\n\t\t<\/section>\n\t\t\t\t<section class=\"elementor-section elementor-top-section elementor-element elementor-element-b88cf96 elementor-section-boxed elementor-section-height-default elementor-section-height-default\" data-id=\"b88cf96\" data-element_type=\"section\">\n\t\t\t\t\t\t<div class=\"elementor-container elementor-column-gap-default\">\n\t\t\t\t\t\t\t<div class=\"elementor-row\">\n\t\t\t\t\t<div class=\"elementor-column elementor-col-100 elementor-top-column elementor-element elementor-element-2d7f1fc\" data-id=\"2d7f1fc\" data-element_type=\"column\">\n\t\t\t<div class=\"elementor-column-wrap elementor-element-populated\">\n\t\t\t\t\t\t\t<div class=\"elementor-widget-wrap\">\n\t\t\t\t\t\t<div class=\"elementor-element elementor-element-88d0d43 elementor-widget elementor-widget-text-editor\" data-id=\"88d0d43\" data-element_type=\"widget\" data-widget_type=\"text-editor.default\">\n\t\t\t\t<div class=\"elementor-widget-container\">\n\t\t\t\t\t\t\t\t<div class=\"elementor-text-editor elementor-clearfix\">\n\t\t\t\t\t<p style=\"text-align: left;\"><!-- index.php -->\n<div\n\tclass=\"ngg-galleryoverview ngg-ajax-pagination-none\"\n\tid=\"ngg-gallery-2db7b6367437b14dad02d7b4b40b0a77-1\">\n\n    \t\t<!-- Thumbnails -->\n\t\t\t\t<div id=\"ngg-image-0\" class=\"ngg-gallery-thumbnail-box\" >\n\t\t\t\t        <div class=\"ngg-gallery-thumbnail\">\n            <a href=\"http:\/\/foto-passion.com\/wp-content\/gallery\/fotostrecke_jordanien_2019\/473_AP5A4835.jpg\"\n               title=\"&lt;strong&gt;Im Wadi Rum&lt;\/strong&gt;&lt;br \/&gt;Jordanien 2019&lt;br \/&gt;&lt;span style=&quot;font-size:85%;color:#949494;&quot;&gt;[Bild-Id: 16555]&lt;\/span&gt;\"\n               data-src=\"http:\/\/foto-passion.com\/wp-content\/gallery\/fotostrecke_jordanien_2019\/473_AP5A4835.jpg\"\n               data-thumbnail=\"http:\/\/foto-passion.com\/wp-content\/gallery\/fotostrecke_jordanien_2019\/thumbs\/thumbs_473_AP5A4835.jpg\"\n               data-image-id=\"16555\"\n               data-title=\"Im Wadi Rum\"\n               data-description=\"&lt;strong&gt;Im Wadi Rum&lt;\/strong&gt;&lt;br \/&gt;Jordanien 2019&lt;br \/&gt;&lt;span style=&quot;font-size:85%;color:#949494;&quot;&gt;[Bild-Id: 16555]&lt;\/span&gt;\"\n               data-image-slug=\"473_ap5a4835\"\n               class=\"ngg-simplelightbox\" rel=\"2db7b6367437b14dad02d7b4b40b0a77\">\n                <img loading=\"lazy\"\n                    title=\"Im Wadi Rum\"\n                    alt=\"Im Wadi Rum\"\n                    src=\"http:\/\/foto-passion.com\/wp-content\/gallery\/fotostrecke_jordanien_2019\/cache\/473_AP5A4835.jpg-nggid0516555-ngg0dyn-150x100x100-00f0w010c011r110f110r010t010.jpg\"\n                    width=\"150\"\n                    height=\"100\"\n                    style=\"max-width:100%;\"\n                \/>\n            <\/a>\n        <\/div>\n\t\t\t\t\t\t\t<\/div> \n\t\t\t\n                            \n\t\t\t\t<div id=\"ngg-image-1\" class=\"ngg-gallery-thumbnail-box\" >\n\t\t\t\t        <div class=\"ngg-gallery-thumbnail\">\n            <a href=\"http:\/\/foto-passion.com\/wp-content\/gallery\/fotostrecke_jordanien_2019\/474_AP5A4845.jpg\"\n               title=\"&lt;strong&gt;Im Wadi Rum&lt;\/strong&gt;&lt;br \/&gt;Jordanien 2019&lt;br \/&gt;&lt;span style=&quot;font-size:85%;color:#949494;&quot;&gt;[Bild-Id: 16557]&lt;\/span&gt;\"\n               data-src=\"http:\/\/foto-passion.com\/wp-content\/gallery\/fotostrecke_jordanien_2019\/474_AP5A4845.jpg\"\n               data-thumbnail=\"http:\/\/foto-passion.com\/wp-content\/gallery\/fotostrecke_jordanien_2019\/thumbs\/thumbs_474_AP5A4845.jpg\"\n               data-image-id=\"16557\"\n               data-title=\"Im Wadi Rum\"\n               data-description=\"&lt;strong&gt;Im Wadi Rum&lt;\/strong&gt;&lt;br \/&gt;Jordanien 2019&lt;br \/&gt;&lt;span style=&quot;font-size:85%;color:#949494;&quot;&gt;[Bild-Id: 16557]&lt;\/span&gt;\"\n               data-image-slug=\"474_ap5a4845\"\n               class=\"ngg-simplelightbox\" rel=\"2db7b6367437b14dad02d7b4b40b0a77\">\n                <img loading=\"lazy\"\n                    title=\"Im Wadi Rum\"\n                    alt=\"Im Wadi Rum\"\n                    src=\"http:\/\/foto-passion.com\/wp-content\/gallery\/fotostrecke_jordanien_2019\/cache\/474_AP5A4845.jpg-nggid0516557-ngg0dyn-150x100x100-00f0w010c011r110f110r010t010.jpg\"\n                    width=\"150\"\n                    height=\"100\"\n                    style=\"max-width:100%;\"\n                \/>\n            <\/a>\n        <\/div>\n\t\t\t\t\t\t\t<\/div> \n\t\t\t\n                            \n\t\t\t\t<div id=\"ngg-image-2\" class=\"ngg-gallery-thumbnail-box\" >\n\t\t\t\t        <div class=\"ngg-gallery-thumbnail\">\n            <a href=\"http:\/\/foto-passion.com\/wp-content\/gallery\/fotostrecke_jordanien_2019\/475_AP5A4823.jpg\"\n               title=\"&lt;strong&gt;Im Wadi Rum&lt;\/strong&gt;&lt;br \/&gt;Jordanien 2019&lt;br \/&gt;&lt;span style=&quot;font-size:85%;color:#949494;&quot;&gt;[Bild-Id: 16554]&lt;\/span&gt;\"\n               data-src=\"http:\/\/foto-passion.com\/wp-content\/gallery\/fotostrecke_jordanien_2019\/475_AP5A4823.jpg\"\n               data-thumbnail=\"http:\/\/foto-passion.com\/wp-content\/gallery\/fotostrecke_jordanien_2019\/thumbs\/thumbs_475_AP5A4823.jpg\"\n               data-image-id=\"16554\"\n               data-title=\"Im Wadi Rum\"\n               data-description=\"&lt;strong&gt;Im Wadi Rum&lt;\/strong&gt;&lt;br \/&gt;Jordanien 2019&lt;br \/&gt;&lt;span style=&quot;font-size:85%;color:#949494;&quot;&gt;[Bild-Id: 16554]&lt;\/span&gt;\"\n               data-image-slug=\"475_ap5a4823\"\n               class=\"ngg-simplelightbox\" rel=\"2db7b6367437b14dad02d7b4b40b0a77\">\n                <img loading=\"lazy\"\n                    title=\"Im Wadi Rum\"\n                    alt=\"Im Wadi Rum\"\n                    src=\"http:\/\/foto-passion.com\/wp-content\/gallery\/fotostrecke_jordanien_2019\/cache\/475_AP5A4823.jpg-nggid0516554-ngg0dyn-150x100x100-00f0w010c011r110f110r010t010.jpg\"\n                    width=\"150\"\n                    height=\"100\"\n                    style=\"max-width:100%;\"\n                \/>\n            <\/a>\n        <\/div>\n\t\t\t\t\t\t\t<\/div> \n\t\t\t\n                            \n\t\t\t\t<div id=\"ngg-image-3\" class=\"ngg-gallery-thumbnail-box\" >\n\t\t\t\t        <div class=\"ngg-gallery-thumbnail\">\n            <a href=\"http:\/\/foto-passion.com\/wp-content\/gallery\/fotostrecke_jordanien_2019\/476_AP5A4841.jpg\"\n               title=\"&lt;strong&gt;Im Wadi Rum&lt;\/strong&gt;&lt;br \/&gt;Jordanien 2019&lt;br \/&gt;&lt;span style=&quot;font-size:85%;color:#949494;&quot;&gt;[Bild-Id: 16556]&lt;\/span&gt;\"\n               data-src=\"http:\/\/foto-passion.com\/wp-content\/gallery\/fotostrecke_jordanien_2019\/476_AP5A4841.jpg\"\n               data-thumbnail=\"http:\/\/foto-passion.com\/wp-content\/gallery\/fotostrecke_jordanien_2019\/thumbs\/thumbs_476_AP5A4841.jpg\"\n               data-image-id=\"16556\"\n               data-title=\"Im Wadi Rum\"\n               data-description=\"&lt;strong&gt;Im Wadi Rum&lt;\/strong&gt;&lt;br \/&gt;Jordanien 2019&lt;br \/&gt;&lt;span style=&quot;font-size:85%;color:#949494;&quot;&gt;[Bild-Id: 16556]&lt;\/span&gt;\"\n               data-image-slug=\"476_ap5a4841\"\n               class=\"ngg-simplelightbox\" rel=\"2db7b6367437b14dad02d7b4b40b0a77\">\n                <img loading=\"lazy\"\n                    title=\"Im Wadi Rum\"\n                    alt=\"Im Wadi Rum\"\n                    src=\"http:\/\/foto-passion.com\/wp-content\/gallery\/fotostrecke_jordanien_2019\/cache\/476_AP5A4841.jpg-nggid0516556-ngg0dyn-150x100x100-00f0w010c011r110f110r010t010.jpg\"\n                    width=\"150\"\n                    height=\"100\"\n                    style=\"max-width:100%;\"\n                \/>\n            <\/a>\n        <\/div>\n\t\t\t\t\t\t\t<\/div> \n\t\t\t\n                                    <br style=\"clear: both\" \/>\n                    \n\t\t\n\t\t<div class=\"ngg-clear\"><\/div>\n\t<\/div>\n<\/p>\t\t\t\t\t<\/div>\n\t\t\t\t\t\t<\/div>\n\t\t\t\t<\/div>\n\t\t\t\t\t\t<\/div>\n\t\t\t\t\t<\/div>\n\t\t<\/div>\n\t\t\t\t\t\t\t\t<\/div>\n\t\t\t\t\t<\/div>\n\t\t<\/section>\n\t\t\t\t<section class=\"elementor-section elementor-top-section elementor-element elementor-element-692b52f elementor-section-boxed elementor-section-height-default elementor-section-height-default\" data-id=\"692b52f\" data-element_type=\"section\">\n\t\t\t\t\t\t<div class=\"elementor-container elementor-column-gap-default\">\n\t\t\t\t\t\t\t<div class=\"elementor-row\">\n\t\t\t\t\t<div class=\"elementor-column elementor-col-100 elementor-top-column elementor-element elementor-element-0bef225\" data-id=\"0bef225\" data-element_type=\"column\">\n\t\t\t<div class=\"elementor-column-wrap elementor-element-populated\">\n\t\t\t\t\t\t\t<div class=\"elementor-widget-wrap\">\n\t\t\t\t\t\t<div class=\"elementor-element elementor-element-7882723 elementor-widget elementor-widget-text-editor\" data-id=\"7882723\" data-element_type=\"widget\" data-widget_type=\"text-editor.default\">\n\t\t\t\t<div class=\"elementor-widget-container\">\n\t\t\t\t\t\t\t\t<div class=\"elementor-text-editor elementor-clearfix\">\n\t\t\t\t\t<p style=\"text-align: justify;\">Um 14:30 Uhr haben wir genug und dr\u00e4ngen zum Aufbruch. Zweieinhalb Stunden Mittagspause m\u00fcssen reichen. Kaum sind wir ein St\u00fcck gefahren, fallen dicke Regentropfen vom Himmel. Wir steuern ein verlassenes Beduinenzelt an, um uns dort unter zu stellen. Innerhalb k\u00fcrzester Zeit st\u00fcrzen vom benachbarten Felsen Sturzb\u00e4che von Wasser herunter und schon bildet sich ein Wasserfall, dessen Wasser sich in der W\u00fcste einen Weg bahnt.<\/p>\t\t\t\t\t<\/div>\n\t\t\t\t\t\t<\/div>\n\t\t\t\t<\/div>\n\t\t\t\t\t\t<\/div>\n\t\t\t\t\t<\/div>\n\t\t<\/div>\n\t\t\t\t\t\t\t\t<\/div>\n\t\t\t\t\t<\/div>\n\t\t<\/section>\n\t\t\t\t<section class=\"elementor-section elementor-top-section elementor-element elementor-element-6d42c51 elementor-section-boxed elementor-section-height-default elementor-section-height-default\" data-id=\"6d42c51\" data-element_type=\"section\">\n\t\t\t\t\t\t<div class=\"elementor-container elementor-column-gap-default\">\n\t\t\t\t\t\t\t<div class=\"elementor-row\">\n\t\t\t\t\t<div class=\"elementor-column elementor-col-100 elementor-top-column elementor-element elementor-element-c925d43\" data-id=\"c925d43\" data-element_type=\"column\">\n\t\t\t<div class=\"elementor-column-wrap elementor-element-populated\">\n\t\t\t\t\t\t\t<div class=\"elementor-widget-wrap\">\n\t\t\t\t\t\t<div class=\"elementor-element elementor-element-11934d6 elementor-widget elementor-widget-text-editor\" data-id=\"11934d6\" data-element_type=\"widget\" data-widget_type=\"text-editor.default\">\n\t\t\t\t<div class=\"elementor-widget-container\">\n\t\t\t\t\t\t\t\t<div class=\"elementor-text-editor elementor-clearfix\">\n\t\t\t\t\t<div id=\"attachment_33425\" style=\"width: 1210px\" class=\"wp-caption aligncenter\"><a href=\"http:\/\/foto-passion.com\/wp-content\/uploads\/2021\/01\/477_AP5A4897-Pano.jpg\"><img loading=\"lazy\" aria-describedby=\"caption-attachment-33425\" class=\"size-full wp-image-33425\" src=\"http:\/\/foto-passion.com\/wp-content\/uploads\/2021\/01\/477_AP5A4897-Pano.jpg\" alt=\"\" width=\"1200\" height=\"290\" srcset=\"http:\/\/foto-passion.com\/wp-content\/uploads\/2021\/01\/477_AP5A4897-Pano.jpg 1200w, http:\/\/foto-passion.com\/wp-content\/uploads\/2021\/01\/477_AP5A4897-Pano-300x73.jpg 300w, http:\/\/foto-passion.com\/wp-content\/uploads\/2021\/01\/477_AP5A4897-Pano-1024x247.jpg 1024w, http:\/\/foto-passion.com\/wp-content\/uploads\/2021\/01\/477_AP5A4897-Pano-768x186.jpg 768w\" sizes=\"(max-width: 1200px) 100vw, 1200px\" \/><\/a><p id=\"caption-attachment-33425\" class=\"wp-caption-text\">Im Wadi Rum<\/p><\/div>\t\t\t\t\t<\/div>\n\t\t\t\t\t\t<\/div>\n\t\t\t\t<\/div>\n\t\t\t\t\t\t<\/div>\n\t\t\t\t\t<\/div>\n\t\t<\/div>\n\t\t\t\t\t\t\t\t<\/div>\n\t\t\t\t\t<\/div>\n\t\t<\/section>\n\t\t\t\t<section class=\"elementor-section elementor-top-section elementor-element elementor-element-0e3bee5 elementor-section-boxed elementor-section-height-default elementor-section-height-default\" data-id=\"0e3bee5\" data-element_type=\"section\">\n\t\t\t\t\t\t<div class=\"elementor-container elementor-column-gap-default\">\n\t\t\t\t\t\t\t<div class=\"elementor-row\">\n\t\t\t\t\t<div class=\"elementor-column elementor-col-100 elementor-top-column elementor-element elementor-element-0cf9c51\" data-id=\"0cf9c51\" data-element_type=\"column\">\n\t\t\t<div class=\"elementor-column-wrap elementor-element-populated\">\n\t\t\t\t\t\t\t<div class=\"elementor-widget-wrap\">\n\t\t\t\t\t\t<div class=\"elementor-element elementor-element-5995dcb elementor-widget elementor-widget-text-editor\" data-id=\"5995dcb\" data-element_type=\"widget\" data-widget_type=\"text-editor.default\">\n\t\t\t\t<div class=\"elementor-widget-container\">\n\t\t\t\t\t\t\t\t<div class=\"elementor-text-editor elementor-clearfix\">\n\t\t\t\t\t<p style=\"text-align: left;\"><!-- index.php -->\n<div\n\tclass=\"ngg-galleryoverview ngg-ajax-pagination-none\"\n\tid=\"ngg-gallery-e0ab5683e14130f184bf9cf53b74e1da-1\">\n\n    \t\t<!-- Thumbnails -->\n\t\t\t\t<div id=\"ngg-image-0\" class=\"ngg-gallery-thumbnail-box\" >\n\t\t\t\t        <div class=\"ngg-gallery-thumbnail\">\n            <a href=\"http:\/\/foto-passion.com\/wp-content\/gallery\/fotostrecke_jordanien_2019\/478_AP5A4938.jpg\"\n               title=\"&lt;strong&gt;Es regnet im Wadi Rum und sofort kommen Sturzb\u00e4che von den Felsen&lt;\/strong&gt;&lt;br \/&gt;Jordanien 2019&lt;br \/&gt;&lt;span style=&quot;font-size:85%;color:#949494;&quot;&gt;[Bild-Id: 16563]&lt;\/span&gt;\"\n               data-src=\"http:\/\/foto-passion.com\/wp-content\/gallery\/fotostrecke_jordanien_2019\/478_AP5A4938.jpg\"\n               data-thumbnail=\"http:\/\/foto-passion.com\/wp-content\/gallery\/fotostrecke_jordanien_2019\/thumbs\/thumbs_478_AP5A4938.jpg\"\n               data-image-id=\"16563\"\n               data-title=\"Es regnet im Wadi Rum und sofort kommen Sturzb\u00e4che von den Felsen\"\n               data-description=\"&lt;strong&gt;Es regnet im Wadi Rum und sofort kommen Sturzb\u00e4che von den Felsen&lt;\/strong&gt;&lt;br \/&gt;Jordanien 2019&lt;br \/&gt;&lt;span style=&quot;font-size:85%;color:#949494;&quot;&gt;[Bild-Id: 16563]&lt;\/span&gt;\"\n               data-image-slug=\"478_ap5a4938\"\n               class=\"ngg-simplelightbox\" rel=\"e0ab5683e14130f184bf9cf53b74e1da\">\n                <img loading=\"lazy\"\n                    title=\"Es regnet im Wadi Rum und sofort kommen Sturzb\u00e4che von den Felsen\"\n                    alt=\"Es regnet im Wadi Rum und sofort kommen Sturzb\u00e4che von den Felsen\"\n                    src=\"http:\/\/foto-passion.com\/wp-content\/gallery\/fotostrecke_jordanien_2019\/cache\/478_AP5A4938.jpg-nggid0516563-ngg0dyn-150x100x100-00f0w010c011r110f110r010t010.jpg\"\n                    width=\"150\"\n                    height=\"100\"\n                    style=\"max-width:100%;\"\n                \/>\n            <\/a>\n        <\/div>\n\t\t\t\t\t\t\t<\/div> \n\t\t\t\n                            \n\t\t\t\t<div id=\"ngg-image-1\" class=\"ngg-gallery-thumbnail-box\" >\n\t\t\t\t        <div class=\"ngg-gallery-thumbnail\">\n            <a href=\"http:\/\/foto-passion.com\/wp-content\/gallery\/fotostrecke_jordanien_2019\/479_AP5A4894.jpg\"\n               title=\"&lt;strong&gt;Im Wadi Rum&lt;\/strong&gt;&lt;br \/&gt;Jordanien 2019&lt;br \/&gt;&lt;span style=&quot;font-size:85%;color:#949494;&quot;&gt;[Bild-Id: 16558]&lt;\/span&gt;\"\n               data-src=\"http:\/\/foto-passion.com\/wp-content\/gallery\/fotostrecke_jordanien_2019\/479_AP5A4894.jpg\"\n               data-thumbnail=\"http:\/\/foto-passion.com\/wp-content\/gallery\/fotostrecke_jordanien_2019\/thumbs\/thumbs_479_AP5A4894.jpg\"\n               data-image-id=\"16558\"\n               data-title=\"Im Wadi Rum\"\n               data-description=\"&lt;strong&gt;Im Wadi Rum&lt;\/strong&gt;&lt;br \/&gt;Jordanien 2019&lt;br \/&gt;&lt;span style=&quot;font-size:85%;color:#949494;&quot;&gt;[Bild-Id: 16558]&lt;\/span&gt;\"\n               data-image-slug=\"479_ap5a4894\"\n               class=\"ngg-simplelightbox\" rel=\"e0ab5683e14130f184bf9cf53b74e1da\">\n                <img loading=\"lazy\"\n                    title=\"Im Wadi Rum\"\n                    alt=\"Im Wadi Rum\"\n                    src=\"http:\/\/foto-passion.com\/wp-content\/gallery\/fotostrecke_jordanien_2019\/cache\/479_AP5A4894.jpg-nggid0516558-ngg0dyn-150x100x100-00f0w010c011r110f110r010t010.jpg\"\n                    width=\"150\"\n                    height=\"100\"\n                    style=\"max-width:100%;\"\n                \/>\n            <\/a>\n        <\/div>\n\t\t\t\t\t\t\t<\/div> \n\t\t\t\n                            \n\t\t\t\t<div id=\"ngg-image-2\" class=\"ngg-gallery-thumbnail-box\" >\n\t\t\t\t        <div class=\"ngg-gallery-thumbnail\">\n            <a href=\"http:\/\/foto-passion.com\/wp-content\/gallery\/fotostrecke_jordanien_2019\/480_AP5A4929.jpg\"\n               title=\"&lt;strong&gt;Im Wadi Rum&lt;\/strong&gt;&lt;br \/&gt;Jordanien 2019&lt;br \/&gt;&lt;span style=&quot;font-size:85%;color:#949494;&quot;&gt;[Bild-Id: 16562]&lt;\/span&gt;\"\n               data-src=\"http:\/\/foto-passion.com\/wp-content\/gallery\/fotostrecke_jordanien_2019\/480_AP5A4929.jpg\"\n               data-thumbnail=\"http:\/\/foto-passion.com\/wp-content\/gallery\/fotostrecke_jordanien_2019\/thumbs\/thumbs_480_AP5A4929.jpg\"\n               data-image-id=\"16562\"\n               data-title=\"Im Wadi Rum\"\n               data-description=\"&lt;strong&gt;Im Wadi Rum&lt;\/strong&gt;&lt;br \/&gt;Jordanien 2019&lt;br \/&gt;&lt;span style=&quot;font-size:85%;color:#949494;&quot;&gt;[Bild-Id: 16562]&lt;\/span&gt;\"\n               data-image-slug=\"480_ap5a4929\"\n               class=\"ngg-simplelightbox\" rel=\"e0ab5683e14130f184bf9cf53b74e1da\">\n                <img loading=\"lazy\"\n                    title=\"Im Wadi Rum\"\n                    alt=\"Im Wadi Rum\"\n                    src=\"http:\/\/foto-passion.com\/wp-content\/gallery\/fotostrecke_jordanien_2019\/cache\/480_AP5A4929.jpg-nggid0516562-ngg0dyn-150x100x100-00f0w010c011r110f110r010t010.jpg\"\n                    width=\"150\"\n                    height=\"100\"\n                    style=\"max-width:100%;\"\n                \/>\n            <\/a>\n        <\/div>\n\t\t\t\t\t\t\t<\/div> \n\t\t\t\n                            \n\t\t\t\t<div id=\"ngg-image-3\" class=\"ngg-gallery-thumbnail-box\" >\n\t\t\t\t        <div class=\"ngg-gallery-thumbnail\">\n            <a href=\"http:\/\/foto-passion.com\/wp-content\/gallery\/fotostrecke_jordanien_2019\/481_AP5A4923.jpg\"\n               title=\"&lt;strong&gt;Im Wadi Rum&lt;\/strong&gt;&lt;br \/&gt;Jordanien 2019&lt;br \/&gt;&lt;span style=&quot;font-size:85%;color:#949494;&quot;&gt;[Bild-Id: 16560]&lt;\/span&gt;\"\n               data-src=\"http:\/\/foto-passion.com\/wp-content\/gallery\/fotostrecke_jordanien_2019\/481_AP5A4923.jpg\"\n               data-thumbnail=\"http:\/\/foto-passion.com\/wp-content\/gallery\/fotostrecke_jordanien_2019\/thumbs\/thumbs_481_AP5A4923.jpg\"\n               data-image-id=\"16560\"\n               data-title=\"Im Wadi Rum\"\n               data-description=\"&lt;strong&gt;Im Wadi Rum&lt;\/strong&gt;&lt;br \/&gt;Jordanien 2019&lt;br \/&gt;&lt;span style=&quot;font-size:85%;color:#949494;&quot;&gt;[Bild-Id: 16560]&lt;\/span&gt;\"\n               data-image-slug=\"481_ap5a4923\"\n               class=\"ngg-simplelightbox\" rel=\"e0ab5683e14130f184bf9cf53b74e1da\">\n                <img loading=\"lazy\"\n                    title=\"Im Wadi Rum\"\n                    alt=\"Im Wadi Rum\"\n                    src=\"http:\/\/foto-passion.com\/wp-content\/gallery\/fotostrecke_jordanien_2019\/cache\/481_AP5A4923.jpg-nggid0516560-ngg0dyn-150x100x100-00f0w010c011r110f110r010t010.jpg\"\n                    width=\"150\"\n                    height=\"100\"\n                    style=\"max-width:100%;\"\n                \/>\n            <\/a>\n        <\/div>\n\t\t\t\t\t\t\t<\/div> \n\t\t\t\n                                    <br style=\"clear: both\" \/>\n                    \n\t\t\n\t\t<div class=\"ngg-clear\"><\/div>\n\t<\/div>\n<\/p>\t\t\t\t\t<\/div>\n\t\t\t\t\t\t<\/div>\n\t\t\t\t<\/div>\n\t\t\t\t\t\t<\/div>\n\t\t\t\t\t<\/div>\n\t\t<\/div>\n\t\t\t\t\t\t\t\t<\/div>\n\t\t\t\t\t<\/div>\n\t\t<\/section>\n\t\t\t\t<section class=\"elementor-section elementor-top-section elementor-element elementor-element-87d7bc3 elementor-section-boxed elementor-section-height-default elementor-section-height-default\" data-id=\"87d7bc3\" data-element_type=\"section\">\n\t\t\t\t\t\t<div class=\"elementor-container elementor-column-gap-default\">\n\t\t\t\t\t\t\t<div class=\"elementor-row\">\n\t\t\t\t\t<div class=\"elementor-column elementor-col-100 elementor-top-column elementor-element elementor-element-eebf0fa\" data-id=\"eebf0fa\" data-element_type=\"column\">\n\t\t\t<div class=\"elementor-column-wrap elementor-element-populated\">\n\t\t\t\t\t\t\t<div class=\"elementor-widget-wrap\">\n\t\t\t\t\t\t<div class=\"elementor-element elementor-element-deb8396 elementor-widget elementor-widget-text-editor\" data-id=\"deb8396\" data-element_type=\"widget\" data-widget_type=\"text-editor.default\">\n\t\t\t\t<div class=\"elementor-widget-container\">\n\t\t\t\t\t\t\t\t<div class=\"elementor-text-editor elementor-clearfix\">\n\t\t\t\t\t<p style=\"text-align: justify;\">Jetzt sind die Beduinen nicht mehr zu halten. Wasser in der W\u00fcste kommt nicht sehr oft vor und stellt auch f\u00fcr die Beduinen etwas Besonderes dar. Wie ein Kind rennt unser Fahrer zum Wasserfall. Ein weiteres Fahrzeug kommt und der Beduine rennt mit einem Stativ in der Hand ebenfalls zum Wasserfall. Jetzt warten wir, bis sich unser Guide wieder eingekriegt hat.<\/p>\t\t\t\t\t<\/div>\n\t\t\t\t\t\t<\/div>\n\t\t\t\t<\/div>\n\t\t\t\t\t\t<\/div>\n\t\t\t\t\t<\/div>\n\t\t<\/div>\n\t\t\t\t\t\t\t\t<\/div>\n\t\t\t\t\t<\/div>\n\t\t<\/section>\n\t\t\t\t<section class=\"elementor-section elementor-top-section elementor-element elementor-element-9f87261 elementor-section-boxed elementor-section-height-default elementor-section-height-default\" data-id=\"9f87261\" data-element_type=\"section\">\n\t\t\t\t\t\t<div class=\"elementor-container elementor-column-gap-default\">\n\t\t\t\t\t\t\t<div class=\"elementor-row\">\n\t\t\t\t\t<div class=\"elementor-column elementor-col-100 elementor-top-column elementor-element elementor-element-2dafe84\" data-id=\"2dafe84\" data-element_type=\"column\">\n\t\t\t<div class=\"elementor-column-wrap elementor-element-populated\">\n\t\t\t\t\t\t\t<div class=\"elementor-widget-wrap\">\n\t\t\t\t\t\t<div class=\"elementor-element elementor-element-3c32471 elementor-widget elementor-widget-text-editor\" data-id=\"3c32471\" data-element_type=\"widget\" data-widget_type=\"text-editor.default\">\n\t\t\t\t<div class=\"elementor-widget-container\">\n\t\t\t\t\t\t\t\t<div class=\"elementor-text-editor elementor-clearfix\">\n\t\t\t\t\t<p style=\"text-align: left;\"><!-- index.php -->\n<div\n\tclass=\"ngg-galleryoverview ngg-ajax-pagination-none\"\n\tid=\"ngg-gallery-b8a76e0f438ff94af3305694c43ba0ae-1\">\n\n    \t\t<!-- Thumbnails -->\n\t\t\t\t<div id=\"ngg-image-0\" class=\"ngg-gallery-thumbnail-box\" >\n\t\t\t\t        <div class=\"ngg-gallery-thumbnail\">\n            <a href=\"http:\/\/foto-passion.com\/wp-content\/gallery\/fotostrecke_jordanien_2019\/482_AP5A4945.jpg\"\n               title=\"&lt;strong&gt;Es regnet im Wadi Rum und sofort kommen Sturzb\u00e4che von den Felsen&lt;\/strong&gt;&lt;br \/&gt;Jordanien 2019&lt;br \/&gt;&lt;span style=&quot;font-size:85%;color:#949494;&quot;&gt;[Bild-Id: 16564]&lt;\/span&gt;\"\n               data-src=\"http:\/\/foto-passion.com\/wp-content\/gallery\/fotostrecke_jordanien_2019\/482_AP5A4945.jpg\"\n               data-thumbnail=\"http:\/\/foto-passion.com\/wp-content\/gallery\/fotostrecke_jordanien_2019\/thumbs\/thumbs_482_AP5A4945.jpg\"\n               data-image-id=\"16564\"\n               data-title=\"Es regnet im Wadi Rum und sofort kommen Sturzb\u00e4che von den Felsen\"\n               data-description=\"&lt;strong&gt;Es regnet im Wadi Rum und sofort kommen Sturzb\u00e4che von den Felsen&lt;\/strong&gt;&lt;br \/&gt;Jordanien 2019&lt;br \/&gt;&lt;span style=&quot;font-size:85%;color:#949494;&quot;&gt;[Bild-Id: 16564]&lt;\/span&gt;\"\n               data-image-slug=\"482_ap5a4945\"\n               class=\"ngg-simplelightbox\" rel=\"b8a76e0f438ff94af3305694c43ba0ae\">\n                <img loading=\"lazy\"\n                    title=\"Es regnet im Wadi Rum und sofort kommen Sturzb\u00e4che von den Felsen\"\n                    alt=\"Es regnet im Wadi Rum und sofort kommen Sturzb\u00e4che von den Felsen\"\n                    src=\"http:\/\/foto-passion.com\/wp-content\/gallery\/fotostrecke_jordanien_2019\/cache\/482_AP5A4945.jpg-nggid0516564-ngg0dyn-150x100x100-00f0w010c011r110f110r010t010.jpg\"\n                    width=\"150\"\n                    height=\"100\"\n                    style=\"max-width:100%;\"\n                \/>\n            <\/a>\n        <\/div>\n\t\t\t\t\t\t\t<\/div> \n\t\t\t\n                            \n\t\t\t\t<div id=\"ngg-image-1\" class=\"ngg-gallery-thumbnail-box\" >\n\t\t\t\t        <div class=\"ngg-gallery-thumbnail\">\n            <a href=\"http:\/\/foto-passion.com\/wp-content\/gallery\/fotostrecke_jordanien_2019\/483_AP5A4924.jpg\"\n               title=\"&lt;strong&gt;Es regnet im Wadi Rum und sofort kommen Sturzb\u00e4che von den Felsen&lt;\/strong&gt;&lt;br \/&gt;Jordanien 2019&lt;br \/&gt;&lt;span style=&quot;font-size:85%;color:#949494;&quot;&gt;[Bild-Id: 16561]&lt;\/span&gt;\"\n               data-src=\"http:\/\/foto-passion.com\/wp-content\/gallery\/fotostrecke_jordanien_2019\/483_AP5A4924.jpg\"\n               data-thumbnail=\"http:\/\/foto-passion.com\/wp-content\/gallery\/fotostrecke_jordanien_2019\/thumbs\/thumbs_483_AP5A4924.jpg\"\n               data-image-id=\"16561\"\n               data-title=\"Es regnet im Wadi Rum und sofort kommen Sturzb\u00e4che von den Felsen\"\n               data-description=\"&lt;strong&gt;Es regnet im Wadi Rum und sofort kommen Sturzb\u00e4che von den Felsen&lt;\/strong&gt;&lt;br \/&gt;Jordanien 2019&lt;br \/&gt;&lt;span style=&quot;font-size:85%;color:#949494;&quot;&gt;[Bild-Id: 16561]&lt;\/span&gt;\"\n               data-image-slug=\"483_ap5a4924\"\n               class=\"ngg-simplelightbox\" rel=\"b8a76e0f438ff94af3305694c43ba0ae\">\n                <img loading=\"lazy\"\n                    title=\"Es regnet im Wadi Rum und sofort kommen Sturzb\u00e4che von den Felsen\"\n                    alt=\"Es regnet im Wadi Rum und sofort kommen Sturzb\u00e4che von den Felsen\"\n                    src=\"http:\/\/foto-passion.com\/wp-content\/gallery\/fotostrecke_jordanien_2019\/cache\/483_AP5A4924.jpg-nggid0516561-ngg0dyn-150x100x100-00f0w010c011r110f110r010t010.jpg\"\n                    width=\"150\"\n                    height=\"100\"\n                    style=\"max-width:100%;\"\n                \/>\n            <\/a>\n        <\/div>\n\t\t\t\t\t\t\t<\/div> \n\t\t\t\n                            \n\t\t\t\t<div id=\"ngg-image-2\" class=\"ngg-gallery-thumbnail-box\" >\n\t\t\t\t        <div class=\"ngg-gallery-thumbnail\">\n            <a href=\"http:\/\/foto-passion.com\/wp-content\/gallery\/fotostrecke_jordanien_2019\/484_AP5A5002.jpg\"\n               title=\"&lt;strong&gt;Es regnet im Wadi Rum und sofort kommen Sturzb\u00e4che von den Felsen&lt;\/strong&gt;&lt;br \/&gt;Jordanien 2019&lt;br \/&gt;&lt;span style=&quot;font-size:85%;color:#949494;&quot;&gt;[Bild-Id: 16570]&lt;\/span&gt;\"\n               data-src=\"http:\/\/foto-passion.com\/wp-content\/gallery\/fotostrecke_jordanien_2019\/484_AP5A5002.jpg\"\n               data-thumbnail=\"http:\/\/foto-passion.com\/wp-content\/gallery\/fotostrecke_jordanien_2019\/thumbs\/thumbs_484_AP5A5002.jpg\"\n               data-image-id=\"16570\"\n               data-title=\"Es regnet im Wadi Rum und sofort kommen Sturzb\u00e4che von den Felsen\"\n               data-description=\"&lt;strong&gt;Es regnet im Wadi Rum und sofort kommen Sturzb\u00e4che von den Felsen&lt;\/strong&gt;&lt;br \/&gt;Jordanien 2019&lt;br \/&gt;&lt;span style=&quot;font-size:85%;color:#949494;&quot;&gt;[Bild-Id: 16570]&lt;\/span&gt;\"\n               data-image-slug=\"484_ap5a5002\"\n               class=\"ngg-simplelightbox\" rel=\"b8a76e0f438ff94af3305694c43ba0ae\">\n                <img loading=\"lazy\"\n                    title=\"Es regnet im Wadi Rum und sofort kommen Sturzb\u00e4che von den Felsen\"\n                    alt=\"Es regnet im Wadi Rum und sofort kommen Sturzb\u00e4che von den Felsen\"\n                    src=\"http:\/\/foto-passion.com\/wp-content\/gallery\/fotostrecke_jordanien_2019\/cache\/484_AP5A5002.jpg-nggid0516570-ngg0dyn-150x100x100-00f0w010c011r110f110r010t010.jpg\"\n                    width=\"150\"\n                    height=\"100\"\n                    style=\"max-width:100%;\"\n                \/>\n            <\/a>\n        <\/div>\n\t\t\t\t\t\t\t<\/div> \n\t\t\t\n                            \n\t\t\t\t<div id=\"ngg-image-3\" class=\"ngg-gallery-thumbnail-box\" >\n\t\t\t\t        <div class=\"ngg-gallery-thumbnail\">\n            <a href=\"http:\/\/foto-passion.com\/wp-content\/gallery\/fotostrecke_jordanien_2019\/485_AP5A4964.jpg\"\n               title=\"&lt;strong&gt;Es regnet im Wadi Rum und sofort kommen Sturzb\u00e4che von den Felsen&lt;\/strong&gt;&lt;br \/&gt;Jordanien 2019&lt;br \/&gt;&lt;span style=&quot;font-size:85%;color:#949494;&quot;&gt;[Bild-Id: 16565]&lt;\/span&gt;\"\n               data-src=\"http:\/\/foto-passion.com\/wp-content\/gallery\/fotostrecke_jordanien_2019\/485_AP5A4964.jpg\"\n               data-thumbnail=\"http:\/\/foto-passion.com\/wp-content\/gallery\/fotostrecke_jordanien_2019\/thumbs\/thumbs_485_AP5A4964.jpg\"\n               data-image-id=\"16565\"\n               data-title=\"Es regnet im Wadi Rum und sofort kommen Sturzb\u00e4che von den Felsen\"\n               data-description=\"&lt;strong&gt;Es regnet im Wadi Rum und sofort kommen Sturzb\u00e4che von den Felsen&lt;\/strong&gt;&lt;br \/&gt;Jordanien 2019&lt;br \/&gt;&lt;span style=&quot;font-size:85%;color:#949494;&quot;&gt;[Bild-Id: 16565]&lt;\/span&gt;\"\n               data-image-slug=\"485_ap5a4964\"\n               class=\"ngg-simplelightbox\" rel=\"b8a76e0f438ff94af3305694c43ba0ae\">\n                <img loading=\"lazy\"\n                    title=\"Es regnet im Wadi Rum und sofort kommen Sturzb\u00e4che von den Felsen\"\n                    alt=\"Es regnet im Wadi Rum und sofort kommen Sturzb\u00e4che von den Felsen\"\n                    src=\"http:\/\/foto-passion.com\/wp-content\/gallery\/fotostrecke_jordanien_2019\/cache\/485_AP5A4964.jpg-nggid0516565-ngg0dyn-150x100x100-00f0w010c011r110f110r010t010.jpg\"\n                    width=\"150\"\n                    height=\"100\"\n                    style=\"max-width:100%;\"\n                \/>\n            <\/a>\n        <\/div>\n\t\t\t\t\t\t\t<\/div> \n\t\t\t\n                                    <br style=\"clear: both\" \/>\n                    \n\t\t\t\t<div id=\"ngg-image-4\" class=\"ngg-gallery-thumbnail-box\" >\n\t\t\t\t        <div class=\"ngg-gallery-thumbnail\">\n            <a href=\"http:\/\/foto-passion.com\/wp-content\/gallery\/fotostrecke_jordanien_2019\/486_AP5A4976.jpg\"\n               title=\"&lt;strong&gt;Es regnet im Wadi Rum und sofort kommen Sturzb\u00e4che von den Felsen&lt;\/strong&gt;&lt;br \/&gt;Jordanien 2019&lt;br \/&gt;&lt;span style=&quot;font-size:85%;color:#949494;&quot;&gt;[Bild-Id: 16566]&lt;\/span&gt;\"\n               data-src=\"http:\/\/foto-passion.com\/wp-content\/gallery\/fotostrecke_jordanien_2019\/486_AP5A4976.jpg\"\n               data-thumbnail=\"http:\/\/foto-passion.com\/wp-content\/gallery\/fotostrecke_jordanien_2019\/thumbs\/thumbs_486_AP5A4976.jpg\"\n               data-image-id=\"16566\"\n               data-title=\"Es regnet im Wadi Rum und sofort kommen Sturzb\u00e4che von den Felsen\"\n               data-description=\"&lt;strong&gt;Es regnet im Wadi Rum und sofort kommen Sturzb\u00e4che von den Felsen&lt;\/strong&gt;&lt;br \/&gt;Jordanien 2019&lt;br \/&gt;&lt;span style=&quot;font-size:85%;color:#949494;&quot;&gt;[Bild-Id: 16566]&lt;\/span&gt;\"\n               data-image-slug=\"486_ap5a4976\"\n               class=\"ngg-simplelightbox\" rel=\"b8a76e0f438ff94af3305694c43ba0ae\">\n                <img loading=\"lazy\"\n                    title=\"Es regnet im Wadi Rum und sofort kommen Sturzb\u00e4che von den Felsen\"\n                    alt=\"Es regnet im Wadi Rum und sofort kommen Sturzb\u00e4che von den Felsen\"\n                    src=\"http:\/\/foto-passion.com\/wp-content\/gallery\/fotostrecke_jordanien_2019\/cache\/486_AP5A4976.jpg-nggid0516566-ngg0dyn-150x100x100-00f0w010c011r110f110r010t010.jpg\"\n                    width=\"150\"\n                    height=\"100\"\n                    style=\"max-width:100%;\"\n                \/>\n            <\/a>\n        <\/div>\n\t\t\t\t\t\t\t<\/div> \n\t\t\t\n                            \n\t\t\t\t<div id=\"ngg-image-5\" class=\"ngg-gallery-thumbnail-box\" >\n\t\t\t\t        <div class=\"ngg-gallery-thumbnail\">\n            <a href=\"http:\/\/foto-passion.com\/wp-content\/gallery\/fotostrecke_jordanien_2019\/487_AP5A4988.jpg\"\n               title=\"&lt;strong&gt;Regen im Wadi Rum&lt;\/strong&gt;&lt;br \/&gt;Jordanien 2019&lt;br \/&gt;&lt;span style=&quot;font-size:85%;color:#949494;&quot;&gt;[Bild-Id: 16568]&lt;\/span&gt;\"\n               data-src=\"http:\/\/foto-passion.com\/wp-content\/gallery\/fotostrecke_jordanien_2019\/487_AP5A4988.jpg\"\n               data-thumbnail=\"http:\/\/foto-passion.com\/wp-content\/gallery\/fotostrecke_jordanien_2019\/thumbs\/thumbs_487_AP5A4988.jpg\"\n               data-image-id=\"16568\"\n               data-title=\"Regen im Wadi Rum\"\n               data-description=\"&lt;strong&gt;Regen im Wadi Rum&lt;\/strong&gt;&lt;br \/&gt;Jordanien 2019&lt;br \/&gt;&lt;span style=&quot;font-size:85%;color:#949494;&quot;&gt;[Bild-Id: 16568]&lt;\/span&gt;\"\n               data-image-slug=\"487_ap5a4988\"\n               class=\"ngg-simplelightbox\" rel=\"b8a76e0f438ff94af3305694c43ba0ae\">\n                <img loading=\"lazy\"\n                    title=\"Regen im Wadi Rum\"\n                    alt=\"Regen im Wadi Rum\"\n                    src=\"http:\/\/foto-passion.com\/wp-content\/gallery\/fotostrecke_jordanien_2019\/cache\/487_AP5A4988.jpg-nggid0516568-ngg0dyn-150x100x100-00f0w010c011r110f110r010t010.jpg\"\n                    width=\"150\"\n                    height=\"100\"\n                    style=\"max-width:100%;\"\n                \/>\n            <\/a>\n        <\/div>\n\t\t\t\t\t\t\t<\/div> \n\t\t\t\n                            \n\t\t\t\t<div id=\"ngg-image-6\" class=\"ngg-gallery-thumbnail-box\" >\n\t\t\t\t        <div class=\"ngg-gallery-thumbnail\">\n            <a href=\"http:\/\/foto-passion.com\/wp-content\/gallery\/fotostrecke_jordanien_2019\/488_AP5A5001.jpg\"\n               title=\"&lt;strong&gt;Regen im Wadi Rum&lt;\/strong&gt;&lt;br \/&gt;Jordanien 2019&lt;br \/&gt;&lt;span style=&quot;font-size:85%;color:#949494;&quot;&gt;[Bild-Id: 16569]&lt;\/span&gt;\"\n               data-src=\"http:\/\/foto-passion.com\/wp-content\/gallery\/fotostrecke_jordanien_2019\/488_AP5A5001.jpg\"\n               data-thumbnail=\"http:\/\/foto-passion.com\/wp-content\/gallery\/fotostrecke_jordanien_2019\/thumbs\/thumbs_488_AP5A5001.jpg\"\n               data-image-id=\"16569\"\n               data-title=\"Regen im Wadi Rum\"\n               data-description=\"&lt;strong&gt;Regen im Wadi Rum&lt;\/strong&gt;&lt;br \/&gt;Jordanien 2019&lt;br \/&gt;&lt;span style=&quot;font-size:85%;color:#949494;&quot;&gt;[Bild-Id: 16569]&lt;\/span&gt;\"\n               data-image-slug=\"488_ap5a5001\"\n               class=\"ngg-simplelightbox\" rel=\"b8a76e0f438ff94af3305694c43ba0ae\">\n                <img loading=\"lazy\"\n                    title=\"Regen im Wadi Rum\"\n                    alt=\"Regen im Wadi Rum\"\n                    src=\"http:\/\/foto-passion.com\/wp-content\/gallery\/fotostrecke_jordanien_2019\/cache\/488_AP5A5001.jpg-nggid0516569-ngg0dyn-150x100x100-00f0w010c011r110f110r010t010.jpg\"\n                    width=\"150\"\n                    height=\"100\"\n                    style=\"max-width:100%;\"\n                \/>\n            <\/a>\n        <\/div>\n\t\t\t\t\t\t\t<\/div> \n\t\t\t\n                            \n\t\t\t\t<div id=\"ngg-image-7\" class=\"ngg-gallery-thumbnail-box\" >\n\t\t\t\t        <div class=\"ngg-gallery-thumbnail\">\n            <a href=\"http:\/\/foto-passion.com\/wp-content\/gallery\/fotostrecke_jordanien_2019\/489_AP5A4986.jpg\"\n               title=\"&lt;strong&gt;Regen im Wadi Rum&lt;\/strong&gt;&lt;br \/&gt;Jordanien 2019&lt;br \/&gt;&lt;span style=&quot;font-size:85%;color:#949494;&quot;&gt;[Bild-Id: 16567]&lt;\/span&gt;\"\n               data-src=\"http:\/\/foto-passion.com\/wp-content\/gallery\/fotostrecke_jordanien_2019\/489_AP5A4986.jpg\"\n               data-thumbnail=\"http:\/\/foto-passion.com\/wp-content\/gallery\/fotostrecke_jordanien_2019\/thumbs\/thumbs_489_AP5A4986.jpg\"\n               data-image-id=\"16567\"\n               data-title=\"Regen im Wadi Rum\"\n               data-description=\"&lt;strong&gt;Regen im Wadi Rum&lt;\/strong&gt;&lt;br \/&gt;Jordanien 2019&lt;br \/&gt;&lt;span style=&quot;font-size:85%;color:#949494;&quot;&gt;[Bild-Id: 16567]&lt;\/span&gt;\"\n               data-image-slug=\"489_ap5a4986\"\n               class=\"ngg-simplelightbox\" rel=\"b8a76e0f438ff94af3305694c43ba0ae\">\n                <img loading=\"lazy\"\n                    title=\"Regen im Wadi Rum\"\n                    alt=\"Regen im Wadi Rum\"\n                    src=\"http:\/\/foto-passion.com\/wp-content\/gallery\/fotostrecke_jordanien_2019\/cache\/489_AP5A4986.jpg-nggid0516567-ngg0dyn-150x100x100-00f0w010c011r110f110r010t010.jpg\"\n                    width=\"150\"\n                    height=\"100\"\n                    style=\"max-width:100%;\"\n                \/>\n            <\/a>\n        <\/div>\n\t\t\t\t\t\t\t<\/div> \n\t\t\t\n                                    <br style=\"clear: both\" \/>\n                    \n\t\t\n\t\t<div class=\"ngg-clear\"><\/div>\n\t<\/div>\n<\/p>\t\t\t\t\t<\/div>\n\t\t\t\t\t\t<\/div>\n\t\t\t\t<\/div>\n\t\t\t\t\t\t<\/div>\n\t\t\t\t\t<\/div>\n\t\t<\/div>\n\t\t\t\t\t\t\t\t<\/div>\n\t\t\t\t\t<\/div>\n\t\t<\/section>\n\t\t\t\t<section class=\"elementor-section elementor-top-section elementor-element elementor-element-450a523 elementor-section-boxed elementor-section-height-default elementor-section-height-default\" data-id=\"450a523\" data-element_type=\"section\">\n\t\t\t\t\t\t<div class=\"elementor-container elementor-column-gap-default\">\n\t\t\t\t\t\t\t<div class=\"elementor-row\">\n\t\t\t\t\t<div class=\"elementor-column elementor-col-100 elementor-top-column elementor-element elementor-element-26930f9\" data-id=\"26930f9\" data-element_type=\"column\">\n\t\t\t<div class=\"elementor-column-wrap elementor-element-populated\">\n\t\t\t\t\t\t\t<div class=\"elementor-widget-wrap\">\n\t\t\t\t\t\t<div class=\"elementor-element elementor-element-82a133c elementor-widget elementor-widget-text-editor\" data-id=\"82a133c\" data-element_type=\"widget\" data-widget_type=\"text-editor.default\">\n\t\t\t\t<div class=\"elementor-widget-container\">\n\t\t\t\t\t\t\t\t<div class=\"elementor-text-editor elementor-clearfix\">\n\t\t\t\t\t<p style=\"text-align: justify;\">Zur Zeit gibt es wundersch\u00f6nes Licht und schon steuert er das Camp an. Wir bitten ihn noch um einen Abstecher zu einem Aussichtspunkt, denn gerade bildet sich ein St\u00fcck Regenbogen \u2013 etwas mickrig \u2013 aber immerhin. Sogar ein Blitz zuckt am Himmel. Wir machen noch ein paar Fotos dieser unwirklichen Szenerie, bevor uns Hamza zur\u00fcck ins Camp bringt. Nun ja, der Tag ist sinnvoll verbracht aber zwingend notwendig ist die Tour in den S\u00fcden nicht. Immerhin bestand unser heutiges Highlight in einem f\u00fcr europ\u00e4ische Gefilde nicht besonders geliebten Wetterereignis, das hier in der W\u00fcste DAS Highlight darstellt.<\/p>\t\t\t\t\t<\/div>\n\t\t\t\t\t\t<\/div>\n\t\t\t\t<\/div>\n\t\t\t\t\t\t<\/div>\n\t\t\t\t\t<\/div>\n\t\t<\/div>\n\t\t\t\t\t\t\t\t<\/div>\n\t\t\t\t\t<\/div>\n\t\t<\/section>\n\t\t\t\t<section class=\"elementor-section elementor-top-section elementor-element elementor-element-c4534e5 elementor-section-boxed elementor-section-height-default elementor-section-height-default\" data-id=\"c4534e5\" data-element_type=\"section\">\n\t\t\t\t\t\t<div class=\"elementor-container elementor-column-gap-default\">\n\t\t\t\t\t\t\t<div class=\"elementor-row\">\n\t\t\t\t\t<div class=\"elementor-column elementor-col-100 elementor-top-column elementor-element elementor-element-7f600ed\" data-id=\"7f600ed\" data-element_type=\"column\">\n\t\t\t<div class=\"elementor-column-wrap elementor-element-populated\">\n\t\t\t\t\t\t\t<div class=\"elementor-widget-wrap\">\n\t\t\t\t\t\t<div class=\"elementor-element elementor-element-3578691 elementor-widget elementor-widget-text-editor\" data-id=\"3578691\" data-element_type=\"widget\" data-widget_type=\"text-editor.default\">\n\t\t\t\t<div class=\"elementor-widget-container\">\n\t\t\t\t\t\t\t\t<div class=\"elementor-text-editor elementor-clearfix\">\n\t\t\t\t\t<p style=\"text-align: left;\"><!-- index.php -->\n<div\n\tclass=\"ngg-galleryoverview ngg-ajax-pagination-none\"\n\tid=\"ngg-gallery-2df448a07d095adcd232c288552c6bb7-1\">\n\n    \t\t<!-- Thumbnails -->\n\t\t\t\t<div id=\"ngg-image-0\" class=\"ngg-gallery-thumbnail-box\" >\n\t\t\t\t        <div class=\"ngg-gallery-thumbnail\">\n            <a href=\"http:\/\/foto-passion.com\/wp-content\/gallery\/fotostrecke_jordanien_2019\/490_AP5A5007.jpg\"\n               title=\"&lt;strong&gt;Regen im Wadi Rum&lt;\/strong&gt;&lt;br \/&gt;Jordanien 2019&lt;br \/&gt;&lt;span style=&quot;font-size:85%;color:#949494;&quot;&gt;[Bild-Id: 16571]&lt;\/span&gt;\"\n               data-src=\"http:\/\/foto-passion.com\/wp-content\/gallery\/fotostrecke_jordanien_2019\/490_AP5A5007.jpg\"\n               data-thumbnail=\"http:\/\/foto-passion.com\/wp-content\/gallery\/fotostrecke_jordanien_2019\/thumbs\/thumbs_490_AP5A5007.jpg\"\n               data-image-id=\"16571\"\n               data-title=\"Regen im Wadi Rum\"\n               data-description=\"&lt;strong&gt;Regen im Wadi Rum&lt;\/strong&gt;&lt;br \/&gt;Jordanien 2019&lt;br \/&gt;&lt;span style=&quot;font-size:85%;color:#949494;&quot;&gt;[Bild-Id: 16571]&lt;\/span&gt;\"\n               data-image-slug=\"490_ap5a5007\"\n               class=\"ngg-simplelightbox\" rel=\"2df448a07d095adcd232c288552c6bb7\">\n                <img loading=\"lazy\"\n                    title=\"Regen im Wadi Rum\"\n                    alt=\"Regen im Wadi Rum\"\n                    src=\"http:\/\/foto-passion.com\/wp-content\/gallery\/fotostrecke_jordanien_2019\/cache\/490_AP5A5007.jpg-nggid0516571-ngg0dyn-150x100x100-00f0w010c011r110f110r010t010.jpg\"\n                    width=\"150\"\n                    height=\"100\"\n                    style=\"max-width:100%;\"\n                \/>\n            <\/a>\n        <\/div>\n\t\t\t\t\t\t\t<\/div> \n\t\t\t\n                            \n\t\t\t\t<div id=\"ngg-image-1\" class=\"ngg-gallery-thumbnail-box\" >\n\t\t\t\t        <div class=\"ngg-gallery-thumbnail\">\n            <a href=\"http:\/\/foto-passion.com\/wp-content\/gallery\/fotostrecke_jordanien_2019\/491_AP5A5008.jpg\"\n               title=\"&lt;strong&gt;Regen im Wadi Rum&lt;\/strong&gt;&lt;br \/&gt;Jordanien 2019&lt;br \/&gt;&lt;span style=&quot;font-size:85%;color:#949494;&quot;&gt;[Bild-Id: 16572]&lt;\/span&gt;\"\n               data-src=\"http:\/\/foto-passion.com\/wp-content\/gallery\/fotostrecke_jordanien_2019\/491_AP5A5008.jpg\"\n               data-thumbnail=\"http:\/\/foto-passion.com\/wp-content\/gallery\/fotostrecke_jordanien_2019\/thumbs\/thumbs_491_AP5A5008.jpg\"\n               data-image-id=\"16572\"\n               data-title=\"Regen im Wadi Rum\"\n               data-description=\"&lt;strong&gt;Regen im Wadi Rum&lt;\/strong&gt;&lt;br \/&gt;Jordanien 2019&lt;br \/&gt;&lt;span style=&quot;font-size:85%;color:#949494;&quot;&gt;[Bild-Id: 16572]&lt;\/span&gt;\"\n               data-image-slug=\"491_ap5a5008\"\n               class=\"ngg-simplelightbox\" rel=\"2df448a07d095adcd232c288552c6bb7\">\n                <img loading=\"lazy\"\n                    title=\"Regen im Wadi Rum\"\n                    alt=\"Regen im Wadi Rum\"\n                    src=\"http:\/\/foto-passion.com\/wp-content\/gallery\/fotostrecke_jordanien_2019\/cache\/491_AP5A5008.jpg-nggid0516572-ngg0dyn-150x100x100-00f0w010c011r110f110r010t010.jpg\"\n                    width=\"150\"\n                    height=\"100\"\n                    style=\"max-width:100%;\"\n                \/>\n            <\/a>\n        <\/div>\n\t\t\t\t\t\t\t<\/div> \n\t\t\t\n                            \n\t\t\t\t<div id=\"ngg-image-2\" class=\"ngg-gallery-thumbnail-box\" >\n\t\t\t\t        <div class=\"ngg-gallery-thumbnail\">\n            <a href=\"http:\/\/foto-passion.com\/wp-content\/gallery\/fotostrecke_jordanien_2019\/492_AP5A5017.jpg\"\n               title=\"&lt;strong&gt;Regen im Wadi Rum&lt;\/strong&gt;&lt;br \/&gt;Jordanien 2019&lt;br \/&gt;&lt;span style=&quot;font-size:85%;color:#949494;&quot;&gt;[Bild-Id: 16573]&lt;\/span&gt;\"\n               data-src=\"http:\/\/foto-passion.com\/wp-content\/gallery\/fotostrecke_jordanien_2019\/492_AP5A5017.jpg\"\n               data-thumbnail=\"http:\/\/foto-passion.com\/wp-content\/gallery\/fotostrecke_jordanien_2019\/thumbs\/thumbs_492_AP5A5017.jpg\"\n               data-image-id=\"16573\"\n               data-title=\"Regen im Wadi Rum\"\n               data-description=\"&lt;strong&gt;Regen im Wadi Rum&lt;\/strong&gt;&lt;br \/&gt;Jordanien 2019&lt;br \/&gt;&lt;span style=&quot;font-size:85%;color:#949494;&quot;&gt;[Bild-Id: 16573]&lt;\/span&gt;\"\n               data-image-slug=\"492_ap5a5017\"\n               class=\"ngg-simplelightbox\" rel=\"2df448a07d095adcd232c288552c6bb7\">\n                <img loading=\"lazy\"\n                    title=\"Regen im Wadi Rum\"\n                    alt=\"Regen im Wadi Rum\"\n                    src=\"http:\/\/foto-passion.com\/wp-content\/gallery\/fotostrecke_jordanien_2019\/cache\/492_AP5A5017.jpg-nggid0516573-ngg0dyn-150x100x100-00f0w010c011r110f110r010t010.jpg\"\n                    width=\"150\"\n                    height=\"100\"\n                    style=\"max-width:100%;\"\n                \/>\n            <\/a>\n        <\/div>\n\t\t\t\t\t\t\t<\/div> \n\t\t\t\n                            \n\t\t\t\t<div id=\"ngg-image-3\" class=\"ngg-gallery-thumbnail-box\" >\n\t\t\t\t        <div class=\"ngg-gallery-thumbnail\">\n            <a href=\"http:\/\/foto-passion.com\/wp-content\/gallery\/fotostrecke_jordanien_2019\/493_AP5A5018.jpg\"\n               title=\"&lt;strong&gt;Regen im Wadi Rum&lt;\/strong&gt;&lt;br \/&gt;Jordanien 2019&lt;br \/&gt;&lt;span style=&quot;font-size:85%;color:#949494;&quot;&gt;[Bild-Id: 16574]&lt;\/span&gt;\"\n               data-src=\"http:\/\/foto-passion.com\/wp-content\/gallery\/fotostrecke_jordanien_2019\/493_AP5A5018.jpg\"\n               data-thumbnail=\"http:\/\/foto-passion.com\/wp-content\/gallery\/fotostrecke_jordanien_2019\/thumbs\/thumbs_493_AP5A5018.jpg\"\n               data-image-id=\"16574\"\n               data-title=\"Regen im Wadi Rum\"\n               data-description=\"&lt;strong&gt;Regen im Wadi Rum&lt;\/strong&gt;&lt;br \/&gt;Jordanien 2019&lt;br \/&gt;&lt;span style=&quot;font-size:85%;color:#949494;&quot;&gt;[Bild-Id: 16574]&lt;\/span&gt;\"\n               data-image-slug=\"493_ap5a5018\"\n               class=\"ngg-simplelightbox\" rel=\"2df448a07d095adcd232c288552c6bb7\">\n                <img loading=\"lazy\"\n                    title=\"Regen im Wadi Rum\"\n                    alt=\"Regen im Wadi Rum\"\n                    src=\"http:\/\/foto-passion.com\/wp-content\/gallery\/fotostrecke_jordanien_2019\/cache\/493_AP5A5018.jpg-nggid0516574-ngg0dyn-150x100x100-00f0w010c011r110f110r010t010.jpg\"\n                    width=\"150\"\n                    height=\"100\"\n                    style=\"max-width:100%;\"\n                \/>\n            <\/a>\n        <\/div>\n\t\t\t\t\t\t\t<\/div> \n\t\t\t\n                                    <br style=\"clear: both\" \/>\n                    \n\t\t\t\t<div id=\"ngg-image-4\" class=\"ngg-gallery-thumbnail-box\" >\n\t\t\t\t        <div class=\"ngg-gallery-thumbnail\">\n            <a href=\"http:\/\/foto-passion.com\/wp-content\/gallery\/fotostrecke_jordanien_2019\/494_AP5A5020.jpg\"\n               title=\"&lt;strong&gt;Regen im Wadi Rum&lt;\/strong&gt;&lt;br \/&gt;Jordanien 2019&lt;br \/&gt;&lt;span style=&quot;font-size:85%;color:#949494;&quot;&gt;[Bild-Id: 16575]&lt;\/span&gt;\"\n               data-src=\"http:\/\/foto-passion.com\/wp-content\/gallery\/fotostrecke_jordanien_2019\/494_AP5A5020.jpg\"\n               data-thumbnail=\"http:\/\/foto-passion.com\/wp-content\/gallery\/fotostrecke_jordanien_2019\/thumbs\/thumbs_494_AP5A5020.jpg\"\n               data-image-id=\"16575\"\n               data-title=\"Regen im Wadi Rum\"\n               data-description=\"&lt;strong&gt;Regen im Wadi Rum&lt;\/strong&gt;&lt;br \/&gt;Jordanien 2019&lt;br \/&gt;&lt;span style=&quot;font-size:85%;color:#949494;&quot;&gt;[Bild-Id: 16575]&lt;\/span&gt;\"\n               data-image-slug=\"494_ap5a5020\"\n               class=\"ngg-simplelightbox\" rel=\"2df448a07d095adcd232c288552c6bb7\">\n                <img loading=\"lazy\"\n                    title=\"Regen im Wadi Rum\"\n                    alt=\"Regen im Wadi Rum\"\n                    src=\"http:\/\/foto-passion.com\/wp-content\/gallery\/fotostrecke_jordanien_2019\/cache\/494_AP5A5020.jpg-nggid0516575-ngg0dyn-150x100x100-00f0w010c011r110f110r010t010.jpg\"\n                    width=\"150\"\n                    height=\"100\"\n                    style=\"max-width:100%;\"\n                \/>\n            <\/a>\n        <\/div>\n\t\t\t\t\t\t\t<\/div> \n\t\t\t\n                            \n\t\t\t\t<div id=\"ngg-image-5\" class=\"ngg-gallery-thumbnail-box\" >\n\t\t\t\t        <div class=\"ngg-gallery-thumbnail\">\n            <a href=\"http:\/\/foto-passion.com\/wp-content\/gallery\/fotostrecke_jordanien_2019\/495_AP5A5038.jpg\"\n               title=\"&lt;strong&gt;Regen im Wadi Rum&lt;\/strong&gt;&lt;br \/&gt;Jordanien 2019&lt;br \/&gt;&lt;span style=&quot;font-size:85%;color:#949494;&quot;&gt;[Bild-Id: 16576]&lt;\/span&gt;\"\n               data-src=\"http:\/\/foto-passion.com\/wp-content\/gallery\/fotostrecke_jordanien_2019\/495_AP5A5038.jpg\"\n               data-thumbnail=\"http:\/\/foto-passion.com\/wp-content\/gallery\/fotostrecke_jordanien_2019\/thumbs\/thumbs_495_AP5A5038.jpg\"\n               data-image-id=\"16576\"\n               data-title=\"Regen im Wadi Rum\"\n               data-description=\"&lt;strong&gt;Regen im Wadi Rum&lt;\/strong&gt;&lt;br \/&gt;Jordanien 2019&lt;br \/&gt;&lt;span style=&quot;font-size:85%;color:#949494;&quot;&gt;[Bild-Id: 16576]&lt;\/span&gt;\"\n               data-image-slug=\"495_ap5a5038\"\n               class=\"ngg-simplelightbox\" rel=\"2df448a07d095adcd232c288552c6bb7\">\n                <img loading=\"lazy\"\n                    title=\"Regen im Wadi Rum\"\n                    alt=\"Regen im Wadi Rum\"\n                    src=\"http:\/\/foto-passion.com\/wp-content\/gallery\/fotostrecke_jordanien_2019\/cache\/495_AP5A5038.jpg-nggid0516576-ngg0dyn-150x100x100-00f0w010c011r110f110r010t010.jpg\"\n                    width=\"150\"\n                    height=\"100\"\n                    style=\"max-width:100%;\"\n                \/>\n            <\/a>\n        <\/div>\n\t\t\t\t\t\t\t<\/div> \n\t\t\t\n                            \n\t\t\t\t<div id=\"ngg-image-6\" class=\"ngg-gallery-thumbnail-box\" >\n\t\t\t\t        <div class=\"ngg-gallery-thumbnail\">\n            <a href=\"http:\/\/foto-passion.com\/wp-content\/gallery\/fotostrecke_jordanien_2019\/496_AP5A5100.jpg\"\n               title=\"&lt;strong&gt;Regen im Wadi Rum&lt;\/strong&gt;&lt;br \/&gt;Jordanien 2019&lt;br \/&gt;&lt;span style=&quot;font-size:85%;color:#949494;&quot;&gt;[Bild-Id: 16577]&lt;\/span&gt;\"\n               data-src=\"http:\/\/foto-passion.com\/wp-content\/gallery\/fotostrecke_jordanien_2019\/496_AP5A5100.jpg\"\n               data-thumbnail=\"http:\/\/foto-passion.com\/wp-content\/gallery\/fotostrecke_jordanien_2019\/thumbs\/thumbs_496_AP5A5100.jpg\"\n               data-image-id=\"16577\"\n               data-title=\"Regen im Wadi Rum\"\n               data-description=\"&lt;strong&gt;Regen im Wadi Rum&lt;\/strong&gt;&lt;br \/&gt;Jordanien 2019&lt;br \/&gt;&lt;span style=&quot;font-size:85%;color:#949494;&quot;&gt;[Bild-Id: 16577]&lt;\/span&gt;\"\n               data-image-slug=\"496_ap5a5100\"\n               class=\"ngg-simplelightbox\" rel=\"2df448a07d095adcd232c288552c6bb7\">\n                <img loading=\"lazy\"\n                    title=\"Regen im Wadi Rum\"\n                    alt=\"Regen im Wadi Rum\"\n                    src=\"http:\/\/foto-passion.com\/wp-content\/gallery\/fotostrecke_jordanien_2019\/cache\/496_AP5A5100.jpg-nggid0516577-ngg0dyn-150x100x100-00f0w010c011r110f110r010t010.jpg\"\n                    width=\"150\"\n                    height=\"100\"\n                    style=\"max-width:100%;\"\n                \/>\n            <\/a>\n        <\/div>\n\t\t\t\t\t\t\t<\/div> \n\t\t\t\n                            \n\t\t\t\t<div id=\"ngg-image-7\" class=\"ngg-gallery-thumbnail-box\" >\n\t\t\t\t        <div class=\"ngg-gallery-thumbnail\">\n            <a href=\"http:\/\/foto-passion.com\/wp-content\/gallery\/fotostrecke_jordanien_2019\/497_AP5A5103.jpg\"\n               title=\"&lt;strong&gt;Regen im Wadi Rum&lt;\/strong&gt;&lt;br \/&gt;Jordanien 2019&lt;br \/&gt;&lt;span style=&quot;font-size:85%;color:#949494;&quot;&gt;[Bild-Id: 16578]&lt;\/span&gt;\"\n               data-src=\"http:\/\/foto-passion.com\/wp-content\/gallery\/fotostrecke_jordanien_2019\/497_AP5A5103.jpg\"\n               data-thumbnail=\"http:\/\/foto-passion.com\/wp-content\/gallery\/fotostrecke_jordanien_2019\/thumbs\/thumbs_497_AP5A5103.jpg\"\n               data-image-id=\"16578\"\n               data-title=\"Regen im Wadi Rum\"\n               data-description=\"&lt;strong&gt;Regen im Wadi Rum&lt;\/strong&gt;&lt;br \/&gt;Jordanien 2019&lt;br \/&gt;&lt;span style=&quot;font-size:85%;color:#949494;&quot;&gt;[Bild-Id: 16578]&lt;\/span&gt;\"\n               data-image-slug=\"497_ap5a5103\"\n               class=\"ngg-simplelightbox\" rel=\"2df448a07d095adcd232c288552c6bb7\">\n                <img loading=\"lazy\"\n                    title=\"Regen im Wadi Rum\"\n                    alt=\"Regen im Wadi Rum\"\n                    src=\"http:\/\/foto-passion.com\/wp-content\/gallery\/fotostrecke_jordanien_2019\/cache\/497_AP5A5103.jpg-nggid0516578-ngg0dyn-150x100x100-00f0w010c011r110f110r010t010.jpg\"\n                    width=\"150\"\n                    height=\"100\"\n                    style=\"max-width:100%;\"\n                \/>\n            <\/a>\n        <\/div>\n\t\t\t\t\t\t\t<\/div> \n\t\t\t\n                                    <br style=\"clear: both\" \/>\n                    \n\t\t\t\t<div id=\"ngg-image-8\" class=\"ngg-gallery-thumbnail-box\" >\n\t\t\t\t        <div class=\"ngg-gallery-thumbnail\">\n            <a href=\"http:\/\/foto-passion.com\/wp-content\/gallery\/fotostrecke_jordanien_2019\/498_AP5A5107.jpg\"\n               title=\"&lt;strong&gt;Im Wadi Rum&lt;\/strong&gt;&lt;br \/&gt;Jordanien 2019&lt;br \/&gt;&lt;span style=&quot;font-size:85%;color:#949494;&quot;&gt;[Bild-Id: 16579]&lt;\/span&gt;\"\n               data-src=\"http:\/\/foto-passion.com\/wp-content\/gallery\/fotostrecke_jordanien_2019\/498_AP5A5107.jpg\"\n               data-thumbnail=\"http:\/\/foto-passion.com\/wp-content\/gallery\/fotostrecke_jordanien_2019\/thumbs\/thumbs_498_AP5A5107.jpg\"\n               data-image-id=\"16579\"\n               data-title=\"Im Wadi Rum\"\n               data-description=\"&lt;strong&gt;Im Wadi Rum&lt;\/strong&gt;&lt;br \/&gt;Jordanien 2019&lt;br \/&gt;&lt;span style=&quot;font-size:85%;color:#949494;&quot;&gt;[Bild-Id: 16579]&lt;\/span&gt;\"\n               data-image-slug=\"498_ap5a5107\"\n               class=\"ngg-simplelightbox\" rel=\"2df448a07d095adcd232c288552c6bb7\">\n                <img loading=\"lazy\"\n                    title=\"Im Wadi Rum\"\n                    alt=\"Im Wadi Rum\"\n                    src=\"http:\/\/foto-passion.com\/wp-content\/gallery\/fotostrecke_jordanien_2019\/cache\/498_AP5A5107.jpg-nggid0516579-ngg0dyn-150x100x100-00f0w010c011r110f110r010t010.jpg\"\n                    width=\"150\"\n                    height=\"100\"\n                    style=\"max-width:100%;\"\n                \/>\n            <\/a>\n        <\/div>\n\t\t\t\t\t\t\t<\/div> \n\t\t\t\n                            \n\t\t\t\t<div id=\"ngg-image-9\" class=\"ngg-gallery-thumbnail-box\" >\n\t\t\t\t        <div class=\"ngg-gallery-thumbnail\">\n            <a href=\"http:\/\/foto-passion.com\/wp-content\/gallery\/fotostrecke_jordanien_2019\/499_AP5A5108.jpg\"\n               title=\"&lt;strong&gt;Im Wadi Rum&lt;\/strong&gt;&lt;br \/&gt;Jordanien 2019&lt;br \/&gt;&lt;span style=&quot;font-size:85%;color:#949494;&quot;&gt;[Bild-Id: 16580]&lt;\/span&gt;\"\n               data-src=\"http:\/\/foto-passion.com\/wp-content\/gallery\/fotostrecke_jordanien_2019\/499_AP5A5108.jpg\"\n               data-thumbnail=\"http:\/\/foto-passion.com\/wp-content\/gallery\/fotostrecke_jordanien_2019\/thumbs\/thumbs_499_AP5A5108.jpg\"\n               data-image-id=\"16580\"\n               data-title=\"Im Wadi Rum\"\n               data-description=\"&lt;strong&gt;Im Wadi Rum&lt;\/strong&gt;&lt;br \/&gt;Jordanien 2019&lt;br \/&gt;&lt;span style=&quot;font-size:85%;color:#949494;&quot;&gt;[Bild-Id: 16580]&lt;\/span&gt;\"\n               data-image-slug=\"499_ap5a5108\"\n               class=\"ngg-simplelightbox\" rel=\"2df448a07d095adcd232c288552c6bb7\">\n                <img loading=\"lazy\"\n                    title=\"Im Wadi Rum\"\n                    alt=\"Im Wadi Rum\"\n                    src=\"http:\/\/foto-passion.com\/wp-content\/gallery\/fotostrecke_jordanien_2019\/cache\/499_AP5A5108.jpg-nggid0516580-ngg0dyn-150x100x100-00f0w010c011r110f110r010t010.jpg\"\n                    width=\"150\"\n                    height=\"100\"\n                    style=\"max-width:100%;\"\n                \/>\n            <\/a>\n        <\/div>\n\t\t\t\t\t\t\t<\/div> \n\t\t\t\n                            \n\t\t\t\t<div id=\"ngg-image-10\" class=\"ngg-gallery-thumbnail-box\" >\n\t\t\t\t        <div class=\"ngg-gallery-thumbnail\">\n            <a href=\"http:\/\/foto-passion.com\/wp-content\/gallery\/fotostrecke_jordanien_2019\/500_AP5A5112.jpg\"\n               title=\"&lt;strong&gt;Im Wadi Rum&lt;\/strong&gt;&lt;br \/&gt;Jordanien 2019&lt;br \/&gt;&lt;span style=&quot;font-size:85%;color:#949494;&quot;&gt;[Bild-Id: 16581]&lt;\/span&gt;\"\n               data-src=\"http:\/\/foto-passion.com\/wp-content\/gallery\/fotostrecke_jordanien_2019\/500_AP5A5112.jpg\"\n               data-thumbnail=\"http:\/\/foto-passion.com\/wp-content\/gallery\/fotostrecke_jordanien_2019\/thumbs\/thumbs_500_AP5A5112.jpg\"\n               data-image-id=\"16581\"\n               data-title=\"Im Wadi Rum\"\n               data-description=\"&lt;strong&gt;Im Wadi Rum&lt;\/strong&gt;&lt;br \/&gt;Jordanien 2019&lt;br \/&gt;&lt;span style=&quot;font-size:85%;color:#949494;&quot;&gt;[Bild-Id: 16581]&lt;\/span&gt;\"\n               data-image-slug=\"500_ap5a5112\"\n               class=\"ngg-simplelightbox\" rel=\"2df448a07d095adcd232c288552c6bb7\">\n                <img loading=\"lazy\"\n                    title=\"Im Wadi Rum\"\n                    alt=\"Im Wadi Rum\"\n                    src=\"http:\/\/foto-passion.com\/wp-content\/gallery\/fotostrecke_jordanien_2019\/cache\/500_AP5A5112.jpg-nggid0516581-ngg0dyn-150x100x100-00f0w010c011r110f110r010t010.jpg\"\n                    width=\"150\"\n                    height=\"100\"\n                    style=\"max-width:100%;\"\n                \/>\n            <\/a>\n        <\/div>\n\t\t\t\t\t\t\t<\/div> \n\t\t\t\n                            \n\t\t\t\t<div id=\"ngg-image-11\" class=\"ngg-gallery-thumbnail-box\" >\n\t\t\t\t        <div class=\"ngg-gallery-thumbnail\">\n            <a href=\"http:\/\/foto-passion.com\/wp-content\/gallery\/fotostrecke_jordanien_2019\/501_AP5A5123.jpg\"\n               title=\"&lt;strong&gt;Im Wadi Rum&lt;\/strong&gt;&lt;br \/&gt;Jordanien 2019&lt;br \/&gt;&lt;span style=&quot;font-size:85%;color:#949494;&quot;&gt;[Bild-Id: 16582]&lt;\/span&gt;\"\n               data-src=\"http:\/\/foto-passion.com\/wp-content\/gallery\/fotostrecke_jordanien_2019\/501_AP5A5123.jpg\"\n               data-thumbnail=\"http:\/\/foto-passion.com\/wp-content\/gallery\/fotostrecke_jordanien_2019\/thumbs\/thumbs_501_AP5A5123.jpg\"\n               data-image-id=\"16582\"\n               data-title=\"Im Wadi Rum\"\n               data-description=\"&lt;strong&gt;Im Wadi Rum&lt;\/strong&gt;&lt;br \/&gt;Jordanien 2019&lt;br \/&gt;&lt;span style=&quot;font-size:85%;color:#949494;&quot;&gt;[Bild-Id: 16582]&lt;\/span&gt;\"\n               data-image-slug=\"501_ap5a5123\"\n               class=\"ngg-simplelightbox\" rel=\"2df448a07d095adcd232c288552c6bb7\">\n                <img loading=\"lazy\"\n                    title=\"Im Wadi Rum\"\n                    alt=\"Im Wadi Rum\"\n                    src=\"http:\/\/foto-passion.com\/wp-content\/gallery\/fotostrecke_jordanien_2019\/cache\/501_AP5A5123.jpg-nggid0516582-ngg0dyn-150x100x100-00f0w010c011r110f110r010t010.jpg\"\n                    width=\"150\"\n                    height=\"100\"\n                    style=\"max-width:100%;\"\n                \/>\n            <\/a>\n        <\/div>\n\t\t\t\t\t\t\t<\/div> \n\t\t\t\n                                    <br style=\"clear: both\" \/>\n                    \n\t\t\n\t\t<div class=\"ngg-clear\"><\/div>\n\t<\/div>\n<\/p>\t\t\t\t\t<\/div>\n\t\t\t\t\t\t<\/div>\n\t\t\t\t<\/div>\n\t\t\t\t\t\t<\/div>\n\t\t\t\t\t<\/div>\n\t\t<\/div>\n\t\t\t\t\t\t\t\t<\/div>\n\t\t\t\t\t<\/div>\n\t\t<\/section>\n\t\t\t\t<section class=\"elementor-section elementor-top-section elementor-element elementor-element-64792c3 elementor-section-boxed elementor-section-height-default elementor-section-height-default\" data-id=\"64792c3\" data-element_type=\"section\">\n\t\t\t\t\t\t<div class=\"elementor-container elementor-column-gap-default\">\n\t\t\t\t\t\t\t<div class=\"elementor-row\">\n\t\t\t\t\t<div class=\"elementor-column elementor-col-100 elementor-top-column elementor-element elementor-element-32b25c3\" data-id=\"32b25c3\" data-element_type=\"column\">\n\t\t\t<div class=\"elementor-column-wrap elementor-element-populated\">\n\t\t\t\t\t\t\t<div class=\"elementor-widget-wrap\">\n\t\t\t\t\t\t<div class=\"elementor-element elementor-element-f61db17 elementor-widget elementor-widget-text-editor\" data-id=\"f61db17\" data-element_type=\"widget\" data-widget_type=\"text-editor.default\">\n\t\t\t\t<div class=\"elementor-widget-container\">\n\t\t\t\t\t\t\t\t<div class=\"elementor-text-editor elementor-clearfix\">\n\t\t\t\t\t<p style=\"text-align: justify;\">Uns reicht die Zeit noch aus, um den heutigen Tag Revue passieren zu lassen. Schon wurde das Abendessen wieder im Erdofen versenkt. Vermutlich gibt es wieder H\u00fchnchen mit Gem\u00fcse und Reis, denn die meisten Touris bleiben nur eine Nacht; die anderen m\u00fcssen halt mehrfach das Gleiche essen. Aber das ist kein Problem bei der reichen Auswahl.<\/p><p style=\"text-align: justify;\">Im Camp haben die Angestellten alle H\u00e4nde voll zu tun, um die Spuren des Regens zu beseitigen. Immerhin sind die Zelte trocken (oder zumindest unseres) und Fenster und T\u00fcren, die wir zum L\u00fcften offen gelassen hatten, hat ein guter Geist rechtzeitig geschlossen. Immerhin hat es etwas abgek\u00fchlt und es weht eine angenehme Brise. Mal sehen, ob die Nacht wieder so warm wird.<\/p>\t\t\t\t\t<\/div>\n\t\t\t\t\t\t<\/div>\n\t\t\t\t<\/div>\n\t\t\t\t\t\t<\/div>\n\t\t\t\t\t<\/div>\n\t\t<\/div>\n\t\t\t\t\t\t\t\t<\/div>\n\t\t\t\t\t<\/div>\n\t\t<\/section>\n\t\t\t\t<section class=\"elementor-section elementor-top-section elementor-element elementor-element-cdff5eb elementor-section-boxed elementor-section-height-default elementor-section-height-default\" data-id=\"cdff5eb\" data-element_type=\"section\">\n\t\t\t\t\t\t<div class=\"elementor-container elementor-column-gap-default\">\n\t\t\t\t\t\t\t<div class=\"elementor-row\">\n\t\t\t\t\t<div class=\"elementor-column elementor-col-100 elementor-top-column elementor-element elementor-element-2b4a545\" data-id=\"2b4a545\" data-element_type=\"column\">\n\t\t\t<div class=\"elementor-column-wrap elementor-element-populated\">\n\t\t\t\t\t\t\t<div class=\"elementor-widget-wrap\">\n\t\t\t\t\t\t<div class=\"elementor-element elementor-element-01e11bc elementor-widget elementor-widget-text-editor\" data-id=\"01e11bc\" data-element_type=\"widget\" data-widget_type=\"text-editor.default\">\n\t\t\t\t<div class=\"elementor-widget-container\">\n\t\t\t\t\t\t\t\t<div class=\"elementor-text-editor elementor-clearfix\">\n\t\t\t\t\t<p><strong>15.10.2019\u00a0\u00a0\u00a0\u00a0 Wadi Rum \u2013 Amman \u201eLandmark Hotel\u201c<\/strong><\/p><p style=\"text-align: justify;\">Pl\u00e4ne sind dazu da, ge\u00e4ndert zu werden. So auch heute. Nachdem wir feststellen mussten, dass die Unterwasserwelt von Aqaba so gut wie tot ist, macht es keinen Sinn, dort mehr Zeit zu verbringen. Deshalb fahren wir heute zur\u00fcck nach Amman, erkunden noch ein wenig die Stadt, denn daf\u00fcr fehlte uns ein Tag. Au\u00dferdem ist von Amman aus die Distanz bis zum Toten Meer nicht so gro\u00df, so dass wir anschlie\u00dfend auch eine k\u00fcrzere Strecke zu fahren haben.<\/p>\t\t\t\t\t<\/div>\n\t\t\t\t\t\t<\/div>\n\t\t\t\t<\/div>\n\t\t\t\t\t\t<\/div>\n\t\t\t\t\t<\/div>\n\t\t<\/div>\n\t\t\t\t\t\t\t\t<\/div>\n\t\t\t\t\t<\/div>\n\t\t<\/section>\n\t\t\t\t<section class=\"elementor-section elementor-top-section elementor-element elementor-element-18a6f7a elementor-section-boxed elementor-section-height-default elementor-section-height-default\" data-id=\"18a6f7a\" data-element_type=\"section\">\n\t\t\t\t\t\t<div class=\"elementor-container elementor-column-gap-default\">\n\t\t\t\t\t\t\t<div class=\"elementor-row\">\n\t\t\t\t\t<div class=\"elementor-column elementor-col-100 elementor-top-column elementor-element elementor-element-eb46a7c\" data-id=\"eb46a7c\" data-element_type=\"column\">\n\t\t\t<div class=\"elementor-column-wrap elementor-element-populated\">\n\t\t\t\t\t\t\t<div class=\"elementor-widget-wrap\">\n\t\t\t\t\t\t<div class=\"elementor-element elementor-element-ae42a8b elementor-widget elementor-widget-text-editor\" data-id=\"ae42a8b\" data-element_type=\"widget\" data-widget_type=\"text-editor.default\">\n\t\t\t\t<div class=\"elementor-widget-container\">\n\t\t\t\t\t\t\t\t<div class=\"elementor-text-editor elementor-clearfix\">\n\t\t\t\t\t<p style=\"text-align: left;\"><!-- index.php -->\n<div\n\tclass=\"ngg-galleryoverview ngg-ajax-pagination-none\"\n\tid=\"ngg-gallery-c027ace6dbc6541fb39f241524230ea0-1\">\n\n    \t\t<!-- Thumbnails -->\n\t\t\t\t<div id=\"ngg-image-0\" class=\"ngg-gallery-thumbnail-box\" >\n\t\t\t\t        <div class=\"ngg-gallery-thumbnail\">\n            <a href=\"http:\/\/foto-passion.com\/wp-content\/gallery\/fotostrecke_jordanien_2019\/502_AP5A5152.jpg\"\n               title=\"&lt;strong&gt;Im Wadi Rum&lt;\/strong&gt;&lt;br \/&gt;Jordanien 2019&lt;br \/&gt;&lt;span style=&quot;font-size:85%;color:#949494;&quot;&gt;[Bild-Id: 16584]&lt;\/span&gt;\"\n               data-src=\"http:\/\/foto-passion.com\/wp-content\/gallery\/fotostrecke_jordanien_2019\/502_AP5A5152.jpg\"\n               data-thumbnail=\"http:\/\/foto-passion.com\/wp-content\/gallery\/fotostrecke_jordanien_2019\/thumbs\/thumbs_502_AP5A5152.jpg\"\n               data-image-id=\"16584\"\n               data-title=\"Im Wadi Rum\"\n               data-description=\"&lt;strong&gt;Im Wadi Rum&lt;\/strong&gt;&lt;br \/&gt;Jordanien 2019&lt;br \/&gt;&lt;span style=&quot;font-size:85%;color:#949494;&quot;&gt;[Bild-Id: 16584]&lt;\/span&gt;\"\n               data-image-slug=\"502_ap5a5152\"\n               class=\"ngg-simplelightbox\" rel=\"c027ace6dbc6541fb39f241524230ea0\">\n                <img loading=\"lazy\"\n                    title=\"Im Wadi Rum\"\n                    alt=\"Im Wadi Rum\"\n                    src=\"http:\/\/foto-passion.com\/wp-content\/gallery\/fotostrecke_jordanien_2019\/cache\/502_AP5A5152.jpg-nggid0516584-ngg0dyn-150x100x100-00f0w010c011r110f110r010t010.jpg\"\n                    width=\"150\"\n                    height=\"100\"\n                    style=\"max-width:100%;\"\n                \/>\n            <\/a>\n        <\/div>\n\t\t\t\t\t\t\t<\/div> \n\t\t\t\n                            \n\t\t\t\t<div id=\"ngg-image-1\" class=\"ngg-gallery-thumbnail-box\" >\n\t\t\t\t        <div class=\"ngg-gallery-thumbnail\">\n            <a href=\"http:\/\/foto-passion.com\/wp-content\/gallery\/fotostrecke_jordanien_2019\/503_AP5A5158.jpg\"\n               title=\"&lt;strong&gt;Bereit f\u00fcr die Touristen&lt;\/strong&gt;&lt;br \/&gt;Jordanien 2019&lt;br \/&gt;&lt;span style=&quot;font-size:85%;color:#949494;&quot;&gt;[Bild-Id: 16585]&lt;\/span&gt;\"\n               data-src=\"http:\/\/foto-passion.com\/wp-content\/gallery\/fotostrecke_jordanien_2019\/503_AP5A5158.jpg\"\n               data-thumbnail=\"http:\/\/foto-passion.com\/wp-content\/gallery\/fotostrecke_jordanien_2019\/thumbs\/thumbs_503_AP5A5158.jpg\"\n               data-image-id=\"16585\"\n               data-title=\"Bereit f\u00fcr die Touristen\"\n               data-description=\"&lt;strong&gt;Bereit f\u00fcr die Touristen&lt;\/strong&gt;&lt;br \/&gt;Jordanien 2019&lt;br \/&gt;&lt;span style=&quot;font-size:85%;color:#949494;&quot;&gt;[Bild-Id: 16585]&lt;\/span&gt;\"\n               data-image-slug=\"503_ap5a5158\"\n               class=\"ngg-simplelightbox\" rel=\"c027ace6dbc6541fb39f241524230ea0\">\n                <img loading=\"lazy\"\n                    title=\"Bereit f\u00fcr die Touristen\"\n                    alt=\"Bereit f\u00fcr die Touristen\"\n                    src=\"http:\/\/foto-passion.com\/wp-content\/gallery\/fotostrecke_jordanien_2019\/cache\/503_AP5A5158.jpg-nggid0516585-ngg0dyn-150x100x100-00f0w010c011r110f110r010t010.jpg\"\n                    width=\"150\"\n                    height=\"100\"\n                    style=\"max-width:100%;\"\n                \/>\n            <\/a>\n        <\/div>\n\t\t\t\t\t\t\t<\/div> \n\t\t\t\n                            \n\t\t\t\t<div id=\"ngg-image-2\" class=\"ngg-gallery-thumbnail-box\" >\n\t\t\t\t        <div class=\"ngg-gallery-thumbnail\">\n            <a href=\"http:\/\/foto-passion.com\/wp-content\/gallery\/fotostrecke_jordanien_2019\/504_AP5A5165.jpg\"\n               title=\"&lt;strong&gt;Fr\u00fcher Filmkulisse, jetzt Touristenatraktion&lt;\/strong&gt;&lt;br \/&gt;Jordanien 2019&lt;br \/&gt;&lt;span style=&quot;font-size:85%;color:#949494;&quot;&gt;[Bild-Id: 16586]&lt;\/span&gt;\"\n               data-src=\"http:\/\/foto-passion.com\/wp-content\/gallery\/fotostrecke_jordanien_2019\/504_AP5A5165.jpg\"\n               data-thumbnail=\"http:\/\/foto-passion.com\/wp-content\/gallery\/fotostrecke_jordanien_2019\/thumbs\/thumbs_504_AP5A5165.jpg\"\n               data-image-id=\"16586\"\n               data-title=\"Fr\u00fcher Filmkulisse, jetzt Touristenatraktion\"\n               data-description=\"&lt;strong&gt;Fr\u00fcher Filmkulisse, jetzt Touristenatraktion&lt;\/strong&gt;&lt;br \/&gt;Jordanien 2019&lt;br \/&gt;&lt;span style=&quot;font-size:85%;color:#949494;&quot;&gt;[Bild-Id: 16586]&lt;\/span&gt;\"\n               data-image-slug=\"504_ap5a5165\"\n               class=\"ngg-simplelightbox\" rel=\"c027ace6dbc6541fb39f241524230ea0\">\n                <img loading=\"lazy\"\n                    title=\"Fr\u00fcher Filmkulisse, jetzt Touristenatraktion\"\n                    alt=\"Fr\u00fcher Filmkulisse, jetzt Touristenatraktion\"\n                    src=\"http:\/\/foto-passion.com\/wp-content\/gallery\/fotostrecke_jordanien_2019\/cache\/504_AP5A5165.jpg-nggid0516586-ngg0dyn-150x100x100-00f0w010c011r110f110r010t010.jpg\"\n                    width=\"150\"\n                    height=\"100\"\n                    style=\"max-width:100%;\"\n                \/>\n            <\/a>\n        <\/div>\n\t\t\t\t\t\t\t<\/div> \n\t\t\t\n                            \n\t\t\t\t<div id=\"ngg-image-3\" class=\"ngg-gallery-thumbnail-box\" >\n\t\t\t\t        <div class=\"ngg-gallery-thumbnail\">\n            <a href=\"http:\/\/foto-passion.com\/wp-content\/gallery\/fotostrecke_jordanien_2019\/505_AP5A5151.jpg\"\n               title=\"&lt;strong&gt;Die Kamele haben jeden Tag zu tun&lt;\/strong&gt;&lt;br \/&gt;Jordanien 2019&lt;br \/&gt;&lt;span style=&quot;font-size:85%;color:#949494;&quot;&gt;[Bild-Id: 16583]&lt;\/span&gt;\"\n               data-src=\"http:\/\/foto-passion.com\/wp-content\/gallery\/fotostrecke_jordanien_2019\/505_AP5A5151.jpg\"\n               data-thumbnail=\"http:\/\/foto-passion.com\/wp-content\/gallery\/fotostrecke_jordanien_2019\/thumbs\/thumbs_505_AP5A5151.jpg\"\n               data-image-id=\"16583\"\n               data-title=\"Die Kamele haben jeden Tag zu tun\"\n               data-description=\"&lt;strong&gt;Die Kamele haben jeden Tag zu tun&lt;\/strong&gt;&lt;br \/&gt;Jordanien 2019&lt;br \/&gt;&lt;span style=&quot;font-size:85%;color:#949494;&quot;&gt;[Bild-Id: 16583]&lt;\/span&gt;\"\n               data-image-slug=\"505_ap5a5151\"\n               class=\"ngg-simplelightbox\" rel=\"c027ace6dbc6541fb39f241524230ea0\">\n                <img loading=\"lazy\"\n                    title=\"Die Kamele haben jeden Tag zu tun\"\n                    alt=\"Die Kamele haben jeden Tag zu tun\"\n                    src=\"http:\/\/foto-passion.com\/wp-content\/gallery\/fotostrecke_jordanien_2019\/cache\/505_AP5A5151.jpg-nggid0516583-ngg0dyn-150x100x100-00f0w010c011r110f110r010t010.jpg\"\n                    width=\"150\"\n                    height=\"100\"\n                    style=\"max-width:100%;\"\n                \/>\n            <\/a>\n        <\/div>\n\t\t\t\t\t\t\t<\/div> \n\t\t\t\n                                    <br style=\"clear: both\" \/>\n                    \n\t\t\n\t\t<div class=\"ngg-clear\"><\/div>\n\t<\/div>\n<\/p>\t\t\t\t\t<\/div>\n\t\t\t\t\t\t<\/div>\n\t\t\t\t<\/div>\n\t\t\t\t\t\t<\/div>\n\t\t\t\t\t<\/div>\n\t\t<\/div>\n\t\t\t\t\t\t\t\t<\/div>\n\t\t\t\t\t<\/div>\n\t\t<\/section>\n\t\t\t\t<section class=\"elementor-section elementor-top-section elementor-element elementor-element-b1ed866 elementor-section-boxed elementor-section-height-default elementor-section-height-default\" data-id=\"b1ed866\" data-element_type=\"section\">\n\t\t\t\t\t\t<div class=\"elementor-container elementor-column-gap-default\">\n\t\t\t\t\t\t\t<div class=\"elementor-row\">\n\t\t\t\t\t<div class=\"elementor-column elementor-col-100 elementor-top-column elementor-element elementor-element-1eeca65\" data-id=\"1eeca65\" data-element_type=\"column\">\n\t\t\t<div class=\"elementor-column-wrap elementor-element-populated\">\n\t\t\t\t\t\t\t<div class=\"elementor-widget-wrap\">\n\t\t\t\t\t\t<div class=\"elementor-element elementor-element-5b669be elementor-widget elementor-widget-text-editor\" data-id=\"5b669be\" data-element_type=\"widget\" data-widget_type=\"text-editor.default\">\n\t\t\t\t<div class=\"elementor-widget-container\">\n\t\t\t\t\t\t\t\t<div class=\"elementor-text-editor elementor-clearfix\">\n\t\t\t\t\t<p style=\"text-align: justify;\">Wir w\u00e4hlen f\u00fcr den R\u00fcckweg nach Amman den Weg am Toten Meer entlang. Heute ist ein komisches Wetter. Immer sieht es so aus, als ob es gleich zu regnen beginnt. Bei 28 Grad Celsius sind wir losgefahren. Inzwischen \u2013 am Toten Meer bei 280 Metern unter Null \u2013 sind es 42 Grad Celsius. Man f\u00fchlt sich, als ob man vor der Turbine eines Jumbo-Jets steht. Es ist der Wahnsinn. Hinter uns herrscht grauer Himmel und zwischendrin tr\u00f6pfelt es sogar mal. Am gegen\u00fcberliegenden Ufer des Toten Meeres, das schon zu Israel geh\u00f6rt, zucken Blitze am Himmel. Wir steigen an verschiedenen Aussichtspunkten der Strecke aus, machen ein paar Fotos, staunen \u00fcber die ungew\u00f6hnliche Landschaft und schmieden schon mal Pl\u00e4ne f\u00fcr unseren Aufenthalt hier. Schlie\u00dflich k\u00f6nnen wir nicht den ganzen Tag SPA-Anwendungen machen, auch wenn es sich bei dem gebuchten Hotel um eines der besten SPA-Ressort handeln soll.<\/p>\t\t\t\t\t<\/div>\n\t\t\t\t\t\t<\/div>\n\t\t\t\t<\/div>\n\t\t\t\t\t\t<\/div>\n\t\t\t\t\t<\/div>\n\t\t<\/div>\n\t\t\t\t\t\t\t\t<\/div>\n\t\t\t\t\t<\/div>\n\t\t<\/section>\n\t\t\t\t<section class=\"elementor-section elementor-top-section elementor-element elementor-element-9bc767e elementor-section-boxed elementor-section-height-default elementor-section-height-default\" data-id=\"9bc767e\" data-element_type=\"section\">\n\t\t\t\t\t\t<div class=\"elementor-container elementor-column-gap-default\">\n\t\t\t\t\t\t\t<div class=\"elementor-row\">\n\t\t\t\t\t<div class=\"elementor-column elementor-col-100 elementor-top-column elementor-element elementor-element-65251f4\" data-id=\"65251f4\" data-element_type=\"column\">\n\t\t\t<div class=\"elementor-column-wrap elementor-element-populated\">\n\t\t\t\t\t\t\t<div class=\"elementor-widget-wrap\">\n\t\t\t\t\t\t<div class=\"elementor-element elementor-element-9abeb4c elementor-widget elementor-widget-text-editor\" data-id=\"9abeb4c\" data-element_type=\"widget\" data-widget_type=\"text-editor.default\">\n\t\t\t\t<div class=\"elementor-widget-container\">\n\t\t\t\t\t\t\t\t<div class=\"elementor-text-editor elementor-clearfix\">\n\t\t\t\t\t<p style=\"text-align: left;\"><!-- index.php -->\n<div\n\tclass=\"ngg-galleryoverview ngg-ajax-pagination-none\"\n\tid=\"ngg-gallery-c4f5bbaae9d67746a2a543d89c1c05db-1\">\n\n    \t\t<!-- Thumbnails -->\n\t\t\t\t<div id=\"ngg-image-0\" class=\"ngg-gallery-thumbnail-box\" >\n\t\t\t\t        <div class=\"ngg-gallery-thumbnail\">\n            <a href=\"http:\/\/foto-passion.com\/wp-content\/gallery\/fotostrecke_jordanien_2019\/510_AP5A5186.jpg\"\n               title=\"&lt;strong&gt;Im Hochland von Jordanien&lt;\/strong&gt;&lt;br \/&gt;Jordanien 2019&lt;br \/&gt;&lt;span style=&quot;font-size:85%;color:#949494;&quot;&gt;[Bild-Id: 16590]&lt;\/span&gt;\"\n               data-src=\"http:\/\/foto-passion.com\/wp-content\/gallery\/fotostrecke_jordanien_2019\/510_AP5A5186.jpg\"\n               data-thumbnail=\"http:\/\/foto-passion.com\/wp-content\/gallery\/fotostrecke_jordanien_2019\/thumbs\/thumbs_510_AP5A5186.jpg\"\n               data-image-id=\"16590\"\n               data-title=\"Im Hochland von Jordanien\"\n               data-description=\"&lt;strong&gt;Im Hochland von Jordanien&lt;\/strong&gt;&lt;br \/&gt;Jordanien 2019&lt;br \/&gt;&lt;span style=&quot;font-size:85%;color:#949494;&quot;&gt;[Bild-Id: 16590]&lt;\/span&gt;\"\n               data-image-slug=\"510_ap5a5186\"\n               class=\"ngg-simplelightbox\" rel=\"c4f5bbaae9d67746a2a543d89c1c05db\">\n                <img loading=\"lazy\"\n                    title=\"Im Hochland von Jordanien\"\n                    alt=\"Im Hochland von Jordanien\"\n                    src=\"http:\/\/foto-passion.com\/wp-content\/gallery\/fotostrecke_jordanien_2019\/cache\/510_AP5A5186.jpg-nggid0516590-ngg0dyn-150x100x100-00f0w010c011r110f110r010t010.jpg\"\n                    width=\"150\"\n                    height=\"100\"\n                    style=\"max-width:100%;\"\n                \/>\n            <\/a>\n        <\/div>\n\t\t\t\t\t\t\t<\/div> \n\t\t\t\n                            \n\t\t\t\t<div id=\"ngg-image-1\" class=\"ngg-gallery-thumbnail-box\" >\n\t\t\t\t        <div class=\"ngg-gallery-thumbnail\">\n            <a href=\"http:\/\/foto-passion.com\/wp-content\/gallery\/fotostrecke_jordanien_2019\/511_AP5A5209.jpg\"\n               title=\"&lt;strong&gt;Im Hochland von Jordanien&lt;\/strong&gt;&lt;br \/&gt;Jordanien 2019&lt;br \/&gt;&lt;span style=&quot;font-size:85%;color:#949494;&quot;&gt;[Bild-Id: 16591]&lt;\/span&gt;\"\n               data-src=\"http:\/\/foto-passion.com\/wp-content\/gallery\/fotostrecke_jordanien_2019\/511_AP5A5209.jpg\"\n               data-thumbnail=\"http:\/\/foto-passion.com\/wp-content\/gallery\/fotostrecke_jordanien_2019\/thumbs\/thumbs_511_AP5A5209.jpg\"\n               data-image-id=\"16591\"\n               data-title=\"Im Hochland von Jordanien\"\n               data-description=\"&lt;strong&gt;Im Hochland von Jordanien&lt;\/strong&gt;&lt;br \/&gt;Jordanien 2019&lt;br \/&gt;&lt;span style=&quot;font-size:85%;color:#949494;&quot;&gt;[Bild-Id: 16591]&lt;\/span&gt;\"\n               data-image-slug=\"511_ap5a5209\"\n               class=\"ngg-simplelightbox\" rel=\"c4f5bbaae9d67746a2a543d89c1c05db\">\n                <img loading=\"lazy\"\n                    title=\"Im Hochland von Jordanien\"\n                    alt=\"Im Hochland von Jordanien\"\n                    src=\"http:\/\/foto-passion.com\/wp-content\/gallery\/fotostrecke_jordanien_2019\/cache\/511_AP5A5209.jpg-nggid0516591-ngg0dyn-150x100x100-00f0w010c011r110f110r010t010.jpg\"\n                    width=\"150\"\n                    height=\"100\"\n                    style=\"max-width:100%;\"\n                \/>\n            <\/a>\n        <\/div>\n\t\t\t\t\t\t\t<\/div> \n\t\t\t\n                            \n\t\t\t\t<div id=\"ngg-image-2\" class=\"ngg-gallery-thumbnail-box\" >\n\t\t\t\t        <div class=\"ngg-gallery-thumbnail\">\n            <a href=\"http:\/\/foto-passion.com\/wp-content\/gallery\/fotostrecke_jordanien_2019\/512_AP5A5212.jpg\"\n               title=\"&lt;strong&gt;Im Hochland von Jordanien&lt;\/strong&gt;&lt;br \/&gt;Jordanien 2019&lt;br \/&gt;&lt;span style=&quot;font-size:85%;color:#949494;&quot;&gt;[Bild-Id: 16592]&lt;\/span&gt;\"\n               data-src=\"http:\/\/foto-passion.com\/wp-content\/gallery\/fotostrecke_jordanien_2019\/512_AP5A5212.jpg\"\n               data-thumbnail=\"http:\/\/foto-passion.com\/wp-content\/gallery\/fotostrecke_jordanien_2019\/thumbs\/thumbs_512_AP5A5212.jpg\"\n               data-image-id=\"16592\"\n               data-title=\"Im Hochland von Jordanien\"\n               data-description=\"&lt;strong&gt;Im Hochland von Jordanien&lt;\/strong&gt;&lt;br \/&gt;Jordanien 2019&lt;br \/&gt;&lt;span style=&quot;font-size:85%;color:#949494;&quot;&gt;[Bild-Id: 16592]&lt;\/span&gt;\"\n               data-image-slug=\"512_ap5a5212\"\n               class=\"ngg-simplelightbox\" rel=\"c4f5bbaae9d67746a2a543d89c1c05db\">\n                <img loading=\"lazy\"\n                    title=\"Im Hochland von Jordanien\"\n                    alt=\"Im Hochland von Jordanien\"\n                    src=\"http:\/\/foto-passion.com\/wp-content\/gallery\/fotostrecke_jordanien_2019\/cache\/512_AP5A5212.jpg-nggid0516592-ngg0dyn-150x100x100-00f0w010c011r110f110r010t010.jpg\"\n                    width=\"150\"\n                    height=\"100\"\n                    style=\"max-width:100%;\"\n                \/>\n            <\/a>\n        <\/div>\n\t\t\t\t\t\t\t<\/div> \n\t\t\t\n                            \n\t\t\t\t<div id=\"ngg-image-3\" class=\"ngg-gallery-thumbnail-box\" >\n\t\t\t\t        <div class=\"ngg-gallery-thumbnail\">\n            <a href=\"http:\/\/foto-passion.com\/wp-content\/gallery\/fotostrecke_jordanien_2019\/513_AP5A5219.jpg\"\n               title=\"&lt;strong&gt;Im Hochland von Jordanien&lt;\/strong&gt;&lt;br \/&gt;Jordanien 2019&lt;br \/&gt;&lt;span style=&quot;font-size:85%;color:#949494;&quot;&gt;[Bild-Id: 16593]&lt;\/span&gt;\"\n               data-src=\"http:\/\/foto-passion.com\/wp-content\/gallery\/fotostrecke_jordanien_2019\/513_AP5A5219.jpg\"\n               data-thumbnail=\"http:\/\/foto-passion.com\/wp-content\/gallery\/fotostrecke_jordanien_2019\/thumbs\/thumbs_513_AP5A5219.jpg\"\n               data-image-id=\"16593\"\n               data-title=\"Im Hochland von Jordanien\"\n               data-description=\"&lt;strong&gt;Im Hochland von Jordanien&lt;\/strong&gt;&lt;br \/&gt;Jordanien 2019&lt;br \/&gt;&lt;span style=&quot;font-size:85%;color:#949494;&quot;&gt;[Bild-Id: 16593]&lt;\/span&gt;\"\n               data-image-slug=\"513_ap5a5219\"\n               class=\"ngg-simplelightbox\" rel=\"c4f5bbaae9d67746a2a543d89c1c05db\">\n                <img loading=\"lazy\"\n                    title=\"Im Hochland von Jordanien\"\n                    alt=\"Im Hochland von Jordanien\"\n                    src=\"http:\/\/foto-passion.com\/wp-content\/gallery\/fotostrecke_jordanien_2019\/cache\/513_AP5A5219.jpg-nggid0516593-ngg0dyn-150x100x100-00f0w010c011r110f110r010t010.jpg\"\n                    width=\"150\"\n                    height=\"100\"\n                    style=\"max-width:100%;\"\n                \/>\n            <\/a>\n        <\/div>\n\t\t\t\t\t\t\t<\/div> \n\t\t\t\n                                    <br style=\"clear: both\" \/>\n                    \n\t\t\n\t\t<div class=\"ngg-clear\"><\/div>\n\t<\/div>\n<\/p>\t\t\t\t\t<\/div>\n\t\t\t\t\t\t<\/div>\n\t\t\t\t<\/div>\n\t\t\t\t\t\t<\/div>\n\t\t\t\t\t<\/div>\n\t\t<\/div>\n\t\t\t\t\t\t\t\t<\/div>\n\t\t\t\t\t<\/div>\n\t\t<\/section>\n\t\t\t\t<section class=\"elementor-section elementor-top-section elementor-element elementor-element-52ffbba elementor-section-boxed elementor-section-height-default elementor-section-height-default\" data-id=\"52ffbba\" data-element_type=\"section\">\n\t\t\t\t\t\t<div class=\"elementor-container elementor-column-gap-default\">\n\t\t\t\t\t\t\t<div class=\"elementor-row\">\n\t\t\t\t\t<div class=\"elementor-column elementor-col-100 elementor-top-column elementor-element elementor-element-b811789\" data-id=\"b811789\" data-element_type=\"column\">\n\t\t\t<div class=\"elementor-column-wrap elementor-element-populated\">\n\t\t\t\t\t\t\t<div class=\"elementor-widget-wrap\">\n\t\t\t\t\t\t<div class=\"elementor-element elementor-element-56b6e37 elementor-widget elementor-widget-text-editor\" data-id=\"56b6e37\" data-element_type=\"widget\" data-widget_type=\"text-editor.default\">\n\t\t\t\t<div class=\"elementor-widget-container\">\n\t\t\t\t\t\t\t\t<div class=\"elementor-text-editor elementor-clearfix\">\n\t\t\t\t\t<div id=\"attachment_33426\" style=\"width: 1210px\" class=\"wp-caption aligncenter\"><a href=\"http:\/\/foto-passion.com\/wp-content\/uploads\/2021\/01\/514_AP5A5225-Pano.jpg\"><img loading=\"lazy\" aria-describedby=\"caption-attachment-33426\" class=\"size-full wp-image-33426\" src=\"http:\/\/foto-passion.com\/wp-content\/uploads\/2021\/01\/514_AP5A5225-Pano.jpg\" alt=\"\" width=\"1200\" height=\"263\" srcset=\"http:\/\/foto-passion.com\/wp-content\/uploads\/2021\/01\/514_AP5A5225-Pano.jpg 1200w, http:\/\/foto-passion.com\/wp-content\/uploads\/2021\/01\/514_AP5A5225-Pano-300x66.jpg 300w, http:\/\/foto-passion.com\/wp-content\/uploads\/2021\/01\/514_AP5A5225-Pano-1024x224.jpg 1024w, http:\/\/foto-passion.com\/wp-content\/uploads\/2021\/01\/514_AP5A5225-Pano-768x168.jpg 768w\" sizes=\"(max-width: 1200px) 100vw, 1200px\" \/><\/a><p id=\"caption-attachment-33426\" class=\"wp-caption-text\">Der erste Blick auf das Tote Meer<\/p><\/div>\t\t\t\t\t<\/div>\n\t\t\t\t\t\t<\/div>\n\t\t\t\t<\/div>\n\t\t\t\t\t\t<\/div>\n\t\t\t\t\t<\/div>\n\t\t<\/div>\n\t\t\t\t\t\t\t\t<\/div>\n\t\t\t\t\t<\/div>\n\t\t<\/section>\n\t\t\t\t<section class=\"elementor-section elementor-top-section elementor-element elementor-element-2d6f2fe elementor-section-boxed elementor-section-height-default elementor-section-height-default\" data-id=\"2d6f2fe\" data-element_type=\"section\">\n\t\t\t\t\t\t<div class=\"elementor-container elementor-column-gap-default\">\n\t\t\t\t\t\t\t<div class=\"elementor-row\">\n\t\t\t\t\t<div class=\"elementor-column elementor-col-100 elementor-top-column elementor-element elementor-element-8961143\" data-id=\"8961143\" data-element_type=\"column\">\n\t\t\t<div class=\"elementor-column-wrap elementor-element-populated\">\n\t\t\t\t\t\t\t<div class=\"elementor-widget-wrap\">\n\t\t\t\t\t\t<div class=\"elementor-element elementor-element-79ee59b elementor-widget elementor-widget-text-editor\" data-id=\"79ee59b\" data-element_type=\"widget\" data-widget_type=\"text-editor.default\">\n\t\t\t\t<div class=\"elementor-widget-container\">\n\t\t\t\t\t\t\t\t<div class=\"elementor-text-editor elementor-clearfix\">\n\t\t\t\t\t<p style=\"text-align: left;\"><!-- index.php -->\n<div\n\tclass=\"ngg-galleryoverview ngg-ajax-pagination-none\"\n\tid=\"ngg-gallery-4540b34a52090bcc4e75341ff5f43775-1\">\n\n    \t\t<!-- Thumbnails -->\n\t\t\t\t<div id=\"ngg-image-0\" class=\"ngg-gallery-thumbnail-box\" >\n\t\t\t\t        <div class=\"ngg-gallery-thumbnail\">\n            <a href=\"http:\/\/foto-passion.com\/wp-content\/gallery\/fotostrecke_jordanien_2019\/515_IMG_4857.jpg\"\n               title=\"&lt;strong&gt;Wir sind jetzt 428 m unter dem Meeresspiegel&lt;\/strong&gt;&lt;br \/&gt;Jordanien 2019&lt;br \/&gt;&lt;span style=&quot;font-size:85%;color:#949494;&quot;&gt;[Bild-Id: 16642]&lt;\/span&gt;\"\n               data-src=\"http:\/\/foto-passion.com\/wp-content\/gallery\/fotostrecke_jordanien_2019\/515_IMG_4857.jpg\"\n               data-thumbnail=\"http:\/\/foto-passion.com\/wp-content\/gallery\/fotostrecke_jordanien_2019\/thumbs\/thumbs_515_IMG_4857.jpg\"\n               data-image-id=\"16642\"\n               data-title=\"Wir sind jetzt 428 m unter dem Meeresspiegel\"\n               data-description=\"&lt;strong&gt;Wir sind jetzt 428 m unter dem Meeresspiegel&lt;\/strong&gt;&lt;br \/&gt;Jordanien 2019&lt;br \/&gt;&lt;span style=&quot;font-size:85%;color:#949494;&quot;&gt;[Bild-Id: 16642]&lt;\/span&gt;\"\n               data-image-slug=\"515_img_4857\"\n               class=\"ngg-simplelightbox\" rel=\"4540b34a52090bcc4e75341ff5f43775\">\n                <img loading=\"lazy\"\n                    title=\"Wir sind jetzt 428 m unter dem Meeresspiegel\"\n                    alt=\"Wir sind jetzt 428 m unter dem Meeresspiegel\"\n                    src=\"http:\/\/foto-passion.com\/wp-content\/gallery\/fotostrecke_jordanien_2019\/cache\/515_IMG_4857.jpg-nggid0516642-ngg0dyn-150x100x100-00f0w010c011r110f110r010t010.jpg\"\n                    width=\"150\"\n                    height=\"100\"\n                    style=\"max-width:100%;\"\n                \/>\n            <\/a>\n        <\/div>\n\t\t\t\t\t\t\t<\/div> \n\t\t\t\n                            \n\t\t\t\t<div id=\"ngg-image-1\" class=\"ngg-gallery-thumbnail-box\" >\n\t\t\t\t        <div class=\"ngg-gallery-thumbnail\">\n            <a href=\"http:\/\/foto-passion.com\/wp-content\/gallery\/fotostrecke_jordanien_2019\/516__78A9224.jpg\"\n               title=\"&lt;strong&gt;Tote Meer&lt;\/strong&gt;&lt;br \/&gt;Jordanien 2019&lt;br \/&gt;&lt;span style=&quot;font-size:85%;color:#949494;&quot;&gt;[Bild-Id: 16595]&lt;\/span&gt;\"\n               data-src=\"http:\/\/foto-passion.com\/wp-content\/gallery\/fotostrecke_jordanien_2019\/516__78A9224.jpg\"\n               data-thumbnail=\"http:\/\/foto-passion.com\/wp-content\/gallery\/fotostrecke_jordanien_2019\/thumbs\/thumbs_516__78A9224.jpg\"\n               data-image-id=\"16595\"\n               data-title=\"Tote Meer\"\n               data-description=\"&lt;strong&gt;Tote Meer&lt;\/strong&gt;&lt;br \/&gt;Jordanien 2019&lt;br \/&gt;&lt;span style=&quot;font-size:85%;color:#949494;&quot;&gt;[Bild-Id: 16595]&lt;\/span&gt;\"\n               data-image-slug=\"516__78a9224\"\n               class=\"ngg-simplelightbox\" rel=\"4540b34a52090bcc4e75341ff5f43775\">\n                <img loading=\"lazy\"\n                    title=\"Tote Meer\"\n                    alt=\"Tote Meer\"\n                    src=\"http:\/\/foto-passion.com\/wp-content\/gallery\/fotostrecke_jordanien_2019\/cache\/516__78A9224.jpg-nggid0516595-ngg0dyn-150x100x100-00f0w010c011r110f110r010t010.jpg\"\n                    width=\"150\"\n                    height=\"100\"\n                    style=\"max-width:100%;\"\n                \/>\n            <\/a>\n        <\/div>\n\t\t\t\t\t\t\t<\/div> \n\t\t\t\n                            \n\t\t\t\t<div id=\"ngg-image-2\" class=\"ngg-gallery-thumbnail-box\" >\n\t\t\t\t        <div class=\"ngg-gallery-thumbnail\">\n            <a href=\"http:\/\/foto-passion.com\/wp-content\/gallery\/fotostrecke_jordanien_2019\/517_AP5A5249.jpg\"\n               title=\"&lt;strong&gt;Tote Meer&lt;\/strong&gt;&lt;br \/&gt;Jordanien 2019&lt;br \/&gt;&lt;span style=&quot;font-size:85%;color:#949494;&quot;&gt;[Bild-Id: 16596]&lt;\/span&gt;\"\n               data-src=\"http:\/\/foto-passion.com\/wp-content\/gallery\/fotostrecke_jordanien_2019\/517_AP5A5249.jpg\"\n               data-thumbnail=\"http:\/\/foto-passion.com\/wp-content\/gallery\/fotostrecke_jordanien_2019\/thumbs\/thumbs_517_AP5A5249.jpg\"\n               data-image-id=\"16596\"\n               data-title=\"Tote Meer\"\n               data-description=\"&lt;strong&gt;Tote Meer&lt;\/strong&gt;&lt;br \/&gt;Jordanien 2019&lt;br \/&gt;&lt;span style=&quot;font-size:85%;color:#949494;&quot;&gt;[Bild-Id: 16596]&lt;\/span&gt;\"\n               data-image-slug=\"517_ap5a5249\"\n               class=\"ngg-simplelightbox\" rel=\"4540b34a52090bcc4e75341ff5f43775\">\n                <img loading=\"lazy\"\n                    title=\"Tote Meer\"\n                    alt=\"Tote Meer\"\n                    src=\"http:\/\/foto-passion.com\/wp-content\/gallery\/fotostrecke_jordanien_2019\/cache\/517_AP5A5249.jpg-nggid0516596-ngg0dyn-150x100x100-00f0w010c011r110f110r010t010.jpg\"\n                    width=\"150\"\n                    height=\"100\"\n                    style=\"max-width:100%;\"\n                \/>\n            <\/a>\n        <\/div>\n\t\t\t\t\t\t\t<\/div> \n\t\t\t\n                            \n\t\t\t\t<div id=\"ngg-image-3\" class=\"ngg-gallery-thumbnail-box\" >\n\t\t\t\t        <div class=\"ngg-gallery-thumbnail\">\n            <a href=\"http:\/\/foto-passion.com\/wp-content\/gallery\/fotostrecke_jordanien_2019\/518_AP5A5253.jpg\"\n               title=\"&lt;strong&gt;Tote Meer&lt;\/strong&gt;&lt;br \/&gt;Jordanien 2019&lt;br \/&gt;&lt;span style=&quot;font-size:85%;color:#949494;&quot;&gt;[Bild-Id: 16597]&lt;\/span&gt;\"\n               data-src=\"http:\/\/foto-passion.com\/wp-content\/gallery\/fotostrecke_jordanien_2019\/518_AP5A5253.jpg\"\n               data-thumbnail=\"http:\/\/foto-passion.com\/wp-content\/gallery\/fotostrecke_jordanien_2019\/thumbs\/thumbs_518_AP5A5253.jpg\"\n               data-image-id=\"16597\"\n               data-title=\"Tote Meer\"\n               data-description=\"&lt;strong&gt;Tote Meer&lt;\/strong&gt;&lt;br \/&gt;Jordanien 2019&lt;br \/&gt;&lt;span style=&quot;font-size:85%;color:#949494;&quot;&gt;[Bild-Id: 16597]&lt;\/span&gt;\"\n               data-image-slug=\"518_ap5a5253\"\n               class=\"ngg-simplelightbox\" rel=\"4540b34a52090bcc4e75341ff5f43775\">\n                <img loading=\"lazy\"\n                    title=\"Tote Meer\"\n                    alt=\"Tote Meer\"\n                    src=\"http:\/\/foto-passion.com\/wp-content\/gallery\/fotostrecke_jordanien_2019\/cache\/518_AP5A5253.jpg-nggid0516597-ngg0dyn-150x100x100-00f0w010c011r110f110r010t010.jpg\"\n                    width=\"150\"\n                    height=\"100\"\n                    style=\"max-width:100%;\"\n                \/>\n            <\/a>\n        <\/div>\n\t\t\t\t\t\t\t<\/div> \n\t\t\t\n                                    <br style=\"clear: both\" \/>\n                    \n\t\t\t\t<div id=\"ngg-image-4\" class=\"ngg-gallery-thumbnail-box\" >\n\t\t\t\t        <div class=\"ngg-gallery-thumbnail\">\n            <a href=\"http:\/\/foto-passion.com\/wp-content\/gallery\/fotostrecke_jordanien_2019\/519_AP5A5254.jpg\"\n               title=\"&lt;strong&gt;Tote Meer&lt;\/strong&gt;&lt;br \/&gt;Jordanien 2019&lt;br \/&gt;&lt;span style=&quot;font-size:85%;color:#949494;&quot;&gt;[Bild-Id: 16598]&lt;\/span&gt;\"\n               data-src=\"http:\/\/foto-passion.com\/wp-content\/gallery\/fotostrecke_jordanien_2019\/519_AP5A5254.jpg\"\n               data-thumbnail=\"http:\/\/foto-passion.com\/wp-content\/gallery\/fotostrecke_jordanien_2019\/thumbs\/thumbs_519_AP5A5254.jpg\"\n               data-image-id=\"16598\"\n               data-title=\"Tote Meer\"\n               data-description=\"&lt;strong&gt;Tote Meer&lt;\/strong&gt;&lt;br \/&gt;Jordanien 2019&lt;br \/&gt;&lt;span style=&quot;font-size:85%;color:#949494;&quot;&gt;[Bild-Id: 16598]&lt;\/span&gt;\"\n               data-image-slug=\"519_ap5a5254\"\n               class=\"ngg-simplelightbox\" rel=\"4540b34a52090bcc4e75341ff5f43775\">\n                <img loading=\"lazy\"\n                    title=\"Tote Meer\"\n                    alt=\"Tote Meer\"\n                    src=\"http:\/\/foto-passion.com\/wp-content\/gallery\/fotostrecke_jordanien_2019\/cache\/519_AP5A5254.jpg-nggid0516598-ngg0dyn-150x100x100-00f0w010c011r110f110r010t010.jpg\"\n                    width=\"150\"\n                    height=\"100\"\n                    style=\"max-width:100%;\"\n                \/>\n            <\/a>\n        <\/div>\n\t\t\t\t\t\t\t<\/div> \n\t\t\t\n                            \n\t\t\t\t<div id=\"ngg-image-5\" class=\"ngg-gallery-thumbnail-box\" >\n\t\t\t\t        <div class=\"ngg-gallery-thumbnail\">\n            <a href=\"http:\/\/foto-passion.com\/wp-content\/gallery\/fotostrecke_jordanien_2019\/520_AP5A5276.jpg\"\n               title=\"&lt;strong&gt;Tote Meer&lt;\/strong&gt;&lt;br \/&gt;Jordanien 2019&lt;br \/&gt;&lt;span style=&quot;font-size:85%;color:#949494;&quot;&gt;[Bild-Id: 16601]&lt;\/span&gt;\"\n               data-src=\"http:\/\/foto-passion.com\/wp-content\/gallery\/fotostrecke_jordanien_2019\/520_AP5A5276.jpg\"\n               data-thumbnail=\"http:\/\/foto-passion.com\/wp-content\/gallery\/fotostrecke_jordanien_2019\/thumbs\/thumbs_520_AP5A5276.jpg\"\n               data-image-id=\"16601\"\n               data-title=\"Tote Meer\"\n               data-description=\"&lt;strong&gt;Tote Meer&lt;\/strong&gt;&lt;br \/&gt;Jordanien 2019&lt;br \/&gt;&lt;span style=&quot;font-size:85%;color:#949494;&quot;&gt;[Bild-Id: 16601]&lt;\/span&gt;\"\n               data-image-slug=\"520_ap5a5276\"\n               class=\"ngg-simplelightbox\" rel=\"4540b34a52090bcc4e75341ff5f43775\">\n                <img loading=\"lazy\"\n                    title=\"Tote Meer\"\n                    alt=\"Tote Meer\"\n                    src=\"http:\/\/foto-passion.com\/wp-content\/gallery\/fotostrecke_jordanien_2019\/cache\/520_AP5A5276.jpg-nggid0516601-ngg0dyn-150x100x100-00f0w010c011r110f110r010t010.jpg\"\n                    width=\"150\"\n                    height=\"100\"\n                    style=\"max-width:100%;\"\n                \/>\n            <\/a>\n        <\/div>\n\t\t\t\t\t\t\t<\/div> \n\t\t\t\n                            \n\t\t\t\t<div id=\"ngg-image-6\" class=\"ngg-gallery-thumbnail-box\" >\n\t\t\t\t        <div class=\"ngg-gallery-thumbnail\">\n            <a href=\"http:\/\/foto-passion.com\/wp-content\/gallery\/fotostrecke_jordanien_2019\/521_AP5A5267.jpg\"\n               title=\"&lt;strong&gt;Tote Meer&lt;\/strong&gt;&lt;br \/&gt;Jordanien 2019&lt;br \/&gt;&lt;span style=&quot;font-size:85%;color:#949494;&quot;&gt;[Bild-Id: 16599]&lt;\/span&gt;\"\n               data-src=\"http:\/\/foto-passion.com\/wp-content\/gallery\/fotostrecke_jordanien_2019\/521_AP5A5267.jpg\"\n               data-thumbnail=\"http:\/\/foto-passion.com\/wp-content\/gallery\/fotostrecke_jordanien_2019\/thumbs\/thumbs_521_AP5A5267.jpg\"\n               data-image-id=\"16599\"\n               data-title=\"Tote Meer\"\n               data-description=\"&lt;strong&gt;Tote Meer&lt;\/strong&gt;&lt;br \/&gt;Jordanien 2019&lt;br \/&gt;&lt;span style=&quot;font-size:85%;color:#949494;&quot;&gt;[Bild-Id: 16599]&lt;\/span&gt;\"\n               data-image-slug=\"521_ap5a5267\"\n               class=\"ngg-simplelightbox\" rel=\"4540b34a52090bcc4e75341ff5f43775\">\n                <img loading=\"lazy\"\n                    title=\"Tote Meer\"\n                    alt=\"Tote Meer\"\n                    src=\"http:\/\/foto-passion.com\/wp-content\/gallery\/fotostrecke_jordanien_2019\/cache\/521_AP5A5267.jpg-nggid0516599-ngg0dyn-150x100x100-00f0w010c011r110f110r010t010.jpg\"\n                    width=\"150\"\n                    height=\"100\"\n                    style=\"max-width:100%;\"\n                \/>\n            <\/a>\n        <\/div>\n\t\t\t\t\t\t\t<\/div> \n\t\t\t\n                            \n\t\t\t\t<div id=\"ngg-image-7\" class=\"ngg-gallery-thumbnail-box\" >\n\t\t\t\t        <div class=\"ngg-gallery-thumbnail\">\n            <a href=\"http:\/\/foto-passion.com\/wp-content\/gallery\/fotostrecke_jordanien_2019\/522_AP5A5268.jpg\"\n               title=\"&lt;strong&gt;Tote Meer&lt;\/strong&gt;&lt;br \/&gt;Jordanien 2019&lt;br \/&gt;&lt;span style=&quot;font-size:85%;color:#949494;&quot;&gt;[Bild-Id: 16600]&lt;\/span&gt;\"\n               data-src=\"http:\/\/foto-passion.com\/wp-content\/gallery\/fotostrecke_jordanien_2019\/522_AP5A5268.jpg\"\n               data-thumbnail=\"http:\/\/foto-passion.com\/wp-content\/gallery\/fotostrecke_jordanien_2019\/thumbs\/thumbs_522_AP5A5268.jpg\"\n               data-image-id=\"16600\"\n               data-title=\"Tote Meer\"\n               data-description=\"&lt;strong&gt;Tote Meer&lt;\/strong&gt;&lt;br \/&gt;Jordanien 2019&lt;br \/&gt;&lt;span style=&quot;font-size:85%;color:#949494;&quot;&gt;[Bild-Id: 16600]&lt;\/span&gt;\"\n               data-image-slug=\"522_ap5a5268\"\n               class=\"ngg-simplelightbox\" rel=\"4540b34a52090bcc4e75341ff5f43775\">\n                <img loading=\"lazy\"\n                    title=\"Tote Meer\"\n                    alt=\"Tote Meer\"\n                    src=\"http:\/\/foto-passion.com\/wp-content\/gallery\/fotostrecke_jordanien_2019\/cache\/522_AP5A5268.jpg-nggid0516600-ngg0dyn-150x100x100-00f0w010c011r110f110r010t010.jpg\"\n                    width=\"150\"\n                    height=\"100\"\n                    style=\"max-width:100%;\"\n                \/>\n            <\/a>\n        <\/div>\n\t\t\t\t\t\t\t<\/div> \n\t\t\t\n                                    <br style=\"clear: both\" \/>\n                    \n\t\t\n\t\t<div class=\"ngg-clear\"><\/div>\n\t<\/div>\n<\/p>\t\t\t\t\t<\/div>\n\t\t\t\t\t\t<\/div>\n\t\t\t\t<\/div>\n\t\t\t\t\t\t<\/div>\n\t\t\t\t\t<\/div>\n\t\t<\/div>\n\t\t\t\t\t\t\t\t<\/div>\n\t\t\t\t\t<\/div>\n\t\t<\/section>\n\t\t\t\t<section class=\"elementor-section elementor-top-section elementor-element elementor-element-f49a04c elementor-section-boxed elementor-section-height-default elementor-section-height-default\" data-id=\"f49a04c\" data-element_type=\"section\">\n\t\t\t\t\t\t<div class=\"elementor-container elementor-column-gap-default\">\n\t\t\t\t\t\t\t<div class=\"elementor-row\">\n\t\t\t\t\t<div class=\"elementor-column elementor-col-100 elementor-top-column elementor-element elementor-element-469a697\" data-id=\"469a697\" data-element_type=\"column\">\n\t\t\t<div class=\"elementor-column-wrap elementor-element-populated\">\n\t\t\t\t\t\t\t<div class=\"elementor-widget-wrap\">\n\t\t\t\t\t\t<div class=\"elementor-element elementor-element-014d796 elementor-widget elementor-widget-text-editor\" data-id=\"014d796\" data-element_type=\"widget\" data-widget_type=\"text-editor.default\">\n\t\t\t\t<div class=\"elementor-widget-container\">\n\t\t\t\t\t\t\t\t<div class=\"elementor-text-editor elementor-clearfix\">\n\t\t\t\t\t<p style=\"text-align: justify;\">Als wir uns Amman n\u00e4hern, nimmt der Verkehr deutlich zu. Jetzt gegen 15 Uhr ist schon richtig Berufsverkehr. Das Ganze ist m\u00e4chtig chaotisch und wer Angst hat oder gar zeigt, ist hier verloren. Schlimm ist dieses \u201eungeordnete\u201c Fahren, weil es eben keine Fahrbahnmarkierungen gibt und jeder meint, er kann fahren, wie er denkt. Seinen Willen untermalt man hier mit hupen. Gut, dass wir nach Navi fahren k\u00f6nnen, denn sonst w\u00e4re es schwierig. So aber kommen wir wohlbehalten im \u201eLandmark-Hotel\u201c an, wo man uns wieder erkennt, uns das gleiche Zimmer gibt und sp\u00e4ter noch eine zweite Portion Obst vorbei bringt. Wahrscheinlich sehen wir so ausgehungert aus. Vorsorglich hatten wir uns in jede Rucksacktasche schon mal eine Flasche Wein gepackt, um endlich mal gen\u00fcsslich ein Glas jordanischen Wein trinken zu k\u00f6nnen. Beim R\u00f6ntgen unseres Gep\u00e4cks am Eingang sieht man die nat\u00fcrlich auf dem R\u00f6ntgenbild perfekt und wir sind als S\u00e4ufer entlarvt. Peinlich aber nicht zu \u00e4ndern. Zum Abendessen gehen wir ins Sky-Restaurant in der 13. Etage. Hier gibt es sehr gutes Sushi. Es schmeckt fantastisch und die Aussicht \u00fcber Amman ist grandios.<\/p>\t\t\t\t\t<\/div>\n\t\t\t\t\t\t<\/div>\n\t\t\t\t<\/div>\n\t\t\t\t\t\t<\/div>\n\t\t\t\t\t<\/div>\n\t\t<\/div>\n\t\t\t\t\t\t\t\t<\/div>\n\t\t\t\t\t<\/div>\n\t\t<\/section>\n\t\t\t\t<section class=\"elementor-section elementor-top-section elementor-element elementor-element-be4e7c4 elementor-section-boxed elementor-section-height-default elementor-section-height-default\" data-id=\"be4e7c4\" data-element_type=\"section\">\n\t\t\t\t\t\t<div class=\"elementor-container elementor-column-gap-default\">\n\t\t\t\t\t\t\t<div class=\"elementor-row\">\n\t\t\t\t\t<div class=\"elementor-column elementor-col-100 elementor-top-column elementor-element elementor-element-fb9e4ee\" data-id=\"fb9e4ee\" data-element_type=\"column\">\n\t\t\t<div class=\"elementor-column-wrap elementor-element-populated\">\n\t\t\t\t\t\t\t<div class=\"elementor-widget-wrap\">\n\t\t\t\t\t\t<div class=\"elementor-element elementor-element-03a0688 elementor-widget elementor-widget-text-editor\" data-id=\"03a0688\" data-element_type=\"widget\" data-widget_type=\"text-editor.default\">\n\t\t\t\t<div class=\"elementor-widget-container\">\n\t\t\t\t\t\t\t\t<div class=\"elementor-text-editor elementor-clearfix\">\n\t\t\t\t\t<p style=\"text-align: left;\"><!-- index.php -->\n<div\n\tclass=\"ngg-galleryoverview ngg-ajax-pagination-none\"\n\tid=\"ngg-gallery-7f5324442732b9118f0fa261a6a446e4-1\">\n\n    \t\t<!-- Thumbnails -->\n\t\t\t\t<div id=\"ngg-image-0\" class=\"ngg-gallery-thumbnail-box\" >\n\t\t\t\t        <div class=\"ngg-gallery-thumbnail\">\n            <a href=\"http:\/\/foto-passion.com\/wp-content\/gallery\/fotostrecke_jordanien_2019\/523_IMG_4748.jpg\"\n               title=\"&lt;strong&gt;Blick auf Amman&lt;\/strong&gt;&lt;br \/&gt;Jordanien 2019&lt;br \/&gt;&lt;span style=&quot;font-size:85%;color:#949494;&quot;&gt;[Bild-Id: 16602]&lt;\/span&gt;\"\n               data-src=\"http:\/\/foto-passion.com\/wp-content\/gallery\/fotostrecke_jordanien_2019\/523_IMG_4748.jpg\"\n               data-thumbnail=\"http:\/\/foto-passion.com\/wp-content\/gallery\/fotostrecke_jordanien_2019\/thumbs\/thumbs_523_IMG_4748.jpg\"\n               data-image-id=\"16602\"\n               data-title=\"Blick auf Amman\"\n               data-description=\"&lt;strong&gt;Blick auf Amman&lt;\/strong&gt;&lt;br \/&gt;Jordanien 2019&lt;br \/&gt;&lt;span style=&quot;font-size:85%;color:#949494;&quot;&gt;[Bild-Id: 16602]&lt;\/span&gt;\"\n               data-image-slug=\"523_img_4748\"\n               class=\"ngg-simplelightbox\" rel=\"7f5324442732b9118f0fa261a6a446e4\">\n                <img loading=\"lazy\"\n                    title=\"Blick auf Amman\"\n                    alt=\"Blick auf Amman\"\n                    src=\"http:\/\/foto-passion.com\/wp-content\/gallery\/fotostrecke_jordanien_2019\/cache\/523_IMG_4748.jpg-nggid0516602-ngg0dyn-150x100x100-00f0w010c011r110f110r010t010.jpg\"\n                    width=\"150\"\n                    height=\"100\"\n                    style=\"max-width:100%;\"\n                \/>\n            <\/a>\n        <\/div>\n\t\t\t\t\t\t\t<\/div> \n\t\t\t\n                            \n\t\t\t\t<div id=\"ngg-image-1\" class=\"ngg-gallery-thumbnail-box\" >\n\t\t\t\t        <div class=\"ngg-gallery-thumbnail\">\n            <a href=\"http:\/\/foto-passion.com\/wp-content\/gallery\/fotostrecke_jordanien_2019\/524_IMG_4749.jpg\"\n               title=\"&lt;strong&gt;Blick auf Amman&lt;\/strong&gt;&lt;br \/&gt;Jordanien 2019&lt;br \/&gt;&lt;span style=&quot;font-size:85%;color:#949494;&quot;&gt;[Bild-Id: 16603]&lt;\/span&gt;\"\n               data-src=\"http:\/\/foto-passion.com\/wp-content\/gallery\/fotostrecke_jordanien_2019\/524_IMG_4749.jpg\"\n               data-thumbnail=\"http:\/\/foto-passion.com\/wp-content\/gallery\/fotostrecke_jordanien_2019\/thumbs\/thumbs_524_IMG_4749.jpg\"\n               data-image-id=\"16603\"\n               data-title=\"Blick auf Amman\"\n               data-description=\"&lt;strong&gt;Blick auf Amman&lt;\/strong&gt;&lt;br \/&gt;Jordanien 2019&lt;br \/&gt;&lt;span style=&quot;font-size:85%;color:#949494;&quot;&gt;[Bild-Id: 16603]&lt;\/span&gt;\"\n               data-image-slug=\"524_img_4749\"\n               class=\"ngg-simplelightbox\" rel=\"7f5324442732b9118f0fa261a6a446e4\">\n                <img loading=\"lazy\"\n                    title=\"Blick auf Amman\"\n                    alt=\"Blick auf Amman\"\n                    src=\"http:\/\/foto-passion.com\/wp-content\/gallery\/fotostrecke_jordanien_2019\/cache\/524_IMG_4749.jpg-nggid0516603-ngg0dyn-150x100x100-00f0w010c011r110f110r010t010.jpg\"\n                    width=\"150\"\n                    height=\"100\"\n                    style=\"max-width:100%;\"\n                \/>\n            <\/a>\n        <\/div>\n\t\t\t\t\t\t\t<\/div> \n\t\t\t\n                            \n\t\t\t\t<div id=\"ngg-image-2\" class=\"ngg-gallery-thumbnail-box\" >\n\t\t\t\t        <div class=\"ngg-gallery-thumbnail\">\n            <a href=\"http:\/\/foto-passion.com\/wp-content\/gallery\/fotostrecke_jordanien_2019\/525_IMG_4751.jpg\"\n               title=\"&lt;strong&gt;Blick auf Amman&lt;\/strong&gt;&lt;br \/&gt;Jordanien 2019&lt;br \/&gt;&lt;span style=&quot;font-size:85%;color:#949494;&quot;&gt;[Bild-Id: 16604]&lt;\/span&gt;\"\n               data-src=\"http:\/\/foto-passion.com\/wp-content\/gallery\/fotostrecke_jordanien_2019\/525_IMG_4751.jpg\"\n               data-thumbnail=\"http:\/\/foto-passion.com\/wp-content\/gallery\/fotostrecke_jordanien_2019\/thumbs\/thumbs_525_IMG_4751.jpg\"\n               data-image-id=\"16604\"\n               data-title=\"Blick auf Amman\"\n               data-description=\"&lt;strong&gt;Blick auf Amman&lt;\/strong&gt;&lt;br \/&gt;Jordanien 2019&lt;br \/&gt;&lt;span style=&quot;font-size:85%;color:#949494;&quot;&gt;[Bild-Id: 16604]&lt;\/span&gt;\"\n               data-image-slug=\"525_img_4751\"\n               class=\"ngg-simplelightbox\" rel=\"7f5324442732b9118f0fa261a6a446e4\">\n                <img loading=\"lazy\"\n                    title=\"Blick auf Amman\"\n                    alt=\"Blick auf Amman\"\n                    src=\"http:\/\/foto-passion.com\/wp-content\/gallery\/fotostrecke_jordanien_2019\/cache\/525_IMG_4751.jpg-nggid0516604-ngg0dyn-150x100x100-00f0w010c011r110f110r010t010.jpg\"\n                    width=\"150\"\n                    height=\"100\"\n                    style=\"max-width:100%;\"\n                \/>\n            <\/a>\n        <\/div>\n\t\t\t\t\t\t\t<\/div> \n\t\t\t\n                            \n\t\t\n\t\t<div class=\"ngg-clear\"><\/div>\n\t<\/div>\n<\/p>\t\t\t\t\t<\/div>\n\t\t\t\t\t\t<\/div>\n\t\t\t\t<\/div>\n\t\t\t\t\t\t<\/div>\n\t\t\t\t\t<\/div>\n\t\t<\/div>\n\t\t\t\t\t\t\t\t<\/div>\n\t\t\t\t\t<\/div>\n\t\t<\/section>\n\t\t\t\t<section class=\"elementor-section elementor-top-section elementor-element elementor-element-5f4f9f6 elementor-section-boxed elementor-section-height-default elementor-section-height-default\" data-id=\"5f4f9f6\" data-element_type=\"section\">\n\t\t\t\t\t\t<div class=\"elementor-container elementor-column-gap-default\">\n\t\t\t\t\t\t\t<div class=\"elementor-row\">\n\t\t\t\t\t<div class=\"elementor-column elementor-col-100 elementor-top-column elementor-element elementor-element-1269b2e\" data-id=\"1269b2e\" data-element_type=\"column\">\n\t\t\t<div class=\"elementor-column-wrap elementor-element-populated\">\n\t\t\t\t\t\t\t<div class=\"elementor-widget-wrap\">\n\t\t\t\t\t\t<div class=\"elementor-element elementor-element-35062af elementor-widget elementor-widget-text-editor\" data-id=\"35062af\" data-element_type=\"widget\" data-widget_type=\"text-editor.default\">\n\t\t\t\t<div class=\"elementor-widget-container\">\n\t\t\t\t\t\t\t\t<div class=\"elementor-text-editor elementor-clearfix\">\n\t\t\t\t\t<p style=\"text-align: justify;\">F\u00fcr heute lassen wir den Tag ruhig ausklingen und genie\u00dfen den Luxus von gek\u00fchltem Wein, einem gem\u00fctlichen Zimmer und Klimaanlage.<\/p>\t\t\t\t\t<\/div>\n\t\t\t\t\t\t<\/div>\n\t\t\t\t<\/div>\n\t\t\t\t\t\t<\/div>\n\t\t\t\t\t<\/div>\n\t\t<\/div>\n\t\t\t\t\t\t\t\t<\/div>\n\t\t\t\t\t<\/div>\n\t\t<\/section>\n\t\t\t\t<section class=\"elementor-section elementor-top-section elementor-element elementor-element-e3be9a0 elementor-section-boxed elementor-section-height-default elementor-section-height-default\" data-id=\"e3be9a0\" data-element_type=\"section\">\n\t\t\t\t\t\t<div class=\"elementor-container elementor-column-gap-default\">\n\t\t\t\t\t\t\t<div class=\"elementor-row\">\n\t\t\t\t\t<div class=\"elementor-column elementor-col-100 elementor-top-column elementor-element elementor-element-1946eb3\" data-id=\"1946eb3\" data-element_type=\"column\">\n\t\t\t<div class=\"elementor-column-wrap elementor-element-populated\">\n\t\t\t\t\t\t\t<div class=\"elementor-widget-wrap\">\n\t\t\t\t\t\t<div class=\"elementor-element elementor-element-f15f6a1 elementor-widget elementor-widget-text-editor\" data-id=\"f15f6a1\" data-element_type=\"widget\" data-widget_type=\"text-editor.default\">\n\t\t\t\t<div class=\"elementor-widget-container\">\n\t\t\t\t\t\t\t\t<div class=\"elementor-text-editor elementor-clearfix\">\n\t\t\t\t\t<p><strong>16.10.2019\u00a0\u00a0\u00a0\u00a0 Amman \u201eLandmark-Hotel\u201c<\/strong><\/p><p style=\"text-align: justify;\">Wir freuen uns heute morgen auf das wunderbar frisch gebackene, knusprige Schwarzbrot und die gro\u00dfe Auswahl am Fr\u00fchst\u00fccksbuffet. Anschlie\u00dfend fahren wir zum Amphitheater, um dort ein paar Fotos zu machen. Das alte Amphitheater fasste immerhin 6.000 Zuschauer. Ein Polizist von der Touristen-Polizei unterh\u00e4lt sich lange mit uns und wird richtig anh\u00e4nglich \u2013 fast unheimlich. Immer wieder h\u00e4ngt er an uns dran und wir haben Not, ihm zu entkommen. Irgendwie ist uns seine Freundlichkeit unheimlich, weil hier ungew\u00f6hnlich. Besonders mir r\u00fcckt er ganz sch\u00f6n auf die Pelle und am Ende sehen wir zu, dass wir weg kommen, auch wenn wir noch nicht alle Bilder gemacht haben, die wir eigentlich wollten.<\/p>\t\t\t\t\t<\/div>\n\t\t\t\t\t\t<\/div>\n\t\t\t\t<\/div>\n\t\t\t\t\t\t<\/div>\n\t\t\t\t\t<\/div>\n\t\t<\/div>\n\t\t\t\t\t\t\t\t<\/div>\n\t\t\t\t\t<\/div>\n\t\t<\/section>\n\t\t\t\t<section class=\"elementor-section elementor-top-section elementor-element elementor-element-dd7baa5 elementor-section-boxed elementor-section-height-default elementor-section-height-default\" data-id=\"dd7baa5\" data-element_type=\"section\">\n\t\t\t\t\t\t<div class=\"elementor-container elementor-column-gap-default\">\n\t\t\t\t\t\t\t<div class=\"elementor-row\">\n\t\t\t\t\t<div class=\"elementor-column elementor-col-100 elementor-top-column elementor-element elementor-element-17fbb99\" data-id=\"17fbb99\" data-element_type=\"column\">\n\t\t\t<div class=\"elementor-column-wrap elementor-element-populated\">\n\t\t\t\t\t\t\t<div class=\"elementor-widget-wrap\">\n\t\t\t\t\t\t<div class=\"elementor-element elementor-element-d6cb663 elementor-widget elementor-widget-text-editor\" data-id=\"d6cb663\" data-element_type=\"widget\" data-widget_type=\"text-editor.default\">\n\t\t\t\t<div class=\"elementor-widget-container\">\n\t\t\t\t\t\t\t\t<div class=\"elementor-text-editor elementor-clearfix\">\n\t\t\t\t\t<p style=\"text-align: left;\"><!-- index.php -->\n<div\n\tclass=\"ngg-galleryoverview ngg-ajax-pagination-none\"\n\tid=\"ngg-gallery-54c20a8369acc6e600ea537af2ff1bbe-1\">\n\n    \t\t<!-- Thumbnails -->\n\t\t\t\t<div id=\"ngg-image-0\" class=\"ngg-gallery-thumbnail-box\" >\n\t\t\t\t        <div class=\"ngg-gallery-thumbnail\">\n            <a href=\"http:\/\/foto-passion.com\/wp-content\/gallery\/fotostrecke_jordanien_2019\/526_AP5A5302.jpg\"\n               title=\"&lt;strong&gt;Antikes Amphitheater in Amman&lt;\/strong&gt;&lt;br \/&gt;Jordanien 2019&lt;br \/&gt;&lt;span style=&quot;font-size:85%;color:#949494;&quot;&gt;[Bild-Id: 16608]&lt;\/span&gt;\"\n               data-src=\"http:\/\/foto-passion.com\/wp-content\/gallery\/fotostrecke_jordanien_2019\/526_AP5A5302.jpg\"\n               data-thumbnail=\"http:\/\/foto-passion.com\/wp-content\/gallery\/fotostrecke_jordanien_2019\/thumbs\/thumbs_526_AP5A5302.jpg\"\n               data-image-id=\"16608\"\n               data-title=\"Antikes Amphitheater in Amman\"\n               data-description=\"&lt;strong&gt;Antikes Amphitheater in Amman&lt;\/strong&gt;&lt;br \/&gt;Jordanien 2019&lt;br \/&gt;&lt;span style=&quot;font-size:85%;color:#949494;&quot;&gt;[Bild-Id: 16608]&lt;\/span&gt;\"\n               data-image-slug=\"526_ap5a5302\"\n               class=\"ngg-simplelightbox\" rel=\"54c20a8369acc6e600ea537af2ff1bbe\">\n                <img loading=\"lazy\"\n                    title=\"Antikes Amphitheater in Amman\"\n                    alt=\"Antikes Amphitheater in Amman\"\n                    src=\"http:\/\/foto-passion.com\/wp-content\/gallery\/fotostrecke_jordanien_2019\/cache\/526_AP5A5302.jpg-nggid0516608-ngg0dyn-150x100x100-00f0w010c011r110f110r010t010.jpg\"\n                    width=\"150\"\n                    height=\"100\"\n                    style=\"max-width:100%;\"\n                \/>\n            <\/a>\n        <\/div>\n\t\t\t\t\t\t\t<\/div> \n\t\t\t\n                            \n\t\t\t\t<div id=\"ngg-image-1\" class=\"ngg-gallery-thumbnail-box\" >\n\t\t\t\t        <div class=\"ngg-gallery-thumbnail\">\n            <a href=\"http:\/\/foto-passion.com\/wp-content\/gallery\/fotostrecke_jordanien_2019\/527_AP5A5282.jpg\"\n               title=\"&lt;strong&gt;Antikes Amphitheater in Amman&lt;\/strong&gt;&lt;br \/&gt;Jordanien 2019&lt;br \/&gt;&lt;span style=&quot;font-size:85%;color:#949494;&quot;&gt;[Bild-Id: 16605]&lt;\/span&gt;\"\n               data-src=\"http:\/\/foto-passion.com\/wp-content\/gallery\/fotostrecke_jordanien_2019\/527_AP5A5282.jpg\"\n               data-thumbnail=\"http:\/\/foto-passion.com\/wp-content\/gallery\/fotostrecke_jordanien_2019\/thumbs\/thumbs_527_AP5A5282.jpg\"\n               data-image-id=\"16605\"\n               data-title=\"Antikes Amphitheater in Amman\"\n               data-description=\"&lt;strong&gt;Antikes Amphitheater in Amman&lt;\/strong&gt;&lt;br \/&gt;Jordanien 2019&lt;br \/&gt;&lt;span style=&quot;font-size:85%;color:#949494;&quot;&gt;[Bild-Id: 16605]&lt;\/span&gt;\"\n               data-image-slug=\"527_ap5a5282\"\n               class=\"ngg-simplelightbox\" rel=\"54c20a8369acc6e600ea537af2ff1bbe\">\n                <img loading=\"lazy\"\n                    title=\"Antikes Amphitheater in Amman\"\n                    alt=\"Antikes Amphitheater in Amman\"\n                    src=\"http:\/\/foto-passion.com\/wp-content\/gallery\/fotostrecke_jordanien_2019\/cache\/527_AP5A5282.jpg-nggid0516605-ngg0dyn-150x100x100-00f0w010c011r110f110r010t010.jpg\"\n                    width=\"150\"\n                    height=\"100\"\n                    style=\"max-width:100%;\"\n                \/>\n            <\/a>\n        <\/div>\n\t\t\t\t\t\t\t<\/div> \n\t\t\t\n                            \n\t\t\t\t<div id=\"ngg-image-2\" class=\"ngg-gallery-thumbnail-box\" >\n\t\t\t\t        <div class=\"ngg-gallery-thumbnail\">\n            <a href=\"http:\/\/foto-passion.com\/wp-content\/gallery\/fotostrecke_jordanien_2019\/528_AP5A5300.jpg\"\n               title=\"&lt;strong&gt;Antikes Amphitheater in Amman&lt;\/strong&gt;&lt;br \/&gt;Jordanien 2019&lt;br \/&gt;&lt;span style=&quot;font-size:85%;color:#949494;&quot;&gt;[Bild-Id: 16607]&lt;\/span&gt;\"\n               data-src=\"http:\/\/foto-passion.com\/wp-content\/gallery\/fotostrecke_jordanien_2019\/528_AP5A5300.jpg\"\n               data-thumbnail=\"http:\/\/foto-passion.com\/wp-content\/gallery\/fotostrecke_jordanien_2019\/thumbs\/thumbs_528_AP5A5300.jpg\"\n               data-image-id=\"16607\"\n               data-title=\"Antikes Amphitheater in Amman\"\n               data-description=\"&lt;strong&gt;Antikes Amphitheater in Amman&lt;\/strong&gt;&lt;br \/&gt;Jordanien 2019&lt;br \/&gt;&lt;span style=&quot;font-size:85%;color:#949494;&quot;&gt;[Bild-Id: 16607]&lt;\/span&gt;\"\n               data-image-slug=\"528_ap5a5300\"\n               class=\"ngg-simplelightbox\" rel=\"54c20a8369acc6e600ea537af2ff1bbe\">\n                <img loading=\"lazy\"\n                    title=\"Antikes Amphitheater in Amman\"\n                    alt=\"Antikes Amphitheater in Amman\"\n                    src=\"http:\/\/foto-passion.com\/wp-content\/gallery\/fotostrecke_jordanien_2019\/cache\/528_AP5A5300.jpg-nggid0516607-ngg0dyn-150x100x100-00f0w010c011r110f110r010t010.jpg\"\n                    width=\"150\"\n                    height=\"100\"\n                    style=\"max-width:100%;\"\n                \/>\n            <\/a>\n        <\/div>\n\t\t\t\t\t\t\t<\/div> \n\t\t\t\n                            \n\t\t\t\t<div id=\"ngg-image-3\" class=\"ngg-gallery-thumbnail-box\" >\n\t\t\t\t        <div class=\"ngg-gallery-thumbnail\">\n            <a href=\"http:\/\/foto-passion.com\/wp-content\/gallery\/fotostrecke_jordanien_2019\/529_AP5A5287.jpg\"\n               title=\"&lt;strong&gt;Antikes Amphitheater in Amman&lt;\/strong&gt;&lt;br \/&gt;Jordanien 2019&lt;br \/&gt;&lt;span style=&quot;font-size:85%;color:#949494;&quot;&gt;[Bild-Id: 16606]&lt;\/span&gt;\"\n               data-src=\"http:\/\/foto-passion.com\/wp-content\/gallery\/fotostrecke_jordanien_2019\/529_AP5A5287.jpg\"\n               data-thumbnail=\"http:\/\/foto-passion.com\/wp-content\/gallery\/fotostrecke_jordanien_2019\/thumbs\/thumbs_529_AP5A5287.jpg\"\n               data-image-id=\"16606\"\n               data-title=\"Antikes Amphitheater in Amman\"\n               data-description=\"&lt;strong&gt;Antikes Amphitheater in Amman&lt;\/strong&gt;&lt;br \/&gt;Jordanien 2019&lt;br \/&gt;&lt;span style=&quot;font-size:85%;color:#949494;&quot;&gt;[Bild-Id: 16606]&lt;\/span&gt;\"\n               data-image-slug=\"529_ap5a5287\"\n               class=\"ngg-simplelightbox\" rel=\"54c20a8369acc6e600ea537af2ff1bbe\">\n                <img loading=\"lazy\"\n                    title=\"Antikes Amphitheater in Amman\"\n                    alt=\"Antikes Amphitheater in Amman\"\n                    src=\"http:\/\/foto-passion.com\/wp-content\/gallery\/fotostrecke_jordanien_2019\/cache\/529_AP5A5287.jpg-nggid0516606-ngg0dyn-150x100x100-00f0w010c011r110f110r010t010.jpg\"\n                    width=\"150\"\n                    height=\"100\"\n                    style=\"max-width:100%;\"\n                \/>\n            <\/a>\n        <\/div>\n\t\t\t\t\t\t\t<\/div> \n\t\t\t\n                                    <br style=\"clear: both\" \/>\n                    \n\t\t\t\t<div id=\"ngg-image-4\" class=\"ngg-gallery-thumbnail-box\" >\n\t\t\t\t        <div class=\"ngg-gallery-thumbnail\">\n            <a href=\"http:\/\/foto-passion.com\/wp-content\/gallery\/fotostrecke_jordanien_2019\/530_IMG_4793.jpg\"\n               title=\"&lt;strong&gt;Antikes Amphitheater in Amman&lt;\/strong&gt;&lt;br \/&gt;Jordanien 2019&lt;br \/&gt;&lt;span style=&quot;font-size:85%;color:#949494;&quot;&gt;[Bild-Id: 16617]&lt;\/span&gt;\"\n               data-src=\"http:\/\/foto-passion.com\/wp-content\/gallery\/fotostrecke_jordanien_2019\/530_IMG_4793.jpg\"\n               data-thumbnail=\"http:\/\/foto-passion.com\/wp-content\/gallery\/fotostrecke_jordanien_2019\/thumbs\/thumbs_530_IMG_4793.jpg\"\n               data-image-id=\"16617\"\n               data-title=\"Antikes Amphitheater in Amman\"\n               data-description=\"&lt;strong&gt;Antikes Amphitheater in Amman&lt;\/strong&gt;&lt;br \/&gt;Jordanien 2019&lt;br \/&gt;&lt;span style=&quot;font-size:85%;color:#949494;&quot;&gt;[Bild-Id: 16617]&lt;\/span&gt;\"\n               data-image-slug=\"530_img_4793\"\n               class=\"ngg-simplelightbox\" rel=\"54c20a8369acc6e600ea537af2ff1bbe\">\n                <img loading=\"lazy\"\n                    title=\"Antikes Amphitheater in Amman\"\n                    alt=\"Antikes Amphitheater in Amman\"\n                    src=\"http:\/\/foto-passion.com\/wp-content\/gallery\/fotostrecke_jordanien_2019\/cache\/530_IMG_4793.jpg-nggid0516617-ngg0dyn-150x100x100-00f0w010c011r110f110r010t010.jpg\"\n                    width=\"150\"\n                    height=\"100\"\n                    style=\"max-width:100%;\"\n                \/>\n            <\/a>\n        <\/div>\n\t\t\t\t\t\t\t<\/div> \n\t\t\t\n                            \n\t\t\t\t<div id=\"ngg-image-5\" class=\"ngg-gallery-thumbnail-box\" >\n\t\t\t\t        <div class=\"ngg-gallery-thumbnail\">\n            <a href=\"http:\/\/foto-passion.com\/wp-content\/gallery\/fotostrecke_jordanien_2019\/531_AP5A5311.jpg\"\n               title=\"&lt;strong&gt;Antikes Amphitheater in Amman&lt;\/strong&gt;&lt;br \/&gt;Jordanien 2019&lt;br \/&gt;&lt;span style=&quot;font-size:85%;color:#949494;&quot;&gt;[Bild-Id: 16609]&lt;\/span&gt;\"\n               data-src=\"http:\/\/foto-passion.com\/wp-content\/gallery\/fotostrecke_jordanien_2019\/531_AP5A5311.jpg\"\n               data-thumbnail=\"http:\/\/foto-passion.com\/wp-content\/gallery\/fotostrecke_jordanien_2019\/thumbs\/thumbs_531_AP5A5311.jpg\"\n               data-image-id=\"16609\"\n               data-title=\"Antikes Amphitheater in Amman\"\n               data-description=\"&lt;strong&gt;Antikes Amphitheater in Amman&lt;\/strong&gt;&lt;br \/&gt;Jordanien 2019&lt;br \/&gt;&lt;span style=&quot;font-size:85%;color:#949494;&quot;&gt;[Bild-Id: 16609]&lt;\/span&gt;\"\n               data-image-slug=\"531_ap5a5311\"\n               class=\"ngg-simplelightbox\" rel=\"54c20a8369acc6e600ea537af2ff1bbe\">\n                <img loading=\"lazy\"\n                    title=\"Antikes Amphitheater in Amman\"\n                    alt=\"Antikes Amphitheater in Amman\"\n                    src=\"http:\/\/foto-passion.com\/wp-content\/gallery\/fotostrecke_jordanien_2019\/cache\/531_AP5A5311.jpg-nggid0516609-ngg0dyn-150x100x100-00f0w010c011r110f110r010t010.jpg\"\n                    width=\"150\"\n                    height=\"100\"\n                    style=\"max-width:100%;\"\n                \/>\n            <\/a>\n        <\/div>\n\t\t\t\t\t\t\t<\/div> \n\t\t\t\n                            \n\t\t\t\t<div id=\"ngg-image-6\" class=\"ngg-gallery-thumbnail-box\" >\n\t\t\t\t        <div class=\"ngg-gallery-thumbnail\">\n            <a href=\"http:\/\/foto-passion.com\/wp-content\/gallery\/fotostrecke_jordanien_2019\/532_AP5A5319.jpg\"\n               title=\"&lt;strong&gt;Antikes Amphitheater in Amman&lt;\/strong&gt;&lt;br \/&gt;Jordanien 2019&lt;br \/&gt;&lt;span style=&quot;font-size:85%;color:#949494;&quot;&gt;[Bild-Id: 16610]&lt;\/span&gt;\"\n               data-src=\"http:\/\/foto-passion.com\/wp-content\/gallery\/fotostrecke_jordanien_2019\/532_AP5A5319.jpg\"\n               data-thumbnail=\"http:\/\/foto-passion.com\/wp-content\/gallery\/fotostrecke_jordanien_2019\/thumbs\/thumbs_532_AP5A5319.jpg\"\n               data-image-id=\"16610\"\n               data-title=\"Antikes Amphitheater in Amman\"\n               data-description=\"&lt;strong&gt;Antikes Amphitheater in Amman&lt;\/strong&gt;&lt;br \/&gt;Jordanien 2019&lt;br \/&gt;&lt;span style=&quot;font-size:85%;color:#949494;&quot;&gt;[Bild-Id: 16610]&lt;\/span&gt;\"\n               data-image-slug=\"532_ap5a5319\"\n               class=\"ngg-simplelightbox\" rel=\"54c20a8369acc6e600ea537af2ff1bbe\">\n                <img loading=\"lazy\"\n                    title=\"Antikes Amphitheater in Amman\"\n                    alt=\"Antikes Amphitheater in Amman\"\n                    src=\"http:\/\/foto-passion.com\/wp-content\/gallery\/fotostrecke_jordanien_2019\/cache\/532_AP5A5319.jpg-nggid0516610-ngg0dyn-150x100x100-00f0w010c011r110f110r010t010.jpg\"\n                    width=\"150\"\n                    height=\"100\"\n                    style=\"max-width:100%;\"\n                \/>\n            <\/a>\n        <\/div>\n\t\t\t\t\t\t\t<\/div> \n\t\t\t\n                            \n\t\t\t\t<div id=\"ngg-image-7\" class=\"ngg-gallery-thumbnail-box\" >\n\t\t\t\t        <div class=\"ngg-gallery-thumbnail\">\n            <a href=\"http:\/\/foto-passion.com\/wp-content\/gallery\/fotostrecke_jordanien_2019\/533_AP5A5333.jpg\"\n               title=\"&lt;strong&gt;Restaurationsarbeiten im Amphitheater&lt;\/strong&gt;&lt;br \/&gt;Jordanien 2019&lt;br \/&gt;&lt;span style=&quot;font-size:85%;color:#949494;&quot;&gt;[Bild-Id: 16611]&lt;\/span&gt;\"\n               data-src=\"http:\/\/foto-passion.com\/wp-content\/gallery\/fotostrecke_jordanien_2019\/533_AP5A5333.jpg\"\n               data-thumbnail=\"http:\/\/foto-passion.com\/wp-content\/gallery\/fotostrecke_jordanien_2019\/thumbs\/thumbs_533_AP5A5333.jpg\"\n               data-image-id=\"16611\"\n               data-title=\"Restaurationsarbeiten im Amphitheater\"\n               data-description=\"&lt;strong&gt;Restaurationsarbeiten im Amphitheater&lt;\/strong&gt;&lt;br \/&gt;Jordanien 2019&lt;br \/&gt;&lt;span style=&quot;font-size:85%;color:#949494;&quot;&gt;[Bild-Id: 16611]&lt;\/span&gt;\"\n               data-image-slug=\"533_ap5a5333\"\n               class=\"ngg-simplelightbox\" rel=\"54c20a8369acc6e600ea537af2ff1bbe\">\n                <img loading=\"lazy\"\n                    title=\"Restaurationsarbeiten im Amphitheater\"\n                    alt=\"Restaurationsarbeiten im Amphitheater\"\n                    src=\"http:\/\/foto-passion.com\/wp-content\/gallery\/fotostrecke_jordanien_2019\/cache\/533_AP5A5333.jpg-nggid0516611-ngg0dyn-150x100x100-00f0w010c011r110f110r010t010.jpg\"\n                    width=\"150\"\n                    height=\"100\"\n                    style=\"max-width:100%;\"\n                \/>\n            <\/a>\n        <\/div>\n\t\t\t\t\t\t\t<\/div> \n\t\t\t\n                                    <br style=\"clear: both\" \/>\n                    \n\t\t\n\t\t<div class=\"ngg-clear\"><\/div>\n\t<\/div>\n<\/p>\t\t\t\t\t<\/div>\n\t\t\t\t\t\t<\/div>\n\t\t\t\t<\/div>\n\t\t\t\t\t\t<\/div>\n\t\t\t\t\t<\/div>\n\t\t<\/div>\n\t\t\t\t\t\t\t\t<\/div>\n\t\t\t\t\t<\/div>\n\t\t<\/section>\n\t\t\t\t<section class=\"elementor-section elementor-top-section elementor-element elementor-element-6105292 elementor-section-boxed elementor-section-height-default elementor-section-height-default\" data-id=\"6105292\" data-element_type=\"section\">\n\t\t\t\t\t\t<div class=\"elementor-container elementor-column-gap-default\">\n\t\t\t\t\t\t\t<div class=\"elementor-row\">\n\t\t\t\t\t<div class=\"elementor-column elementor-col-100 elementor-top-column elementor-element elementor-element-4c4609b\" data-id=\"4c4609b\" data-element_type=\"column\">\n\t\t\t<div class=\"elementor-column-wrap elementor-element-populated\">\n\t\t\t\t\t\t\t<div class=\"elementor-widget-wrap\">\n\t\t\t\t\t\t<div class=\"elementor-element elementor-element-dc01bde elementor-widget elementor-widget-text-editor\" data-id=\"dc01bde\" data-element_type=\"widget\" data-widget_type=\"text-editor.default\">\n\t\t\t\t<div class=\"elementor-widget-container\">\n\t\t\t\t\t\t\t\t<div class=\"elementor-text-editor elementor-clearfix\">\n\t\t\t\t\t<p style=\"text-align: justify;\">Nun fahren wir zur \u201eKing Hussein Moschee\u201c, der gr\u00f6\u00dften Moschee Ammans und von ihr hei\u00dft es, dass man sie auch von innen besichtigen kann. Entsprechende Bekleidung k\u00f6nne man ausleihen \u2013 sagt der Reisef\u00fchrer. Wir m\u00fcssen einmal quer durch die ganze Stadt und der Verkehr ist schon irre. Die Einheimischen sind mega-stur, dr\u00e4ngeln wie die Doofen, fahren, wie sie denken, denn Spuren gibt es nicht und hupen, wenn es nicht schnell genug geht. Wer hier Angst zeigt, hat verloren. Uwe hat schnell realisiert, dass er dieses Spiel mitspielen muss und so dr\u00e4ngeln wir uns genauso, wenn wir abbiegen m\u00fcssen oder es sich irgendwo einzuf\u00e4deln gilt. Es ist einfach crazy, wie die hier fahren. Eine Hand tippt auf dem Handy oder man h\u00e4lt sich gleich ungeniert das Handy ans Ohr, fast Keiner ist angeschnallt und es wird gefahren, als w\u00e4re man allein auf der Stra\u00dfe.<\/p>\t\t\t\t\t<\/div>\n\t\t\t\t\t\t<\/div>\n\t\t\t\t<\/div>\n\t\t\t\t\t\t<\/div>\n\t\t\t\t\t<\/div>\n\t\t<\/div>\n\t\t\t\t\t\t\t\t<\/div>\n\t\t\t\t\t<\/div>\n\t\t<\/section>\n\t\t\t\t<section class=\"elementor-section elementor-top-section elementor-element elementor-element-04e9e0f elementor-section-boxed elementor-section-height-default elementor-section-height-default\" data-id=\"04e9e0f\" data-element_type=\"section\">\n\t\t\t\t\t\t<div class=\"elementor-container elementor-column-gap-default\">\n\t\t\t\t\t\t\t<div class=\"elementor-row\">\n\t\t\t\t\t<div class=\"elementor-column elementor-col-100 elementor-top-column elementor-element elementor-element-7900b3b\" data-id=\"7900b3b\" data-element_type=\"column\">\n\t\t\t<div class=\"elementor-column-wrap elementor-element-populated\">\n\t\t\t\t\t\t\t<div class=\"elementor-widget-wrap\">\n\t\t\t\t\t\t<div class=\"elementor-element elementor-element-8f9b71e elementor-widget elementor-widget-text-editor\" data-id=\"8f9b71e\" data-element_type=\"widget\" data-widget_type=\"text-editor.default\">\n\t\t\t\t<div class=\"elementor-widget-container\">\n\t\t\t\t\t\t\t\t<div class=\"elementor-text-editor elementor-clearfix\">\n\t\t\t\t\t<p style=\"text-align: left;\"><!-- index.php -->\n<div\n\tclass=\"ngg-galleryoverview ngg-ajax-pagination-none\"\n\tid=\"ngg-gallery-346f41335c2f89339950f40732457661-1\">\n\n    \t\t<!-- Thumbnails -->\n\t\t\t\t<div id=\"ngg-image-0\" class=\"ngg-gallery-thumbnail-box\" >\n\t\t\t\t        <div class=\"ngg-gallery-thumbnail\">\n            <a href=\"http:\/\/foto-passion.com\/wp-content\/gallery\/fotostrecke_jordanien_2019\/534_IMG_4766.jpg\"\n               title=\"&lt;strong&gt;Alltag in Amman&lt;\/strong&gt;&lt;br \/&gt;Jordanien 2019&lt;br \/&gt;&lt;span style=&quot;font-size:85%;color:#949494;&quot;&gt;[Bild-Id: 16613]&lt;\/span&gt;\"\n               data-src=\"http:\/\/foto-passion.com\/wp-content\/gallery\/fotostrecke_jordanien_2019\/534_IMG_4766.jpg\"\n               data-thumbnail=\"http:\/\/foto-passion.com\/wp-content\/gallery\/fotostrecke_jordanien_2019\/thumbs\/thumbs_534_IMG_4766.jpg\"\n               data-image-id=\"16613\"\n               data-title=\"Alltag in Amman\"\n               data-description=\"&lt;strong&gt;Alltag in Amman&lt;\/strong&gt;&lt;br \/&gt;Jordanien 2019&lt;br \/&gt;&lt;span style=&quot;font-size:85%;color:#949494;&quot;&gt;[Bild-Id: 16613]&lt;\/span&gt;\"\n               data-image-slug=\"534_img_4766\"\n               class=\"ngg-simplelightbox\" rel=\"346f41335c2f89339950f40732457661\">\n                <img loading=\"lazy\"\n                    title=\"Alltag in Amman\"\n                    alt=\"Alltag in Amman\"\n                    src=\"http:\/\/foto-passion.com\/wp-content\/gallery\/fotostrecke_jordanien_2019\/cache\/534_IMG_4766.jpg-nggid0516613-ngg0dyn-150x100x100-00f0w010c011r110f110r010t010.jpg\"\n                    width=\"150\"\n                    height=\"100\"\n                    style=\"max-width:100%;\"\n                \/>\n            <\/a>\n        <\/div>\n\t\t\t\t\t\t\t<\/div> \n\t\t\t\n                            \n\t\t\t\t<div id=\"ngg-image-1\" class=\"ngg-gallery-thumbnail-box\" >\n\t\t\t\t        <div class=\"ngg-gallery-thumbnail\">\n            <a href=\"http:\/\/foto-passion.com\/wp-content\/gallery\/fotostrecke_jordanien_2019\/535_IMG_4776.jpg\"\n               title=\"&lt;strong&gt;Alltag in Amman&lt;\/strong&gt;&lt;br \/&gt;Jordanien 2019&lt;br \/&gt;&lt;span style=&quot;font-size:85%;color:#949494;&quot;&gt;[Bild-Id: 16615]&lt;\/span&gt;\"\n               data-src=\"http:\/\/foto-passion.com\/wp-content\/gallery\/fotostrecke_jordanien_2019\/535_IMG_4776.jpg\"\n               data-thumbnail=\"http:\/\/foto-passion.com\/wp-content\/gallery\/fotostrecke_jordanien_2019\/thumbs\/thumbs_535_IMG_4776.jpg\"\n               data-image-id=\"16615\"\n               data-title=\"Alltag in Amman\"\n               data-description=\"&lt;strong&gt;Alltag in Amman&lt;\/strong&gt;&lt;br \/&gt;Jordanien 2019&lt;br \/&gt;&lt;span style=&quot;font-size:85%;color:#949494;&quot;&gt;[Bild-Id: 16615]&lt;\/span&gt;\"\n               data-image-slug=\"535_img_4776\"\n               class=\"ngg-simplelightbox\" rel=\"346f41335c2f89339950f40732457661\">\n                <img loading=\"lazy\"\n                    title=\"Alltag in Amman\"\n                    alt=\"Alltag in Amman\"\n                    src=\"http:\/\/foto-passion.com\/wp-content\/gallery\/fotostrecke_jordanien_2019\/cache\/535_IMG_4776.jpg-nggid0516615-ngg0dyn-150x100x100-00f0w010c011r110f110r010t010.jpg\"\n                    width=\"150\"\n                    height=\"100\"\n                    style=\"max-width:100%;\"\n                \/>\n            <\/a>\n        <\/div>\n\t\t\t\t\t\t\t<\/div> \n\t\t\t\n                            \n\t\t\t\t<div id=\"ngg-image-2\" class=\"ngg-gallery-thumbnail-box\" >\n\t\t\t\t        <div class=\"ngg-gallery-thumbnail\">\n            <a href=\"http:\/\/foto-passion.com\/wp-content\/gallery\/fotostrecke_jordanien_2019\/536_IMG_4772.jpg\"\n               title=\"&lt;strong&gt;Alltag in Amman&lt;\/strong&gt;&lt;br \/&gt;Jordanien 2019&lt;br \/&gt;&lt;span style=&quot;font-size:85%;color:#949494;&quot;&gt;[Bild-Id: 16614]&lt;\/span&gt;\"\n               data-src=\"http:\/\/foto-passion.com\/wp-content\/gallery\/fotostrecke_jordanien_2019\/536_IMG_4772.jpg\"\n               data-thumbnail=\"http:\/\/foto-passion.com\/wp-content\/gallery\/fotostrecke_jordanien_2019\/thumbs\/thumbs_536_IMG_4772.jpg\"\n               data-image-id=\"16614\"\n               data-title=\"Alltag in Amman\"\n               data-description=\"&lt;strong&gt;Alltag in Amman&lt;\/strong&gt;&lt;br \/&gt;Jordanien 2019&lt;br \/&gt;&lt;span style=&quot;font-size:85%;color:#949494;&quot;&gt;[Bild-Id: 16614]&lt;\/span&gt;\"\n               data-image-slug=\"536_img_4772\"\n               class=\"ngg-simplelightbox\" rel=\"346f41335c2f89339950f40732457661\">\n                <img loading=\"lazy\"\n                    title=\"Alltag in Amman\"\n                    alt=\"Alltag in Amman\"\n                    src=\"http:\/\/foto-passion.com\/wp-content\/gallery\/fotostrecke_jordanien_2019\/cache\/536_IMG_4772.jpg-nggid0516614-ngg0dyn-150x100x100-00f0w010c011r110f110r010t010.jpg\"\n                    width=\"150\"\n                    height=\"100\"\n                    style=\"max-width:100%;\"\n                \/>\n            <\/a>\n        <\/div>\n\t\t\t\t\t\t\t<\/div> \n\t\t\t\n                            \n\t\t\t\t<div id=\"ngg-image-3\" class=\"ngg-gallery-thumbnail-box\" >\n\t\t\t\t        <div class=\"ngg-gallery-thumbnail\">\n            <a href=\"http:\/\/foto-passion.com\/wp-content\/gallery\/fotostrecke_jordanien_2019\/537_IMG_4783.jpg\"\n               title=\"&lt;strong&gt;Alltag in Amman&lt;\/strong&gt;&lt;br \/&gt;Jordanien 2019&lt;br \/&gt;&lt;span style=&quot;font-size:85%;color:#949494;&quot;&gt;[Bild-Id: 16616]&lt;\/span&gt;\"\n               data-src=\"http:\/\/foto-passion.com\/wp-content\/gallery\/fotostrecke_jordanien_2019\/537_IMG_4783.jpg\"\n               data-thumbnail=\"http:\/\/foto-passion.com\/wp-content\/gallery\/fotostrecke_jordanien_2019\/thumbs\/thumbs_537_IMG_4783.jpg\"\n               data-image-id=\"16616\"\n               data-title=\"Alltag in Amman\"\n               data-description=\"&lt;strong&gt;Alltag in Amman&lt;\/strong&gt;&lt;br \/&gt;Jordanien 2019&lt;br \/&gt;&lt;span style=&quot;font-size:85%;color:#949494;&quot;&gt;[Bild-Id: 16616]&lt;\/span&gt;\"\n               data-image-slug=\"537_img_4783\"\n               class=\"ngg-simplelightbox\" rel=\"346f41335c2f89339950f40732457661\">\n                <img loading=\"lazy\"\n                    title=\"Alltag in Amman\"\n                    alt=\"Alltag in Amman\"\n                    src=\"http:\/\/foto-passion.com\/wp-content\/gallery\/fotostrecke_jordanien_2019\/cache\/537_IMG_4783.jpg-nggid0516616-ngg0dyn-150x100x100-00f0w010c011r110f110r010t010.jpg\"\n                    width=\"150\"\n                    height=\"100\"\n                    style=\"max-width:100%;\"\n                \/>\n            <\/a>\n        <\/div>\n\t\t\t\t\t\t\t<\/div> \n\t\t\t\n                                    <br style=\"clear: both\" \/>\n                    \n\t\t\n\t\t<div class=\"ngg-clear\"><\/div>\n\t<\/div>\n<\/p>\t\t\t\t\t<\/div>\n\t\t\t\t\t\t<\/div>\n\t\t\t\t<\/div>\n\t\t\t\t\t\t<\/div>\n\t\t\t\t\t<\/div>\n\t\t<\/div>\n\t\t\t\t\t\t\t\t<\/div>\n\t\t\t\t\t<\/div>\n\t\t<\/section>\n\t\t\t\t<section class=\"elementor-section elementor-top-section elementor-element elementor-element-713a544 elementor-section-boxed elementor-section-height-default elementor-section-height-default\" data-id=\"713a544\" data-element_type=\"section\">\n\t\t\t\t\t\t<div class=\"elementor-container elementor-column-gap-default\">\n\t\t\t\t\t\t\t<div class=\"elementor-row\">\n\t\t\t\t\t<div class=\"elementor-column elementor-col-100 elementor-top-column elementor-element elementor-element-0d6d694\" data-id=\"0d6d694\" data-element_type=\"column\">\n\t\t\t<div class=\"elementor-column-wrap elementor-element-populated\">\n\t\t\t\t\t\t\t<div class=\"elementor-widget-wrap\">\n\t\t\t\t\t\t<div class=\"elementor-element elementor-element-37b1829 elementor-widget elementor-widget-text-editor\" data-id=\"37b1829\" data-element_type=\"widget\" data-widget_type=\"text-editor.default\">\n\t\t\t\t<div class=\"elementor-widget-container\">\n\t\t\t\t\t\t\t\t<div class=\"elementor-text-editor elementor-clearfix\">\n\t\t\t\t\t<p style=\"text-align: justify;\">W\u00e4hrend wir uns im Schritttempo durch den Verkehr k\u00e4mpfen, kommen wir auch an einer Fladenbrotb\u00e4ckerei vorbei, wo gerade flei\u00dfig frische Fladenborte gebacken werden. W\u00e4hrend ich bei herunter gedrehter Scheibe dem Geschehen zuschaue, gestikuliert einer der Verk\u00e4ufer, ob wir welche haben wollen. Ich sch\u00fcttele den Kopf. Kurze Zeit sp\u00e4ter kommt er doch mit einem noch hei\u00dfen Fladenbrot ans Auto und reicht es mir hinein. Schnell muss ich das Brot ablegen, so hei\u00df ist es noch und in dem Zustand schmeckt es auch sehr gut. Werden die Teile aber kalt, sind sie wie Pappendeckel und schmecken nach gar nichts mehr.<\/p><p style=\"text-align: justify;\">Als wir an der \u201eKing Hussein-Moschee\u201c ankommen, fordert ein Wachmann uns bei der Einfahrt in das park\u00e4hnliche Gel\u00e4nde auf, dass ich mich verschleiere. Ja Junge, das w\u00fcrde ich ja tun, wenn Du mir was gibst. Hat er aber nicht, also drehen wir um. Uwe geht allein und soll von au\u00dfen Fotos machen. Nun wird auch er zur\u00fcckgepfiffen \u2013 No Fotos! Na dann eben nicht! So sch\u00f6n ist die Moschee nun auch nicht, dass wir uns daf\u00fcr umbringen.<\/p>\t\t\t\t\t<\/div>\n\t\t\t\t\t\t<\/div>\n\t\t\t\t<\/div>\n\t\t\t\t\t\t<\/div>\n\t\t\t\t\t<\/div>\n\t\t<\/div>\n\t\t\t\t\t\t\t\t<\/div>\n\t\t\t\t\t<\/div>\n\t\t<\/section>\n\t\t\t\t<section class=\"elementor-section elementor-top-section elementor-element elementor-element-76a5774 elementor-section-boxed elementor-section-height-default elementor-section-height-default\" data-id=\"76a5774\" data-element_type=\"section\">\n\t\t\t\t\t\t<div class=\"elementor-container elementor-column-gap-default\">\n\t\t\t\t\t\t\t<div class=\"elementor-row\">\n\t\t\t\t\t<div class=\"elementor-column elementor-col-100 elementor-top-column elementor-element elementor-element-697837f\" data-id=\"697837f\" data-element_type=\"column\">\n\t\t\t<div class=\"elementor-column-wrap elementor-element-populated\">\n\t\t\t\t\t\t\t<div class=\"elementor-widget-wrap\">\n\t\t\t\t\t\t<div class=\"elementor-element elementor-element-08e98e2 elementor-widget elementor-widget-text-editor\" data-id=\"08e98e2\" data-element_type=\"widget\" data-widget_type=\"text-editor.default\">\n\t\t\t\t<div class=\"elementor-widget-container\">\n\t\t\t\t\t\t\t\t<div class=\"elementor-text-editor elementor-clearfix\">\n\t\t\t\t\t<p style=\"text-align: left;\"><!-- index.php -->\n<div\n\tclass=\"ngg-galleryoverview ngg-ajax-pagination-none\"\n\tid=\"ngg-gallery-8d93254ef9d8d1abc8e732fa28b1d757-1\">\n\n    \t\t<!-- Thumbnails -->\n\t\t\t\t<div id=\"ngg-image-0\" class=\"ngg-gallery-thumbnail-box\" >\n\t\t\t\t        <div class=\"ngg-gallery-thumbnail\">\n            <a href=\"http:\/\/foto-passion.com\/wp-content\/gallery\/fotostrecke_jordanien_2019\/538_AP5A5345.jpg\"\n               title=\"&lt;strong&gt;K\u00f6nig Hussein Bin Talal Moschee, Amman&lt;\/strong&gt;&lt;br \/&gt;Jordanien 2019&lt;br \/&gt;&lt;span style=&quot;font-size:85%;color:#949494;&quot;&gt;[Bild-Id: 16612]&lt;\/span&gt;\"\n               data-src=\"http:\/\/foto-passion.com\/wp-content\/gallery\/fotostrecke_jordanien_2019\/538_AP5A5345.jpg\"\n               data-thumbnail=\"http:\/\/foto-passion.com\/wp-content\/gallery\/fotostrecke_jordanien_2019\/thumbs\/thumbs_538_AP5A5345.jpg\"\n               data-image-id=\"16612\"\n               data-title=\"K\u00f6nig Hussein Bin Talal Moschee, Amman\"\n               data-description=\"&lt;strong&gt;K\u00f6nig Hussein Bin Talal Moschee, Amman&lt;\/strong&gt;&lt;br \/&gt;Jordanien 2019&lt;br \/&gt;&lt;span style=&quot;font-size:85%;color:#949494;&quot;&gt;[Bild-Id: 16612]&lt;\/span&gt;\"\n               data-image-slug=\"538_ap5a5345\"\n               class=\"ngg-simplelightbox\" rel=\"8d93254ef9d8d1abc8e732fa28b1d757\">\n                <img loading=\"lazy\"\n                    title=\"K\u00f6nig Hussein Bin Talal Moschee, Amman\"\n                    alt=\"K\u00f6nig Hussein Bin Talal Moschee, Amman\"\n                    src=\"http:\/\/foto-passion.com\/wp-content\/gallery\/fotostrecke_jordanien_2019\/cache\/538_AP5A5345.jpg-nggid0516612-ngg0dyn-150x100x100-00f0w010c011r110f110r010t010.jpg\"\n                    width=\"150\"\n                    height=\"100\"\n                    style=\"max-width:100%;\"\n                \/>\n            <\/a>\n        <\/div>\n\t\t\t\t\t\t\t<\/div> \n\t\t\t\n                            \n\t\t\t\t<div id=\"ngg-image-1\" class=\"ngg-gallery-thumbnail-box\" >\n\t\t\t\t        <div class=\"ngg-gallery-thumbnail\">\n            <a href=\"http:\/\/foto-passion.com\/wp-content\/gallery\/fotostrecke_jordanien_2019\/539_AP5A5352.jpg\"\n               title=\"&lt;strong&gt;King Abdullah I. Moschee, Amman&lt;\/strong&gt;&lt;br \/&gt;Jordanien 2019&lt;br \/&gt;&lt;span style=&quot;font-size:85%;color:#949494;&quot;&gt;[Bild-Id: 16618]&lt;\/span&gt;\"\n               data-src=\"http:\/\/foto-passion.com\/wp-content\/gallery\/fotostrecke_jordanien_2019\/539_AP5A5352.jpg\"\n               data-thumbnail=\"http:\/\/foto-passion.com\/wp-content\/gallery\/fotostrecke_jordanien_2019\/thumbs\/thumbs_539_AP5A5352.jpg\"\n               data-image-id=\"16618\"\n               data-title=\"King Abdullah I. Moschee, Amman\"\n               data-description=\"&lt;strong&gt;King Abdullah I. Moschee, Amman&lt;\/strong&gt;&lt;br \/&gt;Jordanien 2019&lt;br \/&gt;&lt;span style=&quot;font-size:85%;color:#949494;&quot;&gt;[Bild-Id: 16618]&lt;\/span&gt;\"\n               data-image-slug=\"539_ap5a5352\"\n               class=\"ngg-simplelightbox\" rel=\"8d93254ef9d8d1abc8e732fa28b1d757\">\n                <img loading=\"lazy\"\n                    title=\"King Abdullah I. Moschee, Amman\"\n                    alt=\"King Abdullah I. Moschee, Amman\"\n                    src=\"http:\/\/foto-passion.com\/wp-content\/gallery\/fotostrecke_jordanien_2019\/cache\/539_AP5A5352.jpg-nggid0516618-ngg0dyn-150x100x100-00f0w010c011r110f110r010t010.jpg\"\n                    width=\"150\"\n                    height=\"100\"\n                    style=\"max-width:100%;\"\n                \/>\n            <\/a>\n        <\/div>\n\t\t\t\t\t\t\t<\/div> \n\t\t\t\n                            \n\t\t\t\t<div id=\"ngg-image-2\" class=\"ngg-gallery-thumbnail-box\" >\n\t\t\t\t        <div class=\"ngg-gallery-thumbnail\">\n            <a href=\"http:\/\/foto-passion.com\/wp-content\/gallery\/fotostrecke_jordanien_2019\/540_AP5A5353.jpg\"\n               title=\"&lt;strong&gt;King Abdullah I. Moschee, Amman&lt;\/strong&gt;&lt;br \/&gt;Jordanien 2019&lt;br \/&gt;&lt;span style=&quot;font-size:85%;color:#949494;&quot;&gt;[Bild-Id: 16619]&lt;\/span&gt;\"\n               data-src=\"http:\/\/foto-passion.com\/wp-content\/gallery\/fotostrecke_jordanien_2019\/540_AP5A5353.jpg\"\n               data-thumbnail=\"http:\/\/foto-passion.com\/wp-content\/gallery\/fotostrecke_jordanien_2019\/thumbs\/thumbs_540_AP5A5353.jpg\"\n               data-image-id=\"16619\"\n               data-title=\"King Abdullah I. Moschee, Amman\"\n               data-description=\"&lt;strong&gt;King Abdullah I. Moschee, Amman&lt;\/strong&gt;&lt;br \/&gt;Jordanien 2019&lt;br \/&gt;&lt;span style=&quot;font-size:85%;color:#949494;&quot;&gt;[Bild-Id: 16619]&lt;\/span&gt;\"\n               data-image-slug=\"540_ap5a5353\"\n               class=\"ngg-simplelightbox\" rel=\"8d93254ef9d8d1abc8e732fa28b1d757\">\n                <img loading=\"lazy\"\n                    title=\"King Abdullah I. Moschee, Amman\"\n                    alt=\"King Abdullah I. Moschee, Amman\"\n                    src=\"http:\/\/foto-passion.com\/wp-content\/gallery\/fotostrecke_jordanien_2019\/cache\/540_AP5A5353.jpg-nggid0516619-ngg0dyn-150x100x100-00f0w010c011r110f110r010t010.jpg\"\n                    width=\"150\"\n                    height=\"100\"\n                    style=\"max-width:100%;\"\n                \/>\n            <\/a>\n        <\/div>\n\t\t\t\t\t\t\t<\/div> \n\t\t\t\n                            \n\t\t\n\t\t<div class=\"ngg-clear\"><\/div>\n\t<\/div>\n<\/p>\t\t\t\t\t<\/div>\n\t\t\t\t\t\t<\/div>\n\t\t\t\t<\/div>\n\t\t\t\t\t\t<\/div>\n\t\t\t\t\t<\/div>\n\t\t<\/div>\n\t\t\t\t\t\t\t\t<\/div>\n\t\t\t\t\t<\/div>\n\t\t<\/section>\n\t\t\t\t<section class=\"elementor-section elementor-top-section elementor-element elementor-element-84509a1 elementor-section-boxed elementor-section-height-default elementor-section-height-default\" data-id=\"84509a1\" data-element_type=\"section\">\n\t\t\t\t\t\t<div class=\"elementor-container elementor-column-gap-default\">\n\t\t\t\t\t\t\t<div class=\"elementor-row\">\n\t\t\t\t\t<div class=\"elementor-column elementor-col-100 elementor-top-column elementor-element elementor-element-a14786d\" data-id=\"a14786d\" data-element_type=\"column\">\n\t\t\t<div class=\"elementor-column-wrap elementor-element-populated\">\n\t\t\t\t\t\t\t<div class=\"elementor-widget-wrap\">\n\t\t\t\t\t\t<div class=\"elementor-element elementor-element-f8d4b3c elementor-widget elementor-widget-text-editor\" data-id=\"f8d4b3c\" data-element_type=\"widget\" data-widget_type=\"text-editor.default\">\n\t\t\t\t<div class=\"elementor-widget-container\">\n\t\t\t\t\t\t\t\t<div class=\"elementor-text-editor elementor-clearfix\">\n\t\t\t\t\t<p style=\"text-align: justify;\">Dann fahren wir eben in eine Shopping-Mall. Da die City-Mall gleich um die Ecke ist und wir dort die leckeren Nussmischungen gekauft haben, fahren wir dort hin und schlagen noch einmal zu. Auch die Datteln mit Pistazien gef\u00fcllt von \u201eDelights Shop\u201c sind sehr zu empfehlen und ein wunderbares Mitbringsel. Im Supermarkt bekommen wir auch noch den Schwarzen Tee, den wir bei den Beduinen im Wadi Rum getrunken haben und der noch mit etwas Salbei veredelt wird.<\/p>\t\t\t\t\t<\/div>\n\t\t\t\t\t\t<\/div>\n\t\t\t\t<\/div>\n\t\t\t\t\t\t<\/div>\n\t\t\t\t\t<\/div>\n\t\t<\/div>\n\t\t\t\t\t\t\t\t<\/div>\n\t\t\t\t\t<\/div>\n\t\t<\/section>\n\t\t\t\t<section class=\"elementor-section elementor-top-section elementor-element elementor-element-ce92200 elementor-section-boxed elementor-section-height-default elementor-section-height-default\" data-id=\"ce92200\" data-element_type=\"section\">\n\t\t\t\t\t\t<div class=\"elementor-container elementor-column-gap-default\">\n\t\t\t\t\t\t\t<div class=\"elementor-row\">\n\t\t\t\t\t<div class=\"elementor-column elementor-col-100 elementor-top-column elementor-element elementor-element-6ef4392\" data-id=\"6ef4392\" data-element_type=\"column\">\n\t\t\t<div class=\"elementor-column-wrap elementor-element-populated\">\n\t\t\t\t\t\t\t<div class=\"elementor-widget-wrap\">\n\t\t\t\t\t\t<div class=\"elementor-element elementor-element-d34ddee elementor-widget elementor-widget-text-editor\" data-id=\"d34ddee\" data-element_type=\"widget\" data-widget_type=\"text-editor.default\">\n\t\t\t\t<div class=\"elementor-widget-container\">\n\t\t\t\t\t\t\t\t<div class=\"elementor-text-editor elementor-clearfix\">\n\t\t\t\t\t<p style=\"text-align: left;\"><!-- index.php -->\n<div\n\tclass=\"ngg-galleryoverview ngg-ajax-pagination-none\"\n\tid=\"ngg-gallery-2e2f816cb838f4a50d37c7c1495413ef-1\">\n\n    \t\t<!-- Thumbnails -->\n\t\t\t\t<div id=\"ngg-image-0\" class=\"ngg-gallery-thumbnail-box\" >\n\t\t\t\t        <div class=\"ngg-gallery-thumbnail\">\n            <a href=\"http:\/\/foto-passion.com\/wp-content\/gallery\/fotostrecke_jordanien_2019\/541_AP5A5355.jpg\"\n               title=\"&lt;strong&gt;Mall in Amman&lt;\/strong&gt;&lt;br \/&gt;Jordanien 2019&lt;br \/&gt;&lt;span style=&quot;font-size:85%;color:#949494;&quot;&gt;[Bild-Id: 16620]&lt;\/span&gt;\"\n               data-src=\"http:\/\/foto-passion.com\/wp-content\/gallery\/fotostrecke_jordanien_2019\/541_AP5A5355.jpg\"\n               data-thumbnail=\"http:\/\/foto-passion.com\/wp-content\/gallery\/fotostrecke_jordanien_2019\/thumbs\/thumbs_541_AP5A5355.jpg\"\n               data-image-id=\"16620\"\n               data-title=\"Mall in Amman\"\n               data-description=\"&lt;strong&gt;Mall in Amman&lt;\/strong&gt;&lt;br \/&gt;Jordanien 2019&lt;br \/&gt;&lt;span style=&quot;font-size:85%;color:#949494;&quot;&gt;[Bild-Id: 16620]&lt;\/span&gt;\"\n               data-image-slug=\"541_ap5a5355\"\n               class=\"ngg-simplelightbox\" rel=\"2e2f816cb838f4a50d37c7c1495413ef\">\n                <img loading=\"lazy\"\n                    title=\"Mall in Amman\"\n                    alt=\"Mall in Amman\"\n                    src=\"http:\/\/foto-passion.com\/wp-content\/gallery\/fotostrecke_jordanien_2019\/cache\/541_AP5A5355.jpg-nggid0516620-ngg0dyn-150x100x100-00f0w010c011r110f110r010t010.jpg\"\n                    width=\"150\"\n                    height=\"100\"\n                    style=\"max-width:100%;\"\n                \/>\n            <\/a>\n        <\/div>\n\t\t\t\t\t\t\t<\/div> \n\t\t\t\n                            \n\t\t\t\t<div id=\"ngg-image-1\" class=\"ngg-gallery-thumbnail-box\" >\n\t\t\t\t        <div class=\"ngg-gallery-thumbnail\">\n            <a href=\"http:\/\/foto-passion.com\/wp-content\/gallery\/fotostrecke_jordanien_2019\/542_IMG_4801.jpg\"\n               title=\"&lt;strong&gt;Mall in Amman&lt;\/strong&gt;&lt;br \/&gt;Jordanien 2019&lt;br \/&gt;&lt;span style=&quot;font-size:85%;color:#949494;&quot;&gt;[Bild-Id: 16621]&lt;\/span&gt;\"\n               data-src=\"http:\/\/foto-passion.com\/wp-content\/gallery\/fotostrecke_jordanien_2019\/542_IMG_4801.jpg\"\n               data-thumbnail=\"http:\/\/foto-passion.com\/wp-content\/gallery\/fotostrecke_jordanien_2019\/thumbs\/thumbs_542_IMG_4801.jpg\"\n               data-image-id=\"16621\"\n               data-title=\"Mall in Amman\"\n               data-description=\"&lt;strong&gt;Mall in Amman&lt;\/strong&gt;&lt;br \/&gt;Jordanien 2019&lt;br \/&gt;&lt;span style=&quot;font-size:85%;color:#949494;&quot;&gt;[Bild-Id: 16621]&lt;\/span&gt;\"\n               data-image-slug=\"542_img_4801\"\n               class=\"ngg-simplelightbox\" rel=\"2e2f816cb838f4a50d37c7c1495413ef\">\n                <img loading=\"lazy\"\n                    title=\"Mall in Amman\"\n                    alt=\"Mall in Amman\"\n                    src=\"http:\/\/foto-passion.com\/wp-content\/gallery\/fotostrecke_jordanien_2019\/cache\/542_IMG_4801.jpg-nggid0516621-ngg0dyn-150x100x100-00f0w010c011r110f110r010t010.jpg\"\n                    width=\"150\"\n                    height=\"100\"\n                    style=\"max-width:100%;\"\n                \/>\n            <\/a>\n        <\/div>\n\t\t\t\t\t\t\t<\/div> \n\t\t\t\n                            \n\t\t\n\t\t<div class=\"ngg-clear\"><\/div>\n\t<\/div>\n<\/p>\t\t\t\t\t<\/div>\n\t\t\t\t\t\t<\/div>\n\t\t\t\t<\/div>\n\t\t\t\t\t\t<\/div>\n\t\t\t\t\t<\/div>\n\t\t<\/div>\n\t\t\t\t\t\t\t\t<\/div>\n\t\t\t\t\t<\/div>\n\t\t<\/section>\n\t\t\t\t<section class=\"elementor-section elementor-top-section elementor-element elementor-element-fda1a96 elementor-section-boxed elementor-section-height-default elementor-section-height-default\" data-id=\"fda1a96\" data-element_type=\"section\">\n\t\t\t\t\t\t<div class=\"elementor-container elementor-column-gap-default\">\n\t\t\t\t\t\t\t<div class=\"elementor-row\">\n\t\t\t\t\t<div class=\"elementor-column elementor-col-100 elementor-top-column elementor-element elementor-element-56ebdf6\" data-id=\"56ebdf6\" data-element_type=\"column\">\n\t\t\t<div class=\"elementor-column-wrap elementor-element-populated\">\n\t\t\t\t\t\t\t<div class=\"elementor-widget-wrap\">\n\t\t\t\t\t\t<div class=\"elementor-element elementor-element-f79efab elementor-widget elementor-widget-text-editor\" data-id=\"f79efab\" data-element_type=\"widget\" data-widget_type=\"text-editor.default\">\n\t\t\t\t<div class=\"elementor-widget-container\">\n\t\t\t\t\t\t\t\t<div class=\"elementor-text-editor elementor-clearfix\">\n\t\t\t\t\t<p style=\"text-align: justify;\">Als wir in dieser Mall alles erledigt haben, fahren wir durch die Altstadt von Amman. Hier brummt das Leben. Gesch\u00e4ft an Gesch\u00e4ft reiht sich aneinander und das Leben pulsiert. Zwischendrin gibt es M\u00e4rkte, auf denen Obst und Gem\u00fcse, Fisch und auch Gefl\u00fcgel angeboten wird. Es gibt so viel zu sehen, dass wir gar nicht wissen, wohin wir zuerst schauen sollen. Heute ist das Wetter ein wenig wechselhaft und zwischendurch tr\u00f6pfelt es sogar mal etwas. Dann \u00fcberspannt ein Regenbogen dieses caotische Treiben.\u00a0<\/p><p style=\"text-align: justify;\">Sp\u00e4ter schauen wir uns am Ampitheater noch das daneben befindliche kleine Theater an. Es ist sehr viel kleiner aber noch gut in Schuss. Kaum sind wir jedoch durch das offene Tor getreten, steht wieder unser anh\u00e4nglicher Touristen-Polizist vor uns und kann sich gar nicht schnell genug von den anderen Besuchern verabschieden, mit denen er gerade besch\u00e4ftigt war. Schon haben wir ihn wieder an der Backe. Ich pfeife auf die Bilder von dem h\u00fcbschen Amphitheater und wir sehen zu, dass wir weg kommen.<\/p><p style=\"text-align: justify;\">Wir beschlie\u00dfen, noch zur \u201eAl-Abdali Mall\u201c, einem hochmodernen Einkaufszentrum unweit des Hotels zu fahren. Auch hier bummeln wir gem\u00fctlich. Im oberen Stockwerk sind die vielen obligatorischen Essenst\u00e4nde, bei denen man sich entscheiden muss, wo man sein Essen bestellt. Hier essen wir gleich noch zu Abend. Anschlie\u00dfend kehren wir ins Hotel zur\u00fcck.<\/p>\t\t\t\t\t<\/div>\n\t\t\t\t\t\t<\/div>\n\t\t\t\t<\/div>\n\t\t\t\t\t\t<\/div>\n\t\t\t\t\t<\/div>\n\t\t<\/div>\n\t\t\t\t\t\t\t\t<\/div>\n\t\t\t\t\t<\/div>\n\t\t<\/section>\n\t\t\t\t<section class=\"elementor-section elementor-top-section elementor-element elementor-element-9a07672 elementor-section-boxed elementor-section-height-default elementor-section-height-default\" data-id=\"9a07672\" data-element_type=\"section\">\n\t\t\t\t\t\t<div class=\"elementor-container elementor-column-gap-default\">\n\t\t\t\t\t\t\t<div class=\"elementor-row\">\n\t\t\t\t\t<div class=\"elementor-column elementor-col-100 elementor-top-column elementor-element elementor-element-6cb7101\" data-id=\"6cb7101\" data-element_type=\"column\">\n\t\t\t<div class=\"elementor-column-wrap elementor-element-populated\">\n\t\t\t\t\t\t\t<div class=\"elementor-widget-wrap\">\n\t\t\t\t\t\t<div class=\"elementor-element elementor-element-58fe6f5 elementor-widget elementor-widget-text-editor\" data-id=\"58fe6f5\" data-element_type=\"widget\" data-widget_type=\"text-editor.default\">\n\t\t\t\t<div class=\"elementor-widget-container\">\n\t\t\t\t\t\t\t\t<div class=\"elementor-text-editor elementor-clearfix\">\n\t\t\t\t\t<p><strong>17.10.2019\u00a0\u00a0\u00a0\u00a0 Amman \u201eLandmark Hotel\u201c \u2013 Totes Meer \u201eM\u00f6venpick Resort\u00a0 &amp; SPA Dead Sea\u201c<\/strong><\/p><p style=\"text-align: justify;\">Nun ist unsere Zeit in Amman endg\u00fcltig zu Ende. Wir brechen auf zur letzten Station unserer Reise, die uns noch einmal ans Tote Meer f\u00fchrt. Unterwegs machen wir noch Halt beim Palast \u201eQasr el-Abd\u201c im kleinen Ort \u201eIraq al Amir\u201c. Beim \u201eQasr e-Abd\u201c handelt sich um ein repr\u00e4sentatives Geb\u00e4ude aus hellenistischer Zeit, dessen Bedeutung nicht so ganz klar ist. Hier her verirren sich keine Reisegruppen und -busse und so k\u00f6nnen wir das alte Gem\u00e4uer ganz in Ruhe erkunden. An bestimmen Stellen befinden sich L\u00f6wendarstellungen, die noch mehr oder weniger gut erhalten sind.<\/p>\t\t\t\t\t<\/div>\n\t\t\t\t\t\t<\/div>\n\t\t\t\t<\/div>\n\t\t\t\t\t\t<\/div>\n\t\t\t\t\t<\/div>\n\t\t<\/div>\n\t\t\t\t\t\t\t\t<\/div>\n\t\t\t\t\t<\/div>\n\t\t<\/section>\n\t\t\t\t<section class=\"elementor-section elementor-top-section elementor-element elementor-element-4fdf018 elementor-section-boxed elementor-section-height-default elementor-section-height-default\" data-id=\"4fdf018\" data-element_type=\"section\">\n\t\t\t\t\t\t<div class=\"elementor-container elementor-column-gap-default\">\n\t\t\t\t\t\t\t<div class=\"elementor-row\">\n\t\t\t\t\t<div class=\"elementor-column elementor-col-100 elementor-top-column elementor-element elementor-element-12253d1\" data-id=\"12253d1\" data-element_type=\"column\">\n\t\t\t<div class=\"elementor-column-wrap elementor-element-populated\">\n\t\t\t\t\t\t\t<div class=\"elementor-widget-wrap\">\n\t\t\t\t\t\t<div class=\"elementor-element elementor-element-c6bf373 elementor-widget elementor-widget-text-editor\" data-id=\"c6bf373\" data-element_type=\"widget\" data-widget_type=\"text-editor.default\">\n\t\t\t\t<div class=\"elementor-widget-container\">\n\t\t\t\t\t\t\t\t<div class=\"elementor-text-editor elementor-clearfix\">\n\t\t\t\t\t<p style=\"text-align: left;\"><!-- index.php -->\n<div\n\tclass=\"ngg-galleryoverview ngg-ajax-pagination-none\"\n\tid=\"ngg-gallery-750f73d40e97dc1d8c33939fe2970fd7-1\">\n\n    \t\t<!-- Thumbnails -->\n\t\t\t\t<div id=\"ngg-image-0\" class=\"ngg-gallery-thumbnail-box\" >\n\t\t\t\t        <div class=\"ngg-gallery-thumbnail\">\n            <a href=\"http:\/\/foto-passion.com\/wp-content\/gallery\/fotostrecke_jordanien_2019\/543_AP5A5424.jpg\"\n               title=\"&lt;strong&gt;Qasr al Abd, (Palace of the slave) in Iraq al-Amir&lt;\/strong&gt;&lt;br \/&gt;Jordanien 2019&lt;br \/&gt;&lt;span style=&quot;font-size:85%;color:#949494;&quot;&gt;[Bild-Id: 16628]&lt;\/span&gt;\"\n               data-src=\"http:\/\/foto-passion.com\/wp-content\/gallery\/fotostrecke_jordanien_2019\/543_AP5A5424.jpg\"\n               data-thumbnail=\"http:\/\/foto-passion.com\/wp-content\/gallery\/fotostrecke_jordanien_2019\/thumbs\/thumbs_543_AP5A5424.jpg\"\n               data-image-id=\"16628\"\n               data-title=\"Qasr al Abd, (Palace of the slave) in Iraq al-Amir\"\n               data-description=\"&lt;strong&gt;Qasr al Abd, (Palace of the slave) in Iraq al-Amir&lt;\/strong&gt;&lt;br \/&gt;Jordanien 2019&lt;br \/&gt;&lt;span style=&quot;font-size:85%;color:#949494;&quot;&gt;[Bild-Id: 16628]&lt;\/span&gt;\"\n               data-image-slug=\"543_ap5a5424\"\n               class=\"ngg-simplelightbox\" rel=\"750f73d40e97dc1d8c33939fe2970fd7\">\n                <img loading=\"lazy\"\n                    title=\"Qasr al Abd, (Palace of the slave) in Iraq al-Amir\"\n                    alt=\"Qasr al Abd, (Palace of the slave) in Iraq al-Amir\"\n                    src=\"http:\/\/foto-passion.com\/wp-content\/gallery\/fotostrecke_jordanien_2019\/cache\/543_AP5A5424.jpg-nggid0516628-ngg0dyn-150x100x100-00f0w010c011r110f110r010t010.jpg\"\n                    width=\"150\"\n                    height=\"100\"\n                    style=\"max-width:100%;\"\n                \/>\n            <\/a>\n        <\/div>\n\t\t\t\t\t\t\t<\/div> \n\t\t\t\n                            \n\t\t\t\t<div id=\"ngg-image-1\" class=\"ngg-gallery-thumbnail-box\" >\n\t\t\t\t        <div class=\"ngg-gallery-thumbnail\">\n            <a href=\"http:\/\/foto-passion.com\/wp-content\/gallery\/fotostrecke_jordanien_2019\/544_AP5A5405.jpg\"\n               title=\"&lt;strong&gt;Qasr al Abd, (Palace of the slave) in Iraq al-Amir&lt;\/strong&gt;&lt;br \/&gt;Jordanien 2019&lt;br \/&gt;&lt;span style=&quot;font-size:85%;color:#949494;&quot;&gt;[Bild-Id: 16626]&lt;\/span&gt;\"\n               data-src=\"http:\/\/foto-passion.com\/wp-content\/gallery\/fotostrecke_jordanien_2019\/544_AP5A5405.jpg\"\n               data-thumbnail=\"http:\/\/foto-passion.com\/wp-content\/gallery\/fotostrecke_jordanien_2019\/thumbs\/thumbs_544_AP5A5405.jpg\"\n               data-image-id=\"16626\"\n               data-title=\"Qasr al Abd, (Palace of the slave) in Iraq al-Amir\"\n               data-description=\"&lt;strong&gt;Qasr al Abd, (Palace of the slave) in Iraq al-Amir&lt;\/strong&gt;&lt;br \/&gt;Jordanien 2019&lt;br \/&gt;&lt;span style=&quot;font-size:85%;color:#949494;&quot;&gt;[Bild-Id: 16626]&lt;\/span&gt;\"\n               data-image-slug=\"544_ap5a5405\"\n               class=\"ngg-simplelightbox\" rel=\"750f73d40e97dc1d8c33939fe2970fd7\">\n                <img loading=\"lazy\"\n                    title=\"Qasr al Abd, (Palace of the slave) in Iraq al-Amir\"\n                    alt=\"Qasr al Abd, (Palace of the slave) in Iraq al-Amir\"\n                    src=\"http:\/\/foto-passion.com\/wp-content\/gallery\/fotostrecke_jordanien_2019\/cache\/544_AP5A5405.jpg-nggid0516626-ngg0dyn-150x100x100-00f0w010c011r110f110r010t010.jpg\"\n                    width=\"150\"\n                    height=\"100\"\n                    style=\"max-width:100%;\"\n                \/>\n            <\/a>\n        <\/div>\n\t\t\t\t\t\t\t<\/div> \n\t\t\t\n                            \n\t\t\t\t<div id=\"ngg-image-2\" class=\"ngg-gallery-thumbnail-box\" >\n\t\t\t\t        <div class=\"ngg-gallery-thumbnail\">\n            <a href=\"http:\/\/foto-passion.com\/wp-content\/gallery\/fotostrecke_jordanien_2019\/545_AP5A5416.jpg\"\n               title=\"&lt;strong&gt;Qasr al Abd, (Palace of the slave) in Iraq al-Amir&lt;\/strong&gt;&lt;br \/&gt;Jordanien 2019&lt;br \/&gt;&lt;span style=&quot;font-size:85%;color:#949494;&quot;&gt;[Bild-Id: 16627]&lt;\/span&gt;\"\n               data-src=\"http:\/\/foto-passion.com\/wp-content\/gallery\/fotostrecke_jordanien_2019\/545_AP5A5416.jpg\"\n               data-thumbnail=\"http:\/\/foto-passion.com\/wp-content\/gallery\/fotostrecke_jordanien_2019\/thumbs\/thumbs_545_AP5A5416.jpg\"\n               data-image-id=\"16627\"\n               data-title=\"Qasr al Abd, (Palace of the slave) in Iraq al-Amir\"\n               data-description=\"&lt;strong&gt;Qasr al Abd, (Palace of the slave) in Iraq al-Amir&lt;\/strong&gt;&lt;br \/&gt;Jordanien 2019&lt;br \/&gt;&lt;span style=&quot;font-size:85%;color:#949494;&quot;&gt;[Bild-Id: 16627]&lt;\/span&gt;\"\n               data-image-slug=\"545_ap5a5416\"\n               class=\"ngg-simplelightbox\" rel=\"750f73d40e97dc1d8c33939fe2970fd7\">\n                <img loading=\"lazy\"\n                    title=\"Qasr al Abd, (Palace of the slave) in Iraq al-Amir\"\n                    alt=\"Qasr al Abd, (Palace of the slave) in Iraq al-Amir\"\n                    src=\"http:\/\/foto-passion.com\/wp-content\/gallery\/fotostrecke_jordanien_2019\/cache\/545_AP5A5416.jpg-nggid0516627-ngg0dyn-150x100x100-00f0w010c011r110f110r010t010.jpg\"\n                    width=\"150\"\n                    height=\"100\"\n                    style=\"max-width:100%;\"\n                \/>\n            <\/a>\n        <\/div>\n\t\t\t\t\t\t\t<\/div> \n\t\t\t\n                            \n\t\t\t\t<div id=\"ngg-image-3\" class=\"ngg-gallery-thumbnail-box\" >\n\t\t\t\t        <div class=\"ngg-gallery-thumbnail\">\n            <a href=\"http:\/\/foto-passion.com\/wp-content\/gallery\/fotostrecke_jordanien_2019\/546_AP5A5437.jpg\"\n               title=\"&lt;strong&gt;Qasr al Abd, (Palace of the slave) in Iraq al-Amir&lt;\/strong&gt;&lt;br \/&gt;Jordanien 2019&lt;br \/&gt;&lt;span style=&quot;font-size:85%;color:#949494;&quot;&gt;[Bild-Id: 16629]&lt;\/span&gt;\"\n               data-src=\"http:\/\/foto-passion.com\/wp-content\/gallery\/fotostrecke_jordanien_2019\/546_AP5A5437.jpg\"\n               data-thumbnail=\"http:\/\/foto-passion.com\/wp-content\/gallery\/fotostrecke_jordanien_2019\/thumbs\/thumbs_546_AP5A5437.jpg\"\n               data-image-id=\"16629\"\n               data-title=\"Qasr al Abd, (Palace of the slave) in Iraq al-Amir\"\n               data-description=\"&lt;strong&gt;Qasr al Abd, (Palace of the slave) in Iraq al-Amir&lt;\/strong&gt;&lt;br \/&gt;Jordanien 2019&lt;br \/&gt;&lt;span style=&quot;font-size:85%;color:#949494;&quot;&gt;[Bild-Id: 16629]&lt;\/span&gt;\"\n               data-image-slug=\"546_ap5a5437\"\n               class=\"ngg-simplelightbox\" rel=\"750f73d40e97dc1d8c33939fe2970fd7\">\n                <img loading=\"lazy\"\n                    title=\"Qasr al Abd, (Palace of the slave) in Iraq al-Amir\"\n                    alt=\"Qasr al Abd, (Palace of the slave) in Iraq al-Amir\"\n                    src=\"http:\/\/foto-passion.com\/wp-content\/gallery\/fotostrecke_jordanien_2019\/cache\/546_AP5A5437.jpg-nggid0516629-ngg0dyn-150x100x100-00f0w010c011r110f110r010t010.jpg\"\n                    width=\"150\"\n                    height=\"100\"\n                    style=\"max-width:100%;\"\n                \/>\n            <\/a>\n        <\/div>\n\t\t\t\t\t\t\t<\/div> \n\t\t\t\n                                    <br style=\"clear: both\" \/>\n                    \n\t\t\t\t<div id=\"ngg-image-4\" class=\"ngg-gallery-thumbnail-box\" >\n\t\t\t\t        <div class=\"ngg-gallery-thumbnail\">\n            <a href=\"http:\/\/foto-passion.com\/wp-content\/gallery\/fotostrecke_jordanien_2019\/547_AP5A5398.jpg\"\n               title=\"&lt;strong&gt;Qasr al Abd, (Palace of the slave) in Iraq al-Amir&lt;\/strong&gt;&lt;br \/&gt;Jordanien 2019&lt;br \/&gt;&lt;span style=&quot;font-size:85%;color:#949494;&quot;&gt;[Bild-Id: 16625]&lt;\/span&gt;\"\n               data-src=\"http:\/\/foto-passion.com\/wp-content\/gallery\/fotostrecke_jordanien_2019\/547_AP5A5398.jpg\"\n               data-thumbnail=\"http:\/\/foto-passion.com\/wp-content\/gallery\/fotostrecke_jordanien_2019\/thumbs\/thumbs_547_AP5A5398.jpg\"\n               data-image-id=\"16625\"\n               data-title=\"Qasr al Abd, (Palace of the slave) in Iraq al-Amir\"\n               data-description=\"&lt;strong&gt;Qasr al Abd, (Palace of the slave) in Iraq al-Amir&lt;\/strong&gt;&lt;br \/&gt;Jordanien 2019&lt;br \/&gt;&lt;span style=&quot;font-size:85%;color:#949494;&quot;&gt;[Bild-Id: 16625]&lt;\/span&gt;\"\n               data-image-slug=\"547_ap5a5398\"\n               class=\"ngg-simplelightbox\" rel=\"750f73d40e97dc1d8c33939fe2970fd7\">\n                <img loading=\"lazy\"\n                    title=\"Qasr al Abd, (Palace of the slave) in Iraq al-Amir\"\n                    alt=\"Qasr al Abd, (Palace of the slave) in Iraq al-Amir\"\n                    src=\"http:\/\/foto-passion.com\/wp-content\/gallery\/fotostrecke_jordanien_2019\/cache\/547_AP5A5398.jpg-nggid0516625-ngg0dyn-150x100x100-00f0w010c011r110f110r010t010.jpg\"\n                    width=\"150\"\n                    height=\"100\"\n                    style=\"max-width:100%;\"\n                \/>\n            <\/a>\n        <\/div>\n\t\t\t\t\t\t\t<\/div> \n\t\t\t\n                            \n\t\t\t\t<div id=\"ngg-image-5\" class=\"ngg-gallery-thumbnail-box\" >\n\t\t\t\t        <div class=\"ngg-gallery-thumbnail\">\n            <a href=\"http:\/\/foto-passion.com\/wp-content\/gallery\/fotostrecke_jordanien_2019\/548_AP5A5391.jpg\"\n               title=\"&lt;strong&gt;Qasr al Abd, (Palace of the slave) in Iraq al-Amir&lt;\/strong&gt;&lt;br \/&gt;Jordanien 2019&lt;br \/&gt;&lt;span style=&quot;font-size:85%;color:#949494;&quot;&gt;[Bild-Id: 16622]&lt;\/span&gt;\"\n               data-src=\"http:\/\/foto-passion.com\/wp-content\/gallery\/fotostrecke_jordanien_2019\/548_AP5A5391.jpg\"\n               data-thumbnail=\"http:\/\/foto-passion.com\/wp-content\/gallery\/fotostrecke_jordanien_2019\/thumbs\/thumbs_548_AP5A5391.jpg\"\n               data-image-id=\"16622\"\n               data-title=\"Qasr al Abd, (Palace of the slave) in Iraq al-Amir\"\n               data-description=\"&lt;strong&gt;Qasr al Abd, (Palace of the slave) in Iraq al-Amir&lt;\/strong&gt;&lt;br \/&gt;Jordanien 2019&lt;br \/&gt;&lt;span style=&quot;font-size:85%;color:#949494;&quot;&gt;[Bild-Id: 16622]&lt;\/span&gt;\"\n               data-image-slug=\"548_ap5a5391\"\n               class=\"ngg-simplelightbox\" rel=\"750f73d40e97dc1d8c33939fe2970fd7\">\n                <img loading=\"lazy\"\n                    title=\"Qasr al Abd, (Palace of the slave) in Iraq al-Amir\"\n                    alt=\"Qasr al Abd, (Palace of the slave) in Iraq al-Amir\"\n                    src=\"http:\/\/foto-passion.com\/wp-content\/gallery\/fotostrecke_jordanien_2019\/cache\/548_AP5A5391.jpg-nggid0516622-ngg0dyn-150x100x100-00f0w010c011r110f110r010t010.jpg\"\n                    width=\"150\"\n                    height=\"100\"\n                    style=\"max-width:100%;\"\n                \/>\n            <\/a>\n        <\/div>\n\t\t\t\t\t\t\t<\/div> \n\t\t\t\n                            \n\t\t\t\t<div id=\"ngg-image-6\" class=\"ngg-gallery-thumbnail-box\" >\n\t\t\t\t        <div class=\"ngg-gallery-thumbnail\">\n            <a href=\"http:\/\/foto-passion.com\/wp-content\/gallery\/fotostrecke_jordanien_2019\/549_AP5A5397.jpg\"\n               title=\"&lt;strong&gt;Qasr al Abd, (Palace of the slave) in Iraq al-Amir&lt;\/strong&gt;&lt;br \/&gt;Jordanien 2019&lt;br \/&gt;&lt;span style=&quot;font-size:85%;color:#949494;&quot;&gt;[Bild-Id: 16624]&lt;\/span&gt;\"\n               data-src=\"http:\/\/foto-passion.com\/wp-content\/gallery\/fotostrecke_jordanien_2019\/549_AP5A5397.jpg\"\n               data-thumbnail=\"http:\/\/foto-passion.com\/wp-content\/gallery\/fotostrecke_jordanien_2019\/thumbs\/thumbs_549_AP5A5397.jpg\"\n               data-image-id=\"16624\"\n               data-title=\"Qasr al Abd, (Palace of the slave) in Iraq al-Amir\"\n               data-description=\"&lt;strong&gt;Qasr al Abd, (Palace of the slave) in Iraq al-Amir&lt;\/strong&gt;&lt;br \/&gt;Jordanien 2019&lt;br \/&gt;&lt;span style=&quot;font-size:85%;color:#949494;&quot;&gt;[Bild-Id: 16624]&lt;\/span&gt;\"\n               data-image-slug=\"549_ap5a5397\"\n               class=\"ngg-simplelightbox\" rel=\"750f73d40e97dc1d8c33939fe2970fd7\">\n                <img loading=\"lazy\"\n                    title=\"Qasr al Abd, (Palace of the slave) in Iraq al-Amir\"\n                    alt=\"Qasr al Abd, (Palace of the slave) in Iraq al-Amir\"\n                    src=\"http:\/\/foto-passion.com\/wp-content\/gallery\/fotostrecke_jordanien_2019\/cache\/549_AP5A5397.jpg-nggid0516624-ngg0dyn-150x100x100-00f0w010c011r110f110r010t010.jpg\"\n                    width=\"150\"\n                    height=\"100\"\n                    style=\"max-width:100%;\"\n                \/>\n            <\/a>\n        <\/div>\n\t\t\t\t\t\t\t<\/div> \n\t\t\t\n                            \n\t\t\t\t<div id=\"ngg-image-7\" class=\"ngg-gallery-thumbnail-box\" >\n\t\t\t\t        <div class=\"ngg-gallery-thumbnail\">\n            <a href=\"http:\/\/foto-passion.com\/wp-content\/gallery\/fotostrecke_jordanien_2019\/550_AP5A5392.jpg\"\n               title=\"&lt;strong&gt;Qasr al Abd, (Palace of the slave) in Iraq al-Amir&lt;\/strong&gt;&lt;br \/&gt;Jordanien 2019&lt;br \/&gt;&lt;span style=&quot;font-size:85%;color:#949494;&quot;&gt;[Bild-Id: 16623]&lt;\/span&gt;\"\n               data-src=\"http:\/\/foto-passion.com\/wp-content\/gallery\/fotostrecke_jordanien_2019\/550_AP5A5392.jpg\"\n               data-thumbnail=\"http:\/\/foto-passion.com\/wp-content\/gallery\/fotostrecke_jordanien_2019\/thumbs\/thumbs_550_AP5A5392.jpg\"\n               data-image-id=\"16623\"\n               data-title=\"Qasr al Abd, (Palace of the slave) in Iraq al-Amir\"\n               data-description=\"&lt;strong&gt;Qasr al Abd, (Palace of the slave) in Iraq al-Amir&lt;\/strong&gt;&lt;br \/&gt;Jordanien 2019&lt;br \/&gt;&lt;span style=&quot;font-size:85%;color:#949494;&quot;&gt;[Bild-Id: 16623]&lt;\/span&gt;\"\n               data-image-slug=\"550_ap5a5392\"\n               class=\"ngg-simplelightbox\" rel=\"750f73d40e97dc1d8c33939fe2970fd7\">\n                <img loading=\"lazy\"\n                    title=\"Qasr al Abd, (Palace of the slave) in Iraq al-Amir\"\n                    alt=\"Qasr al Abd, (Palace of the slave) in Iraq al-Amir\"\n                    src=\"http:\/\/foto-passion.com\/wp-content\/gallery\/fotostrecke_jordanien_2019\/cache\/550_AP5A5392.jpg-nggid0516623-ngg0dyn-150x100x100-00f0w010c011r110f110r010t010.jpg\"\n                    width=\"150\"\n                    height=\"100\"\n                    style=\"max-width:100%;\"\n                \/>\n            <\/a>\n        <\/div>\n\t\t\t\t\t\t\t<\/div> \n\t\t\t\n                                    <br style=\"clear: both\" \/>\n                    \n\t\t\n\t\t<div class=\"ngg-clear\"><\/div>\n\t<\/div>\n<\/p>\t\t\t\t\t<\/div>\n\t\t\t\t\t\t<\/div>\n\t\t\t\t<\/div>\n\t\t\t\t\t\t<\/div>\n\t\t\t\t\t<\/div>\n\t\t<\/div>\n\t\t\t\t\t\t\t\t<\/div>\n\t\t\t\t\t<\/div>\n\t\t<\/section>\n\t\t\t\t<section class=\"elementor-section elementor-top-section elementor-element elementor-element-a7dcf27 elementor-section-boxed elementor-section-height-default elementor-section-height-default\" data-id=\"a7dcf27\" data-element_type=\"section\">\n\t\t\t\t\t\t<div class=\"elementor-container elementor-column-gap-default\">\n\t\t\t\t\t\t\t<div class=\"elementor-row\">\n\t\t\t\t\t<div class=\"elementor-column elementor-col-100 elementor-top-column elementor-element elementor-element-e87962d\" data-id=\"e87962d\" data-element_type=\"column\">\n\t\t\t<div class=\"elementor-column-wrap elementor-element-populated\">\n\t\t\t\t\t\t\t<div class=\"elementor-widget-wrap\">\n\t\t\t\t\t\t<div class=\"elementor-element elementor-element-5392443 elementor-widget elementor-widget-text-editor\" data-id=\"5392443\" data-element_type=\"widget\" data-widget_type=\"text-editor.default\">\n\t\t\t\t<div class=\"elementor-widget-container\">\n\t\t\t\t\t\t\t\t<div class=\"elementor-text-editor elementor-clearfix\">\n\t\t\t\t\t<p style=\"text-align: justify;\">Anschlie\u00dfend fahren wir durch eine spektakul\u00e4re aber doch trostlos grau\/braune Berglandschaft zur\u00fcck auf den Highway in Richtung Totes Meer. Das haben wir nach kurzer Zeit erreicht, denn die Distanz bis Amman sind gerade mal 87 km.<\/p><p style=\"text-align: justify;\">Wir kommen mittags im \u201eM\u00f6venpick Resort &amp; SPA Dead Sea\u201c an. Wieder werden vor dem Einlass intensive Untersuchungen an unserem Fahrzeug vorgenommen, damit wir ja keinen Sprengstoff am Auto kleben haben. Auch unser Gep\u00e4ck wird wie am Flughafen ger\u00f6ntgt und wir m\u00fcssen durch die Sicherheitsschleuse, wie am Flughafen. Nun gibt es in diesem gro\u00dfen Ressort die Bestimmung, dass kein Essen und Trinken von Au\u00dferhalb in das Ressort gebracht werden darf \u2013 schlie\u00dflich wollen die ihre hohen Preise halten. Wir haben aber drei Flaschen Wein im Gep\u00e4ck und die fallen beim R\u00f6ntgen negativ auf. Wir lassen uns aber nicht bequatschen und bestehen darauf, dass wir diese als Geschenke f\u00fcr Freunde dabei haben und dies unsere letzte Station ist, so dass wir sie verpacken m\u00fcssen. Das funktioniert, nachdem wir versprechen, sie nicht im Ressort zu trinken. Obwohl Check-In erst um 16 Uhr ist, bekommen wir bereits um 13 Uhr ein sehr sch\u00f6nes gro\u00dfes Zimmer mit Meerblick. Anschlie\u00dfend werfen wir einen Blick in die angrenzende Mall und essen auch gleich dort im Fischrestaurant. Der Fisch ist gut, die Portion recht kohlehydratarm und etwas todgegrillt. Ansonsten kann man die Mall vergessen. So fahren wir zur\u00fcck ins Hotel, erkunden die gro\u00dfe, wirklich sehr sch\u00f6n gestaltete und sehr gr\u00fcne Resort-Anlage und schauen uns schon mal an, wo der SPA-Bereich ist, denn da haben wir f\u00fcr heute Abend unsere erste Anwendung gebucht. Noch verstehen wir nicht so ganz, was der junge Mann uns erkl\u00e4ren will, aber sp\u00e4ter wird uns klar, dass die Nutzer\/Bezahler des SPA einen eigenen VIP-Pool-Bereich haben, in dem es wesentlich ruhiger und entspannter zugeht und einen Infinity-Pool gibt es hier auch. Da wir f\u00fcr heute Abend unsere erste SPA-Anwendung gebucht haben, d\u00fcrfen wir den exclusiven SPA-Bereich den ganzen Tag nutzen.<\/p>\t\t\t\t\t<\/div>\n\t\t\t\t\t\t<\/div>\n\t\t\t\t<\/div>\n\t\t\t\t\t\t<\/div>\n\t\t\t\t\t<\/div>\n\t\t<\/div>\n\t\t\t\t\t\t\t\t<\/div>\n\t\t\t\t\t<\/div>\n\t\t<\/section>\n\t\t\t\t<section class=\"elementor-section elementor-top-section elementor-element elementor-element-9e877ad elementor-section-boxed elementor-section-height-default elementor-section-height-default\" data-id=\"9e877ad\" data-element_type=\"section\">\n\t\t\t\t\t\t<div class=\"elementor-container elementor-column-gap-default\">\n\t\t\t\t\t\t\t<div class=\"elementor-row\">\n\t\t\t\t\t<div class=\"elementor-column elementor-col-100 elementor-top-column elementor-element elementor-element-3e1e20b\" data-id=\"3e1e20b\" data-element_type=\"column\">\n\t\t\t<div class=\"elementor-column-wrap elementor-element-populated\">\n\t\t\t\t\t\t\t<div class=\"elementor-widget-wrap\">\n\t\t\t\t\t\t<div class=\"elementor-element elementor-element-bac5603 elementor-widget elementor-widget-text-editor\" data-id=\"bac5603\" data-element_type=\"widget\" data-widget_type=\"text-editor.default\">\n\t\t\t\t<div class=\"elementor-widget-container\">\n\t\t\t\t\t\t\t\t<div class=\"elementor-text-editor elementor-clearfix\">\n\t\t\t\t\t<p style=\"text-align: left;\"><!-- index.php -->\n<div\n\tclass=\"ngg-galleryoverview ngg-ajax-pagination-none\"\n\tid=\"ngg-gallery-40e9a36e428f7d85ce17ac8ae4e3450f-1\">\n\n    \t\t<!-- Thumbnails -->\n\t\t\t\t<div id=\"ngg-image-0\" class=\"ngg-gallery-thumbnail-box\" >\n\t\t\t\t        <div class=\"ngg-gallery-thumbnail\">\n            <a href=\"http:\/\/foto-passion.com\/wp-content\/gallery\/fotostrecke_jordanien_2019\/551_File002.jpg\"\n               title=\"&lt;strong&gt;&lt;\/strong&gt;&lt;br \/&gt;Jordanien 2019&lt;br \/&gt;&lt;span style=&quot;font-size:85%;color:#949494;&quot;&gt;[Bild-Id: 16662]&lt;\/span&gt;\"\n               data-src=\"http:\/\/foto-passion.com\/wp-content\/gallery\/fotostrecke_jordanien_2019\/551_File002.jpg\"\n               data-thumbnail=\"http:\/\/foto-passion.com\/wp-content\/gallery\/fotostrecke_jordanien_2019\/thumbs\/thumbs_551_File002.jpg\"\n               data-image-id=\"16662\"\n               data-title=\"-\"\n               data-description=\"&lt;strong&gt;&lt;\/strong&gt;&lt;br \/&gt;Jordanien 2019&lt;br \/&gt;&lt;span style=&quot;font-size:85%;color:#949494;&quot;&gt;[Bild-Id: 16662]&lt;\/span&gt;\"\n               data-image-slug=\"551_file002\"\n               class=\"ngg-simplelightbox\" rel=\"40e9a36e428f7d85ce17ac8ae4e3450f\">\n                <img loading=\"lazy\"\n                    title=\"-\"\n                    alt=\"-\"\n                    src=\"http:\/\/foto-passion.com\/wp-content\/gallery\/fotostrecke_jordanien_2019\/cache\/551_File002.jpg-nggid0516662-ngg0dyn-150x100x100-00f0w010c011r110f110r010t010.jpg\"\n                    width=\"150\"\n                    height=\"100\"\n                    style=\"max-width:100%;\"\n                \/>\n            <\/a>\n        <\/div>\n\t\t\t\t\t\t\t<\/div> \n\t\t\t\n                            \n\t\t\t\t<div id=\"ngg-image-1\" class=\"ngg-gallery-thumbnail-box\" >\n\t\t\t\t        <div class=\"ngg-gallery-thumbnail\">\n            <a href=\"http:\/\/foto-passion.com\/wp-content\/gallery\/fotostrecke_jordanien_2019\/552_File010.jpg\"\n               title=\"&lt;strong&gt;&lt;\/strong&gt;&lt;br \/&gt;Jordanien 2019&lt;br \/&gt;&lt;span style=&quot;font-size:85%;color:#949494;&quot;&gt;[Bild-Id: 16663]&lt;\/span&gt;\"\n               data-src=\"http:\/\/foto-passion.com\/wp-content\/gallery\/fotostrecke_jordanien_2019\/552_File010.jpg\"\n               data-thumbnail=\"http:\/\/foto-passion.com\/wp-content\/gallery\/fotostrecke_jordanien_2019\/thumbs\/thumbs_552_File010.jpg\"\n               data-image-id=\"16663\"\n               data-title=\"-\"\n               data-description=\"&lt;strong&gt;&lt;\/strong&gt;&lt;br \/&gt;Jordanien 2019&lt;br \/&gt;&lt;span style=&quot;font-size:85%;color:#949494;&quot;&gt;[Bild-Id: 16663]&lt;\/span&gt;\"\n               data-image-slug=\"552_file010\"\n               class=\"ngg-simplelightbox\" rel=\"40e9a36e428f7d85ce17ac8ae4e3450f\">\n                <img loading=\"lazy\"\n                    title=\"-\"\n                    alt=\"-\"\n                    src=\"http:\/\/foto-passion.com\/wp-content\/gallery\/fotostrecke_jordanien_2019\/cache\/552_File010.jpg-nggid0516663-ngg0dyn-150x100x100-00f0w010c011r110f110r010t010.jpg\"\n                    width=\"150\"\n                    height=\"100\"\n                    style=\"max-width:100%;\"\n                \/>\n            <\/a>\n        <\/div>\n\t\t\t\t\t\t\t<\/div> \n\t\t\t\n                            \n\t\t\t\t<div id=\"ngg-image-2\" class=\"ngg-gallery-thumbnail-box\" >\n\t\t\t\t        <div class=\"ngg-gallery-thumbnail\">\n            <a href=\"http:\/\/foto-passion.com\/wp-content\/gallery\/fotostrecke_jordanien_2019\/553_IMG_4825.jpg\"\n               title=\"&lt;strong&gt;&lt;\/strong&gt;&lt;br \/&gt;Jordanien 2019&lt;br \/&gt;&lt;span style=&quot;font-size:85%;color:#949494;&quot;&gt;[Bild-Id: 16673]&lt;\/span&gt;\"\n               data-src=\"http:\/\/foto-passion.com\/wp-content\/gallery\/fotostrecke_jordanien_2019\/553_IMG_4825.jpg\"\n               data-thumbnail=\"http:\/\/foto-passion.com\/wp-content\/gallery\/fotostrecke_jordanien_2019\/thumbs\/thumbs_553_IMG_4825.jpg\"\n               data-image-id=\"16673\"\n               data-title=\"-\"\n               data-description=\"&lt;strong&gt;&lt;\/strong&gt;&lt;br \/&gt;Jordanien 2019&lt;br \/&gt;&lt;span style=&quot;font-size:85%;color:#949494;&quot;&gt;[Bild-Id: 16673]&lt;\/span&gt;\"\n               data-image-slug=\"553_img_4825\"\n               class=\"ngg-simplelightbox\" rel=\"40e9a36e428f7d85ce17ac8ae4e3450f\">\n                <img loading=\"lazy\"\n                    title=\"-\"\n                    alt=\"-\"\n                    src=\"http:\/\/foto-passion.com\/wp-content\/gallery\/fotostrecke_jordanien_2019\/cache\/553_IMG_4825.jpg-nggid0516673-ngg0dyn-150x100x100-00f0w010c011r110f110r010t010.jpg\"\n                    width=\"150\"\n                    height=\"100\"\n                    style=\"max-width:100%;\"\n                \/>\n            <\/a>\n        <\/div>\n\t\t\t\t\t\t\t<\/div> \n\t\t\t\n                            \n\t\t\t\t<div id=\"ngg-image-3\" class=\"ngg-gallery-thumbnail-box\" >\n\t\t\t\t        <div class=\"ngg-gallery-thumbnail\">\n            <a href=\"http:\/\/foto-passion.com\/wp-content\/gallery\/fotostrecke_jordanien_2019\/554_IMG_4829.jpg\"\n               title=\"&lt;strong&gt;&lt;\/strong&gt;&lt;br \/&gt;Jordanien 2019&lt;br \/&gt;&lt;span style=&quot;font-size:85%;color:#949494;&quot;&gt;[Bild-Id: 16674]&lt;\/span&gt;\"\n               data-src=\"http:\/\/foto-passion.com\/wp-content\/gallery\/fotostrecke_jordanien_2019\/554_IMG_4829.jpg\"\n               data-thumbnail=\"http:\/\/foto-passion.com\/wp-content\/gallery\/fotostrecke_jordanien_2019\/thumbs\/thumbs_554_IMG_4829.jpg\"\n               data-image-id=\"16674\"\n               data-title=\"-\"\n               data-description=\"&lt;strong&gt;&lt;\/strong&gt;&lt;br \/&gt;Jordanien 2019&lt;br \/&gt;&lt;span style=&quot;font-size:85%;color:#949494;&quot;&gt;[Bild-Id: 16674]&lt;\/span&gt;\"\n               data-image-slug=\"554_img_4829\"\n               class=\"ngg-simplelightbox\" rel=\"40e9a36e428f7d85ce17ac8ae4e3450f\">\n                <img loading=\"lazy\"\n                    title=\"-\"\n                    alt=\"-\"\n                    src=\"http:\/\/foto-passion.com\/wp-content\/gallery\/fotostrecke_jordanien_2019\/cache\/554_IMG_4829.jpg-nggid0516674-ngg0dyn-150x100x100-00f0w010c011r110f110r010t010.jpg\"\n                    width=\"150\"\n                    height=\"100\"\n                    style=\"max-width:100%;\"\n                \/>\n            <\/a>\n        <\/div>\n\t\t\t\t\t\t\t<\/div> \n\t\t\t\n                                    <br style=\"clear: both\" \/>\n                    \n\t\t\n\t\t<div class=\"ngg-clear\"><\/div>\n\t<\/div>\n<\/p>\t\t\t\t\t<\/div>\n\t\t\t\t\t\t<\/div>\n\t\t\t\t<\/div>\n\t\t\t\t\t\t<\/div>\n\t\t\t\t\t<\/div>\n\t\t<\/div>\n\t\t\t\t\t\t\t\t<\/div>\n\t\t\t\t\t<\/div>\n\t\t<\/section>\n\t\t\t\t<section class=\"elementor-section elementor-top-section elementor-element elementor-element-dab0fd2 elementor-section-boxed elementor-section-height-default elementor-section-height-default\" data-id=\"dab0fd2\" data-element_type=\"section\">\n\t\t\t\t\t\t<div class=\"elementor-container elementor-column-gap-default\">\n\t\t\t\t\t\t\t<div class=\"elementor-row\">\n\t\t\t\t\t<div class=\"elementor-column elementor-col-100 elementor-top-column elementor-element elementor-element-cf89131\" data-id=\"cf89131\" data-element_type=\"column\">\n\t\t\t<div class=\"elementor-column-wrap elementor-element-populated\">\n\t\t\t\t\t\t\t<div class=\"elementor-widget-wrap\">\n\t\t\t\t\t\t<div class=\"elementor-element elementor-element-36fe2a4 elementor-widget elementor-widget-text-editor\" data-id=\"36fe2a4\" data-element_type=\"widget\" data-widget_type=\"text-editor.default\">\n\t\t\t\t<div class=\"elementor-widget-container\">\n\t\t\t\t\t\t\t\t<div class=\"elementor-text-editor elementor-clearfix\">\n\t\t\t\t\t<p style=\"text-align: justify;\">Das tun wir dann auch am sp\u00e4ten Nachmittag und lassen uns am Abend bei einer Hammam-Behandlung verw\u00f6hnen. Immerhin hat das Hotel f\u00fcr diese Anwendung 2019 sogar einen Preis erhalten.<\/p>\t\t\t\t\t<\/div>\n\t\t\t\t\t\t<\/div>\n\t\t\t\t<\/div>\n\t\t\t\t\t\t<\/div>\n\t\t\t\t\t<\/div>\n\t\t<\/div>\n\t\t\t\t\t\t\t\t<\/div>\n\t\t\t\t\t<\/div>\n\t\t<\/section>\n\t\t\t\t<section class=\"elementor-section elementor-top-section elementor-element elementor-element-b3b14f8 elementor-section-boxed elementor-section-height-default elementor-section-height-default\" data-id=\"b3b14f8\" data-element_type=\"section\">\n\t\t\t\t\t\t<div class=\"elementor-container elementor-column-gap-default\">\n\t\t\t\t\t\t\t<div class=\"elementor-row\">\n\t\t\t\t\t<div class=\"elementor-column elementor-col-100 elementor-top-column elementor-element elementor-element-c4492fc\" data-id=\"c4492fc\" data-element_type=\"column\">\n\t\t\t<div class=\"elementor-column-wrap elementor-element-populated\">\n\t\t\t\t\t\t\t<div class=\"elementor-widget-wrap\">\n\t\t\t\t\t\t<div class=\"elementor-element elementor-element-47a3306 elementor-widget elementor-widget-text-editor\" data-id=\"47a3306\" data-element_type=\"widget\" data-widget_type=\"text-editor.default\">\n\t\t\t\t<div class=\"elementor-widget-container\">\n\t\t\t\t\t\t\t\t<div class=\"elementor-text-editor elementor-clearfix\">\n\t\t\t\t\t<p style=\"text-align: left;\"><!-- index.php -->\n<div\n\tclass=\"ngg-galleryoverview ngg-ajax-pagination-none\"\n\tid=\"ngg-gallery-8b28b55e99d9295af259ef51b1af9684-1\">\n\n    \t\t<!-- Thumbnails -->\n\t\t\t\t<div id=\"ngg-image-0\" class=\"ngg-gallery-thumbnail-box\" >\n\t\t\t\t        <div class=\"ngg-gallery-thumbnail\">\n            <a href=\"http:\/\/foto-passion.com\/wp-content\/gallery\/fotostrecke_jordanien_2019\/556_IMG_4923.jpg\"\n               title=\"&lt;strong&gt;\u201eM\u00f6venpick Resort  &amp; SPA Dead Sea\u201c, Totes Meer&lt;\/strong&gt;&lt;br \/&gt;Jordanien 2019&lt;br \/&gt;&lt;span style=&quot;font-size:85%;color:#949494;&quot;&gt;[Bild-Id: 16660]&lt;\/span&gt;\"\n               data-src=\"http:\/\/foto-passion.com\/wp-content\/gallery\/fotostrecke_jordanien_2019\/556_IMG_4923.jpg\"\n               data-thumbnail=\"http:\/\/foto-passion.com\/wp-content\/gallery\/fotostrecke_jordanien_2019\/thumbs\/thumbs_556_IMG_4923.jpg\"\n               data-image-id=\"16660\"\n               data-title=\"\u201eM\u00f6venpick Resort  &amp; SPA Dead Sea\u201c, Totes Meer\"\n               data-description=\"&lt;strong&gt;\u201eM\u00f6venpick Resort  &amp; SPA Dead Sea\u201c, Totes Meer&lt;\/strong&gt;&lt;br \/&gt;Jordanien 2019&lt;br \/&gt;&lt;span style=&quot;font-size:85%;color:#949494;&quot;&gt;[Bild-Id: 16660]&lt;\/span&gt;\"\n               data-image-slug=\"556_img_4923\"\n               class=\"ngg-simplelightbox\" rel=\"8b28b55e99d9295af259ef51b1af9684\">\n                <img loading=\"lazy\"\n                    title=\"\u201eM\u00f6venpick Resort  &amp; SPA Dead Sea\u201c, Totes Meer\"\n                    alt=\"\u201eM\u00f6venpick Resort  &amp; SPA Dead Sea\u201c, Totes Meer\"\n                    src=\"http:\/\/foto-passion.com\/wp-content\/gallery\/fotostrecke_jordanien_2019\/cache\/556_IMG_4923.jpg-nggid0516660-ngg0dyn-150x100x100-00f0w010c011r110f110r010t010.jpg\"\n                    width=\"150\"\n                    height=\"100\"\n                    style=\"max-width:100%;\"\n                \/>\n            <\/a>\n        <\/div>\n\t\t\t\t\t\t\t<\/div> \n\t\t\t\n                            \n\t\t\t\t<div id=\"ngg-image-1\" class=\"ngg-gallery-thumbnail-box\" >\n\t\t\t\t        <div class=\"ngg-gallery-thumbnail\">\n            <a href=\"http:\/\/foto-passion.com\/wp-content\/gallery\/fotostrecke_jordanien_2019\/557_IMG_4922.jpg\"\n               title=\"&lt;strong&gt;\u201eM\u00f6venpick Resort  &amp; SPA Dead Sea\u201c, Totes Meer&lt;\/strong&gt;&lt;br \/&gt;Jordanien 2019&lt;br \/&gt;&lt;span style=&quot;font-size:85%;color:#949494;&quot;&gt;[Bild-Id: 16659]&lt;\/span&gt;\"\n               data-src=\"http:\/\/foto-passion.com\/wp-content\/gallery\/fotostrecke_jordanien_2019\/557_IMG_4922.jpg\"\n               data-thumbnail=\"http:\/\/foto-passion.com\/wp-content\/gallery\/fotostrecke_jordanien_2019\/thumbs\/thumbs_557_IMG_4922.jpg\"\n               data-image-id=\"16659\"\n               data-title=\"\u201eM\u00f6venpick Resort  &amp; SPA Dead Sea\u201c, Totes Meer\"\n               data-description=\"&lt;strong&gt;\u201eM\u00f6venpick Resort  &amp; SPA Dead Sea\u201c, Totes Meer&lt;\/strong&gt;&lt;br \/&gt;Jordanien 2019&lt;br \/&gt;&lt;span style=&quot;font-size:85%;color:#949494;&quot;&gt;[Bild-Id: 16659]&lt;\/span&gt;\"\n               data-image-slug=\"557_img_4922\"\n               class=\"ngg-simplelightbox\" rel=\"8b28b55e99d9295af259ef51b1af9684\">\n                <img loading=\"lazy\"\n                    title=\"\u201eM\u00f6venpick Resort  &amp; SPA Dead Sea\u201c, Totes Meer\"\n                    alt=\"\u201eM\u00f6venpick Resort  &amp; SPA Dead Sea\u201c, Totes Meer\"\n                    src=\"http:\/\/foto-passion.com\/wp-content\/gallery\/fotostrecke_jordanien_2019\/cache\/557_IMG_4922.jpg-nggid0516659-ngg0dyn-150x100x100-00f0w010c011r110f110r010t010.jpg\"\n                    width=\"150\"\n                    height=\"100\"\n                    style=\"max-width:100%;\"\n                \/>\n            <\/a>\n        <\/div>\n\t\t\t\t\t\t\t<\/div> \n\t\t\t\n                            \n\t\t\t\t<div id=\"ngg-image-2\" class=\"ngg-gallery-thumbnail-box\" >\n\t\t\t\t        <div class=\"ngg-gallery-thumbnail\">\n            <a href=\"http:\/\/foto-passion.com\/wp-content\/gallery\/fotostrecke_jordanien_2019\/558_IMG_4927.jpg\"\n               title=\"&lt;strong&gt;\u201eM\u00f6venpick Resort  &amp; SPA Dead Sea\u201c, Totes Meer&lt;\/strong&gt;&lt;br \/&gt;Jordanien 2019&lt;br \/&gt;&lt;span style=&quot;font-size:85%;color:#949494;&quot;&gt;[Bild-Id: 16661]&lt;\/span&gt;\"\n               data-src=\"http:\/\/foto-passion.com\/wp-content\/gallery\/fotostrecke_jordanien_2019\/558_IMG_4927.jpg\"\n               data-thumbnail=\"http:\/\/foto-passion.com\/wp-content\/gallery\/fotostrecke_jordanien_2019\/thumbs\/thumbs_558_IMG_4927.jpg\"\n               data-image-id=\"16661\"\n               data-title=\"\u201eM\u00f6venpick Resort  &amp; SPA Dead Sea\u201c, Totes Meer\"\n               data-description=\"&lt;strong&gt;\u201eM\u00f6venpick Resort  &amp; SPA Dead Sea\u201c, Totes Meer&lt;\/strong&gt;&lt;br \/&gt;Jordanien 2019&lt;br \/&gt;&lt;span style=&quot;font-size:85%;color:#949494;&quot;&gt;[Bild-Id: 16661]&lt;\/span&gt;\"\n               data-image-slug=\"558_img_4927\"\n               class=\"ngg-simplelightbox\" rel=\"8b28b55e99d9295af259ef51b1af9684\">\n                <img loading=\"lazy\"\n                    title=\"\u201eM\u00f6venpick Resort  &amp; SPA Dead Sea\u201c, Totes Meer\"\n                    alt=\"\u201eM\u00f6venpick Resort  &amp; SPA Dead Sea\u201c, Totes Meer\"\n                    src=\"http:\/\/foto-passion.com\/wp-content\/gallery\/fotostrecke_jordanien_2019\/cache\/558_IMG_4927.jpg-nggid0516661-ngg0dyn-150x100x100-00f0w010c011r110f110r010t010.jpg\"\n                    width=\"150\"\n                    height=\"100\"\n                    style=\"max-width:100%;\"\n                \/>\n            <\/a>\n        <\/div>\n\t\t\t\t\t\t\t<\/div> \n\t\t\t\n                            \n\t\t\t\t<div id=\"ngg-image-3\" class=\"ngg-gallery-thumbnail-box\" >\n\t\t\t\t        <div class=\"ngg-gallery-thumbnail\">\n            <a href=\"http:\/\/foto-passion.com\/wp-content\/gallery\/fotostrecke_jordanien_2019\/559_File188.jpg\"\n               title=\"&lt;strong&gt;\u201eM\u00f6venpick Resort  &amp; SPA Dead Sea\u201c, Totes Meer&lt;\/strong&gt;&lt;br \/&gt;Jordanien 2019&lt;br \/&gt;&lt;span style=&quot;font-size:85%;color:#949494;&quot;&gt;[Bild-Id: 16670]&lt;\/span&gt;\"\n               data-src=\"http:\/\/foto-passion.com\/wp-content\/gallery\/fotostrecke_jordanien_2019\/559_File188.jpg\"\n               data-thumbnail=\"http:\/\/foto-passion.com\/wp-content\/gallery\/fotostrecke_jordanien_2019\/thumbs\/thumbs_559_File188.jpg\"\n               data-image-id=\"16670\"\n               data-title=\"\u201eM\u00f6venpick Resort  &amp; SPA Dead Sea\u201c, Totes Meer\"\n               data-description=\"&lt;strong&gt;\u201eM\u00f6venpick Resort  &amp; SPA Dead Sea\u201c, Totes Meer&lt;\/strong&gt;&lt;br \/&gt;Jordanien 2019&lt;br \/&gt;&lt;span style=&quot;font-size:85%;color:#949494;&quot;&gt;[Bild-Id: 16670]&lt;\/span&gt;\"\n               data-image-slug=\"559_file188\"\n               class=\"ngg-simplelightbox\" rel=\"8b28b55e99d9295af259ef51b1af9684\">\n                <img loading=\"lazy\"\n                    title=\"\u201eM\u00f6venpick Resort  &amp; SPA Dead Sea\u201c, Totes Meer\"\n                    alt=\"\u201eM\u00f6venpick Resort  &amp; SPA Dead Sea\u201c, Totes Meer\"\n                    src=\"http:\/\/foto-passion.com\/wp-content\/gallery\/fotostrecke_jordanien_2019\/cache\/559_File188.jpg-nggid0516670-ngg0dyn-150x100x100-00f0w010c011r110f110r010t010.jpg\"\n                    width=\"150\"\n                    height=\"100\"\n                    style=\"max-width:100%;\"\n                \/>\n            <\/a>\n        <\/div>\n\t\t\t\t\t\t\t<\/div> \n\t\t\t\n                                    <br style=\"clear: both\" \/>\n                    \n\t\t\n\t\t<div class=\"ngg-clear\"><\/div>\n\t<\/div>\n<\/p>\t\t\t\t\t<\/div>\n\t\t\t\t\t\t<\/div>\n\t\t\t\t<\/div>\n\t\t\t\t\t\t<\/div>\n\t\t\t\t\t<\/div>\n\t\t<\/div>\n\t\t\t\t\t\t\t\t<\/div>\n\t\t\t\t\t<\/div>\n\t\t<\/section>\n\t\t\t\t<section class=\"elementor-section elementor-top-section elementor-element elementor-element-d4dbaf2 elementor-section-boxed elementor-section-height-default elementor-section-height-default\" data-id=\"d4dbaf2\" data-element_type=\"section\">\n\t\t\t\t\t\t<div class=\"elementor-container elementor-column-gap-default\">\n\t\t\t\t\t\t\t<div class=\"elementor-row\">\n\t\t\t\t\t<div class=\"elementor-column elementor-col-100 elementor-top-column elementor-element elementor-element-62fc416\" data-id=\"62fc416\" data-element_type=\"column\">\n\t\t\t<div class=\"elementor-column-wrap elementor-element-populated\">\n\t\t\t\t\t\t\t<div class=\"elementor-widget-wrap\">\n\t\t\t\t\t\t<div class=\"elementor-element elementor-element-7a76559 elementor-widget elementor-widget-text-editor\" data-id=\"7a76559\" data-element_type=\"widget\" data-widget_type=\"text-editor.default\">\n\t\t\t\t<div class=\"elementor-widget-container\">\n\t\t\t\t\t\t\t\t<div class=\"elementor-text-editor elementor-clearfix\">\n\t\t\t\t\t<p>Nach der 90-min\u00fctigen Anwendung fallen wir nur noch todm\u00fcde ins Bett und gl\u00fchen noch eine ganze Weile nach.<\/p>\t\t\t\t\t<\/div>\n\t\t\t\t\t\t<\/div>\n\t\t\t\t<\/div>\n\t\t\t\t\t\t<\/div>\n\t\t\t\t\t<\/div>\n\t\t<\/div>\n\t\t\t\t\t\t\t\t<\/div>\n\t\t\t\t\t<\/div>\n\t\t<\/section>\n\t\t\t\t<section class=\"elementor-section elementor-top-section elementor-element elementor-element-cacb875 elementor-section-boxed elementor-section-height-default elementor-section-height-default\" data-id=\"cacb875\" data-element_type=\"section\">\n\t\t\t\t\t\t<div class=\"elementor-container elementor-column-gap-default\">\n\t\t\t\t\t\t\t<div class=\"elementor-row\">\n\t\t\t\t\t<div class=\"elementor-column elementor-col-100 elementor-top-column elementor-element elementor-element-2189a1e\" data-id=\"2189a1e\" data-element_type=\"column\">\n\t\t\t<div class=\"elementor-column-wrap elementor-element-populated\">\n\t\t\t\t\t\t\t<div class=\"elementor-widget-wrap\">\n\t\t\t\t\t\t<div class=\"elementor-element elementor-element-a1b30c9 elementor-widget elementor-widget-text-editor\" data-id=\"a1b30c9\" data-element_type=\"widget\" data-widget_type=\"text-editor.default\">\n\t\t\t\t<div class=\"elementor-widget-container\">\n\t\t\t\t\t\t\t\t<div class=\"elementor-text-editor elementor-clearfix\">\n\t\t\t\t\t<p><strong>18.10.2019\u00a0\u00a0\u00a0\u00a0 Totes Meer \u201eM\u00f6venpick Resort\u00a0 &amp; SPA Dead Sea\u201c<\/strong><\/p><p style=\"text-align: justify;\">Das Fr\u00fchst\u00fcck des Hotels kann sich wirklich sehen lassen. Hier kann Jeder seinen pers\u00f6nlichen Geschmack befriedigen. Obwohl die Anlage sehr gro\u00df ist, ist sie wundersch\u00f6n gemacht und es gibt auch sehr viel \u2013 gut gepflegtes Gr\u00fcn. Alles ist im traditionellen Stil gebaut und f\u00fcgt sich dezent in die Landschaft.<\/p>\t\t\t\t\t<\/div>\n\t\t\t\t\t\t<\/div>\n\t\t\t\t<\/div>\n\t\t\t\t\t\t<\/div>\n\t\t\t\t\t<\/div>\n\t\t<\/div>\n\t\t\t\t\t\t\t\t<\/div>\n\t\t\t\t\t<\/div>\n\t\t<\/section>\n\t\t\t\t<section class=\"elementor-section elementor-top-section elementor-element elementor-element-627ba5a elementor-section-boxed elementor-section-height-default elementor-section-height-default\" data-id=\"627ba5a\" data-element_type=\"section\">\n\t\t\t\t\t\t<div class=\"elementor-container elementor-column-gap-default\">\n\t\t\t\t\t\t\t<div class=\"elementor-row\">\n\t\t\t\t\t<div class=\"elementor-column elementor-col-100 elementor-top-column elementor-element elementor-element-1a13eed\" data-id=\"1a13eed\" data-element_type=\"column\">\n\t\t\t<div class=\"elementor-column-wrap elementor-element-populated\">\n\t\t\t\t\t\t\t<div class=\"elementor-widget-wrap\">\n\t\t\t\t\t\t<div class=\"elementor-element elementor-element-561b985 elementor-widget elementor-widget-text-editor\" data-id=\"561b985\" data-element_type=\"widget\" data-widget_type=\"text-editor.default\">\n\t\t\t\t<div class=\"elementor-widget-container\">\n\t\t\t\t\t\t\t\t<div class=\"elementor-text-editor elementor-clearfix\">\n\t\t\t\t\t<p style=\"text-align: left;\"><!-- index.php -->\n<div\n\tclass=\"ngg-galleryoverview ngg-ajax-pagination-none\"\n\tid=\"ngg-gallery-1701acf20561cab103ed7a8e9a3f5e93-1\">\n\n    \t\t<!-- Thumbnails -->\n\t\t\t\t<div id=\"ngg-image-0\" class=\"ngg-gallery-thumbnail-box\" >\n\t\t\t\t        <div class=\"ngg-gallery-thumbnail\">\n            <a href=\"http:\/\/foto-passion.com\/wp-content\/gallery\/fotostrecke_jordanien_2019\/560_File012.jpg\"\n               title=\"&lt;strong&gt;\u201eM\u00f6venpick Resort  &amp; SPA Dead Sea\u201c, Totes Meer&lt;\/strong&gt;&lt;br \/&gt;Jordanien 2019&lt;br \/&gt;&lt;span style=&quot;font-size:85%;color:#949494;&quot;&gt;[Bild-Id: 16664]&lt;\/span&gt;\"\n               data-src=\"http:\/\/foto-passion.com\/wp-content\/gallery\/fotostrecke_jordanien_2019\/560_File012.jpg\"\n               data-thumbnail=\"http:\/\/foto-passion.com\/wp-content\/gallery\/fotostrecke_jordanien_2019\/thumbs\/thumbs_560_File012.jpg\"\n               data-image-id=\"16664\"\n               data-title=\"\u201eM\u00f6venpick Resort  &amp; SPA Dead Sea\u201c, Totes Meer\"\n               data-description=\"&lt;strong&gt;\u201eM\u00f6venpick Resort  &amp; SPA Dead Sea\u201c, Totes Meer&lt;\/strong&gt;&lt;br \/&gt;Jordanien 2019&lt;br \/&gt;&lt;span style=&quot;font-size:85%;color:#949494;&quot;&gt;[Bild-Id: 16664]&lt;\/span&gt;\"\n               data-image-slug=\"560_file012\"\n               class=\"ngg-simplelightbox\" rel=\"1701acf20561cab103ed7a8e9a3f5e93\">\n                <img loading=\"lazy\"\n                    title=\"\u201eM\u00f6venpick Resort  &amp; SPA Dead Sea\u201c, Totes Meer\"\n                    alt=\"\u201eM\u00f6venpick Resort  &amp; SPA Dead Sea\u201c, Totes Meer\"\n                    src=\"http:\/\/foto-passion.com\/wp-content\/gallery\/fotostrecke_jordanien_2019\/cache\/560_File012.jpg-nggid0516664-ngg0dyn-150x100x100-00f0w010c011r110f110r010t010.jpg\"\n                    width=\"150\"\n                    height=\"100\"\n                    style=\"max-width:100%;\"\n                \/>\n            <\/a>\n        <\/div>\n\t\t\t\t\t\t\t<\/div> \n\t\t\t\n                            \n\t\t\t\t<div id=\"ngg-image-1\" class=\"ngg-gallery-thumbnail-box\" >\n\t\t\t\t        <div class=\"ngg-gallery-thumbnail\">\n            <a href=\"http:\/\/foto-passion.com\/wp-content\/gallery\/fotostrecke_jordanien_2019\/561_File015.jpg\"\n               title=\"&lt;strong&gt;\u201eM\u00f6venpick Resort  &amp; SPA Dead Sea\u201c, Totes Meer&lt;\/strong&gt;&lt;br \/&gt;Jordanien 2019&lt;br \/&gt;&lt;span style=&quot;font-size:85%;color:#949494;&quot;&gt;[Bild-Id: 16665]&lt;\/span&gt;\"\n               data-src=\"http:\/\/foto-passion.com\/wp-content\/gallery\/fotostrecke_jordanien_2019\/561_File015.jpg\"\n               data-thumbnail=\"http:\/\/foto-passion.com\/wp-content\/gallery\/fotostrecke_jordanien_2019\/thumbs\/thumbs_561_File015.jpg\"\n               data-image-id=\"16665\"\n               data-title=\"\u201eM\u00f6venpick Resort  &amp; SPA Dead Sea\u201c, Totes Meer\"\n               data-description=\"&lt;strong&gt;\u201eM\u00f6venpick Resort  &amp; SPA Dead Sea\u201c, Totes Meer&lt;\/strong&gt;&lt;br \/&gt;Jordanien 2019&lt;br \/&gt;&lt;span style=&quot;font-size:85%;color:#949494;&quot;&gt;[Bild-Id: 16665]&lt;\/span&gt;\"\n               data-image-slug=\"561_file015\"\n               class=\"ngg-simplelightbox\" rel=\"1701acf20561cab103ed7a8e9a3f5e93\">\n                <img loading=\"lazy\"\n                    title=\"\u201eM\u00f6venpick Resort  &amp; SPA Dead Sea\u201c, Totes Meer\"\n                    alt=\"\u201eM\u00f6venpick Resort  &amp; SPA Dead Sea\u201c, Totes Meer\"\n                    src=\"http:\/\/foto-passion.com\/wp-content\/gallery\/fotostrecke_jordanien_2019\/cache\/561_File015.jpg-nggid0516665-ngg0dyn-150x100x100-00f0w010c011r110f110r010t010.jpg\"\n                    width=\"150\"\n                    height=\"100\"\n                    style=\"max-width:100%;\"\n                \/>\n            <\/a>\n        <\/div>\n\t\t\t\t\t\t\t<\/div> \n\t\t\t\n                            \n\t\t\t\t<div id=\"ngg-image-2\" class=\"ngg-gallery-thumbnail-box\" >\n\t\t\t\t        <div class=\"ngg-gallery-thumbnail\">\n            <a href=\"http:\/\/foto-passion.com\/wp-content\/gallery\/fotostrecke_jordanien_2019\/562_File018.jpg\"\n               title=\"&lt;strong&gt;\u201eM\u00f6venpick Resort  &amp; SPA Dead Sea\u201c, Totes Meer&lt;\/strong&gt;&lt;br \/&gt;Jordanien 2019&lt;br \/&gt;&lt;span style=&quot;font-size:85%;color:#949494;&quot;&gt;[Bild-Id: 16666]&lt;\/span&gt;\"\n               data-src=\"http:\/\/foto-passion.com\/wp-content\/gallery\/fotostrecke_jordanien_2019\/562_File018.jpg\"\n               data-thumbnail=\"http:\/\/foto-passion.com\/wp-content\/gallery\/fotostrecke_jordanien_2019\/thumbs\/thumbs_562_File018.jpg\"\n               data-image-id=\"16666\"\n               data-title=\"\u201eM\u00f6venpick Resort  &amp; SPA Dead Sea\u201c, Totes Meer\"\n               data-description=\"&lt;strong&gt;\u201eM\u00f6venpick Resort  &amp; SPA Dead Sea\u201c, Totes Meer&lt;\/strong&gt;&lt;br \/&gt;Jordanien 2019&lt;br \/&gt;&lt;span style=&quot;font-size:85%;color:#949494;&quot;&gt;[Bild-Id: 16666]&lt;\/span&gt;\"\n               data-image-slug=\"562_file018\"\n               class=\"ngg-simplelightbox\" rel=\"1701acf20561cab103ed7a8e9a3f5e93\">\n                <img loading=\"lazy\"\n                    title=\"\u201eM\u00f6venpick Resort  &amp; SPA Dead Sea\u201c, Totes Meer\"\n                    alt=\"\u201eM\u00f6venpick Resort  &amp; SPA Dead Sea\u201c, Totes Meer\"\n                    src=\"http:\/\/foto-passion.com\/wp-content\/gallery\/fotostrecke_jordanien_2019\/cache\/562_File018.jpg-nggid0516666-ngg0dyn-150x100x100-00f0w010c011r110f110r010t010.jpg\"\n                    width=\"150\"\n                    height=\"100\"\n                    style=\"max-width:100%;\"\n                \/>\n            <\/a>\n        <\/div>\n\t\t\t\t\t\t\t<\/div> \n\t\t\t\n                            \n\t\t\t\t<div id=\"ngg-image-3\" class=\"ngg-gallery-thumbnail-box\" >\n\t\t\t\t        <div class=\"ngg-gallery-thumbnail\">\n            <a href=\"http:\/\/foto-passion.com\/wp-content\/gallery\/fotostrecke_jordanien_2019\/563_File090.jpg\"\n               title=\"&lt;strong&gt;\u201eM\u00f6venpick Resort  &amp; SPA Dead Sea\u201c, Totes Meer&lt;\/strong&gt;&lt;br \/&gt;Jordanien 2019&lt;br \/&gt;&lt;span style=&quot;font-size:85%;color:#949494;&quot;&gt;[Bild-Id: 16668]&lt;\/span&gt;\"\n               data-src=\"http:\/\/foto-passion.com\/wp-content\/gallery\/fotostrecke_jordanien_2019\/563_File090.jpg\"\n               data-thumbnail=\"http:\/\/foto-passion.com\/wp-content\/gallery\/fotostrecke_jordanien_2019\/thumbs\/thumbs_563_File090.jpg\"\n               data-image-id=\"16668\"\n               data-title=\"\u201eM\u00f6venpick Resort  &amp; SPA Dead Sea\u201c, Totes Meer\"\n               data-description=\"&lt;strong&gt;\u201eM\u00f6venpick Resort  &amp; SPA Dead Sea\u201c, Totes Meer&lt;\/strong&gt;&lt;br \/&gt;Jordanien 2019&lt;br \/&gt;&lt;span style=&quot;font-size:85%;color:#949494;&quot;&gt;[Bild-Id: 16668]&lt;\/span&gt;\"\n               data-image-slug=\"563_file090\"\n               class=\"ngg-simplelightbox\" rel=\"1701acf20561cab103ed7a8e9a3f5e93\">\n                <img loading=\"lazy\"\n                    title=\"\u201eM\u00f6venpick Resort  &amp; SPA Dead Sea\u201c, Totes Meer\"\n                    alt=\"\u201eM\u00f6venpick Resort  &amp; SPA Dead Sea\u201c, Totes Meer\"\n                    src=\"http:\/\/foto-passion.com\/wp-content\/gallery\/fotostrecke_jordanien_2019\/cache\/563_File090.jpg-nggid0516668-ngg0dyn-150x100x100-00f0w010c011r110f110r010t010.jpg\"\n                    width=\"150\"\n                    height=\"100\"\n                    style=\"max-width:100%;\"\n                \/>\n            <\/a>\n        <\/div>\n\t\t\t\t\t\t\t<\/div> \n\t\t\t\n                                    <br style=\"clear: both\" \/>\n                    \n\t\t\n\t\t<div class=\"ngg-clear\"><\/div>\n\t<\/div>\n<\/p>\t\t\t\t\t<\/div>\n\t\t\t\t\t\t<\/div>\n\t\t\t\t<\/div>\n\t\t\t\t\t\t<\/div>\n\t\t\t\t\t<\/div>\n\t\t<\/div>\n\t\t\t\t\t\t\t\t<\/div>\n\t\t\t\t\t<\/div>\n\t\t<\/section>\n\t\t\t\t<section class=\"elementor-section elementor-top-section elementor-element elementor-element-d8b2fe0 elementor-section-boxed elementor-section-height-default elementor-section-height-default\" data-id=\"d8b2fe0\" data-element_type=\"section\">\n\t\t\t\t\t\t<div class=\"elementor-container elementor-column-gap-default\">\n\t\t\t\t\t\t\t<div class=\"elementor-row\">\n\t\t\t\t\t<div class=\"elementor-column elementor-col-100 elementor-top-column elementor-element elementor-element-8b6c858\" data-id=\"8b6c858\" data-element_type=\"column\">\n\t\t\t<div class=\"elementor-column-wrap elementor-element-populated\">\n\t\t\t\t\t\t\t<div class=\"elementor-widget-wrap\">\n\t\t\t\t\t\t<div class=\"elementor-element elementor-element-e441e96 elementor-widget elementor-widget-text-editor\" data-id=\"e441e96\" data-element_type=\"widget\" data-widget_type=\"text-editor.default\">\n\t\t\t\t<div class=\"elementor-widget-container\">\n\t\t\t\t\t\t\t\t<div class=\"elementor-text-editor elementor-clearfix\">\n\t\t\t\t\t<p style=\"text-align: justify;\">Wir fahren nach dem Fr\u00fchst\u00fcck erst einmal die K\u00fcste des Toten Meeres entlang, denn wir wollen uns die flacheren Uferbereiche genauer ansehen und suchen h\u00fcbsche Fotomotive. Es f\u00e4llt einem schwer zu begreifen, dass dieser See ohne jedes Leben ist, aber mit seinem Salzanteil zwischen 28% und 32% ist hier kein Leben. Das Wasser ist etwa 7 mal salziger als das des Mittelmeers und 10 mal salziger als das Wasser der Nordsee. F\u00fcr Tiere bietet das Tote Meer somit keinerlei Lebensraum. Lediglich Bakterien sind in der Lage, in diesem Salzsee zu existieren. Die Alge namens Dunaliella und verschiedene Bakterien k\u00f6nnen trotz des hohen Salzgehalts gedeihen. Deren Stoffwechsel ist an die extrem hohe Salzkonzentration angepasst. Vor einigen Jahren haben Forscher bei ihren Tauchg\u00e4ngen im Toten Meer bei S\u00fc\u00dfwasserquellen am Seeboden weiteres vielf\u00e4ltiges Leben entdeckt. Dort sind die Wissenschaftler auf artenreiche Bakterienmatten gesto\u00dfen, welche gro\u00dfe Teile des Seebodens bedecken.<\/p>\t\t\t\t\t<\/div>\n\t\t\t\t\t\t<\/div>\n\t\t\t\t<\/div>\n\t\t\t\t\t\t<\/div>\n\t\t\t\t\t<\/div>\n\t\t<\/div>\n\t\t\t\t\t\t\t\t<\/div>\n\t\t\t\t\t<\/div>\n\t\t<\/section>\n\t\t\t\t<section class=\"elementor-section elementor-top-section elementor-element elementor-element-de5475b elementor-section-boxed elementor-section-height-default elementor-section-height-default\" data-id=\"de5475b\" data-element_type=\"section\">\n\t\t\t\t\t\t<div class=\"elementor-container elementor-column-gap-default\">\n\t\t\t\t\t\t\t<div class=\"elementor-row\">\n\t\t\t\t\t<div class=\"elementor-column elementor-col-100 elementor-top-column elementor-element elementor-element-20f7659\" data-id=\"20f7659\" data-element_type=\"column\">\n\t\t\t<div class=\"elementor-column-wrap elementor-element-populated\">\n\t\t\t\t\t\t\t<div class=\"elementor-widget-wrap\">\n\t\t\t\t\t\t<div class=\"elementor-element elementor-element-76dae51 elementor-widget elementor-widget-text-editor\" data-id=\"76dae51\" data-element_type=\"widget\" data-widget_type=\"text-editor.default\">\n\t\t\t\t<div class=\"elementor-widget-container\">\n\t\t\t\t\t\t\t\t<div class=\"elementor-text-editor elementor-clearfix\">\n\t\t\t\t\t<p style=\"text-align: left;\"><!-- index.php -->\n<div\n\tclass=\"ngg-galleryoverview ngg-ajax-pagination-none\"\n\tid=\"ngg-gallery-457e875b4c878fe8f54ae76d119468e1-1\">\n\n    \t\t<!-- Thumbnails -->\n\t\t\t\t<div id=\"ngg-image-0\" class=\"ngg-gallery-thumbnail-box\" >\n\t\t\t\t        <div class=\"ngg-gallery-thumbnail\">\n            <a href=\"http:\/\/foto-passion.com\/wp-content\/gallery\/fotostrecke_jordanien_2019\/564_AP5A5604.jpg\"\n               title=\"&lt;strong&gt;Totes Meer&lt;\/strong&gt;&lt;br \/&gt;Jordanien 2019&lt;br \/&gt;&lt;span style=&quot;font-size:85%;color:#949494;&quot;&gt;[Bild-Id: 16639]&lt;\/span&gt;\"\n               data-src=\"http:\/\/foto-passion.com\/wp-content\/gallery\/fotostrecke_jordanien_2019\/564_AP5A5604.jpg\"\n               data-thumbnail=\"http:\/\/foto-passion.com\/wp-content\/gallery\/fotostrecke_jordanien_2019\/thumbs\/thumbs_564_AP5A5604.jpg\"\n               data-image-id=\"16639\"\n               data-title=\"Totes Meer\"\n               data-description=\"&lt;strong&gt;Totes Meer&lt;\/strong&gt;&lt;br \/&gt;Jordanien 2019&lt;br \/&gt;&lt;span style=&quot;font-size:85%;color:#949494;&quot;&gt;[Bild-Id: 16639]&lt;\/span&gt;\"\n               data-image-slug=\"564_ap5a5604\"\n               class=\"ngg-simplelightbox\" rel=\"457e875b4c878fe8f54ae76d119468e1\">\n                <img loading=\"lazy\"\n                    title=\"Totes Meer\"\n                    alt=\"Totes Meer\"\n                    src=\"http:\/\/foto-passion.com\/wp-content\/gallery\/fotostrecke_jordanien_2019\/cache\/564_AP5A5604.jpg-nggid0516639-ngg0dyn-150x100x100-00f0w010c011r110f110r010t010.jpg\"\n                    width=\"150\"\n                    height=\"100\"\n                    style=\"max-width:100%;\"\n                \/>\n            <\/a>\n        <\/div>\n\t\t\t\t\t\t\t<\/div> \n\t\t\t\n                            \n\t\t\t\t<div id=\"ngg-image-1\" class=\"ngg-gallery-thumbnail-box\" >\n\t\t\t\t        <div class=\"ngg-gallery-thumbnail\">\n            <a href=\"http:\/\/foto-passion.com\/wp-content\/gallery\/fotostrecke_jordanien_2019\/565_AP5A5571.jpg\"\n               title=\"&lt;strong&gt;Totes Meer&lt;\/strong&gt;&lt;br \/&gt;Jordanien 2019&lt;br \/&gt;&lt;span style=&quot;font-size:85%;color:#949494;&quot;&gt;[Bild-Id: 16637]&lt;\/span&gt;\"\n               data-src=\"http:\/\/foto-passion.com\/wp-content\/gallery\/fotostrecke_jordanien_2019\/565_AP5A5571.jpg\"\n               data-thumbnail=\"http:\/\/foto-passion.com\/wp-content\/gallery\/fotostrecke_jordanien_2019\/thumbs\/thumbs_565_AP5A5571.jpg\"\n               data-image-id=\"16637\"\n               data-title=\"Totes Meer\"\n               data-description=\"&lt;strong&gt;Totes Meer&lt;\/strong&gt;&lt;br \/&gt;Jordanien 2019&lt;br \/&gt;&lt;span style=&quot;font-size:85%;color:#949494;&quot;&gt;[Bild-Id: 16637]&lt;\/span&gt;\"\n               data-image-slug=\"565_ap5a5571\"\n               class=\"ngg-simplelightbox\" rel=\"457e875b4c878fe8f54ae76d119468e1\">\n                <img loading=\"lazy\"\n                    title=\"Totes Meer\"\n                    alt=\"Totes Meer\"\n                    src=\"http:\/\/foto-passion.com\/wp-content\/gallery\/fotostrecke_jordanien_2019\/cache\/565_AP5A5571.jpg-nggid0516637-ngg0dyn-150x100x100-00f0w010c011r110f110r010t010.jpg\"\n                    width=\"150\"\n                    height=\"100\"\n                    style=\"max-width:100%;\"\n                \/>\n            <\/a>\n        <\/div>\n\t\t\t\t\t\t\t<\/div> \n\t\t\t\n                            \n\t\t\t\t<div id=\"ngg-image-2\" class=\"ngg-gallery-thumbnail-box\" >\n\t\t\t\t        <div class=\"ngg-gallery-thumbnail\">\n            <a href=\"http:\/\/foto-passion.com\/wp-content\/gallery\/fotostrecke_jordanien_2019\/566_AP5A5719.jpg\"\n               title=\"&lt;strong&gt;Totes Meer&lt;\/strong&gt;&lt;br \/&gt;Jordanien 2019&lt;br \/&gt;&lt;span style=&quot;font-size:85%;color:#949494;&quot;&gt;[Bild-Id: 16643]&lt;\/span&gt;\"\n               data-src=\"http:\/\/foto-passion.com\/wp-content\/gallery\/fotostrecke_jordanien_2019\/566_AP5A5719.jpg\"\n               data-thumbnail=\"http:\/\/foto-passion.com\/wp-content\/gallery\/fotostrecke_jordanien_2019\/thumbs\/thumbs_566_AP5A5719.jpg\"\n               data-image-id=\"16643\"\n               data-title=\"Totes Meer\"\n               data-description=\"&lt;strong&gt;Totes Meer&lt;\/strong&gt;&lt;br \/&gt;Jordanien 2019&lt;br \/&gt;&lt;span style=&quot;font-size:85%;color:#949494;&quot;&gt;[Bild-Id: 16643]&lt;\/span&gt;\"\n               data-image-slug=\"566_ap5a5719\"\n               class=\"ngg-simplelightbox\" rel=\"457e875b4c878fe8f54ae76d119468e1\">\n                <img loading=\"lazy\"\n                    title=\"Totes Meer\"\n                    alt=\"Totes Meer\"\n                    src=\"http:\/\/foto-passion.com\/wp-content\/gallery\/fotostrecke_jordanien_2019\/cache\/566_AP5A5719.jpg-nggid0516643-ngg0dyn-150x100x100-00f0w010c011r110f110r010t010.jpg\"\n                    width=\"150\"\n                    height=\"100\"\n                    style=\"max-width:100%;\"\n                \/>\n            <\/a>\n        <\/div>\n\t\t\t\t\t\t\t<\/div> \n\t\t\t\n                            \n\t\t\t\t<div id=\"ngg-image-3\" class=\"ngg-gallery-thumbnail-box\" >\n\t\t\t\t        <div class=\"ngg-gallery-thumbnail\">\n            <a href=\"http:\/\/foto-passion.com\/wp-content\/gallery\/fotostrecke_jordanien_2019\/567_AP5A5636.jpg\"\n               title=\"&lt;strong&gt;Totes Meer&lt;\/strong&gt;&lt;br \/&gt;Jordanien 2019&lt;br \/&gt;&lt;span style=&quot;font-size:85%;color:#949494;&quot;&gt;[Bild-Id: 16641]&lt;\/span&gt;\"\n               data-src=\"http:\/\/foto-passion.com\/wp-content\/gallery\/fotostrecke_jordanien_2019\/567_AP5A5636.jpg\"\n               data-thumbnail=\"http:\/\/foto-passion.com\/wp-content\/gallery\/fotostrecke_jordanien_2019\/thumbs\/thumbs_567_AP5A5636.jpg\"\n               data-image-id=\"16641\"\n               data-title=\"Totes Meer\"\n               data-description=\"&lt;strong&gt;Totes Meer&lt;\/strong&gt;&lt;br \/&gt;Jordanien 2019&lt;br \/&gt;&lt;span style=&quot;font-size:85%;color:#949494;&quot;&gt;[Bild-Id: 16641]&lt;\/span&gt;\"\n               data-image-slug=\"567_ap5a5636\"\n               class=\"ngg-simplelightbox\" rel=\"457e875b4c878fe8f54ae76d119468e1\">\n                <img loading=\"lazy\"\n                    title=\"Totes Meer\"\n                    alt=\"Totes Meer\"\n                    src=\"http:\/\/foto-passion.com\/wp-content\/gallery\/fotostrecke_jordanien_2019\/cache\/567_AP5A5636.jpg-nggid0516641-ngg0dyn-150x100x100-00f0w010c011r110f110r010t010.jpg\"\n                    width=\"150\"\n                    height=\"100\"\n                    style=\"max-width:100%;\"\n                \/>\n            <\/a>\n        <\/div>\n\t\t\t\t\t\t\t<\/div> \n\t\t\t\n                                    <br style=\"clear: both\" \/>\n                    \n\t\t\n\t\t<div class=\"ngg-clear\"><\/div>\n\t<\/div>\n<\/p>\t\t\t\t\t<\/div>\n\t\t\t\t\t\t<\/div>\n\t\t\t\t<\/div>\n\t\t\t\t\t\t<\/div>\n\t\t\t\t\t<\/div>\n\t\t<\/div>\n\t\t\t\t\t\t\t\t<\/div>\n\t\t\t\t\t<\/div>\n\t\t<\/section>\n\t\t\t\t<section class=\"elementor-section elementor-top-section elementor-element elementor-element-7b5b4ac elementor-section-boxed elementor-section-height-default elementor-section-height-default\" data-id=\"7b5b4ac\" data-element_type=\"section\">\n\t\t\t\t\t\t<div class=\"elementor-container elementor-column-gap-default\">\n\t\t\t\t\t\t\t<div class=\"elementor-row\">\n\t\t\t\t\t<div class=\"elementor-column elementor-col-100 elementor-top-column elementor-element elementor-element-1c3c572\" data-id=\"1c3c572\" data-element_type=\"column\">\n\t\t\t<div class=\"elementor-column-wrap elementor-element-populated\">\n\t\t\t\t\t\t\t<div class=\"elementor-widget-wrap\">\n\t\t\t\t\t\t<div class=\"elementor-element elementor-element-329ad6a elementor-widget elementor-widget-text-editor\" data-id=\"329ad6a\" data-element_type=\"widget\" data-widget_type=\"text-editor.default\">\n\t\t\t\t<div class=\"elementor-widget-container\">\n\t\t\t\t\t\t\t\t<div class=\"elementor-text-editor elementor-clearfix\">\n\t\t\t\t\t<div id=\"attachment_33433\" style=\"width: 1210px\" class=\"wp-caption aligncenter\"><a href=\"http:\/\/foto-passion.com\/wp-content\/uploads\/2021\/01\/568_IMG_4913.jpg\"><img loading=\"lazy\" aria-describedby=\"caption-attachment-33433\" class=\"size-full wp-image-33433\" src=\"http:\/\/foto-passion.com\/wp-content\/uploads\/2021\/01\/568_IMG_4913.jpg\" alt=\"\" width=\"1200\" height=\"357\" srcset=\"http:\/\/foto-passion.com\/wp-content\/uploads\/2021\/01\/568_IMG_4913.jpg 1200w, http:\/\/foto-passion.com\/wp-content\/uploads\/2021\/01\/568_IMG_4913-300x89.jpg 300w, http:\/\/foto-passion.com\/wp-content\/uploads\/2021\/01\/568_IMG_4913-1024x305.jpg 1024w, http:\/\/foto-passion.com\/wp-content\/uploads\/2021\/01\/568_IMG_4913-768x228.jpg 768w\" sizes=\"(max-width: 1200px) 100vw, 1200px\" \/><\/a><p id=\"caption-attachment-33433\" class=\"wp-caption-text\">Totes Meer<\/p><\/div>\t\t\t\t\t<\/div>\n\t\t\t\t\t\t<\/div>\n\t\t\t\t<\/div>\n\t\t\t\t\t\t<\/div>\n\t\t\t\t\t<\/div>\n\t\t<\/div>\n\t\t\t\t\t\t\t\t<\/div>\n\t\t\t\t\t<\/div>\n\t\t<\/section>\n\t\t\t\t<section class=\"elementor-section elementor-top-section elementor-element elementor-element-91def7c elementor-section-boxed elementor-section-height-default elementor-section-height-default\" data-id=\"91def7c\" data-element_type=\"section\">\n\t\t\t\t\t\t<div class=\"elementor-container elementor-column-gap-default\">\n\t\t\t\t\t\t\t<div class=\"elementor-row\">\n\t\t\t\t\t<div class=\"elementor-column elementor-col-100 elementor-top-column elementor-element elementor-element-939a717\" data-id=\"939a717\" data-element_type=\"column\">\n\t\t\t<div class=\"elementor-column-wrap elementor-element-populated\">\n\t\t\t\t\t\t\t<div class=\"elementor-widget-wrap\">\n\t\t\t\t\t\t<div class=\"elementor-element elementor-element-4f14b49 elementor-widget elementor-widget-text-editor\" data-id=\"4f14b49\" data-element_type=\"widget\" data-widget_type=\"text-editor.default\">\n\t\t\t\t<div class=\"elementor-widget-container\">\n\t\t\t\t\t\t\t\t<div class=\"elementor-text-editor elementor-clearfix\">\n\t\t\t\t\t<p style=\"text-align: justify;\">Wir befinden uns jetzt 428 m unter dem Meeresspiegel und damit am tiefsten Punkt der Erde. Mittlerweile besteht das Tote Meer, das eigentlich ein See ist, aus zwei Teilen. Einem urspr\u00fcnglichen Teil im Norden und einem erst seit 1976 existierendem Becken. Das flache s\u00fcdliche Seebecken ist entstanden als sich im Jahr 1976 der Wasserspiegel soweit senkte, dass er unterhalb einer von Osten nach Westen verlaufende Erh\u00f6hung sank. Somit wurde das Tote Meer getrennt. Der Wasserpegel im n\u00f6rdlichen gro\u00dfen Becken nimmt weiter rasant ab. Denn zus\u00e4tzlich wird nun Wasser aus ihm in das kleine und flache s\u00fcdliche Becken geleitet, da dieses sonst l\u00e4ngst ausgetrocknet w\u00e4re. Man kann die Trennung der Becken gut erkennen.<\/p><p style=\"text-align: justify;\">Wir fahren den See von seinem Anfang bis zu seinem Ende ab und sehen, dass es keinen Abfluss gibt. An die Ufer des Toten Meeres grenzen die L\u00e4nder Israel, Jordanien und Pal\u00e4stina. Der Zufluss zum Toten Meer erfolgt durch den Fluss Jordan auf jordanischer Seite. Da jedoch aufgrund intensiver Bew\u00e4sserung in Israel und Jordanien weniger Wasser aus dem Jordan in den See gelangt, als auf der Oberfl\u00e4che des Sees verdunstet, nimmt der Wasserstand stetig ab und der Salzgehalt des Sees wird immer h\u00f6her, da die Mineralien und Salze im Wasser bleiben. Au\u00dferdem bilden sich unz\u00e4hlige Senkl\u00f6cher.<\/p>\t\t\t\t\t<\/div>\n\t\t\t\t\t\t<\/div>\n\t\t\t\t<\/div>\n\t\t\t\t\t\t<\/div>\n\t\t\t\t\t<\/div>\n\t\t<\/div>\n\t\t\t\t\t\t\t\t<\/div>\n\t\t\t\t\t<\/div>\n\t\t<\/section>\n\t\t\t\t<section class=\"elementor-section elementor-top-section elementor-element elementor-element-1ffe762 elementor-section-boxed elementor-section-height-default elementor-section-height-default\" data-id=\"1ffe762\" data-element_type=\"section\">\n\t\t\t\t\t\t<div class=\"elementor-container elementor-column-gap-default\">\n\t\t\t\t\t\t\t<div class=\"elementor-row\">\n\t\t\t\t\t<div class=\"elementor-column elementor-col-100 elementor-top-column elementor-element elementor-element-3a7c6ab\" data-id=\"3a7c6ab\" data-element_type=\"column\">\n\t\t\t<div class=\"elementor-column-wrap elementor-element-populated\">\n\t\t\t\t\t\t\t<div class=\"elementor-widget-wrap\">\n\t\t\t\t\t\t<div class=\"elementor-element elementor-element-ea41ed9 elementor-widget elementor-widget-text-editor\" data-id=\"ea41ed9\" data-element_type=\"widget\" data-widget_type=\"text-editor.default\">\n\t\t\t\t<div class=\"elementor-widget-container\">\n\t\t\t\t\t\t\t\t<div class=\"elementor-text-editor elementor-clearfix\">\n\t\t\t\t\t<p style=\"text-align: left;\"><!-- index.php -->\n<div\n\tclass=\"ngg-galleryoverview ngg-ajax-pagination-none\"\n\tid=\"ngg-gallery-b3ab27788325e2b1536786df7cd0f134-1\">\n\n    \t\t<!-- Thumbnails -->\n\t\t\t\t<div id=\"ngg-image-0\" class=\"ngg-gallery-thumbnail-box\" >\n\t\t\t\t        <div class=\"ngg-gallery-thumbnail\">\n            <a href=\"http:\/\/foto-passion.com\/wp-content\/gallery\/fotostrecke_jordanien_2019\/569_AP5A5528.jpg\"\n               title=\"&lt;strong&gt;Totes Meer&lt;\/strong&gt;&lt;br \/&gt;Jordanien 2019&lt;br \/&gt;&lt;span style=&quot;font-size:85%;color:#949494;&quot;&gt;[Bild-Id: 16632]&lt;\/span&gt;\"\n               data-src=\"http:\/\/foto-passion.com\/wp-content\/gallery\/fotostrecke_jordanien_2019\/569_AP5A5528.jpg\"\n               data-thumbnail=\"http:\/\/foto-passion.com\/wp-content\/gallery\/fotostrecke_jordanien_2019\/thumbs\/thumbs_569_AP5A5528.jpg\"\n               data-image-id=\"16632\"\n               data-title=\"Totes Meer\"\n               data-description=\"&lt;strong&gt;Totes Meer&lt;\/strong&gt;&lt;br \/&gt;Jordanien 2019&lt;br \/&gt;&lt;span style=&quot;font-size:85%;color:#949494;&quot;&gt;[Bild-Id: 16632]&lt;\/span&gt;\"\n               data-image-slug=\"569_ap5a5528\"\n               class=\"ngg-simplelightbox\" rel=\"b3ab27788325e2b1536786df7cd0f134\">\n                <img loading=\"lazy\"\n                    title=\"Totes Meer\"\n                    alt=\"Totes Meer\"\n                    src=\"http:\/\/foto-passion.com\/wp-content\/gallery\/fotostrecke_jordanien_2019\/cache\/569_AP5A5528.jpg-nggid0516632-ngg0dyn-150x100x100-00f0w010c011r110f110r010t010.jpg\"\n                    width=\"150\"\n                    height=\"100\"\n                    style=\"max-width:100%;\"\n                \/>\n            <\/a>\n        <\/div>\n\t\t\t\t\t\t\t<\/div> \n\t\t\t\n                            \n\t\t\t\t<div id=\"ngg-image-1\" class=\"ngg-gallery-thumbnail-box\" >\n\t\t\t\t        <div class=\"ngg-gallery-thumbnail\">\n            <a href=\"http:\/\/foto-passion.com\/wp-content\/gallery\/fotostrecke_jordanien_2019\/570_AP5A5534.jpg\"\n               title=\"&lt;strong&gt;Totes Meer&lt;\/strong&gt;&lt;br \/&gt;Jordanien 2019&lt;br \/&gt;&lt;span style=&quot;font-size:85%;color:#949494;&quot;&gt;[Bild-Id: 16633]&lt;\/span&gt;\"\n               data-src=\"http:\/\/foto-passion.com\/wp-content\/gallery\/fotostrecke_jordanien_2019\/570_AP5A5534.jpg\"\n               data-thumbnail=\"http:\/\/foto-passion.com\/wp-content\/gallery\/fotostrecke_jordanien_2019\/thumbs\/thumbs_570_AP5A5534.jpg\"\n               data-image-id=\"16633\"\n               data-title=\"Totes Meer\"\n               data-description=\"&lt;strong&gt;Totes Meer&lt;\/strong&gt;&lt;br \/&gt;Jordanien 2019&lt;br \/&gt;&lt;span style=&quot;font-size:85%;color:#949494;&quot;&gt;[Bild-Id: 16633]&lt;\/span&gt;\"\n               data-image-slug=\"570_ap5a5534\"\n               class=\"ngg-simplelightbox\" rel=\"b3ab27788325e2b1536786df7cd0f134\">\n                <img loading=\"lazy\"\n                    title=\"Totes Meer\"\n                    alt=\"Totes Meer\"\n                    src=\"http:\/\/foto-passion.com\/wp-content\/gallery\/fotostrecke_jordanien_2019\/cache\/570_AP5A5534.jpg-nggid0516633-ngg0dyn-150x100x100-00f0w010c011r110f110r010t010.jpg\"\n                    width=\"150\"\n                    height=\"100\"\n                    style=\"max-width:100%;\"\n                \/>\n            <\/a>\n        <\/div>\n\t\t\t\t\t\t\t<\/div> \n\t\t\t\n                            \n\t\t\t\t<div id=\"ngg-image-2\" class=\"ngg-gallery-thumbnail-box\" >\n\t\t\t\t        <div class=\"ngg-gallery-thumbnail\">\n            <a href=\"http:\/\/foto-passion.com\/wp-content\/gallery\/fotostrecke_jordanien_2019\/571_AP5A5728.jpg\"\n               title=\"&lt;strong&gt;Totes Meer&lt;\/strong&gt;&lt;br \/&gt;Jordanien 2019&lt;br \/&gt;&lt;span style=&quot;font-size:85%;color:#949494;&quot;&gt;[Bild-Id: 16644]&lt;\/span&gt;\"\n               data-src=\"http:\/\/foto-passion.com\/wp-content\/gallery\/fotostrecke_jordanien_2019\/571_AP5A5728.jpg\"\n               data-thumbnail=\"http:\/\/foto-passion.com\/wp-content\/gallery\/fotostrecke_jordanien_2019\/thumbs\/thumbs_571_AP5A5728.jpg\"\n               data-image-id=\"16644\"\n               data-title=\"Totes Meer\"\n               data-description=\"&lt;strong&gt;Totes Meer&lt;\/strong&gt;&lt;br \/&gt;Jordanien 2019&lt;br \/&gt;&lt;span style=&quot;font-size:85%;color:#949494;&quot;&gt;[Bild-Id: 16644]&lt;\/span&gt;\"\n               data-image-slug=\"571_ap5a5728\"\n               class=\"ngg-simplelightbox\" rel=\"b3ab27788325e2b1536786df7cd0f134\">\n                <img loading=\"lazy\"\n                    title=\"Totes Meer\"\n                    alt=\"Totes Meer\"\n                    src=\"http:\/\/foto-passion.com\/wp-content\/gallery\/fotostrecke_jordanien_2019\/cache\/571_AP5A5728.jpg-nggid0516644-ngg0dyn-150x100x100-00f0w010c011r110f110r010t010.jpg\"\n                    width=\"150\"\n                    height=\"100\"\n                    style=\"max-width:100%;\"\n                \/>\n            <\/a>\n        <\/div>\n\t\t\t\t\t\t\t<\/div> \n\t\t\t\n                            \n\t\t\t\t<div id=\"ngg-image-3\" class=\"ngg-gallery-thumbnail-box\" >\n\t\t\t\t        <div class=\"ngg-gallery-thumbnail\">\n            <a href=\"http:\/\/foto-passion.com\/wp-content\/gallery\/fotostrecke_jordanien_2019\/572_AP5A5974.jpg\"\n               title=\"&lt;strong&gt;Totes Meer&lt;\/strong&gt;&lt;br \/&gt;Jordanien 2019&lt;br \/&gt;&lt;span style=&quot;font-size:85%;color:#949494;&quot;&gt;[Bild-Id: 16657]&lt;\/span&gt;\"\n               data-src=\"http:\/\/foto-passion.com\/wp-content\/gallery\/fotostrecke_jordanien_2019\/572_AP5A5974.jpg\"\n               data-thumbnail=\"http:\/\/foto-passion.com\/wp-content\/gallery\/fotostrecke_jordanien_2019\/thumbs\/thumbs_572_AP5A5974.jpg\"\n               data-image-id=\"16657\"\n               data-title=\"Totes Meer\"\n               data-description=\"&lt;strong&gt;Totes Meer&lt;\/strong&gt;&lt;br \/&gt;Jordanien 2019&lt;br \/&gt;&lt;span style=&quot;font-size:85%;color:#949494;&quot;&gt;[Bild-Id: 16657]&lt;\/span&gt;\"\n               data-image-slug=\"572_ap5a5974\"\n               class=\"ngg-simplelightbox\" rel=\"b3ab27788325e2b1536786df7cd0f134\">\n                <img loading=\"lazy\"\n                    title=\"Totes Meer\"\n                    alt=\"Totes Meer\"\n                    src=\"http:\/\/foto-passion.com\/wp-content\/gallery\/fotostrecke_jordanien_2019\/cache\/572_AP5A5974.jpg-nggid0516657-ngg0dyn-150x100x100-00f0w010c011r110f110r010t010.jpg\"\n                    width=\"150\"\n                    height=\"100\"\n                    style=\"max-width:100%;\"\n                \/>\n            <\/a>\n        <\/div>\n\t\t\t\t\t\t\t<\/div> \n\t\t\t\n                                    <br style=\"clear: both\" \/>\n                    \n\t\t\t\t<div id=\"ngg-image-4\" class=\"ngg-gallery-thumbnail-box\" >\n\t\t\t\t        <div class=\"ngg-gallery-thumbnail\">\n            <a href=\"http:\/\/foto-passion.com\/wp-content\/gallery\/fotostrecke_jordanien_2019\/573_AP5A5906.jpg\"\n               title=\"&lt;strong&gt;Totes Meer&lt;\/strong&gt;&lt;br \/&gt;Jordanien 2019&lt;br \/&gt;&lt;span style=&quot;font-size:85%;color:#949494;&quot;&gt;[Bild-Id: 16654]&lt;\/span&gt;\"\n               data-src=\"http:\/\/foto-passion.com\/wp-content\/gallery\/fotostrecke_jordanien_2019\/573_AP5A5906.jpg\"\n               data-thumbnail=\"http:\/\/foto-passion.com\/wp-content\/gallery\/fotostrecke_jordanien_2019\/thumbs\/thumbs_573_AP5A5906.jpg\"\n               data-image-id=\"16654\"\n               data-title=\"Totes Meer\"\n               data-description=\"&lt;strong&gt;Totes Meer&lt;\/strong&gt;&lt;br \/&gt;Jordanien 2019&lt;br \/&gt;&lt;span style=&quot;font-size:85%;color:#949494;&quot;&gt;[Bild-Id: 16654]&lt;\/span&gt;\"\n               data-image-slug=\"573_ap5a5906\"\n               class=\"ngg-simplelightbox\" rel=\"b3ab27788325e2b1536786df7cd0f134\">\n                <img loading=\"lazy\"\n                    title=\"Totes Meer\"\n                    alt=\"Totes Meer\"\n                    src=\"http:\/\/foto-passion.com\/wp-content\/gallery\/fotostrecke_jordanien_2019\/cache\/573_AP5A5906.jpg-nggid0516654-ngg0dyn-150x100x100-00f0w010c011r110f110r010t010.jpg\"\n                    width=\"150\"\n                    height=\"100\"\n                    style=\"max-width:100%;\"\n                \/>\n            <\/a>\n        <\/div>\n\t\t\t\t\t\t\t<\/div> \n\t\t\t\n                            \n\t\t\t\t<div id=\"ngg-image-5\" class=\"ngg-gallery-thumbnail-box\" >\n\t\t\t\t        <div class=\"ngg-gallery-thumbnail\">\n            <a href=\"http:\/\/foto-passion.com\/wp-content\/gallery\/fotostrecke_jordanien_2019\/574_AP5A5970.jpg\"\n               title=\"&lt;strong&gt;Totes Meer&lt;\/strong&gt;&lt;br \/&gt;Jordanien 2019&lt;br \/&gt;&lt;span style=&quot;font-size:85%;color:#949494;&quot;&gt;[Bild-Id: 16656]&lt;\/span&gt;\"\n               data-src=\"http:\/\/foto-passion.com\/wp-content\/gallery\/fotostrecke_jordanien_2019\/574_AP5A5970.jpg\"\n               data-thumbnail=\"http:\/\/foto-passion.com\/wp-content\/gallery\/fotostrecke_jordanien_2019\/thumbs\/thumbs_574_AP5A5970.jpg\"\n               data-image-id=\"16656\"\n               data-title=\"Totes Meer\"\n               data-description=\"&lt;strong&gt;Totes Meer&lt;\/strong&gt;&lt;br \/&gt;Jordanien 2019&lt;br \/&gt;&lt;span style=&quot;font-size:85%;color:#949494;&quot;&gt;[Bild-Id: 16656]&lt;\/span&gt;\"\n               data-image-slug=\"574_ap5a5970\"\n               class=\"ngg-simplelightbox\" rel=\"b3ab27788325e2b1536786df7cd0f134\">\n                <img loading=\"lazy\"\n                    title=\"Totes Meer\"\n                    alt=\"Totes Meer\"\n                    src=\"http:\/\/foto-passion.com\/wp-content\/gallery\/fotostrecke_jordanien_2019\/cache\/574_AP5A5970.jpg-nggid0516656-ngg0dyn-150x100x100-00f0w010c011r110f110r010t010.jpg\"\n                    width=\"150\"\n                    height=\"100\"\n                    style=\"max-width:100%;\"\n                \/>\n            <\/a>\n        <\/div>\n\t\t\t\t\t\t\t<\/div> \n\t\t\t\n                            \n\t\t\t\t<div id=\"ngg-image-6\" class=\"ngg-gallery-thumbnail-box\" >\n\t\t\t\t        <div class=\"ngg-gallery-thumbnail\">\n            <a href=\"http:\/\/foto-passion.com\/wp-content\/gallery\/fotostrecke_jordanien_2019\/575_AP5A5787.jpg\"\n               title=\"&lt;strong&gt;Totes Meer&lt;\/strong&gt;&lt;br \/&gt;Jordanien 2019&lt;br \/&gt;&lt;span style=&quot;font-size:85%;color:#949494;&quot;&gt;[Bild-Id: 16648]&lt;\/span&gt;\"\n               data-src=\"http:\/\/foto-passion.com\/wp-content\/gallery\/fotostrecke_jordanien_2019\/575_AP5A5787.jpg\"\n               data-thumbnail=\"http:\/\/foto-passion.com\/wp-content\/gallery\/fotostrecke_jordanien_2019\/thumbs\/thumbs_575_AP5A5787.jpg\"\n               data-image-id=\"16648\"\n               data-title=\"Totes Meer\"\n               data-description=\"&lt;strong&gt;Totes Meer&lt;\/strong&gt;&lt;br \/&gt;Jordanien 2019&lt;br \/&gt;&lt;span style=&quot;font-size:85%;color:#949494;&quot;&gt;[Bild-Id: 16648]&lt;\/span&gt;\"\n               data-image-slug=\"575_ap5a5787\"\n               class=\"ngg-simplelightbox\" rel=\"b3ab27788325e2b1536786df7cd0f134\">\n                <img loading=\"lazy\"\n                    title=\"Totes Meer\"\n                    alt=\"Totes Meer\"\n                    src=\"http:\/\/foto-passion.com\/wp-content\/gallery\/fotostrecke_jordanien_2019\/cache\/575_AP5A5787.jpg-nggid0516648-ngg0dyn-150x100x100-00f0w010c011r110f110r010t010.jpg\"\n                    width=\"150\"\n                    height=\"100\"\n                    style=\"max-width:100%;\"\n                \/>\n            <\/a>\n        <\/div>\n\t\t\t\t\t\t\t<\/div> \n\t\t\t\n                            \n\t\t\t\t<div id=\"ngg-image-7\" class=\"ngg-gallery-thumbnail-box\" >\n\t\t\t\t        <div class=\"ngg-gallery-thumbnail\">\n            <a href=\"http:\/\/foto-passion.com\/wp-content\/gallery\/fotostrecke_jordanien_2019\/576_AP5A5797.jpg\"\n               title=\"&lt;strong&gt;Totes Meer&lt;\/strong&gt;&lt;br \/&gt;Jordanien 2019&lt;br \/&gt;&lt;span style=&quot;font-size:85%;color:#949494;&quot;&gt;[Bild-Id: 16649]&lt;\/span&gt;\"\n               data-src=\"http:\/\/foto-passion.com\/wp-content\/gallery\/fotostrecke_jordanien_2019\/576_AP5A5797.jpg\"\n               data-thumbnail=\"http:\/\/foto-passion.com\/wp-content\/gallery\/fotostrecke_jordanien_2019\/thumbs\/thumbs_576_AP5A5797.jpg\"\n               data-image-id=\"16649\"\n               data-title=\"Totes Meer\"\n               data-description=\"&lt;strong&gt;Totes Meer&lt;\/strong&gt;&lt;br \/&gt;Jordanien 2019&lt;br \/&gt;&lt;span style=&quot;font-size:85%;color:#949494;&quot;&gt;[Bild-Id: 16649]&lt;\/span&gt;\"\n               data-image-slug=\"576_ap5a5797\"\n               class=\"ngg-simplelightbox\" rel=\"b3ab27788325e2b1536786df7cd0f134\">\n                <img loading=\"lazy\"\n                    title=\"Totes Meer\"\n                    alt=\"Totes Meer\"\n                    src=\"http:\/\/foto-passion.com\/wp-content\/gallery\/fotostrecke_jordanien_2019\/cache\/576_AP5A5797.jpg-nggid0516649-ngg0dyn-150x100x100-00f0w010c011r110f110r010t010.jpg\"\n                    width=\"150\"\n                    height=\"100\"\n                    style=\"max-width:100%;\"\n                \/>\n            <\/a>\n        <\/div>\n\t\t\t\t\t\t\t<\/div> \n\t\t\t\n                                    <br style=\"clear: both\" \/>\n                    \n\t\t\n\t\t<div class=\"ngg-clear\"><\/div>\n\t<\/div>\n<\/p>\t\t\t\t\t<\/div>\n\t\t\t\t\t\t<\/div>\n\t\t\t\t<\/div>\n\t\t\t\t\t\t<\/div>\n\t\t\t\t\t<\/div>\n\t\t<\/div>\n\t\t\t\t\t\t\t\t<\/div>\n\t\t\t\t\t<\/div>\n\t\t<\/section>\n\t\t\t\t<section class=\"elementor-section elementor-top-section elementor-element elementor-element-e22541c elementor-section-boxed elementor-section-height-default elementor-section-height-default\" data-id=\"e22541c\" data-element_type=\"section\">\n\t\t\t\t\t\t<div class=\"elementor-container elementor-column-gap-default\">\n\t\t\t\t\t\t\t<div class=\"elementor-row\">\n\t\t\t\t\t<div class=\"elementor-column elementor-col-100 elementor-top-column elementor-element elementor-element-567f74b\" data-id=\"567f74b\" data-element_type=\"column\">\n\t\t\t<div class=\"elementor-column-wrap elementor-element-populated\">\n\t\t\t\t\t\t\t<div class=\"elementor-widget-wrap\">\n\t\t\t\t\t\t<div class=\"elementor-element elementor-element-c9938cf elementor-widget elementor-widget-text-editor\" data-id=\"c9938cf\" data-element_type=\"widget\" data-widget_type=\"text-editor.default\">\n\t\t\t\t<div class=\"elementor-widget-container\">\n\t\t\t\t\t\t\t\t<div class=\"elementor-text-editor elementor-clearfix\">\n\t\t\t\t\t<p style=\"text-align: justify;\">Pro Jahr verliert der Pegelstand des Toten Meeres rund einen Meter. Jahre mit starken Niederschl\u00e4gen lassen den Pegelstand dagegen gerade mal um 10 cm ansteigen. In den letzten vierzig Jahren ist die Oberfl\u00e4che des Sees um rund ein Drittel zur\u00fcckgegangen. Schon jetzt umgibt den See eine g\u00e4hnende Ein\u00f6de. Der absinkende Pegelstand f\u00fchrt dazu, dass Grundwasser in Richtung des Sees flie\u00dft, dort das S\u00fc\u00dfwasser unterirdische Salzschichten in der Uferzone aufl\u00f6st und ohne Vorwarnung diese Salzschichten irgendwann einbrechen. Es entstehen trichterf\u00f6rmige Krater von mehreren Metern. 3000 solcher Senkl\u00f6cher soll es inzwischen von ihnen schon geben. Ein paar k\u00f6nnen wir von der Stra\u00dfe aus sehen.<\/p>\t\t\t\t\t<\/div>\n\t\t\t\t\t\t<\/div>\n\t\t\t\t<\/div>\n\t\t\t\t\t\t<\/div>\n\t\t\t\t\t<\/div>\n\t\t<\/div>\n\t\t\t\t\t\t\t\t<\/div>\n\t\t\t\t\t<\/div>\n\t\t<\/section>\n\t\t\t\t<section class=\"elementor-section elementor-top-section elementor-element elementor-element-6630613 elementor-section-boxed elementor-section-height-default elementor-section-height-default\" data-id=\"6630613\" data-element_type=\"section\">\n\t\t\t\t\t\t<div class=\"elementor-container elementor-column-gap-default\">\n\t\t\t\t\t\t\t<div class=\"elementor-row\">\n\t\t\t\t\t<div class=\"elementor-column elementor-col-100 elementor-top-column elementor-element elementor-element-e7bf149\" data-id=\"e7bf149\" data-element_type=\"column\">\n\t\t\t<div class=\"elementor-column-wrap elementor-element-populated\">\n\t\t\t\t\t\t\t<div class=\"elementor-widget-wrap\">\n\t\t\t\t\t\t<div class=\"elementor-element elementor-element-274d254 elementor-widget elementor-widget-text-editor\" data-id=\"274d254\" data-element_type=\"widget\" data-widget_type=\"text-editor.default\">\n\t\t\t\t<div class=\"elementor-widget-container\">\n\t\t\t\t\t\t\t\t<div class=\"elementor-text-editor elementor-clearfix\">\n\t\t\t\t\t<p style=\"text-align: left;\"><!-- index.php -->\n<div\n\tclass=\"ngg-galleryoverview ngg-ajax-pagination-none\"\n\tid=\"ngg-gallery-8d7b5631dc3ef340ee74a0de391904fa-1\">\n\n    \t\t<!-- Thumbnails -->\n\t\t\t\t<div id=\"ngg-image-0\" class=\"ngg-gallery-thumbnail-box\" >\n\t\t\t\t        <div class=\"ngg-gallery-thumbnail\">\n            <a href=\"http:\/\/foto-passion.com\/wp-content\/gallery\/fotostrecke_jordanien_2019\/577_AP5A5737.jpg\"\n               title=\"&lt;strong&gt;Salzformationen am Toten Meer&lt;\/strong&gt;&lt;br \/&gt;Jordanien 2019&lt;br \/&gt;&lt;span style=&quot;font-size:85%;color:#949494;&quot;&gt;[Bild-Id: 16645]&lt;\/span&gt;\"\n               data-src=\"http:\/\/foto-passion.com\/wp-content\/gallery\/fotostrecke_jordanien_2019\/577_AP5A5737.jpg\"\n               data-thumbnail=\"http:\/\/foto-passion.com\/wp-content\/gallery\/fotostrecke_jordanien_2019\/thumbs\/thumbs_577_AP5A5737.jpg\"\n               data-image-id=\"16645\"\n               data-title=\"Salzformationen am Toten Meer\"\n               data-description=\"&lt;strong&gt;Salzformationen am Toten Meer&lt;\/strong&gt;&lt;br \/&gt;Jordanien 2019&lt;br \/&gt;&lt;span style=&quot;font-size:85%;color:#949494;&quot;&gt;[Bild-Id: 16645]&lt;\/span&gt;\"\n               data-image-slug=\"577_ap5a5737\"\n               class=\"ngg-simplelightbox\" rel=\"8d7b5631dc3ef340ee74a0de391904fa\">\n                <img loading=\"lazy\"\n                    title=\"Salzformationen am Toten Meer\"\n                    alt=\"Salzformationen am Toten Meer\"\n                    src=\"http:\/\/foto-passion.com\/wp-content\/gallery\/fotostrecke_jordanien_2019\/cache\/577_AP5A5737.jpg-nggid0516645-ngg0dyn-150x100x100-00f0w010c011r110f110r010t010.jpg\"\n                    width=\"150\"\n                    height=\"100\"\n                    style=\"max-width:100%;\"\n                \/>\n            <\/a>\n        <\/div>\n\t\t\t\t\t\t\t<\/div> \n\t\t\t\n                            \n\t\t\t\t<div id=\"ngg-image-1\" class=\"ngg-gallery-thumbnail-box\" >\n\t\t\t\t        <div class=\"ngg-gallery-thumbnail\">\n            <a href=\"http:\/\/foto-passion.com\/wp-content\/gallery\/fotostrecke_jordanien_2019\/578_AP5A5821.jpg\"\n               title=\"&lt;strong&gt;Salzformationen am Toten Meer&lt;\/strong&gt;&lt;br \/&gt;Jordanien 2019&lt;br \/&gt;&lt;span style=&quot;font-size:85%;color:#949494;&quot;&gt;[Bild-Id: 16651]&lt;\/span&gt;\"\n               data-src=\"http:\/\/foto-passion.com\/wp-content\/gallery\/fotostrecke_jordanien_2019\/578_AP5A5821.jpg\"\n               data-thumbnail=\"http:\/\/foto-passion.com\/wp-content\/gallery\/fotostrecke_jordanien_2019\/thumbs\/thumbs_578_AP5A5821.jpg\"\n               data-image-id=\"16651\"\n               data-title=\"Salzformationen am Toten Meer\"\n               data-description=\"&lt;strong&gt;Salzformationen am Toten Meer&lt;\/strong&gt;&lt;br \/&gt;Jordanien 2019&lt;br \/&gt;&lt;span style=&quot;font-size:85%;color:#949494;&quot;&gt;[Bild-Id: 16651]&lt;\/span&gt;\"\n               data-image-slug=\"578_ap5a5821\"\n               class=\"ngg-simplelightbox\" rel=\"8d7b5631dc3ef340ee74a0de391904fa\">\n                <img loading=\"lazy\"\n                    title=\"Salzformationen am Toten Meer\"\n                    alt=\"Salzformationen am Toten Meer\"\n                    src=\"http:\/\/foto-passion.com\/wp-content\/gallery\/fotostrecke_jordanien_2019\/cache\/578_AP5A5821.jpg-nggid0516651-ngg0dyn-150x100x100-00f0w010c011r110f110r010t010.jpg\"\n                    width=\"150\"\n                    height=\"100\"\n                    style=\"max-width:100%;\"\n                \/>\n            <\/a>\n        <\/div>\n\t\t\t\t\t\t\t<\/div> \n\t\t\t\n                            \n\t\t\t\t<div id=\"ngg-image-2\" class=\"ngg-gallery-thumbnail-box\" >\n\t\t\t\t        <div class=\"ngg-gallery-thumbnail\">\n            <a href=\"http:\/\/foto-passion.com\/wp-content\/gallery\/fotostrecke_jordanien_2019\/579_AP5A5875.jpg\"\n               title=\"&lt;strong&gt;Salzformationen am Toten Meer&lt;\/strong&gt;&lt;br \/&gt;Jordanien 2019&lt;br \/&gt;&lt;span style=&quot;font-size:85%;color:#949494;&quot;&gt;[Bild-Id: 16653]&lt;\/span&gt;\"\n               data-src=\"http:\/\/foto-passion.com\/wp-content\/gallery\/fotostrecke_jordanien_2019\/579_AP5A5875.jpg\"\n               data-thumbnail=\"http:\/\/foto-passion.com\/wp-content\/gallery\/fotostrecke_jordanien_2019\/thumbs\/thumbs_579_AP5A5875.jpg\"\n               data-image-id=\"16653\"\n               data-title=\"Salzformationen am Toten Meer\"\n               data-description=\"&lt;strong&gt;Salzformationen am Toten Meer&lt;\/strong&gt;&lt;br \/&gt;Jordanien 2019&lt;br \/&gt;&lt;span style=&quot;font-size:85%;color:#949494;&quot;&gt;[Bild-Id: 16653]&lt;\/span&gt;\"\n               data-image-slug=\"579_ap5a5875\"\n               class=\"ngg-simplelightbox\" rel=\"8d7b5631dc3ef340ee74a0de391904fa\">\n                <img loading=\"lazy\"\n                    title=\"Salzformationen am Toten Meer\"\n                    alt=\"Salzformationen am Toten Meer\"\n                    src=\"http:\/\/foto-passion.com\/wp-content\/gallery\/fotostrecke_jordanien_2019\/cache\/579_AP5A5875.jpg-nggid0516653-ngg0dyn-150x100x100-00f0w010c011r110f110r010t010.jpg\"\n                    width=\"150\"\n                    height=\"100\"\n                    style=\"max-width:100%;\"\n                \/>\n            <\/a>\n        <\/div>\n\t\t\t\t\t\t\t<\/div> \n\t\t\t\n                            \n\t\t\t\t<div id=\"ngg-image-3\" class=\"ngg-gallery-thumbnail-box\" >\n\t\t\t\t        <div class=\"ngg-gallery-thumbnail\">\n            <a href=\"http:\/\/foto-passion.com\/wp-content\/gallery\/fotostrecke_jordanien_2019\/580_AP5A5778.jpg\"\n               title=\"&lt;strong&gt;Salzformationen am Toten Meer&lt;\/strong&gt;&lt;br \/&gt;Jordanien 2019&lt;br \/&gt;&lt;span style=&quot;font-size:85%;color:#949494;&quot;&gt;[Bild-Id: 16647]&lt;\/span&gt;\"\n               data-src=\"http:\/\/foto-passion.com\/wp-content\/gallery\/fotostrecke_jordanien_2019\/580_AP5A5778.jpg\"\n               data-thumbnail=\"http:\/\/foto-passion.com\/wp-content\/gallery\/fotostrecke_jordanien_2019\/thumbs\/thumbs_580_AP5A5778.jpg\"\n               data-image-id=\"16647\"\n               data-title=\"Salzformationen am Toten Meer\"\n               data-description=\"&lt;strong&gt;Salzformationen am Toten Meer&lt;\/strong&gt;&lt;br \/&gt;Jordanien 2019&lt;br \/&gt;&lt;span style=&quot;font-size:85%;color:#949494;&quot;&gt;[Bild-Id: 16647]&lt;\/span&gt;\"\n               data-image-slug=\"580_ap5a5778\"\n               class=\"ngg-simplelightbox\" rel=\"8d7b5631dc3ef340ee74a0de391904fa\">\n                <img loading=\"lazy\"\n                    title=\"Salzformationen am Toten Meer\"\n                    alt=\"Salzformationen am Toten Meer\"\n                    src=\"http:\/\/foto-passion.com\/wp-content\/gallery\/fotostrecke_jordanien_2019\/cache\/580_AP5A5778.jpg-nggid0516647-ngg0dyn-150x100x100-00f0w010c011r110f110r010t010.jpg\"\n                    width=\"150\"\n                    height=\"100\"\n                    style=\"max-width:100%;\"\n                \/>\n            <\/a>\n        <\/div>\n\t\t\t\t\t\t\t<\/div> \n\t\t\t\n                                    <br style=\"clear: both\" \/>\n                    \n\t\t\t\t<div id=\"ngg-image-4\" class=\"ngg-gallery-thumbnail-box\" >\n\t\t\t\t        <div class=\"ngg-gallery-thumbnail\">\n            <a href=\"http:\/\/foto-passion.com\/wp-content\/gallery\/fotostrecke_jordanien_2019\/581_AP5A5772.jpg\"\n               title=\"&lt;strong&gt;Salzformationen am Toten Meer&lt;\/strong&gt;&lt;br \/&gt;Jordanien 2019&lt;br \/&gt;&lt;span style=&quot;font-size:85%;color:#949494;&quot;&gt;[Bild-Id: 16646]&lt;\/span&gt;\"\n               data-src=\"http:\/\/foto-passion.com\/wp-content\/gallery\/fotostrecke_jordanien_2019\/581_AP5A5772.jpg\"\n               data-thumbnail=\"http:\/\/foto-passion.com\/wp-content\/gallery\/fotostrecke_jordanien_2019\/thumbs\/thumbs_581_AP5A5772.jpg\"\n               data-image-id=\"16646\"\n               data-title=\"Salzformationen am Toten Meer\"\n               data-description=\"&lt;strong&gt;Salzformationen am Toten Meer&lt;\/strong&gt;&lt;br \/&gt;Jordanien 2019&lt;br \/&gt;&lt;span style=&quot;font-size:85%;color:#949494;&quot;&gt;[Bild-Id: 16646]&lt;\/span&gt;\"\n               data-image-slug=\"581_ap5a5772\"\n               class=\"ngg-simplelightbox\" rel=\"8d7b5631dc3ef340ee74a0de391904fa\">\n                <img loading=\"lazy\"\n                    title=\"Salzformationen am Toten Meer\"\n                    alt=\"Salzformationen am Toten Meer\"\n                    src=\"http:\/\/foto-passion.com\/wp-content\/gallery\/fotostrecke_jordanien_2019\/cache\/581_AP5A5772.jpg-nggid0516646-ngg0dyn-150x100x100-00f0w010c011r110f110r010t010.jpg\"\n                    width=\"150\"\n                    height=\"100\"\n                    style=\"max-width:100%;\"\n                \/>\n            <\/a>\n        <\/div>\n\t\t\t\t\t\t\t<\/div> \n\t\t\t\n                            \n\t\t\t\t<div id=\"ngg-image-5\" class=\"ngg-gallery-thumbnail-box\" >\n\t\t\t\t        <div class=\"ngg-gallery-thumbnail\">\n            <a href=\"http:\/\/foto-passion.com\/wp-content\/gallery\/fotostrecke_jordanien_2019\/582_AP5A5820.jpg\"\n               title=\"&lt;strong&gt;Salzformationen am Toten Meer&lt;\/strong&gt;&lt;br \/&gt;Jordanien 2019&lt;br \/&gt;&lt;span style=&quot;font-size:85%;color:#949494;&quot;&gt;[Bild-Id: 16650]&lt;\/span&gt;\"\n               data-src=\"http:\/\/foto-passion.com\/wp-content\/gallery\/fotostrecke_jordanien_2019\/582_AP5A5820.jpg\"\n               data-thumbnail=\"http:\/\/foto-passion.com\/wp-content\/gallery\/fotostrecke_jordanien_2019\/thumbs\/thumbs_582_AP5A5820.jpg\"\n               data-image-id=\"16650\"\n               data-title=\"Salzformationen am Toten Meer\"\n               data-description=\"&lt;strong&gt;Salzformationen am Toten Meer&lt;\/strong&gt;&lt;br \/&gt;Jordanien 2019&lt;br \/&gt;&lt;span style=&quot;font-size:85%;color:#949494;&quot;&gt;[Bild-Id: 16650]&lt;\/span&gt;\"\n               data-image-slug=\"582_ap5a5820\"\n               class=\"ngg-simplelightbox\" rel=\"8d7b5631dc3ef340ee74a0de391904fa\">\n                <img loading=\"lazy\"\n                    title=\"Salzformationen am Toten Meer\"\n                    alt=\"Salzformationen am Toten Meer\"\n                    src=\"http:\/\/foto-passion.com\/wp-content\/gallery\/fotostrecke_jordanien_2019\/cache\/582_AP5A5820.jpg-nggid0516650-ngg0dyn-150x100x100-00f0w010c011r110f110r010t010.jpg\"\n                    width=\"150\"\n                    height=\"100\"\n                    style=\"max-width:100%;\"\n                \/>\n            <\/a>\n        <\/div>\n\t\t\t\t\t\t\t<\/div> \n\t\t\t\n                            \n\t\t\t\t<div id=\"ngg-image-6\" class=\"ngg-gallery-thumbnail-box\" >\n\t\t\t\t        <div class=\"ngg-gallery-thumbnail\">\n            <a href=\"http:\/\/foto-passion.com\/wp-content\/gallery\/fotostrecke_jordanien_2019\/583_AP5A5849.jpg\"\n               title=\"&lt;strong&gt;Totes Meer&lt;\/strong&gt;&lt;br \/&gt;Jordanien 2019&lt;br \/&gt;&lt;span style=&quot;font-size:85%;color:#949494;&quot;&gt;[Bild-Id: 16652]&lt;\/span&gt;\"\n               data-src=\"http:\/\/foto-passion.com\/wp-content\/gallery\/fotostrecke_jordanien_2019\/583_AP5A5849.jpg\"\n               data-thumbnail=\"http:\/\/foto-passion.com\/wp-content\/gallery\/fotostrecke_jordanien_2019\/thumbs\/thumbs_583_AP5A5849.jpg\"\n               data-image-id=\"16652\"\n               data-title=\"Totes Meer\"\n               data-description=\"&lt;strong&gt;Totes Meer&lt;\/strong&gt;&lt;br \/&gt;Jordanien 2019&lt;br \/&gt;&lt;span style=&quot;font-size:85%;color:#949494;&quot;&gt;[Bild-Id: 16652]&lt;\/span&gt;\"\n               data-image-slug=\"583_ap5a5849\"\n               class=\"ngg-simplelightbox\" rel=\"8d7b5631dc3ef340ee74a0de391904fa\">\n                <img loading=\"lazy\"\n                    title=\"Totes Meer\"\n                    alt=\"Totes Meer\"\n                    src=\"http:\/\/foto-passion.com\/wp-content\/gallery\/fotostrecke_jordanien_2019\/cache\/583_AP5A5849.jpg-nggid0516652-ngg0dyn-150x100x100-00f0w010c011r110f110r010t010.jpg\"\n                    width=\"150\"\n                    height=\"100\"\n                    style=\"max-width:100%;\"\n                \/>\n            <\/a>\n        <\/div>\n\t\t\t\t\t\t\t<\/div> \n\t\t\t\n                            \n\t\t\t\t<div id=\"ngg-image-7\" class=\"ngg-gallery-thumbnail-box\" >\n\t\t\t\t        <div class=\"ngg-gallery-thumbnail\">\n            <a href=\"http:\/\/foto-passion.com\/wp-content\/gallery\/fotostrecke_jordanien_2019\/584_AP5A5596.jpg\"\n               title=\"&lt;strong&gt;Totes Meer&lt;\/strong&gt;&lt;br \/&gt;Jordanien 2019&lt;br \/&gt;&lt;span style=&quot;font-size:85%;color:#949494;&quot;&gt;[Bild-Id: 16638]&lt;\/span&gt;\"\n               data-src=\"http:\/\/foto-passion.com\/wp-content\/gallery\/fotostrecke_jordanien_2019\/584_AP5A5596.jpg\"\n               data-thumbnail=\"http:\/\/foto-passion.com\/wp-content\/gallery\/fotostrecke_jordanien_2019\/thumbs\/thumbs_584_AP5A5596.jpg\"\n               data-image-id=\"16638\"\n               data-title=\"Totes Meer\"\n               data-description=\"&lt;strong&gt;Totes Meer&lt;\/strong&gt;&lt;br \/&gt;Jordanien 2019&lt;br \/&gt;&lt;span style=&quot;font-size:85%;color:#949494;&quot;&gt;[Bild-Id: 16638]&lt;\/span&gt;\"\n               data-image-slug=\"584_ap5a5596\"\n               class=\"ngg-simplelightbox\" rel=\"8d7b5631dc3ef340ee74a0de391904fa\">\n                <img loading=\"lazy\"\n                    title=\"Totes Meer\"\n                    alt=\"Totes Meer\"\n                    src=\"http:\/\/foto-passion.com\/wp-content\/gallery\/fotostrecke_jordanien_2019\/cache\/584_AP5A5596.jpg-nggid0516638-ngg0dyn-150x100x100-00f0w010c011r110f110r010t010.jpg\"\n                    width=\"150\"\n                    height=\"100\"\n                    style=\"max-width:100%;\"\n                \/>\n            <\/a>\n        <\/div>\n\t\t\t\t\t\t\t<\/div> \n\t\t\t\n                                    <br style=\"clear: both\" \/>\n                    \n\t\t\n\t\t<div class=\"ngg-clear\"><\/div>\n\t<\/div>\n<\/p>\t\t\t\t\t<\/div>\n\t\t\t\t\t\t<\/div>\n\t\t\t\t<\/div>\n\t\t\t\t\t\t<\/div>\n\t\t\t\t\t<\/div>\n\t\t<\/div>\n\t\t\t\t\t\t\t\t<\/div>\n\t\t\t\t\t<\/div>\n\t\t<\/section>\n\t\t\t\t<section class=\"elementor-section elementor-top-section elementor-element elementor-element-5d3d3db elementor-section-boxed elementor-section-height-default elementor-section-height-default\" data-id=\"5d3d3db\" data-element_type=\"section\">\n\t\t\t\t\t\t<div class=\"elementor-container elementor-column-gap-default\">\n\t\t\t\t\t\t\t<div class=\"elementor-row\">\n\t\t\t\t\t<div class=\"elementor-column elementor-col-100 elementor-top-column elementor-element elementor-element-f347001\" data-id=\"f347001\" data-element_type=\"column\">\n\t\t\t<div class=\"elementor-column-wrap elementor-element-populated\">\n\t\t\t\t\t\t\t<div class=\"elementor-widget-wrap\">\n\t\t\t\t\t\t<div class=\"elementor-element elementor-element-eb22f88 elementor-widget elementor-widget-text-editor\" data-id=\"eb22f88\" data-element_type=\"widget\" data-widget_type=\"text-editor.default\">\n\t\t\t\t<div class=\"elementor-widget-container\">\n\t\t\t\t\t\t\t\t<div class=\"elementor-text-editor elementor-clearfix\">\n\t\t\t\t\t<p style=\"text-align: justify;\">An einigen Stellen laufen wir ans Ufer des Sees und schauen uns das Ufer genauer an. Dicke Salzkrusten schichten den Uferbereich und alles, was in der N\u00e4he des Sees liegt, ist mit einer dicken Salzkruste \u00fcberzogen. Traurig ist allerdings, dass auch hier Unmengen von M\u00fcll liegen. Es sieht entsetzlich aus und es ist kaum m\u00f6glich, ein Foto ohne M\u00fcll zu machen. Wir k\u00f6nnen hier schlie\u00dflich nicht erst den ganzen Uferbereich reinigen.<\/p>\t\t\t\t\t<\/div>\n\t\t\t\t\t\t<\/div>\n\t\t\t\t<\/div>\n\t\t\t\t\t\t<\/div>\n\t\t\t\t\t<\/div>\n\t\t<\/div>\n\t\t\t\t\t\t\t\t<\/div>\n\t\t\t\t\t<\/div>\n\t\t<\/section>\n\t\t\t\t<section class=\"elementor-section elementor-top-section elementor-element elementor-element-380c936 elementor-section-boxed elementor-section-height-default elementor-section-height-default\" data-id=\"380c936\" data-element_type=\"section\">\n\t\t\t\t\t\t<div class=\"elementor-container elementor-column-gap-default\">\n\t\t\t\t\t\t\t<div class=\"elementor-row\">\n\t\t\t\t\t<div class=\"elementor-column elementor-col-100 elementor-top-column elementor-element elementor-element-6e1bc8f\" data-id=\"6e1bc8f\" data-element_type=\"column\">\n\t\t\t<div class=\"elementor-column-wrap elementor-element-populated\">\n\t\t\t\t\t\t\t<div class=\"elementor-widget-wrap\">\n\t\t\t\t\t\t<div class=\"elementor-element elementor-element-2858b4f elementor-widget elementor-widget-text-editor\" data-id=\"2858b4f\" data-element_type=\"widget\" data-widget_type=\"text-editor.default\">\n\t\t\t\t<div class=\"elementor-widget-container\">\n\t\t\t\t\t\t\t\t<div class=\"elementor-text-editor elementor-clearfix\">\n\t\t\t\t\t<p style=\"text-align: left;\"><!-- index.php -->\n<div\n\tclass=\"ngg-galleryoverview ngg-ajax-pagination-none\"\n\tid=\"ngg-gallery-3a8880654e6c2bd7e61e6e7bfe57b047-1\">\n\n    \t\t<!-- Thumbnails -->\n\t\t\t\t<div id=\"ngg-image-0\" class=\"ngg-gallery-thumbnail-box\" >\n\t\t\t\t        <div class=\"ngg-gallery-thumbnail\">\n            <a href=\"http:\/\/foto-passion.com\/wp-content\/gallery\/fotostrecke_jordanien_2019\/585_AP5A5538.jpg\"\n               title=\"&lt;strong&gt;M\u00fcll auch hier, wohin man blickt, Totes Meer&lt;\/strong&gt;&lt;br \/&gt;Jordanien 2019&lt;br \/&gt;&lt;span style=&quot;font-size:85%;color:#949494;&quot;&gt;[Bild-Id: 16636]&lt;\/span&gt;\"\n               data-src=\"http:\/\/foto-passion.com\/wp-content\/gallery\/fotostrecke_jordanien_2019\/585_AP5A5538.jpg\"\n               data-thumbnail=\"http:\/\/foto-passion.com\/wp-content\/gallery\/fotostrecke_jordanien_2019\/thumbs\/thumbs_585_AP5A5538.jpg\"\n               data-image-id=\"16636\"\n               data-title=\"M\u00fcll auch hier, wohin man blickt, Totes Meer\"\n               data-description=\"&lt;strong&gt;M\u00fcll auch hier, wohin man blickt, Totes Meer&lt;\/strong&gt;&lt;br \/&gt;Jordanien 2019&lt;br \/&gt;&lt;span style=&quot;font-size:85%;color:#949494;&quot;&gt;[Bild-Id: 16636]&lt;\/span&gt;\"\n               data-image-slug=\"585_ap5a5538\"\n               class=\"ngg-simplelightbox\" rel=\"3a8880654e6c2bd7e61e6e7bfe57b047\">\n                <img loading=\"lazy\"\n                    title=\"M\u00fcll auch hier, wohin man blickt, Totes Meer\"\n                    alt=\"M\u00fcll auch hier, wohin man blickt, Totes Meer\"\n                    src=\"http:\/\/foto-passion.com\/wp-content\/gallery\/fotostrecke_jordanien_2019\/cache\/585_AP5A5538.jpg-nggid0516636-ngg0dyn-150x100x100-00f0w010c011r110f110r010t010.jpg\"\n                    width=\"150\"\n                    height=\"100\"\n                    style=\"max-width:100%;\"\n                \/>\n            <\/a>\n        <\/div>\n\t\t\t\t\t\t\t<\/div> \n\t\t\t\n                            \n\t\t\t\t<div id=\"ngg-image-1\" class=\"ngg-gallery-thumbnail-box\" >\n\t\t\t\t        <div class=\"ngg-gallery-thumbnail\">\n            <a href=\"http:\/\/foto-passion.com\/wp-content\/gallery\/fotostrecke_jordanien_2019\/586_AP5A5535.jpg\"\n               title=\"&lt;strong&gt;M\u00fcll auch hier, wohin man blickt, Totes Meer&lt;\/strong&gt;&lt;br \/&gt;Jordanien 2019&lt;br \/&gt;&lt;span style=&quot;font-size:85%;color:#949494;&quot;&gt;[Bild-Id: 16634]&lt;\/span&gt;\"\n               data-src=\"http:\/\/foto-passion.com\/wp-content\/gallery\/fotostrecke_jordanien_2019\/586_AP5A5535.jpg\"\n               data-thumbnail=\"http:\/\/foto-passion.com\/wp-content\/gallery\/fotostrecke_jordanien_2019\/thumbs\/thumbs_586_AP5A5535.jpg\"\n               data-image-id=\"16634\"\n               data-title=\"M\u00fcll auch hier, wohin man blickt, Totes Meer\"\n               data-description=\"&lt;strong&gt;M\u00fcll auch hier, wohin man blickt, Totes Meer&lt;\/strong&gt;&lt;br \/&gt;Jordanien 2019&lt;br \/&gt;&lt;span style=&quot;font-size:85%;color:#949494;&quot;&gt;[Bild-Id: 16634]&lt;\/span&gt;\"\n               data-image-slug=\"586_ap5a5535\"\n               class=\"ngg-simplelightbox\" rel=\"3a8880654e6c2bd7e61e6e7bfe57b047\">\n                <img loading=\"lazy\"\n                    title=\"M\u00fcll auch hier, wohin man blickt, Totes Meer\"\n                    alt=\"M\u00fcll auch hier, wohin man blickt, Totes Meer\"\n                    src=\"http:\/\/foto-passion.com\/wp-content\/gallery\/fotostrecke_jordanien_2019\/cache\/586_AP5A5535.jpg-nggid0516634-ngg0dyn-150x100x100-00f0w010c011r110f110r010t010.jpg\"\n                    width=\"150\"\n                    height=\"100\"\n                    style=\"max-width:100%;\"\n                \/>\n            <\/a>\n        <\/div>\n\t\t\t\t\t\t\t<\/div> \n\t\t\t\n                            \n\t\t\t\t<div id=\"ngg-image-2\" class=\"ngg-gallery-thumbnail-box\" >\n\t\t\t\t        <div class=\"ngg-gallery-thumbnail\">\n            <a href=\"http:\/\/foto-passion.com\/wp-content\/gallery\/fotostrecke_jordanien_2019\/587_AP5A5537.jpg\"\n               title=\"&lt;strong&gt;M\u00fcll auch hier, wohin man blickt, Totes Meer&lt;\/strong&gt;&lt;br \/&gt;Jordanien 2019&lt;br \/&gt;&lt;span style=&quot;font-size:85%;color:#949494;&quot;&gt;[Bild-Id: 16635]&lt;\/span&gt;\"\n               data-src=\"http:\/\/foto-passion.com\/wp-content\/gallery\/fotostrecke_jordanien_2019\/587_AP5A5537.jpg\"\n               data-thumbnail=\"http:\/\/foto-passion.com\/wp-content\/gallery\/fotostrecke_jordanien_2019\/thumbs\/thumbs_587_AP5A5537.jpg\"\n               data-image-id=\"16635\"\n               data-title=\"M\u00fcll auch hier, wohin man blickt, Totes Meer\"\n               data-description=\"&lt;strong&gt;M\u00fcll auch hier, wohin man blickt, Totes Meer&lt;\/strong&gt;&lt;br \/&gt;Jordanien 2019&lt;br \/&gt;&lt;span style=&quot;font-size:85%;color:#949494;&quot;&gt;[Bild-Id: 16635]&lt;\/span&gt;\"\n               data-image-slug=\"587_ap5a5537\"\n               class=\"ngg-simplelightbox\" rel=\"3a8880654e6c2bd7e61e6e7bfe57b047\">\n                <img loading=\"lazy\"\n                    title=\"M\u00fcll auch hier, wohin man blickt, Totes Meer\"\n                    alt=\"M\u00fcll auch hier, wohin man blickt, Totes Meer\"\n                    src=\"http:\/\/foto-passion.com\/wp-content\/gallery\/fotostrecke_jordanien_2019\/cache\/587_AP5A5537.jpg-nggid0516635-ngg0dyn-150x100x100-00f0w010c011r110f110r010t010.jpg\"\n                    width=\"150\"\n                    height=\"100\"\n                    style=\"max-width:100%;\"\n                \/>\n            <\/a>\n        <\/div>\n\t\t\t\t\t\t\t<\/div> \n\t\t\t\n                            \n\t\t\t\t<div id=\"ngg-image-3\" class=\"ngg-gallery-thumbnail-box\" >\n\t\t\t\t        <div class=\"ngg-gallery-thumbnail\">\n            <a href=\"http:\/\/foto-passion.com\/wp-content\/gallery\/fotostrecke_jordanien_2019\/588_AP5A5625.jpg\"\n               title=\"&lt;strong&gt;M\u00fcll auch hier, wohin man blickt, Totes Meer&lt;\/strong&gt;&lt;br \/&gt;Jordanien 2019&lt;br \/&gt;&lt;span style=&quot;font-size:85%;color:#949494;&quot;&gt;[Bild-Id: 16640]&lt;\/span&gt;\"\n               data-src=\"http:\/\/foto-passion.com\/wp-content\/gallery\/fotostrecke_jordanien_2019\/588_AP5A5625.jpg\"\n               data-thumbnail=\"http:\/\/foto-passion.com\/wp-content\/gallery\/fotostrecke_jordanien_2019\/thumbs\/thumbs_588_AP5A5625.jpg\"\n               data-image-id=\"16640\"\n               data-title=\"M\u00fcll auch hier, wohin man blickt, Totes Meer\"\n               data-description=\"&lt;strong&gt;M\u00fcll auch hier, wohin man blickt, Totes Meer&lt;\/strong&gt;&lt;br \/&gt;Jordanien 2019&lt;br \/&gt;&lt;span style=&quot;font-size:85%;color:#949494;&quot;&gt;[Bild-Id: 16640]&lt;\/span&gt;\"\n               data-image-slug=\"588_ap5a5625\"\n               class=\"ngg-simplelightbox\" rel=\"3a8880654e6c2bd7e61e6e7bfe57b047\">\n                <img loading=\"lazy\"\n                    title=\"M\u00fcll auch hier, wohin man blickt, Totes Meer\"\n                    alt=\"M\u00fcll auch hier, wohin man blickt, Totes Meer\"\n                    src=\"http:\/\/foto-passion.com\/wp-content\/gallery\/fotostrecke_jordanien_2019\/cache\/588_AP5A5625.jpg-nggid0516640-ngg0dyn-150x100x100-00f0w010c011r110f110r010t010.jpg\"\n                    width=\"150\"\n                    height=\"100\"\n                    style=\"max-width:100%;\"\n                \/>\n            <\/a>\n        <\/div>\n\t\t\t\t\t\t\t<\/div> \n\t\t\t\n                                    <br style=\"clear: both\" \/>\n                    \n\t\t\n\t\t<div class=\"ngg-clear\"><\/div>\n\t<\/div>\n<\/p>\t\t\t\t\t<\/div>\n\t\t\t\t\t\t<\/div>\n\t\t\t\t<\/div>\n\t\t\t\t\t\t<\/div>\n\t\t\t\t\t<\/div>\n\t\t<\/div>\n\t\t\t\t\t\t\t\t<\/div>\n\t\t\t\t\t<\/div>\n\t\t<\/section>\n\t\t\t\t<section class=\"elementor-section elementor-top-section elementor-element elementor-element-0c2d3df elementor-section-boxed elementor-section-height-default elementor-section-height-default\" data-id=\"0c2d3df\" data-element_type=\"section\">\n\t\t\t\t\t\t<div class=\"elementor-container elementor-column-gap-default\">\n\t\t\t\t\t\t\t<div class=\"elementor-row\">\n\t\t\t\t\t<div class=\"elementor-column elementor-col-100 elementor-top-column elementor-element elementor-element-8b47acb\" data-id=\"8b47acb\" data-element_type=\"column\">\n\t\t\t<div class=\"elementor-column-wrap elementor-element-populated\">\n\t\t\t\t\t\t\t<div class=\"elementor-widget-wrap\">\n\t\t\t\t\t\t<div class=\"elementor-element elementor-element-303cd96 elementor-widget elementor-widget-text-editor\" data-id=\"303cd96\" data-element_type=\"widget\" data-widget_type=\"text-editor.default\">\n\t\t\t\t<div class=\"elementor-widget-container\">\n\t\t\t\t\t\t\t\t<div class=\"elementor-text-editor elementor-clearfix\">\n\t\t\t\t\t<p style=\"text-align: justify;\">Am s\u00fcdlichen Ende des Sees wird Phosphor \u2013 als D\u00fcngemittel \u2013 und Bor gewonnen. Ansonsten lebt die Gegend vom Tourismus, der am n\u00f6rdlichen Ufer angesiedelt ist. Auf Jordanischer Seite scheint das Wasser noch tiefer zu sein, als auf der gegen\u00fcberliegenden israelischen Seite. Den starken Wasserr\u00fcckgang kann man an beiden Ufern deutlich erkennen.<\/p><p style=\"text-align: justify;\">Auf der anderen Stra\u00dfenseite des Toten Meeres befindet sich das \u201eMujib Nature Reserve\u201c. Wir werfen einen Blick ins \u201eWadi Mujib\u201c. Von hier aus startet der bekannte \u201eSiq-Trail\u201c, der ziemlich anspruchsvoll sein soll. Man muss immer wieder Strecken durch das Wasser waten, \u00fcber Felsen klettern und sich an Seilen hochziehen. Der Einstieg ins Wadi beginnt mit dem Abstieg an einer Leiter. Grunds\u00e4tzlich alle Wanderer erhalten Schwimmwesten und wasserdichte Packs f\u00fcr ihre Ausr\u00fcstung. F\u00fcr uns kein Thema, wir m\u00fcssen nicht \u00fcberall hin.<\/p>\t\t\t\t\t<\/div>\n\t\t\t\t\t\t<\/div>\n\t\t\t\t<\/div>\n\t\t\t\t\t\t<\/div>\n\t\t\t\t\t<\/div>\n\t\t<\/div>\n\t\t\t\t\t\t\t\t<\/div>\n\t\t\t\t\t<\/div>\n\t\t<\/section>\n\t\t\t\t<section class=\"elementor-section elementor-top-section elementor-element elementor-element-9180996 elementor-section-boxed elementor-section-height-default elementor-section-height-default\" data-id=\"9180996\" data-element_type=\"section\">\n\t\t\t\t\t\t<div class=\"elementor-container elementor-column-gap-default\">\n\t\t\t\t\t\t\t<div class=\"elementor-row\">\n\t\t\t\t\t<div class=\"elementor-column elementor-col-100 elementor-top-column elementor-element elementor-element-0a7b85c\" data-id=\"0a7b85c\" data-element_type=\"column\">\n\t\t\t<div class=\"elementor-column-wrap elementor-element-populated\">\n\t\t\t\t\t\t\t<div class=\"elementor-widget-wrap\">\n\t\t\t\t\t\t<div class=\"elementor-element elementor-element-432183b elementor-widget elementor-widget-text-editor\" data-id=\"432183b\" data-element_type=\"widget\" data-widget_type=\"text-editor.default\">\n\t\t\t\t<div class=\"elementor-widget-container\">\n\t\t\t\t\t\t\t\t<div class=\"elementor-text-editor elementor-clearfix\">\n\t\t\t\t\t<p style=\"text-align: left;\"><!-- index.php -->\n<div\n\tclass=\"ngg-galleryoverview ngg-ajax-pagination-none\"\n\tid=\"ngg-gallery-ee5bc71bfd1c16d7c7f8f98fd1b9d7e5-1\">\n\n    \t\t<!-- Thumbnails -->\n\t\t\t\t<div id=\"ngg-image-0\" class=\"ngg-gallery-thumbnail-box\" >\n\t\t\t\t        <div class=\"ngg-gallery-thumbnail\">\n            <a href=\"http:\/\/foto-passion.com\/wp-content\/gallery\/fotostrecke_jordanien_2019\/589_AP5A5502.jpg\"\n               title=\"&lt;strong&gt;Zugang zum \u201eWadi Mujib\u201c&lt;\/strong&gt;&lt;br \/&gt;Jordanien 2019&lt;br \/&gt;&lt;span style=&quot;font-size:85%;color:#949494;&quot;&gt;[Bild-Id: 16630]&lt;\/span&gt;\"\n               data-src=\"http:\/\/foto-passion.com\/wp-content\/gallery\/fotostrecke_jordanien_2019\/589_AP5A5502.jpg\"\n               data-thumbnail=\"http:\/\/foto-passion.com\/wp-content\/gallery\/fotostrecke_jordanien_2019\/thumbs\/thumbs_589_AP5A5502.jpg\"\n               data-image-id=\"16630\"\n               data-title=\"Zugang zum \u201eWadi Mujib\u201c\"\n               data-description=\"&lt;strong&gt;Zugang zum \u201eWadi Mujib\u201c&lt;\/strong&gt;&lt;br \/&gt;Jordanien 2019&lt;br \/&gt;&lt;span style=&quot;font-size:85%;color:#949494;&quot;&gt;[Bild-Id: 16630]&lt;\/span&gt;\"\n               data-image-slug=\"589_ap5a5502\"\n               class=\"ngg-simplelightbox\" rel=\"ee5bc71bfd1c16d7c7f8f98fd1b9d7e5\">\n                <img loading=\"lazy\"\n                    title=\"Zugang zum \u201eWadi Mujib\u201c\"\n                    alt=\"Zugang zum \u201eWadi Mujib\u201c\"\n                    src=\"http:\/\/foto-passion.com\/wp-content\/gallery\/fotostrecke_jordanien_2019\/cache\/589_AP5A5502.jpg-nggid0516630-ngg0dyn-150x100x100-00f0w010c011r110f110r010t010.jpg\"\n                    width=\"150\"\n                    height=\"100\"\n                    style=\"max-width:100%;\"\n                \/>\n            <\/a>\n        <\/div>\n\t\t\t\t\t\t\t<\/div> \n\t\t\t\n                            \n\t\t\t\t<div id=\"ngg-image-1\" class=\"ngg-gallery-thumbnail-box\" >\n\t\t\t\t        <div class=\"ngg-gallery-thumbnail\">\n            <a href=\"http:\/\/foto-passion.com\/wp-content\/gallery\/fotostrecke_jordanien_2019\/590_AP5A5507.jpg\"\n               title=\"&lt;strong&gt;Zugang zum \u201eWadi Mujib\u201c&lt;\/strong&gt;&lt;br \/&gt;Jordanien 2019&lt;br \/&gt;&lt;span style=&quot;font-size:85%;color:#949494;&quot;&gt;[Bild-Id: 16631]&lt;\/span&gt;\"\n               data-src=\"http:\/\/foto-passion.com\/wp-content\/gallery\/fotostrecke_jordanien_2019\/590_AP5A5507.jpg\"\n               data-thumbnail=\"http:\/\/foto-passion.com\/wp-content\/gallery\/fotostrecke_jordanien_2019\/thumbs\/thumbs_590_AP5A5507.jpg\"\n               data-image-id=\"16631\"\n               data-title=\"Zugang zum \u201eWadi Mujib\u201c\"\n               data-description=\"&lt;strong&gt;Zugang zum \u201eWadi Mujib\u201c&lt;\/strong&gt;&lt;br \/&gt;Jordanien 2019&lt;br \/&gt;&lt;span style=&quot;font-size:85%;color:#949494;&quot;&gt;[Bild-Id: 16631]&lt;\/span&gt;\"\n               data-image-slug=\"590_ap5a5507\"\n               class=\"ngg-simplelightbox\" rel=\"ee5bc71bfd1c16d7c7f8f98fd1b9d7e5\">\n                <img loading=\"lazy\"\n                    title=\"Zugang zum \u201eWadi Mujib\u201c\"\n                    alt=\"Zugang zum \u201eWadi Mujib\u201c\"\n                    src=\"http:\/\/foto-passion.com\/wp-content\/gallery\/fotostrecke_jordanien_2019\/cache\/590_AP5A5507.jpg-nggid0516631-ngg0dyn-150x100x100-00f0w010c011r110f110r010t010.jpg\"\n                    width=\"150\"\n                    height=\"100\"\n                    style=\"max-width:100%;\"\n                \/>\n            <\/a>\n        <\/div>\n\t\t\t\t\t\t\t<\/div> \n\t\t\t\n                            \n\t\t\n\t\t<div class=\"ngg-clear\"><\/div>\n\t<\/div>\n<\/p>\t\t\t\t\t<\/div>\n\t\t\t\t\t\t<\/div>\n\t\t\t\t<\/div>\n\t\t\t\t\t\t<\/div>\n\t\t\t\t\t<\/div>\n\t\t<\/div>\n\t\t\t\t\t\t\t\t<\/div>\n\t\t\t\t\t<\/div>\n\t\t<\/section>\n\t\t\t\t<section class=\"elementor-section elementor-top-section elementor-element elementor-element-2d1d746 elementor-section-boxed elementor-section-height-default elementor-section-height-default\" data-id=\"2d1d746\" data-element_type=\"section\">\n\t\t\t\t\t\t<div class=\"elementor-container elementor-column-gap-default\">\n\t\t\t\t\t\t\t<div class=\"elementor-row\">\n\t\t\t\t\t<div class=\"elementor-column elementor-col-100 elementor-top-column elementor-element elementor-element-c129383\" data-id=\"c129383\" data-element_type=\"column\">\n\t\t\t<div class=\"elementor-column-wrap elementor-element-populated\">\n\t\t\t\t\t\t\t<div class=\"elementor-widget-wrap\">\n\t\t\t\t\t\t<div class=\"elementor-element elementor-element-5510e17 elementor-widget elementor-widget-text-editor\" data-id=\"5510e17\" data-element_type=\"widget\" data-widget_type=\"text-editor.default\">\n\t\t\t\t<div class=\"elementor-widget-container\">\n\t\t\t\t\t\t\t\t<div class=\"elementor-text-editor elementor-clearfix\">\n\t\t\t\t\t<p style=\"text-align: justify;\">Nachdem wir den jordanischen Teil des Toten Meeres abgefahren sind, besuchen wir noch einen der gro\u00dfen Shops, die sich auf den Verkauf von Souvenirs und Produkten aus dem Toten Meer spezialisiert haben. Allen gemein ist, dass die Verk\u00e4ufer noch l\u00e4stiger sind als die Fliegen drau\u00dfen und man sie nicht von der Haxe bekommt. Spa\u00df macht das Einkaufen nicht, aber es hilft nicht, wir haben keine Wahl.<\/p><p style=\"text-align: justify;\">Zur\u00fcck im Hotel gehen wir in den SPA-Bereich, schauen einem Fotoshooting mit einem jordanischen Brautpaar zu und genie\u00dfen sp\u00e4ter eine der wirklich sehr guten Anwendungen. Fast alle Mitarbeiterinnen sind Asiatinnen, die ihr \u201eHandwerk\u201c wirklich verstehen. Die Anwendungen haben ein sehr hohes Niveau und sind extrem wohltuend und entspannend.<\/p>\t\t\t\t\t<\/div>\n\t\t\t\t\t\t<\/div>\n\t\t\t\t<\/div>\n\t\t\t\t\t\t<\/div>\n\t\t\t\t\t<\/div>\n\t\t<\/div>\n\t\t\t\t\t\t\t\t<\/div>\n\t\t\t\t\t<\/div>\n\t\t<\/section>\n\t\t\t\t<section class=\"elementor-section elementor-top-section elementor-element elementor-element-f774b3e elementor-section-boxed elementor-section-height-default elementor-section-height-default\" data-id=\"f774b3e\" data-element_type=\"section\">\n\t\t\t\t\t\t<div class=\"elementor-container elementor-column-gap-default\">\n\t\t\t\t\t\t\t<div class=\"elementor-row\">\n\t\t\t\t\t<div class=\"elementor-column elementor-col-100 elementor-top-column elementor-element elementor-element-3608b12\" data-id=\"3608b12\" data-element_type=\"column\">\n\t\t\t<div class=\"elementor-column-wrap elementor-element-populated\">\n\t\t\t\t\t\t\t<div class=\"elementor-widget-wrap\">\n\t\t\t\t\t\t<div class=\"elementor-element elementor-element-fd8fe87 elementor-widget elementor-widget-text-editor\" data-id=\"fd8fe87\" data-element_type=\"widget\" data-widget_type=\"text-editor.default\">\n\t\t\t\t<div class=\"elementor-widget-container\">\n\t\t\t\t\t\t\t\t<div class=\"elementor-text-editor elementor-clearfix\">\n\t\t\t\t\t<p style=\"text-align: left;\"><!-- index.php -->\n<div\n\tclass=\"ngg-galleryoverview ngg-ajax-pagination-none\"\n\tid=\"ngg-gallery-3836ed7e6fd31951ea97fbcae7033216-1\">\n\n    \t\t<!-- Thumbnails -->\n\t\t\t\t<div id=\"ngg-image-0\" class=\"ngg-gallery-thumbnail-box\" >\n\t\t\t\t        <div class=\"ngg-gallery-thumbnail\">\n            <a href=\"http:\/\/foto-passion.com\/wp-content\/gallery\/fotostrecke_jordanien_2019\/591_File020.jpg\"\n               title=\"&lt;strong&gt;Im \u201eM\u00f6venpick Resort  &amp; SPA Dead Sea\u201c fehlt es uns an nichts&lt;\/strong&gt;&lt;br \/&gt;Jordanien 2019&lt;br \/&gt;&lt;span style=&quot;font-size:85%;color:#949494;&quot;&gt;[Bild-Id: 16667]&lt;\/span&gt;\"\n               data-src=\"http:\/\/foto-passion.com\/wp-content\/gallery\/fotostrecke_jordanien_2019\/591_File020.jpg\"\n               data-thumbnail=\"http:\/\/foto-passion.com\/wp-content\/gallery\/fotostrecke_jordanien_2019\/thumbs\/thumbs_591_File020.jpg\"\n               data-image-id=\"16667\"\n               data-title=\"Im \u201eM\u00f6venpick Resort  &amp; SPA Dead Sea\u201c fehlt es uns an nichts\"\n               data-description=\"&lt;strong&gt;Im \u201eM\u00f6venpick Resort  &amp; SPA Dead Sea\u201c fehlt es uns an nichts&lt;\/strong&gt;&lt;br \/&gt;Jordanien 2019&lt;br \/&gt;&lt;span style=&quot;font-size:85%;color:#949494;&quot;&gt;[Bild-Id: 16667]&lt;\/span&gt;\"\n               data-image-slug=\"591_file020\"\n               class=\"ngg-simplelightbox\" rel=\"3836ed7e6fd31951ea97fbcae7033216\">\n                <img loading=\"lazy\"\n                    title=\"Im \u201eM\u00f6venpick Resort  &amp; SPA Dead Sea\u201c fehlt es uns an nichts\"\n                    alt=\"Im \u201eM\u00f6venpick Resort  &amp; SPA Dead Sea\u201c fehlt es uns an nichts\"\n                    src=\"http:\/\/foto-passion.com\/wp-content\/gallery\/fotostrecke_jordanien_2019\/cache\/591_File020.jpg-nggid0516667-ngg0dyn-150x100x100-00f0w010c011r110f110r010t010.jpg\"\n                    width=\"150\"\n                    height=\"100\"\n                    style=\"max-width:100%;\"\n                \/>\n            <\/a>\n        <\/div>\n\t\t\t\t\t\t\t<\/div> \n\t\t\t\n                            \n\t\t\t\t<div id=\"ngg-image-1\" class=\"ngg-gallery-thumbnail-box\" >\n\t\t\t\t        <div class=\"ngg-gallery-thumbnail\">\n            <a href=\"http:\/\/foto-passion.com\/wp-content\/gallery\/fotostrecke_jordanien_2019\/592_File093.jpg\"\n               title=\"&lt;strong&gt;Im \u201eM\u00f6venpick Resort  &amp; SPA Dead Sea\u201c fehlt es uns an nichts&lt;\/strong&gt;&lt;br \/&gt;Jordanien 2019&lt;br \/&gt;&lt;span style=&quot;font-size:85%;color:#949494;&quot;&gt;[Bild-Id: 16669]&lt;\/span&gt;\"\n               data-src=\"http:\/\/foto-passion.com\/wp-content\/gallery\/fotostrecke_jordanien_2019\/592_File093.jpg\"\n               data-thumbnail=\"http:\/\/foto-passion.com\/wp-content\/gallery\/fotostrecke_jordanien_2019\/thumbs\/thumbs_592_File093.jpg\"\n               data-image-id=\"16669\"\n               data-title=\"Im \u201eM\u00f6venpick Resort  &amp; SPA Dead Sea\u201c fehlt es uns an nichts\"\n               data-description=\"&lt;strong&gt;Im \u201eM\u00f6venpick Resort  &amp; SPA Dead Sea\u201c fehlt es uns an nichts&lt;\/strong&gt;&lt;br \/&gt;Jordanien 2019&lt;br \/&gt;&lt;span style=&quot;font-size:85%;color:#949494;&quot;&gt;[Bild-Id: 16669]&lt;\/span&gt;\"\n               data-image-slug=\"592_file093\"\n               class=\"ngg-simplelightbox\" rel=\"3836ed7e6fd31951ea97fbcae7033216\">\n                <img loading=\"lazy\"\n                    title=\"Im \u201eM\u00f6venpick Resort  &amp; SPA Dead Sea\u201c fehlt es uns an nichts\"\n                    alt=\"Im \u201eM\u00f6venpick Resort  &amp; SPA Dead Sea\u201c fehlt es uns an nichts\"\n                    src=\"http:\/\/foto-passion.com\/wp-content\/gallery\/fotostrecke_jordanien_2019\/cache\/592_File093.jpg-nggid0516669-ngg0dyn-150x100x100-00f0w010c011r110f110r010t010.jpg\"\n                    width=\"150\"\n                    height=\"100\"\n                    style=\"max-width:100%;\"\n                \/>\n            <\/a>\n        <\/div>\n\t\t\t\t\t\t\t<\/div> \n\t\t\t\n                            \n\t\t\t\t<div id=\"ngg-image-2\" class=\"ngg-gallery-thumbnail-box\" >\n\t\t\t\t        <div class=\"ngg-gallery-thumbnail\">\n            <a href=\"http:\/\/foto-passion.com\/wp-content\/gallery\/fotostrecke_jordanien_2019\/593_File192.jpg\"\n               title=\"&lt;strong&gt;Im \u201eM\u00f6venpick Resort  &amp; SPA Dead Sea\u201c fehlt es uns an nichts&lt;\/strong&gt;&lt;br \/&gt;Jordanien 2019&lt;br \/&gt;&lt;span style=&quot;font-size:85%;color:#949494;&quot;&gt;[Bild-Id: 16671]&lt;\/span&gt;\"\n               data-src=\"http:\/\/foto-passion.com\/wp-content\/gallery\/fotostrecke_jordanien_2019\/593_File192.jpg\"\n               data-thumbnail=\"http:\/\/foto-passion.com\/wp-content\/gallery\/fotostrecke_jordanien_2019\/thumbs\/thumbs_593_File192.jpg\"\n               data-image-id=\"16671\"\n               data-title=\"Im \u201eM\u00f6venpick Resort  &amp; SPA Dead Sea\u201c fehlt es uns an nichts\"\n               data-description=\"&lt;strong&gt;Im \u201eM\u00f6venpick Resort  &amp; SPA Dead Sea\u201c fehlt es uns an nichts&lt;\/strong&gt;&lt;br \/&gt;Jordanien 2019&lt;br \/&gt;&lt;span style=&quot;font-size:85%;color:#949494;&quot;&gt;[Bild-Id: 16671]&lt;\/span&gt;\"\n               data-image-slug=\"593_file192\"\n               class=\"ngg-simplelightbox\" rel=\"3836ed7e6fd31951ea97fbcae7033216\">\n                <img loading=\"lazy\"\n                    title=\"Im \u201eM\u00f6venpick Resort  &amp; SPA Dead Sea\u201c fehlt es uns an nichts\"\n                    alt=\"Im \u201eM\u00f6venpick Resort  &amp; SPA Dead Sea\u201c fehlt es uns an nichts\"\n                    src=\"http:\/\/foto-passion.com\/wp-content\/gallery\/fotostrecke_jordanien_2019\/cache\/593_File192.jpg-nggid0516671-ngg0dyn-150x100x100-00f0w010c011r110f110r010t010.jpg\"\n                    width=\"150\"\n                    height=\"100\"\n                    style=\"max-width:100%;\"\n                \/>\n            <\/a>\n        <\/div>\n\t\t\t\t\t\t\t<\/div> \n\t\t\t\n                            \n\t\t\t\t<div id=\"ngg-image-3\" class=\"ngg-gallery-thumbnail-box\" >\n\t\t\t\t        <div class=\"ngg-gallery-thumbnail\">\n            <a href=\"http:\/\/foto-passion.com\/wp-content\/gallery\/fotostrecke_jordanien_2019\/594_File218.jpg\"\n               title=\"&lt;strong&gt;Im \u201eM\u00f6venpick Resort  &amp; SPA Dead Sea\u201c fehlt es uns an nichts&lt;\/strong&gt;&lt;br \/&gt;Jordanien 2019&lt;br \/&gt;&lt;span style=&quot;font-size:85%;color:#949494;&quot;&gt;[Bild-Id: 16672]&lt;\/span&gt;\"\n               data-src=\"http:\/\/foto-passion.com\/wp-content\/gallery\/fotostrecke_jordanien_2019\/594_File218.jpg\"\n               data-thumbnail=\"http:\/\/foto-passion.com\/wp-content\/gallery\/fotostrecke_jordanien_2019\/thumbs\/thumbs_594_File218.jpg\"\n               data-image-id=\"16672\"\n               data-title=\"Im \u201eM\u00f6venpick Resort  &amp; SPA Dead Sea\u201c fehlt es uns an nichts\"\n               data-description=\"&lt;strong&gt;Im \u201eM\u00f6venpick Resort  &amp; SPA Dead Sea\u201c fehlt es uns an nichts&lt;\/strong&gt;&lt;br \/&gt;Jordanien 2019&lt;br \/&gt;&lt;span style=&quot;font-size:85%;color:#949494;&quot;&gt;[Bild-Id: 16672]&lt;\/span&gt;\"\n               data-image-slug=\"594_file218\"\n               class=\"ngg-simplelightbox\" rel=\"3836ed7e6fd31951ea97fbcae7033216\">\n                <img loading=\"lazy\"\n                    title=\"Im \u201eM\u00f6venpick Resort  &amp; SPA Dead Sea\u201c fehlt es uns an nichts\"\n                    alt=\"Im \u201eM\u00f6venpick Resort  &amp; SPA Dead Sea\u201c fehlt es uns an nichts\"\n                    src=\"http:\/\/foto-passion.com\/wp-content\/gallery\/fotostrecke_jordanien_2019\/cache\/594_File218.jpg-nggid0516672-ngg0dyn-150x100x100-00f0w010c011r110f110r010t010.jpg\"\n                    width=\"150\"\n                    height=\"100\"\n                    style=\"max-width:100%;\"\n                \/>\n            <\/a>\n        <\/div>\n\t\t\t\t\t\t\t<\/div> \n\t\t\t\n                                    <br style=\"clear: both\" \/>\n                    \n\t\t\n\t\t<div class=\"ngg-clear\"><\/div>\n\t<\/div>\n<\/p>\t\t\t\t\t<\/div>\n\t\t\t\t\t\t<\/div>\n\t\t\t\t<\/div>\n\t\t\t\t\t\t<\/div>\n\t\t\t\t\t<\/div>\n\t\t<\/div>\n\t\t\t\t\t\t\t\t<\/div>\n\t\t\t\t\t<\/div>\n\t\t<\/section>\n\t\t\t\t<section class=\"elementor-section elementor-top-section elementor-element elementor-element-eeee992 elementor-section-boxed elementor-section-height-default elementor-section-height-default\" data-id=\"eeee992\" data-element_type=\"section\">\n\t\t\t\t\t\t<div class=\"elementor-container elementor-column-gap-default\">\n\t\t\t\t\t\t\t<div class=\"elementor-row\">\n\t\t\t\t\t<div class=\"elementor-column elementor-col-100 elementor-top-column elementor-element elementor-element-4301a85\" data-id=\"4301a85\" data-element_type=\"column\">\n\t\t\t<div class=\"elementor-column-wrap elementor-element-populated\">\n\t\t\t\t\t\t\t<div class=\"elementor-widget-wrap\">\n\t\t\t\t\t\t<div class=\"elementor-element elementor-element-6d727d8 elementor-widget elementor-widget-text-editor\" data-id=\"6d727d8\" data-element_type=\"widget\" data-widget_type=\"text-editor.default\">\n\t\t\t\t<div class=\"elementor-widget-container\">\n\t\t\t\t\t\t\t\t<div class=\"elementor-text-editor elementor-clearfix\">\n\t\t\t\t\t<p style=\"text-align: justify;\">Auf dem R\u00fcckweg in unser Zimmer treffen wir wieder auf die jordanische Hochzeitsgesellschaft, die hier im Amphitheater feiert. Hm, die G\u00e4ste sitzen bei Wasser. Das ist schon ein wenig gew\u00f6hnungsbed\u00fcrftig aber sie brauchen zum Feiern und Tanzen keinen Alkohol, denn es geht auch so ziemlich munter zu. Interessant dabei zuzuschauen, ist es auf jeden Fall.<\/p>\t\t\t\t\t<\/div>\n\t\t\t\t\t\t<\/div>\n\t\t\t\t<\/div>\n\t\t\t\t\t\t<\/div>\n\t\t\t\t\t<\/div>\n\t\t<\/div>\n\t\t\t\t\t\t\t\t<\/div>\n\t\t\t\t\t<\/div>\n\t\t<\/section>\n\t\t\t\t<section class=\"elementor-section elementor-top-section elementor-element elementor-element-bab5f81 elementor-section-boxed elementor-section-height-default elementor-section-height-default\" data-id=\"bab5f81\" data-element_type=\"section\">\n\t\t\t\t\t\t<div class=\"elementor-container elementor-column-gap-default\">\n\t\t\t\t\t\t\t<div class=\"elementor-row\">\n\t\t\t\t\t<div class=\"elementor-column elementor-col-100 elementor-top-column elementor-element elementor-element-94f1a5e\" data-id=\"94f1a5e\" data-element_type=\"column\">\n\t\t\t<div class=\"elementor-column-wrap elementor-element-populated\">\n\t\t\t\t\t\t\t<div class=\"elementor-widget-wrap\">\n\t\t\t\t\t\t<div class=\"elementor-element elementor-element-459b70d elementor-widget elementor-widget-text-editor\" data-id=\"459b70d\" data-element_type=\"widget\" data-widget_type=\"text-editor.default\">\n\t\t\t\t<div class=\"elementor-widget-container\">\n\t\t\t\t\t\t\t\t<div class=\"elementor-text-editor elementor-clearfix\">\n\t\t\t\t\t<p><strong>19.10.2019\u00a0\u00a0\u00a0\u00a0 Totes Meer \u201eM\u00f6venpick Resort &amp; SPA Dead Sea\u201c<\/strong><\/p><p style=\"text-align: justify;\">Allen bekannt sind die Bilder von Zeitung lesenden Menschen im Toten Meer. Das wollen wir heute ausprobieren. Gleich nach dem Fr\u00fchst\u00fcck laufen wir runter ans Meer. Da sich das Tote Meer immer weiter zur\u00fcckzieht \u2013 im Jahr sinkt der Wasserstand um fast einen Meter, ist der Weg bis ans Wasser schon ganz sch\u00f6n weit. F\u00fcr weniger Sportliche gibt es aber einen Shuttle in Form eines Golfcaddys, der bei Anruf kommt. Zum Hotel geh\u00f6rt ein abgesperrter Badebereich mit einem Bademeister, der sich ganz r\u00fchrend um die G\u00e4ste k\u00fcmmert. Zwei Stege f\u00fchren ins Wasser. Am Ufer steht ein gro\u00dfer Beh\u00e4lter mit Schlamm, aus dem man sich bedienen und sich mit dem mineralstoffreichen Schlamm einreiben kann. Man spricht dem Toten Meer einen hohen Mineraliengehalt zu, denn es unterscheidet sich deutlich von der Salzzusammensetzung von Meerwasser. Es enth\u00e4lt ungef\u00e4hr 50,8\u00a0% Magnesiumchlorid, 14,4 %\u00a0Calciumchlorid, 30,4 %\u00a0Natriumchlorid und 4,4 %\u00a0Kaliumchlorid, bezogen auf die wasserfreien Salze. Der Rest entf\u00e4llt auf zahlreiche Spurenelemente. Es enth\u00e4lt wenig Sulfat, jedoch relativ viel Bromid. F\u00fcr die Haut ist es ein ideales Peeling und ein wunderbarer \u201eWeichmacher\u201c.<\/p><p style=\"text-align: justify;\">Wir gehen erst einmal etwas vorsichtig ins Wasser, denn irgendwie ist das ja schon ein merkw\u00fcrdiges Gef\u00fchl, dass einen das Wasser so von allein tr\u00e4gt. Sich einfach auf dem Wasser schweben zu lassen, ist ein gigantisches Gef\u00fchl und man m\u00f6chte diesen Schwebezustand ewig haben. Es ist v\u00f6llig egal, ob man die Beine anwinkelt, ob man eine Sitzposition einnimmt oder ob man sich einfach flach aufs Wasser legt \u2013 das Wasser tr\u00e4gt einen. Sich jedoch vom R\u00fccken auf den Bauch zu drehen, ist gar nicht so einfach. Wichtig ist, dass man das Wasser nicht in die Augen oder gar in die Lunge bekommt. Die Wassertemperatur ist verh\u00e4ltnism\u00e4\u00dfig warm; nur hin und wieder kommen k\u00fchlere Str\u00f6mungen, so dass wir recht lange drin bleiben k\u00f6nnen. Anschlie\u00dfend gibt es dann eine Matschpackung und dann geht es zum Absp\u00fclen noch einmal ins Meer. Nun hei\u00dft es aber, das Salzwasser sehr gut vom K\u00f6rper abzusp\u00fclen. Dazu gibt es am Strand auch mehrere Duschen, unter denen man das an Ort und Stelle tun kann.<\/p><p style=\"text-align: justify;\">Dass der Bademeister seine Augen \u00fcberall hat, zeigt sich kurze Zeit sp\u00e4ter. Nach mir geht eine Inderin ins Wasser und es ist offensichtlich, dass die Frau Angst hat, da sie vermutlich nicht schwimmen kann. Sie planscht etwas hektisch und bekommt Wasser in die Augen. Sofort ist der Bademeister bei ihr und sp\u00fclt ihr mit einer Wasserflasche die Augen aus. Dann soll die Frau ihren Kopf auf seine F\u00fc\u00dfe legen. So kann sie ohne Angst schweben und man sieht, wie sie sich entspannt und sie sogar sichtlich Spa\u00df daran findet. Er macht das gro\u00dfartig! Im benachbarten Hotel ist heute ein gro\u00dfes Event und so dr\u00f6hnt lautstark arabische Popmusik herunter. Die Musik ist gar nicht so schlecht und unser Bademeister tanzt im Wasser dazu. Wir haben Spa\u00df!<\/p><p style=\"text-align: justify;\">Nach diesem beeindruckenden Badeerlebnis verbringen wir den Tag wieder im SPA-VIP-Bereich. Heute Vormittag ist hier \u00fcberhaupt noch nichts los und wir haben den Infinity-Pool ganz f\u00fcr uns allein. Auch die Innenbecken sind alle noch exclusiv f\u00fcr uns. Der Poolboy versorgt uns mit Getr\u00e4nken, richtet uns den Sonnenschirm und versorgt uns mit frischen Handt\u00fcchern. So sch\u00f6n kann das Leben sein!<\/p><p style=\"text-align: justify;\">Au\u00dfer einer weiteren sehr professionell ausgef\u00fchrten Anwendung f\u00fcr jeden von uns ereignet sich heute nichts weiter. Wir zelebrieren eine gepflegte Langeweile oder \u201ehiksen\u201c, wie man heute dazu sagt. Auf jeden Fall genie\u00dfen wir diesen letzten Urlaubstag und vor allem diesen letzten Sommertag des Sommers 2019.<\/p>\t\t\t\t\t<\/div>\n\t\t\t\t\t\t<\/div>\n\t\t\t\t<\/div>\n\t\t\t\t\t\t<\/div>\n\t\t\t\t\t<\/div>\n\t\t<\/div>\n\t\t\t\t\t\t\t\t<\/div>\n\t\t\t\t\t<\/div>\n\t\t<\/section>\n\t\t\t\t<section class=\"elementor-section elementor-top-section elementor-element elementor-element-ae49c17 elementor-section-boxed elementor-section-height-default elementor-section-height-default\" data-id=\"ae49c17\" data-element_type=\"section\">\n\t\t\t\t\t\t<div class=\"elementor-container elementor-column-gap-default\">\n\t\t\t\t\t\t\t<div class=\"elementor-row\">\n\t\t\t\t\t<div class=\"elementor-column elementor-col-100 elementor-top-column elementor-element elementor-element-3cd1af8\" data-id=\"3cd1af8\" data-element_type=\"column\">\n\t\t\t<div class=\"elementor-column-wrap elementor-element-populated\">\n\t\t\t\t\t\t\t<div class=\"elementor-widget-wrap\">\n\t\t\t\t\t\t<div class=\"elementor-element elementor-element-c03414a elementor-widget elementor-widget-text-editor\" data-id=\"c03414a\" data-element_type=\"widget\" data-widget_type=\"text-editor.default\">\n\t\t\t\t<div class=\"elementor-widget-container\">\n\t\t\t\t\t\t\t\t<div class=\"elementor-text-editor elementor-clearfix\">\n\t\t\t\t\t<p><strong>20.10.2019\u00a0\u00a0\u00a0\u00a0 Totes Meer &#8211; Frankfurt<\/strong><\/p><p style=\"text-align: justify;\">Heute morgen stehen wir wie ungeduldige Rentner noch vor 6 Uhr an und warten darauf, dass das Fr\u00fchst\u00fccksbuffet \u00f6ffnet. Peinlich! Um 10:30 Uhr geht unser Flug ab Amman und wir m\u00fcssen ja auch noch das Auto abgeben, so dass wir uns ein wenig beeilen sollten. F\u00fcr ein schnelles Fr\u00fchst\u00fcck reicht die Zeit aber noch, bevor wir auschecken.<\/p><p style=\"text-align: justify;\">Ohne besondere Vorkommnisse und vor allem ohne gr\u00f6\u00dfere Staus erreichen wir den Airport von Amman. Auffallend ist heute morgen, dass ganz viele Jordanier sich einfach an den Highway stellen und von anderen Fahrzeugen mitgenommen werden. Das \u00f6ffentliche Nahverkehrsnetz ist noch sehr wenig ausgebaut, Busse gibt es wenig und Bahnen gar nicht. So helfen sich die Menschen auf diese Art und Weise und es f\u00e4hrt nicht jeder allein.<\/p><p style=\"text-align: justify;\">Wir finden am Airport auf Anhieb die richtige Parkbucht, wo wir unser Fahrzeug abgeben k\u00f6nnen. Ein Mitarbeiter der Mietwagenfirma inspiziert kurz den Wagen und dann ist der Abnahmeakt erledigt. Wir bezahlen das Fahrzeug und k\u00f6nnen einchecken gehen. Vorher m\u00fcssen wir und unser Gep\u00e4ck schon mal durch einen ersten Security-Check. Dort st\u00f6rt man sich an der Form des Blasebalgs im Kamerarucksack. Nun ja, der sieht aus wie eine kleine Rakete und das darf nicht ins Handgep\u00e4ck. Da hilft es auch nicht zu demonstrieren, dass aus dem Ding nur Luft rauskommt. OK, dann packen wir den noch in die Reisetasche. Der eigentliche Checkin ist dann aber auch schnell erledigt. Wir haben noch zwei Wasserflaschen im Rucksack und lassen es beim Sicherheitscheck drauf ankommen. Das Personal ist dann auch so mit unserem Kameraequipment besch\u00e4ftigt, dass sie die Wasserflaschen \u00fcbersehen. Alles wird noch auf Sprengstoff untersucht, dann k\u00f6nnen wir einpacken, einschlie\u00dflich unserer Wasserflaschen.<\/p><p style=\"text-align: justify;\">Die Maschine von \u201eRoyal Jordan Air\u201c f\u00fcr den R\u00fcckflug ist genauso marode wie die vom Hinflug. Mein Sitz l\u00e4sst sich nicht mehr verstellen, das Tablett klappt von allein runter, weil es ausgebrochen ist, die Sitze sind ausgebrochen, Decken werden gleich ganz eingespart und man sitzt auf den Kr\u00fcmeln und im M\u00fcll der Vorg\u00e4nger. Entsprechend sind wir froh, als das Fahrwerk \u00fcber Frankfurt ordentlich ausf\u00e4hrt und wir wieder festen Boden unter den F\u00fc\u00dfen haben. Die Heimat hat uns wieder, wenn auch mit Schmuddelwetter und Herbstfeeling.<\/p>\t\t\t\t\t<\/div>\n\t\t\t\t\t\t<\/div>\n\t\t\t\t<\/div>\n\t\t\t\t\t\t<\/div>\n\t\t\t\t\t<\/div>\n\t\t<\/div>\n\t\t\t\t\t\t\t\t<\/div>\n\t\t\t\t\t<\/div>\n\t\t<\/section>\n\t\t\t\t<section class=\"elementor-section elementor-top-section elementor-element elementor-element-701c962 elementor-section-boxed elementor-section-height-default elementor-section-height-default\" data-id=\"701c962\" data-element_type=\"section\">\n\t\t\t\t\t\t<div class=\"elementor-container elementor-column-gap-default\">\n\t\t\t\t\t\t\t<div class=\"elementor-row\">\n\t\t\t\t\t<div class=\"elementor-column elementor-col-100 elementor-top-column elementor-element elementor-element-8f6522b\" data-id=\"8f6522b\" data-element_type=\"column\">\n\t\t\t<div class=\"elementor-column-wrap elementor-element-populated\">\n\t\t\t\t\t\t\t<div class=\"elementor-widget-wrap\">\n\t\t\t\t\t\t<div class=\"elementor-element elementor-element-7885010 elementor-widget elementor-widget-text-editor\" data-id=\"7885010\" data-element_type=\"widget\" data-widget_type=\"text-editor.default\">\n\t\t\t\t<div class=\"elementor-widget-container\">\n\t\t\t\t\t\t\t\t<div class=\"elementor-text-editor elementor-clearfix\">\n\t\t\t\t\t<p><strong>Fazit<\/strong><\/p><p style=\"text-align: justify;\">Das haschemitische K\u00f6nigreich Jordanien ist ein sehr interessantes Reiseland mit vielen kulturellen Sehensw\u00fcrdigkeiten. Die zweieinhalb Wochen in diesem Land waren f\u00fcr uns abwechslungsreich und die Reisedauer zeitlich gut bemessen.<\/p><p style=\"text-align: justify;\">Nachdem wir dieses Jahr schon ein arabisches Land besucht haben, bleibt es nicht aus, dass wir Jordanien mit dem Oman vergleichen. Ganz klar k\u00f6nnen wir sagen, dass es sehr klug war, dass wir zuerst den Oman bereist haben, denn nach dem wir Jordanien erlebt haben, w\u00e4ren wir nicht mehr in den Oman gefahren, weil wir unterstellt h\u00e4tten, dass das Land \u00e4hnlich ist. Niemals h\u00e4tten wir es f\u00fcr m\u00f6glich gehalten, dass die beiden L\u00e4nder so krass unterschiedlich sind, obwohl doch beide L\u00e4nder die gleiche Religion, eine Monarchie und \u00e4hnliche Ausgangsbedingungen haben.<\/p><p style=\"text-align: justify;\">Land und Leute<br \/>Wir h\u00e4tten nicht geglaubt, dass der heruntergekommene Zustand des Flugzeugs von \u201eRoyal Jordan Air\u201c ein Vorgeschmack auf die Situation im Land ist doch er spiegelt genau das wieder, was wir tagt\u00e4glich erlebt und gesehen haben.<\/p><p style=\"text-align: justify;\">Jordanien hat knapp 10 Mio. Einwohner, wobei fast jeder Dritte ein Fl\u00fcchtling ist. Trotzdem gelingt es den Menschen, friedlich zusammenzuleben. Daf\u00fcr geb\u00fchrt ihnen gro\u00dfer Respekt. Die Tatsache, dass die Jordanier eher zur\u00fcckhaltend reserviert, ja k\u00fchl sind, liegt wohl in ihrer Natur. Sind wir jedoch mit ihnen in Kontakt gekommen, wurde uns freundlich und respektvoll begegnet aber sie haben kein weitergehendes Interesse an den Touristen. Vermutlich sind sie einfach schon ges\u00e4ttigt. Immer, wenn sich Jemand n\u00e4her mit uns besch\u00e4ftigte, dann erfolgte das mit einer Absicht, so dass wir diesbez\u00fcglich vorsichtig waren.<\/p><p style=\"text-align: justify;\">Die unglaubliche Offenherzigkeit und ausgepr\u00e4gte Hilfsbereitschaft der Omanis haben wir schon etwas vermisst. Hinzu kommt, dass viele Jordanier der englischen Sprache nicht m\u00e4chtig sind und nur wenige Worte beherrschen. Das f\u00e4ngt schon bei den Stra\u00dfenkontrollen an. Dort werden Touristen meist durch gewunken, weil schlicht der Wortschatz fehlt.<\/p><p style=\"text-align: justify;\">In Jordanien ist der Tourismus eine Haupteinnahmequelle und so versucht Jeder, von dem gro\u00dfen Kuchen etwas abzubekommen. Touristen sind f\u00fcr sie eine Einnahmequelle, die gern in Anspruch genommen wird. Die Situation, dass uns ein Kind aus \u201enormalen\u201c Verh\u00e4ltnissen sofort wegen Geld anbettelt, spiegelt eine gewisse Grundhaltung wider: Touristen haben Geld und sollen es gef\u00e4lligst uns geben.<\/p><p style=\"text-align: justify;\">Eine hartn\u00e4ckige N\u00f6tigung zum Kauf haben wir jedoch nie erlebt. Es gen\u00fcgte ein \u201eNein danke\u201c. Wir sind auch nicht betrogen worden und man muss sich auch keine Gedanken um sein Eigentum machen. Diebstahl scheint eher nicht an der Tagesordnung zu sein.<\/p><p style=\"text-align: justify;\">W\u00e4hrend die Omanis \u00c4stheten sind, die auch viel Wert auf \u00c4u\u00dferlichkeiten legen, stehen die Jordanier diesen \u00c4u\u00dferlichkeiten gleichg\u00fcltig gegen\u00fcber. Dies \u00e4u\u00dfert sich z. B. daran, dass die H\u00e4user ungepflegt, ihre Fahrzeuge meist zerbeulte, uralte und ungepflegte Dreckkarren sind, die den schwarzen Ru\u00df in gro\u00dfen Wolken in die Luft blasen und die Kleidung der Menschen auch sehr viel weniger gepflegt ist. Omanis hatten stets tadellos gepflegte Dishdashas an, waren korrekt frisiert mit akkuratem Haarschnitt, hatten gepflegte Fingern\u00e4gel, sie rochen gut und ihre Fahrzeuge und H\u00e4user waren ebenfalls sehr gepflegt. Nicht an einem Ort im Oman haben wir so viel Dreck gesehen wie hier in Jordanien, wo Jeder seinen M\u00fcll einfach auf der Stra\u00dfe fallen l\u00e4sst. Da ist es auch egal, ob ein M\u00fclltonne da steht oder nicht.<\/p><p style=\"text-align: justify;\">Verkehr und Mietwagen<br \/>Insgesamt ist das Autofahren in Jordanien eigentlich kein Problem, wenn man von dem Chaos in der 2-Millionen-Metropole Amman absieht. Hier gibt es zwar drei- und vierspurige Stra\u00dfen aber es sind keine Spuren eingezeichnet und jeder f\u00e4hrt, wie es ihm einf\u00e4llt. Entsprechend ramponiert sehen auch viele Fahrzeuge aus. Da muss man sich darauf einstellen, dass Taxis auf der dritten Spur und \u00fcberhaupt \u00fcberall mal schnell anhalten, um Fahrg\u00e4ste aufzunehmen, dass grunds\u00e4tzlich in der zweiten Reihe geparkt wird bzw. da, wo man es gerade braucht \u2013 und wenn es mitten auf einer Kreuzung ist, dass Jeder von jeder Seite dr\u00e4ngelt und dass Dauerstau herrscht. In ein bis zwei Jahren wird Amman im Verkehrskollaps enden, wenn hier nicht grundlegende Ver\u00e4nderungen erfolgen. Es gibt zwar entsprechende Verkehrsregeln, aber die werden nicht auf ihre Einhaltung kontrolliert.<\/p><p style=\"text-align: justify;\">Hinzu kommt, dass Jeder immer noch das Handy am Ohr oder zumindest in der Hand h\u00e4lt, telefoniert bzw. zumindest Nachrichten tippt. Geht es nicht schnell genug oder ist der Andere im Weg, wird gehupt. So sind besonders mehrspurige Kreisverkehre eine Mutprobe. Wer zuckt, hat in diesem Spiel verloren. Wir waren nicht nur einmal froh, dass unser Auto gro\u00df genug und f\u00fcr den besseren \u00dcberblick sch\u00f6n hoch ist. Beim Autofahren werden die Jordanier stur wie Ziegenb\u00f6cke und man kann es vergessen, dass einer freiwillig Platz macht oder einen rein l\u00e4sst! Selbst mitten in Kreisverkehren wird gehalten und nicht einmal Rettungswagen mit Sirene haben einen Sonderstatus. Da macht nicht ein Fahrzeug Platz und Rettungsfahrzeuge im Einsatz m\u00fcssen sich genauso in die Schlange einordnen, wie jedes andere Fahrzeug. Hier regiert das Gesetz des St\u00e4rkeren oder zumindest desjenigen, der die besseren Nerven hat. Obwohl es eine Gurtpflicht gibt, ist kaum einer angeschnallt; Kinder turnen im Auto herum, stehen vorn oder sitzen auf dem Scho\u00df des Fahrers. Deutsche Polizisten w\u00fcrden Weinkr\u00e4mpfe bekommen bei diesem Chaos!<\/p><p style=\"text-align: justify;\">Von dieser Herausforderung innerhalb Ammans abgesehen, ist das Fahren im Land ansonsten problemlos m\u00f6glich. Wir sind mit unserem Navi sehr gut klar gekommen. Manchmal ist die Ausschilderung etwas d\u00fcrftig, aber alle Sehensw\u00fcrdigkeiten sind mehrfach deutlich ausgeschildert und auch sonst findet man sich gut zurecht. Nur die Namen von Ortschaften bekommt man nicht heraus, weil es nirgendwo Schilder dazu gibt. Ist aber auch egal, denn die Orientierung funktioniert auch so gut.<\/p><p style=\"text-align: justify;\">Viele Fahrzeuge befinden sich in einem bedauernswerten Zustand und ihr Baujahr liegt schon sehr sehr weit zur\u00fcck. Oft fuhren vor uns Dieselfahrzeuge, die eine heftige schwarze Rauchfahne ausblasen. Von Feinstaub und Emission hat hier noch Niemand geh\u00f6rt.<\/p><p style=\"text-align: justify;\">Unser Mietwagen<br \/>Wir waren mit dem Mietwagen der Firma \u201edollar\u201c sehr zufrieden. Das Fahrzeug hatte bei der \u00dcbernahme ca. 35.000 km auf dem Tacho und wir sind etwa 2.500 km durch das Land gefahren. Die Tatsache, dass wir einen 4&#215;4 gemietet haben, hat sich f\u00fcr uns bezahlt gemacht, zumal der Mitsubishi Pajero sch\u00f6n hoch ist und dies vor allem die chaotische Fahrt durch Amman deutlich erleichtert hat. Die Leihwagenfirma hat eine Filiale am Flughafen, so dass wir das Fahrzeug v\u00f6llig unkompliziert abholen und dort auch wieder abgeben konnten. So schnell wie die Fahrzeug\u00fcbergabe erfolgte, so schnell war auch die Abgabe abgewickelt. Es wird nicht lange nach evtl. M\u00e4ngeln gesucht, die gefahrenen km sind alle unlimitiert und das Fahrzeug muss vor der Abgabe auch nicht auf Hochglanz gebracht werden. Alles sehr angenehm.<\/p><p style=\"text-align: justify;\">Natur und Umwelt<br \/>Vieles an dem Land hat uns gut gefallen aber der Umgang mit Natur und Umwelt ist alles andere als vorbildlich. Allein das Verh\u00e4ltnis zu Tieren ist uns sehr oft negativ aufgefallen. Es gibt \u00fcberall viele streunende Hunde und Katzen und immer wieder haben wir beobachtet, wie die Tiere mit F\u00fc\u00dfen getreten oder Steine nach ihnen geworfen werden. H\u00fchner und anderes Gefl\u00fcgel kauft man lebend aus K\u00e4figen heraus, Esel und Pferde \u2013 ganz besonders in Petra \u2013 werden geschlagen und geschunden und Kinder schie\u00dfen mit Steinschleudern auch auf V\u00f6gel. Genau so schlecht werden Schafe, Ziegen und Kamele behandelt. Sie werden als reine Nutztiere angesehen.<\/p><p style=\"text-align: justify;\">Im abgelegenen Teil des Wadi Rum soll es noch W\u00f6lfe geben, doch die werden gejagt, Hasen werden gefangen um sie zu essen, Schlangen sind gef\u00e4hrlich und werden get\u00f6tet und \u2026 Kurz, die Tierwelt wird ausgerottet, weil man keinen Bezug dazu hat.<\/p><p style=\"text-align: justify;\">Ganz furchtbar ist der Umgang mit M\u00fcll. Jeder l\u00e4sst das, was er nicht mehr braucht, an Ort und Stelle aus den Fingern bzw. aus dem Auto fallen. Den Gang zu einem M\u00fclleimer \u2013 die schon extra keinen Deckel haben, damit man sich nicht \u00fcberhebt \u2013 ist f\u00fcr Jordanier verschwendete Lebenszeit. Viele Male haben wir erlebt, dass dann oberfl\u00e4chlich ein St\u00fcck Stra\u00dfenrand gekehrt wird, der M\u00fcll, der zu gro\u00dfen Teilen aus Plastik besteht, wird in eine Ecke gekehrt und angez\u00fcndet. Gro\u00dfe schwarze, giftig stinkende Rauchfahnen bahnen sich den Weg in die Atmosph\u00e4re und wir Deutschen zahlen demn\u00e4chst CO2-Steuer. Hier bekommt man beim Einkaufen nach wie vor seine Eink\u00e4ufe in viele Plastikt\u00fcten gepackt. Jordanier st\u00f6ren sich an herumliegendem M\u00fcll offensichtlich \u00fcberhaupt nicht. Sie machen ihr Abend- oder Wochenend-Picknick auch mitten im M\u00fcll von anderen und lassen dann einfach ihre Reste auch noch liegen. Wir haben ganze Felder verwehter Plastikt\u00fcten gesehen, Plastikm\u00fcll auf dem Meeresboden und Plastikm\u00fcll auch an allen Sehensw\u00fcrdigkeiten des Landes. Selbst Petras gro\u00dfartige Kulturg\u00fcter sind nicht einmal vordergr\u00fcndig sauber sondern selbst in ihnen liegt M\u00fcll. Schaut man dann ein St\u00fcck hinter die Felsen, offenbart sich das ganze \u00dcbel. M\u00fcllverbrennungsanlagen haben wir dagegen im ganzen Land keine einzige gesehen. Lediglich eine Kl\u00e4ranlage in der N\u00e4he von Amman wird gerade gebaut.<\/p>\t\t\t\t\t<\/div>\n\t\t\t\t\t\t<\/div>\n\t\t\t\t<\/div>\n\t\t\t\t\t\t<\/div>\n\t\t\t\t\t<\/div>\n\t\t<\/div>\n\t\t\t\t\t\t\t\t<\/div>\n\t\t\t\t\t<\/div>\n\t\t<\/section>\n\t\t\t\t<section class=\"elementor-section elementor-top-section elementor-element elementor-element-17b29ab elementor-section-boxed elementor-section-height-default elementor-section-height-default\" data-id=\"17b29ab\" data-element_type=\"section\">\n\t\t\t\t\t\t<div class=\"elementor-container elementor-column-gap-default\">\n\t\t\t\t\t\t\t<div class=\"elementor-row\">\n\t\t\t\t\t<div class=\"elementor-column elementor-col-100 elementor-top-column elementor-element elementor-element-7b2582b\" data-id=\"7b2582b\" data-element_type=\"column\">\n\t\t\t<div class=\"elementor-column-wrap elementor-element-populated\">\n\t\t\t\t\t\t\t<div class=\"elementor-widget-wrap\">\n\t\t\t\t\t\t<div class=\"elementor-element elementor-element-3a57fea elementor-widget elementor-widget-text-editor\" data-id=\"3a57fea\" data-element_type=\"widget\" data-widget_type=\"text-editor.default\">\n\t\t\t\t<div class=\"elementor-widget-container\">\n\t\t\t\t\t\t\t\t<div class=\"elementor-text-editor elementor-clearfix\">\n\t\t\t\t\t<p style=\"text-align: left;\"><!-- index.php -->\n<div\n\tclass=\"ngg-galleryoverview ngg-ajax-pagination-none\"\n\tid=\"ngg-gallery-375098b7409ce259b8688cd038e7a667-1\">\n\n    \t\t<!-- Thumbnails -->\n\t\t\t\t<div id=\"ngg-image-0\" class=\"ngg-gallery-thumbnail-box\" >\n\t\t\t\t        <div class=\"ngg-gallery-thumbnail\">\n            <a href=\"http:\/\/foto-passion.com\/wp-content\/gallery\/fotostrecke_jordanien_2019\/508_AP5A5182.jpg\"\n               title=\"&lt;strong&gt;M\u00fcll liegt \u00fcberall, auch mitten im Ort&lt;\/strong&gt;&lt;br \/&gt;Jordanien 2019&lt;br \/&gt;&lt;span style=&quot;font-size:85%;color:#949494;&quot;&gt;[Bild-Id: 16588]&lt;\/span&gt;\"\n               data-src=\"http:\/\/foto-passion.com\/wp-content\/gallery\/fotostrecke_jordanien_2019\/508_AP5A5182.jpg\"\n               data-thumbnail=\"http:\/\/foto-passion.com\/wp-content\/gallery\/fotostrecke_jordanien_2019\/thumbs\/thumbs_508_AP5A5182.jpg\"\n               data-image-id=\"16588\"\n               data-title=\"M\u00fcll liegt \u00fcberall, auch mitten im Ort\"\n               data-description=\"&lt;strong&gt;M\u00fcll liegt \u00fcberall, auch mitten im Ort&lt;\/strong&gt;&lt;br \/&gt;Jordanien 2019&lt;br \/&gt;&lt;span style=&quot;font-size:85%;color:#949494;&quot;&gt;[Bild-Id: 16588]&lt;\/span&gt;\"\n               data-image-slug=\"508_ap5a5182\"\n               class=\"ngg-simplelightbox\" rel=\"375098b7409ce259b8688cd038e7a667\">\n                <img loading=\"lazy\"\n                    title=\"M\u00fcll liegt \u00fcberall, auch mitten im Ort\"\n                    alt=\"M\u00fcll liegt \u00fcberall, auch mitten im Ort\"\n                    src=\"http:\/\/foto-passion.com\/wp-content\/gallery\/fotostrecke_jordanien_2019\/cache\/508_AP5A5182.jpg-nggid0516588-ngg0dyn-150x100x100-00f0w010c011r110f110r010t010.jpg\"\n                    width=\"150\"\n                    height=\"100\"\n                    style=\"max-width:100%;\"\n                \/>\n            <\/a>\n        <\/div>\n\t\t\t\t\t\t\t<\/div> \n\t\t\t\n                            \n\t\t\t\t<div id=\"ngg-image-1\" class=\"ngg-gallery-thumbnail-box\" >\n\t\t\t\t        <div class=\"ngg-gallery-thumbnail\">\n            <a href=\"http:\/\/foto-passion.com\/wp-content\/gallery\/fotostrecke_jordanien_2019\/509_AP5A5184.jpg\"\n               title=\"&lt;strong&gt;M\u00fcll liegt \u00fcberall, auch mitten im Ort&lt;\/strong&gt;&lt;br \/&gt;Jordanien 2019&lt;br \/&gt;&lt;span style=&quot;font-size:85%;color:#949494;&quot;&gt;[Bild-Id: 16589]&lt;\/span&gt;\"\n               data-src=\"http:\/\/foto-passion.com\/wp-content\/gallery\/fotostrecke_jordanien_2019\/509_AP5A5184.jpg\"\n               data-thumbnail=\"http:\/\/foto-passion.com\/wp-content\/gallery\/fotostrecke_jordanien_2019\/thumbs\/thumbs_509_AP5A5184.jpg\"\n               data-image-id=\"16589\"\n               data-title=\"M\u00fcll liegt \u00fcberall, auch mitten im Ort\"\n               data-description=\"&lt;strong&gt;M\u00fcll liegt \u00fcberall, auch mitten im Ort&lt;\/strong&gt;&lt;br \/&gt;Jordanien 2019&lt;br \/&gt;&lt;span style=&quot;font-size:85%;color:#949494;&quot;&gt;[Bild-Id: 16589]&lt;\/span&gt;\"\n               data-image-slug=\"509_ap5a5184\"\n               class=\"ngg-simplelightbox\" rel=\"375098b7409ce259b8688cd038e7a667\">\n                <img loading=\"lazy\"\n                    title=\"M\u00fcll liegt \u00fcberall, auch mitten im Ort\"\n                    alt=\"M\u00fcll liegt \u00fcberall, auch mitten im Ort\"\n                    src=\"http:\/\/foto-passion.com\/wp-content\/gallery\/fotostrecke_jordanien_2019\/cache\/509_AP5A5184.jpg-nggid0516589-ngg0dyn-150x100x100-00f0w010c011r110f110r010t010.jpg\"\n                    width=\"150\"\n                    height=\"100\"\n                    style=\"max-width:100%;\"\n                \/>\n            <\/a>\n        <\/div>\n\t\t\t\t\t\t\t<\/div> \n\t\t\t\n                            \n\t\t\n\t\t<div class=\"ngg-clear\"><\/div>\n\t<\/div>\n<\/p>\t\t\t\t\t<\/div>\n\t\t\t\t\t\t<\/div>\n\t\t\t\t<\/div>\n\t\t\t\t\t\t<\/div>\n\t\t\t\t\t<\/div>\n\t\t<\/div>\n\t\t\t\t\t\t\t\t<\/div>\n\t\t\t\t\t<\/div>\n\t\t<\/section>\n\t\t\t\t<section class=\"elementor-section elementor-top-section elementor-element elementor-element-6b12a61 elementor-section-boxed elementor-section-height-default elementor-section-height-default\" data-id=\"6b12a61\" data-element_type=\"section\">\n\t\t\t\t\t\t<div class=\"elementor-container elementor-column-gap-default\">\n\t\t\t\t\t\t\t<div class=\"elementor-row\">\n\t\t\t\t\t<div class=\"elementor-column elementor-col-100 elementor-top-column elementor-element elementor-element-4e24b1c\" data-id=\"4e24b1c\" data-element_type=\"column\">\n\t\t\t<div class=\"elementor-column-wrap elementor-element-populated\">\n\t\t\t\t\t\t\t<div class=\"elementor-widget-wrap\">\n\t\t\t\t\t\t<div class=\"elementor-element elementor-element-cfd19dd elementor-widget elementor-widget-text-editor\" data-id=\"cfd19dd\" data-element_type=\"widget\" data-widget_type=\"text-editor.default\">\n\t\t\t\t<div class=\"elementor-widget-container\">\n\t\t\t\t\t\t\t\t<div class=\"elementor-text-editor elementor-clearfix\">\n\t\t\t\t\t<p style=\"text-align: justify;\">Immer da, wo touristische Highlights zu besichtigen sind, kommen auch unz\u00e4hlige Reisebusse hin. Es ist absolut unverst\u00e4ndlich, dass alle Busse in der Zeit, in der die Touristen auf Besichtigungstour sind, ihren Motor laufen lassen, um den Bus weiter zu klimatisieren und wir glauben auch nicht, dass das in erster Linie wegen den Touristen gemacht wird. Hier sind vielmehr die Busfahrer auf ihren Komfort bedacht. Touristen wissen idR um das herrschende Klima, wenn sie in dieses Land reisen und wem es zu warm ist, der soll einfach zu Hause bleiben.<\/p>\t\t\t\t\t<\/div>\n\t\t\t\t\t\t<\/div>\n\t\t\t\t<\/div>\n\t\t\t\t\t\t<\/div>\n\t\t\t\t\t<\/div>\n\t\t<\/div>\n\t\t\t\t\t\t\t\t<\/div>\n\t\t\t\t\t<\/div>\n\t\t<\/section>\n\t\t\t\t<section class=\"elementor-section elementor-top-section elementor-element elementor-element-f9ce117 elementor-section-boxed elementor-section-height-default elementor-section-height-default\" data-id=\"f9ce117\" data-element_type=\"section\">\n\t\t\t\t\t\t<div class=\"elementor-container elementor-column-gap-default\">\n\t\t\t\t\t\t\t<div class=\"elementor-row\">\n\t\t\t\t\t<div class=\"elementor-column elementor-col-100 elementor-top-column elementor-element elementor-element-adaaa5b\" data-id=\"adaaa5b\" data-element_type=\"column\">\n\t\t\t<div class=\"elementor-column-wrap elementor-element-populated\">\n\t\t\t\t\t\t\t<div class=\"elementor-widget-wrap\">\n\t\t\t\t\t\t<div class=\"elementor-element elementor-element-672f1e6 elementor-widget elementor-widget-text-editor\" data-id=\"672f1e6\" data-element_type=\"widget\" data-widget_type=\"text-editor.default\">\n\t\t\t\t<div class=\"elementor-widget-container\">\n\t\t\t\t\t\t\t\t<div class=\"elementor-text-editor elementor-clearfix\">\n\t\t\t\t\t<p style=\"text-align: justify;\">Wetter\/Klima<br \/>Sonnenschein mit durchschnittlich 28 bis 35 Grad Celsius und stahlblauer Himmel sind die idealen Voraussetzungen f\u00fcr die vielen Sehensw\u00fcrdigkeiten im Land. Es war eher selten, dass wir mal bew\u00f6lkten Himmel hatten oder gar ein paar Regentropfen gefallen sind, obwohl der Beginn der Regenzeit unmittelbar bevor steht. Einen Regenschauer im Wadi Rum erleben zu k\u00f6nnen ist etwas Besonderes und dann zu sehen, wie innerhalb k\u00fcrzester Zeit Wasserf\u00e4lle von den Bergen st\u00fcrzen und sich dann auch noch ein kleiner Regenbogen bildet, das war schon ein besonderes Gl\u00fcck. Allein die Farben der W\u00fcste haben sich nach diesem Regen noch viel mehr intensiviert.<\/p><p style=\"text-align: justify;\">Vom Wadi Rum zum Toten Meer ver\u00e4nderte sich die Temperatur um mehr als 10 Grad auf \u00fcber 40 Grad Celsius, was dann doch etwas zu viel ist und man sich ins klimatisierte Auto fl\u00fcchtet.<\/p><p style=\"text-align: justify;\">Die Wassertemperaturen im Roten Meer waren dagegen angenehm und auch im Toten Meer konnte man es wunderbar f\u00fcr l\u00e4ngere Zeit aushalten.<\/p><p style=\"text-align: justify;\">Insgesamt sind wir dankbar, dass wir diese wirklich sehr besonderen Sehensw\u00fcrdigkeiten Jordaniens kennenlernen durften. Es bleibt dem Land zu w\u00fcnschen, dass es erkennt, welches gro\u00dfartige Erbe ihnen ihre Vorfahren hinterlassen haben aber dass man dieses Erbe auch pflegen und erhalten muss.<\/p>\t\t\t\t\t<\/div>\n\t\t\t\t\t\t<\/div>\n\t\t\t\t<\/div>\n\t\t\t\t\t\t<\/div>\n\t\t\t\t\t<\/div>\n\t\t<\/div>\n\t\t\t\t\t\t\t\t<\/div>\n\t\t\t\t\t<\/div>\n\t\t<\/section>\n\t\t\t\t\t\t<\/div>\n\t\t\t\t\t\t<\/div>\n\t\t\t\t\t<\/div>\n\t\t","protected":false},"excerpt":{"rendered":"<p>\u00a0pdf \u00a0 \u00a0 Fotostrecke des Reiseberichts Jordanien 2019Das Erbe der Nabat\u00e4er 3. Oktober &#8211; 20. Oktober 2019 03.10.2019 Frankfurt \u2013 Amman \u201eLandmark Hotel\u201c Es herbstet und wir sind happy, dass wir den Sommer noch etwas verl\u00e4ngern k\u00f6nnen. Wie immer fliegen wir ab Frankfurt a.M. Heute zum Feiertag ist das Parkhaus rappelvoll und wir m\u00fcssen ganz <a href='http:\/\/foto-passion.com\/?page_id=32591' class='excerpt-more'>[&#8230;]<\/a><\/p>\n","protected":false},"author":2,"featured_media":0,"parent":564,"menu_order":0,"comment_status":"closed","ping_status":"closed","template":"no-sidebars.php","meta":{"ngg_post_thumbnail":0},"yoast_head":"<!-- This site is optimized with the Yoast SEO plugin v16.2 - https:\/\/yoast.com\/wordpress\/plugins\/seo\/ -->\n<meta name=\"description\" content=\"Reisebericht Jordanien 2019\" \/>\n<meta name=\"robots\" content=\"index, follow, max-snippet:-1, max-image-preview:large, max-video-preview:-1\" \/>\n<link rel=\"canonical\" href=\"http:\/\/foto-passion.com\/?page_id=32591\" \/>\n<meta name=\"twitter:label1\" content=\"Gesch\u00e4tzte Lesezeit\">\n\t<meta name=\"twitter:data1\" content=\"93\u00a0Minuten\">\n<script type=\"application\/ld+json\" class=\"yoast-schema-graph\">{\"@context\":\"https:\/\/schema.org\",\"@graph\":[{\"@type\":\"WebSite\",\"@id\":\"http:\/\/foto-passion.com\/#website\",\"url\":\"http:\/\/foto-passion.com\/\",\"name\":\"foto-passion\",\"description\":\"Natur- und Landschaftsfotografie\",\"potentialAction\":[{\"@type\":\"SearchAction\",\"target\":\"http:\/\/foto-passion.com\/?s={search_term_string}\",\"query-input\":\"required name=search_term_string\"}],\"inLanguage\":\"de\"},{\"@type\":\"ImageObject\",\"@id\":\"http:\/\/foto-passion.com\/?page_id=32591#primaryimage\",\"inLanguage\":\"de\",\"url\":\"http:\/\/foto-passion.com\/wp-content\/gallery\/thumbs\/pdf.jpg\",\"contentUrl\":\"http:\/\/foto-passion.com\/wp-content\/gallery\/thumbs\/pdf.jpg\"},{\"@type\":\"WebPage\",\"@id\":\"http:\/\/foto-passion.com\/?page_id=32591#webpage\",\"url\":\"http:\/\/foto-passion.com\/?page_id=32591\",\"name\":\"Reisebericht Jordanien 2019\",\"isPartOf\":{\"@id\":\"http:\/\/foto-passion.com\/#website\"},\"primaryImageOfPage\":{\"@id\":\"http:\/\/foto-passion.com\/?page_id=32591#primaryimage\"},\"datePublished\":\"2020-12-29T18:27:18+00:00\",\"dateModified\":\"2021-01-06T18:38:24+00:00\",\"description\":\"Reisebericht Jordanien 2019\",\"breadcrumb\":{\"@id\":\"http:\/\/foto-passion.com\/?page_id=32591#breadcrumb\"},\"inLanguage\":\"de\",\"potentialAction\":[{\"@type\":\"ReadAction\",\"target\":[\"http:\/\/foto-passion.com\/?page_id=32591\"]}]},{\"@type\":\"BreadcrumbList\",\"@id\":\"http:\/\/foto-passion.com\/?page_id=32591#breadcrumb\",\"itemListElement\":[{\"@type\":\"ListItem\",\"position\":1,\"item\":{\"@type\":\"WebPage\",\"@id\":\"http:\/\/foto-passion.com\/?page_id=564\",\"url\":\"http:\/\/foto-passion.com\/?page_id=564\",\"name\":\"Reiseberichte\"}},{\"@type\":\"ListItem\",\"position\":2,\"item\":{\"@id\":\"http:\/\/foto-passion.com\/?page_id=32591#webpage\"}}]}]}<\/script>\n<!-- \/ Yoast SEO plugin. -->","_links":{"self":[{"href":"http:\/\/foto-passion.com\/index.php?rest_route=\/wp\/v2\/pages\/32591"}],"collection":[{"href":"http:\/\/foto-passion.com\/index.php?rest_route=\/wp\/v2\/pages"}],"about":[{"href":"http:\/\/foto-passion.com\/index.php?rest_route=\/wp\/v2\/types\/page"}],"author":[{"embeddable":true,"href":"http:\/\/foto-passion.com\/index.php?rest_route=\/wp\/v2\/users\/2"}],"replies":[{"embeddable":true,"href":"http:\/\/foto-passion.com\/index.php?rest_route=%2Fwp%2Fv2%2Fcomments&post=32591"}],"version-history":[{"count":295,"href":"http:\/\/foto-passion.com\/index.php?rest_route=\/wp\/v2\/pages\/32591\/revisions"}],"predecessor-version":[{"id":33619,"href":"http:\/\/foto-passion.com\/index.php?rest_route=\/wp\/v2\/pages\/32591\/revisions\/33619"}],"up":[{"embeddable":true,"href":"http:\/\/foto-passion.com\/index.php?rest_route=\/wp\/v2\/pages\/564"}],"wp:attachment":[{"href":"http:\/\/foto-passion.com\/index.php?rest_route=%2Fwp%2Fv2%2Fmedia&parent=32591"}],"curies":[{"name":"wp","href":"https:\/\/api.w.org\/{rel}","templated":true}]}}