{"id":29853,"date":"2016-04-29T12:09:34","date_gmt":"2016-04-29T11:09:34","guid":{"rendered":"http:\/\/foto-passion.com\/?page_id=29853"},"modified":"2016-04-29T12:19:07","modified_gmt":"2016-04-29T11:19:07","slug":"fotostrecke-costa-ricar-2015","status":"publish","type":"page","link":"http:\/\/foto-passion.com\/?page_id=29853","title":{"rendered":"Fotostrecke Costa Rica 2015\/2016"},"content":{"rendered":"<!-- index.php -->\n<div\n\tclass=\"ngg-galleryoverview ngg-ajax-pagination-none\"\n\tid=\"ngg-gallery-27968d91f01ccc6554ee2078abffb628-1\">\n\n    \t\t<!-- Thumbnails -->\n\t\t\t\t<div id=\"ngg-image-0\" class=\"ngg-gallery-thumbnail-box\" >\n\t\t\t\t        <div class=\"ngg-gallery-thumbnail\">\n            <a href=\"http:\/\/foto-passion.com\/wp-content\/gallery\/fotostrecke_costarica2015-2016\/001_20151218-Q78A7148.jpg\"\n               title=\"&lt;strong&gt;Rotaugenlaubfrosch (Agalychnis callidryas)&lt;\/strong&gt;&lt;br\/&gt;&lt;br\/&gt;&lt;span style=&quot;\\&quot;font-size:85%;color:#949494\\&quot;&quot;&gt;[Bild-Id: 14331]&lt;\/span&gt;\"\n               data-src=\"http:\/\/foto-passion.com\/wp-content\/gallery\/fotostrecke_costarica2015-2016\/001_20151218-Q78A7148.jpg\"\n               data-thumbnail=\"http:\/\/foto-passion.com\/wp-content\/gallery\/fotostrecke_costarica2015-2016\/thumbs\/thumbs_001_20151218-Q78A7148.jpg\"\n               data-image-id=\"14331\"\n               data-title=\"Rotaugenlaubfrosch (Agalychnis callidryas)\"\n               data-description=\"&lt;strong&gt;Rotaugenlaubfrosch (Agalychnis callidryas)&lt;\/strong&gt;&lt;br\/&gt;&lt;br\/&gt;&lt;span style=&quot;&quot;font-size:85%;color:#949494&quot;&quot;&gt;[Bild-Id: 14331]&lt;\/span&gt;\"\n               data-image-slug=\"rotaugenlaubfrosch-agalychnis-callidryas-3\"\n               class=\"ngg-simplelightbox\" rel=\"27968d91f01ccc6554ee2078abffb628\">\n                <img\n                    title=\"Rotaugenlaubfrosch (Agalychnis callidryas)\"\n                    alt=\"Rotaugenlaubfrosch (Agalychnis callidryas)\"\n                    src=\"http:\/\/foto-passion.com\/wp-content\/gallery\/fotostrecke_costarica2015-2016\/cache\/001_20151218-Q78A7148.jpg-nggid0514331-ngg0dyn-150x100x100-00f0w010c011r110f110r010t010.jpg\"\n                    width=\"150\"\n                    height=\"100\"\n                    style=\"max-width:100%;\"\n                \/>\n            <\/a>\n        <\/div>\n\t\t\t\t\t\t\t<\/div> \n\t\t\t\n                            \n\t\t\t\t<div id=\"ngg-image-1\" class=\"ngg-gallery-thumbnail-box\" >\n\t\t\t\t        <div class=\"ngg-gallery-thumbnail\">\n            <a href=\"http:\/\/foto-passion.com\/wp-content\/gallery\/fotostrecke_costarica2015-2016\/002_20151211-Q78A3398.jpg\"\n               title=\"&lt;strong&gt;Alles wird wegen der hohen Luftfeuchtigkeit im Dschungel luftdicht verpackt.&lt;\/strong&gt;&lt;br\/&gt;&lt;br\/&gt;&lt;span style=&quot;\\&quot;font-size:85%;color:#949494\\&quot;&quot;&gt;[Bild-Id: 14332]&lt;\/span&gt;\"\n               data-src=\"http:\/\/foto-passion.com\/wp-content\/gallery\/fotostrecke_costarica2015-2016\/002_20151211-Q78A3398.jpg\"\n               data-thumbnail=\"http:\/\/foto-passion.com\/wp-content\/gallery\/fotostrecke_costarica2015-2016\/thumbs\/thumbs_002_20151211-Q78A3398.jpg\"\n               data-image-id=\"14332\"\n               data-title=\"Alles wird wegen der hohen Luftfeuchtigkeit im Dschungel luftdicht verpackt.\"\n               data-description=\"&lt;strong&gt;Alles wird wegen der hohen Luftfeuchtigkeit im Dschungel luftdicht verpackt.&lt;\/strong&gt;&lt;br\/&gt;&lt;br\/&gt;&lt;span style=&quot;&quot;font-size:85%;color:#949494&quot;&quot;&gt;[Bild-Id: 14332]&lt;\/span&gt;\"\n               data-image-slug=\"alles-wird-wegen-der-hohen-luftfeuchtigkeit-im-dschungel-luftdicht-verpackt-1\"\n               class=\"ngg-simplelightbox\" rel=\"27968d91f01ccc6554ee2078abffb628\">\n                <img\n                    title=\"Alles wird wegen der hohen Luftfeuchtigkeit im Dschungel luftdicht verpackt.\"\n                    alt=\"Alles wird wegen der hohen Luftfeuchtigkeit im Dschungel luftdicht verpackt.\"\n                    src=\"http:\/\/foto-passion.com\/wp-content\/gallery\/fotostrecke_costarica2015-2016\/cache\/002_20151211-Q78A3398.jpg-nggid0514332-ngg0dyn-150x100x100-00f0w010c011r110f110r010t010.jpg\"\n                    width=\"150\"\n                    height=\"100\"\n                    style=\"max-width:100%;\"\n                \/>\n            <\/a>\n        <\/div>\n\t\t\t\t\t\t\t<\/div> \n\t\t\t\n                            \n\t\t\t\t<div id=\"ngg-image-2\" class=\"ngg-gallery-thumbnail-box\" >\n\t\t\t\t        <div class=\"ngg-gallery-thumbnail\">\n            <a href=\"http:\/\/foto-passion.com\/wp-content\/gallery\/fotostrecke_costarica2015-2016\/003_20151215-Q78A4336.jpg\"\n               title=\"&lt;strong&gt;Bosque de Paz Lodge&lt;\/strong&gt;&lt;br\/&gt;&lt;br\/&gt;&lt;span style=&quot;font-size:85%;color:#949494&quot;&gt;[Bild-Id: 14333]&lt;\/span&gt;\"\n               data-src=\"http:\/\/foto-passion.com\/wp-content\/gallery\/fotostrecke_costarica2015-2016\/003_20151215-Q78A4336.jpg\"\n               data-thumbnail=\"http:\/\/foto-passion.com\/wp-content\/gallery\/fotostrecke_costarica2015-2016\/thumbs\/thumbs_003_20151215-Q78A4336.jpg\"\n               data-image-id=\"14333\"\n               data-title=\"Bosque de Paz Lodge\"\n               data-description=\"&lt;strong&gt;Bosque de Paz Lodge&lt;\/strong&gt;&lt;br\/&gt;&lt;br\/&gt;&lt;span style=&quot;font-size:85%;color:#949494&quot;&gt;[Bild-Id: 14333]&lt;\/span&gt;\"\n               data-image-slug=\"bosque-de-paz-lodge-2\"\n               class=\"ngg-simplelightbox\" rel=\"27968d91f01ccc6554ee2078abffb628\">\n                <img\n                    title=\"Bosque de Paz Lodge\"\n                    alt=\"Bosque de Paz Lodge\"\n                    src=\"http:\/\/foto-passion.com\/wp-content\/gallery\/fotostrecke_costarica2015-2016\/cache\/003_20151215-Q78A4336.jpg-nggid0514333-ngg0dyn-150x100x100-00f0w010c011r110f110r010t010.jpg\"\n                    width=\"150\"\n                    height=\"100\"\n                    style=\"max-width:100%;\"\n                \/>\n            <\/a>\n        <\/div>\n\t\t\t\t\t\t\t<\/div> \n\t\t\t\n                            \n\t\t\t\t<div id=\"ngg-image-3\" class=\"ngg-gallery-thumbnail-box\" >\n\t\t\t\t        <div class=\"ngg-gallery-thumbnail\">\n            <a href=\"http:\/\/foto-passion.com\/wp-content\/gallery\/fotostrecke_costarica2015-2016\/004_20151214-_J2A0656.jpg\"\n               title=\"&lt;strong&gt;Kolibri&lt;\/strong&gt;&lt;br\/&gt;&lt;br\/&gt;&lt;span style=&quot;\\&quot;font-size:85%;color:#949494\\&quot;&quot;&gt;[Bild-Id: 14334]&lt;\/span&gt;\"\n               data-src=\"http:\/\/foto-passion.com\/wp-content\/gallery\/fotostrecke_costarica2015-2016\/004_20151214-_J2A0656.jpg\"\n               data-thumbnail=\"http:\/\/foto-passion.com\/wp-content\/gallery\/fotostrecke_costarica2015-2016\/thumbs\/thumbs_004_20151214-_J2A0656.jpg\"\n               data-image-id=\"14334\"\n               data-title=\"Kolibri\"\n               data-description=\"&lt;strong&gt;Kolibri&lt;\/strong&gt;&lt;br\/&gt;&lt;br\/&gt;&lt;span style=&quot;&quot;font-size:85%;color:#949494&quot;&quot;&gt;[Bild-Id: 14334]&lt;\/span&gt;\"\n               data-image-slug=\"kolibri-1\"\n               class=\"ngg-simplelightbox\" rel=\"27968d91f01ccc6554ee2078abffb628\">\n                <img\n                    title=\"Kolibri\"\n                    alt=\"Kolibri\"\n                    src=\"http:\/\/foto-passion.com\/wp-content\/gallery\/fotostrecke_costarica2015-2016\/cache\/004_20151214-_J2A0656.jpg-nggid0514334-ngg0dyn-150x100x100-00f0w010c011r110f110r010t010.jpg\"\n                    width=\"150\"\n                    height=\"100\"\n                    style=\"max-width:100%;\"\n                \/>\n            <\/a>\n        <\/div>\n\t\t\t\t\t\t\t<\/div> \n\t\t\t\n                                    <br style=\"clear: both\" \/>\n                    \n\t\t\t\t<div id=\"ngg-image-4\" class=\"ngg-gallery-thumbnail-box\" >\n\t\t\t\t        <div class=\"ngg-gallery-thumbnail\">\n            <a href=\"http:\/\/foto-passion.com\/wp-content\/gallery\/fotostrecke_costarica2015-2016\/005_20151214-_78A3921.jpg\"\n               title=\"&lt;strong&gt;Schrecke&lt;\/strong&gt;&lt;br\/&gt;&lt;br\/&gt;&lt;span style=&quot;\\&quot;font-size:85%;color:#949494\\&quot;&quot;&gt;[Bild-Id: 14335]&lt;\/span&gt;\"\n               data-src=\"http:\/\/foto-passion.com\/wp-content\/gallery\/fotostrecke_costarica2015-2016\/005_20151214-_78A3921.jpg\"\n               data-thumbnail=\"http:\/\/foto-passion.com\/wp-content\/gallery\/fotostrecke_costarica2015-2016\/thumbs\/thumbs_005_20151214-_78A3921.jpg\"\n               data-image-id=\"14335\"\n               data-title=\"Schrecke\"\n               data-description=\"&lt;strong&gt;Schrecke&lt;\/strong&gt;&lt;br\/&gt;&lt;br\/&gt;&lt;span style=&quot;&quot;font-size:85%;color:#949494&quot;&quot;&gt;[Bild-Id: 14335]&lt;\/span&gt;\"\n               data-image-slug=\"schrecke-6\"\n               class=\"ngg-simplelightbox\" rel=\"27968d91f01ccc6554ee2078abffb628\">\n                <img\n                    title=\"Schrecke\"\n                    alt=\"Schrecke\"\n                    src=\"http:\/\/foto-passion.com\/wp-content\/gallery\/fotostrecke_costarica2015-2016\/cache\/005_20151214-_78A3921.jpg-nggid0514335-ngg0dyn-150x100x100-00f0w010c011r110f110r010t010.jpg\"\n                    width=\"150\"\n                    height=\"100\"\n                    style=\"max-width:100%;\"\n                \/>\n            <\/a>\n        <\/div>\n\t\t\t\t\t\t\t<\/div> \n\t\t\t\n                            \n\t\t\t\t<div id=\"ngg-image-5\" class=\"ngg-gallery-thumbnail-box\" >\n\t\t\t\t        <div class=\"ngg-gallery-thumbnail\">\n            <a href=\"http:\/\/foto-passion.com\/wp-content\/gallery\/fotostrecke_costarica2015-2016\/006_20151215-Q78A4335.jpg\"\n               title=\"&lt;strong&gt;Bosque de Paz Lodge&lt;\/strong&gt;&lt;br\/&gt;&lt;br\/&gt;&lt;span style=&quot;\\&quot;font-size:85%;color:#949494\\&quot;&quot;&gt;[Bild-Id: 14336]&lt;\/span&gt;\"\n               data-src=\"http:\/\/foto-passion.com\/wp-content\/gallery\/fotostrecke_costarica2015-2016\/006_20151215-Q78A4335.jpg\"\n               data-thumbnail=\"http:\/\/foto-passion.com\/wp-content\/gallery\/fotostrecke_costarica2015-2016\/thumbs\/thumbs_006_20151215-Q78A4335.jpg\"\n               data-image-id=\"14336\"\n               data-title=\"Bosque de Paz Lodge\"\n               data-description=\"&lt;strong&gt;Bosque de Paz Lodge&lt;\/strong&gt;&lt;br\/&gt;&lt;br\/&gt;&lt;span style=&quot;&quot;font-size:85%;color:#949494&quot;&quot;&gt;[Bild-Id: 14336]&lt;\/span&gt;\"\n               data-image-slug=\"bosque-de-paz-lodge-3\"\n               class=\"ngg-simplelightbox\" rel=\"27968d91f01ccc6554ee2078abffb628\">\n                <img\n                    title=\"Bosque de Paz Lodge\"\n                    alt=\"Bosque de Paz Lodge\"\n                    src=\"http:\/\/foto-passion.com\/wp-content\/gallery\/fotostrecke_costarica2015-2016\/cache\/006_20151215-Q78A4335.jpg-nggid0514336-ngg0dyn-150x100x100-00f0w010c011r110f110r010t010.jpg\"\n                    width=\"150\"\n                    height=\"100\"\n                    style=\"max-width:100%;\"\n                \/>\n            <\/a>\n        <\/div>\n\t\t\t\t\t\t\t<\/div> \n\t\t\t\n                            \n\t\t\t\t<div id=\"ngg-image-6\" class=\"ngg-gallery-thumbnail-box\" >\n\t\t\t\t        <div class=\"ngg-gallery-thumbnail\">\n            <a href=\"http:\/\/foto-passion.com\/wp-content\/gallery\/fotostrecke_costarica2015-2016\/007_20151213-Q78A3407.jpg\"\n               title=\"&lt;strong&gt;Im Dschungel von Bosque de Paz&lt;\/strong&gt;&lt;br\/&gt;&lt;br\/&gt;&lt;span style=&quot;font-size:85%;color:#949494&quot;&gt;[Bild-Id: 14337]&lt;\/span&gt;\"\n               data-src=\"http:\/\/foto-passion.com\/wp-content\/gallery\/fotostrecke_costarica2015-2016\/007_20151213-Q78A3407.jpg\"\n               data-thumbnail=\"http:\/\/foto-passion.com\/wp-content\/gallery\/fotostrecke_costarica2015-2016\/thumbs\/thumbs_007_20151213-Q78A3407.jpg\"\n               data-image-id=\"14337\"\n               data-title=\"Im Dschungel von Bosque de Paz\"\n               data-description=\"&lt;strong&gt;Im Dschungel von Bosque de Paz&lt;\/strong&gt;&lt;br\/&gt;&lt;br\/&gt;&lt;span style=&quot;font-size:85%;color:#949494&quot;&gt;[Bild-Id: 14337]&lt;\/span&gt;\"\n               data-image-slug=\"im-dschungel-von-bosque-de-paz-3\"\n               class=\"ngg-simplelightbox\" rel=\"27968d91f01ccc6554ee2078abffb628\">\n                <img\n                    title=\"Im Dschungel von Bosque de Paz\"\n                    alt=\"Im Dschungel von Bosque de Paz\"\n                    src=\"http:\/\/foto-passion.com\/wp-content\/gallery\/fotostrecke_costarica2015-2016\/cache\/007_20151213-Q78A3407.jpg-nggid0514337-ngg0dyn-150x100x100-00f0w010c011r110f110r010t010.jpg\"\n                    width=\"150\"\n                    height=\"100\"\n                    style=\"max-width:100%;\"\n                \/>\n            <\/a>\n        <\/div>\n\t\t\t\t\t\t\t<\/div> \n\t\t\t\n                            \n\t\t\t\t<div id=\"ngg-image-7\" class=\"ngg-gallery-thumbnail-box\" >\n\t\t\t\t        <div class=\"ngg-gallery-thumbnail\">\n            <a href=\"http:\/\/foto-passion.com\/wp-content\/gallery\/fotostrecke_costarica2015-2016\/008_20151214-_J2A0719.jpg\"\n               title=\"&lt;strong&gt;Wei\u00dfgesicht-Kapuzineraffe (Cebus capucinus)&lt;\/strong&gt;&lt;br\/&gt;&lt;br\/&gt;&lt;span style=&quot;\\&quot;font-size:85%;color:#949494\\&quot;&quot;&gt;[Bild-Id: 14338]&lt;\/span&gt;\"\n               data-src=\"http:\/\/foto-passion.com\/wp-content\/gallery\/fotostrecke_costarica2015-2016\/008_20151214-_J2A0719.jpg\"\n               data-thumbnail=\"http:\/\/foto-passion.com\/wp-content\/gallery\/fotostrecke_costarica2015-2016\/thumbs\/thumbs_008_20151214-_J2A0719.jpg\"\n               data-image-id=\"14338\"\n               data-title=\"Wei\u00dfgesicht-Kapuzineraffe (Cebus capucinus)\"\n               data-description=\"&lt;strong&gt;Wei\u00dfgesicht-Kapuzineraffe (Cebus capucinus)&lt;\/strong&gt;&lt;br\/&gt;&lt;br\/&gt;&lt;span style=&quot;&quot;font-size:85%;color:#949494&quot;&quot;&gt;[Bild-Id: 14338]&lt;\/span&gt;\"\n               data-image-slug=\"weissgesicht-kapuzineraffe-cebus-capucinus-1\"\n               class=\"ngg-simplelightbox\" rel=\"27968d91f01ccc6554ee2078abffb628\">\n                <img\n                    title=\"Wei\u00dfgesicht-Kapuzineraffe (Cebus capucinus)\"\n                    alt=\"Wei\u00dfgesicht-Kapuzineraffe (Cebus capucinus)\"\n                    src=\"http:\/\/foto-passion.com\/wp-content\/gallery\/fotostrecke_costarica2015-2016\/cache\/008_20151214-_J2A0719.jpg-nggid0514338-ngg0dyn-150x100x100-00f0w010c011r110f110r010t010.jpg\"\n                    width=\"150\"\n                    height=\"100\"\n                    style=\"max-width:100%;\"\n                \/>\n            <\/a>\n        <\/div>\n\t\t\t\t\t\t\t<\/div> \n\t\t\t\n                                    <br style=\"clear: both\" \/>\n                    \n\t\t\t\t<div id=\"ngg-image-8\" class=\"ngg-gallery-thumbnail-box\" >\n\t\t\t\t        <div class=\"ngg-gallery-thumbnail\">\n            <a href=\"http:\/\/foto-passion.com\/wp-content\/gallery\/fotostrecke_costarica2015-2016\/009_20151213-Q78A3427.jpg\"\n               title=\"&lt;strong&gt;Im Dschungel von Bosque de Paz&lt;\/strong&gt;&lt;br\/&gt;&lt;br\/&gt;&lt;span style=&quot;\\&quot;font-size:85%;color:#949494\\&quot;&quot;&gt;[Bild-Id: 14339]&lt;\/span&gt;\"\n               data-src=\"http:\/\/foto-passion.com\/wp-content\/gallery\/fotostrecke_costarica2015-2016\/009_20151213-Q78A3427.jpg\"\n               data-thumbnail=\"http:\/\/foto-passion.com\/wp-content\/gallery\/fotostrecke_costarica2015-2016\/thumbs\/thumbs_009_20151213-Q78A3427.jpg\"\n               data-image-id=\"14339\"\n               data-title=\"Im Dschungel von Bosque de Paz\"\n               data-description=\"&lt;strong&gt;Im Dschungel von Bosque de Paz&lt;\/strong&gt;&lt;br\/&gt;&lt;br\/&gt;&lt;span style=&quot;&quot;font-size:85%;color:#949494&quot;&quot;&gt;[Bild-Id: 14339]&lt;\/span&gt;\"\n               data-image-slug=\"im-dschungel-von-bosque-de-paz-4\"\n               class=\"ngg-simplelightbox\" rel=\"27968d91f01ccc6554ee2078abffb628\">\n                <img\n                    title=\"Im Dschungel von Bosque de Paz\"\n                    alt=\"Im Dschungel von Bosque de Paz\"\n                    src=\"http:\/\/foto-passion.com\/wp-content\/gallery\/fotostrecke_costarica2015-2016\/cache\/009_20151213-Q78A3427.jpg-nggid0514339-ngg0dyn-150x100x100-00f0w010c011r110f110r010t010.jpg\"\n                    width=\"150\"\n                    height=\"100\"\n                    style=\"max-width:100%;\"\n                \/>\n            <\/a>\n        <\/div>\n\t\t\t\t\t\t\t<\/div> \n\t\t\t\n                            \n\t\t\t\t<div id=\"ngg-image-9\" class=\"ngg-gallery-thumbnail-box\" >\n\t\t\t\t        <div class=\"ngg-gallery-thumbnail\">\n            <a href=\"http:\/\/foto-passion.com\/wp-content\/gallery\/fotostrecke_costarica2015-2016\/010_20151213-Q78A3414.jpg\"\n               title=\"&lt;strong&gt;Im Dschungel von Bosque de Paz&lt;\/strong&gt;&lt;br\/&gt;&lt;br\/&gt;&lt;span style=&quot;\\&quot;font-size:85%;color:#949494\\&quot;&quot;&gt;[Bild-Id: 14340]&lt;\/span&gt;\"\n               data-src=\"http:\/\/foto-passion.com\/wp-content\/gallery\/fotostrecke_costarica2015-2016\/010_20151213-Q78A3414.jpg\"\n               data-thumbnail=\"http:\/\/foto-passion.com\/wp-content\/gallery\/fotostrecke_costarica2015-2016\/thumbs\/thumbs_010_20151213-Q78A3414.jpg\"\n               data-image-id=\"14340\"\n               data-title=\"Im Dschungel von Bosque de Paz\"\n               data-description=\"&lt;strong&gt;Im Dschungel von Bosque de Paz&lt;\/strong&gt;&lt;br\/&gt;&lt;br\/&gt;&lt;span style=&quot;&quot;font-size:85%;color:#949494&quot;&quot;&gt;[Bild-Id: 14340]&lt;\/span&gt;\"\n               data-image-slug=\"im-dschungel-von-bosque-de-paz-5\"\n               class=\"ngg-simplelightbox\" rel=\"27968d91f01ccc6554ee2078abffb628\">\n                <img\n                    title=\"Im Dschungel von Bosque de Paz\"\n                    alt=\"Im Dschungel von Bosque de Paz\"\n                    src=\"http:\/\/foto-passion.com\/wp-content\/gallery\/fotostrecke_costarica2015-2016\/cache\/010_20151213-Q78A3414.jpg-nggid0514340-ngg0dyn-150x100x100-00f0w010c011r110f110r010t010.jpg\"\n                    width=\"150\"\n                    height=\"100\"\n                    style=\"max-width:100%;\"\n                \/>\n            <\/a>\n        <\/div>\n\t\t\t\t\t\t\t<\/div> \n\t\t\t\n                            \n\t\t\t\t<div id=\"ngg-image-10\" class=\"ngg-gallery-thumbnail-box\" >\n\t\t\t\t        <div class=\"ngg-gallery-thumbnail\">\n            <a href=\"http:\/\/foto-passion.com\/wp-content\/gallery\/fotostrecke_costarica2015-2016\/011_20151214-_J2A0732-Pano.jpg\"\n               title=\"&lt;strong&gt;Im Regenwald&lt;\/strong&gt;&lt;br\/&gt;&lt;br\/&gt;&lt;span style=&quot;font-size:85%;color:#949494&quot;&gt;[Bild-Id: 14341]&lt;\/span&gt;\"\n               data-src=\"http:\/\/foto-passion.com\/wp-content\/gallery\/fotostrecke_costarica2015-2016\/011_20151214-_J2A0732-Pano.jpg\"\n               data-thumbnail=\"http:\/\/foto-passion.com\/wp-content\/gallery\/fotostrecke_costarica2015-2016\/thumbs\/thumbs_011_20151214-_J2A0732-Pano.jpg\"\n               data-image-id=\"14341\"\n               data-title=\"Im Regenwald\"\n               data-description=\"&lt;strong&gt;Im Regenwald&lt;\/strong&gt;&lt;br\/&gt;&lt;br\/&gt;&lt;span style=&quot;font-size:85%;color:#949494&quot;&gt;[Bild-Id: 14341]&lt;\/span&gt;\"\n               data-image-slug=\"im-regenwald-2\"\n               class=\"ngg-simplelightbox\" rel=\"27968d91f01ccc6554ee2078abffb628\">\n                <img\n                    title=\"Im Regenwald\"\n                    alt=\"Im Regenwald\"\n                    src=\"http:\/\/foto-passion.com\/wp-content\/gallery\/fotostrecke_costarica2015-2016\/cache\/011_20151214-_J2A0732-Pano.jpg-nggid0514341-ngg0dyn-150x100x100-00f0w010c011r110f110r010t010.jpg\"\n                    width=\"150\"\n                    height=\"100\"\n                    style=\"max-width:100%;\"\n                \/>\n            <\/a>\n        <\/div>\n\t\t\t\t\t\t\t<\/div> \n\t\t\t\n                            \n\t\t\t\t<div id=\"ngg-image-11\" class=\"ngg-gallery-thumbnail-box\" >\n\t\t\t\t        <div class=\"ngg-gallery-thumbnail\">\n            <a href=\"http:\/\/foto-passion.com\/wp-content\/gallery\/fotostrecke_costarica2015-2016\/012_20151214-_J2A0618.jpg\"\n               title=\"&lt;strong&gt;Paka (Cuniculus paca)&lt;\/strong&gt;&lt;br\/&gt;&lt;br\/&gt;&lt;span style=&quot;font-size:85%;color:#949494&quot;&gt;[Bild-Id: 14342]&lt;\/span&gt;\"\n               data-src=\"http:\/\/foto-passion.com\/wp-content\/gallery\/fotostrecke_costarica2015-2016\/012_20151214-_J2A0618.jpg\"\n               data-thumbnail=\"http:\/\/foto-passion.com\/wp-content\/gallery\/fotostrecke_costarica2015-2016\/thumbs\/thumbs_012_20151214-_J2A0618.jpg\"\n               data-image-id=\"14342\"\n               data-title=\"Paka (Cuniculus paca)\"\n               data-description=\"&lt;strong&gt;Paka (Cuniculus paca)&lt;\/strong&gt;&lt;br\/&gt;&lt;br\/&gt;&lt;span style=&quot;font-size:85%;color:#949494&quot;&gt;[Bild-Id: 14342]&lt;\/span&gt;\"\n               data-image-slug=\"paka-cuniculus-paca-2\"\n               class=\"ngg-simplelightbox\" rel=\"27968d91f01ccc6554ee2078abffb628\">\n                <img\n                    title=\"Paka (Cuniculus paca)\"\n                    alt=\"Paka (Cuniculus paca)\"\n                    src=\"http:\/\/foto-passion.com\/wp-content\/gallery\/fotostrecke_costarica2015-2016\/cache\/012_20151214-_J2A0618.jpg-nggid0514342-ngg0dyn-150x100x100-00f0w010c011r110f110r010t010.jpg\"\n                    width=\"150\"\n                    height=\"100\"\n                    style=\"max-width:100%;\"\n                \/>\n            <\/a>\n        <\/div>\n\t\t\t\t\t\t\t<\/div> \n\t\t\t\n                                    <br style=\"clear: both\" \/>\n                    \n\t\t\t\t<div id=\"ngg-image-12\" class=\"ngg-gallery-thumbnail-box\" >\n\t\t\t\t        <div class=\"ngg-gallery-thumbnail\">\n            <a href=\"http:\/\/foto-passion.com\/wp-content\/gallery\/fotostrecke_costarica2015-2016\/013_20151214-_J2A0625.jpg\"\n               title=\"&lt;strong&gt;Paka (Cuniculus paca)&lt;\/strong&gt;&lt;br\/&gt;&lt;br\/&gt;&lt;span style=&quot;font-size:85%;color:#949494&quot;&gt;[Bild-Id: 14343]&lt;\/span&gt;\"\n               data-src=\"http:\/\/foto-passion.com\/wp-content\/gallery\/fotostrecke_costarica2015-2016\/013_20151214-_J2A0625.jpg\"\n               data-thumbnail=\"http:\/\/foto-passion.com\/wp-content\/gallery\/fotostrecke_costarica2015-2016\/thumbs\/thumbs_013_20151214-_J2A0625.jpg\"\n               data-image-id=\"14343\"\n               data-title=\"Paka (Cuniculus paca)\"\n               data-description=\"&lt;strong&gt;Paka (Cuniculus paca)&lt;\/strong&gt;&lt;br\/&gt;&lt;br\/&gt;&lt;span style=&quot;font-size:85%;color:#949494&quot;&gt;[Bild-Id: 14343]&lt;\/span&gt;\"\n               data-image-slug=\"paka-cuniculus-paca-3\"\n               class=\"ngg-simplelightbox\" rel=\"27968d91f01ccc6554ee2078abffb628\">\n                <img\n                    title=\"Paka (Cuniculus paca)\"\n                    alt=\"Paka (Cuniculus paca)\"\n                    src=\"http:\/\/foto-passion.com\/wp-content\/gallery\/fotostrecke_costarica2015-2016\/cache\/013_20151214-_J2A0625.jpg-nggid0514343-ngg0dyn-150x100x100-00f0w010c011r110f110r010t010.jpg\"\n                    width=\"150\"\n                    height=\"100\"\n                    style=\"max-width:100%;\"\n                \/>\n            <\/a>\n        <\/div>\n\t\t\t\t\t\t\t<\/div> \n\t\t\t\n                            \n\t\t\t\t<div id=\"ngg-image-13\" class=\"ngg-gallery-thumbnail-box\" >\n\t\t\t\t        <div class=\"ngg-gallery-thumbnail\">\n            <a href=\"http:\/\/foto-passion.com\/wp-content\/gallery\/fotostrecke_costarica2015-2016\/014_20151213-_78A3648.jpg\"\n               title=\"&lt;strong&gt;Schneckennatter (Sibon nebulatus), Cloudy Snail Sucker&lt;\/strong&gt;&lt;br\/&gt;&lt;br\/&gt;&lt;span style=&quot;font-size:85%;color:#949494&quot;&gt;[Bild-Id: 14344]&lt;\/span&gt;\"\n               data-src=\"http:\/\/foto-passion.com\/wp-content\/gallery\/fotostrecke_costarica2015-2016\/014_20151213-_78A3648.jpg\"\n               data-thumbnail=\"http:\/\/foto-passion.com\/wp-content\/gallery\/fotostrecke_costarica2015-2016\/thumbs\/thumbs_014_20151213-_78A3648.jpg\"\n               data-image-id=\"14344\"\n               data-title=\"Schneckennatter (Sibon nebulatus), Cloudy Snail Sucker\"\n               data-description=\"&lt;strong&gt;Schneckennatter (Sibon nebulatus), Cloudy Snail Sucker&lt;\/strong&gt;&lt;br\/&gt;&lt;br\/&gt;&lt;span style=&quot;font-size:85%;color:#949494&quot;&gt;[Bild-Id: 14344]&lt;\/span&gt;\"\n               data-image-slug=\"schneckennatter-sibon-nebulatus-cloudy-snail-sucker-1\"\n               class=\"ngg-simplelightbox\" rel=\"27968d91f01ccc6554ee2078abffb628\">\n                <img\n                    title=\"Schneckennatter (Sibon nebulatus), Cloudy Snail Sucker\"\n                    alt=\"Schneckennatter (Sibon nebulatus), Cloudy Snail Sucker\"\n                    src=\"http:\/\/foto-passion.com\/wp-content\/gallery\/fotostrecke_costarica2015-2016\/cache\/014_20151213-_78A3648.jpg-nggid0514344-ngg0dyn-150x100x100-00f0w010c011r110f110r010t010.jpg\"\n                    width=\"150\"\n                    height=\"100\"\n                    style=\"max-width:100%;\"\n                \/>\n            <\/a>\n        <\/div>\n\t\t\t\t\t\t\t<\/div> \n\t\t\t\n                            \n\t\t\t\t<div id=\"ngg-image-14\" class=\"ngg-gallery-thumbnail-box\" >\n\t\t\t\t        <div class=\"ngg-gallery-thumbnail\">\n            <a href=\"http:\/\/foto-passion.com\/wp-content\/gallery\/fotostrecke_costarica2015-2016\/015_20151214-Q78A4003.jpg\"\n               title=\"&lt;strong&gt;Glasfrosch&lt;\/strong&gt;&lt;br\/&gt;&lt;br\/&gt;&lt;span style=&quot;font-size:85%;color:#949494&quot;&gt;[Bild-Id: 14345]&lt;\/span&gt;\"\n               data-src=\"http:\/\/foto-passion.com\/wp-content\/gallery\/fotostrecke_costarica2015-2016\/015_20151214-Q78A4003.jpg\"\n               data-thumbnail=\"http:\/\/foto-passion.com\/wp-content\/gallery\/fotostrecke_costarica2015-2016\/thumbs\/thumbs_015_20151214-Q78A4003.jpg\"\n               data-image-id=\"14345\"\n               data-title=\"Glasfrosch\"\n               data-description=\"&lt;strong&gt;Glasfrosch&lt;\/strong&gt;&lt;br\/&gt;&lt;br\/&gt;&lt;span style=&quot;font-size:85%;color:#949494&quot;&gt;[Bild-Id: 14345]&lt;\/span&gt;\"\n               data-image-slug=\"glasfrosch-1\"\n               class=\"ngg-simplelightbox\" rel=\"27968d91f01ccc6554ee2078abffb628\">\n                <img\n                    title=\"Glasfrosch\"\n                    alt=\"Glasfrosch\"\n                    src=\"http:\/\/foto-passion.com\/wp-content\/gallery\/fotostrecke_costarica2015-2016\/cache\/015_20151214-Q78A4003.jpg-nggid0514345-ngg0dyn-150x100x100-00f0w010c011r110f110r010t010.jpg\"\n                    width=\"150\"\n                    height=\"100\"\n                    style=\"max-width:100%;\"\n                \/>\n            <\/a>\n        <\/div>\n\t\t\t\t\t\t\t<\/div> \n\t\t\t\n                            \n\t\t\t\t<div id=\"ngg-image-15\" class=\"ngg-gallery-thumbnail-box\" >\n\t\t\t\t        <div class=\"ngg-gallery-thumbnail\">\n            <a href=\"http:\/\/foto-passion.com\/wp-content\/gallery\/fotostrecke_costarica2015-2016\/016_20151213-_78A3711.jpg\"\n               title=\"&lt;strong&gt;Schrecke&lt;\/strong&gt;&lt;br\/&gt;&lt;br\/&gt;&lt;span style=&quot;font-size:85%;color:#949494&quot;&gt;[Bild-Id: 14346]&lt;\/span&gt;\"\n               data-src=\"http:\/\/foto-passion.com\/wp-content\/gallery\/fotostrecke_costarica2015-2016\/016_20151213-_78A3711.jpg\"\n               data-thumbnail=\"http:\/\/foto-passion.com\/wp-content\/gallery\/fotostrecke_costarica2015-2016\/thumbs\/thumbs_016_20151213-_78A3711.jpg\"\n               data-image-id=\"14346\"\n               data-title=\"Schrecke\"\n               data-description=\"&lt;strong&gt;Schrecke&lt;\/strong&gt;&lt;br\/&gt;&lt;br\/&gt;&lt;span style=&quot;font-size:85%;color:#949494&quot;&gt;[Bild-Id: 14346]&lt;\/span&gt;\"\n               data-image-slug=\"schrecke-1\"\n               class=\"ngg-simplelightbox\" rel=\"27968d91f01ccc6554ee2078abffb628\">\n                <img\n                    title=\"Schrecke\"\n                    alt=\"Schrecke\"\n                    src=\"http:\/\/foto-passion.com\/wp-content\/gallery\/fotostrecke_costarica2015-2016\/cache\/016_20151213-_78A3711.jpg-nggid0514346-ngg0dyn-150x100x100-00f0w010c011r110f110r010t010.jpg\"\n                    width=\"150\"\n                    height=\"100\"\n                    style=\"max-width:100%;\"\n                \/>\n            <\/a>\n        <\/div>\n\t\t\t\t\t\t\t<\/div> \n\t\t\t\n                                    <br style=\"clear: both\" \/>\n                    \n\t\t\t\t<div id=\"ngg-image-16\" class=\"ngg-gallery-thumbnail-box\" >\n\t\t\t\t        <div class=\"ngg-gallery-thumbnail\">\n            <a href=\"http:\/\/foto-passion.com\/wp-content\/gallery\/fotostrecke_costarica2015-2016\/017_20151214-Q78A4109.jpg\"\n               title=\"&lt;strong\/&gt;&lt;br\/&gt;&lt;br\/&gt;&lt;span style=&quot;font-size:85%;color:#949494&quot;&gt;[Bild-Id: 14347]&lt;\/span&gt;\"\n               data-src=\"http:\/\/foto-passion.com\/wp-content\/gallery\/fotostrecke_costarica2015-2016\/017_20151214-Q78A4109.jpg\"\n               data-thumbnail=\"http:\/\/foto-passion.com\/wp-content\/gallery\/fotostrecke_costarica2015-2016\/thumbs\/thumbs_017_20151214-Q78A4109.jpg\"\n               data-image-id=\"14347\"\n               data-title=\"-\"\n               data-description=\"&lt;strong\/&gt;&lt;br\/&gt;&lt;br\/&gt;&lt;span style=&quot;font-size:85%;color:#949494&quot;&gt;[Bild-Id: 14347]&lt;\/span&gt;\"\n               data-image-slug=\"\"\n               class=\"ngg-simplelightbox\" rel=\"27968d91f01ccc6554ee2078abffb628\">\n                <img\n                    title=\"-\"\n                    alt=\"-\"\n                    src=\"http:\/\/foto-passion.com\/wp-content\/gallery\/fotostrecke_costarica2015-2016\/cache\/017_20151214-Q78A4109.jpg-nggid0514347-ngg0dyn-150x100x100-00f0w010c011r110f110r010t010.jpg\"\n                    width=\"150\"\n                    height=\"100\"\n                    style=\"max-width:100%;\"\n                \/>\n            <\/a>\n        <\/div>\n\t\t\t\t\t\t\t<\/div> \n\t\t\t\n                            \n\t\t\t\t<div id=\"ngg-image-17\" class=\"ngg-gallery-thumbnail-box\" >\n\t\t\t\t        <div class=\"ngg-gallery-thumbnail\">\n            <a href=\"http:\/\/foto-passion.com\/wp-content\/gallery\/fotostrecke_costarica2015-2016\/018_20151214-_J2A0684.jpg\"\n               title=\"&lt;strong&gt;Frauenschuh-Orchidee&lt;\/strong&gt;&lt;br\/&gt;&lt;br\/&gt;&lt;span style=&quot;font-size:85%;color:#949494&quot;&gt;[Bild-Id: 14348]&lt;\/span&gt;\"\n               data-src=\"http:\/\/foto-passion.com\/wp-content\/gallery\/fotostrecke_costarica2015-2016\/018_20151214-_J2A0684.jpg\"\n               data-thumbnail=\"http:\/\/foto-passion.com\/wp-content\/gallery\/fotostrecke_costarica2015-2016\/thumbs\/thumbs_018_20151214-_J2A0684.jpg\"\n               data-image-id=\"14348\"\n               data-title=\"Frauenschuh-Orchidee\"\n               data-description=\"&lt;strong&gt;Frauenschuh-Orchidee&lt;\/strong&gt;&lt;br\/&gt;&lt;br\/&gt;&lt;span style=&quot;font-size:85%;color:#949494&quot;&gt;[Bild-Id: 14348]&lt;\/span&gt;\"\n               data-image-slug=\"frauenschuh-orchidee-1\"\n               class=\"ngg-simplelightbox\" rel=\"27968d91f01ccc6554ee2078abffb628\">\n                <img\n                    title=\"Frauenschuh-Orchidee\"\n                    alt=\"Frauenschuh-Orchidee\"\n                    src=\"http:\/\/foto-passion.com\/wp-content\/gallery\/fotostrecke_costarica2015-2016\/cache\/018_20151214-_J2A0684.jpg-nggid0514348-ngg0dyn-150x100x100-00f0w010c011r110f110r010t010.jpg\"\n                    width=\"150\"\n                    height=\"100\"\n                    style=\"max-width:100%;\"\n                \/>\n            <\/a>\n        <\/div>\n\t\t\t\t\t\t\t<\/div> \n\t\t\t\n                            \n\t\t\t\t<div id=\"ngg-image-18\" class=\"ngg-gallery-thumbnail-box\" >\n\t\t\t\t        <div class=\"ngg-gallery-thumbnail\">\n            <a href=\"http:\/\/foto-passion.com\/wp-content\/gallery\/fotostrecke_costarica2015-2016\/019_20151214-Q78A3786.jpg\"\n               title=\"&lt;strong&gt;Begonie (Begonia conchifolia)&lt;\/strong&gt;&lt;br\/&gt;&lt;br\/&gt;&lt;span style=&quot;font-size:85%;color:#949494&quot;&gt;[Bild-Id: 14349]&lt;\/span&gt;\"\n               data-src=\"http:\/\/foto-passion.com\/wp-content\/gallery\/fotostrecke_costarica2015-2016\/019_20151214-Q78A3786.jpg\"\n               data-thumbnail=\"http:\/\/foto-passion.com\/wp-content\/gallery\/fotostrecke_costarica2015-2016\/thumbs\/thumbs_019_20151214-Q78A3786.jpg\"\n               data-image-id=\"14349\"\n               data-title=\"Begonie (Begonia conchifolia)\"\n               data-description=\"&lt;strong&gt;Begonie (Begonia conchifolia)&lt;\/strong&gt;&lt;br\/&gt;&lt;br\/&gt;&lt;span style=&quot;font-size:85%;color:#949494&quot;&gt;[Bild-Id: 14349]&lt;\/span&gt;\"\n               data-image-slug=\"begonie-begonia-conchifolia-1\"\n               class=\"ngg-simplelightbox\" rel=\"27968d91f01ccc6554ee2078abffb628\">\n                <img\n                    title=\"Begonie (Begonia conchifolia)\"\n                    alt=\"Begonie (Begonia conchifolia)\"\n                    src=\"http:\/\/foto-passion.com\/wp-content\/gallery\/fotostrecke_costarica2015-2016\/cache\/019_20151214-Q78A3786.jpg-nggid0514349-ngg0dyn-150x100x100-00f0w010c011r110f110r010t010.jpg\"\n                    width=\"150\"\n                    height=\"100\"\n                    style=\"max-width:100%;\"\n                \/>\n            <\/a>\n        <\/div>\n\t\t\t\t\t\t\t<\/div> \n\t\t\t\n                            \n\t\t\t\t<div id=\"ngg-image-19\" class=\"ngg-gallery-thumbnail-box\" >\n\t\t\t\t        <div class=\"ngg-gallery-thumbnail\">\n            <a href=\"http:\/\/foto-passion.com\/wp-content\/gallery\/fotostrecke_costarica2015-2016\/020_20151214-Q78A3750.jpg\"\n               title=\"&lt;strong&gt;Tropische Bl\u00fctenpracht&lt;\/strong&gt;&lt;br\/&gt;&lt;br\/&gt;&lt;span style=&quot;font-size:85%;color:#949494&quot;&gt;[Bild-Id: 14350]&lt;\/span&gt;\"\n               data-src=\"http:\/\/foto-passion.com\/wp-content\/gallery\/fotostrecke_costarica2015-2016\/020_20151214-Q78A3750.jpg\"\n               data-thumbnail=\"http:\/\/foto-passion.com\/wp-content\/gallery\/fotostrecke_costarica2015-2016\/thumbs\/thumbs_020_20151214-Q78A3750.jpg\"\n               data-image-id=\"14350\"\n               data-title=\"Tropische Bl\u00fctenpracht\"\n               data-description=\"&lt;strong&gt;Tropische Bl\u00fctenpracht&lt;\/strong&gt;&lt;br\/&gt;&lt;br\/&gt;&lt;span style=&quot;font-size:85%;color:#949494&quot;&gt;[Bild-Id: 14350]&lt;\/span&gt;\"\n               data-image-slug=\"020_20151214-q78a3750\"\n               class=\"ngg-simplelightbox\" rel=\"27968d91f01ccc6554ee2078abffb628\">\n                <img\n                    title=\"Tropische Bl\u00fctenpracht\"\n                    alt=\"Tropische Bl\u00fctenpracht\"\n                    src=\"http:\/\/foto-passion.com\/wp-content\/gallery\/fotostrecke_costarica2015-2016\/cache\/020_20151214-Q78A3750.jpg-nggid0514350-ngg0dyn-150x100x100-00f0w010c011r110f110r010t010.jpg\"\n                    width=\"150\"\n                    height=\"100\"\n                    style=\"max-width:100%;\"\n                \/>\n            <\/a>\n        <\/div>\n\t\t\t\t\t\t\t<\/div> \n\t\t\t\n                                    <br style=\"clear: both\" \/>\n                    \n\t\t\t\t<div id=\"ngg-image-20\" class=\"ngg-gallery-thumbnail-box\" >\n\t\t\t\t        <div class=\"ngg-gallery-thumbnail\">\n            <a href=\"http:\/\/foto-passion.com\/wp-content\/gallery\/fotostrecke_costarica2015-2016\/021_20151214-Q78A3877.jpg\"\n               title=\"&lt;strong&gt;Orchidee&lt;\/strong&gt;&lt;br\/&gt;&lt;br\/&gt;&lt;span style=&quot;font-size:85%;color:#949494&quot;&gt;[Bild-Id: 14351]&lt;\/span&gt;\"\n               data-src=\"http:\/\/foto-passion.com\/wp-content\/gallery\/fotostrecke_costarica2015-2016\/021_20151214-Q78A3877.jpg\"\n               data-thumbnail=\"http:\/\/foto-passion.com\/wp-content\/gallery\/fotostrecke_costarica2015-2016\/thumbs\/thumbs_021_20151214-Q78A3877.jpg\"\n               data-image-id=\"14351\"\n               data-title=\"Orchidee\"\n               data-description=\"&lt;strong&gt;Orchidee&lt;\/strong&gt;&lt;br\/&gt;&lt;br\/&gt;&lt;span style=&quot;font-size:85%;color:#949494&quot;&gt;[Bild-Id: 14351]&lt;\/span&gt;\"\n               data-image-slug=\"021_20151214-q78a3877\"\n               class=\"ngg-simplelightbox\" rel=\"27968d91f01ccc6554ee2078abffb628\">\n                <img\n                    title=\"Orchidee\"\n                    alt=\"Orchidee\"\n                    src=\"http:\/\/foto-passion.com\/wp-content\/gallery\/fotostrecke_costarica2015-2016\/cache\/021_20151214-Q78A3877.jpg-nggid0514351-ngg0dyn-150x100x100-00f0w010c011r110f110r010t010.jpg\"\n                    width=\"150\"\n                    height=\"100\"\n                    style=\"max-width:100%;\"\n                \/>\n            <\/a>\n        <\/div>\n\t\t\t\t\t\t\t<\/div> \n\t\t\t\n                            \n\t\t\t\t<div id=\"ngg-image-21\" class=\"ngg-gallery-thumbnail-box\" >\n\t\t\t\t        <div class=\"ngg-gallery-thumbnail\">\n            <a href=\"http:\/\/foto-passion.com\/wp-content\/gallery\/fotostrecke_costarica2015-2016\/022_20151214-Q78A4101.jpg\"\n               title=\"&lt;strong&gt;Regenfrosch&lt;\/strong&gt;&lt;br\/&gt;&lt;br\/&gt;&lt;span style=&quot;font-size:85%;color:#949494&quot;&gt;[Bild-Id: 14352]&lt;\/span&gt;\"\n               data-src=\"http:\/\/foto-passion.com\/wp-content\/gallery\/fotostrecke_costarica2015-2016\/022_20151214-Q78A4101.jpg\"\n               data-thumbnail=\"http:\/\/foto-passion.com\/wp-content\/gallery\/fotostrecke_costarica2015-2016\/thumbs\/thumbs_022_20151214-Q78A4101.jpg\"\n               data-image-id=\"14352\"\n               data-title=\"Regenfrosch\"\n               data-description=\"&lt;strong&gt;Regenfrosch&lt;\/strong&gt;&lt;br\/&gt;&lt;br\/&gt;&lt;span style=&quot;font-size:85%;color:#949494&quot;&gt;[Bild-Id: 14352]&lt;\/span&gt;\"\n               data-image-slug=\"regenfrosch-1\"\n               class=\"ngg-simplelightbox\" rel=\"27968d91f01ccc6554ee2078abffb628\">\n                <img\n                    title=\"Regenfrosch\"\n                    alt=\"Regenfrosch\"\n                    src=\"http:\/\/foto-passion.com\/wp-content\/gallery\/fotostrecke_costarica2015-2016\/cache\/022_20151214-Q78A4101.jpg-nggid0514352-ngg0dyn-150x100x100-00f0w010c011r110f110r010t010.jpg\"\n                    width=\"150\"\n                    height=\"100\"\n                    style=\"max-width:100%;\"\n                \/>\n            <\/a>\n        <\/div>\n\t\t\t\t\t\t\t<\/div> \n\t\t\t\n                            \n\t\t\t\t<div id=\"ngg-image-22\" class=\"ngg-gallery-thumbnail-box\" >\n\t\t\t\t        <div class=\"ngg-gallery-thumbnail\">\n            <a href=\"http:\/\/foto-passion.com\/wp-content\/gallery\/fotostrecke_costarica2015-2016\/023_20151214-Q78A4181.jpg\"\n               title=\"&lt;strong&gt;Schrecke im Festkleid&lt;\/strong&gt;&lt;br\/&gt;&lt;br\/&gt;&lt;span style=&quot;font-size:85%;color:#949494&quot;&gt;[Bild-Id: 14353]&lt;\/span&gt;\"\n               data-src=\"http:\/\/foto-passion.com\/wp-content\/gallery\/fotostrecke_costarica2015-2016\/023_20151214-Q78A4181.jpg\"\n               data-thumbnail=\"http:\/\/foto-passion.com\/wp-content\/gallery\/fotostrecke_costarica2015-2016\/thumbs\/thumbs_023_20151214-Q78A4181.jpg\"\n               data-image-id=\"14353\"\n               data-title=\"Schrecke im Festkleid\"\n               data-description=\"&lt;strong&gt;Schrecke im Festkleid&lt;\/strong&gt;&lt;br\/&gt;&lt;br\/&gt;&lt;span style=&quot;font-size:85%;color:#949494&quot;&gt;[Bild-Id: 14353]&lt;\/span&gt;\"\n               data-image-slug=\"schrecke-im-festkleid-1\"\n               class=\"ngg-simplelightbox\" rel=\"27968d91f01ccc6554ee2078abffb628\">\n                <img\n                    title=\"Schrecke im Festkleid\"\n                    alt=\"Schrecke im Festkleid\"\n                    src=\"http:\/\/foto-passion.com\/wp-content\/gallery\/fotostrecke_costarica2015-2016\/cache\/023_20151214-Q78A4181.jpg-nggid0514353-ngg0dyn-150x100x100-00f0w010c011r110f110r010t010.jpg\"\n                    width=\"150\"\n                    height=\"100\"\n                    style=\"max-width:100%;\"\n                \/>\n            <\/a>\n        <\/div>\n\t\t\t\t\t\t\t<\/div> \n\t\t\t\n                            \n\t\t\t\t<div id=\"ngg-image-23\" class=\"ngg-gallery-thumbnail-box\" >\n\t\t\t\t        <div class=\"ngg-gallery-thumbnail\">\n            <a href=\"http:\/\/foto-passion.com\/wp-content\/gallery\/fotostrecke_costarica2015-2016\/024_20151214-Q78A4296.jpg\"\n               title=\"&lt;strong&gt;Anole&lt;\/strong&gt;&lt;br\/&gt;Bosque de Paz Reserve&lt;br\/&gt;&lt;span style=&quot;font-size:85%;color:#949494&quot;&gt;[Bild-Id: 14354]&lt;\/span&gt;\"\n               data-src=\"http:\/\/foto-passion.com\/wp-content\/gallery\/fotostrecke_costarica2015-2016\/024_20151214-Q78A4296.jpg\"\n               data-thumbnail=\"http:\/\/foto-passion.com\/wp-content\/gallery\/fotostrecke_costarica2015-2016\/thumbs\/thumbs_024_20151214-Q78A4296.jpg\"\n               data-image-id=\"14354\"\n               data-title=\"Anole\"\n               data-description=\"&lt;strong&gt;Anole&lt;\/strong&gt;&lt;br\/&gt;Bosque de Paz Reserve&lt;br\/&gt;&lt;span style=&quot;font-size:85%;color:#949494&quot;&gt;[Bild-Id: 14354]&lt;\/span&gt;\"\n               data-image-slug=\"anole-1\"\n               class=\"ngg-simplelightbox\" rel=\"27968d91f01ccc6554ee2078abffb628\">\n                <img\n                    title=\"Anole\"\n                    alt=\"Anole\"\n                    src=\"http:\/\/foto-passion.com\/wp-content\/gallery\/fotostrecke_costarica2015-2016\/cache\/024_20151214-Q78A4296.jpg-nggid0514354-ngg0dyn-150x100x100-00f0w010c011r110f110r010t010.jpg\"\n                    width=\"150\"\n                    height=\"100\"\n                    style=\"max-width:100%;\"\n                \/>\n            <\/a>\n        <\/div>\n\t\t\t\t\t\t\t<\/div> \n\t\t\t\n                                    <br style=\"clear: both\" \/>\n                    \n\t\t\t\t<div id=\"ngg-image-24\" class=\"ngg-gallery-thumbnail-box\" >\n\t\t\t\t        <div class=\"ngg-gallery-thumbnail\">\n            <a href=\"http:\/\/foto-passion.com\/wp-content\/gallery\/fotostrecke_costarica2015-2016\/025_20151215-_78A4352.jpg\"\n               title=\"&lt;strong&gt;Goldene Seidenspinne (Nephila clavipes), Golden Orb-web Spider&lt;\/strong&gt;&lt;br\/&gt;&lt;br\/&gt;&lt;span style=&quot;font-size:85%;color:#949494&quot;&gt;[Bild-Id: 14355]&lt;\/span&gt;\"\n               data-src=\"http:\/\/foto-passion.com\/wp-content\/gallery\/fotostrecke_costarica2015-2016\/025_20151215-_78A4352.jpg\"\n               data-thumbnail=\"http:\/\/foto-passion.com\/wp-content\/gallery\/fotostrecke_costarica2015-2016\/thumbs\/thumbs_025_20151215-_78A4352.jpg\"\n               data-image-id=\"14355\"\n               data-title=\"Goldene Seidenspinne (Nephila clavipes), Golden Orb-web Spider\"\n               data-description=\"&lt;strong&gt;Goldene Seidenspinne (Nephila clavipes), Golden Orb-web Spider&lt;\/strong&gt;&lt;br\/&gt;&lt;br\/&gt;&lt;span style=&quot;font-size:85%;color:#949494&quot;&gt;[Bild-Id: 14355]&lt;\/span&gt;\"\n               data-image-slug=\"goldene-seidenspinne-nephila-clavipes-golden-orb-web-spider-1\"\n               class=\"ngg-simplelightbox\" rel=\"27968d91f01ccc6554ee2078abffb628\">\n                <img\n                    title=\"Goldene Seidenspinne (Nephila clavipes), Golden Orb-web Spider\"\n                    alt=\"Goldene Seidenspinne (Nephila clavipes), Golden Orb-web Spider\"\n                    src=\"http:\/\/foto-passion.com\/wp-content\/gallery\/fotostrecke_costarica2015-2016\/cache\/025_20151215-_78A4352.jpg-nggid0514355-ngg0dyn-150x100x100-00f0w010c011r110f110r010t010.jpg\"\n                    width=\"150\"\n                    height=\"100\"\n                    style=\"max-width:100%;\"\n                \/>\n            <\/a>\n        <\/div>\n\t\t\t\t\t\t\t<\/div> \n\t\t\t\n                            \n\t\t\t\t<div id=\"ngg-image-25\" class=\"ngg-gallery-thumbnail-box\" >\n\t\t\t\t        <div class=\"ngg-gallery-thumbnail\">\n            <a href=\"http:\/\/foto-passion.com\/wp-content\/gallery\/fotostrecke_costarica2015-2016\/026_20151216-Q78A4512.jpg\"\n               title=\"&lt;strong&gt;Erdbeerfrosch (Oophaga pumilio), Blue Jeans Dart Frog&lt;\/strong&gt;&lt;br\/&gt;&lt;br\/&gt;&lt;span style=&quot;font-size:85%;color:#949494&quot;&gt;[Bild-Id: 14356]&lt;\/span&gt;\"\n               data-src=\"http:\/\/foto-passion.com\/wp-content\/gallery\/fotostrecke_costarica2015-2016\/026_20151216-Q78A4512.jpg\"\n               data-thumbnail=\"http:\/\/foto-passion.com\/wp-content\/gallery\/fotostrecke_costarica2015-2016\/thumbs\/thumbs_026_20151216-Q78A4512.jpg\"\n               data-image-id=\"14356\"\n               data-title=\"Erdbeerfrosch (Oophaga pumilio), Blue Jeans Dart Frog\"\n               data-description=\"&lt;strong&gt;Erdbeerfrosch (Oophaga pumilio), Blue Jeans Dart Frog&lt;\/strong&gt;&lt;br\/&gt;&lt;br\/&gt;&lt;span style=&quot;font-size:85%;color:#949494&quot;&gt;[Bild-Id: 14356]&lt;\/span&gt;\"\n               data-image-slug=\"erdbeerfroeschchen-oophaga-pumilio-blue-jeans-dart-frog-3\"\n               class=\"ngg-simplelightbox\" rel=\"27968d91f01ccc6554ee2078abffb628\">\n                <img\n                    title=\"Erdbeerfrosch (Oophaga pumilio), Blue Jeans Dart Frog\"\n                    alt=\"Erdbeerfrosch (Oophaga pumilio), Blue Jeans Dart Frog\"\n                    src=\"http:\/\/foto-passion.com\/wp-content\/gallery\/fotostrecke_costarica2015-2016\/cache\/026_20151216-Q78A4512.jpg-nggid0514356-ngg0dyn-150x100x100-00f0w010c011r110f110r010t010.jpg\"\n                    width=\"150\"\n                    height=\"100\"\n                    style=\"max-width:100%;\"\n                \/>\n            <\/a>\n        <\/div>\n\t\t\t\t\t\t\t<\/div> \n\t\t\t\n                            \n\t\t\t\t<div id=\"ngg-image-26\" class=\"ngg-gallery-thumbnail-box\" >\n\t\t\t\t        <div class=\"ngg-gallery-thumbnail\">\n            <a href=\"http:\/\/foto-passion.com\/wp-content\/gallery\/fotostrecke_costarica2015-2016\/027_20151216-Q78A4561.jpg\"\n               title=\"&lt;strong&gt;Erdbeerfr\u00f6sche (Oophaga pumilio), Blue Jeans Dart Frog&lt;\/strong&gt;&lt;br\/&gt;&lt;br\/&gt;&lt;span style=&quot;font-size:85%;color:#949494&quot;&gt;[Bild-Id: 14357]&lt;\/span&gt;\"\n               data-src=\"http:\/\/foto-passion.com\/wp-content\/gallery\/fotostrecke_costarica2015-2016\/027_20151216-Q78A4561.jpg\"\n               data-thumbnail=\"http:\/\/foto-passion.com\/wp-content\/gallery\/fotostrecke_costarica2015-2016\/thumbs\/thumbs_027_20151216-Q78A4561.jpg\"\n               data-image-id=\"14357\"\n               data-title=\"Erdbeerfr\u00f6sche (Oophaga pumilio), Blue Jeans Dart Frog\"\n               data-description=\"&lt;strong&gt;Erdbeerfr\u00f6sche (Oophaga pumilio), Blue Jeans Dart Frog&lt;\/strong&gt;&lt;br\/&gt;&lt;br\/&gt;&lt;span style=&quot;font-size:85%;color:#949494&quot;&gt;[Bild-Id: 14357]&lt;\/span&gt;\"\n               data-image-slug=\"erdbeerfroeschchen-oophaga-pumilio-blue-jeans-dart-frog-4\"\n               class=\"ngg-simplelightbox\" rel=\"27968d91f01ccc6554ee2078abffb628\">\n                <img\n                    title=\"Erdbeerfr\u00f6sche (Oophaga pumilio), Blue Jeans Dart Frog\"\n                    alt=\"Erdbeerfr\u00f6sche (Oophaga pumilio), Blue Jeans Dart Frog\"\n                    src=\"http:\/\/foto-passion.com\/wp-content\/gallery\/fotostrecke_costarica2015-2016\/cache\/027_20151216-Q78A4561.jpg-nggid0514357-ngg0dyn-150x100x100-00f0w010c011r110f110r010t010.jpg\"\n                    width=\"150\"\n                    height=\"100\"\n                    style=\"max-width:100%;\"\n                \/>\n            <\/a>\n        <\/div>\n\t\t\t\t\t\t\t<\/div> \n\t\t\t\n                            \n\t\t\t\t<div id=\"ngg-image-27\" class=\"ngg-gallery-thumbnail-box\" >\n\t\t\t\t        <div class=\"ngg-gallery-thumbnail\">\n            <a href=\"http:\/\/foto-passion.com\/wp-content\/gallery\/fotostrecke_costarica2015-2016\/028_20151216-Q78A4535.jpg\"\n               title=\"&lt;strong&gt;Erdbeerfrosch (Oophaga pumilio), Blue Jeans Dart Frog&lt;\/strong&gt;&lt;br\/&gt;&lt;br\/&gt;&lt;span style=&quot;font-size:85%;color:#949494&quot;&gt;[Bild-Id: 14358]&lt;\/span&gt;\"\n               data-src=\"http:\/\/foto-passion.com\/wp-content\/gallery\/fotostrecke_costarica2015-2016\/028_20151216-Q78A4535.jpg\"\n               data-thumbnail=\"http:\/\/foto-passion.com\/wp-content\/gallery\/fotostrecke_costarica2015-2016\/thumbs\/thumbs_028_20151216-Q78A4535.jpg\"\n               data-image-id=\"14358\"\n               data-title=\"Erdbeerfrosch (Oophaga pumilio), Blue Jeans Dart Frog\"\n               data-description=\"&lt;strong&gt;Erdbeerfrosch (Oophaga pumilio), Blue Jeans Dart Frog&lt;\/strong&gt;&lt;br\/&gt;&lt;br\/&gt;&lt;span style=&quot;font-size:85%;color:#949494&quot;&gt;[Bild-Id: 14358]&lt;\/span&gt;\"\n               data-image-slug=\"erdbeerfroeschchen-oophaga-pumilio-blue-jeans-dart-frog-5\"\n               class=\"ngg-simplelightbox\" rel=\"27968d91f01ccc6554ee2078abffb628\">\n                <img\n                    title=\"Erdbeerfrosch (Oophaga pumilio), Blue Jeans Dart Frog\"\n                    alt=\"Erdbeerfrosch (Oophaga pumilio), Blue Jeans Dart Frog\"\n                    src=\"http:\/\/foto-passion.com\/wp-content\/gallery\/fotostrecke_costarica2015-2016\/cache\/028_20151216-Q78A4535.jpg-nggid0514358-ngg0dyn-150x100x100-00f0w010c011r110f110r010t010.jpg\"\n                    width=\"150\"\n                    height=\"100\"\n                    style=\"max-width:100%;\"\n                \/>\n            <\/a>\n        <\/div>\n\t\t\t\t\t\t\t<\/div> \n\t\t\t\n                                    <br style=\"clear: both\" \/>\n                    \n\t\t\t\t<div id=\"ngg-image-28\" class=\"ngg-gallery-thumbnail-box\" >\n\t\t\t\t        <div class=\"ngg-gallery-thumbnail\">\n            <a href=\"http:\/\/foto-passion.com\/wp-content\/gallery\/fotostrecke_costarica2015-2016\/029_20151213-_78A3546.jpg\"\n               title=\"&lt;strong&gt;Stabschrecke&lt;\/strong&gt;&lt;br\/&gt;&lt;br\/&gt;&lt;span style=&quot;font-size:85%;color:#949494&quot;&gt;[Bild-Id: 14359]&lt;\/span&gt;\"\n               data-src=\"http:\/\/foto-passion.com\/wp-content\/gallery\/fotostrecke_costarica2015-2016\/029_20151213-_78A3546.jpg\"\n               data-thumbnail=\"http:\/\/foto-passion.com\/wp-content\/gallery\/fotostrecke_costarica2015-2016\/thumbs\/thumbs_029_20151213-_78A3546.jpg\"\n               data-image-id=\"14359\"\n               data-title=\"Stabschrecke\"\n               data-description=\"&lt;strong&gt;Stabschrecke&lt;\/strong&gt;&lt;br\/&gt;&lt;br\/&gt;&lt;span style=&quot;font-size:85%;color:#949494&quot;&gt;[Bild-Id: 14359]&lt;\/span&gt;\"\n               data-image-slug=\"stabschrecke-1\"\n               class=\"ngg-simplelightbox\" rel=\"27968d91f01ccc6554ee2078abffb628\">\n                <img\n                    title=\"Stabschrecke\"\n                    alt=\"Stabschrecke\"\n                    src=\"http:\/\/foto-passion.com\/wp-content\/gallery\/fotostrecke_costarica2015-2016\/cache\/029_20151213-_78A3546.jpg-nggid0514359-ngg0dyn-150x100x100-00f0w010c011r110f110r010t010.jpg\"\n                    width=\"150\"\n                    height=\"100\"\n                    style=\"max-width:100%;\"\n                \/>\n            <\/a>\n        <\/div>\n\t\t\t\t\t\t\t<\/div> \n\t\t\t\n                            \n\t\t\t\t<div id=\"ngg-image-29\" class=\"ngg-gallery-thumbnail-box\" >\n\t\t\t\t        <div class=\"ngg-gallery-thumbnail\">\n            <a href=\"http:\/\/foto-passion.com\/wp-content\/gallery\/fotostrecke_costarica2015-2016\/030_20151215-Q78A4388.jpg\"\n               title=\"&lt;strong&gt;Blattschneideameisen schleppen ihren Blumenschmuck nach Hause&lt;\/strong&gt;&lt;br\/&gt;&lt;br\/&gt;&lt;span style=&quot;font-size:85%;color:#949494&quot;&gt;[Bild-Id: 14360]&lt;\/span&gt;\"\n               data-src=\"http:\/\/foto-passion.com\/wp-content\/gallery\/fotostrecke_costarica2015-2016\/030_20151215-Q78A4388.jpg\"\n               data-thumbnail=\"http:\/\/foto-passion.com\/wp-content\/gallery\/fotostrecke_costarica2015-2016\/thumbs\/thumbs_030_20151215-Q78A4388.jpg\"\n               data-image-id=\"14360\"\n               data-title=\"Blattschneideameisen schleppen ihren Blumenschmuck nach Hause\"\n               data-description=\"&lt;strong&gt;Blattschneideameisen schleppen ihren Blumenschmuck nach Hause&lt;\/strong&gt;&lt;br\/&gt;&lt;br\/&gt;&lt;span style=&quot;font-size:85%;color:#949494&quot;&gt;[Bild-Id: 14360]&lt;\/span&gt;\"\n               data-image-slug=\"blattschneideameisen-schleppen-ihren-blumenschmuck-nach-hause-1\"\n               class=\"ngg-simplelightbox\" rel=\"27968d91f01ccc6554ee2078abffb628\">\n                <img\n                    title=\"Blattschneideameisen schleppen ihren Blumenschmuck nach Hause\"\n                    alt=\"Blattschneideameisen schleppen ihren Blumenschmuck nach Hause\"\n                    src=\"http:\/\/foto-passion.com\/wp-content\/gallery\/fotostrecke_costarica2015-2016\/cache\/030_20151215-Q78A4388.jpg-nggid0514360-ngg0dyn-150x100x100-00f0w010c011r110f110r010t010.jpg\"\n                    width=\"150\"\n                    height=\"100\"\n                    style=\"max-width:100%;\"\n                \/>\n            <\/a>\n        <\/div>\n\t\t\t\t\t\t\t<\/div> \n\t\t\t\n                            \n\t\t\t\t<div id=\"ngg-image-30\" class=\"ngg-gallery-thumbnail-box\" >\n\t\t\t\t        <div class=\"ngg-gallery-thumbnail\">\n            <a href=\"http:\/\/foto-passion.com\/wp-content\/gallery\/fotostrecke_costarica2015-2016\/031_20151215-Q78A4378.jpg\"\n               title=\"&lt;strong&gt;Blattschneideameisen bringen ihren Blumenschmuck nach Hause&lt;\/strong&gt;&lt;br\/&gt;&lt;br\/&gt;&lt;span style=&quot;font-size:85%;color:#949494&quot;&gt;[Bild-Id: 14361]&lt;\/span&gt;\"\n               data-src=\"http:\/\/foto-passion.com\/wp-content\/gallery\/fotostrecke_costarica2015-2016\/031_20151215-Q78A4378.jpg\"\n               data-thumbnail=\"http:\/\/foto-passion.com\/wp-content\/gallery\/fotostrecke_costarica2015-2016\/thumbs\/thumbs_031_20151215-Q78A4378.jpg\"\n               data-image-id=\"14361\"\n               data-title=\"Blattschneideameisen bringen ihren Blumenschmuck nach Hause\"\n               data-description=\"&lt;strong&gt;Blattschneideameisen bringen ihren Blumenschmuck nach Hause&lt;\/strong&gt;&lt;br\/&gt;&lt;br\/&gt;&lt;span style=&quot;font-size:85%;color:#949494&quot;&gt;[Bild-Id: 14361]&lt;\/span&gt;\"\n               data-image-slug=\"031_20151215-q78a4378-2\"\n               class=\"ngg-simplelightbox\" rel=\"27968d91f01ccc6554ee2078abffb628\">\n                <img\n                    title=\"Blattschneideameisen bringen ihren Blumenschmuck nach Hause\"\n                    alt=\"Blattschneideameisen bringen ihren Blumenschmuck nach Hause\"\n                    src=\"http:\/\/foto-passion.com\/wp-content\/gallery\/fotostrecke_costarica2015-2016\/cache\/031_20151215-Q78A4378.jpg-nggid0514361-ngg0dyn-150x100x100-00f0w010c011r110f110r010t010.jpg\"\n                    width=\"150\"\n                    height=\"100\"\n                    style=\"max-width:100%;\"\n                \/>\n            <\/a>\n        <\/div>\n\t\t\t\t\t\t\t<\/div> \n\t\t\t\n                            \n\t\t\t\t<div id=\"ngg-image-31\" class=\"ngg-gallery-thumbnail-box\" >\n\t\t\t\t        <div class=\"ngg-gallery-thumbnail\">\n            <a href=\"http:\/\/foto-passion.com\/wp-content\/gallery\/fotostrecke_costarica2015-2016\/032_20151213-_78A3714.jpg\"\n               title=\"&lt;strong&gt;Spinne&lt;\/strong&gt;&lt;br\/&gt;&lt;br\/&gt;&lt;span style=&quot;font-size:85%;color:#949494&quot;&gt;[Bild-Id: 14362]&lt;\/span&gt;\"\n               data-src=\"http:\/\/foto-passion.com\/wp-content\/gallery\/fotostrecke_costarica2015-2016\/032_20151213-_78A3714.jpg\"\n               data-thumbnail=\"http:\/\/foto-passion.com\/wp-content\/gallery\/fotostrecke_costarica2015-2016\/thumbs\/thumbs_032_20151213-_78A3714.jpg\"\n               data-image-id=\"14362\"\n               data-title=\"Spinne\"\n               data-description=\"&lt;strong&gt;Spinne&lt;\/strong&gt;&lt;br\/&gt;&lt;br\/&gt;&lt;span style=&quot;font-size:85%;color:#949494&quot;&gt;[Bild-Id: 14362]&lt;\/span&gt;\"\n               data-image-slug=\"032_20151213-_78a3714\"\n               class=\"ngg-simplelightbox\" rel=\"27968d91f01ccc6554ee2078abffb628\">\n                <img\n                    title=\"Spinne\"\n                    alt=\"Spinne\"\n                    src=\"http:\/\/foto-passion.com\/wp-content\/gallery\/fotostrecke_costarica2015-2016\/cache\/032_20151213-_78A3714.jpg-nggid0514362-ngg0dyn-150x100x100-00f0w010c011r110f110r010t010.jpg\"\n                    width=\"150\"\n                    height=\"100\"\n                    style=\"max-width:100%;\"\n                \/>\n            <\/a>\n        <\/div>\n\t\t\t\t\t\t\t<\/div> \n\t\t\t\n                                    <br style=\"clear: both\" \/>\n                    \n\t\t\t\t<div id=\"ngg-image-32\" class=\"ngg-gallery-thumbnail-box\" >\n\t\t\t\t        <div class=\"ngg-gallery-thumbnail\">\n            <a href=\"http:\/\/foto-passion.com\/wp-content\/gallery\/fotostrecke_costarica2015-2016\/033_20151216-_J2A0795.jpg\"\n               title=\"&lt;strong&gt;Sumpfschildkr\u00f6te (Kinosternon leucostomum), Mud Turtle&lt;\/strong&gt;&lt;br\/&gt;&lt;br\/&gt;&lt;span style=&quot;font-size:85%;color:#949494&quot;&gt;[Bild-Id: 14363]&lt;\/span&gt;\"\n               data-src=\"http:\/\/foto-passion.com\/wp-content\/gallery\/fotostrecke_costarica2015-2016\/033_20151216-_J2A0795.jpg\"\n               data-thumbnail=\"http:\/\/foto-passion.com\/wp-content\/gallery\/fotostrecke_costarica2015-2016\/thumbs\/thumbs_033_20151216-_J2A0795.jpg\"\n               data-image-id=\"14363\"\n               data-title=\"Sumpfschildkr\u00f6te (Kinosternon leucostomum), Mud Turtle\"\n               data-description=\"&lt;strong&gt;Sumpfschildkr\u00f6te (Kinosternon leucostomum), Mud Turtle&lt;\/strong&gt;&lt;br\/&gt;&lt;br\/&gt;&lt;span style=&quot;font-size:85%;color:#949494&quot;&gt;[Bild-Id: 14363]&lt;\/span&gt;\"\n               data-image-slug=\"033_20151216-_j2a0795\"\n               class=\"ngg-simplelightbox\" rel=\"27968d91f01ccc6554ee2078abffb628\">\n                <img\n                    title=\"Sumpfschildkr\u00f6te (Kinosternon leucostomum), Mud Turtle\"\n                    alt=\"Sumpfschildkr\u00f6te (Kinosternon leucostomum), Mud Turtle\"\n                    src=\"http:\/\/foto-passion.com\/wp-content\/gallery\/fotostrecke_costarica2015-2016\/cache\/033_20151216-_J2A0795.jpg-nggid0514363-ngg0dyn-150x100x100-00f0w010c011r110f110r010t010.jpg\"\n                    width=\"150\"\n                    height=\"100\"\n                    style=\"max-width:100%;\"\n                \/>\n            <\/a>\n        <\/div>\n\t\t\t\t\t\t\t<\/div> \n\t\t\t\n                            \n\t\t\t\t<div id=\"ngg-image-33\" class=\"ngg-gallery-thumbnail-box\" >\n\t\t\t\t        <div class=\"ngg-gallery-thumbnail\">\n            <a href=\"http:\/\/foto-passion.com\/wp-content\/gallery\/fotostrecke_costarica2015-2016\/034_20151216-_J2A0801.jpg\"\n               title=\"&lt;strong&gt;Halsbandarassari (Pteroglossus torquatus)&lt;\/strong&gt;&lt;br\/&gt;&lt;br\/&gt;&lt;span style=&quot;font-size:85%;color:#949494&quot;&gt;[Bild-Id: 14364]&lt;\/span&gt;\"\n               data-src=\"http:\/\/foto-passion.com\/wp-content\/gallery\/fotostrecke_costarica2015-2016\/034_20151216-_J2A0801.jpg\"\n               data-thumbnail=\"http:\/\/foto-passion.com\/wp-content\/gallery\/fotostrecke_costarica2015-2016\/thumbs\/thumbs_034_20151216-_J2A0801.jpg\"\n               data-image-id=\"14364\"\n               data-title=\"Halsbandarassari (Pteroglossus torquatus)\"\n               data-description=\"&lt;strong&gt;Halsbandarassari (Pteroglossus torquatus)&lt;\/strong&gt;&lt;br\/&gt;&lt;br\/&gt;&lt;span style=&quot;font-size:85%;color:#949494&quot;&gt;[Bild-Id: 14364]&lt;\/span&gt;\"\n               data-image-slug=\"034_20151216-_j2a0801\"\n               class=\"ngg-simplelightbox\" rel=\"27968d91f01ccc6554ee2078abffb628\">\n                <img\n                    title=\"Halsbandarassari (Pteroglossus torquatus)\"\n                    alt=\"Halsbandarassari (Pteroglossus torquatus)\"\n                    src=\"http:\/\/foto-passion.com\/wp-content\/gallery\/fotostrecke_costarica2015-2016\/cache\/034_20151216-_J2A0801.jpg-nggid0514364-ngg0dyn-150x100x100-00f0w010c011r110f110r010t010.jpg\"\n                    width=\"150\"\n                    height=\"100\"\n                    style=\"max-width:100%;\"\n                \/>\n            <\/a>\n        <\/div>\n\t\t\t\t\t\t\t<\/div> \n\t\t\t\n                            \n\t\t\t\t<div id=\"ngg-image-34\" class=\"ngg-gallery-thumbnail-box\" >\n\t\t\t\t        <div class=\"ngg-gallery-thumbnail\">\n            <a href=\"http:\/\/foto-passion.com\/wp-content\/gallery\/fotostrecke_costarica2015-2016\/035_20151216-_J2A0906.jpg\"\n               title=\"&lt;strong&gt;Pr\u00e4lattangar (Thraupis sayaca), Sayaca Tanager&lt;\/strong&gt;&lt;br\/&gt;&lt;br\/&gt;&lt;span style=&quot;font-size:85%;color:#949494&quot;&gt;[Bild-Id: 14365]&lt;\/span&gt;\"\n               data-src=\"http:\/\/foto-passion.com\/wp-content\/gallery\/fotostrecke_costarica2015-2016\/035_20151216-_J2A0906.jpg\"\n               data-thumbnail=\"http:\/\/foto-passion.com\/wp-content\/gallery\/fotostrecke_costarica2015-2016\/thumbs\/thumbs_035_20151216-_J2A0906.jpg\"\n               data-image-id=\"14365\"\n               data-title=\"Pr\u00e4lattangar (Thraupis sayaca), Sayaca Tanager\"\n               data-description=\"&lt;strong&gt;Pr\u00e4lattangar (Thraupis sayaca), Sayaca Tanager&lt;\/strong&gt;&lt;br\/&gt;&lt;br\/&gt;&lt;span style=&quot;font-size:85%;color:#949494&quot;&gt;[Bild-Id: 14365]&lt;\/span&gt;\"\n               data-image-slug=\"035_20151216-_j2a0906\"\n               class=\"ngg-simplelightbox\" rel=\"27968d91f01ccc6554ee2078abffb628\">\n                <img\n                    title=\"Pr\u00e4lattangar (Thraupis sayaca), Sayaca Tanager\"\n                    alt=\"Pr\u00e4lattangar (Thraupis sayaca), Sayaca Tanager\"\n                    src=\"http:\/\/foto-passion.com\/wp-content\/gallery\/fotostrecke_costarica2015-2016\/cache\/035_20151216-_J2A0906.jpg-nggid0514365-ngg0dyn-150x100x100-00f0w010c011r110f110r010t010.jpg\"\n                    width=\"150\"\n                    height=\"100\"\n                    style=\"max-width:100%;\"\n                \/>\n            <\/a>\n        <\/div>\n\t\t\t\t\t\t\t<\/div> \n\t\t\t\n                            \n\t\t\t\t<div id=\"ngg-image-35\" class=\"ngg-gallery-thumbnail-box\" >\n\t\t\t\t        <div class=\"ngg-gallery-thumbnail\">\n            <a href=\"http:\/\/foto-passion.com\/wp-content\/gallery\/fotostrecke_costarica2015-2016\/036_20151216-_J2A1196.jpg\"\n               title=\"&lt;strong&gt;H\u00f6rnchen&lt;\/strong&gt;&lt;br\/&gt;&lt;br\/&gt;&lt;span style=&quot;font-size:85%;color:#949494&quot;&gt;[Bild-Id: 14366]&lt;\/span&gt;\"\n               data-src=\"http:\/\/foto-passion.com\/wp-content\/gallery\/fotostrecke_costarica2015-2016\/036_20151216-_J2A1196.jpg\"\n               data-thumbnail=\"http:\/\/foto-passion.com\/wp-content\/gallery\/fotostrecke_costarica2015-2016\/thumbs\/thumbs_036_20151216-_J2A1196.jpg\"\n               data-image-id=\"14366\"\n               data-title=\"H\u00f6rnchen\"\n               data-description=\"&lt;strong&gt;H\u00f6rnchen&lt;\/strong&gt;&lt;br\/&gt;&lt;br\/&gt;&lt;span style=&quot;font-size:85%;color:#949494&quot;&gt;[Bild-Id: 14366]&lt;\/span&gt;\"\n               data-image-slug=\"036_20151216-_j2a1196\"\n               class=\"ngg-simplelightbox\" rel=\"27968d91f01ccc6554ee2078abffb628\">\n                <img\n                    title=\"H\u00f6rnchen\"\n                    alt=\"H\u00f6rnchen\"\n                    src=\"http:\/\/foto-passion.com\/wp-content\/gallery\/fotostrecke_costarica2015-2016\/cache\/036_20151216-_J2A1196.jpg-nggid0514366-ngg0dyn-150x100x100-00f0w010c011r110f110r010t010.jpg\"\n                    width=\"150\"\n                    height=\"100\"\n                    style=\"max-width:100%;\"\n                \/>\n            <\/a>\n        <\/div>\n\t\t\t\t\t\t\t<\/div> \n\t\t\t\n                                    <br style=\"clear: both\" \/>\n                    \n\t\t\t\t<div id=\"ngg-image-36\" class=\"ngg-gallery-thumbnail-box\" >\n\t\t\t\t        <div class=\"ngg-gallery-thumbnail\">\n            <a href=\"http:\/\/foto-passion.com\/wp-content\/gallery\/fotostrecke_costarica2015-2016\/037_20151216-_J2A0806.jpg\"\n               title=\"&lt;strong\/&gt;&lt;br\/&gt;&lt;br\/&gt;&lt;span style=&quot;font-size:85%;color:#949494&quot;&gt;[Bild-Id: 14367]&lt;\/span&gt;\"\n               data-src=\"http:\/\/foto-passion.com\/wp-content\/gallery\/fotostrecke_costarica2015-2016\/037_20151216-_J2A0806.jpg\"\n               data-thumbnail=\"http:\/\/foto-passion.com\/wp-content\/gallery\/fotostrecke_costarica2015-2016\/thumbs\/thumbs_037_20151216-_J2A0806.jpg\"\n               data-image-id=\"14367\"\n               data-title=\"-\"\n               data-description=\"&lt;strong\/&gt;&lt;br\/&gt;&lt;br\/&gt;&lt;span style=&quot;font-size:85%;color:#949494&quot;&gt;[Bild-Id: 14367]&lt;\/span&gt;\"\n               data-image-slug=\"037_20151216-_j2a0806\"\n               class=\"ngg-simplelightbox\" rel=\"27968d91f01ccc6554ee2078abffb628\">\n                <img\n                    title=\"-\"\n                    alt=\"-\"\n                    src=\"http:\/\/foto-passion.com\/wp-content\/gallery\/fotostrecke_costarica2015-2016\/cache\/037_20151216-_J2A0806.jpg-nggid0514367-ngg0dyn-150x100x100-00f0w010c011r110f110r010t010.jpg\"\n                    width=\"150\"\n                    height=\"100\"\n                    style=\"max-width:100%;\"\n                \/>\n            <\/a>\n        <\/div>\n\t\t\t\t\t\t\t<\/div> \n\t\t\t\n                            \n\t\t\t\t<div id=\"ngg-image-37\" class=\"ngg-gallery-thumbnail-box\" >\n\t\t\t\t        <div class=\"ngg-gallery-thumbnail\">\n            <a href=\"http:\/\/foto-passion.com\/wp-content\/gallery\/fotostrecke_costarica2015-2016\/038_20151216-_J2A0830.jpg\"\n               title=\"&lt;strong&gt;Starkschnabel-Maskentyrann (Megarhynchus pitangua)&lt;\/strong&gt;&lt;br\/&gt;&lt;br\/&gt;&lt;span style=&quot;font-size:85%;color:#949494&quot;&gt;[Bild-Id: 14368]&lt;\/span&gt;\"\n               data-src=\"http:\/\/foto-passion.com\/wp-content\/gallery\/fotostrecke_costarica2015-2016\/038_20151216-_J2A0830.jpg\"\n               data-thumbnail=\"http:\/\/foto-passion.com\/wp-content\/gallery\/fotostrecke_costarica2015-2016\/thumbs\/thumbs_038_20151216-_J2A0830.jpg\"\n               data-image-id=\"14368\"\n               data-title=\"Starkschnabel-Maskentyrann (Megarhynchus pitangua)\"\n               data-description=\"&lt;strong&gt;Starkschnabel-Maskentyrann (Megarhynchus pitangua)&lt;\/strong&gt;&lt;br\/&gt;&lt;br\/&gt;&lt;span style=&quot;font-size:85%;color:#949494&quot;&gt;[Bild-Id: 14368]&lt;\/span&gt;\"\n               data-image-slug=\"038_20151216-_j2a0830\"\n               class=\"ngg-simplelightbox\" rel=\"27968d91f01ccc6554ee2078abffb628\">\n                <img\n                    title=\"Starkschnabel-Maskentyrann (Megarhynchus pitangua)\"\n                    alt=\"Starkschnabel-Maskentyrann (Megarhynchus pitangua)\"\n                    src=\"http:\/\/foto-passion.com\/wp-content\/gallery\/fotostrecke_costarica2015-2016\/cache\/038_20151216-_J2A0830.jpg-nggid0514368-ngg0dyn-150x100x100-00f0w010c011r110f110r010t010.jpg\"\n                    width=\"150\"\n                    height=\"100\"\n                    style=\"max-width:100%;\"\n                \/>\n            <\/a>\n        <\/div>\n\t\t\t\t\t\t\t<\/div> \n\t\t\t\n                            \n\t\t\t\t<div id=\"ngg-image-38\" class=\"ngg-gallery-thumbnail-box\" >\n\t\t\t\t        <div class=\"ngg-gallery-thumbnail\">\n            <a href=\"http:\/\/foto-passion.com\/wp-content\/gallery\/fotostrecke_costarica2015-2016\/039_20151216-_J2A0836.jpg\"\n               title=\"&lt;strong&gt;Specht&lt;\/strong&gt;&lt;br\/&gt;&lt;br\/&gt;&lt;span style=&quot;font-size:85%;color:#949494&quot;&gt;[Bild-Id: 14369]&lt;\/span&gt;\"\n               data-src=\"http:\/\/foto-passion.com\/wp-content\/gallery\/fotostrecke_costarica2015-2016\/039_20151216-_J2A0836.jpg\"\n               data-thumbnail=\"http:\/\/foto-passion.com\/wp-content\/gallery\/fotostrecke_costarica2015-2016\/thumbs\/thumbs_039_20151216-_J2A0836.jpg\"\n               data-image-id=\"14369\"\n               data-title=\"Specht\"\n               data-description=\"&lt;strong&gt;Specht&lt;\/strong&gt;&lt;br\/&gt;&lt;br\/&gt;&lt;span style=&quot;font-size:85%;color:#949494&quot;&gt;[Bild-Id: 14369]&lt;\/span&gt;\"\n               data-image-slug=\"039_20151216-_j2a0836\"\n               class=\"ngg-simplelightbox\" rel=\"27968d91f01ccc6554ee2078abffb628\">\n                <img\n                    title=\"Specht\"\n                    alt=\"Specht\"\n                    src=\"http:\/\/foto-passion.com\/wp-content\/gallery\/fotostrecke_costarica2015-2016\/cache\/039_20151216-_J2A0836.jpg-nggid0514369-ngg0dyn-150x100x100-00f0w010c011r110f110r010t010.jpg\"\n                    width=\"150\"\n                    height=\"100\"\n                    style=\"max-width:100%;\"\n                \/>\n            <\/a>\n        <\/div>\n\t\t\t\t\t\t\t<\/div> \n\t\t\t\n                            \n\t\t\t\t<div id=\"ngg-image-39\" class=\"ngg-gallery-thumbnail-box\" >\n\t\t\t\t        <div class=\"ngg-gallery-thumbnail\">\n            <a href=\"http:\/\/foto-passion.com\/wp-content\/gallery\/fotostrecke_costarica2015-2016\/040_20151216-_J2A0902.jpg\"\n               title=\"&lt;strong\/&gt;&lt;br\/&gt;&lt;br\/&gt;&lt;span style=&quot;font-size:85%;color:#949494&quot;&gt;[Bild-Id: 14370]&lt;\/span&gt;\"\n               data-src=\"http:\/\/foto-passion.com\/wp-content\/gallery\/fotostrecke_costarica2015-2016\/040_20151216-_J2A0902.jpg\"\n               data-thumbnail=\"http:\/\/foto-passion.com\/wp-content\/gallery\/fotostrecke_costarica2015-2016\/thumbs\/thumbs_040_20151216-_J2A0902.jpg\"\n               data-image-id=\"14370\"\n               data-title=\"-\"\n               data-description=\"&lt;strong\/&gt;&lt;br\/&gt;&lt;br\/&gt;&lt;span style=&quot;font-size:85%;color:#949494&quot;&gt;[Bild-Id: 14370]&lt;\/span&gt;\"\n               data-image-slug=\"\"\n               class=\"ngg-simplelightbox\" rel=\"27968d91f01ccc6554ee2078abffb628\">\n                <img\n                    title=\"-\"\n                    alt=\"-\"\n                    src=\"http:\/\/foto-passion.com\/wp-content\/gallery\/fotostrecke_costarica2015-2016\/cache\/040_20151216-_J2A0902.jpg-nggid0514370-ngg0dyn-150x100x100-00f0w010c011r110f110r010t010.jpg\"\n                    width=\"150\"\n                    height=\"100\"\n                    style=\"max-width:100%;\"\n                \/>\n            <\/a>\n        <\/div>\n\t\t\t\t\t\t\t<\/div> \n\t\t\t\n                                    <br style=\"clear: both\" \/>\n                    \n\t\t\t\t<div id=\"ngg-image-40\" class=\"ngg-gallery-thumbnail-box\" >\n\t\t\t\t        <div class=\"ngg-gallery-thumbnail\">\n            <a href=\"http:\/\/foto-passion.com\/wp-content\/gallery\/fotostrecke_costarica2015-2016\/041_20151216-_J2A0919.jpg\"\n               title=\"&lt;strong&gt;Emerald Basilisk (Basiliscus plumifrons)&lt;\/strong&gt;&lt;br\/&gt;&lt;br\/&gt;&lt;span style=&quot;font-size:85%;color:#949494&quot;&gt;[Bild-Id: 14371]&lt;\/span&gt;\"\n               data-src=\"http:\/\/foto-passion.com\/wp-content\/gallery\/fotostrecke_costarica2015-2016\/041_20151216-_J2A0919.jpg\"\n               data-thumbnail=\"http:\/\/foto-passion.com\/wp-content\/gallery\/fotostrecke_costarica2015-2016\/thumbs\/thumbs_041_20151216-_J2A0919.jpg\"\n               data-image-id=\"14371\"\n               data-title=\"Emerald Basilisk (Basiliscus plumifrons)\"\n               data-description=\"&lt;strong&gt;Emerald Basilisk (Basiliscus plumifrons)&lt;\/strong&gt;&lt;br\/&gt;&lt;br\/&gt;&lt;span style=&quot;font-size:85%;color:#949494&quot;&gt;[Bild-Id: 14371]&lt;\/span&gt;\"\n               data-image-slug=\"041_20151216-_j2a0919\"\n               class=\"ngg-simplelightbox\" rel=\"27968d91f01ccc6554ee2078abffb628\">\n                <img\n                    title=\"Emerald Basilisk (Basiliscus plumifrons)\"\n                    alt=\"Emerald Basilisk (Basiliscus plumifrons)\"\n                    src=\"http:\/\/foto-passion.com\/wp-content\/gallery\/fotostrecke_costarica2015-2016\/cache\/041_20151216-_J2A0919.jpg-nggid0514371-ngg0dyn-150x100x100-00f0w010c011r110f110r010t010.jpg\"\n                    width=\"150\"\n                    height=\"100\"\n                    style=\"max-width:100%;\"\n                \/>\n            <\/a>\n        <\/div>\n\t\t\t\t\t\t\t<\/div> \n\t\t\t\n                            \n\t\t\t\t<div id=\"ngg-image-41\" class=\"ngg-gallery-thumbnail-box\" >\n\t\t\t\t        <div class=\"ngg-gallery-thumbnail\">\n            <a href=\"http:\/\/foto-passion.com\/wp-content\/gallery\/fotostrecke_costarica2015-2016\/042_20151216-Q78A4482.jpg\"\n               title=\"&lt;strong&gt;Erdbeerfrosch (Oophaga pumilio), Blue Jeans Dart Frog&lt;\/strong&gt;&lt;br\/&gt;&lt;br\/&gt;&lt;span style=&quot;font-size:85%;color:#949494&quot;&gt;[Bild-Id: 14372]&lt;\/span&gt;\"\n               data-src=\"http:\/\/foto-passion.com\/wp-content\/gallery\/fotostrecke_costarica2015-2016\/042_20151216-Q78A4482.jpg\"\n               data-thumbnail=\"http:\/\/foto-passion.com\/wp-content\/gallery\/fotostrecke_costarica2015-2016\/thumbs\/thumbs_042_20151216-Q78A4482.jpg\"\n               data-image-id=\"14372\"\n               data-title=\"Erdbeerfrosch (Oophaga pumilio), Blue Jeans Dart Frog\"\n               data-description=\"&lt;strong&gt;Erdbeerfrosch (Oophaga pumilio), Blue Jeans Dart Frog&lt;\/strong&gt;&lt;br\/&gt;&lt;br\/&gt;&lt;span style=&quot;font-size:85%;color:#949494&quot;&gt;[Bild-Id: 14372]&lt;\/span&gt;\"\n               data-image-slug=\"042_20151216-q78a4482\"\n               class=\"ngg-simplelightbox\" rel=\"27968d91f01ccc6554ee2078abffb628\">\n                <img\n                    title=\"Erdbeerfrosch (Oophaga pumilio), Blue Jeans Dart Frog\"\n                    alt=\"Erdbeerfrosch (Oophaga pumilio), Blue Jeans Dart Frog\"\n                    src=\"http:\/\/foto-passion.com\/wp-content\/gallery\/fotostrecke_costarica2015-2016\/cache\/042_20151216-Q78A4482.jpg-nggid0514372-ngg0dyn-150x100x100-00f0w010c011r110f110r010t010.jpg\"\n                    width=\"150\"\n                    height=\"100\"\n                    style=\"max-width:100%;\"\n                \/>\n            <\/a>\n        <\/div>\n\t\t\t\t\t\t\t<\/div> \n\t\t\t\n                            \n\t\t\t\t<div id=\"ngg-image-42\" class=\"ngg-gallery-thumbnail-box\" >\n\t\t\t\t        <div class=\"ngg-gallery-thumbnail\">\n            <a href=\"http:\/\/foto-passion.com\/wp-content\/gallery\/fotostrecke_costarica2015-2016\/043_20151216-Q78A4676.jpg\"\n               title=\"&lt;strong&gt;Goldbaumsteiger (Dendrobates auratus), Black and Green Dartfrog&lt;\/strong&gt;&lt;br\/&gt;&lt;br\/&gt;&lt;span style=&quot;font-size:85%;color:#949494&quot;&gt;[Bild-Id: 14373]&lt;\/span&gt;\"\n               data-src=\"http:\/\/foto-passion.com\/wp-content\/gallery\/fotostrecke_costarica2015-2016\/043_20151216-Q78A4676.jpg\"\n               data-thumbnail=\"http:\/\/foto-passion.com\/wp-content\/gallery\/fotostrecke_costarica2015-2016\/thumbs\/thumbs_043_20151216-Q78A4676.jpg\"\n               data-image-id=\"14373\"\n               data-title=\"Goldbaumsteiger (Dendrobates auratus), Black and Green Dartfrog\"\n               data-description=\"&lt;strong&gt;Goldbaumsteiger (Dendrobates auratus), Black and Green Dartfrog&lt;\/strong&gt;&lt;br\/&gt;&lt;br\/&gt;&lt;span style=&quot;font-size:85%;color:#949494&quot;&gt;[Bild-Id: 14373]&lt;\/span&gt;\"\n               data-image-slug=\"043_20151216-q78a4676\"\n               class=\"ngg-simplelightbox\" rel=\"27968d91f01ccc6554ee2078abffb628\">\n                <img\n                    title=\"Goldbaumsteiger (Dendrobates auratus), Black and Green Dartfrog\"\n                    alt=\"Goldbaumsteiger (Dendrobates auratus), Black and Green Dartfrog\"\n                    src=\"http:\/\/foto-passion.com\/wp-content\/gallery\/fotostrecke_costarica2015-2016\/cache\/043_20151216-Q78A4676.jpg-nggid0514373-ngg0dyn-150x100x100-00f0w010c011r110f110r010t010.jpg\"\n                    width=\"150\"\n                    height=\"100\"\n                    style=\"max-width:100%;\"\n                \/>\n            <\/a>\n        <\/div>\n\t\t\t\t\t\t\t<\/div> \n\t\t\t\n                            \n\t\t\t\t<div id=\"ngg-image-43\" class=\"ngg-gallery-thumbnail-box\" >\n\t\t\t\t        <div class=\"ngg-gallery-thumbnail\">\n            <a href=\"http:\/\/foto-passion.com\/wp-content\/gallery\/fotostrecke_costarica2015-2016\/044_20151216-_J2A1092.jpg\"\n               title=\"&lt;strong&gt;Glasfrosch-M\u00e4nnchen (Hyalinobatrachium valerioi), Reticulated Glass Frog mit seiner Brut.&lt;\/strong&gt;&lt;br\/&gt;&lt;br\/&gt;&lt;span style=&quot;font-size:85%;color:#949494&quot;&gt;[Bild-Id: 14374]&lt;\/span&gt;\"\n               data-src=\"http:\/\/foto-passion.com\/wp-content\/gallery\/fotostrecke_costarica2015-2016\/044_20151216-_J2A1092.jpg\"\n               data-thumbnail=\"http:\/\/foto-passion.com\/wp-content\/gallery\/fotostrecke_costarica2015-2016\/thumbs\/thumbs_044_20151216-_J2A1092.jpg\"\n               data-image-id=\"14374\"\n               data-title=\"Glasfrosch-M\u00e4nnchen (Hyalinobatrachium valerioi), Reticulated Glass Frog mit seiner Brut.\"\n               data-description=\"&lt;strong&gt;Glasfrosch-M\u00e4nnchen (Hyalinobatrachium valerioi), Reticulated Glass Frog mit seiner Brut.&lt;\/strong&gt;&lt;br\/&gt;&lt;br\/&gt;&lt;span style=&quot;font-size:85%;color:#949494&quot;&gt;[Bild-Id: 14374]&lt;\/span&gt;\"\n               data-image-slug=\"044_20151216-_j2a1092\"\n               class=\"ngg-simplelightbox\" rel=\"27968d91f01ccc6554ee2078abffb628\">\n                <img\n                    title=\"Glasfrosch-M\u00e4nnchen (Hyalinobatrachium valerioi), Reticulated Glass Frog mit seiner Brut.\"\n                    alt=\"Glasfrosch-M\u00e4nnchen (Hyalinobatrachium valerioi), Reticulated Glass Frog mit seiner Brut.\"\n                    src=\"http:\/\/foto-passion.com\/wp-content\/gallery\/fotostrecke_costarica2015-2016\/cache\/044_20151216-_J2A1092.jpg-nggid0514374-ngg0dyn-150x100x100-00f0w010c011r110f110r010t010.jpg\"\n                    width=\"150\"\n                    height=\"100\"\n                    style=\"max-width:100%;\"\n                \/>\n            <\/a>\n        <\/div>\n\t\t\t\t\t\t\t<\/div> \n\t\t\t\n                                    <br style=\"clear: both\" \/>\n                    \n\t\t\t\t<div id=\"ngg-image-44\" class=\"ngg-gallery-thumbnail-box\" >\n\t\t\t\t        <div class=\"ngg-gallery-thumbnail\">\n            <a href=\"http:\/\/foto-passion.com\/wp-content\/gallery\/fotostrecke_costarica2015-2016\/045_20151216-_J2A1118.jpg\"\n               title=\"&lt;strong&gt;Tukan&lt;\/strong&gt;&lt;br\/&gt;&lt;br\/&gt;&lt;span style=&quot;font-size:85%;color:#949494&quot;&gt;[Bild-Id: 14375]&lt;\/span&gt;\"\n               data-src=\"http:\/\/foto-passion.com\/wp-content\/gallery\/fotostrecke_costarica2015-2016\/045_20151216-_J2A1118.jpg\"\n               data-thumbnail=\"http:\/\/foto-passion.com\/wp-content\/gallery\/fotostrecke_costarica2015-2016\/thumbs\/thumbs_045_20151216-_J2A1118.jpg\"\n               data-image-id=\"14375\"\n               data-title=\"Tukan\"\n               data-description=\"&lt;strong&gt;Tukan&lt;\/strong&gt;&lt;br\/&gt;&lt;br\/&gt;&lt;span style=&quot;font-size:85%;color:#949494&quot;&gt;[Bild-Id: 14375]&lt;\/span&gt;\"\n               data-image-slug=\"045_20151216-_j2a1118\"\n               class=\"ngg-simplelightbox\" rel=\"27968d91f01ccc6554ee2078abffb628\">\n                <img\n                    title=\"Tukan\"\n                    alt=\"Tukan\"\n                    src=\"http:\/\/foto-passion.com\/wp-content\/gallery\/fotostrecke_costarica2015-2016\/cache\/045_20151216-_J2A1118.jpg-nggid0514375-ngg0dyn-150x100x100-00f0w010c011r110f110r010t010.jpg\"\n                    width=\"150\"\n                    height=\"100\"\n                    style=\"max-width:100%;\"\n                \/>\n            <\/a>\n        <\/div>\n\t\t\t\t\t\t\t<\/div> \n\t\t\t\n                            \n\t\t\t\t<div id=\"ngg-image-45\" class=\"ngg-gallery-thumbnail-box\" >\n\t\t\t\t        <div class=\"ngg-gallery-thumbnail\">\n            <a href=\"http:\/\/foto-passion.com\/wp-content\/gallery\/fotostrecke_costarica2015-2016\/046_20151216-_J2A1182.jpg\"\n               title=\"&lt;strong&gt;Leguan, Green Iguana&lt;\/strong&gt;&lt;br\/&gt;&lt;br\/&gt;&lt;span style=&quot;font-size:85%;color:#949494&quot;&gt;[Bild-Id: 14376]&lt;\/span&gt;\"\n               data-src=\"http:\/\/foto-passion.com\/wp-content\/gallery\/fotostrecke_costarica2015-2016\/046_20151216-_J2A1182.jpg\"\n               data-thumbnail=\"http:\/\/foto-passion.com\/wp-content\/gallery\/fotostrecke_costarica2015-2016\/thumbs\/thumbs_046_20151216-_J2A1182.jpg\"\n               data-image-id=\"14376\"\n               data-title=\"Leguan, Green Iguana\"\n               data-description=\"&lt;strong&gt;Leguan, Green Iguana&lt;\/strong&gt;&lt;br\/&gt;&lt;br\/&gt;&lt;span style=&quot;font-size:85%;color:#949494&quot;&gt;[Bild-Id: 14376]&lt;\/span&gt;\"\n               data-image-slug=\"046_20151216-_j2a1182\"\n               class=\"ngg-simplelightbox\" rel=\"27968d91f01ccc6554ee2078abffb628\">\n                <img\n                    title=\"Leguan, Green Iguana\"\n                    alt=\"Leguan, Green Iguana\"\n                    src=\"http:\/\/foto-passion.com\/wp-content\/gallery\/fotostrecke_costarica2015-2016\/cache\/046_20151216-_J2A1182.jpg-nggid0514376-ngg0dyn-150x100x100-00f0w010c011r110f110r010t010.jpg\"\n                    width=\"150\"\n                    height=\"100\"\n                    style=\"max-width:100%;\"\n                \/>\n            <\/a>\n        <\/div>\n\t\t\t\t\t\t\t<\/div> \n\t\t\t\n                            \n\t\t\t\t<div id=\"ngg-image-46\" class=\"ngg-gallery-thumbnail-box\" >\n\t\t\t\t        <div class=\"ngg-gallery-thumbnail\">\n            <a href=\"http:\/\/foto-passion.com\/wp-content\/gallery\/fotostrecke_costarica2015-2016\/047_20151217-Q78A4850.jpg\"\n               title=\"&lt;strong&gt;Rotaugenlaubfrosch (Agalychnis callidryas)&lt;\/strong&gt;&lt;br\/&gt;&lt;br\/&gt;&lt;span style=&quot;font-size:85%;color:#949494&quot;&gt;[Bild-Id: 14377]&lt;\/span&gt;\"\n               data-src=\"http:\/\/foto-passion.com\/wp-content\/gallery\/fotostrecke_costarica2015-2016\/047_20151217-Q78A4850.jpg\"\n               data-thumbnail=\"http:\/\/foto-passion.com\/wp-content\/gallery\/fotostrecke_costarica2015-2016\/thumbs\/thumbs_047_20151217-Q78A4850.jpg\"\n               data-image-id=\"14377\"\n               data-title=\"Rotaugenlaubfrosch (Agalychnis callidryas)\"\n               data-description=\"&lt;strong&gt;Rotaugenlaubfrosch (Agalychnis callidryas)&lt;\/strong&gt;&lt;br\/&gt;&lt;br\/&gt;&lt;span style=&quot;font-size:85%;color:#949494&quot;&gt;[Bild-Id: 14377]&lt;\/span&gt;\"\n               data-image-slug=\"047_20151217-q78a4850\"\n               class=\"ngg-simplelightbox\" rel=\"27968d91f01ccc6554ee2078abffb628\">\n                <img\n                    title=\"Rotaugenlaubfrosch (Agalychnis callidryas)\"\n                    alt=\"Rotaugenlaubfrosch (Agalychnis callidryas)\"\n                    src=\"http:\/\/foto-passion.com\/wp-content\/gallery\/fotostrecke_costarica2015-2016\/cache\/047_20151217-Q78A4850.jpg-nggid0514377-ngg0dyn-150x100x100-00f0w010c011r110f110r010t010.jpg\"\n                    width=\"150\"\n                    height=\"100\"\n                    style=\"max-width:100%;\"\n                \/>\n            <\/a>\n        <\/div>\n\t\t\t\t\t\t\t<\/div> \n\t\t\t\n                            \n\t\t\t\t<div id=\"ngg-image-47\" class=\"ngg-gallery-thumbnail-box\" >\n\t\t\t\t        <div class=\"ngg-gallery-thumbnail\">\n            <a href=\"http:\/\/foto-passion.com\/wp-content\/gallery\/fotostrecke_costarica2015-2016\/048_20151216-Q78A4731.jpg\"\n               title=\"&lt;strong&gt;Riesennatter (Imantodes cenchoa), Common Blunt-headed Snake&lt;\/strong&gt;&lt;br\/&gt;&lt;br\/&gt;&lt;span style=&quot;font-size:85%;color:#949494&quot;&gt;[Bild-Id: 14378]&lt;\/span&gt;\"\n               data-src=\"http:\/\/foto-passion.com\/wp-content\/gallery\/fotostrecke_costarica2015-2016\/048_20151216-Q78A4731.jpg\"\n               data-thumbnail=\"http:\/\/foto-passion.com\/wp-content\/gallery\/fotostrecke_costarica2015-2016\/thumbs\/thumbs_048_20151216-Q78A4731.jpg\"\n               data-image-id=\"14378\"\n               data-title=\"Riesennatter (Imantodes cenchoa), Common Blunt-headed Snake\"\n               data-description=\"&lt;strong&gt;Riesennatter (Imantodes cenchoa), Common Blunt-headed Snake&lt;\/strong&gt;&lt;br\/&gt;&lt;br\/&gt;&lt;span style=&quot;font-size:85%;color:#949494&quot;&gt;[Bild-Id: 14378]&lt;\/span&gt;\"\n               data-image-slug=\"048_20151216-q78a4731\"\n               class=\"ngg-simplelightbox\" rel=\"27968d91f01ccc6554ee2078abffb628\">\n                <img\n                    title=\"Riesennatter (Imantodes cenchoa), Common Blunt-headed Snake\"\n                    alt=\"Riesennatter (Imantodes cenchoa), Common Blunt-headed Snake\"\n                    src=\"http:\/\/foto-passion.com\/wp-content\/gallery\/fotostrecke_costarica2015-2016\/cache\/048_20151216-Q78A4731.jpg-nggid0514378-ngg0dyn-150x100x100-00f0w010c011r110f110r010t010.jpg\"\n                    width=\"150\"\n                    height=\"100\"\n                    style=\"max-width:100%;\"\n                \/>\n            <\/a>\n        <\/div>\n\t\t\t\t\t\t\t<\/div> \n\t\t\t\n                                    <br style=\"clear: both\" \/>\n                    \n\t\t\t\t<div id=\"ngg-image-48\" class=\"ngg-gallery-thumbnail-box\" >\n\t\t\t\t        <div class=\"ngg-gallery-thumbnail\">\n            <a href=\"http:\/\/foto-passion.com\/wp-content\/gallery\/fotostrecke_costarica2015-2016\/049_20151217-Q78A4765.jpg\"\n               title=\"&lt;strong&gt;Smilisca sordida&lt;\/strong&gt;&lt;br\/&gt;&lt;br\/&gt;&lt;span style=&quot;font-size:85%;color:#949494&quot;&gt;[Bild-Id: 14379]&lt;\/span&gt;\"\n               data-src=\"http:\/\/foto-passion.com\/wp-content\/gallery\/fotostrecke_costarica2015-2016\/049_20151217-Q78A4765.jpg\"\n               data-thumbnail=\"http:\/\/foto-passion.com\/wp-content\/gallery\/fotostrecke_costarica2015-2016\/thumbs\/thumbs_049_20151217-Q78A4765.jpg\"\n               data-image-id=\"14379\"\n               data-title=\"Smilisca sordida\"\n               data-description=\"&lt;strong&gt;Smilisca sordida&lt;\/strong&gt;&lt;br\/&gt;&lt;br\/&gt;&lt;span style=&quot;font-size:85%;color:#949494&quot;&gt;[Bild-Id: 14379]&lt;\/span&gt;\"\n               data-image-slug=\"049_20151217-q78a4765\"\n               class=\"ngg-simplelightbox\" rel=\"27968d91f01ccc6554ee2078abffb628\">\n                <img\n                    title=\"Smilisca sordida\"\n                    alt=\"Smilisca sordida\"\n                    src=\"http:\/\/foto-passion.com\/wp-content\/gallery\/fotostrecke_costarica2015-2016\/cache\/049_20151217-Q78A4765.jpg-nggid0514379-ngg0dyn-150x100x100-00f0w010c011r110f110r010t010.jpg\"\n                    width=\"150\"\n                    height=\"100\"\n                    style=\"max-width:100%;\"\n                \/>\n            <\/a>\n        <\/div>\n\t\t\t\t\t\t\t<\/div> \n\t\t\t\n                            \n\t\t\t\t<div id=\"ngg-image-49\" class=\"ngg-gallery-thumbnail-box\" >\n\t\t\t\t        <div class=\"ngg-gallery-thumbnail\">\n            <a href=\"http:\/\/foto-passion.com\/wp-content\/gallery\/fotostrecke_costarica2015-2016\/050_20151217-Q78A4810.jpg\"\n               title=\"&lt;strong\/&gt;&lt;br\/&gt;&lt;br\/&gt;&lt;span style=&quot;font-size:85%;color:#949494&quot;&gt;[Bild-Id: 14380]&lt;\/span&gt;\"\n               data-src=\"http:\/\/foto-passion.com\/wp-content\/gallery\/fotostrecke_costarica2015-2016\/050_20151217-Q78A4810.jpg\"\n               data-thumbnail=\"http:\/\/foto-passion.com\/wp-content\/gallery\/fotostrecke_costarica2015-2016\/thumbs\/thumbs_050_20151217-Q78A4810.jpg\"\n               data-image-id=\"14380\"\n               data-title=\"-\"\n               data-description=\"&lt;strong\/&gt;&lt;br\/&gt;&lt;br\/&gt;&lt;span style=&quot;font-size:85%;color:#949494&quot;&gt;[Bild-Id: 14380]&lt;\/span&gt;\"\n               data-image-slug=\"050_20151217-q78a4810\"\n               class=\"ngg-simplelightbox\" rel=\"27968d91f01ccc6554ee2078abffb628\">\n                <img\n                    title=\"-\"\n                    alt=\"-\"\n                    src=\"http:\/\/foto-passion.com\/wp-content\/gallery\/fotostrecke_costarica2015-2016\/cache\/050_20151217-Q78A4810.jpg-nggid0514380-ngg0dyn-150x100x100-00f0w010c011r110f110r010t010.jpg\"\n                    width=\"150\"\n                    height=\"100\"\n                    style=\"max-width:100%;\"\n                \/>\n            <\/a>\n        <\/div>\n\t\t\t\t\t\t\t<\/div> \n\t\t\t\n                            \n\t\t\t\t<div id=\"ngg-image-50\" class=\"ngg-gallery-thumbnail-box\" >\n\t\t\t\t        <div class=\"ngg-gallery-thumbnail\">\n            <a href=\"http:\/\/foto-passion.com\/wp-content\/gallery\/fotostrecke_costarica2015-2016\/051_20151217-Q78A4906.jpg\"\n               title=\"&lt;strong&gt;Ananasplantage&lt;\/strong&gt;&lt;br\/&gt;&lt;br\/&gt;&lt;span style=&quot;font-size:85%;color:#949494&quot;&gt;[Bild-Id: 14381]&lt;\/span&gt;\"\n               data-src=\"http:\/\/foto-passion.com\/wp-content\/gallery\/fotostrecke_costarica2015-2016\/051_20151217-Q78A4906.jpg\"\n               data-thumbnail=\"http:\/\/foto-passion.com\/wp-content\/gallery\/fotostrecke_costarica2015-2016\/thumbs\/thumbs_051_20151217-Q78A4906.jpg\"\n               data-image-id=\"14381\"\n               data-title=\"Ananasplantage\"\n               data-description=\"&lt;strong&gt;Ananasplantage&lt;\/strong&gt;&lt;br\/&gt;&lt;br\/&gt;&lt;span style=&quot;font-size:85%;color:#949494&quot;&gt;[Bild-Id: 14381]&lt;\/span&gt;\"\n               data-image-slug=\"ananasplantage\"\n               class=\"ngg-simplelightbox\" rel=\"27968d91f01ccc6554ee2078abffb628\">\n                <img\n                    title=\"Ananasplantage\"\n                    alt=\"Ananasplantage\"\n                    src=\"http:\/\/foto-passion.com\/wp-content\/gallery\/fotostrecke_costarica2015-2016\/cache\/051_20151217-Q78A4906.jpg-nggid0514381-ngg0dyn-150x100x100-00f0w010c011r110f110r010t010.jpg\"\n                    width=\"150\"\n                    height=\"100\"\n                    style=\"max-width:100%;\"\n                \/>\n            <\/a>\n        <\/div>\n\t\t\t\t\t\t\t<\/div> \n\t\t\t\n                            \n\t\t\t\t<div id=\"ngg-image-51\" class=\"ngg-gallery-thumbnail-box\" >\n\t\t\t\t        <div class=\"ngg-gallery-thumbnail\">\n            <a href=\"http:\/\/foto-passion.com\/wp-content\/gallery\/fotostrecke_costarica2015-2016\/052_20151217-Q78A4910.jpg\"\n               title=\"&lt;strong&gt;Ananasplantage&lt;\/strong&gt;&lt;br\/&gt;&lt;br\/&gt;&lt;span style=&quot;font-size:85%;color:#949494&quot;&gt;[Bild-Id: 14382]&lt;\/span&gt;\"\n               data-src=\"http:\/\/foto-passion.com\/wp-content\/gallery\/fotostrecke_costarica2015-2016\/052_20151217-Q78A4910.jpg\"\n               data-thumbnail=\"http:\/\/foto-passion.com\/wp-content\/gallery\/fotostrecke_costarica2015-2016\/thumbs\/thumbs_052_20151217-Q78A4910.jpg\"\n               data-image-id=\"14382\"\n               data-title=\"Ananasplantage\"\n               data-description=\"&lt;strong&gt;Ananasplantage&lt;\/strong&gt;&lt;br\/&gt;&lt;br\/&gt;&lt;span style=&quot;font-size:85%;color:#949494&quot;&gt;[Bild-Id: 14382]&lt;\/span&gt;\"\n               data-image-slug=\"052_20151217-q78a4910\"\n               class=\"ngg-simplelightbox\" rel=\"27968d91f01ccc6554ee2078abffb628\">\n                <img\n                    title=\"Ananasplantage\"\n                    alt=\"Ananasplantage\"\n                    src=\"http:\/\/foto-passion.com\/wp-content\/gallery\/fotostrecke_costarica2015-2016\/cache\/052_20151217-Q78A4910.jpg-nggid0514382-ngg0dyn-150x100x100-00f0w010c011r110f110r010t010.jpg\"\n                    width=\"150\"\n                    height=\"100\"\n                    style=\"max-width:100%;\"\n                \/>\n            <\/a>\n        <\/div>\n\t\t\t\t\t\t\t<\/div> \n\t\t\t\n                                    <br style=\"clear: both\" \/>\n                    \n\t\t\t\t<div id=\"ngg-image-52\" class=\"ngg-gallery-thumbnail-box\" >\n\t\t\t\t        <div class=\"ngg-gallery-thumbnail\">\n            <a href=\"http:\/\/foto-passion.com\/wp-content\/gallery\/fotostrecke_costarica2015-2016\/053_20151217-Q78A4912.jpg\"\n               title=\"&lt;strong&gt;Ananasplantage&lt;\/strong&gt;&lt;br\/&gt;&lt;br\/&gt;&lt;span style=&quot;font-size:85%;color:#949494&quot;&gt;[Bild-Id: 14383]&lt;\/span&gt;\"\n               data-src=\"http:\/\/foto-passion.com\/wp-content\/gallery\/fotostrecke_costarica2015-2016\/053_20151217-Q78A4912.jpg\"\n               data-thumbnail=\"http:\/\/foto-passion.com\/wp-content\/gallery\/fotostrecke_costarica2015-2016\/thumbs\/thumbs_053_20151217-Q78A4912.jpg\"\n               data-image-id=\"14383\"\n               data-title=\"Ananasplantage\"\n               data-description=\"&lt;strong&gt;Ananasplantage&lt;\/strong&gt;&lt;br\/&gt;&lt;br\/&gt;&lt;span style=&quot;font-size:85%;color:#949494&quot;&gt;[Bild-Id: 14383]&lt;\/span&gt;\"\n               data-image-slug=\"053_20151217-q78a4912\"\n               class=\"ngg-simplelightbox\" rel=\"27968d91f01ccc6554ee2078abffb628\">\n                <img\n                    title=\"Ananasplantage\"\n                    alt=\"Ananasplantage\"\n                    src=\"http:\/\/foto-passion.com\/wp-content\/gallery\/fotostrecke_costarica2015-2016\/cache\/053_20151217-Q78A4912.jpg-nggid0514383-ngg0dyn-150x100x100-00f0w010c011r110f110r010t010.jpg\"\n                    width=\"150\"\n                    height=\"100\"\n                    style=\"max-width:100%;\"\n                \/>\n            <\/a>\n        <\/div>\n\t\t\t\t\t\t\t<\/div> \n\t\t\t\n                            \n\t\t\t\t<div id=\"ngg-image-53\" class=\"ngg-gallery-thumbnail-box\" >\n\t\t\t\t        <div class=\"ngg-gallery-thumbnail\">\n            <a href=\"http:\/\/foto-passion.com\/wp-content\/gallery\/fotostrecke_costarica2015-2016\/054_20151217-Q78A4915.jpg\"\n               title=\"&lt;strong&gt;Unterwegs im Norden&lt;\/strong&gt;&lt;br\/&gt;&lt;br\/&gt;&lt;span style=&quot;font-size:85%;color:#949494&quot;&gt;[Bild-Id: 14384]&lt;\/span&gt;\"\n               data-src=\"http:\/\/foto-passion.com\/wp-content\/gallery\/fotostrecke_costarica2015-2016\/054_20151217-Q78A4915.jpg\"\n               data-thumbnail=\"http:\/\/foto-passion.com\/wp-content\/gallery\/fotostrecke_costarica2015-2016\/thumbs\/thumbs_054_20151217-Q78A4915.jpg\"\n               data-image-id=\"14384\"\n               data-title=\"Unterwegs im Norden\"\n               data-description=\"&lt;strong&gt;Unterwegs im Norden&lt;\/strong&gt;&lt;br\/&gt;&lt;br\/&gt;&lt;span style=&quot;font-size:85%;color:#949494&quot;&gt;[Bild-Id: 14384]&lt;\/span&gt;\"\n               data-image-slug=\"054_20151217-q78a4915\"\n               class=\"ngg-simplelightbox\" rel=\"27968d91f01ccc6554ee2078abffb628\">\n                <img\n                    title=\"Unterwegs im Norden\"\n                    alt=\"Unterwegs im Norden\"\n                    src=\"http:\/\/foto-passion.com\/wp-content\/gallery\/fotostrecke_costarica2015-2016\/cache\/054_20151217-Q78A4915.jpg-nggid0514384-ngg0dyn-150x100x100-00f0w010c011r110f110r010t010.jpg\"\n                    width=\"150\"\n                    height=\"100\"\n                    style=\"max-width:100%;\"\n                \/>\n            <\/a>\n        <\/div>\n\t\t\t\t\t\t\t<\/div> \n\t\t\t\n                            \n\t\t\t\t<div id=\"ngg-image-54\" class=\"ngg-gallery-thumbnail-box\" >\n\t\t\t\t        <div class=\"ngg-gallery-thumbnail\">\n            <a href=\"http:\/\/foto-passion.com\/wp-content\/gallery\/fotostrecke_costarica2015-2016\/055_20151217-Q78A4936.jpg\"\n               title=\"&lt;strong\/&gt;&lt;br\/&gt;&lt;br\/&gt;&lt;span style=&quot;font-size:85%;color:#949494&quot;&gt;[Bild-Id: 14385]&lt;\/span&gt;\"\n               data-src=\"http:\/\/foto-passion.com\/wp-content\/gallery\/fotostrecke_costarica2015-2016\/055_20151217-Q78A4936.jpg\"\n               data-thumbnail=\"http:\/\/foto-passion.com\/wp-content\/gallery\/fotostrecke_costarica2015-2016\/thumbs\/thumbs_055_20151217-Q78A4936.jpg\"\n               data-image-id=\"14385\"\n               data-title=\"-\"\n               data-description=\"&lt;strong\/&gt;&lt;br\/&gt;&lt;br\/&gt;&lt;span style=&quot;font-size:85%;color:#949494&quot;&gt;[Bild-Id: 14385]&lt;\/span&gt;\"\n               data-image-slug=\"055_20151217-q78a4936\"\n               class=\"ngg-simplelightbox\" rel=\"27968d91f01ccc6554ee2078abffb628\">\n                <img\n                    title=\"-\"\n                    alt=\"-\"\n                    src=\"http:\/\/foto-passion.com\/wp-content\/gallery\/fotostrecke_costarica2015-2016\/cache\/055_20151217-Q78A4936.jpg-nggid0514385-ngg0dyn-150x100x100-00f0w010c011r110f110r010t010.jpg\"\n                    width=\"150\"\n                    height=\"100\"\n                    style=\"max-width:100%;\"\n                \/>\n            <\/a>\n        <\/div>\n\t\t\t\t\t\t\t<\/div> \n\t\t\t\n                            \n\t\t\t\t<div id=\"ngg-image-55\" class=\"ngg-gallery-thumbnail-box\" >\n\t\t\t\t        <div class=\"ngg-gallery-thumbnail\">\n            <a href=\"http:\/\/foto-passion.com\/wp-content\/gallery\/fotostrecke_costarica2015-2016\/056_20151217-Q78A5054.jpg\"\n               title=\"&lt;strong&gt;Halsbandarassari (Pteroglossus torquatus)&lt;\/strong&gt;&lt;br\/&gt;&lt;br\/&gt;&lt;span style=&quot;font-size:85%;color:#949494&quot;&gt;[Bild-Id: 14386]&lt;\/span&gt;\"\n               data-src=\"http:\/\/foto-passion.com\/wp-content\/gallery\/fotostrecke_costarica2015-2016\/056_20151217-Q78A5054.jpg\"\n               data-thumbnail=\"http:\/\/foto-passion.com\/wp-content\/gallery\/fotostrecke_costarica2015-2016\/thumbs\/thumbs_056_20151217-Q78A5054.jpg\"\n               data-image-id=\"14386\"\n               data-title=\"Halsbandarassari (Pteroglossus torquatus)\"\n               data-description=\"&lt;strong&gt;Halsbandarassari (Pteroglossus torquatus)&lt;\/strong&gt;&lt;br\/&gt;&lt;br\/&gt;&lt;span style=&quot;font-size:85%;color:#949494&quot;&gt;[Bild-Id: 14386]&lt;\/span&gt;\"\n               data-image-slug=\"056_20151217-q78a5054\"\n               class=\"ngg-simplelightbox\" rel=\"27968d91f01ccc6554ee2078abffb628\">\n                <img\n                    title=\"Halsbandarassari (Pteroglossus torquatus)\"\n                    alt=\"Halsbandarassari (Pteroglossus torquatus)\"\n                    src=\"http:\/\/foto-passion.com\/wp-content\/gallery\/fotostrecke_costarica2015-2016\/cache\/056_20151217-Q78A5054.jpg-nggid0514386-ngg0dyn-150x100x100-00f0w010c011r110f110r010t010.jpg\"\n                    width=\"150\"\n                    height=\"100\"\n                    style=\"max-width:100%;\"\n                \/>\n            <\/a>\n        <\/div>\n\t\t\t\t\t\t\t<\/div> \n\t\t\t\n                                    <br style=\"clear: both\" \/>\n                    \n\t\t\t\t<div id=\"ngg-image-56\" class=\"ngg-gallery-thumbnail-box\" >\n\t\t\t\t        <div class=\"ngg-gallery-thumbnail\">\n            <a href=\"http:\/\/foto-passion.com\/wp-content\/gallery\/fotostrecke_costarica2015-2016\/057_20151217-Q78A5103.jpg\"\n               title=\"&lt;strong&gt;Nacktgesichthokko (Crax fasciolata), Curassow&lt;\/strong&gt;&lt;br\/&gt;&lt;br\/&gt;&lt;span style=&quot;font-size:85%;color:#949494&quot;&gt;[Bild-Id: 14387]&lt;\/span&gt;\"\n               data-src=\"http:\/\/foto-passion.com\/wp-content\/gallery\/fotostrecke_costarica2015-2016\/057_20151217-Q78A5103.jpg\"\n               data-thumbnail=\"http:\/\/foto-passion.com\/wp-content\/gallery\/fotostrecke_costarica2015-2016\/thumbs\/thumbs_057_20151217-Q78A5103.jpg\"\n               data-image-id=\"14387\"\n               data-title=\"Nacktgesichthokko (Crax fasciolata), Curassow\"\n               data-description=\"&lt;strong&gt;Nacktgesichthokko (Crax fasciolata), Curassow&lt;\/strong&gt;&lt;br\/&gt;&lt;br\/&gt;&lt;span style=&quot;font-size:85%;color:#949494&quot;&gt;[Bild-Id: 14387]&lt;\/span&gt;\"\n               data-image-slug=\"057_20151217-q78a5103\"\n               class=\"ngg-simplelightbox\" rel=\"27968d91f01ccc6554ee2078abffb628\">\n                <img\n                    title=\"Nacktgesichthokko (Crax fasciolata), Curassow\"\n                    alt=\"Nacktgesichthokko (Crax fasciolata), Curassow\"\n                    src=\"http:\/\/foto-passion.com\/wp-content\/gallery\/fotostrecke_costarica2015-2016\/cache\/057_20151217-Q78A5103.jpg-nggid0514387-ngg0dyn-150x100x100-00f0w010c011r110f110r010t010.jpg\"\n                    width=\"150\"\n                    height=\"100\"\n                    style=\"max-width:100%;\"\n                \/>\n            <\/a>\n        <\/div>\n\t\t\t\t\t\t\t<\/div> \n\t\t\t\n                            \n\t\t\t\t<div id=\"ngg-image-57\" class=\"ngg-gallery-thumbnail-box\" >\n\t\t\t\t        <div class=\"ngg-gallery-thumbnail\">\n            <a href=\"http:\/\/foto-passion.com\/wp-content\/gallery\/fotostrecke_costarica2015-2016\/058_20151217-Q78A5171.jpg\"\n               title=\"&lt;strong&gt;Specht&lt;\/strong&gt;&lt;br\/&gt;&lt;br\/&gt;&lt;span style=&quot;font-size:85%;color:#949494&quot;&gt;[Bild-Id: 14388]&lt;\/span&gt;\"\n               data-src=\"http:\/\/foto-passion.com\/wp-content\/gallery\/fotostrecke_costarica2015-2016\/058_20151217-Q78A5171.jpg\"\n               data-thumbnail=\"http:\/\/foto-passion.com\/wp-content\/gallery\/fotostrecke_costarica2015-2016\/thumbs\/thumbs_058_20151217-Q78A5171.jpg\"\n               data-image-id=\"14388\"\n               data-title=\"Specht\"\n               data-description=\"&lt;strong&gt;Specht&lt;\/strong&gt;&lt;br\/&gt;&lt;br\/&gt;&lt;span style=&quot;font-size:85%;color:#949494&quot;&gt;[Bild-Id: 14388]&lt;\/span&gt;\"\n               data-image-slug=\"058_20151217-q78a5171\"\n               class=\"ngg-simplelightbox\" rel=\"27968d91f01ccc6554ee2078abffb628\">\n                <img\n                    title=\"Specht\"\n                    alt=\"Specht\"\n                    src=\"http:\/\/foto-passion.com\/wp-content\/gallery\/fotostrecke_costarica2015-2016\/cache\/058_20151217-Q78A5171.jpg-nggid0514388-ngg0dyn-150x100x100-00f0w010c011r110f110r010t010.jpg\"\n                    width=\"150\"\n                    height=\"100\"\n                    style=\"max-width:100%;\"\n                \/>\n            <\/a>\n        <\/div>\n\t\t\t\t\t\t\t<\/div> \n\t\t\t\n                            \n\t\t\t\t<div id=\"ngg-image-58\" class=\"ngg-gallery-thumbnail-box\" >\n\t\t\t\t        <div class=\"ngg-gallery-thumbnail\">\n            <a href=\"http:\/\/foto-passion.com\/wp-content\/gallery\/fotostrecke_costarica2015-2016\/059_20151218-Q78A5521.jpg\"\n               title=\"&lt;strong&gt;Tukan&lt;\/strong&gt;&lt;br\/&gt;&lt;br\/&gt;&lt;span style=&quot;font-size:85%;color:#949494&quot;&gt;[Bild-Id: 14389]&lt;\/span&gt;\"\n               data-src=\"http:\/\/foto-passion.com\/wp-content\/gallery\/fotostrecke_costarica2015-2016\/059_20151218-Q78A5521.jpg\"\n               data-thumbnail=\"http:\/\/foto-passion.com\/wp-content\/gallery\/fotostrecke_costarica2015-2016\/thumbs\/thumbs_059_20151218-Q78A5521.jpg\"\n               data-image-id=\"14389\"\n               data-title=\"Tukan\"\n               data-description=\"&lt;strong&gt;Tukan&lt;\/strong&gt;&lt;br\/&gt;&lt;br\/&gt;&lt;span style=&quot;font-size:85%;color:#949494&quot;&gt;[Bild-Id: 14389]&lt;\/span&gt;\"\n               data-image-slug=\"059_20151218-q78a5521\"\n               class=\"ngg-simplelightbox\" rel=\"27968d91f01ccc6554ee2078abffb628\">\n                <img\n                    title=\"Tukan\"\n                    alt=\"Tukan\"\n                    src=\"http:\/\/foto-passion.com\/wp-content\/gallery\/fotostrecke_costarica2015-2016\/cache\/059_20151218-Q78A5521.jpg-nggid0514389-ngg0dyn-150x100x100-00f0w010c011r110f110r010t010.jpg\"\n                    width=\"150\"\n                    height=\"100\"\n                    style=\"max-width:100%;\"\n                \/>\n            <\/a>\n        <\/div>\n\t\t\t\t\t\t\t<\/div> \n\t\t\t\n                            \n\t\t\t\t<div id=\"ngg-image-59\" class=\"ngg-gallery-thumbnail-box\" >\n\t\t\t\t        <div class=\"ngg-gallery-thumbnail\">\n            <a href=\"http:\/\/foto-passion.com\/wp-content\/gallery\/fotostrecke_costarica2015-2016\/060_20151218-Q78A5610-2.jpg\"\n               title=\"&lt;strong&gt;Sittiche&lt;\/strong&gt;&lt;br\/&gt;&lt;br\/&gt;&lt;span style=&quot;font-size:85%;color:#949494&quot;&gt;[Bild-Id: 14390]&lt;\/span&gt;\"\n               data-src=\"http:\/\/foto-passion.com\/wp-content\/gallery\/fotostrecke_costarica2015-2016\/060_20151218-Q78A5610-2.jpg\"\n               data-thumbnail=\"http:\/\/foto-passion.com\/wp-content\/gallery\/fotostrecke_costarica2015-2016\/thumbs\/thumbs_060_20151218-Q78A5610-2.jpg\"\n               data-image-id=\"14390\"\n               data-title=\"Sittiche\"\n               data-description=\"&lt;strong&gt;Sittiche&lt;\/strong&gt;&lt;br\/&gt;&lt;br\/&gt;&lt;span style=&quot;font-size:85%;color:#949494&quot;&gt;[Bild-Id: 14390]&lt;\/span&gt;\"\n               data-image-slug=\"060_20151218-q78a5610-2\"\n               class=\"ngg-simplelightbox\" rel=\"27968d91f01ccc6554ee2078abffb628\">\n                <img\n                    title=\"Sittiche\"\n                    alt=\"Sittiche\"\n                    src=\"http:\/\/foto-passion.com\/wp-content\/gallery\/fotostrecke_costarica2015-2016\/cache\/060_20151218-Q78A5610-2.jpg-nggid0514390-ngg0dyn-150x100x100-00f0w010c011r110f110r010t010.jpg\"\n                    width=\"150\"\n                    height=\"100\"\n                    style=\"max-width:100%;\"\n                \/>\n            <\/a>\n        <\/div>\n\t\t\t\t\t\t\t<\/div> \n\t\t\t\n                                    <br style=\"clear: both\" \/>\n                    \n\t\t\t\t<div id=\"ngg-image-60\" class=\"ngg-gallery-thumbnail-box\" >\n\t\t\t\t        <div class=\"ngg-gallery-thumbnail\">\n            <a href=\"http:\/\/foto-passion.com\/wp-content\/gallery\/fotostrecke_costarica2015-2016\/061_20151218-Q78A5647.jpg\"\n               title=\"&lt;strong&gt;Soldatenara&lt;\/strong&gt;&lt;br\/&gt;&lt;br\/&gt;&lt;span style=&quot;font-size:85%;color:#949494&quot;&gt;[Bild-Id: 14391]&lt;\/span&gt;\"\n               data-src=\"http:\/\/foto-passion.com\/wp-content\/gallery\/fotostrecke_costarica2015-2016\/061_20151218-Q78A5647.jpg\"\n               data-thumbnail=\"http:\/\/foto-passion.com\/wp-content\/gallery\/fotostrecke_costarica2015-2016\/thumbs\/thumbs_061_20151218-Q78A5647.jpg\"\n               data-image-id=\"14391\"\n               data-title=\"Soldatenara\"\n               data-description=\"&lt;strong&gt;Soldatenara&lt;\/strong&gt;&lt;br\/&gt;&lt;br\/&gt;&lt;span style=&quot;font-size:85%;color:#949494&quot;&gt;[Bild-Id: 14391]&lt;\/span&gt;\"\n               data-image-slug=\"061_20151218-q78a5647\"\n               class=\"ngg-simplelightbox\" rel=\"27968d91f01ccc6554ee2078abffb628\">\n                <img\n                    title=\"Soldatenara\"\n                    alt=\"Soldatenara\"\n                    src=\"http:\/\/foto-passion.com\/wp-content\/gallery\/fotostrecke_costarica2015-2016\/cache\/061_20151218-Q78A5647.jpg-nggid0514391-ngg0dyn-150x100x100-00f0w010c011r110f110r010t010.jpg\"\n                    width=\"150\"\n                    height=\"100\"\n                    style=\"max-width:100%;\"\n                \/>\n            <\/a>\n        <\/div>\n\t\t\t\t\t\t\t<\/div> \n\t\t\t\n                            \n\t\t\t\t<div id=\"ngg-image-61\" class=\"ngg-gallery-thumbnail-box\" >\n\t\t\t\t        <div class=\"ngg-gallery-thumbnail\">\n            <a href=\"http:\/\/foto-passion.com\/wp-content\/gallery\/fotostrecke_costarica2015-2016\/062_20151218-Q78A5709.jpg\"\n               title=\"&lt;strong\/&gt;&lt;br\/&gt;&lt;br\/&gt;&lt;span style=&quot;font-size:85%;color:#949494&quot;&gt;[Bild-Id: 14392]&lt;\/span&gt;\"\n               data-src=\"http:\/\/foto-passion.com\/wp-content\/gallery\/fotostrecke_costarica2015-2016\/062_20151218-Q78A5709.jpg\"\n               data-thumbnail=\"http:\/\/foto-passion.com\/wp-content\/gallery\/fotostrecke_costarica2015-2016\/thumbs\/thumbs_062_20151218-Q78A5709.jpg\"\n               data-image-id=\"14392\"\n               data-title=\"-\"\n               data-description=\"&lt;strong\/&gt;&lt;br\/&gt;&lt;br\/&gt;&lt;span style=&quot;font-size:85%;color:#949494&quot;&gt;[Bild-Id: 14392]&lt;\/span&gt;\"\n               data-image-slug=\"062_20151218-q78a5709\"\n               class=\"ngg-simplelightbox\" rel=\"27968d91f01ccc6554ee2078abffb628\">\n                <img\n                    title=\"-\"\n                    alt=\"-\"\n                    src=\"http:\/\/foto-passion.com\/wp-content\/gallery\/fotostrecke_costarica2015-2016\/cache\/062_20151218-Q78A5709.jpg-nggid0514392-ngg0dyn-150x100x100-00f0w010c011r110f110r010t010.jpg\"\n                    width=\"150\"\n                    height=\"100\"\n                    style=\"max-width:100%;\"\n                \/>\n            <\/a>\n        <\/div>\n\t\t\t\t\t\t\t<\/div> \n\t\t\t\n                            \n\t\t\t\t<div id=\"ngg-image-62\" class=\"ngg-gallery-thumbnail-box\" >\n\t\t\t\t        <div class=\"ngg-gallery-thumbnail\">\n            <a href=\"http:\/\/foto-passion.com\/wp-content\/gallery\/fotostrecke_costarica2015-2016\/063_20151214-_J2A0692.jpg\"\n               title=\"&lt;strong&gt;Nasenb\u00e4r&lt;\/strong&gt;&lt;br\/&gt;&lt;br\/&gt;&lt;span style=&quot;font-size:85%;color:#949494&quot;&gt;[Bild-Id: 14393]&lt;\/span&gt;\"\n               data-src=\"http:\/\/foto-passion.com\/wp-content\/gallery\/fotostrecke_costarica2015-2016\/063_20151214-_J2A0692.jpg\"\n               data-thumbnail=\"http:\/\/foto-passion.com\/wp-content\/gallery\/fotostrecke_costarica2015-2016\/thumbs\/thumbs_063_20151214-_J2A0692.jpg\"\n               data-image-id=\"14393\"\n               data-title=\"Nasenb\u00e4r\"\n               data-description=\"&lt;strong&gt;Nasenb\u00e4r&lt;\/strong&gt;&lt;br\/&gt;&lt;br\/&gt;&lt;span style=&quot;font-size:85%;color:#949494&quot;&gt;[Bild-Id: 14393]&lt;\/span&gt;\"\n               data-image-slug=\"063_20151214-_j2a0692\"\n               class=\"ngg-simplelightbox\" rel=\"27968d91f01ccc6554ee2078abffb628\">\n                <img\n                    title=\"Nasenb\u00e4r\"\n                    alt=\"Nasenb\u00e4r\"\n                    src=\"http:\/\/foto-passion.com\/wp-content\/gallery\/fotostrecke_costarica2015-2016\/cache\/063_20151214-_J2A0692.jpg-nggid0514393-ngg0dyn-150x100x100-00f0w010c011r110f110r010t010.jpg\"\n                    width=\"150\"\n                    height=\"100\"\n                    style=\"max-width:100%;\"\n                \/>\n            <\/a>\n        <\/div>\n\t\t\t\t\t\t\t<\/div> \n\t\t\t\n                            \n\t\t\t\t<div id=\"ngg-image-63\" class=\"ngg-gallery-thumbnail-box\" >\n\t\t\t\t        <div class=\"ngg-gallery-thumbnail\">\n            <a href=\"http:\/\/foto-passion.com\/wp-content\/gallery\/fotostrecke_costarica2015-2016\/064_20151218-Q78A5741.jpg\"\n               title=\"&lt;strong&gt;Nasenb\u00e4r&lt;\/strong&gt;&lt;br\/&gt;&lt;br\/&gt;&lt;span style=&quot;font-size:85%;color:#949494&quot;&gt;[Bild-Id: 14394]&lt;\/span&gt;\"\n               data-src=\"http:\/\/foto-passion.com\/wp-content\/gallery\/fotostrecke_costarica2015-2016\/064_20151218-Q78A5741.jpg\"\n               data-thumbnail=\"http:\/\/foto-passion.com\/wp-content\/gallery\/fotostrecke_costarica2015-2016\/thumbs\/thumbs_064_20151218-Q78A5741.jpg\"\n               data-image-id=\"14394\"\n               data-title=\"Nasenb\u00e4r\"\n               data-description=\"&lt;strong&gt;Nasenb\u00e4r&lt;\/strong&gt;&lt;br\/&gt;&lt;br\/&gt;&lt;span style=&quot;font-size:85%;color:#949494&quot;&gt;[Bild-Id: 14394]&lt;\/span&gt;\"\n               data-image-slug=\"064_20151218-q78a5741\"\n               class=\"ngg-simplelightbox\" rel=\"27968d91f01ccc6554ee2078abffb628\">\n                <img\n                    title=\"Nasenb\u00e4r\"\n                    alt=\"Nasenb\u00e4r\"\n                    src=\"http:\/\/foto-passion.com\/wp-content\/gallery\/fotostrecke_costarica2015-2016\/cache\/064_20151218-Q78A5741.jpg-nggid0514394-ngg0dyn-150x100x100-00f0w010c011r110f110r010t010.jpg\"\n                    width=\"150\"\n                    height=\"100\"\n                    style=\"max-width:100%;\"\n                \/>\n            <\/a>\n        <\/div>\n\t\t\t\t\t\t\t<\/div> \n\t\t\t\n                                    <br style=\"clear: both\" \/>\n                    \n\t\t\t\t<div id=\"ngg-image-64\" class=\"ngg-gallery-thumbnail-box\" >\n\t\t\t\t        <div class=\"ngg-gallery-thumbnail\">\n            <a href=\"http:\/\/foto-passion.com\/wp-content\/gallery\/fotostrecke_costarica2015-2016\/065_20151218-Q78A5733.jpg\"\n               title=\"&lt;strong&gt;Nasenb\u00e4r&lt;\/strong&gt;&lt;br\/&gt;&lt;br\/&gt;&lt;span style=&quot;font-size:85%;color:#949494&quot;&gt;[Bild-Id: 14395]&lt;\/span&gt;\"\n               data-src=\"http:\/\/foto-passion.com\/wp-content\/gallery\/fotostrecke_costarica2015-2016\/065_20151218-Q78A5733.jpg\"\n               data-thumbnail=\"http:\/\/foto-passion.com\/wp-content\/gallery\/fotostrecke_costarica2015-2016\/thumbs\/thumbs_065_20151218-Q78A5733.jpg\"\n               data-image-id=\"14395\"\n               data-title=\"Nasenb\u00e4r\"\n               data-description=\"&lt;strong&gt;Nasenb\u00e4r&lt;\/strong&gt;&lt;br\/&gt;&lt;br\/&gt;&lt;span style=&quot;font-size:85%;color:#949494&quot;&gt;[Bild-Id: 14395]&lt;\/span&gt;\"\n               data-image-slug=\"nasenbaer-1\"\n               class=\"ngg-simplelightbox\" rel=\"27968d91f01ccc6554ee2078abffb628\">\n                <img\n                    title=\"Nasenb\u00e4r\"\n                    alt=\"Nasenb\u00e4r\"\n                    src=\"http:\/\/foto-passion.com\/wp-content\/gallery\/fotostrecke_costarica2015-2016\/cache\/065_20151218-Q78A5733.jpg-nggid0514395-ngg0dyn-150x100x100-00f0w010c011r110f110r010t010.jpg\"\n                    width=\"150\"\n                    height=\"100\"\n                    style=\"max-width:100%;\"\n                \/>\n            <\/a>\n        <\/div>\n\t\t\t\t\t\t\t<\/div> \n\t\t\t\n                            \n\t\t\t\t<div id=\"ngg-image-65\" class=\"ngg-gallery-thumbnail-box\" >\n\t\t\t\t        <div class=\"ngg-gallery-thumbnail\">\n            <a href=\"http:\/\/foto-passion.com\/wp-content\/gallery\/fotostrecke_costarica2015-2016\/066_20151218-_J2A1227.jpg\"\n               title=\"&lt;strong&gt;Nasenb\u00e4r&lt;\/strong&gt;&lt;br\/&gt;&lt;br\/&gt;&lt;span style=&quot;font-size:85%;color:#949494&quot;&gt;[Bild-Id: 14396]&lt;\/span&gt;\"\n               data-src=\"http:\/\/foto-passion.com\/wp-content\/gallery\/fotostrecke_costarica2015-2016\/066_20151218-_J2A1227.jpg\"\n               data-thumbnail=\"http:\/\/foto-passion.com\/wp-content\/gallery\/fotostrecke_costarica2015-2016\/thumbs\/thumbs_066_20151218-_J2A1227.jpg\"\n               data-image-id=\"14396\"\n               data-title=\"Nasenb\u00e4r\"\n               data-description=\"&lt;strong&gt;Nasenb\u00e4r&lt;\/strong&gt;&lt;br\/&gt;&lt;br\/&gt;&lt;span style=&quot;font-size:85%;color:#949494&quot;&gt;[Bild-Id: 14396]&lt;\/span&gt;\"\n               data-image-slug=\"nasenbaer\"\n               class=\"ngg-simplelightbox\" rel=\"27968d91f01ccc6554ee2078abffb628\">\n                <img\n                    title=\"Nasenb\u00e4r\"\n                    alt=\"Nasenb\u00e4r\"\n                    src=\"http:\/\/foto-passion.com\/wp-content\/gallery\/fotostrecke_costarica2015-2016\/cache\/066_20151218-_J2A1227.jpg-nggid0514396-ngg0dyn-150x100x100-00f0w010c011r110f110r010t010.jpg\"\n                    width=\"150\"\n                    height=\"100\"\n                    style=\"max-width:100%;\"\n                \/>\n            <\/a>\n        <\/div>\n\t\t\t\t\t\t\t<\/div> \n\t\t\t\n                            \n\t\t\t\t<div id=\"ngg-image-66\" class=\"ngg-gallery-thumbnail-box\" >\n\t\t\t\t        <div class=\"ngg-gallery-thumbnail\">\n            <a href=\"http:\/\/foto-passion.com\/wp-content\/gallery\/fotostrecke_costarica2015-2016\/067_20151213-_78A3665.jpg\"\n               title=\"&lt;strong&gt;Schrecke&lt;\/strong&gt;&lt;br\/&gt;&lt;br\/&gt;&lt;span style=&quot;font-size:85%;color:#949494&quot;&gt;[Bild-Id: 14397]&lt;\/span&gt;\"\n               data-src=\"http:\/\/foto-passion.com\/wp-content\/gallery\/fotostrecke_costarica2015-2016\/067_20151213-_78A3665.jpg\"\n               data-thumbnail=\"http:\/\/foto-passion.com\/wp-content\/gallery\/fotostrecke_costarica2015-2016\/thumbs\/thumbs_067_20151213-_78A3665.jpg\"\n               data-image-id=\"14397\"\n               data-title=\"Schrecke\"\n               data-description=\"&lt;strong&gt;Schrecke&lt;\/strong&gt;&lt;br\/&gt;&lt;br\/&gt;&lt;span style=&quot;font-size:85%;color:#949494&quot;&gt;[Bild-Id: 14397]&lt;\/span&gt;\"\n               data-image-slug=\"schrecke-4\"\n               class=\"ngg-simplelightbox\" rel=\"27968d91f01ccc6554ee2078abffb628\">\n                <img\n                    title=\"Schrecke\"\n                    alt=\"Schrecke\"\n                    src=\"http:\/\/foto-passion.com\/wp-content\/gallery\/fotostrecke_costarica2015-2016\/cache\/067_20151213-_78A3665.jpg-nggid0514397-ngg0dyn-150x100x100-00f0w010c011r110f110r010t010.jpg\"\n                    width=\"150\"\n                    height=\"100\"\n                    style=\"max-width:100%;\"\n                \/>\n            <\/a>\n        <\/div>\n\t\t\t\t\t\t\t<\/div> \n\t\t\t\n                            \n\t\t\t\t<div id=\"ngg-image-67\" class=\"ngg-gallery-thumbnail-box\" >\n\t\t\t\t        <div class=\"ngg-gallery-thumbnail\">\n            <a href=\"http:\/\/foto-passion.com\/wp-content\/gallery\/fotostrecke_costarica2015-2016\/068_20151213-_78A3701.jpg\"\n               title=\"&lt;strong&gt;Schrecke&lt;\/strong&gt;&lt;br\/&gt;&lt;br\/&gt;&lt;span style=&quot;font-size:85%;color:#949494&quot;&gt;[Bild-Id: 14398]&lt;\/span&gt;\"\n               data-src=\"http:\/\/foto-passion.com\/wp-content\/gallery\/fotostrecke_costarica2015-2016\/068_20151213-_78A3701.jpg\"\n               data-thumbnail=\"http:\/\/foto-passion.com\/wp-content\/gallery\/fotostrecke_costarica2015-2016\/thumbs\/thumbs_068_20151213-_78A3701.jpg\"\n               data-image-id=\"14398\"\n               data-title=\"Schrecke\"\n               data-description=\"&lt;strong&gt;Schrecke&lt;\/strong&gt;&lt;br\/&gt;&lt;br\/&gt;&lt;span style=&quot;font-size:85%;color:#949494&quot;&gt;[Bild-Id: 14398]&lt;\/span&gt;\"\n               data-image-slug=\"schrecke-3\"\n               class=\"ngg-simplelightbox\" rel=\"27968d91f01ccc6554ee2078abffb628\">\n                <img\n                    title=\"Schrecke\"\n                    alt=\"Schrecke\"\n                    src=\"http:\/\/foto-passion.com\/wp-content\/gallery\/fotostrecke_costarica2015-2016\/cache\/068_20151213-_78A3701.jpg-nggid0514398-ngg0dyn-150x100x100-00f0w010c011r110f110r010t010.jpg\"\n                    width=\"150\"\n                    height=\"100\"\n                    style=\"max-width:100%;\"\n                \/>\n            <\/a>\n        <\/div>\n\t\t\t\t\t\t\t<\/div> \n\t\t\t\n                                    <br style=\"clear: both\" \/>\n                    \n\t\t\t\t<div id=\"ngg-image-68\" class=\"ngg-gallery-thumbnail-box\" >\n\t\t\t\t        <div class=\"ngg-gallery-thumbnail\">\n            <a href=\"http:\/\/foto-passion.com\/wp-content\/gallery\/fotostrecke_costarica2015-2016\/069_20151218-Q78A7102.jpg\"\n               title=\"&lt;strong&gt;Blattschrecke (Cycloptera speculata), Leaf-mimicking Katydid&lt;\/strong&gt;&lt;br\/&gt;&lt;br\/&gt;&lt;span style=&quot;font-size:85%;color:#949494&quot;&gt;[Bild-Id: 14399]&lt;\/span&gt;\"\n               data-src=\"http:\/\/foto-passion.com\/wp-content\/gallery\/fotostrecke_costarica2015-2016\/069_20151218-Q78A7102.jpg\"\n               data-thumbnail=\"http:\/\/foto-passion.com\/wp-content\/gallery\/fotostrecke_costarica2015-2016\/thumbs\/thumbs_069_20151218-Q78A7102.jpg\"\n               data-image-id=\"14399\"\n               data-title=\"Blattschrecke (Cycloptera speculata), Leaf-mimicking Katydid\"\n               data-description=\"&lt;strong&gt;Blattschrecke (Cycloptera speculata), Leaf-mimicking Katydid&lt;\/strong&gt;&lt;br\/&gt;&lt;br\/&gt;&lt;span style=&quot;font-size:85%;color:#949494&quot;&gt;[Bild-Id: 14399]&lt;\/span&gt;\"\n               data-image-slug=\"blattschrecke-cycloptera-speculata-leaf-mimicking-katydid\"\n               class=\"ngg-simplelightbox\" rel=\"27968d91f01ccc6554ee2078abffb628\">\n                <img\n                    title=\"Blattschrecke (Cycloptera speculata), Leaf-mimicking Katydid\"\n                    alt=\"Blattschrecke (Cycloptera speculata), Leaf-mimicking Katydid\"\n                    src=\"http:\/\/foto-passion.com\/wp-content\/gallery\/fotostrecke_costarica2015-2016\/cache\/069_20151218-Q78A7102.jpg-nggid0514399-ngg0dyn-150x100x100-00f0w010c011r110f110r010t010.jpg\"\n                    width=\"150\"\n                    height=\"100\"\n                    style=\"max-width:100%;\"\n                \/>\n            <\/a>\n        <\/div>\n\t\t\t\t\t\t\t<\/div> \n\t\t\t\n                            \n\t\t\t\t<div id=\"ngg-image-69\" class=\"ngg-gallery-thumbnail-box\" >\n\t\t\t\t        <div class=\"ngg-gallery-thumbnail\">\n            <a href=\"http:\/\/foto-passion.com\/wp-content\/gallery\/fotostrecke_costarica2015-2016\/070_20151225-Q78A0104.jpg\"\n               title=\"&lt;strong&gt;Schrecke&lt;\/strong&gt;&lt;br\/&gt;&lt;br\/&gt;&lt;span style=&quot;font-size:85%;color:#949494&quot;&gt;[Bild-Id: 14400]&lt;\/span&gt;\"\n               data-src=\"http:\/\/foto-passion.com\/wp-content\/gallery\/fotostrecke_costarica2015-2016\/070_20151225-Q78A0104.jpg\"\n               data-thumbnail=\"http:\/\/foto-passion.com\/wp-content\/gallery\/fotostrecke_costarica2015-2016\/thumbs\/thumbs_070_20151225-Q78A0104.jpg\"\n               data-image-id=\"14400\"\n               data-title=\"Schrecke\"\n               data-description=\"&lt;strong&gt;Schrecke&lt;\/strong&gt;&lt;br\/&gt;&lt;br\/&gt;&lt;span style=&quot;font-size:85%;color:#949494&quot;&gt;[Bild-Id: 14400]&lt;\/span&gt;\"\n               data-image-slug=\"schrecke-2\"\n               class=\"ngg-simplelightbox\" rel=\"27968d91f01ccc6554ee2078abffb628\">\n                <img\n                    title=\"Schrecke\"\n                    alt=\"Schrecke\"\n                    src=\"http:\/\/foto-passion.com\/wp-content\/gallery\/fotostrecke_costarica2015-2016\/cache\/070_20151225-Q78A0104.jpg-nggid0514400-ngg0dyn-150x100x100-00f0w010c011r110f110r010t010.jpg\"\n                    width=\"150\"\n                    height=\"100\"\n                    style=\"max-width:100%;\"\n                \/>\n            <\/a>\n        <\/div>\n\t\t\t\t\t\t\t<\/div> \n\t\t\t\n                            \n\t\t\t\t<div id=\"ngg-image-70\" class=\"ngg-gallery-thumbnail-box\" >\n\t\t\t\t        <div class=\"ngg-gallery-thumbnail\">\n            <a href=\"http:\/\/foto-passion.com\/wp-content\/gallery\/fotostrecke_costarica2015-2016\/071_20151218-Q78A5181.jpg\"\n               title=\"&lt;strong&gt;Morgennebel&lt;\/strong&gt;&lt;br\/&gt;&lt;br\/&gt;&lt;span style=&quot;font-size:85%;color:#949494&quot;&gt;[Bild-Id: 14401]&lt;\/span&gt;\"\n               data-src=\"http:\/\/foto-passion.com\/wp-content\/gallery\/fotostrecke_costarica2015-2016\/071_20151218-Q78A5181.jpg\"\n               data-thumbnail=\"http:\/\/foto-passion.com\/wp-content\/gallery\/fotostrecke_costarica2015-2016\/thumbs\/thumbs_071_20151218-Q78A5181.jpg\"\n               data-image-id=\"14401\"\n               data-title=\"Morgennebel\"\n               data-description=\"&lt;strong&gt;Morgennebel&lt;\/strong&gt;&lt;br\/&gt;&lt;br\/&gt;&lt;span style=&quot;font-size:85%;color:#949494&quot;&gt;[Bild-Id: 14401]&lt;\/span&gt;\"\n               data-image-slug=\"morgennebel\"\n               class=\"ngg-simplelightbox\" rel=\"27968d91f01ccc6554ee2078abffb628\">\n                <img\n                    title=\"Morgennebel\"\n                    alt=\"Morgennebel\"\n                    src=\"http:\/\/foto-passion.com\/wp-content\/gallery\/fotostrecke_costarica2015-2016\/cache\/071_20151218-Q78A5181.jpg-nggid0514401-ngg0dyn-150x100x100-00f0w010c011r110f110r010t010.jpg\"\n                    width=\"150\"\n                    height=\"100\"\n                    style=\"max-width:100%;\"\n                \/>\n            <\/a>\n        <\/div>\n\t\t\t\t\t\t\t<\/div> \n\t\t\t\n                            \n\t\t\t\t<div id=\"ngg-image-71\" class=\"ngg-gallery-thumbnail-box\" >\n\t\t\t\t        <div class=\"ngg-gallery-thumbnail\">\n            <a href=\"http:\/\/foto-passion.com\/wp-content\/gallery\/fotostrecke_costarica2015-2016\/072_20151218-Q78A5178.jpg\"\n               title=\"&lt;strong\/&gt;&lt;br\/&gt;&lt;br\/&gt;&lt;span style=&quot;font-size:85%;color:#949494&quot;&gt;[Bild-Id: 14402]&lt;\/span&gt;\"\n               data-src=\"http:\/\/foto-passion.com\/wp-content\/gallery\/fotostrecke_costarica2015-2016\/072_20151218-Q78A5178.jpg\"\n               data-thumbnail=\"http:\/\/foto-passion.com\/wp-content\/gallery\/fotostrecke_costarica2015-2016\/thumbs\/thumbs_072_20151218-Q78A5178.jpg\"\n               data-image-id=\"14402\"\n               data-title=\"-\"\n               data-description=\"&lt;strong\/&gt;&lt;br\/&gt;&lt;br\/&gt;&lt;span style=&quot;font-size:85%;color:#949494&quot;&gt;[Bild-Id: 14402]&lt;\/span&gt;\"\n               data-image-slug=\"\"\n               class=\"ngg-simplelightbox\" rel=\"27968d91f01ccc6554ee2078abffb628\">\n                <img\n                    title=\"-\"\n                    alt=\"-\"\n                    src=\"http:\/\/foto-passion.com\/wp-content\/gallery\/fotostrecke_costarica2015-2016\/cache\/072_20151218-Q78A5178.jpg-nggid0514402-ngg0dyn-150x100x100-00f0w010c011r110f110r010t010.jpg\"\n                    width=\"150\"\n                    height=\"100\"\n                    style=\"max-width:100%;\"\n                \/>\n            <\/a>\n        <\/div>\n\t\t\t\t\t\t\t<\/div> \n\t\t\t\n                                    <br style=\"clear: both\" \/>\n                    \n\t\t\t\t<div id=\"ngg-image-72\" class=\"ngg-gallery-thumbnail-box\" >\n\t\t\t\t        <div class=\"ngg-gallery-thumbnail\">\n            <a href=\"http:\/\/foto-passion.com\/wp-content\/gallery\/fotostrecke_costarica2015-2016\/073_20151218-Q78A5185.jpg\"\n               title=\"&lt;strong&gt;Mystische Regenwaldstimmung&lt;\/strong&gt;&lt;br\/&gt;&lt;br\/&gt;&lt;span style=&quot;font-size:85%;color:#949494&quot;&gt;[Bild-Id: 14403]&lt;\/span&gt;\"\n               data-src=\"http:\/\/foto-passion.com\/wp-content\/gallery\/fotostrecke_costarica2015-2016\/073_20151218-Q78A5185.jpg\"\n               data-thumbnail=\"http:\/\/foto-passion.com\/wp-content\/gallery\/fotostrecke_costarica2015-2016\/thumbs\/thumbs_073_20151218-Q78A5185.jpg\"\n               data-image-id=\"14403\"\n               data-title=\"Mystische Regenwaldstimmung\"\n               data-description=\"&lt;strong&gt;Mystische Regenwaldstimmung&lt;\/strong&gt;&lt;br\/&gt;&lt;br\/&gt;&lt;span style=&quot;font-size:85%;color:#949494&quot;&gt;[Bild-Id: 14403]&lt;\/span&gt;\"\n               data-image-slug=\"mystische-regenwaldstimmung\"\n               class=\"ngg-simplelightbox\" rel=\"27968d91f01ccc6554ee2078abffb628\">\n                <img\n                    title=\"Mystische Regenwaldstimmung\"\n                    alt=\"Mystische Regenwaldstimmung\"\n                    src=\"http:\/\/foto-passion.com\/wp-content\/gallery\/fotostrecke_costarica2015-2016\/cache\/073_20151218-Q78A5185.jpg-nggid0514403-ngg0dyn-150x100x100-00f0w010c011r110f110r010t010.jpg\"\n                    width=\"150\"\n                    height=\"100\"\n                    style=\"max-width:100%;\"\n                \/>\n            <\/a>\n        <\/div>\n\t\t\t\t\t\t\t<\/div> \n\t\t\t\n                            \n\t\t\t\t<div id=\"ngg-image-73\" class=\"ngg-gallery-thumbnail-box\" >\n\t\t\t\t        <div class=\"ngg-gallery-thumbnail\">\n            <a href=\"http:\/\/foto-passion.com\/wp-content\/gallery\/fotostrecke_costarica2015-2016\/074_20151218-Q78A5189.jpg\"\n               title=\"&lt;strong&gt;Mystische Regenwaldstimmung&lt;\/strong&gt;&lt;br\/&gt;&lt;br\/&gt;&lt;span style=&quot;font-size:85%;color:#949494&quot;&gt;[Bild-Id: 14404]&lt;\/span&gt;\"\n               data-src=\"http:\/\/foto-passion.com\/wp-content\/gallery\/fotostrecke_costarica2015-2016\/074_20151218-Q78A5189.jpg\"\n               data-thumbnail=\"http:\/\/foto-passion.com\/wp-content\/gallery\/fotostrecke_costarica2015-2016\/thumbs\/thumbs_074_20151218-Q78A5189.jpg\"\n               data-image-id=\"14404\"\n               data-title=\"Mystische Regenwaldstimmung\"\n               data-description=\"&lt;strong&gt;Mystische Regenwaldstimmung&lt;\/strong&gt;&lt;br\/&gt;&lt;br\/&gt;&lt;span style=&quot;font-size:85%;color:#949494&quot;&gt;[Bild-Id: 14404]&lt;\/span&gt;\"\n               data-image-slug=\"074_20151218-q78a5189\"\n               class=\"ngg-simplelightbox\" rel=\"27968d91f01ccc6554ee2078abffb628\">\n                <img\n                    title=\"Mystische Regenwaldstimmung\"\n                    alt=\"Mystische Regenwaldstimmung\"\n                    src=\"http:\/\/foto-passion.com\/wp-content\/gallery\/fotostrecke_costarica2015-2016\/cache\/074_20151218-Q78A5189.jpg-nggid0514404-ngg0dyn-150x100x100-00f0w010c011r110f110r010t010.jpg\"\n                    width=\"150\"\n                    height=\"100\"\n                    style=\"max-width:100%;\"\n                \/>\n            <\/a>\n        <\/div>\n\t\t\t\t\t\t\t<\/div> \n\t\t\t\n                            \n\t\t\t\t<div id=\"ngg-image-74\" class=\"ngg-gallery-thumbnail-box\" >\n\t\t\t\t        <div class=\"ngg-gallery-thumbnail\">\n            <a href=\"http:\/\/foto-passion.com\/wp-content\/gallery\/fotostrecke_costarica2015-2016\/075_20151218-_J2A1293.jpg\"\n               title=\"&lt;strong&gt;K\u00f6nigsgeier (Sarcoramphus papa), King Vulture&lt;\/strong&gt;&lt;br\/&gt;&lt;br\/&gt;&lt;span style=&quot;font-size:85%;color:#949494&quot;&gt;[Bild-Id: 14405]&lt;\/span&gt;\"\n               data-src=\"http:\/\/foto-passion.com\/wp-content\/gallery\/fotostrecke_costarica2015-2016\/075_20151218-_J2A1293.jpg\"\n               data-thumbnail=\"http:\/\/foto-passion.com\/wp-content\/gallery\/fotostrecke_costarica2015-2016\/thumbs\/thumbs_075_20151218-_J2A1293.jpg\"\n               data-image-id=\"14405\"\n               data-title=\"K\u00f6nigsgeier (Sarcoramphus papa), King Vulture\"\n               data-description=\"&lt;strong&gt;K\u00f6nigsgeier (Sarcoramphus papa), King Vulture&lt;\/strong&gt;&lt;br\/&gt;&lt;br\/&gt;&lt;span style=&quot;font-size:85%;color:#949494&quot;&gt;[Bild-Id: 14405]&lt;\/span&gt;\"\n               data-image-slug=\"075_20151218-_j2a1293\"\n               class=\"ngg-simplelightbox\" rel=\"27968d91f01ccc6554ee2078abffb628\">\n                <img\n                    title=\"K\u00f6nigsgeier (Sarcoramphus papa), King Vulture\"\n                    alt=\"K\u00f6nigsgeier (Sarcoramphus papa), King Vulture\"\n                    src=\"http:\/\/foto-passion.com\/wp-content\/gallery\/fotostrecke_costarica2015-2016\/cache\/075_20151218-_J2A1293.jpg-nggid0514405-ngg0dyn-150x100x100-00f0w010c011r110f110r010t010.jpg\"\n                    width=\"150\"\n                    height=\"100\"\n                    style=\"max-width:100%;\"\n                \/>\n            <\/a>\n        <\/div>\n\t\t\t\t\t\t\t<\/div> \n\t\t\t\n                            \n\t\t\t\t<div id=\"ngg-image-75\" class=\"ngg-gallery-thumbnail-box\" >\n\t\t\t\t        <div class=\"ngg-gallery-thumbnail\">\n            <a href=\"http:\/\/foto-passion.com\/wp-content\/gallery\/fotostrecke_costarica2015-2016\/076_20151218-_J2A1377.jpg\"\n               title=\"&lt;strong&gt;Rabengeier (Coragyps atratus), Black Vulture&lt;\/strong&gt;&lt;br\/&gt;&lt;br\/&gt;&lt;span style=&quot;font-size:85%;color:#949494&quot;&gt;[Bild-Id: 14406]&lt;\/span&gt;\"\n               data-src=\"http:\/\/foto-passion.com\/wp-content\/gallery\/fotostrecke_costarica2015-2016\/076_20151218-_J2A1377.jpg\"\n               data-thumbnail=\"http:\/\/foto-passion.com\/wp-content\/gallery\/fotostrecke_costarica2015-2016\/thumbs\/thumbs_076_20151218-_J2A1377.jpg\"\n               data-image-id=\"14406\"\n               data-title=\"Rabengeier (Coragyps atratus), Black Vulture\"\n               data-description=\"&lt;strong&gt;Rabengeier (Coragyps atratus), Black Vulture&lt;\/strong&gt;&lt;br\/&gt;&lt;br\/&gt;&lt;span style=&quot;font-size:85%;color:#949494&quot;&gt;[Bild-Id: 14406]&lt;\/span&gt;\"\n               data-image-slug=\"076_20151218-_j2a1377\"\n               class=\"ngg-simplelightbox\" rel=\"27968d91f01ccc6554ee2078abffb628\">\n                <img\n                    title=\"Rabengeier (Coragyps atratus), Black Vulture\"\n                    alt=\"Rabengeier (Coragyps atratus), Black Vulture\"\n                    src=\"http:\/\/foto-passion.com\/wp-content\/gallery\/fotostrecke_costarica2015-2016\/cache\/076_20151218-_J2A1377.jpg-nggid0514406-ngg0dyn-150x100x100-00f0w010c011r110f110r010t010.jpg\"\n                    width=\"150\"\n                    height=\"100\"\n                    style=\"max-width:100%;\"\n                \/>\n            <\/a>\n        <\/div>\n\t\t\t\t\t\t\t<\/div> \n\t\t\t\n                                    <br style=\"clear: both\" \/>\n                    \n\t\t\t\t<div id=\"ngg-image-76\" class=\"ngg-gallery-thumbnail-box\" >\n\t\t\t\t        <div class=\"ngg-gallery-thumbnail\">\n            <a href=\"http:\/\/foto-passion.com\/wp-content\/gallery\/fotostrecke_costarica2015-2016\/077_20151218-_J2A2358.jpg\"\n               title=\"&lt;strong&gt;K\u00f6nigsgeier (Sarcoramphus papa), King Vulture&lt;\/strong&gt;&lt;br\/&gt;&lt;br\/&gt;&lt;span style=&quot;font-size:85%;color:#949494&quot;&gt;[Bild-Id: 14407]&lt;\/span&gt;\"\n               data-src=\"http:\/\/foto-passion.com\/wp-content\/gallery\/fotostrecke_costarica2015-2016\/077_20151218-_J2A2358.jpg\"\n               data-thumbnail=\"http:\/\/foto-passion.com\/wp-content\/gallery\/fotostrecke_costarica2015-2016\/thumbs\/thumbs_077_20151218-_J2A2358.jpg\"\n               data-image-id=\"14407\"\n               data-title=\"K\u00f6nigsgeier (Sarcoramphus papa), King Vulture\"\n               data-description=\"&lt;strong&gt;K\u00f6nigsgeier (Sarcoramphus papa), King Vulture&lt;\/strong&gt;&lt;br\/&gt;&lt;br\/&gt;&lt;span style=&quot;font-size:85%;color:#949494&quot;&gt;[Bild-Id: 14407]&lt;\/span&gt;\"\n               data-image-slug=\"077_20151218-_j2a2358\"\n               class=\"ngg-simplelightbox\" rel=\"27968d91f01ccc6554ee2078abffb628\">\n                <img\n                    title=\"K\u00f6nigsgeier (Sarcoramphus papa), King Vulture\"\n                    alt=\"K\u00f6nigsgeier (Sarcoramphus papa), King Vulture\"\n                    src=\"http:\/\/foto-passion.com\/wp-content\/gallery\/fotostrecke_costarica2015-2016\/cache\/077_20151218-_J2A2358.jpg-nggid0514407-ngg0dyn-150x100x100-00f0w010c011r110f110r010t010.jpg\"\n                    width=\"150\"\n                    height=\"100\"\n                    style=\"max-width:100%;\"\n                \/>\n            <\/a>\n        <\/div>\n\t\t\t\t\t\t\t<\/div> \n\t\t\t\n                            \n\t\t\t\t<div id=\"ngg-image-77\" class=\"ngg-gallery-thumbnail-box\" >\n\t\t\t\t        <div class=\"ngg-gallery-thumbnail\">\n            <a href=\"http:\/\/foto-passion.com\/wp-content\/gallery\/fotostrecke_costarica2015-2016\/078_20151218-_J2A1467.jpg\"\n               title=\"&lt;strong&gt;K\u00f6nigsgeier (Sarcoramphus papa), King Vulture&lt;\/strong&gt;&lt;br\/&gt;&lt;br\/&gt;&lt;span style=&quot;font-size:85%;color:#949494&quot;&gt;[Bild-Id: 14408]&lt;\/span&gt;\"\n               data-src=\"http:\/\/foto-passion.com\/wp-content\/gallery\/fotostrecke_costarica2015-2016\/078_20151218-_J2A1467.jpg\"\n               data-thumbnail=\"http:\/\/foto-passion.com\/wp-content\/gallery\/fotostrecke_costarica2015-2016\/thumbs\/thumbs_078_20151218-_J2A1467.jpg\"\n               data-image-id=\"14408\"\n               data-title=\"K\u00f6nigsgeier (Sarcoramphus papa), King Vulture\"\n               data-description=\"&lt;strong&gt;K\u00f6nigsgeier (Sarcoramphus papa), King Vulture&lt;\/strong&gt;&lt;br\/&gt;&lt;br\/&gt;&lt;span style=&quot;font-size:85%;color:#949494&quot;&gt;[Bild-Id: 14408]&lt;\/span&gt;\"\n               data-image-slug=\"078_20151218-_j2a1467\"\n               class=\"ngg-simplelightbox\" rel=\"27968d91f01ccc6554ee2078abffb628\">\n                <img\n                    title=\"K\u00f6nigsgeier (Sarcoramphus papa), King Vulture\"\n                    alt=\"K\u00f6nigsgeier (Sarcoramphus papa), King Vulture\"\n                    src=\"http:\/\/foto-passion.com\/wp-content\/gallery\/fotostrecke_costarica2015-2016\/cache\/078_20151218-_J2A1467.jpg-nggid0514408-ngg0dyn-150x100x100-00f0w010c011r110f110r010t010.jpg\"\n                    width=\"150\"\n                    height=\"100\"\n                    style=\"max-width:100%;\"\n                \/>\n            <\/a>\n        <\/div>\n\t\t\t\t\t\t\t<\/div> \n\t\t\t\n                            \n\t\t\t\t<div id=\"ngg-image-78\" class=\"ngg-gallery-thumbnail-box\" >\n\t\t\t\t        <div class=\"ngg-gallery-thumbnail\">\n            <a href=\"http:\/\/foto-passion.com\/wp-content\/gallery\/fotostrecke_costarica2015-2016\/079_20151218-_78A6876.jpg\"\n               title=\"&lt;strong&gt;Greifschwanz-Lanzenotter (Bothriechis schlegelii), Eylash Palm Pitviper&lt;\/strong&gt;&lt;br\/&gt;&lt;br\/&gt;&lt;span style=&quot;font-size:85%;color:#949494&quot;&gt;[Bild-Id: 14409]&lt;\/span&gt;\"\n               data-src=\"http:\/\/foto-passion.com\/wp-content\/gallery\/fotostrecke_costarica2015-2016\/079_20151218-_78A6876.jpg\"\n               data-thumbnail=\"http:\/\/foto-passion.com\/wp-content\/gallery\/fotostrecke_costarica2015-2016\/thumbs\/thumbs_079_20151218-_78A6876.jpg\"\n               data-image-id=\"14409\"\n               data-title=\"Greifschwanz-Lanzenotter (Bothriechis schlegelii), Eylash Palm Pitviper\"\n               data-description=\"&lt;strong&gt;Greifschwanz-Lanzenotter (Bothriechis schlegelii), Eylash Palm Pitviper&lt;\/strong&gt;&lt;br\/&gt;&lt;br\/&gt;&lt;span style=&quot;font-size:85%;color:#949494&quot;&gt;[Bild-Id: 14409]&lt;\/span&gt;\"\n               data-image-slug=\"079_20151218-_78a6876\"\n               class=\"ngg-simplelightbox\" rel=\"27968d91f01ccc6554ee2078abffb628\">\n                <img\n                    title=\"Greifschwanz-Lanzenotter (Bothriechis schlegelii), Eylash Palm Pitviper\"\n                    alt=\"Greifschwanz-Lanzenotter (Bothriechis schlegelii), Eylash Palm Pitviper\"\n                    src=\"http:\/\/foto-passion.com\/wp-content\/gallery\/fotostrecke_costarica2015-2016\/cache\/079_20151218-_78A6876.jpg-nggid0514409-ngg0dyn-150x100x100-00f0w010c011r110f110r010t010.jpg\"\n                    width=\"150\"\n                    height=\"100\"\n                    style=\"max-width:100%;\"\n                \/>\n            <\/a>\n        <\/div>\n\t\t\t\t\t\t\t<\/div> \n\t\t\t\n                            \n\t\t\t\t<div id=\"ngg-image-79\" class=\"ngg-gallery-thumbnail-box\" >\n\t\t\t\t        <div class=\"ngg-gallery-thumbnail\">\n            <a href=\"http:\/\/foto-passion.com\/wp-content\/gallery\/fotostrecke_costarica2015-2016\/080_20151218-Q78A6939.jpg\"\n               title=\"&lt;strong&gt;Greifschwanz-Lanzenotter (Bothriechis schlegelii), Eylash Palm Pitviper&lt;\/strong&gt;&lt;br\/&gt;&lt;br\/&gt;&lt;span style=&quot;font-size:85%;color:#949494&quot;&gt;[Bild-Id: 14410]&lt;\/span&gt;\"\n               data-src=\"http:\/\/foto-passion.com\/wp-content\/gallery\/fotostrecke_costarica2015-2016\/080_20151218-Q78A6939.jpg\"\n               data-thumbnail=\"http:\/\/foto-passion.com\/wp-content\/gallery\/fotostrecke_costarica2015-2016\/thumbs\/thumbs_080_20151218-Q78A6939.jpg\"\n               data-image-id=\"14410\"\n               data-title=\"Greifschwanz-Lanzenotter (Bothriechis schlegelii), Eylash Palm Pitviper\"\n               data-description=\"&lt;strong&gt;Greifschwanz-Lanzenotter (Bothriechis schlegelii), Eylash Palm Pitviper&lt;\/strong&gt;&lt;br\/&gt;&lt;br\/&gt;&lt;span style=&quot;font-size:85%;color:#949494&quot;&gt;[Bild-Id: 14410]&lt;\/span&gt;\"\n               data-image-slug=\"080_20151218-q78a6939\"\n               class=\"ngg-simplelightbox\" rel=\"27968d91f01ccc6554ee2078abffb628\">\n                <img\n                    title=\"Greifschwanz-Lanzenotter (Bothriechis schlegelii), Eylash Palm Pitviper\"\n                    alt=\"Greifschwanz-Lanzenotter (Bothriechis schlegelii), Eylash Palm Pitviper\"\n                    src=\"http:\/\/foto-passion.com\/wp-content\/gallery\/fotostrecke_costarica2015-2016\/cache\/080_20151218-Q78A6939.jpg-nggid0514410-ngg0dyn-150x100x100-00f0w010c011r110f110r010t010.jpg\"\n                    width=\"150\"\n                    height=\"100\"\n                    style=\"max-width:100%;\"\n                \/>\n            <\/a>\n        <\/div>\n\t\t\t\t\t\t\t<\/div> \n\t\t\t\n                                    <br style=\"clear: both\" \/>\n                    \n\t\t\t\t<div id=\"ngg-image-80\" class=\"ngg-gallery-thumbnail-box\" >\n\t\t\t\t        <div class=\"ngg-gallery-thumbnail\">\n            <a href=\"http:\/\/foto-passion.com\/wp-content\/gallery\/fotostrecke_costarica2015-2016\/081_20151218-Q78A7036.jpg\"\n               title=\"&lt;strong&gt;Abgottschlange (Boa constrictor), Boa Constrictor&lt;\/strong&gt;&lt;br\/&gt;&lt;br\/&gt;&lt;span style=&quot;font-size:85%;color:#949494&quot;&gt;[Bild-Id: 14411]&lt;\/span&gt;\"\n               data-src=\"http:\/\/foto-passion.com\/wp-content\/gallery\/fotostrecke_costarica2015-2016\/081_20151218-Q78A7036.jpg\"\n               data-thumbnail=\"http:\/\/foto-passion.com\/wp-content\/gallery\/fotostrecke_costarica2015-2016\/thumbs\/thumbs_081_20151218-Q78A7036.jpg\"\n               data-image-id=\"14411\"\n               data-title=\"Abgottschlange (Boa constrictor), Boa Constrictor\"\n               data-description=\"&lt;strong&gt;Abgottschlange (Boa constrictor), Boa Constrictor&lt;\/strong&gt;&lt;br\/&gt;&lt;br\/&gt;&lt;span style=&quot;font-size:85%;color:#949494&quot;&gt;[Bild-Id: 14411]&lt;\/span&gt;\"\n               data-image-slug=\"081_20151218-q78a7036\"\n               class=\"ngg-simplelightbox\" rel=\"27968d91f01ccc6554ee2078abffb628\">\n                <img\n                    title=\"Abgottschlange (Boa constrictor), Boa Constrictor\"\n                    alt=\"Abgottschlange (Boa constrictor), Boa Constrictor\"\n                    src=\"http:\/\/foto-passion.com\/wp-content\/gallery\/fotostrecke_costarica2015-2016\/cache\/081_20151218-Q78A7036.jpg-nggid0514411-ngg0dyn-150x100x100-00f0w010c011r110f110r010t010.jpg\"\n                    width=\"150\"\n                    height=\"100\"\n                    style=\"max-width:100%;\"\n                \/>\n            <\/a>\n        <\/div>\n\t\t\t\t\t\t\t<\/div> \n\t\t\t\n                            \n\t\t\t\t<div id=\"ngg-image-81\" class=\"ngg-gallery-thumbnail-box\" >\n\t\t\t\t        <div class=\"ngg-gallery-thumbnail\">\n            <a href=\"http:\/\/foto-passion.com\/wp-content\/gallery\/fotostrecke_costarica2015-2016\/082_20151218-Q78A7141.jpg\"\n               title=\"&lt;strong&gt;Rotaugenlaubfrosch (Agalychnis callidryas)&lt;\/strong&gt;&lt;br\/&gt;&lt;br\/&gt;&lt;span style=&quot;font-size:85%;color:#949494&quot;&gt;[Bild-Id: 14412]&lt;\/span&gt;\"\n               data-src=\"http:\/\/foto-passion.com\/wp-content\/gallery\/fotostrecke_costarica2015-2016\/082_20151218-Q78A7141.jpg\"\n               data-thumbnail=\"http:\/\/foto-passion.com\/wp-content\/gallery\/fotostrecke_costarica2015-2016\/thumbs\/thumbs_082_20151218-Q78A7141.jpg\"\n               data-image-id=\"14412\"\n               data-title=\"Rotaugenlaubfrosch (Agalychnis callidryas)\"\n               data-description=\"&lt;strong&gt;Rotaugenlaubfrosch (Agalychnis callidryas)&lt;\/strong&gt;&lt;br\/&gt;&lt;br\/&gt;&lt;span style=&quot;font-size:85%;color:#949494&quot;&gt;[Bild-Id: 14412]&lt;\/span&gt;\"\n               data-image-slug=\"082_20151218-q78a7141\"\n               class=\"ngg-simplelightbox\" rel=\"27968d91f01ccc6554ee2078abffb628\">\n                <img\n                    title=\"Rotaugenlaubfrosch (Agalychnis callidryas)\"\n                    alt=\"Rotaugenlaubfrosch (Agalychnis callidryas)\"\n                    src=\"http:\/\/foto-passion.com\/wp-content\/gallery\/fotostrecke_costarica2015-2016\/cache\/082_20151218-Q78A7141.jpg-nggid0514412-ngg0dyn-150x100x100-00f0w010c011r110f110r010t010.jpg\"\n                    width=\"150\"\n                    height=\"100\"\n                    style=\"max-width:100%;\"\n                \/>\n            <\/a>\n        <\/div>\n\t\t\t\t\t\t\t<\/div> \n\t\t\t\n                            \n\t\t\t\t<div id=\"ngg-image-82\" class=\"ngg-gallery-thumbnail-box\" >\n\t\t\t\t        <div class=\"ngg-gallery-thumbnail\">\n            <a href=\"http:\/\/foto-passion.com\/wp-content\/gallery\/fotostrecke_costarica2015-2016\/083_20151219-Q78A7175.jpg\"\n               title=\"&lt;strong\/&gt;&lt;br\/&gt;&lt;br\/&gt;&lt;span style=&quot;font-size:85%;color:#949494&quot;&gt;[Bild-Id: 14413]&lt;\/span&gt;\"\n               data-src=\"http:\/\/foto-passion.com\/wp-content\/gallery\/fotostrecke_costarica2015-2016\/083_20151219-Q78A7175.jpg\"\n               data-thumbnail=\"http:\/\/foto-passion.com\/wp-content\/gallery\/fotostrecke_costarica2015-2016\/thumbs\/thumbs_083_20151219-Q78A7175.jpg\"\n               data-image-id=\"14413\"\n               data-title=\"-\"\n               data-description=\"&lt;strong\/&gt;&lt;br\/&gt;&lt;br\/&gt;&lt;span style=&quot;font-size:85%;color:#949494&quot;&gt;[Bild-Id: 14413]&lt;\/span&gt;\"\n               data-image-slug=\"083_20151219-q78a7175\"\n               class=\"ngg-simplelightbox\" rel=\"27968d91f01ccc6554ee2078abffb628\">\n                <img\n                    title=\"-\"\n                    alt=\"-\"\n                    src=\"http:\/\/foto-passion.com\/wp-content\/gallery\/fotostrecke_costarica2015-2016\/cache\/083_20151219-Q78A7175.jpg-nggid0514413-ngg0dyn-150x100x100-00f0w010c011r110f110r010t010.jpg\"\n                    width=\"150\"\n                    height=\"100\"\n                    style=\"max-width:100%;\"\n                \/>\n            <\/a>\n        <\/div>\n\t\t\t\t\t\t\t<\/div> \n\t\t\t\n                            \n\t\t\t\t<div id=\"ngg-image-83\" class=\"ngg-gallery-thumbnail-box\" >\n\t\t\t\t        <div class=\"ngg-gallery-thumbnail\">\n            <a href=\"http:\/\/foto-passion.com\/wp-content\/gallery\/fotostrecke_costarica2015-2016\/084_20151219-_J2A2461.jpg\"\n               title=\"&lt;strong\/&gt;&lt;br\/&gt;&lt;br\/&gt;&lt;span style=&quot;font-size:85%;color:#949494&quot;&gt;[Bild-Id: 14414]&lt;\/span&gt;\"\n               data-src=\"http:\/\/foto-passion.com\/wp-content\/gallery\/fotostrecke_costarica2015-2016\/084_20151219-_J2A2461.jpg\"\n               data-thumbnail=\"http:\/\/foto-passion.com\/wp-content\/gallery\/fotostrecke_costarica2015-2016\/thumbs\/thumbs_084_20151219-_J2A2461.jpg\"\n               data-image-id=\"14414\"\n               data-title=\"-\"\n               data-description=\"&lt;strong\/&gt;&lt;br\/&gt;&lt;br\/&gt;&lt;span style=&quot;font-size:85%;color:#949494&quot;&gt;[Bild-Id: 14414]&lt;\/span&gt;\"\n               data-image-slug=\"084_20151219-_j2a2461\"\n               class=\"ngg-simplelightbox\" rel=\"27968d91f01ccc6554ee2078abffb628\">\n                <img\n                    title=\"-\"\n                    alt=\"-\"\n                    src=\"http:\/\/foto-passion.com\/wp-content\/gallery\/fotostrecke_costarica2015-2016\/cache\/084_20151219-_J2A2461.jpg-nggid0514414-ngg0dyn-150x100x100-00f0w010c011r110f110r010t010.jpg\"\n                    width=\"150\"\n                    height=\"100\"\n                    style=\"max-width:100%;\"\n                \/>\n            <\/a>\n        <\/div>\n\t\t\t\t\t\t\t<\/div> \n\t\t\t\n                                    <br style=\"clear: both\" \/>\n                    \n\t\t\t\t<div id=\"ngg-image-84\" class=\"ngg-gallery-thumbnail-box\" >\n\t\t\t\t        <div class=\"ngg-gallery-thumbnail\">\n            <a href=\"http:\/\/foto-passion.com\/wp-content\/gallery\/fotostrecke_costarica2015-2016\/085_20151219-_J2A2503.jpg\"\n               title=\"&lt;strong&gt;Am Arenalsee&lt;\/strong&gt;&lt;br\/&gt;&lt;br\/&gt;&lt;span style=&quot;font-size:85%;color:#949494&quot;&gt;[Bild-Id: 14415]&lt;\/span&gt;\"\n               data-src=\"http:\/\/foto-passion.com\/wp-content\/gallery\/fotostrecke_costarica2015-2016\/085_20151219-_J2A2503.jpg\"\n               data-thumbnail=\"http:\/\/foto-passion.com\/wp-content\/gallery\/fotostrecke_costarica2015-2016\/thumbs\/thumbs_085_20151219-_J2A2503.jpg\"\n               data-image-id=\"14415\"\n               data-title=\"Am Arenalsee\"\n               data-description=\"&lt;strong&gt;Am Arenalsee&lt;\/strong&gt;&lt;br\/&gt;&lt;br\/&gt;&lt;span style=&quot;font-size:85%;color:#949494&quot;&gt;[Bild-Id: 14415]&lt;\/span&gt;\"\n               data-image-slug=\"085_20151219-_j2a2503\"\n               class=\"ngg-simplelightbox\" rel=\"27968d91f01ccc6554ee2078abffb628\">\n                <img\n                    title=\"Am Arenalsee\"\n                    alt=\"Am Arenalsee\"\n                    src=\"http:\/\/foto-passion.com\/wp-content\/gallery\/fotostrecke_costarica2015-2016\/cache\/085_20151219-_J2A2503.jpg-nggid0514415-ngg0dyn-150x100x100-00f0w010c011r110f110r010t010.jpg\"\n                    width=\"150\"\n                    height=\"100\"\n                    style=\"max-width:100%;\"\n                \/>\n            <\/a>\n        <\/div>\n\t\t\t\t\t\t\t<\/div> \n\t\t\t\n                            \n\t\t\t\t<div id=\"ngg-image-85\" class=\"ngg-gallery-thumbnail-box\" >\n\t\t\t\t        <div class=\"ngg-gallery-thumbnail\">\n            <a href=\"http:\/\/foto-passion.com\/wp-content\/gallery\/fotostrecke_costarica2015-2016\/086_20151219-_J2A2466.jpg\"\n               title=\"&lt;strong&gt;Eigentlich sollte hier irgendwo der Vulkan sein ...?&lt;\/strong&gt;&lt;br\/&gt;&lt;br\/&gt;&lt;span style=&quot;font-size:85%;color:#949494&quot;&gt;[Bild-Id: 14416]&lt;\/span&gt;\"\n               data-src=\"http:\/\/foto-passion.com\/wp-content\/gallery\/fotostrecke_costarica2015-2016\/086_20151219-_J2A2466.jpg\"\n               data-thumbnail=\"http:\/\/foto-passion.com\/wp-content\/gallery\/fotostrecke_costarica2015-2016\/thumbs\/thumbs_086_20151219-_J2A2466.jpg\"\n               data-image-id=\"14416\"\n               data-title=\"Eigentlich sollte hier irgendwo der Vulkan sein ...?\"\n               data-description=\"&lt;strong&gt;Eigentlich sollte hier irgendwo der Vulkan sein ...?&lt;\/strong&gt;&lt;br\/&gt;&lt;br\/&gt;&lt;span style=&quot;font-size:85%;color:#949494&quot;&gt;[Bild-Id: 14416]&lt;\/span&gt;\"\n               data-image-slug=\"086_20151219-_j2a2466\"\n               class=\"ngg-simplelightbox\" rel=\"27968d91f01ccc6554ee2078abffb628\">\n                <img\n                    title=\"Eigentlich sollte hier irgendwo der Vulkan sein ...?\"\n                    alt=\"Eigentlich sollte hier irgendwo der Vulkan sein ...?\"\n                    src=\"http:\/\/foto-passion.com\/wp-content\/gallery\/fotostrecke_costarica2015-2016\/cache\/086_20151219-_J2A2466.jpg-nggid0514416-ngg0dyn-150x100x100-00f0w010c011r110f110r010t010.jpg\"\n                    width=\"150\"\n                    height=\"100\"\n                    style=\"max-width:100%;\"\n                \/>\n            <\/a>\n        <\/div>\n\t\t\t\t\t\t\t<\/div> \n\t\t\t\n                            \n\t\t\t\t<div id=\"ngg-image-86\" class=\"ngg-gallery-thumbnail-box\" >\n\t\t\t\t        <div class=\"ngg-gallery-thumbnail\">\n            <a href=\"http:\/\/foto-passion.com\/wp-content\/gallery\/fotostrecke_costarica2015-2016\/087_20151219-_J2A2492.jpg\"\n               title=\"&lt;strong&gt;Am Arenalsee&lt;\/strong&gt;&lt;br\/&gt;&lt;br\/&gt;&lt;span style=&quot;font-size:85%;color:#949494&quot;&gt;[Bild-Id: 14417]&lt;\/span&gt;\"\n               data-src=\"http:\/\/foto-passion.com\/wp-content\/gallery\/fotostrecke_costarica2015-2016\/087_20151219-_J2A2492.jpg\"\n               data-thumbnail=\"http:\/\/foto-passion.com\/wp-content\/gallery\/fotostrecke_costarica2015-2016\/thumbs\/thumbs_087_20151219-_J2A2492.jpg\"\n               data-image-id=\"14417\"\n               data-title=\"Am Arenalsee\"\n               data-description=\"&lt;strong&gt;Am Arenalsee&lt;\/strong&gt;&lt;br\/&gt;&lt;br\/&gt;&lt;span style=&quot;font-size:85%;color:#949494&quot;&gt;[Bild-Id: 14417]&lt;\/span&gt;\"\n               data-image-slug=\"087_20151219-_j2a2492\"\n               class=\"ngg-simplelightbox\" rel=\"27968d91f01ccc6554ee2078abffb628\">\n                <img\n                    title=\"Am Arenalsee\"\n                    alt=\"Am Arenalsee\"\n                    src=\"http:\/\/foto-passion.com\/wp-content\/gallery\/fotostrecke_costarica2015-2016\/cache\/087_20151219-_J2A2492.jpg-nggid0514417-ngg0dyn-150x100x100-00f0w010c011r110f110r010t010.jpg\"\n                    width=\"150\"\n                    height=\"100\"\n                    style=\"max-width:100%;\"\n                \/>\n            <\/a>\n        <\/div>\n\t\t\t\t\t\t\t<\/div> \n\t\t\t\n                            \n\t\t\t\t<div id=\"ngg-image-87\" class=\"ngg-gallery-thumbnail-box\" >\n\t\t\t\t        <div class=\"ngg-gallery-thumbnail\">\n            <a href=\"http:\/\/foto-passion.com\/wp-content\/gallery\/fotostrecke_costarica2015-2016\/088_20151219-Q78A7316.jpg\"\n               title=\"&lt;strong&gt;Braunkehl-Faultier (Bradypus variegatus), Brown-throated Three-toad Sloth&lt;\/strong&gt;&lt;br\/&gt;&lt;br\/&gt;&lt;span style=&quot;font-size:85%;color:#949494&quot;&gt;[Bild-Id: 14418]&lt;\/span&gt;\"\n               data-src=\"http:\/\/foto-passion.com\/wp-content\/gallery\/fotostrecke_costarica2015-2016\/088_20151219-Q78A7316.jpg\"\n               data-thumbnail=\"http:\/\/foto-passion.com\/wp-content\/gallery\/fotostrecke_costarica2015-2016\/thumbs\/thumbs_088_20151219-Q78A7316.jpg\"\n               data-image-id=\"14418\"\n               data-title=\"Braunkehl-Faultier (Bradypus variegatus), Brown-throated Three-toad Sloth\"\n               data-description=\"&lt;strong&gt;Braunkehl-Faultier (Bradypus variegatus), Brown-throated Three-toad Sloth&lt;\/strong&gt;&lt;br\/&gt;&lt;br\/&gt;&lt;span style=&quot;font-size:85%;color:#949494&quot;&gt;[Bild-Id: 14418]&lt;\/span&gt;\"\n               data-image-slug=\"088_20151219-q78a7316\"\n               class=\"ngg-simplelightbox\" rel=\"27968d91f01ccc6554ee2078abffb628\">\n                <img\n                    title=\"Braunkehl-Faultier (Bradypus variegatus), Brown-throated Three-toad Sloth\"\n                    alt=\"Braunkehl-Faultier (Bradypus variegatus), Brown-throated Three-toad Sloth\"\n                    src=\"http:\/\/foto-passion.com\/wp-content\/gallery\/fotostrecke_costarica2015-2016\/cache\/088_20151219-Q78A7316.jpg-nggid0514418-ngg0dyn-150x100x100-00f0w010c011r110f110r010t010.jpg\"\n                    width=\"150\"\n                    height=\"100\"\n                    style=\"max-width:100%;\"\n                \/>\n            <\/a>\n        <\/div>\n\t\t\t\t\t\t\t<\/div> \n\t\t\t\n                                    <br style=\"clear: both\" \/>\n                    \n\t\t\t\t<div id=\"ngg-image-88\" class=\"ngg-gallery-thumbnail-box\" >\n\t\t\t\t        <div class=\"ngg-gallery-thumbnail\">\n            <a href=\"http:\/\/foto-passion.com\/wp-content\/gallery\/fotostrecke_costarica2015-2016\/089_20151219-Q78A7284.jpg\"\n               title=\"&lt;strong&gt;Braunkehl-Faultier (Bradypus variegatus), Brown-throated Three-toad Sloth&lt;\/strong&gt;&lt;br\/&gt;&lt;br\/&gt;&lt;span style=&quot;font-size:85%;color:#949494&quot;&gt;[Bild-Id: 14419]&lt;\/span&gt;\"\n               data-src=\"http:\/\/foto-passion.com\/wp-content\/gallery\/fotostrecke_costarica2015-2016\/089_20151219-Q78A7284.jpg\"\n               data-thumbnail=\"http:\/\/foto-passion.com\/wp-content\/gallery\/fotostrecke_costarica2015-2016\/thumbs\/thumbs_089_20151219-Q78A7284.jpg\"\n               data-image-id=\"14419\"\n               data-title=\"Braunkehl-Faultier (Bradypus variegatus), Brown-throated Three-toad Sloth\"\n               data-description=\"&lt;strong&gt;Braunkehl-Faultier (Bradypus variegatus), Brown-throated Three-toad Sloth&lt;\/strong&gt;&lt;br\/&gt;&lt;br\/&gt;&lt;span style=&quot;font-size:85%;color:#949494&quot;&gt;[Bild-Id: 14419]&lt;\/span&gt;\"\n               data-image-slug=\"089_20151219-q78a7284\"\n               class=\"ngg-simplelightbox\" rel=\"27968d91f01ccc6554ee2078abffb628\">\n                <img\n                    title=\"Braunkehl-Faultier (Bradypus variegatus), Brown-throated Three-toad Sloth\"\n                    alt=\"Braunkehl-Faultier (Bradypus variegatus), Brown-throated Three-toad Sloth\"\n                    src=\"http:\/\/foto-passion.com\/wp-content\/gallery\/fotostrecke_costarica2015-2016\/cache\/089_20151219-Q78A7284.jpg-nggid0514419-ngg0dyn-150x100x100-00f0w010c011r110f110r010t010.jpg\"\n                    width=\"150\"\n                    height=\"100\"\n                    style=\"max-width:100%;\"\n                \/>\n            <\/a>\n        <\/div>\n\t\t\t\t\t\t\t<\/div> \n\t\t\t\n                            \n\t\t\t\t<div id=\"ngg-image-89\" class=\"ngg-gallery-thumbnail-box\" >\n\t\t\t\t        <div class=\"ngg-gallery-thumbnail\">\n            <a href=\"http:\/\/foto-passion.com\/wp-content\/gallery\/fotostrecke_costarica2015-2016\/090_20151219-Q78A7303.jpg\"\n               title=\"&lt;strong&gt;Braunkehl-Faultier (Bradypus variegatus), Brown-throated Three-toad Sloth&lt;\/strong&gt;&lt;br\/&gt;&lt;br\/&gt;&lt;span style=&quot;font-size:85%;color:#949494&quot;&gt;[Bild-Id: 14420]&lt;\/span&gt;\"\n               data-src=\"http:\/\/foto-passion.com\/wp-content\/gallery\/fotostrecke_costarica2015-2016\/090_20151219-Q78A7303.jpg\"\n               data-thumbnail=\"http:\/\/foto-passion.com\/wp-content\/gallery\/fotostrecke_costarica2015-2016\/thumbs\/thumbs_090_20151219-Q78A7303.jpg\"\n               data-image-id=\"14420\"\n               data-title=\"Braunkehl-Faultier (Bradypus variegatus), Brown-throated Three-toad Sloth\"\n               data-description=\"&lt;strong&gt;Braunkehl-Faultier (Bradypus variegatus), Brown-throated Three-toad Sloth&lt;\/strong&gt;&lt;br\/&gt;&lt;br\/&gt;&lt;span style=&quot;font-size:85%;color:#949494&quot;&gt;[Bild-Id: 14420]&lt;\/span&gt;\"\n               data-image-slug=\"090_20151219-q78a7303\"\n               class=\"ngg-simplelightbox\" rel=\"27968d91f01ccc6554ee2078abffb628\">\n                <img\n                    title=\"Braunkehl-Faultier (Bradypus variegatus), Brown-throated Three-toad Sloth\"\n                    alt=\"Braunkehl-Faultier (Bradypus variegatus), Brown-throated Three-toad Sloth\"\n                    src=\"http:\/\/foto-passion.com\/wp-content\/gallery\/fotostrecke_costarica2015-2016\/cache\/090_20151219-Q78A7303.jpg-nggid0514420-ngg0dyn-150x100x100-00f0w010c011r110f110r010t010.jpg\"\n                    width=\"150\"\n                    height=\"100\"\n                    style=\"max-width:100%;\"\n                \/>\n            <\/a>\n        <\/div>\n\t\t\t\t\t\t\t<\/div> \n\t\t\t\n                            \n\t\t\t\t<div id=\"ngg-image-90\" class=\"ngg-gallery-thumbnail-box\" >\n\t\t\t\t        <div class=\"ngg-gallery-thumbnail\">\n            <a href=\"http:\/\/foto-passion.com\/wp-content\/gallery\/fotostrecke_costarica2015-2016\/091_20151219-_J2A2509.jpg\"\n               title=\"&lt;strong&gt;Auf dem Weg zum Tenorio Vulkan&lt;\/strong&gt;&lt;br\/&gt;&lt;br\/&gt;&lt;span style=&quot;font-size:85%;color:#949494&quot;&gt;[Bild-Id: 14421]&lt;\/span&gt;\"\n               data-src=\"http:\/\/foto-passion.com\/wp-content\/gallery\/fotostrecke_costarica2015-2016\/091_20151219-_J2A2509.jpg\"\n               data-thumbnail=\"http:\/\/foto-passion.com\/wp-content\/gallery\/fotostrecke_costarica2015-2016\/thumbs\/thumbs_091_20151219-_J2A2509.jpg\"\n               data-image-id=\"14421\"\n               data-title=\"Auf dem Weg zum Tenorio Vulkan\"\n               data-description=\"&lt;strong&gt;Auf dem Weg zum Tenorio Vulkan&lt;\/strong&gt;&lt;br\/&gt;&lt;br\/&gt;&lt;span style=&quot;font-size:85%;color:#949494&quot;&gt;[Bild-Id: 14421]&lt;\/span&gt;\"\n               data-image-slug=\"091_20151219-_j2a2509\"\n               class=\"ngg-simplelightbox\" rel=\"27968d91f01ccc6554ee2078abffb628\">\n                <img\n                    title=\"Auf dem Weg zum Tenorio Vulkan\"\n                    alt=\"Auf dem Weg zum Tenorio Vulkan\"\n                    src=\"http:\/\/foto-passion.com\/wp-content\/gallery\/fotostrecke_costarica2015-2016\/cache\/091_20151219-_J2A2509.jpg-nggid0514421-ngg0dyn-150x100x100-00f0w010c011r110f110r010t010.jpg\"\n                    width=\"150\"\n                    height=\"100\"\n                    style=\"max-width:100%;\"\n                \/>\n            <\/a>\n        <\/div>\n\t\t\t\t\t\t\t<\/div> \n\t\t\t\n                            \n\t\t\t\t<div id=\"ngg-image-91\" class=\"ngg-gallery-thumbnail-box\" >\n\t\t\t\t        <div class=\"ngg-gallery-thumbnail\">\n            <a href=\"http:\/\/foto-passion.com\/wp-content\/gallery\/fotostrecke_costarica2015-2016\/092_20151219-_J2A2528.jpg\"\n               title=\"&lt;strong&gt;Auf dem Weg zum Tenorio Vulkan&lt;\/strong&gt;&lt;br\/&gt;&lt;br\/&gt;&lt;span style=&quot;font-size:85%;color:#949494&quot;&gt;[Bild-Id: 14422]&lt;\/span&gt;\"\n               data-src=\"http:\/\/foto-passion.com\/wp-content\/gallery\/fotostrecke_costarica2015-2016\/092_20151219-_J2A2528.jpg\"\n               data-thumbnail=\"http:\/\/foto-passion.com\/wp-content\/gallery\/fotostrecke_costarica2015-2016\/thumbs\/thumbs_092_20151219-_J2A2528.jpg\"\n               data-image-id=\"14422\"\n               data-title=\"Auf dem Weg zum Tenorio Vulkan\"\n               data-description=\"&lt;strong&gt;Auf dem Weg zum Tenorio Vulkan&lt;\/strong&gt;&lt;br\/&gt;&lt;br\/&gt;&lt;span style=&quot;font-size:85%;color:#949494&quot;&gt;[Bild-Id: 14422]&lt;\/span&gt;\"\n               data-image-slug=\"092_20151219-_j2a2528\"\n               class=\"ngg-simplelightbox\" rel=\"27968d91f01ccc6554ee2078abffb628\">\n                <img\n                    title=\"Auf dem Weg zum Tenorio Vulkan\"\n                    alt=\"Auf dem Weg zum Tenorio Vulkan\"\n                    src=\"http:\/\/foto-passion.com\/wp-content\/gallery\/fotostrecke_costarica2015-2016\/cache\/092_20151219-_J2A2528.jpg-nggid0514422-ngg0dyn-150x100x100-00f0w010c011r110f110r010t010.jpg\"\n                    width=\"150\"\n                    height=\"100\"\n                    style=\"max-width:100%;\"\n                \/>\n            <\/a>\n        <\/div>\n\t\t\t\t\t\t\t<\/div> \n\t\t\t\n                                    <br style=\"clear: both\" \/>\n                    \n\t\t\t\t<div id=\"ngg-image-92\" class=\"ngg-gallery-thumbnail-box\" >\n\t\t\t\t        <div class=\"ngg-gallery-thumbnail\">\n            <a href=\"http:\/\/foto-passion.com\/wp-content\/gallery\/fotostrecke_costarica2015-2016\/093_20151219-_J2A2533.jpg\"\n               title=\"&lt;strong&gt;Auf dem Weg zum Tenorio Vulkan&lt;\/strong&gt;&lt;br\/&gt;&lt;br\/&gt;&lt;span style=&quot;font-size:85%;color:#949494&quot;&gt;[Bild-Id: 14423]&lt;\/span&gt;\"\n               data-src=\"http:\/\/foto-passion.com\/wp-content\/gallery\/fotostrecke_costarica2015-2016\/093_20151219-_J2A2533.jpg\"\n               data-thumbnail=\"http:\/\/foto-passion.com\/wp-content\/gallery\/fotostrecke_costarica2015-2016\/thumbs\/thumbs_093_20151219-_J2A2533.jpg\"\n               data-image-id=\"14423\"\n               data-title=\"Auf dem Weg zum Tenorio Vulkan\"\n               data-description=\"&lt;strong&gt;Auf dem Weg zum Tenorio Vulkan&lt;\/strong&gt;&lt;br\/&gt;&lt;br\/&gt;&lt;span style=&quot;font-size:85%;color:#949494&quot;&gt;[Bild-Id: 14423]&lt;\/span&gt;\"\n               data-image-slug=\"093_20151219-_j2a2533\"\n               class=\"ngg-simplelightbox\" rel=\"27968d91f01ccc6554ee2078abffb628\">\n                <img\n                    title=\"Auf dem Weg zum Tenorio Vulkan\"\n                    alt=\"Auf dem Weg zum Tenorio Vulkan\"\n                    src=\"http:\/\/foto-passion.com\/wp-content\/gallery\/fotostrecke_costarica2015-2016\/cache\/093_20151219-_J2A2533.jpg-nggid0514423-ngg0dyn-150x100x100-00f0w010c011r110f110r010t010.jpg\"\n                    width=\"150\"\n                    height=\"100\"\n                    style=\"max-width:100%;\"\n                \/>\n            <\/a>\n        <\/div>\n\t\t\t\t\t\t\t<\/div> \n\t\t\t\n                            \n\t\t\t\t<div id=\"ngg-image-93\" class=\"ngg-gallery-thumbnail-box\" >\n\t\t\t\t        <div class=\"ngg-gallery-thumbnail\">\n            <a href=\"http:\/\/foto-passion.com\/wp-content\/gallery\/fotostrecke_costarica2015-2016\/094_20151219-_J2A2538.jpg\"\n               title=\"&lt;strong&gt;Auf dem Weg zum Tenorio Vulkan&lt;\/strong&gt;&lt;br\/&gt;&lt;br\/&gt;&lt;span style=&quot;font-size:85%;color:#949494&quot;&gt;[Bild-Id: 14424]&lt;\/span&gt;\"\n               data-src=\"http:\/\/foto-passion.com\/wp-content\/gallery\/fotostrecke_costarica2015-2016\/094_20151219-_J2A2538.jpg\"\n               data-thumbnail=\"http:\/\/foto-passion.com\/wp-content\/gallery\/fotostrecke_costarica2015-2016\/thumbs\/thumbs_094_20151219-_J2A2538.jpg\"\n               data-image-id=\"14424\"\n               data-title=\"Auf dem Weg zum Tenorio Vulkan\"\n               data-description=\"&lt;strong&gt;Auf dem Weg zum Tenorio Vulkan&lt;\/strong&gt;&lt;br\/&gt;&lt;br\/&gt;&lt;span style=&quot;font-size:85%;color:#949494&quot;&gt;[Bild-Id: 14424]&lt;\/span&gt;\"\n               data-image-slug=\"094_20151219-_j2a2538\"\n               class=\"ngg-simplelightbox\" rel=\"27968d91f01ccc6554ee2078abffb628\">\n                <img\n                    title=\"Auf dem Weg zum Tenorio Vulkan\"\n                    alt=\"Auf dem Weg zum Tenorio Vulkan\"\n                    src=\"http:\/\/foto-passion.com\/wp-content\/gallery\/fotostrecke_costarica2015-2016\/cache\/094_20151219-_J2A2538.jpg-nggid0514424-ngg0dyn-150x100x100-00f0w010c011r110f110r010t010.jpg\"\n                    width=\"150\"\n                    height=\"100\"\n                    style=\"max-width:100%;\"\n                \/>\n            <\/a>\n        <\/div>\n\t\t\t\t\t\t\t<\/div> \n\t\t\t\n                            \n\t\t\t\t<div id=\"ngg-image-94\" class=\"ngg-gallery-thumbnail-box\" >\n\t\t\t\t        <div class=\"ngg-gallery-thumbnail\">\n            <a href=\"http:\/\/foto-passion.com\/wp-content\/gallery\/fotostrecke_costarica2015-2016\/095_20151219-Q78A7341.jpg\"\n               title=\"&lt;strong&gt;Zweifingerfaultier (Choloepus didactylus), Southern Two-toed Sloth&lt;\/strong&gt;&lt;br\/&gt;&lt;br\/&gt;&lt;span style=&quot;font-size:85%;color:#949494&quot;&gt;[Bild-Id: 14425]&lt;\/span&gt;\"\n               data-src=\"http:\/\/foto-passion.com\/wp-content\/gallery\/fotostrecke_costarica2015-2016\/095_20151219-Q78A7341.jpg\"\n               data-thumbnail=\"http:\/\/foto-passion.com\/wp-content\/gallery\/fotostrecke_costarica2015-2016\/thumbs\/thumbs_095_20151219-Q78A7341.jpg\"\n               data-image-id=\"14425\"\n               data-title=\"Zweifingerfaultier (Choloepus didactylus), Southern Two-toed Sloth\"\n               data-description=\"&lt;strong&gt;Zweifingerfaultier (Choloepus didactylus), Southern Two-toed Sloth&lt;\/strong&gt;&lt;br\/&gt;&lt;br\/&gt;&lt;span style=&quot;font-size:85%;color:#949494&quot;&gt;[Bild-Id: 14425]&lt;\/span&gt;\"\n               data-image-slug=\"095_20151219-q78a7341\"\n               class=\"ngg-simplelightbox\" rel=\"27968d91f01ccc6554ee2078abffb628\">\n                <img\n                    title=\"Zweifingerfaultier (Choloepus didactylus), Southern Two-toed Sloth\"\n                    alt=\"Zweifingerfaultier (Choloepus didactylus), Southern Two-toed Sloth\"\n                    src=\"http:\/\/foto-passion.com\/wp-content\/gallery\/fotostrecke_costarica2015-2016\/cache\/095_20151219-Q78A7341.jpg-nggid0514425-ngg0dyn-150x100x100-00f0w010c011r110f110r010t010.jpg\"\n                    width=\"150\"\n                    height=\"100\"\n                    style=\"max-width:100%;\"\n                \/>\n            <\/a>\n        <\/div>\n\t\t\t\t\t\t\t<\/div> \n\t\t\t\n                            \n\t\t\t\t<div id=\"ngg-image-95\" class=\"ngg-gallery-thumbnail-box\" >\n\t\t\t\t        <div class=\"ngg-gallery-thumbnail\">\n            <a href=\"http:\/\/foto-passion.com\/wp-content\/gallery\/fotostrecke_costarica2015-2016\/096_20151219-Q78A7462.jpg\"\n               title=\"&lt;strong&gt;Zweifingerfaultier (Choloepus didactylus), Southern Two-toed Sloth&lt;\/strong&gt;&lt;br\/&gt;&lt;br\/&gt;&lt;span style=&quot;font-size:85%;color:#949494&quot;&gt;[Bild-Id: 14426]&lt;\/span&gt;\"\n               data-src=\"http:\/\/foto-passion.com\/wp-content\/gallery\/fotostrecke_costarica2015-2016\/096_20151219-Q78A7462.jpg\"\n               data-thumbnail=\"http:\/\/foto-passion.com\/wp-content\/gallery\/fotostrecke_costarica2015-2016\/thumbs\/thumbs_096_20151219-Q78A7462.jpg\"\n               data-image-id=\"14426\"\n               data-title=\"Zweifingerfaultier (Choloepus didactylus), Southern Two-toed Sloth\"\n               data-description=\"&lt;strong&gt;Zweifingerfaultier (Choloepus didactylus), Southern Two-toed Sloth&lt;\/strong&gt;&lt;br\/&gt;&lt;br\/&gt;&lt;span style=&quot;font-size:85%;color:#949494&quot;&gt;[Bild-Id: 14426]&lt;\/span&gt;\"\n               data-image-slug=\"096_20151219-q78a7462\"\n               class=\"ngg-simplelightbox\" rel=\"27968d91f01ccc6554ee2078abffb628\">\n                <img\n                    title=\"Zweifingerfaultier (Choloepus didactylus), Southern Two-toed Sloth\"\n                    alt=\"Zweifingerfaultier (Choloepus didactylus), Southern Two-toed Sloth\"\n                    src=\"http:\/\/foto-passion.com\/wp-content\/gallery\/fotostrecke_costarica2015-2016\/cache\/096_20151219-Q78A7462.jpg-nggid0514426-ngg0dyn-150x100x100-00f0w010c011r110f110r010t010.jpg\"\n                    width=\"150\"\n                    height=\"100\"\n                    style=\"max-width:100%;\"\n                \/>\n            <\/a>\n        <\/div>\n\t\t\t\t\t\t\t<\/div> \n\t\t\t\n                                    <br style=\"clear: both\" \/>\n                    \n\t\t\t\t<div id=\"ngg-image-96\" class=\"ngg-gallery-thumbnail-box\" >\n\t\t\t\t        <div class=\"ngg-gallery-thumbnail\">\n            <a href=\"http:\/\/foto-passion.com\/wp-content\/gallery\/fotostrecke_costarica2015-2016\/097_20151219-Q78A7868.jpg\"\n               title=\"&lt;strong\/&gt;&lt;br\/&gt;&lt;br\/&gt;&lt;span style=&quot;font-size:85%;color:#949494&quot;&gt;[Bild-Id: 14427]&lt;\/span&gt;\"\n               data-src=\"http:\/\/foto-passion.com\/wp-content\/gallery\/fotostrecke_costarica2015-2016\/097_20151219-Q78A7868.jpg\"\n               data-thumbnail=\"http:\/\/foto-passion.com\/wp-content\/gallery\/fotostrecke_costarica2015-2016\/thumbs\/thumbs_097_20151219-Q78A7868.jpg\"\n               data-image-id=\"14427\"\n               data-title=\"-\"\n               data-description=\"&lt;strong\/&gt;&lt;br\/&gt;&lt;br\/&gt;&lt;span style=&quot;font-size:85%;color:#949494&quot;&gt;[Bild-Id: 14427]&lt;\/span&gt;\"\n               data-image-slug=\"097_20151219-q78a7868\"\n               class=\"ngg-simplelightbox\" rel=\"27968d91f01ccc6554ee2078abffb628\">\n                <img\n                    title=\"-\"\n                    alt=\"-\"\n                    src=\"http:\/\/foto-passion.com\/wp-content\/gallery\/fotostrecke_costarica2015-2016\/cache\/097_20151219-Q78A7868.jpg-nggid0514427-ngg0dyn-150x100x100-00f0w010c011r110f110r010t010.jpg\"\n                    width=\"150\"\n                    height=\"100\"\n                    style=\"max-width:100%;\"\n                \/>\n            <\/a>\n        <\/div>\n\t\t\t\t\t\t\t<\/div> \n\t\t\t\n                            \n\t\t\t\t<div id=\"ngg-image-97\" class=\"ngg-gallery-thumbnail-box\" >\n\t\t\t\t        <div class=\"ngg-gallery-thumbnail\">\n            <a href=\"http:\/\/foto-passion.com\/wp-content\/gallery\/fotostrecke_costarica2015-2016\/098_20151220-Q78A8191.jpg\"\n               title=\"&lt;strong&gt;Auf dem Weg zum Tenorio NP&lt;\/strong&gt;&lt;br\/&gt;&lt;br\/&gt;&lt;span style=&quot;font-size:85%;color:#949494&quot;&gt;[Bild-Id: 14428]&lt;\/span&gt;\"\n               data-src=\"http:\/\/foto-passion.com\/wp-content\/gallery\/fotostrecke_costarica2015-2016\/098_20151220-Q78A8191.jpg\"\n               data-thumbnail=\"http:\/\/foto-passion.com\/wp-content\/gallery\/fotostrecke_costarica2015-2016\/thumbs\/thumbs_098_20151220-Q78A8191.jpg\"\n               data-image-id=\"14428\"\n               data-title=\"Auf dem Weg zum Tenorio NP\"\n               data-description=\"&lt;strong&gt;Auf dem Weg zum Tenorio NP&lt;\/strong&gt;&lt;br\/&gt;&lt;br\/&gt;&lt;span style=&quot;font-size:85%;color:#949494&quot;&gt;[Bild-Id: 14428]&lt;\/span&gt;\"\n               data-image-slug=\"098_20151220-q78a8191\"\n               class=\"ngg-simplelightbox\" rel=\"27968d91f01ccc6554ee2078abffb628\">\n                <img\n                    title=\"Auf dem Weg zum Tenorio NP\"\n                    alt=\"Auf dem Weg zum Tenorio NP\"\n                    src=\"http:\/\/foto-passion.com\/wp-content\/gallery\/fotostrecke_costarica2015-2016\/cache\/098_20151220-Q78A8191.jpg-nggid0514428-ngg0dyn-150x100x100-00f0w010c011r110f110r010t010.jpg\"\n                    width=\"150\"\n                    height=\"100\"\n                    style=\"max-width:100%;\"\n                \/>\n            <\/a>\n        <\/div>\n\t\t\t\t\t\t\t<\/div> \n\t\t\t\n                            \n\t\t\t\t<div id=\"ngg-image-98\" class=\"ngg-gallery-thumbnail-box\" >\n\t\t\t\t        <div class=\"ngg-gallery-thumbnail\">\n            <a href=\"http:\/\/foto-passion.com\/wp-content\/gallery\/fotostrecke_costarica2015-2016\/099_20151220-Q78A8193.jpg\"\n               title=\"&lt;strong&gt;Auf dem Weg zum Tenorio NP&lt;\/strong&gt;&lt;br\/&gt;&lt;br\/&gt;&lt;span style=&quot;font-size:85%;color:#949494&quot;&gt;[Bild-Id: 14429]&lt;\/span&gt;\"\n               data-src=\"http:\/\/foto-passion.com\/wp-content\/gallery\/fotostrecke_costarica2015-2016\/099_20151220-Q78A8193.jpg\"\n               data-thumbnail=\"http:\/\/foto-passion.com\/wp-content\/gallery\/fotostrecke_costarica2015-2016\/thumbs\/thumbs_099_20151220-Q78A8193.jpg\"\n               data-image-id=\"14429\"\n               data-title=\"Auf dem Weg zum Tenorio NP\"\n               data-description=\"&lt;strong&gt;Auf dem Weg zum Tenorio NP&lt;\/strong&gt;&lt;br\/&gt;&lt;br\/&gt;&lt;span style=&quot;font-size:85%;color:#949494&quot;&gt;[Bild-Id: 14429]&lt;\/span&gt;\"\n               data-image-slug=\"099_20151220-q78a8193\"\n               class=\"ngg-simplelightbox\" rel=\"27968d91f01ccc6554ee2078abffb628\">\n                <img\n                    title=\"Auf dem Weg zum Tenorio NP\"\n                    alt=\"Auf dem Weg zum Tenorio NP\"\n                    src=\"http:\/\/foto-passion.com\/wp-content\/gallery\/fotostrecke_costarica2015-2016\/cache\/099_20151220-Q78A8193.jpg-nggid0514429-ngg0dyn-150x100x100-00f0w010c011r110f110r010t010.jpg\"\n                    width=\"150\"\n                    height=\"100\"\n                    style=\"max-width:100%;\"\n                \/>\n            <\/a>\n        <\/div>\n\t\t\t\t\t\t\t<\/div> \n\t\t\t\n                            \n\t\t\t\t<div id=\"ngg-image-99\" class=\"ngg-gallery-thumbnail-box\" >\n\t\t\t\t        <div class=\"ngg-gallery-thumbnail\">\n            <a href=\"http:\/\/foto-passion.com\/wp-content\/gallery\/fotostrecke_costarica2015-2016\/100_20151220-Q78A8032.jpg\"\n               title=\"&lt;strong&gt;Im Tenorio NP&lt;\/strong&gt;&lt;br\/&gt;&lt;br\/&gt;&lt;span style=&quot;font-size:85%;color:#949494&quot;&gt;[Bild-Id: 14430]&lt;\/span&gt;\"\n               data-src=\"http:\/\/foto-passion.com\/wp-content\/gallery\/fotostrecke_costarica2015-2016\/100_20151220-Q78A8032.jpg\"\n               data-thumbnail=\"http:\/\/foto-passion.com\/wp-content\/gallery\/fotostrecke_costarica2015-2016\/thumbs\/thumbs_100_20151220-Q78A8032.jpg\"\n               data-image-id=\"14430\"\n               data-title=\"Im Tenorio NP\"\n               data-description=\"&lt;strong&gt;Im Tenorio NP&lt;\/strong&gt;&lt;br\/&gt;&lt;br\/&gt;&lt;span style=&quot;font-size:85%;color:#949494&quot;&gt;[Bild-Id: 14430]&lt;\/span&gt;\"\n               data-image-slug=\"100_20151220-q78a8032\"\n               class=\"ngg-simplelightbox\" rel=\"27968d91f01ccc6554ee2078abffb628\">\n                <img\n                    title=\"Im Tenorio NP\"\n                    alt=\"Im Tenorio NP\"\n                    src=\"http:\/\/foto-passion.com\/wp-content\/gallery\/fotostrecke_costarica2015-2016\/cache\/100_20151220-Q78A8032.jpg-nggid0514430-ngg0dyn-150x100x100-00f0w010c011r110f110r010t010.jpg\"\n                    width=\"150\"\n                    height=\"100\"\n                    style=\"max-width:100%;\"\n                \/>\n            <\/a>\n        <\/div>\n\t\t\t\t\t\t\t<\/div> \n\t\t\t\n                                    <br style=\"clear: both\" \/>\n                    \n\t\t\t\t<div id=\"ngg-image-100\" class=\"ngg-gallery-thumbnail-box\" >\n\t\t\t\t        <div class=\"ngg-gallery-thumbnail\">\n            <a href=\"http:\/\/foto-passion.com\/wp-content\/gallery\/fotostrecke_costarica2015-2016\/101_20151220-Q78A8174.jpg\"\n               title=\"&lt;strong&gt;Im Tenorio NP&lt;\/strong&gt;&lt;br\/&gt;&lt;br\/&gt;&lt;span style=&quot;font-size:85%;color:#949494&quot;&gt;[Bild-Id: 14431]&lt;\/span&gt;\"\n               data-src=\"http:\/\/foto-passion.com\/wp-content\/gallery\/fotostrecke_costarica2015-2016\/101_20151220-Q78A8174.jpg\"\n               data-thumbnail=\"http:\/\/foto-passion.com\/wp-content\/gallery\/fotostrecke_costarica2015-2016\/thumbs\/thumbs_101_20151220-Q78A8174.jpg\"\n               data-image-id=\"14431\"\n               data-title=\"Im Tenorio NP\"\n               data-description=\"&lt;strong&gt;Im Tenorio NP&lt;\/strong&gt;&lt;br\/&gt;&lt;br\/&gt;&lt;span style=&quot;font-size:85%;color:#949494&quot;&gt;[Bild-Id: 14431]&lt;\/span&gt;\"\n               data-image-slug=\"101_20151220-q78a8174\"\n               class=\"ngg-simplelightbox\" rel=\"27968d91f01ccc6554ee2078abffb628\">\n                <img\n                    title=\"Im Tenorio NP\"\n                    alt=\"Im Tenorio NP\"\n                    src=\"http:\/\/foto-passion.com\/wp-content\/gallery\/fotostrecke_costarica2015-2016\/cache\/101_20151220-Q78A8174.jpg-nggid0514431-ngg0dyn-150x100x100-00f0w010c011r110f110r010t010.jpg\"\n                    width=\"150\"\n                    height=\"100\"\n                    style=\"max-width:100%;\"\n                \/>\n            <\/a>\n        <\/div>\n\t\t\t\t\t\t\t<\/div> \n\t\t\t\n                            \n\t\t\t\t<div id=\"ngg-image-101\" class=\"ngg-gallery-thumbnail-box\" >\n\t\t\t\t        <div class=\"ngg-gallery-thumbnail\">\n            <a href=\"http:\/\/foto-passion.com\/wp-content\/gallery\/fotostrecke_costarica2015-2016\/102_20151220-Q78A8016-Pano.jpg\"\n               title=\"&lt;strong&gt;Rio Celeste Wasserfall im Tenorio NP&lt;\/strong&gt;&lt;br\/&gt;&lt;br\/&gt;&lt;span style=&quot;font-size:85%;color:#949494&quot;&gt;[Bild-Id: 14432]&lt;\/span&gt;\"\n               data-src=\"http:\/\/foto-passion.com\/wp-content\/gallery\/fotostrecke_costarica2015-2016\/102_20151220-Q78A8016-Pano.jpg\"\n               data-thumbnail=\"http:\/\/foto-passion.com\/wp-content\/gallery\/fotostrecke_costarica2015-2016\/thumbs\/thumbs_102_20151220-Q78A8016-Pano.jpg\"\n               data-image-id=\"14432\"\n               data-title=\"Rio Celeste Wasserfall im Tenorio NP\"\n               data-description=\"&lt;strong&gt;Rio Celeste Wasserfall im Tenorio NP&lt;\/strong&gt;&lt;br\/&gt;&lt;br\/&gt;&lt;span style=&quot;font-size:85%;color:#949494&quot;&gt;[Bild-Id: 14432]&lt;\/span&gt;\"\n               data-image-slug=\"rio-celeste-wasserfall-im-tenorio-np\"\n               class=\"ngg-simplelightbox\" rel=\"27968d91f01ccc6554ee2078abffb628\">\n                <img\n                    title=\"Rio Celeste Wasserfall im Tenorio NP\"\n                    alt=\"Rio Celeste Wasserfall im Tenorio NP\"\n                    src=\"http:\/\/foto-passion.com\/wp-content\/gallery\/fotostrecke_costarica2015-2016\/cache\/102_20151220-Q78A8016-Pano.jpg-nggid0514432-ngg0dyn-150x100x100-00f0w010c011r110f110r010t010.jpg\"\n                    width=\"150\"\n                    height=\"100\"\n                    style=\"max-width:100%;\"\n                \/>\n            <\/a>\n        <\/div>\n\t\t\t\t\t\t\t<\/div> \n\t\t\t\n                            \n\t\t\t\t<div id=\"ngg-image-102\" class=\"ngg-gallery-thumbnail-box\" >\n\t\t\t\t        <div class=\"ngg-gallery-thumbnail\">\n            <a href=\"http:\/\/foto-passion.com\/wp-content\/gallery\/fotostrecke_costarica2015-2016\/103_20151220-Q78A8061.jpg\"\n               title=\"&lt;strong&gt;Rio Celeste im Tenorio NP&lt;\/strong&gt;&lt;br\/&gt;&lt;br\/&gt;&lt;span style=&quot;font-size:85%;color:#949494&quot;&gt;[Bild-Id: 14433]&lt;\/span&gt;\"\n               data-src=\"http:\/\/foto-passion.com\/wp-content\/gallery\/fotostrecke_costarica2015-2016\/103_20151220-Q78A8061.jpg\"\n               data-thumbnail=\"http:\/\/foto-passion.com\/wp-content\/gallery\/fotostrecke_costarica2015-2016\/thumbs\/thumbs_103_20151220-Q78A8061.jpg\"\n               data-image-id=\"14433\"\n               data-title=\"Rio Celeste im Tenorio NP\"\n               data-description=\"&lt;strong&gt;Rio Celeste im Tenorio NP&lt;\/strong&gt;&lt;br\/&gt;&lt;br\/&gt;&lt;span style=&quot;font-size:85%;color:#949494&quot;&gt;[Bild-Id: 14433]&lt;\/span&gt;\"\n               data-image-slug=\"rio-celeste-im-tenorio-np-1\"\n               class=\"ngg-simplelightbox\" rel=\"27968d91f01ccc6554ee2078abffb628\">\n                <img\n                    title=\"Rio Celeste im Tenorio NP\"\n                    alt=\"Rio Celeste im Tenorio NP\"\n                    src=\"http:\/\/foto-passion.com\/wp-content\/gallery\/fotostrecke_costarica2015-2016\/cache\/103_20151220-Q78A8061.jpg-nggid0514433-ngg0dyn-150x100x100-00f0w010c011r110f110r010t010.jpg\"\n                    width=\"150\"\n                    height=\"100\"\n                    style=\"max-width:100%;\"\n                \/>\n            <\/a>\n        <\/div>\n\t\t\t\t\t\t\t<\/div> \n\t\t\t\n                            \n\t\t\t\t<div id=\"ngg-image-103\" class=\"ngg-gallery-thumbnail-box\" >\n\t\t\t\t        <div class=\"ngg-gallery-thumbnail\">\n            <a href=\"http:\/\/foto-passion.com\/wp-content\/gallery\/fotostrecke_costarica2015-2016\/104_20151220-_J2A2650.jpg\"\n               title=\"&lt;strong&gt;Emerald Basilisk (Basiliscus plumifrons)&lt;\/strong&gt;&lt;br\/&gt;&lt;br\/&gt;&lt;span style=&quot;font-size:85%;color:#949494&quot;&gt;[Bild-Id: 14434]&lt;\/span&gt;\"\n               data-src=\"http:\/\/foto-passion.com\/wp-content\/gallery\/fotostrecke_costarica2015-2016\/104_20151220-_J2A2650.jpg\"\n               data-thumbnail=\"http:\/\/foto-passion.com\/wp-content\/gallery\/fotostrecke_costarica2015-2016\/thumbs\/thumbs_104_20151220-_J2A2650.jpg\"\n               data-image-id=\"14434\"\n               data-title=\"Emerald Basilisk (Basiliscus plumifrons)\"\n               data-description=\"&lt;strong&gt;Emerald Basilisk (Basiliscus plumifrons)&lt;\/strong&gt;&lt;br\/&gt;&lt;br\/&gt;&lt;span style=&quot;font-size:85%;color:#949494&quot;&gt;[Bild-Id: 14434]&lt;\/span&gt;\"\n               data-image-slug=\"emerald-basilisk-basiliscus-plumifrons\"\n               class=\"ngg-simplelightbox\" rel=\"27968d91f01ccc6554ee2078abffb628\">\n                <img\n                    title=\"Emerald Basilisk (Basiliscus plumifrons)\"\n                    alt=\"Emerald Basilisk (Basiliscus plumifrons)\"\n                    src=\"http:\/\/foto-passion.com\/wp-content\/gallery\/fotostrecke_costarica2015-2016\/cache\/104_20151220-_J2A2650.jpg-nggid0514434-ngg0dyn-150x100x100-00f0w010c011r110f110r010t010.jpg\"\n                    width=\"150\"\n                    height=\"100\"\n                    style=\"max-width:100%;\"\n                \/>\n            <\/a>\n        <\/div>\n\t\t\t\t\t\t\t<\/div> \n\t\t\t\n                                    <br style=\"clear: both\" \/>\n                    \n\t\t\t\t<div id=\"ngg-image-104\" class=\"ngg-gallery-thumbnail-box\" >\n\t\t\t\t        <div class=\"ngg-gallery-thumbnail\">\n            <a href=\"http:\/\/foto-passion.com\/wp-content\/gallery\/fotostrecke_costarica2015-2016\/105_20151220-Q78A8079.jpg\"\n               title=\"&lt;strong&gt;Diesen uralten Baumriesen haben die Termiten auf dem Gewissen&lt;\/strong&gt;&lt;br\/&gt;&lt;br\/&gt;&lt;span style=&quot;font-size:85%;color:#949494&quot;&gt;[Bild-Id: 14435]&lt;\/span&gt;\"\n               data-src=\"http:\/\/foto-passion.com\/wp-content\/gallery\/fotostrecke_costarica2015-2016\/105_20151220-Q78A8079.jpg\"\n               data-thumbnail=\"http:\/\/foto-passion.com\/wp-content\/gallery\/fotostrecke_costarica2015-2016\/thumbs\/thumbs_105_20151220-Q78A8079.jpg\"\n               data-image-id=\"14435\"\n               data-title=\"Diesen uralten Baumriesen haben die Termiten auf dem Gewissen\"\n               data-description=\"&lt;strong&gt;Diesen uralten Baumriesen haben die Termiten auf dem Gewissen&lt;\/strong&gt;&lt;br\/&gt;&lt;br\/&gt;&lt;span style=&quot;font-size:85%;color:#949494&quot;&gt;[Bild-Id: 14435]&lt;\/span&gt;\"\n               data-image-slug=\"diesen-uralten-baumriesen-haben-die-termiten-auf-dem-gewissen\"\n               class=\"ngg-simplelightbox\" rel=\"27968d91f01ccc6554ee2078abffb628\">\n                <img\n                    title=\"Diesen uralten Baumriesen haben die Termiten auf dem Gewissen\"\n                    alt=\"Diesen uralten Baumriesen haben die Termiten auf dem Gewissen\"\n                    src=\"http:\/\/foto-passion.com\/wp-content\/gallery\/fotostrecke_costarica2015-2016\/cache\/105_20151220-Q78A8079.jpg-nggid0514435-ngg0dyn-150x100x100-00f0w010c011r110f110r010t010.jpg\"\n                    width=\"150\"\n                    height=\"100\"\n                    style=\"max-width:100%;\"\n                \/>\n            <\/a>\n        <\/div>\n\t\t\t\t\t\t\t<\/div> \n\t\t\t\n                            \n\t\t\t\t<div id=\"ngg-image-105\" class=\"ngg-gallery-thumbnail-box\" >\n\t\t\t\t        <div class=\"ngg-gallery-thumbnail\">\n            <a href=\"http:\/\/foto-passion.com\/wp-content\/gallery\/fotostrecke_costarica2015-2016\/106_20151220-Q78A8087.jpg\"\n               title=\"&lt;strong&gt;Eine etwas gew\u00f6hnungsbed\u00fcrftige Br\u00fccke&lt;\/strong&gt;&lt;br\/&gt;&lt;br\/&gt;&lt;span style=&quot;font-size:85%;color:#949494&quot;&gt;[Bild-Id: 14436]&lt;\/span&gt;\"\n               data-src=\"http:\/\/foto-passion.com\/wp-content\/gallery\/fotostrecke_costarica2015-2016\/106_20151220-Q78A8087.jpg\"\n               data-thumbnail=\"http:\/\/foto-passion.com\/wp-content\/gallery\/fotostrecke_costarica2015-2016\/thumbs\/thumbs_106_20151220-Q78A8087.jpg\"\n               data-image-id=\"14436\"\n               data-title=\"Eine etwas gew\u00f6hnungsbed\u00fcrftige Br\u00fccke\"\n               data-description=\"&lt;strong&gt;Eine etwas gew\u00f6hnungsbed\u00fcrftige Br\u00fccke&lt;\/strong&gt;&lt;br\/&gt;&lt;br\/&gt;&lt;span style=&quot;font-size:85%;color:#949494&quot;&gt;[Bild-Id: 14436]&lt;\/span&gt;\"\n               data-image-slug=\"eine-etwas-gewoehnungsbeduerftige-bruecke\"\n               class=\"ngg-simplelightbox\" rel=\"27968d91f01ccc6554ee2078abffb628\">\n                <img\n                    title=\"Eine etwas gew\u00f6hnungsbed\u00fcrftige Br\u00fccke\"\n                    alt=\"Eine etwas gew\u00f6hnungsbed\u00fcrftige Br\u00fccke\"\n                    src=\"http:\/\/foto-passion.com\/wp-content\/gallery\/fotostrecke_costarica2015-2016\/cache\/106_20151220-Q78A8087.jpg-nggid0514436-ngg0dyn-150x100x100-00f0w010c011r110f110r010t010.jpg\"\n                    width=\"150\"\n                    height=\"100\"\n                    style=\"max-width:100%;\"\n                \/>\n            <\/a>\n        <\/div>\n\t\t\t\t\t\t\t<\/div> \n\t\t\t\n                            \n\t\t\t\t<div id=\"ngg-image-106\" class=\"ngg-gallery-thumbnail-box\" >\n\t\t\t\t        <div class=\"ngg-gallery-thumbnail\">\n            <a href=\"http:\/\/foto-passion.com\/wp-content\/gallery\/fotostrecke_costarica2015-2016\/107_20151220-Q78A8097.jpg\"\n               title=\"&lt;strong&gt;Rio Celeste im Tenorio NP&lt;\/strong&gt;&lt;br\/&gt;&lt;br\/&gt;&lt;span style=&quot;font-size:85%;color:#949494&quot;&gt;[Bild-Id: 14437]&lt;\/span&gt;\"\n               data-src=\"http:\/\/foto-passion.com\/wp-content\/gallery\/fotostrecke_costarica2015-2016\/107_20151220-Q78A8097.jpg\"\n               data-thumbnail=\"http:\/\/foto-passion.com\/wp-content\/gallery\/fotostrecke_costarica2015-2016\/thumbs\/thumbs_107_20151220-Q78A8097.jpg\"\n               data-image-id=\"14437\"\n               data-title=\"Rio Celeste im Tenorio NP\"\n               data-description=\"&lt;strong&gt;Rio Celeste im Tenorio NP&lt;\/strong&gt;&lt;br\/&gt;&lt;br\/&gt;&lt;span style=&quot;font-size:85%;color:#949494&quot;&gt;[Bild-Id: 14437]&lt;\/span&gt;\"\n               data-image-slug=\"rio-celeste-im-tenorio-np\"\n               class=\"ngg-simplelightbox\" rel=\"27968d91f01ccc6554ee2078abffb628\">\n                <img\n                    title=\"Rio Celeste im Tenorio NP\"\n                    alt=\"Rio Celeste im Tenorio NP\"\n                    src=\"http:\/\/foto-passion.com\/wp-content\/gallery\/fotostrecke_costarica2015-2016\/cache\/107_20151220-Q78A8097.jpg-nggid0514437-ngg0dyn-150x100x100-00f0w010c011r110f110r010t010.jpg\"\n                    width=\"150\"\n                    height=\"100\"\n                    style=\"max-width:100%;\"\n                \/>\n            <\/a>\n        <\/div>\n\t\t\t\t\t\t\t<\/div> \n\t\t\t\n                            \n\t\t\t\t<div id=\"ngg-image-107\" class=\"ngg-gallery-thumbnail-box\" >\n\t\t\t\t        <div class=\"ngg-gallery-thumbnail\">\n            <a href=\"http:\/\/foto-passion.com\/wp-content\/gallery\/fotostrecke_costarica2015-2016\/108_20151220-Q78A8126.jpg\"\n               title=\"&lt;strong&gt;Wasserscheide des Rio Celeste im Tenorio NP&lt;\/strong&gt;&lt;br\/&gt;&lt;br\/&gt;&lt;span style=&quot;font-size:85%;color:#949494&quot;&gt;[Bild-Id: 14438]&lt;\/span&gt;\"\n               data-src=\"http:\/\/foto-passion.com\/wp-content\/gallery\/fotostrecke_costarica2015-2016\/108_20151220-Q78A8126.jpg\"\n               data-thumbnail=\"http:\/\/foto-passion.com\/wp-content\/gallery\/fotostrecke_costarica2015-2016\/thumbs\/thumbs_108_20151220-Q78A8126.jpg\"\n               data-image-id=\"14438\"\n               data-title=\"Wasserscheide des Rio Celeste im Tenorio NP\"\n               data-description=\"&lt;strong&gt;Wasserscheide des Rio Celeste im Tenorio NP&lt;\/strong&gt;&lt;br\/&gt;&lt;br\/&gt;&lt;span style=&quot;font-size:85%;color:#949494&quot;&gt;[Bild-Id: 14438]&lt;\/span&gt;\"\n               data-image-slug=\"108_20151220-q78a8126\"\n               class=\"ngg-simplelightbox\" rel=\"27968d91f01ccc6554ee2078abffb628\">\n                <img\n                    title=\"Wasserscheide des Rio Celeste im Tenorio NP\"\n                    alt=\"Wasserscheide des Rio Celeste im Tenorio NP\"\n                    src=\"http:\/\/foto-passion.com\/wp-content\/gallery\/fotostrecke_costarica2015-2016\/cache\/108_20151220-Q78A8126.jpg-nggid0514438-ngg0dyn-150x100x100-00f0w010c011r110f110r010t010.jpg\"\n                    width=\"150\"\n                    height=\"100\"\n                    style=\"max-width:100%;\"\n                \/>\n            <\/a>\n        <\/div>\n\t\t\t\t\t\t\t<\/div> \n\t\t\t\n                                    <br style=\"clear: both\" \/>\n                    \n\t\t\t\t<div id=\"ngg-image-108\" class=\"ngg-gallery-thumbnail-box\" >\n\t\t\t\t        <div class=\"ngg-gallery-thumbnail\">\n            <a href=\"http:\/\/foto-passion.com\/wp-content\/gallery\/fotostrecke_costarica2015-2016\/109_20151220-Q78A8160.jpg\"\n               title=\"&lt;strong&gt;Im Tenorio NP&lt;\/strong&gt;&lt;br\/&gt;&lt;br\/&gt;&lt;span style=&quot;font-size:85%;color:#949494&quot;&gt;[Bild-Id: 14439]&lt;\/span&gt;\"\n               data-src=\"http:\/\/foto-passion.com\/wp-content\/gallery\/fotostrecke_costarica2015-2016\/109_20151220-Q78A8160.jpg\"\n               data-thumbnail=\"http:\/\/foto-passion.com\/wp-content\/gallery\/fotostrecke_costarica2015-2016\/thumbs\/thumbs_109_20151220-Q78A8160.jpg\"\n               data-image-id=\"14439\"\n               data-title=\"Im Tenorio NP\"\n               data-description=\"&lt;strong&gt;Im Tenorio NP&lt;\/strong&gt;&lt;br\/&gt;&lt;br\/&gt;&lt;span style=&quot;font-size:85%;color:#949494&quot;&gt;[Bild-Id: 14439]&lt;\/span&gt;\"\n               data-image-slug=\"109_20151220-q78a8160\"\n               class=\"ngg-simplelightbox\" rel=\"27968d91f01ccc6554ee2078abffb628\">\n                <img\n                    title=\"Im Tenorio NP\"\n                    alt=\"Im Tenorio NP\"\n                    src=\"http:\/\/foto-passion.com\/wp-content\/gallery\/fotostrecke_costarica2015-2016\/cache\/109_20151220-Q78A8160.jpg-nggid0514439-ngg0dyn-150x100x100-00f0w010c011r110f110r010t010.jpg\"\n                    width=\"150\"\n                    height=\"100\"\n                    style=\"max-width:100%;\"\n                \/>\n            <\/a>\n        <\/div>\n\t\t\t\t\t\t\t<\/div> \n\t\t\t\n                            \n\t\t\t\t<div id=\"ngg-image-109\" class=\"ngg-gallery-thumbnail-box\" >\n\t\t\t\t        <div class=\"ngg-gallery-thumbnail\">\n            <a href=\"http:\/\/foto-passion.com\/wp-content\/gallery\/fotostrecke_costarica2015-2016\/110_20151220-Q78A8182.jpg\"\n               title=\"&lt;strong&gt;Im Tenorio NP&lt;\/strong&gt;&lt;br\/&gt;&lt;br\/&gt;&lt;span style=&quot;font-size:85%;color:#949494&quot;&gt;[Bild-Id: 14440]&lt;\/span&gt;\"\n               data-src=\"http:\/\/foto-passion.com\/wp-content\/gallery\/fotostrecke_costarica2015-2016\/110_20151220-Q78A8182.jpg\"\n               data-thumbnail=\"http:\/\/foto-passion.com\/wp-content\/gallery\/fotostrecke_costarica2015-2016\/thumbs\/thumbs_110_20151220-Q78A8182.jpg\"\n               data-image-id=\"14440\"\n               data-title=\"Im Tenorio NP\"\n               data-description=\"&lt;strong&gt;Im Tenorio NP&lt;\/strong&gt;&lt;br\/&gt;&lt;br\/&gt;&lt;span style=&quot;font-size:85%;color:#949494&quot;&gt;[Bild-Id: 14440]&lt;\/span&gt;\"\n               data-image-slug=\"110_20151220-q78a8182\"\n               class=\"ngg-simplelightbox\" rel=\"27968d91f01ccc6554ee2078abffb628\">\n                <img\n                    title=\"Im Tenorio NP\"\n                    alt=\"Im Tenorio NP\"\n                    src=\"http:\/\/foto-passion.com\/wp-content\/gallery\/fotostrecke_costarica2015-2016\/cache\/110_20151220-Q78A8182.jpg-nggid0514440-ngg0dyn-150x100x100-00f0w010c011r110f110r010t010.jpg\"\n                    width=\"150\"\n                    height=\"100\"\n                    style=\"max-width:100%;\"\n                \/>\n            <\/a>\n        <\/div>\n\t\t\t\t\t\t\t<\/div> \n\t\t\t\n                            \n\t\t\t\t<div id=\"ngg-image-110\" class=\"ngg-gallery-thumbnail-box\" >\n\t\t\t\t        <div class=\"ngg-gallery-thumbnail\">\n            <a href=\"http:\/\/foto-passion.com\/wp-content\/gallery\/fotostrecke_costarica2015-2016\/111_20151221-_J2A2728.jpg\"\n               title=\"&lt;strong&gt;H\u00f6rnchen&lt;\/strong&gt;&lt;br\/&gt;&lt;br\/&gt;&lt;span style=&quot;font-size:85%;color:#949494&quot;&gt;[Bild-Id: 14441]&lt;\/span&gt;\"\n               data-src=\"http:\/\/foto-passion.com\/wp-content\/gallery\/fotostrecke_costarica2015-2016\/111_20151221-_J2A2728.jpg\"\n               data-thumbnail=\"http:\/\/foto-passion.com\/wp-content\/gallery\/fotostrecke_costarica2015-2016\/thumbs\/thumbs_111_20151221-_J2A2728.jpg\"\n               data-image-id=\"14441\"\n               data-title=\"H\u00f6rnchen\"\n               data-description=\"&lt;strong&gt;H\u00f6rnchen&lt;\/strong&gt;&lt;br\/&gt;&lt;br\/&gt;&lt;span style=&quot;font-size:85%;color:#949494&quot;&gt;[Bild-Id: 14441]&lt;\/span&gt;\"\n               data-image-slug=\"111_20151221-_j2a2728\"\n               class=\"ngg-simplelightbox\" rel=\"27968d91f01ccc6554ee2078abffb628\">\n                <img\n                    title=\"H\u00f6rnchen\"\n                    alt=\"H\u00f6rnchen\"\n                    src=\"http:\/\/foto-passion.com\/wp-content\/gallery\/fotostrecke_costarica2015-2016\/cache\/111_20151221-_J2A2728.jpg-nggid0514441-ngg0dyn-150x100x100-00f0w010c011r110f110r010t010.jpg\"\n                    width=\"150\"\n                    height=\"100\"\n                    style=\"max-width:100%;\"\n                \/>\n            <\/a>\n        <\/div>\n\t\t\t\t\t\t\t<\/div> \n\t\t\t\n                            \n\t\t\t\t<div id=\"ngg-image-111\" class=\"ngg-gallery-thumbnail-box\" >\n\t\t\t\t        <div class=\"ngg-gallery-thumbnail\">\n            <a href=\"http:\/\/foto-passion.com\/wp-content\/gallery\/fotostrecke_costarica2015-2016\/112_20151221-_J2A2740.jpg\"\n               title=\"&lt;strong&gt;Elsterh\u00e4her (Calocitta formosa), White-throated Magpie-Jay&lt;\/strong&gt;&lt;br\/&gt;&lt;br\/&gt;&lt;span style=&quot;font-size:85%;color:#949494&quot;&gt;[Bild-Id: 14442]&lt;\/span&gt;\"\n               data-src=\"http:\/\/foto-passion.com\/wp-content\/gallery\/fotostrecke_costarica2015-2016\/112_20151221-_J2A2740.jpg\"\n               data-thumbnail=\"http:\/\/foto-passion.com\/wp-content\/gallery\/fotostrecke_costarica2015-2016\/thumbs\/thumbs_112_20151221-_J2A2740.jpg\"\n               data-image-id=\"14442\"\n               data-title=\"Elsterh\u00e4her (Calocitta formosa), White-throated Magpie-Jay\"\n               data-description=\"&lt;strong&gt;Elsterh\u00e4her (Calocitta formosa), White-throated Magpie-Jay&lt;\/strong&gt;&lt;br\/&gt;&lt;br\/&gt;&lt;span style=&quot;font-size:85%;color:#949494&quot;&gt;[Bild-Id: 14442]&lt;\/span&gt;\"\n               data-image-slug=\"elsterhaeher-calocitta-formosa-white-throated-magpie-jay\"\n               class=\"ngg-simplelightbox\" rel=\"27968d91f01ccc6554ee2078abffb628\">\n                <img\n                    title=\"Elsterh\u00e4her (Calocitta formosa), White-throated Magpie-Jay\"\n                    alt=\"Elsterh\u00e4her (Calocitta formosa), White-throated Magpie-Jay\"\n                    src=\"http:\/\/foto-passion.com\/wp-content\/gallery\/fotostrecke_costarica2015-2016\/cache\/112_20151221-_J2A2740.jpg-nggid0514442-ngg0dyn-150x100x100-00f0w010c011r110f110r010t010.jpg\"\n                    width=\"150\"\n                    height=\"100\"\n                    style=\"max-width:100%;\"\n                \/>\n            <\/a>\n        <\/div>\n\t\t\t\t\t\t\t<\/div> \n\t\t\t\n                                    <br style=\"clear: both\" \/>\n                    \n\t\t\t\t<div id=\"ngg-image-112\" class=\"ngg-gallery-thumbnail-box\" >\n\t\t\t\t        <div class=\"ngg-gallery-thumbnail\">\n            <a href=\"http:\/\/foto-passion.com\/wp-content\/gallery\/fotostrecke_costarica2015-2016\/113_20151221-_J2A2764.jpg\"\n               title=\"&lt;strong&gt;Kreischeule (Megascops choliba), Tropical Screech Owl&lt;\/strong&gt;&lt;br\/&gt;&lt;br\/&gt;&lt;span style=&quot;font-size:85%;color:#949494&quot;&gt;[Bild-Id: 14443]&lt;\/span&gt;\"\n               data-src=\"http:\/\/foto-passion.com\/wp-content\/gallery\/fotostrecke_costarica2015-2016\/113_20151221-_J2A2764.jpg\"\n               data-thumbnail=\"http:\/\/foto-passion.com\/wp-content\/gallery\/fotostrecke_costarica2015-2016\/thumbs\/thumbs_113_20151221-_J2A2764.jpg\"\n               data-image-id=\"14443\"\n               data-title=\"Kreischeule (Megascops choliba), Tropical Screech Owl\"\n               data-description=\"&lt;strong&gt;Kreischeule (Megascops choliba), Tropical Screech Owl&lt;\/strong&gt;&lt;br\/&gt;&lt;br\/&gt;&lt;span style=&quot;font-size:85%;color:#949494&quot;&gt;[Bild-Id: 14443]&lt;\/span&gt;\"\n               data-image-slug=\"kreischeule-megascops-choliba-tropical-screech-owl\"\n               class=\"ngg-simplelightbox\" rel=\"27968d91f01ccc6554ee2078abffb628\">\n                <img\n                    title=\"Kreischeule (Megascops choliba), Tropical Screech Owl\"\n                    alt=\"Kreischeule (Megascops choliba), Tropical Screech Owl\"\n                    src=\"http:\/\/foto-passion.com\/wp-content\/gallery\/fotostrecke_costarica2015-2016\/cache\/113_20151221-_J2A2764.jpg-nggid0514443-ngg0dyn-150x100x100-00f0w010c011r110f110r010t010.jpg\"\n                    width=\"150\"\n                    height=\"100\"\n                    style=\"max-width:100%;\"\n                \/>\n            <\/a>\n        <\/div>\n\t\t\t\t\t\t\t<\/div> \n\t\t\t\n                            \n\t\t\t\t<div id=\"ngg-image-113\" class=\"ngg-gallery-thumbnail-box\" >\n\t\t\t\t        <div class=\"ngg-gallery-thumbnail\">\n            <a href=\"http:\/\/foto-passion.com\/wp-content\/gallery\/fotostrecke_costarica2015-2016\/114_20151221-Q78A8380.jpg\"\n               title=\"&lt;strong&gt;Morpho Schmetterling (Morpho deidamia), Morpho Butterfly&lt;\/strong&gt;&lt;br\/&gt;&lt;br\/&gt;&lt;span style=&quot;font-size:85%;color:#949494&quot;&gt;[Bild-Id: 14444]&lt;\/span&gt;\"\n               data-src=\"http:\/\/foto-passion.com\/wp-content\/gallery\/fotostrecke_costarica2015-2016\/114_20151221-Q78A8380.jpg\"\n               data-thumbnail=\"http:\/\/foto-passion.com\/wp-content\/gallery\/fotostrecke_costarica2015-2016\/thumbs\/thumbs_114_20151221-Q78A8380.jpg\"\n               data-image-id=\"14444\"\n               data-title=\"Morpho Schmetterling (Morpho deidamia), Morpho Butterfly\"\n               data-description=\"&lt;strong&gt;Morpho Schmetterling (Morpho deidamia), Morpho Butterfly&lt;\/strong&gt;&lt;br\/&gt;&lt;br\/&gt;&lt;span style=&quot;font-size:85%;color:#949494&quot;&gt;[Bild-Id: 14444]&lt;\/span&gt;\"\n               data-image-slug=\"morpho-schmetterling-morpho-deidamia-morpho-butterfly\"\n               class=\"ngg-simplelightbox\" rel=\"27968d91f01ccc6554ee2078abffb628\">\n                <img\n                    title=\"Morpho Schmetterling (Morpho deidamia), Morpho Butterfly\"\n                    alt=\"Morpho Schmetterling (Morpho deidamia), Morpho Butterfly\"\n                    src=\"http:\/\/foto-passion.com\/wp-content\/gallery\/fotostrecke_costarica2015-2016\/cache\/114_20151221-Q78A8380.jpg-nggid0514444-ngg0dyn-150x100x100-00f0w010c011r110f110r010t010.jpg\"\n                    width=\"150\"\n                    height=\"100\"\n                    style=\"max-width:100%;\"\n                \/>\n            <\/a>\n        <\/div>\n\t\t\t\t\t\t\t<\/div> \n\t\t\t\n                            \n\t\t\t\t<div id=\"ngg-image-114\" class=\"ngg-gallery-thumbnail-box\" >\n\t\t\t\t        <div class=\"ngg-gallery-thumbnail\">\n            <a href=\"http:\/\/foto-passion.com\/wp-content\/gallery\/fotostrecke_costarica2015-2016\/115_20151221-_J2A3142.jpg\"\n               title=\"&lt;strong&gt;Puma&lt;\/strong&gt;&lt;br\/&gt;&lt;br\/&gt;&lt;span style=&quot;font-size:85%;color:#949494&quot;&gt;[Bild-Id: 14445]&lt;\/span&gt;\"\n               data-src=\"http:\/\/foto-passion.com\/wp-content\/gallery\/fotostrecke_costarica2015-2016\/115_20151221-_J2A3142.jpg\"\n               data-thumbnail=\"http:\/\/foto-passion.com\/wp-content\/gallery\/fotostrecke_costarica2015-2016\/thumbs\/thumbs_115_20151221-_J2A3142.jpg\"\n               data-image-id=\"14445\"\n               data-title=\"Puma\"\n               data-description=\"&lt;strong&gt;Puma&lt;\/strong&gt;&lt;br\/&gt;&lt;br\/&gt;&lt;span style=&quot;font-size:85%;color:#949494&quot;&gt;[Bild-Id: 14445]&lt;\/span&gt;\"\n               data-image-slug=\"115_20151221-_j2a3142\"\n               class=\"ngg-simplelightbox\" rel=\"27968d91f01ccc6554ee2078abffb628\">\n                <img\n                    title=\"Puma\"\n                    alt=\"Puma\"\n                    src=\"http:\/\/foto-passion.com\/wp-content\/gallery\/fotostrecke_costarica2015-2016\/cache\/115_20151221-_J2A3142.jpg-nggid0514445-ngg0dyn-150x100x100-00f0w010c011r110f110r010t010.jpg\"\n                    width=\"150\"\n                    height=\"100\"\n                    style=\"max-width:100%;\"\n                \/>\n            <\/a>\n        <\/div>\n\t\t\t\t\t\t\t<\/div> \n\t\t\t\n                            \n\t\t\t\t<div id=\"ngg-image-115\" class=\"ngg-gallery-thumbnail-box\" >\n\t\t\t\t        <div class=\"ngg-gallery-thumbnail\">\n            <a href=\"http:\/\/foto-passion.com\/wp-content\/gallery\/fotostrecke_costarica2015-2016\/116_20151221-_J2A3129.jpg\"\n               title=\"&lt;strong&gt;Ozelot (Felis Leopardus pardalis), Ocelot&lt;\/strong&gt;&lt;br\/&gt;&lt;br\/&gt;&lt;span style=&quot;font-size:85%;color:#949494&quot;&gt;[Bild-Id: 14446]&lt;\/span&gt;\"\n               data-src=\"http:\/\/foto-passion.com\/wp-content\/gallery\/fotostrecke_costarica2015-2016\/116_20151221-_J2A3129.jpg\"\n               data-thumbnail=\"http:\/\/foto-passion.com\/wp-content\/gallery\/fotostrecke_costarica2015-2016\/thumbs\/thumbs_116_20151221-_J2A3129.jpg\"\n               data-image-id=\"14446\"\n               data-title=\"Ozelot (Felis Leopardus pardalis), Ocelot\"\n               data-description=\"&lt;strong&gt;Ozelot (Felis Leopardus pardalis), Ocelot&lt;\/strong&gt;&lt;br\/&gt;&lt;br\/&gt;&lt;span style=&quot;font-size:85%;color:#949494&quot;&gt;[Bild-Id: 14446]&lt;\/span&gt;\"\n               data-image-slug=\"116_20151221-_j2a3129\"\n               class=\"ngg-simplelightbox\" rel=\"27968d91f01ccc6554ee2078abffb628\">\n                <img\n                    title=\"Ozelot (Felis Leopardus pardalis), Ocelot\"\n                    alt=\"Ozelot (Felis Leopardus pardalis), Ocelot\"\n                    src=\"http:\/\/foto-passion.com\/wp-content\/gallery\/fotostrecke_costarica2015-2016\/cache\/116_20151221-_J2A3129.jpg-nggid0514446-ngg0dyn-150x100x100-00f0w010c011r110f110r010t010.jpg\"\n                    width=\"150\"\n                    height=\"100\"\n                    style=\"max-width:100%;\"\n                \/>\n            <\/a>\n        <\/div>\n\t\t\t\t\t\t\t<\/div> \n\t\t\t\n                                    <br style=\"clear: both\" \/>\n                    \n\t\t\t\t<div id=\"ngg-image-116\" class=\"ngg-gallery-thumbnail-box\" >\n\t\t\t\t        <div class=\"ngg-gallery-thumbnail\">\n            <a href=\"http:\/\/foto-passion.com\/wp-content\/gallery\/fotostrecke_costarica2015-2016\/117_20151221-_J2A3167.jpg\"\n               title=\"&lt;strong&gt;Ozelot (Felis Leopardus pardalis), Ocelot&lt;\/strong&gt;&lt;br\/&gt;&lt;br\/&gt;&lt;span style=&quot;font-size:85%;color:#949494&quot;&gt;[Bild-Id: 14447]&lt;\/span&gt;\"\n               data-src=\"http:\/\/foto-passion.com\/wp-content\/gallery\/fotostrecke_costarica2015-2016\/117_20151221-_J2A3167.jpg\"\n               data-thumbnail=\"http:\/\/foto-passion.com\/wp-content\/gallery\/fotostrecke_costarica2015-2016\/thumbs\/thumbs_117_20151221-_J2A3167.jpg\"\n               data-image-id=\"14447\"\n               data-title=\"Ozelot (Felis Leopardus pardalis), Ocelot\"\n               data-description=\"&lt;strong&gt;Ozelot (Felis Leopardus pardalis), Ocelot&lt;\/strong&gt;&lt;br\/&gt;&lt;br\/&gt;&lt;span style=&quot;font-size:85%;color:#949494&quot;&gt;[Bild-Id: 14447]&lt;\/span&gt;\"\n               data-image-slug=\"117_20151221-_j2a3167\"\n               class=\"ngg-simplelightbox\" rel=\"27968d91f01ccc6554ee2078abffb628\">\n                <img\n                    title=\"Ozelot (Felis Leopardus pardalis), Ocelot\"\n                    alt=\"Ozelot (Felis Leopardus pardalis), Ocelot\"\n                    src=\"http:\/\/foto-passion.com\/wp-content\/gallery\/fotostrecke_costarica2015-2016\/cache\/117_20151221-_J2A3167.jpg-nggid0514447-ngg0dyn-150x100x100-00f0w010c011r110f110r010t010.jpg\"\n                    width=\"150\"\n                    height=\"100\"\n                    style=\"max-width:100%;\"\n                \/>\n            <\/a>\n        <\/div>\n\t\t\t\t\t\t\t<\/div> \n\t\t\t\n                            \n\t\t\t\t<div id=\"ngg-image-117\" class=\"ngg-gallery-thumbnail-box\" >\n\t\t\t\t        <div class=\"ngg-gallery-thumbnail\">\n            <a href=\"http:\/\/foto-passion.com\/wp-content\/gallery\/fotostrecke_costarica2015-2016\/118_20151221-_J2A3185.jpg\"\n               title=\"&lt;strong&gt;Puma&lt;\/strong&gt;&lt;br\/&gt;&lt;br\/&gt;&lt;span style=&quot;font-size:85%;color:#949494&quot;&gt;[Bild-Id: 14448]&lt;\/span&gt;\"\n               data-src=\"http:\/\/foto-passion.com\/wp-content\/gallery\/fotostrecke_costarica2015-2016\/118_20151221-_J2A3185.jpg\"\n               data-thumbnail=\"http:\/\/foto-passion.com\/wp-content\/gallery\/fotostrecke_costarica2015-2016\/thumbs\/thumbs_118_20151221-_J2A3185.jpg\"\n               data-image-id=\"14448\"\n               data-title=\"Puma\"\n               data-description=\"&lt;strong&gt;Puma&lt;\/strong&gt;&lt;br\/&gt;&lt;br\/&gt;&lt;span style=&quot;font-size:85%;color:#949494&quot;&gt;[Bild-Id: 14448]&lt;\/span&gt;\"\n               data-image-slug=\"118_20151221-_j2a3185\"\n               class=\"ngg-simplelightbox\" rel=\"27968d91f01ccc6554ee2078abffb628\">\n                <img\n                    title=\"Puma\"\n                    alt=\"Puma\"\n                    src=\"http:\/\/foto-passion.com\/wp-content\/gallery\/fotostrecke_costarica2015-2016\/cache\/118_20151221-_J2A3185.jpg-nggid0514448-ngg0dyn-150x100x100-00f0w010c011r110f110r010t010.jpg\"\n                    width=\"150\"\n                    height=\"100\"\n                    style=\"max-width:100%;\"\n                \/>\n            <\/a>\n        <\/div>\n\t\t\t\t\t\t\t<\/div> \n\t\t\t\n                            \n\t\t\t\t<div id=\"ngg-image-118\" class=\"ngg-gallery-thumbnail-box\" >\n\t\t\t\t        <div class=\"ngg-gallery-thumbnail\">\n            <a href=\"http:\/\/foto-passion.com\/wp-content\/gallery\/fotostrecke_costarica2015-2016\/119_20151221-_J2A2852.jpg\"\n               title=\"&lt;strong&gt;Schwarzer Br\u00fcllaffe (Alouatta caraya), Black Howler Monkey&lt;\/strong&gt;&lt;br\/&gt;&lt;br\/&gt;&lt;span style=&quot;font-size:85%;color:#949494&quot;&gt;[Bild-Id: 14449]&lt;\/span&gt;\"\n               data-src=\"http:\/\/foto-passion.com\/wp-content\/gallery\/fotostrecke_costarica2015-2016\/119_20151221-_J2A2852.jpg\"\n               data-thumbnail=\"http:\/\/foto-passion.com\/wp-content\/gallery\/fotostrecke_costarica2015-2016\/thumbs\/thumbs_119_20151221-_J2A2852.jpg\"\n               data-image-id=\"14449\"\n               data-title=\"Schwarzer Br\u00fcllaffe (Alouatta caraya), Black Howler Monkey\"\n               data-description=\"&lt;strong&gt;Schwarzer Br\u00fcllaffe (Alouatta caraya), Black Howler Monkey&lt;\/strong&gt;&lt;br\/&gt;&lt;br\/&gt;&lt;span style=&quot;font-size:85%;color:#949494&quot;&gt;[Bild-Id: 14449]&lt;\/span&gt;\"\n               data-image-slug=\"119_20151221-_j2a2852\"\n               class=\"ngg-simplelightbox\" rel=\"27968d91f01ccc6554ee2078abffb628\">\n                <img\n                    title=\"Schwarzer Br\u00fcllaffe (Alouatta caraya), Black Howler Monkey\"\n                    alt=\"Schwarzer Br\u00fcllaffe (Alouatta caraya), Black Howler Monkey\"\n                    src=\"http:\/\/foto-passion.com\/wp-content\/gallery\/fotostrecke_costarica2015-2016\/cache\/119_20151221-_J2A2852.jpg-nggid0514449-ngg0dyn-150x100x100-00f0w010c011r110f110r010t010.jpg\"\n                    width=\"150\"\n                    height=\"100\"\n                    style=\"max-width:100%;\"\n                \/>\n            <\/a>\n        <\/div>\n\t\t\t\t\t\t\t<\/div> \n\t\t\t\n                            \n\t\t\t\t<div id=\"ngg-image-119\" class=\"ngg-gallery-thumbnail-box\" >\n\t\t\t\t        <div class=\"ngg-gallery-thumbnail\">\n            <a href=\"http:\/\/foto-passion.com\/wp-content\/gallery\/fotostrecke_costarica2015-2016\/120_20151221-_J2A2865.jpg\"\n               title=\"&lt;strong&gt;Schwarze Br\u00fcllaffen (Alouatta caraya), Black Howler Monkey&lt;\/strong&gt;&lt;br\/&gt;&lt;br\/&gt;&lt;span style=&quot;font-size:85%;color:#949494&quot;&gt;[Bild-Id: 14450]&lt;\/span&gt;\"\n               data-src=\"http:\/\/foto-passion.com\/wp-content\/gallery\/fotostrecke_costarica2015-2016\/120_20151221-_J2A2865.jpg\"\n               data-thumbnail=\"http:\/\/foto-passion.com\/wp-content\/gallery\/fotostrecke_costarica2015-2016\/thumbs\/thumbs_120_20151221-_J2A2865.jpg\"\n               data-image-id=\"14450\"\n               data-title=\"Schwarze Br\u00fcllaffen (Alouatta caraya), Black Howler Monkey\"\n               data-description=\"&lt;strong&gt;Schwarze Br\u00fcllaffen (Alouatta caraya), Black Howler Monkey&lt;\/strong&gt;&lt;br\/&gt;&lt;br\/&gt;&lt;span style=&quot;font-size:85%;color:#949494&quot;&gt;[Bild-Id: 14450]&lt;\/span&gt;\"\n               data-image-slug=\"120_20151221-_j2a2865\"\n               class=\"ngg-simplelightbox\" rel=\"27968d91f01ccc6554ee2078abffb628\">\n                <img\n                    title=\"Schwarze Br\u00fcllaffen (Alouatta caraya), Black Howler Monkey\"\n                    alt=\"Schwarze Br\u00fcllaffen (Alouatta caraya), Black Howler Monkey\"\n                    src=\"http:\/\/foto-passion.com\/wp-content\/gallery\/fotostrecke_costarica2015-2016\/cache\/120_20151221-_J2A2865.jpg-nggid0514450-ngg0dyn-150x100x100-00f0w010c011r110f110r010t010.jpg\"\n                    width=\"150\"\n                    height=\"100\"\n                    style=\"max-width:100%;\"\n                \/>\n            <\/a>\n        <\/div>\n\t\t\t\t\t\t\t<\/div> \n\t\t\t\n                                    <br style=\"clear: both\" \/>\n                    \n\t\t\t\t<div id=\"ngg-image-120\" class=\"ngg-gallery-thumbnail-box\" >\n\t\t\t\t        <div class=\"ngg-gallery-thumbnail\">\n            <a href=\"http:\/\/foto-passion.com\/wp-content\/gallery\/fotostrecke_costarica2015-2016\/121_20151221-Q78A8449.jpg\"\n               title=\"&lt;strong&gt;Schwarzer Br\u00fcllaffe (Alouatta caraya), Black Howler Monkey&lt;\/strong&gt;&lt;br\/&gt;&lt;br\/&gt;&lt;span style=&quot;font-size:85%;color:#949494&quot;&gt;[Bild-Id: 14451]&lt;\/span&gt;\"\n               data-src=\"http:\/\/foto-passion.com\/wp-content\/gallery\/fotostrecke_costarica2015-2016\/121_20151221-Q78A8449.jpg\"\n               data-thumbnail=\"http:\/\/foto-passion.com\/wp-content\/gallery\/fotostrecke_costarica2015-2016\/thumbs\/thumbs_121_20151221-Q78A8449.jpg\"\n               data-image-id=\"14451\"\n               data-title=\"Schwarzer Br\u00fcllaffe (Alouatta caraya), Black Howler Monkey\"\n               data-description=\"&lt;strong&gt;Schwarzer Br\u00fcllaffe (Alouatta caraya), Black Howler Monkey&lt;\/strong&gt;&lt;br\/&gt;&lt;br\/&gt;&lt;span style=&quot;font-size:85%;color:#949494&quot;&gt;[Bild-Id: 14451]&lt;\/span&gt;\"\n               data-image-slug=\"121_20151221-q78a8449\"\n               class=\"ngg-simplelightbox\" rel=\"27968d91f01ccc6554ee2078abffb628\">\n                <img\n                    title=\"Schwarzer Br\u00fcllaffe (Alouatta caraya), Black Howler Monkey\"\n                    alt=\"Schwarzer Br\u00fcllaffe (Alouatta caraya), Black Howler Monkey\"\n                    src=\"http:\/\/foto-passion.com\/wp-content\/gallery\/fotostrecke_costarica2015-2016\/cache\/121_20151221-Q78A8449.jpg-nggid0514451-ngg0dyn-150x100x100-00f0w010c011r110f110r010t010.jpg\"\n                    width=\"150\"\n                    height=\"100\"\n                    style=\"max-width:100%;\"\n                \/>\n            <\/a>\n        <\/div>\n\t\t\t\t\t\t\t<\/div> \n\t\t\t\n                            \n\t\t\t\t<div id=\"ngg-image-121\" class=\"ngg-gallery-thumbnail-box\" >\n\t\t\t\t        <div class=\"ngg-gallery-thumbnail\">\n            <a href=\"http:\/\/foto-passion.com\/wp-content\/gallery\/fotostrecke_costarica2015-2016\/122_20151221-Q78A8624.jpg\"\n               title=\"&lt;strong&gt;Schwarzer Br\u00fcllaffe (Alouatta caraya), Black Howler Monkey&lt;\/strong&gt;&lt;br\/&gt;&lt;br\/&gt;&lt;span style=&quot;font-size:85%;color:#949494&quot;&gt;[Bild-Id: 14452]&lt;\/span&gt;\"\n               data-src=\"http:\/\/foto-passion.com\/wp-content\/gallery\/fotostrecke_costarica2015-2016\/122_20151221-Q78A8624.jpg\"\n               data-thumbnail=\"http:\/\/foto-passion.com\/wp-content\/gallery\/fotostrecke_costarica2015-2016\/thumbs\/thumbs_122_20151221-Q78A8624.jpg\"\n               data-image-id=\"14452\"\n               data-title=\"Schwarzer Br\u00fcllaffe (Alouatta caraya), Black Howler Monkey\"\n               data-description=\"&lt;strong&gt;Schwarzer Br\u00fcllaffe (Alouatta caraya), Black Howler Monkey&lt;\/strong&gt;&lt;br\/&gt;&lt;br\/&gt;&lt;span style=&quot;font-size:85%;color:#949494&quot;&gt;[Bild-Id: 14452]&lt;\/span&gt;\"\n               data-image-slug=\"122_20151221-q78a8624\"\n               class=\"ngg-simplelightbox\" rel=\"27968d91f01ccc6554ee2078abffb628\">\n                <img\n                    title=\"Schwarzer Br\u00fcllaffe (Alouatta caraya), Black Howler Monkey\"\n                    alt=\"Schwarzer Br\u00fcllaffe (Alouatta caraya), Black Howler Monkey\"\n                    src=\"http:\/\/foto-passion.com\/wp-content\/gallery\/fotostrecke_costarica2015-2016\/cache\/122_20151221-Q78A8624.jpg-nggid0514452-ngg0dyn-150x100x100-00f0w010c011r110f110r010t010.jpg\"\n                    width=\"150\"\n                    height=\"100\"\n                    style=\"max-width:100%;\"\n                \/>\n            <\/a>\n        <\/div>\n\t\t\t\t\t\t\t<\/div> \n\t\t\t\n                            \n\t\t\t\t<div id=\"ngg-image-122\" class=\"ngg-gallery-thumbnail-box\" >\n\t\t\t\t        <div class=\"ngg-gallery-thumbnail\">\n            <a href=\"http:\/\/foto-passion.com\/wp-content\/gallery\/fotostrecke_costarica2015-2016\/123_20151221-_J2A3027.jpg\"\n               title=\"&lt;strong&gt;Gemeiner Schwarzleguan (Ctenosaura similis), Black Ctenosaur&lt;\/strong&gt;&lt;br\/&gt;&lt;br\/&gt;&lt;span style=&quot;font-size:85%;color:#949494&quot;&gt;[Bild-Id: 14453]&lt;\/span&gt;\"\n               data-src=\"http:\/\/foto-passion.com\/wp-content\/gallery\/fotostrecke_costarica2015-2016\/123_20151221-_J2A3027.jpg\"\n               data-thumbnail=\"http:\/\/foto-passion.com\/wp-content\/gallery\/fotostrecke_costarica2015-2016\/thumbs\/thumbs_123_20151221-_J2A3027.jpg\"\n               data-image-id=\"14453\"\n               data-title=\"Gemeiner Schwarzleguan (Ctenosaura similis), Black Ctenosaur\"\n               data-description=\"&lt;strong&gt;Gemeiner Schwarzleguan (Ctenosaura similis), Black Ctenosaur&lt;\/strong&gt;&lt;br\/&gt;&lt;br\/&gt;&lt;span style=&quot;font-size:85%;color:#949494&quot;&gt;[Bild-Id: 14453]&lt;\/span&gt;\"\n               data-image-slug=\"123_20151221-_j2a3027\"\n               class=\"ngg-simplelightbox\" rel=\"27968d91f01ccc6554ee2078abffb628\">\n                <img\n                    title=\"Gemeiner Schwarzleguan (Ctenosaura similis), Black Ctenosaur\"\n                    alt=\"Gemeiner Schwarzleguan (Ctenosaura similis), Black Ctenosaur\"\n                    src=\"http:\/\/foto-passion.com\/wp-content\/gallery\/fotostrecke_costarica2015-2016\/cache\/123_20151221-_J2A3027.jpg-nggid0514453-ngg0dyn-150x100x100-00f0w010c011r110f110r010t010.jpg\"\n                    width=\"150\"\n                    height=\"100\"\n                    style=\"max-width:100%;\"\n                \/>\n            <\/a>\n        <\/div>\n\t\t\t\t\t\t\t<\/div> \n\t\t\t\n                            \n\t\t\t\t<div id=\"ngg-image-123\" class=\"ngg-gallery-thumbnail-box\" >\n\t\t\t\t        <div class=\"ngg-gallery-thumbnail\">\n            <a href=\"http:\/\/foto-passion.com\/wp-content\/gallery\/fotostrecke_costarica2015-2016\/124_20151221-Q78A8401.jpg\"\n               title=\"&lt;strong&gt;Gemeiner Schwarzleguan (Ctenosaura similis), Black Ctenosaur&lt;\/strong&gt;&lt;br\/&gt;&lt;br\/&gt;&lt;span style=&quot;font-size:85%;color:#949494&quot;&gt;[Bild-Id: 14454]&lt;\/span&gt;\"\n               data-src=\"http:\/\/foto-passion.com\/wp-content\/gallery\/fotostrecke_costarica2015-2016\/124_20151221-Q78A8401.jpg\"\n               data-thumbnail=\"http:\/\/foto-passion.com\/wp-content\/gallery\/fotostrecke_costarica2015-2016\/thumbs\/thumbs_124_20151221-Q78A8401.jpg\"\n               data-image-id=\"14454\"\n               data-title=\"Gemeiner Schwarzleguan (Ctenosaura similis), Black Ctenosaur\"\n               data-description=\"&lt;strong&gt;Gemeiner Schwarzleguan (Ctenosaura similis), Black Ctenosaur&lt;\/strong&gt;&lt;br\/&gt;&lt;br\/&gt;&lt;span style=&quot;font-size:85%;color:#949494&quot;&gt;[Bild-Id: 14454]&lt;\/span&gt;\"\n               data-image-slug=\"gemeine-schwarzleguan-ctenosaura-similis-black-ctenosaur\"\n               class=\"ngg-simplelightbox\" rel=\"27968d91f01ccc6554ee2078abffb628\">\n                <img\n                    title=\"Gemeiner Schwarzleguan (Ctenosaura similis), Black Ctenosaur\"\n                    alt=\"Gemeiner Schwarzleguan (Ctenosaura similis), Black Ctenosaur\"\n                    src=\"http:\/\/foto-passion.com\/wp-content\/gallery\/fotostrecke_costarica2015-2016\/cache\/124_20151221-Q78A8401.jpg-nggid0514454-ngg0dyn-150x100x100-00f0w010c011r110f110r010t010.jpg\"\n                    width=\"150\"\n                    height=\"100\"\n                    style=\"max-width:100%;\"\n                \/>\n            <\/a>\n        <\/div>\n\t\t\t\t\t\t\t<\/div> \n\t\t\t\n                                    <br style=\"clear: both\" \/>\n                    \n\t\t\t\t<div id=\"ngg-image-124\" class=\"ngg-gallery-thumbnail-box\" >\n\t\t\t\t        <div class=\"ngg-gallery-thumbnail\">\n            <a href=\"http:\/\/foto-passion.com\/wp-content\/gallery\/fotostrecke_costarica2015-2016\/125_20151221-Q78A8515.jpg\"\n               title=\"&lt;strong&gt;Gr\u00fcner Leguan (Iguana iguana), Green Iguana&lt;\/strong&gt;&lt;br\/&gt;&lt;br\/&gt;&lt;span style=&quot;font-size:85%;color:#949494&quot;&gt;[Bild-Id: 14455]&lt;\/span&gt;\"\n               data-src=\"http:\/\/foto-passion.com\/wp-content\/gallery\/fotostrecke_costarica2015-2016\/125_20151221-Q78A8515.jpg\"\n               data-thumbnail=\"http:\/\/foto-passion.com\/wp-content\/gallery\/fotostrecke_costarica2015-2016\/thumbs\/thumbs_125_20151221-Q78A8515.jpg\"\n               data-image-id=\"14455\"\n               data-title=\"Gr\u00fcner Leguan (Iguana iguana), Green Iguana\"\n               data-description=\"&lt;strong&gt;Gr\u00fcner Leguan (Iguana iguana), Green Iguana&lt;\/strong&gt;&lt;br\/&gt;&lt;br\/&gt;&lt;span style=&quot;font-size:85%;color:#949494&quot;&gt;[Bild-Id: 14455]&lt;\/span&gt;\"\n               data-image-slug=\"125_20151221-q78a8515\"\n               class=\"ngg-simplelightbox\" rel=\"27968d91f01ccc6554ee2078abffb628\">\n                <img\n                    title=\"Gr\u00fcner Leguan (Iguana iguana), Green Iguana\"\n                    alt=\"Gr\u00fcner Leguan (Iguana iguana), Green Iguana\"\n                    src=\"http:\/\/foto-passion.com\/wp-content\/gallery\/fotostrecke_costarica2015-2016\/cache\/125_20151221-Q78A8515.jpg-nggid0514455-ngg0dyn-150x100x100-00f0w010c011r110f110r010t010.jpg\"\n                    width=\"150\"\n                    height=\"100\"\n                    style=\"max-width:100%;\"\n                \/>\n            <\/a>\n        <\/div>\n\t\t\t\t\t\t\t<\/div> \n\t\t\t\n                            \n\t\t\t\t<div id=\"ngg-image-125\" class=\"ngg-gallery-thumbnail-box\" >\n\t\t\t\t        <div class=\"ngg-gallery-thumbnail\">\n            <a href=\"http:\/\/foto-passion.com\/wp-content\/gallery\/fotostrecke_costarica2015-2016\/126_20151221-_J2A3108.jpg\"\n               title=\"&lt;strong&gt;Gemeiner Schwarzleguan (Ctenosaura similis), Black Ctenosaur&lt;\/strong&gt;&lt;br\/&gt;&lt;br\/&gt;&lt;span style=&quot;font-size:85%;color:#949494&quot;&gt;[Bild-Id: 14456]&lt;\/span&gt;\"\n               data-src=\"http:\/\/foto-passion.com\/wp-content\/gallery\/fotostrecke_costarica2015-2016\/126_20151221-_J2A3108.jpg\"\n               data-thumbnail=\"http:\/\/foto-passion.com\/wp-content\/gallery\/fotostrecke_costarica2015-2016\/thumbs\/thumbs_126_20151221-_J2A3108.jpg\"\n               data-image-id=\"14456\"\n               data-title=\"Gemeiner Schwarzleguan (Ctenosaura similis), Black Ctenosaur\"\n               data-description=\"&lt;strong&gt;Gemeiner Schwarzleguan (Ctenosaura similis), Black Ctenosaur&lt;\/strong&gt;&lt;br\/&gt;&lt;br\/&gt;&lt;span style=&quot;font-size:85%;color:#949494&quot;&gt;[Bild-Id: 14456]&lt;\/span&gt;\"\n               data-image-slug=\"126_20151221-_j2a3108\"\n               class=\"ngg-simplelightbox\" rel=\"27968d91f01ccc6554ee2078abffb628\">\n                <img\n                    title=\"Gemeiner Schwarzleguan (Ctenosaura similis), Black Ctenosaur\"\n                    alt=\"Gemeiner Schwarzleguan (Ctenosaura similis), Black Ctenosaur\"\n                    src=\"http:\/\/foto-passion.com\/wp-content\/gallery\/fotostrecke_costarica2015-2016\/cache\/126_20151221-_J2A3108.jpg-nggid0514456-ngg0dyn-150x100x100-00f0w010c011r110f110r010t010.jpg\"\n                    width=\"150\"\n                    height=\"100\"\n                    style=\"max-width:100%;\"\n                \/>\n            <\/a>\n        <\/div>\n\t\t\t\t\t\t\t<\/div> \n\t\t\t\n                            \n\t\t\t\t<div id=\"ngg-image-126\" class=\"ngg-gallery-thumbnail-box\" >\n\t\t\t\t        <div class=\"ngg-gallery-thumbnail\">\n            <a href=\"http:\/\/foto-passion.com\/wp-content\/gallery\/fotostrecke_costarica2015-2016\/127_20151222-Q78A8783.jpg\"\n               title=\"&lt;strong&gt;Im Palo Verde NP&lt;\/strong&gt;&lt;br\/&gt;&lt;br\/&gt;&lt;span style=&quot;font-size:85%;color:#949494&quot;&gt;[Bild-Id: 14457]&lt;\/span&gt;\"\n               data-src=\"http:\/\/foto-passion.com\/wp-content\/gallery\/fotostrecke_costarica2015-2016\/127_20151222-Q78A8783.jpg\"\n               data-thumbnail=\"http:\/\/foto-passion.com\/wp-content\/gallery\/fotostrecke_costarica2015-2016\/thumbs\/thumbs_127_20151222-Q78A8783.jpg\"\n               data-image-id=\"14457\"\n               data-title=\"Im Palo Verde NP\"\n               data-description=\"&lt;strong&gt;Im Palo Verde NP&lt;\/strong&gt;&lt;br\/&gt;&lt;br\/&gt;&lt;span style=&quot;font-size:85%;color:#949494&quot;&gt;[Bild-Id: 14457]&lt;\/span&gt;\"\n               data-image-slug=\"127_20151222-q78a8783\"\n               class=\"ngg-simplelightbox\" rel=\"27968d91f01ccc6554ee2078abffb628\">\n                <img\n                    title=\"Im Palo Verde NP\"\n                    alt=\"Im Palo Verde NP\"\n                    src=\"http:\/\/foto-passion.com\/wp-content\/gallery\/fotostrecke_costarica2015-2016\/cache\/127_20151222-Q78A8783.jpg-nggid0514457-ngg0dyn-150x100x100-00f0w010c011r110f110r010t010.jpg\"\n                    width=\"150\"\n                    height=\"100\"\n                    style=\"max-width:100%;\"\n                \/>\n            <\/a>\n        <\/div>\n\t\t\t\t\t\t\t<\/div> \n\t\t\t\n                            \n\t\t\t\t<div id=\"ngg-image-127\" class=\"ngg-gallery-thumbnail-box\" >\n\t\t\t\t        <div class=\"ngg-gallery-thumbnail\">\n            <a href=\"http:\/\/foto-passion.com\/wp-content\/gallery\/fotostrecke_costarica2015-2016\/128_20151222-Q78A8790.jpg\"\n               title=\"&lt;strong&gt;Im Palo Verde NP&lt;\/strong&gt;&lt;br\/&gt;&lt;br\/&gt;&lt;span style=&quot;font-size:85%;color:#949494&quot;&gt;[Bild-Id: 14458]&lt;\/span&gt;\"\n               data-src=\"http:\/\/foto-passion.com\/wp-content\/gallery\/fotostrecke_costarica2015-2016\/128_20151222-Q78A8790.jpg\"\n               data-thumbnail=\"http:\/\/foto-passion.com\/wp-content\/gallery\/fotostrecke_costarica2015-2016\/thumbs\/thumbs_128_20151222-Q78A8790.jpg\"\n               data-image-id=\"14458\"\n               data-title=\"Im Palo Verde NP\"\n               data-description=\"&lt;strong&gt;Im Palo Verde NP&lt;\/strong&gt;&lt;br\/&gt;&lt;br\/&gt;&lt;span style=&quot;font-size:85%;color:#949494&quot;&gt;[Bild-Id: 14458]&lt;\/span&gt;\"\n               data-image-slug=\"128_20151222-q78a8790\"\n               class=\"ngg-simplelightbox\" rel=\"27968d91f01ccc6554ee2078abffb628\">\n                <img\n                    title=\"Im Palo Verde NP\"\n                    alt=\"Im Palo Verde NP\"\n                    src=\"http:\/\/foto-passion.com\/wp-content\/gallery\/fotostrecke_costarica2015-2016\/cache\/128_20151222-Q78A8790.jpg-nggid0514458-ngg0dyn-150x100x100-00f0w010c011r110f110r010t010.jpg\"\n                    width=\"150\"\n                    height=\"100\"\n                    style=\"max-width:100%;\"\n                \/>\n            <\/a>\n        <\/div>\n\t\t\t\t\t\t\t<\/div> \n\t\t\t\n                                    <br style=\"clear: both\" \/>\n                    \n\t\t\t\t<div id=\"ngg-image-128\" class=\"ngg-gallery-thumbnail-box\" >\n\t\t\t\t        <div class=\"ngg-gallery-thumbnail\">\n            <a href=\"http:\/\/foto-passion.com\/wp-content\/gallery\/fotostrecke_costarica2015-2016\/129_20151222-Q78A8798.jpg\"\n               title=\"&lt;strong&gt;Im Palo Verde NP&lt;\/strong&gt;&lt;br\/&gt;&lt;br\/&gt;&lt;span style=&quot;font-size:85%;color:#949494&quot;&gt;[Bild-Id: 14459]&lt;\/span&gt;\"\n               data-src=\"http:\/\/foto-passion.com\/wp-content\/gallery\/fotostrecke_costarica2015-2016\/129_20151222-Q78A8798.jpg\"\n               data-thumbnail=\"http:\/\/foto-passion.com\/wp-content\/gallery\/fotostrecke_costarica2015-2016\/thumbs\/thumbs_129_20151222-Q78A8798.jpg\"\n               data-image-id=\"14459\"\n               data-title=\"Im Palo Verde NP\"\n               data-description=\"&lt;strong&gt;Im Palo Verde NP&lt;\/strong&gt;&lt;br\/&gt;&lt;br\/&gt;&lt;span style=&quot;font-size:85%;color:#949494&quot;&gt;[Bild-Id: 14459]&lt;\/span&gt;\"\n               data-image-slug=\"129_20151222-q78a8798\"\n               class=\"ngg-simplelightbox\" rel=\"27968d91f01ccc6554ee2078abffb628\">\n                <img\n                    title=\"Im Palo Verde NP\"\n                    alt=\"Im Palo Verde NP\"\n                    src=\"http:\/\/foto-passion.com\/wp-content\/gallery\/fotostrecke_costarica2015-2016\/cache\/129_20151222-Q78A8798.jpg-nggid0514459-ngg0dyn-150x100x100-00f0w010c011r110f110r010t010.jpg\"\n                    width=\"150\"\n                    height=\"100\"\n                    style=\"max-width:100%;\"\n                \/>\n            <\/a>\n        <\/div>\n\t\t\t\t\t\t\t<\/div> \n\t\t\t\n                            \n\t\t\t\t<div id=\"ngg-image-129\" class=\"ngg-gallery-thumbnail-box\" >\n\t\t\t\t        <div class=\"ngg-gallery-thumbnail\">\n            <a href=\"http:\/\/foto-passion.com\/wp-content\/gallery\/fotostrecke_costarica2015-2016\/130_20151222-Q78A8806.jpg\"\n               title=\"&lt;strong&gt;Im Palo Verde NP&lt;\/strong&gt;&lt;br\/&gt;&lt;br\/&gt;&lt;span style=&quot;font-size:85%;color:#949494&quot;&gt;[Bild-Id: 14460]&lt;\/span&gt;\"\n               data-src=\"http:\/\/foto-passion.com\/wp-content\/gallery\/fotostrecke_costarica2015-2016\/130_20151222-Q78A8806.jpg\"\n               data-thumbnail=\"http:\/\/foto-passion.com\/wp-content\/gallery\/fotostrecke_costarica2015-2016\/thumbs\/thumbs_130_20151222-Q78A8806.jpg\"\n               data-image-id=\"14460\"\n               data-title=\"Im Palo Verde NP\"\n               data-description=\"&lt;strong&gt;Im Palo Verde NP&lt;\/strong&gt;&lt;br\/&gt;&lt;br\/&gt;&lt;span style=&quot;font-size:85%;color:#949494&quot;&gt;[Bild-Id: 14460]&lt;\/span&gt;\"\n               data-image-slug=\"130_20151222-q78a8806\"\n               class=\"ngg-simplelightbox\" rel=\"27968d91f01ccc6554ee2078abffb628\">\n                <img\n                    title=\"Im Palo Verde NP\"\n                    alt=\"Im Palo Verde NP\"\n                    src=\"http:\/\/foto-passion.com\/wp-content\/gallery\/fotostrecke_costarica2015-2016\/cache\/130_20151222-Q78A8806.jpg-nggid0514460-ngg0dyn-150x100x100-00f0w010c011r110f110r010t010.jpg\"\n                    width=\"150\"\n                    height=\"100\"\n                    style=\"max-width:100%;\"\n                \/>\n            <\/a>\n        <\/div>\n\t\t\t\t\t\t\t<\/div> \n\t\t\t\n                            \n\t\t\t\t<div id=\"ngg-image-130\" class=\"ngg-gallery-thumbnail-box\" >\n\t\t\t\t        <div class=\"ngg-gallery-thumbnail\">\n            <a href=\"http:\/\/foto-passion.com\/wp-content\/gallery\/fotostrecke_costarica2015-2016\/131_20151222-_J2A3230.jpg\"\n               title=\"&lt;strong&gt;Blatth\u00fchnchen&lt;\/strong&gt;&lt;br\/&gt;&lt;br\/&gt;&lt;span style=&quot;font-size:85%;color:#949494&quot;&gt;[Bild-Id: 14461]&lt;\/span&gt;\"\n               data-src=\"http:\/\/foto-passion.com\/wp-content\/gallery\/fotostrecke_costarica2015-2016\/131_20151222-_J2A3230.jpg\"\n               data-thumbnail=\"http:\/\/foto-passion.com\/wp-content\/gallery\/fotostrecke_costarica2015-2016\/thumbs\/thumbs_131_20151222-_J2A3230.jpg\"\n               data-image-id=\"14461\"\n               data-title=\"Blatth\u00fchnchen\"\n               data-description=\"&lt;strong&gt;Blatth\u00fchnchen&lt;\/strong&gt;&lt;br\/&gt;&lt;br\/&gt;&lt;span style=&quot;font-size:85%;color:#949494&quot;&gt;[Bild-Id: 14461]&lt;\/span&gt;\"\n               data-image-slug=\"131_20151222-_j2a3230\"\n               class=\"ngg-simplelightbox\" rel=\"27968d91f01ccc6554ee2078abffb628\">\n                <img\n                    title=\"Blatth\u00fchnchen\"\n                    alt=\"Blatth\u00fchnchen\"\n                    src=\"http:\/\/foto-passion.com\/wp-content\/gallery\/fotostrecke_costarica2015-2016\/cache\/131_20151222-_J2A3230.jpg-nggid0514461-ngg0dyn-150x100x100-00f0w010c011r110f110r010t010.jpg\"\n                    width=\"150\"\n                    height=\"100\"\n                    style=\"max-width:100%;\"\n                \/>\n            <\/a>\n        <\/div>\n\t\t\t\t\t\t\t<\/div> \n\t\t\t\n                            \n\t\t\t\t<div id=\"ngg-image-131\" class=\"ngg-gallery-thumbnail-box\" >\n\t\t\t\t        <div class=\"ngg-gallery-thumbnail\">\n            <a href=\"http:\/\/foto-passion.com\/wp-content\/gallery\/fotostrecke_costarica2015-2016\/132_20151222-_J2A3208.jpg\"\n               title=\"&lt;strong&gt;Blatth\u00fchnchen&lt;\/strong&gt;&lt;br\/&gt;&lt;br\/&gt;&lt;span style=&quot;font-size:85%;color:#949494&quot;&gt;[Bild-Id: 14462]&lt;\/span&gt;\"\n               data-src=\"http:\/\/foto-passion.com\/wp-content\/gallery\/fotostrecke_costarica2015-2016\/132_20151222-_J2A3208.jpg\"\n               data-thumbnail=\"http:\/\/foto-passion.com\/wp-content\/gallery\/fotostrecke_costarica2015-2016\/thumbs\/thumbs_132_20151222-_J2A3208.jpg\"\n               data-image-id=\"14462\"\n               data-title=\"Blatth\u00fchnchen\"\n               data-description=\"&lt;strong&gt;Blatth\u00fchnchen&lt;\/strong&gt;&lt;br\/&gt;&lt;br\/&gt;&lt;span style=&quot;font-size:85%;color:#949494&quot;&gt;[Bild-Id: 14462]&lt;\/span&gt;\"\n               data-image-slug=\"132_20151222-_j2a3208\"\n               class=\"ngg-simplelightbox\" rel=\"27968d91f01ccc6554ee2078abffb628\">\n                <img\n                    title=\"Blatth\u00fchnchen\"\n                    alt=\"Blatth\u00fchnchen\"\n                    src=\"http:\/\/foto-passion.com\/wp-content\/gallery\/fotostrecke_costarica2015-2016\/cache\/132_20151222-_J2A3208.jpg-nggid0514462-ngg0dyn-150x100x100-00f0w010c011r110f110r010t010.jpg\"\n                    width=\"150\"\n                    height=\"100\"\n                    style=\"max-width:100%;\"\n                \/>\n            <\/a>\n        <\/div>\n\t\t\t\t\t\t\t<\/div> \n\t\t\t\n                                    <br style=\"clear: both\" \/>\n                    \n\t\t\t\t<div id=\"ngg-image-132\" class=\"ngg-gallery-thumbnail-box\" >\n\t\t\t\t        <div class=\"ngg-gallery-thumbnail\">\n            <a href=\"http:\/\/foto-passion.com\/wp-content\/gallery\/fotostrecke_costarica2015-2016\/133_20151222-Q78A8813.jpg\"\n               title=\"&lt;strong&gt;Im Palo Verde NP&lt;\/strong&gt;&lt;br\/&gt;&lt;br\/&gt;&lt;span style=&quot;font-size:85%;color:#949494&quot;&gt;[Bild-Id: 14463]&lt;\/span&gt;\"\n               data-src=\"http:\/\/foto-passion.com\/wp-content\/gallery\/fotostrecke_costarica2015-2016\/133_20151222-Q78A8813.jpg\"\n               data-thumbnail=\"http:\/\/foto-passion.com\/wp-content\/gallery\/fotostrecke_costarica2015-2016\/thumbs\/thumbs_133_20151222-Q78A8813.jpg\"\n               data-image-id=\"14463\"\n               data-title=\"Im Palo Verde NP\"\n               data-description=\"&lt;strong&gt;Im Palo Verde NP&lt;\/strong&gt;&lt;br\/&gt;&lt;br\/&gt;&lt;span style=&quot;font-size:85%;color:#949494&quot;&gt;[Bild-Id: 14463]&lt;\/span&gt;\"\n               data-image-slug=\"133_20151222-q78a8813\"\n               class=\"ngg-simplelightbox\" rel=\"27968d91f01ccc6554ee2078abffb628\">\n                <img\n                    title=\"Im Palo Verde NP\"\n                    alt=\"Im Palo Verde NP\"\n                    src=\"http:\/\/foto-passion.com\/wp-content\/gallery\/fotostrecke_costarica2015-2016\/cache\/133_20151222-Q78A8813.jpg-nggid0514463-ngg0dyn-150x100x100-00f0w010c011r110f110r010t010.jpg\"\n                    width=\"150\"\n                    height=\"100\"\n                    style=\"max-width:100%;\"\n                \/>\n            <\/a>\n        <\/div>\n\t\t\t\t\t\t\t<\/div> \n\t\t\t\n                            \n\t\t\t\t<div id=\"ngg-image-133\" class=\"ngg-gallery-thumbnail-box\" >\n\t\t\t\t        <div class=\"ngg-gallery-thumbnail\">\n            <a href=\"http:\/\/foto-passion.com\/wp-content\/gallery\/fotostrecke_costarica2015-2016\/134_20151222-_J2A3283.jpg\"\n               title=\"&lt;strong&gt;Blatth\u00fchnchen&lt;\/strong&gt;&lt;br\/&gt;&lt;br\/&gt;&lt;span style=&quot;font-size:85%;color:#949494&quot;&gt;[Bild-Id: 14464]&lt;\/span&gt;\"\n               data-src=\"http:\/\/foto-passion.com\/wp-content\/gallery\/fotostrecke_costarica2015-2016\/134_20151222-_J2A3283.jpg\"\n               data-thumbnail=\"http:\/\/foto-passion.com\/wp-content\/gallery\/fotostrecke_costarica2015-2016\/thumbs\/thumbs_134_20151222-_J2A3283.jpg\"\n               data-image-id=\"14464\"\n               data-title=\"Blatth\u00fchnchen\"\n               data-description=\"&lt;strong&gt;Blatth\u00fchnchen&lt;\/strong&gt;&lt;br\/&gt;&lt;br\/&gt;&lt;span style=&quot;font-size:85%;color:#949494&quot;&gt;[Bild-Id: 14464]&lt;\/span&gt;\"\n               data-image-slug=\"134_20151222-_j2a3283\"\n               class=\"ngg-simplelightbox\" rel=\"27968d91f01ccc6554ee2078abffb628\">\n                <img\n                    title=\"Blatth\u00fchnchen\"\n                    alt=\"Blatth\u00fchnchen\"\n                    src=\"http:\/\/foto-passion.com\/wp-content\/gallery\/fotostrecke_costarica2015-2016\/cache\/134_20151222-_J2A3283.jpg-nggid0514464-ngg0dyn-150x100x100-00f0w010c011r110f110r010t010.jpg\"\n                    width=\"150\"\n                    height=\"100\"\n                    style=\"max-width:100%;\"\n                \/>\n            <\/a>\n        <\/div>\n\t\t\t\t\t\t\t<\/div> \n\t\t\t\n                            \n\t\t\t\t<div id=\"ngg-image-134\" class=\"ngg-gallery-thumbnail-box\" >\n\t\t\t\t        <div class=\"ngg-gallery-thumbnail\">\n            <a href=\"http:\/\/foto-passion.com\/wp-content\/gallery\/fotostrecke_costarica2015-2016\/135_20151222-Q78A8763.jpg\"\n               title=\"&lt;strong&gt;Habicht&lt;\/strong&gt;&lt;br\/&gt;&lt;br\/&gt;&lt;span style=&quot;font-size:85%;color:#949494&quot;&gt;[Bild-Id: 14465]&lt;\/span&gt;\"\n               data-src=\"http:\/\/foto-passion.com\/wp-content\/gallery\/fotostrecke_costarica2015-2016\/135_20151222-Q78A8763.jpg\"\n               data-thumbnail=\"http:\/\/foto-passion.com\/wp-content\/gallery\/fotostrecke_costarica2015-2016\/thumbs\/thumbs_135_20151222-Q78A8763.jpg\"\n               data-image-id=\"14465\"\n               data-title=\"Habicht\"\n               data-description=\"&lt;strong&gt;Habicht&lt;\/strong&gt;&lt;br\/&gt;&lt;br\/&gt;&lt;span style=&quot;font-size:85%;color:#949494&quot;&gt;[Bild-Id: 14465]&lt;\/span&gt;\"\n               data-image-slug=\"135_20151222-q78a8763\"\n               class=\"ngg-simplelightbox\" rel=\"27968d91f01ccc6554ee2078abffb628\">\n                <img\n                    title=\"Habicht\"\n                    alt=\"Habicht\"\n                    src=\"http:\/\/foto-passion.com\/wp-content\/gallery\/fotostrecke_costarica2015-2016\/cache\/135_20151222-Q78A8763.jpg-nggid0514465-ngg0dyn-150x100x100-00f0w010c011r110f110r010t010.jpg\"\n                    width=\"150\"\n                    height=\"100\"\n                    style=\"max-width:100%;\"\n                \/>\n            <\/a>\n        <\/div>\n\t\t\t\t\t\t\t<\/div> \n\t\t\t\n                            \n\t\t\t\t<div id=\"ngg-image-135\" class=\"ngg-gallery-thumbnail-box\" >\n\t\t\t\t        <div class=\"ngg-gallery-thumbnail\">\n            <a href=\"http:\/\/foto-passion.com\/wp-content\/gallery\/fotostrecke_costarica2015-2016\/136_20151222-Q78A8781.jpg\"\n               title=\"&lt;strong&gt;Trogon&lt;\/strong&gt;&lt;br\/&gt;&lt;br\/&gt;&lt;span style=&quot;font-size:85%;color:#949494&quot;&gt;[Bild-Id: 14466]&lt;\/span&gt;\"\n               data-src=\"http:\/\/foto-passion.com\/wp-content\/gallery\/fotostrecke_costarica2015-2016\/136_20151222-Q78A8781.jpg\"\n               data-thumbnail=\"http:\/\/foto-passion.com\/wp-content\/gallery\/fotostrecke_costarica2015-2016\/thumbs\/thumbs_136_20151222-Q78A8781.jpg\"\n               data-image-id=\"14466\"\n               data-title=\"Trogon\"\n               data-description=\"&lt;strong&gt;Trogon&lt;\/strong&gt;&lt;br\/&gt;&lt;br\/&gt;&lt;span style=&quot;font-size:85%;color:#949494&quot;&gt;[Bild-Id: 14466]&lt;\/span&gt;\"\n               data-image-slug=\"136_20151222-q78a8781\"\n               class=\"ngg-simplelightbox\" rel=\"27968d91f01ccc6554ee2078abffb628\">\n                <img\n                    title=\"Trogon\"\n                    alt=\"Trogon\"\n                    src=\"http:\/\/foto-passion.com\/wp-content\/gallery\/fotostrecke_costarica2015-2016\/cache\/136_20151222-Q78A8781.jpg-nggid0514466-ngg0dyn-150x100x100-00f0w010c011r110f110r010t010.jpg\"\n                    width=\"150\"\n                    height=\"100\"\n                    style=\"max-width:100%;\"\n                \/>\n            <\/a>\n        <\/div>\n\t\t\t\t\t\t\t<\/div> \n\t\t\t\n                                    <br style=\"clear: both\" \/>\n                    \n\t\t\t\t<div id=\"ngg-image-136\" class=\"ngg-gallery-thumbnail-box\" >\n\t\t\t\t        <div class=\"ngg-gallery-thumbnail\">\n            <a href=\"http:\/\/foto-passion.com\/wp-content\/gallery\/fotostrecke_costarica2015-2016\/137_20151222-_J2A3302.jpg\"\n               title=\"&lt;strong&gt;Gemeiner Schwarzleguan (Ctenosaura similis), Black Ctenosaur&lt;\/strong&gt;&lt;br\/&gt;&lt;br\/&gt;&lt;span style=&quot;font-size:85%;color:#949494&quot;&gt;[Bild-Id: 14467]&lt;\/span&gt;\"\n               data-src=\"http:\/\/foto-passion.com\/wp-content\/gallery\/fotostrecke_costarica2015-2016\/137_20151222-_J2A3302.jpg\"\n               data-thumbnail=\"http:\/\/foto-passion.com\/wp-content\/gallery\/fotostrecke_costarica2015-2016\/thumbs\/thumbs_137_20151222-_J2A3302.jpg\"\n               data-image-id=\"14467\"\n               data-title=\"Gemeiner Schwarzleguan (Ctenosaura similis), Black Ctenosaur\"\n               data-description=\"&lt;strong&gt;Gemeiner Schwarzleguan (Ctenosaura similis), Black Ctenosaur&lt;\/strong&gt;&lt;br\/&gt;&lt;br\/&gt;&lt;span style=&quot;font-size:85%;color:#949494&quot;&gt;[Bild-Id: 14467]&lt;\/span&gt;\"\n               data-image-slug=\"137_20151222-_j2a3302\"\n               class=\"ngg-simplelightbox\" rel=\"27968d91f01ccc6554ee2078abffb628\">\n                <img\n                    title=\"Gemeiner Schwarzleguan (Ctenosaura similis), Black Ctenosaur\"\n                    alt=\"Gemeiner Schwarzleguan (Ctenosaura similis), Black Ctenosaur\"\n                    src=\"http:\/\/foto-passion.com\/wp-content\/gallery\/fotostrecke_costarica2015-2016\/cache\/137_20151222-_J2A3302.jpg-nggid0514467-ngg0dyn-150x100x100-00f0w010c011r110f110r010t010.jpg\"\n                    width=\"150\"\n                    height=\"100\"\n                    style=\"max-width:100%;\"\n                \/>\n            <\/a>\n        <\/div>\n\t\t\t\t\t\t\t<\/div> \n\t\t\t\n                            \n\t\t\t\t<div id=\"ngg-image-137\" class=\"ngg-gallery-thumbnail-box\" >\n\t\t\t\t        <div class=\"ngg-gallery-thumbnail\">\n            <a href=\"http:\/\/foto-passion.com\/wp-content\/gallery\/fotostrecke_costarica2015-2016\/138_20151224-Q78A9497.jpg\"\n               title=\"&lt;strong&gt;Mexikanische D\u00fcnnschlange auch Papageienschlange oder Mexikanische Schlanknatter, (Leptophis mexicanus), Mexican Parrot Snake&lt;\/strong&gt;&lt;br\/&gt;&lt;br\/&gt;&lt;span style=&quot;font-size:85%;color:#949494&quot;&gt;[Bild-Id: 14468]&lt;\/span&gt;\"\n               data-src=\"http:\/\/foto-passion.com\/wp-content\/gallery\/fotostrecke_costarica2015-2016\/138_20151224-Q78A9497.jpg\"\n               data-thumbnail=\"http:\/\/foto-passion.com\/wp-content\/gallery\/fotostrecke_costarica2015-2016\/thumbs\/thumbs_138_20151224-Q78A9497.jpg\"\n               data-image-id=\"14468\"\n               data-title=\"Mexikanische D\u00fcnnschlange auch Papageienschlange oder Mexikanische Schlanknatter, (Leptophis mexicanus), Mexican Parrot Snake\"\n               data-description=\"&lt;strong&gt;Mexikanische D\u00fcnnschlange auch Papageienschlange oder Mexikanische Schlanknatter, (Leptophis mexicanus), Mexican Parrot Snake&lt;\/strong&gt;&lt;br\/&gt;&lt;br\/&gt;&lt;span style=&quot;font-size:85%;color:#949494&quot;&gt;[Bild-Id: 14468]&lt;\/span&gt;\"\n               data-image-slug=\"138_20151224-q78a9497\"\n               class=\"ngg-simplelightbox\" rel=\"27968d91f01ccc6554ee2078abffb628\">\n                <img\n                    title=\"Mexikanische D\u00fcnnschlange auch Papageienschlange oder Mexikanische Schlanknatter, (Leptophis mexicanus), Mexican Parrot Snake\"\n                    alt=\"Mexikanische D\u00fcnnschlange auch Papageienschlange oder Mexikanische Schlanknatter, (Leptophis mexicanus), Mexican Parrot Snake\"\n                    src=\"http:\/\/foto-passion.com\/wp-content\/gallery\/fotostrecke_costarica2015-2016\/cache\/138_20151224-Q78A9497.jpg-nggid0514468-ngg0dyn-150x100x100-00f0w010c011r110f110r010t010.jpg\"\n                    width=\"150\"\n                    height=\"100\"\n                    style=\"max-width:100%;\"\n                \/>\n            <\/a>\n        <\/div>\n\t\t\t\t\t\t\t<\/div> \n\t\t\t\n                            \n\t\t\t\t<div id=\"ngg-image-138\" class=\"ngg-gallery-thumbnail-box\" >\n\t\t\t\t        <div class=\"ngg-gallery-thumbnail\">\n            <a href=\"http:\/\/foto-passion.com\/wp-content\/gallery\/fotostrecke_costarica2015-2016\/139_20151222-Q78A8878.jpg\"\n               title=\"&lt;strong&gt;Libelle&lt;\/strong&gt;&lt;br\/&gt;&lt;br\/&gt;&lt;span style=&quot;font-size:85%;color:#949494&quot;&gt;[Bild-Id: 14469]&lt;\/span&gt;\"\n               data-src=\"http:\/\/foto-passion.com\/wp-content\/gallery\/fotostrecke_costarica2015-2016\/139_20151222-Q78A8878.jpg\"\n               data-thumbnail=\"http:\/\/foto-passion.com\/wp-content\/gallery\/fotostrecke_costarica2015-2016\/thumbs\/thumbs_139_20151222-Q78A8878.jpg\"\n               data-image-id=\"14469\"\n               data-title=\"Libelle\"\n               data-description=\"&lt;strong&gt;Libelle&lt;\/strong&gt;&lt;br\/&gt;&lt;br\/&gt;&lt;span style=&quot;font-size:85%;color:#949494&quot;&gt;[Bild-Id: 14469]&lt;\/span&gt;\"\n               data-image-slug=\"139_20151222-q78a8878\"\n               class=\"ngg-simplelightbox\" rel=\"27968d91f01ccc6554ee2078abffb628\">\n                <img\n                    title=\"Libelle\"\n                    alt=\"Libelle\"\n                    src=\"http:\/\/foto-passion.com\/wp-content\/gallery\/fotostrecke_costarica2015-2016\/cache\/139_20151222-Q78A8878.jpg-nggid0514469-ngg0dyn-150x100x100-00f0w010c011r110f110r010t010.jpg\"\n                    width=\"150\"\n                    height=\"100\"\n                    style=\"max-width:100%;\"\n                \/>\n            <\/a>\n        <\/div>\n\t\t\t\t\t\t\t<\/div> \n\t\t\t\n                            \n\t\t\t\t<div id=\"ngg-image-139\" class=\"ngg-gallery-thumbnail-box\" >\n\t\t\t\t        <div class=\"ngg-gallery-thumbnail\">\n            <a href=\"http:\/\/foto-passion.com\/wp-content\/gallery\/fotostrecke_costarica2015-2016\/140_20151218-_78A6853.jpg\"\n               title=\"&lt;strong&gt;Schrecke, perfekt angepasst&lt;\/strong&gt;&lt;br\/&gt;&lt;br\/&gt;&lt;span style=&quot;font-size:85%;color:#949494&quot;&gt;[Bild-Id: 14470]&lt;\/span&gt;\"\n               data-src=\"http:\/\/foto-passion.com\/wp-content\/gallery\/fotostrecke_costarica2015-2016\/140_20151218-_78A6853.jpg\"\n               data-thumbnail=\"http:\/\/foto-passion.com\/wp-content\/gallery\/fotostrecke_costarica2015-2016\/thumbs\/thumbs_140_20151218-_78A6853.jpg\"\n               data-image-id=\"14470\"\n               data-title=\"Schrecke, perfekt angepasst\"\n               data-description=\"&lt;strong&gt;Schrecke, perfekt angepasst&lt;\/strong&gt;&lt;br\/&gt;&lt;br\/&gt;&lt;span style=&quot;font-size:85%;color:#949494&quot;&gt;[Bild-Id: 14470]&lt;\/span&gt;\"\n               data-image-slug=\"140_20151218-_78a6853\"\n               class=\"ngg-simplelightbox\" rel=\"27968d91f01ccc6554ee2078abffb628\">\n                <img\n                    title=\"Schrecke, perfekt angepasst\"\n                    alt=\"Schrecke, perfekt angepasst\"\n                    src=\"http:\/\/foto-passion.com\/wp-content\/gallery\/fotostrecke_costarica2015-2016\/cache\/140_20151218-_78A6853.jpg-nggid0514470-ngg0dyn-150x100x100-00f0w010c011r110f110r010t010.jpg\"\n                    width=\"150\"\n                    height=\"100\"\n                    style=\"max-width:100%;\"\n                \/>\n            <\/a>\n        <\/div>\n\t\t\t\t\t\t\t<\/div> \n\t\t\t\n                                    <br style=\"clear: both\" \/>\n                    \n\t\t\t\t<div id=\"ngg-image-140\" class=\"ngg-gallery-thumbnail-box\" >\n\t\t\t\t        <div class=\"ngg-gallery-thumbnail\">\n            <a href=\"http:\/\/foto-passion.com\/wp-content\/gallery\/fotostrecke_costarica2015-2016\/141_20151222-Q78A8898.jpg\"\n               title=\"&lt;strong\/&gt;&lt;br\/&gt;&lt;br\/&gt;&lt;span style=&quot;font-size:85%;color:#949494&quot;&gt;[Bild-Id: 14471]&lt;\/span&gt;\"\n               data-src=\"http:\/\/foto-passion.com\/wp-content\/gallery\/fotostrecke_costarica2015-2016\/141_20151222-Q78A8898.jpg\"\n               data-thumbnail=\"http:\/\/foto-passion.com\/wp-content\/gallery\/fotostrecke_costarica2015-2016\/thumbs\/thumbs_141_20151222-Q78A8898.jpg\"\n               data-image-id=\"14471\"\n               data-title=\"-\"\n               data-description=\"&lt;strong\/&gt;&lt;br\/&gt;&lt;br\/&gt;&lt;span style=&quot;font-size:85%;color:#949494&quot;&gt;[Bild-Id: 14471]&lt;\/span&gt;\"\n               data-image-slug=\"141_20151222-q78a8898\"\n               class=\"ngg-simplelightbox\" rel=\"27968d91f01ccc6554ee2078abffb628\">\n                <img\n                    title=\"-\"\n                    alt=\"-\"\n                    src=\"http:\/\/foto-passion.com\/wp-content\/gallery\/fotostrecke_costarica2015-2016\/cache\/141_20151222-Q78A8898.jpg-nggid0514471-ngg0dyn-150x100x100-00f0w010c011r110f110r010t010.jpg\"\n                    width=\"150\"\n                    height=\"100\"\n                    style=\"max-width:100%;\"\n                \/>\n            <\/a>\n        <\/div>\n\t\t\t\t\t\t\t<\/div> \n\t\t\t\n                            \n\t\t\t\t<div id=\"ngg-image-141\" class=\"ngg-gallery-thumbnail-box\" >\n\t\t\t\t        <div class=\"ngg-gallery-thumbnail\">\n            <a href=\"http:\/\/foto-passion.com\/wp-content\/gallery\/fotostrecke_costarica2015-2016\/142_20151222-Q78A8939.jpg\"\n               title=\"&lt;strong&gt;Skorpion&lt;\/strong&gt;&lt;br\/&gt;&lt;br\/&gt;&lt;span style=&quot;font-size:85%;color:#949494&quot;&gt;[Bild-Id: 14472]&lt;\/span&gt;\"\n               data-src=\"http:\/\/foto-passion.com\/wp-content\/gallery\/fotostrecke_costarica2015-2016\/142_20151222-Q78A8939.jpg\"\n               data-thumbnail=\"http:\/\/foto-passion.com\/wp-content\/gallery\/fotostrecke_costarica2015-2016\/thumbs\/thumbs_142_20151222-Q78A8939.jpg\"\n               data-image-id=\"14472\"\n               data-title=\"Skorpion\"\n               data-description=\"&lt;strong&gt;Skorpion&lt;\/strong&gt;&lt;br\/&gt;&lt;br\/&gt;&lt;span style=&quot;font-size:85%;color:#949494&quot;&gt;[Bild-Id: 14472]&lt;\/span&gt;\"\n               data-image-slug=\"142_20151222-q78a8939\"\n               class=\"ngg-simplelightbox\" rel=\"27968d91f01ccc6554ee2078abffb628\">\n                <img\n                    title=\"Skorpion\"\n                    alt=\"Skorpion\"\n                    src=\"http:\/\/foto-passion.com\/wp-content\/gallery\/fotostrecke_costarica2015-2016\/cache\/142_20151222-Q78A8939.jpg-nggid0514472-ngg0dyn-150x100x100-00f0w010c011r110f110r010t010.jpg\"\n                    width=\"150\"\n                    height=\"100\"\n                    style=\"max-width:100%;\"\n                \/>\n            <\/a>\n        <\/div>\n\t\t\t\t\t\t\t<\/div> \n\t\t\t\n                            \n\t\t\t\t<div id=\"ngg-image-142\" class=\"ngg-gallery-thumbnail-box\" >\n\t\t\t\t        <div class=\"ngg-gallery-thumbnail\">\n            <a href=\"http:\/\/foto-passion.com\/wp-content\/gallery\/fotostrecke_costarica2015-2016\/143_20151223-Q78A9119.jpg\"\n               title=\"&lt;strong&gt;Im Hochland von Costa Rica&lt;\/strong&gt;&lt;br\/&gt;&lt;br\/&gt;&lt;span style=&quot;font-size:85%;color:#949494&quot;&gt;[Bild-Id: 14473]&lt;\/span&gt;\"\n               data-src=\"http:\/\/foto-passion.com\/wp-content\/gallery\/fotostrecke_costarica2015-2016\/143_20151223-Q78A9119.jpg\"\n               data-thumbnail=\"http:\/\/foto-passion.com\/wp-content\/gallery\/fotostrecke_costarica2015-2016\/thumbs\/thumbs_143_20151223-Q78A9119.jpg\"\n               data-image-id=\"14473\"\n               data-title=\"Im Hochland von Costa Rica\"\n               data-description=\"&lt;strong&gt;Im Hochland von Costa Rica&lt;\/strong&gt;&lt;br\/&gt;&lt;br\/&gt;&lt;span style=&quot;font-size:85%;color:#949494&quot;&gt;[Bild-Id: 14473]&lt;\/span&gt;\"\n               data-image-slug=\"143_20151223-q78a9119\"\n               class=\"ngg-simplelightbox\" rel=\"27968d91f01ccc6554ee2078abffb628\">\n                <img\n                    title=\"Im Hochland von Costa Rica\"\n                    alt=\"Im Hochland von Costa Rica\"\n                    src=\"http:\/\/foto-passion.com\/wp-content\/gallery\/fotostrecke_costarica2015-2016\/cache\/143_20151223-Q78A9119.jpg-nggid0514473-ngg0dyn-150x100x100-00f0w010c011r110f110r010t010.jpg\"\n                    width=\"150\"\n                    height=\"100\"\n                    style=\"max-width:100%;\"\n                \/>\n            <\/a>\n        <\/div>\n\t\t\t\t\t\t\t<\/div> \n\t\t\t\n                            \n\t\t\t\t<div id=\"ngg-image-143\" class=\"ngg-gallery-thumbnail-box\" >\n\t\t\t\t        <div class=\"ngg-gallery-thumbnail\">\n            <a href=\"http:\/\/foto-passion.com\/wp-content\/gallery\/fotostrecke_costarica2015-2016\/144_20151223-Q78A9126.jpg\"\n               title=\"&lt;strong&gt;Im Hochland von Costa Rica&lt;\/strong&gt;&lt;br\/&gt;&lt;br\/&gt;&lt;span style=&quot;font-size:85%;color:#949494&quot;&gt;[Bild-Id: 14474]&lt;\/span&gt;\"\n               data-src=\"http:\/\/foto-passion.com\/wp-content\/gallery\/fotostrecke_costarica2015-2016\/144_20151223-Q78A9126.jpg\"\n               data-thumbnail=\"http:\/\/foto-passion.com\/wp-content\/gallery\/fotostrecke_costarica2015-2016\/thumbs\/thumbs_144_20151223-Q78A9126.jpg\"\n               data-image-id=\"14474\"\n               data-title=\"Im Hochland von Costa Rica\"\n               data-description=\"&lt;strong&gt;Im Hochland von Costa Rica&lt;\/strong&gt;&lt;br\/&gt;&lt;br\/&gt;&lt;span style=&quot;font-size:85%;color:#949494&quot;&gt;[Bild-Id: 14474]&lt;\/span&gt;\"\n               data-image-slug=\"144_20151223-q78a9126\"\n               class=\"ngg-simplelightbox\" rel=\"27968d91f01ccc6554ee2078abffb628\">\n                <img\n                    title=\"Im Hochland von Costa Rica\"\n                    alt=\"Im Hochland von Costa Rica\"\n                    src=\"http:\/\/foto-passion.com\/wp-content\/gallery\/fotostrecke_costarica2015-2016\/cache\/144_20151223-Q78A9126.jpg-nggid0514474-ngg0dyn-150x100x100-00f0w010c011r110f110r010t010.jpg\"\n                    width=\"150\"\n                    height=\"100\"\n                    style=\"max-width:100%;\"\n                \/>\n            <\/a>\n        <\/div>\n\t\t\t\t\t\t\t<\/div> \n\t\t\t\n                                    <br style=\"clear: both\" \/>\n                    \n\t\t\t\t<div id=\"ngg-image-144\" class=\"ngg-gallery-thumbnail-box\" >\n\t\t\t\t        <div class=\"ngg-gallery-thumbnail\">\n            <a href=\"http:\/\/foto-passion.com\/wp-content\/gallery\/fotostrecke_costarica2015-2016\/145_20151223-Q78A9128.jpg\"\n               title=\"&lt;strong&gt;Im Hochland von Costa Rica&lt;\/strong&gt;&lt;br\/&gt;&lt;br\/&gt;&lt;span style=&quot;font-size:85%;color:#949494&quot;&gt;[Bild-Id: 14475]&lt;\/span&gt;\"\n               data-src=\"http:\/\/foto-passion.com\/wp-content\/gallery\/fotostrecke_costarica2015-2016\/145_20151223-Q78A9128.jpg\"\n               data-thumbnail=\"http:\/\/foto-passion.com\/wp-content\/gallery\/fotostrecke_costarica2015-2016\/thumbs\/thumbs_145_20151223-Q78A9128.jpg\"\n               data-image-id=\"14475\"\n               data-title=\"Im Hochland von Costa Rica\"\n               data-description=\"&lt;strong&gt;Im Hochland von Costa Rica&lt;\/strong&gt;&lt;br\/&gt;&lt;br\/&gt;&lt;span style=&quot;font-size:85%;color:#949494&quot;&gt;[Bild-Id: 14475]&lt;\/span&gt;\"\n               data-image-slug=\"145_20151223-q78a9128\"\n               class=\"ngg-simplelightbox\" rel=\"27968d91f01ccc6554ee2078abffb628\">\n                <img\n                    title=\"Im Hochland von Costa Rica\"\n                    alt=\"Im Hochland von Costa Rica\"\n                    src=\"http:\/\/foto-passion.com\/wp-content\/gallery\/fotostrecke_costarica2015-2016\/cache\/145_20151223-Q78A9128.jpg-nggid0514475-ngg0dyn-150x100x100-00f0w010c011r110f110r010t010.jpg\"\n                    width=\"150\"\n                    height=\"100\"\n                    style=\"max-width:100%;\"\n                \/>\n            <\/a>\n        <\/div>\n\t\t\t\t\t\t\t<\/div> \n\t\t\t\n                            \n\t\t\t\t<div id=\"ngg-image-145\" class=\"ngg-gallery-thumbnail-box\" >\n\t\t\t\t        <div class=\"ngg-gallery-thumbnail\">\n            <a href=\"http:\/\/foto-passion.com\/wp-content\/gallery\/fotostrecke_costarica2015-2016\/146_20151223-Q78A9134.jpg\"\n               title=\"&lt;strong&gt;Im Hochland von Costa Rica&lt;\/strong&gt;&lt;br\/&gt;&lt;br\/&gt;&lt;span style=&quot;font-size:85%;color:#949494&quot;&gt;[Bild-Id: 14476]&lt;\/span&gt;\"\n               data-src=\"http:\/\/foto-passion.com\/wp-content\/gallery\/fotostrecke_costarica2015-2016\/146_20151223-Q78A9134.jpg\"\n               data-thumbnail=\"http:\/\/foto-passion.com\/wp-content\/gallery\/fotostrecke_costarica2015-2016\/thumbs\/thumbs_146_20151223-Q78A9134.jpg\"\n               data-image-id=\"14476\"\n               data-title=\"Im Hochland von Costa Rica\"\n               data-description=\"&lt;strong&gt;Im Hochland von Costa Rica&lt;\/strong&gt;&lt;br\/&gt;&lt;br\/&gt;&lt;span style=&quot;font-size:85%;color:#949494&quot;&gt;[Bild-Id: 14476]&lt;\/span&gt;\"\n               data-image-slug=\"146_20151223-q78a9134\"\n               class=\"ngg-simplelightbox\" rel=\"27968d91f01ccc6554ee2078abffb628\">\n                <img\n                    title=\"Im Hochland von Costa Rica\"\n                    alt=\"Im Hochland von Costa Rica\"\n                    src=\"http:\/\/foto-passion.com\/wp-content\/gallery\/fotostrecke_costarica2015-2016\/cache\/146_20151223-Q78A9134.jpg-nggid0514476-ngg0dyn-150x100x100-00f0w010c011r110f110r010t010.jpg\"\n                    width=\"150\"\n                    height=\"100\"\n                    style=\"max-width:100%;\"\n                \/>\n            <\/a>\n        <\/div>\n\t\t\t\t\t\t\t<\/div> \n\t\t\t\n                            \n\t\t\t\t<div id=\"ngg-image-146\" class=\"ngg-gallery-thumbnail-box\" >\n\t\t\t\t        <div class=\"ngg-gallery-thumbnail\">\n            <a href=\"http:\/\/foto-passion.com\/wp-content\/gallery\/fotostrecke_costarica2015-2016\/147_20151223-Q78A9193-Pano.jpg\"\n               title=\"&lt;strong&gt;Im Hochland von Costa Rica&lt;\/strong&gt;&lt;br\/&gt;&lt;br\/&gt;&lt;span style=&quot;font-size:85%;color:#949494&quot;&gt;[Bild-Id: 14477]&lt;\/span&gt;\"\n               data-src=\"http:\/\/foto-passion.com\/wp-content\/gallery\/fotostrecke_costarica2015-2016\/147_20151223-Q78A9193-Pano.jpg\"\n               data-thumbnail=\"http:\/\/foto-passion.com\/wp-content\/gallery\/fotostrecke_costarica2015-2016\/thumbs\/thumbs_147_20151223-Q78A9193-Pano.jpg\"\n               data-image-id=\"14477\"\n               data-title=\"Im Hochland von Costa Rica\"\n               data-description=\"&lt;strong&gt;Im Hochland von Costa Rica&lt;\/strong&gt;&lt;br\/&gt;&lt;br\/&gt;&lt;span style=&quot;font-size:85%;color:#949494&quot;&gt;[Bild-Id: 14477]&lt;\/span&gt;\"\n               data-image-slug=\"147_20151223-q78a9193-pano\"\n               class=\"ngg-simplelightbox\" rel=\"27968d91f01ccc6554ee2078abffb628\">\n                <img\n                    title=\"Im Hochland von Costa Rica\"\n                    alt=\"Im Hochland von Costa Rica\"\n                    src=\"http:\/\/foto-passion.com\/wp-content\/gallery\/fotostrecke_costarica2015-2016\/cache\/147_20151223-Q78A9193-Pano.jpg-nggid0514477-ngg0dyn-150x100x100-00f0w010c011r110f110r010t010.jpg\"\n                    width=\"150\"\n                    height=\"100\"\n                    style=\"max-width:100%;\"\n                \/>\n            <\/a>\n        <\/div>\n\t\t\t\t\t\t\t<\/div> \n\t\t\t\n                            \n\t\t\t\t<div id=\"ngg-image-147\" class=\"ngg-gallery-thumbnail-box\" >\n\t\t\t\t        <div class=\"ngg-gallery-thumbnail\">\n            <a href=\"http:\/\/foto-passion.com\/wp-content\/gallery\/fotostrecke_costarica2015-2016\/148_20151223-Q78A9266.jpg\"\n               title=\"&lt;strong&gt;Nebelwaldregion Monteverde&lt;\/strong&gt;&lt;br\/&gt;&lt;br\/&gt;&lt;span style=&quot;font-size:85%;color:#949494&quot;&gt;[Bild-Id: 14478]&lt;\/span&gt;\"\n               data-src=\"http:\/\/foto-passion.com\/wp-content\/gallery\/fotostrecke_costarica2015-2016\/148_20151223-Q78A9266.jpg\"\n               data-thumbnail=\"http:\/\/foto-passion.com\/wp-content\/gallery\/fotostrecke_costarica2015-2016\/thumbs\/thumbs_148_20151223-Q78A9266.jpg\"\n               data-image-id=\"14478\"\n               data-title=\"Nebelwaldregion Monteverde\"\n               data-description=\"&lt;strong&gt;Nebelwaldregion Monteverde&lt;\/strong&gt;&lt;br\/&gt;&lt;br\/&gt;&lt;span style=&quot;font-size:85%;color:#949494&quot;&gt;[Bild-Id: 14478]&lt;\/span&gt;\"\n               data-image-slug=\"148_20151223-q78a9266\"\n               class=\"ngg-simplelightbox\" rel=\"27968d91f01ccc6554ee2078abffb628\">\n                <img\n                    title=\"Nebelwaldregion Monteverde\"\n                    alt=\"Nebelwaldregion Monteverde\"\n                    src=\"http:\/\/foto-passion.com\/wp-content\/gallery\/fotostrecke_costarica2015-2016\/cache\/148_20151223-Q78A9266.jpg-nggid0514478-ngg0dyn-150x100x100-00f0w010c011r110f110r010t010.jpg\"\n                    width=\"150\"\n                    height=\"100\"\n                    style=\"max-width:100%;\"\n                \/>\n            <\/a>\n        <\/div>\n\t\t\t\t\t\t\t<\/div> \n\t\t\t\n                                    <br style=\"clear: both\" \/>\n                    \n\t\t\t\t<div id=\"ngg-image-148\" class=\"ngg-gallery-thumbnail-box\" >\n\t\t\t\t        <div class=\"ngg-gallery-thumbnail\">\n            <a href=\"http:\/\/foto-passion.com\/wp-content\/gallery\/fotostrecke_costarica2015-2016\/149_20151223-Q78A9242.jpg\"\n               title=\"&lt;strong&gt;Nebelwaldregion Monteverde&lt;\/strong&gt;&lt;br\/&gt;&lt;br\/&gt;&lt;span style=&quot;font-size:85%;color:#949494&quot;&gt;[Bild-Id: 14479]&lt;\/span&gt;\"\n               data-src=\"http:\/\/foto-passion.com\/wp-content\/gallery\/fotostrecke_costarica2015-2016\/149_20151223-Q78A9242.jpg\"\n               data-thumbnail=\"http:\/\/foto-passion.com\/wp-content\/gallery\/fotostrecke_costarica2015-2016\/thumbs\/thumbs_149_20151223-Q78A9242.jpg\"\n               data-image-id=\"14479\"\n               data-title=\"Nebelwaldregion Monteverde\"\n               data-description=\"&lt;strong&gt;Nebelwaldregion Monteverde&lt;\/strong&gt;&lt;br\/&gt;&lt;br\/&gt;&lt;span style=&quot;font-size:85%;color:#949494&quot;&gt;[Bild-Id: 14479]&lt;\/span&gt;\"\n               data-image-slug=\"149_20151223-q78a9242\"\n               class=\"ngg-simplelightbox\" rel=\"27968d91f01ccc6554ee2078abffb628\">\n                <img\n                    title=\"Nebelwaldregion Monteverde\"\n                    alt=\"Nebelwaldregion Monteverde\"\n                    src=\"http:\/\/foto-passion.com\/wp-content\/gallery\/fotostrecke_costarica2015-2016\/cache\/149_20151223-Q78A9242.jpg-nggid0514479-ngg0dyn-150x100x100-00f0w010c011r110f110r010t010.jpg\"\n                    width=\"150\"\n                    height=\"100\"\n                    style=\"max-width:100%;\"\n                \/>\n            <\/a>\n        <\/div>\n\t\t\t\t\t\t\t<\/div> \n\t\t\t\n                            \n\t\t\t\t<div id=\"ngg-image-149\" class=\"ngg-gallery-thumbnail-box\" >\n\t\t\t\t        <div class=\"ngg-gallery-thumbnail\">\n            <a href=\"http:\/\/foto-passion.com\/wp-content\/gallery\/fotostrecke_costarica2015-2016\/150_20151223-Q78A9247.jpg\"\n               title=\"&lt;strong&gt;Nebelwaldregion Monteverde&lt;\/strong&gt;&lt;br\/&gt;&lt;br\/&gt;&lt;span style=&quot;font-size:85%;color:#949494&quot;&gt;[Bild-Id: 14480]&lt;\/span&gt;\"\n               data-src=\"http:\/\/foto-passion.com\/wp-content\/gallery\/fotostrecke_costarica2015-2016\/150_20151223-Q78A9247.jpg\"\n               data-thumbnail=\"http:\/\/foto-passion.com\/wp-content\/gallery\/fotostrecke_costarica2015-2016\/thumbs\/thumbs_150_20151223-Q78A9247.jpg\"\n               data-image-id=\"14480\"\n               data-title=\"Nebelwaldregion Monteverde\"\n               data-description=\"&lt;strong&gt;Nebelwaldregion Monteverde&lt;\/strong&gt;&lt;br\/&gt;&lt;br\/&gt;&lt;span style=&quot;font-size:85%;color:#949494&quot;&gt;[Bild-Id: 14480]&lt;\/span&gt;\"\n               data-image-slug=\"150_20151223-q78a9247\"\n               class=\"ngg-simplelightbox\" rel=\"27968d91f01ccc6554ee2078abffb628\">\n                <img\n                    title=\"Nebelwaldregion Monteverde\"\n                    alt=\"Nebelwaldregion Monteverde\"\n                    src=\"http:\/\/foto-passion.com\/wp-content\/gallery\/fotostrecke_costarica2015-2016\/cache\/150_20151223-Q78A9247.jpg-nggid0514480-ngg0dyn-150x100x100-00f0w010c011r110f110r010t010.jpg\"\n                    width=\"150\"\n                    height=\"100\"\n                    style=\"max-width:100%;\"\n                \/>\n            <\/a>\n        <\/div>\n\t\t\t\t\t\t\t<\/div> \n\t\t\t\n                            \n\t\t\t\t<div id=\"ngg-image-150\" class=\"ngg-gallery-thumbnail-box\" >\n\t\t\t\t        <div class=\"ngg-gallery-thumbnail\">\n            <a href=\"http:\/\/foto-passion.com\/wp-content\/gallery\/fotostrecke_costarica2015-2016\/151_20151223-Q78A9282.jpg\"\n               title=\"&lt;strong&gt;Nebelwaldregion Monteverde&lt;\/strong&gt;&lt;br\/&gt;&lt;br\/&gt;&lt;span style=&quot;font-size:85%;color:#949494&quot;&gt;[Bild-Id: 14481]&lt;\/span&gt;\"\n               data-src=\"http:\/\/foto-passion.com\/wp-content\/gallery\/fotostrecke_costarica2015-2016\/151_20151223-Q78A9282.jpg\"\n               data-thumbnail=\"http:\/\/foto-passion.com\/wp-content\/gallery\/fotostrecke_costarica2015-2016\/thumbs\/thumbs_151_20151223-Q78A9282.jpg\"\n               data-image-id=\"14481\"\n               data-title=\"Nebelwaldregion Monteverde\"\n               data-description=\"&lt;strong&gt;Nebelwaldregion Monteverde&lt;\/strong&gt;&lt;br\/&gt;&lt;br\/&gt;&lt;span style=&quot;font-size:85%;color:#949494&quot;&gt;[Bild-Id: 14481]&lt;\/span&gt;\"\n               data-image-slug=\"151_20151223-q78a9282\"\n               class=\"ngg-simplelightbox\" rel=\"27968d91f01ccc6554ee2078abffb628\">\n                <img\n                    title=\"Nebelwaldregion Monteverde\"\n                    alt=\"Nebelwaldregion Monteverde\"\n                    src=\"http:\/\/foto-passion.com\/wp-content\/gallery\/fotostrecke_costarica2015-2016\/cache\/151_20151223-Q78A9282.jpg-nggid0514481-ngg0dyn-150x100x100-00f0w010c011r110f110r010t010.jpg\"\n                    width=\"150\"\n                    height=\"100\"\n                    style=\"max-width:100%;\"\n                \/>\n            <\/a>\n        <\/div>\n\t\t\t\t\t\t\t<\/div> \n\t\t\t\n                            \n\t\t\t\t<div id=\"ngg-image-151\" class=\"ngg-gallery-thumbnail-box\" >\n\t\t\t\t        <div class=\"ngg-gallery-thumbnail\">\n            <a href=\"http:\/\/foto-passion.com\/wp-content\/gallery\/fotostrecke_costarica2015-2016\/152_20151224-Q78A9288.jpg\"\n               title=\"&lt;strong&gt;Im Hochlandregenwald von Monteverde&lt;\/strong&gt;&lt;br\/&gt;&lt;br\/&gt;&lt;span style=&quot;font-size:85%;color:#949494&quot;&gt;[Bild-Id: 14482]&lt;\/span&gt;\"\n               data-src=\"http:\/\/foto-passion.com\/wp-content\/gallery\/fotostrecke_costarica2015-2016\/152_20151224-Q78A9288.jpg\"\n               data-thumbnail=\"http:\/\/foto-passion.com\/wp-content\/gallery\/fotostrecke_costarica2015-2016\/thumbs\/thumbs_152_20151224-Q78A9288.jpg\"\n               data-image-id=\"14482\"\n               data-title=\"Im Hochlandregenwald von Monteverde\"\n               data-description=\"&lt;strong&gt;Im Hochlandregenwald von Monteverde&lt;\/strong&gt;&lt;br\/&gt;&lt;br\/&gt;&lt;span style=&quot;font-size:85%;color:#949494&quot;&gt;[Bild-Id: 14482]&lt;\/span&gt;\"\n               data-image-slug=\"152_20151224-q78a9288\"\n               class=\"ngg-simplelightbox\" rel=\"27968d91f01ccc6554ee2078abffb628\">\n                <img\n                    title=\"Im Hochlandregenwald von Monteverde\"\n                    alt=\"Im Hochlandregenwald von Monteverde\"\n                    src=\"http:\/\/foto-passion.com\/wp-content\/gallery\/fotostrecke_costarica2015-2016\/cache\/152_20151224-Q78A9288.jpg-nggid0514482-ngg0dyn-150x100x100-00f0w010c011r110f110r010t010.jpg\"\n                    width=\"150\"\n                    height=\"100\"\n                    style=\"max-width:100%;\"\n                \/>\n            <\/a>\n        <\/div>\n\t\t\t\t\t\t\t<\/div> \n\t\t\t\n                                    <br style=\"clear: both\" \/>\n                    \n\t\t\t\t<div id=\"ngg-image-152\" class=\"ngg-gallery-thumbnail-box\" >\n\t\t\t\t        <div class=\"ngg-gallery-thumbnail\">\n            <a href=\"http:\/\/foto-passion.com\/wp-content\/gallery\/fotostrecke_costarica2015-2016\/153_20151224-Q78A9309.jpg\"\n               title=\"&lt;strong&gt;Im Hochlandregenwald von Monteverde&lt;\/strong&gt;&lt;br\/&gt;&lt;br\/&gt;&lt;span style=&quot;font-size:85%;color:#949494&quot;&gt;[Bild-Id: 14483]&lt;\/span&gt;\"\n               data-src=\"http:\/\/foto-passion.com\/wp-content\/gallery\/fotostrecke_costarica2015-2016\/153_20151224-Q78A9309.jpg\"\n               data-thumbnail=\"http:\/\/foto-passion.com\/wp-content\/gallery\/fotostrecke_costarica2015-2016\/thumbs\/thumbs_153_20151224-Q78A9309.jpg\"\n               data-image-id=\"14483\"\n               data-title=\"Im Hochlandregenwald von Monteverde\"\n               data-description=\"&lt;strong&gt;Im Hochlandregenwald von Monteverde&lt;\/strong&gt;&lt;br\/&gt;&lt;br\/&gt;&lt;span style=&quot;font-size:85%;color:#949494&quot;&gt;[Bild-Id: 14483]&lt;\/span&gt;\"\n               data-image-slug=\"153_20151224-q78a9309\"\n               class=\"ngg-simplelightbox\" rel=\"27968d91f01ccc6554ee2078abffb628\">\n                <img\n                    title=\"Im Hochlandregenwald von Monteverde\"\n                    alt=\"Im Hochlandregenwald von Monteverde\"\n                    src=\"http:\/\/foto-passion.com\/wp-content\/gallery\/fotostrecke_costarica2015-2016\/cache\/153_20151224-Q78A9309.jpg-nggid0514483-ngg0dyn-150x100x100-00f0w010c011r110f110r010t010.jpg\"\n                    width=\"150\"\n                    height=\"100\"\n                    style=\"max-width:100%;\"\n                \/>\n            <\/a>\n        <\/div>\n\t\t\t\t\t\t\t<\/div> \n\t\t\t\n                            \n\t\t\t\t<div id=\"ngg-image-153\" class=\"ngg-gallery-thumbnail-box\" >\n\t\t\t\t        <div class=\"ngg-gallery-thumbnail\">\n            <a href=\"http:\/\/foto-passion.com\/wp-content\/gallery\/fotostrecke_costarica2015-2016\/154_20151224-Q78A9366.jpg\"\n               title=\"&lt;strong&gt;Im Hochlandregenwald von Monteverde&lt;\/strong&gt;&lt;br\/&gt;&lt;br\/&gt;&lt;span style=&quot;font-size:85%;color:#949494&quot;&gt;[Bild-Id: 14484]&lt;\/span&gt;\"\n               data-src=\"http:\/\/foto-passion.com\/wp-content\/gallery\/fotostrecke_costarica2015-2016\/154_20151224-Q78A9366.jpg\"\n               data-thumbnail=\"http:\/\/foto-passion.com\/wp-content\/gallery\/fotostrecke_costarica2015-2016\/thumbs\/thumbs_154_20151224-Q78A9366.jpg\"\n               data-image-id=\"14484\"\n               data-title=\"Im Hochlandregenwald von Monteverde\"\n               data-description=\"&lt;strong&gt;Im Hochlandregenwald von Monteverde&lt;\/strong&gt;&lt;br\/&gt;&lt;br\/&gt;&lt;span style=&quot;font-size:85%;color:#949494&quot;&gt;[Bild-Id: 14484]&lt;\/span&gt;\"\n               data-image-slug=\"154_20151224-q78a9366\"\n               class=\"ngg-simplelightbox\" rel=\"27968d91f01ccc6554ee2078abffb628\">\n                <img\n                    title=\"Im Hochlandregenwald von Monteverde\"\n                    alt=\"Im Hochlandregenwald von Monteverde\"\n                    src=\"http:\/\/foto-passion.com\/wp-content\/gallery\/fotostrecke_costarica2015-2016\/cache\/154_20151224-Q78A9366.jpg-nggid0514484-ngg0dyn-150x100x100-00f0w010c011r110f110r010t010.jpg\"\n                    width=\"150\"\n                    height=\"100\"\n                    style=\"max-width:100%;\"\n                \/>\n            <\/a>\n        <\/div>\n\t\t\t\t\t\t\t<\/div> \n\t\t\t\n                            \n\t\t\t\t<div id=\"ngg-image-154\" class=\"ngg-gallery-thumbnail-box\" >\n\t\t\t\t        <div class=\"ngg-gallery-thumbnail\">\n            <a href=\"http:\/\/foto-passion.com\/wp-content\/gallery\/fotostrecke_costarica2015-2016\/155_20151224-Q78A9395.jpg\"\n               title=\"&lt;strong&gt;Im Hochlandregenwald von Monteverde&lt;\/strong&gt;&lt;br\/&gt;&lt;br\/&gt;&lt;span style=&quot;font-size:85%;color:#949494&quot;&gt;[Bild-Id: 14485]&lt;\/span&gt;\"\n               data-src=\"http:\/\/foto-passion.com\/wp-content\/gallery\/fotostrecke_costarica2015-2016\/155_20151224-Q78A9395.jpg\"\n               data-thumbnail=\"http:\/\/foto-passion.com\/wp-content\/gallery\/fotostrecke_costarica2015-2016\/thumbs\/thumbs_155_20151224-Q78A9395.jpg\"\n               data-image-id=\"14485\"\n               data-title=\"Im Hochlandregenwald von Monteverde\"\n               data-description=\"&lt;strong&gt;Im Hochlandregenwald von Monteverde&lt;\/strong&gt;&lt;br\/&gt;&lt;br\/&gt;&lt;span style=&quot;font-size:85%;color:#949494&quot;&gt;[Bild-Id: 14485]&lt;\/span&gt;\"\n               data-image-slug=\"155_20151224-q78a9395\"\n               class=\"ngg-simplelightbox\" rel=\"27968d91f01ccc6554ee2078abffb628\">\n                <img\n                    title=\"Im Hochlandregenwald von Monteverde\"\n                    alt=\"Im Hochlandregenwald von Monteverde\"\n                    src=\"http:\/\/foto-passion.com\/wp-content\/gallery\/fotostrecke_costarica2015-2016\/cache\/155_20151224-Q78A9395.jpg-nggid0514485-ngg0dyn-150x100x100-00f0w010c011r110f110r010t010.jpg\"\n                    width=\"150\"\n                    height=\"100\"\n                    style=\"max-width:100%;\"\n                \/>\n            <\/a>\n        <\/div>\n\t\t\t\t\t\t\t<\/div> \n\t\t\t\n                            \n\t\t\t\t<div id=\"ngg-image-155\" class=\"ngg-gallery-thumbnail-box\" >\n\t\t\t\t        <div class=\"ngg-gallery-thumbnail\">\n            <a href=\"http:\/\/foto-passion.com\/wp-content\/gallery\/fotostrecke_costarica2015-2016\/156_20151225-Q78A9797.jpg\"\n               title=\"&lt;strong&gt;Hochland von Costa Rica&lt;\/strong&gt;&lt;br\/&gt;&lt;br\/&gt;&lt;span style=&quot;font-size:85%;color:#949494&quot;&gt;[Bild-Id: 14486]&lt;\/span&gt;\"\n               data-src=\"http:\/\/foto-passion.com\/wp-content\/gallery\/fotostrecke_costarica2015-2016\/156_20151225-Q78A9797.jpg\"\n               data-thumbnail=\"http:\/\/foto-passion.com\/wp-content\/gallery\/fotostrecke_costarica2015-2016\/thumbs\/thumbs_156_20151225-Q78A9797.jpg\"\n               data-image-id=\"14486\"\n               data-title=\"Hochland von Costa Rica\"\n               data-description=\"&lt;strong&gt;Hochland von Costa Rica&lt;\/strong&gt;&lt;br\/&gt;&lt;br\/&gt;&lt;span style=&quot;font-size:85%;color:#949494&quot;&gt;[Bild-Id: 14486]&lt;\/span&gt;\"\n               data-image-slug=\"156_20151225-q78a9797\"\n               class=\"ngg-simplelightbox\" rel=\"27968d91f01ccc6554ee2078abffb628\">\n                <img\n                    title=\"Hochland von Costa Rica\"\n                    alt=\"Hochland von Costa Rica\"\n                    src=\"http:\/\/foto-passion.com\/wp-content\/gallery\/fotostrecke_costarica2015-2016\/cache\/156_20151225-Q78A9797.jpg-nggid0514486-ngg0dyn-150x100x100-00f0w010c011r110f110r010t010.jpg\"\n                    width=\"150\"\n                    height=\"100\"\n                    style=\"max-width:100%;\"\n                \/>\n            <\/a>\n        <\/div>\n\t\t\t\t\t\t\t<\/div> \n\t\t\t\n                                    <br style=\"clear: both\" \/>\n                    \n\t\t\t\t<div id=\"ngg-image-156\" class=\"ngg-gallery-thumbnail-box\" >\n\t\t\t\t        <div class=\"ngg-gallery-thumbnail\">\n            <a href=\"http:\/\/foto-passion.com\/wp-content\/gallery\/fotostrecke_costarica2015-2016\/157_20151225-Q78A9822.jpg\"\n               title=\"&lt;strong&gt;Hochland von Costa Rica&lt;\/strong&gt;&lt;br\/&gt;&lt;br\/&gt;&lt;span style=&quot;font-size:85%;color:#949494&quot;&gt;[Bild-Id: 14487]&lt;\/span&gt;\"\n               data-src=\"http:\/\/foto-passion.com\/wp-content\/gallery\/fotostrecke_costarica2015-2016\/157_20151225-Q78A9822.jpg\"\n               data-thumbnail=\"http:\/\/foto-passion.com\/wp-content\/gallery\/fotostrecke_costarica2015-2016\/thumbs\/thumbs_157_20151225-Q78A9822.jpg\"\n               data-image-id=\"14487\"\n               data-title=\"Hochland von Costa Rica\"\n               data-description=\"&lt;strong&gt;Hochland von Costa Rica&lt;\/strong&gt;&lt;br\/&gt;&lt;br\/&gt;&lt;span style=&quot;font-size:85%;color:#949494&quot;&gt;[Bild-Id: 14487]&lt;\/span&gt;\"\n               data-image-slug=\"157_20151225-q78a9822\"\n               class=\"ngg-simplelightbox\" rel=\"27968d91f01ccc6554ee2078abffb628\">\n                <img\n                    title=\"Hochland von Costa Rica\"\n                    alt=\"Hochland von Costa Rica\"\n                    src=\"http:\/\/foto-passion.com\/wp-content\/gallery\/fotostrecke_costarica2015-2016\/cache\/157_20151225-Q78A9822.jpg-nggid0514487-ngg0dyn-150x100x100-00f0w010c011r110f110r010t010.jpg\"\n                    width=\"150\"\n                    height=\"100\"\n                    style=\"max-width:100%;\"\n                \/>\n            <\/a>\n        <\/div>\n\t\t\t\t\t\t\t<\/div> \n\t\t\t\n                            \n\t\t\t\t<div id=\"ngg-image-157\" class=\"ngg-gallery-thumbnail-box\" >\n\t\t\t\t        <div class=\"ngg-gallery-thumbnail\">\n            <a href=\"http:\/\/foto-passion.com\/wp-content\/gallery\/fotostrecke_costarica2015-2016\/158_20151225-Q78A9894.jpg\"\n               title=\"&lt;strong&gt;Hochland von Costa Rica&lt;\/strong&gt;&lt;br\/&gt;&lt;br\/&gt;&lt;span style=&quot;font-size:85%;color:#949494&quot;&gt;[Bild-Id: 14488]&lt;\/span&gt;\"\n               data-src=\"http:\/\/foto-passion.com\/wp-content\/gallery\/fotostrecke_costarica2015-2016\/158_20151225-Q78A9894.jpg\"\n               data-thumbnail=\"http:\/\/foto-passion.com\/wp-content\/gallery\/fotostrecke_costarica2015-2016\/thumbs\/thumbs_158_20151225-Q78A9894.jpg\"\n               data-image-id=\"14488\"\n               data-title=\"Hochland von Costa Rica\"\n               data-description=\"&lt;strong&gt;Hochland von Costa Rica&lt;\/strong&gt;&lt;br\/&gt;&lt;br\/&gt;&lt;span style=&quot;font-size:85%;color:#949494&quot;&gt;[Bild-Id: 14488]&lt;\/span&gt;\"\n               data-image-slug=\"158_20151225-q78a9894\"\n               class=\"ngg-simplelightbox\" rel=\"27968d91f01ccc6554ee2078abffb628\">\n                <img\n                    title=\"Hochland von Costa Rica\"\n                    alt=\"Hochland von Costa Rica\"\n                    src=\"http:\/\/foto-passion.com\/wp-content\/gallery\/fotostrecke_costarica2015-2016\/cache\/158_20151225-Q78A9894.jpg-nggid0514488-ngg0dyn-150x100x100-00f0w010c011r110f110r010t010.jpg\"\n                    width=\"150\"\n                    height=\"100\"\n                    style=\"max-width:100%;\"\n                \/>\n            <\/a>\n        <\/div>\n\t\t\t\t\t\t\t<\/div> \n\t\t\t\n                            \n\t\t\t\t<div id=\"ngg-image-158\" class=\"ngg-gallery-thumbnail-box\" >\n\t\t\t\t        <div class=\"ngg-gallery-thumbnail\">\n            <a href=\"http:\/\/foto-passion.com\/wp-content\/gallery\/fotostrecke_costarica2015-2016\/159_20151225-Q78A9962.jpg\"\n               title=\"&lt;strong&gt;Hochland von Costa Rica&lt;\/strong&gt;&lt;br\/&gt;&lt;br\/&gt;&lt;span style=&quot;font-size:85%;color:#949494&quot;&gt;[Bild-Id: 14489]&lt;\/span&gt;\"\n               data-src=\"http:\/\/foto-passion.com\/wp-content\/gallery\/fotostrecke_costarica2015-2016\/159_20151225-Q78A9962.jpg\"\n               data-thumbnail=\"http:\/\/foto-passion.com\/wp-content\/gallery\/fotostrecke_costarica2015-2016\/thumbs\/thumbs_159_20151225-Q78A9962.jpg\"\n               data-image-id=\"14489\"\n               data-title=\"Hochland von Costa Rica\"\n               data-description=\"&lt;strong&gt;Hochland von Costa Rica&lt;\/strong&gt;&lt;br\/&gt;&lt;br\/&gt;&lt;span style=&quot;font-size:85%;color:#949494&quot;&gt;[Bild-Id: 14489]&lt;\/span&gt;\"\n               data-image-slug=\"159_20151225-q78a9962\"\n               class=\"ngg-simplelightbox\" rel=\"27968d91f01ccc6554ee2078abffb628\">\n                <img\n                    title=\"Hochland von Costa Rica\"\n                    alt=\"Hochland von Costa Rica\"\n                    src=\"http:\/\/foto-passion.com\/wp-content\/gallery\/fotostrecke_costarica2015-2016\/cache\/159_20151225-Q78A9962.jpg-nggid0514489-ngg0dyn-150x100x100-00f0w010c011r110f110r010t010.jpg\"\n                    width=\"150\"\n                    height=\"100\"\n                    style=\"max-width:100%;\"\n                \/>\n            <\/a>\n        <\/div>\n\t\t\t\t\t\t\t<\/div> \n\t\t\t\n                            \n\t\t\t\t<div id=\"ngg-image-159\" class=\"ngg-gallery-thumbnail-box\" >\n\t\t\t\t        <div class=\"ngg-gallery-thumbnail\">\n            <a href=\"http:\/\/foto-passion.com\/wp-content\/gallery\/fotostrecke_costarica2015-2016\/160_20151225-Q78A9754-Pano.jpg\"\n               title=\"&lt;strong&gt;Hochland von Costa Rica&lt;\/strong&gt;&lt;br\/&gt;&lt;br\/&gt;&lt;span style=&quot;font-size:85%;color:#949494&quot;&gt;[Bild-Id: 14490]&lt;\/span&gt;\"\n               data-src=\"http:\/\/foto-passion.com\/wp-content\/gallery\/fotostrecke_costarica2015-2016\/160_20151225-Q78A9754-Pano.jpg\"\n               data-thumbnail=\"http:\/\/foto-passion.com\/wp-content\/gallery\/fotostrecke_costarica2015-2016\/thumbs\/thumbs_160_20151225-Q78A9754-Pano.jpg\"\n               data-image-id=\"14490\"\n               data-title=\"Hochland von Costa Rica\"\n               data-description=\"&lt;strong&gt;Hochland von Costa Rica&lt;\/strong&gt;&lt;br\/&gt;&lt;br\/&gt;&lt;span style=&quot;font-size:85%;color:#949494&quot;&gt;[Bild-Id: 14490]&lt;\/span&gt;\"\n               data-image-slug=\"160_20151225-q78a9754-pano\"\n               class=\"ngg-simplelightbox\" rel=\"27968d91f01ccc6554ee2078abffb628\">\n                <img\n                    title=\"Hochland von Costa Rica\"\n                    alt=\"Hochland von Costa Rica\"\n                    src=\"http:\/\/foto-passion.com\/wp-content\/gallery\/fotostrecke_costarica2015-2016\/cache\/160_20151225-Q78A9754-Pano.jpg-nggid0514490-ngg0dyn-150x100x100-00f0w010c011r110f110r010t010.jpg\"\n                    width=\"150\"\n                    height=\"100\"\n                    style=\"max-width:100%;\"\n                \/>\n            <\/a>\n        <\/div>\n\t\t\t\t\t\t\t<\/div> \n\t\t\t\n                                    <br style=\"clear: both\" \/>\n                    \n\t\t\t\t<div id=\"ngg-image-160\" class=\"ngg-gallery-thumbnail-box\" >\n\t\t\t\t        <div class=\"ngg-gallery-thumbnail\">\n            <a href=\"http:\/\/foto-passion.com\/wp-content\/gallery\/fotostrecke_costarica2015-2016\/161_20151225-Q78A9661-Pano.jpg\"\n               title=\"&lt;strong&gt;Hochland von Costa Rica&lt;\/strong&gt;&lt;br\/&gt;&lt;br\/&gt;&lt;span style=&quot;font-size:85%;color:#949494&quot;&gt;[Bild-Id: 14491]&lt;\/span&gt;\"\n               data-src=\"http:\/\/foto-passion.com\/wp-content\/gallery\/fotostrecke_costarica2015-2016\/161_20151225-Q78A9661-Pano.jpg\"\n               data-thumbnail=\"http:\/\/foto-passion.com\/wp-content\/gallery\/fotostrecke_costarica2015-2016\/thumbs\/thumbs_161_20151225-Q78A9661-Pano.jpg\"\n               data-image-id=\"14491\"\n               data-title=\"Hochland von Costa Rica\"\n               data-description=\"&lt;strong&gt;Hochland von Costa Rica&lt;\/strong&gt;&lt;br\/&gt;&lt;br\/&gt;&lt;span style=&quot;font-size:85%;color:#949494&quot;&gt;[Bild-Id: 14491]&lt;\/span&gt;\"\n               data-image-slug=\"161_20151225-q78a9661-pano-1\"\n               class=\"ngg-simplelightbox\" rel=\"27968d91f01ccc6554ee2078abffb628\">\n                <img\n                    title=\"Hochland von Costa Rica\"\n                    alt=\"Hochland von Costa Rica\"\n                    src=\"http:\/\/foto-passion.com\/wp-content\/gallery\/fotostrecke_costarica2015-2016\/cache\/161_20151225-Q78A9661-Pano.jpg-nggid0514491-ngg0dyn-150x100x100-00f0w010c011r110f110r010t010.jpg\"\n                    width=\"150\"\n                    height=\"100\"\n                    style=\"max-width:100%;\"\n                \/>\n            <\/a>\n        <\/div>\n\t\t\t\t\t\t\t<\/div> \n\t\t\t\n                            \n\t\t\t\t<div id=\"ngg-image-161\" class=\"ngg-gallery-thumbnail-box\" >\n\t\t\t\t        <div class=\"ngg-gallery-thumbnail\">\n            <a href=\"http:\/\/foto-passion.com\/wp-content\/gallery\/fotostrecke_costarica2015-2016\/162_20151226-Q78A0284.jpg\"\n               title=\"&lt;strong&gt;Glasfrosch (Sachatamia albomaculata), White-spotted Glass Frog&lt;\/strong&gt;&lt;br\/&gt;&lt;br\/&gt;&lt;span style=&quot;font-size:85%;color:#949494&quot;&gt;[Bild-Id: 14492]&lt;\/span&gt;\"\n               data-src=\"http:\/\/foto-passion.com\/wp-content\/gallery\/fotostrecke_costarica2015-2016\/162_20151226-Q78A0284.jpg\"\n               data-thumbnail=\"http:\/\/foto-passion.com\/wp-content\/gallery\/fotostrecke_costarica2015-2016\/thumbs\/thumbs_162_20151226-Q78A0284.jpg\"\n               data-image-id=\"14492\"\n               data-title=\"Glasfrosch (Sachatamia albomaculata), White-spotted Glass Frog\"\n               data-description=\"&lt;strong&gt;Glasfrosch (Sachatamia albomaculata), White-spotted Glass Frog&lt;\/strong&gt;&lt;br\/&gt;&lt;br\/&gt;&lt;span style=&quot;font-size:85%;color:#949494&quot;&gt;[Bild-Id: 14492]&lt;\/span&gt;\"\n               data-image-slug=\"162_20151226-q78a0284-1\"\n               class=\"ngg-simplelightbox\" rel=\"27968d91f01ccc6554ee2078abffb628\">\n                <img\n                    title=\"Glasfrosch (Sachatamia albomaculata), White-spotted Glass Frog\"\n                    alt=\"Glasfrosch (Sachatamia albomaculata), White-spotted Glass Frog\"\n                    src=\"http:\/\/foto-passion.com\/wp-content\/gallery\/fotostrecke_costarica2015-2016\/cache\/162_20151226-Q78A0284.jpg-nggid0514492-ngg0dyn-150x100x100-00f0w010c011r110f110r010t010.jpg\"\n                    width=\"150\"\n                    height=\"100\"\n                    style=\"max-width:100%;\"\n                \/>\n            <\/a>\n        <\/div>\n\t\t\t\t\t\t\t<\/div> \n\t\t\t\n                            \n\t\t\t\t<div id=\"ngg-image-162\" class=\"ngg-gallery-thumbnail-box\" >\n\t\t\t\t        <div class=\"ngg-gallery-thumbnail\">\n            <a href=\"http:\/\/foto-passion.com\/wp-content\/gallery\/fotostrecke_costarica2015-2016\/163_20151226-Q78A0556.jpg\"\n               title=\"&lt;strong&gt;Palmenblatt&lt;\/strong&gt;&lt;br\/&gt;&lt;br\/&gt;&lt;span style=&quot;font-size:85%;color:#949494&quot;&gt;[Bild-Id: 14493]&lt;\/span&gt;\"\n               data-src=\"http:\/\/foto-passion.com\/wp-content\/gallery\/fotostrecke_costarica2015-2016\/163_20151226-Q78A0556.jpg\"\n               data-thumbnail=\"http:\/\/foto-passion.com\/wp-content\/gallery\/fotostrecke_costarica2015-2016\/thumbs\/thumbs_163_20151226-Q78A0556.jpg\"\n               data-image-id=\"14493\"\n               data-title=\"Palmenblatt\"\n               data-description=\"&lt;strong&gt;Palmenblatt&lt;\/strong&gt;&lt;br\/&gt;&lt;br\/&gt;&lt;span style=&quot;font-size:85%;color:#949494&quot;&gt;[Bild-Id: 14493]&lt;\/span&gt;\"\n               data-image-slug=\"163_20151226-q78a0556-1\"\n               class=\"ngg-simplelightbox\" rel=\"27968d91f01ccc6554ee2078abffb628\">\n                <img\n                    title=\"Palmenblatt\"\n                    alt=\"Palmenblatt\"\n                    src=\"http:\/\/foto-passion.com\/wp-content\/gallery\/fotostrecke_costarica2015-2016\/cache\/163_20151226-Q78A0556.jpg-nggid0514493-ngg0dyn-150x100x100-00f0w010c011r110f110r010t010.jpg\"\n                    width=\"150\"\n                    height=\"100\"\n                    style=\"max-width:100%;\"\n                \/>\n            <\/a>\n        <\/div>\n\t\t\t\t\t\t\t<\/div> \n\t\t\t\n                            \n\t\t\t\t<div id=\"ngg-image-163\" class=\"ngg-gallery-thumbnail-box\" >\n\t\t\t\t        <div class=\"ngg-gallery-thumbnail\">\n            <a href=\"http:\/\/foto-passion.com\/wp-content\/gallery\/fotostrecke_costarica2015-2016\/164_20151226-_J2A3415.jpg\"\n               title=\"&lt;strong&gt;Reiher&lt;\/strong&gt;&lt;br\/&gt;&lt;br\/&gt;&lt;span style=&quot;font-size:85%;color:#949494&quot;&gt;[Bild-Id: 14494]&lt;\/span&gt;\"\n               data-src=\"http:\/\/foto-passion.com\/wp-content\/gallery\/fotostrecke_costarica2015-2016\/164_20151226-_J2A3415.jpg\"\n               data-thumbnail=\"http:\/\/foto-passion.com\/wp-content\/gallery\/fotostrecke_costarica2015-2016\/thumbs\/thumbs_164_20151226-_J2A3415.jpg\"\n               data-image-id=\"14494\"\n               data-title=\"Reiher\"\n               data-description=\"&lt;strong&gt;Reiher&lt;\/strong&gt;&lt;br\/&gt;&lt;br\/&gt;&lt;span style=&quot;font-size:85%;color:#949494&quot;&gt;[Bild-Id: 14494]&lt;\/span&gt;\"\n               data-image-slug=\"164_20151226-_j2a3415-1\"\n               class=\"ngg-simplelightbox\" rel=\"27968d91f01ccc6554ee2078abffb628\">\n                <img\n                    title=\"Reiher\"\n                    alt=\"Reiher\"\n                    src=\"http:\/\/foto-passion.com\/wp-content\/gallery\/fotostrecke_costarica2015-2016\/cache\/164_20151226-_J2A3415.jpg-nggid0514494-ngg0dyn-150x100x100-00f0w010c011r110f110r010t010.jpg\"\n                    width=\"150\"\n                    height=\"100\"\n                    style=\"max-width:100%;\"\n                \/>\n            <\/a>\n        <\/div>\n\t\t\t\t\t\t\t<\/div> \n\t\t\t\n                                    <br style=\"clear: both\" \/>\n                    \n\t\t\t\t<div id=\"ngg-image-164\" class=\"ngg-gallery-thumbnail-box\" >\n\t\t\t\t        <div class=\"ngg-gallery-thumbnail\">\n            <a href=\"http:\/\/foto-passion.com\/wp-content\/gallery\/fotostrecke_costarica2015-2016\/165_20151226-Q78A0633.jpg\"\n               title=\"&lt;strong&gt;Ingwerbl\u00fcte&lt;\/strong&gt;&lt;br\/&gt;&lt;br\/&gt;&lt;span style=&quot;font-size:85%;color:#949494&quot;&gt;[Bild-Id: 14495]&lt;\/span&gt;\"\n               data-src=\"http:\/\/foto-passion.com\/wp-content\/gallery\/fotostrecke_costarica2015-2016\/165_20151226-Q78A0633.jpg\"\n               data-thumbnail=\"http:\/\/foto-passion.com\/wp-content\/gallery\/fotostrecke_costarica2015-2016\/thumbs\/thumbs_165_20151226-Q78A0633.jpg\"\n               data-image-id=\"14495\"\n               data-title=\"Ingwerbl\u00fcte\"\n               data-description=\"&lt;strong&gt;Ingwerbl\u00fcte&lt;\/strong&gt;&lt;br\/&gt;&lt;br\/&gt;&lt;span style=&quot;font-size:85%;color:#949494&quot;&gt;[Bild-Id: 14495]&lt;\/span&gt;\"\n               data-image-slug=\"165_20151226-q78a0633-1\"\n               class=\"ngg-simplelightbox\" rel=\"27968d91f01ccc6554ee2078abffb628\">\n                <img\n                    title=\"Ingwerbl\u00fcte\"\n                    alt=\"Ingwerbl\u00fcte\"\n                    src=\"http:\/\/foto-passion.com\/wp-content\/gallery\/fotostrecke_costarica2015-2016\/cache\/165_20151226-Q78A0633.jpg-nggid0514495-ngg0dyn-150x100x100-00f0w010c011r110f110r010t010.jpg\"\n                    width=\"150\"\n                    height=\"100\"\n                    style=\"max-width:100%;\"\n                \/>\n            <\/a>\n        <\/div>\n\t\t\t\t\t\t\t<\/div> \n\t\t\t\n                            \n\t\t\t\t<div id=\"ngg-image-165\" class=\"ngg-gallery-thumbnail-box\" >\n\t\t\t\t        <div class=\"ngg-gallery-thumbnail\">\n            <a href=\"http:\/\/foto-passion.com\/wp-content\/gallery\/fotostrecke_costarica2015-2016\/166_20151226-_J2A3504.jpg\"\n               title=\"&lt;strong\/&gt;&lt;br\/&gt;&lt;br\/&gt;&lt;span style=&quot;font-size:85%;color:#949494&quot;&gt;[Bild-Id: 14496]&lt;\/span&gt;\"\n               data-src=\"http:\/\/foto-passion.com\/wp-content\/gallery\/fotostrecke_costarica2015-2016\/166_20151226-_J2A3504.jpg\"\n               data-thumbnail=\"http:\/\/foto-passion.com\/wp-content\/gallery\/fotostrecke_costarica2015-2016\/thumbs\/thumbs_166_20151226-_J2A3504.jpg\"\n               data-image-id=\"14496\"\n               data-title=\"-\"\n               data-description=\"&lt;strong\/&gt;&lt;br\/&gt;&lt;br\/&gt;&lt;span style=&quot;font-size:85%;color:#949494&quot;&gt;[Bild-Id: 14496]&lt;\/span&gt;\"\n               data-image-slug=\"166_20151226-_j2a3504-1\"\n               class=\"ngg-simplelightbox\" rel=\"27968d91f01ccc6554ee2078abffb628\">\n                <img\n                    title=\"-\"\n                    alt=\"-\"\n                    src=\"http:\/\/foto-passion.com\/wp-content\/gallery\/fotostrecke_costarica2015-2016\/cache\/166_20151226-_J2A3504.jpg-nggid0514496-ngg0dyn-150x100x100-00f0w010c011r110f110r010t010.jpg\"\n                    width=\"150\"\n                    height=\"100\"\n                    style=\"max-width:100%;\"\n                \/>\n            <\/a>\n        <\/div>\n\t\t\t\t\t\t\t<\/div> \n\t\t\t\n                            \n\t\t\t\t<div id=\"ngg-image-166\" class=\"ngg-gallery-thumbnail-box\" >\n\t\t\t\t        <div class=\"ngg-gallery-thumbnail\">\n            <a href=\"http:\/\/foto-passion.com\/wp-content\/gallery\/fotostrecke_costarica2015-2016\/167_20151226-Q78A0402.jpg\"\n               title=\"&lt;strong\/&gt;&lt;br\/&gt;&lt;br\/&gt;&lt;span style=&quot;font-size:85%;color:#949494&quot;&gt;[Bild-Id: 14497]&lt;\/span&gt;\"\n               data-src=\"http:\/\/foto-passion.com\/wp-content\/gallery\/fotostrecke_costarica2015-2016\/167_20151226-Q78A0402.jpg\"\n               data-thumbnail=\"http:\/\/foto-passion.com\/wp-content\/gallery\/fotostrecke_costarica2015-2016\/thumbs\/thumbs_167_20151226-Q78A0402.jpg\"\n               data-image-id=\"14497\"\n               data-title=\"-\"\n               data-description=\"&lt;strong\/&gt;&lt;br\/&gt;&lt;br\/&gt;&lt;span style=&quot;font-size:85%;color:#949494&quot;&gt;[Bild-Id: 14497]&lt;\/span&gt;\"\n               data-image-slug=\"167_20151226-q78a0402-1\"\n               class=\"ngg-simplelightbox\" rel=\"27968d91f01ccc6554ee2078abffb628\">\n                <img\n                    title=\"-\"\n                    alt=\"-\"\n                    src=\"http:\/\/foto-passion.com\/wp-content\/gallery\/fotostrecke_costarica2015-2016\/cache\/167_20151226-Q78A0402.jpg-nggid0514497-ngg0dyn-150x100x100-00f0w010c011r110f110r010t010.jpg\"\n                    width=\"150\"\n                    height=\"100\"\n                    style=\"max-width:100%;\"\n                \/>\n            <\/a>\n        <\/div>\n\t\t\t\t\t\t\t<\/div> \n\t\t\t\n                            \n\t\t\t\t<div id=\"ngg-image-167\" class=\"ngg-gallery-thumbnail-box\" >\n\t\t\t\t        <div class=\"ngg-gallery-thumbnail\">\n            <a href=\"http:\/\/foto-passion.com\/wp-content\/gallery\/fotostrecke_costarica2015-2016\/168_20151226-Q78A0356.jpg\"\n               title=\"&lt;strong&gt;Glasfrosch (Sachatamia albomaculata), White-spotted Glass Frog&lt;\/strong&gt;&lt;br\/&gt;&lt;br\/&gt;&lt;span style=&quot;font-size:85%;color:#949494&quot;&gt;[Bild-Id: 14498]&lt;\/span&gt;\"\n               data-src=\"http:\/\/foto-passion.com\/wp-content\/gallery\/fotostrecke_costarica2015-2016\/168_20151226-Q78A0356.jpg\"\n               data-thumbnail=\"http:\/\/foto-passion.com\/wp-content\/gallery\/fotostrecke_costarica2015-2016\/thumbs\/thumbs_168_20151226-Q78A0356.jpg\"\n               data-image-id=\"14498\"\n               data-title=\"Glasfrosch (Sachatamia albomaculata), White-spotted Glass Frog\"\n               data-description=\"&lt;strong&gt;Glasfrosch (Sachatamia albomaculata), White-spotted Glass Frog&lt;\/strong&gt;&lt;br\/&gt;&lt;br\/&gt;&lt;span style=&quot;font-size:85%;color:#949494&quot;&gt;[Bild-Id: 14498]&lt;\/span&gt;\"\n               data-image-slug=\"168_20151226-q78a0356-1\"\n               class=\"ngg-simplelightbox\" rel=\"27968d91f01ccc6554ee2078abffb628\">\n                <img\n                    title=\"Glasfrosch (Sachatamia albomaculata), White-spotted Glass Frog\"\n                    alt=\"Glasfrosch (Sachatamia albomaculata), White-spotted Glass Frog\"\n                    src=\"http:\/\/foto-passion.com\/wp-content\/gallery\/fotostrecke_costarica2015-2016\/cache\/168_20151226-Q78A0356.jpg-nggid0514498-ngg0dyn-150x100x100-00f0w010c011r110f110r010t010.jpg\"\n                    width=\"150\"\n                    height=\"100\"\n                    style=\"max-width:100%;\"\n                \/>\n            <\/a>\n        <\/div>\n\t\t\t\t\t\t\t<\/div> \n\t\t\t\n                                    <br style=\"clear: both\" \/>\n                    \n\t\t\t\t<div id=\"ngg-image-168\" class=\"ngg-gallery-thumbnail-box\" >\n\t\t\t\t        <div class=\"ngg-gallery-thumbnail\">\n            <a href=\"http:\/\/foto-passion.com\/wp-content\/gallery\/fotostrecke_costarica2015-2016\/169_20151226-Q78A0480.jpg\"\n               title=\"&lt;strong&gt;Schrecke&lt;\/strong&gt;&lt;br\/&gt;&lt;br\/&gt;&lt;span style=&quot;font-size:85%;color:#949494&quot;&gt;[Bild-Id: 14499]&lt;\/span&gt;\"\n               data-src=\"http:\/\/foto-passion.com\/wp-content\/gallery\/fotostrecke_costarica2015-2016\/169_20151226-Q78A0480.jpg\"\n               data-thumbnail=\"http:\/\/foto-passion.com\/wp-content\/gallery\/fotostrecke_costarica2015-2016\/thumbs\/thumbs_169_20151226-Q78A0480.jpg\"\n               data-image-id=\"14499\"\n               data-title=\"Schrecke\"\n               data-description=\"&lt;strong&gt;Schrecke&lt;\/strong&gt;&lt;br\/&gt;&lt;br\/&gt;&lt;span style=&quot;font-size:85%;color:#949494&quot;&gt;[Bild-Id: 14499]&lt;\/span&gt;\"\n               data-image-slug=\"169_20151226-q78a0480-1\"\n               class=\"ngg-simplelightbox\" rel=\"27968d91f01ccc6554ee2078abffb628\">\n                <img\n                    title=\"Schrecke\"\n                    alt=\"Schrecke\"\n                    src=\"http:\/\/foto-passion.com\/wp-content\/gallery\/fotostrecke_costarica2015-2016\/cache\/169_20151226-Q78A0480.jpg-nggid0514499-ngg0dyn-150x100x100-00f0w010c011r110f110r010t010.jpg\"\n                    width=\"150\"\n                    height=\"100\"\n                    style=\"max-width:100%;\"\n                \/>\n            <\/a>\n        <\/div>\n\t\t\t\t\t\t\t<\/div> \n\t\t\t\n                            \n\t\t\t\t<div id=\"ngg-image-169\" class=\"ngg-gallery-thumbnail-box\" >\n\t\t\t\t        <div class=\"ngg-gallery-thumbnail\">\n            <a href=\"http:\/\/foto-passion.com\/wp-content\/gallery\/fotostrecke_costarica2015-2016\/170_20151217-Q78A4829.jpg\"\n               title=\"&lt;strong\/&gt;&lt;br\/&gt;&lt;br\/&gt;&lt;span style=&quot;font-size:85%;color:#949494&quot;&gt;[Bild-Id: 14500]&lt;\/span&gt;\"\n               data-src=\"http:\/\/foto-passion.com\/wp-content\/gallery\/fotostrecke_costarica2015-2016\/170_20151217-Q78A4829.jpg\"\n               data-thumbnail=\"http:\/\/foto-passion.com\/wp-content\/gallery\/fotostrecke_costarica2015-2016\/thumbs\/thumbs_170_20151217-Q78A4829.jpg\"\n               data-image-id=\"14500\"\n               data-title=\"-\"\n               data-description=\"&lt;strong\/&gt;&lt;br\/&gt;&lt;br\/&gt;&lt;span style=&quot;font-size:85%;color:#949494&quot;&gt;[Bild-Id: 14500]&lt;\/span&gt;\"\n               data-image-slug=\"170_20151217-q78a4829-1\"\n               class=\"ngg-simplelightbox\" rel=\"27968d91f01ccc6554ee2078abffb628\">\n                <img\n                    title=\"-\"\n                    alt=\"-\"\n                    src=\"http:\/\/foto-passion.com\/wp-content\/gallery\/fotostrecke_costarica2015-2016\/cache\/170_20151217-Q78A4829.jpg-nggid0514500-ngg0dyn-150x100x100-00f0w010c011r110f110r010t010.jpg\"\n                    width=\"150\"\n                    height=\"100\"\n                    style=\"max-width:100%;\"\n                \/>\n            <\/a>\n        <\/div>\n\t\t\t\t\t\t\t<\/div> \n\t\t\t\n                            \n\t\t\t\t<div id=\"ngg-image-170\" class=\"ngg-gallery-thumbnail-box\" >\n\t\t\t\t        <div class=\"ngg-gallery-thumbnail\">\n            <a href=\"http:\/\/foto-passion.com\/wp-content\/gallery\/fotostrecke_costarica2015-2016\/171_20151227-Q78A0771.jpg\"\n               title=\"&lt;strong&gt;Bananenspinne&lt;\/strong&gt;&lt;br\/&gt;&lt;br\/&gt;&lt;span style=&quot;font-size:85%;color:#949494&quot;&gt;[Bild-Id: 14501]&lt;\/span&gt;\"\n               data-src=\"http:\/\/foto-passion.com\/wp-content\/gallery\/fotostrecke_costarica2015-2016\/171_20151227-Q78A0771.jpg\"\n               data-thumbnail=\"http:\/\/foto-passion.com\/wp-content\/gallery\/fotostrecke_costarica2015-2016\/thumbs\/thumbs_171_20151227-Q78A0771.jpg\"\n               data-image-id=\"14501\"\n               data-title=\"Bananenspinne\"\n               data-description=\"&lt;strong&gt;Bananenspinne&lt;\/strong&gt;&lt;br\/&gt;&lt;br\/&gt;&lt;span style=&quot;font-size:85%;color:#949494&quot;&gt;[Bild-Id: 14501]&lt;\/span&gt;\"\n               data-image-slug=\"171_20151227-q78a0771-1\"\n               class=\"ngg-simplelightbox\" rel=\"27968d91f01ccc6554ee2078abffb628\">\n                <img\n                    title=\"Bananenspinne\"\n                    alt=\"Bananenspinne\"\n                    src=\"http:\/\/foto-passion.com\/wp-content\/gallery\/fotostrecke_costarica2015-2016\/cache\/171_20151227-Q78A0771.jpg-nggid0514501-ngg0dyn-150x100x100-00f0w010c011r110f110r010t010.jpg\"\n                    width=\"150\"\n                    height=\"100\"\n                    style=\"max-width:100%;\"\n                \/>\n            <\/a>\n        <\/div>\n\t\t\t\t\t\t\t<\/div> \n\t\t\t\n                            \n\t\t\t\t<div id=\"ngg-image-171\" class=\"ngg-gallery-thumbnail-box\" >\n\t\t\t\t        <div class=\"ngg-gallery-thumbnail\">\n            <a href=\"http:\/\/foto-passion.com\/wp-content\/gallery\/fotostrecke_costarica2015-2016\/172_20151225-Q78A0129.jpg\"\n               title=\"&lt;strong&gt;Terciopelo-Lanzenotter (Bothrops asper), Fer-de-Lance&lt;\/strong&gt;&lt;br\/&gt;&lt;br\/&gt;&lt;span style=&quot;font-size:85%;color:#949494&quot;&gt;[Bild-Id: 14502]&lt;\/span&gt;\"\n               data-src=\"http:\/\/foto-passion.com\/wp-content\/gallery\/fotostrecke_costarica2015-2016\/172_20151225-Q78A0129.jpg\"\n               data-thumbnail=\"http:\/\/foto-passion.com\/wp-content\/gallery\/fotostrecke_costarica2015-2016\/thumbs\/thumbs_172_20151225-Q78A0129.jpg\"\n               data-image-id=\"14502\"\n               data-title=\"Terciopelo-Lanzenotter (Bothrops asper), Fer-de-Lance\"\n               data-description=\"&lt;strong&gt;Terciopelo-Lanzenotter (Bothrops asper), Fer-de-Lance&lt;\/strong&gt;&lt;br\/&gt;&lt;br\/&gt;&lt;span style=&quot;font-size:85%;color:#949494&quot;&gt;[Bild-Id: 14502]&lt;\/span&gt;\"\n               data-image-slug=\"172_20151225-q78a0129-1\"\n               class=\"ngg-simplelightbox\" rel=\"27968d91f01ccc6554ee2078abffb628\">\n                <img\n                    title=\"Terciopelo-Lanzenotter (Bothrops asper), Fer-de-Lance\"\n                    alt=\"Terciopelo-Lanzenotter (Bothrops asper), Fer-de-Lance\"\n                    src=\"http:\/\/foto-passion.com\/wp-content\/gallery\/fotostrecke_costarica2015-2016\/cache\/172_20151225-Q78A0129.jpg-nggid0514502-ngg0dyn-150x100x100-00f0w010c011r110f110r010t010.jpg\"\n                    width=\"150\"\n                    height=\"100\"\n                    style=\"max-width:100%;\"\n                \/>\n            <\/a>\n        <\/div>\n\t\t\t\t\t\t\t<\/div> \n\t\t\t\n                                    <br style=\"clear: both\" \/>\n                    \n\t\t\t\t<div id=\"ngg-image-172\" class=\"ngg-gallery-thumbnail-box\" >\n\t\t\t\t        <div class=\"ngg-gallery-thumbnail\">\n            <a href=\"http:\/\/foto-passion.com\/wp-content\/gallery\/fotostrecke_costarica2015-2016\/173_20151227-Q78A0756.jpg\"\n               title=\"&lt;strong&gt;Anole&lt;\/strong&gt;&lt;br\/&gt;&lt;br\/&gt;&lt;span style=&quot;font-size:85%;color:#949494&quot;&gt;[Bild-Id: 14503]&lt;\/span&gt;\"\n               data-src=\"http:\/\/foto-passion.com\/wp-content\/gallery\/fotostrecke_costarica2015-2016\/173_20151227-Q78A0756.jpg\"\n               data-thumbnail=\"http:\/\/foto-passion.com\/wp-content\/gallery\/fotostrecke_costarica2015-2016\/thumbs\/thumbs_173_20151227-Q78A0756.jpg\"\n               data-image-id=\"14503\"\n               data-title=\"Anole\"\n               data-description=\"&lt;strong&gt;Anole&lt;\/strong&gt;&lt;br\/&gt;&lt;br\/&gt;&lt;span style=&quot;font-size:85%;color:#949494&quot;&gt;[Bild-Id: 14503]&lt;\/span&gt;\"\n               data-image-slug=\"173_20151227-q78a0756-1\"\n               class=\"ngg-simplelightbox\" rel=\"27968d91f01ccc6554ee2078abffb628\">\n                <img\n                    title=\"Anole\"\n                    alt=\"Anole\"\n                    src=\"http:\/\/foto-passion.com\/wp-content\/gallery\/fotostrecke_costarica2015-2016\/cache\/173_20151227-Q78A0756.jpg-nggid0514503-ngg0dyn-150x100x100-00f0w010c011r110f110r010t010.jpg\"\n                    width=\"150\"\n                    height=\"100\"\n                    style=\"max-width:100%;\"\n                \/>\n            <\/a>\n        <\/div>\n\t\t\t\t\t\t\t<\/div> \n\t\t\t\n                            \n\t\t\t\t<div id=\"ngg-image-173\" class=\"ngg-gallery-thumbnail-box\" >\n\t\t\t\t        <div class=\"ngg-gallery-thumbnail\">\n            <a href=\"http:\/\/foto-passion.com\/wp-content\/gallery\/fotostrecke_costarica2015-2016\/174_20151218-_J2A1336.jpg\"\n               title=\"&lt;strong&gt;Karakara&lt;\/strong&gt;&lt;br\/&gt;&lt;br\/&gt;&lt;span style=&quot;font-size:85%;color:#949494&quot;&gt;[Bild-Id: 14504]&lt;\/span&gt;\"\n               data-src=\"http:\/\/foto-passion.com\/wp-content\/gallery\/fotostrecke_costarica2015-2016\/174_20151218-_J2A1336.jpg\"\n               data-thumbnail=\"http:\/\/foto-passion.com\/wp-content\/gallery\/fotostrecke_costarica2015-2016\/thumbs\/thumbs_174_20151218-_J2A1336.jpg\"\n               data-image-id=\"14504\"\n               data-title=\"Karakara\"\n               data-description=\"&lt;strong&gt;Karakara&lt;\/strong&gt;&lt;br\/&gt;&lt;br\/&gt;&lt;span style=&quot;font-size:85%;color:#949494&quot;&gt;[Bild-Id: 14504]&lt;\/span&gt;\"\n               data-image-slug=\"174_20151218-_j2a1336-1\"\n               class=\"ngg-simplelightbox\" rel=\"27968d91f01ccc6554ee2078abffb628\">\n                <img\n                    title=\"Karakara\"\n                    alt=\"Karakara\"\n                    src=\"http:\/\/foto-passion.com\/wp-content\/gallery\/fotostrecke_costarica2015-2016\/cache\/174_20151218-_J2A1336.jpg-nggid0514504-ngg0dyn-150x100x100-00f0w010c011r110f110r010t010.jpg\"\n                    width=\"150\"\n                    height=\"100\"\n                    style=\"max-width:100%;\"\n                \/>\n            <\/a>\n        <\/div>\n\t\t\t\t\t\t\t<\/div> \n\t\t\t\n                            \n\t\t\t\t<div id=\"ngg-image-174\" class=\"ngg-gallery-thumbnail-box\" >\n\t\t\t\t        <div class=\"ngg-gallery-thumbnail\">\n            <a href=\"http:\/\/foto-passion.com\/wp-content\/gallery\/fotostrecke_costarica2015-2016\/175_20151226-Q78A0436.jpg\"\n               title=\"&lt;strong&gt;Anole&lt;\/strong&gt;&lt;br\/&gt;&lt;br\/&gt;&lt;span style=&quot;font-size:85%;color:#949494&quot;&gt;[Bild-Id: 14505]&lt;\/span&gt;\"\n               data-src=\"http:\/\/foto-passion.com\/wp-content\/gallery\/fotostrecke_costarica2015-2016\/175_20151226-Q78A0436.jpg\"\n               data-thumbnail=\"http:\/\/foto-passion.com\/wp-content\/gallery\/fotostrecke_costarica2015-2016\/thumbs\/thumbs_175_20151226-Q78A0436.jpg\"\n               data-image-id=\"14505\"\n               data-title=\"Anole\"\n               data-description=\"&lt;strong&gt;Anole&lt;\/strong&gt;&lt;br\/&gt;&lt;br\/&gt;&lt;span style=&quot;font-size:85%;color:#949494&quot;&gt;[Bild-Id: 14505]&lt;\/span&gt;\"\n               data-image-slug=\"175_20151226-q78a0436-1\"\n               class=\"ngg-simplelightbox\" rel=\"27968d91f01ccc6554ee2078abffb628\">\n                <img\n                    title=\"Anole\"\n                    alt=\"Anole\"\n                    src=\"http:\/\/foto-passion.com\/wp-content\/gallery\/fotostrecke_costarica2015-2016\/cache\/175_20151226-Q78A0436.jpg-nggid0514505-ngg0dyn-150x100x100-00f0w010c011r110f110r010t010.jpg\"\n                    width=\"150\"\n                    height=\"100\"\n                    style=\"max-width:100%;\"\n                \/>\n            <\/a>\n        <\/div>\n\t\t\t\t\t\t\t<\/div> \n\t\t\t\n                            \n\t\t\t\t<div id=\"ngg-image-175\" class=\"ngg-gallery-thumbnail-box\" >\n\t\t\t\t        <div class=\"ngg-gallery-thumbnail\">\n            <a href=\"http:\/\/foto-passion.com\/wp-content\/gallery\/fotostrecke_costarica2015-2016\/176_20151225-Q78A0106.jpg\"\n               title=\"&lt;strong&gt;Aga-Riesenkr\u00f6te (Rhinella marina), Cane Toad&lt;\/strong&gt;&lt;br\/&gt;&lt;br\/&gt;&lt;span style=&quot;font-size:85%;color:#949494&quot;&gt;[Bild-Id: 14506]&lt;\/span&gt;\"\n               data-src=\"http:\/\/foto-passion.com\/wp-content\/gallery\/fotostrecke_costarica2015-2016\/176_20151225-Q78A0106.jpg\"\n               data-thumbnail=\"http:\/\/foto-passion.com\/wp-content\/gallery\/fotostrecke_costarica2015-2016\/thumbs\/thumbs_176_20151225-Q78A0106.jpg\"\n               data-image-id=\"14506\"\n               data-title=\"Aga-Riesenkr\u00f6te (Rhinella marina), Cane Toad\"\n               data-description=\"&lt;strong&gt;Aga-Riesenkr\u00f6te (Rhinella marina), Cane Toad&lt;\/strong&gt;&lt;br\/&gt;&lt;br\/&gt;&lt;span style=&quot;font-size:85%;color:#949494&quot;&gt;[Bild-Id: 14506]&lt;\/span&gt;\"\n               data-image-slug=\"176_20151225-q78a0106-1\"\n               class=\"ngg-simplelightbox\" rel=\"27968d91f01ccc6554ee2078abffb628\">\n                <img\n                    title=\"Aga-Riesenkr\u00f6te (Rhinella marina), Cane Toad\"\n                    alt=\"Aga-Riesenkr\u00f6te (Rhinella marina), Cane Toad\"\n                    src=\"http:\/\/foto-passion.com\/wp-content\/gallery\/fotostrecke_costarica2015-2016\/cache\/176_20151225-Q78A0106.jpg-nggid0514506-ngg0dyn-150x100x100-00f0w010c011r110f110r010t010.jpg\"\n                    width=\"150\"\n                    height=\"100\"\n                    style=\"max-width:100%;\"\n                \/>\n            <\/a>\n        <\/div>\n\t\t\t\t\t\t\t<\/div> \n\t\t\t\n                                    <br style=\"clear: both\" \/>\n                    \n\t\t\t\t<div id=\"ngg-image-176\" class=\"ngg-gallery-thumbnail-box\" >\n\t\t\t\t        <div class=\"ngg-gallery-thumbnail\">\n            <a href=\"http:\/\/foto-passion.com\/wp-content\/gallery\/fotostrecke_costarica2015-2016\/177_20151226-_J2A3390.jpg\"\n               title=\"&lt;strong&gt;Starkschnabel-Maskentyrann (Megarhynchus pitangua)&lt;\/strong&gt;&lt;br\/&gt;&lt;br\/&gt;&lt;span style=&quot;font-size:85%;color:#949494&quot;&gt;[Bild-Id: 14507]&lt;\/span&gt;\"\n               data-src=\"http:\/\/foto-passion.com\/wp-content\/gallery\/fotostrecke_costarica2015-2016\/177_20151226-_J2A3390.jpg\"\n               data-thumbnail=\"http:\/\/foto-passion.com\/wp-content\/gallery\/fotostrecke_costarica2015-2016\/thumbs\/thumbs_177_20151226-_J2A3390.jpg\"\n               data-image-id=\"14507\"\n               data-title=\"Starkschnabel-Maskentyrann (Megarhynchus pitangua)\"\n               data-description=\"&lt;strong&gt;Starkschnabel-Maskentyrann (Megarhynchus pitangua)&lt;\/strong&gt;&lt;br\/&gt;&lt;br\/&gt;&lt;span style=&quot;font-size:85%;color:#949494&quot;&gt;[Bild-Id: 14507]&lt;\/span&gt;\"\n               data-image-slug=\"177_20151226-_j2a3390-1\"\n               class=\"ngg-simplelightbox\" rel=\"27968d91f01ccc6554ee2078abffb628\">\n                <img\n                    title=\"Starkschnabel-Maskentyrann (Megarhynchus pitangua)\"\n                    alt=\"Starkschnabel-Maskentyrann (Megarhynchus pitangua)\"\n                    src=\"http:\/\/foto-passion.com\/wp-content\/gallery\/fotostrecke_costarica2015-2016\/cache\/177_20151226-_J2A3390.jpg-nggid0514507-ngg0dyn-150x100x100-00f0w010c011r110f110r010t010.jpg\"\n                    width=\"150\"\n                    height=\"100\"\n                    style=\"max-width:100%;\"\n                \/>\n            <\/a>\n        <\/div>\n\t\t\t\t\t\t\t<\/div> \n\t\t\t\n                            \n\t\t\t\t<div id=\"ngg-image-177\" class=\"ngg-gallery-thumbnail-box\" >\n\t\t\t\t        <div class=\"ngg-gallery-thumbnail\">\n            <a href=\"http:\/\/foto-passion.com\/wp-content\/gallery\/fotostrecke_costarica2015-2016\/178_20151227-Q78A0644.jpg\"\n               title=\"&lt;strong&gt;Im Hochland Costa Ricas&lt;\/strong&gt;&lt;br\/&gt;&lt;br\/&gt;&lt;span style=&quot;font-size:85%;color:#949494&quot;&gt;[Bild-Id: 14508]&lt;\/span&gt;\"\n               data-src=\"http:\/\/foto-passion.com\/wp-content\/gallery\/fotostrecke_costarica2015-2016\/178_20151227-Q78A0644.jpg\"\n               data-thumbnail=\"http:\/\/foto-passion.com\/wp-content\/gallery\/fotostrecke_costarica2015-2016\/thumbs\/thumbs_178_20151227-Q78A0644.jpg\"\n               data-image-id=\"14508\"\n               data-title=\"Im Hochland Costa Ricas\"\n               data-description=\"&lt;strong&gt;Im Hochland Costa Ricas&lt;\/strong&gt;&lt;br\/&gt;&lt;br\/&gt;&lt;span style=&quot;font-size:85%;color:#949494&quot;&gt;[Bild-Id: 14508]&lt;\/span&gt;\"\n               data-image-slug=\"178_20151227-q78a0644-1\"\n               class=\"ngg-simplelightbox\" rel=\"27968d91f01ccc6554ee2078abffb628\">\n                <img\n                    title=\"Im Hochland Costa Ricas\"\n                    alt=\"Im Hochland Costa Ricas\"\n                    src=\"http:\/\/foto-passion.com\/wp-content\/gallery\/fotostrecke_costarica2015-2016\/cache\/178_20151227-Q78A0644.jpg-nggid0514508-ngg0dyn-150x100x100-00f0w010c011r110f110r010t010.jpg\"\n                    width=\"150\"\n                    height=\"100\"\n                    style=\"max-width:100%;\"\n                \/>\n            <\/a>\n        <\/div>\n\t\t\t\t\t\t\t<\/div> \n\t\t\t\n                            \n\t\t\t\t<div id=\"ngg-image-178\" class=\"ngg-gallery-thumbnail-box\" >\n\t\t\t\t        <div class=\"ngg-gallery-thumbnail\">\n            <a href=\"http:\/\/foto-passion.com\/wp-content\/gallery\/fotostrecke_costarica2015-2016\/179_20151227-Q78A0653.jpg\"\n               title=\"&lt;strong&gt;Blick vom Hochland auf die Pazifikk\u00fcste&lt;\/strong&gt;&lt;br\/&gt;&lt;br\/&gt;&lt;span style=&quot;font-size:85%;color:#949494&quot;&gt;[Bild-Id: 14509]&lt;\/span&gt;\"\n               data-src=\"http:\/\/foto-passion.com\/wp-content\/gallery\/fotostrecke_costarica2015-2016\/179_20151227-Q78A0653.jpg\"\n               data-thumbnail=\"http:\/\/foto-passion.com\/wp-content\/gallery\/fotostrecke_costarica2015-2016\/thumbs\/thumbs_179_20151227-Q78A0653.jpg\"\n               data-image-id=\"14509\"\n               data-title=\"Blick vom Hochland auf die Pazifikk\u00fcste\"\n               data-description=\"&lt;strong&gt;Blick vom Hochland auf die Pazifikk\u00fcste&lt;\/strong&gt;&lt;br\/&gt;&lt;br\/&gt;&lt;span style=&quot;font-size:85%;color:#949494&quot;&gt;[Bild-Id: 14509]&lt;\/span&gt;\"\n               data-image-slug=\"179_20151227-q78a0653-1\"\n               class=\"ngg-simplelightbox\" rel=\"27968d91f01ccc6554ee2078abffb628\">\n                <img\n                    title=\"Blick vom Hochland auf die Pazifikk\u00fcste\"\n                    alt=\"Blick vom Hochland auf die Pazifikk\u00fcste\"\n                    src=\"http:\/\/foto-passion.com\/wp-content\/gallery\/fotostrecke_costarica2015-2016\/cache\/179_20151227-Q78A0653.jpg-nggid0514509-ngg0dyn-150x100x100-00f0w010c011r110f110r010t010.jpg\"\n                    width=\"150\"\n                    height=\"100\"\n                    style=\"max-width:100%;\"\n                \/>\n            <\/a>\n        <\/div>\n\t\t\t\t\t\t\t<\/div> \n\t\t\t\n                            \n\t\t\t\t<div id=\"ngg-image-179\" class=\"ngg-gallery-thumbnail-box\" >\n\t\t\t\t        <div class=\"ngg-gallery-thumbnail\">\n            <a href=\"http:\/\/foto-passion.com\/wp-content\/gallery\/fotostrecke_costarica2015-2016\/180_20151229-Q78A1094.jpg\"\n               title=\"&lt;strong&gt;Palm\u00f6lplantage&lt;\/strong&gt;&lt;br\/&gt;&lt;br\/&gt;&lt;span style=&quot;font-size:85%;color:#949494&quot;&gt;[Bild-Id: 14510]&lt;\/span&gt;\"\n               data-src=\"http:\/\/foto-passion.com\/wp-content\/gallery\/fotostrecke_costarica2015-2016\/180_20151229-Q78A1094.jpg\"\n               data-thumbnail=\"http:\/\/foto-passion.com\/wp-content\/gallery\/fotostrecke_costarica2015-2016\/thumbs\/thumbs_180_20151229-Q78A1094.jpg\"\n               data-image-id=\"14510\"\n               data-title=\"Palm\u00f6lplantage\"\n               data-description=\"&lt;strong&gt;Palm\u00f6lplantage&lt;\/strong&gt;&lt;br\/&gt;&lt;br\/&gt;&lt;span style=&quot;font-size:85%;color:#949494&quot;&gt;[Bild-Id: 14510]&lt;\/span&gt;\"\n               data-image-slug=\"180_20151229-q78a1094-1\"\n               class=\"ngg-simplelightbox\" rel=\"27968d91f01ccc6554ee2078abffb628\">\n                <img\n                    title=\"Palm\u00f6lplantage\"\n                    alt=\"Palm\u00f6lplantage\"\n                    src=\"http:\/\/foto-passion.com\/wp-content\/gallery\/fotostrecke_costarica2015-2016\/cache\/180_20151229-Q78A1094.jpg-nggid0514510-ngg0dyn-150x100x100-00f0w010c011r110f110r010t010.jpg\"\n                    width=\"150\"\n                    height=\"100\"\n                    style=\"max-width:100%;\"\n                \/>\n            <\/a>\n        <\/div>\n\t\t\t\t\t\t\t<\/div> \n\t\t\t\n                                    <br style=\"clear: both\" \/>\n                    \n\t\t\t\t<div id=\"ngg-image-180\" class=\"ngg-gallery-thumbnail-box\" >\n\t\t\t\t        <div class=\"ngg-gallery-thumbnail\">\n            <a href=\"http:\/\/foto-passion.com\/wp-content\/gallery\/fotostrecke_costarica2015-2016\/181_20151229-Q78A1107.jpg\"\n               title=\"&lt;strong&gt;Palm\u00f6lplantage&lt;\/strong&gt;&lt;br\/&gt;&lt;br\/&gt;&lt;span style=&quot;font-size:85%;color:#949494&quot;&gt;[Bild-Id: 14511]&lt;\/span&gt;\"\n               data-src=\"http:\/\/foto-passion.com\/wp-content\/gallery\/fotostrecke_costarica2015-2016\/181_20151229-Q78A1107.jpg\"\n               data-thumbnail=\"http:\/\/foto-passion.com\/wp-content\/gallery\/fotostrecke_costarica2015-2016\/thumbs\/thumbs_181_20151229-Q78A1107.jpg\"\n               data-image-id=\"14511\"\n               data-title=\"Palm\u00f6lplantage\"\n               data-description=\"&lt;strong&gt;Palm\u00f6lplantage&lt;\/strong&gt;&lt;br\/&gt;&lt;br\/&gt;&lt;span style=&quot;font-size:85%;color:#949494&quot;&gt;[Bild-Id: 14511]&lt;\/span&gt;\"\n               data-image-slug=\"181_20151229-q78a1107-1\"\n               class=\"ngg-simplelightbox\" rel=\"27968d91f01ccc6554ee2078abffb628\">\n                <img\n                    title=\"Palm\u00f6lplantage\"\n                    alt=\"Palm\u00f6lplantage\"\n                    src=\"http:\/\/foto-passion.com\/wp-content\/gallery\/fotostrecke_costarica2015-2016\/cache\/181_20151229-Q78A1107.jpg-nggid0514511-ngg0dyn-150x100x100-00f0w010c011r110f110r010t010.jpg\"\n                    width=\"150\"\n                    height=\"100\"\n                    style=\"max-width:100%;\"\n                \/>\n            <\/a>\n        <\/div>\n\t\t\t\t\t\t\t<\/div> \n\t\t\t\n                            \n\t\t\t\t<div id=\"ngg-image-181\" class=\"ngg-gallery-thumbnail-box\" >\n\t\t\t\t        <div class=\"ngg-gallery-thumbnail\">\n            <a href=\"http:\/\/foto-passion.com\/wp-content\/gallery\/fotostrecke_costarica2015-2016\/182_20151229-Q78A1059.jpg\"\n               title=\"&lt;strong&gt;Strand von Drake Bay&lt;\/strong&gt;&lt;br\/&gt;&lt;br\/&gt;&lt;span style=&quot;font-size:85%;color:#949494&quot;&gt;[Bild-Id: 14512]&lt;\/span&gt;\"\n               data-src=\"http:\/\/foto-passion.com\/wp-content\/gallery\/fotostrecke_costarica2015-2016\/182_20151229-Q78A1059.jpg\"\n               data-thumbnail=\"http:\/\/foto-passion.com\/wp-content\/gallery\/fotostrecke_costarica2015-2016\/thumbs\/thumbs_182_20151229-Q78A1059.jpg\"\n               data-image-id=\"14512\"\n               data-title=\"Strand von Drake Bay\"\n               data-description=\"&lt;strong&gt;Strand von Drake Bay&lt;\/strong&gt;&lt;br\/&gt;&lt;br\/&gt;&lt;span style=&quot;font-size:85%;color:#949494&quot;&gt;[Bild-Id: 14512]&lt;\/span&gt;\"\n               data-image-slug=\"182_20151229-q78a1059-1\"\n               class=\"ngg-simplelightbox\" rel=\"27968d91f01ccc6554ee2078abffb628\">\n                <img\n                    title=\"Strand von Drake Bay\"\n                    alt=\"Strand von Drake Bay\"\n                    src=\"http:\/\/foto-passion.com\/wp-content\/gallery\/fotostrecke_costarica2015-2016\/cache\/182_20151229-Q78A1059.jpg-nggid0514512-ngg0dyn-150x100x100-00f0w010c011r110f110r010t010.jpg\"\n                    width=\"150\"\n                    height=\"100\"\n                    style=\"max-width:100%;\"\n                \/>\n            <\/a>\n        <\/div>\n\t\t\t\t\t\t\t<\/div> \n\t\t\t\n                            \n\t\t\t\t<div id=\"ngg-image-182\" class=\"ngg-gallery-thumbnail-box\" >\n\t\t\t\t        <div class=\"ngg-gallery-thumbnail\">\n            <a href=\"http:\/\/foto-passion.com\/wp-content\/gallery\/fotostrecke_costarica2015-2016\/183_20151229-Q78A1061.jpg\"\n               title=\"&lt;strong&gt;Strand von Drake Bay&lt;\/strong&gt;&lt;br\/&gt;&lt;br\/&gt;&lt;span style=&quot;font-size:85%;color:#949494&quot;&gt;[Bild-Id: 14513]&lt;\/span&gt;\"\n               data-src=\"http:\/\/foto-passion.com\/wp-content\/gallery\/fotostrecke_costarica2015-2016\/183_20151229-Q78A1061.jpg\"\n               data-thumbnail=\"http:\/\/foto-passion.com\/wp-content\/gallery\/fotostrecke_costarica2015-2016\/thumbs\/thumbs_183_20151229-Q78A1061.jpg\"\n               data-image-id=\"14513\"\n               data-title=\"Strand von Drake Bay\"\n               data-description=\"&lt;strong&gt;Strand von Drake Bay&lt;\/strong&gt;&lt;br\/&gt;&lt;br\/&gt;&lt;span style=&quot;font-size:85%;color:#949494&quot;&gt;[Bild-Id: 14513]&lt;\/span&gt;\"\n               data-image-slug=\"183_20151229-q78a1061-1\"\n               class=\"ngg-simplelightbox\" rel=\"27968d91f01ccc6554ee2078abffb628\">\n                <img\n                    title=\"Strand von Drake Bay\"\n                    alt=\"Strand von Drake Bay\"\n                    src=\"http:\/\/foto-passion.com\/wp-content\/gallery\/fotostrecke_costarica2015-2016\/cache\/183_20151229-Q78A1061.jpg-nggid0514513-ngg0dyn-150x100x100-00f0w010c011r110f110r010t010.jpg\"\n                    width=\"150\"\n                    height=\"100\"\n                    style=\"max-width:100%;\"\n                \/>\n            <\/a>\n        <\/div>\n\t\t\t\t\t\t\t<\/div> \n\t\t\t\n                            \n\t\t\t\t<div id=\"ngg-image-183\" class=\"ngg-gallery-thumbnail-box\" >\n\t\t\t\t        <div class=\"ngg-gallery-thumbnail\">\n            <a href=\"http:\/\/foto-passion.com\/wp-content\/gallery\/fotostrecke_costarica2015-2016\/184_20151229-Q78A1016.jpg\"\n               title=\"&lt;strong&gt;Eine etwas ungew\u00f6hnliche Anfahrt&lt;\/strong&gt;&lt;br\/&gt;&lt;br\/&gt;&lt;span style=&quot;font-size:85%;color:#949494&quot;&gt;[Bild-Id: 14514]&lt;\/span&gt;\"\n               data-src=\"http:\/\/foto-passion.com\/wp-content\/gallery\/fotostrecke_costarica2015-2016\/184_20151229-Q78A1016.jpg\"\n               data-thumbnail=\"http:\/\/foto-passion.com\/wp-content\/gallery\/fotostrecke_costarica2015-2016\/thumbs\/thumbs_184_20151229-Q78A1016.jpg\"\n               data-image-id=\"14514\"\n               data-title=\"Eine etwas ungew\u00f6hnliche Anfahrt\"\n               data-description=\"&lt;strong&gt;Eine etwas ungew\u00f6hnliche Anfahrt&lt;\/strong&gt;&lt;br\/&gt;&lt;br\/&gt;&lt;span style=&quot;font-size:85%;color:#949494&quot;&gt;[Bild-Id: 14514]&lt;\/span&gt;\"\n               data-image-slug=\"184_20151229-q78a1016-1\"\n               class=\"ngg-simplelightbox\" rel=\"27968d91f01ccc6554ee2078abffb628\">\n                <img\n                    title=\"Eine etwas ungew\u00f6hnliche Anfahrt\"\n                    alt=\"Eine etwas ungew\u00f6hnliche Anfahrt\"\n                    src=\"http:\/\/foto-passion.com\/wp-content\/gallery\/fotostrecke_costarica2015-2016\/cache\/184_20151229-Q78A1016.jpg-nggid0514514-ngg0dyn-150x100x100-00f0w010c011r110f110r010t010.jpg\"\n                    width=\"150\"\n                    height=\"100\"\n                    style=\"max-width:100%;\"\n                \/>\n            <\/a>\n        <\/div>\n\t\t\t\t\t\t\t<\/div> \n\t\t\t\n                                    <br style=\"clear: both\" \/>\n                    \n\t\t\t\t<div id=\"ngg-image-184\" class=\"ngg-gallery-thumbnail-box\" >\n\t\t\t\t        <div class=\"ngg-gallery-thumbnail\">\n            <a href=\"http:\/\/foto-passion.com\/wp-content\/gallery\/fotostrecke_costarica2015-2016\/185_20151228-Q78A0775.jpg\"\n               title=\"&lt;strong&gt;Tamandua-Camp&lt;\/strong&gt;&lt;br\/&gt;&lt;br\/&gt;&lt;span style=&quot;font-size:85%;color:#949494&quot;&gt;[Bild-Id: 14515]&lt;\/span&gt;\"\n               data-src=\"http:\/\/foto-passion.com\/wp-content\/gallery\/fotostrecke_costarica2015-2016\/185_20151228-Q78A0775.jpg\"\n               data-thumbnail=\"http:\/\/foto-passion.com\/wp-content\/gallery\/fotostrecke_costarica2015-2016\/thumbs\/thumbs_185_20151228-Q78A0775.jpg\"\n               data-image-id=\"14515\"\n               data-title=\"Tamandua-Camp\"\n               data-description=\"&lt;strong&gt;Tamandua-Camp&lt;\/strong&gt;&lt;br\/&gt;&lt;br\/&gt;&lt;span style=&quot;font-size:85%;color:#949494&quot;&gt;[Bild-Id: 14515]&lt;\/span&gt;\"\n               data-image-slug=\"185_20151228-q78a0775-1\"\n               class=\"ngg-simplelightbox\" rel=\"27968d91f01ccc6554ee2078abffb628\">\n                <img\n                    title=\"Tamandua-Camp\"\n                    alt=\"Tamandua-Camp\"\n                    src=\"http:\/\/foto-passion.com\/wp-content\/gallery\/fotostrecke_costarica2015-2016\/cache\/185_20151228-Q78A0775.jpg-nggid0514515-ngg0dyn-150x100x100-00f0w010c011r110f110r010t010.jpg\"\n                    width=\"150\"\n                    height=\"100\"\n                    style=\"max-width:100%;\"\n                \/>\n            <\/a>\n        <\/div>\n\t\t\t\t\t\t\t<\/div> \n\t\t\t\n                            \n\t\t\t\t<div id=\"ngg-image-185\" class=\"ngg-gallery-thumbnail-box\" >\n\t\t\t\t        <div class=\"ngg-gallery-thumbnail\">\n            <a href=\"http:\/\/foto-passion.com\/wp-content\/gallery\/fotostrecke_costarica2015-2016\/186_20151228-Q78A0885.jpg\"\n               title=\"&lt;strong&gt;Im Dschungel&lt;\/strong&gt;&lt;br\/&gt;&lt;br\/&gt;&lt;span style=&quot;font-size:85%;color:#949494&quot;&gt;[Bild-Id: 14516]&lt;\/span&gt;\"\n               data-src=\"http:\/\/foto-passion.com\/wp-content\/gallery\/fotostrecke_costarica2015-2016\/186_20151228-Q78A0885.jpg\"\n               data-thumbnail=\"http:\/\/foto-passion.com\/wp-content\/gallery\/fotostrecke_costarica2015-2016\/thumbs\/thumbs_186_20151228-Q78A0885.jpg\"\n               data-image-id=\"14516\"\n               data-title=\"Im Dschungel\"\n               data-description=\"&lt;strong&gt;Im Dschungel&lt;\/strong&gt;&lt;br\/&gt;&lt;br\/&gt;&lt;span style=&quot;font-size:85%;color:#949494&quot;&gt;[Bild-Id: 14516]&lt;\/span&gt;\"\n               data-image-slug=\"186_20151228-q78a0885-1\"\n               class=\"ngg-simplelightbox\" rel=\"27968d91f01ccc6554ee2078abffb628\">\n                <img\n                    title=\"Im Dschungel\"\n                    alt=\"Im Dschungel\"\n                    src=\"http:\/\/foto-passion.com\/wp-content\/gallery\/fotostrecke_costarica2015-2016\/cache\/186_20151228-Q78A0885.jpg-nggid0514516-ngg0dyn-150x100x100-00f0w010c011r110f110r010t010.jpg\"\n                    width=\"150\"\n                    height=\"100\"\n                    style=\"max-width:100%;\"\n                \/>\n            <\/a>\n        <\/div>\n\t\t\t\t\t\t\t<\/div> \n\t\t\t\n                            \n\t\t\t\t<div id=\"ngg-image-186\" class=\"ngg-gallery-thumbnail-box\" >\n\t\t\t\t        <div class=\"ngg-gallery-thumbnail\">\n            <a href=\"http:\/\/foto-passion.com\/wp-content\/gallery\/fotostrecke_costarica2015-2016\/187_20151228-Q78A0861.jpg\"\n               title=\"&lt;strong&gt;Im Dschungel&lt;\/strong&gt;&lt;br\/&gt;&lt;br\/&gt;&lt;span style=&quot;font-size:85%;color:#949494&quot;&gt;[Bild-Id: 14517]&lt;\/span&gt;\"\n               data-src=\"http:\/\/foto-passion.com\/wp-content\/gallery\/fotostrecke_costarica2015-2016\/187_20151228-Q78A0861.jpg\"\n               data-thumbnail=\"http:\/\/foto-passion.com\/wp-content\/gallery\/fotostrecke_costarica2015-2016\/thumbs\/thumbs_187_20151228-Q78A0861.jpg\"\n               data-image-id=\"14517\"\n               data-title=\"Im Dschungel\"\n               data-description=\"&lt;strong&gt;Im Dschungel&lt;\/strong&gt;&lt;br\/&gt;&lt;br\/&gt;&lt;span style=&quot;font-size:85%;color:#949494&quot;&gt;[Bild-Id: 14517]&lt;\/span&gt;\"\n               data-image-slug=\"187_20151228-q78a0861-1\"\n               class=\"ngg-simplelightbox\" rel=\"27968d91f01ccc6554ee2078abffb628\">\n                <img\n                    title=\"Im Dschungel\"\n                    alt=\"Im Dschungel\"\n                    src=\"http:\/\/foto-passion.com\/wp-content\/gallery\/fotostrecke_costarica2015-2016\/cache\/187_20151228-Q78A0861.jpg-nggid0514517-ngg0dyn-150x100x100-00f0w010c011r110f110r010t010.jpg\"\n                    width=\"150\"\n                    height=\"100\"\n                    style=\"max-width:100%;\"\n                \/>\n            <\/a>\n        <\/div>\n\t\t\t\t\t\t\t<\/div> \n\t\t\t\n                            \n\t\t\t\t<div id=\"ngg-image-187\" class=\"ngg-gallery-thumbnail-box\" >\n\t\t\t\t        <div class=\"ngg-gallery-thumbnail\">\n            <a href=\"http:\/\/foto-passion.com\/wp-content\/gallery\/fotostrecke_costarica2015-2016\/188_20151221-Q78A8612.jpg\"\n               title=\"&lt;strong&gt;Schwarzer Br\u00fcllaffe (Alouatta caraya), Black Howler Monkey&lt;\/strong&gt;&lt;br\/&gt;&lt;br\/&gt;&lt;span style=&quot;font-size:85%;color:#949494&quot;&gt;[Bild-Id: 14518]&lt;\/span&gt;\"\n               data-src=\"http:\/\/foto-passion.com\/wp-content\/gallery\/fotostrecke_costarica2015-2016\/188_20151221-Q78A8612.jpg\"\n               data-thumbnail=\"http:\/\/foto-passion.com\/wp-content\/gallery\/fotostrecke_costarica2015-2016\/thumbs\/thumbs_188_20151221-Q78A8612.jpg\"\n               data-image-id=\"14518\"\n               data-title=\"Schwarzer Br\u00fcllaffe (Alouatta caraya), Black Howler Monkey\"\n               data-description=\"&lt;strong&gt;Schwarzer Br\u00fcllaffe (Alouatta caraya), Black Howler Monkey&lt;\/strong&gt;&lt;br\/&gt;&lt;br\/&gt;&lt;span style=&quot;font-size:85%;color:#949494&quot;&gt;[Bild-Id: 14518]&lt;\/span&gt;\"\n               data-image-slug=\"188_20151221-q78a8612\"\n               class=\"ngg-simplelightbox\" rel=\"27968d91f01ccc6554ee2078abffb628\">\n                <img\n                    title=\"Schwarzer Br\u00fcllaffe (Alouatta caraya), Black Howler Monkey\"\n                    alt=\"Schwarzer Br\u00fcllaffe (Alouatta caraya), Black Howler Monkey\"\n                    src=\"http:\/\/foto-passion.com\/wp-content\/gallery\/fotostrecke_costarica2015-2016\/cache\/188_20151221-Q78A8612.jpg-nggid0514518-ngg0dyn-150x100x100-00f0w010c011r110f110r010t010.jpg\"\n                    width=\"150\"\n                    height=\"100\"\n                    style=\"max-width:100%;\"\n                \/>\n            <\/a>\n        <\/div>\n\t\t\t\t\t\t\t<\/div> \n\t\t\t\n                                    <br style=\"clear: both\" \/>\n                    \n\t\t\t\t<div id=\"ngg-image-188\" class=\"ngg-gallery-thumbnail-box\" >\n\t\t\t\t        <div class=\"ngg-gallery-thumbnail\">\n            <a href=\"http:\/\/foto-passion.com\/wp-content\/gallery\/fotostrecke_costarica2015-2016\/189_20151227-_J2A3570.jpg\"\n               title=\"&lt;strong&gt;Klammeraffen (Ateles belzebuth), Spidermonkeys&lt;\/strong&gt;&lt;br\/&gt;&lt;br\/&gt;&lt;span style=&quot;font-size:85%;color:#949494&quot;&gt;[Bild-Id: 14519]&lt;\/span&gt;\"\n               data-src=\"http:\/\/foto-passion.com\/wp-content\/gallery\/fotostrecke_costarica2015-2016\/189_20151227-_J2A3570.jpg\"\n               data-thumbnail=\"http:\/\/foto-passion.com\/wp-content\/gallery\/fotostrecke_costarica2015-2016\/thumbs\/thumbs_189_20151227-_J2A3570.jpg\"\n               data-image-id=\"14519\"\n               data-title=\"Klammeraffen (Ateles belzebuth), Spidermonkeys\"\n               data-description=\"&lt;strong&gt;Klammeraffen (Ateles belzebuth), Spidermonkeys&lt;\/strong&gt;&lt;br\/&gt;&lt;br\/&gt;&lt;span style=&quot;font-size:85%;color:#949494&quot;&gt;[Bild-Id: 14519]&lt;\/span&gt;\"\n               data-image-slug=\"189_20151227-_j2a3570\"\n               class=\"ngg-simplelightbox\" rel=\"27968d91f01ccc6554ee2078abffb628\">\n                <img\n                    title=\"Klammeraffen (Ateles belzebuth), Spidermonkeys\"\n                    alt=\"Klammeraffen (Ateles belzebuth), Spidermonkeys\"\n                    src=\"http:\/\/foto-passion.com\/wp-content\/gallery\/fotostrecke_costarica2015-2016\/cache\/189_20151227-_J2A3570.jpg-nggid0514519-ngg0dyn-150x100x100-00f0w010c011r110f110r010t010.jpg\"\n                    width=\"150\"\n                    height=\"100\"\n                    style=\"max-width:100%;\"\n                \/>\n            <\/a>\n        <\/div>\n\t\t\t\t\t\t\t<\/div> \n\t\t\t\n                            \n\t\t\t\t<div id=\"ngg-image-189\" class=\"ngg-gallery-thumbnail-box\" >\n\t\t\t\t        <div class=\"ngg-gallery-thumbnail\">\n            <a href=\"http:\/\/foto-passion.com\/wp-content\/gallery\/fotostrecke_costarica2015-2016\/190_20151217-Q78A4997.jpg\"\n               title=\"&lt;strong&gt;Tukan&lt;\/strong&gt;&lt;br\/&gt;&lt;br\/&gt;&lt;span style=&quot;font-size:85%;color:#949494&quot;&gt;[Bild-Id: 14520]&lt;\/span&gt;\"\n               data-src=\"http:\/\/foto-passion.com\/wp-content\/gallery\/fotostrecke_costarica2015-2016\/190_20151217-Q78A4997.jpg\"\n               data-thumbnail=\"http:\/\/foto-passion.com\/wp-content\/gallery\/fotostrecke_costarica2015-2016\/thumbs\/thumbs_190_20151217-Q78A4997.jpg\"\n               data-image-id=\"14520\"\n               data-title=\"Tukan\"\n               data-description=\"&lt;strong&gt;Tukan&lt;\/strong&gt;&lt;br\/&gt;&lt;br\/&gt;&lt;span style=&quot;font-size:85%;color:#949494&quot;&gt;[Bild-Id: 14520]&lt;\/span&gt;\"\n               data-image-slug=\"190_20151217-q78a4997\"\n               class=\"ngg-simplelightbox\" rel=\"27968d91f01ccc6554ee2078abffb628\">\n                <img\n                    title=\"Tukan\"\n                    alt=\"Tukan\"\n                    src=\"http:\/\/foto-passion.com\/wp-content\/gallery\/fotostrecke_costarica2015-2016\/cache\/190_20151217-Q78A4997.jpg-nggid0514520-ngg0dyn-150x100x100-00f0w010c011r110f110r010t010.jpg\"\n                    width=\"150\"\n                    height=\"100\"\n                    style=\"max-width:100%;\"\n                \/>\n            <\/a>\n        <\/div>\n\t\t\t\t\t\t\t<\/div> \n\t\t\t\n                            \n\t\t\t\t<div id=\"ngg-image-190\" class=\"ngg-gallery-thumbnail-box\" >\n\t\t\t\t        <div class=\"ngg-gallery-thumbnail\">\n            <a href=\"http:\/\/foto-passion.com\/wp-content\/gallery\/fotostrecke_costarica2015-2016\/191_20151228-_J2A3671.jpg\"\n               title=\"&lt;strong&gt;Fledermaus&lt;\/strong&gt;&lt;br\/&gt;&lt;br\/&gt;&lt;span style=&quot;font-size:85%;color:#949494&quot;&gt;[Bild-Id: 14521]&lt;\/span&gt;\"\n               data-src=\"http:\/\/foto-passion.com\/wp-content\/gallery\/fotostrecke_costarica2015-2016\/191_20151228-_J2A3671.jpg\"\n               data-thumbnail=\"http:\/\/foto-passion.com\/wp-content\/gallery\/fotostrecke_costarica2015-2016\/thumbs\/thumbs_191_20151228-_J2A3671.jpg\"\n               data-image-id=\"14521\"\n               data-title=\"Fledermaus\"\n               data-description=\"&lt;strong&gt;Fledermaus&lt;\/strong&gt;&lt;br\/&gt;&lt;br\/&gt;&lt;span style=&quot;font-size:85%;color:#949494&quot;&gt;[Bild-Id: 14521]&lt;\/span&gt;\"\n               data-image-slug=\"191_20151228-_j2a3671\"\n               class=\"ngg-simplelightbox\" rel=\"27968d91f01ccc6554ee2078abffb628\">\n                <img\n                    title=\"Fledermaus\"\n                    alt=\"Fledermaus\"\n                    src=\"http:\/\/foto-passion.com\/wp-content\/gallery\/fotostrecke_costarica2015-2016\/cache\/191_20151228-_J2A3671.jpg-nggid0514521-ngg0dyn-150x100x100-00f0w010c011r110f110r010t010.jpg\"\n                    width=\"150\"\n                    height=\"100\"\n                    style=\"max-width:100%;\"\n                \/>\n            <\/a>\n        <\/div>\n\t\t\t\t\t\t\t<\/div> \n\t\t\t\n                            \n\t\t\t\t<div id=\"ngg-image-191\" class=\"ngg-gallery-thumbnail-box\" >\n\t\t\t\t        <div class=\"ngg-gallery-thumbnail\">\n            <a href=\"http:\/\/foto-passion.com\/wp-content\/gallery\/fotostrecke_costarica2015-2016\/192_20151227-Q78A0661.jpg\"\n               title=\"&lt;strong&gt;Baumfrosch&lt;\/strong&gt;&lt;br\/&gt;&lt;br\/&gt;&lt;span style=&quot;font-size:85%;color:#949494&quot;&gt;[Bild-Id: 14522]&lt;\/span&gt;\"\n               data-src=\"http:\/\/foto-passion.com\/wp-content\/gallery\/fotostrecke_costarica2015-2016\/192_20151227-Q78A0661.jpg\"\n               data-thumbnail=\"http:\/\/foto-passion.com\/wp-content\/gallery\/fotostrecke_costarica2015-2016\/thumbs\/thumbs_192_20151227-Q78A0661.jpg\"\n               data-image-id=\"14522\"\n               data-title=\"Baumfrosch\"\n               data-description=\"&lt;strong&gt;Baumfrosch&lt;\/strong&gt;&lt;br\/&gt;&lt;br\/&gt;&lt;span style=&quot;font-size:85%;color:#949494&quot;&gt;[Bild-Id: 14522]&lt;\/span&gt;\"\n               data-image-slug=\"192_20151227-q78a0661\"\n               class=\"ngg-simplelightbox\" rel=\"27968d91f01ccc6554ee2078abffb628\">\n                <img\n                    title=\"Baumfrosch\"\n                    alt=\"Baumfrosch\"\n                    src=\"http:\/\/foto-passion.com\/wp-content\/gallery\/fotostrecke_costarica2015-2016\/cache\/192_20151227-Q78A0661.jpg-nggid0514522-ngg0dyn-150x100x100-00f0w010c011r110f110r010t010.jpg\"\n                    width=\"150\"\n                    height=\"100\"\n                    style=\"max-width:100%;\"\n                \/>\n            <\/a>\n        <\/div>\n\t\t\t\t\t\t\t<\/div> \n\t\t\t\n                                    <br style=\"clear: both\" \/>\n                    \n\t\t\t\t<div id=\"ngg-image-192\" class=\"ngg-gallery-thumbnail-box\" >\n\t\t\t\t        <div class=\"ngg-gallery-thumbnail\">\n            <a href=\"http:\/\/foto-passion.com\/wp-content\/gallery\/fotostrecke_costarica2015-2016\/193_20151227-Q78A0711.jpg\"\n               title=\"&lt;strong&gt;Kielf\u00f6rmiger Racer - Sipo (Chironius Carinatus), Morley Read&lt;\/strong&gt;&lt;br\/&gt;&lt;br\/&gt;&lt;span style=&quot;font-size:85%;color:#949494&quot;&gt;[Bild-Id: 14523]&lt;\/span&gt;\"\n               data-src=\"http:\/\/foto-passion.com\/wp-content\/gallery\/fotostrecke_costarica2015-2016\/193_20151227-Q78A0711.jpg\"\n               data-thumbnail=\"http:\/\/foto-passion.com\/wp-content\/gallery\/fotostrecke_costarica2015-2016\/thumbs\/thumbs_193_20151227-Q78A0711.jpg\"\n               data-image-id=\"14523\"\n               data-title=\"Kielf\u00f6rmiger Racer - Sipo (Chironius Carinatus), Morley Read\"\n               data-description=\"&lt;strong&gt;Kielf\u00f6rmiger Racer - Sipo (Chironius Carinatus), Morley Read&lt;\/strong&gt;&lt;br\/&gt;&lt;br\/&gt;&lt;span style=&quot;font-size:85%;color:#949494&quot;&gt;[Bild-Id: 14523]&lt;\/span&gt;\"\n               data-image-slug=\"193_20151227-q78a0711\"\n               class=\"ngg-simplelightbox\" rel=\"27968d91f01ccc6554ee2078abffb628\">\n                <img\n                    title=\"Kielf\u00f6rmiger Racer - Sipo (Chironius Carinatus), Morley Read\"\n                    alt=\"Kielf\u00f6rmiger Racer - Sipo (Chironius Carinatus), Morley Read\"\n                    src=\"http:\/\/foto-passion.com\/wp-content\/gallery\/fotostrecke_costarica2015-2016\/cache\/193_20151227-Q78A0711.jpg-nggid0514523-ngg0dyn-150x100x100-00f0w010c011r110f110r010t010.jpg\"\n                    width=\"150\"\n                    height=\"100\"\n                    style=\"max-width:100%;\"\n                \/>\n            <\/a>\n        <\/div>\n\t\t\t\t\t\t\t<\/div> \n\t\t\t\n                            \n\t\t\t\t<div id=\"ngg-image-193\" class=\"ngg-gallery-thumbnail-box\" >\n\t\t\t\t        <div class=\"ngg-gallery-thumbnail\">\n            <a href=\"http:\/\/foto-passion.com\/wp-content\/gallery\/fotostrecke_costarica2015-2016\/194_20151228-Q78A0951.jpg\"\n               title=\"&lt;strong\/&gt;&lt;br\/&gt;&lt;br\/&gt;&lt;span style=&quot;font-size:85%;color:#949494&quot;&gt;[Bild-Id: 14524]&lt;\/span&gt;\"\n               data-src=\"http:\/\/foto-passion.com\/wp-content\/gallery\/fotostrecke_costarica2015-2016\/194_20151228-Q78A0951.jpg\"\n               data-thumbnail=\"http:\/\/foto-passion.com\/wp-content\/gallery\/fotostrecke_costarica2015-2016\/thumbs\/thumbs_194_20151228-Q78A0951.jpg\"\n               data-image-id=\"14524\"\n               data-title=\"-\"\n               data-description=\"&lt;strong\/&gt;&lt;br\/&gt;&lt;br\/&gt;&lt;span style=&quot;font-size:85%;color:#949494&quot;&gt;[Bild-Id: 14524]&lt;\/span&gt;\"\n               data-image-slug=\"194_20151228-q78a0951\"\n               class=\"ngg-simplelightbox\" rel=\"27968d91f01ccc6554ee2078abffb628\">\n                <img\n                    title=\"-\"\n                    alt=\"-\"\n                    src=\"http:\/\/foto-passion.com\/wp-content\/gallery\/fotostrecke_costarica2015-2016\/cache\/194_20151228-Q78A0951.jpg-nggid0514524-ngg0dyn-150x100x100-00f0w010c011r110f110r010t010.jpg\"\n                    width=\"150\"\n                    height=\"100\"\n                    style=\"max-width:100%;\"\n                \/>\n            <\/a>\n        <\/div>\n\t\t\t\t\t\t\t<\/div> \n\t\t\t\n                            \n\t\t\t\t<div id=\"ngg-image-194\" class=\"ngg-gallery-thumbnail-box\" >\n\t\t\t\t        <div class=\"ngg-gallery-thumbnail\">\n            <a href=\"http:\/\/foto-passion.com\/wp-content\/gallery\/fotostrecke_costarica2015-2016\/195_20151228-Q78A0955.jpg\"\n               title=\"&lt;strong&gt;Fleischmanns Glasfrosch (Hyalinobatrachium fleischmanni), Fleischmann&#039;s Yellow-flecked Glassfrog&lt;\/strong&gt;&lt;br\/&gt;&lt;br\/&gt;&lt;span style=&quot;font-size:85%;color:#949494&quot;&gt;[Bild-Id: 14525]&lt;\/span&gt;\"\n               data-src=\"http:\/\/foto-passion.com\/wp-content\/gallery\/fotostrecke_costarica2015-2016\/195_20151228-Q78A0955.jpg\"\n               data-thumbnail=\"http:\/\/foto-passion.com\/wp-content\/gallery\/fotostrecke_costarica2015-2016\/thumbs\/thumbs_195_20151228-Q78A0955.jpg\"\n               data-image-id=\"14525\"\n               data-title=\"Fleischmanns Glasfrosch (Hyalinobatrachium fleischmanni), Fleischmann&#039;s Yellow-flecked Glassfrog\"\n               data-description=\"&lt;strong&gt;Fleischmanns Glasfrosch (Hyalinobatrachium fleischmanni), Fleischmann&#039;s Yellow-flecked Glassfrog&lt;\/strong&gt;&lt;br\/&gt;&lt;br\/&gt;&lt;span style=&quot;font-size:85%;color:#949494&quot;&gt;[Bild-Id: 14525]&lt;\/span&gt;\"\n               data-image-slug=\"195_20151228-q78a0955\"\n               class=\"ngg-simplelightbox\" rel=\"27968d91f01ccc6554ee2078abffb628\">\n                <img\n                    title=\"Fleischmanns Glasfrosch (Hyalinobatrachium fleischmanni), Fleischmann&#039;s Yellow-flecked Glassfrog\"\n                    alt=\"Fleischmanns Glasfrosch (Hyalinobatrachium fleischmanni), Fleischmann&#039;s Yellow-flecked Glassfrog\"\n                    src=\"http:\/\/foto-passion.com\/wp-content\/gallery\/fotostrecke_costarica2015-2016\/cache\/195_20151228-Q78A0955.jpg-nggid0514525-ngg0dyn-150x100x100-00f0w010c011r110f110r010t010.jpg\"\n                    width=\"150\"\n                    height=\"100\"\n                    style=\"max-width:100%;\"\n                \/>\n            <\/a>\n        <\/div>\n\t\t\t\t\t\t\t<\/div> \n\t\t\t\n                            \n\t\t\t\t<div id=\"ngg-image-195\" class=\"ngg-gallery-thumbnail-box\" >\n\t\t\t\t        <div class=\"ngg-gallery-thumbnail\">\n            <a href=\"http:\/\/foto-passion.com\/wp-content\/gallery\/fotostrecke_costarica2015-2016\/196_20151221-Q78A8457.jpg\"\n               title=\"&lt;strong&gt;Schwarzer Br\u00fcllaffe (Alouatta caraya), Black Howler Monkey&lt;\/strong&gt;&lt;br\/&gt;&lt;br\/&gt;&lt;span style=&quot;font-size:85%;color:#949494&quot;&gt;[Bild-Id: 14526]&lt;\/span&gt;\"\n               data-src=\"http:\/\/foto-passion.com\/wp-content\/gallery\/fotostrecke_costarica2015-2016\/196_20151221-Q78A8457.jpg\"\n               data-thumbnail=\"http:\/\/foto-passion.com\/wp-content\/gallery\/fotostrecke_costarica2015-2016\/thumbs\/thumbs_196_20151221-Q78A8457.jpg\"\n               data-image-id=\"14526\"\n               data-title=\"Schwarzer Br\u00fcllaffe (Alouatta caraya), Black Howler Monkey\"\n               data-description=\"&lt;strong&gt;Schwarzer Br\u00fcllaffe (Alouatta caraya), Black Howler Monkey&lt;\/strong&gt;&lt;br\/&gt;&lt;br\/&gt;&lt;span style=&quot;font-size:85%;color:#949494&quot;&gt;[Bild-Id: 14526]&lt;\/span&gt;\"\n               data-image-slug=\"196_20151221-q78a8457\"\n               class=\"ngg-simplelightbox\" rel=\"27968d91f01ccc6554ee2078abffb628\">\n                <img\n                    title=\"Schwarzer Br\u00fcllaffe (Alouatta caraya), Black Howler Monkey\"\n                    alt=\"Schwarzer Br\u00fcllaffe (Alouatta caraya), Black Howler Monkey\"\n                    src=\"http:\/\/foto-passion.com\/wp-content\/gallery\/fotostrecke_costarica2015-2016\/cache\/196_20151221-Q78A8457.jpg-nggid0514526-ngg0dyn-150x100x100-00f0w010c011r110f110r010t010.jpg\"\n                    width=\"150\"\n                    height=\"100\"\n                    style=\"max-width:100%;\"\n                \/>\n            <\/a>\n        <\/div>\n\t\t\t\t\t\t\t<\/div> \n\t\t\t\n                                    <br style=\"clear: both\" \/>\n                    \n\t\t\t\t<div id=\"ngg-image-196\" class=\"ngg-gallery-thumbnail-box\" >\n\t\t\t\t        <div class=\"ngg-gallery-thumbnail\">\n            <a href=\"http:\/\/foto-passion.com\/wp-content\/gallery\/fotostrecke_costarica2015-2016\/197_20151221-Q78A8661.jpg\"\n               title=\"&lt;strong&gt;Schwarzer Br\u00fcllaffe (Alouatta caraya), Black Howler Monkey&lt;\/strong&gt;&lt;br\/&gt;&lt;br\/&gt;&lt;span style=&quot;font-size:85%;color:#949494&quot;&gt;[Bild-Id: 14527]&lt;\/span&gt;\"\n               data-src=\"http:\/\/foto-passion.com\/wp-content\/gallery\/fotostrecke_costarica2015-2016\/197_20151221-Q78A8661.jpg\"\n               data-thumbnail=\"http:\/\/foto-passion.com\/wp-content\/gallery\/fotostrecke_costarica2015-2016\/thumbs\/thumbs_197_20151221-Q78A8661.jpg\"\n               data-image-id=\"14527\"\n               data-title=\"Schwarzer Br\u00fcllaffe (Alouatta caraya), Black Howler Monkey\"\n               data-description=\"&lt;strong&gt;Schwarzer Br\u00fcllaffe (Alouatta caraya), Black Howler Monkey&lt;\/strong&gt;&lt;br\/&gt;&lt;br\/&gt;&lt;span style=&quot;font-size:85%;color:#949494&quot;&gt;[Bild-Id: 14527]&lt;\/span&gt;\"\n               data-image-slug=\"197_20151221-q78a8661\"\n               class=\"ngg-simplelightbox\" rel=\"27968d91f01ccc6554ee2078abffb628\">\n                <img\n                    title=\"Schwarzer Br\u00fcllaffe (Alouatta caraya), Black Howler Monkey\"\n                    alt=\"Schwarzer Br\u00fcllaffe (Alouatta caraya), Black Howler Monkey\"\n                    src=\"http:\/\/foto-passion.com\/wp-content\/gallery\/fotostrecke_costarica2015-2016\/cache\/197_20151221-Q78A8661.jpg-nggid0514527-ngg0dyn-150x100x100-00f0w010c011r110f110r010t010.jpg\"\n                    width=\"150\"\n                    height=\"100\"\n                    style=\"max-width:100%;\"\n                \/>\n            <\/a>\n        <\/div>\n\t\t\t\t\t\t\t<\/div> \n\t\t\t\n                            \n\t\t\t\t<div id=\"ngg-image-197\" class=\"ngg-gallery-thumbnail-box\" >\n\t\t\t\t        <div class=\"ngg-gallery-thumbnail\">\n            <a href=\"http:\/\/foto-passion.com\/wp-content\/gallery\/fotostrecke_costarica2015-2016\/198_20151217-_78A4764.jpg\"\n               title=\"&lt;strong&gt;Smilisca sordida&lt;\/strong&gt;&lt;br\/&gt;&lt;br\/&gt;&lt;span style=&quot;font-size:85%;color:#949494&quot;&gt;[Bild-Id: 14528]&lt;\/span&gt;\"\n               data-src=\"http:\/\/foto-passion.com\/wp-content\/gallery\/fotostrecke_costarica2015-2016\/198_20151217-_78A4764.jpg\"\n               data-thumbnail=\"http:\/\/foto-passion.com\/wp-content\/gallery\/fotostrecke_costarica2015-2016\/thumbs\/thumbs_198_20151217-_78A4764.jpg\"\n               data-image-id=\"14528\"\n               data-title=\"Smilisca sordida\"\n               data-description=\"&lt;strong&gt;Smilisca sordida&lt;\/strong&gt;&lt;br\/&gt;&lt;br\/&gt;&lt;span style=&quot;font-size:85%;color:#949494&quot;&gt;[Bild-Id: 14528]&lt;\/span&gt;\"\n               data-image-slug=\"198_20151217-_78a4764\"\n               class=\"ngg-simplelightbox\" rel=\"27968d91f01ccc6554ee2078abffb628\">\n                <img\n                    title=\"Smilisca sordida\"\n                    alt=\"Smilisca sordida\"\n                    src=\"http:\/\/foto-passion.com\/wp-content\/gallery\/fotostrecke_costarica2015-2016\/cache\/198_20151217-_78A4764.jpg-nggid0514528-ngg0dyn-150x100x100-00f0w010c011r110f110r010t010.jpg\"\n                    width=\"150\"\n                    height=\"100\"\n                    style=\"max-width:100%;\"\n                \/>\n            <\/a>\n        <\/div>\n\t\t\t\t\t\t\t<\/div> \n\t\t\t\n                            \n\t\t\t\t<div id=\"ngg-image-198\" class=\"ngg-gallery-thumbnail-box\" >\n\t\t\t\t        <div class=\"ngg-gallery-thumbnail\">\n            <a href=\"http:\/\/foto-passion.com\/wp-content\/gallery\/fotostrecke_costarica2015-2016\/199_20151228-Q78A0789.jpg\"\n               title=\"&lt;strong&gt;Im Dschungel&lt;\/strong&gt;&lt;br\/&gt;&lt;br\/&gt;&lt;span style=&quot;font-size:85%;color:#949494&quot;&gt;[Bild-Id: 14529]&lt;\/span&gt;\"\n               data-src=\"http:\/\/foto-passion.com\/wp-content\/gallery\/fotostrecke_costarica2015-2016\/199_20151228-Q78A0789.jpg\"\n               data-thumbnail=\"http:\/\/foto-passion.com\/wp-content\/gallery\/fotostrecke_costarica2015-2016\/thumbs\/thumbs_199_20151228-Q78A0789.jpg\"\n               data-image-id=\"14529\"\n               data-title=\"Im Dschungel\"\n               data-description=\"&lt;strong&gt;Im Dschungel&lt;\/strong&gt;&lt;br\/&gt;&lt;br\/&gt;&lt;span style=&quot;font-size:85%;color:#949494&quot;&gt;[Bild-Id: 14529]&lt;\/span&gt;\"\n               data-image-slug=\"199_20151228-q78a0789\"\n               class=\"ngg-simplelightbox\" rel=\"27968d91f01ccc6554ee2078abffb628\">\n                <img\n                    title=\"Im Dschungel\"\n                    alt=\"Im Dschungel\"\n                    src=\"http:\/\/foto-passion.com\/wp-content\/gallery\/fotostrecke_costarica2015-2016\/cache\/199_20151228-Q78A0789.jpg-nggid0514529-ngg0dyn-150x100x100-00f0w010c011r110f110r010t010.jpg\"\n                    width=\"150\"\n                    height=\"100\"\n                    style=\"max-width:100%;\"\n                \/>\n            <\/a>\n        <\/div>\n\t\t\t\t\t\t\t<\/div> \n\t\t\t\n                            \n\t\t\t\t<div id=\"ngg-image-199\" class=\"ngg-gallery-thumbnail-box\" >\n\t\t\t\t        <div class=\"ngg-gallery-thumbnail\">\n            <a href=\"http:\/\/foto-passion.com\/wp-content\/gallery\/fotostrecke_costarica2015-2016\/200_20151228-Q78A0805.jpg\"\n               title=\"&lt;strong&gt;Im Dschungel&lt;\/strong&gt;&lt;br\/&gt;&lt;br\/&gt;&lt;span style=&quot;font-size:85%;color:#949494&quot;&gt;[Bild-Id: 14530]&lt;\/span&gt;\"\n               data-src=\"http:\/\/foto-passion.com\/wp-content\/gallery\/fotostrecke_costarica2015-2016\/200_20151228-Q78A0805.jpg\"\n               data-thumbnail=\"http:\/\/foto-passion.com\/wp-content\/gallery\/fotostrecke_costarica2015-2016\/thumbs\/thumbs_200_20151228-Q78A0805.jpg\"\n               data-image-id=\"14530\"\n               data-title=\"Im Dschungel\"\n               data-description=\"&lt;strong&gt;Im Dschungel&lt;\/strong&gt;&lt;br\/&gt;&lt;br\/&gt;&lt;span style=&quot;font-size:85%;color:#949494&quot;&gt;[Bild-Id: 14530]&lt;\/span&gt;\"\n               data-image-slug=\"200_20151228-q78a0805\"\n               class=\"ngg-simplelightbox\" rel=\"27968d91f01ccc6554ee2078abffb628\">\n                <img\n                    title=\"Im Dschungel\"\n                    alt=\"Im Dschungel\"\n                    src=\"http:\/\/foto-passion.com\/wp-content\/gallery\/fotostrecke_costarica2015-2016\/cache\/200_20151228-Q78A0805.jpg-nggid0514530-ngg0dyn-150x100x100-00f0w010c011r110f110r010t010.jpg\"\n                    width=\"150\"\n                    height=\"100\"\n                    style=\"max-width:100%;\"\n                \/>\n            <\/a>\n        <\/div>\n\t\t\t\t\t\t\t<\/div> \n\t\t\t\n                                    <br style=\"clear: both\" \/>\n                    \n\t\t\t\t<div id=\"ngg-image-200\" class=\"ngg-gallery-thumbnail-box\" >\n\t\t\t\t        <div class=\"ngg-gallery-thumbnail\">\n            <a href=\"http:\/\/foto-passion.com\/wp-content\/gallery\/fotostrecke_costarica2015-2016\/201_20151228-Q78A0807.jpg\"\n               title=\"&lt;strong&gt;Im Dschungel&lt;\/strong&gt;&lt;br\/&gt;&lt;br\/&gt;&lt;span style=&quot;font-size:85%;color:#949494&quot;&gt;[Bild-Id: 14531]&lt;\/span&gt;\"\n               data-src=\"http:\/\/foto-passion.com\/wp-content\/gallery\/fotostrecke_costarica2015-2016\/201_20151228-Q78A0807.jpg\"\n               data-thumbnail=\"http:\/\/foto-passion.com\/wp-content\/gallery\/fotostrecke_costarica2015-2016\/thumbs\/thumbs_201_20151228-Q78A0807.jpg\"\n               data-image-id=\"14531\"\n               data-title=\"Im Dschungel\"\n               data-description=\"&lt;strong&gt;Im Dschungel&lt;\/strong&gt;&lt;br\/&gt;&lt;br\/&gt;&lt;span style=&quot;font-size:85%;color:#949494&quot;&gt;[Bild-Id: 14531]&lt;\/span&gt;\"\n               data-image-slug=\"201_20151228-q78a0807\"\n               class=\"ngg-simplelightbox\" rel=\"27968d91f01ccc6554ee2078abffb628\">\n                <img\n                    title=\"Im Dschungel\"\n                    alt=\"Im Dschungel\"\n                    src=\"http:\/\/foto-passion.com\/wp-content\/gallery\/fotostrecke_costarica2015-2016\/cache\/201_20151228-Q78A0807.jpg-nggid0514531-ngg0dyn-150x100x100-00f0w010c011r110f110r010t010.jpg\"\n                    width=\"150\"\n                    height=\"100\"\n                    style=\"max-width:100%;\"\n                \/>\n            <\/a>\n        <\/div>\n\t\t\t\t\t\t\t<\/div> \n\t\t\t\n                            \n\t\t\t\t<div id=\"ngg-image-201\" class=\"ngg-gallery-thumbnail-box\" >\n\t\t\t\t        <div class=\"ngg-gallery-thumbnail\">\n            <a href=\"http:\/\/foto-passion.com\/wp-content\/gallery\/fotostrecke_costarica2015-2016\/202_20151228-Q78A0784.jpg\"\n               title=\"&lt;strong&gt;Im Dschungel&lt;\/strong&gt;&lt;br\/&gt;&lt;br\/&gt;&lt;span style=&quot;font-size:85%;color:#949494&quot;&gt;[Bild-Id: 14532]&lt;\/span&gt;\"\n               data-src=\"http:\/\/foto-passion.com\/wp-content\/gallery\/fotostrecke_costarica2015-2016\/202_20151228-Q78A0784.jpg\"\n               data-thumbnail=\"http:\/\/foto-passion.com\/wp-content\/gallery\/fotostrecke_costarica2015-2016\/thumbs\/thumbs_202_20151228-Q78A0784.jpg\"\n               data-image-id=\"14532\"\n               data-title=\"Im Dschungel\"\n               data-description=\"&lt;strong&gt;Im Dschungel&lt;\/strong&gt;&lt;br\/&gt;&lt;br\/&gt;&lt;span style=&quot;font-size:85%;color:#949494&quot;&gt;[Bild-Id: 14532]&lt;\/span&gt;\"\n               data-image-slug=\"202_20151228-q78a0784\"\n               class=\"ngg-simplelightbox\" rel=\"27968d91f01ccc6554ee2078abffb628\">\n                <img\n                    title=\"Im Dschungel\"\n                    alt=\"Im Dschungel\"\n                    src=\"http:\/\/foto-passion.com\/wp-content\/gallery\/fotostrecke_costarica2015-2016\/cache\/202_20151228-Q78A0784.jpg-nggid0514532-ngg0dyn-150x100x100-00f0w010c011r110f110r010t010.jpg\"\n                    width=\"150\"\n                    height=\"100\"\n                    style=\"max-width:100%;\"\n                \/>\n            <\/a>\n        <\/div>\n\t\t\t\t\t\t\t<\/div> \n\t\t\t\n                            \n\t\t\t\t<div id=\"ngg-image-202\" class=\"ngg-gallery-thumbnail-box\" >\n\t\t\t\t        <div class=\"ngg-gallery-thumbnail\">\n            <a href=\"http:\/\/foto-passion.com\/wp-content\/gallery\/fotostrecke_costarica2015-2016\/203_20151228-Q78A0928.jpg\"\n               title=\"&lt;strong&gt;Pfeilgiftfrosch (Silverstoneia flotator), Striped Rocket Frog&lt;\/strong&gt;&lt;br\/&gt;&lt;br\/&gt;&lt;span style=&quot;font-size:85%;color:#949494&quot;&gt;[Bild-Id: 14533]&lt;\/span&gt;\"\n               data-src=\"http:\/\/foto-passion.com\/wp-content\/gallery\/fotostrecke_costarica2015-2016\/203_20151228-Q78A0928.jpg\"\n               data-thumbnail=\"http:\/\/foto-passion.com\/wp-content\/gallery\/fotostrecke_costarica2015-2016\/thumbs\/thumbs_203_20151228-Q78A0928.jpg\"\n               data-image-id=\"14533\"\n               data-title=\"Pfeilgiftfrosch (Silverstoneia flotator), Striped Rocket Frog\"\n               data-description=\"&lt;strong&gt;Pfeilgiftfrosch (Silverstoneia flotator), Striped Rocket Frog&lt;\/strong&gt;&lt;br\/&gt;&lt;br\/&gt;&lt;span style=&quot;font-size:85%;color:#949494&quot;&gt;[Bild-Id: 14533]&lt;\/span&gt;\"\n               data-image-slug=\"203_20151228-q78a0928\"\n               class=\"ngg-simplelightbox\" rel=\"27968d91f01ccc6554ee2078abffb628\">\n                <img\n                    title=\"Pfeilgiftfrosch (Silverstoneia flotator), Striped Rocket Frog\"\n                    alt=\"Pfeilgiftfrosch (Silverstoneia flotator), Striped Rocket Frog\"\n                    src=\"http:\/\/foto-passion.com\/wp-content\/gallery\/fotostrecke_costarica2015-2016\/cache\/203_20151228-Q78A0928.jpg-nggid0514533-ngg0dyn-150x100x100-00f0w010c011r110f110r010t010.jpg\"\n                    width=\"150\"\n                    height=\"100\"\n                    style=\"max-width:100%;\"\n                \/>\n            <\/a>\n        <\/div>\n\t\t\t\t\t\t\t<\/div> \n\t\t\t\n                            \n\t\t\t\t<div id=\"ngg-image-203\" class=\"ngg-gallery-thumbnail-box\" >\n\t\t\t\t        <div class=\"ngg-gallery-thumbnail\">\n            <a href=\"http:\/\/foto-passion.com\/wp-content\/gallery\/fotostrecke_costarica2015-2016\/204_20151228-Q78A0982.jpg\"\n               title=\"&lt;strong&gt;Anole&lt;\/strong&gt;&lt;br\/&gt;&lt;br\/&gt;&lt;span style=&quot;font-size:85%;color:#949494&quot;&gt;[Bild-Id: 14534]&lt;\/span&gt;\"\n               data-src=\"http:\/\/foto-passion.com\/wp-content\/gallery\/fotostrecke_costarica2015-2016\/204_20151228-Q78A0982.jpg\"\n               data-thumbnail=\"http:\/\/foto-passion.com\/wp-content\/gallery\/fotostrecke_costarica2015-2016\/thumbs\/thumbs_204_20151228-Q78A0982.jpg\"\n               data-image-id=\"14534\"\n               data-title=\"Anole\"\n               data-description=\"&lt;strong&gt;Anole&lt;\/strong&gt;&lt;br\/&gt;&lt;br\/&gt;&lt;span style=&quot;font-size:85%;color:#949494&quot;&gt;[Bild-Id: 14534]&lt;\/span&gt;\"\n               data-image-slug=\"204_20151228-q78a0982\"\n               class=\"ngg-simplelightbox\" rel=\"27968d91f01ccc6554ee2078abffb628\">\n                <img\n                    title=\"Anole\"\n                    alt=\"Anole\"\n                    src=\"http:\/\/foto-passion.com\/wp-content\/gallery\/fotostrecke_costarica2015-2016\/cache\/204_20151228-Q78A0982.jpg-nggid0514534-ngg0dyn-150x100x100-00f0w010c011r110f110r010t010.jpg\"\n                    width=\"150\"\n                    height=\"100\"\n                    style=\"max-width:100%;\"\n                \/>\n            <\/a>\n        <\/div>\n\t\t\t\t\t\t\t<\/div> \n\t\t\t\n                                    <br style=\"clear: both\" \/>\n                    \n\t\t\t\t<div id=\"ngg-image-204\" class=\"ngg-gallery-thumbnail-box\" >\n\t\t\t\t        <div class=\"ngg-gallery-thumbnail\">\n            <a href=\"http:\/\/foto-passion.com\/wp-content\/gallery\/fotostrecke_costarica2015-2016\/205_20151228-Q78A1005.jpg\"\n               title=\"&lt;strong\/&gt;&lt;br\/&gt;&lt;br\/&gt;&lt;span style=&quot;font-size:85%;color:#949494&quot;&gt;[Bild-Id: 14535]&lt;\/span&gt;\"\n               data-src=\"http:\/\/foto-passion.com\/wp-content\/gallery\/fotostrecke_costarica2015-2016\/205_20151228-Q78A1005.jpg\"\n               data-thumbnail=\"http:\/\/foto-passion.com\/wp-content\/gallery\/fotostrecke_costarica2015-2016\/thumbs\/thumbs_205_20151228-Q78A1005.jpg\"\n               data-image-id=\"14535\"\n               data-title=\"-\"\n               data-description=\"&lt;strong\/&gt;&lt;br\/&gt;&lt;br\/&gt;&lt;span style=&quot;font-size:85%;color:#949494&quot;&gt;[Bild-Id: 14535]&lt;\/span&gt;\"\n               data-image-slug=\"205_20151228-q78a1005\"\n               class=\"ngg-simplelightbox\" rel=\"27968d91f01ccc6554ee2078abffb628\">\n                <img\n                    title=\"-\"\n                    alt=\"-\"\n                    src=\"http:\/\/foto-passion.com\/wp-content\/gallery\/fotostrecke_costarica2015-2016\/cache\/205_20151228-Q78A1005.jpg-nggid0514535-ngg0dyn-150x100x100-00f0w010c011r110f110r010t010.jpg\"\n                    width=\"150\"\n                    height=\"100\"\n                    style=\"max-width:100%;\"\n                \/>\n            <\/a>\n        <\/div>\n\t\t\t\t\t\t\t<\/div> \n\t\t\t\n                            \n\t\t\t\t<div id=\"ngg-image-205\" class=\"ngg-gallery-thumbnail-box\" >\n\t\t\t\t        <div class=\"ngg-gallery-thumbnail\">\n            <a href=\"http:\/\/foto-passion.com\/wp-content\/gallery\/fotostrecke_costarica2015-2016\/206_20151229-Q78A1210.jpg\"\n               title=\"&lt;strong&gt;Eier des Glasfroschs (Teratohyla pulverata), Lime-colored Glass Frog&lt;\/strong&gt;&lt;br\/&gt;&lt;br\/&gt;&lt;span style=&quot;font-size:85%;color:#949494&quot;&gt;[Bild-Id: 14536]&lt;\/span&gt;\"\n               data-src=\"http:\/\/foto-passion.com\/wp-content\/gallery\/fotostrecke_costarica2015-2016\/206_20151229-Q78A1210.jpg\"\n               data-thumbnail=\"http:\/\/foto-passion.com\/wp-content\/gallery\/fotostrecke_costarica2015-2016\/thumbs\/thumbs_206_20151229-Q78A1210.jpg\"\n               data-image-id=\"14536\"\n               data-title=\"Eier des Glasfroschs (Teratohyla pulverata), Lime-colored Glass Frog\"\n               data-description=\"&lt;strong&gt;Eier des Glasfroschs (Teratohyla pulverata), Lime-colored Glass Frog&lt;\/strong&gt;&lt;br\/&gt;&lt;br\/&gt;&lt;span style=&quot;font-size:85%;color:#949494&quot;&gt;[Bild-Id: 14536]&lt;\/span&gt;\"\n               data-image-slug=\"206_20151229-q78a1210\"\n               class=\"ngg-simplelightbox\" rel=\"27968d91f01ccc6554ee2078abffb628\">\n                <img\n                    title=\"Eier des Glasfroschs (Teratohyla pulverata), Lime-colored Glass Frog\"\n                    alt=\"Eier des Glasfroschs (Teratohyla pulverata), Lime-colored Glass Frog\"\n                    src=\"http:\/\/foto-passion.com\/wp-content\/gallery\/fotostrecke_costarica2015-2016\/cache\/206_20151229-Q78A1210.jpg-nggid0514536-ngg0dyn-150x100x100-00f0w010c011r110f110r010t010.jpg\"\n                    width=\"150\"\n                    height=\"100\"\n                    style=\"max-width:100%;\"\n                \/>\n            <\/a>\n        <\/div>\n\t\t\t\t\t\t\t<\/div> \n\t\t\t\n                            \n\t\t\t\t<div id=\"ngg-image-206\" class=\"ngg-gallery-thumbnail-box\" >\n\t\t\t\t        <div class=\"ngg-gallery-thumbnail\">\n            <a href=\"http:\/\/foto-passion.com\/wp-content\/gallery\/fotostrecke_costarica2015-2016\/207_20151231-Q78A2045.jpg\"\n               title=\"&lt;strong&gt;Palm\u00f6lplantage&lt;\/strong&gt;&lt;br\/&gt;&lt;br\/&gt;&lt;span style=&quot;font-size:85%;color:#949494&quot;&gt;[Bild-Id: 14537]&lt;\/span&gt;\"\n               data-src=\"http:\/\/foto-passion.com\/wp-content\/gallery\/fotostrecke_costarica2015-2016\/207_20151231-Q78A2045.jpg\"\n               data-thumbnail=\"http:\/\/foto-passion.com\/wp-content\/gallery\/fotostrecke_costarica2015-2016\/thumbs\/thumbs_207_20151231-Q78A2045.jpg\"\n               data-image-id=\"14537\"\n               data-title=\"Palm\u00f6lplantage\"\n               data-description=\"&lt;strong&gt;Palm\u00f6lplantage&lt;\/strong&gt;&lt;br\/&gt;&lt;br\/&gt;&lt;span style=&quot;font-size:85%;color:#949494&quot;&gt;[Bild-Id: 14537]&lt;\/span&gt;\"\n               data-image-slug=\"207_20151231-q78a2045\"\n               class=\"ngg-simplelightbox\" rel=\"27968d91f01ccc6554ee2078abffb628\">\n                <img\n                    title=\"Palm\u00f6lplantage\"\n                    alt=\"Palm\u00f6lplantage\"\n                    src=\"http:\/\/foto-passion.com\/wp-content\/gallery\/fotostrecke_costarica2015-2016\/cache\/207_20151231-Q78A2045.jpg-nggid0514537-ngg0dyn-150x100x100-00f0w010c011r110f110r010t010.jpg\"\n                    width=\"150\"\n                    height=\"100\"\n                    style=\"max-width:100%;\"\n                \/>\n            <\/a>\n        <\/div>\n\t\t\t\t\t\t\t<\/div> \n\t\t\t\n                            \n\t\t\t\t<div id=\"ngg-image-207\" class=\"ngg-gallery-thumbnail-box\" >\n\t\t\t\t        <div class=\"ngg-gallery-thumbnail\">\n            <a href=\"http:\/\/foto-passion.com\/wp-content\/gallery\/fotostrecke_costarica2015-2016\/208_20151231-Q78A2054.jpg\"\n               title=\"&lt;strong&gt;Aus diesen Palmenfr\u00fcchten wird das begehrte - weil billige - Palm\u00f6l gewonnen&lt;\/strong&gt;&lt;br\/&gt;&lt;br\/&gt;&lt;span style=&quot;font-size:85%;color:#949494&quot;&gt;[Bild-Id: 14538]&lt;\/span&gt;\"\n               data-src=\"http:\/\/foto-passion.com\/wp-content\/gallery\/fotostrecke_costarica2015-2016\/208_20151231-Q78A2054.jpg\"\n               data-thumbnail=\"http:\/\/foto-passion.com\/wp-content\/gallery\/fotostrecke_costarica2015-2016\/thumbs\/thumbs_208_20151231-Q78A2054.jpg\"\n               data-image-id=\"14538\"\n               data-title=\"Aus diesen Palmenfr\u00fcchten wird das begehrte - weil billige - Palm\u00f6l gewonnen\"\n               data-description=\"&lt;strong&gt;Aus diesen Palmenfr\u00fcchten wird das begehrte - weil billige - Palm\u00f6l gewonnen&lt;\/strong&gt;&lt;br\/&gt;&lt;br\/&gt;&lt;span style=&quot;font-size:85%;color:#949494&quot;&gt;[Bild-Id: 14538]&lt;\/span&gt;\"\n               data-image-slug=\"208_20151231-q78a2054\"\n               class=\"ngg-simplelightbox\" rel=\"27968d91f01ccc6554ee2078abffb628\">\n                <img\n                    title=\"Aus diesen Palmenfr\u00fcchten wird das begehrte - weil billige - Palm\u00f6l gewonnen\"\n                    alt=\"Aus diesen Palmenfr\u00fcchten wird das begehrte - weil billige - Palm\u00f6l gewonnen\"\n                    src=\"http:\/\/foto-passion.com\/wp-content\/gallery\/fotostrecke_costarica2015-2016\/cache\/208_20151231-Q78A2054.jpg-nggid0514538-ngg0dyn-150x100x100-00f0w010c011r110f110r010t010.jpg\"\n                    width=\"150\"\n                    height=\"100\"\n                    style=\"max-width:100%;\"\n                \/>\n            <\/a>\n        <\/div>\n\t\t\t\t\t\t\t<\/div> \n\t\t\t\n                                    <br style=\"clear: both\" \/>\n                    \n\t\t\t\t<div id=\"ngg-image-208\" class=\"ngg-gallery-thumbnail-box\" >\n\t\t\t\t        <div class=\"ngg-gallery-thumbnail\">\n            <a href=\"http:\/\/foto-passion.com\/wp-content\/gallery\/fotostrecke_costarica2015-2016\/209_20151231-Q78A2061.jpg\"\n               title=\"&lt;strong&gt;Aus diesen Palmenfr\u00fcchten wird das begehrte - weil billige - Palm\u00f6l gewonnen&lt;\/strong&gt;&lt;br\/&gt;&lt;br\/&gt;&lt;span style=&quot;font-size:85%;color:#949494&quot;&gt;[Bild-Id: 14539]&lt;\/span&gt;\"\n               data-src=\"http:\/\/foto-passion.com\/wp-content\/gallery\/fotostrecke_costarica2015-2016\/209_20151231-Q78A2061.jpg\"\n               data-thumbnail=\"http:\/\/foto-passion.com\/wp-content\/gallery\/fotostrecke_costarica2015-2016\/thumbs\/thumbs_209_20151231-Q78A2061.jpg\"\n               data-image-id=\"14539\"\n               data-title=\"Aus diesen Palmenfr\u00fcchten wird das begehrte - weil billige - Palm\u00f6l gewonnen\"\n               data-description=\"&lt;strong&gt;Aus diesen Palmenfr\u00fcchten wird das begehrte - weil billige - Palm\u00f6l gewonnen&lt;\/strong&gt;&lt;br\/&gt;&lt;br\/&gt;&lt;span style=&quot;font-size:85%;color:#949494&quot;&gt;[Bild-Id: 14539]&lt;\/span&gt;\"\n               data-image-slug=\"209_20151231-q78a2061\"\n               class=\"ngg-simplelightbox\" rel=\"27968d91f01ccc6554ee2078abffb628\">\n                <img\n                    title=\"Aus diesen Palmenfr\u00fcchten wird das begehrte - weil billige - Palm\u00f6l gewonnen\"\n                    alt=\"Aus diesen Palmenfr\u00fcchten wird das begehrte - weil billige - Palm\u00f6l gewonnen\"\n                    src=\"http:\/\/foto-passion.com\/wp-content\/gallery\/fotostrecke_costarica2015-2016\/cache\/209_20151231-Q78A2061.jpg-nggid0514539-ngg0dyn-150x100x100-00f0w010c011r110f110r010t010.jpg\"\n                    width=\"150\"\n                    height=\"100\"\n                    style=\"max-width:100%;\"\n                \/>\n            <\/a>\n        <\/div>\n\t\t\t\t\t\t\t<\/div> \n\t\t\t\n                            \n\t\t\t\t<div id=\"ngg-image-209\" class=\"ngg-gallery-thumbnail-box\" >\n\t\t\t\t        <div class=\"ngg-gallery-thumbnail\">\n            <a href=\"http:\/\/foto-passion.com\/wp-content\/gallery\/fotostrecke_costarica2015-2016\/210_20151231-Q78A2059.jpg\"\n               title=\"&lt;strong&gt;Palm\u00f6lfr\u00fcchte&lt;\/strong&gt;&lt;br\/&gt;&lt;br\/&gt;&lt;span style=&quot;font-size:85%;color:#949494&quot;&gt;[Bild-Id: 14540]&lt;\/span&gt;\"\n               data-src=\"http:\/\/foto-passion.com\/wp-content\/gallery\/fotostrecke_costarica2015-2016\/210_20151231-Q78A2059.jpg\"\n               data-thumbnail=\"http:\/\/foto-passion.com\/wp-content\/gallery\/fotostrecke_costarica2015-2016\/thumbs\/thumbs_210_20151231-Q78A2059.jpg\"\n               data-image-id=\"14540\"\n               data-title=\"Palm\u00f6lfr\u00fcchte\"\n               data-description=\"&lt;strong&gt;Palm\u00f6lfr\u00fcchte&lt;\/strong&gt;&lt;br\/&gt;&lt;br\/&gt;&lt;span style=&quot;font-size:85%;color:#949494&quot;&gt;[Bild-Id: 14540]&lt;\/span&gt;\"\n               data-image-slug=\"210_20151231-q78a2059\"\n               class=\"ngg-simplelightbox\" rel=\"27968d91f01ccc6554ee2078abffb628\">\n                <img\n                    title=\"Palm\u00f6lfr\u00fcchte\"\n                    alt=\"Palm\u00f6lfr\u00fcchte\"\n                    src=\"http:\/\/foto-passion.com\/wp-content\/gallery\/fotostrecke_costarica2015-2016\/cache\/210_20151231-Q78A2059.jpg-nggid0514540-ngg0dyn-150x100x100-00f0w010c011r110f110r010t010.jpg\"\n                    width=\"150\"\n                    height=\"100\"\n                    style=\"max-width:100%;\"\n                \/>\n            <\/a>\n        <\/div>\n\t\t\t\t\t\t\t<\/div> \n\t\t\t\n                            \n\t\t\t\t<div id=\"ngg-image-210\" class=\"ngg-gallery-thumbnail-box\" >\n\t\t\t\t        <div class=\"ngg-gallery-thumbnail\">\n            <a href=\"http:\/\/foto-passion.com\/wp-content\/gallery\/fotostrecke_costarica2015-2016\/211_20151231-Q78A2030.jpg\"\n               title=\"&lt;strong&gt;Esquinas Rainforest Lodge&lt;\/strong&gt;&lt;br\/&gt;&lt;br\/&gt;&lt;span style=&quot;font-size:85%;color:#949494&quot;&gt;[Bild-Id: 14541]&lt;\/span&gt;\"\n               data-src=\"http:\/\/foto-passion.com\/wp-content\/gallery\/fotostrecke_costarica2015-2016\/211_20151231-Q78A2030.jpg\"\n               data-thumbnail=\"http:\/\/foto-passion.com\/wp-content\/gallery\/fotostrecke_costarica2015-2016\/thumbs\/thumbs_211_20151231-Q78A2030.jpg\"\n               data-image-id=\"14541\"\n               data-title=\"Esquinas Rainforest Lodge\"\n               data-description=\"&lt;strong&gt;Esquinas Rainforest Lodge&lt;\/strong&gt;&lt;br\/&gt;&lt;br\/&gt;&lt;span style=&quot;font-size:85%;color:#949494&quot;&gt;[Bild-Id: 14541]&lt;\/span&gt;\"\n               data-image-slug=\"211_20151231-q78a2030\"\n               class=\"ngg-simplelightbox\" rel=\"27968d91f01ccc6554ee2078abffb628\">\n                <img\n                    title=\"Esquinas Rainforest Lodge\"\n                    alt=\"Esquinas Rainforest Lodge\"\n                    src=\"http:\/\/foto-passion.com\/wp-content\/gallery\/fotostrecke_costarica2015-2016\/cache\/211_20151231-Q78A2030.jpg-nggid0514541-ngg0dyn-150x100x100-00f0w010c011r110f110r010t010.jpg\"\n                    width=\"150\"\n                    height=\"100\"\n                    style=\"max-width:100%;\"\n                \/>\n            <\/a>\n        <\/div>\n\t\t\t\t\t\t\t<\/div> \n\t\t\t\n                            \n\t\t\t\t<div id=\"ngg-image-211\" class=\"ngg-gallery-thumbnail-box\" >\n\t\t\t\t        <div class=\"ngg-gallery-thumbnail\">\n            <a href=\"http:\/\/foto-passion.com\/wp-content\/gallery\/fotostrecke_costarica2015-2016\/212_20151231-Q78A2035.jpg\"\n               title=\"&lt;strong&gt;Regeln, wohin man sich wendet - Esquinas Rainforest Lodge&lt;\/strong&gt;&lt;br\/&gt;&lt;br\/&gt;&lt;span style=&quot;font-size:85%;color:#949494&quot;&gt;[Bild-Id: 14542]&lt;\/span&gt;\"\n               data-src=\"http:\/\/foto-passion.com\/wp-content\/gallery\/fotostrecke_costarica2015-2016\/212_20151231-Q78A2035.jpg\"\n               data-thumbnail=\"http:\/\/foto-passion.com\/wp-content\/gallery\/fotostrecke_costarica2015-2016\/thumbs\/thumbs_212_20151231-Q78A2035.jpg\"\n               data-image-id=\"14542\"\n               data-title=\"Regeln, wohin man sich wendet - Esquinas Rainforest Lodge\"\n               data-description=\"&lt;strong&gt;Regeln, wohin man sich wendet - Esquinas Rainforest Lodge&lt;\/strong&gt;&lt;br\/&gt;&lt;br\/&gt;&lt;span style=&quot;font-size:85%;color:#949494&quot;&gt;[Bild-Id: 14542]&lt;\/span&gt;\"\n               data-image-slug=\"212_20151231-q78a2035\"\n               class=\"ngg-simplelightbox\" rel=\"27968d91f01ccc6554ee2078abffb628\">\n                <img\n                    title=\"Regeln, wohin man sich wendet - Esquinas Rainforest Lodge\"\n                    alt=\"Regeln, wohin man sich wendet - Esquinas Rainforest Lodge\"\n                    src=\"http:\/\/foto-passion.com\/wp-content\/gallery\/fotostrecke_costarica2015-2016\/cache\/212_20151231-Q78A2035.jpg-nggid0514542-ngg0dyn-150x100x100-00f0w010c011r110f110r010t010.jpg\"\n                    width=\"150\"\n                    height=\"100\"\n                    style=\"max-width:100%;\"\n                \/>\n            <\/a>\n        <\/div>\n\t\t\t\t\t\t\t<\/div> \n\t\t\t\n                                    <br style=\"clear: both\" \/>\n                    \n\t\t\t\t<div id=\"ngg-image-212\" class=\"ngg-gallery-thumbnail-box\" >\n\t\t\t\t        <div class=\"ngg-gallery-thumbnail\">\n            <a href=\"http:\/\/foto-passion.com\/wp-content\/gallery\/fotostrecke_costarica2015-2016\/213_20151231-Q78A2033.jpg\"\n               title=\"&lt;strong&gt;Regeln, wohin man sich wendet - Esquinas Rainforest Lodge&lt;\/strong&gt;&lt;br\/&gt;&lt;br\/&gt;&lt;span style=&quot;font-size:85%;color:#949494&quot;&gt;[Bild-Id: 14543]&lt;\/span&gt;\"\n               data-src=\"http:\/\/foto-passion.com\/wp-content\/gallery\/fotostrecke_costarica2015-2016\/213_20151231-Q78A2033.jpg\"\n               data-thumbnail=\"http:\/\/foto-passion.com\/wp-content\/gallery\/fotostrecke_costarica2015-2016\/thumbs\/thumbs_213_20151231-Q78A2033.jpg\"\n               data-image-id=\"14543\"\n               data-title=\"Regeln, wohin man sich wendet - Esquinas Rainforest Lodge\"\n               data-description=\"&lt;strong&gt;Regeln, wohin man sich wendet - Esquinas Rainforest Lodge&lt;\/strong&gt;&lt;br\/&gt;&lt;br\/&gt;&lt;span style=&quot;font-size:85%;color:#949494&quot;&gt;[Bild-Id: 14543]&lt;\/span&gt;\"\n               data-image-slug=\"213_20151231-q78a2033\"\n               class=\"ngg-simplelightbox\" rel=\"27968d91f01ccc6554ee2078abffb628\">\n                <img\n                    title=\"Regeln, wohin man sich wendet - Esquinas Rainforest Lodge\"\n                    alt=\"Regeln, wohin man sich wendet - Esquinas Rainforest Lodge\"\n                    src=\"http:\/\/foto-passion.com\/wp-content\/gallery\/fotostrecke_costarica2015-2016\/cache\/213_20151231-Q78A2033.jpg-nggid0514543-ngg0dyn-150x100x100-00f0w010c011r110f110r010t010.jpg\"\n                    width=\"150\"\n                    height=\"100\"\n                    style=\"max-width:100%;\"\n                \/>\n            <\/a>\n        <\/div>\n\t\t\t\t\t\t\t<\/div> \n\t\t\t\n                            \n\t\t\t\t<div id=\"ngg-image-213\" class=\"ngg-gallery-thumbnail-box\" >\n\t\t\t\t        <div class=\"ngg-gallery-thumbnail\">\n            <a href=\"http:\/\/foto-passion.com\/wp-content\/gallery\/fotostrecke_costarica2015-2016\/214_20151229-Q78A1281.jpg\"\n               title=\"&lt;strong&gt;Terciopelo-Lanzenotter (Bothrops asper), Fer-de-Lance&lt;\/strong&gt;&lt;br\/&gt;&lt;br\/&gt;&lt;span style=&quot;font-size:85%;color:#949494&quot;&gt;[Bild-Id: 14544]&lt;\/span&gt;\"\n               data-src=\"http:\/\/foto-passion.com\/wp-content\/gallery\/fotostrecke_costarica2015-2016\/214_20151229-Q78A1281.jpg\"\n               data-thumbnail=\"http:\/\/foto-passion.com\/wp-content\/gallery\/fotostrecke_costarica2015-2016\/thumbs\/thumbs_214_20151229-Q78A1281.jpg\"\n               data-image-id=\"14544\"\n               data-title=\"Terciopelo-Lanzenotter (Bothrops asper), Fer-de-Lance\"\n               data-description=\"&lt;strong&gt;Terciopelo-Lanzenotter (Bothrops asper), Fer-de-Lance&lt;\/strong&gt;&lt;br\/&gt;&lt;br\/&gt;&lt;span style=&quot;font-size:85%;color:#949494&quot;&gt;[Bild-Id: 14544]&lt;\/span&gt;\"\n               data-image-slug=\"214_20151229-q78a1281\"\n               class=\"ngg-simplelightbox\" rel=\"27968d91f01ccc6554ee2078abffb628\">\n                <img\n                    title=\"Terciopelo-Lanzenotter (Bothrops asper), Fer-de-Lance\"\n                    alt=\"Terciopelo-Lanzenotter (Bothrops asper), Fer-de-Lance\"\n                    src=\"http:\/\/foto-passion.com\/wp-content\/gallery\/fotostrecke_costarica2015-2016\/cache\/214_20151229-Q78A1281.jpg-nggid0514544-ngg0dyn-150x100x100-00f0w010c011r110f110r010t010.jpg\"\n                    width=\"150\"\n                    height=\"100\"\n                    style=\"max-width:100%;\"\n                \/>\n            <\/a>\n        <\/div>\n\t\t\t\t\t\t\t<\/div> \n\t\t\t\n                            \n\t\t\t\t<div id=\"ngg-image-214\" class=\"ngg-gallery-thumbnail-box\" >\n\t\t\t\t        <div class=\"ngg-gallery-thumbnail\">\n            <a href=\"http:\/\/foto-passion.com\/wp-content\/gallery\/fotostrecke_costarica2015-2016\/215_20151229-Q78A1312.jpg\"\n               title=\"&lt;strong&gt;S\u00fcdamerikanischer Ochsenfrosch (Leptodactylus pentadactylus), (Smoky Jungle Frog&lt;\/strong&gt;&lt;br\/&gt;&lt;br\/&gt;&lt;span style=&quot;font-size:85%;color:#949494&quot;&gt;[Bild-Id: 14545]&lt;\/span&gt;\"\n               data-src=\"http:\/\/foto-passion.com\/wp-content\/gallery\/fotostrecke_costarica2015-2016\/215_20151229-Q78A1312.jpg\"\n               data-thumbnail=\"http:\/\/foto-passion.com\/wp-content\/gallery\/fotostrecke_costarica2015-2016\/thumbs\/thumbs_215_20151229-Q78A1312.jpg\"\n               data-image-id=\"14545\"\n               data-title=\"S\u00fcdamerikanischer Ochsenfrosch (Leptodactylus pentadactylus), (Smoky Jungle Frog\"\n               data-description=\"&lt;strong&gt;S\u00fcdamerikanischer Ochsenfrosch (Leptodactylus pentadactylus), (Smoky Jungle Frog&lt;\/strong&gt;&lt;br\/&gt;&lt;br\/&gt;&lt;span style=&quot;font-size:85%;color:#949494&quot;&gt;[Bild-Id: 14545]&lt;\/span&gt;\"\n               data-image-slug=\"215_20151229-q78a1312\"\n               class=\"ngg-simplelightbox\" rel=\"27968d91f01ccc6554ee2078abffb628\">\n                <img\n                    title=\"S\u00fcdamerikanischer Ochsenfrosch (Leptodactylus pentadactylus), (Smoky Jungle Frog\"\n                    alt=\"S\u00fcdamerikanischer Ochsenfrosch (Leptodactylus pentadactylus), (Smoky Jungle Frog\"\n                    src=\"http:\/\/foto-passion.com\/wp-content\/gallery\/fotostrecke_costarica2015-2016\/cache\/215_20151229-Q78A1312.jpg-nggid0514545-ngg0dyn-150x100x100-00f0w010c011r110f110r010t010.jpg\"\n                    width=\"150\"\n                    height=\"100\"\n                    style=\"max-width:100%;\"\n                \/>\n            <\/a>\n        <\/div>\n\t\t\t\t\t\t\t<\/div> \n\t\t\t\n                            \n\t\t\t\t<div id=\"ngg-image-215\" class=\"ngg-gallery-thumbnail-box\" >\n\t\t\t\t        <div class=\"ngg-gallery-thumbnail\">\n            <a href=\"http:\/\/foto-passion.com\/wp-content\/gallery\/fotostrecke_costarica2015-2016\/216_20151229-Q78A1390.jpg\"\n               title=\"&lt;strong\/&gt;&lt;br\/&gt;&lt;br\/&gt;&lt;span style=&quot;font-size:85%;color:#949494&quot;&gt;[Bild-Id: 14546]&lt;\/span&gt;\"\n               data-src=\"http:\/\/foto-passion.com\/wp-content\/gallery\/fotostrecke_costarica2015-2016\/216_20151229-Q78A1390.jpg\"\n               data-thumbnail=\"http:\/\/foto-passion.com\/wp-content\/gallery\/fotostrecke_costarica2015-2016\/thumbs\/thumbs_216_20151229-Q78A1390.jpg\"\n               data-image-id=\"14546\"\n               data-title=\"-\"\n               data-description=\"&lt;strong\/&gt;&lt;br\/&gt;&lt;br\/&gt;&lt;span style=&quot;font-size:85%;color:#949494&quot;&gt;[Bild-Id: 14546]&lt;\/span&gt;\"\n               data-image-slug=\"216_20151229-q78a1390\"\n               class=\"ngg-simplelightbox\" rel=\"27968d91f01ccc6554ee2078abffb628\">\n                <img\n                    title=\"-\"\n                    alt=\"-\"\n                    src=\"http:\/\/foto-passion.com\/wp-content\/gallery\/fotostrecke_costarica2015-2016\/cache\/216_20151229-Q78A1390.jpg-nggid0514546-ngg0dyn-150x100x100-00f0w010c011r110f110r010t010.jpg\"\n                    width=\"150\"\n                    height=\"100\"\n                    style=\"max-width:100%;\"\n                \/>\n            <\/a>\n        <\/div>\n\t\t\t\t\t\t\t<\/div> \n\t\t\t\n                                    <br style=\"clear: both\" \/>\n                    \n\t\t\t\t<div id=\"ngg-image-216\" class=\"ngg-gallery-thumbnail-box\" >\n\t\t\t\t        <div class=\"ngg-gallery-thumbnail\">\n            <a href=\"http:\/\/foto-passion.com\/wp-content\/gallery\/fotostrecke_costarica2015-2016\/217_20151229-Q78A1298.jpg\"\n               title=\"&lt;strong&gt;Glasfrosch&lt;\/strong&gt;&lt;br\/&gt;&lt;br\/&gt;&lt;span style=&quot;font-size:85%;color:#949494&quot;&gt;[Bild-Id: 14547]&lt;\/span&gt;\"\n               data-src=\"http:\/\/foto-passion.com\/wp-content\/gallery\/fotostrecke_costarica2015-2016\/217_20151229-Q78A1298.jpg\"\n               data-thumbnail=\"http:\/\/foto-passion.com\/wp-content\/gallery\/fotostrecke_costarica2015-2016\/thumbs\/thumbs_217_20151229-Q78A1298.jpg\"\n               data-image-id=\"14547\"\n               data-title=\"Glasfrosch\"\n               data-description=\"&lt;strong&gt;Glasfrosch&lt;\/strong&gt;&lt;br\/&gt;&lt;br\/&gt;&lt;span style=&quot;font-size:85%;color:#949494&quot;&gt;[Bild-Id: 14547]&lt;\/span&gt;\"\n               data-image-slug=\"217_20151229-q78a1298\"\n               class=\"ngg-simplelightbox\" rel=\"27968d91f01ccc6554ee2078abffb628\">\n                <img\n                    title=\"Glasfrosch\"\n                    alt=\"Glasfrosch\"\n                    src=\"http:\/\/foto-passion.com\/wp-content\/gallery\/fotostrecke_costarica2015-2016\/cache\/217_20151229-Q78A1298.jpg-nggid0514547-ngg0dyn-150x100x100-00f0w010c011r110f110r010t010.jpg\"\n                    width=\"150\"\n                    height=\"100\"\n                    style=\"max-width:100%;\"\n                \/>\n            <\/a>\n        <\/div>\n\t\t\t\t\t\t\t<\/div> \n\t\t\t\n                            \n\t\t\t\t<div id=\"ngg-image-217\" class=\"ngg-gallery-thumbnail-box\" >\n\t\t\t\t        <div class=\"ngg-gallery-thumbnail\">\n            <a href=\"http:\/\/foto-passion.com\/wp-content\/gallery\/fotostrecke_costarica2015-2016\/218_20151231-Q78A2022.jpg\"\n               title=\"&lt;strong&gt;Morgenstimmung&lt;\/strong&gt;&lt;br\/&gt;&lt;br\/&gt;&lt;span style=&quot;font-size:85%;color:#949494&quot;&gt;[Bild-Id: 14548]&lt;\/span&gt;\"\n               data-src=\"http:\/\/foto-passion.com\/wp-content\/gallery\/fotostrecke_costarica2015-2016\/218_20151231-Q78A2022.jpg\"\n               data-thumbnail=\"http:\/\/foto-passion.com\/wp-content\/gallery\/fotostrecke_costarica2015-2016\/thumbs\/thumbs_218_20151231-Q78A2022.jpg\"\n               data-image-id=\"14548\"\n               data-title=\"Morgenstimmung\"\n               data-description=\"&lt;strong&gt;Morgenstimmung&lt;\/strong&gt;&lt;br\/&gt;&lt;br\/&gt;&lt;span style=&quot;font-size:85%;color:#949494&quot;&gt;[Bild-Id: 14548]&lt;\/span&gt;\"\n               data-image-slug=\"218_20151231-q78a2022\"\n               class=\"ngg-simplelightbox\" rel=\"27968d91f01ccc6554ee2078abffb628\">\n                <img\n                    title=\"Morgenstimmung\"\n                    alt=\"Morgenstimmung\"\n                    src=\"http:\/\/foto-passion.com\/wp-content\/gallery\/fotostrecke_costarica2015-2016\/cache\/218_20151231-Q78A2022.jpg-nggid0514548-ngg0dyn-150x100x100-00f0w010c011r110f110r010t010.jpg\"\n                    width=\"150\"\n                    height=\"100\"\n                    style=\"max-width:100%;\"\n                \/>\n            <\/a>\n        <\/div>\n\t\t\t\t\t\t\t<\/div> \n\t\t\t\n                            \n\t\t\t\t<div id=\"ngg-image-218\" class=\"ngg-gallery-thumbnail-box\" >\n\t\t\t\t        <div class=\"ngg-gallery-thumbnail\">\n            <a href=\"http:\/\/foto-passion.com\/wp-content\/gallery\/fotostrecke_costarica2015-2016\/219_20151230-Q78A1431.jpg\"\n               title=\"&lt;strong&gt;Norops lionotus&lt;\/strong&gt;&lt;br\/&gt;&lt;br\/&gt;&lt;span style=&quot;font-size:85%;color:#949494&quot;&gt;[Bild-Id: 14549]&lt;\/span&gt;\"\n               data-src=\"http:\/\/foto-passion.com\/wp-content\/gallery\/fotostrecke_costarica2015-2016\/219_20151230-Q78A1431.jpg\"\n               data-thumbnail=\"http:\/\/foto-passion.com\/wp-content\/gallery\/fotostrecke_costarica2015-2016\/thumbs\/thumbs_219_20151230-Q78A1431.jpg\"\n               data-image-id=\"14549\"\n               data-title=\"Norops lionotus\"\n               data-description=\"&lt;strong&gt;Norops lionotus&lt;\/strong&gt;&lt;br\/&gt;&lt;br\/&gt;&lt;span style=&quot;font-size:85%;color:#949494&quot;&gt;[Bild-Id: 14549]&lt;\/span&gt;\"\n               data-image-slug=\"219_20151230-q78a1431\"\n               class=\"ngg-simplelightbox\" rel=\"27968d91f01ccc6554ee2078abffb628\">\n                <img\n                    title=\"Norops lionotus\"\n                    alt=\"Norops lionotus\"\n                    src=\"http:\/\/foto-passion.com\/wp-content\/gallery\/fotostrecke_costarica2015-2016\/cache\/219_20151230-Q78A1431.jpg-nggid0514549-ngg0dyn-150x100x100-00f0w010c011r110f110r010t010.jpg\"\n                    width=\"150\"\n                    height=\"100\"\n                    style=\"max-width:100%;\"\n                \/>\n            <\/a>\n        <\/div>\n\t\t\t\t\t\t\t<\/div> \n\t\t\t\n                            \n\t\t\t\t<div id=\"ngg-image-219\" class=\"ngg-gallery-thumbnail-box\" >\n\t\t\t\t        <div class=\"ngg-gallery-thumbnail\">\n            <a href=\"http:\/\/foto-passion.com\/wp-content\/gallery\/fotostrecke_costarica2015-2016\/220_20151230-Q78A1776.jpg\"\n               title=\"&lt;strong&gt;Mittelamerikanischer Saumfinger (Norops capito), Pug-nosed Anole&lt;\/strong&gt;&lt;br\/&gt;&lt;br\/&gt;&lt;span style=&quot;font-size:85%;color:#949494&quot;&gt;[Bild-Id: 14550]&lt;\/span&gt;\"\n               data-src=\"http:\/\/foto-passion.com\/wp-content\/gallery\/fotostrecke_costarica2015-2016\/220_20151230-Q78A1776.jpg\"\n               data-thumbnail=\"http:\/\/foto-passion.com\/wp-content\/gallery\/fotostrecke_costarica2015-2016\/thumbs\/thumbs_220_20151230-Q78A1776.jpg\"\n               data-image-id=\"14550\"\n               data-title=\"Mittelamerikanischer Saumfinger (Norops capito), Pug-nosed Anole\"\n               data-description=\"&lt;strong&gt;Mittelamerikanischer Saumfinger (Norops capito), Pug-nosed Anole&lt;\/strong&gt;&lt;br\/&gt;&lt;br\/&gt;&lt;span style=&quot;font-size:85%;color:#949494&quot;&gt;[Bild-Id: 14550]&lt;\/span&gt;\"\n               data-image-slug=\"220_20151230-q78a1776\"\n               class=\"ngg-simplelightbox\" rel=\"27968d91f01ccc6554ee2078abffb628\">\n                <img\n                    title=\"Mittelamerikanischer Saumfinger (Norops capito), Pug-nosed Anole\"\n                    alt=\"Mittelamerikanischer Saumfinger (Norops capito), Pug-nosed Anole\"\n                    src=\"http:\/\/foto-passion.com\/wp-content\/gallery\/fotostrecke_costarica2015-2016\/cache\/220_20151230-Q78A1776.jpg-nggid0514550-ngg0dyn-150x100x100-00f0w010c011r110f110r010t010.jpg\"\n                    width=\"150\"\n                    height=\"100\"\n                    style=\"max-width:100%;\"\n                \/>\n            <\/a>\n        <\/div>\n\t\t\t\t\t\t\t<\/div> \n\t\t\t\n                                    <br style=\"clear: both\" \/>\n                    \n\t\t\t\t<div id=\"ngg-image-220\" class=\"ngg-gallery-thumbnail-box\" >\n\t\t\t\t        <div class=\"ngg-gallery-thumbnail\">\n            <a href=\"http:\/\/foto-passion.com\/wp-content\/gallery\/fotostrecke_costarica2015-2016\/221_20151230-_J2A3754.jpg\"\n               title=\"&lt;strong&gt;Kaiman&lt;\/strong&gt;&lt;br\/&gt;&lt;br\/&gt;&lt;span style=&quot;font-size:85%;color:#949494&quot;&gt;[Bild-Id: 14551]&lt;\/span&gt;\"\n               data-src=\"http:\/\/foto-passion.com\/wp-content\/gallery\/fotostrecke_costarica2015-2016\/221_20151230-_J2A3754.jpg\"\n               data-thumbnail=\"http:\/\/foto-passion.com\/wp-content\/gallery\/fotostrecke_costarica2015-2016\/thumbs\/thumbs_221_20151230-_J2A3754.jpg\"\n               data-image-id=\"14551\"\n               data-title=\"Kaiman\"\n               data-description=\"&lt;strong&gt;Kaiman&lt;\/strong&gt;&lt;br\/&gt;&lt;br\/&gt;&lt;span style=&quot;font-size:85%;color:#949494&quot;&gt;[Bild-Id: 14551]&lt;\/span&gt;\"\n               data-image-slug=\"221_20151230-_j2a3754\"\n               class=\"ngg-simplelightbox\" rel=\"27968d91f01ccc6554ee2078abffb628\">\n                <img\n                    title=\"Kaiman\"\n                    alt=\"Kaiman\"\n                    src=\"http:\/\/foto-passion.com\/wp-content\/gallery\/fotostrecke_costarica2015-2016\/cache\/221_20151230-_J2A3754.jpg-nggid0514551-ngg0dyn-150x100x100-00f0w010c011r110f110r010t010.jpg\"\n                    width=\"150\"\n                    height=\"100\"\n                    style=\"max-width:100%;\"\n                \/>\n            <\/a>\n        <\/div>\n\t\t\t\t\t\t\t<\/div> \n\t\t\t\n                            \n\t\t\t\t<div id=\"ngg-image-221\" class=\"ngg-gallery-thumbnail-box\" >\n\t\t\t\t        <div class=\"ngg-gallery-thumbnail\">\n            <a href=\"http:\/\/foto-passion.com\/wp-content\/gallery\/fotostrecke_costarica2015-2016\/222_20151230-Q78A1641.jpg\"\n               title=\"&lt;strong&gt;Im Regenwald&lt;\/strong&gt;&lt;br\/&gt;&lt;br\/&gt;&lt;span style=&quot;font-size:85%;color:#949494&quot;&gt;[Bild-Id: 14552]&lt;\/span&gt;\"\n               data-src=\"http:\/\/foto-passion.com\/wp-content\/gallery\/fotostrecke_costarica2015-2016\/222_20151230-Q78A1641.jpg\"\n               data-thumbnail=\"http:\/\/foto-passion.com\/wp-content\/gallery\/fotostrecke_costarica2015-2016\/thumbs\/thumbs_222_20151230-Q78A1641.jpg\"\n               data-image-id=\"14552\"\n               data-title=\"Im Regenwald\"\n               data-description=\"&lt;strong&gt;Im Regenwald&lt;\/strong&gt;&lt;br\/&gt;&lt;br\/&gt;&lt;span style=&quot;font-size:85%;color:#949494&quot;&gt;[Bild-Id: 14552]&lt;\/span&gt;\"\n               data-image-slug=\"222_20151230-q78a1641\"\n               class=\"ngg-simplelightbox\" rel=\"27968d91f01ccc6554ee2078abffb628\">\n                <img\n                    title=\"Im Regenwald\"\n                    alt=\"Im Regenwald\"\n                    src=\"http:\/\/foto-passion.com\/wp-content\/gallery\/fotostrecke_costarica2015-2016\/cache\/222_20151230-Q78A1641.jpg-nggid0514552-ngg0dyn-150x100x100-00f0w010c011r110f110r010t010.jpg\"\n                    width=\"150\"\n                    height=\"100\"\n                    style=\"max-width:100%;\"\n                \/>\n            <\/a>\n        <\/div>\n\t\t\t\t\t\t\t<\/div> \n\t\t\t\n                            \n\t\t\t\t<div id=\"ngg-image-222\" class=\"ngg-gallery-thumbnail-box\" >\n\t\t\t\t        <div class=\"ngg-gallery-thumbnail\">\n            <a href=\"http:\/\/foto-passion.com\/wp-content\/gallery\/fotostrecke_costarica2015-2016\/223_20151230-Q78A1675.jpg\"\n               title=\"&lt;strong&gt;Urwaldriesen&lt;\/strong&gt;&lt;br\/&gt;&lt;br\/&gt;&lt;span style=&quot;font-size:85%;color:#949494&quot;&gt;[Bild-Id: 14553]&lt;\/span&gt;\"\n               data-src=\"http:\/\/foto-passion.com\/wp-content\/gallery\/fotostrecke_costarica2015-2016\/223_20151230-Q78A1675.jpg\"\n               data-thumbnail=\"http:\/\/foto-passion.com\/wp-content\/gallery\/fotostrecke_costarica2015-2016\/thumbs\/thumbs_223_20151230-Q78A1675.jpg\"\n               data-image-id=\"14553\"\n               data-title=\"Urwaldriesen\"\n               data-description=\"&lt;strong&gt;Urwaldriesen&lt;\/strong&gt;&lt;br\/&gt;&lt;br\/&gt;&lt;span style=&quot;font-size:85%;color:#949494&quot;&gt;[Bild-Id: 14553]&lt;\/span&gt;\"\n               data-image-slug=\"223_20151230-q78a1675\"\n               class=\"ngg-simplelightbox\" rel=\"27968d91f01ccc6554ee2078abffb628\">\n                <img\n                    title=\"Urwaldriesen\"\n                    alt=\"Urwaldriesen\"\n                    src=\"http:\/\/foto-passion.com\/wp-content\/gallery\/fotostrecke_costarica2015-2016\/cache\/223_20151230-Q78A1675.jpg-nggid0514553-ngg0dyn-150x100x100-00f0w010c011r110f110r010t010.jpg\"\n                    width=\"150\"\n                    height=\"100\"\n                    style=\"max-width:100%;\"\n                \/>\n            <\/a>\n        <\/div>\n\t\t\t\t\t\t\t<\/div> \n\t\t\t\n                            \n\t\t\t\t<div id=\"ngg-image-223\" class=\"ngg-gallery-thumbnail-box\" >\n\t\t\t\t        <div class=\"ngg-gallery-thumbnail\">\n            <a href=\"http:\/\/foto-passion.com\/wp-content\/gallery\/fotostrecke_costarica2015-2016\/224_20151230-Q78A1701.jpg\"\n               title=\"&lt;strong&gt;Urwaldriesen&lt;\/strong&gt;&lt;br\/&gt;&lt;br\/&gt;&lt;span style=&quot;font-size:85%;color:#949494&quot;&gt;[Bild-Id: 14554]&lt;\/span&gt;\"\n               data-src=\"http:\/\/foto-passion.com\/wp-content\/gallery\/fotostrecke_costarica2015-2016\/224_20151230-Q78A1701.jpg\"\n               data-thumbnail=\"http:\/\/foto-passion.com\/wp-content\/gallery\/fotostrecke_costarica2015-2016\/thumbs\/thumbs_224_20151230-Q78A1701.jpg\"\n               data-image-id=\"14554\"\n               data-title=\"Urwaldriesen\"\n               data-description=\"&lt;strong&gt;Urwaldriesen&lt;\/strong&gt;&lt;br\/&gt;&lt;br\/&gt;&lt;span style=&quot;font-size:85%;color:#949494&quot;&gt;[Bild-Id: 14554]&lt;\/span&gt;\"\n               data-image-slug=\"224_20151230-q78a1701\"\n               class=\"ngg-simplelightbox\" rel=\"27968d91f01ccc6554ee2078abffb628\">\n                <img\n                    title=\"Urwaldriesen\"\n                    alt=\"Urwaldriesen\"\n                    src=\"http:\/\/foto-passion.com\/wp-content\/gallery\/fotostrecke_costarica2015-2016\/cache\/224_20151230-Q78A1701.jpg-nggid0514554-ngg0dyn-150x100x100-00f0w010c011r110f110r010t010.jpg\"\n                    width=\"150\"\n                    height=\"100\"\n                    style=\"max-width:100%;\"\n                \/>\n            <\/a>\n        <\/div>\n\t\t\t\t\t\t\t<\/div> \n\t\t\t\n                                    <br style=\"clear: both\" \/>\n                    \n\t\t\t\t<div id=\"ngg-image-224\" class=\"ngg-gallery-thumbnail-box\" >\n\t\t\t\t        <div class=\"ngg-gallery-thumbnail\">\n            <a href=\"http:\/\/foto-passion.com\/wp-content\/gallery\/fotostrecke_costarica2015-2016\/225_20151230-Q78A1708.jpg\"\n               title=\"&lt;strong&gt;Urwaldriesen&lt;\/strong&gt;&lt;br\/&gt;&lt;br\/&gt;&lt;span style=&quot;font-size:85%;color:#949494&quot;&gt;[Bild-Id: 14555]&lt;\/span&gt;\"\n               data-src=\"http:\/\/foto-passion.com\/wp-content\/gallery\/fotostrecke_costarica2015-2016\/225_20151230-Q78A1708.jpg\"\n               data-thumbnail=\"http:\/\/foto-passion.com\/wp-content\/gallery\/fotostrecke_costarica2015-2016\/thumbs\/thumbs_225_20151230-Q78A1708.jpg\"\n               data-image-id=\"14555\"\n               data-title=\"Urwaldriesen\"\n               data-description=\"&lt;strong&gt;Urwaldriesen&lt;\/strong&gt;&lt;br\/&gt;&lt;br\/&gt;&lt;span style=&quot;font-size:85%;color:#949494&quot;&gt;[Bild-Id: 14555]&lt;\/span&gt;\"\n               data-image-slug=\"225_20151230-q78a1708\"\n               class=\"ngg-simplelightbox\" rel=\"27968d91f01ccc6554ee2078abffb628\">\n                <img\n                    title=\"Urwaldriesen\"\n                    alt=\"Urwaldriesen\"\n                    src=\"http:\/\/foto-passion.com\/wp-content\/gallery\/fotostrecke_costarica2015-2016\/cache\/225_20151230-Q78A1708.jpg-nggid0514555-ngg0dyn-150x100x100-00f0w010c011r110f110r010t010.jpg\"\n                    width=\"150\"\n                    height=\"100\"\n                    style=\"max-width:100%;\"\n                \/>\n            <\/a>\n        <\/div>\n\t\t\t\t\t\t\t<\/div> \n\t\t\t\n                            \n\t\t\t\t<div id=\"ngg-image-225\" class=\"ngg-gallery-thumbnail-box\" >\n\t\t\t\t        <div class=\"ngg-gallery-thumbnail\">\n            <a href=\"http:\/\/foto-passion.com\/wp-content\/gallery\/fotostrecke_costarica2015-2016\/226_20151229-Q78A1386.jpg\"\n               title=\"&lt;strong&gt;Schrecke&lt;\/strong&gt;&lt;br\/&gt;&lt;br\/&gt;&lt;span style=&quot;font-size:85%;color:#949494&quot;&gt;[Bild-Id: 14556]&lt;\/span&gt;\"\n               data-src=\"http:\/\/foto-passion.com\/wp-content\/gallery\/fotostrecke_costarica2015-2016\/226_20151229-Q78A1386.jpg\"\n               data-thumbnail=\"http:\/\/foto-passion.com\/wp-content\/gallery\/fotostrecke_costarica2015-2016\/thumbs\/thumbs_226_20151229-Q78A1386.jpg\"\n               data-image-id=\"14556\"\n               data-title=\"Schrecke\"\n               data-description=\"&lt;strong&gt;Schrecke&lt;\/strong&gt;&lt;br\/&gt;&lt;br\/&gt;&lt;span style=&quot;font-size:85%;color:#949494&quot;&gt;[Bild-Id: 14556]&lt;\/span&gt;\"\n               data-image-slug=\"226_20151229-q78a1386\"\n               class=\"ngg-simplelightbox\" rel=\"27968d91f01ccc6554ee2078abffb628\">\n                <img\n                    title=\"Schrecke\"\n                    alt=\"Schrecke\"\n                    src=\"http:\/\/foto-passion.com\/wp-content\/gallery\/fotostrecke_costarica2015-2016\/cache\/226_20151229-Q78A1386.jpg-nggid0514556-ngg0dyn-150x100x100-00f0w010c011r110f110r010t010.jpg\"\n                    width=\"150\"\n                    height=\"100\"\n                    style=\"max-width:100%;\"\n                \/>\n            <\/a>\n        <\/div>\n\t\t\t\t\t\t\t<\/div> \n\t\t\t\n                            \n\t\t\t\t<div id=\"ngg-image-226\" class=\"ngg-gallery-thumbnail-box\" >\n\t\t\t\t        <div class=\"ngg-gallery-thumbnail\">\n            <a href=\"http:\/\/foto-passion.com\/wp-content\/gallery\/fotostrecke_costarica2015-2016\/227_20151230-Q78A1946.jpg\"\n               title=\"&lt;strong&gt;Glasfrosch (Teratohyla pulverata) mit Eiern im Bauch, Lime-colored Glass Frog&lt;\/strong&gt;&lt;br\/&gt;&lt;br\/&gt;&lt;span style=&quot;font-size:85%;color:#949494&quot;&gt;[Bild-Id: 14557]&lt;\/span&gt;\"\n               data-src=\"http:\/\/foto-passion.com\/wp-content\/gallery\/fotostrecke_costarica2015-2016\/227_20151230-Q78A1946.jpg\"\n               data-thumbnail=\"http:\/\/foto-passion.com\/wp-content\/gallery\/fotostrecke_costarica2015-2016\/thumbs\/thumbs_227_20151230-Q78A1946.jpg\"\n               data-image-id=\"14557\"\n               data-title=\"Glasfrosch (Teratohyla pulverata) mit Eiern im Bauch, Lime-colored Glass Frog\"\n               data-description=\"&lt;strong&gt;Glasfrosch (Teratohyla pulverata) mit Eiern im Bauch, Lime-colored Glass Frog&lt;\/strong&gt;&lt;br\/&gt;&lt;br\/&gt;&lt;span style=&quot;font-size:85%;color:#949494&quot;&gt;[Bild-Id: 14557]&lt;\/span&gt;\"\n               data-image-slug=\"227_20151230-q78a1946\"\n               class=\"ngg-simplelightbox\" rel=\"27968d91f01ccc6554ee2078abffb628\">\n                <img\n                    title=\"Glasfrosch (Teratohyla pulverata) mit Eiern im Bauch, Lime-colored Glass Frog\"\n                    alt=\"Glasfrosch (Teratohyla pulverata) mit Eiern im Bauch, Lime-colored Glass Frog\"\n                    src=\"http:\/\/foto-passion.com\/wp-content\/gallery\/fotostrecke_costarica2015-2016\/cache\/227_20151230-Q78A1946.jpg-nggid0514557-ngg0dyn-150x100x100-00f0w010c011r110f110r010t010.jpg\"\n                    width=\"150\"\n                    height=\"100\"\n                    style=\"max-width:100%;\"\n                \/>\n            <\/a>\n        <\/div>\n\t\t\t\t\t\t\t<\/div> \n\t\t\t\n                            \n\t\t\t\t<div id=\"ngg-image-227\" class=\"ngg-gallery-thumbnail-box\" >\n\t\t\t\t        <div class=\"ngg-gallery-thumbnail\">\n            <a href=\"http:\/\/foto-passion.com\/wp-content\/gallery\/fotostrecke_costarica2015-2016\/228_20151230-Q78A1979.jpg\"\n               title=\"&lt;strong&gt;Baumfrosch&lt;\/strong&gt;&lt;br\/&gt;&lt;br\/&gt;&lt;span style=&quot;font-size:85%;color:#949494&quot;&gt;[Bild-Id: 14558]&lt;\/span&gt;\"\n               data-src=\"http:\/\/foto-passion.com\/wp-content\/gallery\/fotostrecke_costarica2015-2016\/228_20151230-Q78A1979.jpg\"\n               data-thumbnail=\"http:\/\/foto-passion.com\/wp-content\/gallery\/fotostrecke_costarica2015-2016\/thumbs\/thumbs_228_20151230-Q78A1979.jpg\"\n               data-image-id=\"14558\"\n               data-title=\"Baumfrosch\"\n               data-description=\"&lt;strong&gt;Baumfrosch&lt;\/strong&gt;&lt;br\/&gt;&lt;br\/&gt;&lt;span style=&quot;font-size:85%;color:#949494&quot;&gt;[Bild-Id: 14558]&lt;\/span&gt;\"\n               data-image-slug=\"228_20151230-q78a1979\"\n               class=\"ngg-simplelightbox\" rel=\"27968d91f01ccc6554ee2078abffb628\">\n                <img\n                    title=\"Baumfrosch\"\n                    alt=\"Baumfrosch\"\n                    src=\"http:\/\/foto-passion.com\/wp-content\/gallery\/fotostrecke_costarica2015-2016\/cache\/228_20151230-Q78A1979.jpg-nggid0514558-ngg0dyn-150x100x100-00f0w010c011r110f110r010t010.jpg\"\n                    width=\"150\"\n                    height=\"100\"\n                    style=\"max-width:100%;\"\n                \/>\n            <\/a>\n        <\/div>\n\t\t\t\t\t\t\t<\/div> \n\t\t\t\n                                    <br style=\"clear: both\" \/>\n                    \n\t\t\t\t<div id=\"ngg-image-228\" class=\"ngg-gallery-thumbnail-box\" >\n\t\t\t\t        <div class=\"ngg-gallery-thumbnail\">\n            <a href=\"http:\/\/foto-passion.com\/wp-content\/gallery\/fotostrecke_costarica2015-2016\/229_20151230-Q78A2021.jpg\"\n               title=\"&lt;strong&gt;Raupe&lt;\/strong&gt;&lt;br\/&gt;&lt;br\/&gt;&lt;span style=&quot;font-size:85%;color:#949494&quot;&gt;[Bild-Id: 14559]&lt;\/span&gt;\"\n               data-src=\"http:\/\/foto-passion.com\/wp-content\/gallery\/fotostrecke_costarica2015-2016\/229_20151230-Q78A2021.jpg\"\n               data-thumbnail=\"http:\/\/foto-passion.com\/wp-content\/gallery\/fotostrecke_costarica2015-2016\/thumbs\/thumbs_229_20151230-Q78A2021.jpg\"\n               data-image-id=\"14559\"\n               data-title=\"Raupe\"\n               data-description=\"&lt;strong&gt;Raupe&lt;\/strong&gt;&lt;br\/&gt;&lt;br\/&gt;&lt;span style=&quot;font-size:85%;color:#949494&quot;&gt;[Bild-Id: 14559]&lt;\/span&gt;\"\n               data-image-slug=\"229_20151230-q78a2021\"\n               class=\"ngg-simplelightbox\" rel=\"27968d91f01ccc6554ee2078abffb628\">\n                <img\n                    title=\"Raupe\"\n                    alt=\"Raupe\"\n                    src=\"http:\/\/foto-passion.com\/wp-content\/gallery\/fotostrecke_costarica2015-2016\/cache\/229_20151230-Q78A2021.jpg-nggid0514559-ngg0dyn-150x100x100-00f0w010c011r110f110r010t010.jpg\"\n                    width=\"150\"\n                    height=\"100\"\n                    style=\"max-width:100%;\"\n                \/>\n            <\/a>\n        <\/div>\n\t\t\t\t\t\t\t<\/div> \n\t\t\t\n                            \n\t\t\t\t<div id=\"ngg-image-229\" class=\"ngg-gallery-thumbnail-box\" >\n\t\t\t\t        <div class=\"ngg-gallery-thumbnail\">\n            <a href=\"http:\/\/foto-passion.com\/wp-content\/gallery\/fotostrecke_costarica2015-2016\/230_20151229-Q78A1243.jpg\"\n               title=\"&lt;strong&gt;Gro\u00dfe Schrecke&lt;\/strong&gt;&lt;br\/&gt;&lt;br\/&gt;&lt;span style=&quot;font-size:85%;color:#949494&quot;&gt;[Bild-Id: 14560]&lt;\/span&gt;\"\n               data-src=\"http:\/\/foto-passion.com\/wp-content\/gallery\/fotostrecke_costarica2015-2016\/230_20151229-Q78A1243.jpg\"\n               data-thumbnail=\"http:\/\/foto-passion.com\/wp-content\/gallery\/fotostrecke_costarica2015-2016\/thumbs\/thumbs_230_20151229-Q78A1243.jpg\"\n               data-image-id=\"14560\"\n               data-title=\"Gro\u00dfe Schrecke\"\n               data-description=\"&lt;strong&gt;Gro\u00dfe Schrecke&lt;\/strong&gt;&lt;br\/&gt;&lt;br\/&gt;&lt;span style=&quot;font-size:85%;color:#949494&quot;&gt;[Bild-Id: 14560]&lt;\/span&gt;\"\n               data-image-slug=\"230_20151229-q78a1243\"\n               class=\"ngg-simplelightbox\" rel=\"27968d91f01ccc6554ee2078abffb628\">\n                <img\n                    title=\"Gro\u00dfe Schrecke\"\n                    alt=\"Gro\u00dfe Schrecke\"\n                    src=\"http:\/\/foto-passion.com\/wp-content\/gallery\/fotostrecke_costarica2015-2016\/cache\/230_20151229-Q78A1243.jpg-nggid0514560-ngg0dyn-150x100x100-00f0w010c011r110f110r010t010.jpg\"\n                    width=\"150\"\n                    height=\"100\"\n                    style=\"max-width:100%;\"\n                \/>\n            <\/a>\n        <\/div>\n\t\t\t\t\t\t\t<\/div> \n\t\t\t\n                            \n\t\t\t\t<div id=\"ngg-image-230\" class=\"ngg-gallery-thumbnail-box\" >\n\t\t\t\t        <div class=\"ngg-gallery-thumbnail\">\n            <a href=\"http:\/\/foto-passion.com\/wp-content\/gallery\/fotostrecke_costarica2015-2016\/231_20151221-Q78A8359.jpg\"\n               title=\"&lt;strong&gt;Tigerlaubfrosch (Cruziohyla calcarifer), Barred Leaf Frog&lt;\/strong&gt;&lt;br\/&gt;&lt;br\/&gt;&lt;span style=&quot;font-size:85%;color:#949494&quot;&gt;[Bild-Id: 14561]&lt;\/span&gt;\"\n               data-src=\"http:\/\/foto-passion.com\/wp-content\/gallery\/fotostrecke_costarica2015-2016\/231_20151221-Q78A8359.jpg\"\n               data-thumbnail=\"http:\/\/foto-passion.com\/wp-content\/gallery\/fotostrecke_costarica2015-2016\/thumbs\/thumbs_231_20151221-Q78A8359.jpg\"\n               data-image-id=\"14561\"\n               data-title=\"Tigerlaubfrosch (Cruziohyla calcarifer), Barred Leaf Frog\"\n               data-description=\"&lt;strong&gt;Tigerlaubfrosch (Cruziohyla calcarifer), Barred Leaf Frog&lt;\/strong&gt;&lt;br\/&gt;&lt;br\/&gt;&lt;span style=&quot;font-size:85%;color:#949494&quot;&gt;[Bild-Id: 14561]&lt;\/span&gt;\"\n               data-image-slug=\"231_20151221-q78a8359\"\n               class=\"ngg-simplelightbox\" rel=\"27968d91f01ccc6554ee2078abffb628\">\n                <img\n                    title=\"Tigerlaubfrosch (Cruziohyla calcarifer), Barred Leaf Frog\"\n                    alt=\"Tigerlaubfrosch (Cruziohyla calcarifer), Barred Leaf Frog\"\n                    src=\"http:\/\/foto-passion.com\/wp-content\/gallery\/fotostrecke_costarica2015-2016\/cache\/231_20151221-Q78A8359.jpg-nggid0514561-ngg0dyn-150x100x100-00f0w010c011r110f110r010t010.jpg\"\n                    width=\"150\"\n                    height=\"100\"\n                    style=\"max-width:100%;\"\n                \/>\n            <\/a>\n        <\/div>\n\t\t\t\t\t\t\t<\/div> \n\t\t\t\n                            \n\t\t\t\t<div id=\"ngg-image-231\" class=\"ngg-gallery-thumbnail-box\" >\n\t\t\t\t        <div class=\"ngg-gallery-thumbnail\">\n            <a href=\"http:\/\/foto-passion.com\/wp-content\/gallery\/fotostrecke_costarica2015-2016\/232_20151230-Q78A1812.jpg\"\n               title=\"&lt;strong&gt;Riemennatter (Imantodes cenchoa), Common Blunt-heade Snake&lt;\/strong&gt;&lt;br\/&gt;&lt;br\/&gt;&lt;span style=&quot;font-size:85%;color:#949494&quot;&gt;[Bild-Id: 14562]&lt;\/span&gt;\"\n               data-src=\"http:\/\/foto-passion.com\/wp-content\/gallery\/fotostrecke_costarica2015-2016\/232_20151230-Q78A1812.jpg\"\n               data-thumbnail=\"http:\/\/foto-passion.com\/wp-content\/gallery\/fotostrecke_costarica2015-2016\/thumbs\/thumbs_232_20151230-Q78A1812.jpg\"\n               data-image-id=\"14562\"\n               data-title=\"Riemennatter (Imantodes cenchoa), Common Blunt-heade Snake\"\n               data-description=\"&lt;strong&gt;Riemennatter (Imantodes cenchoa), Common Blunt-heade Snake&lt;\/strong&gt;&lt;br\/&gt;&lt;br\/&gt;&lt;span style=&quot;font-size:85%;color:#949494&quot;&gt;[Bild-Id: 14562]&lt;\/span&gt;\"\n               data-image-slug=\"232_20151230-q78a1812\"\n               class=\"ngg-simplelightbox\" rel=\"27968d91f01ccc6554ee2078abffb628\">\n                <img\n                    title=\"Riemennatter (Imantodes cenchoa), Common Blunt-heade Snake\"\n                    alt=\"Riemennatter (Imantodes cenchoa), Common Blunt-heade Snake\"\n                    src=\"http:\/\/foto-passion.com\/wp-content\/gallery\/fotostrecke_costarica2015-2016\/cache\/232_20151230-Q78A1812.jpg-nggid0514562-ngg0dyn-150x100x100-00f0w010c011r110f110r010t010.jpg\"\n                    width=\"150\"\n                    height=\"100\"\n                    style=\"max-width:100%;\"\n                \/>\n            <\/a>\n        <\/div>\n\t\t\t\t\t\t\t<\/div> \n\t\t\t\n                                    <br style=\"clear: both\" \/>\n                    \n\t\t\t\t<div id=\"ngg-image-232\" class=\"ngg-gallery-thumbnail-box\" >\n\t\t\t\t        <div class=\"ngg-gallery-thumbnail\">\n            <a href=\"http:\/\/foto-passion.com\/wp-content\/gallery\/fotostrecke_costarica2015-2016\/233_20151230-Q78A1858.jpg\"\n               title=\"&lt;strong&gt;Glasfrosch (Hyalinobatrachium valerioi), Reticulated Glass Frog&lt;\/strong&gt;&lt;br\/&gt;&lt;br\/&gt;&lt;span style=&quot;font-size:85%;color:#949494&quot;&gt;[Bild-Id: 14563]&lt;\/span&gt;\"\n               data-src=\"http:\/\/foto-passion.com\/wp-content\/gallery\/fotostrecke_costarica2015-2016\/233_20151230-Q78A1858.jpg\"\n               data-thumbnail=\"http:\/\/foto-passion.com\/wp-content\/gallery\/fotostrecke_costarica2015-2016\/thumbs\/thumbs_233_20151230-Q78A1858.jpg\"\n               data-image-id=\"14563\"\n               data-title=\"Glasfrosch (Hyalinobatrachium valerioi), Reticulated Glass Frog\"\n               data-description=\"&lt;strong&gt;Glasfrosch (Hyalinobatrachium valerioi), Reticulated Glass Frog&lt;\/strong&gt;&lt;br\/&gt;&lt;br\/&gt;&lt;span style=&quot;font-size:85%;color:#949494&quot;&gt;[Bild-Id: 14563]&lt;\/span&gt;\"\n               data-image-slug=\"233_20151230-q78a1858\"\n               class=\"ngg-simplelightbox\" rel=\"27968d91f01ccc6554ee2078abffb628\">\n                <img\n                    title=\"Glasfrosch (Hyalinobatrachium valerioi), Reticulated Glass Frog\"\n                    alt=\"Glasfrosch (Hyalinobatrachium valerioi), Reticulated Glass Frog\"\n                    src=\"http:\/\/foto-passion.com\/wp-content\/gallery\/fotostrecke_costarica2015-2016\/cache\/233_20151230-Q78A1858.jpg-nggid0514563-ngg0dyn-150x100x100-00f0w010c011r110f110r010t010.jpg\"\n                    width=\"150\"\n                    height=\"100\"\n                    style=\"max-width:100%;\"\n                \/>\n            <\/a>\n        <\/div>\n\t\t\t\t\t\t\t<\/div> \n\t\t\t\n                            \n\t\t\t\t<div id=\"ngg-image-233\" class=\"ngg-gallery-thumbnail-box\" >\n\t\t\t\t        <div class=\"ngg-gallery-thumbnail\">\n            <a href=\"http:\/\/foto-passion.com\/wp-content\/gallery\/fotostrecke_costarica2015-2016\/234_20151231-Q78A2065.jpg\"\n               title=\"&lt;strong&gt;Auf dem Weg ins Hochland&lt;\/strong&gt;&lt;br\/&gt;&lt;br\/&gt;&lt;span style=&quot;font-size:85%;color:#949494&quot;&gt;[Bild-Id: 14564]&lt;\/span&gt;\"\n               data-src=\"http:\/\/foto-passion.com\/wp-content\/gallery\/fotostrecke_costarica2015-2016\/234_20151231-Q78A2065.jpg\"\n               data-thumbnail=\"http:\/\/foto-passion.com\/wp-content\/gallery\/fotostrecke_costarica2015-2016\/thumbs\/thumbs_234_20151231-Q78A2065.jpg\"\n               data-image-id=\"14564\"\n               data-title=\"Auf dem Weg ins Hochland\"\n               data-description=\"&lt;strong&gt;Auf dem Weg ins Hochland&lt;\/strong&gt;&lt;br\/&gt;&lt;br\/&gt;&lt;span style=&quot;font-size:85%;color:#949494&quot;&gt;[Bild-Id: 14564]&lt;\/span&gt;\"\n               data-image-slug=\"234_20151231-q78a2065\"\n               class=\"ngg-simplelightbox\" rel=\"27968d91f01ccc6554ee2078abffb628\">\n                <img\n                    title=\"Auf dem Weg ins Hochland\"\n                    alt=\"Auf dem Weg ins Hochland\"\n                    src=\"http:\/\/foto-passion.com\/wp-content\/gallery\/fotostrecke_costarica2015-2016\/cache\/234_20151231-Q78A2065.jpg-nggid0514564-ngg0dyn-150x100x100-00f0w010c011r110f110r010t010.jpg\"\n                    width=\"150\"\n                    height=\"100\"\n                    style=\"max-width:100%;\"\n                \/>\n            <\/a>\n        <\/div>\n\t\t\t\t\t\t\t<\/div> \n\t\t\t\n                            \n\t\t\t\t<div id=\"ngg-image-234\" class=\"ngg-gallery-thumbnail-box\" >\n\t\t\t\t        <div class=\"ngg-gallery-thumbnail\">\n            <a href=\"http:\/\/foto-passion.com\/wp-content\/gallery\/fotostrecke_costarica2015-2016\/235_20151231-Q78A2075.jpg\"\n               title=\"&lt;strong&gt;Friedh\u00f6fe sind so ganz anders als bei uns&lt;\/strong&gt;&lt;br\/&gt;&lt;br\/&gt;&lt;span style=&quot;font-size:85%;color:#949494&quot;&gt;[Bild-Id: 14565]&lt;\/span&gt;\"\n               data-src=\"http:\/\/foto-passion.com\/wp-content\/gallery\/fotostrecke_costarica2015-2016\/235_20151231-Q78A2075.jpg\"\n               data-thumbnail=\"http:\/\/foto-passion.com\/wp-content\/gallery\/fotostrecke_costarica2015-2016\/thumbs\/thumbs_235_20151231-Q78A2075.jpg\"\n               data-image-id=\"14565\"\n               data-title=\"Friedh\u00f6fe sind so ganz anders als bei uns\"\n               data-description=\"&lt;strong&gt;Friedh\u00f6fe sind so ganz anders als bei uns&lt;\/strong&gt;&lt;br\/&gt;&lt;br\/&gt;&lt;span style=&quot;font-size:85%;color:#949494&quot;&gt;[Bild-Id: 14565]&lt;\/span&gt;\"\n               data-image-slug=\"235_20151231-q78a2075\"\n               class=\"ngg-simplelightbox\" rel=\"27968d91f01ccc6554ee2078abffb628\">\n                <img\n                    title=\"Friedh\u00f6fe sind so ganz anders als bei uns\"\n                    alt=\"Friedh\u00f6fe sind so ganz anders als bei uns\"\n                    src=\"http:\/\/foto-passion.com\/wp-content\/gallery\/fotostrecke_costarica2015-2016\/cache\/235_20151231-Q78A2075.jpg-nggid0514565-ngg0dyn-150x100x100-00f0w010c011r110f110r010t010.jpg\"\n                    width=\"150\"\n                    height=\"100\"\n                    style=\"max-width:100%;\"\n                \/>\n            <\/a>\n        <\/div>\n\t\t\t\t\t\t\t<\/div> \n\t\t\t\n                            \n\t\t\t\t<div id=\"ngg-image-235\" class=\"ngg-gallery-thumbnail-box\" >\n\t\t\t\t        <div class=\"ngg-gallery-thumbnail\">\n            <a href=\"http:\/\/foto-passion.com\/wp-content\/gallery\/fotostrecke_costarica2015-2016\/236_20151231-Q78A2082.jpg\"\n               title=\"&lt;strong&gt;Im Hochland&lt;\/strong&gt;&lt;br\/&gt;&lt;br\/&gt;&lt;span style=&quot;font-size:85%;color:#949494&quot;&gt;[Bild-Id: 14566]&lt;\/span&gt;\"\n               data-src=\"http:\/\/foto-passion.com\/wp-content\/gallery\/fotostrecke_costarica2015-2016\/236_20151231-Q78A2082.jpg\"\n               data-thumbnail=\"http:\/\/foto-passion.com\/wp-content\/gallery\/fotostrecke_costarica2015-2016\/thumbs\/thumbs_236_20151231-Q78A2082.jpg\"\n               data-image-id=\"14566\"\n               data-title=\"Im Hochland\"\n               data-description=\"&lt;strong&gt;Im Hochland&lt;\/strong&gt;&lt;br\/&gt;&lt;br\/&gt;&lt;span style=&quot;font-size:85%;color:#949494&quot;&gt;[Bild-Id: 14566]&lt;\/span&gt;\"\n               data-image-slug=\"236_20151231-q78a2082\"\n               class=\"ngg-simplelightbox\" rel=\"27968d91f01ccc6554ee2078abffb628\">\n                <img\n                    title=\"Im Hochland\"\n                    alt=\"Im Hochland\"\n                    src=\"http:\/\/foto-passion.com\/wp-content\/gallery\/fotostrecke_costarica2015-2016\/cache\/236_20151231-Q78A2082.jpg-nggid0514566-ngg0dyn-150x100x100-00f0w010c011r110f110r010t010.jpg\"\n                    width=\"150\"\n                    height=\"100\"\n                    style=\"max-width:100%;\"\n                \/>\n            <\/a>\n        <\/div>\n\t\t\t\t\t\t\t<\/div> \n\t\t\t\n                                    <br style=\"clear: both\" \/>\n                    \n\t\t\t\t<div id=\"ngg-image-236\" class=\"ngg-gallery-thumbnail-box\" >\n\t\t\t\t        <div class=\"ngg-gallery-thumbnail\">\n            <a href=\"http:\/\/foto-passion.com\/wp-content\/gallery\/fotostrecke_costarica2015-2016\/237_20151231-Q78A2104.jpg\"\n               title=\"&lt;strong&gt;Im Hochland&lt;\/strong&gt;&lt;br\/&gt;&lt;br\/&gt;&lt;span style=&quot;font-size:85%;color:#949494&quot;&gt;[Bild-Id: 14567]&lt;\/span&gt;\"\n               data-src=\"http:\/\/foto-passion.com\/wp-content\/gallery\/fotostrecke_costarica2015-2016\/237_20151231-Q78A2104.jpg\"\n               data-thumbnail=\"http:\/\/foto-passion.com\/wp-content\/gallery\/fotostrecke_costarica2015-2016\/thumbs\/thumbs_237_20151231-Q78A2104.jpg\"\n               data-image-id=\"14567\"\n               data-title=\"Im Hochland\"\n               data-description=\"&lt;strong&gt;Im Hochland&lt;\/strong&gt;&lt;br\/&gt;&lt;br\/&gt;&lt;span style=&quot;font-size:85%;color:#949494&quot;&gt;[Bild-Id: 14567]&lt;\/span&gt;\"\n               data-image-slug=\"237_20151231-q78a2104\"\n               class=\"ngg-simplelightbox\" rel=\"27968d91f01ccc6554ee2078abffb628\">\n                <img\n                    title=\"Im Hochland\"\n                    alt=\"Im Hochland\"\n                    src=\"http:\/\/foto-passion.com\/wp-content\/gallery\/fotostrecke_costarica2015-2016\/cache\/237_20151231-Q78A2104.jpg-nggid0514567-ngg0dyn-150x100x100-00f0w010c011r110f110r010t010.jpg\"\n                    width=\"150\"\n                    height=\"100\"\n                    style=\"max-width:100%;\"\n                \/>\n            <\/a>\n        <\/div>\n\t\t\t\t\t\t\t<\/div> \n\t\t\t\n                            \n\t\t\t\t<div id=\"ngg-image-237\" class=\"ngg-gallery-thumbnail-box\" >\n\t\t\t\t        <div class=\"ngg-gallery-thumbnail\">\n            <a href=\"http:\/\/foto-passion.com\/wp-content\/gallery\/fotostrecke_costarica2015-2016\/238_20151231-Q78A2096.jpg\"\n               title=\"&lt;strong&gt;Das Klima ist ideal f\u00fcr Orchideen&lt;\/strong&gt;&lt;br\/&gt;&lt;br\/&gt;&lt;span style=&quot;font-size:85%;color:#949494&quot;&gt;[Bild-Id: 14568]&lt;\/span&gt;\"\n               data-src=\"http:\/\/foto-passion.com\/wp-content\/gallery\/fotostrecke_costarica2015-2016\/238_20151231-Q78A2096.jpg\"\n               data-thumbnail=\"http:\/\/foto-passion.com\/wp-content\/gallery\/fotostrecke_costarica2015-2016\/thumbs\/thumbs_238_20151231-Q78A2096.jpg\"\n               data-image-id=\"14568\"\n               data-title=\"Das Klima ist ideal f\u00fcr Orchideen\"\n               data-description=\"&lt;strong&gt;Das Klima ist ideal f\u00fcr Orchideen&lt;\/strong&gt;&lt;br\/&gt;&lt;br\/&gt;&lt;span style=&quot;font-size:85%;color:#949494&quot;&gt;[Bild-Id: 14568]&lt;\/span&gt;\"\n               data-image-slug=\"238_20151231-q78a2096\"\n               class=\"ngg-simplelightbox\" rel=\"27968d91f01ccc6554ee2078abffb628\">\n                <img\n                    title=\"Das Klima ist ideal f\u00fcr Orchideen\"\n                    alt=\"Das Klima ist ideal f\u00fcr Orchideen\"\n                    src=\"http:\/\/foto-passion.com\/wp-content\/gallery\/fotostrecke_costarica2015-2016\/cache\/238_20151231-Q78A2096.jpg-nggid0514568-ngg0dyn-150x100x100-00f0w010c011r110f110r010t010.jpg\"\n                    width=\"150\"\n                    height=\"100\"\n                    style=\"max-width:100%;\"\n                \/>\n            <\/a>\n        <\/div>\n\t\t\t\t\t\t\t<\/div> \n\t\t\t\n                            \n\t\t\t\t<div id=\"ngg-image-238\" class=\"ngg-gallery-thumbnail-box\" >\n\t\t\t\t        <div class=\"ngg-gallery-thumbnail\">\n            <a href=\"http:\/\/foto-passion.com\/wp-content\/gallery\/fotostrecke_costarica2015-2016\/239_20151226-Q78A0466.jpg\"\n               title=\"&lt;strong\/&gt;&lt;br\/&gt;&lt;br\/&gt;&lt;span style=&quot;font-size:85%;color:#949494&quot;&gt;[Bild-Id: 14569]&lt;\/span&gt;\"\n               data-src=\"http:\/\/foto-passion.com\/wp-content\/gallery\/fotostrecke_costarica2015-2016\/239_20151226-Q78A0466.jpg\"\n               data-thumbnail=\"http:\/\/foto-passion.com\/wp-content\/gallery\/fotostrecke_costarica2015-2016\/thumbs\/thumbs_239_20151226-Q78A0466.jpg\"\n               data-image-id=\"14569\"\n               data-title=\"-\"\n               data-description=\"&lt;strong\/&gt;&lt;br\/&gt;&lt;br\/&gt;&lt;span style=&quot;font-size:85%;color:#949494&quot;&gt;[Bild-Id: 14569]&lt;\/span&gt;\"\n               data-image-slug=\"239_20151226-q78a0466\"\n               class=\"ngg-simplelightbox\" rel=\"27968d91f01ccc6554ee2078abffb628\">\n                <img\n                    title=\"-\"\n                    alt=\"-\"\n                    src=\"http:\/\/foto-passion.com\/wp-content\/gallery\/fotostrecke_costarica2015-2016\/cache\/239_20151226-Q78A0466.jpg-nggid0514569-ngg0dyn-150x100x100-00f0w010c011r110f110r010t010.jpg\"\n                    width=\"150\"\n                    height=\"100\"\n                    style=\"max-width:100%;\"\n                \/>\n            <\/a>\n        <\/div>\n\t\t\t\t\t\t\t<\/div> \n\t\t\t\n                            \n\t\t\t\t<div id=\"ngg-image-239\" class=\"ngg-gallery-thumbnail-box\" >\n\t\t\t\t        <div class=\"ngg-gallery-thumbnail\">\n            <a href=\"http:\/\/foto-passion.com\/wp-content\/gallery\/fotostrecke_costarica2015-2016\/240_20151228-_J2A3661.jpg\"\n               title=\"&lt;strong&gt;Im Dschungel&lt;\/strong&gt;&lt;br\/&gt;&lt;br\/&gt;&lt;span style=&quot;font-size:85%;color:#949494&quot;&gt;[Bild-Id: 14570]&lt;\/span&gt;\"\n               data-src=\"http:\/\/foto-passion.com\/wp-content\/gallery\/fotostrecke_costarica2015-2016\/240_20151228-_J2A3661.jpg\"\n               data-thumbnail=\"http:\/\/foto-passion.com\/wp-content\/gallery\/fotostrecke_costarica2015-2016\/thumbs\/thumbs_240_20151228-_J2A3661.jpg\"\n               data-image-id=\"14570\"\n               data-title=\"Im Dschungel\"\n               data-description=\"&lt;strong&gt;Im Dschungel&lt;\/strong&gt;&lt;br\/&gt;&lt;br\/&gt;&lt;span style=&quot;font-size:85%;color:#949494&quot;&gt;[Bild-Id: 14570]&lt;\/span&gt;\"\n               data-image-slug=\"240_20151228-_j2a3661\"\n               class=\"ngg-simplelightbox\" rel=\"27968d91f01ccc6554ee2078abffb628\">\n                <img\n                    title=\"Im Dschungel\"\n                    alt=\"Im Dschungel\"\n                    src=\"http:\/\/foto-passion.com\/wp-content\/gallery\/fotostrecke_costarica2015-2016\/cache\/240_20151228-_J2A3661.jpg-nggid0514570-ngg0dyn-150x100x100-00f0w010c011r110f110r010t010.jpg\"\n                    width=\"150\"\n                    height=\"100\"\n                    style=\"max-width:100%;\"\n                \/>\n            <\/a>\n        <\/div>\n\t\t\t\t\t\t\t<\/div> \n\t\t\t\n                                    <br style=\"clear: both\" \/>\n                    \n\t\t\t\t<div id=\"ngg-image-240\" class=\"ngg-gallery-thumbnail-box\" >\n\t\t\t\t        <div class=\"ngg-gallery-thumbnail\">\n            <a href=\"http:\/\/foto-passion.com\/wp-content\/gallery\/fotostrecke_costarica2015-2016\/241_20160103-Q78A2753.jpg\"\n               title=\"&lt;strong\/&gt;&lt;br\/&gt;&lt;br\/&gt;&lt;span style=&quot;font-size:85%;color:#949494&quot;&gt;[Bild-Id: 14571]&lt;\/span&gt;\"\n               data-src=\"http:\/\/foto-passion.com\/wp-content\/gallery\/fotostrecke_costarica2015-2016\/241_20160103-Q78A2753.jpg\"\n               data-thumbnail=\"http:\/\/foto-passion.com\/wp-content\/gallery\/fotostrecke_costarica2015-2016\/thumbs\/thumbs_241_20160103-Q78A2753.jpg\"\n               data-image-id=\"14571\"\n               data-title=\"-\"\n               data-description=\"&lt;strong\/&gt;&lt;br\/&gt;&lt;br\/&gt;&lt;span style=&quot;font-size:85%;color:#949494&quot;&gt;[Bild-Id: 14571]&lt;\/span&gt;\"\n               data-image-slug=\"241_20160103-q78a2753\"\n               class=\"ngg-simplelightbox\" rel=\"27968d91f01ccc6554ee2078abffb628\">\n                <img\n                    title=\"-\"\n                    alt=\"-\"\n                    src=\"http:\/\/foto-passion.com\/wp-content\/gallery\/fotostrecke_costarica2015-2016\/cache\/241_20160103-Q78A2753.jpg-nggid0514571-ngg0dyn-150x100x100-00f0w010c011r110f110r010t010.jpg\"\n                    width=\"150\"\n                    height=\"100\"\n                    style=\"max-width:100%;\"\n                \/>\n            <\/a>\n        <\/div>\n\t\t\t\t\t\t\t<\/div> \n\t\t\t\n                            \n\t\t\t\t<div id=\"ngg-image-241\" class=\"ngg-gallery-thumbnail-box\" >\n\t\t\t\t        <div class=\"ngg-gallery-thumbnail\">\n            <a href=\"http:\/\/foto-passion.com\/wp-content\/gallery\/fotostrecke_costarica2015-2016\/242_20160102-Q78A2335-Pano-2.jpg\"\n               title=\"&lt;strong&gt;Im Hochland bei San Vito&lt;\/strong&gt;&lt;br\/&gt;&lt;br\/&gt;&lt;span style=&quot;font-size:85%;color:#949494&quot;&gt;[Bild-Id: 14572]&lt;\/span&gt;\"\n               data-src=\"http:\/\/foto-passion.com\/wp-content\/gallery\/fotostrecke_costarica2015-2016\/242_20160102-Q78A2335-Pano-2.jpg\"\n               data-thumbnail=\"http:\/\/foto-passion.com\/wp-content\/gallery\/fotostrecke_costarica2015-2016\/thumbs\/thumbs_242_20160102-Q78A2335-Pano-2.jpg\"\n               data-image-id=\"14572\"\n               data-title=\"Im Hochland bei San Vito\"\n               data-description=\"&lt;strong&gt;Im Hochland bei San Vito&lt;\/strong&gt;&lt;br\/&gt;&lt;br\/&gt;&lt;span style=&quot;font-size:85%;color:#949494&quot;&gt;[Bild-Id: 14572]&lt;\/span&gt;\"\n               data-image-slug=\"242_20160102-q78a2335-pano-2\"\n               class=\"ngg-simplelightbox\" rel=\"27968d91f01ccc6554ee2078abffb628\">\n                <img\n                    title=\"Im Hochland bei San Vito\"\n                    alt=\"Im Hochland bei San Vito\"\n                    src=\"http:\/\/foto-passion.com\/wp-content\/gallery\/fotostrecke_costarica2015-2016\/cache\/242_20160102-Q78A2335-Pano-2.jpg-nggid0514572-ngg0dyn-150x100x100-00f0w010c011r110f110r010t010.jpg\"\n                    width=\"150\"\n                    height=\"100\"\n                    style=\"max-width:100%;\"\n                \/>\n            <\/a>\n        <\/div>\n\t\t\t\t\t\t\t<\/div> \n\t\t\t\n                            \n\t\t\t\t<div id=\"ngg-image-242\" class=\"ngg-gallery-thumbnail-box\" >\n\t\t\t\t        <div class=\"ngg-gallery-thumbnail\">\n            <a href=\"http:\/\/foto-passion.com\/wp-content\/gallery\/fotostrecke_costarica2015-2016\/243_20151230-Q78A1440.jpg\"\n               title=\"&lt;strong&gt;Anole&lt;\/strong&gt;&lt;br\/&gt;&lt;br\/&gt;&lt;span style=&quot;font-size:85%;color:#949494&quot;&gt;[Bild-Id: 14573]&lt;\/span&gt;\"\n               data-src=\"http:\/\/foto-passion.com\/wp-content\/gallery\/fotostrecke_costarica2015-2016\/243_20151230-Q78A1440.jpg\"\n               data-thumbnail=\"http:\/\/foto-passion.com\/wp-content\/gallery\/fotostrecke_costarica2015-2016\/thumbs\/thumbs_243_20151230-Q78A1440.jpg\"\n               data-image-id=\"14573\"\n               data-title=\"Anole\"\n               data-description=\"&lt;strong&gt;Anole&lt;\/strong&gt;&lt;br\/&gt;&lt;br\/&gt;&lt;span style=&quot;font-size:85%;color:#949494&quot;&gt;[Bild-Id: 14573]&lt;\/span&gt;\"\n               data-image-slug=\"243_20151230-q78a1440\"\n               class=\"ngg-simplelightbox\" rel=\"27968d91f01ccc6554ee2078abffb628\">\n                <img\n                    title=\"Anole\"\n                    alt=\"Anole\"\n                    src=\"http:\/\/foto-passion.com\/wp-content\/gallery\/fotostrecke_costarica2015-2016\/cache\/243_20151230-Q78A1440.jpg-nggid0514573-ngg0dyn-150x100x100-00f0w010c011r110f110r010t010.jpg\"\n                    width=\"150\"\n                    height=\"100\"\n                    style=\"max-width:100%;\"\n                \/>\n            <\/a>\n        <\/div>\n\t\t\t\t\t\t\t<\/div> \n\t\t\t\n                            \n\t\t\t\t<div id=\"ngg-image-243\" class=\"ngg-gallery-thumbnail-box\" >\n\t\t\t\t        <div class=\"ngg-gallery-thumbnail\">\n            <a href=\"http:\/\/foto-passion.com\/wp-content\/gallery\/fotostrecke_costarica2015-2016\/244_20151230-Q78A1578.jpg\"\n               title=\"&lt;strong&gt;Glasfrosch (Teratohyla pulverata), Lime-colored Glass Frog&lt;\/strong&gt;&lt;br\/&gt;&lt;br\/&gt;&lt;span style=&quot;font-size:85%;color:#949494&quot;&gt;[Bild-Id: 14574]&lt;\/span&gt;\"\n               data-src=\"http:\/\/foto-passion.com\/wp-content\/gallery\/fotostrecke_costarica2015-2016\/244_20151230-Q78A1578.jpg\"\n               data-thumbnail=\"http:\/\/foto-passion.com\/wp-content\/gallery\/fotostrecke_costarica2015-2016\/thumbs\/thumbs_244_20151230-Q78A1578.jpg\"\n               data-image-id=\"14574\"\n               data-title=\"Glasfrosch (Teratohyla pulverata), Lime-colored Glass Frog\"\n               data-description=\"&lt;strong&gt;Glasfrosch (Teratohyla pulverata), Lime-colored Glass Frog&lt;\/strong&gt;&lt;br\/&gt;&lt;br\/&gt;&lt;span style=&quot;font-size:85%;color:#949494&quot;&gt;[Bild-Id: 14574]&lt;\/span&gt;\"\n               data-image-slug=\"244_20151230-q78a1578\"\n               class=\"ngg-simplelightbox\" rel=\"27968d91f01ccc6554ee2078abffb628\">\n                <img\n                    title=\"Glasfrosch (Teratohyla pulverata), Lime-colored Glass Frog\"\n                    alt=\"Glasfrosch (Teratohyla pulverata), Lime-colored Glass Frog\"\n                    src=\"http:\/\/foto-passion.com\/wp-content\/gallery\/fotostrecke_costarica2015-2016\/cache\/244_20151230-Q78A1578.jpg-nggid0514574-ngg0dyn-150x100x100-00f0w010c011r110f110r010t010.jpg\"\n                    width=\"150\"\n                    height=\"100\"\n                    style=\"max-width:100%;\"\n                \/>\n            <\/a>\n        <\/div>\n\t\t\t\t\t\t\t<\/div> \n\t\t\t\n                                    <br style=\"clear: both\" \/>\n                    \n\t\t\t\t<div id=\"ngg-image-244\" class=\"ngg-gallery-thumbnail-box\" >\n\t\t\t\t        <div class=\"ngg-gallery-thumbnail\">\n            <a href=\"http:\/\/foto-passion.com\/wp-content\/gallery\/fotostrecke_costarica2015-2016\/245_20160101-Q78A2186.jpg\"\n               title=\"&lt;strong&gt;Wieder so ein Winzling&lt;\/strong&gt;&lt;br\/&gt;&lt;br\/&gt;&lt;span style=&quot;font-size:85%;color:#949494&quot;&gt;[Bild-Id: 14575]&lt;\/span&gt;\"\n               data-src=\"http:\/\/foto-passion.com\/wp-content\/gallery\/fotostrecke_costarica2015-2016\/245_20160101-Q78A2186.jpg\"\n               data-thumbnail=\"http:\/\/foto-passion.com\/wp-content\/gallery\/fotostrecke_costarica2015-2016\/thumbs\/thumbs_245_20160101-Q78A2186.jpg\"\n               data-image-id=\"14575\"\n               data-title=\"Wieder so ein Winzling\"\n               data-description=\"&lt;strong&gt;Wieder so ein Winzling&lt;\/strong&gt;&lt;br\/&gt;&lt;br\/&gt;&lt;span style=&quot;font-size:85%;color:#949494&quot;&gt;[Bild-Id: 14575]&lt;\/span&gt;\"\n               data-image-slug=\"245_20160101-q78a2186\"\n               class=\"ngg-simplelightbox\" rel=\"27968d91f01ccc6554ee2078abffb628\">\n                <img\n                    title=\"Wieder so ein Winzling\"\n                    alt=\"Wieder so ein Winzling\"\n                    src=\"http:\/\/foto-passion.com\/wp-content\/gallery\/fotostrecke_costarica2015-2016\/cache\/245_20160101-Q78A2186.jpg-nggid0514575-ngg0dyn-150x100x100-00f0w010c011r110f110r010t010.jpg\"\n                    width=\"150\"\n                    height=\"100\"\n                    style=\"max-width:100%;\"\n                \/>\n            <\/a>\n        <\/div>\n\t\t\t\t\t\t\t<\/div> \n\t\t\t\n                            \n\t\t\t\t<div id=\"ngg-image-245\" class=\"ngg-gallery-thumbnail-box\" >\n\t\t\t\t        <div class=\"ngg-gallery-thumbnail\">\n            <a href=\"http:\/\/foto-passion.com\/wp-content\/gallery\/fotostrecke_costarica2015-2016\/246_20160101-Q78A2298.jpg\"\n               title=\"&lt;strong&gt;K\u00e4fer&lt;\/strong&gt;&lt;br\/&gt;&lt;br\/&gt;&lt;span style=&quot;font-size:85%;color:#949494&quot;&gt;[Bild-Id: 14576]&lt;\/span&gt;\"\n               data-src=\"http:\/\/foto-passion.com\/wp-content\/gallery\/fotostrecke_costarica2015-2016\/246_20160101-Q78A2298.jpg\"\n               data-thumbnail=\"http:\/\/foto-passion.com\/wp-content\/gallery\/fotostrecke_costarica2015-2016\/thumbs\/thumbs_246_20160101-Q78A2298.jpg\"\n               data-image-id=\"14576\"\n               data-title=\"K\u00e4fer\"\n               data-description=\"&lt;strong&gt;K\u00e4fer&lt;\/strong&gt;&lt;br\/&gt;&lt;br\/&gt;&lt;span style=&quot;font-size:85%;color:#949494&quot;&gt;[Bild-Id: 14576]&lt;\/span&gt;\"\n               data-image-slug=\"246_20160101-q78a2298\"\n               class=\"ngg-simplelightbox\" rel=\"27968d91f01ccc6554ee2078abffb628\">\n                <img\n                    title=\"K\u00e4fer\"\n                    alt=\"K\u00e4fer\"\n                    src=\"http:\/\/foto-passion.com\/wp-content\/gallery\/fotostrecke_costarica2015-2016\/cache\/246_20160101-Q78A2298.jpg-nggid0514576-ngg0dyn-150x100x100-00f0w010c011r110f110r010t010.jpg\"\n                    width=\"150\"\n                    height=\"100\"\n                    style=\"max-width:100%;\"\n                \/>\n            <\/a>\n        <\/div>\n\t\t\t\t\t\t\t<\/div> \n\t\t\t\n                            \n\t\t\t\t<div id=\"ngg-image-246\" class=\"ngg-gallery-thumbnail-box\" >\n\t\t\t\t        <div class=\"ngg-gallery-thumbnail\">\n            <a href=\"http:\/\/foto-passion.com\/wp-content\/gallery\/fotostrecke_costarica2015-2016\/247_20151231-_J2A3789.jpg\"\n               title=\"&lt;strong&gt;Im Hochland bei San Vito&lt;\/strong&gt;&lt;br\/&gt;&lt;br\/&gt;&lt;span style=&quot;font-size:85%;color:#949494&quot;&gt;[Bild-Id: 14577]&lt;\/span&gt;\"\n               data-src=\"http:\/\/foto-passion.com\/wp-content\/gallery\/fotostrecke_costarica2015-2016\/247_20151231-_J2A3789.jpg\"\n               data-thumbnail=\"http:\/\/foto-passion.com\/wp-content\/gallery\/fotostrecke_costarica2015-2016\/thumbs\/thumbs_247_20151231-_J2A3789.jpg\"\n               data-image-id=\"14577\"\n               data-title=\"Im Hochland bei San Vito\"\n               data-description=\"&lt;strong&gt;Im Hochland bei San Vito&lt;\/strong&gt;&lt;br\/&gt;&lt;br\/&gt;&lt;span style=&quot;font-size:85%;color:#949494&quot;&gt;[Bild-Id: 14577]&lt;\/span&gt;\"\n               data-image-slug=\"247_20151231-_j2a3789\"\n               class=\"ngg-simplelightbox\" rel=\"27968d91f01ccc6554ee2078abffb628\">\n                <img\n                    title=\"Im Hochland bei San Vito\"\n                    alt=\"Im Hochland bei San Vito\"\n                    src=\"http:\/\/foto-passion.com\/wp-content\/gallery\/fotostrecke_costarica2015-2016\/cache\/247_20151231-_J2A3789.jpg-nggid0514577-ngg0dyn-150x100x100-00f0w010c011r110f110r010t010.jpg\"\n                    width=\"150\"\n                    height=\"100\"\n                    style=\"max-width:100%;\"\n                \/>\n            <\/a>\n        <\/div>\n\t\t\t\t\t\t\t<\/div> \n\t\t\t\n                            \n\t\t\t\t<div id=\"ngg-image-247\" class=\"ngg-gallery-thumbnail-box\" >\n\t\t\t\t        <div class=\"ngg-gallery-thumbnail\">\n            <a href=\"http:\/\/foto-passion.com\/wp-content\/gallery\/fotostrecke_costarica2015-2016\/248_20160102-Q78A2377.jpg\"\n               title=\"&lt;strong&gt;Im Hochland bei San Vito&lt;\/strong&gt;&lt;br\/&gt;&lt;br\/&gt;&lt;span style=&quot;font-size:85%;color:#949494&quot;&gt;[Bild-Id: 14578]&lt;\/span&gt;\"\n               data-src=\"http:\/\/foto-passion.com\/wp-content\/gallery\/fotostrecke_costarica2015-2016\/248_20160102-Q78A2377.jpg\"\n               data-thumbnail=\"http:\/\/foto-passion.com\/wp-content\/gallery\/fotostrecke_costarica2015-2016\/thumbs\/thumbs_248_20160102-Q78A2377.jpg\"\n               data-image-id=\"14578\"\n               data-title=\"Im Hochland bei San Vito\"\n               data-description=\"&lt;strong&gt;Im Hochland bei San Vito&lt;\/strong&gt;&lt;br\/&gt;&lt;br\/&gt;&lt;span style=&quot;font-size:85%;color:#949494&quot;&gt;[Bild-Id: 14578]&lt;\/span&gt;\"\n               data-image-slug=\"248_20160102-q78a2377\"\n               class=\"ngg-simplelightbox\" rel=\"27968d91f01ccc6554ee2078abffb628\">\n                <img\n                    title=\"Im Hochland bei San Vito\"\n                    alt=\"Im Hochland bei San Vito\"\n                    src=\"http:\/\/foto-passion.com\/wp-content\/gallery\/fotostrecke_costarica2015-2016\/cache\/248_20160102-Q78A2377.jpg-nggid0514578-ngg0dyn-150x100x100-00f0w010c011r110f110r010t010.jpg\"\n                    width=\"150\"\n                    height=\"100\"\n                    style=\"max-width:100%;\"\n                \/>\n            <\/a>\n        <\/div>\n\t\t\t\t\t\t\t<\/div> \n\t\t\t\n                                    <br style=\"clear: both\" \/>\n                    \n\t\t\t\t<div id=\"ngg-image-248\" class=\"ngg-gallery-thumbnail-box\" >\n\t\t\t\t        <div class=\"ngg-gallery-thumbnail\">\n            <a href=\"http:\/\/foto-passion.com\/wp-content\/gallery\/fotostrecke_costarica2015-2016\/249_20160102-Q78A2394.jpg\"\n               title=\"&lt;strong&gt;Im Hochland&lt;\/strong&gt;&lt;br\/&gt;&lt;br\/&gt;&lt;span style=&quot;font-size:85%;color:#949494&quot;&gt;[Bild-Id: 14579]&lt;\/span&gt;\"\n               data-src=\"http:\/\/foto-passion.com\/wp-content\/gallery\/fotostrecke_costarica2015-2016\/249_20160102-Q78A2394.jpg\"\n               data-thumbnail=\"http:\/\/foto-passion.com\/wp-content\/gallery\/fotostrecke_costarica2015-2016\/thumbs\/thumbs_249_20160102-Q78A2394.jpg\"\n               data-image-id=\"14579\"\n               data-title=\"Im Hochland\"\n               data-description=\"&lt;strong&gt;Im Hochland&lt;\/strong&gt;&lt;br\/&gt;&lt;br\/&gt;&lt;span style=&quot;font-size:85%;color:#949494&quot;&gt;[Bild-Id: 14579]&lt;\/span&gt;\"\n               data-image-slug=\"249_20160102-q78a2394\"\n               class=\"ngg-simplelightbox\" rel=\"27968d91f01ccc6554ee2078abffb628\">\n                <img\n                    title=\"Im Hochland\"\n                    alt=\"Im Hochland\"\n                    src=\"http:\/\/foto-passion.com\/wp-content\/gallery\/fotostrecke_costarica2015-2016\/cache\/249_20160102-Q78A2394.jpg-nggid0514579-ngg0dyn-150x100x100-00f0w010c011r110f110r010t010.jpg\"\n                    width=\"150\"\n                    height=\"100\"\n                    style=\"max-width:100%;\"\n                \/>\n            <\/a>\n        <\/div>\n\t\t\t\t\t\t\t<\/div> \n\t\t\t\n                            \n\t\t\t\t<div id=\"ngg-image-249\" class=\"ngg-gallery-thumbnail-box\" >\n\t\t\t\t        <div class=\"ngg-gallery-thumbnail\">\n            <a href=\"http:\/\/foto-passion.com\/wp-content\/gallery\/fotostrecke_costarica2015-2016\/250_20160102-Q78A2413.jpg\"\n               title=\"&lt;strong&gt;Im Hochland&lt;\/strong&gt;&lt;br\/&gt;&lt;br\/&gt;&lt;span style=&quot;font-size:85%;color:#949494&quot;&gt;[Bild-Id: 14580]&lt;\/span&gt;\"\n               data-src=\"http:\/\/foto-passion.com\/wp-content\/gallery\/fotostrecke_costarica2015-2016\/250_20160102-Q78A2413.jpg\"\n               data-thumbnail=\"http:\/\/foto-passion.com\/wp-content\/gallery\/fotostrecke_costarica2015-2016\/thumbs\/thumbs_250_20160102-Q78A2413.jpg\"\n               data-image-id=\"14580\"\n               data-title=\"Im Hochland\"\n               data-description=\"&lt;strong&gt;Im Hochland&lt;\/strong&gt;&lt;br\/&gt;&lt;br\/&gt;&lt;span style=&quot;font-size:85%;color:#949494&quot;&gt;[Bild-Id: 14580]&lt;\/span&gt;\"\n               data-image-slug=\"250_20160102-q78a2413\"\n               class=\"ngg-simplelightbox\" rel=\"27968d91f01ccc6554ee2078abffb628\">\n                <img\n                    title=\"Im Hochland\"\n                    alt=\"Im Hochland\"\n                    src=\"http:\/\/foto-passion.com\/wp-content\/gallery\/fotostrecke_costarica2015-2016\/cache\/250_20160102-Q78A2413.jpg-nggid0514580-ngg0dyn-150x100x100-00f0w010c011r110f110r010t010.jpg\"\n                    width=\"150\"\n                    height=\"100\"\n                    style=\"max-width:100%;\"\n                \/>\n            <\/a>\n        <\/div>\n\t\t\t\t\t\t\t<\/div> \n\t\t\t\n                            \n\t\t\t\t<div id=\"ngg-image-250\" class=\"ngg-gallery-thumbnail-box\" >\n\t\t\t\t        <div class=\"ngg-gallery-thumbnail\">\n            <a href=\"http:\/\/foto-passion.com\/wp-content\/gallery\/fotostrecke_costarica2015-2016\/251_20160102-Q78A2435.jpg\"\n               title=\"&lt;strong&gt;Die Ananasplantagen von Del Monte sind nicht weit&lt;\/strong&gt;&lt;br\/&gt;&lt;br\/&gt;&lt;span style=&quot;font-size:85%;color:#949494&quot;&gt;[Bild-Id: 14581]&lt;\/span&gt;\"\n               data-src=\"http:\/\/foto-passion.com\/wp-content\/gallery\/fotostrecke_costarica2015-2016\/251_20160102-Q78A2435.jpg\"\n               data-thumbnail=\"http:\/\/foto-passion.com\/wp-content\/gallery\/fotostrecke_costarica2015-2016\/thumbs\/thumbs_251_20160102-Q78A2435.jpg\"\n               data-image-id=\"14581\"\n               data-title=\"Die Ananasplantagen von Del Monte sind nicht weit\"\n               data-description=\"&lt;strong&gt;Die Ananasplantagen von Del Monte sind nicht weit&lt;\/strong&gt;&lt;br\/&gt;&lt;br\/&gt;&lt;span style=&quot;font-size:85%;color:#949494&quot;&gt;[Bild-Id: 14581]&lt;\/span&gt;\"\n               data-image-slug=\"251_20160102-q78a2435\"\n               class=\"ngg-simplelightbox\" rel=\"27968d91f01ccc6554ee2078abffb628\">\n                <img\n                    title=\"Die Ananasplantagen von Del Monte sind nicht weit\"\n                    alt=\"Die Ananasplantagen von Del Monte sind nicht weit\"\n                    src=\"http:\/\/foto-passion.com\/wp-content\/gallery\/fotostrecke_costarica2015-2016\/cache\/251_20160102-Q78A2435.jpg-nggid0514581-ngg0dyn-150x100x100-00f0w010c011r110f110r010t010.jpg\"\n                    width=\"150\"\n                    height=\"100\"\n                    style=\"max-width:100%;\"\n                \/>\n            <\/a>\n        <\/div>\n\t\t\t\t\t\t\t<\/div> \n\t\t\t\n                            \n\t\t\t\t<div id=\"ngg-image-251\" class=\"ngg-gallery-thumbnail-box\" >\n\t\t\t\t        <div class=\"ngg-gallery-thumbnail\">\n            <a href=\"http:\/\/foto-passion.com\/wp-content\/gallery\/fotostrecke_costarica2015-2016\/252_20160102-Q78A2471.jpg\"\n               title=\"&lt;strong&gt;Ananasplantagen von Del Monte&lt;\/strong&gt;&lt;br\/&gt;&lt;br\/&gt;&lt;span style=&quot;font-size:85%;color:#949494&quot;&gt;[Bild-Id: 14582]&lt;\/span&gt;\"\n               data-src=\"http:\/\/foto-passion.com\/wp-content\/gallery\/fotostrecke_costarica2015-2016\/252_20160102-Q78A2471.jpg\"\n               data-thumbnail=\"http:\/\/foto-passion.com\/wp-content\/gallery\/fotostrecke_costarica2015-2016\/thumbs\/thumbs_252_20160102-Q78A2471.jpg\"\n               data-image-id=\"14582\"\n               data-title=\"Ananasplantagen von Del Monte\"\n               data-description=\"&lt;strong&gt;Ananasplantagen von Del Monte&lt;\/strong&gt;&lt;br\/&gt;&lt;br\/&gt;&lt;span style=&quot;font-size:85%;color:#949494&quot;&gt;[Bild-Id: 14582]&lt;\/span&gt;\"\n               data-image-slug=\"252_20160102-q78a2471\"\n               class=\"ngg-simplelightbox\" rel=\"27968d91f01ccc6554ee2078abffb628\">\n                <img\n                    title=\"Ananasplantagen von Del Monte\"\n                    alt=\"Ananasplantagen von Del Monte\"\n                    src=\"http:\/\/foto-passion.com\/wp-content\/gallery\/fotostrecke_costarica2015-2016\/cache\/252_20160102-Q78A2471.jpg-nggid0514582-ngg0dyn-150x100x100-00f0w010c011r110f110r010t010.jpg\"\n                    width=\"150\"\n                    height=\"100\"\n                    style=\"max-width:100%;\"\n                \/>\n            <\/a>\n        <\/div>\n\t\t\t\t\t\t\t<\/div> \n\t\t\t\n                                    <br style=\"clear: both\" \/>\n                    \n\t\t\t\t<div id=\"ngg-image-252\" class=\"ngg-gallery-thumbnail-box\" >\n\t\t\t\t        <div class=\"ngg-gallery-thumbnail\">\n            <a href=\"http:\/\/foto-passion.com\/wp-content\/gallery\/fotostrecke_costarica2015-2016\/253_20160102-Q78A2441.jpg\"\n               title=\"&lt;strong&gt;Ananasplantagen von Del Monte&lt;\/strong&gt;&lt;br\/&gt;&lt;br\/&gt;&lt;span style=&quot;font-size:85%;color:#949494&quot;&gt;[Bild-Id: 14583]&lt;\/span&gt;\"\n               data-src=\"http:\/\/foto-passion.com\/wp-content\/gallery\/fotostrecke_costarica2015-2016\/253_20160102-Q78A2441.jpg\"\n               data-thumbnail=\"http:\/\/foto-passion.com\/wp-content\/gallery\/fotostrecke_costarica2015-2016\/thumbs\/thumbs_253_20160102-Q78A2441.jpg\"\n               data-image-id=\"14583\"\n               data-title=\"Ananasplantagen von Del Monte\"\n               data-description=\"&lt;strong&gt;Ananasplantagen von Del Monte&lt;\/strong&gt;&lt;br\/&gt;&lt;br\/&gt;&lt;span style=&quot;font-size:85%;color:#949494&quot;&gt;[Bild-Id: 14583]&lt;\/span&gt;\"\n               data-image-slug=\"253_20160102-q78a2441\"\n               class=\"ngg-simplelightbox\" rel=\"27968d91f01ccc6554ee2078abffb628\">\n                <img\n                    title=\"Ananasplantagen von Del Monte\"\n                    alt=\"Ananasplantagen von Del Monte\"\n                    src=\"http:\/\/foto-passion.com\/wp-content\/gallery\/fotostrecke_costarica2015-2016\/cache\/253_20160102-Q78A2441.jpg-nggid0514583-ngg0dyn-150x100x100-00f0w010c011r110f110r010t010.jpg\"\n                    width=\"150\"\n                    height=\"100\"\n                    style=\"max-width:100%;\"\n                \/>\n            <\/a>\n        <\/div>\n\t\t\t\t\t\t\t<\/div> \n\t\t\t\n                            \n\t\t\t\t<div id=\"ngg-image-253\" class=\"ngg-gallery-thumbnail-box\" >\n\t\t\t\t        <div class=\"ngg-gallery-thumbnail\">\n            <a href=\"http:\/\/foto-passion.com\/wp-content\/gallery\/fotostrecke_costarica2015-2016\/254_20160102-Q78A2458.jpg\"\n               title=\"&lt;strong&gt;Ananasplantagen von Del Monte&lt;\/strong&gt;&lt;br\/&gt;&lt;br\/&gt;&lt;span style=&quot;font-size:85%;color:#949494&quot;&gt;[Bild-Id: 14584]&lt;\/span&gt;\"\n               data-src=\"http:\/\/foto-passion.com\/wp-content\/gallery\/fotostrecke_costarica2015-2016\/254_20160102-Q78A2458.jpg\"\n               data-thumbnail=\"http:\/\/foto-passion.com\/wp-content\/gallery\/fotostrecke_costarica2015-2016\/thumbs\/thumbs_254_20160102-Q78A2458.jpg\"\n               data-image-id=\"14584\"\n               data-title=\"Ananasplantagen von Del Monte\"\n               data-description=\"&lt;strong&gt;Ananasplantagen von Del Monte&lt;\/strong&gt;&lt;br\/&gt;&lt;br\/&gt;&lt;span style=&quot;font-size:85%;color:#949494&quot;&gt;[Bild-Id: 14584]&lt;\/span&gt;\"\n               data-image-slug=\"254_20160102-q78a2458\"\n               class=\"ngg-simplelightbox\" rel=\"27968d91f01ccc6554ee2078abffb628\">\n                <img\n                    title=\"Ananasplantagen von Del Monte\"\n                    alt=\"Ananasplantagen von Del Monte\"\n                    src=\"http:\/\/foto-passion.com\/wp-content\/gallery\/fotostrecke_costarica2015-2016\/cache\/254_20160102-Q78A2458.jpg-nggid0514584-ngg0dyn-150x100x100-00f0w010c011r110f110r010t010.jpg\"\n                    width=\"150\"\n                    height=\"100\"\n                    style=\"max-width:100%;\"\n                \/>\n            <\/a>\n        <\/div>\n\t\t\t\t\t\t\t<\/div> \n\t\t\t\n                            \n\t\t\t\t<div id=\"ngg-image-254\" class=\"ngg-gallery-thumbnail-box\" >\n\t\t\t\t        <div class=\"ngg-gallery-thumbnail\">\n            <a href=\"http:\/\/foto-passion.com\/wp-content\/gallery\/fotostrecke_costarica2015-2016\/255_20160102-Q78A2442.jpg\"\n               title=\"&lt;strong&gt;Unterwegs in Costa Rica&lt;\/strong&gt;&lt;br\/&gt;&lt;br\/&gt;&lt;span style=&quot;font-size:85%;color:#949494&quot;&gt;[Bild-Id: 14585]&lt;\/span&gt;\"\n               data-src=\"http:\/\/foto-passion.com\/wp-content\/gallery\/fotostrecke_costarica2015-2016\/255_20160102-Q78A2442.jpg\"\n               data-thumbnail=\"http:\/\/foto-passion.com\/wp-content\/gallery\/fotostrecke_costarica2015-2016\/thumbs\/thumbs_255_20160102-Q78A2442.jpg\"\n               data-image-id=\"14585\"\n               data-title=\"Unterwegs in Costa Rica\"\n               data-description=\"&lt;strong&gt;Unterwegs in Costa Rica&lt;\/strong&gt;&lt;br\/&gt;&lt;br\/&gt;&lt;span style=&quot;font-size:85%;color:#949494&quot;&gt;[Bild-Id: 14585]&lt;\/span&gt;\"\n               data-image-slug=\"255_20160102-q78a2442\"\n               class=\"ngg-simplelightbox\" rel=\"27968d91f01ccc6554ee2078abffb628\">\n                <img\n                    title=\"Unterwegs in Costa Rica\"\n                    alt=\"Unterwegs in Costa Rica\"\n                    src=\"http:\/\/foto-passion.com\/wp-content\/gallery\/fotostrecke_costarica2015-2016\/cache\/255_20160102-Q78A2442.jpg-nggid0514585-ngg0dyn-150x100x100-00f0w010c011r110f110r010t010.jpg\"\n                    width=\"150\"\n                    height=\"100\"\n                    style=\"max-width:100%;\"\n                \/>\n            <\/a>\n        <\/div>\n\t\t\t\t\t\t\t<\/div> \n\t\t\t\n                            \n\t\t\t\t<div id=\"ngg-image-255\" class=\"ngg-gallery-thumbnail-box\" >\n\t\t\t\t        <div class=\"ngg-gallery-thumbnail\">\n            <a href=\"http:\/\/foto-passion.com\/wp-content\/gallery\/fotostrecke_costarica2015-2016\/256_20160102-Q78A2482.jpg\"\n               title=\"&lt;strong&gt;Ananasplantagen von Del Monte&lt;\/strong&gt;&lt;br\/&gt;&lt;br\/&gt;&lt;span style=&quot;font-size:85%;color:#949494&quot;&gt;[Bild-Id: 14586]&lt;\/span&gt;\"\n               data-src=\"http:\/\/foto-passion.com\/wp-content\/gallery\/fotostrecke_costarica2015-2016\/256_20160102-Q78A2482.jpg\"\n               data-thumbnail=\"http:\/\/foto-passion.com\/wp-content\/gallery\/fotostrecke_costarica2015-2016\/thumbs\/thumbs_256_20160102-Q78A2482.jpg\"\n               data-image-id=\"14586\"\n               data-title=\"Ananasplantagen von Del Monte\"\n               data-description=\"&lt;strong&gt;Ananasplantagen von Del Monte&lt;\/strong&gt;&lt;br\/&gt;&lt;br\/&gt;&lt;span style=&quot;font-size:85%;color:#949494&quot;&gt;[Bild-Id: 14586]&lt;\/span&gt;\"\n               data-image-slug=\"256_20160102-q78a2482\"\n               class=\"ngg-simplelightbox\" rel=\"27968d91f01ccc6554ee2078abffb628\">\n                <img\n                    title=\"Ananasplantagen von Del Monte\"\n                    alt=\"Ananasplantagen von Del Monte\"\n                    src=\"http:\/\/foto-passion.com\/wp-content\/gallery\/fotostrecke_costarica2015-2016\/cache\/256_20160102-Q78A2482.jpg-nggid0514586-ngg0dyn-150x100x100-00f0w010c011r110f110r010t010.jpg\"\n                    width=\"150\"\n                    height=\"100\"\n                    style=\"max-width:100%;\"\n                \/>\n            <\/a>\n        <\/div>\n\t\t\t\t\t\t\t<\/div> \n\t\t\t\n                                    <br style=\"clear: both\" \/>\n                    \n\t\t\t\t<div id=\"ngg-image-256\" class=\"ngg-gallery-thumbnail-box\" >\n\t\t\t\t        <div class=\"ngg-gallery-thumbnail\">\n            <a href=\"http:\/\/foto-passion.com\/wp-content\/gallery\/fotostrecke_costarica2015-2016\/257_20160102-Q78A2490.jpg\"\n               title=\"&lt;strong&gt;Hier gibt es sogar Erntemaschinen - Ananasplantagen von Del Monte&lt;\/strong&gt;&lt;br\/&gt;&lt;br\/&gt;&lt;span style=&quot;font-size:85%;color:#949494&quot;&gt;[Bild-Id: 14587]&lt;\/span&gt;\"\n               data-src=\"http:\/\/foto-passion.com\/wp-content\/gallery\/fotostrecke_costarica2015-2016\/257_20160102-Q78A2490.jpg\"\n               data-thumbnail=\"http:\/\/foto-passion.com\/wp-content\/gallery\/fotostrecke_costarica2015-2016\/thumbs\/thumbs_257_20160102-Q78A2490.jpg\"\n               data-image-id=\"14587\"\n               data-title=\"Hier gibt es sogar Erntemaschinen - Ananasplantagen von Del Monte\"\n               data-description=\"&lt;strong&gt;Hier gibt es sogar Erntemaschinen - Ananasplantagen von Del Monte&lt;\/strong&gt;&lt;br\/&gt;&lt;br\/&gt;&lt;span style=&quot;font-size:85%;color:#949494&quot;&gt;[Bild-Id: 14587]&lt;\/span&gt;\"\n               data-image-slug=\"257_20160102-q78a2490\"\n               class=\"ngg-simplelightbox\" rel=\"27968d91f01ccc6554ee2078abffb628\">\n                <img\n                    title=\"Hier gibt es sogar Erntemaschinen - Ananasplantagen von Del Monte\"\n                    alt=\"Hier gibt es sogar Erntemaschinen - Ananasplantagen von Del Monte\"\n                    src=\"http:\/\/foto-passion.com\/wp-content\/gallery\/fotostrecke_costarica2015-2016\/cache\/257_20160102-Q78A2490.jpg-nggid0514587-ngg0dyn-150x100x100-00f0w010c011r110f110r010t010.jpg\"\n                    width=\"150\"\n                    height=\"100\"\n                    style=\"max-width:100%;\"\n                \/>\n            <\/a>\n        <\/div>\n\t\t\t\t\t\t\t<\/div> \n\t\t\t\n                            \n\t\t\t\t<div id=\"ngg-image-257\" class=\"ngg-gallery-thumbnail-box\" >\n\t\t\t\t        <div class=\"ngg-gallery-thumbnail\">\n            <a href=\"http:\/\/foto-passion.com\/wp-content\/gallery\/fotostrecke_costarica2015-2016\/258_20160102-Q78A2494.jpg\"\n               title=\"&lt;strong&gt;Hier gibt es sogar Erntemaschinen - Ananasplantagen von Del Monte&lt;\/strong&gt;&lt;br\/&gt;&lt;br\/&gt;&lt;span style=&quot;font-size:85%;color:#949494&quot;&gt;[Bild-Id: 14588]&lt;\/span&gt;\"\n               data-src=\"http:\/\/foto-passion.com\/wp-content\/gallery\/fotostrecke_costarica2015-2016\/258_20160102-Q78A2494.jpg\"\n               data-thumbnail=\"http:\/\/foto-passion.com\/wp-content\/gallery\/fotostrecke_costarica2015-2016\/thumbs\/thumbs_258_20160102-Q78A2494.jpg\"\n               data-image-id=\"14588\"\n               data-title=\"Hier gibt es sogar Erntemaschinen - Ananasplantagen von Del Monte\"\n               data-description=\"&lt;strong&gt;Hier gibt es sogar Erntemaschinen - Ananasplantagen von Del Monte&lt;\/strong&gt;&lt;br\/&gt;&lt;br\/&gt;&lt;span style=&quot;font-size:85%;color:#949494&quot;&gt;[Bild-Id: 14588]&lt;\/span&gt;\"\n               data-image-slug=\"258_20160102-q78a2494\"\n               class=\"ngg-simplelightbox\" rel=\"27968d91f01ccc6554ee2078abffb628\">\n                <img\n                    title=\"Hier gibt es sogar Erntemaschinen - Ananasplantagen von Del Monte\"\n                    alt=\"Hier gibt es sogar Erntemaschinen - Ananasplantagen von Del Monte\"\n                    src=\"http:\/\/foto-passion.com\/wp-content\/gallery\/fotostrecke_costarica2015-2016\/cache\/258_20160102-Q78A2494.jpg-nggid0514588-ngg0dyn-150x100x100-00f0w010c011r110f110r010t010.jpg\"\n                    width=\"150\"\n                    height=\"100\"\n                    style=\"max-width:100%;\"\n                \/>\n            <\/a>\n        <\/div>\n\t\t\t\t\t\t\t<\/div> \n\t\t\t\n                            \n\t\t\t\t<div id=\"ngg-image-258\" class=\"ngg-gallery-thumbnail-box\" >\n\t\t\t\t        <div class=\"ngg-gallery-thumbnail\">\n            <a href=\"http:\/\/foto-passion.com\/wp-content\/gallery\/fotostrecke_costarica2015-2016\/259_20160102-Q78A2504.jpg\"\n               title=\"&lt;strong&gt;San Gerardo de Rivas&lt;\/strong&gt;&lt;br\/&gt;&lt;br\/&gt;&lt;span style=&quot;font-size:85%;color:#949494&quot;&gt;[Bild-Id: 14589]&lt;\/span&gt;\"\n               data-src=\"http:\/\/foto-passion.com\/wp-content\/gallery\/fotostrecke_costarica2015-2016\/259_20160102-Q78A2504.jpg\"\n               data-thumbnail=\"http:\/\/foto-passion.com\/wp-content\/gallery\/fotostrecke_costarica2015-2016\/thumbs\/thumbs_259_20160102-Q78A2504.jpg\"\n               data-image-id=\"14589\"\n               data-title=\"San Gerardo de Rivas\"\n               data-description=\"&lt;strong&gt;San Gerardo de Rivas&lt;\/strong&gt;&lt;br\/&gt;&lt;br\/&gt;&lt;span style=&quot;font-size:85%;color:#949494&quot;&gt;[Bild-Id: 14589]&lt;\/span&gt;\"\n               data-image-slug=\"259_20160102-q78a2504\"\n               class=\"ngg-simplelightbox\" rel=\"27968d91f01ccc6554ee2078abffb628\">\n                <img\n                    title=\"San Gerardo de Rivas\"\n                    alt=\"San Gerardo de Rivas\"\n                    src=\"http:\/\/foto-passion.com\/wp-content\/gallery\/fotostrecke_costarica2015-2016\/cache\/259_20160102-Q78A2504.jpg-nggid0514589-ngg0dyn-150x100x100-00f0w010c011r110f110r010t010.jpg\"\n                    width=\"150\"\n                    height=\"100\"\n                    style=\"max-width:100%;\"\n                \/>\n            <\/a>\n        <\/div>\n\t\t\t\t\t\t\t<\/div> \n\t\t\t\n                            \n\t\t\t\t<div id=\"ngg-image-259\" class=\"ngg-gallery-thumbnail-box\" >\n\t\t\t\t        <div class=\"ngg-gallery-thumbnail\">\n            <a href=\"http:\/\/foto-passion.com\/wp-content\/gallery\/fotostrecke_costarica2015-2016\/260_20160102-Q78A2553.jpg\"\n               title=\"&lt;strong&gt;San Gerardo de Rivas&lt;\/strong&gt;&lt;br\/&gt;&lt;br\/&gt;&lt;span style=&quot;font-size:85%;color:#949494&quot;&gt;[Bild-Id: 14590]&lt;\/span&gt;\"\n               data-src=\"http:\/\/foto-passion.com\/wp-content\/gallery\/fotostrecke_costarica2015-2016\/260_20160102-Q78A2553.jpg\"\n               data-thumbnail=\"http:\/\/foto-passion.com\/wp-content\/gallery\/fotostrecke_costarica2015-2016\/thumbs\/thumbs_260_20160102-Q78A2553.jpg\"\n               data-image-id=\"14590\"\n               data-title=\"San Gerardo de Rivas\"\n               data-description=\"&lt;strong&gt;San Gerardo de Rivas&lt;\/strong&gt;&lt;br\/&gt;&lt;br\/&gt;&lt;span style=&quot;font-size:85%;color:#949494&quot;&gt;[Bild-Id: 14590]&lt;\/span&gt;\"\n               data-image-slug=\"260_20160102-q78a2553\"\n               class=\"ngg-simplelightbox\" rel=\"27968d91f01ccc6554ee2078abffb628\">\n                <img\n                    title=\"San Gerardo de Rivas\"\n                    alt=\"San Gerardo de Rivas\"\n                    src=\"http:\/\/foto-passion.com\/wp-content\/gallery\/fotostrecke_costarica2015-2016\/cache\/260_20160102-Q78A2553.jpg-nggid0514590-ngg0dyn-150x100x100-00f0w010c011r110f110r010t010.jpg\"\n                    width=\"150\"\n                    height=\"100\"\n                    style=\"max-width:100%;\"\n                \/>\n            <\/a>\n        <\/div>\n\t\t\t\t\t\t\t<\/div> \n\t\t\t\n                                    <br style=\"clear: both\" \/>\n                    \n\t\t\t\t<div id=\"ngg-image-260\" class=\"ngg-gallery-thumbnail-box\" >\n\t\t\t\t        <div class=\"ngg-gallery-thumbnail\">\n            <a href=\"http:\/\/foto-passion.com\/wp-content\/gallery\/fotostrecke_costarica2015-2016\/261_20160102-Q78A2513.jpg\"\n               title=\"&lt;strong&gt;San Gerardo de Rivas&lt;\/strong&gt;&lt;br\/&gt;&lt;br\/&gt;&lt;span style=&quot;font-size:85%;color:#949494&quot;&gt;[Bild-Id: 14591]&lt;\/span&gt;\"\n               data-src=\"http:\/\/foto-passion.com\/wp-content\/gallery\/fotostrecke_costarica2015-2016\/261_20160102-Q78A2513.jpg\"\n               data-thumbnail=\"http:\/\/foto-passion.com\/wp-content\/gallery\/fotostrecke_costarica2015-2016\/thumbs\/thumbs_261_20160102-Q78A2513.jpg\"\n               data-image-id=\"14591\"\n               data-title=\"San Gerardo de Rivas\"\n               data-description=\"&lt;strong&gt;San Gerardo de Rivas&lt;\/strong&gt;&lt;br\/&gt;&lt;br\/&gt;&lt;span style=&quot;font-size:85%;color:#949494&quot;&gt;[Bild-Id: 14591]&lt;\/span&gt;\"\n               data-image-slug=\"261_20160102-q78a2513\"\n               class=\"ngg-simplelightbox\" rel=\"27968d91f01ccc6554ee2078abffb628\">\n                <img\n                    title=\"San Gerardo de Rivas\"\n                    alt=\"San Gerardo de Rivas\"\n                    src=\"http:\/\/foto-passion.com\/wp-content\/gallery\/fotostrecke_costarica2015-2016\/cache\/261_20160102-Q78A2513.jpg-nggid0514591-ngg0dyn-150x100x100-00f0w010c011r110f110r010t010.jpg\"\n                    width=\"150\"\n                    height=\"100\"\n                    style=\"max-width:100%;\"\n                \/>\n            <\/a>\n        <\/div>\n\t\t\t\t\t\t\t<\/div> \n\t\t\t\n                            \n\t\t\t\t<div id=\"ngg-image-261\" class=\"ngg-gallery-thumbnail-box\" >\n\t\t\t\t        <div class=\"ngg-gallery-thumbnail\">\n            <a href=\"http:\/\/foto-passion.com\/wp-content\/gallery\/fotostrecke_costarica2015-2016\/262_20160102-Q78A2520.jpg\"\n               title=\"&lt;strong&gt;San Gerardo de Rivas&lt;\/strong&gt;&lt;br\/&gt;&lt;br\/&gt;&lt;span style=&quot;font-size:85%;color:#949494&quot;&gt;[Bild-Id: 14592]&lt;\/span&gt;\"\n               data-src=\"http:\/\/foto-passion.com\/wp-content\/gallery\/fotostrecke_costarica2015-2016\/262_20160102-Q78A2520.jpg\"\n               data-thumbnail=\"http:\/\/foto-passion.com\/wp-content\/gallery\/fotostrecke_costarica2015-2016\/thumbs\/thumbs_262_20160102-Q78A2520.jpg\"\n               data-image-id=\"14592\"\n               data-title=\"San Gerardo de Rivas\"\n               data-description=\"&lt;strong&gt;San Gerardo de Rivas&lt;\/strong&gt;&lt;br\/&gt;&lt;br\/&gt;&lt;span style=&quot;font-size:85%;color:#949494&quot;&gt;[Bild-Id: 14592]&lt;\/span&gt;\"\n               data-image-slug=\"262_20160102-q78a2520\"\n               class=\"ngg-simplelightbox\" rel=\"27968d91f01ccc6554ee2078abffb628\">\n                <img\n                    title=\"San Gerardo de Rivas\"\n                    alt=\"San Gerardo de Rivas\"\n                    src=\"http:\/\/foto-passion.com\/wp-content\/gallery\/fotostrecke_costarica2015-2016\/cache\/262_20160102-Q78A2520.jpg-nggid0514592-ngg0dyn-150x100x100-00f0w010c011r110f110r010t010.jpg\"\n                    width=\"150\"\n                    height=\"100\"\n                    style=\"max-width:100%;\"\n                \/>\n            <\/a>\n        <\/div>\n\t\t\t\t\t\t\t<\/div> \n\t\t\t\n                            \n\t\t\t\t<div id=\"ngg-image-262\" class=\"ngg-gallery-thumbnail-box\" >\n\t\t\t\t        <div class=\"ngg-gallery-thumbnail\">\n            <a href=\"http:\/\/foto-passion.com\/wp-content\/gallery\/fotostrecke_costarica2015-2016\/263_20160102-Q78A2576.jpg\"\n               title=\"&lt;strong&gt;Starschrecke&lt;\/strong&gt;&lt;br\/&gt;&lt;br\/&gt;&lt;span style=&quot;font-size:85%;color:#949494&quot;&gt;[Bild-Id: 14593]&lt;\/span&gt;\"\n               data-src=\"http:\/\/foto-passion.com\/wp-content\/gallery\/fotostrecke_costarica2015-2016\/263_20160102-Q78A2576.jpg\"\n               data-thumbnail=\"http:\/\/foto-passion.com\/wp-content\/gallery\/fotostrecke_costarica2015-2016\/thumbs\/thumbs_263_20160102-Q78A2576.jpg\"\n               data-image-id=\"14593\"\n               data-title=\"Starschrecke\"\n               data-description=\"&lt;strong&gt;Starschrecke&lt;\/strong&gt;&lt;br\/&gt;&lt;br\/&gt;&lt;span style=&quot;font-size:85%;color:#949494&quot;&gt;[Bild-Id: 14593]&lt;\/span&gt;\"\n               data-image-slug=\"263_20160102-q78a2576\"\n               class=\"ngg-simplelightbox\" rel=\"27968d91f01ccc6554ee2078abffb628\">\n                <img\n                    title=\"Starschrecke\"\n                    alt=\"Starschrecke\"\n                    src=\"http:\/\/foto-passion.com\/wp-content\/gallery\/fotostrecke_costarica2015-2016\/cache\/263_20160102-Q78A2576.jpg-nggid0514593-ngg0dyn-150x100x100-00f0w010c011r110f110r010t010.jpg\"\n                    width=\"150\"\n                    height=\"100\"\n                    style=\"max-width:100%;\"\n                \/>\n            <\/a>\n        <\/div>\n\t\t\t\t\t\t\t<\/div> \n\t\t\t\n                            \n\t\t\t\t<div id=\"ngg-image-263\" class=\"ngg-gallery-thumbnail-box\" >\n\t\t\t\t        <div class=\"ngg-gallery-thumbnail\">\n            <a href=\"http:\/\/foto-passion.com\/wp-content\/gallery\/fotostrecke_costarica2015-2016\/264_20160102-Q78A2585.jpg\"\n               title=\"&lt;strong\/&gt;&lt;br\/&gt;&lt;br\/&gt;&lt;span style=&quot;font-size:85%;color:#949494&quot;&gt;[Bild-Id: 14594]&lt;\/span&gt;\"\n               data-src=\"http:\/\/foto-passion.com\/wp-content\/gallery\/fotostrecke_costarica2015-2016\/264_20160102-Q78A2585.jpg\"\n               data-thumbnail=\"http:\/\/foto-passion.com\/wp-content\/gallery\/fotostrecke_costarica2015-2016\/thumbs\/thumbs_264_20160102-Q78A2585.jpg\"\n               data-image-id=\"14594\"\n               data-title=\"-\"\n               data-description=\"&lt;strong\/&gt;&lt;br\/&gt;&lt;br\/&gt;&lt;span style=&quot;font-size:85%;color:#949494&quot;&gt;[Bild-Id: 14594]&lt;\/span&gt;\"\n               data-image-slug=\"264_20160102-q78a2585\"\n               class=\"ngg-simplelightbox\" rel=\"27968d91f01ccc6554ee2078abffb628\">\n                <img\n                    title=\"-\"\n                    alt=\"-\"\n                    src=\"http:\/\/foto-passion.com\/wp-content\/gallery\/fotostrecke_costarica2015-2016\/cache\/264_20160102-Q78A2585.jpg-nggid0514594-ngg0dyn-150x100x100-00f0w010c011r110f110r010t010.jpg\"\n                    width=\"150\"\n                    height=\"100\"\n                    style=\"max-width:100%;\"\n                \/>\n            <\/a>\n        <\/div>\n\t\t\t\t\t\t\t<\/div> \n\t\t\t\n                                    <br style=\"clear: both\" \/>\n                    \n\t\t\t\t<div id=\"ngg-image-264\" class=\"ngg-gallery-thumbnail-box\" >\n\t\t\t\t        <div class=\"ngg-gallery-thumbnail\">\n            <a href=\"http:\/\/foto-passion.com\/wp-content\/gallery\/fotostrecke_costarica2015-2016\/265_20160102-Q78A2617.jpg\"\n               title=\"&lt;strong&gt;Mussurana (Clelia clelia), Common Massurana&lt;\/strong&gt;&lt;br\/&gt;&lt;br\/&gt;&lt;span style=&quot;font-size:85%;color:#949494&quot;&gt;[Bild-Id: 14595]&lt;\/span&gt;\"\n               data-src=\"http:\/\/foto-passion.com\/wp-content\/gallery\/fotostrecke_costarica2015-2016\/265_20160102-Q78A2617.jpg\"\n               data-thumbnail=\"http:\/\/foto-passion.com\/wp-content\/gallery\/fotostrecke_costarica2015-2016\/thumbs\/thumbs_265_20160102-Q78A2617.jpg\"\n               data-image-id=\"14595\"\n               data-title=\"Mussurana (Clelia clelia), Common Massurana\"\n               data-description=\"&lt;strong&gt;Mussurana (Clelia clelia), Common Massurana&lt;\/strong&gt;&lt;br\/&gt;&lt;br\/&gt;&lt;span style=&quot;font-size:85%;color:#949494&quot;&gt;[Bild-Id: 14595]&lt;\/span&gt;\"\n               data-image-slug=\"265_20160102-q78a2617\"\n               class=\"ngg-simplelightbox\" rel=\"27968d91f01ccc6554ee2078abffb628\">\n                <img\n                    title=\"Mussurana (Clelia clelia), Common Massurana\"\n                    alt=\"Mussurana (Clelia clelia), Common Massurana\"\n                    src=\"http:\/\/foto-passion.com\/wp-content\/gallery\/fotostrecke_costarica2015-2016\/cache\/265_20160102-Q78A2617.jpg-nggid0514595-ngg0dyn-150x100x100-00f0w010c011r110f110r010t010.jpg\"\n                    width=\"150\"\n                    height=\"100\"\n                    style=\"max-width:100%;\"\n                \/>\n            <\/a>\n        <\/div>\n\t\t\t\t\t\t\t<\/div> \n\t\t\t\n                            \n\t\t\t\t<div id=\"ngg-image-265\" class=\"ngg-gallery-thumbnail-box\" >\n\t\t\t\t        <div class=\"ngg-gallery-thumbnail\">\n            <a href=\"http:\/\/foto-passion.com\/wp-content\/gallery\/fotostrecke_costarica2015-2016\/266_20160102-Q78A2619.jpg\"\n               title=\"&lt;strong\/&gt;&lt;br\/&gt;&lt;br\/&gt;&lt;span style=&quot;font-size:85%;color:#949494&quot;&gt;[Bild-Id: 14596]&lt;\/span&gt;\"\n               data-src=\"http:\/\/foto-passion.com\/wp-content\/gallery\/fotostrecke_costarica2015-2016\/266_20160102-Q78A2619.jpg\"\n               data-thumbnail=\"http:\/\/foto-passion.com\/wp-content\/gallery\/fotostrecke_costarica2015-2016\/thumbs\/thumbs_266_20160102-Q78A2619.jpg\"\n               data-image-id=\"14596\"\n               data-title=\"-\"\n               data-description=\"&lt;strong\/&gt;&lt;br\/&gt;&lt;br\/&gt;&lt;span style=&quot;font-size:85%;color:#949494&quot;&gt;[Bild-Id: 14596]&lt;\/span&gt;\"\n               data-image-slug=\"266_20160102-q78a2619\"\n               class=\"ngg-simplelightbox\" rel=\"27968d91f01ccc6554ee2078abffb628\">\n                <img\n                    title=\"-\"\n                    alt=\"-\"\n                    src=\"http:\/\/foto-passion.com\/wp-content\/gallery\/fotostrecke_costarica2015-2016\/cache\/266_20160102-Q78A2619.jpg-nggid0514596-ngg0dyn-150x100x100-00f0w010c011r110f110r010t010.jpg\"\n                    width=\"150\"\n                    height=\"100\"\n                    style=\"max-width:100%;\"\n                \/>\n            <\/a>\n        <\/div>\n\t\t\t\t\t\t\t<\/div> \n\t\t\t\n                            \n\t\t\t\t<div id=\"ngg-image-266\" class=\"ngg-gallery-thumbnail-box\" >\n\t\t\t\t        <div class=\"ngg-gallery-thumbnail\">\n            <a href=\"http:\/\/foto-passion.com\/wp-content\/gallery\/fotostrecke_costarica2015-2016\/267_20151229-Q78A1367.jpg\"\n               title=\"&lt;strong\/&gt;&lt;br\/&gt;&lt;br\/&gt;&lt;span style=&quot;font-size:85%;color:#949494&quot;&gt;[Bild-Id: 14597]&lt;\/span&gt;\"\n               data-src=\"http:\/\/foto-passion.com\/wp-content\/gallery\/fotostrecke_costarica2015-2016\/267_20151229-Q78A1367.jpg\"\n               data-thumbnail=\"http:\/\/foto-passion.com\/wp-content\/gallery\/fotostrecke_costarica2015-2016\/thumbs\/thumbs_267_20151229-Q78A1367.jpg\"\n               data-image-id=\"14597\"\n               data-title=\"-\"\n               data-description=\"&lt;strong\/&gt;&lt;br\/&gt;&lt;br\/&gt;&lt;span style=&quot;font-size:85%;color:#949494&quot;&gt;[Bild-Id: 14597]&lt;\/span&gt;\"\n               data-image-slug=\"267_20151229-q78a1367\"\n               class=\"ngg-simplelightbox\" rel=\"27968d91f01ccc6554ee2078abffb628\">\n                <img\n                    title=\"-\"\n                    alt=\"-\"\n                    src=\"http:\/\/foto-passion.com\/wp-content\/gallery\/fotostrecke_costarica2015-2016\/cache\/267_20151229-Q78A1367.jpg-nggid0514597-ngg0dyn-150x100x100-00f0w010c011r110f110r010t010.jpg\"\n                    width=\"150\"\n                    height=\"100\"\n                    style=\"max-width:100%;\"\n                \/>\n            <\/a>\n        <\/div>\n\t\t\t\t\t\t\t<\/div> \n\t\t\t\n                            \n\t\t\t\t<div id=\"ngg-image-267\" class=\"ngg-gallery-thumbnail-box\" >\n\t\t\t\t        <div class=\"ngg-gallery-thumbnail\">\n            <a href=\"http:\/\/foto-passion.com\/wp-content\/gallery\/fotostrecke_costarica2015-2016\/268_20151218-Q78A7075.jpg\"\n               title=\"&lt;strong&gt;Perfekte Tarnung&lt;\/strong&gt;&lt;br\/&gt;&lt;br\/&gt;&lt;span style=&quot;font-size:85%;color:#949494&quot;&gt;[Bild-Id: 14598]&lt;\/span&gt;\"\n               data-src=\"http:\/\/foto-passion.com\/wp-content\/gallery\/fotostrecke_costarica2015-2016\/268_20151218-Q78A7075.jpg\"\n               data-thumbnail=\"http:\/\/foto-passion.com\/wp-content\/gallery\/fotostrecke_costarica2015-2016\/thumbs\/thumbs_268_20151218-Q78A7075.jpg\"\n               data-image-id=\"14598\"\n               data-title=\"Perfekte Tarnung\"\n               data-description=\"&lt;strong&gt;Perfekte Tarnung&lt;\/strong&gt;&lt;br\/&gt;&lt;br\/&gt;&lt;span style=&quot;font-size:85%;color:#949494&quot;&gt;[Bild-Id: 14598]&lt;\/span&gt;\"\n               data-image-slug=\"268_20151218-q78a7075\"\n               class=\"ngg-simplelightbox\" rel=\"27968d91f01ccc6554ee2078abffb628\">\n                <img\n                    title=\"Perfekte Tarnung\"\n                    alt=\"Perfekte Tarnung\"\n                    src=\"http:\/\/foto-passion.com\/wp-content\/gallery\/fotostrecke_costarica2015-2016\/cache\/268_20151218-Q78A7075.jpg-nggid0514598-ngg0dyn-150x100x100-00f0w010c011r110f110r010t010.jpg\"\n                    width=\"150\"\n                    height=\"100\"\n                    style=\"max-width:100%;\"\n                \/>\n            <\/a>\n        <\/div>\n\t\t\t\t\t\t\t<\/div> \n\t\t\t\n                                    <br style=\"clear: both\" \/>\n                    \n\t\t\t\t<div id=\"ngg-image-268\" class=\"ngg-gallery-thumbnail-box\" >\n\t\t\t\t        <div class=\"ngg-gallery-thumbnail\">\n            <a href=\"http:\/\/foto-passion.com\/wp-content\/gallery\/fotostrecke_costarica2015-2016\/269_20151227-Q78A0681.jpg\"\n               title=\"&lt;strong\/&gt;&lt;br\/&gt;&lt;br\/&gt;&lt;span style=&quot;font-size:85%;color:#949494&quot;&gt;[Bild-Id: 14599]&lt;\/span&gt;\"\n               data-src=\"http:\/\/foto-passion.com\/wp-content\/gallery\/fotostrecke_costarica2015-2016\/269_20151227-Q78A0681.jpg\"\n               data-thumbnail=\"http:\/\/foto-passion.com\/wp-content\/gallery\/fotostrecke_costarica2015-2016\/thumbs\/thumbs_269_20151227-Q78A0681.jpg\"\n               data-image-id=\"14599\"\n               data-title=\"-\"\n               data-description=\"&lt;strong\/&gt;&lt;br\/&gt;&lt;br\/&gt;&lt;span style=&quot;font-size:85%;color:#949494&quot;&gt;[Bild-Id: 14599]&lt;\/span&gt;\"\n               data-image-slug=\"269_20151227-q78a0681\"\n               class=\"ngg-simplelightbox\" rel=\"27968d91f01ccc6554ee2078abffb628\">\n                <img\n                    title=\"-\"\n                    alt=\"-\"\n                    src=\"http:\/\/foto-passion.com\/wp-content\/gallery\/fotostrecke_costarica2015-2016\/cache\/269_20151227-Q78A0681.jpg-nggid0514599-ngg0dyn-150x100x100-00f0w010c011r110f110r010t010.jpg\"\n                    width=\"150\"\n                    height=\"100\"\n                    style=\"max-width:100%;\"\n                \/>\n            <\/a>\n        <\/div>\n\t\t\t\t\t\t\t<\/div> \n\t\t\t\n                            \n\t\t\t\t<div id=\"ngg-image-269\" class=\"ngg-gallery-thumbnail-box\" >\n\t\t\t\t        <div class=\"ngg-gallery-thumbnail\">\n            <a href=\"http:\/\/foto-passion.com\/wp-content\/gallery\/fotostrecke_costarica2015-2016\/270_20151226-Q78A0606.jpg\"\n               title=\"&lt;strong&gt;Strelitzie&lt;\/strong&gt;&lt;br\/&gt;&lt;br\/&gt;&lt;span style=&quot;font-size:85%;color:#949494&quot;&gt;[Bild-Id: 14600]&lt;\/span&gt;\"\n               data-src=\"http:\/\/foto-passion.com\/wp-content\/gallery\/fotostrecke_costarica2015-2016\/270_20151226-Q78A0606.jpg\"\n               data-thumbnail=\"http:\/\/foto-passion.com\/wp-content\/gallery\/fotostrecke_costarica2015-2016\/thumbs\/thumbs_270_20151226-Q78A0606.jpg\"\n               data-image-id=\"14600\"\n               data-title=\"Strelitzie\"\n               data-description=\"&lt;strong&gt;Strelitzie&lt;\/strong&gt;&lt;br\/&gt;&lt;br\/&gt;&lt;span style=&quot;font-size:85%;color:#949494&quot;&gt;[Bild-Id: 14600]&lt;\/span&gt;\"\n               data-image-slug=\"270_20151226-q78a0606\"\n               class=\"ngg-simplelightbox\" rel=\"27968d91f01ccc6554ee2078abffb628\">\n                <img\n                    title=\"Strelitzie\"\n                    alt=\"Strelitzie\"\n                    src=\"http:\/\/foto-passion.com\/wp-content\/gallery\/fotostrecke_costarica2015-2016\/cache\/270_20151226-Q78A0606.jpg-nggid0514600-ngg0dyn-150x100x100-00f0w010c011r110f110r010t010.jpg\"\n                    width=\"150\"\n                    height=\"100\"\n                    style=\"max-width:100%;\"\n                \/>\n            <\/a>\n        <\/div>\n\t\t\t\t\t\t\t<\/div> \n\t\t\t\n                            \n\t\t\t\t<div id=\"ngg-image-270\" class=\"ngg-gallery-thumbnail-box\" >\n\t\t\t\t        <div class=\"ngg-gallery-thumbnail\">\n            <a href=\"http:\/\/foto-passion.com\/wp-content\/gallery\/fotostrecke_costarica2015-2016\/271_20160103-Q78A2709.jpg\"\n               title=\"&lt;strong&gt;Blick auf den Cerro Chirripo&lt;\/strong&gt;&lt;br\/&gt;&lt;br\/&gt;&lt;span style=&quot;font-size:85%;color:#949494&quot;&gt;[Bild-Id: 14601]&lt;\/span&gt;\"\n               data-src=\"http:\/\/foto-passion.com\/wp-content\/gallery\/fotostrecke_costarica2015-2016\/271_20160103-Q78A2709.jpg\"\n               data-thumbnail=\"http:\/\/foto-passion.com\/wp-content\/gallery\/fotostrecke_costarica2015-2016\/thumbs\/thumbs_271_20160103-Q78A2709.jpg\"\n               data-image-id=\"14601\"\n               data-title=\"Blick auf den Cerro Chirripo\"\n               data-description=\"&lt;strong&gt;Blick auf den Cerro Chirripo&lt;\/strong&gt;&lt;br\/&gt;&lt;br\/&gt;&lt;span style=&quot;font-size:85%;color:#949494&quot;&gt;[Bild-Id: 14601]&lt;\/span&gt;\"\n               data-image-slug=\"271_20160103-q78a2709\"\n               class=\"ngg-simplelightbox\" rel=\"27968d91f01ccc6554ee2078abffb628\">\n                <img\n                    title=\"Blick auf den Cerro Chirripo\"\n                    alt=\"Blick auf den Cerro Chirripo\"\n                    src=\"http:\/\/foto-passion.com\/wp-content\/gallery\/fotostrecke_costarica2015-2016\/cache\/271_20160103-Q78A2709.jpg-nggid0514601-ngg0dyn-150x100x100-00f0w010c011r110f110r010t010.jpg\"\n                    width=\"150\"\n                    height=\"100\"\n                    style=\"max-width:100%;\"\n                \/>\n            <\/a>\n        <\/div>\n\t\t\t\t\t\t\t<\/div> \n\t\t\t\n                            \n\t\t\t\t<div id=\"ngg-image-271\" class=\"ngg-gallery-thumbnail-box\" >\n\t\t\t\t        <div class=\"ngg-gallery-thumbnail\">\n            <a href=\"http:\/\/foto-passion.com\/wp-content\/gallery\/fotostrecke_costarica2015-2016\/272_20160103-_J2A3839.jpg\"\n               title=\"&lt;strong&gt;Blick auf den Cerro Chirripo&lt;\/strong&gt;&lt;br\/&gt;&lt;br\/&gt;&lt;span style=&quot;font-size:85%;color:#949494&quot;&gt;[Bild-Id: 14602]&lt;\/span&gt;\"\n               data-src=\"http:\/\/foto-passion.com\/wp-content\/gallery\/fotostrecke_costarica2015-2016\/272_20160103-_J2A3839.jpg\"\n               data-thumbnail=\"http:\/\/foto-passion.com\/wp-content\/gallery\/fotostrecke_costarica2015-2016\/thumbs\/thumbs_272_20160103-_J2A3839.jpg\"\n               data-image-id=\"14602\"\n               data-title=\"Blick auf den Cerro Chirripo\"\n               data-description=\"&lt;strong&gt;Blick auf den Cerro Chirripo&lt;\/strong&gt;&lt;br\/&gt;&lt;br\/&gt;&lt;span style=&quot;font-size:85%;color:#949494&quot;&gt;[Bild-Id: 14602]&lt;\/span&gt;\"\n               data-image-slug=\"272_20160103-_j2a3839\"\n               class=\"ngg-simplelightbox\" rel=\"27968d91f01ccc6554ee2078abffb628\">\n                <img\n                    title=\"Blick auf den Cerro Chirripo\"\n                    alt=\"Blick auf den Cerro Chirripo\"\n                    src=\"http:\/\/foto-passion.com\/wp-content\/gallery\/fotostrecke_costarica2015-2016\/cache\/272_20160103-_J2A3839.jpg-nggid0514602-ngg0dyn-150x100x100-00f0w010c011r110f110r010t010.jpg\"\n                    width=\"150\"\n                    height=\"100\"\n                    style=\"max-width:100%;\"\n                \/>\n            <\/a>\n        <\/div>\n\t\t\t\t\t\t\t<\/div> \n\t\t\t\n                                    <br style=\"clear: both\" \/>\n                    \n\t\t\t\t<div id=\"ngg-image-272\" class=\"ngg-gallery-thumbnail-box\" >\n\t\t\t\t        <div class=\"ngg-gallery-thumbnail\">\n            <a href=\"http:\/\/foto-passion.com\/wp-content\/gallery\/fotostrecke_costarica2015-2016\/273_20160103-Q78A2705.jpg\"\n               title=\"&lt;strong&gt;Blick auf den Cerro Chirripo&lt;\/strong&gt;&lt;br\/&gt;&lt;br\/&gt;&lt;span style=&quot;font-size:85%;color:#949494&quot;&gt;[Bild-Id: 14603]&lt;\/span&gt;\"\n               data-src=\"http:\/\/foto-passion.com\/wp-content\/gallery\/fotostrecke_costarica2015-2016\/273_20160103-Q78A2705.jpg\"\n               data-thumbnail=\"http:\/\/foto-passion.com\/wp-content\/gallery\/fotostrecke_costarica2015-2016\/thumbs\/thumbs_273_20160103-Q78A2705.jpg\"\n               data-image-id=\"14603\"\n               data-title=\"Blick auf den Cerro Chirripo\"\n               data-description=\"&lt;strong&gt;Blick auf den Cerro Chirripo&lt;\/strong&gt;&lt;br\/&gt;&lt;br\/&gt;&lt;span style=&quot;font-size:85%;color:#949494&quot;&gt;[Bild-Id: 14603]&lt;\/span&gt;\"\n               data-image-slug=\"273_20160103-q78a2705\"\n               class=\"ngg-simplelightbox\" rel=\"27968d91f01ccc6554ee2078abffb628\">\n                <img\n                    title=\"Blick auf den Cerro Chirripo\"\n                    alt=\"Blick auf den Cerro Chirripo\"\n                    src=\"http:\/\/foto-passion.com\/wp-content\/gallery\/fotostrecke_costarica2015-2016\/cache\/273_20160103-Q78A2705.jpg-nggid0514603-ngg0dyn-150x100x100-00f0w010c011r110f110r010t010.jpg\"\n                    width=\"150\"\n                    height=\"100\"\n                    style=\"max-width:100%;\"\n                \/>\n            <\/a>\n        <\/div>\n\t\t\t\t\t\t\t<\/div> \n\t\t\t\n                            \n\t\t\t\t<div id=\"ngg-image-273\" class=\"ngg-gallery-thumbnail-box\" >\n\t\t\t\t        <div class=\"ngg-gallery-thumbnail\">\n            <a href=\"http:\/\/foto-passion.com\/wp-content\/gallery\/fotostrecke_costarica2015-2016\/274_20160101-Q78A2252.jpg\"\n               title=\"&lt;strong&gt;Wieder so ein Winzling&lt;\/strong&gt;&lt;br\/&gt;&lt;br\/&gt;&lt;span style=&quot;font-size:85%;color:#949494&quot;&gt;[Bild-Id: 14604]&lt;\/span&gt;\"\n               data-src=\"http:\/\/foto-passion.com\/wp-content\/gallery\/fotostrecke_costarica2015-2016\/274_20160101-Q78A2252.jpg\"\n               data-thumbnail=\"http:\/\/foto-passion.com\/wp-content\/gallery\/fotostrecke_costarica2015-2016\/thumbs\/thumbs_274_20160101-Q78A2252.jpg\"\n               data-image-id=\"14604\"\n               data-title=\"Wieder so ein Winzling\"\n               data-description=\"&lt;strong&gt;Wieder so ein Winzling&lt;\/strong&gt;&lt;br\/&gt;&lt;br\/&gt;&lt;span style=&quot;font-size:85%;color:#949494&quot;&gt;[Bild-Id: 14604]&lt;\/span&gt;\"\n               data-image-slug=\"274_20160101-q78a2252\"\n               class=\"ngg-simplelightbox\" rel=\"27968d91f01ccc6554ee2078abffb628\">\n                <img\n                    title=\"Wieder so ein Winzling\"\n                    alt=\"Wieder so ein Winzling\"\n                    src=\"http:\/\/foto-passion.com\/wp-content\/gallery\/fotostrecke_costarica2015-2016\/cache\/274_20160101-Q78A2252.jpg-nggid0514604-ngg0dyn-150x100x100-00f0w010c011r110f110r010t010.jpg\"\n                    width=\"150\"\n                    height=\"100\"\n                    style=\"max-width:100%;\"\n                \/>\n            <\/a>\n        <\/div>\n\t\t\t\t\t\t\t<\/div> \n\t\t\t\n                            \n\t\t\t\t<div id=\"ngg-image-274\" class=\"ngg-gallery-thumbnail-box\" >\n\t\t\t\t        <div class=\"ngg-gallery-thumbnail\">\n            <a href=\"http:\/\/foto-passion.com\/wp-content\/gallery\/fotostrecke_costarica2015-2016\/275_20160103-Q78A2815.jpg\"\n               title=\"&lt;strong&gt;(Craugastor megacephalus), Broad-headed Rain Frog&lt;\/strong&gt;&lt;br\/&gt;&lt;br\/&gt;&lt;span style=&quot;font-size:85%;color:#949494&quot;&gt;[Bild-Id: 14605]&lt;\/span&gt;\"\n               data-src=\"http:\/\/foto-passion.com\/wp-content\/gallery\/fotostrecke_costarica2015-2016\/275_20160103-Q78A2815.jpg\"\n               data-thumbnail=\"http:\/\/foto-passion.com\/wp-content\/gallery\/fotostrecke_costarica2015-2016\/thumbs\/thumbs_275_20160103-Q78A2815.jpg\"\n               data-image-id=\"14605\"\n               data-title=\"(Craugastor megacephalus), Broad-headed Rain Frog\"\n               data-description=\"&lt;strong&gt;(Craugastor megacephalus), Broad-headed Rain Frog&lt;\/strong&gt;&lt;br\/&gt;&lt;br\/&gt;&lt;span style=&quot;font-size:85%;color:#949494&quot;&gt;[Bild-Id: 14605]&lt;\/span&gt;\"\n               data-image-slug=\"275_20160103-q78a2815\"\n               class=\"ngg-simplelightbox\" rel=\"27968d91f01ccc6554ee2078abffb628\">\n                <img\n                    title=\"(Craugastor megacephalus), Broad-headed Rain Frog\"\n                    alt=\"(Craugastor megacephalus), Broad-headed Rain Frog\"\n                    src=\"http:\/\/foto-passion.com\/wp-content\/gallery\/fotostrecke_costarica2015-2016\/cache\/275_20160103-Q78A2815.jpg-nggid0514605-ngg0dyn-150x100x100-00f0w010c011r110f110r010t010.jpg\"\n                    width=\"150\"\n                    height=\"100\"\n                    style=\"max-width:100%;\"\n                \/>\n            <\/a>\n        <\/div>\n\t\t\t\t\t\t\t<\/div> \n\t\t\t\n                            \n\t\t\t\t<div id=\"ngg-image-275\" class=\"ngg-gallery-thumbnail-box\" >\n\t\t\t\t        <div class=\"ngg-gallery-thumbnail\">\n            <a href=\"http:\/\/foto-passion.com\/wp-content\/gallery\/fotostrecke_costarica2015-2016\/276_20160103-_J2A3874.jpg\"\n               title=\"&lt;strong&gt;Andenbartvogel (Eubucco bourcierii)&lt;\/strong&gt;&lt;br\/&gt;&lt;br\/&gt;&lt;span style=&quot;font-size:85%;color:#949494&quot;&gt;[Bild-Id: 14606]&lt;\/span&gt;\"\n               data-src=\"http:\/\/foto-passion.com\/wp-content\/gallery\/fotostrecke_costarica2015-2016\/276_20160103-_J2A3874.jpg\"\n               data-thumbnail=\"http:\/\/foto-passion.com\/wp-content\/gallery\/fotostrecke_costarica2015-2016\/thumbs\/thumbs_276_20160103-_J2A3874.jpg\"\n               data-image-id=\"14606\"\n               data-title=\"Andenbartvogel (Eubucco bourcierii)\"\n               data-description=\"&lt;strong&gt;Andenbartvogel (Eubucco bourcierii)&lt;\/strong&gt;&lt;br\/&gt;&lt;br\/&gt;&lt;span style=&quot;font-size:85%;color:#949494&quot;&gt;[Bild-Id: 14606]&lt;\/span&gt;\"\n               data-image-slug=\"276_20160103-_j2a3874\"\n               class=\"ngg-simplelightbox\" rel=\"27968d91f01ccc6554ee2078abffb628\">\n                <img\n                    title=\"Andenbartvogel (Eubucco bourcierii)\"\n                    alt=\"Andenbartvogel (Eubucco bourcierii)\"\n                    src=\"http:\/\/foto-passion.com\/wp-content\/gallery\/fotostrecke_costarica2015-2016\/cache\/276_20160103-_J2A3874.jpg-nggid0514606-ngg0dyn-150x100x100-00f0w010c011r110f110r010t010.jpg\"\n                    width=\"150\"\n                    height=\"100\"\n                    style=\"max-width:100%;\"\n                \/>\n            <\/a>\n        <\/div>\n\t\t\t\t\t\t\t<\/div> \n\t\t\t\n                                    <br style=\"clear: both\" \/>\n                    \n\t\t\t\t<div id=\"ngg-image-276\" class=\"ngg-gallery-thumbnail-box\" >\n\t\t\t\t        <div class=\"ngg-gallery-thumbnail\">\n            <a href=\"http:\/\/foto-passion.com\/wp-content\/gallery\/fotostrecke_costarica2015-2016\/277_20160104-Q78A2921.jpg\"\n               title=\"&lt;strong&gt;Cartago&lt;\/strong&gt;&lt;br\/&gt;&lt;br\/&gt;&lt;span style=&quot;font-size:85%;color:#949494&quot;&gt;[Bild-Id: 14607]&lt;\/span&gt;\"\n               data-src=\"http:\/\/foto-passion.com\/wp-content\/gallery\/fotostrecke_costarica2015-2016\/277_20160104-Q78A2921.jpg\"\n               data-thumbnail=\"http:\/\/foto-passion.com\/wp-content\/gallery\/fotostrecke_costarica2015-2016\/thumbs\/thumbs_277_20160104-Q78A2921.jpg\"\n               data-image-id=\"14607\"\n               data-title=\"Cartago\"\n               data-description=\"&lt;strong&gt;Cartago&lt;\/strong&gt;&lt;br\/&gt;&lt;br\/&gt;&lt;span style=&quot;font-size:85%;color:#949494&quot;&gt;[Bild-Id: 14607]&lt;\/span&gt;\"\n               data-image-slug=\"277_20160104-q78a2921\"\n               class=\"ngg-simplelightbox\" rel=\"27968d91f01ccc6554ee2078abffb628\">\n                <img\n                    title=\"Cartago\"\n                    alt=\"Cartago\"\n                    src=\"http:\/\/foto-passion.com\/wp-content\/gallery\/fotostrecke_costarica2015-2016\/cache\/277_20160104-Q78A2921.jpg-nggid0514607-ngg0dyn-150x100x100-00f0w010c011r110f110r010t010.jpg\"\n                    width=\"150\"\n                    height=\"100\"\n                    style=\"max-width:100%;\"\n                \/>\n            <\/a>\n        <\/div>\n\t\t\t\t\t\t\t<\/div> \n\t\t\t\n                            \n\t\t\t\t<div id=\"ngg-image-277\" class=\"ngg-gallery-thumbnail-box\" >\n\t\t\t\t        <div class=\"ngg-gallery-thumbnail\">\n            <a href=\"http:\/\/foto-passion.com\/wp-content\/gallery\/fotostrecke_costarica2015-2016\/278_20160104-Q78A2927.jpg\"\n               title=\"&lt;strong&gt;Im Hochland&lt;\/strong&gt;&lt;br\/&gt;&lt;br\/&gt;&lt;span style=&quot;font-size:85%;color:#949494&quot;&gt;[Bild-Id: 14608]&lt;\/span&gt;\"\n               data-src=\"http:\/\/foto-passion.com\/wp-content\/gallery\/fotostrecke_costarica2015-2016\/278_20160104-Q78A2927.jpg\"\n               data-thumbnail=\"http:\/\/foto-passion.com\/wp-content\/gallery\/fotostrecke_costarica2015-2016\/thumbs\/thumbs_278_20160104-Q78A2927.jpg\"\n               data-image-id=\"14608\"\n               data-title=\"Im Hochland\"\n               data-description=\"&lt;strong&gt;Im Hochland&lt;\/strong&gt;&lt;br\/&gt;&lt;br\/&gt;&lt;span style=&quot;font-size:85%;color:#949494&quot;&gt;[Bild-Id: 14608]&lt;\/span&gt;\"\n               data-image-slug=\"278_20160104-q78a2927\"\n               class=\"ngg-simplelightbox\" rel=\"27968d91f01ccc6554ee2078abffb628\">\n                <img\n                    title=\"Im Hochland\"\n                    alt=\"Im Hochland\"\n                    src=\"http:\/\/foto-passion.com\/wp-content\/gallery\/fotostrecke_costarica2015-2016\/cache\/278_20160104-Q78A2927.jpg-nggid0514608-ngg0dyn-150x100x100-00f0w010c011r110f110r010t010.jpg\"\n                    width=\"150\"\n                    height=\"100\"\n                    style=\"max-width:100%;\"\n                \/>\n            <\/a>\n        <\/div>\n\t\t\t\t\t\t\t<\/div> \n\t\t\t\n                            \n\t\t\t\t<div id=\"ngg-image-278\" class=\"ngg-gallery-thumbnail-box\" >\n\t\t\t\t        <div class=\"ngg-gallery-thumbnail\">\n            <a href=\"http:\/\/foto-passion.com\/wp-content\/gallery\/fotostrecke_costarica2015-2016\/279_20160104-Q78A3137.jpg\"\n               title=\"&lt;strong&gt;Glasfrosch (Sachatamia ilex), Lemon Glass Frog&lt;\/strong&gt;&lt;br\/&gt;&lt;br\/&gt;&lt;span style=&quot;font-size:85%;color:#949494&quot;&gt;[Bild-Id: 14609]&lt;\/span&gt;\"\n               data-src=\"http:\/\/foto-passion.com\/wp-content\/gallery\/fotostrecke_costarica2015-2016\/279_20160104-Q78A3137.jpg\"\n               data-thumbnail=\"http:\/\/foto-passion.com\/wp-content\/gallery\/fotostrecke_costarica2015-2016\/thumbs\/thumbs_279_20160104-Q78A3137.jpg\"\n               data-image-id=\"14609\"\n               data-title=\"Glasfrosch (Sachatamia ilex), Lemon Glass Frog\"\n               data-description=\"&lt;strong&gt;Glasfrosch (Sachatamia ilex), Lemon Glass Frog&lt;\/strong&gt;&lt;br\/&gt;&lt;br\/&gt;&lt;span style=&quot;font-size:85%;color:#949494&quot;&gt;[Bild-Id: 14609]&lt;\/span&gt;\"\n               data-image-slug=\"279_20160104-q78a3137\"\n               class=\"ngg-simplelightbox\" rel=\"27968d91f01ccc6554ee2078abffb628\">\n                <img\n                    title=\"Glasfrosch (Sachatamia ilex), Lemon Glass Frog\"\n                    alt=\"Glasfrosch (Sachatamia ilex), Lemon Glass Frog\"\n                    src=\"http:\/\/foto-passion.com\/wp-content\/gallery\/fotostrecke_costarica2015-2016\/cache\/279_20160104-Q78A3137.jpg-nggid0514609-ngg0dyn-150x100x100-00f0w010c011r110f110r010t010.jpg\"\n                    width=\"150\"\n                    height=\"100\"\n                    style=\"max-width:100%;\"\n                \/>\n            <\/a>\n        <\/div>\n\t\t\t\t\t\t\t<\/div> \n\t\t\t\n                            \n\t\t\t\t<div id=\"ngg-image-279\" class=\"ngg-gallery-thumbnail-box\" >\n\t\t\t\t        <div class=\"ngg-gallery-thumbnail\">\n            <a href=\"http:\/\/foto-passion.com\/wp-content\/gallery\/fotostrecke_costarica2015-2016\/280_20160104-Q78A3101.jpg\"\n               title=\"&lt;strong&gt;Baumfrosch&lt;\/strong&gt;&lt;br\/&gt;&lt;span style=&quot;font-size:85%;color:#949494&quot;&gt;[Bild-Id: 14610]&lt;\/span&gt;\"\n               data-src=\"http:\/\/foto-passion.com\/wp-content\/gallery\/fotostrecke_costarica2015-2016\/280_20160104-Q78A3101.jpg\"\n               data-thumbnail=\"http:\/\/foto-passion.com\/wp-content\/gallery\/fotostrecke_costarica2015-2016\/thumbs\/thumbs_280_20160104-Q78A3101.jpg\"\n               data-image-id=\"14610\"\n               data-title=\"Baumfrosch\"\n               data-description=\"&lt;strong&gt;Baumfrosch&lt;\/strong&gt;&lt;br\/&gt;&lt;span style=&quot;font-size:85%;color:#949494&quot;&gt;[Bild-Id: 14610]&lt;\/span&gt;\"\n               data-image-slug=\"280_20160104-q78a3101\"\n               class=\"ngg-simplelightbox\" rel=\"27968d91f01ccc6554ee2078abffb628\">\n                <img\n                    title=\"Baumfrosch\"\n                    alt=\"Baumfrosch\"\n                    src=\"http:\/\/foto-passion.com\/wp-content\/gallery\/fotostrecke_costarica2015-2016\/cache\/280_20160104-Q78A3101.jpg-nggid0514610-ngg0dyn-150x100x100-00f0w010c011r110f110r010t010.jpg\"\n                    width=\"150\"\n                    height=\"100\"\n                    style=\"max-width:100%;\"\n                \/>\n            <\/a>\n        <\/div>\n\t\t\t\t\t\t\t<\/div> \n\t\t\t\n                                    <br style=\"clear: both\" \/>\n                    \n\t\t\t\t<div id=\"ngg-image-280\" class=\"ngg-gallery-thumbnail-box\" >\n\t\t\t\t        <div class=\"ngg-gallery-thumbnail\">\n            <a href=\"http:\/\/foto-passion.com\/wp-content\/gallery\/fotostrecke_costarica2015-2016\/281_20160104-Q78A3144.jpg\"\n               title=\"&lt;strong&gt;Tigerlaubfrosch (Cruziohyla calcarife), Gray-Eyed Tree Frog&lt;\/strong&gt;&lt;br\/&gt;&lt;br\/&gt;&lt;span style=&quot;font-size:85%;color:#949494&quot;&gt;[Bild-Id: 14611]&lt;\/span&gt;\"\n               data-src=\"http:\/\/foto-passion.com\/wp-content\/gallery\/fotostrecke_costarica2015-2016\/281_20160104-Q78A3144.jpg\"\n               data-thumbnail=\"http:\/\/foto-passion.com\/wp-content\/gallery\/fotostrecke_costarica2015-2016\/thumbs\/thumbs_281_20160104-Q78A3144.jpg\"\n               data-image-id=\"14611\"\n               data-title=\"Tigerlaubfrosch (Cruziohyla calcarife), Gray-Eyed Tree Frog\"\n               data-description=\"&lt;strong&gt;Tigerlaubfrosch (Cruziohyla calcarife), Gray-Eyed Tree Frog&lt;\/strong&gt;&lt;br\/&gt;&lt;br\/&gt;&lt;span style=&quot;font-size:85%;color:#949494&quot;&gt;[Bild-Id: 14611]&lt;\/span&gt;\"\n               data-image-slug=\"281_20160104-q78a3144\"\n               class=\"ngg-simplelightbox\" rel=\"27968d91f01ccc6554ee2078abffb628\">\n                <img\n                    title=\"Tigerlaubfrosch (Cruziohyla calcarife), Gray-Eyed Tree Frog\"\n                    alt=\"Tigerlaubfrosch (Cruziohyla calcarife), Gray-Eyed Tree Frog\"\n                    src=\"http:\/\/foto-passion.com\/wp-content\/gallery\/fotostrecke_costarica2015-2016\/cache\/281_20160104-Q78A3144.jpg-nggid0514611-ngg0dyn-150x100x100-00f0w010c011r110f110r010t010.jpg\"\n                    width=\"150\"\n                    height=\"100\"\n                    style=\"max-width:100%;\"\n                \/>\n            <\/a>\n        <\/div>\n\t\t\t\t\t\t\t<\/div> \n\t\t\t\n                            \n\t\t\t\t<div id=\"ngg-image-281\" class=\"ngg-gallery-thumbnail-box\" >\n\t\t\t\t        <div class=\"ngg-gallery-thumbnail\">\n            <a href=\"http:\/\/foto-passion.com\/wp-content\/gallery\/fotostrecke_costarica2015-2016\/282_20160104-Q78A3171.jpg\"\n               title=\"&lt;strong\/&gt;&lt;br\/&gt;&lt;br\/&gt;&lt;span style=&quot;font-size:85%;color:#949494&quot;&gt;[Bild-Id: 14612]&lt;\/span&gt;\"\n               data-src=\"http:\/\/foto-passion.com\/wp-content\/gallery\/fotostrecke_costarica2015-2016\/282_20160104-Q78A3171.jpg\"\n               data-thumbnail=\"http:\/\/foto-passion.com\/wp-content\/gallery\/fotostrecke_costarica2015-2016\/thumbs\/thumbs_282_20160104-Q78A3171.jpg\"\n               data-image-id=\"14612\"\n               data-title=\"-\"\n               data-description=\"&lt;strong\/&gt;&lt;br\/&gt;&lt;br\/&gt;&lt;span style=&quot;font-size:85%;color:#949494&quot;&gt;[Bild-Id: 14612]&lt;\/span&gt;\"\n               data-image-slug=\"282_20160104-q78a3171\"\n               class=\"ngg-simplelightbox\" rel=\"27968d91f01ccc6554ee2078abffb628\">\n                <img\n                    title=\"-\"\n                    alt=\"-\"\n                    src=\"http:\/\/foto-passion.com\/wp-content\/gallery\/fotostrecke_costarica2015-2016\/cache\/282_20160104-Q78A3171.jpg-nggid0514612-ngg0dyn-150x100x100-00f0w010c011r110f110r010t010.jpg\"\n                    width=\"150\"\n                    height=\"100\"\n                    style=\"max-width:100%;\"\n                \/>\n            <\/a>\n        <\/div>\n\t\t\t\t\t\t\t<\/div> \n\t\t\t\n                            \n\t\t\t\t<div id=\"ngg-image-282\" class=\"ngg-gallery-thumbnail-box\" >\n\t\t\t\t        <div class=\"ngg-gallery-thumbnail\">\n            <a href=\"http:\/\/foto-passion.com\/wp-content\/gallery\/fotostrecke_costarica2015-2016\/283_20160104-Q78A3042.jpg\"\n               title=\"&lt;strong&gt;Anole&lt;\/strong&gt;&lt;br\/&gt;&lt;br\/&gt;&lt;span style=&quot;font-size:85%;color:#949494&quot;&gt;[Bild-Id: 14613]&lt;\/span&gt;\"\n               data-src=\"http:\/\/foto-passion.com\/wp-content\/gallery\/fotostrecke_costarica2015-2016\/283_20160104-Q78A3042.jpg\"\n               data-thumbnail=\"http:\/\/foto-passion.com\/wp-content\/gallery\/fotostrecke_costarica2015-2016\/thumbs\/thumbs_283_20160104-Q78A3042.jpg\"\n               data-image-id=\"14613\"\n               data-title=\"Anole\"\n               data-description=\"&lt;strong&gt;Anole&lt;\/strong&gt;&lt;br\/&gt;&lt;br\/&gt;&lt;span style=&quot;font-size:85%;color:#949494&quot;&gt;[Bild-Id: 14613]&lt;\/span&gt;\"\n               data-image-slug=\"283_20160104-q78a3042\"\n               class=\"ngg-simplelightbox\" rel=\"27968d91f01ccc6554ee2078abffb628\">\n                <img\n                    title=\"Anole\"\n                    alt=\"Anole\"\n                    src=\"http:\/\/foto-passion.com\/wp-content\/gallery\/fotostrecke_costarica2015-2016\/cache\/283_20160104-Q78A3042.jpg-nggid0514613-ngg0dyn-150x100x100-00f0w010c011r110f110r010t010.jpg\"\n                    width=\"150\"\n                    height=\"100\"\n                    style=\"max-width:100%;\"\n                \/>\n            <\/a>\n        <\/div>\n\t\t\t\t\t\t\t<\/div> \n\t\t\t\n                            \n\t\t\t\t<div id=\"ngg-image-283\" class=\"ngg-gallery-thumbnail-box\" >\n\t\t\t\t        <div class=\"ngg-gallery-thumbnail\">\n            <a href=\"http:\/\/foto-passion.com\/wp-content\/gallery\/fotostrecke_costarica2015-2016\/284_20160104-Q78A3176.jpg\"\n               title=\"&lt;strong\/&gt;&lt;br\/&gt;&lt;br\/&gt;&lt;span style=&quot;font-size:85%;color:#949494&quot;&gt;[Bild-Id: 14614]&lt;\/span&gt;\"\n               data-src=\"http:\/\/foto-passion.com\/wp-content\/gallery\/fotostrecke_costarica2015-2016\/284_20160104-Q78A3176.jpg\"\n               data-thumbnail=\"http:\/\/foto-passion.com\/wp-content\/gallery\/fotostrecke_costarica2015-2016\/thumbs\/thumbs_284_20160104-Q78A3176.jpg\"\n               data-image-id=\"14614\"\n               data-title=\"-\"\n               data-description=\"&lt;strong\/&gt;&lt;br\/&gt;&lt;br\/&gt;&lt;span style=&quot;font-size:85%;color:#949494&quot;&gt;[Bild-Id: 14614]&lt;\/span&gt;\"\n               data-image-slug=\"284_20160104-q78a3176\"\n               class=\"ngg-simplelightbox\" rel=\"27968d91f01ccc6554ee2078abffb628\">\n                <img\n                    title=\"-\"\n                    alt=\"-\"\n                    src=\"http:\/\/foto-passion.com\/wp-content\/gallery\/fotostrecke_costarica2015-2016\/cache\/284_20160104-Q78A3176.jpg-nggid0514614-ngg0dyn-150x100x100-00f0w010c011r110f110r010t010.jpg\"\n                    width=\"150\"\n                    height=\"100\"\n                    style=\"max-width:100%;\"\n                \/>\n            <\/a>\n        <\/div>\n\t\t\t\t\t\t\t<\/div> \n\t\t\t\n                                    <br style=\"clear: both\" \/>\n                    \n\t\t\t\t<div id=\"ngg-image-284\" class=\"ngg-gallery-thumbnail-box\" >\n\t\t\t\t        <div class=\"ngg-gallery-thumbnail\">\n            <a href=\"http:\/\/foto-passion.com\/wp-content\/gallery\/fotostrecke_costarica2015-2016\/285_20160105-Q78A3179.jpg\"\n               title=\"&lt;strong&gt;Libelle&lt;\/strong&gt;&lt;br\/&gt;&lt;br\/&gt;&lt;span style=&quot;font-size:85%;color:#949494&quot;&gt;[Bild-Id: 14615]&lt;\/span&gt;\"\n               data-src=\"http:\/\/foto-passion.com\/wp-content\/gallery\/fotostrecke_costarica2015-2016\/285_20160105-Q78A3179.jpg\"\n               data-thumbnail=\"http:\/\/foto-passion.com\/wp-content\/gallery\/fotostrecke_costarica2015-2016\/thumbs\/thumbs_285_20160105-Q78A3179.jpg\"\n               data-image-id=\"14615\"\n               data-title=\"Libelle\"\n               data-description=\"&lt;strong&gt;Libelle&lt;\/strong&gt;&lt;br\/&gt;&lt;br\/&gt;&lt;span style=&quot;font-size:85%;color:#949494&quot;&gt;[Bild-Id: 14615]&lt;\/span&gt;\"\n               data-image-slug=\"285_20160105-q78a3179\"\n               class=\"ngg-simplelightbox\" rel=\"27968d91f01ccc6554ee2078abffb628\">\n                <img\n                    title=\"Libelle\"\n                    alt=\"Libelle\"\n                    src=\"http:\/\/foto-passion.com\/wp-content\/gallery\/fotostrecke_costarica2015-2016\/cache\/285_20160105-Q78A3179.jpg-nggid0514615-ngg0dyn-150x100x100-00f0w010c011r110f110r010t010.jpg\"\n                    width=\"150\"\n                    height=\"100\"\n                    style=\"max-width:100%;\"\n                \/>\n            <\/a>\n        <\/div>\n\t\t\t\t\t\t\t<\/div> \n\t\t\t\n                            \n\t\t\t\t<div id=\"ngg-image-285\" class=\"ngg-gallery-thumbnail-box\" >\n\t\t\t\t        <div class=\"ngg-gallery-thumbnail\">\n            <a href=\"http:\/\/foto-passion.com\/wp-content\/gallery\/fotostrecke_costarica2015-2016\/286_20160105-Q78A3204.jpg\"\n               title=\"&lt;strong&gt;Radnetzspinne&lt;\/strong&gt;&lt;br\/&gt;&lt;br\/&gt;&lt;span style=&quot;font-size:85%;color:#949494&quot;&gt;[Bild-Id: 14616]&lt;\/span&gt;\"\n               data-src=\"http:\/\/foto-passion.com\/wp-content\/gallery\/fotostrecke_costarica2015-2016\/286_20160105-Q78A3204.jpg\"\n               data-thumbnail=\"http:\/\/foto-passion.com\/wp-content\/gallery\/fotostrecke_costarica2015-2016\/thumbs\/thumbs_286_20160105-Q78A3204.jpg\"\n               data-image-id=\"14616\"\n               data-title=\"Radnetzspinne\"\n               data-description=\"&lt;strong&gt;Radnetzspinne&lt;\/strong&gt;&lt;br\/&gt;&lt;br\/&gt;&lt;span style=&quot;font-size:85%;color:#949494&quot;&gt;[Bild-Id: 14616]&lt;\/span&gt;\"\n               data-image-slug=\"286_20160105-q78a3204\"\n               class=\"ngg-simplelightbox\" rel=\"27968d91f01ccc6554ee2078abffb628\">\n                <img\n                    title=\"Radnetzspinne\"\n                    alt=\"Radnetzspinne\"\n                    src=\"http:\/\/foto-passion.com\/wp-content\/gallery\/fotostrecke_costarica2015-2016\/cache\/286_20160105-Q78A3204.jpg-nggid0514616-ngg0dyn-150x100x100-00f0w010c011r110f110r010t010.jpg\"\n                    width=\"150\"\n                    height=\"100\"\n                    style=\"max-width:100%;\"\n                \/>\n            <\/a>\n        <\/div>\n\t\t\t\t\t\t\t<\/div> \n\t\t\t\n                            \n\t\t\t\t<div id=\"ngg-image-286\" class=\"ngg-gallery-thumbnail-box\" >\n\t\t\t\t        <div class=\"ngg-gallery-thumbnail\">\n            <a href=\"http:\/\/foto-passion.com\/wp-content\/gallery\/fotostrecke_costarica2015-2016\/287_20160106-Q78A3625.jpg\"\n               title=\"&lt;strong&gt;24-Stunden-Ameise (Paraponera clavata), Bullet ant&lt;\/strong&gt;&lt;br\/&gt;&lt;br\/&gt;&lt;span style=&quot;font-size:85%;color:#949494&quot;&gt;[Bild-Id: 14617]&lt;\/span&gt;\"\n               data-src=\"http:\/\/foto-passion.com\/wp-content\/gallery\/fotostrecke_costarica2015-2016\/287_20160106-Q78A3625.jpg\"\n               data-thumbnail=\"http:\/\/foto-passion.com\/wp-content\/gallery\/fotostrecke_costarica2015-2016\/thumbs\/thumbs_287_20160106-Q78A3625.jpg\"\n               data-image-id=\"14617\"\n               data-title=\"24-Stunden-Ameise (Paraponera clavata), Bullet ant\"\n               data-description=\"&lt;strong&gt;24-Stunden-Ameise (Paraponera clavata), Bullet ant&lt;\/strong&gt;&lt;br\/&gt;&lt;br\/&gt;&lt;span style=&quot;font-size:85%;color:#949494&quot;&gt;[Bild-Id: 14617]&lt;\/span&gt;\"\n               data-image-slug=\"287_20160106-q78a3625\"\n               class=\"ngg-simplelightbox\" rel=\"27968d91f01ccc6554ee2078abffb628\">\n                <img\n                    title=\"24-Stunden-Ameise (Paraponera clavata), Bullet ant\"\n                    alt=\"24-Stunden-Ameise (Paraponera clavata), Bullet ant\"\n                    src=\"http:\/\/foto-passion.com\/wp-content\/gallery\/fotostrecke_costarica2015-2016\/cache\/287_20160106-Q78A3625.jpg-nggid0514617-ngg0dyn-150x100x100-00f0w010c011r110f110r010t010.jpg\"\n                    width=\"150\"\n                    height=\"100\"\n                    style=\"max-width:100%;\"\n                \/>\n            <\/a>\n        <\/div>\n\t\t\t\t\t\t\t<\/div> \n\t\t\t\n                            \n\t\t\t\t<div id=\"ngg-image-287\" class=\"ngg-gallery-thumbnail-box\" >\n\t\t\t\t        <div class=\"ngg-gallery-thumbnail\">\n            <a href=\"http:\/\/foto-passion.com\/wp-content\/gallery\/fotostrecke_costarica2015-2016\/288_20160105-Q78A3307.jpg\"\n               title=\"&lt;strong&gt;Gottesanbeterin (Mantis)&lt;\/strong&gt;&lt;br\/&gt;&lt;br\/&gt;&lt;span style=&quot;font-size:85%;color:#949494&quot;&gt;[Bild-Id: 14618]&lt;\/span&gt;\"\n               data-src=\"http:\/\/foto-passion.com\/wp-content\/gallery\/fotostrecke_costarica2015-2016\/288_20160105-Q78A3307.jpg\"\n               data-thumbnail=\"http:\/\/foto-passion.com\/wp-content\/gallery\/fotostrecke_costarica2015-2016\/thumbs\/thumbs_288_20160105-Q78A3307.jpg\"\n               data-image-id=\"14618\"\n               data-title=\"Gottesanbeterin (Mantis)\"\n               data-description=\"&lt;strong&gt;Gottesanbeterin (Mantis)&lt;\/strong&gt;&lt;br\/&gt;&lt;br\/&gt;&lt;span style=&quot;font-size:85%;color:#949494&quot;&gt;[Bild-Id: 14618]&lt;\/span&gt;\"\n               data-image-slug=\"288_20160105-q78a3307\"\n               class=\"ngg-simplelightbox\" rel=\"27968d91f01ccc6554ee2078abffb628\">\n                <img\n                    title=\"Gottesanbeterin (Mantis)\"\n                    alt=\"Gottesanbeterin (Mantis)\"\n                    src=\"http:\/\/foto-passion.com\/wp-content\/gallery\/fotostrecke_costarica2015-2016\/cache\/288_20160105-Q78A3307.jpg-nggid0514618-ngg0dyn-150x100x100-00f0w010c011r110f110r010t010.jpg\"\n                    width=\"150\"\n                    height=\"100\"\n                    style=\"max-width:100%;\"\n                \/>\n            <\/a>\n        <\/div>\n\t\t\t\t\t\t\t<\/div> \n\t\t\t\n                                    <br style=\"clear: both\" \/>\n                    \n\t\t\t\t<div id=\"ngg-image-288\" class=\"ngg-gallery-thumbnail-box\" >\n\t\t\t\t        <div class=\"ngg-gallery-thumbnail\">\n            <a href=\"http:\/\/foto-passion.com\/wp-content\/gallery\/fotostrecke_costarica2015-2016\/289_20160105-Q78A3334.jpg\"\n               title=\"&lt;strong&gt;Glasfl\u00fcgelschmetterling (Cithaerias aurorina), Aurorina Clear-winged Satyr&lt;\/strong&gt;&lt;br\/&gt;&lt;br\/&gt;&lt;span style=&quot;font-size:85%;color:#949494&quot;&gt;[Bild-Id: 14619]&lt;\/span&gt;\"\n               data-src=\"http:\/\/foto-passion.com\/wp-content\/gallery\/fotostrecke_costarica2015-2016\/289_20160105-Q78A3334.jpg\"\n               data-thumbnail=\"http:\/\/foto-passion.com\/wp-content\/gallery\/fotostrecke_costarica2015-2016\/thumbs\/thumbs_289_20160105-Q78A3334.jpg\"\n               data-image-id=\"14619\"\n               data-title=\"Glasfl\u00fcgelschmetterling (Cithaerias aurorina), Aurorina Clear-winged Satyr\"\n               data-description=\"&lt;strong&gt;Glasfl\u00fcgelschmetterling (Cithaerias aurorina), Aurorina Clear-winged Satyr&lt;\/strong&gt;&lt;br\/&gt;&lt;br\/&gt;&lt;span style=&quot;font-size:85%;color:#949494&quot;&gt;[Bild-Id: 14619]&lt;\/span&gt;\"\n               data-image-slug=\"289_20160105-q78a3334\"\n               class=\"ngg-simplelightbox\" rel=\"27968d91f01ccc6554ee2078abffb628\">\n                <img\n                    title=\"Glasfl\u00fcgelschmetterling (Cithaerias aurorina), Aurorina Clear-winged Satyr\"\n                    alt=\"Glasfl\u00fcgelschmetterling (Cithaerias aurorina), Aurorina Clear-winged Satyr\"\n                    src=\"http:\/\/foto-passion.com\/wp-content\/gallery\/fotostrecke_costarica2015-2016\/cache\/289_20160105-Q78A3334.jpg-nggid0514619-ngg0dyn-150x100x100-00f0w010c011r110f110r010t010.jpg\"\n                    width=\"150\"\n                    height=\"100\"\n                    style=\"max-width:100%;\"\n                \/>\n            <\/a>\n        <\/div>\n\t\t\t\t\t\t\t<\/div> \n\t\t\t\n                            \n\t\t\t\t<div id=\"ngg-image-289\" class=\"ngg-gallery-thumbnail-box\" >\n\t\t\t\t        <div class=\"ngg-gallery-thumbnail\">\n            <a href=\"http:\/\/foto-passion.com\/wp-content\/gallery\/fotostrecke_costarica2015-2016\/290_20160106-Q78A3619.jpg\"\n               title=\"&lt;strong&gt;Nachtfalter&lt;\/strong&gt;&lt;br\/&gt;&lt;br\/&gt;&lt;span style=&quot;font-size:85%;color:#949494&quot;&gt;[Bild-Id: 14620]&lt;\/span&gt;\"\n               data-src=\"http:\/\/foto-passion.com\/wp-content\/gallery\/fotostrecke_costarica2015-2016\/290_20160106-Q78A3619.jpg\"\n               data-thumbnail=\"http:\/\/foto-passion.com\/wp-content\/gallery\/fotostrecke_costarica2015-2016\/thumbs\/thumbs_290_20160106-Q78A3619.jpg\"\n               data-image-id=\"14620\"\n               data-title=\"Nachtfalter\"\n               data-description=\"&lt;strong&gt;Nachtfalter&lt;\/strong&gt;&lt;br\/&gt;&lt;br\/&gt;&lt;span style=&quot;font-size:85%;color:#949494&quot;&gt;[Bild-Id: 14620]&lt;\/span&gt;\"\n               data-image-slug=\"290_20160106-q78a3619\"\n               class=\"ngg-simplelightbox\" rel=\"27968d91f01ccc6554ee2078abffb628\">\n                <img\n                    title=\"Nachtfalter\"\n                    alt=\"Nachtfalter\"\n                    src=\"http:\/\/foto-passion.com\/wp-content\/gallery\/fotostrecke_costarica2015-2016\/cache\/290_20160106-Q78A3619.jpg-nggid0514620-ngg0dyn-150x100x100-00f0w010c011r110f110r010t010.jpg\"\n                    width=\"150\"\n                    height=\"100\"\n                    style=\"max-width:100%;\"\n                \/>\n            <\/a>\n        <\/div>\n\t\t\t\t\t\t\t<\/div> \n\t\t\t\n                            \n\t\t\t\t<div id=\"ngg-image-290\" class=\"ngg-gallery-thumbnail-box\" >\n\t\t\t\t        <div class=\"ngg-gallery-thumbnail\">\n            <a href=\"http:\/\/foto-passion.com\/wp-content\/gallery\/fotostrecke_costarica2015-2016\/291_20160105-Q78A3398.jpg\"\n               title=\"&lt;strong&gt;Erdbeerfrosch (Oophaga pumilio)&lt;\/strong&gt;&lt;br\/&gt;&lt;br\/&gt;&lt;span style=&quot;font-size:85%;color:#949494&quot;&gt;[Bild-Id: 14621]&lt;\/span&gt;\"\n               data-src=\"http:\/\/foto-passion.com\/wp-content\/gallery\/fotostrecke_costarica2015-2016\/291_20160105-Q78A3398.jpg\"\n               data-thumbnail=\"http:\/\/foto-passion.com\/wp-content\/gallery\/fotostrecke_costarica2015-2016\/thumbs\/thumbs_291_20160105-Q78A3398.jpg\"\n               data-image-id=\"14621\"\n               data-title=\"Erdbeerfrosch (Oophaga pumilio)\"\n               data-description=\"&lt;strong&gt;Erdbeerfrosch (Oophaga pumilio)&lt;\/strong&gt;&lt;br\/&gt;&lt;br\/&gt;&lt;span style=&quot;font-size:85%;color:#949494&quot;&gt;[Bild-Id: 14621]&lt;\/span&gt;\"\n               data-image-slug=\"291_20160105-q78a3398\"\n               class=\"ngg-simplelightbox\" rel=\"27968d91f01ccc6554ee2078abffb628\">\n                <img\n                    title=\"Erdbeerfrosch (Oophaga pumilio)\"\n                    alt=\"Erdbeerfrosch (Oophaga pumilio)\"\n                    src=\"http:\/\/foto-passion.com\/wp-content\/gallery\/fotostrecke_costarica2015-2016\/cache\/291_20160105-Q78A3398.jpg-nggid0514621-ngg0dyn-150x100x100-00f0w010c011r110f110r010t010.jpg\"\n                    width=\"150\"\n                    height=\"100\"\n                    style=\"max-width:100%;\"\n                \/>\n            <\/a>\n        <\/div>\n\t\t\t\t\t\t\t<\/div> \n\t\t\t\n                            \n\t\t\t\t<div id=\"ngg-image-291\" class=\"ngg-gallery-thumbnail-box\" >\n\t\t\t\t        <div class=\"ngg-gallery-thumbnail\">\n            <a href=\"http:\/\/foto-passion.com\/wp-content\/gallery\/fotostrecke_costarica2015-2016\/292_20160105-Q78A3506.jpg\"\n               title=\"&lt;strong&gt;Rotaugenfrosch (Agalychnis callidryas), Red-eyed Leaf Frog&lt;\/strong&gt;&lt;br\/&gt;&lt;br\/&gt;&lt;span style=&quot;font-size:85%;color:#949494&quot;&gt;[Bild-Id: 14622]&lt;\/span&gt;\"\n               data-src=\"http:\/\/foto-passion.com\/wp-content\/gallery\/fotostrecke_costarica2015-2016\/292_20160105-Q78A3506.jpg\"\n               data-thumbnail=\"http:\/\/foto-passion.com\/wp-content\/gallery\/fotostrecke_costarica2015-2016\/thumbs\/thumbs_292_20160105-Q78A3506.jpg\"\n               data-image-id=\"14622\"\n               data-title=\"Rotaugenfrosch (Agalychnis callidryas), Red-eyed Leaf Frog\"\n               data-description=\"&lt;strong&gt;Rotaugenfrosch (Agalychnis callidryas), Red-eyed Leaf Frog&lt;\/strong&gt;&lt;br\/&gt;&lt;br\/&gt;&lt;span style=&quot;font-size:85%;color:#949494&quot;&gt;[Bild-Id: 14622]&lt;\/span&gt;\"\n               data-image-slug=\"292_20160105-q78a3506\"\n               class=\"ngg-simplelightbox\" rel=\"27968d91f01ccc6554ee2078abffb628\">\n                <img\n                    title=\"Rotaugenfrosch (Agalychnis callidryas), Red-eyed Leaf Frog\"\n                    alt=\"Rotaugenfrosch (Agalychnis callidryas), Red-eyed Leaf Frog\"\n                    src=\"http:\/\/foto-passion.com\/wp-content\/gallery\/fotostrecke_costarica2015-2016\/cache\/292_20160105-Q78A3506.jpg-nggid0514622-ngg0dyn-150x100x100-00f0w010c011r110f110r010t010.jpg\"\n                    width=\"150\"\n                    height=\"100\"\n                    style=\"max-width:100%;\"\n                \/>\n            <\/a>\n        <\/div>\n\t\t\t\t\t\t\t<\/div> \n\t\t\t\n                                    <br style=\"clear: both\" \/>\n                    \n\t\t\t\t<div id=\"ngg-image-292\" class=\"ngg-gallery-thumbnail-box\" >\n\t\t\t\t        <div class=\"ngg-gallery-thumbnail\">\n            <a href=\"http:\/\/foto-passion.com\/wp-content\/gallery\/fotostrecke_costarica2015-2016\/293_20160105-Q78A3527.jpg\"\n               title=\"&lt;strong&gt;S\u00fcdamerikanischer Ochsenfrosch (Leptodactylus pentadactylus), Smoky Jungle Frog&lt;\/strong&gt;&lt;br\/&gt;&lt;br\/&gt;&lt;span style=&quot;font-size:85%;color:#949494&quot;&gt;[Bild-Id: 14623]&lt;\/span&gt;\"\n               data-src=\"http:\/\/foto-passion.com\/wp-content\/gallery\/fotostrecke_costarica2015-2016\/293_20160105-Q78A3527.jpg\"\n               data-thumbnail=\"http:\/\/foto-passion.com\/wp-content\/gallery\/fotostrecke_costarica2015-2016\/thumbs\/thumbs_293_20160105-Q78A3527.jpg\"\n               data-image-id=\"14623\"\n               data-title=\"S\u00fcdamerikanischer Ochsenfrosch (Leptodactylus pentadactylus), Smoky Jungle Frog\"\n               data-description=\"&lt;strong&gt;S\u00fcdamerikanischer Ochsenfrosch (Leptodactylus pentadactylus), Smoky Jungle Frog&lt;\/strong&gt;&lt;br\/&gt;&lt;br\/&gt;&lt;span style=&quot;font-size:85%;color:#949494&quot;&gt;[Bild-Id: 14623]&lt;\/span&gt;\"\n               data-image-slug=\"293_20160105-q78a3527\"\n               class=\"ngg-simplelightbox\" rel=\"27968d91f01ccc6554ee2078abffb628\">\n                <img\n                    title=\"S\u00fcdamerikanischer Ochsenfrosch (Leptodactylus pentadactylus), Smoky Jungle Frog\"\n                    alt=\"S\u00fcdamerikanischer Ochsenfrosch (Leptodactylus pentadactylus), Smoky Jungle Frog\"\n                    src=\"http:\/\/foto-passion.com\/wp-content\/gallery\/fotostrecke_costarica2015-2016\/cache\/293_20160105-Q78A3527.jpg-nggid0514623-ngg0dyn-150x100x100-00f0w010c011r110f110r010t010.jpg\"\n                    width=\"150\"\n                    height=\"100\"\n                    style=\"max-width:100%;\"\n                \/>\n            <\/a>\n        <\/div>\n\t\t\t\t\t\t\t<\/div> \n\t\t\t\n                            \n\t\t\t\t<div id=\"ngg-image-293\" class=\"ngg-gallery-thumbnail-box\" >\n\t\t\t\t        <div class=\"ngg-gallery-thumbnail\">\n            <a href=\"http:\/\/foto-passion.com\/wp-content\/gallery\/fotostrecke_costarica2015-2016\/294_20160105-Q78A3583.jpg\"\n               title=\"&lt;strong&gt;Baumfrosch (dendropsophus ebraccatus), Harlequin Treefrog&lt;\/strong&gt;&lt;br\/&gt;&lt;br\/&gt;&lt;span style=&quot;font-size:85%;color:#949494&quot;&gt;[Bild-Id: 14624]&lt;\/span&gt;\"\n               data-src=\"http:\/\/foto-passion.com\/wp-content\/gallery\/fotostrecke_costarica2015-2016\/294_20160105-Q78A3583.jpg\"\n               data-thumbnail=\"http:\/\/foto-passion.com\/wp-content\/gallery\/fotostrecke_costarica2015-2016\/thumbs\/thumbs_294_20160105-Q78A3583.jpg\"\n               data-image-id=\"14624\"\n               data-title=\"Baumfrosch (dendropsophus ebraccatus), Harlequin Treefrog\"\n               data-description=\"&lt;strong&gt;Baumfrosch (dendropsophus ebraccatus), Harlequin Treefrog&lt;\/strong&gt;&lt;br\/&gt;&lt;br\/&gt;&lt;span style=&quot;font-size:85%;color:#949494&quot;&gt;[Bild-Id: 14624]&lt;\/span&gt;\"\n               data-image-slug=\"294_20160105-q78a3583\"\n               class=\"ngg-simplelightbox\" rel=\"27968d91f01ccc6554ee2078abffb628\">\n                <img\n                    title=\"Baumfrosch (dendropsophus ebraccatus), Harlequin Treefrog\"\n                    alt=\"Baumfrosch (dendropsophus ebraccatus), Harlequin Treefrog\"\n                    src=\"http:\/\/foto-passion.com\/wp-content\/gallery\/fotostrecke_costarica2015-2016\/cache\/294_20160105-Q78A3583.jpg-nggid0514624-ngg0dyn-150x100x100-00f0w010c011r110f110r010t010.jpg\"\n                    width=\"150\"\n                    height=\"100\"\n                    style=\"max-width:100%;\"\n                \/>\n            <\/a>\n        <\/div>\n\t\t\t\t\t\t\t<\/div> \n\t\t\t\n                            \n\t\t\t\t<div id=\"ngg-image-294\" class=\"ngg-gallery-thumbnail-box\" >\n\t\t\t\t        <div class=\"ngg-gallery-thumbnail\">\n            <a href=\"http:\/\/foto-passion.com\/wp-content\/gallery\/fotostrecke_costarica2015-2016\/295_20151229-Q78A1167.jpg\"\n               title=\"&lt;strong&gt;Glasfrosch (Teratohyla pulverata), Lime-colored Glass Frog&lt;\/strong&gt;&lt;br\/&gt;&lt;br\/&gt;&lt;span style=&quot;font-size:85%;color:#949494&quot;&gt;[Bild-Id: 14625]&lt;\/span&gt;\"\n               data-src=\"http:\/\/foto-passion.com\/wp-content\/gallery\/fotostrecke_costarica2015-2016\/295_20151229-Q78A1167.jpg\"\n               data-thumbnail=\"http:\/\/foto-passion.com\/wp-content\/gallery\/fotostrecke_costarica2015-2016\/thumbs\/thumbs_295_20151229-Q78A1167.jpg\"\n               data-image-id=\"14625\"\n               data-title=\"Glasfrosch (Teratohyla pulverata), Lime-colored Glass Frog\"\n               data-description=\"&lt;strong&gt;Glasfrosch (Teratohyla pulverata), Lime-colored Glass Frog&lt;\/strong&gt;&lt;br\/&gt;&lt;br\/&gt;&lt;span style=&quot;font-size:85%;color:#949494&quot;&gt;[Bild-Id: 14625]&lt;\/span&gt;\"\n               data-image-slug=\"295_20151229-q78a1167\"\n               class=\"ngg-simplelightbox\" rel=\"27968d91f01ccc6554ee2078abffb628\">\n                <img\n                    title=\"Glasfrosch (Teratohyla pulverata), Lime-colored Glass Frog\"\n                    alt=\"Glasfrosch (Teratohyla pulverata), Lime-colored Glass Frog\"\n                    src=\"http:\/\/foto-passion.com\/wp-content\/gallery\/fotostrecke_costarica2015-2016\/cache\/295_20151229-Q78A1167.jpg-nggid0514625-ngg0dyn-150x100x100-00f0w010c011r110f110r010t010.jpg\"\n                    width=\"150\"\n                    height=\"100\"\n                    style=\"max-width:100%;\"\n                \/>\n            <\/a>\n        <\/div>\n\t\t\t\t\t\t\t<\/div> \n\t\t\t\n                            \n\t\t\t\t<div id=\"ngg-image-295\" class=\"ngg-gallery-thumbnail-box\" >\n\t\t\t\t        <div class=\"ngg-gallery-thumbnail\">\n            <a href=\"http:\/\/foto-passion.com\/wp-content\/gallery\/fotostrecke_costarica2015-2016\/296_20151230-Q78A1629.jpg\"\n               title=\"&lt;strong&gt;Glasfrosch (Teratohyla pulverata), Lime-colored Glass Frog&lt;\/strong&gt;&lt;br\/&gt;&lt;br\/&gt;&lt;span style=&quot;font-size:85%;color:#949494&quot;&gt;[Bild-Id: 14626]&lt;\/span&gt;\"\n               data-src=\"http:\/\/foto-passion.com\/wp-content\/gallery\/fotostrecke_costarica2015-2016\/296_20151230-Q78A1629.jpg\"\n               data-thumbnail=\"http:\/\/foto-passion.com\/wp-content\/gallery\/fotostrecke_costarica2015-2016\/thumbs\/thumbs_296_20151230-Q78A1629.jpg\"\n               data-image-id=\"14626\"\n               data-title=\"Glasfrosch (Teratohyla pulverata), Lime-colored Glass Frog\"\n               data-description=\"&lt;strong&gt;Glasfrosch (Teratohyla pulverata), Lime-colored Glass Frog&lt;\/strong&gt;&lt;br\/&gt;&lt;br\/&gt;&lt;span style=&quot;font-size:85%;color:#949494&quot;&gt;[Bild-Id: 14626]&lt;\/span&gt;\"\n               data-image-slug=\"296_20151230-q78a1629\"\n               class=\"ngg-simplelightbox\" rel=\"27968d91f01ccc6554ee2078abffb628\">\n                <img\n                    title=\"Glasfrosch (Teratohyla pulverata), Lime-colored Glass Frog\"\n                    alt=\"Glasfrosch (Teratohyla pulverata), Lime-colored Glass Frog\"\n                    src=\"http:\/\/foto-passion.com\/wp-content\/gallery\/fotostrecke_costarica2015-2016\/cache\/296_20151230-Q78A1629.jpg-nggid0514626-ngg0dyn-150x100x100-00f0w010c011r110f110r010t010.jpg\"\n                    width=\"150\"\n                    height=\"100\"\n                    style=\"max-width:100%;\"\n                \/>\n            <\/a>\n        <\/div>\n\t\t\t\t\t\t\t<\/div> \n\t\t\t\n                                    <br style=\"clear: both\" \/>\n                    \n\t\t\t\t<div id=\"ngg-image-296\" class=\"ngg-gallery-thumbnail-box\" >\n\t\t\t\t        <div class=\"ngg-gallery-thumbnail\">\n            <a href=\"http:\/\/foto-passion.com\/wp-content\/gallery\/fotostrecke_costarica2015-2016\/297_20160105-Q78A3533.jpg\"\n               title=\"&lt;strong&gt;Baumfrosch (dendropsophus ebraccatus), Hourglass Tree Frog&lt;\/strong&gt;&lt;br\/&gt;&lt;br\/&gt;&lt;span style=&quot;font-size:85%;color:#949494&quot;&gt;[Bild-Id: 14627]&lt;\/span&gt;\"\n               data-src=\"http:\/\/foto-passion.com\/wp-content\/gallery\/fotostrecke_costarica2015-2016\/297_20160105-Q78A3533.jpg\"\n               data-thumbnail=\"http:\/\/foto-passion.com\/wp-content\/gallery\/fotostrecke_costarica2015-2016\/thumbs\/thumbs_297_20160105-Q78A3533.jpg\"\n               data-image-id=\"14627\"\n               data-title=\"Baumfrosch (dendropsophus ebraccatus), Hourglass Tree Frog\"\n               data-description=\"&lt;strong&gt;Baumfrosch (dendropsophus ebraccatus), Hourglass Tree Frog&lt;\/strong&gt;&lt;br\/&gt;&lt;br\/&gt;&lt;span style=&quot;font-size:85%;color:#949494&quot;&gt;[Bild-Id: 14627]&lt;\/span&gt;\"\n               data-image-slug=\"297_20160105-q78a3533\"\n               class=\"ngg-simplelightbox\" rel=\"27968d91f01ccc6554ee2078abffb628\">\n                <img\n                    title=\"Baumfrosch (dendropsophus ebraccatus), Hourglass Tree Frog\"\n                    alt=\"Baumfrosch (dendropsophus ebraccatus), Hourglass Tree Frog\"\n                    src=\"http:\/\/foto-passion.com\/wp-content\/gallery\/fotostrecke_costarica2015-2016\/cache\/297_20160105-Q78A3533.jpg-nggid0514627-ngg0dyn-150x100x100-00f0w010c011r110f110r010t010.jpg\"\n                    width=\"150\"\n                    height=\"100\"\n                    style=\"max-width:100%;\"\n                \/>\n            <\/a>\n        <\/div>\n\t\t\t\t\t\t\t<\/div> \n\t\t\t\n                            \n\t\t\t\t<div id=\"ngg-image-297\" class=\"ngg-gallery-thumbnail-box\" >\n\t\t\t\t        <div class=\"ngg-gallery-thumbnail\">\n            <a href=\"http:\/\/foto-passion.com\/wp-content\/gallery\/fotostrecke_costarica2015-2016\/298_20160105-Q78A3548.jpg\"\n               title=\"&lt;strong\/&gt;&lt;br\/&gt;&lt;br\/&gt;&lt;span style=&quot;font-size:85%;color:#949494&quot;&gt;[Bild-Id: 14628]&lt;\/span&gt;\"\n               data-src=\"http:\/\/foto-passion.com\/wp-content\/gallery\/fotostrecke_costarica2015-2016\/298_20160105-Q78A3548.jpg\"\n               data-thumbnail=\"http:\/\/foto-passion.com\/wp-content\/gallery\/fotostrecke_costarica2015-2016\/thumbs\/thumbs_298_20160105-Q78A3548.jpg\"\n               data-image-id=\"14628\"\n               data-title=\"-\"\n               data-description=\"&lt;strong\/&gt;&lt;br\/&gt;&lt;br\/&gt;&lt;span style=&quot;font-size:85%;color:#949494&quot;&gt;[Bild-Id: 14628]&lt;\/span&gt;\"\n               data-image-slug=\"298_20160105-q78a3548\"\n               class=\"ngg-simplelightbox\" rel=\"27968d91f01ccc6554ee2078abffb628\">\n                <img\n                    title=\"-\"\n                    alt=\"-\"\n                    src=\"http:\/\/foto-passion.com\/wp-content\/gallery\/fotostrecke_costarica2015-2016\/cache\/298_20160105-Q78A3548.jpg-nggid0514628-ngg0dyn-150x100x100-00f0w010c011r110f110r010t010.jpg\"\n                    width=\"150\"\n                    height=\"100\"\n                    style=\"max-width:100%;\"\n                \/>\n            <\/a>\n        <\/div>\n\t\t\t\t\t\t\t<\/div> \n\t\t\t\n                            \n\t\t\t\t<div id=\"ngg-image-298\" class=\"ngg-gallery-thumbnail-box\" >\n\t\t\t\t        <div class=\"ngg-gallery-thumbnail\">\n            <a href=\"http:\/\/foto-passion.com\/wp-content\/gallery\/fotostrecke_costarica2015-2016\/299_20160105-Q78A3355.jpg\"\n               title=\"&lt;strong&gt;Haarige Raupe&lt;\/strong&gt;&lt;br\/&gt;&lt;br\/&gt;&lt;span style=&quot;font-size:85%;color:#949494&quot;&gt;[Bild-Id: 14629]&lt;\/span&gt;\"\n               data-src=\"http:\/\/foto-passion.com\/wp-content\/gallery\/fotostrecke_costarica2015-2016\/299_20160105-Q78A3355.jpg\"\n               data-thumbnail=\"http:\/\/foto-passion.com\/wp-content\/gallery\/fotostrecke_costarica2015-2016\/thumbs\/thumbs_299_20160105-Q78A3355.jpg\"\n               data-image-id=\"14629\"\n               data-title=\"Haarige Raupe\"\n               data-description=\"&lt;strong&gt;Haarige Raupe&lt;\/strong&gt;&lt;br\/&gt;&lt;br\/&gt;&lt;span style=&quot;font-size:85%;color:#949494&quot;&gt;[Bild-Id: 14629]&lt;\/span&gt;\"\n               data-image-slug=\"299_20160105-q78a3355\"\n               class=\"ngg-simplelightbox\" rel=\"27968d91f01ccc6554ee2078abffb628\">\n                <img\n                    title=\"Haarige Raupe\"\n                    alt=\"Haarige Raupe\"\n                    src=\"http:\/\/foto-passion.com\/wp-content\/gallery\/fotostrecke_costarica2015-2016\/cache\/299_20160105-Q78A3355.jpg-nggid0514629-ngg0dyn-150x100x100-00f0w010c011r110f110r010t010.jpg\"\n                    width=\"150\"\n                    height=\"100\"\n                    style=\"max-width:100%;\"\n                \/>\n            <\/a>\n        <\/div>\n\t\t\t\t\t\t\t<\/div> \n\t\t\t\n                            \n\t\t\t\t<div id=\"ngg-image-299\" class=\"ngg-gallery-thumbnail-box\" >\n\t\t\t\t        <div class=\"ngg-gallery-thumbnail\">\n            <a href=\"http:\/\/foto-passion.com\/wp-content\/gallery\/fotostrecke_costarica2015-2016\/300_20160106-Q78A3634.jpg\"\n               title=\"&lt;strong&gt;Schrecke&lt;\/strong&gt;&lt;br\/&gt;&lt;br\/&gt;&lt;span style=&quot;font-size:85%;color:#949494&quot;&gt;[Bild-Id: 14630]&lt;\/span&gt;\"\n               data-src=\"http:\/\/foto-passion.com\/wp-content\/gallery\/fotostrecke_costarica2015-2016\/300_20160106-Q78A3634.jpg\"\n               data-thumbnail=\"http:\/\/foto-passion.com\/wp-content\/gallery\/fotostrecke_costarica2015-2016\/thumbs\/thumbs_300_20160106-Q78A3634.jpg\"\n               data-image-id=\"14630\"\n               data-title=\"Schrecke\"\n               data-description=\"&lt;strong&gt;Schrecke&lt;\/strong&gt;&lt;br\/&gt;&lt;br\/&gt;&lt;span style=&quot;font-size:85%;color:#949494&quot;&gt;[Bild-Id: 14630]&lt;\/span&gt;\"\n               data-image-slug=\"300_20160106-q78a3634\"\n               class=\"ngg-simplelightbox\" rel=\"27968d91f01ccc6554ee2078abffb628\">\n                <img\n                    title=\"Schrecke\"\n                    alt=\"Schrecke\"\n                    src=\"http:\/\/foto-passion.com\/wp-content\/gallery\/fotostrecke_costarica2015-2016\/cache\/300_20160106-Q78A3634.jpg-nggid0514630-ngg0dyn-150x100x100-00f0w010c011r110f110r010t010.jpg\"\n                    width=\"150\"\n                    height=\"100\"\n                    style=\"max-width:100%;\"\n                \/>\n            <\/a>\n        <\/div>\n\t\t\t\t\t\t\t<\/div> \n\t\t\t\n                                    <br style=\"clear: both\" \/>\n                    \n\t\t\t\t<div id=\"ngg-image-300\" class=\"ngg-gallery-thumbnail-box\" >\n\t\t\t\t        <div class=\"ngg-gallery-thumbnail\">\n            <a href=\"http:\/\/foto-passion.com\/wp-content\/gallery\/fotostrecke_costarica2015-2016\/301_20160106-Q78A3649.jpg\"\n               title=\"&lt;strong\/&gt;&lt;br\/&gt;&lt;br\/&gt;&lt;span style=&quot;font-size:85%;color:#949494&quot;&gt;[Bild-Id: 14631]&lt;\/span&gt;\"\n               data-src=\"http:\/\/foto-passion.com\/wp-content\/gallery\/fotostrecke_costarica2015-2016\/301_20160106-Q78A3649.jpg\"\n               data-thumbnail=\"http:\/\/foto-passion.com\/wp-content\/gallery\/fotostrecke_costarica2015-2016\/thumbs\/thumbs_301_20160106-Q78A3649.jpg\"\n               data-image-id=\"14631\"\n               data-title=\"-\"\n               data-description=\"&lt;strong\/&gt;&lt;br\/&gt;&lt;br\/&gt;&lt;span style=&quot;font-size:85%;color:#949494&quot;&gt;[Bild-Id: 14631]&lt;\/span&gt;\"\n               data-image-slug=\"301_20160106-q78a3649\"\n               class=\"ngg-simplelightbox\" rel=\"27968d91f01ccc6554ee2078abffb628\">\n                <img\n                    title=\"-\"\n                    alt=\"-\"\n                    src=\"http:\/\/foto-passion.com\/wp-content\/gallery\/fotostrecke_costarica2015-2016\/cache\/301_20160106-Q78A3649.jpg-nggid0514631-ngg0dyn-150x100x100-00f0w010c011r110f110r010t010.jpg\"\n                    width=\"150\"\n                    height=\"100\"\n                    style=\"max-width:100%;\"\n                \/>\n            <\/a>\n        <\/div>\n\t\t\t\t\t\t\t<\/div> \n\t\t\t\n                            \n\t\t\t\t<div id=\"ngg-image-301\" class=\"ngg-gallery-thumbnail-box\" >\n\t\t\t\t        <div class=\"ngg-gallery-thumbnail\">\n            <a href=\"http:\/\/foto-passion.com\/wp-content\/gallery\/fotostrecke_costarica2015-2016\/302_20160106-Q78A3656.jpg\"\n               title=\"&lt;strong\/&gt;&lt;br\/&gt;&lt;br\/&gt;&lt;span style=&quot;font-size:85%;color:#949494&quot;&gt;[Bild-Id: 14632]&lt;\/span&gt;\"\n               data-src=\"http:\/\/foto-passion.com\/wp-content\/gallery\/fotostrecke_costarica2015-2016\/302_20160106-Q78A3656.jpg\"\n               data-thumbnail=\"http:\/\/foto-passion.com\/wp-content\/gallery\/fotostrecke_costarica2015-2016\/thumbs\/thumbs_302_20160106-Q78A3656.jpg\"\n               data-image-id=\"14632\"\n               data-title=\"-\"\n               data-description=\"&lt;strong\/&gt;&lt;br\/&gt;&lt;br\/&gt;&lt;span style=&quot;font-size:85%;color:#949494&quot;&gt;[Bild-Id: 14632]&lt;\/span&gt;\"\n               data-image-slug=\"302_20160106-q78a3656\"\n               class=\"ngg-simplelightbox\" rel=\"27968d91f01ccc6554ee2078abffb628\">\n                <img\n                    title=\"-\"\n                    alt=\"-\"\n                    src=\"http:\/\/foto-passion.com\/wp-content\/gallery\/fotostrecke_costarica2015-2016\/cache\/302_20160106-Q78A3656.jpg-nggid0514632-ngg0dyn-150x100x100-00f0w010c011r110f110r010t010.jpg\"\n                    width=\"150\"\n                    height=\"100\"\n                    style=\"max-width:100%;\"\n                \/>\n            <\/a>\n        <\/div>\n\t\t\t\t\t\t\t<\/div> \n\t\t\t\n                            \n\t\t\t\t<div id=\"ngg-image-302\" class=\"ngg-gallery-thumbnail-box\" >\n\t\t\t\t        <div class=\"ngg-gallery-thumbnail\">\n            <a href=\"http:\/\/foto-passion.com\/wp-content\/gallery\/fotostrecke_costarica2015-2016\/303_20160106-Q78A3669.jpg\"\n               title=\"&lt;strong&gt;Emerald Basilisk (Basiliscus verde)&lt;\/strong&gt;&lt;br\/&gt;&lt;br\/&gt;&lt;span style=&quot;font-size:85%;color:#949494&quot;&gt;[Bild-Id: 14633]&lt;\/span&gt;\"\n               data-src=\"http:\/\/foto-passion.com\/wp-content\/gallery\/fotostrecke_costarica2015-2016\/303_20160106-Q78A3669.jpg\"\n               data-thumbnail=\"http:\/\/foto-passion.com\/wp-content\/gallery\/fotostrecke_costarica2015-2016\/thumbs\/thumbs_303_20160106-Q78A3669.jpg\"\n               data-image-id=\"14633\"\n               data-title=\"Emerald Basilisk (Basiliscus verde)\"\n               data-description=\"&lt;strong&gt;Emerald Basilisk (Basiliscus verde)&lt;\/strong&gt;&lt;br\/&gt;&lt;br\/&gt;&lt;span style=&quot;font-size:85%;color:#949494&quot;&gt;[Bild-Id: 14633]&lt;\/span&gt;\"\n               data-image-slug=\"303_20160106-q78a3669\"\n               class=\"ngg-simplelightbox\" rel=\"27968d91f01ccc6554ee2078abffb628\">\n                <img\n                    title=\"Emerald Basilisk (Basiliscus verde)\"\n                    alt=\"Emerald Basilisk (Basiliscus verde)\"\n                    src=\"http:\/\/foto-passion.com\/wp-content\/gallery\/fotostrecke_costarica2015-2016\/cache\/303_20160106-Q78A3669.jpg-nggid0514633-ngg0dyn-150x100x100-00f0w010c011r110f110r010t010.jpg\"\n                    width=\"150\"\n                    height=\"100\"\n                    style=\"max-width:100%;\"\n                \/>\n            <\/a>\n        <\/div>\n\t\t\t\t\t\t\t<\/div> \n\t\t\t\n                            \n\t\t\t\t<div id=\"ngg-image-303\" class=\"ngg-gallery-thumbnail-box\" >\n\t\t\t\t        <div class=\"ngg-gallery-thumbnail\">\n            <a href=\"http:\/\/foto-passion.com\/wp-content\/gallery\/fotostrecke_costarica2015-2016\/304_20160106-Q78A3676.jpg\"\n               title=\"&lt;strong\/&gt;&lt;br\/&gt;&lt;br\/&gt;&lt;span style=&quot;font-size:85%;color:#949494&quot;&gt;[Bild-Id: 14634]&lt;\/span&gt;\"\n               data-src=\"http:\/\/foto-passion.com\/wp-content\/gallery\/fotostrecke_costarica2015-2016\/304_20160106-Q78A3676.jpg\"\n               data-thumbnail=\"http:\/\/foto-passion.com\/wp-content\/gallery\/fotostrecke_costarica2015-2016\/thumbs\/thumbs_304_20160106-Q78A3676.jpg\"\n               data-image-id=\"14634\"\n               data-title=\"-\"\n               data-description=\"&lt;strong\/&gt;&lt;br\/&gt;&lt;br\/&gt;&lt;span style=&quot;font-size:85%;color:#949494&quot;&gt;[Bild-Id: 14634]&lt;\/span&gt;\"\n               data-image-slug=\"304_20160106-q78a3676\"\n               class=\"ngg-simplelightbox\" rel=\"27968d91f01ccc6554ee2078abffb628\">\n                <img\n                    title=\"-\"\n                    alt=\"-\"\n                    src=\"http:\/\/foto-passion.com\/wp-content\/gallery\/fotostrecke_costarica2015-2016\/cache\/304_20160106-Q78A3676.jpg-nggid0514634-ngg0dyn-150x100x100-00f0w010c011r110f110r010t010.jpg\"\n                    width=\"150\"\n                    height=\"100\"\n                    style=\"max-width:100%;\"\n                \/>\n            <\/a>\n        <\/div>\n\t\t\t\t\t\t\t<\/div> \n\t\t\t\n                                    <br style=\"clear: both\" \/>\n                    \n\t\t\t\t<div id=\"ngg-image-304\" class=\"ngg-gallery-thumbnail-box\" >\n\t\t\t\t        <div class=\"ngg-gallery-thumbnail\">\n            <a href=\"http:\/\/foto-passion.com\/wp-content\/gallery\/fotostrecke_costarica2015-2016\/305_20160107-Q78A3838.jpg\"\n               title=\"&lt;strong&gt;Anole&lt;\/strong&gt;&lt;br\/&gt;&lt;br\/&gt;&lt;span style=&quot;font-size:85%;color:#949494&quot;&gt;[Bild-Id: 14635]&lt;\/span&gt;\"\n               data-src=\"http:\/\/foto-passion.com\/wp-content\/gallery\/fotostrecke_costarica2015-2016\/305_20160107-Q78A3838.jpg\"\n               data-thumbnail=\"http:\/\/foto-passion.com\/wp-content\/gallery\/fotostrecke_costarica2015-2016\/thumbs\/thumbs_305_20160107-Q78A3838.jpg\"\n               data-image-id=\"14635\"\n               data-title=\"Anole\"\n               data-description=\"&lt;strong&gt;Anole&lt;\/strong&gt;&lt;br\/&gt;&lt;br\/&gt;&lt;span style=&quot;font-size:85%;color:#949494&quot;&gt;[Bild-Id: 14635]&lt;\/span&gt;\"\n               data-image-slug=\"305_20160107-q78a3838\"\n               class=\"ngg-simplelightbox\" rel=\"27968d91f01ccc6554ee2078abffb628\">\n                <img\n                    title=\"Anole\"\n                    alt=\"Anole\"\n                    src=\"http:\/\/foto-passion.com\/wp-content\/gallery\/fotostrecke_costarica2015-2016\/cache\/305_20160107-Q78A3838.jpg-nggid0514635-ngg0dyn-150x100x100-00f0w010c011r110f110r010t010.jpg\"\n                    width=\"150\"\n                    height=\"100\"\n                    style=\"max-width:100%;\"\n                \/>\n            <\/a>\n        <\/div>\n\t\t\t\t\t\t\t<\/div> \n\t\t\t\n                            \n\t\t\t\t<div id=\"ngg-image-305\" class=\"ngg-gallery-thumbnail-box\" >\n\t\t\t\t        <div class=\"ngg-gallery-thumbnail\">\n            <a href=\"http:\/\/foto-passion.com\/wp-content\/gallery\/fotostrecke_costarica2015-2016\/306_20160107-Q78A3917.jpg\"\n               title=\"&lt;strong&gt;R\u00fcsselk\u00e4fer&lt;\/strong&gt;&lt;br\/&gt;&lt;br\/&gt;&lt;span style=&quot;font-size:85%;color:#949494&quot;&gt;[Bild-Id: 14636]&lt;\/span&gt;\"\n               data-src=\"http:\/\/foto-passion.com\/wp-content\/gallery\/fotostrecke_costarica2015-2016\/306_20160107-Q78A3917.jpg\"\n               data-thumbnail=\"http:\/\/foto-passion.com\/wp-content\/gallery\/fotostrecke_costarica2015-2016\/thumbs\/thumbs_306_20160107-Q78A3917.jpg\"\n               data-image-id=\"14636\"\n               data-title=\"R\u00fcsselk\u00e4fer\"\n               data-description=\"&lt;strong&gt;R\u00fcsselk\u00e4fer&lt;\/strong&gt;&lt;br\/&gt;&lt;br\/&gt;&lt;span style=&quot;font-size:85%;color:#949494&quot;&gt;[Bild-Id: 14636]&lt;\/span&gt;\"\n               data-image-slug=\"306_20160107-q78a3917\"\n               class=\"ngg-simplelightbox\" rel=\"27968d91f01ccc6554ee2078abffb628\">\n                <img\n                    title=\"R\u00fcsselk\u00e4fer\"\n                    alt=\"R\u00fcsselk\u00e4fer\"\n                    src=\"http:\/\/foto-passion.com\/wp-content\/gallery\/fotostrecke_costarica2015-2016\/cache\/306_20160107-Q78A3917.jpg-nggid0514636-ngg0dyn-150x100x100-00f0w010c011r110f110r010t010.jpg\"\n                    width=\"150\"\n                    height=\"100\"\n                    style=\"max-width:100%;\"\n                \/>\n            <\/a>\n        <\/div>\n\t\t\t\t\t\t\t<\/div> \n\t\t\t\n                            \n\t\t\t\t<div id=\"ngg-image-306\" class=\"ngg-gallery-thumbnail-box\" >\n\t\t\t\t        <div class=\"ngg-gallery-thumbnail\">\n            <a href=\"http:\/\/foto-passion.com\/wp-content\/gallery\/fotostrecke_costarica2015-2016\/307_20160107-Q78A3688.jpg\"\n               title=\"&lt;strong&gt;Regenfrosch&lt;\/strong&gt;&lt;br\/&gt;&lt;br\/&gt;&lt;span style=&quot;font-size:85%;color:#949494&quot;&gt;[Bild-Id: 14637]&lt;\/span&gt;\"\n               data-src=\"http:\/\/foto-passion.com\/wp-content\/gallery\/fotostrecke_costarica2015-2016\/307_20160107-Q78A3688.jpg\"\n               data-thumbnail=\"http:\/\/foto-passion.com\/wp-content\/gallery\/fotostrecke_costarica2015-2016\/thumbs\/thumbs_307_20160107-Q78A3688.jpg\"\n               data-image-id=\"14637\"\n               data-title=\"Regenfrosch\"\n               data-description=\"&lt;strong&gt;Regenfrosch&lt;\/strong&gt;&lt;br\/&gt;&lt;br\/&gt;&lt;span style=&quot;font-size:85%;color:#949494&quot;&gt;[Bild-Id: 14637]&lt;\/span&gt;\"\n               data-image-slug=\"307_20160107-q78a3688\"\n               class=\"ngg-simplelightbox\" rel=\"27968d91f01ccc6554ee2078abffb628\">\n                <img\n                    title=\"Regenfrosch\"\n                    alt=\"Regenfrosch\"\n                    src=\"http:\/\/foto-passion.com\/wp-content\/gallery\/fotostrecke_costarica2015-2016\/cache\/307_20160107-Q78A3688.jpg-nggid0514637-ngg0dyn-150x100x100-00f0w010c011r110f110r010t010.jpg\"\n                    width=\"150\"\n                    height=\"100\"\n                    style=\"max-width:100%;\"\n                \/>\n            <\/a>\n        <\/div>\n\t\t\t\t\t\t\t<\/div> \n\t\t\t\n                            \n\t\t\t\t<div id=\"ngg-image-307\" class=\"ngg-gallery-thumbnail-box\" >\n\t\t\t\t        <div class=\"ngg-gallery-thumbnail\">\n            <a href=\"http:\/\/foto-passion.com\/wp-content\/gallery\/fotostrecke_costarica2015-2016\/308_20160107-Q78A3739.jpg\"\n               title=\"&lt;strong&gt;Akazienbl\u00fcte&lt;\/strong&gt;&lt;br\/&gt;&lt;br\/&gt;&lt;span style=&quot;font-size:85%;color:#949494&quot;&gt;[Bild-Id: 14638]&lt;\/span&gt;\"\n               data-src=\"http:\/\/foto-passion.com\/wp-content\/gallery\/fotostrecke_costarica2015-2016\/308_20160107-Q78A3739.jpg\"\n               data-thumbnail=\"http:\/\/foto-passion.com\/wp-content\/gallery\/fotostrecke_costarica2015-2016\/thumbs\/thumbs_308_20160107-Q78A3739.jpg\"\n               data-image-id=\"14638\"\n               data-title=\"Akazienbl\u00fcte\"\n               data-description=\"&lt;strong&gt;Akazienbl\u00fcte&lt;\/strong&gt;&lt;br\/&gt;&lt;br\/&gt;&lt;span style=&quot;font-size:85%;color:#949494&quot;&gt;[Bild-Id: 14638]&lt;\/span&gt;\"\n               data-image-slug=\"308_20160107-q78a3739\"\n               class=\"ngg-simplelightbox\" rel=\"27968d91f01ccc6554ee2078abffb628\">\n                <img\n                    title=\"Akazienbl\u00fcte\"\n                    alt=\"Akazienbl\u00fcte\"\n                    src=\"http:\/\/foto-passion.com\/wp-content\/gallery\/fotostrecke_costarica2015-2016\/cache\/308_20160107-Q78A3739.jpg-nggid0514638-ngg0dyn-150x100x100-00f0w010c011r110f110r010t010.jpg\"\n                    width=\"150\"\n                    height=\"100\"\n                    style=\"max-width:100%;\"\n                \/>\n            <\/a>\n        <\/div>\n\t\t\t\t\t\t\t<\/div> \n\t\t\t\n                                    <br style=\"clear: both\" \/>\n                    \n\t\t\t\t<div id=\"ngg-image-308\" class=\"ngg-gallery-thumbnail-box\" >\n\t\t\t\t        <div class=\"ngg-gallery-thumbnail\">\n            <a href=\"http:\/\/foto-passion.com\/wp-content\/gallery\/fotostrecke_costarica2015-2016\/309_20160107-Q78A3808.jpg\"\n               title=\"&lt;strong&gt;Regenfrosch (Craugastor talamancae), Talamancan Rain Frog&lt;\/strong&gt;&lt;br\/&gt;&lt;br\/&gt;&lt;span style=&quot;font-size:85%;color:#949494&quot;&gt;[Bild-Id: 14639]&lt;\/span&gt;\"\n               data-src=\"http:\/\/foto-passion.com\/wp-content\/gallery\/fotostrecke_costarica2015-2016\/309_20160107-Q78A3808.jpg\"\n               data-thumbnail=\"http:\/\/foto-passion.com\/wp-content\/gallery\/fotostrecke_costarica2015-2016\/thumbs\/thumbs_309_20160107-Q78A3808.jpg\"\n               data-image-id=\"14639\"\n               data-title=\"Regenfrosch (Craugastor talamancae), Talamancan Rain Frog\"\n               data-description=\"&lt;strong&gt;Regenfrosch (Craugastor talamancae), Talamancan Rain Frog&lt;\/strong&gt;&lt;br\/&gt;&lt;br\/&gt;&lt;span style=&quot;font-size:85%;color:#949494&quot;&gt;[Bild-Id: 14639]&lt;\/span&gt;\"\n               data-image-slug=\"309_20160107-q78a3808\"\n               class=\"ngg-simplelightbox\" rel=\"27968d91f01ccc6554ee2078abffb628\">\n                <img\n                    title=\"Regenfrosch (Craugastor talamancae), Talamancan Rain Frog\"\n                    alt=\"Regenfrosch (Craugastor talamancae), Talamancan Rain Frog\"\n                    src=\"http:\/\/foto-passion.com\/wp-content\/gallery\/fotostrecke_costarica2015-2016\/cache\/309_20160107-Q78A3808.jpg-nggid0514639-ngg0dyn-150x100x100-00f0w010c011r110f110r010t010.jpg\"\n                    width=\"150\"\n                    height=\"100\"\n                    style=\"max-width:100%;\"\n                \/>\n            <\/a>\n        <\/div>\n\t\t\t\t\t\t\t<\/div> \n\t\t\t\n                            \n\t\t\t\t<div id=\"ngg-image-309\" class=\"ngg-gallery-thumbnail-box\" >\n\t\t\t\t        <div class=\"ngg-gallery-thumbnail\">\n            <a href=\"http:\/\/foto-passion.com\/wp-content\/gallery\/fotostrecke_costarica2015-2016\/310_20160107-Q78A3873.jpg\"\n               title=\"&lt;strong&gt;Anole&lt;\/strong&gt;&lt;br\/&gt;&lt;br\/&gt;&lt;span style=&quot;font-size:85%;color:#949494&quot;&gt;[Bild-Id: 14640]&lt;\/span&gt;\"\n               data-src=\"http:\/\/foto-passion.com\/wp-content\/gallery\/fotostrecke_costarica2015-2016\/310_20160107-Q78A3873.jpg\"\n               data-thumbnail=\"http:\/\/foto-passion.com\/wp-content\/gallery\/fotostrecke_costarica2015-2016\/thumbs\/thumbs_310_20160107-Q78A3873.jpg\"\n               data-image-id=\"14640\"\n               data-title=\"Anole\"\n               data-description=\"&lt;strong&gt;Anole&lt;\/strong&gt;&lt;br\/&gt;&lt;br\/&gt;&lt;span style=&quot;font-size:85%;color:#949494&quot;&gt;[Bild-Id: 14640]&lt;\/span&gt;\"\n               data-image-slug=\"310_20160107-q78a3873\"\n               class=\"ngg-simplelightbox\" rel=\"27968d91f01ccc6554ee2078abffb628\">\n                <img\n                    title=\"Anole\"\n                    alt=\"Anole\"\n                    src=\"http:\/\/foto-passion.com\/wp-content\/gallery\/fotostrecke_costarica2015-2016\/cache\/310_20160107-Q78A3873.jpg-nggid0514640-ngg0dyn-150x100x100-00f0w010c011r110f110r010t010.jpg\"\n                    width=\"150\"\n                    height=\"100\"\n                    style=\"max-width:100%;\"\n                \/>\n            <\/a>\n        <\/div>\n\t\t\t\t\t\t\t<\/div> \n\t\t\t\n                            \n\t\t\t\t<div id=\"ngg-image-310\" class=\"ngg-gallery-thumbnail-box\" >\n\t\t\t\t        <div class=\"ngg-gallery-thumbnail\">\n            <a href=\"http:\/\/foto-passion.com\/wp-content\/gallery\/fotostrecke_costarica2015-2016\/311_20160107-Q78A3889.jpg\"\n               title=\"&lt;strong&gt;Aufgebrochene Kakaofrucht&lt;\/strong&gt;&lt;br\/&gt;&lt;br\/&gt;&lt;span style=&quot;font-size:85%;color:#949494&quot;&gt;[Bild-Id: 14641]&lt;\/span&gt;\"\n               data-src=\"http:\/\/foto-passion.com\/wp-content\/gallery\/fotostrecke_costarica2015-2016\/311_20160107-Q78A3889.jpg\"\n               data-thumbnail=\"http:\/\/foto-passion.com\/wp-content\/gallery\/fotostrecke_costarica2015-2016\/thumbs\/thumbs_311_20160107-Q78A3889.jpg\"\n               data-image-id=\"14641\"\n               data-title=\"Aufgebrochene Kakaofrucht\"\n               data-description=\"&lt;strong&gt;Aufgebrochene Kakaofrucht&lt;\/strong&gt;&lt;br\/&gt;&lt;br\/&gt;&lt;span style=&quot;font-size:85%;color:#949494&quot;&gt;[Bild-Id: 14641]&lt;\/span&gt;\"\n               data-image-slug=\"311_20160107-q78a3889\"\n               class=\"ngg-simplelightbox\" rel=\"27968d91f01ccc6554ee2078abffb628\">\n                <img\n                    title=\"Aufgebrochene Kakaofrucht\"\n                    alt=\"Aufgebrochene Kakaofrucht\"\n                    src=\"http:\/\/foto-passion.com\/wp-content\/gallery\/fotostrecke_costarica2015-2016\/cache\/311_20160107-Q78A3889.jpg-nggid0514641-ngg0dyn-150x100x100-00f0w010c011r110f110r010t010.jpg\"\n                    width=\"150\"\n                    height=\"100\"\n                    style=\"max-width:100%;\"\n                \/>\n            <\/a>\n        <\/div>\n\t\t\t\t\t\t\t<\/div> \n\t\t\t\n                            \n\t\t\t\t<div id=\"ngg-image-311\" class=\"ngg-gallery-thumbnail-box\" >\n\t\t\t\t        <div class=\"ngg-gallery-thumbnail\">\n            <a href=\"http:\/\/foto-passion.com\/wp-content\/gallery\/fotostrecke_costarica2015-2016\/312_20160107-Q78A3890.jpg\"\n               title=\"&lt;strong&gt;Frische Kakaobohnen. Das anhaftende Fruschtfleisch fermentiert an der Luft.&lt;\/strong&gt;&lt;br\/&gt;&lt;br\/&gt;&lt;span style=&quot;font-size:85%;color:#949494&quot;&gt;[Bild-Id: 14642]&lt;\/span&gt;\"\n               data-src=\"http:\/\/foto-passion.com\/wp-content\/gallery\/fotostrecke_costarica2015-2016\/312_20160107-Q78A3890.jpg\"\n               data-thumbnail=\"http:\/\/foto-passion.com\/wp-content\/gallery\/fotostrecke_costarica2015-2016\/thumbs\/thumbs_312_20160107-Q78A3890.jpg\"\n               data-image-id=\"14642\"\n               data-title=\"Frische Kakaobohnen. Das anhaftende Fruschtfleisch fermentiert an der Luft.\"\n               data-description=\"&lt;strong&gt;Frische Kakaobohnen. Das anhaftende Fruschtfleisch fermentiert an der Luft.&lt;\/strong&gt;&lt;br\/&gt;&lt;br\/&gt;&lt;span style=&quot;font-size:85%;color:#949494&quot;&gt;[Bild-Id: 14642]&lt;\/span&gt;\"\n               data-image-slug=\"312_20160107-q78a3890\"\n               class=\"ngg-simplelightbox\" rel=\"27968d91f01ccc6554ee2078abffb628\">\n                <img\n                    title=\"Frische Kakaobohnen. Das anhaftende Fruschtfleisch fermentiert an der Luft.\"\n                    alt=\"Frische Kakaobohnen. Das anhaftende Fruschtfleisch fermentiert an der Luft.\"\n                    src=\"http:\/\/foto-passion.com\/wp-content\/gallery\/fotostrecke_costarica2015-2016\/cache\/312_20160107-Q78A3890.jpg-nggid0514642-ngg0dyn-150x100x100-00f0w010c011r110f110r010t010.jpg\"\n                    width=\"150\"\n                    height=\"100\"\n                    style=\"max-width:100%;\"\n                \/>\n            <\/a>\n        <\/div>\n\t\t\t\t\t\t\t<\/div> \n\t\t\t\n                                    <br style=\"clear: both\" \/>\n                    \n\t\t\t\t<div id=\"ngg-image-312\" class=\"ngg-gallery-thumbnail-box\" >\n\t\t\t\t        <div class=\"ngg-gallery-thumbnail\">\n            <a href=\"http:\/\/foto-passion.com\/wp-content\/gallery\/fotostrecke_costarica2015-2016\/313_20160107-Q78A3894.jpg\"\n               title=\"&lt;strong&gt;Bereits getrocknete, fermentierte Kakaobohnen&lt;\/strong&gt;&lt;br\/&gt;&lt;br\/&gt;&lt;span style=&quot;font-size:85%;color:#949494&quot;&gt;[Bild-Id: 14643]&lt;\/span&gt;\"\n               data-src=\"http:\/\/foto-passion.com\/wp-content\/gallery\/fotostrecke_costarica2015-2016\/313_20160107-Q78A3894.jpg\"\n               data-thumbnail=\"http:\/\/foto-passion.com\/wp-content\/gallery\/fotostrecke_costarica2015-2016\/thumbs\/thumbs_313_20160107-Q78A3894.jpg\"\n               data-image-id=\"14643\"\n               data-title=\"Bereits getrocknete, fermentierte Kakaobohnen\"\n               data-description=\"&lt;strong&gt;Bereits getrocknete, fermentierte Kakaobohnen&lt;\/strong&gt;&lt;br\/&gt;&lt;br\/&gt;&lt;span style=&quot;font-size:85%;color:#949494&quot;&gt;[Bild-Id: 14643]&lt;\/span&gt;\"\n               data-image-slug=\"313_20160107-q78a3894\"\n               class=\"ngg-simplelightbox\" rel=\"27968d91f01ccc6554ee2078abffb628\">\n                <img\n                    title=\"Bereits getrocknete, fermentierte Kakaobohnen\"\n                    alt=\"Bereits getrocknete, fermentierte Kakaobohnen\"\n                    src=\"http:\/\/foto-passion.com\/wp-content\/gallery\/fotostrecke_costarica2015-2016\/cache\/313_20160107-Q78A3894.jpg-nggid0514643-ngg0dyn-150x100x100-00f0w010c011r110f110r010t010.jpg\"\n                    width=\"150\"\n                    height=\"100\"\n                    style=\"max-width:100%;\"\n                \/>\n            <\/a>\n        <\/div>\n\t\t\t\t\t\t\t<\/div> \n\t\t\t\n                            \n\t\t\t\t<div id=\"ngg-image-313\" class=\"ngg-gallery-thumbnail-box\" >\n\t\t\t\t        <div class=\"ngg-gallery-thumbnail\">\n            <a href=\"http:\/\/foto-passion.com\/wp-content\/gallery\/fotostrecke_costarica2015-2016\/314_20160107-Q78A3897.jpg\"\n               title=\"&lt;strong&gt;Reife Kakaofrucht&lt;\/strong&gt;&lt;br\/&gt;&lt;br\/&gt;&lt;span style=&quot;font-size:85%;color:#949494&quot;&gt;[Bild-Id: 14644]&lt;\/span&gt;\"\n               data-src=\"http:\/\/foto-passion.com\/wp-content\/gallery\/fotostrecke_costarica2015-2016\/314_20160107-Q78A3897.jpg\"\n               data-thumbnail=\"http:\/\/foto-passion.com\/wp-content\/gallery\/fotostrecke_costarica2015-2016\/thumbs\/thumbs_314_20160107-Q78A3897.jpg\"\n               data-image-id=\"14644\"\n               data-title=\"Reife Kakaofrucht\"\n               data-description=\"&lt;strong&gt;Reife Kakaofrucht&lt;\/strong&gt;&lt;br\/&gt;&lt;br\/&gt;&lt;span style=&quot;font-size:85%;color:#949494&quot;&gt;[Bild-Id: 14644]&lt;\/span&gt;\"\n               data-image-slug=\"314_20160107-q78a3897\"\n               class=\"ngg-simplelightbox\" rel=\"27968d91f01ccc6554ee2078abffb628\">\n                <img\n                    title=\"Reife Kakaofrucht\"\n                    alt=\"Reife Kakaofrucht\"\n                    src=\"http:\/\/foto-passion.com\/wp-content\/gallery\/fotostrecke_costarica2015-2016\/cache\/314_20160107-Q78A3897.jpg-nggid0514644-ngg0dyn-150x100x100-00f0w010c011r110f110r010t010.jpg\"\n                    width=\"150\"\n                    height=\"100\"\n                    style=\"max-width:100%;\"\n                \/>\n            <\/a>\n        <\/div>\n\t\t\t\t\t\t\t<\/div> \n\t\t\t\n                            \n\t\t\t\t<div id=\"ngg-image-314\" class=\"ngg-gallery-thumbnail-box\" >\n\t\t\t\t        <div class=\"ngg-gallery-thumbnail\">\n            <a href=\"http:\/\/foto-passion.com\/wp-content\/gallery\/fotostrecke_costarica2015-2016\/315_20160103-Q78A2802.jpg\"\n               title=\"&lt;strong&gt;(Craugastor megacephalus), Broad-headed Rain Frog&lt;\/strong&gt;&lt;br\/&gt;&lt;br\/&gt;&lt;span style=&quot;font-size:85%;color:#949494&quot;&gt;[Bild-Id: 14645]&lt;\/span&gt;\"\n               data-src=\"http:\/\/foto-passion.com\/wp-content\/gallery\/fotostrecke_costarica2015-2016\/315_20160103-Q78A2802.jpg\"\n               data-thumbnail=\"http:\/\/foto-passion.com\/wp-content\/gallery\/fotostrecke_costarica2015-2016\/thumbs\/thumbs_315_20160103-Q78A2802.jpg\"\n               data-image-id=\"14645\"\n               data-title=\"(Craugastor megacephalus), Broad-headed Rain Frog\"\n               data-description=\"&lt;strong&gt;(Craugastor megacephalus), Broad-headed Rain Frog&lt;\/strong&gt;&lt;br\/&gt;&lt;br\/&gt;&lt;span style=&quot;font-size:85%;color:#949494&quot;&gt;[Bild-Id: 14645]&lt;\/span&gt;\"\n               data-image-slug=\"315_20160103-q78a2802\"\n               class=\"ngg-simplelightbox\" rel=\"27968d91f01ccc6554ee2078abffb628\">\n                <img\n                    title=\"(Craugastor megacephalus), Broad-headed Rain Frog\"\n                    alt=\"(Craugastor megacephalus), Broad-headed Rain Frog\"\n                    src=\"http:\/\/foto-passion.com\/wp-content\/gallery\/fotostrecke_costarica2015-2016\/cache\/315_20160103-Q78A2802.jpg-nggid0514645-ngg0dyn-150x100x100-00f0w010c011r110f110r010t010.jpg\"\n                    width=\"150\"\n                    height=\"100\"\n                    style=\"max-width:100%;\"\n                \/>\n            <\/a>\n        <\/div>\n\t\t\t\t\t\t\t<\/div> \n\t\t\t\n                            \n\t\t\t\t<div id=\"ngg-image-315\" class=\"ngg-gallery-thumbnail-box\" >\n\t\t\t\t        <div class=\"ngg-gallery-thumbnail\">\n            <a href=\"http:\/\/foto-passion.com\/wp-content\/gallery\/fotostrecke_costarica2015-2016\/316_20160105-Q78A3276.jpg\"\n               title=\"&lt;strong&gt;Libelle&lt;\/strong&gt;&lt;br\/&gt;&lt;br\/&gt;&lt;span style=&quot;font-size:85%;color:#949494&quot;&gt;[Bild-Id: 14646]&lt;\/span&gt;\"\n               data-src=\"http:\/\/foto-passion.com\/wp-content\/gallery\/fotostrecke_costarica2015-2016\/316_20160105-Q78A3276.jpg\"\n               data-thumbnail=\"http:\/\/foto-passion.com\/wp-content\/gallery\/fotostrecke_costarica2015-2016\/thumbs\/thumbs_316_20160105-Q78A3276.jpg\"\n               data-image-id=\"14646\"\n               data-title=\"Libelle\"\n               data-description=\"&lt;strong&gt;Libelle&lt;\/strong&gt;&lt;br\/&gt;&lt;br\/&gt;&lt;span style=&quot;font-size:85%;color:#949494&quot;&gt;[Bild-Id: 14646]&lt;\/span&gt;\"\n               data-image-slug=\"316_20160105-q78a3276\"\n               class=\"ngg-simplelightbox\" rel=\"27968d91f01ccc6554ee2078abffb628\">\n                <img\n                    title=\"Libelle\"\n                    alt=\"Libelle\"\n                    src=\"http:\/\/foto-passion.com\/wp-content\/gallery\/fotostrecke_costarica2015-2016\/cache\/316_20160105-Q78A3276.jpg-nggid0514646-ngg0dyn-150x100x100-00f0w010c011r110f110r010t010.jpg\"\n                    width=\"150\"\n                    height=\"100\"\n                    style=\"max-width:100%;\"\n                \/>\n            <\/a>\n        <\/div>\n\t\t\t\t\t\t\t<\/div> \n\t\t\t\n                                    <br style=\"clear: both\" \/>\n                    \n\t\t\t\t<div id=\"ngg-image-316\" class=\"ngg-gallery-thumbnail-box\" >\n\t\t\t\t        <div class=\"ngg-gallery-thumbnail\">\n            <a href=\"http:\/\/foto-passion.com\/wp-content\/gallery\/fotostrecke_costarica2015-2016\/317_20160105-Q78A3561.jpg\"\n               title=\"&lt;strong&gt;Laubfrosch (craugastor bransfordii), bransford&#039;s litter frog&lt;\/strong&gt;&lt;br\/&gt;&lt;br\/&gt;&lt;span style=&quot;font-size:85%;color:#949494&quot;&gt;[Bild-Id: 14647]&lt;\/span&gt;\"\n               data-src=\"http:\/\/foto-passion.com\/wp-content\/gallery\/fotostrecke_costarica2015-2016\/317_20160105-Q78A3561.jpg\"\n               data-thumbnail=\"http:\/\/foto-passion.com\/wp-content\/gallery\/fotostrecke_costarica2015-2016\/thumbs\/thumbs_317_20160105-Q78A3561.jpg\"\n               data-image-id=\"14647\"\n               data-title=\"Laubfrosch (craugastor bransfordii), bransford&#039;s litter frog\"\n               data-description=\"&lt;strong&gt;Laubfrosch (craugastor bransfordii), bransford&#039;s litter frog&lt;\/strong&gt;&lt;br\/&gt;&lt;br\/&gt;&lt;span style=&quot;font-size:85%;color:#949494&quot;&gt;[Bild-Id: 14647]&lt;\/span&gt;\"\n               data-image-slug=\"317_20160105-q78a3561\"\n               class=\"ngg-simplelightbox\" rel=\"27968d91f01ccc6554ee2078abffb628\">\n                <img\n                    title=\"Laubfrosch (craugastor bransfordii), bransford&#039;s litter frog\"\n                    alt=\"Laubfrosch (craugastor bransfordii), bransford&#039;s litter frog\"\n                    src=\"http:\/\/foto-passion.com\/wp-content\/gallery\/fotostrecke_costarica2015-2016\/cache\/317_20160105-Q78A3561.jpg-nggid0514647-ngg0dyn-150x100x100-00f0w010c011r110f110r010t010.jpg\"\n                    width=\"150\"\n                    height=\"100\"\n                    style=\"max-width:100%;\"\n                \/>\n            <\/a>\n        <\/div>\n\t\t\t\t\t\t\t<\/div> \n\t\t\t\n                            \n\t\t\t\t<div id=\"ngg-image-317\" class=\"ngg-gallery-thumbnail-box\" >\n\t\t\t\t        <div class=\"ngg-gallery-thumbnail\">\n            <a href=\"http:\/\/foto-passion.com\/wp-content\/gallery\/fotostrecke_costarica2015-2016\/318_20151227-Q78A0702.jpg\"\n               title=\"&lt;strong\/&gt;&lt;br\/&gt;&lt;br\/&gt;&lt;span style=&quot;font-size:85%;color:#949494&quot;&gt;[Bild-Id: 14648]&lt;\/span&gt;\"\n               data-src=\"http:\/\/foto-passion.com\/wp-content\/gallery\/fotostrecke_costarica2015-2016\/318_20151227-Q78A0702.jpg\"\n               data-thumbnail=\"http:\/\/foto-passion.com\/wp-content\/gallery\/fotostrecke_costarica2015-2016\/thumbs\/thumbs_318_20151227-Q78A0702.jpg\"\n               data-image-id=\"14648\"\n               data-title=\"-\"\n               data-description=\"&lt;strong\/&gt;&lt;br\/&gt;&lt;br\/&gt;&lt;span style=&quot;font-size:85%;color:#949494&quot;&gt;[Bild-Id: 14648]&lt;\/span&gt;\"\n               data-image-slug=\"318_20151227-q78a0702\"\n               class=\"ngg-simplelightbox\" rel=\"27968d91f01ccc6554ee2078abffb628\">\n                <img\n                    title=\"-\"\n                    alt=\"-\"\n                    src=\"http:\/\/foto-passion.com\/wp-content\/gallery\/fotostrecke_costarica2015-2016\/cache\/318_20151227-Q78A0702.jpg-nggid0514648-ngg0dyn-150x100x100-00f0w010c011r110f110r010t010.jpg\"\n                    width=\"150\"\n                    height=\"100\"\n                    style=\"max-width:100%;\"\n                \/>\n            <\/a>\n        <\/div>\n\t\t\t\t\t\t\t<\/div> \n\t\t\t\n                            \n\t\t\n\t\t<div class=\"ngg-clear\"><\/div>\n\t<\/div>\n\n","protected":false},"excerpt":{"rendered":"","protected":false},"author":2,"featured_media":0,"parent":564,"menu_order":0,"comment_status":"closed","ping_status":"closed","template":"1r-sidebar.php","meta":{"ngg_post_thumbnail":0},"yoast_head":"<!-- This site is optimized with the Yoast SEO plugin v16.2 - https:\/\/yoast.com\/wordpress\/plugins\/seo\/ -->\n<meta name=\"description\" content=\"Ecuador\" \/>\n<meta name=\"robots\" content=\"index, follow, max-snippet:-1, max-image-preview:large, max-video-preview:-1\" \/>\n<link rel=\"canonical\" href=\"http:\/\/foto-passion.com\/?page_id=29853\" \/>\n<script type=\"application\/ld+json\" class=\"yoast-schema-graph\">{\"@context\":\"https:\/\/schema.org\",\"@graph\":[{\"@type\":\"WebSite\",\"@id\":\"http:\/\/foto-passion.com\/#website\",\"url\":\"http:\/\/foto-passion.com\/\",\"name\":\"foto-passion\",\"description\":\"Natur- und Landschaftsfotografie\",\"potentialAction\":[{\"@type\":\"SearchAction\",\"target\":\"http:\/\/foto-passion.com\/?s={search_term_string}\",\"query-input\":\"required name=search_term_string\"}],\"inLanguage\":\"de\"},{\"@type\":\"WebPage\",\"@id\":\"http:\/\/foto-passion.com\/?page_id=29853#webpage\",\"url\":\"http:\/\/foto-passion.com\/?page_id=29853\",\"name\":\"Fotostrecke Costa Rica 2015\/2016\",\"isPartOf\":{\"@id\":\"http:\/\/foto-passion.com\/#website\"},\"datePublished\":\"2016-04-29T11:09:34+00:00\",\"dateModified\":\"2016-04-29T11:19:07+00:00\",\"description\":\"Ecuador\",\"breadcrumb\":{\"@id\":\"http:\/\/foto-passion.com\/?page_id=29853#breadcrumb\"},\"inLanguage\":\"de\",\"potentialAction\":[{\"@type\":\"ReadAction\",\"target\":[\"http:\/\/foto-passion.com\/?page_id=29853\"]}]},{\"@type\":\"BreadcrumbList\",\"@id\":\"http:\/\/foto-passion.com\/?page_id=29853#breadcrumb\",\"itemListElement\":[{\"@type\":\"ListItem\",\"position\":1,\"item\":{\"@type\":\"WebPage\",\"@id\":\"http:\/\/foto-passion.com\/?page_id=564\",\"url\":\"http:\/\/foto-passion.com\/?page_id=564\",\"name\":\"Reiseberichte\"}},{\"@type\":\"ListItem\",\"position\":2,\"item\":{\"@id\":\"http:\/\/foto-passion.com\/?page_id=29853#webpage\"}}]}]}<\/script>\n<!-- \/ Yoast SEO plugin. -->","_links":{"self":[{"href":"http:\/\/foto-passion.com\/index.php?rest_route=\/wp\/v2\/pages\/29853"}],"collection":[{"href":"http:\/\/foto-passion.com\/index.php?rest_route=\/wp\/v2\/pages"}],"about":[{"href":"http:\/\/foto-passion.com\/index.php?rest_route=\/wp\/v2\/types\/page"}],"author":[{"embeddable":true,"href":"http:\/\/foto-passion.com\/index.php?rest_route=\/wp\/v2\/users\/2"}],"replies":[{"embeddable":true,"href":"http:\/\/foto-passion.com\/index.php?rest_route=%2Fwp%2Fv2%2Fcomments&post=29853"}],"version-history":[{"count":0,"href":"http:\/\/foto-passion.com\/index.php?rest_route=\/wp\/v2\/pages\/29853\/revisions"}],"up":[{"embeddable":true,"href":"http:\/\/foto-passion.com\/index.php?rest_route=\/wp\/v2\/pages\/564"}],"wp:attachment":[{"href":"http:\/\/foto-passion.com\/index.php?rest_route=%2Fwp%2Fv2%2Fmedia&parent=29853"}],"curies":[{"name":"wp","href":"https:\/\/api.w.org\/{rel}","templated":true}]}}